{"id":3316,"date":"2022-11-22T08:19:28","date_gmt":"2022-11-22T08:19:28","guid":{"rendered":"https:\/\/freiheitsdenkmal-leipzig.de\/?page_id=3316"},"modified":"2024-06-25T07:44:27","modified_gmt":"2024-06-25T07:44:27","slug":"termine","status":"publish","type":"page","link":"https:\/\/freiheitsdenkmal-leipzig.de\/en\/termine","title":{"rendered":"Dates"},"content":{"rendered":"<style type=\"text\/css\" data-created_by=\"avia_inline_auto\" id=\"style-css-av-lasgfoau-d340d1d31e982a5e06200bb28d884c1b\">\n#top .hr.hr-invisible.av-lasgfoau-d340d1d31e982a5e06200bb28d884c1b{\nmargin-top:-40px;\nheight:1px;\n}\n<\/style>\n<div  class='hr av-lasgfoau-d340d1d31e982a5e06200bb28d884c1b hr-invisible  avia-builder-el-0  el_before_av_one_fourth  avia-builder-el-first'><span class='hr-inner'><span class=\"hr-inner-style\"><\/span><\/span><\/div>\n\n<style type=\"text\/css\" data-created_by=\"avia_inline_auto\" id=\"style-css-av-lagkrvem-3bbc5c41b64ca93e5c8599153f0212ac\">\n.flex_column.av-lagkrvem-3bbc5c41b64ca93e5c8599153f0212ac{\nwidth:24.25%;\npadding:0 0 0 40px;\n}\n<\/style>\n<div  class='flex_column av-lagkrvem-3bbc5c41b64ca93e5c8599153f0212ac av_one_fourth  avia-builder-el-1  el_after_av_hr  el_before_av_two_fifth  first flex_column_div av-hide-on-mobile'     ><style type=\"text\/css\" data-created_by=\"avia_inline_auto\" id=\"style-css-av-lagjmarl-2d43f761a63fb7980d33006a2529719f\">\n.avia-image-container.av-lagjmarl-2d43f761a63fb7980d33006a2529719f img.avia_image{\nbox-shadow:none;\n}\n.avia-image-container.av-lagjmarl-2d43f761a63fb7980d33006a2529719f .av-image-caption-overlay-center{\ncolor:#ffffff;\n}\n<\/style>\n<div  class='avia-image-container av-lagjmarl-2d43f761a63fb7980d33006a2529719f av-styling- avia-align-right  avia-builder-el-2  avia-builder-el-no-sibling'   itemprop=\"image\" itemscope=\"itemscope\" itemtype=\"https:\/\/schema.org\/ImageObject\" ><div class=\"avia-image-container-inner\"><div class=\"avia-image-overlay-wrap\"><img decoding=\"async\" fetchpriority=\"high\" class='wp-image-3325 avia-img-lazy-loading-not-3325 avia_image' src=\"https:\/\/freiheitsdenkmal-leipzig.de\/wp-content\/uploads\/2022\/11\/Termine_8.png\" alt='' title='Termine_8'  height=\"800\" width=\"800\"  itemprop=\"thumbnailUrl\" srcset=\"https:\/\/freiheitsdenkmal-leipzig.de\/wp-content\/uploads\/2022\/11\/Termine_8.png 800w, https:\/\/freiheitsdenkmal-leipzig.de\/wp-content\/uploads\/2022\/11\/Termine_8-300x300.png 300w, https:\/\/freiheitsdenkmal-leipzig.de\/wp-content\/uploads\/2022\/11\/Termine_8-80x80.png 80w, https:\/\/freiheitsdenkmal-leipzig.de\/wp-content\/uploads\/2022\/11\/Termine_8-768x768.png 768w, https:\/\/freiheitsdenkmal-leipzig.de\/wp-content\/uploads\/2022\/11\/Termine_8-36x36.png 36w, https:\/\/freiheitsdenkmal-leipzig.de\/wp-content\/uploads\/2022\/11\/Termine_8-180x180.png 180w, https:\/\/freiheitsdenkmal-leipzig.de\/wp-content\/uploads\/2022\/11\/Termine_8-705x705.png 705w\" sizes=\"(max-width: 800px) 100vw, 800px\" \/><\/div><\/div><\/div><\/div>\n\n<style type=\"text\/css\" data-created_by=\"avia_inline_auto\" id=\"style-css-av-lagk2e26-9882b26ce7fc4c5d1f09f0ba88b61f76\">\n.flex_column.av-lagk2e26-9882b26ce7fc4c5d1f09f0ba88b61f76{\nwidth:39.4%;\nmargin-left:1%;\npadding:50px 10px 40px 10px;\nbackground:url(https:\/\/freiheitsdenkmal-leipzig.de\/wp-content\/uploads\/2022\/11\/Termine_10-300x300.png) 50% 0% no-repeat scroll ;\n}\n<\/style>\n<div  class='flex_column av-lagk2e26-9882b26ce7fc4c5d1f09f0ba88b61f76 av_two_fifth  avia-builder-el-3  el_after_av_one_fourth  el_before_av_one_fourth  flex_column_div'     ><style type=\"text\/css\" data-created_by=\"avia_inline_auto\" id=\"style-css-av-lagje18d-04af00935ef0c814126e9e1e0bb2841c\">\n#top .av-special-heading.av-lagje18d-04af00935ef0c814126e9e1e0bb2841c{\nmargin:10px 10px 10px 45px;\npadding-bottom:120px;\ncolor:#494949;\nfont-size:54px;\n}\nbody .av-special-heading.av-lagje18d-04af00935ef0c814126e9e1e0bb2841c .av-special-heading-tag .heading-char{\nfont-size:25px;\n}\n#top #wrap_all .av-special-heading.av-lagje18d-04af00935ef0c814126e9e1e0bb2841c .av-special-heading-tag{\nfont-size:54px;\n}\n.av-special-heading.av-lagje18d-04af00935ef0c814126e9e1e0bb2841c .special-heading-inner-border{\nborder-color:#494949;\n}\n.av-special-heading.av-lagje18d-04af00935ef0c814126e9e1e0bb2841c .av-subheading{\nfont-size:15px;\n}\n\n@media only screen and (min-width: 768px) and (max-width: 989px){ \n#top #wrap_all .av-special-heading.av-lagje18d-04af00935ef0c814126e9e1e0bb2841c .av-special-heading-tag{\nfont-size:30px;\n}\n}\n\n@media only screen and (min-width: 480px) and (max-width: 767px){ \n#top #wrap_all .av-special-heading.av-lagje18d-04af00935ef0c814126e9e1e0bb2841c .av-special-heading-tag{\nfont-size:0.8em;\n}\n}\n\n@media only screen and (max-width: 479px){ \n#top #wrap_all .av-special-heading.av-lagje18d-04af00935ef0c814126e9e1e0bb2841c .av-special-heading-tag{\nfont-size:0.8em;\n}\n}\n<\/style>\n<div  class='av-special-heading av-lagje18d-04af00935ef0c814126e9e1e0bb2841c av-special-heading-h1 custom-color-heading blockquote elegant-quote elegant-centered  avia-builder-el-4  avia-builder-el-no-sibling  av-inherit-size'><h1 class='av-special-heading-tag'  itemprop=\"headline\"  ><span class=\"heading-wrap\">Dates<\/span><\/h1><div class=\"special-heading-border\"><div class=\"special-heading-inner-border\"><\/div><\/div><\/div><\/div>\n\n<style type=\"text\/css\" data-created_by=\"avia_inline_auto\" id=\"style-css-av-b49sk4-4c3dadff941a7c77a2025e1023be16fe\">\n.flex_column.av-b49sk4-4c3dadff941a7c77a2025e1023be16fe{\nwidth:24.25%;\nmargin-left:1%;\n}\n<\/style>\n<div  class='flex_column av-b49sk4-4c3dadff941a7c77a2025e1023be16fe av_one_fourth  avia-builder-el-5  el_after_av_two_fifth  el_before_av_hr  flex_column_div'     ><style type=\"text\/css\" data-created_by=\"avia_inline_auto\" id=\"style-css-av-lagjfzph-dfe753df4f177ab365f8123f80399dd2\">\n.avia-image-container.av-lagjfzph-dfe753df4f177ab365f8123f80399dd2 img.avia_image{\nbox-shadow:none;\n}\n.avia-image-container.av-lagjfzph-dfe753df4f177ab365f8123f80399dd2 .av-image-caption-overlay-center{\ncolor:#ffffff;\n}\n<\/style>\n<div  class='avia-image-container av-lagjfzph-dfe753df4f177ab365f8123f80399dd2 av-styling- avia-align-right  avia-builder-el-6  avia-builder-el-no-sibling'   itemprop=\"image\" itemscope=\"itemscope\" itemtype=\"https:\/\/schema.org\/ImageObject\" ><div class=\"avia-image-container-inner\"><div class=\"avia-image-overlay-wrap\"><img decoding=\"async\" fetchpriority=\"high\" class='wp-image-3321 avia-img-lazy-loading-not-3321 avia_image' src=\"https:\/\/freiheitsdenkmal-leipzig.de\/wp-content\/uploads\/2022\/11\/Termine_7B.png\" alt='' title='Termine_7B'  height=\"800\" width=\"800\"  itemprop=\"thumbnailUrl\" srcset=\"https:\/\/freiheitsdenkmal-leipzig.de\/wp-content\/uploads\/2022\/11\/Termine_7B.png 800w, https:\/\/freiheitsdenkmal-leipzig.de\/wp-content\/uploads\/2022\/11\/Termine_7B-300x300.png 300w, https:\/\/freiheitsdenkmal-leipzig.de\/wp-content\/uploads\/2022\/11\/Termine_7B-80x80.png 80w, https:\/\/freiheitsdenkmal-leipzig.de\/wp-content\/uploads\/2022\/11\/Termine_7B-768x768.png 768w, https:\/\/freiheitsdenkmal-leipzig.de\/wp-content\/uploads\/2022\/11\/Termine_7B-36x36.png 36w, https:\/\/freiheitsdenkmal-leipzig.de\/wp-content\/uploads\/2022\/11\/Termine_7B-180x180.png 180w, https:\/\/freiheitsdenkmal-leipzig.de\/wp-content\/uploads\/2022\/11\/Termine_7B-705x705.png 705w\" sizes=\"(max-width: 800px) 100vw, 800px\" \/><\/div><\/div><\/div><\/div>\n\n<style type=\"text\/css\" data-created_by=\"avia_inline_auto\" id=\"style-css-av-lagmivy9-3f6fa7fa4e1a91cf239dd66a68f29dfe\">\n#top .hr.hr-invisible.av-lagmivy9-3f6fa7fa4e1a91cf239dd66a68f29dfe{\nheight:1px;\n}\n<\/style>\n<div  class='hr av-lagmivy9-3f6fa7fa4e1a91cf239dd66a68f29dfe hr-invisible  avia-builder-el-7  el_after_av_one_fourth  el_before_av_one_fourth'><span class='hr-inner'><span class=\"hr-inner-style\"><\/span><\/span><\/div>\n\n<style type=\"text\/css\" data-created_by=\"avia_inline_auto\" id=\"style-css-av-lagjtk8y-391cf006445020e89761952ac48cab6c\">\n.flex_column.av-lagjtk8y-391cf006445020e89761952ac48cab6c{\nwidth:22.75%;\npadding:40px 0 0 0;\n}\n<\/style>\n<div  class='flex_column av-lagjtk8y-391cf006445020e89761952ac48cab6c av_one_fourth  avia-builder-el-8  el_after_av_hr  el_before_av_one_half  first flex_column_div av-hide-on-mobile'     ><style type=\"text\/css\" data-created_by=\"avia_inline_auto\" id=\"style-css-av-lagjl8ll-69ebe98a4db4cbcb2d3bb67f4c51e010\">\n.avia-image-container.av-lagjl8ll-69ebe98a4db4cbcb2d3bb67f4c51e010 img.avia_image{\nbox-shadow:none;\n}\n.avia-image-container.av-lagjl8ll-69ebe98a4db4cbcb2d3bb67f4c51e010 .av-image-caption-overlay-center{\ncolor:#ffffff;\n}\n<\/style>\n<div  class='avia-image-container av-lagjl8ll-69ebe98a4db4cbcb2d3bb67f4c51e010 av-styling- avia-align-right  avia-builder-el-9  avia-builder-el-no-sibling'   itemprop=\"image\" itemscope=\"itemscope\" itemtype=\"https:\/\/schema.org\/ImageObject\" ><div class=\"avia-image-container-inner\"><div class=\"avia-image-overlay-wrap\"><img decoding=\"async\" fetchpriority=\"high\" class='wp-image-3353 avia-img-lazy-loading-not-3353 avia_image' src=\"https:\/\/freiheitsdenkmal-leipzig.de\/wp-content\/uploads\/2022\/11\/Termine_3B.png\" alt='' title='Termine_3B'  height=\"800\" width=\"800\"  itemprop=\"thumbnailUrl\" srcset=\"https:\/\/freiheitsdenkmal-leipzig.de\/wp-content\/uploads\/2022\/11\/Termine_3B.png 800w, https:\/\/freiheitsdenkmal-leipzig.de\/wp-content\/uploads\/2022\/11\/Termine_3B-300x300.png 300w, https:\/\/freiheitsdenkmal-leipzig.de\/wp-content\/uploads\/2022\/11\/Termine_3B-80x80.png 80w, https:\/\/freiheitsdenkmal-leipzig.de\/wp-content\/uploads\/2022\/11\/Termine_3B-768x768.png 768w, https:\/\/freiheitsdenkmal-leipzig.de\/wp-content\/uploads\/2022\/11\/Termine_3B-36x36.png 36w, https:\/\/freiheitsdenkmal-leipzig.de\/wp-content\/uploads\/2022\/11\/Termine_3B-180x180.png 180w, https:\/\/freiheitsdenkmal-leipzig.de\/wp-content\/uploads\/2022\/11\/Termine_3B-705x705.png 705w\" sizes=\"(max-width: 800px) 100vw, 800px\" \/><\/div><\/div><\/div><\/div>\n\n<style type=\"text\/css\" data-created_by=\"avia_inline_auto\" id=\"style-css-av-6t3svo-48d2d39432bd9d80fcb09efdebed8893\">\n@keyframes av_boxShadowEffect_av-6t3svo-48d2d39432bd9d80fcb09efdebed8893-column {\n0%   { box-shadow:  0 0 0 0 rgba(181,181,181,0.85); opacity: 1; }\n100% { box-shadow:  0 0 5px 0 rgba(181,181,181,0.85); opacity: 1; }\n}\n.flex_column.av-6t3svo-48d2d39432bd9d80fcb09efdebed8893{\nwidth:48.5%;\nmargin-left:3%;\nbox-shadow: 0 0 5px 0 rgba(181,181,181,0.85);\nborder-radius:10px 10px 10px 10px;\npadding:30px 20px 30px 40px;\nbackground-color:#ffffff;\n}\n<\/style>\n<div  class='flex_column av-6t3svo-48d2d39432bd9d80fcb09efdebed8893 av_one_half  avia-builder-el-10  el_after_av_one_fourth  el_before_av_one_fourth  flex_column_div shadow-not-animated'     ><section  class='av_textblock_section av-lw65ern9-aefb9eba8d870ea85ee7cad3f9a6139c'   itemscope=\"itemscope\" itemtype=\"https:\/\/schema.org\/CreativeWork\" ><div class='avia_textblock'  itemprop=\"text\" ><h2><strong>Veranstaltungen:<\/strong><\/h2>\n<h5>Der Eintritt f\u00fcr alle Veranstaltungen ist frei<\/h5>\n<\/div><\/section><br \/>\n\n<style type=\"text\/css\" data-created_by=\"avia_inline_auto\" id=\"style-css-av-6yzs1w-92d92fd1274847b45fecae1223352952\">\n#top .hr.hr-invisible.av-6yzs1w-92d92fd1274847b45fecae1223352952{\nheight:40px;\n}\n<\/style>\n<div  class='hr av-6yzs1w-92d92fd1274847b45fecae1223352952 hr-invisible  avia-builder-el-12  el_after_av_textblock  el_before_av_textblock'><span class='hr-inner'><span class=\"hr-inner-style\"><\/span><\/span><\/div><br \/>\n<section  class='av_textblock_section av-lw65kghr-2b3f052065f61ad3e02f60dad213f964'   itemscope=\"itemscope\" itemtype=\"https:\/\/schema.org\/CreativeWork\" ><div class='av-desktop-hide av-medium-hide av-small-hide av-mini-hide avia_textblock'  itemprop=\"text\" ><p><strong>DIE VERANSTALTUNG AM 16.MAI F\u00c4LLT AUS.<br \/>\n<\/strong><\/p>\n<h4><a href=\"https:\/\/freiheitsdenkmal-leipzig.de\/en\/rahmenprogrammfrankfurt\/\">Neue Erkenntnisse zu den Stasi-Besetzungen\/Begehungen seit Dezember 1989. Mit Filmausschnitten<\/a><\/h4>\n<p>Vortrag von Christian Boo\u00df mit Videomaterial und anschlie\u00dfender Diskussion<\/p>\n<\/div><\/section><br \/>\n<section  class='av_textblock_section av-lw65ovgg-b55fe6552fb67a368d750b0ddc421ff5'   itemscope=\"itemscope\" itemtype=\"https:\/\/schema.org\/CreativeWork\" ><div class='av-desktop-hide av-medium-hide av-small-hide av-mini-hide avia_textblock'  itemprop=\"text\" ><p><strong>\u00a0Samstag, 18. Mai, 12 Uhr, REH bei der DNB Frankfurt <\/strong><\/p>\n<h4><a href=\"https:\/\/freiheitsdenkmal-leipzig.de\/en\/rahmenprogrammfrankfurt\/\">Offene F\u00fchrung durch die Ausstellung<\/a><\/h4>\n<\/div><\/section><br \/>\n<section  class='av_textblock_section av-lw65vqgd-334630315dd002e9be0c8c1398e5b011'   itemscope=\"itemscope\" itemtype=\"https:\/\/schema.org\/CreativeWork\" ><div class='av-desktop-hide av-medium-hide av-small-hide av-mini-hide avia_textblock'  itemprop=\"text\" ><p><strong>Dienstag, 21. Mai, 17-18:30 Uhr, REH bei der DNB Frankfurt <\/strong><\/p>\n<h4>\u201eDas Denkmal ist\u2026 Zukunft\u201c<br \/>\n Offener Workshop f\u00fcr Kinder und Jugendliche<\/h4>\n<h4><\/h4>\n<\/div><\/section><br \/>\n<section  class='av_textblock_section av-5kfv2s-8389d589f4c3e1f6bebd102e22189489'   itemscope=\"itemscope\" itemtype=\"https:\/\/schema.org\/CreativeWork\" ><div class='av-desktop-hide av-medium-hide av-small-hide av-mini-hide avia_textblock'  itemprop=\"text\" ><p><strong>Mittwoch 22. Mai, 18 Uhr, REH bei der DNB Frankfurt <\/strong><\/p>\n<h4><a href=\"https:\/\/freiheitsdenkmal-leipzig.de\/en\/rahmenprogrammfrankfurt\/\">Offene F\u00fchrung durch die Ausstellung<\/a><\/h4>\n<\/div><\/section><br \/>\n<section  class='av_textblock_section av-lw65xram-0eee58aacfa14930b7f66d37ff7d9df6'   itemscope=\"itemscope\" itemtype=\"https:\/\/schema.org\/CreativeWork\" ><div class='av-desktop-hide av-medium-hide av-small-hide av-mini-hide avia_textblock'  itemprop=\"text\" ><p><strong>Donnerstag, 23. Mai, 19 Uhr, Deutsche Nationalbibliothek Frankfurt<\/strong><\/p>\n<h4><a href=\"https:\/\/freiheitsdenkmal-leipzig.de\/en\/rahmenprogrammfrankfurt\/\">Klassenbeste \u2013 Wie Herkunft unsere Gesellschaft spaltet &#8211; Lesung mit der Autorin Marlen Hobrack<\/a><\/h4>\n<p><strong>\u00a0<\/strong><\/p>\n<\/div><\/section><br \/>\n<section  class='av_textblock_section av-lw7he270-ff230f171d97b059eb3451d596bb3abf'   itemscope=\"itemscope\" itemtype=\"https:\/\/schema.org\/CreativeWork\" ><div class='av-desktop-hide av-medium-hide av-small-hide av-mini-hide avia_textblock'  itemprop=\"text\" ><p><strong>Dienstag, 4. Juni, 16 Uhr, Denkmalwerkstatt<\/strong><\/p>\n<h4><a href=\"https:\/\/freiheitsdenkmal-leipzig.de\/en\/nachmittagsfilmejuni24\/\" target=\"_blank\" rel=\"noopener\"><strong>Nachmittagsfilm: &#8222;Ulbrichts Wirtschaftswunder \u2013 Wie die DDR den Westen \u00fcberholen wollte&#8220; <\/strong>von Thomas Eichberg<\/a><\/h4>\n<\/div><\/section><br \/>\n<section  class='av_textblock_section av-3lzfck-335a0fb5f0426412f9d46d6633657a9a'   itemscope=\"itemscope\" itemtype=\"https:\/\/schema.org\/CreativeWork\" ><div class='av-desktop-hide av-medium-hide av-small-hide av-mini-hide avia_textblock'  itemprop=\"text\" ><p><strong>Dienstag, 11. Juni, 16 Uhr, Denkmalwerkstatt<\/strong><\/p>\n<h4><a href=\"https:\/\/freiheitsdenkmal-leipzig.de\/en\/nachmittagsfilmejuni24\/\" target=\"_blank\" rel=\"noopener\">Nachmittagsfilm: <strong>&#8222;Auslandskader \u2013 Botschafter des Sozialismus&#8220;<\/strong> (2018) von Sabine Michel<\/a><\/h4>\n<\/div><\/section><br \/>\n<section  class='av_textblock_section av-5nktfo-61a3ba50f2dda0e4c646f5493cbe2432'   itemscope=\"itemscope\" itemtype=\"https:\/\/schema.org\/CreativeWork\" ><div class='av-desktop-hide av-medium-hide av-mini-hide avia_textblock'  itemprop=\"text\" ><p><strong>Dienstag, 18. Juni, 18 Uhr, Denkmalwerkstatt<\/strong><\/p>\n<h4><a href=\"https:\/\/freiheitsdenkmal-leipzig.de\/en\/cancrin-eine-geschichte-des-17-juni-1953-im-cinema-casino\/\" target=\"_blank\" rel=\"noopener\">Cinema Casino: <strong>Cancrin \u2013 Eine Geschichte des 17. Juni 1953<\/strong><\/a><strong>\u00a0<\/strong><\/h4>\n<\/div><\/section><br \/>\n<section  class='av_textblock_section av-lwz1atp7-7df607742b0615b12e76aad29a21fbdd'   itemscope=\"itemscope\" itemtype=\"https:\/\/schema.org\/CreativeWork\" ><div class='av-desktop-hide av-medium-hide av-small-hide av-mini-hide avia_textblock'  itemprop=\"text\" ><p><strong>Donnerstag, 20. Juni, 19 Uhr, Stiftung Forum Recht Karlsruhe<br \/>\n<\/strong><\/p>\n<h4><a href=\"https:\/\/freiheitsdenkmal-leipzig.de\/en\/rahmenprogrammkarlsruhe\/\" target=\"_blank\" rel=\"noopener\">K(Einheit) &#8211; Wie die Gen Z \u00fcber den Osten denkt<\/a><\/h4>\n<\/div><\/section><br \/>\n<section  class='av_textblock_section av-lwz1cn76-4887d3b230ed226ee4752ba30770e6e0'   itemscope=\"itemscope\" itemtype=\"https:\/\/schema.org\/CreativeWork\" ><div class='av-desktop-hide av-medium-hide av-small-hide av-mini-hide avia_textblock'  itemprop=\"text\" ><p><strong>Samstag, 22. Juni, 19 Uhr, Kinemathek Karlsruhe<br \/>\n<\/strong><\/p>\n<h4><a href=\"https:\/\/freiheitsdenkmal-leipzig.de\/en\/rahmenprogrammkarlsruhe\/\" target=\"_blank\" rel=\"noopener\">Film: Gundermann Revier (mit Regisseurin Grit Lemke)<\/a><\/h4>\n<\/div><\/section><br \/>\n<section  class='av_textblock_section av-lwz1dncj-185d2e84fce233b1736c0cd6c4754cbe'   itemscope=\"itemscope\" itemtype=\"https:\/\/schema.org\/CreativeWork\" ><div class='av-desktop-hide av-medium-hide av-small-hide av-mini-hide avia_textblock'  itemprop=\"text\" ><p><strong>Sonntag, 23. Juni, 12 Uhr, REH Schlo\u00dfplatz Karlsruhe<br \/>\n<\/strong><\/p>\n<h4><a href=\"https:\/\/freiheitsdenkmal-leipzig.de\/en\/rahmenprogrammkarlsruhe\/\" target=\"_blank\" rel=\"noopener\">Offene F\u00fchrung durch die Ausstellung &#8222;Das Denkmal ist&#8230;&#8220;<\/a><\/h4>\n<\/div><\/section><br \/>\n<section  class='av_textblock_section av-lwz1fg9u-f95edc50f8978bed5ee8a72f8e67ed56'   itemscope=\"itemscope\" itemtype=\"https:\/\/schema.org\/CreativeWork\" ><div class='avia_textblock'  itemprop=\"text\" ><p><strong>Dienstag, 25. Juni, 16 Uhr, REH Schlo\u00dfplatz Karlsruhe<br \/>\n<\/strong><\/p>\n<h4><a href=\"https:\/\/freiheitsdenkmal-leipzig.de\/en\/rahmenprogrammkarlsruhe\/\" target=\"_blank\" rel=\"noopener\">Zeitzeug:innengespr\u00e4ch mit Susanne Kucharski-Huniat<\/a><\/h4>\n<h4><\/h4>\n<\/div><\/section><br \/>\n<div  class='hr av-37nqj8-0742536d4fcd70d7ec06e1c2d227b9d6 hr-default  avia-builder-el-25  el_after_av_textblock  el_before_av_textblock'><span class='hr-inner'><span class=\"hr-inner-style\"><\/span><\/span><\/div><br \/>\n<section  class='av_textblock_section av-lwq64iym-07810833b6997c5df9a9d6181d9d8ec8'   itemscope=\"itemscope\" itemtype=\"https:\/\/schema.org\/CreativeWork\" ><div class='avia_textblock'  itemprop=\"text\" ><p><strong>Dienstag, 25. Juni, 16 Uhr, Denkmalwerkstatt<\/strong><\/p>\n<h4><a href=\"https:\/\/freiheitsdenkmal-leipzig.de\/en\/nachmittagsfilmejuni24\/\" target=\"_blank\" rel=\"noopener\">Nachmittagsfilm: <strong>&#8222;<\/strong><strong>Mit dem Cadillac durch die Mauer. Fluchthelfer im Kalten Krieg<\/strong>&#8220; (2015) von Hans Sparschuh und Rainer Burmeister<\/a><\/h4>\n<h5><em>Auff\u00fchrung in Kooperation mit der Bundesstiftung zur Aufarbeitung der SED-Diktatur<\/em><\/h5>\n<\/div><\/section><br \/>\n<div  class='hr av-32vmjo-375c503c84022c87d5f68bb0eb8ea025 hr-default  avia-builder-el-27  el_after_av_textblock  el_before_av_textblock'><span class='hr-inner'><span class=\"hr-inner-style\"><\/span><\/span><\/div><br \/>\n<section  class='av_textblock_section av-lwz1halx-407b1d703b9f45ed3f17f4091f56f7cd'   itemscope=\"itemscope\" itemtype=\"https:\/\/schema.org\/CreativeWork\" ><div class='avia_textblock'  itemprop=\"text\" ><p><strong>Mittwoch, 26. Juni, 14 &#8211; 15 Uhr, REH auf dem Schlo\u00dfplatz Karlsruhe<br \/>\n<\/strong><\/p>\n<h4><a href=\"https:\/\/freiheitsdenkmal-leipzig.de\/en\/rahmenprogrammkarlsruhe\/\" target=\"_blank\" rel=\"noopener\">Offener Kreativ-Workshop f\u00fcr Kinder zum Thema Denkmal f\u00fcr die Zukunft<\/a><\/h4>\n<h4><\/h4>\n<\/div><\/section><br \/>\n<div  class='hr av-3w8idw-9c28633aa55d86ce3742786363bdc514 hr-default  avia-builder-el-29  el_after_av_textblock  el_before_av_textblock'><span class='hr-inner'><span class=\"hr-inner-style\"><\/span><\/span><\/div><br \/>\n<section  class='av_textblock_section av-lwz1itk4-8831611b6780f37865d7b9af0e0b2b49'   itemscope=\"itemscope\" itemtype=\"https:\/\/schema.org\/CreativeWork\" ><div class='avia_textblock'  itemprop=\"text\" ><p><strong>Mittwoch, 26. Juni, 17:30 Uhr, Stadtbibliothek Karlsruhe<br \/>\n<\/strong><\/p>\n<h4><a href=\"https:\/\/freiheitsdenkmal-leipzig.de\/en\/rahmenprogrammkarlsruhe\/\" target=\"_blank\" rel=\"noopener\">\u201eOrte der Friedlichen Revolution 1989 in Sachsen\u201c Film und Gespr\u00e4ch mit Frank Richter<\/a><\/h4>\n<h4><\/h4>\n<h4><\/h4>\n<\/div><\/section><br \/>\n<div  class='hr av-2l6u5w-f7684a0fcfffd8a307f4d0dc85bf9638 hr-default  avia-builder-el-31  el_after_av_textblock  el_before_av_textblock'><span class='hr-inner'><span class=\"hr-inner-style\"><\/span><\/span><\/div><br \/>\n<section  class='av_textblock_section av-lwq67cxa-fece5c349e0ee0fbac07629aaba4f7f3'   itemscope=\"itemscope\" itemtype=\"https:\/\/schema.org\/CreativeWork\" ><div class='avia_textblock'  itemprop=\"text\" ><p><strong>Donnerstag, 27. Juni, 16 Uhr, Denkmalwerkstatt<\/strong><\/p>\n<h4><a href=\"https:\/\/freiheitsdenkmal-leipzig.de\/en\/zeitezeuginnencafe\/\" target=\"_blank\" rel=\"noopener\">Zeitzeug:innen Caf\u00e9 mit Carsten M\u00f6ller<\/a><\/h4>\n<\/div><\/section><br \/>\n<div  class='hr av-68ahkk-9b4fc541bba53d36efd62704db2c8bec hr-default  avia-builder-el-33  el_after_av_textblock  el_before_av_textblock'><span class='hr-inner'><span class=\"hr-inner-style\"><\/span><\/span><\/div><br \/>\n<section  class='av_textblock_section av-lwz1e6z2-9e6287914b80a002584f4a2c7506f811'   itemscope=\"itemscope\" itemtype=\"https:\/\/schema.org\/CreativeWork\" ><div class='avia_textblock'  itemprop=\"text\" ><p><strong>Sonntag, 30. Juni, 12 Uhr, REH Schlo\u00dfplatz Karlsruhe<br \/>\n<\/strong><\/p>\n<h4><a href=\"https:\/\/freiheitsdenkmal-leipzig.de\/en\/rahmenprogrammkarlsruhe\/\" target=\"_blank\" rel=\"noopener\">Offene F\u00fchrung durch die Ausstellung &#8222;Das Denkmal ist&#8230;&#8220;<\/a><\/h4>\n<\/div><\/section><br \/>\n<div  class='hr av-292o04-ab238288af44fad301720f5a99433755 hr-default  avia-builder-el-35  el_after_av_textblock  el_before_av_textblock'><span class='hr-inner'><span class=\"hr-inner-style\"><\/span><\/span><\/div><br \/>\n<section  class='av_textblock_section av-lxsnxi6r-b29c785fae1df86d7075fe45d775f0b3'   itemscope=\"itemscope\" itemtype=\"https:\/\/schema.org\/CreativeWork\" ><div class='avia_textblock'  itemprop=\"text\" ><p class=\"v1msonormal\"><strong>7. \u00a0Mai bis 4. Dezember, DenkmalWerkstatt<\/strong><\/p>\n<h4><a href=\"..\/ddr-in-aufruhr\" target=\"_blank\" rel=\"noopener\">Foto-Ausstellung DDR in Aufruhr \u2013 Herbstdemonstrationen 1989 in den 15 Bezirken<\/a><\/h4>\n<\/div><\/section><br \/>\n<div  class='hr av-ir7rpw-9c1c632c66cada1a6525fcf9ed6f1478 hr-default  avia-builder-el-37  el_after_av_textblock  el_before_av_textblock'><span class='hr-inner'><span class=\"hr-inner-style\"><\/span><\/span><\/div><br \/>\n<section  class='av_textblock_section av-lxso1dqq-8259e27bc879f4cb3691578a3dd4e680'   itemscope=\"itemscope\" itemtype=\"https:\/\/schema.org\/CreativeWork\" ><div class='avia_textblock'  itemprop=\"text\" ><p><strong>Mittwoch 26. Juni, 10 Uhr, Denkmalwerkstatt<\/strong><\/p>\n<h4><a href=\"https:\/\/www.theaterderjungenweltleipzig.de\/wann-und-was\/stueckdetail\/fritzi-war-dabei#event-detail-description\" target=\"_blank\" rel=\"noopener\">Kooperationsprojekt TDJW: Fritzi war dabei <em>\u2014 <\/em>ein theatraler Stadtrundgang f\u00fcr Kinder ab acht Jahren<\/a><\/h4>\n<h5><em><strong>Anmeldung erforderlich. <\/strong>Fragen und Anmeldungen bitte an: <a href=\"mailto:kontakt@tdjw.de\">kontakt@tdjw.de<\/a><\/em><\/h5>\n<h5><em><a href=\"https:\/\/www.theaterderjungenweltleipzig.de\/wann-und-was\/stueckdetail\/fritzi-war-dabei#event-detail-description\" target=\"_blank\" rel=\"noopener\">Weitere Termine: www.theaterderjungenweltleipzig.de<\/a><\/em><\/h5>\n<\/div><\/section><br \/>\n<div  class='hr av-2vwn1w-baea53ffe2ef2a422f561d6c3c69c45c hr-default  avia-builder-el-39  el_after_av_textblock  el_before_av_textblock'><span class='hr-inner'><span class=\"hr-inner-style\"><\/span><\/span><\/div><br \/>\n<section  class='av_textblock_section av-lxso6f1m-35ca5853316d2c36627071c8c129af37'   itemscope=\"itemscope\" itemtype=\"https:\/\/schema.org\/CreativeWork\" ><div class='avia_textblock'  itemprop=\"text\" ><p><strong>Montags 15:30 \u2013 17:30 Uhr, Buchkinder Leipzig e.V. L\u00fctzener Stra\u00dfe 102<\/strong><\/p>\n<h4><a href=\"https:\/\/www.buchkinder.de\/denkmalwerkstatt\/\" target=\"_blank\" rel=\"noopener\">Kooperationsprojekt DenkmalWerkstatt Buchkinder: &#8222;Freiheit und das Ringen darum&#8220;<\/a><\/h4>\n<h5><em>f\u00fcr Kinder und Jugendliche im Alter von 8 \u2013 18 Jahren.<\/em><\/h5>\n<h5><em>Fragen und Anmeldungen bitte an: info@buchkinder.de<\/em><\/h5>\n<\/div><\/section><br \/>\n<div  class='hr av-hvbsk4-fabcae2dcb78dcc01d5c6b4e60bb5950 hr-default  avia-builder-el-41  el_after_av_textblock  el_before_av_textblock'><span class='hr-inner'><span class=\"hr-inner-style\"><\/span><\/span><\/div><br \/>\n\n<style type=\"text\/css\" data-created_by=\"avia_inline_auto\" id=\"style-css-av-lagjih40-7c6d4ee5817840b73a0b45b9fdeedf86\">\n#top .av_textblock_section.av-lagjih40-7c6d4ee5817840b73a0b45b9fdeedf86 .avia_textblock{\nfont-size:18px;\n}\n<\/style>\n<section  class='av_textblock_section av-lagjih40-7c6d4ee5817840b73a0b45b9fdeedf86'   itemscope=\"itemscope\" itemtype=\"https:\/\/schema.org\/CreativeWork\" ><div class='avia_textblock'  itemprop=\"text\" ><h4><\/h4>\n<h4><\/h4>\n<h5><\/h5>\n<h5><\/h5>\n<h5>Allgemeine \u00d6ffnungszeiten der DenkmalWerkstatt im Hansahaus, Grimmaische Stra\u00dfe 13-15, 04109 Leipzig:<\/h5>\n<h5>Dienstag 14 &#8211; 17 Uhr, Mittwoch bis Freitag 11 &#8211; 14 Uhr oder nach Vereinbarung per Mail: <a href=\"mailto:denkmal@stiftung-fr.de\">denkmal@stiftung-fr.de<\/a> or phone 0341 22566004<\/h5>\n<\/div><\/section><br \/>\n\n<style type=\"text\/css\" data-created_by=\"avia_inline_auto\" id=\"style-css-av-g2z9hw-07921fe3d81800fbdbd31de42ec15874\">\n#top .av_textblock_section.av-g2z9hw-07921fe3d81800fbdbd31de42ec15874 .avia_textblock{\nfont-size:18px;\n}\n<\/style>\n<section  class='av_textblock_section av-g2z9hw-07921fe3d81800fbdbd31de42ec15874'   itemscope=\"itemscope\" itemtype=\"https:\/\/schema.org\/CreativeWork\" ><div class='av-desktop-hide av-medium-hide av-small-hide av-mini-hide avia_textblock'  itemprop=\"text\" ><h4><\/h4>\n<h4><a href=\"..\/ddr-in-aufruhr\" target=\"_blank\" rel=\"noopener\">Foto-Ausstellung DDR in Aufruhr \u2013 Herbstdemonstrationen 1989 in den 15 Bezirken<\/a><\/h4>\n<div class=\"flex_column av-2f8k6e-a9f2d8153514937caf4bdd957f80e6d3 av_one_full avia-builder-el-3 el_after_av_section el_before_av_two_third avia-builder-el-first first flex_column_div\">\n<section class=\"av_textblock_section av-lvkxb61k-b35bf8303725318ccd47ea2ce72e513f\">\n<div class=\"avia_textblock\">\n<h5 class=\"v1msonormal\" style=\"text-align: left;\">vom 7. \u00a0Mai bis 4. Dezember 2024 in der DenkmalWerkstatt. Ausstellungser\u00f6ffnung am 7. Mai um 18 Uhr.<\/h5>\n<h5><strong><div  class='hr av-1e69pg-ee53671bf8cbba7249cbafaae102d653 hr-default  avia-builder-el-44  el_before_av_hr  avia-builder-el-first'><span class='hr-inner'><span class=\"hr-inner-style\"><\/span><\/span><\/div><\/strong><\/h5>\n<\/div>\n<\/section>\n<\/div>\n<h4><a href=\"..\/wp-content\/uploads\/2024\/04\/nachwendekinder.pdf\" target=\"_blank\" rel=\"noopener\"><strong>Cinema Casino: n\u00e4chster <\/strong><strong>Filmabend<\/strong><\/a><\/h4>\n<h4><a href=\"..\/wp-content\/uploads\/2024\/04\/nachwendekinder.pdf\" target=\"_blank\" rel=\"noopener\"><strong><em>14. Mai \u2014 4. Generation Ost<\/em><\/strong><\/a><a href=\"..\/wp-content\/uploads\/2024\/04\/nachwendekinder.pdf\" target=\"_blank\" rel=\"noopener\"><strong><em>?<\/em><\/strong><\/a><\/h4>\n<ul>\n<li>\n<h5><a href=\"..\/wp-content\/uploads\/2024\/04\/nachwendekinder.pdf\" target=\"_blank\" rel=\"noopener\">18:00 Uhr<strong> &#8222;Nachwendekinder &#8211; Wie ostdeutsch sind wir noch?<\/strong>&#8220; , Regie: Eva Hofmann, 65 Min, 2023<\/a><\/h5>\n<\/li>\n<li>\n<h5><a href=\"..\/wp-content\/uploads\/2024\/04\/nachwendekinder.pdf\" target=\"_blank\" rel=\"noopener\">19:05 Gespr\u00e4ch mit Regisseurin<strong> Eva Hofmann<\/strong><\/a><\/h5>\n<\/li>\n<\/ul>\n<h5><a href=\"..\/wp-content\/uploads\/2024\/03\/Casino_Kino_Flyer_web.pdf\" target=\"_blank\" rel=\"noopener\">Cinema Casino-Programm April bis Juni<\/a><\/h5>\n<h5><strong><div  class='hr av-cv0o04-850fc772612fe8d1c8af65a4be3880a8 hr-default  avia-builder-el-45  el_after_av_hr  el_before_av_hr'><span class='hr-inner'><span class=\"hr-inner-style\"><\/span><\/span><\/div><\/strong><\/h5>\n<h4>Nachmittagsfilme in der DenkmalWerkstatt immer um 16 Uhr<\/h4>\n<h5>21. Mai: \u201eEin Tag z\u00e4hlt wie ein Jahr&#8220;, von Kristin Derfler und Dietmar Klein, 42 Min<\/h5>\n<h5>Der Film erz\u00e4hlt eindringlich und einf\u00fchlsam die Geschichten von Frauen, die im Frauengef\u00e4ngnis Burg Hoheneck in Stollberg (Sachsen) inhaftiert waren.<\/h5>\n<h5><em>Auff\u00fchrung in Kooperation mit der Bundesstiftung zur Aufarbeitung der SED-Diktatur<\/em><\/h5>\n<h4><strong><div  class='hr av-aynw1g-9fc3dafb4f4be899265190c77a698718 hr-default  avia-builder-el-46  el_after_av_hr  el_before_av_hr'><span class='hr-inner'><span class=\"hr-inner-style\"><\/span><\/span><\/div><\/strong><\/h4>\n<h4><strong>Zeitzeug:innen Caf\u00e9<\/strong><\/h4>\n<h5><strong>25. Mai, 16 Uhr, zu Gast: <\/strong>Liane Plotzitzka<\/h5>\n<h5><strong><div  class='hr av-zkxo4-49454f94c7093b8962c3e9b70533c06f hr-default  avia-builder-el-47  el_after_av_hr  el_before_av_hr'><span class='hr-inner'><span class=\"hr-inner-style\"><\/span><\/span><\/div><\/strong><\/h5>\n<h4><a href=\"https:\/\/www.theaterderjungenweltleipzig.de\/wann-und-was\/stueckdetail\/fritzi-war-dabei#event-detail-description\" target=\"_blank\" rel=\"noopener\">Kooperationsprojekt TDJW: Fritzi war dabei <em>\u2014 <\/em>ein theatraler Stadtrundgang f\u00fcr Kinder ab acht Jahren<\/a><\/h4>\n<h5><strong>Start immer in der DenkmalWerkstatt <\/strong><strong>| <\/strong><strong>Eintritt <\/strong>f\u00fcr alle Termine <strong>frei <\/strong><strong>|<\/strong><strong>\u00a0Anmeldung erforderlich<\/strong><\/h5>\n<h5><a href=\"https:\/\/www.theaterderjungenweltleipzig.de\/wann-und-was\/stueckdetail\/fritzi-war-dabei#event-detail-description\" target=\"_blank\" rel=\"noopener\">Weitere Termine: www.theaterderjungenweltleipzig.de<\/a><\/h5>\n<h5>Fragen und Anmeldungen bitte an: <a href=\"mailto:kontakt@tdjw.de\">kontakt@tdjw.de<\/a><\/h5>\n<h5><div  class='hr av-7v9wh0-dbb691068abdbe1284cd4564179216b7 hr-default  avia-builder-el-48  el_after_av_hr  el_before_av_hr'><span class='hr-inner'><span class=\"hr-inner-style\"><\/span><\/span><\/div><\/h5>\n<h4><\/h4>\n<h5><\/h5>\n<h5><\/h5>\n<h5><\/h5>\n<h2><strong>Weitere Termine:<\/strong><\/h2>\n<h5><\/h5>\n<h4><strong>\u00a0<\/strong><\/h4>\n<h4><a href=\"..\/westreise\" target=\"_blank\" rel=\"noopener\">Wanderausstellung: Das Denkmal ist &#8230; unterwegs!<\/a><\/h4>\n<h5>Vom 3. Mai bis 1. Juni in Frankfurt macht die Leipziger Wanderausstellung \u201eDas Denkmal ist \u2026\u201c in der REH Station in Frankfurt am Main auf dem Vorplatz der Deutschen Nationalbibliothek. <a href=\"..\/westreise\" target=\"_blank\" rel=\"noopener\">Weitere Informationen hier<\/a><\/h5>\n<div class=\"flex_column av-3vwrx2-6d512d1d231cb49a3ab90d3499afd606 av_four_fifth avia-builder-el-4 el_after_av_four_fifth el_before_av_one_full first flex_column_div\">\n<section class=\"av_textblock_section av-lvgf6j5o-9e7e8eb0468574e1481150e53776c2fd\">\n<div class=\"avia_textblock\"><\/div>\n<\/section>\n<\/div>\n<div class=\"flex_column av-24u43a-112af26d26bc36d186f5c3129b106298 av_one_full avia-builder-el-7 el_after_av_four_fifth avia-builder-el-last first flex_column_div\">\n<section class=\"av_textblock_section av-lvgf7bq1-966939fa682c6d5990ba02c33daeb8f0\">\n<div class=\"avia_textblock\"><\/div>\n<\/section>\n<\/div>\n<h4><strong><div  class='hr av-5jahvo-239003fddee27581a21d10bc954e9f2e hr-default  avia-builder-el-49  el_after_av_hr  el_before_av_hr'><span class='hr-inner'><span class=\"hr-inner-style\"><\/span><\/span><\/div><\/strong><\/h4>\n<h4><strong>Ab 8. Mai ist die 8. Folge des Podcasts <\/strong><strong> \u201eWIR SIND DAS VOLK\u201c ist online<\/strong><\/h4>\n<h4>\u201e<strong>Markus Meckel: Pfarrer und Verhandler der Wiedervereinigung<\/strong>\"<\/h4>\n<h5>U. a. auf unserer Seite <a href=\"..\/podcast\" target=\"_blank\" rel=\"noopener\"><strong>Podcast<\/strong><\/a> und auf <strong><a href=\"https:\/\/wir-sind-das-volk.podigee.io\/\" target=\"_blank\" rel=\"noopener\">Podigee<\/a><\/strong>.<\/h5>\n<h4><strong><div  class='hr av-3jyjw4-3aee284036f5717248cf491383fc0339 hr-default  avia-builder-el-50  el_after_av_hr  el_before_av_hr'><span class='hr-inner'><span class=\"hr-inner-style\"><\/span><\/span><\/div><\/strong><\/h4>\n<h4><a href=\"https:\/\/www.buchkinder.de\/denkmalwerkstatt\/\" target=\"_blank\" rel=\"noopener\">Kooperationsprojekt DenkmalWerkstatt Buchkinder: &#8222;Freiheit und das Ringen darum&#8220;<\/a><\/h4>\n<h5>Kostenloses <a href=\"https:\/\/www.buchkinder.de\/denkmalwerkstatt\/\" target=\"_blank\" rel=\"noopener\"><strong>Kooperationsprojekt mit den Buchkindern<\/strong><\/a>\u00a0f\u00fcr Kinder und Jugendliche im Alter von 8 \u2013 18 Jahren<\/h5>\n<h5>Termin: Januar bis Dezember 2024, w\u00f6chentlich montags 15:30 \u2013 17:30 Uhr<\/h5>\n<h5>Wo? Schreib- und Druckwerkstatt Buchkinder Leipzig e.V. L\u00fctzener Stra\u00dfe 102 \/ 04177 Leipzig<\/h5>\n<h5>Fragen und Anmeldungen bitte an: info@buchkinder.de<\/h5>\n<h5><\/h5>\n<h4><strong><div  class='hr av-2nfutw-e7929b4111d611e1373dc887860c43e4 hr-default  avia-builder-el-51  el_after_av_hr  avia-builder-el-last'><span class='hr-inner'><span class=\"hr-inner-style\"><\/span><\/span><\/div><\/strong><\/h4>\n<h4>Allgemeine \u00d6ffnungszeiten der DenkmalWerkstatt im Hansahaus, Grimmaische Stra\u00dfe 13-15, 04109 Leipzig:<\/h4>\n<h5>Dienstag 14 &#8211; 17 Uhr, Mittwoch bis Freitag 11 &#8211; 14 Uhr oder nach Vereinbarung per Mail: <a href=\"mailto:denkmal@stiftung-fr.de\">denkmal@stiftung-fr.de<\/a> or phone 0341 22566004<\/h5>\n<\/div><\/section><\/p><\/div>\n<style type=\"text\/css\" data-created_by=\"avia_inline_auto\" id=\"style-css-av-3ni2xw-41b252755604e99205d169a7d7b7a76a\">\n.flex_column.av-3ni2xw-41b252755604e99205d169a7d7b7a76a{\nwidth:22.75%;\nmargin-left:3%;\npadding:40px 0 0 0;\n}\n<\/style>\n<div  class='flex_column av-3ni2xw-41b252755604e99205d169a7d7b7a76a av_one_fourth  avia-builder-el-52  el_after_av_one_half  el_before_av_hr  flex_column_div'     ><style type=\"text\/css\" data-created_by=\"avia_inline_auto\" id=\"style-css-av-lagjp3p1-c2bad315e15daeceab15f0a5c2b133a1\">\n.avia-image-container.av-lagjp3p1-c2bad315e15daeceab15f0a5c2b133a1 img.avia_image{\nbox-shadow:none;\n}\n.avia-image-container.av-lagjp3p1-c2bad315e15daeceab15f0a5c2b133a1 .av-image-caption-overlay-center{\ncolor:#ffffff;\n}\n<\/style>\n<div  class='avia-image-container av-lagjp3p1-c2bad315e15daeceab15f0a5c2b133a1 av-styling- avia-align-center  avia-builder-el-53  avia-builder-el-no-sibling'   itemprop=\"image\" itemscope=\"itemscope\" itemtype=\"https:\/\/schema.org\/ImageObject\" ><div class=\"avia-image-container-inner\"><div class=\"avia-image-overlay-wrap\"><img decoding=\"async\" fetchpriority=\"high\" class='wp-image-3327 avia-img-lazy-loading-not-3327 avia_image' src=\"https:\/\/freiheitsdenkmal-leipzig.de\/wp-content\/uploads\/2022\/11\/Termine_9B.png\" alt='' title='Termine_9B'  height=\"800\" width=\"800\"  itemprop=\"thumbnailUrl\" srcset=\"https:\/\/freiheitsdenkmal-leipzig.de\/wp-content\/uploads\/2022\/11\/Termine_9B.png 800w, https:\/\/freiheitsdenkmal-leipzig.de\/wp-content\/uploads\/2022\/11\/Termine_9B-300x300.png 300w, https:\/\/freiheitsdenkmal-leipzig.de\/wp-content\/uploads\/2022\/11\/Termine_9B-80x80.png 80w, https:\/\/freiheitsdenkmal-leipzig.de\/wp-content\/uploads\/2022\/11\/Termine_9B-768x768.png 768w, https:\/\/freiheitsdenkmal-leipzig.de\/wp-content\/uploads\/2022\/11\/Termine_9B-36x36.png 36w, https:\/\/freiheitsdenkmal-leipzig.de\/wp-content\/uploads\/2022\/11\/Termine_9B-180x180.png 180w, https:\/\/freiheitsdenkmal-leipzig.de\/wp-content\/uploads\/2022\/11\/Termine_9B-705x705.png 705w\" sizes=\"(max-width: 800px) 100vw, 800px\" \/><\/div><\/div><\/div><\/div><\/p>\n\n<style type=\"text\/css\" data-created_by=\"avia_inline_auto\" id=\"style-css-av-lagmthdj-54c0d016465bf7cbdfc43fc7534a8761\">\n#top .hr.hr-invisible.av-lagmthdj-54c0d016465bf7cbdfc43fc7534a8761{\nheight:3px;\n}\n<\/style>\n<div  class='hr av-lagmthdj-54c0d016465bf7cbdfc43fc7534a8761 hr-invisible  avia-builder-el-54  el_after_av_one_fourth  el_before_av_one_fifth'><span class='hr-inner'><span class=\"hr-inner-style\"><\/span><\/span><\/div>\n\n<style type=\"text\/css\" data-created_by=\"avia_inline_auto\" id=\"style-css-av-2ah19w-e6e47fc13ddc2e3ef15e5284b816db3f\">\n.flex_column.av-2ah19w-e6e47fc13ddc2e3ef15e5284b816db3f{\nwidth:17.6%;\n}\n<\/style>\n<div  class='flex_column av-2ah19w-e6e47fc13ddc2e3ef15e5284b816db3f av_one_fifth  avia-builder-el-55  el_after_av_hr  el_before_av_one_fifth  first flex_column_div av-hide-on-mobile'     ><style type=\"text\/css\" data-created_by=\"avia_inline_auto\" id=\"style-css-av-lagjf8z5-bb056528e20c3cd71f2fa7cbba3d0952\">\n.avia-image-container.av-lagjf8z5-bb056528e20c3cd71f2fa7cbba3d0952 img.avia_image{\nbox-shadow:none;\n}\n.avia-image-container.av-lagjf8z5-bb056528e20c3cd71f2fa7cbba3d0952 .av-image-caption-overlay-center{\ncolor:#ffffff;\n}\n<\/style>\n<div  class='avia-image-container av-lagjf8z5-bb056528e20c3cd71f2fa7cbba3d0952 av-styling- avia-align-center  avia-builder-el-56  avia-builder-el-no-sibling'   itemprop=\"image\" itemscope=\"itemscope\" itemtype=\"https:\/\/schema.org\/ImageObject\" ><div class=\"avia-image-container-inner\"><div class=\"avia-image-overlay-wrap\"><img decoding=\"async\" fetchpriority=\"high\" class='wp-image-3320 avia-img-lazy-loading-not-3320 avia_image' src=\"https:\/\/freiheitsdenkmal-leipzig.de\/wp-content\/uploads\/2022\/11\/Termine_1.png\" alt='' title='Termine_1'  height=\"800\" width=\"800\"  itemprop=\"thumbnailUrl\" srcset=\"https:\/\/freiheitsdenkmal-leipzig.de\/wp-content\/uploads\/2022\/11\/Termine_1.png 800w, https:\/\/freiheitsdenkmal-leipzig.de\/wp-content\/uploads\/2022\/11\/Termine_1-300x300.png 300w, https:\/\/freiheitsdenkmal-leipzig.de\/wp-content\/uploads\/2022\/11\/Termine_1-80x80.png 80w, https:\/\/freiheitsdenkmal-leipzig.de\/wp-content\/uploads\/2022\/11\/Termine_1-768x768.png 768w, https:\/\/freiheitsdenkmal-leipzig.de\/wp-content\/uploads\/2022\/11\/Termine_1-36x36.png 36w, https:\/\/freiheitsdenkmal-leipzig.de\/wp-content\/uploads\/2022\/11\/Termine_1-180x180.png 180w, https:\/\/freiheitsdenkmal-leipzig.de\/wp-content\/uploads\/2022\/11\/Termine_1-705x705.png 705w\" sizes=\"(max-width: 800px) 100vw, 800px\" \/><\/div><\/div><\/div><\/div>\n\n<style type=\"text\/css\" data-created_by=\"avia_inline_auto\" id=\"style-css-av-2zoygk-87d1d13c1e648c5093b47e0e36d9e696\">\n.flex_column.av-2zoygk-87d1d13c1e648c5093b47e0e36d9e696{\nwidth:17.6%;\nmargin-left:3%;\n}\n<\/style>\n<div  class='flex_column av-2zoygk-87d1d13c1e648c5093b47e0e36d9e696 av_one_fifth  avia-builder-el-57  el_after_av_one_fifth  el_before_av_one_fifth  flex_column_div'     ><style type=\"text\/css\" data-created_by=\"avia_inline_auto\" id=\"style-css-av-lagjggjw-7cd71bd964624029d22339d28c59b0df\">\n.avia-image-container.av-lagjggjw-7cd71bd964624029d22339d28c59b0df img.avia_image{\nbox-shadow:none;\n}\n.avia-image-container.av-lagjggjw-7cd71bd964624029d22339d28c59b0df .av-image-caption-overlay-center{\ncolor:#ffffff;\n}\n<\/style>\n<div  class='avia-image-container av-lagjggjw-7cd71bd964624029d22339d28c59b0df av-styling- avia-align-center  avia-builder-el-58  avia-builder-el-no-sibling'   itemprop=\"image\" itemscope=\"itemscope\" itemtype=\"https:\/\/schema.org\/ImageObject\" ><div class=\"avia-image-container-inner\"><div class=\"avia-image-overlay-wrap\"><img decoding=\"async\" fetchpriority=\"high\" class='wp-image-3322 avia-img-lazy-loading-not-3322 avia_image' src=\"https:\/\/freiheitsdenkmal-leipzig.de\/wp-content\/uploads\/2022\/11\/Termine_4.png\" alt='' title='Termine_4'  height=\"800\" width=\"800\"  itemprop=\"thumbnailUrl\" srcset=\"https:\/\/freiheitsdenkmal-leipzig.de\/wp-content\/uploads\/2022\/11\/Termine_4.png 800w, https:\/\/freiheitsdenkmal-leipzig.de\/wp-content\/uploads\/2022\/11\/Termine_4-300x300.png 300w, https:\/\/freiheitsdenkmal-leipzig.de\/wp-content\/uploads\/2022\/11\/Termine_4-80x80.png 80w, https:\/\/freiheitsdenkmal-leipzig.de\/wp-content\/uploads\/2022\/11\/Termine_4-768x768.png 768w, https:\/\/freiheitsdenkmal-leipzig.de\/wp-content\/uploads\/2022\/11\/Termine_4-36x36.png 36w, https:\/\/freiheitsdenkmal-leipzig.de\/wp-content\/uploads\/2022\/11\/Termine_4-180x180.png 180w, https:\/\/freiheitsdenkmal-leipzig.de\/wp-content\/uploads\/2022\/11\/Termine_4-705x705.png 705w\" sizes=\"(max-width: 800px) 100vw, 800px\" \/><\/div><\/div><\/div><\/div>\n\n<style type=\"text\/css\" data-created_by=\"avia_inline_auto\" id=\"style-css-av-lagl63oc-717e5b51dca52f775f5796b1828417cd\">\n.flex_column.av-lagl63oc-717e5b51dca52f775f5796b1828417cd{\nwidth:17.6%;\nmargin-left:3%;\n}\n<\/style>\n<div  class='flex_column av-lagl63oc-717e5b51dca52f775f5796b1828417cd av_one_fifth  avia-builder-el-59  el_after_av_one_fifth  el_before_av_one_fifth  flex_column_div av-hide-on-mobile'     ><style type=\"text\/css\" data-created_by=\"avia_inline_auto\" id=\"style-css-av-lagjjunv-5ed99d0a7bc14b46f72e7dc76dfcff48\">\n.avia-image-container.av-lagjjunv-5ed99d0a7bc14b46f72e7dc76dfcff48 img.avia_image{\nbox-shadow:none;\n}\n.avia-image-container.av-lagjjunv-5ed99d0a7bc14b46f72e7dc76dfcff48 .av-image-caption-overlay-center{\ncolor:#ffffff;\n}\n<\/style>\n<div  class='avia-image-container av-lagjjunv-5ed99d0a7bc14b46f72e7dc76dfcff48 av-styling- avia-align-center  avia-builder-el-60  avia-builder-el-no-sibling'   itemprop=\"image\" itemscope=\"itemscope\" itemtype=\"https:\/\/schema.org\/ImageObject\" ><div class=\"avia-image-container-inner\"><div class=\"avia-image-overlay-wrap\"><img decoding=\"async\" fetchpriority=\"high\" class='wp-image-3323 avia-img-lazy-loading-not-3323 avia_image' src=\"https:\/\/freiheitsdenkmal-leipzig.de\/wp-content\/uploads\/2022\/11\/Termine_6.png\" alt='' title='Termine_6'  height=\"800\" width=\"800\"  itemprop=\"thumbnailUrl\" srcset=\"https:\/\/freiheitsdenkmal-leipzig.de\/wp-content\/uploads\/2022\/11\/Termine_6.png 800w, https:\/\/freiheitsdenkmal-leipzig.de\/wp-content\/uploads\/2022\/11\/Termine_6-300x300.png 300w, https:\/\/freiheitsdenkmal-leipzig.de\/wp-content\/uploads\/2022\/11\/Termine_6-80x80.png 80w, https:\/\/freiheitsdenkmal-leipzig.de\/wp-content\/uploads\/2022\/11\/Termine_6-768x768.png 768w, https:\/\/freiheitsdenkmal-leipzig.de\/wp-content\/uploads\/2022\/11\/Termine_6-36x36.png 36w, https:\/\/freiheitsdenkmal-leipzig.de\/wp-content\/uploads\/2022\/11\/Termine_6-180x180.png 180w, https:\/\/freiheitsdenkmal-leipzig.de\/wp-content\/uploads\/2022\/11\/Termine_6-705x705.png 705w\" sizes=\"(max-width: 800px) 100vw, 800px\" \/><\/div><\/div><\/div><\/div>\n\n<style type=\"text\/css\" data-created_by=\"avia_inline_auto\" id=\"style-css-av-lagjryue-fed22f2032d8b4f823ec78b323121f91\">\n.flex_column.av-lagjryue-fed22f2032d8b4f823ec78b323121f91{\nwidth:17.6%;\nmargin-left:3%;\n}\n<\/style>\n<div  class='flex_column av-lagjryue-fed22f2032d8b4f823ec78b323121f91 av_one_fifth  avia-builder-el-61  el_after_av_one_fifth  el_before_av_one_fifth  flex_column_div av-hide-on-mobile'     ><style type=\"text\/css\" data-created_by=\"avia_inline_auto\" id=\"style-css-av-lagjcc36-164e7355b299842f5e74c2688f61b1b7\">\n.avia-image-container.av-lagjcc36-164e7355b299842f5e74c2688f61b1b7 img.avia_image{\nbox-shadow:none;\n}\n.avia-image-container.av-lagjcc36-164e7355b299842f5e74c2688f61b1b7 .av-image-caption-overlay-center{\ncolor:#ffffff;\n}\n<\/style>\n<div  class='avia-image-container av-lagjcc36-164e7355b299842f5e74c2688f61b1b7 av-styling- avia-align-center  avia-builder-el-62  avia-builder-el-no-sibling'   itemprop=\"image\" itemscope=\"itemscope\" itemtype=\"https:\/\/schema.org\/ImageObject\" ><div class=\"avia-image-container-inner\"><div class=\"avia-image-overlay-wrap\"><img decoding=\"async\" fetchpriority=\"high\" class='wp-image-3317 avia-img-lazy-loading-not-3317 avia_image' src=\"https:\/\/freiheitsdenkmal-leipzig.de\/wp-content\/uploads\/2022\/11\/Termine_2.png\" alt='' title='Termine_2'  height=\"800\" width=\"800\"  itemprop=\"thumbnailUrl\" srcset=\"https:\/\/freiheitsdenkmal-leipzig.de\/wp-content\/uploads\/2022\/11\/Termine_2.png 800w, https:\/\/freiheitsdenkmal-leipzig.de\/wp-content\/uploads\/2022\/11\/Termine_2-300x300.png 300w, https:\/\/freiheitsdenkmal-leipzig.de\/wp-content\/uploads\/2022\/11\/Termine_2-80x80.png 80w, https:\/\/freiheitsdenkmal-leipzig.de\/wp-content\/uploads\/2022\/11\/Termine_2-768x768.png 768w, https:\/\/freiheitsdenkmal-leipzig.de\/wp-content\/uploads\/2022\/11\/Termine_2-36x36.png 36w, https:\/\/freiheitsdenkmal-leipzig.de\/wp-content\/uploads\/2022\/11\/Termine_2-180x180.png 180w, https:\/\/freiheitsdenkmal-leipzig.de\/wp-content\/uploads\/2022\/11\/Termine_2-705x705.png 705w\" sizes=\"(max-width: 800px) 100vw, 800px\" \/><\/div><\/div><\/div><\/div>\n\n<style type=\"text\/css\" data-created_by=\"avia_inline_auto\" id=\"style-css-av-54pdk4-9b01b15bdfaad920aba3c9f0aa856ddc\">\n.flex_column.av-54pdk4-9b01b15bdfaad920aba3c9f0aa856ddc{\nwidth:17.6%;\nmargin-left:3%;\npadding:0 50px 0 0;\n}\n<\/style>\n<div  class='flex_column av-54pdk4-9b01b15bdfaad920aba3c9f0aa856ddc av_one_fifth  avia-builder-el-63  el_after_av_one_fifth  avia-builder-el-last  flex_column_div'     ><style type=\"text\/css\" data-created_by=\"avia_inline_auto\" id=\"style-css-av-lagjprbd-673f3c839c4f3f0705e8d74b17918f87\">\n.avia-image-container.av-lagjprbd-673f3c839c4f3f0705e8d74b17918f87 img.avia_image{\nbox-shadow:none;\n}\n.avia-image-container.av-lagjprbd-673f3c839c4f3f0705e8d74b17918f87 .av-image-caption-overlay-center{\ncolor:#ffffff;\n}\n<\/style>\n<div  class='avia-image-container av-lagjprbd-673f3c839c4f3f0705e8d74b17918f87 av-styling- avia-align-left  avia-builder-el-64  avia-builder-el-no-sibling'   itemprop=\"image\" itemscope=\"itemscope\" itemtype=\"https:\/\/schema.org\/ImageObject\" ><div class=\"avia-image-container-inner\"><div class=\"avia-image-overlay-wrap\"><img decoding=\"async\" fetchpriority=\"high\" class='wp-image-3328 avia-img-lazy-loading-not-3328 avia_image' src=\"https:\/\/freiheitsdenkmal-leipzig.de\/wp-content\/uploads\/2022\/11\/Termine_5.png\" alt='' title='Termine_5'  height=\"800\" width=\"800\"  itemprop=\"thumbnailUrl\" srcset=\"https:\/\/freiheitsdenkmal-leipzig.de\/wp-content\/uploads\/2022\/11\/Termine_5.png 800w, https:\/\/freiheitsdenkmal-leipzig.de\/wp-content\/uploads\/2022\/11\/Termine_5-300x300.png 300w, https:\/\/freiheitsdenkmal-leipzig.de\/wp-content\/uploads\/2022\/11\/Termine_5-80x80.png 80w, https:\/\/freiheitsdenkmal-leipzig.de\/wp-content\/uploads\/2022\/11\/Termine_5-768x768.png 768w, https:\/\/freiheitsdenkmal-leipzig.de\/wp-content\/uploads\/2022\/11\/Termine_5-36x36.png 36w, https:\/\/freiheitsdenkmal-leipzig.de\/wp-content\/uploads\/2022\/11\/Termine_5-180x180.png 180w, https:\/\/freiheitsdenkmal-leipzig.de\/wp-content\/uploads\/2022\/11\/Termine_5-705x705.png 705w\" sizes=\"(max-width: 800px) 100vw, 800px\" \/><\/div><\/div><\/div><\/div>","protected":false},"excerpt":{"rendered":"","protected":false},"author":1,"featured_media":0,"parent":0,"menu_order":0,"comment_status":"closed","ping_status":"closed","template":"","meta":{"footnotes":""},"class_list":["post-3316","page","type-page","status-publish","hentry"],"_links":{"self":[{"href":"https:\/\/freiheitsdenkmal-leipzig.de\/en\/wp-json\/wp\/v2\/pages\/3316"}],"collection":[{"href":"https:\/\/freiheitsdenkmal-leipzig.de\/en\/wp-json\/wp\/v2\/pages"}],"about":[{"href":"https:\/\/freiheitsdenkmal-leipzig.de\/en\/wp-json\/wp\/v2\/types\/page"}],"author":[{"embeddable":true,"href":"https:\/\/freiheitsdenkmal-leipzig.de\/en\/wp-json\/wp\/v2\/users\/1"}],"replies":[{"embeddable":true,"href":"https:\/\/freiheitsdenkmal-leipzig.de\/en\/wp-json\/wp\/v2\/comments?post=3316"}],"version-history":[{"count":459,"href":"https:\/\/freiheitsdenkmal-leipzig.de\/en\/wp-json\/wp\/v2\/pages\/3316\/revisions"}],"predecessor-version":[{"id":8704,"href":"https:\/\/freiheitsdenkmal-leipzig.de\/en\/wp-json\/wp\/v2\/pages\/3316\/revisions\/8704"}],"wp:attachment":[{"href":"https:\/\/freiheitsdenkmal-leipzig.de\/en\/wp-json\/wp\/v2\/media?parent=3316"}],"curies":[{"name":"wp","href":"https:\/\/api.w.org\/{rel}","templated":true}]}}