{"id":366,"date":"2014-07-09T15:49:34","date_gmt":"2014-07-09T15:49:34","guid":{"rendered":"http:\/\/192.168.1.104\/restaurant\/?page_id=16"},"modified":"2023-08-18T12:49:43","modified_gmt":"2023-08-18T12:49:43","slug":"aktuelles1","status":"publish","type":"page","link":"https:\/\/freiheitsdenkmal-leipzig.de\/en\/aktuelles1","title":{"rendered":"Aktuelles1"},"content":{"rendered":"<style type=\"text\/css\" data-created_by=\"avia_inline_auto\" id=\"style-css-av-l4dqm-b0450cdc1604dc75c448472399587863\">\n.avia-section.av-l4dqm-b0450cdc1604dc75c448472399587863 .av-parallax .av-parallax-inner{\nbackground-repeat:no-repeat;\nbackground-image:url(https:\/\/freiheitsdenkmal-leipzig.de\/wp-content\/uploads\/2018\/06\/RHG_Fo_AnKae_82_comp-1.jpg);\nbackground-position:50% 50%;\nbackground-attachment:scroll;\n}\n<\/style>\n<div id='av_section_1'  class='avia-section av-l4dqm-b0450cdc1604dc75c448472399587863 main_color avia-section-default avia-no-shadow  avia-builder-el-0  el_before_av_three_fifth  avia-builder-el-first  avia-full-stretch av-parallax-section avia-bg-style-parallax av-minimum-height av-minimum-height-custom av-height-custom  container_wrap fullsize'  data-section-bg-repeat='stretch' data-av_minimum_height_px='270'><div class='av-parallax' data-avia-parallax-ratio='0.3' ><div class='av-parallax-inner main_color avia-full-stretch'><\/div><\/div><div class='container av-section-cont-open' style='height:270px'><main  role=\"main\" itemprop=\"mainContentOfPage\"  class='template-page content  av-content-full alpha units'><div class='post-entry post-entry-type-page post-entry-366'><div class='entry-content-wrapper clearfix'>\n\n<style type=\"text\/css\" data-created_by=\"avia_inline_auto\" id=\"style-css-av-bs7vy-10a79c004e392787f1978367cb160cf1\">\n#top .av-special-heading.av-bs7vy-10a79c004e392787f1978367cb160cf1{\npadding-bottom:0;\ncolor:#ffffff;\nfont-size:60px;\n}\nbody .av-special-heading.av-bs7vy-10a79c004e392787f1978367cb160cf1 .av-special-heading-tag .heading-char{\nfont-size:25px;\n}\n#top #wrap_all .av-special-heading.av-bs7vy-10a79c004e392787f1978367cb160cf1 .av-special-heading-tag{\nfont-size:60px;\n}\n.av-special-heading.av-bs7vy-10a79c004e392787f1978367cb160cf1 .special-heading-inner-border{\nborder-color:#ffffff;\n}\n.av-special-heading.av-bs7vy-10a79c004e392787f1978367cb160cf1 .av-subheading{\nfont-size:18px;\n}\n\n@media only screen and (max-width: 479px){ \n#top #wrap_all .av-special-heading.av-bs7vy-10a79c004e392787f1978367cb160cf1 .av-special-heading-tag{\nfont-size:40px;\n}\n}\n\n@media only screen and (min-width: 480px) and (max-width: 767px){ \n#top #wrap_all .av-special-heading.av-bs7vy-10a79c004e392787f1978367cb160cf1 .av-special-heading-tag{\nfont-size:0.8em;\n}\n}\n<\/style>\n<div  class='av-special-heading av-bs7vy-10a79c004e392787f1978367cb160cf1 av-special-heading-h1 custom-color-heading blockquote modern-quote  avia-builder-el-1  avia-builder-el-no-sibling  av-thin-font av-inherit-size'><h1 class='av-special-heading-tag'  itemprop=\"headline\"  ><strong>News<\/strong><\/h1><div class=\"special-heading-border\"><div class=\"special-heading-inner-border\"><\/div><\/div><\/div>\n<\/div><\/div><\/main><!-- close content main element --><\/div><\/div><div id='after_section_1'  class='main_color av_default_container_wrap container_wrap fullsize'  ><div class='container av-section-cont-open' ><div class='template-page content  av-content-full alpha units'><div class='post-entry post-entry-type-page post-entry-366'><div class='entry-content-wrapper clearfix'>\n<div class='flex_column_table av-z8w2e-12dc6eed517592aebe0eab46d79684f7 sc-av_three_fifth av-equal-height-column-flextable'>\n<style type=\"text\/css\" data-created_by=\"avia_inline_auto\" id=\"style-css-av-z8w2e-12dc6eed517592aebe0eab46d79684f7\">\n.flex_column.av-z8w2e-12dc6eed517592aebe0eab46d79684f7{\nwidth:59.2%;\nmargin-left:0;\nborder-radius:0px 0px 0px 0px;\npadding:0px 0px 0px 0px;\n}\n#top .flex_column_table.av-equal-height-column-flextable.av-z8w2e-12dc6eed517592aebe0eab46d79684f7 .av-flex-placeholder{\nwidth:2%;\n}\n<\/style>\n<div  class='flex_column av-z8w2e-12dc6eed517592aebe0eab46d79684f7 av_three_fifth  avia-builder-el-2  el_after_av_section  el_before_av_two_fifth  avia-builder-el-first  first flex_column_table_cell av-equal-height-column av-align-middle av-zero-column-padding'     ><section  class='av_textblock_section av-snatq-1159d014f55df755538690dc28850a16'   itemscope=\"itemscope\" itemtype=\"https:\/\/schema.org\/CreativeWork\" ><div class='avia_textblock'  itemprop=\"text\" ><h4>10.08.2023<\/h4>\n<h4>Kinoabend am 22. August mit \u201eNahschuss\u201c und \u201eMielkes Rache\u201c<\/h4>\n<p class=\"_aacl _aaco _aacu _aacx _aad7 _aade\" dir=\"auto\">Am 22. August zeigt das CINEMA CASINO um 18 Uhr den Spielfilm NAHSCHUSS. Nach dem Filmgespr\u00e4ch mit Regisseurin Franziska St\u00fcnkel um 20 Uhr fahren wir um 20:45 mit der Dokumentation Mielkes Rache fort;<br \/>\nDer Eintritt ist frei.<br \/>\nWir freuen uns auf euch!<\/p>\n<\/div><\/section><\/div><div class='av-flex-placeholder'><\/div>\n<style type=\"text\/css\" data-created_by=\"avia_inline_auto\" id=\"style-css-av-av_two_fifth-d06667205e6186ec8414c6eb7605d406\">\n.flex_column.av-av_two_fifth-d06667205e6186ec8414c6eb7605d406{\nwidth:38.8%;\nmargin-left:0;\n}\n#top .flex_column_table.av-equal-height-column-flextable.av-av_two_fifth-d06667205e6186ec8414c6eb7605d406 .av-flex-placeholder{\nwidth:2%;\n}\n<\/style>\n<div  class='flex_column av-av_two_fifth-d06667205e6186ec8414c6eb7605d406 av_two_fifth  avia-builder-el-4  el_after_av_three_fifth  el_before_av_three_fifth  flex_column_table_cell av-equal-height-column av-align-middle'     ><style type=\"text\/css\" data-created_by=\"avia_inline_auto\" id=\"style-css-av-llgjt5l6-6745c6c3dd59ee0da895fe4bc9b215a5\">\n#top .avia-gallery.av-llgjt5l6-6745c6c3dd59ee0da895fe4bc9b215a5 .avia-gallery-thumb a{\nwidth:20%;\n}\n<\/style>\n<div  class='avia-gallery av-llgjt5l6-6745c6c3dd59ee0da895fe4bc9b215a5 avia_animate_when_visible avia_lazyload avia-gallery-animate avia-gallery-1'  itemprop=\"image\" itemscope=\"itemscope\" itemtype=\"https:\/\/schema.org\/ImageObject\" ><meta itemprop=\"contentURL\" content=\"https:\/\/freiheitsdenkmal-leipzig.de\/en\/aktuelles1\"><div class='avia-gallery-thumb'><a href=\"https:\/\/freiheitsdenkmal-leipzig.de\/wp-content\/uploads\/2023\/08\/nahschuss-1030x992.jpg\" data-srcset=\"https:\/\/freiheitsdenkmal-leipzig.de\/wp-content\/uploads\/2023\/08\/nahschuss-1030x992.jpg 1030w, https:\/\/freiheitsdenkmal-leipzig.de\/wp-content\/uploads\/2023\/08\/nahschuss-300x289.jpg 300w, https:\/\/freiheitsdenkmal-leipzig.de\/wp-content\/uploads\/2023\/08\/nahschuss-768x739.jpg 768w, https:\/\/freiheitsdenkmal-leipzig.de\/wp-content\/uploads\/2023\/08\/nahschuss-12x12.jpg 12w, https:\/\/freiheitsdenkmal-leipzig.de\/wp-content\/uploads\/2023\/08\/nahschuss-36x36.jpg 36w, https:\/\/freiheitsdenkmal-leipzig.de\/wp-content\/uploads\/2023\/08\/nahschuss-705x679.jpg 705w, https:\/\/freiheitsdenkmal-leipzig.de\/wp-content\/uploads\/2023\/08\/nahschuss.jpg 1264w\" data-sizes=\"(max-width: 1030px) 100vw, 1030px\" data-rel='gallery-1' data-prev-img='https:\/\/freiheitsdenkmal-leipzig.de\/wp-content\/uploads\/2023\/08\/nahschuss-495x400.jpg' class='first_thumb lightbox' data-onclick='1' title='Filmtitel Nahschuss, Regie Franziska St\u00fcnkel, Kamera Nikolai von Graevenitz, Cast v.l.n.r. Luise Heyer (Corina Walther) Lars Eidinger (Franz Walter)'  itemprop=\"thumbnailUrl\"  ><img decoding=\"async\" fetchpriority=\"high\" class=\"wp-image-4164 avia-img-lazy-loading-not-4164\"  data-avia-tooltip='Filmtitel Nahschuss, Regie Franziska St\u00fcnkel, Kamera Nikolai von Graevenitz, Cast v.l.n.r. Luise Heyer (Corina Walther) Lars Eidinger (Franz Walter)' src=\"https:\/\/freiheitsdenkmal-leipzig.de\/wp-content\/uploads\/2023\/08\/nahschuss-495x400.jpg\" width=\"495\" height=\"400\"  title='Network Movie K\u00f6ln' alt='' srcset=\"https:\/\/freiheitsdenkmal-leipzig.de\/wp-content\/uploads\/2023\/08\/nahschuss-495x400.jpg 495w, https:\/\/freiheitsdenkmal-leipzig.de\/wp-content\/uploads\/2023\/08\/nahschuss-845x684.jpg 845w\" sizes=\"(max-width: 495px) 100vw, 495px\" \/><div class='big-prev-fake'><img decoding=\"async\" loading=\"lazy\" class=\"wp-image-4164 avia-img-lazy-loading-4164\"  width=\"495\" height=\"400\" src=\"https:\/\/freiheitsdenkmal-leipzig.de\/wp-content\/uploads\/2023\/08\/nahschuss-495x400.jpg\" title='Network Movie K\u00f6ln' alt='' srcset=\"https:\/\/freiheitsdenkmal-leipzig.de\/wp-content\/uploads\/2023\/08\/nahschuss-495x400.jpg 495w, https:\/\/freiheitsdenkmal-leipzig.de\/wp-content\/uploads\/2023\/08\/nahschuss-845x684.jpg 845w\" sizes=\"(max-width: 495px) 100vw, 495px\" \/><\/div><\/a><a href=\"https:\/\/freiheitsdenkmal-leipzig.de\/wp-content\/uploads\/2023\/08\/mielkesrachefotohistorisch.jpg\" data-srcset=\"https:\/\/freiheitsdenkmal-leipzig.de\/wp-content\/uploads\/2023\/08\/mielkesrachefotohistorisch.jpg 390w, https:\/\/freiheitsdenkmal-leipzig.de\/wp-content\/uploads\/2023\/08\/mielkesrachefotohistorisch-300x295.jpg 300w, https:\/\/freiheitsdenkmal-leipzig.de\/wp-content\/uploads\/2023\/08\/mielkesrachefotohistorisch-80x80.jpg 80w, https:\/\/freiheitsdenkmal-leipzig.de\/wp-content\/uploads\/2023\/08\/mielkesrachefotohistorisch-12x12.jpg 12w, https:\/\/freiheitsdenkmal-leipzig.de\/wp-content\/uploads\/2023\/08\/mielkesrachefotohistorisch-36x36.jpg 36w\" data-sizes=\"(max-width: 390px) 100vw, 390px\" data-rel='gallery-1' data-prev-img='https:\/\/freiheitsdenkmal-leipzig.de\/wp-content\/uploads\/2023\/08\/mielkesrachefotohistorisch.jpg' class='lightbox' data-onclick='2' title='mielkesrachefotohistorisch'  itemprop=\"thumbnailUrl\"  ><img decoding=\"async\" fetchpriority=\"high\" class=\"wp-image-4165 avia-img-lazy-loading-not-4165\"   src=\"https:\/\/freiheitsdenkmal-leipzig.de\/wp-content\/uploads\/2023\/08\/mielkesrachefotohistorisch.jpg\" width=\"390\" height=\"383\"  title='mielkesrachefotohistorisch' alt='' srcset=\"https:\/\/freiheitsdenkmal-leipzig.de\/wp-content\/uploads\/2023\/08\/mielkesrachefotohistorisch.jpg 390w, https:\/\/freiheitsdenkmal-leipzig.de\/wp-content\/uploads\/2023\/08\/mielkesrachefotohistorisch-300x295.jpg 300w, https:\/\/freiheitsdenkmal-leipzig.de\/wp-content\/uploads\/2023\/08\/mielkesrachefotohistorisch-80x80.jpg 80w, https:\/\/freiheitsdenkmal-leipzig.de\/wp-content\/uploads\/2023\/08\/mielkesrachefotohistorisch-12x12.jpg 12w, https:\/\/freiheitsdenkmal-leipzig.de\/wp-content\/uploads\/2023\/08\/mielkesrachefotohistorisch-36x36.jpg 36w\" sizes=\"(max-width: 390px) 100vw, 390px\" \/><div class='big-prev-fake'><img decoding=\"async\" loading=\"lazy\" class=\"wp-image-4165 avia-img-lazy-loading-4165\"  width=\"390\" height=\"383\" src=\"https:\/\/freiheitsdenkmal-leipzig.de\/wp-content\/uploads\/2023\/08\/mielkesrachefotohistorisch.jpg\" title='mielkesrachefotohistorisch' alt='' srcset=\"https:\/\/freiheitsdenkmal-leipzig.de\/wp-content\/uploads\/2023\/08\/mielkesrachefotohistorisch.jpg 390w, https:\/\/freiheitsdenkmal-leipzig.de\/wp-content\/uploads\/2023\/08\/mielkesrachefotohistorisch-300x295.jpg 300w, https:\/\/freiheitsdenkmal-leipzig.de\/wp-content\/uploads\/2023\/08\/mielkesrachefotohistorisch-80x80.jpg 80w, https:\/\/freiheitsdenkmal-leipzig.de\/wp-content\/uploads\/2023\/08\/mielkesrachefotohistorisch-12x12.jpg 12w, https:\/\/freiheitsdenkmal-leipzig.de\/wp-content\/uploads\/2023\/08\/mielkesrachefotohistorisch-36x36.jpg 36w\" sizes=\"(max-width: 390px) 100vw, 390px\" \/><\/div><\/a><\/div><\/div><\/div><\/div><!--close column table wrapper. Autoclose: 1 --><div class='flex_column_table av-lrjue-0bb08f3e84abf01f43d74eb44301e05b sc-av_three_fifth av-equal-height-column-flextable'>\n<style type=\"text\/css\" data-created_by=\"avia_inline_auto\" id=\"style-css-av-lrjue-0bb08f3e84abf01f43d74eb44301e05b\">\n.flex_column.av-lrjue-0bb08f3e84abf01f43d74eb44301e05b{\nwidth:59.2%;\nmargin-left:0;\n}\n#top .flex_column_table.av-equal-height-column-flextable.av-lrjue-0bb08f3e84abf01f43d74eb44301e05b .av-flex-placeholder{\nwidth:2%;\n}\n<\/style>\n<div  class='flex_column av-lrjue-0bb08f3e84abf01f43d74eb44301e05b av_three_fifth first flex_column_table_cell av-equal-height-column av-align-middle'     ><section  class='av_textblock_section av-ljsixiqh-5cc4a954a99f7f9be38dac35f723b961'   itemscope=\"itemscope\" itemtype=\"https:\/\/schema.org\/CreativeWork\" ><div class='avia_textblock'  itemprop=\"text\" ><h4>07.07.2023<\/h4>\n<h4>DenkmalWerkstatt \u00fcber Sommer ge\u00f6ffnet, Cinema Casino macht Pause bis 22.8.<\/h4>\n<p>Liebe Kino-Fans, der n\u00e4chster <a href=\"https:\/\/freiheitsdenkmal-leipzig.de\/wp-content\/uploads\/2023\/06\/Casino_Kino_Flyer_02-druck.pdf\"><strong>Cinema Casino<\/strong><\/a>-Abend findet erst wieder am 22. August statt, da wir in den Hochsommer-Monaten Juli und August jeweils nur einen Kinoabend anbieten.<br \/>\nIm unserem Zeitgeschichtskino zeigen wir am 22. August dann ab 18 Uhr zum Thema &#8222;Todesstrafe in der DDR&#8220; den Spielfilm NAHSCHUSS und nach dem Filmgespr\u00e4ch die Dokumentation MIELKES RACHE &#8211; Die Hinrichtung des Stasi-Offiziers Werner Teske. Zu Gast ist die NAHSCHUSS-Regisseurin Franziska St\u00fcnkel.<\/p>\n<p>Die DenkmalWerkstatt und die Ausstellung: Andreas Reimann SCHWARZ AUF WEISS \u2013 EIN REGENBOGEN sind auch im Juli und August durchgehend dienstags und donnerstags von 14 bis 17 Uhr ge\u00f6ffnet.<\/p>\n<p><em>Wir w\u00fcnschen euch einen sch\u00f6nen Sommer!<\/em><\/p>\n<\/div><\/section><\/div><\/div><!--close column table wrapper. Autoclose: 1 --><\/p>\n<div class='flex_column_table av-hg12u-577df8749e9d7a45b76b9446e23b3e53 sc-av_two_fifth av-equal-height-column-flextable'><div class='av-flex-placeholder'><\/div>\n<style type=\"text\/css\" data-created_by=\"avia_inline_auto\" id=\"style-css-av-hg12u-577df8749e9d7a45b76b9446e23b3e53\">\n.flex_column.av-hg12u-577df8749e9d7a45b76b9446e23b3e53{\nwidth:38.8%;\nmargin-left:0;\n}\n#top .flex_column_table.av-equal-height-column-flextable.av-hg12u-577df8749e9d7a45b76b9446e23b3e53 .av-flex-placeholder{\nwidth:2%;\n}\n<\/style>\n<div  class='flex_column av-hg12u-577df8749e9d7a45b76b9446e23b3e53 av_two_fifth flex_column_table_cell av-equal-height-column av-align-middle'     ><style type=\"text\/css\" data-created_by=\"avia_inline_auto\" id=\"style-css-av-ljsizem9-e7a0314ba44e896349785474dad987d4\">\n.avia-image-container.av-ljsizem9-e7a0314ba44e896349785474dad987d4 img.avia_image{\nbox-shadow:none;\n}\n.avia-image-container.av-ljsizem9-e7a0314ba44e896349785474dad987d4 .av-image-caption-overlay-center{\ncolor:#ffffff;\n}\n<\/style>\n<div  class='avia-image-container av-ljsizem9-e7a0314ba44e896349785474dad987d4 av-styling- avia-align-center  avia-builder-el-5  avia-builder-el-no-sibling'   itemprop=\"image\" itemscope=\"itemscope\" itemtype=\"https:\/\/schema.org\/ImageObject\" ><div class=\"avia-image-container-inner\"><div class=\"avia-image-overlay-wrap\"><img decoding=\"async\" fetchpriority=\"high\" class='wp-image-4004 avia-img-lazy-loading-not-4004 avia_image' src=\"https:\/\/freiheitsdenkmal-leipzig.de\/wp-content\/uploads\/2023\/07\/Kopie-von-Kopie-von-Coffee-Coffee-Shop-Minimal-Instagram-Post1-300x300.png\" alt='' title='Kopie von Kopie von Coffee Coffee Shop Minimal Instagram Post(1)'  height=\"300\" width=\"300\"  itemprop=\"thumbnailUrl\" srcset=\"https:\/\/freiheitsdenkmal-leipzig.de\/wp-content\/uploads\/2023\/07\/Kopie-von-Kopie-von-Coffee-Coffee-Shop-Minimal-Instagram-Post1-300x300.png 300w, https:\/\/freiheitsdenkmal-leipzig.de\/wp-content\/uploads\/2023\/07\/Kopie-von-Kopie-von-Coffee-Coffee-Shop-Minimal-Instagram-Post1-1030x1030.png 1030w, https:\/\/freiheitsdenkmal-leipzig.de\/wp-content\/uploads\/2023\/07\/Kopie-von-Kopie-von-Coffee-Coffee-Shop-Minimal-Instagram-Post1-80x80.png 80w, https:\/\/freiheitsdenkmal-leipzig.de\/wp-content\/uploads\/2023\/07\/Kopie-von-Kopie-von-Coffee-Coffee-Shop-Minimal-Instagram-Post1-768x768.png 768w, https:\/\/freiheitsdenkmal-leipzig.de\/wp-content\/uploads\/2023\/07\/Kopie-von-Kopie-von-Coffee-Coffee-Shop-Minimal-Instagram-Post1-12x12.png 12w, https:\/\/freiheitsdenkmal-leipzig.de\/wp-content\/uploads\/2023\/07\/Kopie-von-Kopie-von-Coffee-Coffee-Shop-Minimal-Instagram-Post1-36x36.png 36w, https:\/\/freiheitsdenkmal-leipzig.de\/wp-content\/uploads\/2023\/07\/Kopie-von-Kopie-von-Coffee-Coffee-Shop-Minimal-Instagram-Post1-180x180.png 180w, https:\/\/freiheitsdenkmal-leipzig.de\/wp-content\/uploads\/2023\/07\/Kopie-von-Kopie-von-Coffee-Coffee-Shop-Minimal-Instagram-Post1-705x705.png 705w, https:\/\/freiheitsdenkmal-leipzig.de\/wp-content\/uploads\/2023\/07\/Kopie-von-Kopie-von-Coffee-Coffee-Shop-Minimal-Instagram-Post1.png 1080w\" sizes=\"(max-width: 300px) 100vw, 300px\" \/><\/div><\/div><\/div><\/div><\/div><!--close column table wrapper. Autoclose: 1 -->\n<div class='flex_column_table av-av_three_fifth-c54d687d8565f92f3bb2ff27dd575398 sc-av_three_fifth av-equal-height-column-flextable'>\n<style type=\"text\/css\" data-created_by=\"avia_inline_auto\" id=\"style-css-av-av_three_fifth-c54d687d8565f92f3bb2ff27dd575398\">\n.flex_column.av-av_three_fifth-c54d687d8565f92f3bb2ff27dd575398{\nwidth:59.2%;\nmargin-left:0;\nborder-radius:0px 0px 0px 0px;\npadding:0px 0px 0px 0px;\n}\n#top .flex_column_table.av-equal-height-column-flextable.av-av_three_fifth-c54d687d8565f92f3bb2ff27dd575398 .av-flex-placeholder{\nwidth:2%;\n}\n<\/style>\n<div  class='flex_column av-av_three_fifth-c54d687d8565f92f3bb2ff27dd575398 av_three_fifth  avia-builder-el-6  el_after_av_two_fifth  el_before_av_two_fifth  first flex_column_table_cell av-equal-height-column av-align-middle av-zero-column-padding'     ><section  class='av_textblock_section av-av_textblock-2af844281454f6b633b3eae0dd4dd55e'   itemscope=\"itemscope\" itemtype=\"https:\/\/schema.org\/CreativeWork\" ><div class='avia_textblock'  itemprop=\"text\" ><h4>30.07.2023<\/h4>\n<h4>Kinoabend am 4. Juli mit \u201eIn einem Land, das es nicht mehr gibt\u201c und \u201eEin Traum in Erdbeerfolie\u201c<\/h4>\n<p class=\"_aacl _aaco _aacu _aacx _aad7 _aade\" dir=\"auto\">Am 4. Juli ist wieder Cinema Casino-Abend! Special Guest: Frank Sch\u00e4fer!<br \/>\nDas Thema: Modeszene der DDR &#8211; Gegenwelt und Freiraum<br \/>\nWir starten um 18 Uhr mit dem Spielfilm \u201e<a href=\"https:\/\/freiheitsdenkmal-leipzig.de\/wp-content\/uploads\/2023\/06\/in-einem-land-das-es-nicht-mehr-gibt-fuer-PDF.pdf\" target=\"_blank\" rel=\"noopener\">In einem Land, das es nicht mehr gibt<\/a>\u201c.<br \/>\nUnser angek\u00fcndigter Gespr\u00e4chsgast Grit Seymour musste leider wegen Erkrankung absagen, aber wir freuen uns stattdessen um 19:45 sehr auf ein Gespr\u00e4ch mit Frank Sch\u00e4fer, Stilikone, Schauspieler und Friseur \u2013 und DIE Person mit Bezug zu beiden Filmen. Schlie\u00dflich ist er das Vorbild f\u00fcr die Figur des Rudi in \u201eIn einem Land, das es nicht mehr gibt\u201c und Protagonist in \u201e<a href=\"https:\/\/freiheitsdenkmal-leipzig.de\/wp-content\/uploads\/2023\/06\/traum-in-erdbeerfolie.pdf\" target=\"_blank\" rel=\"noopener\">Ein Traum in Erdbeerfolie<\/a>\u201c, der sich um 20:30 anschlie\u00dft.<\/p>\n<\/div><\/section><\/div>\n<div class='av-flex-placeholder'><\/div>\n<style type=\"text\/css\" data-created_by=\"avia_inline_auto\" id=\"style-css-av-2a1zi-41924ddb6085c1eeab275ef55429cca5\">\n.flex_column.av-2a1zi-41924ddb6085c1eeab275ef55429cca5{\nwidth:38.8%;\nmargin-left:0;\n}\n#top .flex_column_table.av-equal-height-column-flextable.av-2a1zi-41924ddb6085c1eeab275ef55429cca5 .av-flex-placeholder{\nwidth:2%;\n}\n<\/style>\n<div  class='flex_column av-2a1zi-41924ddb6085c1eeab275ef55429cca5 av_two_fifth  avia-builder-el-8  el_after_av_three_fifth  el_before_av_hr  flex_column_table_cell av-equal-height-column av-align-middle'     ><style type=\"text\/css\" data-created_by=\"avia_inline_auto\" id=\"style-css-av-lj87uklx-89c3a1b1abaec08a431edda2f33dcaf7\">\n.avia-image-container.av-lj87uklx-89c3a1b1abaec08a431edda2f33dcaf7 img.avia_image{\nbox-shadow:none;\n}\n.avia-image-container.av-lj87uklx-89c3a1b1abaec08a431edda2f33dcaf7 .av-image-caption-overlay-center{\ncolor:#ffffff;\n}\n<\/style>\n<div  class='avia-image-container av-lj87uklx-89c3a1b1abaec08a431edda2f33dcaf7 av-styling- avia-align-center  avia-builder-el-9  avia-builder-el-no-sibling'   itemprop=\"image\" itemscope=\"itemscope\" itemtype=\"https:\/\/schema.org\/ImageObject\" ><div class=\"avia-image-container-inner\"><div class=\"avia-image-overlay-wrap\"><img decoding=\"async\" fetchpriority=\"high\" class='wp-image-3986 avia-img-lazy-loading-not-3986 avia_image' src=\"https:\/\/freiheitsdenkmal-leipzig.de\/wp-content\/uploads\/2023\/07\/in-einem-land-300x300.jpg\" alt='' title='in-einem-land'  height=\"300\" width=\"300\"  itemprop=\"thumbnailUrl\" srcset=\"https:\/\/freiheitsdenkmal-leipzig.de\/wp-content\/uploads\/2023\/07\/in-einem-land-300x300.jpg 300w, https:\/\/freiheitsdenkmal-leipzig.de\/wp-content\/uploads\/2023\/07\/in-einem-land-1030x1030.jpg 1030w, https:\/\/freiheitsdenkmal-leipzig.de\/wp-content\/uploads\/2023\/07\/in-einem-land-80x80.jpg 80w, https:\/\/freiheitsdenkmal-leipzig.de\/wp-content\/uploads\/2023\/07\/in-einem-land-768x768.jpg 768w, https:\/\/freiheitsdenkmal-leipzig.de\/wp-content\/uploads\/2023\/07\/in-einem-land-1536x1536.jpg 1536w, https:\/\/freiheitsdenkmal-leipzig.de\/wp-content\/uploads\/2023\/07\/in-einem-land-12x12.jpg 12w, https:\/\/freiheitsdenkmal-leipzig.de\/wp-content\/uploads\/2023\/07\/in-einem-land-36x36.jpg 36w, https:\/\/freiheitsdenkmal-leipzig.de\/wp-content\/uploads\/2023\/07\/in-einem-land-180x180.jpg 180w, https:\/\/freiheitsdenkmal-leipzig.de\/wp-content\/uploads\/2023\/07\/in-einem-land-1500x1500.jpg 1500w, https:\/\/freiheitsdenkmal-leipzig.de\/wp-content\/uploads\/2023\/07\/in-einem-land-705x705.jpg 705w, https:\/\/freiheitsdenkmal-leipzig.de\/wp-content\/uploads\/2023\/07\/in-einem-land.jpg 1920w\" sizes=\"(max-width: 300px) 100vw, 300px\" \/><\/div><\/div><\/div><\/div><\/div><!--close column table wrapper. Autoclose: 1 -->\n<div  class='hr av-lgxofrlb-6cb3723775b72db26a2f921972784b22 hr-default  avia-builder-el-10  el_after_av_two_fifth  el_before_av_two_third'><span class='hr-inner'><span class=\"hr-inner-style\"><\/span><\/span><\/div>\n<div class='flex_column_table av-yp3vi-276c38eb1bebd8d9396753accf29f3c4 sc-av_two_third av-equal-height-column-flextable'>\n<style type=\"text\/css\" data-created_by=\"avia_inline_auto\" id=\"style-css-av-yp3vi-276c38eb1bebd8d9396753accf29f3c4\">\n.flex_column.av-yp3vi-276c38eb1bebd8d9396753accf29f3c4{\nwidth:66%;\nmargin-left:0;\nborder-radius:0px 0px 0px 0px;\npadding:0px 0px 0px 0px;\n}\n#top .flex_column_table.av-equal-height-column-flextable.av-yp3vi-276c38eb1bebd8d9396753accf29f3c4 .av-flex-placeholder{\nwidth:2%;\n}\n<\/style>\n<div  class='flex_column av-yp3vi-276c38eb1bebd8d9396753accf29f3c4 av_two_third  avia-builder-el-11  el_after_av_hr  el_before_av_one_third  first flex_column_table_cell av-equal-height-column av-align-middle av-zero-column-padding'     ><section  class='av_textblock_section av-lj881uil-1bac9e5fa5925850624d586e8f0f4e7a'   itemscope=\"itemscope\" itemtype=\"https:\/\/schema.org\/CreativeWork\" ><div class='avia_textblock'  itemprop=\"text\" ><h4>21.06.2023<\/h4>\n<h4>Ausstellung Andreas Reimann \u2013 SCHWARZ AUF WEISS: EIN REGENBOGEN immer dienstags und donnerstags von 14 -17 Uhr ge\u00f6ffnet<\/h4>\n<p>Wir zeigen die erste von drei Ausstellungssequenzen:<br \/>\n\u201eIch bin kein Opfer, sondern ein Dichter\u201c<br \/>\nnoch bis zum 31. August dienstags und donnerstags von 14 -17 Uhr sowie nach Vereinbarung per Mail: <a href=\"mailto:denkmal@stiftung-fr.de\">denkmal@stiftung-fr.de <\/a>oder telefonisch unter: 0341 22566004.<\/p>\n<\/div><\/section><\/div>\n<div class='av-flex-placeholder'><\/div>\n<style type=\"text\/css\" data-created_by=\"avia_inline_auto\" id=\"style-css-av-al79y-6cf7f3071e934c6216c3e60e886ea982\">\n.flex_column.av-al79y-6cf7f3071e934c6216c3e60e886ea982{\nwidth:32%;\nmargin-left:0;\n}\n#top .flex_column_table.av-equal-height-column-flextable.av-al79y-6cf7f3071e934c6216c3e60e886ea982 .av-flex-placeholder{\nwidth:2%;\n}\n<\/style>\n<div  class='flex_column av-al79y-6cf7f3071e934c6216c3e60e886ea982 av_one_third  avia-builder-el-13  el_after_av_two_third  el_before_av_hr  flex_column_table_cell av-equal-height-column av-align-middle'     ><div  class='avia-slideshow av-lj88283d-b7ad5d8cf75b148b844803f20dd02b6a avia-slideshow-large av_slideshow avia-slide-slider  avia-builder-el-14  avia-builder-el-no-sibling  av-slideshow-ui av-control-default av-slideshow-manual av-loop-once av-loop-manual-endless av-default-height-applied avia-slideshow-1' data-slideshow-options=\"{&quot;animation&quot;:&quot;slide&quot;,&quot;autoplay&quot;:false,&quot;loop_autoplay&quot;:&quot;once&quot;,&quot;interval&quot;:5,&quot;loop_manual&quot;:&quot;manual-endless&quot;,&quot;autoplay_stopper&quot;:false,&quot;noNavigation&quot;:false,&quot;bg_slider&quot;:false,&quot;keep_padding&quot;:false,&quot;hoverpause&quot;:false,&quot;show_slide_delay&quot;:0}\"  itemprop=\"image\" itemscope=\"itemscope\" itemtype=\"https:\/\/schema.org\/ImageObject\" ><ul class='avia-slideshow-inner' style='padding-bottom: 100%;'><li  class='avia-slideshow-slide av-lj88283d-b7ad5d8cf75b148b844803f20dd02b6a__0  slide-1 slide-odd'><div data-rel='slideshow-1' class='avia-slide-wrap'   ><img decoding=\"async\" fetchpriority=\"high\" class=\"wp-image-3970 avia-img-lazy-loading-not-3970\"  src=\"https:\/\/freiheitsdenkmal-leipzig.de\/wp-content\/uploads\/2023\/06\/reimann-ausstellung2-1030x1030.jpg\" width=\"1030\" height=\"1030\" title='reimann-ausstellung2' alt=''  itemprop=\"thumbnailUrl\" srcset=\"https:\/\/freiheitsdenkmal-leipzig.de\/wp-content\/uploads\/2023\/06\/reimann-ausstellung2-1030x1030.jpg 1030w, https:\/\/freiheitsdenkmal-leipzig.de\/wp-content\/uploads\/2023\/06\/reimann-ausstellung2-300x300.jpg 300w, https:\/\/freiheitsdenkmal-leipzig.de\/wp-content\/uploads\/2023\/06\/reimann-ausstellung2-80x80.jpg 80w, https:\/\/freiheitsdenkmal-leipzig.de\/wp-content\/uploads\/2023\/06\/reimann-ausstellung2-768x768.jpg 768w, https:\/\/freiheitsdenkmal-leipzig.de\/wp-content\/uploads\/2023\/06\/reimann-ausstellung2-1536x1536.jpg 1536w, https:\/\/freiheitsdenkmal-leipzig.de\/wp-content\/uploads\/2023\/06\/reimann-ausstellung2-2048x2048.jpg 2048w, https:\/\/freiheitsdenkmal-leipzig.de\/wp-content\/uploads\/2023\/06\/reimann-ausstellung2-12x12.jpg 12w, https:\/\/freiheitsdenkmal-leipzig.de\/wp-content\/uploads\/2023\/06\/reimann-ausstellung2-36x36.jpg 36w, https:\/\/freiheitsdenkmal-leipzig.de\/wp-content\/uploads\/2023\/06\/reimann-ausstellung2-180x180.jpg 180w, https:\/\/freiheitsdenkmal-leipzig.de\/wp-content\/uploads\/2023\/06\/reimann-ausstellung2-1500x1500.jpg 1500w, https:\/\/freiheitsdenkmal-leipzig.de\/wp-content\/uploads\/2023\/06\/reimann-ausstellung2-705x705.jpg 705w\" sizes=\"(max-width: 1030px) 100vw, 1030px\" \/><\/div><\/li><li  class='avia-slideshow-slide av-lj88283d-b7ad5d8cf75b148b844803f20dd02b6a__1  slide-2 slide-even'><div data-rel='slideshow-1' class='avia-slide-wrap'   ><img decoding=\"async\" fetchpriority=\"high\" class=\"wp-image-3971 avia-img-lazy-loading-not-3971\"  src=\"https:\/\/freiheitsdenkmal-leipzig.de\/wp-content\/uploads\/2023\/06\/reimann-ausstellung1-1030x1027.jpg\" width=\"1030\" height=\"1027\" title='reimann-ausstellung1' alt=''  itemprop=\"thumbnailUrl\" srcset=\"https:\/\/freiheitsdenkmal-leipzig.de\/wp-content\/uploads\/2023\/06\/reimann-ausstellung1-1030x1027.jpg 1030w, https:\/\/freiheitsdenkmal-leipzig.de\/wp-content\/uploads\/2023\/06\/reimann-ausstellung1-300x300.jpg 300w, https:\/\/freiheitsdenkmal-leipzig.de\/wp-content\/uploads\/2023\/06\/reimann-ausstellung1-80x80.jpg 80w, https:\/\/freiheitsdenkmal-leipzig.de\/wp-content\/uploads\/2023\/06\/reimann-ausstellung1-768x765.jpg 768w, https:\/\/freiheitsdenkmal-leipzig.de\/wp-content\/uploads\/2023\/06\/reimann-ausstellung1-1536x1531.jpg 1536w, https:\/\/freiheitsdenkmal-leipzig.de\/wp-content\/uploads\/2023\/06\/reimann-ausstellung1-2048x2041.jpg 2048w, https:\/\/freiheitsdenkmal-leipzig.de\/wp-content\/uploads\/2023\/06\/reimann-ausstellung1-12x12.jpg 12w, https:\/\/freiheitsdenkmal-leipzig.de\/wp-content\/uploads\/2023\/06\/reimann-ausstellung1-36x36.jpg 36w, https:\/\/freiheitsdenkmal-leipzig.de\/wp-content\/uploads\/2023\/06\/reimann-ausstellung1-180x180.jpg 180w, https:\/\/freiheitsdenkmal-leipzig.de\/wp-content\/uploads\/2023\/06\/reimann-ausstellung1-1500x1495.jpg 1500w, https:\/\/freiheitsdenkmal-leipzig.de\/wp-content\/uploads\/2023\/06\/reimann-ausstellung1-705x703.jpg 705w\" sizes=\"(max-width: 1030px) 100vw, 1030px\" \/><\/div><\/li><\/ul><div class='avia-slideshow-arrows avia-slideshow-controls' ><a href='#prev' class='prev-slide' aria-hidden='true' data-av_icon='\ue87c' data-av_iconfont='entypo-fontello'  tabindex='-1'>Previous<\/a><a href='#next' class='next-slide' aria-hidden='true' data-av_icon='\ue87d' data-av_iconfont='entypo-fontello'  tabindex='-1'>Next<\/a><\/div><div class='avia-slideshow-dots avia-slideshow-controls'><a href='#1' class='goto-slide active' >1<\/a><a href='#2' class='goto-slide' >2<\/a><\/div><\/div><\/div><\/div><!--close column table wrapper. Autoclose: 1 -->\n<div  class='hr av-6o9z2-136b22a8023151f0a6bc411a77f33de8 hr-default  avia-builder-el-15  el_after_av_one_third  el_before_av_two_third'><span class='hr-inner'><span class=\"hr-inner-style\"><\/span><\/span><\/div>\n<div class='flex_column_table av-rctzi-40dad2229e1879f2dccdf80016976755 sc-av_two_third av-equal-height-column-flextable'>\n<style type=\"text\/css\" data-created_by=\"avia_inline_auto\" id=\"style-css-av-rctzi-40dad2229e1879f2dccdf80016976755\">\n.flex_column.av-rctzi-40dad2229e1879f2dccdf80016976755{\nwidth:66%;\nmargin-left:0;\nborder-radius:0px 0px 0px 0px;\npadding:0px 0px 0px 0px;\n}\n#top .flex_column_table.av-equal-height-column-flextable.av-rctzi-40dad2229e1879f2dccdf80016976755 .av-flex-placeholder{\nwidth:2%;\n}\n<\/style>\n<div  class='flex_column av-rctzi-40dad2229e1879f2dccdf80016976755 av_two_third  avia-builder-el-16  el_after_av_hr  el_before_av_one_third  first flex_column_table_cell av-equal-height-column av-align-middle av-zero-column-padding'     ><section  class='av_textblock_section av-k6gae-8fc508b8dda3882c7d949a7b4612a9c3'   itemscope=\"itemscope\" itemtype=\"https:\/\/schema.org\/CreativeWork\" ><div class='avia_textblock'  itemprop=\"text\" ><h4>16.06.2023<\/h4>\n<h4>Als kleine Erinnerung: Am 20. Juni ist Kinoabend mit den Filmen REBELLINNEN und LANGE WEILE<\/h4>\n<p class=\"_aacl _aaco _aacu _aacx _aad7 _aade\" dir=\"auto\">F\u00fcr den Fall, dass Sie die letzte Cinema Casino-Vorstellung oder einen der beiden Filme \u00fcber junge Fotografinnen und Fotok\u00fcnstlerinnen in der DDR verpasst haben: Am 20. Juni zeigen wir ab 18 Uhr in unserem Zeitgeschichtskino noch einmal REBELLINNEN und LANGE WEILE.<\/p>\n<p class=\"_aacl _aaco _aacu _aacx _aad7 _aade\" dir=\"auto\">\u2022 18:00 <strong><a href=\"https:\/\/freiheitsdenkmal-leipzig.de\/wp-content\/uploads\/2023\/05\/Rebellinnen.pdf\" target=\"_blank\" rel=\"noopener\">REBELLINNEN \u2013 Fotografie. Underground. DDR.<\/a><\/strong> (Regie: Pamela Meyer-Arndt), 2022, 84 Min<br \/>\n\u2022 19:30 Gespr\u00e4ch bei Snacks und Getr\u00e4nken<br \/>\n\u2022 20:00 <strong><a href=\"https:\/\/freiheitsdenkmal-leipzig.de\/wp-content\/uploads\/2023\/05\/Lange-Weile.pdf\" target=\"_blank\" rel=\"noopener\">LANGE WEILE<\/a><\/strong> (Regie: Tina Bara), 2016, 62 Min<\/p>\n<p class=\"_aacl _aaco _aacu _aacx _aad7 _aade\" dir=\"auto\">Eintritt frei. Wir freuen uns auf Sie! Und hier ist unser <strong><a href=\"https:\/\/freiheitsdenkmal-leipzig.de\/wp-content\/uploads\/2023\/06\/Casino_Kino_Flyer_02-druck.pdf\" target=\"_blank\" rel=\"noopener\">neuer Programmflyer von Juli bis Oktober 2023<\/a><\/strong><\/p>\n<\/div><\/section><\/div>\n<div class='av-flex-placeholder'><\/div>\n<style type=\"text\/css\" data-created_by=\"avia_inline_auto\" id=\"style-css-av-f54ie-967a3a18550636aa1499fa90e8333d83\">\n.flex_column.av-f54ie-967a3a18550636aa1499fa90e8333d83{\nwidth:32%;\nmargin-left:0;\n}\n#top .flex_column_table.av-equal-height-column-flextable.av-f54ie-967a3a18550636aa1499fa90e8333d83 .av-flex-placeholder{\nwidth:2%;\n}\n<\/style>\n<div  class='flex_column av-f54ie-967a3a18550636aa1499fa90e8333d83 av_one_third  avia-builder-el-18  el_after_av_two_third  el_before_av_hr  flex_column_table_cell av-equal-height-column av-align-middle'     ><style type=\"text\/css\" data-created_by=\"avia_inline_auto\" id=\"style-css-av-ai45y-066e23b516f68910ad7aa9ad47c7b015\">\n.avia-image-container.av-ai45y-066e23b516f68910ad7aa9ad47c7b015 img.avia_image{\nbox-shadow:none;\n}\n.avia-image-container.av-ai45y-066e23b516f68910ad7aa9ad47c7b015 .av-image-caption-overlay-center{\ncolor:#ffffff;\n}\n<\/style>\n<div  class='avia-image-container av-ai45y-066e23b516f68910ad7aa9ad47c7b015 av-styling- avia-align-center  avia-builder-el-19  avia-builder-el-no-sibling  av-has-copyright av-copyright-always'   itemprop=\"image\" itemscope=\"itemscope\" itemtype=\"https:\/\/schema.org\/ImageObject\" ><div class=\"avia-image-container-inner\"><div class=\"avia-image-overlay-wrap\"><img decoding=\"async\" fetchpriority=\"high\" class='wp-image-3949 avia-img-lazy-loading-not-3949 avia_image' src=\"https:\/\/freiheitsdenkmal-leipzig.de\/wp-content\/uploads\/2023\/06\/Rebellinnen_Presse_04_\u252c\u00aeGabriele_Sto\u2560etzer-495x400.jpg\" alt='' title='Rebellinnen_Presse_04_\u252c\u00aeGabriele_Sto\u2560\u00eatzer'  height=\"400\" width=\"495\"  itemprop=\"thumbnailUrl\" srcset=\"https:\/\/freiheitsdenkmal-leipzig.de\/wp-content\/uploads\/2023\/06\/Rebellinnen_Presse_04_\u252c\u00aeGabriele_Sto\u2560etzer-495x400.jpg 495w, https:\/\/freiheitsdenkmal-leipzig.de\/wp-content\/uploads\/2023\/06\/Rebellinnen_Presse_04_\u252c\u00aeGabriele_Sto\u2560etzer-845x684.jpg 845w\" sizes=\"(max-width: 495px) 100vw, 495px\" \/><\/div><small class=\"avia-copyright\">Gabriele St\u00f6tzer: REBELLINNEN<\/small><\/div><\/div><\/div><\/div><!--close column table wrapper. Autoclose: 1 -->\n<div  class='hr av-h4ncu-8bc7724cf171f72e1c184fe1682f116e hr-default  avia-builder-el-20  el_after_av_one_third  el_before_av_two_third'><span class='hr-inner'><span class=\"hr-inner-style\"><\/span><\/span><\/div>\n<div class='flex_column_table av-ghpqm-a6443ff9e4adb98a022c65434b38e498 sc-av_two_third av-equal-height-column-flextable'>\n<style type=\"text\/css\" data-created_by=\"avia_inline_auto\" id=\"style-css-av-ghpqm-a6443ff9e4adb98a022c65434b38e498\">\n.flex_column.av-ghpqm-a6443ff9e4adb98a022c65434b38e498{\nwidth:66%;\nmargin-left:0;\nborder-radius:0px 0px 0px 0px;\npadding:0px 0px 0px 0px;\n}\n#top .flex_column_table.av-equal-height-column-flextable.av-ghpqm-a6443ff9e4adb98a022c65434b38e498 .av-flex-placeholder{\nwidth:2%;\n}\n<\/style>\n<div  class='flex_column av-ghpqm-a6443ff9e4adb98a022c65434b38e498 av_two_third  avia-builder-el-21  el_after_av_hr  el_before_av_one_third  first flex_column_table_cell av-equal-height-column av-align-middle av-zero-column-padding'     ><section  class='av_textblock_section av-91rwm-37df677fdd488c477fd7448d41ed035f'   itemscope=\"itemscope\" itemtype=\"https:\/\/schema.org\/CreativeWork\" ><div class='avia_textblock'  itemprop=\"text\" ><h4>09.06.2023<\/h4>\n<h4>Ausstellung SCHWARZ AUF WEISS \u2013 EIN REGENBOGEN mit Vernissage er\u00f6ffnet<\/h4>\n<p class=\"_aacl _aaco _aacu _aacx _aad7 _aade\" dir=\"auto\">Zur Vernissage der Ausstellung &#8222;Andreas Reimann \u2013 SCHWARZ AUF WEISS: EIN REGENBOGEN&#8220; unterhielt sich Andreas Reimann gestern Abend mit Axel Helbig, Redakteur und Mitherausgeber der Zeitschrift OSTRAGEHEGE und las aus seinem lyrischen Werk &#8211; von den &#8222;Kindergedichten&#8220; bis heute.<br \/>\nDas unterhaltsame Gespr\u00e4ch wurde eingeleitet von Gesine Oltmanns (Vorstand Stiftung Friedliche Revolution) und Hartmut R\u00fcffert (Vorsitzender der Reimann-Gesellschaft) und musikalisch abgerundet von Hiltrud Ilg (Geige).<\/p>\n<p>Wer&#8217;s verpasst hat: Die erste Ausstellungssequenz: \u201eIch bin kein Opfer, sondern ein Dichter\u201c ist noch bis zum 31. August dienstags und donnerstags von 14 -17 Uhr ge\u00f6ffnet sowie nach Vereinbarung.<\/p>\n<\/div><\/section><\/div>\n<div class='av-flex-placeholder'><\/div>\n<style type=\"text\/css\" data-created_by=\"avia_inline_auto\" id=\"style-css-av-19jjfi-167aff35ab22ad47f6bd682c99699a74\">\n.flex_column.av-19jjfi-167aff35ab22ad47f6bd682c99699a74{\nwidth:32%;\nmargin-left:0;\n}\n#top .flex_column_table.av-equal-height-column-flextable.av-19jjfi-167aff35ab22ad47f6bd682c99699a74 .av-flex-placeholder{\nwidth:2%;\n}\n<\/style>\n<div  class='flex_column av-19jjfi-167aff35ab22ad47f6bd682c99699a74 av_one_third  avia-builder-el-23  el_after_av_two_third  el_before_av_hr  flex_column_table_cell av-equal-height-column av-align-middle'     ><div  class='avia-slideshow av-liohct6c-69e20c4171fe6d3a510248b98b143774 avia-slideshow-large av_slideshow avia-slide-slider  avia-builder-el-24  avia-builder-el-no-sibling  av-slideshow-ui av-control-default av-slideshow-manual av-loop-once av-loop-manual-endless av-default-height-applied avia-slideshow-2' data-slideshow-options=\"{&quot;animation&quot;:&quot;slide&quot;,&quot;autoplay&quot;:false,&quot;loop_autoplay&quot;:&quot;once&quot;,&quot;interval&quot;:5,&quot;loop_manual&quot;:&quot;manual-endless&quot;,&quot;autoplay_stopper&quot;:false,&quot;noNavigation&quot;:false,&quot;bg_slider&quot;:false,&quot;keep_padding&quot;:false,&quot;hoverpause&quot;:false,&quot;show_slide_delay&quot;:0}\"  itemprop=\"image\" itemscope=\"itemscope\" itemtype=\"https:\/\/schema.org\/ImageObject\" ><ul class='avia-slideshow-inner' style='padding-bottom: 100.48780487805%;'><li  class='avia-slideshow-slide av-liohct6c-69e20c4171fe6d3a510248b98b143774__0  slide-1 slide-odd'><div data-rel='slideshow-2' class='avia-slide-wrap'   ><img decoding=\"async\" fetchpriority=\"high\" class=\"wp-image-3934 avia-img-lazy-loading-not-3934\"  src=\"https:\/\/freiheitsdenkmal-leipzig.de\/wp-content\/uploads\/2023\/06\/reimann1-1025x1030.jpg\" width=\"1025\" height=\"1030\" title='reimann1' alt=''  itemprop=\"thumbnailUrl\" srcset=\"https:\/\/freiheitsdenkmal-leipzig.de\/wp-content\/uploads\/2023\/06\/reimann1-1025x1030.jpg 1025w, https:\/\/freiheitsdenkmal-leipzig.de\/wp-content\/uploads\/2023\/06\/reimann1-298x300.jpg 298w, https:\/\/freiheitsdenkmal-leipzig.de\/wp-content\/uploads\/2023\/06\/reimann1-80x80.jpg 80w, https:\/\/freiheitsdenkmal-leipzig.de\/wp-content\/uploads\/2023\/06\/reimann1-768x772.jpg 768w, https:\/\/freiheitsdenkmal-leipzig.de\/wp-content\/uploads\/2023\/06\/reimann1-1528x1536.jpg 1528w, https:\/\/freiheitsdenkmal-leipzig.de\/wp-content\/uploads\/2023\/06\/reimann1-2037x2048.jpg 2037w, https:\/\/freiheitsdenkmal-leipzig.de\/wp-content\/uploads\/2023\/06\/reimann1-12x12.jpg 12w, https:\/\/freiheitsdenkmal-leipzig.de\/wp-content\/uploads\/2023\/06\/reimann1-36x36.jpg 36w, https:\/\/freiheitsdenkmal-leipzig.de\/wp-content\/uploads\/2023\/06\/reimann1-180x180.jpg 180w, https:\/\/freiheitsdenkmal-leipzig.de\/wp-content\/uploads\/2023\/06\/reimann1-1492x1500.jpg 1492w, https:\/\/freiheitsdenkmal-leipzig.de\/wp-content\/uploads\/2023\/06\/reimann1-701x705.jpg 701w\" sizes=\"(max-width: 1025px) 100vw, 1025px\" \/><\/div><\/li><li  class='avia-slideshow-slide av-liohct6c-69e20c4171fe6d3a510248b98b143774__1  slide-2 slide-even'><div data-rel='slideshow-2' class='avia-slide-wrap'   ><img decoding=\"async\" fetchpriority=\"high\" class=\"wp-image-3936 avia-img-lazy-loading-not-3936\"  src=\"https:\/\/freiheitsdenkmal-leipzig.de\/wp-content\/uploads\/2023\/06\/reimann4-1030x1027.jpg\" width=\"1030\" height=\"1027\" title='reimann4' alt=''  itemprop=\"thumbnailUrl\" srcset=\"https:\/\/freiheitsdenkmal-leipzig.de\/wp-content\/uploads\/2023\/06\/reimann4-1030x1027.jpg 1030w, https:\/\/freiheitsdenkmal-leipzig.de\/wp-content\/uploads\/2023\/06\/reimann4-300x300.jpg 300w, https:\/\/freiheitsdenkmal-leipzig.de\/wp-content\/uploads\/2023\/06\/reimann4-80x80.jpg 80w, https:\/\/freiheitsdenkmal-leipzig.de\/wp-content\/uploads\/2023\/06\/reimann4-768x766.jpg 768w, https:\/\/freiheitsdenkmal-leipzig.de\/wp-content\/uploads\/2023\/06\/reimann4-1536x1532.jpg 1536w, https:\/\/freiheitsdenkmal-leipzig.de\/wp-content\/uploads\/2023\/06\/reimann4-2048x2043.jpg 2048w, https:\/\/freiheitsdenkmal-leipzig.de\/wp-content\/uploads\/2023\/06\/reimann4-12x12.jpg 12w, https:\/\/freiheitsdenkmal-leipzig.de\/wp-content\/uploads\/2023\/06\/reimann4-36x36.jpg 36w, https:\/\/freiheitsdenkmal-leipzig.de\/wp-content\/uploads\/2023\/06\/reimann4-180x180.jpg 180w, https:\/\/freiheitsdenkmal-leipzig.de\/wp-content\/uploads\/2023\/06\/reimann4-1500x1496.jpg 1500w, https:\/\/freiheitsdenkmal-leipzig.de\/wp-content\/uploads\/2023\/06\/reimann4-705x703.jpg 705w\" sizes=\"(max-width: 1030px) 100vw, 1030px\" \/><\/div><\/li><li  class='avia-slideshow-slide av-liohct6c-69e20c4171fe6d3a510248b98b143774__2  slide-3 slide-odd'><div data-rel='slideshow-2' class='avia-slide-wrap'   ><img decoding=\"async\" fetchpriority=\"high\" class=\"wp-image-3935 avia-img-lazy-loading-not-3935\"  src=\"https:\/\/freiheitsdenkmal-leipzig.de\/wp-content\/uploads\/2023\/06\/reimann3-991x1030.jpg\" width=\"991\" height=\"1030\" title='reimann3' alt=''  itemprop=\"thumbnailUrl\" srcset=\"https:\/\/freiheitsdenkmal-leipzig.de\/wp-content\/uploads\/2023\/06\/reimann3-991x1030.jpg 991w, https:\/\/freiheitsdenkmal-leipzig.de\/wp-content\/uploads\/2023\/06\/reimann3-289x300.jpg 289w, https:\/\/freiheitsdenkmal-leipzig.de\/wp-content\/uploads\/2023\/06\/reimann3-768x798.jpg 768w, https:\/\/freiheitsdenkmal-leipzig.de\/wp-content\/uploads\/2023\/06\/reimann3-1478x1536.jpg 1478w, https:\/\/freiheitsdenkmal-leipzig.de\/wp-content\/uploads\/2023\/06\/reimann3-1970x2048.jpg 1970w, https:\/\/freiheitsdenkmal-leipzig.de\/wp-content\/uploads\/2023\/06\/reimann3-12x12.jpg 12w, https:\/\/freiheitsdenkmal-leipzig.de\/wp-content\/uploads\/2023\/06\/reimann3-36x36.jpg 36w, https:\/\/freiheitsdenkmal-leipzig.de\/wp-content\/uploads\/2023\/06\/reimann3-1443x1500.jpg 1443w, https:\/\/freiheitsdenkmal-leipzig.de\/wp-content\/uploads\/2023\/06\/reimann3-678x705.jpg 678w\" sizes=\"(max-width: 991px) 100vw, 991px\" \/><\/div><\/li><\/ul><div class='avia-slideshow-arrows avia-slideshow-controls' ><a href='#prev' class='prev-slide' aria-hidden='true' data-av_icon='\ue87c' data-av_iconfont='entypo-fontello'  tabindex='-1'>Previous<\/a><a href='#next' class='next-slide' aria-hidden='true' data-av_icon='\ue87d' data-av_iconfont='entypo-fontello'  tabindex='-1'>Next<\/a><\/div><div class='avia-slideshow-dots avia-slideshow-controls'><a href='#1' class='goto-slide active' >1<\/a><a href='#2' class='goto-slide' >2<\/a><a href='#3' class='goto-slide' >3<\/a><\/div><\/div><\/div><\/div><!--close column table wrapper. Autoclose: 1 -->\n<div  class='hr av-b9t2u-4542df2c9730667b4c92fe1faf947315 hr-default  avia-builder-el-25  el_after_av_one_third  el_before_av_two_third'><span class='hr-inner'><span class=\"hr-inner-style\"><\/span><\/span><\/div>\n<div class='flex_column_table av-pm2q6-a7b41d87b765766705f4f36d0da6c948 sc-av_two_third av-equal-height-column-flextable'>\n<style type=\"text\/css\" data-created_by=\"avia_inline_auto\" id=\"style-css-av-pm2q6-a7b41d87b765766705f4f36d0da6c948\">\n.flex_column.av-pm2q6-a7b41d87b765766705f4f36d0da6c948{\nwidth:66%;\nmargin-left:0;\nborder-radius:0px 0px 0px 0px;\npadding:0px 0px 0px 0px;\n}\n#top .flex_column_table.av-equal-height-column-flextable.av-pm2q6-a7b41d87b765766705f4f36d0da6c948 .av-flex-placeholder{\nwidth:2%;\n}\n<\/style>\n<div  class='flex_column av-pm2q6-a7b41d87b765766705f4f36d0da6c948 av_two_third  avia-builder-el-26  el_after_av_hr  el_before_av_one_third  first flex_column_table_cell av-equal-height-column av-align-middle av-zero-column-padding'     ><section  class='av_textblock_section av-lfs6zxku-f740b500a99aee4f9bf3082db4304008'   itemscope=\"itemscope\" itemtype=\"https:\/\/schema.org\/CreativeWork\" ><div class='avia_textblock'  itemprop=\"text\" ><h4>06.06.2023<\/h4>\n<h4>Heute ins Cinema Casino? Unbedingt!<\/h4>\n<h5>Mit den Filmen LANGE WEILE und REBELLINNEN und Gespr\u00e4ch mit Fotografin und Regiesseurin Tina BARA<\/h5>\n<ul>\n<li><em>18:00<\/em> <a href=\"..\/wp-content\/uploads\/2023\/05\/Lange-Weile.pdf\" target=\"_blank\" rel=\"noopener\"><strong>LANGE WEILE<\/strong><\/a>, Regie: Tina Bara, 2016, 62 Min<\/li>\n<li><em>19:00<\/em> Gespr\u00e4ch mit der <strong>Fotografin und<\/strong> <strong>Regisseurin Tina Bara<\/strong> bei Snacks und Getr\u00e4nken<\/li>\n<li><em>19:45<\/em> <a href=\"..\/wp-content\/uploads\/2023\/05\/Rebellinnen.pdf\" target=\"_blank\" rel=\"noopener\"><strong>REBELLINNEN<\/strong> \u2013 Fotografie. Underground. DDR.<\/a>, Regie: Pamela Meyer-Arndt, 2022, 84 Min<\/li>\n<\/ul>\n<p><em>Free admission; <a href=\"..\/wp-content\/uploads\/2023\/03\/Casino_Kino_Flyer_druck.pdf\" target=\"_blank\" rel=\"noopener\"><strong>all Cinema Casino dates here<\/strong><\/a><\/em><\/p>\n<\/div><\/section><\/div>\n<div class='av-flex-placeholder'><\/div>\n<style type=\"text\/css\" data-created_by=\"avia_inline_auto\" id=\"style-css-av-qbfja-226550abd020d8a2b9f556c6357723ea\">\n.flex_column.av-qbfja-226550abd020d8a2b9f556c6357723ea{\nwidth:32%;\nmargin-left:0;\n}\n#top .flex_column_table.av-equal-height-column-flextable.av-qbfja-226550abd020d8a2b9f556c6357723ea .av-flex-placeholder{\nwidth:2%;\n}\n<\/style>\n<div  class='flex_column av-qbfja-226550abd020d8a2b9f556c6357723ea av_one_third  avia-builder-el-28  el_after_av_two_third  el_before_av_hr  flex_column_table_cell av-equal-height-column av-align-middle'     ><style type=\"text\/css\" data-created_by=\"avia_inline_auto\" id=\"style-css-av-liacfbzm-79a5cb94fec35d82f70c3c518c7ad4ea\">\n.avia-image-container.av-liacfbzm-79a5cb94fec35d82f70c3c518c7ad4ea img.avia_image{\nbox-shadow:none;\n}\n.avia-image-container.av-liacfbzm-79a5cb94fec35d82f70c3c518c7ad4ea .av-image-caption-overlay-center{\ncolor:#ffffff;\n}\n<\/style>\n<div  class='avia-image-container av-liacfbzm-79a5cb94fec35d82f70c3c518c7ad4ea av-styling- avia-align-center  avia-builder-el-29  avia-builder-el-no-sibling'   itemprop=\"image\" itemscope=\"itemscope\" itemtype=\"https:\/\/schema.org\/ImageObject\" ><div class=\"avia-image-container-inner\"><div class=\"avia-image-overlay-wrap\"><img decoding=\"async\" fetchpriority=\"high\" class='wp-image-3906 avia-img-lazy-loading-not-3906 avia_image' src=\"https:\/\/freiheitsdenkmal-leipzig.de\/wp-content\/uploads\/2023\/06\/Filmstill_LangeWeile-495x400.jpg\" alt='' title='Filmstill_LangeWeile'  height=\"400\" width=\"495\"  itemprop=\"thumbnailUrl\"  \/><\/div><\/div><\/div><\/div><\/div><!--close column table wrapper. Autoclose: 1 -->\n<div  class='hr av-mt2xa-c30caee4c3c33414546f4671244f9728 hr-default  avia-builder-el-30  el_after_av_one_third  el_before_av_two_third'><span class='hr-inner'><span class=\"hr-inner-style\"><\/span><\/span><\/div>\n<div class='flex_column_table av-fxi46-383e522fc9e20fb9eedc585abd02ae6f sc-av_two_third av-equal-height-column-flextable'>\n<style type=\"text\/css\" data-created_by=\"avia_inline_auto\" id=\"style-css-av-fxi46-383e522fc9e20fb9eedc585abd02ae6f\">\n.flex_column.av-fxi46-383e522fc9e20fb9eedc585abd02ae6f{\nwidth:66%;\nmargin-left:0;\nborder-radius:0px 0px 0px 0px;\npadding:0px 0px 0px 0px;\n}\n#top .flex_column_table.av-equal-height-column-flextable.av-fxi46-383e522fc9e20fb9eedc585abd02ae6f .av-flex-placeholder{\nwidth:2%;\n}\n<\/style>\n<div  class='flex_column av-fxi46-383e522fc9e20fb9eedc585abd02ae6f av_two_third  avia-builder-el-31  el_after_av_hr  el_before_av_one_third  first flex_column_table_cell av-equal-height-column av-align-middle av-zero-column-padding'     ><section  class='av_textblock_section av-8wcou-f21a25e196b7fe329da9944421e3a747'   itemscope=\"itemscope\" itemtype=\"https:\/\/schema.org\/CreativeWork\" ><div class='avia_textblock'  itemprop=\"text\" ><h4>05.06.2023<\/h4>\n<h4>Ausstellung: Andreas Reimann SCHWARZ AUF WEISS \u2013 EIN REGENBOGEN<\/h4>\n<h4>Dokumente, Zeichnungen, Gedichte seit 1968<\/h4>\n<h5>Erste Ausstellungssequenz 8. Juni bis 31. August: \u201eIch bin kein Opfer, sondern ein Dichter\u201c*<\/h5>\n<p>Wir laden herzlich ein zur Vernissage am 8. Juni 2023 um 18 Uhr in die Denkmalwerkstatt, Kupfergasse 2.<br \/>\nAndreas Reimann, Lyriker und Grafiker aus Leipzig und diesj\u00e4hriger Lessingpreistr\u00e4ger des Freistaats Sachsen, wird aus seinen Texten lesen und unterh\u00e4lt sich mit Axel Helbig, Redakteur und Mitherausgeber der Zeitschrift f\u00fcr Literatur und Kunst OSTRAGEHEGE. Mitdiskutieren ausdr\u00fccklich erw\u00fcnscht!<br \/>\nDer Eintritt ist frei. Wir freuen uns auf Sie!<\/p>\n<p>*<em>Die Stiftung Friedliche Revolution zeigt von Juni bis Dezember 2023 die Ausstellung \u201eAndreas Reimann \u2013 SCHWARZ AUF WEISS: EIN REGENBOGEN\u201c in drei Sequenzen mit wechselnden Grafiken, Gedichten und Texten.<\/em><br \/>\n<em>Erste Sequenz: \u201eIch bin kein Opfer, sondern ein Dichter\u201c vom 9. Juni bis 31. August.<\/em><\/p>\n<\/div><\/section><\/div>\n<div class='av-flex-placeholder'><\/div>\n<style type=\"text\/css\" data-created_by=\"avia_inline_auto\" id=\"style-css-av-msi3a-6322164f6749e71a44e9c8db71889c8a\">\n.flex_column.av-msi3a-6322164f6749e71a44e9c8db71889c8a{\nwidth:32%;\nmargin-left:0;\n}\n#top .flex_column_table.av-equal-height-column-flextable.av-msi3a-6322164f6749e71a44e9c8db71889c8a .av-flex-placeholder{\nwidth:2%;\n}\n<\/style>\n<div  class='flex_column av-msi3a-6322164f6749e71a44e9c8db71889c8a av_one_third  avia-builder-el-33  el_after_av_two_third  el_before_av_hr  flex_column_table_cell av-equal-height-column av-align-middle'     ><style type=\"text\/css\" data-created_by=\"avia_inline_auto\" id=\"style-css-av-ddnse-92a9345724f156da7b1d0c792ffb7130\">\n.avia-image-container.av-ddnse-92a9345724f156da7b1d0c792ffb7130 img.avia_image{\nbox-shadow:none;\n}\n.avia-image-container.av-ddnse-92a9345724f156da7b1d0c792ffb7130 .av-image-caption-overlay-center{\ncolor:#ffffff;\n}\n<\/style>\n<div  class='avia-image-container av-ddnse-92a9345724f156da7b1d0c792ffb7130 av-styling- avia-align-center  avia-builder-el-34  avia-builder-el-no-sibling'   itemprop=\"image\" itemscope=\"itemscope\" itemtype=\"https:\/\/schema.org\/ImageObject\" ><div class=\"avia-image-container-inner\"><div class=\"avia-image-overlay-wrap\"><img decoding=\"async\" fetchpriority=\"high\" class='wp-image-3903 avia-img-lazy-loading-not-3903 avia_image' src=\"https:\/\/freiheitsdenkmal-leipzig.de\/wp-content\/uploads\/2023\/06\/Reimann_Ausstellung_Instagram.png\" alt='' title='Reimann_Ausstellung_Instagram'  height=\"3334\" width=\"3334\"  itemprop=\"thumbnailUrl\" srcset=\"https:\/\/freiheitsdenkmal-leipzig.de\/wp-content\/uploads\/2023\/06\/Reimann_Ausstellung_Instagram.png 3334w, https:\/\/freiheitsdenkmal-leipzig.de\/wp-content\/uploads\/2023\/06\/Reimann_Ausstellung_Instagram-300x300.png 300w, https:\/\/freiheitsdenkmal-leipzig.de\/wp-content\/uploads\/2023\/06\/Reimann_Ausstellung_Instagram-1030x1030.png 1030w, https:\/\/freiheitsdenkmal-leipzig.de\/wp-content\/uploads\/2023\/06\/Reimann_Ausstellung_Instagram-80x80.png 80w, https:\/\/freiheitsdenkmal-leipzig.de\/wp-content\/uploads\/2023\/06\/Reimann_Ausstellung_Instagram-768x768.png 768w, https:\/\/freiheitsdenkmal-leipzig.de\/wp-content\/uploads\/2023\/06\/Reimann_Ausstellung_Instagram-1536x1536.png 1536w, https:\/\/freiheitsdenkmal-leipzig.de\/wp-content\/uploads\/2023\/06\/Reimann_Ausstellung_Instagram-2048x2048.png 2048w, https:\/\/freiheitsdenkmal-leipzig.de\/wp-content\/uploads\/2023\/06\/Reimann_Ausstellung_Instagram-12x12.png 12w, https:\/\/freiheitsdenkmal-leipzig.de\/wp-content\/uploads\/2023\/06\/Reimann_Ausstellung_Instagram-36x36.png 36w, https:\/\/freiheitsdenkmal-leipzig.de\/wp-content\/uploads\/2023\/06\/Reimann_Ausstellung_Instagram-180x180.png 180w, https:\/\/freiheitsdenkmal-leipzig.de\/wp-content\/uploads\/2023\/06\/Reimann_Ausstellung_Instagram-1500x1500.png 1500w, https:\/\/freiheitsdenkmal-leipzig.de\/wp-content\/uploads\/2023\/06\/Reimann_Ausstellung_Instagram-705x705.png 705w\" sizes=\"(max-width: 3334px) 100vw, 3334px\" \/><\/div><\/div><\/div><\/div><\/div><!--close column table wrapper. Autoclose: 1 -->\n<div  class='hr av-7i9g6-085266135a2271bb198f8a05ec6d8e3e hr-default  avia-builder-el-35  el_after_av_one_third  el_before_av_three_fourth'><span class='hr-inner'><span class=\"hr-inner-style\"><\/span><\/span><\/div>\n<div class='flex_column_table av-17wj7a-67b6fd495c632608117d3c60345de201 sc-av_three_fourth av-equal-height-column-flextable'>\n<style type=\"text\/css\" data-created_by=\"avia_inline_auto\" id=\"style-css-av-17wj7a-67b6fd495c632608117d3c60345de201\">\n.flex_column.av-17wj7a-67b6fd495c632608117d3c60345de201{\nwidth:74.5%;\nmargin-left:0;\nborder-radius:0px 0px 0px 0px;\npadding:0px 0px 0px 0px;\n}\n#top .flex_column_table.av-equal-height-column-flextable.av-17wj7a-67b6fd495c632608117d3c60345de201 .av-flex-placeholder{\nwidth:2%;\n}\n<\/style>\n<div  class='flex_column av-17wj7a-67b6fd495c632608117d3c60345de201 av_three_fourth  avia-builder-el-36  el_after_av_hr  el_before_av_one_fourth  first flex_column_table_cell av-equal-height-column av-align-middle av-zero-column-padding'     ><section  class='av_textblock_section av-12clo6-b84bdd1d7c80f52e2669025c26d87f21'   itemscope=\"itemscope\" itemtype=\"https:\/\/schema.org\/CreativeWork\" ><div class='avia_textblock'  itemprop=\"text\" ><h4><strong>30.05.2023<\/strong><\/h4>\n<h4><strong>3. Juni: Das MOSAIK von Hannes Hegen \u2013 Comic in der DDR\u201c \u00a0\u2013 eine Veranstaltung mit Prof. Bernd Lindner<\/strong><\/h4>\n<p>Am 3. Juni 2023 um 11 Uhr nimmt uns Prof. Bernd Lindner mit auf eine Zeitreise ins Jahr 1955, als in der DDR drei Kobolde das Licht der Welt erblickten und Generationen von DDR-B\u00fcrgern als Digedags im MOSAIK-Heft auf eine Reise durch Raum und Zeit mitnahmen.<br \/>\nDer Kulturhistoriker- und soziologe Prof. Bernd Lindner spricht \u00fcber den Sch\u00f6pfer der Digedags, Johannes Hegenbarth, und die einzige durchg\u00e4ngige Comic-Heftreihe der DDR, das MOSAIK und l\u00e4sst die Digedags f\u00fcr einen Vormittag lebendig werden.<br \/>\nWir freuen uns auf MOSAIK-Fans und solche, die es noch werden wollen!<br \/>\nVeranstaltungsort ist die Denkmalwerkstatt der Stiftung Friedliche Revolution in der Kupfergasse 2, 04109 Leipzig.<br \/>\nDer Eintritt ist frei.<\/p>\n<\/div><\/section><\/div>\n<div class='av-flex-placeholder'><\/div>\n<style type=\"text\/css\" data-created_by=\"avia_inline_auto\" id=\"style-css-av-vjzce-3452dd2cce0a4d7278faf86455d98b56\">\n.flex_column.av-vjzce-3452dd2cce0a4d7278faf86455d98b56{\nwidth:23.5%;\nmargin-left:0;\n}\n#top .flex_column_table.av-equal-height-column-flextable.av-vjzce-3452dd2cce0a4d7278faf86455d98b56 .av-flex-placeholder{\nwidth:2%;\n}\n<\/style>\n<div  class='flex_column av-vjzce-3452dd2cce0a4d7278faf86455d98b56 av_one_fourth  avia-builder-el-38  el_after_av_three_fourth  el_before_av_hr  flex_column_table_cell av-equal-height-column av-align-middle'     ><style type=\"text\/css\" data-created_by=\"avia_inline_auto\" id=\"style-css-av-so4x2-6105ac4978bc59d3dae7191c6ec2c095\">\n.avia-image-container.av-so4x2-6105ac4978bc59d3dae7191c6ec2c095 img.avia_image{\nbox-shadow:none;\n}\n.avia-image-container.av-so4x2-6105ac4978bc59d3dae7191c6ec2c095 .av-image-caption-overlay-center{\ncolor:#ffffff;\n}\n<\/style>\n<div  class='avia-image-container av-so4x2-6105ac4978bc59d3dae7191c6ec2c095 av-styling- avia-align-center  avia-builder-el-39  avia-builder-el-no-sibling'   itemprop=\"image\" itemscope=\"itemscope\" itemtype=\"https:\/\/schema.org\/ImageObject\" ><div class=\"avia-image-container-inner\"><div class=\"avia-image-overlay-wrap\"><img decoding=\"async\" fetchpriority=\"high\" class='wp-image-3889 avia-img-lazy-loading-not-3889 avia_image' src=\"https:\/\/freiheitsdenkmal-leipzig.de\/wp-content\/uploads\/2023\/05\/Mosaik_03_06_2023_Instagram-300x300.jpg\" alt='' title='Mosaik_03_06_2023_Instagram'  height=\"300\" width=\"300\"  itemprop=\"thumbnailUrl\" srcset=\"https:\/\/freiheitsdenkmal-leipzig.de\/wp-content\/uploads\/2023\/05\/Mosaik_03_06_2023_Instagram-300x300.jpg 300w, https:\/\/freiheitsdenkmal-leipzig.de\/wp-content\/uploads\/2023\/05\/Mosaik_03_06_2023_Instagram-1030x1030.jpg 1030w, https:\/\/freiheitsdenkmal-leipzig.de\/wp-content\/uploads\/2023\/05\/Mosaik_03_06_2023_Instagram-80x80.jpg 80w, https:\/\/freiheitsdenkmal-leipzig.de\/wp-content\/uploads\/2023\/05\/Mosaik_03_06_2023_Instagram-768x768.jpg 768w, https:\/\/freiheitsdenkmal-leipzig.de\/wp-content\/uploads\/2023\/05\/Mosaik_03_06_2023_Instagram-12x12.jpg 12w, https:\/\/freiheitsdenkmal-leipzig.de\/wp-content\/uploads\/2023\/05\/Mosaik_03_06_2023_Instagram-36x36.jpg 36w, https:\/\/freiheitsdenkmal-leipzig.de\/wp-content\/uploads\/2023\/05\/Mosaik_03_06_2023_Instagram-180x180.jpg 180w, https:\/\/freiheitsdenkmal-leipzig.de\/wp-content\/uploads\/2023\/05\/Mosaik_03_06_2023_Instagram-705x705.jpg 705w, https:\/\/freiheitsdenkmal-leipzig.de\/wp-content\/uploads\/2023\/05\/Mosaik_03_06_2023_Instagram.jpg 1080w\" sizes=\"(max-width: 300px) 100vw, 300px\" \/><\/div><\/div><\/div><\/div><\/div><!--close column table wrapper. Autoclose: 1 -->\n<div  class='hr av-iu7em-23bc9f81f29544412ed605d53a841ef8 hr-default  avia-builder-el-40  el_after_av_one_fourth  el_before_av_three_fourth'><span class='hr-inner'><span class=\"hr-inner-style\"><\/span><\/span><\/div>\n<div class='flex_column_table av-emo5q-fe8a0ce6b212e31c28a9473aa976d8f4 sc-av_three_fourth av-equal-height-column-flextable'>\n<style type=\"text\/css\" data-created_by=\"avia_inline_auto\" id=\"style-css-av-emo5q-fe8a0ce6b212e31c28a9473aa976d8f4\">\n.flex_column.av-emo5q-fe8a0ce6b212e31c28a9473aa976d8f4{\nwidth:74.5%;\nmargin-left:0;\nborder-radius:0px 0px 0px 0px;\npadding:0px 0px 0px 0px;\n}\n#top .flex_column_table.av-equal-height-column-flextable.av-emo5q-fe8a0ce6b212e31c28a9473aa976d8f4 .av-flex-placeholder{\nwidth:2%;\n}\n<\/style>\n<div  class='flex_column av-emo5q-fe8a0ce6b212e31c28a9473aa976d8f4 av_three_fourth  avia-builder-el-41  el_after_av_hr  el_before_av_one_fourth  first flex_column_table_cell av-equal-height-column av-align-middle av-zero-column-padding'     ><section  class='av_textblock_section av-88u8m-d60bf1c7152881fbe8785061ee048c34'   itemscope=\"itemscope\" itemtype=\"https:\/\/schema.org\/CreativeWork\" ><div class='avia_textblock'  itemprop=\"text\" ><h4><strong>22.05.2023<\/strong><\/h4>\n<h4><strong>Cinema Casino <\/strong>\u2013 <strong>die n\u00e4chsten <\/strong><strong>Filmabende im Juni: <\/strong><strong>6.6. &amp; 20.6. Fotografinnen<\/strong><\/h4>\n<p>6. Juni<\/p>\n<ul>\n<li><em>18:00<\/em> <a href=\"..\/wp-content\/uploads\/2023\/05\/Lange-Weile.pdf\" target=\"_blank\" rel=\"noopener\"><strong>LANGE WEILE<\/strong><\/a>, Regie: Tina Bara, 2016, 62 Min<\/li>\n<li><em>19:00<\/em> Gespr\u00e4ch mit der <strong>Fotografin und<\/strong> <strong>Regisseurin Tina Bara<\/strong> bei Snacks und Getr\u00e4nken<\/li>\n<li><em>19:45<\/em> <a href=\"..\/wp-content\/uploads\/2023\/05\/Rebellinnen.pdf\" target=\"_blank\" rel=\"noopener\"><strong>REBELLINNEN<\/strong> \u2013 Fotografie. Underground. DDR.<\/a>, Regie: Pamela Meyer-Arndt, 2022, 84 Min<\/li>\n<\/ul>\n<p>20. Juni<\/p>\n<ul>\n<li><em>18:00<\/em> <a href=\"..\/wp-content\/uploads\/2023\/05\/Rebellinnen.pdf\" target=\"_blank\" rel=\"noopener\"><strong>REBELLINNEN<\/strong> \u2013 Fotografie. Underground. DDR.<\/a>, Regie: Pamela Meyer-Arndt, 2022, 84 Min<\/li>\n<li><em>19:30<\/em> Gespr\u00e4ch bei Snacks und Getr\u00e4nken<\/li>\n<li><em>20:00<\/em> <a href=\"..\/wp-content\/uploads\/2023\/05\/Lange-Weile.pdf\" target=\"_blank\" rel=\"noopener\"><strong>LANGE WEILE<\/strong><\/a>, Regie: Tina Bara, 2016, 62 Min<\/li>\n<\/ul>\n<div class=\"innerTeaser\">\n<div class=\"teaserInfoWrapper\">\n<div class=\"shortInfos\"><em>Free admission; <a href=\"..\/wp-content\/uploads\/2023\/03\/Casino_Kino_Flyer_druck.pdf\" target=\"_blank\" rel=\"noopener\"><strong>all Cinema Casino dates here<\/strong><\/a><\/em><\/div>\n<div class=\"shortInfos\">Mehr Hintergrundinformationen zum Cinema Casino finden Sie z. B. in diesem Artikel auf <a href=\"https:\/\/kreuzer-leipzig.de\/2023\/05\/04\/die-filmreihe-cinema-casino-begleitet-die-entstehung-des-einheitsdenkmals\" target=\"_blank\" rel=\"noopener\"><strong>Kreuzer online<\/strong><\/a><\/div>\n<\/div>\n<\/div>\n<\/div><\/section><\/div>\n<div class='av-flex-placeholder'><\/div>\n<style type=\"text\/css\" data-created_by=\"avia_inline_auto\" id=\"style-css-av-7b3qe-23638aa1aafd64e5fc69fcc0cefa72c3\">\n.flex_column.av-7b3qe-23638aa1aafd64e5fc69fcc0cefa72c3{\nwidth:23.5%;\nmargin-left:0;\n}\n#top .flex_column_table.av-equal-height-column-flextable.av-7b3qe-23638aa1aafd64e5fc69fcc0cefa72c3 .av-flex-placeholder{\nwidth:2%;\n}\n<\/style>\n<div  class='flex_column av-7b3qe-23638aa1aafd64e5fc69fcc0cefa72c3 av_one_fourth  avia-builder-el-43  el_after_av_three_fourth  el_before_av_hr  flex_column_table_cell av-equal-height-column av-align-middle'     ><style type=\"text\/css\" data-created_by=\"avia_inline_auto\" id=\"style-css-av-lhzzhix4-68c096daf818cf02f563eb36e236282a\">\n.avia-image-container.av-lhzzhix4-68c096daf818cf02f563eb36e236282a img.avia_image{\nbox-shadow:none;\n}\n.avia-image-container.av-lhzzhix4-68c096daf818cf02f563eb36e236282a .av-image-caption-overlay-center{\ncolor:#ffffff;\n}\n<\/style>\n<div  class='avia-image-container av-lhzzhix4-68c096daf818cf02f563eb36e236282a av-styling- avia-align-center  avia-builder-el-44  avia-builder-el-no-sibling  av-has-copyright av-copyright-always'   itemprop=\"image\" itemscope=\"itemscope\" itemtype=\"https:\/\/schema.org\/ImageObject\" ><div class=\"avia-image-container-inner\"><div class=\"avia-image-overlay-wrap\"><img decoding=\"async\" fetchpriority=\"high\" class='wp-image-3879 avia-img-lazy-loading-not-3879 avia_image' src=\"https:\/\/freiheitsdenkmal-leipzig.de\/wp-content\/uploads\/2023\/05\/Rebellinnen_Presse_07_\u252c\u00aeBernd_Hiepe.jpg\" alt='' title='Cornelia Schleime, H\u00fcpstedt 1982'  height=\"1772\" width=\"1177\"  itemprop=\"thumbnailUrl\" srcset=\"https:\/\/freiheitsdenkmal-leipzig.de\/wp-content\/uploads\/2023\/05\/Rebellinnen_Presse_07_\u252c\u00aeBernd_Hiepe.jpg 1177w, https:\/\/freiheitsdenkmal-leipzig.de\/wp-content\/uploads\/2023\/05\/Rebellinnen_Presse_07_\u252c\u00aeBernd_Hiepe-199x300.jpg 199w, https:\/\/freiheitsdenkmal-leipzig.de\/wp-content\/uploads\/2023\/05\/Rebellinnen_Presse_07_\u252c\u00aeBernd_Hiepe-684x1030.jpg 684w, https:\/\/freiheitsdenkmal-leipzig.de\/wp-content\/uploads\/2023\/05\/Rebellinnen_Presse_07_\u252c\u00aeBernd_Hiepe-768x1156.jpg 768w, https:\/\/freiheitsdenkmal-leipzig.de\/wp-content\/uploads\/2023\/05\/Rebellinnen_Presse_07_\u252c\u00aeBernd_Hiepe-1020x1536.jpg 1020w, https:\/\/freiheitsdenkmal-leipzig.de\/wp-content\/uploads\/2023\/05\/Rebellinnen_Presse_07_\u252c\u00aeBernd_Hiepe-8x12.jpg 8w, https:\/\/freiheitsdenkmal-leipzig.de\/wp-content\/uploads\/2023\/05\/Rebellinnen_Presse_07_\u252c\u00aeBernd_Hiepe-996x1500.jpg 996w, https:\/\/freiheitsdenkmal-leipzig.de\/wp-content\/uploads\/2023\/05\/Rebellinnen_Presse_07_\u252c\u00aeBernd_Hiepe-468x705.jpg 468w\" sizes=\"(max-width: 1177px) 100vw, 1177px\" \/><\/div><small class=\"avia-copyright\">Rebellinnen\u00a9Bernd Hiepe<\/small><\/div><\/div><\/div><\/div><!--close column table wrapper. Autoclose: 1 -->\n<div  class='hr av-a753q-168512cfdf6bf9a065d0d7d2fabaa677 hr-default  avia-builder-el-45  el_after_av_one_fourth  el_before_av_three_fourth'><span class='hr-inner'><span class=\"hr-inner-style\"><\/span><\/span><\/div>\n<div class='flex_column_table av-k6hty-4436e249d13f4981bcfa87b0aa30cc8d sc-av_three_fourth av-equal-height-column-flextable'>\n<style type=\"text\/css\" data-created_by=\"avia_inline_auto\" id=\"style-css-av-k6hty-4436e249d13f4981bcfa87b0aa30cc8d\">\n.flex_column.av-k6hty-4436e249d13f4981bcfa87b0aa30cc8d{\nwidth:74.5%;\nmargin-left:0;\nborder-radius:0px 0px 0px 0px;\npadding:0px 0px 0px 0px;\n}\n#top .flex_column_table.av-equal-height-column-flextable.av-k6hty-4436e249d13f4981bcfa87b0aa30cc8d .av-flex-placeholder{\nwidth:2%;\n}\n<\/style>\n<div  class='flex_column av-k6hty-4436e249d13f4981bcfa87b0aa30cc8d av_three_fourth  avia-builder-el-46  el_after_av_hr  el_before_av_hr  first flex_column_table_cell av-equal-height-column av-align-middle av-zero-column-padding'     ><section  class='av_textblock_section av-g050u-a3adb71740a07d69736d163db5c67212'   itemscope=\"itemscope\" itemtype=\"https:\/\/schema.org\/CreativeWork\" ><div class='avia_textblock'  itemprop=\"text\" ><h4><strong>11.05.2023<\/strong><\/h4>\n<h4>Am 16. Mai ist es wieder soweit: Filmabend im <strong>Cinema Casino<\/strong><\/h4>\n<ul>\n<li>6 p.m. <a href=\"..\/wp-content\/uploads\/2023\/04\/Bettina2.pdf\" target=\"_blank\" rel=\"noopener\"><strong>\u201eBettina\u201c<\/strong><\/a> (Lutz Pehnert), 2022, 107 Min<\/li>\n<li>7:50 p.m. Intermission: conversation over snacks &amp; drinks.<\/li>\n<li>8:20 p.m. <strong>\u201e<a href=\"..\/wp-content\/uploads\/2023\/04\/Gundermann-Revier-1.pdf\" target=\"_blank\" rel=\"noopener\">Gundermann Revier<\/a>\u201e<\/strong> (Grit Lemke), 2019, 97 Min<\/li>\n<\/ul>\n<div class=\"innerTeaser\">\n<div class=\"teaserInfoWrapper\">\n<div class=\"shortInfos\"><em>Free admission; <a href=\"..\/wp-content\/uploads\/2023\/03\/Casino_Kino_Flyer_druck.pdf\" target=\"_blank\" rel=\"noopener\"><strong>all Cinema Casino dates here<\/strong><\/a><\/em><\/div>\n<div class=\"shortInfos\">Mehr Hintergrundinformationen zum Cinema Casino finden Sie z. B. in diesem Artikel auf <a href=\"https:\/\/kreuzer-leipzig.de\/2023\/05\/04\/die-filmreihe-cinema-casino-begleitet-die-entstehung-des-einheitsdenkmals\" target=\"_blank\" rel=\"noopener\"><strong>Kreuzer online<\/strong><\/a><\/div>\n<\/div>\n<\/div>\n<\/div><\/section><\/div><\/div><!--close column table wrapper. Autoclose: 1 -->\n<div  class='hr av-oeda-abc1fcce9caec5c18466af27daa2f4ea hr-default  avia-builder-el-48  el_after_av_three_fourth  el_before_av_two_third'><span class='hr-inner'><span class=\"hr-inner-style\"><\/span><\/span><\/div>\n<div class='flex_column_table av-ej0zi-74d4585dcf30c4891da89191b015e2e7 sc-av_two_third av-equal-height-column-flextable'>\n<style type=\"text\/css\" data-created_by=\"avia_inline_auto\" id=\"style-css-av-ej0zi-74d4585dcf30c4891da89191b015e2e7\">\n.flex_column.av-ej0zi-74d4585dcf30c4891da89191b015e2e7{\nwidth:66%;\nmargin-left:0;\nborder-radius:0px 0px 0px 0px;\npadding:0px 0px 0px 0px;\n}\n#top .flex_column_table.av-equal-height-column-flextable.av-ej0zi-74d4585dcf30c4891da89191b015e2e7 .av-flex-placeholder{\nwidth:2%;\n}\n<\/style>\n<div  class='flex_column av-ej0zi-74d4585dcf30c4891da89191b015e2e7 av_two_third  avia-builder-el-49  el_after_av_hr  el_before_av_one_third  first flex_column_table_cell av-equal-height-column av-align-middle av-zero-column-padding'     ><section  class='av_textblock_section av-b4k1a-7c2425ce9e1dcf8a5c06e1b544e362e2'   itemscope=\"itemscope\" itemtype=\"https:\/\/schema.org\/CreativeWork\" ><div class='avia_textblock'  itemprop=\"text\" ><h4><strong>10.05.2023<\/strong><\/h4>\n<h4>Der Volksaufstand in der DDR \u2013 17. Juni kompakt<\/h4>\n<div class=\"innerTeaser\">\n<div class=\"teaserInfoWrapper\">\n<div class=\"shortInfos\">\n<h5>eine Ausstellung der Bundesstiftung zur Aufarbeitung der SED-Diktatur von Clara Marz<\/h5>\n<p>Seit heute k\u00f6nnen Sie in der DenkmalWerkstatt Kupfergasse 2 eine neue Ausstellung zum Volksaufstand am 17. Juni in der DDR besuchen.<\/p>\n<p>Sehr informativ, anschaulich und kompakt hat Ausstellungsmacherin Clara Marz Fakten und Bilder zusammengestellt, ein wirkliche empfehlenswerte Kurz-Briefing zum Thema 17. Juni.<\/p>\n<p>\u00d6ffnungszeiten: Dienstag und Donnerstag von 14 bis 17 Uhr oder nach Vereinbarung per Mail: <a href=\"mailto:denkmal@stiftung-fr.de\">denkmal@stiftung-fr.de<\/a> or phone 0341 22566004<\/p>\n<\/div>\n<\/div>\n<\/div>\n<\/div><\/section><\/div>\n<div class='av-flex-placeholder'><\/div>\n<style type=\"text\/css\" data-created_by=\"avia_inline_auto\" id=\"style-css-av-tpvpq-76c7dc883514421d2af25141a6463ca5\">\n.flex_column.av-tpvpq-76c7dc883514421d2af25141a6463ca5{\nwidth:32%;\nmargin-left:0;\n}\n#top .flex_column_table.av-equal-height-column-flextable.av-tpvpq-76c7dc883514421d2af25141a6463ca5 .av-flex-placeholder{\nwidth:2%;\n}\n<\/style>\n<div  class='flex_column av-tpvpq-76c7dc883514421d2af25141a6463ca5 av_one_third  avia-builder-el-51  el_after_av_two_third  el_before_av_hr  flex_column_table_cell av-equal-height-column av-align-middle'     ><style type=\"text\/css\" data-created_by=\"avia_inline_auto\" id=\"style-css-av-lhhpvmd7-3852a34859034479eb2735d210b6c1e0\">\n.avia-image-container.av-lhhpvmd7-3852a34859034479eb2735d210b6c1e0 img.avia_image{\nbox-shadow:none;\n}\n.avia-image-container.av-lhhpvmd7-3852a34859034479eb2735d210b6c1e0 .av-image-caption-overlay-center{\ncolor:#ffffff;\n}\n<\/style>\n<div  class='avia-image-container av-lhhpvmd7-3852a34859034479eb2735d210b6c1e0 av-styling- avia-align-center  avia-builder-el-52  avia-builder-el-no-sibling'   itemprop=\"image\" itemscope=\"itemscope\" itemtype=\"https:\/\/schema.org\/ImageObject\" ><div class=\"avia-image-container-inner\"><div class=\"avia-image-overlay-wrap\"><img decoding=\"async\" fetchpriority=\"high\" class='wp-image-3835 avia-img-lazy-loading-not-3835 avia_image' src=\"https:\/\/freiheitsdenkmal-leipzig.de\/wp-content\/uploads\/2023\/05\/ausstellung-17-juni-300x300.png\" alt='' title='ausstellung-17-juni'  height=\"300\" width=\"300\"  itemprop=\"thumbnailUrl\" srcset=\"https:\/\/freiheitsdenkmal-leipzig.de\/wp-content\/uploads\/2023\/05\/ausstellung-17-juni-300x300.png 300w, https:\/\/freiheitsdenkmal-leipzig.de\/wp-content\/uploads\/2023\/05\/ausstellung-17-juni-1030x1030.png 1030w, https:\/\/freiheitsdenkmal-leipzig.de\/wp-content\/uploads\/2023\/05\/ausstellung-17-juni-80x80.png 80w, https:\/\/freiheitsdenkmal-leipzig.de\/wp-content\/uploads\/2023\/05\/ausstellung-17-juni-768x768.png 768w, https:\/\/freiheitsdenkmal-leipzig.de\/wp-content\/uploads\/2023\/05\/ausstellung-17-juni-12x12.png 12w, https:\/\/freiheitsdenkmal-leipzig.de\/wp-content\/uploads\/2023\/05\/ausstellung-17-juni-36x36.png 36w, https:\/\/freiheitsdenkmal-leipzig.de\/wp-content\/uploads\/2023\/05\/ausstellung-17-juni-180x180.png 180w, https:\/\/freiheitsdenkmal-leipzig.de\/wp-content\/uploads\/2023\/05\/ausstellung-17-juni-705x705.png 705w, https:\/\/freiheitsdenkmal-leipzig.de\/wp-content\/uploads\/2023\/05\/ausstellung-17-juni.png 1080w\" sizes=\"(max-width: 300px) 100vw, 300px\" \/><\/div><\/div><\/div><\/div><\/div><!--close column table wrapper. Autoclose: 1 -->\n<div  class='hr av-7vxqe-4a967fadb3ea6d51eed332e2beb1ab51 hr-default  avia-builder-el-53  el_after_av_one_third  el_before_av_two_third'><span class='hr-inner'><span class=\"hr-inner-style\"><\/span><\/span><\/div>\n<div class='flex_column_table av-krggm-e6ea8ca12504508894a7c0218d00ba1f sc-av_two_third av-equal-height-column-flextable'>\n<style type=\"text\/css\" data-created_by=\"avia_inline_auto\" id=\"style-css-av-krggm-e6ea8ca12504508894a7c0218d00ba1f\">\n.flex_column.av-krggm-e6ea8ca12504508894a7c0218d00ba1f{\nwidth:66%;\nmargin-left:0;\nborder-radius:0px 0px 0px 0px;\npadding:0px 0px 0px 0px;\n}\n#top .flex_column_table.av-equal-height-column-flextable.av-krggm-e6ea8ca12504508894a7c0218d00ba1f .av-flex-placeholder{\nwidth:2%;\n}\n<\/style>\n<div  class='flex_column av-krggm-e6ea8ca12504508894a7c0218d00ba1f av_two_third  avia-builder-el-54  el_after_av_hr  el_before_av_one_third  first flex_column_table_cell av-equal-height-column av-align-middle av-zero-column-padding'     ><section  class='av_textblock_section av-drcue-1e5ae8744ef7167b010fd0d85b94901b'   itemscope=\"itemscope\" itemtype=\"https:\/\/schema.org\/CreativeWork\" ><div class='avia_textblock'  itemprop=\"text\" ><h4><strong>2.05.2023<\/strong><\/h4>\n<h4>GUNDERMANN REVIER und BETTINA<\/h4>\n<div class=\"innerTeaser\">\n<div class=\"teaserInfoWrapper\">\n<div class=\"shortInfos\">\n<p>Heute freuen wir uns auf zwei Filme \u00fcber Liedermacher:innen, deren Karrieren zu DDR-Zeiten starteten: <a href=\"https:\/\/freiheitsdenkmal-leipzig.de\/wp-content\/uploads\/2023\/04\/Gundermann-Revier-1.pdf\" target=\"_blank\" rel=\"noopener\">GUNDERMANN REVIER<\/a> and <a href=\"https:\/\/freiheitsdenkmal-leipzig.de\/wp-content\/uploads\/2023\/04\/Bettina2.pdf\" target=\"_blank\" rel=\"noopener\">BETTINA<\/a> \u00fcber Gerhard Gundermann und Bettina Wegner.<\/p>\n<p>Besonders sch\u00f6n: Die Regisseurin von GUNDERMANN REVIER Grit Lemke ist zum Gespr\u00e4ch bei uns. Als Autorin blickt sie mit ihrem vielbeachteten Buch \u201eKinder von Hoy: Freiheit, Gl\u00fcck und Terror\u201c wie schon in GUNDERMANN REVIER auf ihre Heimatstadt, die Braunkohle-\u201eBoom-City\u201c Hoyerswerda der 60er und 70er Jahre<\/p>\n<p>Zeitplan f\u00fcr den 2.Mai im Cinema Casino:<\/p>\n<ul>\n<li>18:00 GUNDERMANN REVIER, Regie: Grit Lemke, 2019, 97 Min<\/li>\n<li>19:40 Gespr\u00e4ch mit Regisseurin Grit Lemke bei Snacks und Getr\u00e4nken<\/li>\n<li>20:25 BETTINA, Regie: Lutz Pehnert, 2022, 107 Min<\/li>\n<\/ul>\n<p>Eintritt frei<\/p>\n<\/div>\n<\/div>\n<\/div>\n<\/div><\/section><\/div>\n<div class='av-flex-placeholder'><\/div>\n<style type=\"text\/css\" data-created_by=\"avia_inline_auto\" id=\"style-css-av-24ak1y-4fe15db0669a95ca7dba15f087a51b75\">\n.flex_column.av-24ak1y-4fe15db0669a95ca7dba15f087a51b75{\nwidth:32%;\nmargin-left:0;\n}\n#top .flex_column_table.av-equal-height-column-flextable.av-24ak1y-4fe15db0669a95ca7dba15f087a51b75 .av-flex-placeholder{\nwidth:2%;\n}\n<\/style>\n<div  class='flex_column av-24ak1y-4fe15db0669a95ca7dba15f087a51b75 av_one_third  avia-builder-el-56  el_after_av_two_third  el_before_av_hr  flex_column_table_cell av-equal-height-column av-align-middle'     ><div  class='avia-slideshow av-lgwdpuo0-861827bec5ff9116d9e220279037a49b avia-slideshow-large av_slideshow avia-slide-slider  avia-builder-el-57  avia-builder-el-no-sibling  av-slideshow-ui av-control-default av-slideshow-manual av-loop-once av-loop-manual-endless av-default-height-applied avia-slideshow-3' data-slideshow-options=\"{&quot;animation&quot;:&quot;slide&quot;,&quot;autoplay&quot;:false,&quot;loop_autoplay&quot;:&quot;once&quot;,&quot;interval&quot;:5,&quot;loop_manual&quot;:&quot;manual-endless&quot;,&quot;autoplay_stopper&quot;:false,&quot;noNavigation&quot;:false,&quot;bg_slider&quot;:false,&quot;keep_padding&quot;:false,&quot;hoverpause&quot;:false,&quot;show_slide_delay&quot;:0}\"  itemprop=\"image\" itemscope=\"itemscope\" itemtype=\"https:\/\/schema.org\/ImageObject\" ><ul class='avia-slideshow-inner' style='padding-bottom: 75.04854368932%;'><li  class='avia-slideshow-slide av-lgwdpuo0-861827bec5ff9116d9e220279037a49b__0  slide-1 slide-odd'><div data-rel='slideshow-3' class='avia-slide-wrap'   ><img decoding=\"async\" fetchpriority=\"high\" class=\"wp-image-3826 avia-img-lazy-loading-not-3826\"  src=\"https:\/\/freiheitsdenkmal-leipzig.de\/wp-content\/uploads\/2023\/05\/GUNDERMANN_REVIER_historisch_01-1030x773.jpg\" width=\"1030\" height=\"773\" title='GUNDERMANN_REVIER_historisch_01' alt=''  itemprop=\"thumbnailUrl\" srcset=\"https:\/\/freiheitsdenkmal-leipzig.de\/wp-content\/uploads\/2023\/05\/GUNDERMANN_REVIER_historisch_01-1030x773.jpg 1030w, https:\/\/freiheitsdenkmal-leipzig.de\/wp-content\/uploads\/2023\/05\/GUNDERMANN_REVIER_historisch_01-300x225.jpg 300w, https:\/\/freiheitsdenkmal-leipzig.de\/wp-content\/uploads\/2023\/05\/GUNDERMANN_REVIER_historisch_01-768x576.jpg 768w, https:\/\/freiheitsdenkmal-leipzig.de\/wp-content\/uploads\/2023\/05\/GUNDERMANN_REVIER_historisch_01-1536x1152.jpg 1536w, https:\/\/freiheitsdenkmal-leipzig.de\/wp-content\/uploads\/2023\/05\/GUNDERMANN_REVIER_historisch_01-2048x1536.jpg 2048w, https:\/\/freiheitsdenkmal-leipzig.de\/wp-content\/uploads\/2023\/05\/GUNDERMANN_REVIER_historisch_01-16x12.jpg 16w, https:\/\/freiheitsdenkmal-leipzig.de\/wp-content\/uploads\/2023\/05\/GUNDERMANN_REVIER_historisch_01-1500x1125.jpg 1500w, https:\/\/freiheitsdenkmal-leipzig.de\/wp-content\/uploads\/2023\/05\/GUNDERMANN_REVIER_historisch_01-705x529.jpg 705w\" sizes=\"(max-width: 1030px) 100vw, 1030px\" \/><\/div><\/li><li  class='avia-slideshow-slide av-lgwdpuo0-861827bec5ff9116d9e220279037a49b__1  slide-2 slide-even'><div data-rel='slideshow-3' class='avia-slide-wrap'   ><img decoding=\"async\" fetchpriority=\"high\" class=\"wp-image-3825 avia-img-lazy-loading-not-3825\"  src=\"https:\/\/freiheitsdenkmal-leipzig.de\/wp-content\/uploads\/2023\/05\/Bettina_Presse_06_c-Lutz-Pehnert-solofilm-1030x686.jpg\" width=\"1030\" height=\"686\" title='Bettina_Presse_06_c Lutz Pehnert, solofilm' alt=''  itemprop=\"thumbnailUrl\" srcset=\"https:\/\/freiheitsdenkmal-leipzig.de\/wp-content\/uploads\/2023\/05\/Bettina_Presse_06_c-Lutz-Pehnert-solofilm-1030x686.jpg 1030w, https:\/\/freiheitsdenkmal-leipzig.de\/wp-content\/uploads\/2023\/05\/Bettina_Presse_06_c-Lutz-Pehnert-solofilm-300x200.jpg 300w, https:\/\/freiheitsdenkmal-leipzig.de\/wp-content\/uploads\/2023\/05\/Bettina_Presse_06_c-Lutz-Pehnert-solofilm-768x512.jpg 768w, https:\/\/freiheitsdenkmal-leipzig.de\/wp-content\/uploads\/2023\/05\/Bettina_Presse_06_c-Lutz-Pehnert-solofilm-1536x1024.jpg 1536w, https:\/\/freiheitsdenkmal-leipzig.de\/wp-content\/uploads\/2023\/05\/Bettina_Presse_06_c-Lutz-Pehnert-solofilm-18x12.jpg 18w, https:\/\/freiheitsdenkmal-leipzig.de\/wp-content\/uploads\/2023\/05\/Bettina_Presse_06_c-Lutz-Pehnert-solofilm-1500x1000.jpg 1500w, https:\/\/freiheitsdenkmal-leipzig.de\/wp-content\/uploads\/2023\/05\/Bettina_Presse_06_c-Lutz-Pehnert-solofilm-705x470.jpg 705w, https:\/\/freiheitsdenkmal-leipzig.de\/wp-content\/uploads\/2023\/05\/Bettina_Presse_06_c-Lutz-Pehnert-solofilm.jpg 1772w\" sizes=\"(max-width: 1030px) 100vw, 1030px\" \/><\/div><\/li><\/ul><div class='avia-slideshow-arrows avia-slideshow-controls' ><a href='#prev' class='prev-slide' aria-hidden='true' data-av_icon='\ue87c' data-av_iconfont='entypo-fontello'  tabindex='-1'>Previous<\/a><a href='#next' class='next-slide' aria-hidden='true' data-av_icon='\ue87d' data-av_iconfont='entypo-fontello'  tabindex='-1'>Next<\/a><\/div><div class='avia-slideshow-dots avia-slideshow-controls'><a href='#1' class='goto-slide active' >1<\/a><a href='#2' class='goto-slide' >2<\/a><\/div><\/div><\/div><\/div><!--close column table wrapper. Autoclose: 1 -->\n<div  class='hr av-asrni-534cf7accfba893b78e9bb4806352b4c hr-default  avia-builder-el-58  el_after_av_one_third  el_before_av_two_third'><span class='hr-inner'><span class=\"hr-inner-style\"><\/span><\/span><\/div>\n<div class='flex_column_table av-172s7q-4f9168109d3a954429de0b2d2685e7f1 sc-av_two_third av-equal-height-column-flextable'>\n<style type=\"text\/css\" data-created_by=\"avia_inline_auto\" id=\"style-css-av-172s7q-4f9168109d3a954429de0b2d2685e7f1\">\n.flex_column.av-172s7q-4f9168109d3a954429de0b2d2685e7f1{\nwidth:66%;\nmargin-left:0;\nborder-radius:0px 0px 0px 0px;\npadding:0px 0px 0px 0px;\n}\n#top .flex_column_table.av-equal-height-column-flextable.av-172s7q-4f9168109d3a954429de0b2d2685e7f1 .av-flex-placeholder{\nwidth:2%;\n}\n<\/style>\n<div  class='flex_column av-172s7q-4f9168109d3a954429de0b2d2685e7f1 av_two_third  avia-builder-el-59  el_after_av_hr  el_before_av_one_third  first flex_column_table_cell av-equal-height-column av-align-middle av-zero-column-padding'     ><section  class='av_textblock_section av-144r32-0ad21c0b6142309e7bf18ebaf63448a8'   itemscope=\"itemscope\" itemtype=\"https:\/\/schema.org\/CreativeWork\" ><div class='avia_textblock'  itemprop=\"text\" ><h4><strong>28.04.2023<\/strong><\/h4>\n<h4>Cinema Casino am 2. Mai mit GUNDERMANN REVIER und BETTINA<\/h4>\n<div class=\"innerTeaser\">\n<div class=\"teaserInfoWrapper\">\n<div class=\"shortInfos\">\n<p>Das Zeitgeschichtskino in der DenkmalWerkstatt zeigt am 2. Mai ab 18 Uhr die Dokumentarfilme <strong><a href=\"..\/wp-content\/uploads\/2023\/04\/Gundermann-Revier-1.pdf\" target=\"_blank\" rel=\"noopener\">GUNDERMANN REVIER<\/a><\/strong> and <a href=\"..\/wp-content\/uploads\/2023\/04\/Bettina2.pdf\" target=\"_blank\" rel=\"noopener\"><strong>BETTINA<\/strong><\/a> \u00fcber die Musiker:innen Gerhard Gundermann und Bettina Wegner.<br \/>\nDie Regisseurin Grit Lemke wird anwesend sein<\/p>\n<ul>\n<li>18:00 GUNDERMANN REVIER, Regie: Grit Lemke, 2019, 97 Min<\/li>\n<li>19:40 Gespr\u00e4ch mit Regisseurin Grit Lemke bei Snacks und Getr\u00e4nken<\/li>\n<li>20:25 BETTINA, Regie: Lutz Pehnert, 2022, 107 Min<\/li>\n<\/ul>\n<p>Eintritt frei<\/p>\n<\/div>\n<\/div>\n<\/div>\n<\/div><\/section><\/div>\n<div class='av-flex-placeholder'><\/div>\n<style type=\"text\/css\" data-created_by=\"avia_inline_auto\" id=\"style-css-av-yqbuu-2a7774076b3ab7fabed56268374f5e30\">\n.flex_column.av-yqbuu-2a7774076b3ab7fabed56268374f5e30{\nwidth:32%;\nmargin-left:0;\n}\n#top .flex_column_table.av-equal-height-column-flextable.av-yqbuu-2a7774076b3ab7fabed56268374f5e30 .av-flex-placeholder{\nwidth:2%;\n}\n<\/style>\n<div  class='flex_column av-yqbuu-2a7774076b3ab7fabed56268374f5e30 av_one_third  avia-builder-el-61  el_after_av_two_third  el_before_av_hr  flex_column_table_cell av-equal-height-column av-align-middle'     ><div  class='avia-slideshow av-apba-fb2c2a08a2ae6f16e129d052959353c5 avia-slideshow-large av_slideshow avia-slide-slider  avia-builder-el-62  avia-builder-el-no-sibling  av-slideshow-ui av-control-default av-slideshow-manual av-loop-once av-loop-manual-endless av-default-height-applied avia-slideshow-4' data-slideshow-options=\"{&quot;animation&quot;:&quot;slide&quot;,&quot;autoplay&quot;:false,&quot;loop_autoplay&quot;:&quot;once&quot;,&quot;interval&quot;:5,&quot;loop_manual&quot;:&quot;manual-endless&quot;,&quot;autoplay_stopper&quot;:false,&quot;noNavigation&quot;:false,&quot;bg_slider&quot;:false,&quot;keep_padding&quot;:false,&quot;hoverpause&quot;:false,&quot;show_slide_delay&quot;:0}\"  itemprop=\"image\" itemscope=\"itemscope\" itemtype=\"https:\/\/schema.org\/ImageObject\" ><ul class='avia-slideshow-inner' style='padding-bottom: 100%;'><li  class='avia-slideshow-slide av-apba-fb2c2a08a2ae6f16e129d052959353c5__0  slide-1 slide-odd'><div data-rel='slideshow-4' class='avia-slide-wrap'   ><img decoding=\"async\" fetchpriority=\"high\" class=\"wp-image-3811 avia-img-lazy-loading-not-3811\"  src=\"https:\/\/freiheitsdenkmal-leipzig.de\/wp-content\/uploads\/2023\/04\/GUNDERMANN_REVIER_historisch_02-1030x1030.jpg\" width=\"1030\" height=\"1030\" title='GUNDERMANN_REVIER_historisch_02' alt=''  itemprop=\"thumbnailUrl\" srcset=\"https:\/\/freiheitsdenkmal-leipzig.de\/wp-content\/uploads\/2023\/04\/GUNDERMANN_REVIER_historisch_02-1030x1030.jpg 1030w, https:\/\/freiheitsdenkmal-leipzig.de\/wp-content\/uploads\/2023\/04\/GUNDERMANN_REVIER_historisch_02-300x300.jpg 300w, https:\/\/freiheitsdenkmal-leipzig.de\/wp-content\/uploads\/2023\/04\/GUNDERMANN_REVIER_historisch_02-80x80.jpg 80w, https:\/\/freiheitsdenkmal-leipzig.de\/wp-content\/uploads\/2023\/04\/GUNDERMANN_REVIER_historisch_02-768x767.jpg 768w, https:\/\/freiheitsdenkmal-leipzig.de\/wp-content\/uploads\/2023\/04\/GUNDERMANN_REVIER_historisch_02-1536x1534.jpg 1536w, https:\/\/freiheitsdenkmal-leipzig.de\/wp-content\/uploads\/2023\/04\/GUNDERMANN_REVIER_historisch_02-12x12.jpg 12w, https:\/\/freiheitsdenkmal-leipzig.de\/wp-content\/uploads\/2023\/04\/GUNDERMANN_REVIER_historisch_02-36x36.jpg 36w, https:\/\/freiheitsdenkmal-leipzig.de\/wp-content\/uploads\/2023\/04\/GUNDERMANN_REVIER_historisch_02-180x180.jpg 180w, https:\/\/freiheitsdenkmal-leipzig.de\/wp-content\/uploads\/2023\/04\/GUNDERMANN_REVIER_historisch_02-1500x1498.jpg 1500w, https:\/\/freiheitsdenkmal-leipzig.de\/wp-content\/uploads\/2023\/04\/GUNDERMANN_REVIER_historisch_02-705x705.jpg 705w\" sizes=\"(max-width: 1030px) 100vw, 1030px\" \/><\/div><\/li><li  class='avia-slideshow-slide av-apba-fb2c2a08a2ae6f16e129d052959353c5__1  slide-2 slide-even'><div data-rel='slideshow-4' class='avia-slide-wrap'   ><img decoding=\"async\" fetchpriority=\"high\" class=\"wp-image-3812 avia-img-lazy-loading-not-3812\"  src=\"https:\/\/freiheitsdenkmal-leipzig.de\/wp-content\/uploads\/2023\/04\/Bettina_Presse_03_c-Joerg-Moeller-1022x1030.jpg\" width=\"1022\" height=\"1030\" title='Bettina_Presse_03_c J\u00f6rg M\u00f6ller' alt=''  itemprop=\"thumbnailUrl\" srcset=\"https:\/\/freiheitsdenkmal-leipzig.de\/wp-content\/uploads\/2023\/04\/Bettina_Presse_03_c-Joerg-Moeller-1022x1030.jpg 1022w, https:\/\/freiheitsdenkmal-leipzig.de\/wp-content\/uploads\/2023\/04\/Bettina_Presse_03_c-Joerg-Moeller-298x300.jpg 298w, https:\/\/freiheitsdenkmal-leipzig.de\/wp-content\/uploads\/2023\/04\/Bettina_Presse_03_c-Joerg-Moeller-80x80.jpg 80w, https:\/\/freiheitsdenkmal-leipzig.de\/wp-content\/uploads\/2023\/04\/Bettina_Presse_03_c-Joerg-Moeller-768x774.jpg 768w, https:\/\/freiheitsdenkmal-leipzig.de\/wp-content\/uploads\/2023\/04\/Bettina_Presse_03_c-Joerg-Moeller-12x12.jpg 12w, https:\/\/freiheitsdenkmal-leipzig.de\/wp-content\/uploads\/2023\/04\/Bettina_Presse_03_c-Joerg-Moeller-36x36.jpg 36w, https:\/\/freiheitsdenkmal-leipzig.de\/wp-content\/uploads\/2023\/04\/Bettina_Presse_03_c-Joerg-Moeller-180x180.jpg 180w, https:\/\/freiheitsdenkmal-leipzig.de\/wp-content\/uploads\/2023\/04\/Bettina_Presse_03_c-Joerg-Moeller-700x705.jpg 700w, https:\/\/freiheitsdenkmal-leipzig.de\/wp-content\/uploads\/2023\/04\/Bettina_Presse_03_c-Joerg-Moeller.jpg 1170w\" sizes=\"(max-width: 1022px) 100vw, 1022px\" \/><\/div><\/li><\/ul><div class='avia-slideshow-arrows avia-slideshow-controls' ><a href='#prev' class='prev-slide' aria-hidden='true' data-av_icon='\ue87c' data-av_iconfont='entypo-fontello'  tabindex='-1'>Previous<\/a><a href='#next' class='next-slide' aria-hidden='true' data-av_icon='\ue87d' data-av_iconfont='entypo-fontello'  tabindex='-1'>Next<\/a><\/div><div class='avia-slideshow-dots avia-slideshow-controls'><a href='#1' class='goto-slide active' >1<\/a><a href='#2' class='goto-slide' >2<\/a><\/div><\/div><\/div><\/div><!--close column table wrapper. Autoclose: 1 -->\n<div  class='hr av-7kpeu-542b1c97bb0fdeb8b8b9ea535b59d1aa hr-default  avia-builder-el-63  el_after_av_one_third  el_before_av_two_third'><span class='hr-inner'><span class=\"hr-inner-style\"><\/span><\/span><\/div>\n<div class='flex_column_table av-6gzmm-f4899b629b5671cbb37ff1b658bd19c3 sc-av_two_third av-equal-height-column-flextable'>\n<style type=\"text\/css\" data-created_by=\"avia_inline_auto\" id=\"style-css-av-6gzmm-f4899b629b5671cbb37ff1b658bd19c3\">\n.flex_column.av-6gzmm-f4899b629b5671cbb37ff1b658bd19c3{\nwidth:66%;\nmargin-left:0;\nborder-radius:0px 0px 0px 0px;\npadding:0px 0px 0px 0px;\n}\n#top .flex_column_table.av-equal-height-column-flextable.av-6gzmm-f4899b629b5671cbb37ff1b658bd19c3 .av-flex-placeholder{\nwidth:2%;\n}\n<\/style>\n<div  class='flex_column av-6gzmm-f4899b629b5671cbb37ff1b658bd19c3 av_two_third  avia-builder-el-64  el_after_av_hr  el_before_av_one_third  first flex_column_table_cell av-equal-height-column av-align-middle av-zero-column-padding'     ><section  class='av_textblock_section av-1mxlli-23b510821ddba6eadcae03623b87778b'   itemscope=\"itemscope\" itemtype=\"https:\/\/schema.org\/CreativeWork\" ><div class='avia_textblock'  itemprop=\"text\" ><h4><strong>24.04.2023<\/strong><\/h4>\n<h4>24.04.2023\nBook presentation: \"<a href=\"https:\/\/freiheitsdenkmal-leipzig.de\/wp-content\/uploads\/2023\/04\/Flyer_23_410_Hana_web1.pdf\" target=\"_blank\" rel=\"noopener\">Hana or The Bohemian Gift. An Album<\/a>\"<\/h4>\n<div class=\"innerTeaser\">\n<div class=\"teaserInfoWrapper\">\n<div class=\"shortInfos\">\n<h5>27 April, 6:00 p.m., Reading and discussion with the author Tina Stroheker as part of the Leipzig Book Fair.<\/h5>\n<p>The poet Tina Stroheker has written a very personal book about Hana J\u00fcptnerov\u00e1, which is more like an album and shows the courageous Czech woman in many touching photos. Tina Stroheker was fascinated by the courage of her Czech friend, who has since died, who stood up for her ideals and also accepted disadvantages, such as a ban from working.<\/p>\n<p>Hana J\u00fcptnerov\u00e1 was, among other things, a German teacher, interpreter, translator, Chartist (civil rights organisation Charta 77) and committed Christian. She campaigned for reconciliation between Czechs and (Sudeten) Germans after the 1989 revolution and was the mother of two sons and foster mother of three Roma girls.<\/p>\n<p>The evening will start with a reading, followed by a conversation about literary work, Christian faith and civil rights activities. Chair and moderator: Stephan Bickhardt, Gesine Oltmanns<\/p>\n<\/div>\n<\/div>\n<\/div>\n<\/div><\/section><\/div>\n<div class='av-flex-placeholder'><\/div>\n<style type=\"text\/css\" data-created_by=\"avia_inline_auto\" id=\"style-css-av-1eibdy-dc2fcb19b283eff20c4ec81b6febc7f4\">\n.flex_column.av-1eibdy-dc2fcb19b283eff20c4ec81b6febc7f4{\nwidth:32%;\nmargin-left:0;\n}\n#top .flex_column_table.av-equal-height-column-flextable.av-1eibdy-dc2fcb19b283eff20c4ec81b6febc7f4 .av-flex-placeholder{\nwidth:2%;\n}\n<\/style>\n<div  class='flex_column av-1eibdy-dc2fcb19b283eff20c4ec81b6febc7f4 av_one_third  avia-builder-el-66  el_after_av_two_third  el_before_av_hr  flex_column_table_cell av-equal-height-column av-align-middle'     ><div  class='avia-slideshow av-1apnmu-8949483404195608f6263ca7477c5723 avia-slideshow-large av_slideshow avia-slide-slider  avia-builder-el-67  avia-builder-el-no-sibling  av-slideshow-ui av-control-default av-slideshow-manual av-loop-once av-loop-manual-endless av-default-height-applied avia-slideshow-5' data-slideshow-options=\"{&quot;animation&quot;:&quot;slide&quot;,&quot;autoplay&quot;:false,&quot;loop_autoplay&quot;:&quot;once&quot;,&quot;interval&quot;:5,&quot;loop_manual&quot;:&quot;manual-endless&quot;,&quot;autoplay_stopper&quot;:false,&quot;noNavigation&quot;:false,&quot;bg_slider&quot;:false,&quot;keep_padding&quot;:false,&quot;hoverpause&quot;:false,&quot;show_slide_delay&quot;:0}\"  itemprop=\"image\" itemscope=\"itemscope\" itemtype=\"https:\/\/schema.org\/ImageObject\" ><ul class='avia-slideshow-inner' style='padding-bottom: 100%;'><li  class='avia-slideshow-slide av-1apnmu-8949483404195608f6263ca7477c5723__0  slide-1 slide-odd'><div data-rel='slideshow-5' class='avia-slide-wrap'   ><img decoding=\"async\" fetchpriority=\"high\" class=\"wp-image-3782 avia-img-lazy-loading-not-3782\"  src=\"https:\/\/freiheitsdenkmal-leipzig.de\/wp-content\/uploads\/2023\/04\/INSTA23_410_Hana_s1-1030x1030.jpg\" width=\"1030\" height=\"1030\" title='INSTA23_410_Hana_s1' alt=''  itemprop=\"thumbnailUrl\" srcset=\"https:\/\/freiheitsdenkmal-leipzig.de\/wp-content\/uploads\/2023\/04\/INSTA23_410_Hana_s1-1030x1030.jpg 1030w, https:\/\/freiheitsdenkmal-leipzig.de\/wp-content\/uploads\/2023\/04\/INSTA23_410_Hana_s1-300x300.jpg 300w, https:\/\/freiheitsdenkmal-leipzig.de\/wp-content\/uploads\/2023\/04\/INSTA23_410_Hana_s1-80x80.jpg 80w, https:\/\/freiheitsdenkmal-leipzig.de\/wp-content\/uploads\/2023\/04\/INSTA23_410_Hana_s1-768x768.jpg 768w, https:\/\/freiheitsdenkmal-leipzig.de\/wp-content\/uploads\/2023\/04\/INSTA23_410_Hana_s1-12x12.jpg 12w, https:\/\/freiheitsdenkmal-leipzig.de\/wp-content\/uploads\/2023\/04\/INSTA23_410_Hana_s1-36x36.jpg 36w, https:\/\/freiheitsdenkmal-leipzig.de\/wp-content\/uploads\/2023\/04\/INSTA23_410_Hana_s1-180x180.jpg 180w, https:\/\/freiheitsdenkmal-leipzig.de\/wp-content\/uploads\/2023\/04\/INSTA23_410_Hana_s1-705x705.jpg 705w, https:\/\/freiheitsdenkmal-leipzig.de\/wp-content\/uploads\/2023\/04\/INSTA23_410_Hana_s1.jpg 1080w\" sizes=\"(max-width: 1030px) 100vw, 1030px\" \/><\/div><\/li><li  class='avia-slideshow-slide av-1apnmu-8949483404195608f6263ca7477c5723__1  slide-2 slide-even'><div data-rel='slideshow-5' class='avia-slide-wrap'   ><img decoding=\"async\" fetchpriority=\"high\" class=\"wp-image-3783 avia-img-lazy-loading-not-3783\"  src=\"https:\/\/freiheitsdenkmal-leipzig.de\/wp-content\/uploads\/2023\/04\/INSTA23_410_Hana_s2-1030x1030.jpg\" width=\"1030\" height=\"1030\" title='INSTA23_410_Hana_s2' alt=''  itemprop=\"thumbnailUrl\" srcset=\"https:\/\/freiheitsdenkmal-leipzig.de\/wp-content\/uploads\/2023\/04\/INSTA23_410_Hana_s2-1030x1030.jpg 1030w, https:\/\/freiheitsdenkmal-leipzig.de\/wp-content\/uploads\/2023\/04\/INSTA23_410_Hana_s2-300x300.jpg 300w, https:\/\/freiheitsdenkmal-leipzig.de\/wp-content\/uploads\/2023\/04\/INSTA23_410_Hana_s2-80x80.jpg 80w, https:\/\/freiheitsdenkmal-leipzig.de\/wp-content\/uploads\/2023\/04\/INSTA23_410_Hana_s2-768x768.jpg 768w, https:\/\/freiheitsdenkmal-leipzig.de\/wp-content\/uploads\/2023\/04\/INSTA23_410_Hana_s2-12x12.jpg 12w, https:\/\/freiheitsdenkmal-leipzig.de\/wp-content\/uploads\/2023\/04\/INSTA23_410_Hana_s2-36x36.jpg 36w, https:\/\/freiheitsdenkmal-leipzig.de\/wp-content\/uploads\/2023\/04\/INSTA23_410_Hana_s2-180x180.jpg 180w, https:\/\/freiheitsdenkmal-leipzig.de\/wp-content\/uploads\/2023\/04\/INSTA23_410_Hana_s2-705x705.jpg 705w, https:\/\/freiheitsdenkmal-leipzig.de\/wp-content\/uploads\/2023\/04\/INSTA23_410_Hana_s2.jpg 1080w\" sizes=\"(max-width: 1030px) 100vw, 1030px\" \/><\/div><\/li><li  class='avia-slideshow-slide av-1apnmu-8949483404195608f6263ca7477c5723__2  slide-3 slide-odd'><div data-rel='slideshow-5' class='avia-slide-wrap'   ><img decoding=\"async\" fetchpriority=\"high\" class=\"wp-image-3784 avia-img-lazy-loading-not-3784\"  src=\"https:\/\/freiheitsdenkmal-leipzig.de\/wp-content\/uploads\/2023\/04\/INSTA23_410_Hana_s3-1030x1030.jpg\" width=\"1030\" height=\"1030\" title='INSTA23_410_Hana_s3' alt=''  itemprop=\"thumbnailUrl\" srcset=\"https:\/\/freiheitsdenkmal-leipzig.de\/wp-content\/uploads\/2023\/04\/INSTA23_410_Hana_s3-1030x1030.jpg 1030w, https:\/\/freiheitsdenkmal-leipzig.de\/wp-content\/uploads\/2023\/04\/INSTA23_410_Hana_s3-300x300.jpg 300w, https:\/\/freiheitsdenkmal-leipzig.de\/wp-content\/uploads\/2023\/04\/INSTA23_410_Hana_s3-80x80.jpg 80w, https:\/\/freiheitsdenkmal-leipzig.de\/wp-content\/uploads\/2023\/04\/INSTA23_410_Hana_s3-768x768.jpg 768w, https:\/\/freiheitsdenkmal-leipzig.de\/wp-content\/uploads\/2023\/04\/INSTA23_410_Hana_s3-12x12.jpg 12w, https:\/\/freiheitsdenkmal-leipzig.de\/wp-content\/uploads\/2023\/04\/INSTA23_410_Hana_s3-36x36.jpg 36w, https:\/\/freiheitsdenkmal-leipzig.de\/wp-content\/uploads\/2023\/04\/INSTA23_410_Hana_s3-180x180.jpg 180w, https:\/\/freiheitsdenkmal-leipzig.de\/wp-content\/uploads\/2023\/04\/INSTA23_410_Hana_s3-705x705.jpg 705w, https:\/\/freiheitsdenkmal-leipzig.de\/wp-content\/uploads\/2023\/04\/INSTA23_410_Hana_s3.jpg 1080w\" sizes=\"(max-width: 1030px) 100vw, 1030px\" \/><\/div><\/li><li  class='avia-slideshow-slide av-1apnmu-8949483404195608f6263ca7477c5723__3  slide-4 slide-even'><div data-rel='slideshow-5' class='avia-slide-wrap'   ><img decoding=\"async\" fetchpriority=\"high\" class=\"wp-image-3785 avia-img-lazy-loading-not-3785\"  src=\"https:\/\/freiheitsdenkmal-leipzig.de\/wp-content\/uploads\/2023\/04\/INSTA23_410_Hana_s4-1030x1030.jpg\" width=\"1030\" height=\"1030\" title='INSTA23_410_Hana_s4' alt=''  itemprop=\"thumbnailUrl\" srcset=\"https:\/\/freiheitsdenkmal-leipzig.de\/wp-content\/uploads\/2023\/04\/INSTA23_410_Hana_s4-1030x1030.jpg 1030w, https:\/\/freiheitsdenkmal-leipzig.de\/wp-content\/uploads\/2023\/04\/INSTA23_410_Hana_s4-300x300.jpg 300w, https:\/\/freiheitsdenkmal-leipzig.de\/wp-content\/uploads\/2023\/04\/INSTA23_410_Hana_s4-80x80.jpg 80w, https:\/\/freiheitsdenkmal-leipzig.de\/wp-content\/uploads\/2023\/04\/INSTA23_410_Hana_s4-768x768.jpg 768w, https:\/\/freiheitsdenkmal-leipzig.de\/wp-content\/uploads\/2023\/04\/INSTA23_410_Hana_s4-12x12.jpg 12w, https:\/\/freiheitsdenkmal-leipzig.de\/wp-content\/uploads\/2023\/04\/INSTA23_410_Hana_s4-36x36.jpg 36w, https:\/\/freiheitsdenkmal-leipzig.de\/wp-content\/uploads\/2023\/04\/INSTA23_410_Hana_s4-180x180.jpg 180w, https:\/\/freiheitsdenkmal-leipzig.de\/wp-content\/uploads\/2023\/04\/INSTA23_410_Hana_s4-705x705.jpg 705w, https:\/\/freiheitsdenkmal-leipzig.de\/wp-content\/uploads\/2023\/04\/INSTA23_410_Hana_s4.jpg 1080w\" sizes=\"(max-width: 1030px) 100vw, 1030px\" \/><\/div><\/li><li  class='avia-slideshow-slide av-1apnmu-8949483404195608f6263ca7477c5723__4  slide-5 slide-odd'><div data-rel='slideshow-5' class='avia-slide-wrap'   ><img decoding=\"async\" fetchpriority=\"high\" class=\"wp-image-3786 avia-img-lazy-loading-not-3786\"  src=\"https:\/\/freiheitsdenkmal-leipzig.de\/wp-content\/uploads\/2023\/04\/INSTA23_410_Hana_s5-1030x1030.jpg\" width=\"1030\" height=\"1030\" title='INSTA23_410_Hana_s5' alt=''  itemprop=\"thumbnailUrl\" srcset=\"https:\/\/freiheitsdenkmal-leipzig.de\/wp-content\/uploads\/2023\/04\/INSTA23_410_Hana_s5-1030x1030.jpg 1030w, https:\/\/freiheitsdenkmal-leipzig.de\/wp-content\/uploads\/2023\/04\/INSTA23_410_Hana_s5-300x300.jpg 300w, https:\/\/freiheitsdenkmal-leipzig.de\/wp-content\/uploads\/2023\/04\/INSTA23_410_Hana_s5-80x80.jpg 80w, https:\/\/freiheitsdenkmal-leipzig.de\/wp-content\/uploads\/2023\/04\/INSTA23_410_Hana_s5-768x768.jpg 768w, https:\/\/freiheitsdenkmal-leipzig.de\/wp-content\/uploads\/2023\/04\/INSTA23_410_Hana_s5-12x12.jpg 12w, https:\/\/freiheitsdenkmal-leipzig.de\/wp-content\/uploads\/2023\/04\/INSTA23_410_Hana_s5-36x36.jpg 36w, https:\/\/freiheitsdenkmal-leipzig.de\/wp-content\/uploads\/2023\/04\/INSTA23_410_Hana_s5-180x180.jpg 180w, https:\/\/freiheitsdenkmal-leipzig.de\/wp-content\/uploads\/2023\/04\/INSTA23_410_Hana_s5-705x705.jpg 705w, https:\/\/freiheitsdenkmal-leipzig.de\/wp-content\/uploads\/2023\/04\/INSTA23_410_Hana_s5.jpg 1080w\" sizes=\"(max-width: 1030px) 100vw, 1030px\" \/><\/div><\/li><\/ul><div class='avia-slideshow-arrows avia-slideshow-controls' ><a href='#prev' class='prev-slide' aria-hidden='true' data-av_icon='\ue87c' data-av_iconfont='entypo-fontello'  tabindex='-1'>Previous<\/a><a href='#next' class='next-slide' aria-hidden='true' data-av_icon='\ue87d' data-av_iconfont='entypo-fontello'  tabindex='-1'>Next<\/a><\/div><div class='avia-slideshow-dots avia-slideshow-controls'><a href='#1' class='goto-slide active' >1<\/a><a href='#2' class='goto-slide' >2<\/a><a href='#3' class='goto-slide' >3<\/a><a href='#4' class='goto-slide' >4<\/a><a href='#5' class='goto-slide' >5<\/a><\/div><\/div><\/div><\/div><!--close column table wrapper. Autoclose: 1 -->\n<div  class='hr av-ae5f2-435e3fdf8d1cd9fcf607d080143521c1 hr-default  avia-builder-el-68  el_after_av_one_third  el_before_av_two_third'><span class='hr-inner'><span class=\"hr-inner-style\"><\/span><\/span><\/div>\n<div class='flex_column_table av-141slq-f4c386502c433fbbbfc69cfcab0cfa23 sc-av_two_third av-equal-height-column-flextable'>\n<style type=\"text\/css\" data-created_by=\"avia_inline_auto\" id=\"style-css-av-141slq-f4c386502c433fbbbfc69cfcab0cfa23\">\n.flex_column.av-141slq-f4c386502c433fbbbfc69cfcab0cfa23{\nwidth:66%;\nmargin-left:0;\nborder-radius:0px 0px 0px 0px;\npadding:0px 0px 0px 0px;\n}\n#top .flex_column_table.av-equal-height-column-flextable.av-141slq-f4c386502c433fbbbfc69cfcab0cfa23 .av-flex-placeholder{\nwidth:2%;\n}\n<\/style>\n<div  class='flex_column av-141slq-f4c386502c433fbbbfc69cfcab0cfa23 av_two_third  avia-builder-el-69  el_after_av_hr  el_before_av_one_third  first flex_column_table_cell av-equal-height-column av-align-middle av-zero-column-padding'     ><section  class='av_textblock_section av-zc4ku-1f2e893f016fd0b63dfbd753301e753a'   itemscope=\"itemscope\" itemtype=\"https:\/\/schema.org\/CreativeWork\" ><div class='avia_textblock'  itemprop=\"text\" ><h4><strong>14.04.2023<\/strong><\/h4>\n<h4>\u201aKehraus\u2018-Trilogie im Cinema Casino am 18. April<\/h4>\n<div class=\"innerTeaser\">\n<div class=\"teaserInfoWrapper\">\n<div class=\"shortInfos\">\n<p>Am Dienstag, den 18.4., ist um 18 Uhr wieder Cinema Casino Zeit in der DenkmalWerkstatt Kupfergasse 2.<\/p>\n<p>Unser Zeitgeschichtskino geht mit der \u201aKehraus\u2018-Trilogie von Gerd Kroske in die zweite April-Vorstellung. Und: Wir erwarten Regisseur Gerd Kroske zum Gespr\u00e4ch.<\/p>\n<ul>\n<li>6 p.m. <strong>Kehraus<\/strong>, 1990, 30 Min \/ <strong>Kehrein, Kehraus<\/strong>, 1996, 70 Min<\/li>\n<li>40 Uhr Pause: Gespr\u00e4ch mit Regisseur <strong>Gerd Kroske<\/strong> with snacks &amp; drinks<\/li>\n<li>30 Uhr <strong>Kehraus, wieder<\/strong>, 2006, 100 Min<\/li>\n<\/ul>\n<p><a href=\"https:\/\/freiheitsdenkmal-leipzig.de\/wp-content\/uploads\/2023\/04\/Kehraus-Trilogie.pdf\" target=\"_blank\" rel=\"noopener\"><strong>Infos zur \u201aKehraus\u2018-Trilogie<\/strong><\/a><\/p>\n<\/div>\n<\/div>\n<\/div>\n<\/div><\/section><\/div>\n<div class='av-flex-placeholder'><\/div>\n<style type=\"text\/css\" data-created_by=\"avia_inline_auto\" id=\"style-css-av-jacfa-611f7d74df54616abc0de149e82cc5fe\">\n.flex_column.av-jacfa-611f7d74df54616abc0de149e82cc5fe{\nwidth:32%;\nmargin-left:0;\n}\n#top .flex_column_table.av-equal-height-column-flextable.av-jacfa-611f7d74df54616abc0de149e82cc5fe .av-flex-placeholder{\nwidth:2%;\n}\n<\/style>\n<div  class='flex_column av-jacfa-611f7d74df54616abc0de149e82cc5fe av_one_third  avia-builder-el-71  el_after_av_two_third  el_before_av_hr  flex_column_table_cell av-equal-height-column av-align-middle'     ><style type=\"text\/css\" data-created_by=\"avia_inline_auto\" id=\"style-css-av-e7ax2-7e6819e3b9fe084946bca0e445761c19\">\n.avia-image-container.av-e7ax2-7e6819e3b9fe084946bca0e445761c19 img.avia_image{\nbox-shadow:none;\n}\n.avia-image-container.av-e7ax2-7e6819e3b9fe084946bca0e445761c19 .av-image-caption-overlay-center{\ncolor:#ffffff;\n}\n<\/style>\n<div  class='avia-image-container av-e7ax2-7e6819e3b9fe084946bca0e445761c19 av-styling- avia-align-center  avia-builder-el-72  avia-builder-el-no-sibling'   itemprop=\"image\" itemscope=\"itemscope\" itemtype=\"https:\/\/schema.org\/ImageObject\" ><div class=\"avia-image-container-inner\"><div class=\"avia-image-overlay-wrap\"><img decoding=\"async\" fetchpriority=\"high\" class='wp-image-3750 avia-img-lazy-loading-not-3750 avia_image' src=\"https:\/\/freiheitsdenkmal-leipzig.de\/wp-content\/uploads\/2023\/04\/KEHR_10_Copyright_DEFA-Stiftung_Gerd_Kroske-300x296.jpg\" alt='' title='KEHR_10_Copyright_DEFA-Stiftung_Gerd_Kroske'  height=\"296\" width=\"300\"  itemprop=\"thumbnailUrl\" srcset=\"https:\/\/freiheitsdenkmal-leipzig.de\/wp-content\/uploads\/2023\/04\/KEHR_10_Copyright_DEFA-Stiftung_Gerd_Kroske-300x296.jpg 300w, https:\/\/freiheitsdenkmal-leipzig.de\/wp-content\/uploads\/2023\/04\/KEHR_10_Copyright_DEFA-Stiftung_Gerd_Kroske-1030x1017.jpg 1030w, https:\/\/freiheitsdenkmal-leipzig.de\/wp-content\/uploads\/2023\/04\/KEHR_10_Copyright_DEFA-Stiftung_Gerd_Kroske-80x80.jpg 80w, https:\/\/freiheitsdenkmal-leipzig.de\/wp-content\/uploads\/2023\/04\/KEHR_10_Copyright_DEFA-Stiftung_Gerd_Kroske-768x758.jpg 768w, https:\/\/freiheitsdenkmal-leipzig.de\/wp-content\/uploads\/2023\/04\/KEHR_10_Copyright_DEFA-Stiftung_Gerd_Kroske-12x12.jpg 12w, https:\/\/freiheitsdenkmal-leipzig.de\/wp-content\/uploads\/2023\/04\/KEHR_10_Copyright_DEFA-Stiftung_Gerd_Kroske-36x36.jpg 36w, https:\/\/freiheitsdenkmal-leipzig.de\/wp-content\/uploads\/2023\/04\/KEHR_10_Copyright_DEFA-Stiftung_Gerd_Kroske-705x696.jpg 705w, https:\/\/freiheitsdenkmal-leipzig.de\/wp-content\/uploads\/2023\/04\/KEHR_10_Copyright_DEFA-Stiftung_Gerd_Kroske.jpg 1380w\" sizes=\"(max-width: 300px) 100vw, 300px\" \/><\/div><\/div><\/div><\/div><\/div><!--close column table wrapper. Autoclose: 1 -->\n<div  class='hr av-2nyva6-1ec37582dfd0a51941f4b67c6d783064 hr-default  avia-builder-el-73  el_after_av_one_third  el_before_av_two_third'><span class='hr-inner'><span class=\"hr-inner-style\"><\/span><\/span><\/div>\n<div class='flex_column_table av-3ejjq-f18086c807aa0d4472bc6eb80510e06e sc-av_two_third av-equal-height-column-flextable'>\n<style type=\"text\/css\" data-created_by=\"avia_inline_auto\" id=\"style-css-av-3ejjq-f18086c807aa0d4472bc6eb80510e06e\">\n.flex_column.av-3ejjq-f18086c807aa0d4472bc6eb80510e06e{\nwidth:66%;\nmargin-left:0;\nborder-radius:0px 0px 0px 0px;\npadding:0px 0px 0px 0px;\n}\n#top .flex_column_table.av-equal-height-column-flextable.av-3ejjq-f18086c807aa0d4472bc6eb80510e06e .av-flex-placeholder{\nwidth:2%;\n}\n<\/style>\n<div  class='flex_column av-3ejjq-f18086c807aa0d4472bc6eb80510e06e av_two_third  avia-builder-el-74  el_after_av_hr  el_before_av_one_fourth  first flex_column_table_cell av-equal-height-column av-align-middle av-zero-column-padding'     ><section  class='av_textblock_section av-s7i5i-78d72cc4a56e81ab2c88a95f3fdf1270'   itemscope=\"itemscope\" itemtype=\"https:\/\/schema.org\/CreativeWork\" ><div class='avia_textblock'  itemprop=\"text\" ><h4><strong>05.04.2023<\/strong><\/h4>\n<h4>Werkstatt-Caf\u00e9 am 6. April<\/h4>\n<p>Am Donnerstag, den 6. April, findet von 15 bis 17 Uhr wieder ein Werkstatt-Caf\u00e9 in der Kupfergasse 2 statt.<br \/>\nDieses Mal im Mittelpunkt: Die Ausstellung \u201eUmbruch Ost\u201c, herausgeben von der Bundesstiftung zur Aufarbeitung SED-Diktatur und dem Ostbeauftragte der Bundesregierung.<br \/>\nDie Ausstellung besch\u00e4ftigt sich auf 23 Text- und Bildtafeln mit den Umbruchserfahrungen der Ostdeutschen.<br \/>\nNat\u00fcrlich gibt es auch wieder Kaffee und Kuchen!<br \/>\nWir freuen uns auf Sie!<\/p>\n<div class=\"innerTeaser\">\n<div class=\"teaserInfoWrapper\">\n<div class=\"shortInfos\"><em>\u00a0<\/em><\/div>\n<\/div>\n<\/div>\n<\/div><\/section><\/div>\n<div class='av-flex-placeholder'><\/div>\n<style type=\"text\/css\" data-created_by=\"avia_inline_auto\" id=\"style-css-av-ljyp2-b6b846546539e053c699266d6a1d10b3\">\n.flex_column.av-ljyp2-b6b846546539e053c699266d6a1d10b3{\nwidth:23.5%;\nmargin-left:0;\n}\n#top .flex_column_table.av-equal-height-column-flextable.av-ljyp2-b6b846546539e053c699266d6a1d10b3 .av-flex-placeholder{\nwidth:2%;\n}\n<\/style>\n<div  class='flex_column av-ljyp2-b6b846546539e053c699266d6a1d10b3 av_one_fourth  avia-builder-el-76  el_after_av_two_third  el_before_av_hr  flex_column_table_cell av-equal-height-column av-align-middle'     ><style type=\"text\/css\" data-created_by=\"avia_inline_auto\" id=\"style-css-av-htjym-8ada243fc549690030d9814c40c34732\">\n.avia-image-container.av-htjym-8ada243fc549690030d9814c40c34732 img.avia_image{\nbox-shadow:none;\n}\n.avia-image-container.av-htjym-8ada243fc549690030d9814c40c34732 .av-image-caption-overlay-center{\ncolor:#ffffff;\n}\n<\/style>\n<div  class='avia-image-container av-htjym-8ada243fc549690030d9814c40c34732 av-styling- avia-align-center  avia-builder-el-77  avia-builder-el-no-sibling'   itemprop=\"image\" itemscope=\"itemscope\" itemtype=\"https:\/\/schema.org\/ImageObject\" ><div class=\"avia-image-container-inner\"><div class=\"avia-image-overlay-wrap\"><img decoding=\"async\" fetchpriority=\"high\" class='wp-image-3740 avia-img-lazy-loading-not-3740 avia_image' src=\"https:\/\/freiheitsdenkmal-leipzig.de\/wp-content\/uploads\/2023\/04\/Kopie-von-Kopie-von-Coffee-Coffee-Shop-Minimal-Instagram-Post.png\" alt='' title='Kopie von Kopie von Coffee Coffee Shop Minimal Instagram Post'  height=\"1080\" width=\"1080\"  itemprop=\"thumbnailUrl\" srcset=\"https:\/\/freiheitsdenkmal-leipzig.de\/wp-content\/uploads\/2023\/04\/Kopie-von-Kopie-von-Coffee-Coffee-Shop-Minimal-Instagram-Post.png 1080w, https:\/\/freiheitsdenkmal-leipzig.de\/wp-content\/uploads\/2023\/04\/Kopie-von-Kopie-von-Coffee-Coffee-Shop-Minimal-Instagram-Post-300x300.png 300w, https:\/\/freiheitsdenkmal-leipzig.de\/wp-content\/uploads\/2023\/04\/Kopie-von-Kopie-von-Coffee-Coffee-Shop-Minimal-Instagram-Post-1030x1030.png 1030w, https:\/\/freiheitsdenkmal-leipzig.de\/wp-content\/uploads\/2023\/04\/Kopie-von-Kopie-von-Coffee-Coffee-Shop-Minimal-Instagram-Post-80x80.png 80w, https:\/\/freiheitsdenkmal-leipzig.de\/wp-content\/uploads\/2023\/04\/Kopie-von-Kopie-von-Coffee-Coffee-Shop-Minimal-Instagram-Post-768x768.png 768w, https:\/\/freiheitsdenkmal-leipzig.de\/wp-content\/uploads\/2023\/04\/Kopie-von-Kopie-von-Coffee-Coffee-Shop-Minimal-Instagram-Post-12x12.png 12w, https:\/\/freiheitsdenkmal-leipzig.de\/wp-content\/uploads\/2023\/04\/Kopie-von-Kopie-von-Coffee-Coffee-Shop-Minimal-Instagram-Post-36x36.png 36w, https:\/\/freiheitsdenkmal-leipzig.de\/wp-content\/uploads\/2023\/04\/Kopie-von-Kopie-von-Coffee-Coffee-Shop-Minimal-Instagram-Post-180x180.png 180w, https:\/\/freiheitsdenkmal-leipzig.de\/wp-content\/uploads\/2023\/04\/Kopie-von-Kopie-von-Coffee-Coffee-Shop-Minimal-Instagram-Post-705x705.png 705w\" sizes=\"(max-width: 1080px) 100vw, 1080px\" \/><\/div><\/div><\/div><\/div><\/div><!--close column table wrapper. Autoclose: 1 -->\n<div  class='hr av-9cnvq-495cdb8460d7f6cc62bdceb94680a2ca hr-default  avia-builder-el-78  el_after_av_one_fourth  el_before_av_two_third'><span class='hr-inner'><span class=\"hr-inner-style\"><\/span><\/span><\/div>\n<div class='flex_column_table av-xlr7i-98d9794dfab12676d2cf0f62a8299efe sc-av_two_third av-equal-height-column-flextable'>\n<style type=\"text\/css\" data-created_by=\"avia_inline_auto\" id=\"style-css-av-xlr7i-98d9794dfab12676d2cf0f62a8299efe\">\n.flex_column.av-xlr7i-98d9794dfab12676d2cf0f62a8299efe{\nwidth:66%;\nmargin-left:0;\nborder-radius:0px 0px 0px 0px;\npadding:0px 0px 0px 0px;\n}\n#top .flex_column_table.av-equal-height-column-flextable.av-xlr7i-98d9794dfab12676d2cf0f62a8299efe .av-flex-placeholder{\nwidth:2%;\n}\n<\/style>\n<div  class='flex_column av-xlr7i-98d9794dfab12676d2cf0f62a8299efe av_two_third  avia-builder-el-79  el_after_av_hr  el_before_av_one_third  first flex_column_table_cell av-equal-height-column av-align-middle av-zero-column-padding'     ><section  class='av_textblock_section av-rd1pa-8219a6c6c10bd4481e9e837c67da89ef'   itemscope=\"itemscope\" itemtype=\"https:\/\/schema.org\/CreativeWork\" ><div class='avia_textblock'  itemprop=\"text\" ><h4><strong>04.04.2023<\/strong><\/h4>\n<h4>Cinema Casino startet heute!<\/h4>\n<p>Endlich ist es soweit! Heute er\u00f6ffnen wir das Cinema Casino!<br \/>\nUnser Zeitgeschichtskino im Raum des alten Casino-Kinos startet heute, am 4.4., mit diesem Programm:<\/p>\n<ul>\n<li>6 p.m. Short film on the former film art theatre Casino<\/li>\n<li>7 pm Break: Talk with Angela Seidel, Managing Director Cinematheque e.V. and Sven W\u00f6rner, Film Curator with snacks &amp; drinks.<\/li>\n<li>20 Uhr Leipzig im Herbst* (Andreas Voigt &amp; Gerd Kroske), 1989, 54 Min<\/li>\n<\/ul>\n<p style=\"padding-left: 40px;\"><em>*Leipzig im Herbst<\/em><br \/>\n<em>\u201aLeipzig im Herbst\u2018 schildert die Friedliche Revolution in Leipzig 1989 hautnah \u2012 und als deren Ausgang noch nicht wirklich feststand. Der Dokumentarfilm zeigt in Echtzeit den Umbruch in der DDR in den wenigen Wochen von Oktober 1989 bis kurz vor dem Fall der Mauer. In Interviews \u00e4u\u00dfern sich Menschen auf der Stra\u00dfe, in Fabriken, an runden Tischen und in Gef\u00e4ngnissen sowie Volkspolizisten und DDR-Funktion\u00e4re. Ein faszinierendes Zeitdokument!<\/em><\/p>\n<div class=\"innerTeaser\">\n<div class=\"teaserInfoWrapper\">\n<div class=\"shortInfos\"><em>\u00a0<\/em><\/div>\n<\/div>\n<\/div>\n<\/div><\/section><\/div>\n<div class='av-flex-placeholder'><\/div>\n<style type=\"text\/css\" data-created_by=\"avia_inline_auto\" id=\"style-css-av-m37li-90098e89dcf8d6a89c8a465db7b069af\">\n.flex_column.av-m37li-90098e89dcf8d6a89c8a465db7b069af{\nwidth:32%;\nmargin-left:0;\n}\n#top .flex_column_table.av-equal-height-column-flextable.av-m37li-90098e89dcf8d6a89c8a465db7b069af .av-flex-placeholder{\nwidth:2%;\n}\n<\/style>\n<div  class='flex_column av-m37li-90098e89dcf8d6a89c8a465db7b069af av_one_third  avia-builder-el-81  el_after_av_two_third  el_before_av_hr  flex_column_table_cell av-equal-height-column av-align-middle'     ><style type=\"text\/css\" data-created_by=\"avia_inline_auto\" id=\"style-css-av-cojgu-8f5aff0b77d8b8b90be35fcbd88517c7\">\n.avia-image-container.av-cojgu-8f5aff0b77d8b8b90be35fcbd88517c7 img.avia_image{\nbox-shadow:none;\n}\n.avia-image-container.av-cojgu-8f5aff0b77d8b8b90be35fcbd88517c7 .av-image-caption-overlay-center{\ncolor:#ffffff;\n}\n<\/style>\n<div  class='avia-image-container av-cojgu-8f5aff0b77d8b8b90be35fcbd88517c7 av-styling- avia-align-center  avia-builder-el-82  avia-builder-el-no-sibling  av-has-copyright av-copyright-always'   itemprop=\"image\" itemscope=\"itemscope\" itemtype=\"https:\/\/schema.org\/ImageObject\" ><div class=\"avia-image-container-inner\"><div class=\"avia-image-overlay-wrap\"><img decoding=\"async\" fetchpriority=\"high\" class='wp-image-3735 avia-img-lazy-loading-not-3735 avia_image' src=\"https:\/\/freiheitsdenkmal-leipzig.de\/wp-content\/uploads\/2023\/04\/LEIP89_3_Copyright_DEFA_Stiftung1.jpg\" alt='' title='LEIP89_3_Copyright_DEFA_Stiftung[1]'  height=\"1527\" width=\"1544\"  itemprop=\"thumbnailUrl\" srcset=\"https:\/\/freiheitsdenkmal-leipzig.de\/wp-content\/uploads\/2023\/04\/LEIP89_3_Copyright_DEFA_Stiftung1.jpg 1544w, https:\/\/freiheitsdenkmal-leipzig.de\/wp-content\/uploads\/2023\/04\/LEIP89_3_Copyright_DEFA_Stiftung1-300x297.jpg 300w, https:\/\/freiheitsdenkmal-leipzig.de\/wp-content\/uploads\/2023\/04\/LEIP89_3_Copyright_DEFA_Stiftung1-1030x1019.jpg 1030w, https:\/\/freiheitsdenkmal-leipzig.de\/wp-content\/uploads\/2023\/04\/LEIP89_3_Copyright_DEFA_Stiftung1-80x80.jpg 80w, https:\/\/freiheitsdenkmal-leipzig.de\/wp-content\/uploads\/2023\/04\/LEIP89_3_Copyright_DEFA_Stiftung1-768x760.jpg 768w, https:\/\/freiheitsdenkmal-leipzig.de\/wp-content\/uploads\/2023\/04\/LEIP89_3_Copyright_DEFA_Stiftung1-1536x1519.jpg 1536w, https:\/\/freiheitsdenkmal-leipzig.de\/wp-content\/uploads\/2023\/04\/LEIP89_3_Copyright_DEFA_Stiftung1-12x12.jpg 12w, https:\/\/freiheitsdenkmal-leipzig.de\/wp-content\/uploads\/2023\/04\/LEIP89_3_Copyright_DEFA_Stiftung1-36x36.jpg 36w, https:\/\/freiheitsdenkmal-leipzig.de\/wp-content\/uploads\/2023\/04\/LEIP89_3_Copyright_DEFA_Stiftung1-1500x1483.jpg 1500w, https:\/\/freiheitsdenkmal-leipzig.de\/wp-content\/uploads\/2023\/04\/LEIP89_3_Copyright_DEFA_Stiftung1-705x697.jpg 705w\" sizes=\"(max-width: 1544px) 100vw, 1544px\" \/><\/div><small class=\"avia-copyright\">Szenenphoto: Leipzig im Herbst, Deutsche Demokratische Republik (DDR) 1989. Alle Rechte vorbehalten<\/small><\/div><\/div><\/div><\/div><!--close column table wrapper. Autoclose: 1 -->\n<div  class='hr av-2dzu4m-ac7d23232faa8be7788edc406babc09a hr-default  avia-builder-el-83  el_after_av_one_third  el_before_av_two_third'><span class='hr-inner'><span class=\"hr-inner-style\"><\/span><\/span><\/div>\n<div class='flex_column_table av-uwmam-58c1a83630e3b3b24c540cce019eef6a sc-av_two_third av-equal-height-column-flextable'>\n<style type=\"text\/css\" data-created_by=\"avia_inline_auto\" id=\"style-css-av-uwmam-58c1a83630e3b3b24c540cce019eef6a\">\n.flex_column.av-uwmam-58c1a83630e3b3b24c540cce019eef6a{\nwidth:66%;\nmargin-left:0;\nborder-radius:0px 0px 0px 0px;\npadding:0px 0px 0px 0px;\n}\n#top .flex_column_table.av-equal-height-column-flextable.av-uwmam-58c1a83630e3b3b24c540cce019eef6a .av-flex-placeholder{\nwidth:2%;\n}\n<\/style>\n<div  class='flex_column av-uwmam-58c1a83630e3b3b24c540cce019eef6a av_two_third  avia-builder-el-84  el_after_av_hr  el_before_av_one_third  first flex_column_table_cell av-equal-height-column av-align-middle av-zero-column-padding'     ><section  class='av_textblock_section av-2icli-7b74929caa91afeb5fa3a4c3057339c9'   itemscope=\"itemscope\" itemtype=\"https:\/\/schema.org\/CreativeWork\" ><div class='avia_textblock'  itemprop=\"text\" ><h4><strong>30.03.2023<\/strong><\/h4>\n<h4>Ausstellung \u201eUmbruch Ost\u201c in der DenkmalWerkstatt<\/h4>\n<p class=\"_aacl _aaco _aacu _aacx _aad7 _aade\">Zur Zeit zeigen wir in der DenkmalWerkstatt die Ausstellung \u201eUmbruch Ost\u201c.<br \/>\nAm Donnerstag, den 6.4., m\u00f6chten wir zum Werkstatt-Caf\u00e9 mit unseren G\u00e4sten \u00fcber die Ausstellung und den \u201eUmbruch Ost\u201c sprechen.<\/p>\n<p>Die Ausstellung wurde herausgeben von der Bundesstiftung zur Aufarbeitung SED-Diktatur und dem Ostbeauftragte der Bundesregierung. \u201eUmbruch Ost\u201c wirft Schlaglichter auf 30 Jahre deutsche Einheit. Im Zentrum stehen dabei die Umbruchserfahrungen der Ostdeutschen. Die Schau thematisiert auf 23 Tafeln mit Bildern und Texten die Erwartungen und das Vertrauen, das die Ostdeutschen mit der Wiedervereinigung verbunden hatten. Sie ruft die innerdeutsche Solidarit\u00e4t und Hilfsbereitschaft in Erinnerung. Die Schau erz\u00e4hlt von den Neuanf\u00e4ngen und Aufbr\u00fcchen, wie auch vom Willen, die SED-Diktatur aufzuarbeiten. Sie dokumentiert die Verzweiflung, die mit dem wirtschaftlichen Zusammenbruch und dem Anstieg der Arbeitslosigkeit einherging und die Verlusterfahrungen und \u00c4ngste, die die 1990er Jahre in Ostdeutschland pr\u00e4gten. Themen sind die Gleichzeitigkeit von Sanierung und R\u00fcckbau der ostdeutschen St\u00e4dte, die Situation der Frauen und Familien, eine Jugendkultur zwischen Techno, Punk und Rechtsradikalismus.<\/p>\n<div class=\"innerTeaser\">\n<div class=\"teaserInfoWrapper\">\n<div class=\"shortInfos\"><\/div>\n<\/div>\n<\/div>\n<\/div><\/section><\/div>\n<div class='av-flex-placeholder'><\/div>\n<style type=\"text\/css\" data-created_by=\"avia_inline_auto\" id=\"style-css-av-kv5y6-cc1340bd559c5cff2ccd85ae4590ae89\">\n.flex_column.av-kv5y6-cc1340bd559c5cff2ccd85ae4590ae89{\nwidth:32%;\nmargin-left:0;\n}\n#top .flex_column_table.av-equal-height-column-flextable.av-kv5y6-cc1340bd559c5cff2ccd85ae4590ae89 .av-flex-placeholder{\nwidth:2%;\n}\n<\/style>\n<div  class='flex_column av-kv5y6-cc1340bd559c5cff2ccd85ae4590ae89 av_one_third  avia-builder-el-86  el_after_av_two_third  el_before_av_hr  flex_column_table_cell av-equal-height-column av-align-middle'     ><style type=\"text\/css\" data-created_by=\"avia_inline_auto\" id=\"style-css-av-f6miu-fa0406b99aa5e8921280560181aeae49\">\n.avia-image-container.av-f6miu-fa0406b99aa5e8921280560181aeae49 img.avia_image{\nbox-shadow:none;\n}\n.avia-image-container.av-f6miu-fa0406b99aa5e8921280560181aeae49 .av-image-caption-overlay-center{\ncolor:#ffffff;\n}\n<\/style>\n<div  class='avia-image-container av-f6miu-fa0406b99aa5e8921280560181aeae49 av-styling- avia-align-center  avia-builder-el-87  avia-builder-el-no-sibling'   itemprop=\"image\" itemscope=\"itemscope\" itemtype=\"https:\/\/schema.org\/ImageObject\" ><div class=\"avia-image-container-inner\"><div class=\"avia-image-overlay-wrap\"><img decoding=\"async\" fetchpriority=\"high\" class='wp-image-3732 avia-img-lazy-loading-not-3732 avia_image' src=\"https:\/\/freiheitsdenkmal-leipzig.de\/wp-content\/uploads\/2023\/04\/Kopie-von-Kopie-von-Kopie-von-Kopie-von-Coffee-Coffee-Shop-Minimal-Instagram-Post.png\" alt='' title='Kopie von Kopie von Kopie von Kopie von Coffee Coffee Shop Minimal Instagram Post'  height=\"1080\" width=\"1080\"  itemprop=\"thumbnailUrl\" srcset=\"https:\/\/freiheitsdenkmal-leipzig.de\/wp-content\/uploads\/2023\/04\/Kopie-von-Kopie-von-Kopie-von-Kopie-von-Coffee-Coffee-Shop-Minimal-Instagram-Post.png 1080w, https:\/\/freiheitsdenkmal-leipzig.de\/wp-content\/uploads\/2023\/04\/Kopie-von-Kopie-von-Kopie-von-Kopie-von-Coffee-Coffee-Shop-Minimal-Instagram-Post-300x300.png 300w, https:\/\/freiheitsdenkmal-leipzig.de\/wp-content\/uploads\/2023\/04\/Kopie-von-Kopie-von-Kopie-von-Kopie-von-Coffee-Coffee-Shop-Minimal-Instagram-Post-1030x1030.png 1030w, https:\/\/freiheitsdenkmal-leipzig.de\/wp-content\/uploads\/2023\/04\/Kopie-von-Kopie-von-Kopie-von-Kopie-von-Coffee-Coffee-Shop-Minimal-Instagram-Post-80x80.png 80w, https:\/\/freiheitsdenkmal-leipzig.de\/wp-content\/uploads\/2023\/04\/Kopie-von-Kopie-von-Kopie-von-Kopie-von-Coffee-Coffee-Shop-Minimal-Instagram-Post-768x768.png 768w, https:\/\/freiheitsdenkmal-leipzig.de\/wp-content\/uploads\/2023\/04\/Kopie-von-Kopie-von-Kopie-von-Kopie-von-Coffee-Coffee-Shop-Minimal-Instagram-Post-12x12.png 12w, https:\/\/freiheitsdenkmal-leipzig.de\/wp-content\/uploads\/2023\/04\/Kopie-von-Kopie-von-Kopie-von-Kopie-von-Coffee-Coffee-Shop-Minimal-Instagram-Post-36x36.png 36w, https:\/\/freiheitsdenkmal-leipzig.de\/wp-content\/uploads\/2023\/04\/Kopie-von-Kopie-von-Kopie-von-Kopie-von-Coffee-Coffee-Shop-Minimal-Instagram-Post-180x180.png 180w, https:\/\/freiheitsdenkmal-leipzig.de\/wp-content\/uploads\/2023\/04\/Kopie-von-Kopie-von-Kopie-von-Kopie-von-Coffee-Coffee-Shop-Minimal-Instagram-Post-705x705.png 705w\" sizes=\"(max-width: 1080px) 100vw, 1080px\" \/><\/div><\/div><\/div><\/div><\/div><!--close column table wrapper. Autoclose: 1 -->\n<div  class='hr av-29rtwm-cc023fd5e6471888c53f9c19ad1d067d hr-default  avia-builder-el-88  el_after_av_one_third  el_before_av_two_third'><span class='hr-inner'><span class=\"hr-inner-style\"><\/span><\/span><\/div>\n\n<style type=\"text\/css\" data-created_by=\"avia_inline_auto\" id=\"style-css-av-woig6-e04daa909fff00eb0409c6e643e0a00d\">\n.flex_column.av-woig6-e04daa909fff00eb0409c6e643e0a00d{\nwidth:66%;\nborder-radius:0px 0px 0px 0px;\npadding:0px 0px 0px 0px;\n}\n<\/style>\n<div  class='flex_column av-woig6-e04daa909fff00eb0409c6e643e0a00d av_two_third  avia-builder-el-89  el_after_av_hr  el_before_av_one_third  first flex_column_div av-zero-column-padding'     ><section  class='av_textblock_section av-r771y-8c200320252ef50a06cc45ec17ad0c0b'   itemscope=\"itemscope\" itemtype=\"https:\/\/schema.org\/CreativeWork\" ><div class='avia_textblock'  itemprop=\"text\" ><h4><strong>28.03.2023<\/strong><\/h4>\n<h4>Cinema Casino-Flyer sind da!<\/h4>\n<p>Sie k\u00f6nnen sich Ihren Flyer sehr gerne w\u00e4hrend unserer Offnungszeiten am Dienstag und Donnerstag von 14 bis 17 Uhr in der DenkmalWerkstatt abholen.<br \/>\nAu\u00dferdem werden die Cinema Casino-Flyer von <a href=\"http:\/\/www.gangart.de\/?gclid=EAIaIQobChMInqa-kcb-_QIV1-F3Ch2ZfA_jEAAYASAAEgJqTPD_BwE\" target=\"_blank\" rel=\"noopener\">Gangart Werbung<\/a> in ganz Leipzig verteilt und sind \u00fcberall dort zu finden, wo Gangart Verteil-Stellen hat.<br \/>\nUnd hier online als <a href=\"https:\/\/freiheitsdenkmal-leipzig.de\/wp-content\/uploads\/2023\/03\/Casino_Kino_Flyer_druck.pdf\" target=\"_blank\" rel=\"noopener\">Programm-Flyer-PDF<\/a><\/p>\n<p>Der erste Kinoabend am 4. April r\u00fcckt immer n\u00e4her! Noch eine Woche &#8230;<\/p>\n<div class=\"innerTeaser\">\n<div class=\"teaserInfoWrapper\">\n<div class=\"shortInfos\"><\/div>\n<\/div>\n<\/div>\n<\/div><\/section><\/div>\n\n<style type=\"text\/css\" data-created_by=\"avia_inline_auto\" id=\"style-css-av-me7fi-e67f050f90330a2f145881c785f2212e\">\n.flex_column.av-me7fi-e67f050f90330a2f145881c785f2212e{\nwidth:32%;\nmargin-left:2%;\n}\n<\/style>\n<div  class='flex_column av-me7fi-e67f050f90330a2f145881c785f2212e av_one_third  avia-builder-el-91  el_after_av_two_third  el_before_av_hr  flex_column_div'     ><style type=\"text\/css\" data-created_by=\"avia_inline_auto\" id=\"style-css-av-gfp7i-487173b6827f68db0f4dd78db0370093\">\n.avia-image-container.av-gfp7i-487173b6827f68db0f4dd78db0370093 img.avia_image{\nbox-shadow:none;\n}\n.avia-image-container.av-gfp7i-487173b6827f68db0f4dd78db0370093 .av-image-caption-overlay-center{\ncolor:#ffffff;\n}\n<\/style>\n<div  class='avia-image-container av-gfp7i-487173b6827f68db0f4dd78db0370093 av-styling- avia-align-center  avia-builder-el-92  avia-builder-el-no-sibling'   itemprop=\"image\" itemscope=\"itemscope\" itemtype=\"https:\/\/schema.org\/ImageObject\" ><div class=\"avia-image-container-inner\"><div class=\"avia-image-overlay-wrap\"><img decoding=\"async\" fetchpriority=\"high\" class='wp-image-3669 avia-img-lazy-loading-not-3669 avia_image' src=\"https:\/\/freiheitsdenkmal-leipzig.de\/wp-content\/uploads\/2023\/03\/IMG-20230327-WA00001.jpg\" alt='' title='IMG-20230327-WA0000(1)'  height=\"1022\" width=\"1023\"  itemprop=\"thumbnailUrl\" srcset=\"https:\/\/freiheitsdenkmal-leipzig.de\/wp-content\/uploads\/2023\/03\/IMG-20230327-WA00001.jpg 1023w, https:\/\/freiheitsdenkmal-leipzig.de\/wp-content\/uploads\/2023\/03\/IMG-20230327-WA00001-300x300.jpg 300w, https:\/\/freiheitsdenkmal-leipzig.de\/wp-content\/uploads\/2023\/03\/IMG-20230327-WA00001-80x80.jpg 80w, https:\/\/freiheitsdenkmal-leipzig.de\/wp-content\/uploads\/2023\/03\/IMG-20230327-WA00001-768x767.jpg 768w, https:\/\/freiheitsdenkmal-leipzig.de\/wp-content\/uploads\/2023\/03\/IMG-20230327-WA00001-12x12.jpg 12w, https:\/\/freiheitsdenkmal-leipzig.de\/wp-content\/uploads\/2023\/03\/IMG-20230327-WA00001-36x36.jpg 36w, https:\/\/freiheitsdenkmal-leipzig.de\/wp-content\/uploads\/2023\/03\/IMG-20230327-WA00001-180x180.jpg 180w, https:\/\/freiheitsdenkmal-leipzig.de\/wp-content\/uploads\/2023\/03\/IMG-20230327-WA00001-705x705.jpg 705w\" sizes=\"(max-width: 1023px) 100vw, 1023px\" \/><\/div><\/div><\/div><\/div>\n<div  class='hr av-22jxfa-8ba71254e511f67f9e63fcd1038b62bc hr-default  avia-builder-el-93  el_after_av_one_third  el_before_av_three_fourth'><span class='hr-inner'><span class=\"hr-inner-style\"><\/span><\/span><\/div>\n\n<style type=\"text\/css\" data-created_by=\"avia_inline_auto\" id=\"style-css-av-uhdom-8d650973c394a519285881c024635274\">\n.flex_column.av-uhdom-8d650973c394a519285881c024635274{\nwidth:74.5%;\nborder-radius:0px 0px 0px 0px;\npadding:0px 0px 0px 0px;\n}\n<\/style>\n<div  class='flex_column av-uhdom-8d650973c394a519285881c024635274 av_three_fourth  avia-builder-el-94  el_after_av_hr  el_before_av_hr  first flex_column_div av-zero-column-padding'     ><section  class='av_textblock_section av-qwde6-0342bb63aa4c5734edc74d1181c90700'   itemscope=\"itemscope\" itemtype=\"https:\/\/schema.org\/CreativeWork\" ><div class='avia_textblock'  itemprop=\"text\" ><h4><strong>20.03.2023<\/strong><\/h4>\n<h4><strong>Cinema Casino in der DenkmalWerkstatt \u2012 zwei Filme, ein Gespr\u00e4ch<br \/>\n<\/strong><\/h4>\n<p>Wir zeigen im Cinema Casino unsere Filme des Monats in der Regel im Doppelpack. Das hei\u00dft: zwei Filme zu einem Thema an einem Abend. Ein Filmdialog, der eine Doppelperspektive entfaltet f\u00fcr anregenden Austausch zwischen Publikum und geladenen G\u00e4sten. Zwischen den Filmen: eine Pause f\u00fcr Gespr\u00e4che, Getr\u00e4nke und Snacks.<\/p>\n<p><em>Im April startet die Reihe ausnahmsweise mit zwei Einzelveranstaltungen.<\/em><\/p>\n<h4><strong><em>Programm Cinema Casino im April<\/em><\/strong><\/h4>\n<h5><strong><em>4.4.<\/em><\/strong><em> <strong>Auftakt-Abend<\/strong><\/em><\/h5>\n<ul>\n<li>6 p.m. Short film on the former film art theatre Casino<\/li>\n<li>7 pm Break: Talk with Angela Seidel, Managing Director Cinematheque e.V. and Sven W\u00f6rner, Film Curator with snacks &amp; drinks.<\/li>\n<li>20 Uhr <a href=\"..\/wp-content\/uploads\/2023\/03\/Leipzig-im-Herbst.pdf\" target=\"_blank\" rel=\"noopener\"><strong>Leipzig im Herbst<\/strong><\/a> (Andreas Voigt &amp; Gerd Kroske), 1989, 54 Min<\/li>\n<\/ul>\n<h5><strong><em>18.4. Die <\/em><\/strong><strong>\u201aKehraus\u2018-Trilogie von Gerd Kroske<\/strong><\/h5>\n<ul>\n<li>6 p.m. <a href=\"..\/wp-content\/uploads\/2023\/03\/Kehraus-Trilogie.pdf\" target=\"_blank\" rel=\"noopener\"><strong>Kehraus<\/strong><\/a>, 1990, 30 Min \/ <a href=\"..\/wp-content\/uploads\/2023\/03\/Kehraus-Trilogie.pdf\" target=\"_blank\" rel=\"noopener\"><strong>Kehrein, Kehraus<\/strong><\/a>, 1996, 70 Min<\/li>\n<li>40 Uhr Pause: Gespr\u00e4ch mit Regisseur <strong>Gerd Kroske<\/strong> with snacks &amp; drinks<\/li>\n<li>30 Uhr <a href=\"..\/wp-content\/uploads\/2023\/03\/Kehraus-Trilogie.pdf\" target=\"_blank\" rel=\"noopener\"><strong>Kehraus, wieder<\/strong><\/a>, 2006, 100 Min<\/li>\n<\/ul>\n<p>Mehr zum Cinema Casino Program von April bis Juni im <a href=\"https:\/\/freiheitsdenkmal-leipzig.de\/wp-content\/uploads\/2023\/03\/Casino_Kino_Flyer_druck.pdf\" target=\"_blank\" rel=\"noopener\">Programm-Flyer<\/a><\/p>\n<p style=\"text-align: center;\"><em>Eintritt frei<\/em><\/p>\n<div class=\"innerTeaser\">\n<div class=\"teaserInfoWrapper\">\n<div class=\"shortInfos\"><\/div>\n<\/div>\n<\/div>\n<\/div><\/section><\/div>\n<div  class='hr av-1x7qfy-46e97e1d972b2ed716f1c29e07266c0f hr-default  avia-builder-el-96  el_after_av_three_fourth  el_before_av_two_third'><span class='hr-inner'><span class=\"hr-inner-style\"><\/span><\/span><\/div>\n<div class='flex_column_table av-wbufi-7010c6877282021bc14537312293c2bf sc-av_two_third av-equal-height-column-flextable'>\n<style type=\"text\/css\" data-created_by=\"avia_inline_auto\" id=\"style-css-av-wbufi-7010c6877282021bc14537312293c2bf\">\n.flex_column.av-wbufi-7010c6877282021bc14537312293c2bf{\nwidth:66%;\nmargin-left:0;\nborder-radius:0px 0px 0px 0px;\npadding:0px 0px 0px 0px;\n}\n#top .flex_column_table.av-equal-height-column-flextable.av-wbufi-7010c6877282021bc14537312293c2bf .av-flex-placeholder{\nwidth:2%;\n}\n<\/style>\n<div  class='flex_column av-wbufi-7010c6877282021bc14537312293c2bf av_two_third  avia-builder-el-97  el_after_av_hr  el_before_av_one_third  first flex_column_table_cell av-equal-height-column av-align-middle av-zero-column-padding'     ><section  class='av_textblock_section av-qo20e-af2cd6f165b699393ec97a0cdb6ef4f4'   itemscope=\"itemscope\" itemtype=\"https:\/\/schema.org\/CreativeWork\" ><div class='avia_textblock'  itemprop=\"text\" ><h4><strong>20.03.2023<\/strong><\/h4>\n<h4><strong>Cinema Casino \u2013 DenkmalWerkstatt goes Kino!<\/strong><\/h4>\n<p>Im Raum der DenkmalWerkstatt befand sich von 1913 bis 1993 ein Teil des beliebten Filmkunsttheaters <strong>Casino<\/strong> \u2012 Programmkino und Spielst\u00e4tte der Internationalen Leipziger Dokumentar- und Kurzfilmwoche, heute DOK Leipzig. Das hat uns dazu angeregt, nach 30 Jahren Kinopause 2023 die Tradition eines anspruchsvollen Kinoprogramms hier wiederzubeleben.<br \/>\nWann: an jedem ersten und drittem Dienstag im Monat. Der Eintritt ist frei<\/p>\n<h5><strong>Ausgangspunkt: Friedliche Revolution \u201889<\/strong><\/h5>\n<p>Mit unserem Zeitgeschichtskino wollen wir den Resonanzraum des zuk\u00fcnftigen Freiheits- und Einheitsdenkmals erfahrbar machen. Die Filmreihe <strong>Cinema Casino<\/strong> m\u00f6chte dazu einladen, sich mit den politisch-sozialen Lebenswirklichkeiten zu besch\u00e4ftigen, aus denen die Friedliche Revolution entstand \u2012 vor allem aber um die gro\u00dfen gesellschaftlichen Ver\u00e4nderungen sichtbar zu machen, die aus dem Umbruch von 1989 hervorgegangen sind.<br \/>\n<em>Was hat sich damals f\u00fcr uns ver\u00e4ndert? Was haben wir ver\u00e4ndert?<\/em><\/p>\n<p>Bei der Auswahl der Filme, aus deren Perspektive wir auf &#8217;89 schauen m\u00f6chten, haben wir uns von Themen leiten lassen, die das Damals mit dem Heute verbinden wie: Freiheit, Musik, Umwelt, Jungsein, Mode, Sexualit\u00e4t und Solidarit\u00e4t.<br \/>\nMehr zum Programm in K\u00fcrze.<\/p>\n<div class=\"innerTeaser\">\n<div class=\"teaserInfoWrapper\">\n<div class=\"shortInfos\"><\/div>\n<\/div>\n<\/div>\n<\/div><\/section><\/div>\n<div class='av-flex-placeholder'><\/div>\n<style type=\"text\/css\" data-created_by=\"avia_inline_auto\" id=\"style-css-av-dajwm-45f64ca09c7c3313b6691327839c549b\">\n.flex_column.av-dajwm-45f64ca09c7c3313b6691327839c549b{\nwidth:32%;\nmargin-left:0;\n}\n#top .flex_column_table.av-equal-height-column-flextable.av-dajwm-45f64ca09c7c3313b6691327839c549b .av-flex-placeholder{\nwidth:2%;\n}\n<\/style>\n<div  class='flex_column av-dajwm-45f64ca09c7c3313b6691327839c549b av_one_third  avia-builder-el-99  el_after_av_two_third  el_before_av_hr  flex_column_table_cell av-equal-height-column av-align-middle'     ><style type=\"text\/css\" data-created_by=\"avia_inline_auto\" id=\"style-css-av-9yafi-6692f7d6b058142409780ef4f17a52c1\">\n.avia-image-container.av-9yafi-6692f7d6b058142409780ef4f17a52c1 img.avia_image{\nbox-shadow:none;\n}\n.avia-image-container.av-9yafi-6692f7d6b058142409780ef4f17a52c1 .av-image-caption-overlay-center{\ncolor:#ffffff;\n}\n<\/style>\n<div  class='avia-image-container av-9yafi-6692f7d6b058142409780ef4f17a52c1 av-styling- avia-align-center  avia-builder-el-100  avia-builder-el-no-sibling'   itemprop=\"image\" itemscope=\"itemscope\" itemtype=\"https:\/\/schema.org\/ImageObject\" ><div class=\"avia-image-container-inner\"><div class=\"avia-image-overlay-wrap\"><img decoding=\"async\" fetchpriority=\"high\" class='wp-image-3605 avia-img-lazy-loading-not-3605 avia_image' src=\"https:\/\/freiheitsdenkmal-leipzig.de\/wp-content\/uploads\/2023\/03\/Kopie-von-Kopie-von-Vorlage-Denkmal-an-Meinungsfreiheit.png\" alt='' title='Kopie von Kopie von Vorlage Denkmal an Meinungsfreiheit'  height=\"1080\" width=\"1080\"  itemprop=\"thumbnailUrl\" srcset=\"https:\/\/freiheitsdenkmal-leipzig.de\/wp-content\/uploads\/2023\/03\/Kopie-von-Kopie-von-Vorlage-Denkmal-an-Meinungsfreiheit.png 1080w, https:\/\/freiheitsdenkmal-leipzig.de\/wp-content\/uploads\/2023\/03\/Kopie-von-Kopie-von-Vorlage-Denkmal-an-Meinungsfreiheit-300x300.png 300w, https:\/\/freiheitsdenkmal-leipzig.de\/wp-content\/uploads\/2023\/03\/Kopie-von-Kopie-von-Vorlage-Denkmal-an-Meinungsfreiheit-1030x1030.png 1030w, https:\/\/freiheitsdenkmal-leipzig.de\/wp-content\/uploads\/2023\/03\/Kopie-von-Kopie-von-Vorlage-Denkmal-an-Meinungsfreiheit-80x80.png 80w, https:\/\/freiheitsdenkmal-leipzig.de\/wp-content\/uploads\/2023\/03\/Kopie-von-Kopie-von-Vorlage-Denkmal-an-Meinungsfreiheit-768x768.png 768w, https:\/\/freiheitsdenkmal-leipzig.de\/wp-content\/uploads\/2023\/03\/Kopie-von-Kopie-von-Vorlage-Denkmal-an-Meinungsfreiheit-12x12.png 12w, https:\/\/freiheitsdenkmal-leipzig.de\/wp-content\/uploads\/2023\/03\/Kopie-von-Kopie-von-Vorlage-Denkmal-an-Meinungsfreiheit-36x36.png 36w, https:\/\/freiheitsdenkmal-leipzig.de\/wp-content\/uploads\/2023\/03\/Kopie-von-Kopie-von-Vorlage-Denkmal-an-Meinungsfreiheit-180x180.png 180w, https:\/\/freiheitsdenkmal-leipzig.de\/wp-content\/uploads\/2023\/03\/Kopie-von-Kopie-von-Vorlage-Denkmal-an-Meinungsfreiheit-705x705.png 705w\" sizes=\"(max-width: 1080px) 100vw, 1080px\" \/><\/div><\/div><\/div><\/div><\/div><!--close column table wrapper. Autoclose: 1 -->\n<div  class='hr av-62de6-e7bf72e2ce55dc5546282efccc5268f4 hr-default  avia-builder-el-101  el_after_av_one_third  el_before_av_three_fourth'><span class='hr-inner'><span class=\"hr-inner-style\"><\/span><\/span><\/div>\n<div class='flex_column_table av-xia7i-928545964fe56a9c66126a55d9a72c91 sc-av_three_fourth av-equal-height-column-flextable'>\n<style type=\"text\/css\" data-created_by=\"avia_inline_auto\" id=\"style-css-av-xia7i-928545964fe56a9c66126a55d9a72c91\">\n.flex_column.av-xia7i-928545964fe56a9c66126a55d9a72c91{\nborder-radius:0px 0px 0px 0px;\npadding:0px 0px 0px 0px;\n}\n<\/style>\n<div  class='flex_column av-xia7i-928545964fe56a9c66126a55d9a72c91 av_three_fourth  avia-builder-el-102  el_after_av_hr  el_before_av_one_fourth  first no_margin flex_column_table_cell av-equal-height-column av-align-middle av-zero-column-padding'     ><section  class='av_textblock_section av-t4dsm-acd740b983dea163c2b0b1b451e77e37'   itemscope=\"itemscope\" itemtype=\"https:\/\/schema.org\/CreativeWork\" ><div class='avia_textblock'  itemprop=\"text\" ><h4><strong>28.02.2023<\/strong><\/h4>\n<h4><strong>Werkstattcaf\u00e9 am 2. M\u00e4rz: Cinema Casino \u2013 DenkmalWerkstatt goes Kino!<\/strong><\/h4>\n<p class=\"_aacl _aaco _aacu _aacx _aad7 _aade\">Ab 4. April wird es zweimal im Monat Kino in der Denkmalwerkstatt geben. Mehr dazu in K\u00fcrze hier &#8211; oder schon am 2. M\u00e4rz beim Werkstatt-Caf\u00e9 ab 15 Uhr mit dem Kino-Team Carsten M\u00f6ller (k\u00fcnstl. Mitarbeiter f\u00fcr Videokunst an der Hochschule f\u00fcr Grafik und Buchkunst Leipzig) und Regine Taureck (FREI_RAUM-Filmprogramm 2014-19).<br \/>\nNat\u00fcrlich mit Kaffee und Kuchen!<br \/>\nWir freuen uns auf Sie!<\/p>\n<div class=\"innerTeaser\">\n<div class=\"teaserInfoWrapper\">\n<div class=\"shortInfos\"><\/div>\n<\/div>\n<\/div>\n<\/div><\/section><\/div>\n<div  class='flex_column av-je7ba-6e73d7adf0305312710487ed168785e7 av_one_fourth  avia-builder-el-104  el_after_av_three_fourth  el_before_av_hr  no_margin flex_column_table_cell av-equal-height-column av-align-middle'     ><style type=\"text\/css\" data-created_by=\"avia_inline_auto\" id=\"style-css-av-f66bi-530655576fcd374ee210676088c5452c\">\n.avia-image-container.av-f66bi-530655576fcd374ee210676088c5452c img.avia_image{\nbox-shadow:none;\n}\n.avia-image-container.av-f66bi-530655576fcd374ee210676088c5452c .av-image-caption-overlay-center{\ncolor:#ffffff;\n}\n<\/style>\n<div  class='avia-image-container av-f66bi-530655576fcd374ee210676088c5452c av-styling- avia-align-center  avia-builder-el-105  avia-builder-el-no-sibling'   itemprop=\"image\" itemscope=\"itemscope\" itemtype=\"https:\/\/schema.org\/ImageObject\" ><div class=\"avia-image-container-inner\"><div class=\"avia-image-overlay-wrap\"><img decoding=\"async\" fetchpriority=\"high\" class='wp-image-3590 avia-img-lazy-loading-not-3590 avia_image' src=\"https:\/\/freiheitsdenkmal-leipzig.de\/wp-content\/uploads\/2023\/02\/Kopie-von-Kopie-von-Kopie-von-Coffee-Coffee-Shop-Minimal-Instagram-Post3-300x300.png\" alt='' title='Kopie von Kopie von Kopie von Coffee Coffee Shop Minimal Instagram Post(3)'  height=\"300\" width=\"300\"  itemprop=\"thumbnailUrl\" srcset=\"https:\/\/freiheitsdenkmal-leipzig.de\/wp-content\/uploads\/2023\/02\/Kopie-von-Kopie-von-Kopie-von-Coffee-Coffee-Shop-Minimal-Instagram-Post3-300x300.png 300w, https:\/\/freiheitsdenkmal-leipzig.de\/wp-content\/uploads\/2023\/02\/Kopie-von-Kopie-von-Kopie-von-Coffee-Coffee-Shop-Minimal-Instagram-Post3-1030x1030.png 1030w, https:\/\/freiheitsdenkmal-leipzig.de\/wp-content\/uploads\/2023\/02\/Kopie-von-Kopie-von-Kopie-von-Coffee-Coffee-Shop-Minimal-Instagram-Post3-80x80.png 80w, https:\/\/freiheitsdenkmal-leipzig.de\/wp-content\/uploads\/2023\/02\/Kopie-von-Kopie-von-Kopie-von-Coffee-Coffee-Shop-Minimal-Instagram-Post3-768x768.png 768w, https:\/\/freiheitsdenkmal-leipzig.de\/wp-content\/uploads\/2023\/02\/Kopie-von-Kopie-von-Kopie-von-Coffee-Coffee-Shop-Minimal-Instagram-Post3-12x12.png 12w, https:\/\/freiheitsdenkmal-leipzig.de\/wp-content\/uploads\/2023\/02\/Kopie-von-Kopie-von-Kopie-von-Coffee-Coffee-Shop-Minimal-Instagram-Post3-36x36.png 36w, https:\/\/freiheitsdenkmal-leipzig.de\/wp-content\/uploads\/2023\/02\/Kopie-von-Kopie-von-Kopie-von-Coffee-Coffee-Shop-Minimal-Instagram-Post3-180x180.png 180w, https:\/\/freiheitsdenkmal-leipzig.de\/wp-content\/uploads\/2023\/02\/Kopie-von-Kopie-von-Kopie-von-Coffee-Coffee-Shop-Minimal-Instagram-Post3-705x705.png 705w, https:\/\/freiheitsdenkmal-leipzig.de\/wp-content\/uploads\/2023\/02\/Kopie-von-Kopie-von-Kopie-von-Coffee-Coffee-Shop-Minimal-Instagram-Post3.png 1080w\" sizes=\"(max-width: 300px) 100vw, 300px\" \/><\/div><\/div><\/div><\/div><\/div><!--close column table wrapper. Autoclose: 1 -->\n<div  class='hr av-1jagx2-29537d1a0822e11dbb83a501ab5761d5 hr-default  avia-builder-el-106  el_after_av_one_fourth  el_before_av_three_fourth'><span class='hr-inner'><span class=\"hr-inner-style\"><\/span><\/span><\/div>\n\n<style type=\"text\/css\" data-created_by=\"avia_inline_auto\" id=\"style-css-av-x1deu-70fe468149c8b33b5e640d16b8d644d6\">\n.flex_column.av-x1deu-70fe468149c8b33b5e640d16b8d644d6{\nborder-radius:0px 0px 0px 0px;\npadding:0px 0px 0px 0px;\n}\n<\/style>\n<div  class='flex_column av-x1deu-70fe468149c8b33b5e640d16b8d644d6 av_three_fourth  avia-builder-el-107  el_after_av_hr  el_before_av_hr  first no_margin flex_column_div av-zero-column-padding'     ><section  class='av_textblock_section av-sf8pa-2cd65839824773c5f2947e4461b8629c'   itemscope=\"itemscope\" itemtype=\"https:\/\/schema.org\/CreativeWork\" ><div class='avia_textblock'  itemprop=\"text\" ><h4><strong>14.02.2023<\/strong><\/h4>\n<h4><strong><span class=\"_aacl _aaco _aacu _aacx _aad7 _aade\">Edward Snowden: 10 Jahre Staatsfeind Nr. 1<\/span><\/strong><\/h4>\n<p>Anfang 2013 wandte sich ein Whistleblower mit dem Tarnnamen &#8222;Citizen Four&#8220; an die Filmemacherin Laura Poitras, um das Ausma\u00df der globalen \u00dcberwachung durch die NSA und ihrer weltweiten Partner \u00f6ffentlich zu machen. Poitras Film &#8222;Citizen Four&#8220; \u00fcber den Whistleblower Edward Snowden gewann u. a. neben einem Oscar auch den von der Stiftung Friedliche Revolution gestifteten Filmpreis &#8222;Leipziger Ring&#8220; 2014.<br \/>\nF\u00fcr Snowden bedeutete das gigantische Leak, mit dem er eine internationale Debatte um Datenmissbrauch von Geheimdiensten ausl\u00f6ste, das Ende seiner pers\u00f6nlichen Freiheit. Er strandete auf der Flucht nach Venezuela in Moskau, wo er nach zehn Jahren immer noch lebt &#8211; inzwischen mit russischer Staatsb\u00fcrgerschaft.<br \/>\nDas Exil in Russland war die einzige Alternative zur Haft in US-Gef\u00e4ngnissen. Kein anderer Staat der Welt war bis heute bereit ihn aufzunehmen &#8211; auch Deutschland nicht.<\/p>\n<p>Was hat Edward Snowden mit seinem NSA-Daten-Leak von 2013 erreicht? Gibt es heute mehr Transparenz und weniger Abh\u00f6rprogramme? Snowden hat wohl vor allem unser aller Bewusstsein f\u00fcr das Ringen um unsere digitalen Rechte gesch\u00e4rft.<\/p>\n<p>Und daf\u00fcr, dass die Pressefreiheit, f\u00fcr die 1989 Zehntausende in Ostdeutschland auf die Stra\u00dfe gegangen waren, heute auch im Internet verteidigt werden muss.<br \/>\nDer Satz des damaligen Regierungssprecher Steffen Seibert von 2013 &#8222;Abh\u00f6ren von Freunden, das ist inakzeptabel, das geht gar nicht&#8220;, wirkt heute ausgesprochen naiv.<br \/>\nAuch der deutsche Bundesnachrichtendienst BND stand 2013 in der Kritik, da er ebenfalls mit dem NSA kooperiert hat &#8211; laut vieler Expert:innen in einem grundrechtswidrigen Ausma\u00df. Eine 2013 gestartete Nachrichtendienst-Reform sollte die Praxis des BND wieder in Einklang mit den deutschen Gesetzen bringen. Massenhaftes Abh\u00f6ren durch Nachrichtendienste ist heutzutage in Deutschland nicht mehr erlaubt &#8230;<\/p>\n<div class=\"innerTeaser\">\n<div class=\"teaserInfoWrapper\">\n<div class=\"shortInfos\"><\/div>\n<\/div>\n<\/div>\n<\/div><\/section><\/div>\n<div  class='hr av-1gyx7a-ec1c22cfeb81f1bf7c6f142367dd3e51 hr-default  avia-builder-el-109  el_after_av_three_fourth  el_before_av_three_fourth'><span class='hr-inner'><span class=\"hr-inner-style\"><\/span><\/span><\/div>\n<div class='flex_column_table av-vqyvy-077b8fa8091ce0a335bfe4f608e9b7e7 sc-av_three_fourth av-equal-height-column-flextable'>\n<style type=\"text\/css\" data-created_by=\"avia_inline_auto\" id=\"style-css-av-vqyvy-077b8fa8091ce0a335bfe4f608e9b7e7\">\n.flex_column.av-vqyvy-077b8fa8091ce0a335bfe4f608e9b7e7{\nborder-radius:0px 0px 0px 0px;\npadding:0px 0px 0px 0px;\n}\n<\/style>\n<div  class='flex_column av-vqyvy-077b8fa8091ce0a335bfe4f608e9b7e7 av_three_fourth  avia-builder-el-110  el_after_av_hr  el_before_av_one_fourth  first no_margin flex_column_table_cell av-equal-height-column av-align-middle av-zero-column-padding'     ><section  class='av_textblock_section av-om5im-619b2986b8e44e56c271675cebb15287'   itemscope=\"itemscope\" itemtype=\"https:\/\/schema.org\/CreativeWork\" ><div class='avia_textblock'  itemprop=\"text\" ><h4><strong>31.01.2023<\/strong><\/h4>\n<h4><span class=\"_aacl _aaco _aacu _aacx _aad7 _aade\">Workshop Caf\u00e9 on 2 Februar<\/span><\/h4>\n<p>On Thursday, 2.2.2023, there will again be a workshop caf\u00e9 at Kupfergasse 2 from 3 to 5 pm.<br \/>\n<strong>Special guest: Eckhard Otto<\/strong>, photographer of our exhibition \"The camera was always there\"!<br \/>\nAnd of course there will be coffee and cake. We look forward to seeing you!<\/p>\n<div class=\"innerTeaser\">\n<div class=\"teaserInfoWrapper\">\n<div class=\"shortInfos\"><\/div>\n<\/div>\n<\/div>\n<\/div><\/section><\/div>\n<div  class='flex_column av-nk4ou-69d362f927c38429980549bbd3ed6d38 av_one_fourth  avia-builder-el-112  el_after_av_three_fourth  el_before_av_hr  no_margin flex_column_table_cell av-equal-height-column av-align-middle'     ><style type=\"text\/css\" data-created_by=\"avia_inline_auto\" id=\"style-css-av-f1mqm-4ec5088ec7b86312e7c8926ec9765244\">\n.avia-image-container.av-f1mqm-4ec5088ec7b86312e7c8926ec9765244 img.avia_image{\nbox-shadow:none;\n}\n.avia-image-container.av-f1mqm-4ec5088ec7b86312e7c8926ec9765244 .av-image-caption-overlay-center{\ncolor:#ffffff;\n}\n<\/style>\n<div  class='avia-image-container av-f1mqm-4ec5088ec7b86312e7c8926ec9765244 av-styling- avia-align-center  avia-builder-el-113  avia-builder-el-no-sibling'   itemprop=\"image\" itemscope=\"itemscope\" itemtype=\"https:\/\/schema.org\/ImageObject\" ><div class=\"avia-image-container-inner\"><div class=\"avia-image-overlay-wrap\"><img decoding=\"async\" fetchpriority=\"high\" class='wp-image-3559 avia-img-lazy-loading-not-3559 avia_image' src=\"https:\/\/freiheitsdenkmal-leipzig.de\/wp-content\/uploads\/2023\/01\/werkstattcafe-23-02-02-300x300.png\" alt='' title='werkstattcafe-23-02-02'  height=\"300\" width=\"300\"  itemprop=\"thumbnailUrl\" srcset=\"https:\/\/freiheitsdenkmal-leipzig.de\/wp-content\/uploads\/2023\/01\/werkstattcafe-23-02-02-300x300.png 300w, https:\/\/freiheitsdenkmal-leipzig.de\/wp-content\/uploads\/2023\/01\/werkstattcafe-23-02-02-1030x1030.png 1030w, https:\/\/freiheitsdenkmal-leipzig.de\/wp-content\/uploads\/2023\/01\/werkstattcafe-23-02-02-80x80.png 80w, https:\/\/freiheitsdenkmal-leipzig.de\/wp-content\/uploads\/2023\/01\/werkstattcafe-23-02-02-768x768.png 768w, https:\/\/freiheitsdenkmal-leipzig.de\/wp-content\/uploads\/2023\/01\/werkstattcafe-23-02-02-12x12.png 12w, https:\/\/freiheitsdenkmal-leipzig.de\/wp-content\/uploads\/2023\/01\/werkstattcafe-23-02-02-36x36.png 36w, https:\/\/freiheitsdenkmal-leipzig.de\/wp-content\/uploads\/2023\/01\/werkstattcafe-23-02-02-180x180.png 180w, https:\/\/freiheitsdenkmal-leipzig.de\/wp-content\/uploads\/2023\/01\/werkstattcafe-23-02-02-705x705.png 705w, https:\/\/freiheitsdenkmal-leipzig.de\/wp-content\/uploads\/2023\/01\/werkstattcafe-23-02-02.png 1080w\" sizes=\"(max-width: 300px) 100vw, 300px\" \/><\/div><\/div><\/div><\/div><\/div><!--close column table wrapper. Autoclose: 1 -->\n<div  class='hr av-1ateny-dc586614fe83595b15fba777d149e1f5 hr-default  avia-builder-el-114  el_after_av_one_fourth  el_before_av_three_fourth'><span class='hr-inner'><span class=\"hr-inner-style\"><\/span><\/span><\/div>\n<div class='flex_column_table av-1gspfq-dc0007025d893e4fdcd481e7e7c0c94c sc-av_three_fourth av-equal-height-column-flextable'>\n<style type=\"text\/css\" data-created_by=\"avia_inline_auto\" id=\"style-css-av-1gspfq-dc0007025d893e4fdcd481e7e7c0c94c\">\n.flex_column.av-1gspfq-dc0007025d893e4fdcd481e7e7c0c94c{\nborder-radius:0px 0px 0px 0px;\npadding:0px 0px 0px 0px;\n}\n<\/style>\n<div  class='flex_column av-1gspfq-dc0007025d893e4fdcd481e7e7c0c94c av_three_fourth  avia-builder-el-115  el_after_av_hr  el_before_av_one_fourth  first no_margin flex_column_table_cell av-equal-height-column av-align-middle av-zero-column-padding'     ><section  class='av_textblock_section av-ldlxu62u-53e5a983603170ba9d9837d1f02dce17'   itemscope=\"itemscope\" itemtype=\"https:\/\/schema.org\/CreativeWork\" ><div class='avia_textblock'  itemprop=\"text\" ><h4>10.01.2023<\/h4>\n<h4>Happy New Year!<\/h4>\n<p>Hope you had a good start into a happy and healthy new year!<br \/>\nAs of today, the DenkmalWerkstatt at Kupfergasse 2 is open again on Tuesdays and Thursdays from 2 - 5 pm and by appointment.<br \/>\nMail: denkmal@stiftung-fr.de<br \/>\nPhone: +49341 22566004<\/p>\n<div class=\"innerTeaser\">\n<div class=\"teaserInfoWrapper\">\n<div class=\"shortInfos\"><\/div>\n<\/div>\n<\/div>\n<\/div><\/section><\/div>\n<div  class='flex_column av-4f67y-896a92f8d65c5b2015dfc5377ba38a78 av_one_fourth  avia-builder-el-117  el_after_av_three_fourth  el_before_av_hr  no_margin flex_column_table_cell av-equal-height-column av-align-middle'     ><style type=\"text\/css\" data-created_by=\"avia_inline_auto\" id=\"style-css-av-ldlxxkd1-821a425d089cd0af5f79c6aad03998ba\">\n.avia-image-container.av-ldlxxkd1-821a425d089cd0af5f79c6aad03998ba img.avia_image{\nbox-shadow:none;\n}\n.avia-image-container.av-ldlxxkd1-821a425d089cd0af5f79c6aad03998ba .av-image-caption-overlay-center{\ncolor:#ffffff;\n}\n<\/style>\n<div  class='avia-image-container av-ldlxxkd1-821a425d089cd0af5f79c6aad03998ba av-styling- avia-align-center  avia-builder-el-118  avia-builder-el-no-sibling'   itemprop=\"image\" itemscope=\"itemscope\" itemtype=\"https:\/\/schema.org\/ImageObject\" ><div class=\"avia-image-container-inner\"><div class=\"avia-image-overlay-wrap\"><img decoding=\"async\" fetchpriority=\"high\" class='wp-image-3546 avia-img-lazy-loading-not-3546 avia_image' src=\"https:\/\/freiheitsdenkmal-leipzig.de\/wp-content\/uploads\/2023\/01\/denkmalwerkstatt-geoeffnet-final-300x300.png\" alt='' title='denkmalwerkstatt-geoeffnet-final'  height=\"300\" width=\"300\"  itemprop=\"thumbnailUrl\" srcset=\"https:\/\/freiheitsdenkmal-leipzig.de\/wp-content\/uploads\/2023\/01\/denkmalwerkstatt-geoeffnet-final-300x300.png 300w, https:\/\/freiheitsdenkmal-leipzig.de\/wp-content\/uploads\/2023\/01\/denkmalwerkstatt-geoeffnet-final-1030x1030.png 1030w, https:\/\/freiheitsdenkmal-leipzig.de\/wp-content\/uploads\/2023\/01\/denkmalwerkstatt-geoeffnet-final-80x80.png 80w, https:\/\/freiheitsdenkmal-leipzig.de\/wp-content\/uploads\/2023\/01\/denkmalwerkstatt-geoeffnet-final-768x768.png 768w, https:\/\/freiheitsdenkmal-leipzig.de\/wp-content\/uploads\/2023\/01\/denkmalwerkstatt-geoeffnet-final-36x36.png 36w, https:\/\/freiheitsdenkmal-leipzig.de\/wp-content\/uploads\/2023\/01\/denkmalwerkstatt-geoeffnet-final-180x180.png 180w, https:\/\/freiheitsdenkmal-leipzig.de\/wp-content\/uploads\/2023\/01\/denkmalwerkstatt-geoeffnet-final-705x705.png 705w, https:\/\/freiheitsdenkmal-leipzig.de\/wp-content\/uploads\/2023\/01\/denkmalwerkstatt-geoeffnet-final.png 1080w\" sizes=\"(max-width: 300px) 100vw, 300px\" \/><\/div><\/div><\/div><\/div><\/div><!--close column table wrapper. Autoclose: 1 -->\n<div  class='hr av-124112-68ed39764413b8b9fe8f45c484d646bb hr-default  avia-builder-el-119  el_after_av_one_fourth  el_before_av_three_fourth'><span class='hr-inner'><span class=\"hr-inner-style\"><\/span><\/span><\/div>\n<div class='flex_column_table av-vqznq-c37348e86b3186ee449cf7badbe0e7dd sc-av_three_fourth av-equal-height-column-flextable'>\n<style type=\"text\/css\" data-created_by=\"avia_inline_auto\" id=\"style-css-av-vqznq-c37348e86b3186ee449cf7badbe0e7dd\">\n.flex_column.av-vqznq-c37348e86b3186ee449cf7badbe0e7dd{\nborder-radius:0px 0px 0px 0px;\npadding:0px 0px 0px 0px;\n}\n<\/style>\n<div  class='flex_column av-vqznq-c37348e86b3186ee449cf7badbe0e7dd av_three_fourth  avia-builder-el-120  el_after_av_hr  el_before_av_one_fourth  first no_margin flex_column_table_cell av-equal-height-column av-align-middle av-zero-column-padding'     ><section  class='av_textblock_section av-2h1j2-da660c4142781049b8fcbce90500062a'   itemscope=\"itemscope\" itemtype=\"https:\/\/schema.org\/CreativeWork\" ><div class='avia_textblock'  itemprop=\"text\" ><h4>02.01.2023<\/h4>\n<h4><span class=\"_aacl _aaco _aacu _aacx _aad7 _aade\">Workshop Caf\u00e9 on 5 January<\/span><\/h4>\n<p><span class=\"_aacl _aaco _aacu _aacx _aad7 _aade\">On Thursday, 5 January, the first workshop caf\u00e9 of the new year will take place. We invite you to Kupfergasse 2 from 3pm to 5pm.<br \/>\nFeel free to bring questions and suggestions - or just drop in for a coffee.<\/span><\/p>\n<p><span class=\"_aacl _aaco _aacu _aacx _aad7 _aade\">Wir haben Kuchen &amp; Kaffee und freuen uns auf euch und interessante Gespr\u00e4che!<\/span><\/p>\n<div class=\"innerTeaser\">\n<div class=\"teaserInfoWrapper\">\n<div class=\"shortInfos\"><\/div>\n<\/div>\n<\/div>\n<\/div><\/section><\/div>\n<div  class='flex_column av-mp13a-d36d7e24480f95f1a6e12ee8e66c7021 av_one_fourth  avia-builder-el-122  el_after_av_three_fourth  el_before_av_hr  no_margin flex_column_table_cell av-equal-height-column av-align-middle'     ><style type=\"text\/css\" data-created_by=\"avia_inline_auto\" id=\"style-css-av-dgqwe-62df8e30aa0a839a5f06ae046e006f49\">\n.avia-image-container.av-dgqwe-62df8e30aa0a839a5f06ae046e006f49 img.avia_image{\nbox-shadow:none;\n}\n.avia-image-container.av-dgqwe-62df8e30aa0a839a5f06ae046e006f49 .av-image-caption-overlay-center{\ncolor:#ffffff;\n}\n<\/style>\n<div  class='avia-image-container av-dgqwe-62df8e30aa0a839a5f06ae046e006f49 av-styling- avia-align-center  avia-builder-el-123  avia-builder-el-no-sibling'   itemprop=\"image\" itemscope=\"itemscope\" itemtype=\"https:\/\/schema.org\/ImageObject\" ><div class=\"avia-image-container-inner\"><div class=\"avia-image-overlay-wrap\"><img decoding=\"async\" fetchpriority=\"high\" class='wp-image-3535 avia-img-lazy-loading-not-3535 avia_image' src=\"https:\/\/freiheitsdenkmal-leipzig.de\/wp-content\/uploads\/2023\/01\/Kopie-von-Kopie-von-Kopie-von-Coffee-Coffee-Shop-Minimal-Instagram-Post-300x300.png\" alt='' title='Kopie von Kopie von Kopie von Coffee Coffee Shop Minimal Instagram Post'  height=\"300\" width=\"300\"  itemprop=\"thumbnailUrl\" srcset=\"https:\/\/freiheitsdenkmal-leipzig.de\/wp-content\/uploads\/2023\/01\/Kopie-von-Kopie-von-Kopie-von-Coffee-Coffee-Shop-Minimal-Instagram-Post-300x300.png 300w, https:\/\/freiheitsdenkmal-leipzig.de\/wp-content\/uploads\/2023\/01\/Kopie-von-Kopie-von-Kopie-von-Coffee-Coffee-Shop-Minimal-Instagram-Post-1030x1030.png 1030w, https:\/\/freiheitsdenkmal-leipzig.de\/wp-content\/uploads\/2023\/01\/Kopie-von-Kopie-von-Kopie-von-Coffee-Coffee-Shop-Minimal-Instagram-Post-80x80.png 80w, https:\/\/freiheitsdenkmal-leipzig.de\/wp-content\/uploads\/2023\/01\/Kopie-von-Kopie-von-Kopie-von-Coffee-Coffee-Shop-Minimal-Instagram-Post-768x768.png 768w, https:\/\/freiheitsdenkmal-leipzig.de\/wp-content\/uploads\/2023\/01\/Kopie-von-Kopie-von-Kopie-von-Coffee-Coffee-Shop-Minimal-Instagram-Post-36x36.png 36w, https:\/\/freiheitsdenkmal-leipzig.de\/wp-content\/uploads\/2023\/01\/Kopie-von-Kopie-von-Kopie-von-Coffee-Coffee-Shop-Minimal-Instagram-Post-180x180.png 180w, https:\/\/freiheitsdenkmal-leipzig.de\/wp-content\/uploads\/2023\/01\/Kopie-von-Kopie-von-Kopie-von-Coffee-Coffee-Shop-Minimal-Instagram-Post-705x705.png 705w, https:\/\/freiheitsdenkmal-leipzig.de\/wp-content\/uploads\/2023\/01\/Kopie-von-Kopie-von-Kopie-von-Coffee-Coffee-Shop-Minimal-Instagram-Post.png 1080w\" sizes=\"(max-width: 300px) 100vw, 300px\" \/><\/div><\/div><\/div><\/div><\/div><!--close column table wrapper. Autoclose: 1 -->\n<div  class='hr av-y83zq-a39c391aaf147f256d3161db808dcca8 hr-default  avia-builder-el-124  el_after_av_one_fourth  el_before_av_two_third'><span class='hr-inner'><span class=\"hr-inner-style\"><\/span><\/span><\/div>\n<div class='flex_column_table av-ug0au-ec9bcae42722ad47acf8dca0d14516b0 sc-av_two_third av-equal-height-column-flextable'>\n<style type=\"text\/css\" data-created_by=\"avia_inline_auto\" id=\"style-css-av-ug0au-ec9bcae42722ad47acf8dca0d14516b0\">\n.flex_column.av-ug0au-ec9bcae42722ad47acf8dca0d14516b0{\nborder-radius:0px 0px 0px 0px;\npadding:0px 0px 0px 0px;\n}\n<\/style>\n<div  class='flex_column av-ug0au-ec9bcae42722ad47acf8dca0d14516b0 av_two_third  avia-builder-el-125  el_after_av_hr  el_before_av_one_fifth  first no_margin flex_column_table_cell av-equal-height-column av-align-middle av-zero-column-padding'     ><section  class='av_textblock_section av-ryi2u-91870bce7595c451dcccc013d4be4eda'   itemscope=\"itemscope\" itemtype=\"https:\/\/schema.org\/CreativeWork\" ><div class='avia_textblock'  itemprop=\"text\" ><h4>20.12.2022<\/h4>\n<h4><span class=\"_aacl _aaco _aacu _aacx _aad7 _aade\">Weihnachtspause<\/span><\/h4>\n<p>Die DenkmalWerkstatt hat vom 21.12.2022 bis zum 9.1.2023 geschlossen.<br \/>\nAusgenommen von der Weihnachtspause ist das Werkstatt-Caf\u00e9 im Januar: Es findet wie geplant am 5.1.2023 in der Kupfergasse 2 statt.<br \/>\nWir w\u00fcnschen Ihnen friedliche und frohe Weihnachten! Und einen guten Start in ein gl\u00fcckliches und gesundes neues Jahr 2023!<\/p>\n<div class=\"innerTeaser\">\n<div class=\"teaserInfoWrapper\">\n<div class=\"shortInfos\"><\/div>\n<\/div>\n<\/div>\n<\/div><\/section><\/div>\n<div  class='flex_column av-k5yji-4422d9140e576f49fd30fb756e2c93e6 av_one_fifth  avia-builder-el-127  el_after_av_two_third  el_before_av_hr  no_margin flex_column_table_cell av-equal-height-column av-align-middle'     ><style type=\"text\/css\" data-created_by=\"avia_inline_auto\" id=\"style-css-av-e6592-0e0c2cef6246a485bc1efbdb72af703d\">\n.avia-image-container.av-e6592-0e0c2cef6246a485bc1efbdb72af703d img.avia_image{\nbox-shadow:none;\n}\n.avia-image-container.av-e6592-0e0c2cef6246a485bc1efbdb72af703d .av-image-caption-overlay-center{\ncolor:#ffffff;\n}\n<\/style>\n<div  class='avia-image-container av-e6592-0e0c2cef6246a485bc1efbdb72af703d av-styling- avia-align-center  avia-builder-el-128  avia-builder-el-no-sibling'   itemprop=\"image\" itemscope=\"itemscope\" itemtype=\"https:\/\/schema.org\/ImageObject\" ><div class=\"avia-image-container-inner\"><div class=\"avia-image-overlay-wrap\"><img decoding=\"async\" fetchpriority=\"high\" class='wp-image-3317 avia-img-lazy-loading-not-3317 avia_image' src=\"https:\/\/freiheitsdenkmal-leipzig.de\/wp-content\/uploads\/2022\/11\/Termine_2-300x300.png\" alt='' title='Termine_2'  height=\"300\" width=\"300\"  itemprop=\"thumbnailUrl\" srcset=\"https:\/\/freiheitsdenkmal-leipzig.de\/wp-content\/uploads\/2022\/11\/Termine_2-300x300.png 300w, https:\/\/freiheitsdenkmal-leipzig.de\/wp-content\/uploads\/2022\/11\/Termine_2-80x80.png 80w, https:\/\/freiheitsdenkmal-leipzig.de\/wp-content\/uploads\/2022\/11\/Termine_2-768x768.png 768w, https:\/\/freiheitsdenkmal-leipzig.de\/wp-content\/uploads\/2022\/11\/Termine_2-36x36.png 36w, https:\/\/freiheitsdenkmal-leipzig.de\/wp-content\/uploads\/2022\/11\/Termine_2-180x180.png 180w, https:\/\/freiheitsdenkmal-leipzig.de\/wp-content\/uploads\/2022\/11\/Termine_2-705x705.png 705w, https:\/\/freiheitsdenkmal-leipzig.de\/wp-content\/uploads\/2022\/11\/Termine_2.png 800w\" sizes=\"(max-width: 300px) 100vw, 300px\" \/><\/div><\/div><\/div><\/div><\/div><!--close column table wrapper. Autoclose: 1 -->\n<div  class='hr av-ox0py-c7187a7cf0d09c5afc218fba42b59f2f hr-default  avia-builder-el-129  el_after_av_one_fifth  el_before_av_two_third'><span class='hr-inner'><span class=\"hr-inner-style\"><\/span><\/span><\/div>\n<div class='flex_column_table av-l8abt45i-b2280fae577712a8dcb2d24b853d09c0 sc-av_two_third av-equal-height-column-flextable'>\n<style type=\"text\/css\" data-created_by=\"avia_inline_auto\" id=\"style-css-av-l8abt45i-b2280fae577712a8dcb2d24b853d09c0\">\n.flex_column.av-l8abt45i-b2280fae577712a8dcb2d24b853d09c0{\nwidth:66.166666666667%;\nmargin-left:0;\nborder-radius:0px 0px 0px 0px;\npadding:0px 0px 0px 0px;\n}\n#top .flex_column_table.av-equal-height-column-flextable.av-l8abt45i-b2280fae577712a8dcb2d24b853d09c0 .av-flex-placeholder{\nwidth:1.5%;\n}\n<\/style>\n<div  class='flex_column av-l8abt45i-b2280fae577712a8dcb2d24b853d09c0 av_two_third  avia-builder-el-130  el_after_av_hr  el_before_av_one_third  first flex_column_table_cell av-equal-height-column av-align-middle av-zero-column-padding'     ><section  class='av_textblock_section av-12ie06-b9e52a8ea3258a2e897fec0b7b708b7d'   itemscope=\"itemscope\" itemtype=\"https:\/\/schema.org\/CreativeWork\" ><div class='avia_textblock'  itemprop=\"text\" ><h4>30.11.2022<\/h4>\n<h4><span class=\"_aacl _aaco _aacu _aacx _aad7 _aade\">Besuch vom Ostbeauftragten in der Denkmalwerkstatt<br \/>\n<\/span><\/h4>\n<p><span class=\"_aacl _aaco _aacu _aacx _aad7 _aade\">Heute war Carsten Schneider, Staatsminister und Ostbeauftragter der Bundesregierung, zu Gast in der Denkmalwerkstatt. Er lie\u00df sich \u00fcber bereits abgeschlossene Schritte im Denkmalsprozess berichten und tauschte sich interessiert mit uns \u00fcber geplante und k\u00fcnftige Vorhaben aus. <\/span><\/p>\n<p>Herzlichen Dank f\u00fcr den Besuch und das Interesse!<\/p>\n<div class=\"innerTeaser\">\n<div class=\"teaserInfoWrapper\">\n<div class=\"shortInfos\"><\/div>\n<\/div>\n<\/div>\n<\/div><\/section><\/div>\n<div class='av-flex-placeholder'><\/div>\n<style type=\"text\/css\" data-created_by=\"avia_inline_auto\" id=\"style-css-av-288ee-8a032cad99a0e2b9c1b05d379562f3d9\">\n.flex_column.av-288ee-8a032cad99a0e2b9c1b05d379562f3d9{\nwidth:32.333333333333%;\nmargin-left:0;\n}\n#top .flex_column_table.av-equal-height-column-flextable.av-288ee-8a032cad99a0e2b9c1b05d379562f3d9 .av-flex-placeholder{\nwidth:1.5%;\n}\n<\/style>\n<div  class='flex_column av-288ee-8a032cad99a0e2b9c1b05d379562f3d9 av_one_third  avia-builder-el-132  el_after_av_two_third  el_before_av_hr  flex_column_table_cell av-equal-height-column av-align-middle'     ><style type=\"text\/css\" data-created_by=\"avia_inline_auto\" id=\"style-css-av-cvwwe-0d8c9d43674dd1a6a9f08f2bf748a031\">\n.avia-image-container.av-cvwwe-0d8c9d43674dd1a6a9f08f2bf748a031 img.avia_image{\nbox-shadow:none;\n}\n.avia-image-container.av-cvwwe-0d8c9d43674dd1a6a9f08f2bf748a031 .av-image-caption-overlay-center{\ncolor:#ffffff;\n}\n<\/style>\n<div  class='avia-image-container av-cvwwe-0d8c9d43674dd1a6a9f08f2bf748a031 av-styling- avia-align-center  avia-builder-el-133  avia-builder-el-no-sibling'   itemprop=\"image\" itemscope=\"itemscope\" itemtype=\"https:\/\/schema.org\/ImageObject\" ><div class=\"avia-image-container-inner\"><div class=\"avia-image-overlay-wrap\"><img decoding=\"async\" fetchpriority=\"high\" class='wp-image-3522 avia-img-lazy-loading-not-3522 avia_image' src=\"https:\/\/freiheitsdenkmal-leipzig.de\/wp-content\/uploads\/2022\/12\/meeting-carsten-schneider.jpg\" alt='' title='meeting-carsten-schneider'  height=\"1459\" width=\"1920\"  itemprop=\"thumbnailUrl\" srcset=\"https:\/\/freiheitsdenkmal-leipzig.de\/wp-content\/uploads\/2022\/12\/meeting-carsten-schneider.jpg 1920w, https:\/\/freiheitsdenkmal-leipzig.de\/wp-content\/uploads\/2022\/12\/meeting-carsten-schneider-300x228.jpg 300w, https:\/\/freiheitsdenkmal-leipzig.de\/wp-content\/uploads\/2022\/12\/meeting-carsten-schneider-1030x783.jpg 1030w, https:\/\/freiheitsdenkmal-leipzig.de\/wp-content\/uploads\/2022\/12\/meeting-carsten-schneider-768x584.jpg 768w, https:\/\/freiheitsdenkmal-leipzig.de\/wp-content\/uploads\/2022\/12\/meeting-carsten-schneider-1536x1167.jpg 1536w, https:\/\/freiheitsdenkmal-leipzig.de\/wp-content\/uploads\/2022\/12\/meeting-carsten-schneider-1500x1140.jpg 1500w, https:\/\/freiheitsdenkmal-leipzig.de\/wp-content\/uploads\/2022\/12\/meeting-carsten-schneider-705x536.jpg 705w\" sizes=\"(max-width: 1920px) 100vw, 1920px\" \/><\/div><\/div><\/div><\/div><\/div><!--close column table wrapper. Autoclose: 1 -->\n<div  class='hr av-mm6gu-34055122d1653b27c7cb7837456eb255 hr-default  avia-builder-el-134  el_after_av_one_third  el_before_av_two_third'><span class='hr-inner'><span class=\"hr-inner-style\"><\/span><\/span><\/div>\n<div class='flex_column_table av-snopq-26fcffd463de40c448e007bd60d41e12 sc-av_two_third av-equal-height-column-flextable'>\n<style type=\"text\/css\" data-created_by=\"avia_inline_auto\" id=\"style-css-av-snopq-26fcffd463de40c448e007bd60d41e12\">\n.flex_column.av-snopq-26fcffd463de40c448e007bd60d41e12{\nwidth:66.166666666667%;\nmargin-left:0;\nborder-radius:0px 0px 0px 0px;\npadding:0px 0px 0px 0px;\n}\n#top .flex_column_table.av-equal-height-column-flextable.av-snopq-26fcffd463de40c448e007bd60d41e12 .av-flex-placeholder{\nwidth:1.5%;\n}\n<\/style>\n<div  class='flex_column av-snopq-26fcffd463de40c448e007bd60d41e12 av_two_third  avia-builder-el-135  el_after_av_hr  el_before_av_one_fourth  first flex_column_table_cell av-equal-height-column av-align-middle av-zero-column-padding'     ><section  class='av_textblock_section av-1y146-70642fdeb952e87a5b3a53eba24c4af1'   itemscope=\"itemscope\" itemtype=\"https:\/\/schema.org\/CreativeWork\" ><div class='avia_textblock'  itemprop=\"text\" ><h4>28.11.2022<\/h4>\n<h4><span class=\"_aacl _aaco _aacu _aacx _aad7 _aade\">Werkstatt-Caf\u00e9 am 1. Dezember<\/span><\/h4>\n<p><span class=\"_aacl _aaco _aacu _aacx _aad7 _aade\">Am Donnerstag, den 1. Dezember, findet unser Werkstatt-Caf\u00e9 im Advent statt.<br \/>\nWir laden Sie ein, uns von 15 bis ca. 17 Uhr in der Kupfergasse 2 zu besuchen. Und sich einfach einmal in der DenkmalWerkstatt umzusehen &#8211; ein Blick auf unsere Fotoausstellung &#8222;Die Kamera war immer dabei&#8220; lohnt sich sehr, finden wir.<br \/>\nBringen Sie gerne Fragen und Schwerpunkte zum Denkmal mit.<\/span><br \/>\n<span class=\"_aacl _aaco _aacu _aacx _aad7 _aade\">Und nat\u00fcrlich gibt es auch Kaffee und Kuchen.<br \/>\nWir freuen uns auf ein gem\u00fctliches Adventstreffen und interessante Gespr\u00e4che!<\/span><\/p>\n<div class=\"innerTeaser\">\n<div class=\"teaserInfoWrapper\">\n<div class=\"shortInfos\"><\/div>\n<\/div>\n<\/div>\n<\/div><\/section><\/div>\n<div class='av-flex-placeholder'><\/div>\n<style type=\"text\/css\" data-created_by=\"avia_inline_auto\" id=\"style-css-av-ha446-627e2281a66a0368b6c3299548798995\">\n.flex_column.av-ha446-627e2281a66a0368b6c3299548798995{\nwidth:23.875%;\nmargin-left:0;\n}\n#top .flex_column_table.av-equal-height-column-flextable.av-ha446-627e2281a66a0368b6c3299548798995 .av-flex-placeholder{\nwidth:1.5%;\n}\n<\/style>\n<div  class='flex_column av-ha446-627e2281a66a0368b6c3299548798995 av_one_fourth  avia-builder-el-137  el_after_av_two_third  el_before_av_hr  flex_column_table_cell av-equal-height-column av-align-middle'     ><style type=\"text\/css\" data-created_by=\"avia_inline_auto\" id=\"style-css-av-a5n3a-0d01bf3cd744d217a76171c8a6f5f718\">\n.avia-image-container.av-a5n3a-0d01bf3cd744d217a76171c8a6f5f718 img.avia_image{\nbox-shadow:none;\n}\n.avia-image-container.av-a5n3a-0d01bf3cd744d217a76171c8a6f5f718 .av-image-caption-overlay-center{\ncolor:#ffffff;\n}\n<\/style>\n<div  class='avia-image-container av-a5n3a-0d01bf3cd744d217a76171c8a6f5f718 av-styling- avia-align-center  avia-builder-el-138  avia-builder-el-no-sibling'   itemprop=\"image\" itemscope=\"itemscope\" itemtype=\"https:\/\/schema.org\/ImageObject\" ><div class=\"avia-image-container-inner\"><div class=\"avia-image-overlay-wrap\"><img decoding=\"async\" fetchpriority=\"high\" class='wp-image-3514 avia-img-lazy-loading-not-3514 avia_image' src=\"https:\/\/freiheitsdenkmal-leipzig.de\/wp-content\/uploads\/2022\/11\/22-12-Coffee-Shop-Minimal-Instagram-Post-300x300.png\" alt='' title='22-12-Coffee Shop Minimal Instagram Post'  height=\"300\" width=\"300\"  itemprop=\"thumbnailUrl\" srcset=\"https:\/\/freiheitsdenkmal-leipzig.de\/wp-content\/uploads\/2022\/11\/22-12-Coffee-Shop-Minimal-Instagram-Post-300x300.png 300w, https:\/\/freiheitsdenkmal-leipzig.de\/wp-content\/uploads\/2022\/11\/22-12-Coffee-Shop-Minimal-Instagram-Post-1030x1030.png 1030w, https:\/\/freiheitsdenkmal-leipzig.de\/wp-content\/uploads\/2022\/11\/22-12-Coffee-Shop-Minimal-Instagram-Post-80x80.png 80w, https:\/\/freiheitsdenkmal-leipzig.de\/wp-content\/uploads\/2022\/11\/22-12-Coffee-Shop-Minimal-Instagram-Post-768x768.png 768w, https:\/\/freiheitsdenkmal-leipzig.de\/wp-content\/uploads\/2022\/11\/22-12-Coffee-Shop-Minimal-Instagram-Post-36x36.png 36w, https:\/\/freiheitsdenkmal-leipzig.de\/wp-content\/uploads\/2022\/11\/22-12-Coffee-Shop-Minimal-Instagram-Post-180x180.png 180w, https:\/\/freiheitsdenkmal-leipzig.de\/wp-content\/uploads\/2022\/11\/22-12-Coffee-Shop-Minimal-Instagram-Post-705x705.png 705w, https:\/\/freiheitsdenkmal-leipzig.de\/wp-content\/uploads\/2022\/11\/22-12-Coffee-Shop-Minimal-Instagram-Post.png 1080w\" sizes=\"(max-width: 300px) 100vw, 300px\" \/><\/div><\/div><\/div><\/div><\/div><!--close column table wrapper. Autoclose: 1 -->\n<div  class='hr av-e9oke-d9bfb63d9f2e33d85a86b20f4607dfaf hr-default  avia-builder-el-139  el_after_av_one_fourth  el_before_av_two_third'><span class='hr-inner'><span class=\"hr-inner-style\"><\/span><\/span><\/div>\n<div class='flex_column_table av-spgra-439cbfec4181d43c703ffd1ac7ef5495 sc-av_two_third av-equal-height-column-flextable'>\n<style type=\"text\/css\" data-created_by=\"avia_inline_auto\" id=\"style-css-av-spgra-439cbfec4181d43c703ffd1ac7ef5495\">\n.flex_column.av-spgra-439cbfec4181d43c703ffd1ac7ef5495{\nwidth:66.333333333333%;\nmargin-left:0;\nborder-radius:0px 0px 0px 0px;\npadding:0px 0px 0px 0px;\n}\n#top .flex_column_table.av-equal-height-column-flextable.av-spgra-439cbfec4181d43c703ffd1ac7ef5495 .av-flex-placeholder{\nwidth:1%;\n}\n<\/style>\n<div  class='flex_column av-spgra-439cbfec4181d43c703ffd1ac7ef5495 av_two_third  avia-builder-el-140  el_after_av_hr  el_before_av_one_third  first flex_column_table_cell av-equal-height-column av-align-middle av-zero-column-padding'     ><section  class='av_textblock_section av-1v1v2-d46941bf4c8f45a1753f8b9c748947b3'   itemscope=\"itemscope\" itemtype=\"https:\/\/schema.org\/CreativeWork\" ><div class='avia_textblock'  itemprop=\"text\" ><h4>23.11.2022<\/h4>\n<h4><span class=\"_aacl _aaco _aacu _aacx _aad7 _aade\">Foto-Ausstellung: &#8222;Die Kamera war immer dabei&#8220;<\/span><\/h4>\n<p><span class=\"_aacl _aaco _aacu _aacx _aad7 _aade\">Weiterhin in der DenkmalWerkstatt zu sehen: Unsere Foto-Ausstellung &#8222;Die Kamera war immer dabei&#8220; mit neuentdeckten Bildern der Friedlichen Revolution des Fotografen Eckhart Otto.<br \/>\nDienstag und Donnerstag von 14 &#8211; 17 Uhr, Kupfergasse 2.<br \/>\nOder nach Vereinbarung, telefonisch: 0341 22566004 oder per Mail: denkmal@stiftung-fr.de.<\/span><\/p>\n<p><span class=\"_aacl _aaco _aacu _aacx _aad7 _aade\">\u00a0<\/span><\/p>\n<div class=\"innerTeaser\">\n<div class=\"teaserInfoWrapper\">\n<div class=\"shortInfos\"><\/div>\n<\/div>\n<\/div>\n<\/div><\/section><\/div>\n<div class='av-flex-placeholder'><\/div>\n<style type=\"text\/css\" data-created_by=\"avia_inline_auto\" id=\"style-css-av-j5xh2-9a0097ccb7dc247fc67f1511bbd8524d\">\n.flex_column.av-j5xh2-9a0097ccb7dc247fc67f1511bbd8524d{\nwidth:32.666666666667%;\nmargin-left:0;\n}\n#top .flex_column_table.av-equal-height-column-flextable.av-j5xh2-9a0097ccb7dc247fc67f1511bbd8524d .av-flex-placeholder{\nwidth:1%;\n}\n<\/style>\n<div  class='flex_column av-j5xh2-9a0097ccb7dc247fc67f1511bbd8524d av_one_third  avia-builder-el-142  el_after_av_two_third  el_before_av_hr  flex_column_table_cell av-equal-height-column av-align-middle'     ><style type=\"text\/css\" data-created_by=\"avia_inline_auto\" id=\"style-css-av-l9nwcqn4-686d1b511558db00f7699b12086aacb6\">\n.avia-image-container.av-l9nwcqn4-686d1b511558db00f7699b12086aacb6 img.avia_image{\nbox-shadow:none;\n}\n.avia-image-container.av-l9nwcqn4-686d1b511558db00f7699b12086aacb6 .av-image-caption-overlay-center{\ncolor:#ffffff;\n}\n<\/style>\n<div  class='avia-image-container av-l9nwcqn4-686d1b511558db00f7699b12086aacb6 av-styling- avia-align-center  avia-builder-el-143  avia-builder-el-no-sibling'   itemprop=\"image\" itemscope=\"itemscope\" itemtype=\"https:\/\/schema.org\/ImageObject\" ><div class=\"avia-image-container-inner\"><div class=\"avia-image-overlay-wrap\"><img decoding=\"async\" fetchpriority=\"high\" class='wp-image-3508 avia-img-lazy-loading-not-3508 avia_image' src=\"https:\/\/freiheitsdenkmal-leipzig.de\/wp-content\/uploads\/2022\/11\/89_10_023_016_.jpg\" alt='' title='89_10_023_016_'  height=\"1280\" width=\"1920\"  itemprop=\"thumbnailUrl\" srcset=\"https:\/\/freiheitsdenkmal-leipzig.de\/wp-content\/uploads\/2022\/11\/89_10_023_016_.jpg 1920w, https:\/\/freiheitsdenkmal-leipzig.de\/wp-content\/uploads\/2022\/11\/89_10_023_016_-300x200.jpg 300w, https:\/\/freiheitsdenkmal-leipzig.de\/wp-content\/uploads\/2022\/11\/89_10_023_016_-1030x687.jpg 1030w, https:\/\/freiheitsdenkmal-leipzig.de\/wp-content\/uploads\/2022\/11\/89_10_023_016_-768x512.jpg 768w, https:\/\/freiheitsdenkmal-leipzig.de\/wp-content\/uploads\/2022\/11\/89_10_023_016_-1536x1024.jpg 1536w, https:\/\/freiheitsdenkmal-leipzig.de\/wp-content\/uploads\/2022\/11\/89_10_023_016_-1500x1000.jpg 1500w, https:\/\/freiheitsdenkmal-leipzig.de\/wp-content\/uploads\/2022\/11\/89_10_023_016_-705x470.jpg 705w\" sizes=\"(max-width: 1920px) 100vw, 1920px\" \/><\/div><\/div><\/div><\/div><\/div><!--close column table wrapper. Autoclose: 1 -->\n<div  class='hr av-6np52-af8daaf1eeff6d3c14672ac7143c5386 hr-default  avia-builder-el-144  el_after_av_one_third  el_before_av_two_third'><span class='hr-inner'><span class=\"hr-inner-style\"><\/span><\/span><\/div>\n<div class='flex_column_table av-xzmfq-dd7b69000cc0b96a2e59f6161a6cca40 sc-av_two_third av-equal-height-column-flextable'>\n<style type=\"text\/css\" data-created_by=\"avia_inline_auto\" id=\"style-css-av-xzmfq-dd7b69000cc0b96a2e59f6161a6cca40\">\n.flex_column.av-xzmfq-dd7b69000cc0b96a2e59f6161a6cca40{\nwidth:66.333333333333%;\nmargin-left:0;\nborder-radius:0px 0px 0px 0px;\npadding:0px 0px 0px 0px;\n}\n#top .flex_column_table.av-equal-height-column-flextable.av-xzmfq-dd7b69000cc0b96a2e59f6161a6cca40 .av-flex-placeholder{\nwidth:1%;\n}\n<\/style>\n<div  class='flex_column av-xzmfq-dd7b69000cc0b96a2e59f6161a6cca40 av_two_third  avia-builder-el-145  el_after_av_hr  el_before_av_one_third  first flex_column_table_cell av-equal-height-column av-align-middle av-zero-column-padding'     ><section  class='av_textblock_section av-tf552-159a6036e3f2db7644e698b49690a9be'   itemscope=\"itemscope\" itemtype=\"https:\/\/schema.org\/CreativeWork\" ><div class='avia_textblock'  itemprop=\"text\" ><h4>09.11.2022<\/h4>\n<h4><span class=\"_aacl _aaco _aacu _aacx _aad7 _aade\">33 Jahre Mauerfall<\/span><\/h4>\n<p>Heute vor 33 Jahren fiel mit der Berliner Mauer die Grenze zwischen den beiden deutschen Staaten. Ein Tag der Gl\u00fcckstr\u00e4nen und Umarmungen, zum Staunen und Begeistertsein in Ost und West.<\/p>\n<p>Auch wenn der weitere Weg der Wiedervereinigung Entt\u00e4uschungen und Fehlentscheidungen bereithielt \u2013 f\u00fcr diesen Tag gilt: Manchmal geht Geschichte auch gut aus!<\/p>\n<p><span class=\"_aacl _aaco _aacu _aacx _aad7 _aade\">\u00a0<\/span><\/p>\n<div class=\"innerTeaser\">\n<div class=\"teaserInfoWrapper\">\n<div class=\"shortInfos\"><\/div>\n<\/div>\n<\/div>\n<\/div><\/section><\/div>\n<div class='av-flex-placeholder'><\/div>\n<style type=\"text\/css\" data-created_by=\"avia_inline_auto\" id=\"style-css-av-e7imu-3e55e2957baf32f4d6d6e4f97064eae6\">\n.flex_column.av-e7imu-3e55e2957baf32f4d6d6e4f97064eae6{\nwidth:32.666666666667%;\nmargin-left:0;\n}\n#top .flex_column_table.av-equal-height-column-flextable.av-e7imu-3e55e2957baf32f4d6d6e4f97064eae6 .av-flex-placeholder{\nwidth:1%;\n}\n<\/style>\n<div  class='flex_column av-e7imu-3e55e2957baf32f4d6d6e4f97064eae6 av_one_third  avia-builder-el-147  el_after_av_two_third  el_before_av_hr  flex_column_table_cell av-equal-height-column av-align-middle'     ><style type=\"text\/css\" data-created_by=\"avia_inline_auto\" id=\"style-css-av-8j6xa-bf6be5d572c8a67b8d19e80443b281c1\">\n.avia-image-container.av-8j6xa-bf6be5d572c8a67b8d19e80443b281c1 img.avia_image{\nbox-shadow:none;\n}\n.avia-image-container.av-8j6xa-bf6be5d572c8a67b8d19e80443b281c1 .av-image-caption-overlay-center{\ncolor:#ffffff;\n}\n<\/style>\n<div  class='avia-image-container av-8j6xa-bf6be5d572c8a67b8d19e80443b281c1 av-styling- avia-align-center  avia-builder-el-148  avia-builder-el-no-sibling  av-has-copyright av-copyright-always'   itemprop=\"image\" itemscope=\"itemscope\" itemtype=\"https:\/\/schema.org\/ImageObject\" ><div class=\"avia-image-container-inner\"><div class=\"avia-image-overlay-wrap\"><img decoding=\"async\" fetchpriority=\"high\" class='wp-image-3145 avia-img-lazy-loading-not-3145 avia_image' src=\"https:\/\/freiheitsdenkmal-leipzig.de\/wp-content\/uploads\/2022\/09\/89_10_025_20.jpg\" alt='' title='89_10_025_20'  height=\"1200\" width=\"1800\"  itemprop=\"thumbnailUrl\" srcset=\"https:\/\/freiheitsdenkmal-leipzig.de\/wp-content\/uploads\/2022\/09\/89_10_025_20.jpg 1800w, https:\/\/freiheitsdenkmal-leipzig.de\/wp-content\/uploads\/2022\/09\/89_10_025_20-300x200.jpg 300w, https:\/\/freiheitsdenkmal-leipzig.de\/wp-content\/uploads\/2022\/09\/89_10_025_20-1030x687.jpg 1030w, https:\/\/freiheitsdenkmal-leipzig.de\/wp-content\/uploads\/2022\/09\/89_10_025_20-768x512.jpg 768w, https:\/\/freiheitsdenkmal-leipzig.de\/wp-content\/uploads\/2022\/09\/89_10_025_20-1536x1024.jpg 1536w, https:\/\/freiheitsdenkmal-leipzig.de\/wp-content\/uploads\/2022\/09\/89_10_025_20-1500x1000.jpg 1500w, https:\/\/freiheitsdenkmal-leipzig.de\/wp-content\/uploads\/2022\/09\/89_10_025_20-705x470.jpg 705w\" sizes=\"(max-width: 1800px) 100vw, 1800px\" \/><\/div><small class=\"avia-copyright\">Foto: Eckhard Otto<\/small><\/div><\/div><\/div><\/div><!--close column table wrapper. Autoclose: 1 -->\n<div  class='hr av-5dmd5i-7c4a7716cd6a6a25c8bea07d389d8341 hr-default  avia-builder-el-149  el_after_av_one_third  el_before_av_two_third'><span class='hr-inner'><span class=\"hr-inner-style\"><\/span><\/span><\/div>\n<div class='flex_column_table av-rnp6u-02767447fc0a44d9eca86e06d58cbb27 sc-av_two_third av-equal-height-column-flextable'>\n<style type=\"text\/css\" data-created_by=\"avia_inline_auto\" id=\"style-css-av-rnp6u-02767447fc0a44d9eca86e06d58cbb27\">\n.flex_column.av-rnp6u-02767447fc0a44d9eca86e06d58cbb27{\nwidth:66.166666666667%;\nmargin-left:0;\nborder-radius:0px 0px 0px 0px;\npadding:0px 0px 0px 0px;\n}\n#top .flex_column_table.av-equal-height-column-flextable.av-rnp6u-02767447fc0a44d9eca86e06d58cbb27 .av-flex-placeholder{\nwidth:1.5%;\n}\n<\/style>\n<div  class='flex_column av-rnp6u-02767447fc0a44d9eca86e06d58cbb27 av_two_third  avia-builder-el-150  el_after_av_hr  el_before_av_one_fourth  first flex_column_table_cell av-equal-height-column av-align-middle av-zero-column-padding'     ><section  class='av_textblock_section av-23fk6-69a7d67e094fea52a9f8860cfbcc76f8'   itemscope=\"itemscope\" itemtype=\"https:\/\/schema.org\/CreativeWork\" ><div class='avia_textblock'  itemprop=\"text\" ><h4>27.10.2022<\/h4>\n<h4><span class=\"_aacl _aaco _aacu _aacx _aad7 _aade\">Werkstatt-Caf\u00e9 am 3. November<\/span><\/h4>\n<p><span class=\"_aacl _aaco _aacu _aacx _aad7 _aade\">Am Donnerstag, den 3. November findet wieder ein Werkstatt-Caf\u00e9 statt.<br \/>\nWir laden Sie ein: von 15 bis ca. 17 Uhr in der Kupfergasse 2.<br \/>\nBringen Sie gerne Ihre Fragen und Schwerpunkte mit &#8211; oder schauen Sie sich einfach nur mal um in der DenkmalWerkstatt.<br \/>\nWir haben Kaffee und Kuchen, unsere Fotoausstellung &#8222;Die Kamera war immer dabei&#8220;- und hoffentlich Antworten auf eure Fragen.<br \/>\nWir freuen uns auf ein gem\u00fctliches Treffen und interessante Gespr\u00e4che!<\/span><\/p>\n<div class=\"innerTeaser\">\n<div class=\"teaserInfoWrapper\">\n<div class=\"shortInfos\"><\/div>\n<\/div>\n<\/div>\n<\/div><\/section><\/div>\n<div class='av-flex-placeholder'><\/div>\n<style type=\"text\/css\" data-created_by=\"avia_inline_auto\" id=\"style-css-av-edda6-714eb8535bf4f581d61be38db2e182e0\">\n.flex_column.av-edda6-714eb8535bf4f581d61be38db2e182e0{\nwidth:23.875%;\nmargin-left:0;\n}\n#top .flex_column_table.av-equal-height-column-flextable.av-edda6-714eb8535bf4f581d61be38db2e182e0 .av-flex-placeholder{\nwidth:1.5%;\n}\n<\/style>\n<div  class='flex_column av-edda6-714eb8535bf4f581d61be38db2e182e0 av_one_fourth  avia-builder-el-152  el_after_av_two_third  el_before_av_hr  flex_column_table_cell av-equal-height-column av-align-middle'     ><style type=\"text\/css\" data-created_by=\"avia_inline_auto\" id=\"style-css-av-6sy6m-3f8d0a2b0e69bdb9848edc4bc44fb82a\">\n.avia-image-container.av-6sy6m-3f8d0a2b0e69bdb9848edc4bc44fb82a img.avia_image{\nbox-shadow:none;\n}\n.avia-image-container.av-6sy6m-3f8d0a2b0e69bdb9848edc4bc44fb82a .av-image-caption-overlay-center{\ncolor:#ffffff;\n}\n<\/style>\n<div  class='avia-image-container av-6sy6m-3f8d0a2b0e69bdb9848edc4bc44fb82a av-styling- avia-align-center  avia-builder-el-153  avia-builder-el-no-sibling'   itemprop=\"image\" itemscope=\"itemscope\" itemtype=\"https:\/\/schema.org\/ImageObject\" ><div class=\"avia-image-container-inner\"><div class=\"avia-image-overlay-wrap\"><img decoding=\"async\" fetchpriority=\"high\" class='wp-image-3302 avia-img-lazy-loading-not-3302 avia_image' src=\"https:\/\/freiheitsdenkmal-leipzig.de\/wp-content\/uploads\/2022\/10\/Kopie-von-Kopie-von-Coffee-Coffee-Shop-Minimal-Instagram-Post.png\" alt='' title='Kopie von Kopie von Coffee Coffee Shop Minimal Instagram Post'  height=\"1080\" width=\"1080\"  itemprop=\"thumbnailUrl\" srcset=\"https:\/\/freiheitsdenkmal-leipzig.de\/wp-content\/uploads\/2022\/10\/Kopie-von-Kopie-von-Coffee-Coffee-Shop-Minimal-Instagram-Post.png 1080w, https:\/\/freiheitsdenkmal-leipzig.de\/wp-content\/uploads\/2022\/10\/Kopie-von-Kopie-von-Coffee-Coffee-Shop-Minimal-Instagram-Post-300x300.png 300w, https:\/\/freiheitsdenkmal-leipzig.de\/wp-content\/uploads\/2022\/10\/Kopie-von-Kopie-von-Coffee-Coffee-Shop-Minimal-Instagram-Post-1030x1030.png 1030w, https:\/\/freiheitsdenkmal-leipzig.de\/wp-content\/uploads\/2022\/10\/Kopie-von-Kopie-von-Coffee-Coffee-Shop-Minimal-Instagram-Post-80x80.png 80w, https:\/\/freiheitsdenkmal-leipzig.de\/wp-content\/uploads\/2022\/10\/Kopie-von-Kopie-von-Coffee-Coffee-Shop-Minimal-Instagram-Post-768x768.png 768w, https:\/\/freiheitsdenkmal-leipzig.de\/wp-content\/uploads\/2022\/10\/Kopie-von-Kopie-von-Coffee-Coffee-Shop-Minimal-Instagram-Post-36x36.png 36w, https:\/\/freiheitsdenkmal-leipzig.de\/wp-content\/uploads\/2022\/10\/Kopie-von-Kopie-von-Coffee-Coffee-Shop-Minimal-Instagram-Post-180x180.png 180w, https:\/\/freiheitsdenkmal-leipzig.de\/wp-content\/uploads\/2022\/10\/Kopie-von-Kopie-von-Coffee-Coffee-Shop-Minimal-Instagram-Post-705x705.png 705w\" sizes=\"(max-width: 1080px) 100vw, 1080px\" \/><\/div><\/div><\/div><\/div><\/div><!--close column table wrapper. Autoclose: 1 -->\n<div  class='hr av-58qzvq-f2fd11fe24687b64ed6711b840f9760d hr-default  avia-builder-el-154  el_after_av_one_fourth  el_before_av_two_third'><span class='hr-inner'><span class=\"hr-inner-style\"><\/span><\/span><\/div>\n<div class='flex_column_table av-sw9cu-a455dc39665fa8d1044e194ed665b754 sc-av_two_third av-equal-height-column-flextable'>\n<style type=\"text\/css\" data-created_by=\"avia_inline_auto\" id=\"style-css-av-sw9cu-a455dc39665fa8d1044e194ed665b754\">\n.flex_column.av-sw9cu-a455dc39665fa8d1044e194ed665b754{\nwidth:66.333333333333%;\nmargin-left:0;\nborder-radius:0px 0px 0px 0px;\npadding:0px 0px 0px 0px;\n}\n#top .flex_column_table.av-equal-height-column-flextable.av-sw9cu-a455dc39665fa8d1044e194ed665b754 .av-flex-placeholder{\nwidth:1%;\n}\n<\/style>\n<div  class='flex_column av-sw9cu-a455dc39665fa8d1044e194ed665b754 av_two_third  avia-builder-el-155  el_after_av_hr  el_before_av_one_third  first flex_column_table_cell av-equal-height-column av-align-middle av-zero-column-padding'     ><section  class='av_textblock_section av-lr23i-a1a3a149d4afbdc560a0540fd7e89c1f'   itemscope=\"itemscope\" itemtype=\"https:\/\/schema.org\/CreativeWork\" ><div class='avia_textblock'  itemprop=\"text\" ><h4>25.10.2022<\/h4>\n<h4><span class=\"_aacl _aaco _aacu _aacx _aad7 _aade\">Bilder der Friedlichen Revolution<\/span><\/h4>\n<p><span class=\"_aacl _aaco _aacu _aacx _aad7 _aade\">Die Fotoausstellung \u201eDie Kamera war immer dabei\u201c mit Bildern des Fotografen Eckhard Otto ist \u00fcbrigens weiterhin Dienstag und Donnerstag von 14 &#8211; 17 Uhr in der DenkmalWerkstatt ge\u00f6ffnet.<br \/>\n\u00dcbrigens: Auch au\u00dferhalb dieser \u00d6ffnungszeiten k\u00f6nnen Sie telefonisch: 0341 22566004 oder per Mail: denkmal@stiftung-fr.de gerne einen Besuch in der Kupfergasse 2 vereinbaren.<\/span><\/p>\n<div class=\"innerTeaser\">\n<div class=\"teaserInfoWrapper\">\n<div class=\"shortInfos\"><\/div>\n<\/div>\n<\/div>\n<\/div><\/section><\/div>\n<div class='av-flex-placeholder'><\/div>\n<style type=\"text\/css\" data-created_by=\"avia_inline_auto\" id=\"style-css-av-da8by-2fb288228d54157857ea067308c62099\">\n.flex_column.av-da8by-2fb288228d54157857ea067308c62099{\nwidth:32.666666666667%;\nmargin-left:0;\n}\n#top .flex_column_table.av-equal-height-column-flextable.av-da8by-2fb288228d54157857ea067308c62099 .av-flex-placeholder{\nwidth:1%;\n}\n<\/style>\n<div  class='flex_column av-da8by-2fb288228d54157857ea067308c62099 av_one_third  avia-builder-el-157  el_after_av_two_third  el_before_av_hr  flex_column_table_cell av-equal-height-column av-align-middle'     ><style type=\"text\/css\" data-created_by=\"avia_inline_auto\" id=\"style-css-av-a0wke-acb4261b051c83790f52599b79f7613b\">\n.avia-image-container.av-a0wke-acb4261b051c83790f52599b79f7613b img.avia_image{\nbox-shadow:none;\n}\n.avia-image-container.av-a0wke-acb4261b051c83790f52599b79f7613b .av-image-caption-overlay-center{\ncolor:#ffffff;\n}\n<\/style>\n<div  class='avia-image-container av-a0wke-acb4261b051c83790f52599b79f7613b av-styling- avia-align-center  avia-builder-el-158  avia-builder-el-no-sibling'   itemprop=\"image\" itemscope=\"itemscope\" itemtype=\"https:\/\/schema.org\/ImageObject\" ><div class=\"avia-image-container-inner\"><div class=\"avia-image-overlay-wrap\"><img decoding=\"async\" fetchpriority=\"high\" class='wp-image-3252 avia-img-lazy-loading-not-3252 avia_image' src=\"https:\/\/freiheitsdenkmal-leipzig.de\/wp-content\/uploads\/2022\/10\/89_10_025_27.jpg\" alt='' title='89_10_025_27'  height=\"1200\" width=\"1800\"  itemprop=\"thumbnailUrl\" srcset=\"https:\/\/freiheitsdenkmal-leipzig.de\/wp-content\/uploads\/2022\/10\/89_10_025_27.jpg 1800w, https:\/\/freiheitsdenkmal-leipzig.de\/wp-content\/uploads\/2022\/10\/89_10_025_27-300x200.jpg 300w, https:\/\/freiheitsdenkmal-leipzig.de\/wp-content\/uploads\/2022\/10\/89_10_025_27-1030x687.jpg 1030w, https:\/\/freiheitsdenkmal-leipzig.de\/wp-content\/uploads\/2022\/10\/89_10_025_27-768x512.jpg 768w, https:\/\/freiheitsdenkmal-leipzig.de\/wp-content\/uploads\/2022\/10\/89_10_025_27-1536x1024.jpg 1536w, https:\/\/freiheitsdenkmal-leipzig.de\/wp-content\/uploads\/2022\/10\/89_10_025_27-1500x1000.jpg 1500w, https:\/\/freiheitsdenkmal-leipzig.de\/wp-content\/uploads\/2022\/10\/89_10_025_27-705x470.jpg 705w\" sizes=\"(max-width: 1800px) 100vw, 1800px\" \/><\/div><\/div><\/div><\/div><\/div><!--close column table wrapper. Autoclose: 1 -->\n<div  class='hr av-5010n2-a2c005bb27fd585edae68f9bfdda1cc5 hr-default  avia-builder-el-159  el_after_av_one_third  el_before_av_two_third'><span class='hr-inner'><span class=\"hr-inner-style\"><\/span><\/span><\/div>\n<div class='flex_column_table av-fs0l2-8e13cdb25add0016a01c3876d31c5ae1 sc-av_two_third av-equal-height-column-flextable'>\n<style type=\"text\/css\" data-created_by=\"avia_inline_auto\" id=\"style-css-av-fs0l2-8e13cdb25add0016a01c3876d31c5ae1\">\n.flex_column.av-fs0l2-8e13cdb25add0016a01c3876d31c5ae1{\nwidth:66.333333333333%;\nmargin-left:0;\nborder-radius:0px 0px 0px 0px;\npadding:0px 0px 0px 0px;\n}\n#top .flex_column_table.av-equal-height-column-flextable.av-fs0l2-8e13cdb25add0016a01c3876d31c5ae1 .av-flex-placeholder{\nwidth:1%;\n}\n<\/style>\n<div  class='flex_column av-fs0l2-8e13cdb25add0016a01c3876d31c5ae1 av_two_third  avia-builder-el-160  el_after_av_hr  el_before_av_one_third  first flex_column_table_cell av-equal-height-column av-align-middle av-zero-column-padding'     ><section  class='av_textblock_section av-9enn2-3bbcd5d6ecaa6baf31a17cc3afcb1a98'   itemscope=\"itemscope\" itemtype=\"https:\/\/schema.org\/CreativeWork\" ><div class='avia_textblock'  itemprop=\"text\" ><h4>20.10.2022<\/h4>\n<h4>Die Frankfurter Buchmesse: Lieblingsb\u00fccher und Meinungsfreiheit<\/h4>\n<p>\u00dcbrigens: Zur Frankfurter Buchmesse ist das Leipziger Denkmal in Frankfurt vertreten &#8211; in Form von Denk mal-Postkarten, die wir mit der <a href=\"https:\/\/tinkerbelle-werbeagentur.de\/\" target=\"_blank\" rel=\"noopener\"><strong>Berliner Agentur Tinkerbelle<\/strong><\/a> entwickelt haben und die von <a href=\"http:\/\/gangart.de\/\" target=\"_blank\" rel=\"noopener\"><strong>Gangart Werbung<\/strong><\/a> in ganz Frankfurt verteilt wurden.<br \/>\nUnd am Buchmesse-Stand der <a href=\"https:\/\/www.buchkinder.de\/\" target=\"_blank\" rel=\"noopener\"><strong>Buchkinder Leipzig e.V.<\/strong><\/a> sind unsere Postkarten z. B. auch zu finden.<br \/>\nWer die Buchmesse besucht und Lust hat, an einem kleinen Gewinnspiel teilzunehmen, kann uns einfach eine dieser Postkarten zuschicken:<br \/>\n<em>DenkmalWerkstatt <\/em><em>der Stiftung Friedliche Revolution | <\/em><em>Kupfergasse 2 |<\/em>\u00a0 <em>04109 Leipzig<\/em><br \/>\nWenn wir \u00fcber die Angabe einer Post- oder Mail-Adresse die M\u00f6glichkeit haben den \/die Absender:in vom Gewinn zu benachrichtigen, nimmt die Postkarte automatisch an der Verlosung einer DVD von \u201eFritzi \u2013 Eine Wendewundergeschichte\u201c teil.<br \/>\nNat\u00fcrlich k\u00f6nnen Sie uns so sehr gerne auch mitteilen, wie Sie die Postkarten, den Denkmalprozess oder unser Angebot finden.<br \/>\nWir sind gespannt und w\u00fcnschen viel Gl\u00fcck!<\/p>\n<div class=\"innerTeaser\">\n<div class=\"teaserInfoWrapper\">\n<div class=\"shortInfos\"><\/div>\n<\/div>\n<\/div>\n<\/div><\/section><\/div>\n<div class='av-flex-placeholder'><\/div>\n<style type=\"text\/css\" data-created_by=\"avia_inline_auto\" id=\"style-css-av-13z3dq-06d76645eaecab2e725ba02156a32b13\">\n.flex_column.av-13z3dq-06d76645eaecab2e725ba02156a32b13{\nwidth:32.666666666667%;\nmargin-left:0;\n}\n#top .flex_column_table.av-equal-height-column-flextable.av-13z3dq-06d76645eaecab2e725ba02156a32b13 .av-flex-placeholder{\nwidth:1%;\n}\n<\/style>\n<div  class='flex_column av-13z3dq-06d76645eaecab2e725ba02156a32b13 av_one_third  avia-builder-el-162  el_after_av_two_third  el_before_av_hr  flex_column_table_cell av-equal-height-column av-align-middle'     ><div  class='avia-slideshow av-l9h3khc5-e05266258325a5f2f160143826a18e3a avia-slideshow-large av_slideshow avia-slide-slider  avia-builder-el-163  avia-builder-el-no-sibling  av-slideshow-ui av-control-default av-slideshow-manual av-loop-once av-loop-manual-endless av-default-height-applied avia-slideshow-6' data-slideshow-options=\"{&quot;animation&quot;:&quot;slide&quot;,&quot;autoplay&quot;:false,&quot;loop_autoplay&quot;:&quot;once&quot;,&quot;interval&quot;:5,&quot;loop_manual&quot;:&quot;manual-endless&quot;,&quot;autoplay_stopper&quot;:false,&quot;noNavigation&quot;:false,&quot;bg_slider&quot;:false,&quot;keep_padding&quot;:false,&quot;hoverpause&quot;:false,&quot;show_slide_delay&quot;:0}\"  itemprop=\"image\" itemscope=\"itemscope\" itemtype=\"https:\/\/schema.org\/ImageObject\" ><ul class='avia-slideshow-inner' style='padding-bottom: 100%;'><li  class='avia-slideshow-slide av-l9h3khc5-e05266258325a5f2f160143826a18e3a__0  slide-1 slide-odd'><div data-rel='slideshow-6' class='avia-slide-wrap'   ><img decoding=\"async\" fetchpriority=\"high\" class=\"wp-image-3241 avia-img-lazy-loading-not-3241\"  src=\"https:\/\/freiheitsdenkmal-leipzig.de\/wp-content\/uploads\/2022\/10\/Kopie-von-Vorlage-Denkmal-an-Meinungsfreiheit-1030x1030.png\" width=\"1030\" height=\"1030\" title='Kopie von Vorlage Denkmal an Meinungsfreiheit' alt=''  itemprop=\"thumbnailUrl\" srcset=\"https:\/\/freiheitsdenkmal-leipzig.de\/wp-content\/uploads\/2022\/10\/Kopie-von-Vorlage-Denkmal-an-Meinungsfreiheit-1030x1030.png 1030w, https:\/\/freiheitsdenkmal-leipzig.de\/wp-content\/uploads\/2022\/10\/Kopie-von-Vorlage-Denkmal-an-Meinungsfreiheit-300x300.png 300w, https:\/\/freiheitsdenkmal-leipzig.de\/wp-content\/uploads\/2022\/10\/Kopie-von-Vorlage-Denkmal-an-Meinungsfreiheit-80x80.png 80w, https:\/\/freiheitsdenkmal-leipzig.de\/wp-content\/uploads\/2022\/10\/Kopie-von-Vorlage-Denkmal-an-Meinungsfreiheit-768x768.png 768w, https:\/\/freiheitsdenkmal-leipzig.de\/wp-content\/uploads\/2022\/10\/Kopie-von-Vorlage-Denkmal-an-Meinungsfreiheit-36x36.png 36w, https:\/\/freiheitsdenkmal-leipzig.de\/wp-content\/uploads\/2022\/10\/Kopie-von-Vorlage-Denkmal-an-Meinungsfreiheit-180x180.png 180w, https:\/\/freiheitsdenkmal-leipzig.de\/wp-content\/uploads\/2022\/10\/Kopie-von-Vorlage-Denkmal-an-Meinungsfreiheit-705x705.png 705w, https:\/\/freiheitsdenkmal-leipzig.de\/wp-content\/uploads\/2022\/10\/Kopie-von-Vorlage-Denkmal-an-Meinungsfreiheit.png 1080w\" sizes=\"(max-width: 1030px) 100vw, 1030px\" \/><\/div><\/li><li  class='avia-slideshow-slide av-l9h3khc5-e05266258325a5f2f160143826a18e3a__1  slide-2 slide-even'><div data-rel='slideshow-6' class='avia-slide-wrap'   ><img decoding=\"async\" fetchpriority=\"high\" class=\"wp-image-3242 avia-img-lazy-loading-not-3242\"  src=\"https:\/\/freiheitsdenkmal-leipzig.de\/wp-content\/uploads\/2022\/10\/buchmesse-fa-1020x1030.jpg\" width=\"1020\" height=\"1030\" title='buchmesse-fa' alt=''  itemprop=\"thumbnailUrl\" srcset=\"https:\/\/freiheitsdenkmal-leipzig.de\/wp-content\/uploads\/2022\/10\/buchmesse-fa-1020x1030.jpg 1020w, https:\/\/freiheitsdenkmal-leipzig.de\/wp-content\/uploads\/2022\/10\/buchmesse-fa-297x300.jpg 297w, https:\/\/freiheitsdenkmal-leipzig.de\/wp-content\/uploads\/2022\/10\/buchmesse-fa-80x80.jpg 80w, https:\/\/freiheitsdenkmal-leipzig.de\/wp-content\/uploads\/2022\/10\/buchmesse-fa-768x776.jpg 768w, https:\/\/freiheitsdenkmal-leipzig.de\/wp-content\/uploads\/2022\/10\/buchmesse-fa-1521x1536.jpg 1521w, https:\/\/freiheitsdenkmal-leipzig.de\/wp-content\/uploads\/2022\/10\/buchmesse-fa-2028x2048.jpg 2028w, https:\/\/freiheitsdenkmal-leipzig.de\/wp-content\/uploads\/2022\/10\/buchmesse-fa-36x36.jpg 36w, https:\/\/freiheitsdenkmal-leipzig.de\/wp-content\/uploads\/2022\/10\/buchmesse-fa-1485x1500.jpg 1485w, https:\/\/freiheitsdenkmal-leipzig.de\/wp-content\/uploads\/2022\/10\/buchmesse-fa-698x705.jpg 698w\" sizes=\"(max-width: 1020px) 100vw, 1020px\" \/><\/div><\/li><\/ul><div class='avia-slideshow-arrows avia-slideshow-controls' ><a href='#prev' class='prev-slide' aria-hidden='true' data-av_icon='\ue87c' data-av_iconfont='entypo-fontello'  tabindex='-1'>Previous<\/a><a href='#next' class='next-slide' aria-hidden='true' data-av_icon='\ue87d' data-av_iconfont='entypo-fontello'  tabindex='-1'>Next<\/a><\/div><div class='avia-slideshow-dots avia-slideshow-controls'><a href='#1' class='goto-slide active' >1<\/a><a href='#2' class='goto-slide' >2<\/a><\/div><\/div><\/div><\/div><!--close column table wrapper. Autoclose: 1 -->\n<div  class='hr av-4xuyge-750326cbbca4e5a45021c4ed48e65f2e hr-default  avia-builder-el-164  el_after_av_one_third  el_before_av_three_fourth'><span class='hr-inner'><span class=\"hr-inner-style\"><\/span><\/span><\/div>\n\n<style type=\"text\/css\" data-created_by=\"avia_inline_auto\" id=\"style-css-av-24ea6-8af2ef9d31c47a92b143b8f10e8351f0\">\n.flex_column.av-24ea6-8af2ef9d31c47a92b143b8f10e8351f0{\nwidth:74.75%;\nborder-radius:0px 0px 0px 0px;\npadding:0px 0px 0px 0px;\n}\n<\/style>\n<div  class='flex_column av-24ea6-8af2ef9d31c47a92b143b8f10e8351f0 av_three_fourth  avia-builder-el-165  el_after_av_hr  el_before_av_hr  first flex_column_div av-zero-column-padding'     ><section  class='av_textblock_section av-epzra-4ff70060bfe96cf28a708010eb31a821'   itemscope=\"itemscope\" itemtype=\"https:\/\/schema.org\/CreativeWork\" ><div class='avia_textblock'  itemprop=\"text\" ><h4>11.10.2022<\/h4>\n<h4>MDR SACHSEN-Audio zum Stand des Leipziger Freiheitsdenkmals<\/h4>\n<p>Anl\u00e4sslich des Lichtfests hat sich <strong>Burkhard Friedrich<\/strong>, MDR Sachsen-Reporter, Gedanken zum Stand des Denkmals gemacht und O-T\u00f6ne eingesammelt &#8211;\u00a0 u. a. bei einem Interview mit <strong>Gesine Oltmanns<\/strong>, B\u00fcrgerrechtlerin und Projektleiterin f\u00fcr die Begleitung des Freiheits- und Einheitsdenkmals bei der Stiftung Friedliche Revolution.<\/p>\n<p>Das MDR-Audio finden Sie hier: <strong><a href=\"https:\/\/www.mdr.de\/sachsenradio\/audio-leipzig-freiheits-einheits-denkmal-100.html\" target=\"_blank\" rel=\"noopener\">https:\/\/www.mdr.de\/sachsenradio\/audio-leipzig-freiheits-einheits-denkmal-100.html<\/a><\/strong><\/p>\n<div class=\"innerTeaser\">\n<div class=\"teaserInfoWrapper\">\n<div class=\"shortInfos\"><\/div>\n<\/div>\n<\/div>\n<\/div><\/section><\/div>\n<div  class='hr av-4oh0k6-5ea05eb2a79c605f4671976409f70fc4 hr-default  avia-builder-el-167  el_after_av_three_fourth  el_before_av_two_third'><span class='hr-inner'><span class=\"hr-inner-style\"><\/span><\/span><\/div>\n\n<style type=\"text\/css\" data-created_by=\"avia_inline_auto\" id=\"style-css-av-22tye-e831dc6071d92179a63ee3f13d4b7bf7\">\n.flex_column.av-22tye-e831dc6071d92179a63ee3f13d4b7bf7{\nwidth:66.333333333333%;\nborder-radius:0px 0px 0px 0px;\npadding:0px 0px 0px 0px;\n}\n<\/style>\n<div  class='flex_column av-22tye-e831dc6071d92179a63ee3f13d4b7bf7 av_two_third  avia-builder-el-168  el_after_av_hr  el_before_av_one_third  first flex_column_div av-zero-column-padding'     ><section  class='av_textblock_section av-foz0m-7e1bc844802e673bc0b52b9a7e61cd38'   itemscope=\"itemscope\" itemtype=\"https:\/\/schema.org\/CreativeWork\" ><div class='avia_textblock'  itemprop=\"text\" ><h4>09.10.2022<\/h4>\n<h4>9. Oktober: Denk mal an 70.000<\/h4>\n<p>Heute j\u00e4hrt sich zum 33. Mal der Tag an dem 70.000 Menschen friedlich auf dem Leipziger Ring f\u00fcr Freiheit und Demokratie demonstrierten: der 9. Oktober 1989 \u2013 Wendepunkt der Friedlichen Revolution, an die das Freiheits- und Einheitsdenkmal in Leipzig erinnern wird.<\/p>\n<p>In Leipzig feiern wir diesen Tag traditionell mit einem gro\u00dfen Lichtfest in der gesamten Innenstadt.<br \/>\nDas <strong><a href=\"https:\/\/freiheitsdenkmal-leipzig.de\/wp-content\/uploads\/2022\/10\/LF_2022_Programm_9.Oktober.pdf\" target=\"_blank\" rel=\"noopener\">Lichtfest-Programm finden Sie hier<\/a><\/strong>.<br \/>\nIn der DenkmalWerkstatt zeigen wir im Rahmen des Lichtfests heute, Sonntag, den 9.9.2022, um 11 und um 14 Uhr:<\/p>\n<ul>\n<li><em><strong>\u201eFritzi \u2013 eine Wendewundergeschichte\u201c<\/strong> Filmvorf\u00fchrung f\u00fcr Kinder und Familien<\/em><br \/>\n<em> Der Film, basierend auf dem gleichnamigen Buch von Hanna Schott, erz\u00e4hlt die Ereignisse des Herbstes \u030189 aus der Sicht eines Kindes und vermittelt authentisch, warum die Menschen damals auf die Stra\u00dfe gingen. <\/em><em>F\u00fcr Kinder ab 8 Jahre. Eintritt frei<br \/>\n<\/em><\/li>\n<\/ul>\n<p>Die Friedliche Revolution und den 9. Oktober zeigt auch unsere Fotoausstellung <strong>&#8222;Die Kamera war immer dabei&#8220;<\/strong> des Fotografen Eckhard Otto.<\/p>\n<\/div><\/section><\/div>\n\n<style type=\"text\/css\" data-created_by=\"avia_inline_auto\" id=\"style-css-av-l868czmj-bf1b0a187fe5fd419b02cc82932b1b4d\">\n.flex_column.av-l868czmj-bf1b0a187fe5fd419b02cc82932b1b4d{\nwidth:32.666666666667%;\nmargin-left:1%;\n}\n<\/style>\n<div  class='flex_column av-l868czmj-bf1b0a187fe5fd419b02cc82932b1b4d av_one_third  avia-builder-el-170  el_after_av_two_third  el_before_av_hr  flex_column_div'     ><style type=\"text\/css\" data-created_by=\"avia_inline_auto\" id=\"style-css-av-l8sz9ez3-ddc5f9b04b985184a704650927bf39cd\">\n.avia-image-container.av-l8sz9ez3-ddc5f9b04b985184a704650927bf39cd img.avia_image{\nbox-shadow:none;\n}\n.avia-image-container.av-l8sz9ez3-ddc5f9b04b985184a704650927bf39cd .av-image-caption-overlay-center{\ncolor:#ffffff;\n}\n<\/style>\n<div  class='avia-image-container av-l8sz9ez3-ddc5f9b04b985184a704650927bf39cd av-styling- avia-align-center  avia-builder-el-171  avia-builder-el-no-sibling'   itemprop=\"image\" itemscope=\"itemscope\" itemtype=\"https:\/\/schema.org\/ImageObject\" ><div class=\"avia-image-container-inner\"><div class=\"avia-image-overlay-wrap\"><img decoding=\"async\" fetchpriority=\"high\" class='wp-image-3211 avia-img-lazy-loading-not-3211 avia_image' src=\"https:\/\/freiheitsdenkmal-leipzig.de\/wp-content\/uploads\/2022\/10\/Kopie-von-Vorlage-Denkmal-an-die-Friedl.-Revolution.png\" alt='' title='Kopie von Vorlage Denkmal an die Friedl. Revolution'  height=\"1080\" width=\"1080\"  itemprop=\"thumbnailUrl\" srcset=\"https:\/\/freiheitsdenkmal-leipzig.de\/wp-content\/uploads\/2022\/10\/Kopie-von-Vorlage-Denkmal-an-die-Friedl.-Revolution.png 1080w, https:\/\/freiheitsdenkmal-leipzig.de\/wp-content\/uploads\/2022\/10\/Kopie-von-Vorlage-Denkmal-an-die-Friedl.-Revolution-300x300.png 300w, https:\/\/freiheitsdenkmal-leipzig.de\/wp-content\/uploads\/2022\/10\/Kopie-von-Vorlage-Denkmal-an-die-Friedl.-Revolution-1030x1030.png 1030w, https:\/\/freiheitsdenkmal-leipzig.de\/wp-content\/uploads\/2022\/10\/Kopie-von-Vorlage-Denkmal-an-die-Friedl.-Revolution-80x80.png 80w, https:\/\/freiheitsdenkmal-leipzig.de\/wp-content\/uploads\/2022\/10\/Kopie-von-Vorlage-Denkmal-an-die-Friedl.-Revolution-768x768.png 768w, https:\/\/freiheitsdenkmal-leipzig.de\/wp-content\/uploads\/2022\/10\/Kopie-von-Vorlage-Denkmal-an-die-Friedl.-Revolution-36x36.png 36w, https:\/\/freiheitsdenkmal-leipzig.de\/wp-content\/uploads\/2022\/10\/Kopie-von-Vorlage-Denkmal-an-die-Friedl.-Revolution-180x180.png 180w, https:\/\/freiheitsdenkmal-leipzig.de\/wp-content\/uploads\/2022\/10\/Kopie-von-Vorlage-Denkmal-an-die-Friedl.-Revolution-705x705.png 705w\" sizes=\"(max-width: 1080px) 100vw, 1080px\" \/><\/div><\/div><\/div><\/div>\n<div  class='hr av-4l59lq-0a1d784b7e6e36638d38461912decc25 hr-default  avia-builder-el-172  el_after_av_one_third  el_before_av_three_fourth'><span class='hr-inner'><span class=\"hr-inner-style\"><\/span><\/span><\/div>\n\n<style type=\"text\/css\" data-created_by=\"avia_inline_auto\" id=\"style-css-av-2rl5q-53bf2f321455ad480dc0b1271dbadea0\">\n.flex_column.av-2rl5q-53bf2f321455ad480dc0b1271dbadea0{\nwidth:74.75%;\nborder-radius:0px 0px 0px 0px;\npadding:0px 0px 0px 0px;\n}\n<\/style>\n<div  class='flex_column av-2rl5q-53bf2f321455ad480dc0b1271dbadea0 av_three_fourth  avia-builder-el-173  el_after_av_hr  el_before_av_hr  first flex_column_div av-zero-column-padding'     ><section  class='av_textblock_section av-l912baql-c3096240e795dd9eda26cedc21b0f649'   itemscope=\"itemscope\" itemtype=\"https:\/\/schema.org\/CreativeWork\" ><div class='avia_textblock'  itemprop=\"text\" ><h4>04.10.2022<\/h4>\n<h4><em><strong>Filmvorf\u00fchrung: \u201eFritzi \u2013 eine Wendewundergeschichte\u201c<\/strong><\/em><\/h4>\n<p>Im Rahmen des <strong>Lichtfests<\/strong> zeigen wir in der DenkmalWerkstatt am Sonntag, den 9.9.2022, um 11 und um 14 Uhr:<\/p>\n<p><strong>\u201eFritzi \u2013 eine Wendewundergeschichte\u201c<\/strong><br \/>\nFilmvorf\u00fchrung f\u00fcr Kinder und Familien<\/p>\n<p><em> Die 12-j\u00e4hrige Leipzigerin Fritzi will die Sommerferien 1989 eigentlich mit ihrer besten Freundin Sophie verbringen. Diese f\u00e4hrt jedoch mit ihren Eltern in den Urlaub nach Ungarn und bittet Fritzi, solange auf ihren Hund Sputnik aufzupassen. Als Sophie nach den Ferien nicht wieder in die Schule kommt, erf\u00e4hrt Fritzi, dass sie mit ihrer Familie in den Westen geflohen ist, und beschlie\u00dft, Sophie Sputnik zur\u00fcckzubringen. Sie beginnt, sich mit den Gr\u00fcnden f\u00fcr die Flucht auseinanderzusetzen, und nimmt fortan an den Montagsdemonstrationen f\u00fcr Freiheit und offene Grenzen teil. Ber\u00fchrend erz\u00e4hlt der Film \u201eFritzi \u2013 eine Wendewundergeschichte\u201c, basierend auf dem gleichnamigen Buch von Hanna Schott, die Ereignisse des Herbstes \u00a0\u00a0\u030189 aus der Sicht eines Kindes und vermittelt authentisch, warum die Menschen damals auf die Stra\u00dfe gingen.<\/em><br \/>\n<em>F\u00fcr Kinder ab 8 Jahre. Eintritt frei<br \/>\n<\/em><\/p>\n<p>Das <strong><a href=\"https:\/\/freiheitsdenkmal-leipzig.de\/wp-content\/uploads\/2022\/10\/LF_2022_Programm_9.Oktober.pdf\" target=\"_blank\" rel=\"noopener\">Lichtfest-Programm finden Sie hier<\/a><\/strong>.<\/p>\n<\/div><\/section><\/div>\n<div  class='hr av-4ep5w6-ab31636d07cf384ac5816bd4d0715995 hr-default  avia-builder-el-175  el_after_av_three_fourth  el_before_av_three_fourth'><span class='hr-inner'><span class=\"hr-inner-style\"><\/span><\/span><\/div>\n\n<style type=\"text\/css\" data-created_by=\"avia_inline_auto\" id=\"style-css-av-p4xfy-b62629bcfef09dbfcb41e341a3354e2f\">\n.flex_column.av-p4xfy-b62629bcfef09dbfcb41e341a3354e2f{\nwidth:74.75%;\nborder-radius:0px 0px 0px 0px;\npadding:0px 0px 0px 0px;\n}\n<\/style>\n<div  class='flex_column av-p4xfy-b62629bcfef09dbfcb41e341a3354e2f av_three_fourth  avia-builder-el-176  el_after_av_hr  el_before_av_hr  first flex_column_div av-zero-column-padding'     ><section  class='av_textblock_section av-niaby-1bbce639ac31b80562da1283261bd3cf'   itemscope=\"itemscope\" itemtype=\"https:\/\/schema.org\/CreativeWork\" ><div class='avia_textblock'  itemprop=\"text\" ><h4>04.10.2022<\/h4>\n<h4><span class=\"_aacl _aaco _aacu _aacx _aad7 _aade\">Werkstatt-Caf\u00e9 am 6. Oktober<\/span><\/h4>\n<p><span class=\"_aacl _aaco _aacu _aacx _aad7 _aade\">Wir laden am 6.10.2022 von 15 bis ca. 17 Uhr zum Werkstatt-Caf\u00e9 in die DenkmalWerkstatt, Kupfergasse 2 ein.<\/span><\/p>\n<p>Es gibt Kaffee, Kuchen, hoffentlich interessante Gespr\u00e4che &#8211; und die Gelegenheit einen Blick auf unsere Fotoausstellung &#8222;Die Kamera war immer dabei&#8220; zu werfen.<br \/>\nWir freuen uns auf Ihren Besuch!<\/p>\n<\/div><\/section><\/div>\n<div  class='hr av-46iota-12397de541359cc8e295a6ca225ed59a hr-default  avia-builder-el-178  el_after_av_three_fourth  el_before_av_two_third'><span class='hr-inner'><span class=\"hr-inner-style\"><\/span><\/span><\/div>\n<div class='flex_column_table av-ckhmu-f706fadee9fb46b6fe4b62cbc35561fc sc-av_two_third av-equal-height-column-flextable'>\n<style type=\"text\/css\" data-created_by=\"avia_inline_auto\" id=\"style-css-av-ckhmu-f706fadee9fb46b6fe4b62cbc35561fc\">\n.flex_column.av-ckhmu-f706fadee9fb46b6fe4b62cbc35561fc{\nwidth:66.333333333333%;\nmargin-left:0;\nborder-radius:0px 0px 0px 0px;\npadding:0px 0px 0px 0px;\n}\n#top .flex_column_table.av-equal-height-column-flextable.av-ckhmu-f706fadee9fb46b6fe4b62cbc35561fc .av-flex-placeholder{\nwidth:1%;\n}\n<\/style>\n<div  class='flex_column av-ckhmu-f706fadee9fb46b6fe4b62cbc35561fc av_two_third  avia-builder-el-179  el_after_av_hr  el_before_av_one_fourth  first flex_column_table_cell av-equal-height-column av-align-middle av-zero-column-padding'     ><section  class='av_textblock_section av-9apny-ad40d80e138b1264022fa9fdd47f55d2'   itemscope=\"itemscope\" itemtype=\"https:\/\/schema.org\/CreativeWork\" ><div class='avia_textblock'  itemprop=\"text\" ><h4>03.10.2022<\/h4>\n<h4><span class=\"_aacl _aaco _aacu _aacx _aad7 _aade\">92 Prozent <\/span><span class=\"_aacl _aaco _aacu _aacx _aad7 _aade\">der deutschen Wahlberechtigten finden<\/span><span class=\"_aacl _aaco _aacu _aacx _aad7 _aade\">: Wiedervereinigung war richtig<\/span><\/h4>\n<p><span class=\"_aacl _aaco _aacu _aacx _aad7 _aade\">Obwohl f\u00fcr 57 Prozent der Wahlberechtigten in Ost-Deutschland laut ZDF Politbarometer* immer noch die Unterschiede zwischen Ost und West \u00fcberwiegen (im Westen \u00fcberwiegen f\u00fcr 57 Prozent die Gemeinsamkeiten), wird die deutsche Wiedervereinigung heute nach 32 Jahren als alternativlos angesehen.<br \/>\nEine sehr gro\u00dfen Mehrheit von 92 Prozent der Befragten in Ost und West findet, dass die Wiedervereinigung der beiden deutschen Staaten richtig war.<\/span><\/p>\n<p><span class=\"_aacl _aaco _aacu _aacx _aad7 _aade\">Das hier abgebildetet &#8222;Denkmal&#8220;-Motiv ist \u00fcbrigens Teil unserer Kampagne mit der Berliner Agentur <a href=\"https:\/\/tinkerbelle-werbeagentur.de\/\" target=\"_blank\" rel=\"noopener\"><strong>Tinkerbelle <\/strong><\/a> &#8211; und zusammen mit drei weiteren Motiven als Postkarte <\/span><span class=\"_aacl _aaco _aacu _aacx _aad7 _aade\">kostenlos <\/span><span class=\"_aacl _aaco _aacu _aacx _aad7 _aade\">in der Denkmalwerkstatt Kupfergasse 2 verf\u00fcgbar.<\/span><\/p>\n<p>*<em>Die Umfrage zum Politbarometer wurde Zeit vom 27. bis 29. September 2022 von der Mannheimer Forschungsgruppe Wahlen durchgef\u00fchrt und ist repr\u00e4sentativ f\u00fcr die wahlberechtigte Bev\u00f6lkerung in Deutschland.<\/em><\/p>\n<\/div><\/section><\/div>\n<div class='av-flex-placeholder'><\/div>\n<style type=\"text\/css\" data-created_by=\"avia_inline_auto\" id=\"style-css-av-cuy6e-132994b737ab11666e920152664ab3d5\">\n.flex_column.av-cuy6e-132994b737ab11666e920152664ab3d5{\nwidth:24.25%;\nmargin-left:0;\n}\n#top .flex_column_table.av-equal-height-column-flextable.av-cuy6e-132994b737ab11666e920152664ab3d5 .av-flex-placeholder{\nwidth:1%;\n}\n<\/style>\n<div  class='flex_column av-cuy6e-132994b737ab11666e920152664ab3d5 av_one_fourth  avia-builder-el-181  el_after_av_two_third  el_before_av_hr  flex_column_table_cell av-equal-height-column av-align-middle'     ><style type=\"text\/css\" data-created_by=\"avia_inline_auto\" id=\"style-css-av-8fi7i-740bb539c56d0fbba16c17acea84c70c\">\n.avia-image-container.av-8fi7i-740bb539c56d0fbba16c17acea84c70c img.avia_image{\nbox-shadow:none;\n}\n.avia-image-container.av-8fi7i-740bb539c56d0fbba16c17acea84c70c .av-image-caption-overlay-center{\ncolor:#ffffff;\n}\n<\/style>\n<div  class='avia-image-container av-8fi7i-740bb539c56d0fbba16c17acea84c70c av-styling- avia-align-center  avia-builder-el-182  avia-builder-el-no-sibling'   itemprop=\"image\" itemscope=\"itemscope\" itemtype=\"https:\/\/schema.org\/ImageObject\" ><div class=\"avia-image-container-inner\"><div class=\"avia-image-overlay-wrap\"><img decoding=\"async\" fetchpriority=\"high\" class='wp-image-3176 avia-img-lazy-loading-not-3176 avia_image' src=\"https:\/\/freiheitsdenkmal-leipzig.de\/wp-content\/uploads\/2022\/10\/Vorlage-Denkmal-an-Wiedervereinigung.png\" alt='' title='Vorlage Denkmal an Wiedervereinigung'  height=\"1080\" width=\"1080\"  itemprop=\"thumbnailUrl\" srcset=\"https:\/\/freiheitsdenkmal-leipzig.de\/wp-content\/uploads\/2022\/10\/Vorlage-Denkmal-an-Wiedervereinigung.png 1080w, https:\/\/freiheitsdenkmal-leipzig.de\/wp-content\/uploads\/2022\/10\/Vorlage-Denkmal-an-Wiedervereinigung-300x300.png 300w, https:\/\/freiheitsdenkmal-leipzig.de\/wp-content\/uploads\/2022\/10\/Vorlage-Denkmal-an-Wiedervereinigung-1030x1030.png 1030w, https:\/\/freiheitsdenkmal-leipzig.de\/wp-content\/uploads\/2022\/10\/Vorlage-Denkmal-an-Wiedervereinigung-80x80.png 80w, https:\/\/freiheitsdenkmal-leipzig.de\/wp-content\/uploads\/2022\/10\/Vorlage-Denkmal-an-Wiedervereinigung-768x768.png 768w, https:\/\/freiheitsdenkmal-leipzig.de\/wp-content\/uploads\/2022\/10\/Vorlage-Denkmal-an-Wiedervereinigung-36x36.png 36w, https:\/\/freiheitsdenkmal-leipzig.de\/wp-content\/uploads\/2022\/10\/Vorlage-Denkmal-an-Wiedervereinigung-180x180.png 180w, https:\/\/freiheitsdenkmal-leipzig.de\/wp-content\/uploads\/2022\/10\/Vorlage-Denkmal-an-Wiedervereinigung-705x705.png 705w\" sizes=\"(max-width: 1080px) 100vw, 1080px\" \/><\/div><\/div><\/div><\/div><\/div><!--close column table wrapper. Autoclose: 1 -->\n<div  class='hr av-3ztdba-63e5084fff8a024bc652a32b930d2722 hr-default  avia-builder-el-183  el_after_av_one_fourth  el_before_av_three_fifth'><span class='hr-inner'><span class=\"hr-inner-style\"><\/span><\/span><\/div>\n<div class='flex_column_table av-1ipqry-e0f2f9acea668889f567112afee67b15 sc-av_three_fifth av-equal-height-column-flextable'>\n<style type=\"text\/css\" data-created_by=\"avia_inline_auto\" id=\"style-css-av-1ipqry-e0f2f9acea668889f567112afee67b15\">\n.flex_column.av-1ipqry-e0f2f9acea668889f567112afee67b15{\nwidth:59.6%;\nmargin-left:0;\nborder-radius:0px 0px 0px 0px;\npadding:0px 0px 0px 0px;\n}\n#top .flex_column_table.av-equal-height-column-flextable.av-1ipqry-e0f2f9acea668889f567112afee67b15 .av-flex-placeholder{\nwidth:1%;\n}\n<\/style>\n<div  class='flex_column av-1ipqry-e0f2f9acea668889f567112afee67b15 av_three_fifth  avia-builder-el-184  el_after_av_hr  el_before_av_one_third  first flex_column_table_cell av-equal-height-column av-align-middle av-zero-column-padding'     ><section  class='av_textblock_section av-1gi6ku-c2b108574c6ff5b6e7167ef8bc9a035d'   itemscope=\"itemscope\" itemtype=\"https:\/\/schema.org\/CreativeWork\" ><div class='avia_textblock'  itemprop=\"text\" ><h4>27.09.2022<\/h4>\n<h4><strong><span class=\"_aacl _aaco _aacu _aacx _aad7 _aade\"><span class=\"_aacl _aaco _aacu _aacx _aad7 _aade\">Ausstellungser\u00f6ffnung Fotoausstellung &#8222;Die Kamera war immer dabei&#8220;<\/span><\/span><\/strong><\/h4>\n<h4><\/h4>\n<p><span class=\"_aacl _aaco _aacu _aacx _aad7 _aade\">Gestern Abend war Ausstellungser\u00f6ffnung in der Denkmalwerkstatt &#8211; mit gro\u00dfem Interesse und sehr guter Stimmung.<\/span><\/p>\n<p><span class=\"_aacl _aaco _aacu _aacx _aad7 _aade\">Wenn Sie die Er\u00f6ffnung verpasst haben, die Ausstellung &#8222;Die Kamera war immer dabei&#8220; aber gerne sehen m\u00f6chten, kommen Sie einfach Montag bis Donnerstag von 14 &#8211; 17 Uhr in der Kupfergasse 2 vorbei oder vereinbaren Sie <\/span><span class=\"_aacl _aaco _aacu _aacx _aad7 _aade\">telefonisch: 0341 22566004 oder per Mail: denkmal@stiftung-fr.de einen Besuch. <\/span><\/p>\n<\/div><\/section><\/div>\n<div class='av-flex-placeholder'><\/div>\n<style type=\"text\/css\" data-created_by=\"avia_inline_auto\" id=\"style-css-av-ff2e-7d9df44bf91ecd9b1a714266ab683772\">\n.flex_column.av-ff2e-7d9df44bf91ecd9b1a714266ab683772{\nwidth:32.666666666667%;\nmargin-left:0;\n}\n#top .flex_column_table.av-equal-height-column-flextable.av-ff2e-7d9df44bf91ecd9b1a714266ab683772 .av-flex-placeholder{\nwidth:1%;\n}\n<\/style>\n<div  class='flex_column av-ff2e-7d9df44bf91ecd9b1a714266ab683772 av_one_third  avia-builder-el-186  el_after_av_three_fifth  el_before_av_hr  flex_column_table_cell av-equal-height-column av-align-middle'     ><div  class='avia-slideshow av-140doe-1d7e077a4a4cdadcadba722d4eaae212 avia-slideshow-gallery av_slideshow avia-slide-slider  avia-builder-el-187  avia-builder-el-no-sibling  av-slideshow-ui av-control-default av-slideshow-manual av-loop-once av-loop-manual-endless av-default-height-applied avia-slideshow-7' data-slideshow-options=\"{&quot;animation&quot;:&quot;slide&quot;,&quot;autoplay&quot;:false,&quot;loop_autoplay&quot;:&quot;once&quot;,&quot;interval&quot;:5,&quot;loop_manual&quot;:&quot;manual-endless&quot;,&quot;autoplay_stopper&quot;:false,&quot;noNavigation&quot;:false,&quot;bg_slider&quot;:false,&quot;keep_padding&quot;:false,&quot;hoverpause&quot;:false,&quot;show_slide_delay&quot;:0}\"  itemprop=\"image\" itemscope=\"itemscope\" itemtype=\"https:\/\/schema.org\/ImageObject\" ><ul class='avia-slideshow-inner' style='padding-bottom: 80.94674556213%;'><li  class='avia-slideshow-slide av-140doe-1d7e077a4a4cdadcadba722d4eaae212__0  slide-1 slide-odd'><div data-rel='slideshow-7' class='avia-slide-wrap'   ><img decoding=\"async\" fetchpriority=\"high\" class=\"wp-image-3159 avia-img-lazy-loading-not-3159\"  src=\"https:\/\/freiheitsdenkmal-leipzig.de\/wp-content\/uploads\/2022\/09\/20220926_173429-beschn-845x684.jpg\" width=\"845\" height=\"684\" title='20220926_173429-beschn' alt=''  itemprop=\"thumbnailUrl\" srcset=\"https:\/\/freiheitsdenkmal-leipzig.de\/wp-content\/uploads\/2022\/09\/20220926_173429-beschn-845x684.jpg 845w, https:\/\/freiheitsdenkmal-leipzig.de\/wp-content\/uploads\/2022\/09\/20220926_173429-beschn-495x400.jpg 495w\" sizes=\"(max-width: 845px) 100vw, 845px\" \/><\/div><\/li><li  class='avia-slideshow-slide av-140doe-1d7e077a4a4cdadcadba722d4eaae212__1  slide-2 slide-even'><div data-rel='slideshow-7' class='avia-slide-wrap'   ><img decoding=\"async\" fetchpriority=\"high\" class=\"wp-image-3162 avia-img-lazy-loading-not-3162\"  src=\"https:\/\/freiheitsdenkmal-leipzig.de\/wp-content\/uploads\/2022\/09\/89_11_028_08-845x684.jpg\" width=\"845\" height=\"684\" title='89_11_028_08' alt=''  itemprop=\"thumbnailUrl\" srcset=\"https:\/\/freiheitsdenkmal-leipzig.de\/wp-content\/uploads\/2022\/09\/89_11_028_08-845x684.jpg 845w, https:\/\/freiheitsdenkmal-leipzig.de\/wp-content\/uploads\/2022\/09\/89_11_028_08-495x400.jpg 495w\" sizes=\"(max-width: 845px) 100vw, 845px\" \/><\/div><\/li><li  class='avia-slideshow-slide av-140doe-1d7e077a4a4cdadcadba722d4eaae212__2  slide-3 slide-odd'><div data-rel='slideshow-7' class='avia-slide-wrap'   ><img decoding=\"async\" fetchpriority=\"high\" class=\"wp-image-3161 avia-img-lazy-loading-not-3161\"  src=\"https:\/\/freiheitsdenkmal-leipzig.de\/wp-content\/uploads\/2022\/09\/20220926_190818-beschn2-845x684.jpg\" width=\"845\" height=\"684\" title='20220926_190818-beschn2' alt=''  itemprop=\"thumbnailUrl\" srcset=\"https:\/\/freiheitsdenkmal-leipzig.de\/wp-content\/uploads\/2022\/09\/20220926_190818-beschn2-845x684.jpg 845w, https:\/\/freiheitsdenkmal-leipzig.de\/wp-content\/uploads\/2022\/09\/20220926_190818-beschn2-495x400.jpg 495w\" sizes=\"(max-width: 845px) 100vw, 845px\" \/><\/div><\/li><li  class='avia-slideshow-slide av-140doe-1d7e077a4a4cdadcadba722d4eaae212__3  slide-4 slide-even'><div data-rel='slideshow-7' class='avia-slide-wrap'   ><img decoding=\"async\" fetchpriority=\"high\" class=\"wp-image-3160 avia-img-lazy-loading-not-3160\"  src=\"https:\/\/freiheitsdenkmal-leipzig.de\/wp-content\/uploads\/2022\/09\/20220926_191057-845x684.jpg\" width=\"845\" height=\"684\" title='20220926_191057' alt=''  itemprop=\"thumbnailUrl\" srcset=\"https:\/\/freiheitsdenkmal-leipzig.de\/wp-content\/uploads\/2022\/09\/20220926_191057-845x684.jpg 845w, https:\/\/freiheitsdenkmal-leipzig.de\/wp-content\/uploads\/2022\/09\/20220926_191057-495x400.jpg 495w\" sizes=\"(max-width: 845px) 100vw, 845px\" \/><\/div><\/li><\/ul><div class='avia-slideshow-arrows avia-slideshow-controls' ><a href='#prev' class='prev-slide' aria-hidden='true' data-av_icon='\ue87c' data-av_iconfont='entypo-fontello'  tabindex='-1'>Previous<\/a><a href='#next' class='next-slide' aria-hidden='true' data-av_icon='\ue87d' data-av_iconfont='entypo-fontello'  tabindex='-1'>Next<\/a><\/div><div class='avia-slideshow-dots avia-slideshow-controls'><a href='#1' class='goto-slide active' >1<\/a><a href='#2' class='goto-slide' >2<\/a><a href='#3' class='goto-slide' >3<\/a><a href='#4' class='goto-slide' >4<\/a><\/div><\/div><\/div><\/div><!--close column table wrapper. Autoclose: 1 -->\n<div  class='hr av-3vbl8m-2a019e7447058c4e19a68cdfc9cc5794 hr-default  avia-builder-el-188  el_after_av_one_third  el_before_av_two_third'><span class='hr-inner'><span class=\"hr-inner-style\"><\/span><\/span><\/div>\n<div class='flex_column_table av-ss92e-3d74dca6ad1b7f24d64bb2f18faf3b9b sc-av_two_third av-equal-height-column-flextable'>\n<style type=\"text\/css\" data-created_by=\"avia_inline_auto\" id=\"style-css-av-ss92e-3d74dca6ad1b7f24d64bb2f18faf3b9b\">\n.flex_column.av-ss92e-3d74dca6ad1b7f24d64bb2f18faf3b9b{\nborder-radius:0px 0px 0px 0px;\npadding:0px 0px 0px 0px;\n}\n<\/style>\n<div  class='flex_column av-ss92e-3d74dca6ad1b7f24d64bb2f18faf3b9b av_two_third  avia-builder-el-189  el_after_av_hr  el_before_av_one_third  first no_margin flex_column_table_cell av-equal-height-column av-align-middle av-zero-column-padding'     ><section  class='av_textblock_section av-l8k7668t-23a3edc8b06f76c377a12c0c03da2121'   itemscope=\"itemscope\" itemtype=\"https:\/\/schema.org\/CreativeWork\" ><div class='avia_textblock'  itemprop=\"text\" ><h4>20.09.2022<\/h4>\n<h4><strong><span class=\"_aacl _aaco _aacu _aacx _aad7 _aade\"><span class=\"_aacl _aaco _aacu _aacx _aad7 _aade\">Save the Date: 26.9.22, 18 Uhr<\/span><\/span><\/strong><\/h4>\n<h4><strong><span class=\"_aacl _aaco _aacu _aacx _aad7 _aade\"><span class=\"_aacl _aaco _aacu _aacx _aad7 _aade\">Er\u00f6ffnungsfeier unserer Fotoausstellung <\/span><\/span><\/strong>\u201eDie Kamera war immer dabei\u201c: Der Fotograf Eckhard Otto: vom Teilnehmer zum Chronisten der Friedlichen Revolution in Leipzig<\/h4>\n<h4><\/h4>\n<p>Der Diplom-Ingenieur f\u00fcr Informationstechnik <strong>Eckhard Otto<\/strong> (geb. 1952 in Dahlen) ist kein Profi-Fotograf, aber fotografiert leidenschaftlich und gekonnt von Kindheit an, was um ihn herum geschieht.<br \/>\nIm Herbst 1989 geht Eckhard Otto in Leipzig mit vielen anderen mutigen B\u00fcrger:innen f\u00fcr Freiheit und Demokratie auf die Stra\u00dfe \u2013 seine Kamera immer dabei.<br \/>\nDurch Ottos Linse schauen wir mit einem ganz pers\u00f6nlichen Blick auf die Friedliche Revolution im Herbst und Winter 1989\/90 und sehen gleichzeitig deren typische und gro\u00dfen Momente.<\/p>\n<p>Wir freuen uns auf Sie! Am 26. September ab 18 Uhr in der DenkmalWerkstatt, Kupfergasse 2, Leipzig<\/p>\n<\/div><\/section><\/div>\n<div  class='flex_column av-nd55a-b70f48e8fb477ce6b9c60a251af3ab4a av_one_third  avia-builder-el-191  el_after_av_two_third  el_before_av_hr  no_margin flex_column_table_cell av-equal-height-column av-align-middle'     ><style type=\"text\/css\" data-created_by=\"avia_inline_auto\" id=\"style-css-av-hp2p2-a9e4d856a2d0dfc61ccc22ed8a11df4f\">\n.avia-image-container.av-hp2p2-a9e4d856a2d0dfc61ccc22ed8a11df4f img.avia_image{\nbox-shadow:none;\n}\n.avia-image-container.av-hp2p2-a9e4d856a2d0dfc61ccc22ed8a11df4f .av-image-caption-overlay-center{\ncolor:#ffffff;\n}\n<\/style>\n<div  class='avia-image-container av-hp2p2-a9e4d856a2d0dfc61ccc22ed8a11df4f av-styling- avia-align-center  avia-builder-el-192  avia-builder-el-no-sibling'   itemprop=\"image\" itemscope=\"itemscope\" itemtype=\"https:\/\/schema.org\/ImageObject\" ><div class=\"avia-image-container-inner\"><div class=\"avia-image-overlay-wrap\"><img decoding=\"async\" fetchpriority=\"high\" class='wp-image-3145 avia-img-lazy-loading-not-3145 avia_image' src=\"https:\/\/freiheitsdenkmal-leipzig.de\/wp-content\/uploads\/2022\/09\/89_10_025_20.jpg\" alt='' title='89_10_025_20'  height=\"1200\" width=\"1800\"  itemprop=\"thumbnailUrl\" srcset=\"https:\/\/freiheitsdenkmal-leipzig.de\/wp-content\/uploads\/2022\/09\/89_10_025_20.jpg 1800w, https:\/\/freiheitsdenkmal-leipzig.de\/wp-content\/uploads\/2022\/09\/89_10_025_20-300x200.jpg 300w, https:\/\/freiheitsdenkmal-leipzig.de\/wp-content\/uploads\/2022\/09\/89_10_025_20-1030x687.jpg 1030w, https:\/\/freiheitsdenkmal-leipzig.de\/wp-content\/uploads\/2022\/09\/89_10_025_20-768x512.jpg 768w, https:\/\/freiheitsdenkmal-leipzig.de\/wp-content\/uploads\/2022\/09\/89_10_025_20-1536x1024.jpg 1536w, https:\/\/freiheitsdenkmal-leipzig.de\/wp-content\/uploads\/2022\/09\/89_10_025_20-1500x1000.jpg 1500w, https:\/\/freiheitsdenkmal-leipzig.de\/wp-content\/uploads\/2022\/09\/89_10_025_20-705x470.jpg 705w\" sizes=\"(max-width: 1800px) 100vw, 1800px\" \/><\/div><\/div><\/div><\/div><\/div><!--close column table wrapper. Autoclose: 1 -->\n<div  class='hr av-3s197i-1fe3cad8cba90f08bc45a3598316d3ec hr-default  avia-builder-el-193  el_after_av_one_third  el_before_av_two_third'><span class='hr-inner'><span class=\"hr-inner-style\"><\/span><\/span><\/div>\n<div class='flex_column_table av-ui026-8f10371b9960d7a6482daf1d1eab0fdc sc-av_two_third av-equal-height-column-flextable'>\n<style type=\"text\/css\" data-created_by=\"avia_inline_auto\" id=\"style-css-av-ui026-8f10371b9960d7a6482daf1d1eab0fdc\">\n.flex_column.av-ui026-8f10371b9960d7a6482daf1d1eab0fdc{\nborder-radius:0px 0px 0px 0px;\npadding:0px 0px 0px 0px;\n}\n<\/style>\n<div  class='flex_column av-ui026-8f10371b9960d7a6482daf1d1eab0fdc av_two_third  avia-builder-el-194  el_after_av_hr  el_before_av_one_third  first no_margin flex_column_table_cell av-equal-height-column av-align-middle av-zero-column-padding'     ><section  class='av_textblock_section av-pl73a-d27ffd1131426279401c020b0f4d1faa'   itemscope=\"itemscope\" itemtype=\"https:\/\/schema.org\/CreativeWork\" ><div class='avia_textblock'  itemprop=\"text\" ><h4>17.09.2022<\/h4>\n<h4><strong><span class=\"_aacl _aaco _aacu _aacx _aad7 _aade\"><span class=\"_aacl _aaco _aacu _aacx _aad7 _aade\">Neu: Infow\u00e4nde in der DenkmalWerkstatt<\/span><\/span><\/strong><\/h4>\n<p>Damit sich unsere Besucher:innen zuk\u00fcnftig in der DenkmalWerkstatt anschaulich \u00fcber geplante Schritte und den Fortschritt des Denkmals informieren k\u00f6nnen, haben wir mit Hilfe von von <a href=\"http:\/\/www.verenaherbst.de\/\" target=\"_blank\" rel=\"noopener\"><strong>Verena Herbst, Illustration <\/strong><\/a>and <a href=\"http:\/\/www.annaihle.de\/\" target=\"_blank\" rel=\"noopener\"><strong>Anna Ihle, Grafikdesign<\/strong><\/a> sowie der Leipziger <a href=\"https:\/\/www.druck-werbung-leipzig.de\/\" target=\"_blank\" rel=\"noopener\"><strong>Druckerei Bechmannn<\/strong><\/a> Infow\u00e4nde gestaltet, die ab sofort in der Kupfergasse 2 zu sehen sind.<\/p>\n<p>Wir freuen uns, wenn Sie vorbeikommen und unsere Infow\u00e4nde begutachten!<\/p>\n<p>PS: Uns gef\u00e4llt&#8217;s sehr!<\/p>\n<div class=\"bg-white dark:bg-dm-shade-darkest lg:py-40 md:py-40 sm:py-32\">\n<div class=\"lg:w-10\/12 md:w-10\/12 lg:mx-auto md:mx-auto lg:px-24 md:px-24 sm:px-16\">\n<div class=\"font-sansUI lg:text-base md:text-base sm:text-s text-shade-dark dark:text-shade-light\"><\/div>\n<\/div>\n<\/div>\n<div class=\"row\">\n<div class=\"colEntry3\">\n<div id=\"vobetreff\" class=\"text1\"><\/div>\n<\/div>\n<\/div>\n<\/div><\/section><\/div>\n<div  class='flex_column av-iu2ry-a6bb662a92a64155c73721fc0d37acc2 av_one_third  avia-builder-el-196  el_after_av_two_third  el_before_av_hr  no_margin flex_column_table_cell av-equal-height-column av-align-middle'     ><style type=\"text\/css\" data-created_by=\"avia_inline_auto\" id=\"style-css-av-gliba-b750e73ca690cf5c27dd309ce828330f\">\n.avia-image-container.av-gliba-b750e73ca690cf5c27dd309ce828330f img.avia_image{\nbox-shadow:none;\n}\n.avia-image-container.av-gliba-b750e73ca690cf5c27dd309ce828330f .av-image-caption-overlay-center{\ncolor:#ffffff;\n}\n<\/style>\n<div  class='avia-image-container av-gliba-b750e73ca690cf5c27dd309ce828330f av-styling- avia-align-center  avia-builder-el-197  avia-builder-el-no-sibling'   itemprop=\"image\" itemscope=\"itemscope\" itemtype=\"https:\/\/schema.org\/ImageObject\" ><div class=\"avia-image-container-inner\"><div class=\"avia-image-overlay-wrap\"><img decoding=\"async\" fetchpriority=\"high\" class='wp-image-3126 avia-img-lazy-loading-not-3126 avia_image' src=\"https:\/\/freiheitsdenkmal-leipzig.de\/wp-content\/uploads\/2022\/09\/IMG_3013.jpg\" alt='' title='IMG_3013'  height=\"1200\" width=\"1600\"  itemprop=\"thumbnailUrl\" srcset=\"https:\/\/freiheitsdenkmal-leipzig.de\/wp-content\/uploads\/2022\/09\/IMG_3013.jpg 1600w, https:\/\/freiheitsdenkmal-leipzig.de\/wp-content\/uploads\/2022\/09\/IMG_3013-300x225.jpg 300w, https:\/\/freiheitsdenkmal-leipzig.de\/wp-content\/uploads\/2022\/09\/IMG_3013-1030x773.jpg 1030w, https:\/\/freiheitsdenkmal-leipzig.de\/wp-content\/uploads\/2022\/09\/IMG_3013-768x576.jpg 768w, https:\/\/freiheitsdenkmal-leipzig.de\/wp-content\/uploads\/2022\/09\/IMG_3013-1536x1152.jpg 1536w, https:\/\/freiheitsdenkmal-leipzig.de\/wp-content\/uploads\/2022\/09\/IMG_3013-1500x1125.jpg 1500w, https:\/\/freiheitsdenkmal-leipzig.de\/wp-content\/uploads\/2022\/09\/IMG_3013-705x529.jpg 705w\" sizes=\"(max-width: 1600px) 100vw, 1600px\" \/><\/div><\/div><\/div><\/div><\/div><!--close column table wrapper. Autoclose: 1 -->\n<div  class='hr av-3l5hge-7480b1b4388f73a3bccc2541fdf28885 hr-default  avia-builder-el-198  el_after_av_one_third  el_before_av_two_third'><span class='hr-inner'><span class=\"hr-inner-style\"><\/span><\/span><\/div>\n<div class='flex_column_table av-lpmee-20e512419c0d8651431362094c1671fa sc-av_two_third av-equal-height-column-flextable'>\n<style type=\"text\/css\" data-created_by=\"avia_inline_auto\" id=\"style-css-av-lpmee-20e512419c0d8651431362094c1671fa\">\n.flex_column.av-lpmee-20e512419c0d8651431362094c1671fa{\nwidth:66.333333333333%;\nmargin-left:0;\nborder-radius:0px 0px 0px 0px;\npadding:0px 0px 0px 0px;\n}\n#top .flex_column_table.av-equal-height-column-flextable.av-lpmee-20e512419c0d8651431362094c1671fa .av-flex-placeholder{\nwidth:1%;\n}\n<\/style>\n<div  class='flex_column av-lpmee-20e512419c0d8651431362094c1671fa av_two_third  avia-builder-el-199  el_after_av_hr  el_before_av_one_third  first flex_column_table_cell av-equal-height-column av-align-middle av-zero-column-padding'     ><section  class='av_textblock_section av-f8rom-28522c03df79d18d69b878dc155cffea'   itemscope=\"itemscope\" itemtype=\"https:\/\/schema.org\/CreativeWork\" ><div class='avia_textblock'  itemprop=\"text\" ><h4>15.09.2022<\/h4>\n<h4><strong><span class=\"_aacl _aaco _aacu _aacx _aad7 _aade\">15. September: Tag der Demokratie<\/span><\/strong><\/h4>\n<p><span class=\"_aacl _aaco _aacu _aacx _aad7 _aade\"> Heute, am 15. September ist der Internationalen Tag der Demokratie, so haben es die Vereinten Nationen 2007 festgelegt.<\/span><\/p>\n<p>Nach mehr als drei Jahrzehnten Demokratie in der wiedervereinigten Bundesrepublik Deutschland scheint uns diese Staatsform vielleicht sehr sicher, aber Deutschland hat in der j\u00fcngeren Geschichte bereits zwei Diktaturen aushalten m\u00fcssen. Und erlebt z. Z. eine zunehmende Polarisierung in Teilen der Gesellschaft, die demokratische Grunds\u00e4tze, wie die Bereitschaft andere Meinungen zu akzeptieren, Kompromisse auszuhalten und Vielfalt zu tolerieren, z. T. in Frage stellt.<br \/>\nDie Demokratie braucht uns also, denn sie muss von allen gestaltet werden und gelingt nur durch die Mitwirkung ihrer B\u00fcrger:innen: in der Politik, aber auch in der Zivilgesellschaft, in Vereinen, Familien, am Arbeitsplatz und in der Schule.<\/p>\n<p><strong>In Leipzig<\/strong> kann man den Demokratie-Tag \u00fcbrigens am Samstag, den 17. September erleben. In der Leipziger Innenstadt geben dann ab 13 Uhr verschiedene Ensembles des Gewandhausorchesters und ihre G\u00e4ste \u00f6ffentliche Konzerte. Und von 16.30 bis 19 Uhr sind alle Interessierten zu Gespr\u00e4chsrunden ins Hauptfoyer des Gewandhauses eingeladen. Der Eintritt ist frei<\/p>\n<header data-area=\"intro\">\n<div class=\"bg-white dark:bg-dm-shade-darkest lg:py-40 md:py-40 sm:py-32\">\n<div class=\"lg:w-10\/12 md:w-10\/12 lg:mx-auto md:mx-auto lg:px-24 md:px-24 sm:px-16\">\n<div class=\"font-sansUI lg:text-base md:text-base sm:text-s text-shade-dark dark:text-shade-light\"><\/div>\n<\/div>\n<\/div>\n<\/header>\n<div class=\"row\">\n<div class=\"colEntry3\">\n<div id=\"vobetreff\" class=\"text1\"><\/div>\n<\/div>\n<\/div>\n<\/div><\/section><\/div>\n<div class='av-flex-placeholder'><\/div>\n<style type=\"text\/css\" data-created_by=\"avia_inline_auto\" id=\"style-css-av-l74hs6dg-3feb789b6374d4ff162bb275cae97b5f\">\n.flex_column.av-l74hs6dg-3feb789b6374d4ff162bb275cae97b5f{\nwidth:32.666666666667%;\nmargin-left:0;\nborder-radius:0px 0px 0px 0px;\npadding:0px 0px 0px 0px;\n}\n#top .flex_column_table.av-equal-height-column-flextable.av-l74hs6dg-3feb789b6374d4ff162bb275cae97b5f .av-flex-placeholder{\nwidth:1%;\n}\n<\/style>\n<div  class='flex_column av-l74hs6dg-3feb789b6374d4ff162bb275cae97b5f av_one_third  avia-builder-el-201  el_after_av_two_third  el_before_av_hr  flex_column_table_cell av-equal-height-column av-align-middle av-zero-column-padding'     ><section  class='av_textblock_section av-l82u4fmg-2c66b30f39f268009135324fac228509'   itemscope=\"itemscope\" itemtype=\"https:\/\/schema.org\/CreativeWork\" ><div class='avia_textblock'  itemprop=\"text\" ><blockquote>\n<p><span class=\"_aacl _aaco _aacu _aacx _aad7 _aade\">\u00a0\u00a0\u00a0\u00a0\u00a0\u00a0\u00a0\u00a0\u00a0 &#8222;Alle Staatsgewalt geht vom Volke aus.&#8220;\u00a0<\/span><em><span class=\"_aacl _aaco _aacu _aacx _aad7 _aade\"> Art. 20 GG<\/span><\/em><\/p>\n<p>&#8222;Demokratie ist die schlechteste aller Regierungsformen &#8211; abgesehen von all\u00a0 den anderen Formen, die von Zeit zu Zeit ausprobiert worden sind.&#8220; <em>Winston Churchill<\/em><\/p>\n<\/blockquote>\n<\/div><\/section><\/div><\/div><!--close column table wrapper. Autoclose: 1 -->\n<div  class='hr av-3e8326-78f52565b41500924e5c7712d607e176 hr-default  avia-builder-el-203  el_after_av_one_third  el_before_av_four_fifth'><span class='hr-inner'><span class=\"hr-inner-style\"><\/span><\/span><\/div>\n\n<style type=\"text\/css\" data-created_by=\"avia_inline_auto\" id=\"style-css-av-tpk52-2f7787ea60c28f8353372484594be392\">\n.flex_column.av-tpk52-2f7787ea60c28f8353372484594be392{\nborder-radius:0px 0px 0px 0px;\npadding:0px 0px 0px 0px;\n}\n<\/style>\n<div  class='flex_column av-tpk52-2f7787ea60c28f8353372484594be392 av_four_fifth  avia-builder-el-204  el_after_av_hr  el_before_av_hr  first no_margin flex_column_div av-zero-column-padding'     ><section  class='av_textblock_section av-jon32-a038484f2ca649a5c58c44f1d938aa5e'   itemscope=\"itemscope\" itemtype=\"https:\/\/schema.org\/CreativeWork\" ><div class='avia_textblock'  itemprop=\"text\" ><h4>8.09.2022<\/h4>\n<h4><strong><span class=\"_aacl _aaco _aacu _aacx _aad7 _aade\">Tag des Offenen Denkmals und Werkstatt-Caf\u00e9<\/span><\/strong><\/h4>\n<p>2022 wird der Tag des offenen Denkmals am 11. September in Leipzig er\u00f6ffnet. Als gastgebende Stadt gibt Leipzig das Startsignal in Richtung\u00a0 zahlreicher Denkm\u00e4ler und Denkmal-Events, die an diesem Tag interessierten B\u00fcrger:innen bundesweit offen stehen \u2013 viele davon nur dieses eine Mal im Jahr.<\/p>\n<p>Das <strong>Freiheits- und Einheitsdenkmal in Leipzig<\/strong> ist in diesem Jahr nat\u00fcrlich noch nicht mit dabei \u2013 sein Baustart ist ja erst f\u00fcr Oktober 2024 geplant. Und vorher gibt es noch viel zu tun, aktuell etwa die Besetzung von Findungskommission und Wettbewerbsjury.<br \/>\nStatt zum Tag des offenen Denkmals laden wir aber alle Interessierten ein, uns in unserem <strong>monatlichen Werkstatt-Caf\u00e9<\/strong> zu besuchen \u2013 immer am ersten Donnerstag des Monats von 15 bis 17 Uhr in der DenkmalWerkstatt, Kupfergasse 2, Leipzig.<br \/>\nWir freuen uns, wenn Sie mit unserem Denkmal-Team Kaffee und Kuchen genie\u00dfen, ins Gespr\u00e4ch kommen und sich dabei \u00fcber den aktuellen Stand des Denkmals informieren k\u00f6nnen.<\/p>\n<p>Die n\u00e4chsten Werkstatt-Caf\u00e9-Termine: 6. Oktober, 3. November und 1. Dezember 2022.<\/p>\n<header data-area=\"intro\">\n<div class=\"bg-white dark:bg-dm-shade-darkest lg:py-40 md:py-40 sm:py-32\">\n<div class=\"lg:w-10\/12 md:w-10\/12 lg:mx-auto md:mx-auto lg:px-24 md:px-24 sm:px-16\">\n<div class=\"font-sansUI lg:text-base md:text-base sm:text-s text-shade-dark dark:text-shade-light\"><\/div>\n<\/div>\n<\/div>\n<\/header>\n<div class=\"row\">\n<div class=\"colEntry3\">\n<div id=\"vobetreff\" class=\"text1\"><\/div>\n<\/div>\n<\/div>\n<\/div><\/section><\/div>\n<div  class='hr av-37hey6-b91dd841ef2a310399f14cd6d62e9009 hr-default  avia-builder-el-206  el_after_av_four_fifth  el_before_av_two_third'><span class='hr-inner'><span class=\"hr-inner-style\"><\/span><\/span><\/div>\n<div class='flex_column_table av-cq63y-908cd28d6fb28381cb03f4d9fdd02e41 sc-av_two_third av-equal-height-column-flextable'>\n<style type=\"text\/css\" data-created_by=\"avia_inline_auto\" id=\"style-css-av-cq63y-908cd28d6fb28381cb03f4d9fdd02e41\">\n.flex_column.av-cq63y-908cd28d6fb28381cb03f4d9fdd02e41{\nborder-radius:0px 0px 0px 0px;\npadding:0px 0px 0px 0px;\n}\n<\/style>\n<div  class='flex_column av-cq63y-908cd28d6fb28381cb03f4d9fdd02e41 av_two_third  avia-builder-el-207  el_after_av_hr  el_before_av_one_third  first no_margin flex_column_table_cell av-equal-height-column av-align-middle av-zero-column-padding'     ><section  class='av_textblock_section av-9loq6-24ab9701615a73e32390030f0516b27a'   itemscope=\"itemscope\" itemtype=\"https:\/\/schema.org\/CreativeWork\" ><div class='avia_textblock'  itemprop=\"text\" ><h4>31.08.2022<\/h4>\n<h4><strong><span class=\"_aacl _aaco _aacu _aacx _aad7 _aade\">Probeh\u00e4ngung<\/span><\/strong><\/h4>\n<p><span class=\"_aacl _aaco _aacu _aacx _aad7 _aade\"> Mit Unterst\u00fctzung von Anna Ihle, Grafikdesign und Verena Herbst, Illustration wird in den n\u00e4chsten Wochen in der DenkmalWerkstatt eine Infowand entstehen, die bereits erfolgte und zuk\u00fcnftige Schritte des Denkmalsprozesses abbildet.<br \/>\nWir hoffen, dass unsere Besucher:innen so ganz einfach einen guten \u00dcberblick \u00fcber den Stand des Denkmals gewinnen k\u00f6nnen.<\/span><br \/>\nUnsere \u00d6ffnungszeiten sind: Dienstag und Donnerstag von 14 -17 Uhr sowie nach Vereinbarung unter <a href=\"mailto:denkmal@stiftung-fr.de\">denkmal@stiftung-fr.de <\/a>oder 0341 22566004.<\/p>\n<header data-area=\"intro\">\n<div class=\"bg-white dark:bg-dm-shade-darkest lg:py-40 md:py-40 sm:py-32\">\n<div class=\"lg:w-10\/12 md:w-10\/12 lg:mx-auto md:mx-auto lg:px-24 md:px-24 sm:px-16\">\n<div class=\"font-sansUI lg:text-base md:text-base sm:text-s text-shade-dark dark:text-shade-light\"><\/div>\n<\/div>\n<\/div>\n<\/header>\n<div class=\"row\">\n<div class=\"colEntry3\">\n<div id=\"vobetreff\" class=\"text1\"><\/div>\n<\/div>\n<\/div>\n<\/div><\/section><\/div>\n\n<style type=\"text\/css\" data-created_by=\"avia_inline_auto\" id=\"style-css-av-1hp5i-a0c105dc463d11acca06dfd18fb6b797\">\n.flex_column.av-1hp5i-a0c105dc463d11acca06dfd18fb6b797{\nborder-radius:0px 0px 0px 0px;\npadding:0px 0px 0px 0px;\n}\n<\/style>\n<div  class='flex_column av-1hp5i-a0c105dc463d11acca06dfd18fb6b797 av_one_third  avia-builder-el-209  el_after_av_two_third  el_before_av_hr  no_margin flex_column_table_cell av-equal-height-column av-align-middle av-zero-column-padding'     ><style type=\"text\/css\" data-created_by=\"avia_inline_auto\" id=\"style-css-av-8jnwe-b5d85c1cb3d2e5628610a6e34c661532\">\n.avia-image-container.av-8jnwe-b5d85c1cb3d2e5628610a6e34c661532 img.avia_image{\nbox-shadow:none;\n}\n.avia-image-container.av-8jnwe-b5d85c1cb3d2e5628610a6e34c661532 .av-image-caption-overlay-center{\ncolor:#ffffff;\n}\n<\/style>\n<div  class='avia-image-container av-8jnwe-b5d85c1cb3d2e5628610a6e34c661532 av-styling- avia-align-center  avia-builder-el-210  avia-builder-el-no-sibling'   itemprop=\"image\" itemscope=\"itemscope\" itemtype=\"https:\/\/schema.org\/ImageObject\" ><div class=\"avia-image-container-inner\"><div class=\"avia-image-overlay-wrap\"><img decoding=\"async\" fetchpriority=\"high\" class='wp-image-3077 avia-img-lazy-loading-not-3077 avia_image' src=\"https:\/\/freiheitsdenkmal-leipzig.de\/wp-content\/uploads\/2022\/08\/Infowand-300x300.jpg\" alt='' title='Infowand'  height=\"300\" width=\"300\"  itemprop=\"thumbnailUrl\" srcset=\"https:\/\/freiheitsdenkmal-leipzig.de\/wp-content\/uploads\/2022\/08\/Infowand-300x300.jpg 300w, https:\/\/freiheitsdenkmal-leipzig.de\/wp-content\/uploads\/2022\/08\/Infowand-1030x1030.jpg 1030w, https:\/\/freiheitsdenkmal-leipzig.de\/wp-content\/uploads\/2022\/08\/Infowand-80x80.jpg 80w, https:\/\/freiheitsdenkmal-leipzig.de\/wp-content\/uploads\/2022\/08\/Infowand-768x768.jpg 768w, https:\/\/freiheitsdenkmal-leipzig.de\/wp-content\/uploads\/2022\/08\/Infowand-36x36.jpg 36w, https:\/\/freiheitsdenkmal-leipzig.de\/wp-content\/uploads\/2022\/08\/Infowand-180x180.jpg 180w, https:\/\/freiheitsdenkmal-leipzig.de\/wp-content\/uploads\/2022\/08\/Infowand-1500x1500.jpg 1500w, https:\/\/freiheitsdenkmal-leipzig.de\/wp-content\/uploads\/2022\/08\/Infowand-705x705.jpg 705w, https:\/\/freiheitsdenkmal-leipzig.de\/wp-content\/uploads\/2022\/08\/Infowand.jpg 1512w\" sizes=\"(max-width: 300px) 100vw, 300px\" \/><\/div><\/div><\/div><\/div><\/div><!--close column table wrapper. Autoclose: 1 -->\n<div  class='hr av-31tvse-1a45d868467a098d8d147f8f6f6faac3 hr-default  avia-builder-el-211  el_after_av_one_third  el_before_av_two_third'><span class='hr-inner'><span class=\"hr-inner-style\"><\/span><\/span><\/div>\n<div class='flex_column_table av-1a69by-73bad915146421a6b3ba80179b6c6e7a sc-av_two_third av-equal-height-column-flextable'>\n<style type=\"text\/css\" data-created_by=\"avia_inline_auto\" id=\"style-css-av-1a69by-73bad915146421a6b3ba80179b6c6e7a\">\n.flex_column.av-1a69by-73bad915146421a6b3ba80179b6c6e7a{\nborder-radius:0px 0px 0px 0px;\npadding:0px 0px 0px 0px;\n}\n<\/style>\n<div  class='flex_column av-1a69by-73bad915146421a6b3ba80179b6c6e7a av_two_third  avia-builder-el-212  el_after_av_hr  el_before_av_one_third  first no_margin flex_column_table_cell av-equal-height-column av-align-middle av-zero-column-padding'     ><section  class='av_textblock_section av-1382dy-7e32f1ce548eb9cdb5566069a35590e4'   itemscope=\"itemscope\" itemtype=\"https:\/\/schema.org\/CreativeWork\" ><div class='avia_textblock'  itemprop=\"text\" ><h4>22.08.2022<\/h4>\n<h4><strong>Im Vorfeld der Friedlichen Revolution:<br \/>\n<\/strong><\/h4>\n<h4><strong>&#8222;Wir brauchen die Demokratie wie die Luft zum Atmen&#8220;<\/strong><strong><br \/>\n<\/strong><\/h4>\n<p>Als Protest gegen die Inhaftierung der Gegendemonstranten auf der Luxemburg \/ Liebknecht-Demonstration in Berlin schrieb der B\u00fcrgerrechtler <strong>J\u00fcrgen Tallig<\/strong> mit drei Freunden in der Nacht vom 4. auf den 5. Februar 1988 mit roter Farbe Forderungen nach mehr Demokratie im Fu\u00dfg\u00e4ngertunnel am Leipziger Wilhelm-Leuschner-Platz an die Wand.<br \/>\nBereits um 5.30 Uhr wurde der Tunnel gesperrt und die Staatssicherheit begann zu ermitteln. Zwei Tagen sp\u00e4ter kursierte in Leipzig eine &#8218;Stellungnahme&#8216;, die den Inhalt und die Forderungen hinter den Wandprotesten im Fu\u00dfg\u00e4ngertunnel beschrieb. Am 15. Februar wird J\u00fcrgen Tallig beim Verteilen der Flugbl\u00e4tter festgenommen und drei Monate sp\u00e4ter zu einer Geldstrafe verurteilt.<br \/>\nIn der Folge kam zu es im Sommer &#8217;88 zu Verwerfungen zwischen der evangelischen Kirche der DDR und mit J\u00fcrgen Tallig solidarischen kirchlichen Basisgruppen.<br \/>\nJ\u00fcrgen Tallig wurde Mitbegr\u00fcnder der Gruppe \u201eNeues Denken\u201c beim Kulturbund 1988 sowie Mitbegr\u00fcnder des Neuen Forums in Leipzig.<\/p>\n<header data-area=\"intro\">\n<div class=\"bg-white dark:bg-dm-shade-darkest lg:py-40 md:py-40 sm:py-32\">\n<div class=\"lg:w-10\/12 md:w-10\/12 lg:mx-auto md:mx-auto lg:px-24 md:px-24 sm:px-16\">\n<div class=\"font-sansUI lg:text-base md:text-base sm:text-s text-shade-dark dark:text-shade-light\"><\/div>\n<\/div>\n<\/div>\n<\/header>\n<div class=\"row\">\n<div class=\"colEntry3\">\n<div id=\"vobetreff\" class=\"text1\"><\/div>\n<\/div>\n<\/div>\n<\/div><\/section><\/div>\n\n<style type=\"text\/css\" data-created_by=\"avia_inline_auto\" id=\"style-css-av-w0rie-628f859fb1f283a50b75590c50a1685a\">\n.flex_column.av-w0rie-628f859fb1f283a50b75590c50a1685a{\nborder-radius:0px 0px 0px 0px;\npadding:0px 0px 0px 0px;\n}\n<\/style>\n<div  class='flex_column av-w0rie-628f859fb1f283a50b75590c50a1685a av_one_third  avia-builder-el-214  el_after_av_two_third  el_before_av_hr  no_margin flex_column_table_cell av-equal-height-column av-align-middle av-zero-column-padding'     ><style type=\"text\/css\" data-created_by=\"avia_inline_auto\" id=\"style-css-av-pt7o6-355df52120b7bf283e2a3e403cf7c542\">\n.avia-image-container.av-pt7o6-355df52120b7bf283e2a3e403cf7c542 img.avia_image{\nbox-shadow:none;\n}\n.avia-image-container.av-pt7o6-355df52120b7bf283e2a3e403cf7c542 .av-image-caption-overlay-center{\ncolor:#ffffff;\n}\n<\/style>\n<div  class='avia-image-container av-pt7o6-355df52120b7bf283e2a3e403cf7c542 av-styling- avia-align-center  avia-builder-el-215  avia-builder-el-no-sibling'   itemprop=\"image\" itemscope=\"itemscope\" itemtype=\"https:\/\/schema.org\/ImageObject\" ><div class=\"avia-image-container-inner\"><div class=\"avia-image-overlay-wrap\"><img decoding=\"async\" fetchpriority=\"high\" class='wp-image-3049 avia-img-lazy-loading-not-3049 avia_image' src=\"https:\/\/freiheitsdenkmal-leipzig.de\/wp-content\/uploads\/2022\/08\/demokratie-tallig-website-288x300.png\" alt='' title='demokratie-tallig-website'  height=\"300\" width=\"288\"  itemprop=\"thumbnailUrl\" srcset=\"https:\/\/freiheitsdenkmal-leipzig.de\/wp-content\/uploads\/2022\/08\/demokratie-tallig-website-288x300.png 288w, https:\/\/freiheitsdenkmal-leipzig.de\/wp-content\/uploads\/2022\/08\/demokratie-tallig-website-990x1030.png 990w, https:\/\/freiheitsdenkmal-leipzig.de\/wp-content\/uploads\/2022\/08\/demokratie-tallig-website-768x799.png 768w, https:\/\/freiheitsdenkmal-leipzig.de\/wp-content\/uploads\/2022\/08\/demokratie-tallig-website-678x705.png 678w, https:\/\/freiheitsdenkmal-leipzig.de\/wp-content\/uploads\/2022\/08\/demokratie-tallig-website.png 1423w\" sizes=\"(max-width: 288px) 100vw, 288px\" \/><\/div><\/div><\/div><\/div><\/div><!--close column table wrapper. Autoclose: 1 -->\n<div  class='hr av-2wtxe6-e31126127e105934feff78dccc96ecb8 hr-default  avia-builder-el-216  el_after_av_one_third  el_before_av_four_fifth'><span class='hr-inner'><span class=\"hr-inner-style\"><\/span><\/span><\/div>\n\n<style type=\"text\/css\" data-created_by=\"avia_inline_auto\" id=\"style-css-av-hflna-0014c999efc5036d7d5ad51cb5a5f214\">\n.flex_column.av-hflna-0014c999efc5036d7d5ad51cb5a5f214{\nwidth:79.2%;\nborder-radius:0px 0px 0px 0px;\npadding:0px 0px 0px 0px;\n}\n<\/style>\n<div  class='flex_column av-hflna-0014c999efc5036d7d5ad51cb5a5f214 av_four_fifth  avia-builder-el-217  el_after_av_hr  el_before_av_hr  first flex_column_div av-zero-column-padding'     ><section  class='av_textblock_section av-7kd2e-1507213ea386ce48b291e28c27d168fa'   itemscope=\"itemscope\" itemtype=\"https:\/\/schema.org\/CreativeWork\" ><div class='avia_textblock'  itemprop=\"text\" ><h4>08.08.2022<\/h4>\n<h4><strong>DenkmalWerkstatt erst ab 15. August wieder ge\u00f6ffnet<\/strong><\/h4>\n<p>Krankheitsbedingt m\u00fcssen wir unsere Sommerpause leider bis zum 15. August verl\u00e4ngern.<\/p>\n<p>Wenn Sie einen Besuchstermin f\u00fcr die Ausstellung \u201eLeipziger Beataufstand auf den Leipziger Wilhelm-Leuschner-Platz &#8211; All you need is beat\u201c vereinbaren m\u00f6chten, schreiben Sie uns bitte eine Mail an: <a href=\"mailto:taureck@stiftung-fr.de\">taureck@stiftung-fr.de<\/a>.<\/p>\n<p><span class=\"_aacl _aaco _aacu _aacx _aad7 _aade\">Von einem Filmteam begleitet, haben wir heute in der Kupfergasse mit dem Fotografen Eckhard Otto intensiv an der Bildausswahl f\u00fcr unsere Fotoausstellung im September in der DenkmalWerkstatt gearbeitet.<\/span><\/p>\n<header data-area=\"intro\">\n<div class=\"bg-white dark:bg-dm-shade-darkest lg:py-40 md:py-40 sm:py-32\">\n<div class=\"lg:w-10\/12 md:w-10\/12 lg:mx-auto md:mx-auto lg:px-24 md:px-24 sm:px-16\">\n<div class=\"font-sansUI lg:text-base md:text-base sm:text-s text-shade-dark dark:text-shade-light\"><\/div>\n<\/div>\n<\/div>\n<\/header>\n<div class=\"row\">\n<div class=\"colEntry3\">\n<div id=\"vobetreff\" class=\"text1\"><\/div>\n<\/div>\n<\/div>\n<\/div><\/section><\/div>\n<div  class='hr av-2p53ce-6cdae8f42f0e66056057e633babdf8b9 hr-default  avia-builder-el-219  el_after_av_four_fifth  el_before_av_three_fifth'><span class='hr-inner'><span class=\"hr-inner-style\"><\/span><\/span><\/div>\n<div class='flex_column_table av-xgva6-e2d4970bf721302a846460b9b619a9f0 sc-av_three_fifth av-equal-height-column-flextable'>\n<style type=\"text\/css\" data-created_by=\"avia_inline_auto\" id=\"style-css-av-xgva6-e2d4970bf721302a846460b9b619a9f0\">\n.flex_column.av-xgva6-e2d4970bf721302a846460b9b619a9f0{\nwidth:59.6%;\nmargin-left:0;\nborder-radius:0px 0px 0px 0px;\npadding:0px 0px 0px 0px;\n}\n#top .flex_column_table.av-equal-height-column-flextable.av-xgva6-e2d4970bf721302a846460b9b619a9f0 .av-flex-placeholder{\nwidth:1%;\n}\n<\/style>\n<div  class='flex_column av-xgva6-e2d4970bf721302a846460b9b619a9f0 av_three_fifth  avia-builder-el-220  el_after_av_hr  el_before_av_two_fifth  first flex_column_table_cell av-equal-height-column av-align-middle av-zero-column-padding'     ><section  class='av_textblock_section av-oq51a-5579769e13bbbaa9db736299dc8aea06'   itemscope=\"itemscope\" itemtype=\"https:\/\/schema.org\/CreativeWork\" ><div class='avia_textblock'  itemprop=\"text\" ><h4>18.07.2022<\/h4>\n<h4>Urlaub in der DenkmalWerkstatt<\/h4>\n<p><span class=\"_aacl _aaco _aacu _aacx _aad7 _aade\">Das Team der DenkmalWerkstatt macht Urlaub vom 19. Juli bis 15. August.<\/span><\/p>\n<p>Nach unserer Sommerpause freuen wir uns sehr darauf darauf, Sie wieder in der Kupfergasse 2 zu begr\u00fc\u00dfen!<\/p>\n<p><span class=\"_aacl _aaco _aacu _aacx _aad7 _aade\">\u00dcbrigens: Die Laufzeit der Ausstellung \u201eLeipziger Beataufstand auf den Leipziger Wilhelm-Leuschner-Platz &#8211; All you need is beat\u201c wurde verl\u00e4ngert und ist nach der Sommerpause\u00a0 Mo \u2013 Do von 14 -18 h in der DenkmalWerkstatt Kupfergasse 2 zu sehen. <\/span><\/p>\n<p>Sie k\u00f6nnen uns gerne auch zwischendurch schon eine Mail schreiben, auf die wir Ihnen dann ab dem 15.8. sehr gerne antworten: <a href=\"mailto:denkmal@stiftung-fr.de\">denkmal@stiftung-fr.de<\/a><\/p>\n<header data-area=\"intro\">\n<div class=\"bg-white dark:bg-dm-shade-darkest lg:py-40 md:py-40 sm:py-32\">\n<div class=\"lg:w-10\/12 md:w-10\/12 lg:mx-auto md:mx-auto lg:px-24 md:px-24 sm:px-16\">\n<div class=\"font-sansUI lg:text-base md:text-base sm:text-s text-shade-dark dark:text-shade-light\"><\/div>\n<\/div>\n<\/div>\n<\/header>\n<div class=\"row\">\n<div class=\"colEntry3\">\n<div id=\"vobetreff\" class=\"text1\"><\/div>\n<\/div>\n<\/div>\n<\/div><\/section><\/div>\n<div class='av-flex-placeholder'><\/div>\n<style type=\"text\/css\" data-created_by=\"avia_inline_auto\" id=\"style-css-av-2quv3y-879c9c405ea65af3027e64777a9b4323\">\n.flex_column.av-2quv3y-879c9c405ea65af3027e64777a9b4323{\nwidth:39.4%;\nmargin-left:0;\n}\n#top .flex_column_table.av-equal-height-column-flextable.av-2quv3y-879c9c405ea65af3027e64777a9b4323 .av-flex-placeholder{\nwidth:1%;\n}\n<\/style>\n<div  class='flex_column av-2quv3y-879c9c405ea65af3027e64777a9b4323 av_two_fifth  avia-builder-el-222  el_after_av_three_fifth  el_before_av_hr  flex_column_table_cell av-equal-height-column av-align-middle'     ><style type=\"text\/css\" data-created_by=\"avia_inline_auto\" id=\"style-css-av-l5qi1wo1-8494fbbebe334b5ece07c5917cb48e37\">\n.avia-image-container.av-l5qi1wo1-8494fbbebe334b5ece07c5917cb48e37 img.avia_image{\nbox-shadow:none;\n}\n.avia-image-container.av-l5qi1wo1-8494fbbebe334b5ece07c5917cb48e37 .av-image-caption-overlay-center{\ncolor:#ffffff;\n}\n<\/style>\n<div  class='avia-image-container av-l5qi1wo1-8494fbbebe334b5ece07c5917cb48e37 av-styling- avia-align-center  avia-builder-el-223  avia-builder-el-no-sibling'   itemprop=\"image\" itemscope=\"itemscope\" itemtype=\"https:\/\/schema.org\/ImageObject\" ><div class=\"avia-image-container-inner\"><div class=\"avia-image-overlay-wrap\"><img decoding=\"async\" fetchpriority=\"high\" class='wp-image-2984 avia-img-lazy-loading-not-2984 avia_image' src=\"https:\/\/freiheitsdenkmal-leipzig.de\/wp-content\/uploads\/2022\/07\/denkmal-macht-urlaub.png\" alt='' title='denkmal-macht-urlaub'  height=\"254\" width=\"240\"  itemprop=\"thumbnailUrl\"  \/><\/div><\/div><\/div><\/div><\/div><!--close column table wrapper. Autoclose: 1 -->\n<div  class='hr av-2iih2e-9b33781b373b84ac25ca5cd8cd65218c hr-default  avia-builder-el-224  el_after_av_two_fifth  el_before_av_three_fifth'><span class='hr-inner'><span class=\"hr-inner-style\"><\/span><\/span><\/div>\n<div class='flex_column_table av-fmwxy-c81ae4fa98c7b066112d39f0b35a96e2 sc-av_three_fifth av-equal-height-column-flextable'>\n<style type=\"text\/css\" data-created_by=\"avia_inline_auto\" id=\"style-css-av-fmwxy-c81ae4fa98c7b066112d39f0b35a96e2\">\n.flex_column.av-fmwxy-c81ae4fa98c7b066112d39f0b35a96e2{\nwidth:58.4%;\nmargin-left:0;\nborder-radius:0px 0px 0px 0px;\npadding:0px 0px 0px 0px;\n}\n#top .flex_column_table.av-equal-height-column-flextable.av-fmwxy-c81ae4fa98c7b066112d39f0b35a96e2 .av-flex-placeholder{\nwidth:4%;\n}\n<\/style>\n<div  class='flex_column av-fmwxy-c81ae4fa98c7b066112d39f0b35a96e2 av_three_fifth  avia-builder-el-225  el_after_av_hr  el_before_av_one_third  first flex_column_table_cell av-equal-height-column av-align-top av-zero-column-padding'     ><section  class='av_textblock_section av-8uuoe-18650c9d814d12cc2b98abc40e3d4576'   itemscope=\"itemscope\" itemtype=\"https:\/\/schema.org\/CreativeWork\" ><div class='avia_textblock'  itemprop=\"text\" ><h4>15.07.2022<\/h4>\n<h4>Nach der Ausstellung ist vor der Ausstellung &#8230;<\/h4>\n<p><span class=\"_aacl _aaco _aacu _aacx _aad7 _aade\">Von einem Filmteam begleitet, haben wir heute in der Kupfergasse mit dem Fotografen Eckhard Otto intensiv an der Bildausswahl f\u00fcr unsere Fotoausstellung im September in der DenkmalWerkstatt gearbeitet.<\/span><\/p>\n<header data-area=\"intro\">\n<div class=\"bg-white dark:bg-dm-shade-darkest lg:py-40 md:py-40 sm:py-32\">\n<div class=\"lg:w-10\/12 md:w-10\/12 lg:mx-auto md:mx-auto lg:px-24 md:px-24 sm:px-16\">\n<div class=\"font-sansUI lg:text-base md:text-base sm:text-s text-shade-dark dark:text-shade-light\"><\/div>\n<\/div>\n<\/div>\n<\/header>\n<div class=\"row\">\n<div class=\"colEntry3\">\n<div id=\"vobetreff\" class=\"text1\"><\/div>\n<\/div>\n<\/div>\n<\/div><\/section><\/div>\n<div class='av-flex-placeholder'><\/div>\n<style type=\"text\/css\" data-created_by=\"avia_inline_auto\" id=\"style-css-av-2b5mce-b9c3dde79e67e5a893e7f89e5098057f\">\n.flex_column.av-2b5mce-b9c3dde79e67e5a893e7f89e5098057f{\nwidth:30.666666666667%;\nmargin-left:0;\n}\n#top .flex_column_table.av-equal-height-column-flextable.av-2b5mce-b9c3dde79e67e5a893e7f89e5098057f .av-flex-placeholder{\nwidth:4%;\n}\n<\/style>\n<div  class='flex_column av-2b5mce-b9c3dde79e67e5a893e7f89e5098057f av_one_third  avia-builder-el-227  el_after_av_three_fifth  el_before_av_hr  flex_column_table_cell av-equal-height-column av-align-top'     ><div  class='avia-slideshow av-l5jndk8a-8adf31b4905ac381f6597bfb2441c942 avia-slideshow-masonry av_slideshow avia-slide-slider  avia-builder-el-228  avia-builder-el-no-sibling  av-slideshow-ui av-control-default av-slideshow-manual av-loop-once av-loop-manual-endless av-default-height-applied avia-slideshow-8' data-slideshow-options=\"{&quot;animation&quot;:&quot;slide&quot;,&quot;autoplay&quot;:false,&quot;loop_autoplay&quot;:&quot;once&quot;,&quot;interval&quot;:5,&quot;loop_manual&quot;:&quot;manual-endless&quot;,&quot;autoplay_stopper&quot;:false,&quot;noNavigation&quot;:false,&quot;bg_slider&quot;:false,&quot;keep_padding&quot;:false,&quot;hoverpause&quot;:false,&quot;show_slide_delay&quot;:0}\"  itemprop=\"image\" itemscope=\"itemscope\" itemtype=\"https:\/\/schema.org\/ImageObject\" ><ul class='avia-slideshow-inner' style='padding-bottom: 100%;'><li  class='avia-slideshow-slide av-l5jndk8a-8adf31b4905ac381f6597bfb2441c942__0  slide-1 slide-odd'><div data-rel='slideshow-8' class='avia-slide-wrap'   ><img decoding=\"async\" fetchpriority=\"high\" class=\"wp-image-2974 avia-img-lazy-loading-not-2974\"  src=\"https:\/\/freiheitsdenkmal-leipzig.de\/wp-content\/uploads\/2022\/07\/20220715_123722-705x705.jpg\" width=\"705\" height=\"705\" title='20220715_123722' alt=''  itemprop=\"thumbnailUrl\" srcset=\"https:\/\/freiheitsdenkmal-leipzig.de\/wp-content\/uploads\/2022\/07\/20220715_123722-705x705.jpg 705w, https:\/\/freiheitsdenkmal-leipzig.de\/wp-content\/uploads\/2022\/07\/20220715_123722-300x300.jpg 300w, https:\/\/freiheitsdenkmal-leipzig.de\/wp-content\/uploads\/2022\/07\/20220715_123722-1028x1030.jpg 1028w, https:\/\/freiheitsdenkmal-leipzig.de\/wp-content\/uploads\/2022\/07\/20220715_123722-80x80.jpg 80w, https:\/\/freiheitsdenkmal-leipzig.de\/wp-content\/uploads\/2022\/07\/20220715_123722-1533x1536.jpg 1533w, https:\/\/freiheitsdenkmal-leipzig.de\/wp-content\/uploads\/2022\/07\/20220715_123722-2044x2048.jpg 2044w, https:\/\/freiheitsdenkmal-leipzig.de\/wp-content\/uploads\/2022\/07\/20220715_123722-36x36.jpg 36w, https:\/\/freiheitsdenkmal-leipzig.de\/wp-content\/uploads\/2022\/07\/20220715_123722-180x180.jpg 180w, https:\/\/freiheitsdenkmal-leipzig.de\/wp-content\/uploads\/2022\/07\/20220715_123722-1497x1500.jpg 1497w\" sizes=\"(max-width: 705px) 100vw, 705px\" \/><\/div><\/li><li  class='avia-slideshow-slide av-l5jndk8a-8adf31b4905ac381f6597bfb2441c942__1  slide-2 slide-even'><div data-rel='slideshow-8' class='avia-slide-wrap'   ><img decoding=\"async\" fetchpriority=\"high\" class=\"wp-image-2975 avia-img-lazy-loading-not-2975\"  src=\"https:\/\/freiheitsdenkmal-leipzig.de\/wp-content\/uploads\/2022\/07\/20220715_123749-705x705.jpg\" width=\"705\" height=\"705\" title='20220715_123749' alt=''  itemprop=\"thumbnailUrl\" srcset=\"https:\/\/freiheitsdenkmal-leipzig.de\/wp-content\/uploads\/2022\/07\/20220715_123749-705x705.jpg 705w, https:\/\/freiheitsdenkmal-leipzig.de\/wp-content\/uploads\/2022\/07\/20220715_123749-300x300.jpg 300w, https:\/\/freiheitsdenkmal-leipzig.de\/wp-content\/uploads\/2022\/07\/20220715_123749-1030x1028.jpg 1030w, https:\/\/freiheitsdenkmal-leipzig.de\/wp-content\/uploads\/2022\/07\/20220715_123749-80x80.jpg 80w, https:\/\/freiheitsdenkmal-leipzig.de\/wp-content\/uploads\/2022\/07\/20220715_123749-768x767.jpg 768w, https:\/\/freiheitsdenkmal-leipzig.de\/wp-content\/uploads\/2022\/07\/20220715_123749-1536x1533.jpg 1536w, https:\/\/freiheitsdenkmal-leipzig.de\/wp-content\/uploads\/2022\/07\/20220715_123749-2048x2045.jpg 2048w, https:\/\/freiheitsdenkmal-leipzig.de\/wp-content\/uploads\/2022\/07\/20220715_123749-36x36.jpg 36w, https:\/\/freiheitsdenkmal-leipzig.de\/wp-content\/uploads\/2022\/07\/20220715_123749-180x180.jpg 180w, https:\/\/freiheitsdenkmal-leipzig.de\/wp-content\/uploads\/2022\/07\/20220715_123749-1500x1497.jpg 1500w\" sizes=\"(max-width: 705px) 100vw, 705px\" \/><\/div><\/li><\/ul><div class='avia-slideshow-arrows avia-slideshow-controls' ><a href='#prev' class='prev-slide' aria-hidden='true' data-av_icon='\ue87c' data-av_iconfont='entypo-fontello'  tabindex='-1'>Previous<\/a><a href='#next' class='next-slide' aria-hidden='true' data-av_icon='\ue87d' data-av_iconfont='entypo-fontello'  tabindex='-1'>Next<\/a><\/div><div class='avia-slideshow-dots avia-slideshow-controls'><a href='#1' class='goto-slide active' >1<\/a><a href='#2' class='goto-slide' >2<\/a><\/div><\/div><\/div><\/div><!--close column table wrapper. Autoclose: 1 -->\n<div  class='hr av-2gx15y-9c0549975da709e0452bbfdfcecd5b30 hr-default  avia-builder-el-229  el_after_av_one_third  el_before_av_two_third'><span class='hr-inner'><span class=\"hr-inner-style\"><\/span><\/span><\/div>\n<div class='flex_column_table av-1ku5jq-78e064883465190ad51efdbf5ff0e469 sc-av_two_third av-equal-height-column-flextable'>\n<style type=\"text\/css\" data-created_by=\"avia_inline_auto\" id=\"style-css-av-1ku5jq-78e064883465190ad51efdbf5ff0e469\">\n.flex_column.av-1ku5jq-78e064883465190ad51efdbf5ff0e469{\nwidth:66.333333333333%;\nmargin-left:0;\nborder-radius:0px 0px 0px 0px;\npadding:0px 0px 0px 0px;\n}\n#top .flex_column_table.av-equal-height-column-flextable.av-1ku5jq-78e064883465190ad51efdbf5ff0e469 .av-flex-placeholder{\nwidth:1%;\n}\n<\/style>\n<div  class='flex_column av-1ku5jq-78e064883465190ad51efdbf5ff0e469 av_two_third  avia-builder-el-230  el_after_av_hr  el_before_av_one_third  first flex_column_table_cell av-equal-height-column av-align-middle av-zero-column-padding'     ><section  class='av_textblock_section av-1gx88u-ac2e4f8e93701be37e7d4d9d8d02ee16'   itemscope=\"itemscope\" itemtype=\"https:\/\/schema.org\/CreativeWork\" ><div class='avia_textblock'  itemprop=\"text\" ><h4>13.07.2022<\/h4>\n<h4>Finissage &#8222;All you need is beat&#8220;<\/h4>\n<p>Zur gestrigen Finissage in der DenkmalWerkstatt bot Ausstellungsmacher Michael Wildt dem Publikum mit seinem Vortrag interessante Einblicke in die Jugend-Musik-Kultur der DDR in den 1950er bis 80er Jahren und speziell zum Beataufstand auf dem Wilhelm-Leuschner-Platz. Dem Wunsch der Jungen \u201eihre\u201c Musik zu h\u00f6ren, standen die erbitterten staatlichen Zwangsma\u00dfnahmen gegen\u00fcber, mit denen die Machthabenden die jungen Beatfans \u00fcberzogen.<\/p>\n<p>Buchautorin und Kulturwissenschaftlerin Yvonne Liebing erg\u00e4nzte den \u00dcberblick um die Perspektive des Musikers Klaus Renft zu H\u00f6hen und Tiefen der Karriere der \u201eKlaus Renft Combo\u201c alias \u201eThe Butlers\u201c alias \u201eRenft\u201c in der DDR. Liebing zeichnete ein Musikerleben zwischen Einfallsreichtum und st\u00e4ndiger Auseinandersetzung mit der Zensur.<\/p>\n<p>Beim Rundgang durch die Ausstellung mit Interessierten begegnete Ausstellungsmacher Michael Wildt auf die Wandtafeln der Beat-Ausstellung erneut seinem jugendlichen Ich von 1973. Und Finissage-Gast Carola Lisson stand wieder vor ihrer sensationellen Weihnachtspost von Elvis Presley, die die DDR-Zensur aus r\u00e4tselhaften Gr\u00fcnden \u00fcberstanden hatte.<\/p>\n<p>Die Ausstellung ist noch morgen ge\u00f6ffnet und nach einer Pause vom 19.7. bis 8.8. wieder bis zum 15. August.<\/p>\n<header data-area=\"intro\">\n<div class=\"bg-white dark:bg-dm-shade-darkest lg:py-40 md:py-40 sm:py-32\">\n<div class=\"lg:w-10\/12 md:w-10\/12 lg:mx-auto md:mx-auto lg:px-24 md:px-24 sm:px-16\">\n<div class=\"font-sansUI lg:text-base md:text-base sm:text-s text-shade-dark dark:text-shade-light\"><\/div>\n<\/div>\n<\/div>\n<\/header>\n<div class=\"row\">\n<div class=\"colEntry3\">\n<div id=\"vobetreff\" class=\"text1\"><\/div>\n<\/div>\n<\/div>\n<\/div><\/section><\/div>\n<div class='av-flex-placeholder'><\/div>\n<style type=\"text\/css\" data-created_by=\"avia_inline_auto\" id=\"style-css-av-r2v6u-69437b5cc5f101cd0d3a182548513484\">\n.flex_column.av-r2v6u-69437b5cc5f101cd0d3a182548513484{\nwidth:32.666666666667%;\nmargin-left:0;\npadding:10px 10px 10px 10px;\nheight:auto;\nmin-height:250px;\n}\n#top .flex_column_table.av-equal-height-column-flextable.av-r2v6u-69437b5cc5f101cd0d3a182548513484 .av-flex-placeholder{\nwidth:1%;\n}\n<\/style>\n<div  class='flex_column av-r2v6u-69437b5cc5f101cd0d3a182548513484 av_one_third  avia-builder-el-232  el_after_av_two_third  el_before_av_hr  flex_column_table_cell av-equal-height-column av-align-middle'     ><div  class='avia-slideshow av-1a2al2-24637a527709667fe921b8fbf27b4acd avia-slideshow-masonry av_slideshow avia-slide-slider  avia-builder-el-233  avia-builder-el-no-sibling  av-slideshow-ui av-control-default av-slideshow-manual av-loop-once av-loop-manual-endless av-default-height-applied avia-slideshow-9' data-slideshow-options=\"{&quot;animation&quot;:&quot;slide&quot;,&quot;autoplay&quot;:false,&quot;loop_autoplay&quot;:&quot;once&quot;,&quot;interval&quot;:5,&quot;loop_manual&quot;:&quot;manual-endless&quot;,&quot;autoplay_stopper&quot;:false,&quot;noNavigation&quot;:false,&quot;bg_slider&quot;:false,&quot;keep_padding&quot;:false,&quot;hoverpause&quot;:false,&quot;show_slide_delay&quot;:0}\"  itemprop=\"image\" itemscope=\"itemscope\" itemtype=\"https:\/\/schema.org\/ImageObject\" ><ul class='avia-slideshow-inner' style='padding-bottom: 100%;'><li  class='avia-slideshow-slide av-1a2al2-24637a527709667fe921b8fbf27b4acd__0  slide-1 slide-odd'><div data-rel='slideshow-9' class='avia-slide-wrap'   ><img decoding=\"async\" fetchpriority=\"high\" class=\"wp-image-2958 avia-img-lazy-loading-not-2958\"  src=\"https:\/\/freiheitsdenkmal-leipzig.de\/wp-content\/uploads\/2022\/07\/20220712_174804-705x705.jpg\" width=\"705\" height=\"705\" title='20220712_174804' alt=''  itemprop=\"thumbnailUrl\" srcset=\"https:\/\/freiheitsdenkmal-leipzig.de\/wp-content\/uploads\/2022\/07\/20220712_174804-705x705.jpg 705w, https:\/\/freiheitsdenkmal-leipzig.de\/wp-content\/uploads\/2022\/07\/20220712_174804-300x300.jpg 300w, https:\/\/freiheitsdenkmal-leipzig.de\/wp-content\/uploads\/2022\/07\/20220712_174804-1030x1030.jpg 1030w, https:\/\/freiheitsdenkmal-leipzig.de\/wp-content\/uploads\/2022\/07\/20220712_174804-80x80.jpg 80w, https:\/\/freiheitsdenkmal-leipzig.de\/wp-content\/uploads\/2022\/07\/20220712_174804-768x768.jpg 768w, https:\/\/freiheitsdenkmal-leipzig.de\/wp-content\/uploads\/2022\/07\/20220712_174804-1536x1536.jpg 1536w, https:\/\/freiheitsdenkmal-leipzig.de\/wp-content\/uploads\/2022\/07\/20220712_174804-2048x2048.jpg 2048w, https:\/\/freiheitsdenkmal-leipzig.de\/wp-content\/uploads\/2022\/07\/20220712_174804-36x36.jpg 36w, https:\/\/freiheitsdenkmal-leipzig.de\/wp-content\/uploads\/2022\/07\/20220712_174804-180x180.jpg 180w, https:\/\/freiheitsdenkmal-leipzig.de\/wp-content\/uploads\/2022\/07\/20220712_174804-1500x1500.jpg 1500w\" sizes=\"(max-width: 705px) 100vw, 705px\" \/><\/div><\/li><li  class='avia-slideshow-slide av-1a2al2-24637a527709667fe921b8fbf27b4acd__1  slide-2 slide-even'><div data-rel='slideshow-9' class='avia-slide-wrap'   ><img decoding=\"async\" fetchpriority=\"high\" class=\"wp-image-2962 avia-img-lazy-loading-not-2962\"  src=\"https:\/\/freiheitsdenkmal-leipzig.de\/wp-content\/uploads\/2022\/07\/20220712_192732-705x705.jpg\" width=\"705\" height=\"705\" title='20220712_192732' alt=''  itemprop=\"thumbnailUrl\" srcset=\"https:\/\/freiheitsdenkmal-leipzig.de\/wp-content\/uploads\/2022\/07\/20220712_192732-705x705.jpg 705w, https:\/\/freiheitsdenkmal-leipzig.de\/wp-content\/uploads\/2022\/07\/20220712_192732-300x300.jpg 300w, https:\/\/freiheitsdenkmal-leipzig.de\/wp-content\/uploads\/2022\/07\/20220712_192732-1030x1030.jpg 1030w, https:\/\/freiheitsdenkmal-leipzig.de\/wp-content\/uploads\/2022\/07\/20220712_192732-80x80.jpg 80w, https:\/\/freiheitsdenkmal-leipzig.de\/wp-content\/uploads\/2022\/07\/20220712_192732-768x768.jpg 768w, https:\/\/freiheitsdenkmal-leipzig.de\/wp-content\/uploads\/2022\/07\/20220712_192732-1536x1536.jpg 1536w, https:\/\/freiheitsdenkmal-leipzig.de\/wp-content\/uploads\/2022\/07\/20220712_192732-2048x2048.jpg 2048w, https:\/\/freiheitsdenkmal-leipzig.de\/wp-content\/uploads\/2022\/07\/20220712_192732-36x36.jpg 36w, https:\/\/freiheitsdenkmal-leipzig.de\/wp-content\/uploads\/2022\/07\/20220712_192732-180x180.jpg 180w, https:\/\/freiheitsdenkmal-leipzig.de\/wp-content\/uploads\/2022\/07\/20220712_192732-1500x1500.jpg 1500w\" sizes=\"(max-width: 705px) 100vw, 705px\" \/><\/div><\/li><li  class='avia-slideshow-slide av-1a2al2-24637a527709667fe921b8fbf27b4acd__2  slide-3 slide-odd'><div data-rel='slideshow-9' class='avia-slide-wrap'   ><img decoding=\"async\" fetchpriority=\"high\" class=\"wp-image-2961 avia-img-lazy-loading-not-2961\"  src=\"https:\/\/freiheitsdenkmal-leipzig.de\/wp-content\/uploads\/2022\/07\/20220712_181434-705x705.jpg\" width=\"705\" height=\"705\" title='20220712_181434' alt=''  itemprop=\"thumbnailUrl\" srcset=\"https:\/\/freiheitsdenkmal-leipzig.de\/wp-content\/uploads\/2022\/07\/20220712_181434-705x705.jpg 705w, https:\/\/freiheitsdenkmal-leipzig.de\/wp-content\/uploads\/2022\/07\/20220712_181434-300x300.jpg 300w, https:\/\/freiheitsdenkmal-leipzig.de\/wp-content\/uploads\/2022\/07\/20220712_181434-1030x1030.jpg 1030w, https:\/\/freiheitsdenkmal-leipzig.de\/wp-content\/uploads\/2022\/07\/20220712_181434-80x80.jpg 80w, https:\/\/freiheitsdenkmal-leipzig.de\/wp-content\/uploads\/2022\/07\/20220712_181434-768x768.jpg 768w, https:\/\/freiheitsdenkmal-leipzig.de\/wp-content\/uploads\/2022\/07\/20220712_181434-1536x1536.jpg 1536w, https:\/\/freiheitsdenkmal-leipzig.de\/wp-content\/uploads\/2022\/07\/20220712_181434-2048x2048.jpg 2048w, https:\/\/freiheitsdenkmal-leipzig.de\/wp-content\/uploads\/2022\/07\/20220712_181434-36x36.jpg 36w, https:\/\/freiheitsdenkmal-leipzig.de\/wp-content\/uploads\/2022\/07\/20220712_181434-180x180.jpg 180w, https:\/\/freiheitsdenkmal-leipzig.de\/wp-content\/uploads\/2022\/07\/20220712_181434-1500x1500.jpg 1500w\" sizes=\"(max-width: 705px) 100vw, 705px\" \/><\/div><\/li><li  class='avia-slideshow-slide av-1a2al2-24637a527709667fe921b8fbf27b4acd__3  slide-4 slide-even'><div data-rel='slideshow-9' class='avia-slide-wrap'   ><img decoding=\"async\" fetchpriority=\"high\" class=\"wp-image-2959 avia-img-lazy-loading-not-2959\"  src=\"https:\/\/freiheitsdenkmal-leipzig.de\/wp-content\/uploads\/2022\/07\/20220712_175537-705x705.jpg\" width=\"705\" height=\"705\" title='20220712_175537' alt=''  itemprop=\"thumbnailUrl\" srcset=\"https:\/\/freiheitsdenkmal-leipzig.de\/wp-content\/uploads\/2022\/07\/20220712_175537-705x705.jpg 705w, https:\/\/freiheitsdenkmal-leipzig.de\/wp-content\/uploads\/2022\/07\/20220712_175537-300x300.jpg 300w, https:\/\/freiheitsdenkmal-leipzig.de\/wp-content\/uploads\/2022\/07\/20220712_175537-1030x1030.jpg 1030w, https:\/\/freiheitsdenkmal-leipzig.de\/wp-content\/uploads\/2022\/07\/20220712_175537-80x80.jpg 80w, https:\/\/freiheitsdenkmal-leipzig.de\/wp-content\/uploads\/2022\/07\/20220712_175537-768x768.jpg 768w, https:\/\/freiheitsdenkmal-leipzig.de\/wp-content\/uploads\/2022\/07\/20220712_175537-1536x1536.jpg 1536w, https:\/\/freiheitsdenkmal-leipzig.de\/wp-content\/uploads\/2022\/07\/20220712_175537-2048x2048.jpg 2048w, https:\/\/freiheitsdenkmal-leipzig.de\/wp-content\/uploads\/2022\/07\/20220712_175537-36x36.jpg 36w, https:\/\/freiheitsdenkmal-leipzig.de\/wp-content\/uploads\/2022\/07\/20220712_175537-180x180.jpg 180w, https:\/\/freiheitsdenkmal-leipzig.de\/wp-content\/uploads\/2022\/07\/20220712_175537-1500x1500.jpg 1500w\" sizes=\"(max-width: 705px) 100vw, 705px\" \/><\/div><\/li><li  class='avia-slideshow-slide av-1a2al2-24637a527709667fe921b8fbf27b4acd__4  slide-5 slide-odd'><div data-rel='slideshow-9' class='avia-slide-wrap'   ><img decoding=\"async\" fetchpriority=\"high\" class=\"wp-image-2960 avia-img-lazy-loading-not-2960\"  src=\"https:\/\/freiheitsdenkmal-leipzig.de\/wp-content\/uploads\/2022\/07\/20220712_175945-705x705.jpg\" width=\"705\" height=\"705\" title='20220712_175945' alt=''  itemprop=\"thumbnailUrl\" srcset=\"https:\/\/freiheitsdenkmal-leipzig.de\/wp-content\/uploads\/2022\/07\/20220712_175945-705x705.jpg 705w, https:\/\/freiheitsdenkmal-leipzig.de\/wp-content\/uploads\/2022\/07\/20220712_175945-300x300.jpg 300w, https:\/\/freiheitsdenkmal-leipzig.de\/wp-content\/uploads\/2022\/07\/20220712_175945-1030x1030.jpg 1030w, https:\/\/freiheitsdenkmal-leipzig.de\/wp-content\/uploads\/2022\/07\/20220712_175945-80x80.jpg 80w, https:\/\/freiheitsdenkmal-leipzig.de\/wp-content\/uploads\/2022\/07\/20220712_175945-768x769.jpg 768w, https:\/\/freiheitsdenkmal-leipzig.de\/wp-content\/uploads\/2022\/07\/20220712_175945-1534x1536.jpg 1534w, https:\/\/freiheitsdenkmal-leipzig.de\/wp-content\/uploads\/2022\/07\/20220712_175945-36x36.jpg 36w, https:\/\/freiheitsdenkmal-leipzig.de\/wp-content\/uploads\/2022\/07\/20220712_175945-180x180.jpg 180w, https:\/\/freiheitsdenkmal-leipzig.de\/wp-content\/uploads\/2022\/07\/20220712_175945-1498x1500.jpg 1498w, https:\/\/freiheitsdenkmal-leipzig.de\/wp-content\/uploads\/2022\/07\/20220712_175945.jpg 1983w\" sizes=\"(max-width: 705px) 100vw, 705px\" \/><\/div><\/li><\/ul><div class='avia-slideshow-arrows avia-slideshow-controls' ><a href='#prev' class='prev-slide' aria-hidden='true' data-av_icon='\ue87c' data-av_iconfont='entypo-fontello'  tabindex='-1'>Previous<\/a><a href='#next' class='next-slide' aria-hidden='true' data-av_icon='\ue87d' data-av_iconfont='entypo-fontello'  tabindex='-1'>Next<\/a><\/div><div class='avia-slideshow-dots avia-slideshow-controls'><a href='#1' class='goto-slide active' >1<\/a><a href='#2' class='goto-slide' >2<\/a><a href='#3' class='goto-slide' >3<\/a><a href='#4' class='goto-slide' >4<\/a><a href='#5' class='goto-slide' >5<\/a><\/div><\/div><\/div><\/div><!--close column table wrapper. Autoclose: 1 -->\n<div  class='hr av-29fzza-2fd57a0a7aba1ccbe62267f51bf01e57 hr-default  avia-builder-el-234  el_after_av_one_third  el_before_av_three_fourth'><span class='hr-inner'><span class=\"hr-inner-style\"><\/span><\/span><\/div>\n<div class='flex_column_table av-t8squ-a2681537d9e9c07ed7f20811a1fd5e13 sc-av_three_fourth av-equal-height-column-flextable'>\n<style type=\"text\/css\" data-created_by=\"avia_inline_auto\" id=\"style-css-av-t8squ-a2681537d9e9c07ed7f20811a1fd5e13\">\n.flex_column.av-t8squ-a2681537d9e9c07ed7f20811a1fd5e13{\nwidth:74.75%;\nmargin-left:0;\nborder-radius:0px 0px 0px 0px;\npadding:0px 0px 0px 0px;\n}\n#top .flex_column_table.av-equal-height-column-flextable.av-t8squ-a2681537d9e9c07ed7f20811a1fd5e13 .av-flex-placeholder{\nwidth:1%;\n}\n<\/style>\n<div  class='flex_column av-t8squ-a2681537d9e9c07ed7f20811a1fd5e13 av_three_fourth  avia-builder-el-235  el_after_av_hr  el_before_av_one_fourth  first flex_column_table_cell av-equal-height-column av-align-middle av-zero-column-padding'     ><section  class='av_textblock_section av-l5jo1egb-ed5466eeb6d724c2974d117e65fbd882'   itemscope=\"itemscope\" itemtype=\"https:\/\/schema.org\/CreativeWork\" ><div class='avia_textblock'  itemprop=\"text\" ><h4>29.06.2022<\/h4>\n<h4>Verl\u00e4ngerung: Beatausstellung noch bis 15. August in der DenkmalWerkstatt zu sehen<\/h4>\n<p><span class=\"_aacl _aaco _aacu _aacx _aad7 _aade\">Wie die ausgestellten Flugbl\u00e4tter und handgeschriebenen Zettel, die nach der Leipziger Beat-Demo auftauchten, zeigen, lie\u00dfen sich einige Jugendliche auch vom erh\u00f6hten staatlichen Druck nicht davon abhalten, gegen das Verbot ihrer Musik zu protestieren.<br \/>\nDie Mehrheit aber gab dem massiven Druck nach und auch die Protestierenden achteten jetzt darauf, anonym zu bleiben, um nicht in den Blick der Ordnungsmacht zu geraten. <\/span><\/p>\n<p><span class=\"_aacl _aaco _aacu _aacx _aad7 _aade\">Mehr Informationen zur Beat-Demo finden Sie im Spiegel-Artikel <a href=\"https:\/\/www.spiegel.de\/geschichte\/beat-verbot-der-sed-wasserwerfer-gegen-pilzkoepfe-a-1059079.html\" target=\"_blank\" rel=\"noopener\">&#8222;<\/a><\/span><span class=\"block text-primary-base dark:text-dm-primary-base font-sansUI font-bold lg:text-l md:text-l sm:text-base lg:mb-4 md:mb-6 sm:mb-6\">Musikverbot in der DDR <\/span> &#8211; <span class=\"font-brandUI font-extrabold lg:text-7xl md:text-5xl sm:text-4xl leading-tight\"><span class=\"align-middle\">Wasserwerfer gegen Pilzk\u00f6pfe&#8220; von 30.10.2015<\/span>.<\/span><\/p>\n<p><span class=\"_aacl _aaco _aacu _aacx _aad7 _aade\">Die Ausstellung \u201eLeipziger Beataufstand auf den Leipziger Wilhelm-Leuschner-Platz All you need is beat\u201c ist noch bis 15. August von Mo &#8211; Do von 14 -18 h in der DenkmalWerkstatt Kupfergasse 2 zu sehen. (Sommerpause 19.7. &#8211; 8.8.)<br \/>\nZur Finissage am 12.7. 18 Uhr haben wir den Ausstellungsmacher Michael Wildt und die Autorin des Buches \u201eAll you need is beat\u201c Yvonne Liebing eingeladen.<\/span><\/p>\n<header data-area=\"intro\">\n<div class=\"bg-white dark:bg-dm-shade-darkest lg:py-40 md:py-40 sm:py-32\">\n<div class=\"lg:w-10\/12 md:w-10\/12 lg:mx-auto md:mx-auto lg:px-24 md:px-24 sm:px-16\">\n<div class=\"font-sansUI lg:text-base md:text-base sm:text-s text-shade-dark dark:text-shade-light\"><\/div>\n<\/div>\n<\/div>\n<\/header>\n<div class=\"row\">\n<div class=\"colEntry3\">\n<div id=\"vobetreff\" class=\"text1\"><\/div>\n<\/div>\n<\/div>\n<\/div><\/section><\/div>\n<div class='av-flex-placeholder'><\/div>\n<style type=\"text\/css\" data-created_by=\"avia_inline_auto\" id=\"style-css-av-ltsv2-e4bc36f1bf50098ca3272678339e6a39\">\n.flex_column.av-ltsv2-e4bc36f1bf50098ca3272678339e6a39{\nwidth:24.25%;\nmargin-left:0;\n}\n#top .flex_column_table.av-equal-height-column-flextable.av-ltsv2-e4bc36f1bf50098ca3272678339e6a39 .av-flex-placeholder{\nwidth:1%;\n}\n<\/style>\n<div  class='flex_column av-ltsv2-e4bc36f1bf50098ca3272678339e6a39 av_one_fourth  avia-builder-el-237  el_after_av_three_fourth  el_before_av_hr  flex_column_table_cell av-equal-height-column av-align-middle'     ><style type=\"text\/css\" data-created_by=\"avia_inline_auto\" id=\"style-css-av-hc99y-a6721da758b00fa207fe2b4ba8dbd08b\">\n.avia-image-container.av-hc99y-a6721da758b00fa207fe2b4ba8dbd08b img.avia_image{\nbox-shadow:none;\n}\n.avia-image-container.av-hc99y-a6721da758b00fa207fe2b4ba8dbd08b .av-image-caption-overlay-center{\ncolor:#ffffff;\n}\n<\/style>\n<div  class='avia-image-container av-hc99y-a6721da758b00fa207fe2b4ba8dbd08b av-styling- avia-align-center  avia-builder-el-238  avia-builder-el-no-sibling'   itemprop=\"image\" itemscope=\"itemscope\" itemtype=\"https:\/\/schema.org\/ImageObject\" ><div class=\"avia-image-container-inner\"><div class=\"avia-image-overlay-wrap\"><img decoding=\"async\" fetchpriority=\"high\" class='wp-image-2907 avia-img-lazy-loading-not-2907 avia_image' src=\"https:\/\/freiheitsdenkmal-leipzig.de\/wp-content\/uploads\/2022\/06\/IMG_0076-300x300.jpg\" alt='' title='IMG_0076'  height=\"300\" width=\"300\"  itemprop=\"thumbnailUrl\" srcset=\"https:\/\/freiheitsdenkmal-leipzig.de\/wp-content\/uploads\/2022\/06\/IMG_0076-300x300.jpg 300w, https:\/\/freiheitsdenkmal-leipzig.de\/wp-content\/uploads\/2022\/06\/IMG_0076-1030x1030.jpg 1030w, https:\/\/freiheitsdenkmal-leipzig.de\/wp-content\/uploads\/2022\/06\/IMG_0076-80x80.jpg 80w, https:\/\/freiheitsdenkmal-leipzig.de\/wp-content\/uploads\/2022\/06\/IMG_0076-768x768.jpg 768w, https:\/\/freiheitsdenkmal-leipzig.de\/wp-content\/uploads\/2022\/06\/IMG_0076-1536x1536.jpg 1536w, https:\/\/freiheitsdenkmal-leipzig.de\/wp-content\/uploads\/2022\/06\/IMG_0076-2048x2048.jpg 2048w, https:\/\/freiheitsdenkmal-leipzig.de\/wp-content\/uploads\/2022\/06\/IMG_0076-36x36.jpg 36w, https:\/\/freiheitsdenkmal-leipzig.de\/wp-content\/uploads\/2022\/06\/IMG_0076-180x180.jpg 180w, https:\/\/freiheitsdenkmal-leipzig.de\/wp-content\/uploads\/2022\/06\/IMG_0076-1500x1500.jpg 1500w, https:\/\/freiheitsdenkmal-leipzig.de\/wp-content\/uploads\/2022\/06\/IMG_0076-705x705.jpg 705w\" sizes=\"(max-width: 300px) 100vw, 300px\" \/><\/div><\/div><\/div><\/div><\/div><!--close column table wrapper. Autoclose: 1 -->\n<div  class='hr av-20t7pi-facecfa7a7b834c28779355e82b649f0 hr-default  avia-builder-el-239  el_after_av_one_fourth  el_before_av_three_fourth'><span class='hr-inner'><span class=\"hr-inner-style\"><\/span><\/span><\/div>\n\n<style type=\"text\/css\" data-created_by=\"avia_inline_auto\" id=\"style-css-av-26r5q-8e56bd5633bffae5cf2ece0a9bddadd1\">\n.flex_column.av-26r5q-8e56bd5633bffae5cf2ece0a9bddadd1{\nwidth:74.75%;\nborder-radius:0px 0px 0px 0px;\npadding:0px 0px 0px 0px;\n}\n<\/style>\n<div  class='flex_column av-26r5q-8e56bd5633bffae5cf2ece0a9bddadd1 av_three_fourth  avia-builder-el-240  el_after_av_hr  el_before_av_hr  first flex_column_div av-zero-column-padding'     ><section  class='av_textblock_section av-dx4em-e1ae5acbd77a62bc6b70f251c62e4533'   itemscope=\"itemscope\" itemtype=\"https:\/\/schema.org\/CreativeWork\" ><div class='avia_textblock'  itemprop=\"text\" ><h4>21.06.2022<\/h4>\n<h4>Einladung zu einem Informations- und Gespr\u00e4chsabend zum Denkmals am 23. Juni<\/h4>\n<p>Wir m\u00f6chten die Best\u00e4tigung des Wettbewerbsverfahrens und des Standorts Wilhelm-Leuschner-Platz durch den Leipziger Stadtrat vom 15. Juni zum Anlass nehmen, um Sie f\u00fcr den 23. Juni, 18 Uhr herzlich\u00a0 zu einem Informations- und Gespr\u00e4chsabend zum Stand des Freiheits- und Einheitsdenkmal in Leipzig in die DenkmalWerkstatt Kupfergasse 2 einzuladen.<\/p>\n<div class=\"row\">\n<div class=\"colEntry3\">\n<div id=\"vobetreff\" class=\"text1\"><\/div>\n<\/div>\n<\/div>\n<\/div><\/section><\/div>\n<div  class='hr av-1wqfra-1beb8d47948c9633a63f2e25dd50c466 hr-default  avia-builder-el-242  el_after_av_three_fourth  el_before_av_three_fourth'><span class='hr-inner'><span class=\"hr-inner-style\"><\/span><\/span><\/div>\n<div class='flex_column_table av-mi1jq-040af86f6f8b0ac0b4208af81be9d959 sc-av_three_fourth av-equal-height-column-flextable'>\n<style type=\"text\/css\" data-created_by=\"avia_inline_auto\" id=\"style-css-av-mi1jq-040af86f6f8b0ac0b4208af81be9d959\">\n.flex_column.av-mi1jq-040af86f6f8b0ac0b4208af81be9d959{\nwidth:74.625%;\nmargin-left:0;\nborder-radius:0px 0px 0px 0px;\npadding:0px 0px 0px 0px;\n}\n#top .flex_column_table.av-equal-height-column-flextable.av-mi1jq-040af86f6f8b0ac0b4208af81be9d959 .av-flex-placeholder{\nwidth:1.5%;\n}\n<\/style>\n<div  class='flex_column av-mi1jq-040af86f6f8b0ac0b4208af81be9d959 av_three_fourth  avia-builder-el-243  el_after_av_hr  el_before_av_one_fourth  first flex_column_table_cell av-equal-height-column av-align-top av-zero-column-padding'     ><section  class='av_textblock_section av-eh4ba-e36c474724181c083cb7692d775e80c6'   itemscope=\"itemscope\" itemtype=\"https:\/\/schema.org\/CreativeWork\" ><div class='avia_textblock'  itemprop=\"text\" ><h4>17.06.2022<\/h4>\n<h4>Stadtrat best\u00e4tigt die Vorschl\u00e4ge von B\u00fcrger:innenrat und Expert:innenrat<\/h4>\n<p>In der gestrigen Verl\u00e4ngerung seiner Sitzung vom 15. Juni hat der Leipziger Stadtrat die Verfahrensvorschl\u00e4ge, die die mit der Organisation des Denkmalsverfahrens beauftragte Stiftung Friedliche Revolution als Ergebnis eines B\u00fcrger:innenrat zum Standort und eines Expert:innenrats zum Wettbewerbsverfahren vorgelegt hat, angenommen.<\/p>\n<p>Damit ist der Wilhelm-Leuschner-Platz als Denkmalsstandort best\u00e4tigt. Und die Umsetzung des Wettbewerbsverfahren, das im Juni 2023 ausgelobt werden soll, kann planm\u00e4ssig weitergehen.<\/p>\n<p>Als n\u00e4chsten Schritt besetzt die Stiftung Friedliche Revolution nun bis Ende 2022 eine siebenk\u00f6pfige Findungskommission aus Fachleuten und eine Wettbewerbsjury, die den Siegerentwurf ausw\u00e4hlen wird.<\/p>\n<p>Das Beteiligungsverfahren, mit dessen Hilfe die W\u00fcnsche der B\u00fcrger:innen zum Denkmal f\u00fcr die Gremien, die mit den Entscheidungen beauftragt sind &#8211; wie Findungskommission, Jury und Stadtrat -, gesammelt werden, geht nat\u00fcrlich parallel weiter.<\/p>\n<p>Geplanter Baustart f\u00fcr das Denkmal ist Oktober 2024.<\/p>\n<p>Weitere Informationen siehe z. B. <a href=\"https:\/\/freiheitsdenkmal-leipzig.de\/wp-content\/uploads\/2022\/06\/lvz-stadtratsentschluss-22-06-16.pdf\" target=\"_blank\" rel=\"noopener\"><strong>LVZ, 17. Juni 2022<\/strong><\/a>\u00a0sowie <a href=\"https:\/\/www.l-iz.de\/politik\/brennpunkt\/2022\/06\/der-stadtrat-tagte-der-weg-ist-frei-fuer-den-zweiten-wettbewerb-um-das-leipziger-freiheits-und-einheitsdenkmal-456871\" rel=\"noopener\"><strong>L-IZ, 23. Juni 2022<\/strong><\/a><\/p>\n<div class=\"row\">\n<div class=\"colEntry3\">\n<div id=\"vobetreff\" class=\"text1\"><\/div>\n<\/div>\n<\/div>\n<\/div><\/section><\/div>\n<div class='av-flex-placeholder'><\/div>\n<style type=\"text\/css\" data-created_by=\"avia_inline_auto\" id=\"style-css-av-129r1q-46ab4afc8b86b453fe3bde00b710a27a\">\n.flex_column.av-129r1q-46ab4afc8b86b453fe3bde00b710a27a{\nwidth:23.875%;\nmargin-left:0;\n}\n#top .flex_column_table.av-equal-height-column-flextable.av-129r1q-46ab4afc8b86b453fe3bde00b710a27a .av-flex-placeholder{\nwidth:1.5%;\n}\n<\/style>\n<div  class='flex_column av-129r1q-46ab4afc8b86b453fe3bde00b710a27a av_one_fourth  avia-builder-el-245  el_after_av_three_fourth  el_before_av_hr  flex_column_table_cell av-equal-height-column av-align-top'     ><section  class='av_textblock_section av-l4i9wo6z-41fa777a262ba97b4dfd23a313c4eff6'   itemscope=\"itemscope\" itemtype=\"https:\/\/schema.org\/CreativeWork\" ><div class='avia_textblock'  itemprop=\"text\" ><blockquote>\n<p>&#8222;Von diesem Beschluss geht ein starkes Signal an den Bund und das Land aus.&#8220;<br \/>\n<em>Skadi Jennicke, Leipziger Kulturb\u00fcrgermeisterin<\/em><\/p>\n<\/blockquote>\n<\/div><\/section><\/div><\/div><!--close column table wrapper. Autoclose: 1 -->\n<div  class='hr av-1p437q-129ae868e092ea7bdfe489b4e9627e01 hr-default  avia-builder-el-247  el_after_av_one_fourth  el_before_av_three_fourth'><span class='hr-inner'><span class=\"hr-inner-style\"><\/span><\/span><\/div>\n\n<style type=\"text\/css\" data-created_by=\"avia_inline_auto\" id=\"style-css-av-l5mhq-1a043271d23448ab171b9aa984a3c442\">\n.flex_column.av-l5mhq-1a043271d23448ab171b9aa984a3c442{\nwidth:74.75%;\nborder-radius:0px 0px 0px 0px;\npadding:0px 0px 0px 0px;\n}\n<\/style>\n<div  class='flex_column av-l5mhq-1a043271d23448ab171b9aa984a3c442 av_three_fourth  avia-builder-el-248  el_after_av_hr  el_before_av_hr  first flex_column_div av-zero-column-padding'     ><section  class='av_textblock_section av-dqss6-08b6e86c5c4412405931d7721742d393'   itemscope=\"itemscope\" itemtype=\"https:\/\/schema.org\/CreativeWork\" ><div class='avia_textblock'  itemprop=\"text\" ><h4>09.06.2022<\/h4>\n<h4>Am 15. Juni ber\u00e4t der Stadtrat Leipzig \u00fcber Standortvorschlag und Wettbewerbskonzept<\/h4>\n<p><span class=\"_aacl _aaco _aacu _aacx _aad7 _aade\">Langsam wird es spannend, denn in weniger als einer Woche ber\u00e4t der Leipziger Stadtrat \u00fcber die bisherigen Ergebnisse des Denkmalsprozesses.<br \/>\n<\/span><\/p>\n<p><span class=\"_aacl _aaco _aacu _aacx _aad7 _aade\">Unter dem Betreff &#8222;<\/span>Leipziger Freiheits- und Einheitsdenkmal: Standortvorschlag und Wettbewerbskonzeption&#8220; finden Sie alle vorliegenden Informationen <a href=\"https:\/\/ratsinformation.leipzig.de\/allris_leipzig_public\/vo020?VOLFDNR=2004977&amp;refresh=false\" target=\"_blank\" rel=\"noopener\"><strong>im Ratsinformationssystem der Stadt Leipzig<\/strong><\/a>.<\/p>\n<div class=\"row\">\n<div class=\"colEntry3\">\n<div id=\"vobetreff\" class=\"text1\"><\/div>\n<\/div>\n<\/div>\n<\/div><\/section><\/div>\n<div  class='hr av-1m35x2-b63f32167df3de64432d6bc15aeca99e hr-default  avia-builder-el-250  el_after_av_three_fourth  el_before_av_three_fourth'><span class='hr-inner'><span class=\"hr-inner-style\"><\/span><\/span><\/div>\n<div class='flex_column_table av-ihd7q-4202eb13dd7da1c8f0618e114251666e sc-av_three_fourth av-equal-height-column-flextable'>\n<style type=\"text\/css\" data-created_by=\"avia_inline_auto\" id=\"style-css-av-ihd7q-4202eb13dd7da1c8f0618e114251666e\">\n.flex_column.av-ihd7q-4202eb13dd7da1c8f0618e114251666e{\nwidth:74.75%;\nmargin-left:0;\nborder-radius:0px 0px 0px 0px;\npadding:0px 0px 0px 0px;\n}\n#top .flex_column_table.av-equal-height-column-flextable.av-ihd7q-4202eb13dd7da1c8f0618e114251666e .av-flex-placeholder{\nwidth:1%;\n}\n<\/style>\n<div  class='flex_column av-ihd7q-4202eb13dd7da1c8f0618e114251666e av_three_fourth  avia-builder-el-251  el_after_av_hr  el_before_av_one_fourth  first flex_column_table_cell av-equal-height-column av-align-middle av-zero-column-padding'     ><section  class='av_textblock_section av-dbdzy-264e8fc2184dcc1304349500a0733e36'   itemscope=\"itemscope\" itemtype=\"https:\/\/schema.org\/CreativeWork\" ><div class='avia_textblock'  itemprop=\"text\" ><h4>01.06.2022<\/h4>\n<h4>Heute 18 Uhr Ausstellungsstart mit dem Film: &#8222;F\u00fcr Mick Jagger in den Knast&#8220;<\/h4>\n<p><span class=\"_aacl _aaco _aacu _aacx _aad7 _aade\">Ein letztes Bild vom Ausstellungsaufbau, bevor heute Abend um 18 Uhr die fertige Ausstellung <\/span><br \/>\n<strong><span class=\"_aacl _aaco _aacu _aacx _aad7 _aade\">\u201eLeipziger Beataufstand auf dem Wilhelm-Leuschner-Platz &#8211; All you need is beat\u201d<\/span><\/strong><br \/>\n<span class=\"_aacl _aaco _aacu _aacx _aad7 _aade\">in der DenkmalWerkstatt Kupfergasse 2 mit dem Dokumentarfilm<\/span><br \/>\n<span class=\"_aacl _aaco _aacu _aacx _aad7 _aade\"><strong>\u201eF\u00fcr Mick Jagger in den Knast\u201c<\/strong> startet. Der Eintritt ist frei.<\/span><br \/>\n<em>Die Ausstellung wird pr\u00e4sentiert von der Stiftung Friedliche Revolution, erstellt wurde sie vom Archiv B\u00fcrgerbewegung Leipzig mit Unterst\u00fctzung der Bundesstiftung zur Aufarbeitung der SED-Diktatur.<\/em><br \/>\n<em>Filmauff\u00fchrung in Kooperation mit der Bundesstiftung zur Aufarbeitung der SED-Diktatur<\/em><\/p>\n<\/div><\/section><\/div>\n<div class='av-flex-placeholder'><\/div>\n<style type=\"text\/css\" data-created_by=\"avia_inline_auto\" id=\"style-css-av-gt5ry-7bfdb750451c4450f872aeca5e6e4ba0\">\n.flex_column.av-gt5ry-7bfdb750451c4450f872aeca5e6e4ba0{\nwidth:24.25%;\nmargin-left:0;\n}\n#top .flex_column_table.av-equal-height-column-flextable.av-gt5ry-7bfdb750451c4450f872aeca5e6e4ba0 .av-flex-placeholder{\nwidth:1%;\n}\n<\/style>\n<div  class='flex_column av-gt5ry-7bfdb750451c4450f872aeca5e6e4ba0 av_one_fourth  avia-builder-el-253  el_after_av_three_fourth  el_before_av_hr  flex_column_table_cell av-equal-height-column av-align-middle'     ><style type=\"text\/css\" data-created_by=\"avia_inline_auto\" id=\"style-css-av-6vlv2-b61cfe68e1ac0073eb4246d03992e952\">\n.avia-image-container.av-6vlv2-b61cfe68e1ac0073eb4246d03992e952 img.avia_image{\nbox-shadow:none;\n}\n.avia-image-container.av-6vlv2-b61cfe68e1ac0073eb4246d03992e952 .av-image-caption-overlay-center{\ncolor:#ffffff;\n}\n<\/style>\n<div  class='avia-image-container av-6vlv2-b61cfe68e1ac0073eb4246d03992e952 av-styling- avia-align-center  avia-builder-el-254  avia-builder-el-no-sibling'   itemprop=\"image\" itemscope=\"itemscope\" itemtype=\"https:\/\/schema.org\/ImageObject\" ><div class=\"avia-image-container-inner\"><div class=\"avia-image-overlay-wrap\"><img decoding=\"async\" fetchpriority=\"high\" class='wp-image-2852 avia-img-lazy-loading-not-2852 avia_image' src=\"https:\/\/freiheitsdenkmal-leipzig.de\/wp-content\/uploads\/2022\/06\/IMG_0031-300x225.jpg\" alt='' title='IMG_0031'  height=\"225\" width=\"300\"  itemprop=\"thumbnailUrl\" srcset=\"https:\/\/freiheitsdenkmal-leipzig.de\/wp-content\/uploads\/2022\/06\/IMG_0031-300x225.jpg 300w, https:\/\/freiheitsdenkmal-leipzig.de\/wp-content\/uploads\/2022\/06\/IMG_0031-1030x773.jpg 1030w, https:\/\/freiheitsdenkmal-leipzig.de\/wp-content\/uploads\/2022\/06\/IMG_0031-768x576.jpg 768w, https:\/\/freiheitsdenkmal-leipzig.de\/wp-content\/uploads\/2022\/06\/IMG_0031-1536x1152.jpg 1536w, https:\/\/freiheitsdenkmal-leipzig.de\/wp-content\/uploads\/2022\/06\/IMG_0031-2048x1536.jpg 2048w, https:\/\/freiheitsdenkmal-leipzig.de\/wp-content\/uploads\/2022\/06\/IMG_0031-1500x1125.jpg 1500w, https:\/\/freiheitsdenkmal-leipzig.de\/wp-content\/uploads\/2022\/06\/IMG_0031-705x529.jpg 705w\" sizes=\"(max-width: 300px) 100vw, 300px\" \/><\/div><\/div><\/div><\/div><\/div><!--close column table wrapper. Autoclose: 1 -->\n<div  class='hr av-1dulzq-35ae80520bc9303f7894675d6b95a1b7 hr-default  avia-builder-el-255  el_after_av_one_fourth  el_before_av_three_fourth'><span class='hr-inner'><span class=\"hr-inner-style\"><\/span><\/span><\/div>\n<div class='flex_column_table av-xqsja-e8b3b5c7e330948b62ec01fcebbf0913 sc-av_three_fourth av-equal-height-column-flextable'>\n<style type=\"text\/css\" data-created_by=\"avia_inline_auto\" id=\"style-css-av-xqsja-e8b3b5c7e330948b62ec01fcebbf0913\">\n.flex_column.av-xqsja-e8b3b5c7e330948b62ec01fcebbf0913{\nwidth:74.75%;\nmargin-left:0;\nborder-radius:0px 0px 0px 0px;\npadding:0px 0px 0px 0px;\n}\n#top .flex_column_table.av-equal-height-column-flextable.av-xqsja-e8b3b5c7e330948b62ec01fcebbf0913 .av-flex-placeholder{\nwidth:1%;\n}\n<\/style>\n<div  class='flex_column av-xqsja-e8b3b5c7e330948b62ec01fcebbf0913 av_three_fourth  avia-builder-el-256  el_after_av_hr  el_before_av_one_fourth  first flex_column_table_cell av-equal-height-column av-align-middle av-zero-column-padding'     ><section  class='av_textblock_section av-thl3q-f0e6f75ebe6181e005bfcebb56e724da'   itemscope=\"itemscope\" itemtype=\"https:\/\/schema.org\/CreativeWork\" ><div class='avia_textblock'  itemprop=\"text\" ><h4>30.05.2022<\/h4>\n<h4>Film: F\u00fcr Mick Jagger in den Knast &#8211; 1. Juni, 18 Uhr<\/h4>\n<p>Am 1. Juni startet die Ausstellung <strong>\u201eAll you need is beat\u201c<\/strong> zum <strong>Leipziger Beataufstand auf dem Wilhelm-Leuschner-Platz <\/strong>mit der Auff\u00fchrung des Films \u201e<strong>F\u00fcr Mick Jagger in den Knast<\/strong>\u201c in Kooperation mit der Bundesstiftung zur Aufarbeitung der SED-Diktatur.<\/p>\n<p>Filmbeginn: um 18 Uhr in der DenkmalWerkstatt, Kupfergasse 2.<\/p>\n<p>Der Eintritt ist frei.<\/p>\n<\/div><\/section><\/div>\n<div class='av-flex-placeholder'><\/div>\n<style type=\"text\/css\" data-created_by=\"avia_inline_auto\" id=\"style-css-av-m0anq-b12dbb8731eb48840567430d5488edcc\">\n.flex_column.av-m0anq-b12dbb8731eb48840567430d5488edcc{\nwidth:24.25%;\nmargin-left:0;\n}\n#top .flex_column_table.av-equal-height-column-flextable.av-m0anq-b12dbb8731eb48840567430d5488edcc .av-flex-placeholder{\nwidth:1%;\n}\n<\/style>\n<div  class='flex_column av-m0anq-b12dbb8731eb48840567430d5488edcc av_one_fourth  avia-builder-el-258  el_after_av_three_fourth  el_before_av_hr  flex_column_table_cell av-equal-height-column av-align-middle'     ><style type=\"text\/css\" data-created_by=\"avia_inline_auto\" id=\"style-css-av-dx89i-f0e403c93178abbbc17f3767ed702cbd\">\n.avia-image-container.av-dx89i-f0e403c93178abbbc17f3767ed702cbd img.avia_image{\nbox-shadow:none;\n}\n.avia-image-container.av-dx89i-f0e403c93178abbbc17f3767ed702cbd .av-image-caption-overlay-center{\ncolor:#ffffff;\n}\n<\/style>\n<div  class='avia-image-container av-dx89i-f0e403c93178abbbc17f3767ed702cbd av-styling- avia-align-center  avia-builder-el-259  avia-builder-el-no-sibling'   itemprop=\"image\" itemscope=\"itemscope\" itemtype=\"https:\/\/schema.org\/ImageObject\" ><div class=\"avia-image-container-inner\"><div class=\"avia-image-overlay-wrap\"><img decoding=\"async\" fetchpriority=\"high\" class='wp-image-2835 avia-img-lazy-loading-not-2835 avia_image' src=\"https:\/\/freiheitsdenkmal-leipzig.de\/wp-content\/uploads\/2022\/05\/Leuschner-Platz-koo-300x214.png\" alt='' title='Leuschner-Platz-koo'  height=\"214\" width=\"300\"  itemprop=\"thumbnailUrl\" srcset=\"https:\/\/freiheitsdenkmal-leipzig.de\/wp-content\/uploads\/2022\/05\/Leuschner-Platz-koo-300x214.png 300w, https:\/\/freiheitsdenkmal-leipzig.de\/wp-content\/uploads\/2022\/05\/Leuschner-Platz-koo-1030x734.png 1030w, https:\/\/freiheitsdenkmal-leipzig.de\/wp-content\/uploads\/2022\/05\/Leuschner-Platz-koo-768x547.png 768w, https:\/\/freiheitsdenkmal-leipzig.de\/wp-content\/uploads\/2022\/05\/Leuschner-Platz-koo-260x185.png 260w, https:\/\/freiheitsdenkmal-leipzig.de\/wp-content\/uploads\/2022\/05\/Leuschner-Platz-koo-705x502.png 705w, https:\/\/freiheitsdenkmal-leipzig.de\/wp-content\/uploads\/2022\/05\/Leuschner-Platz-koo.png 1280w\" sizes=\"(max-width: 300px) 100vw, 300px\" \/><\/div><\/div><\/div><\/div><\/div><!--close column table wrapper. Autoclose: 1 -->\n<div  class='hr av-4pnja-22bb8896cfc87f197cb47df77abcf423 hr-default  avia-builder-el-260  el_after_av_one_fourth  el_before_av_four_fifth'><span class='hr-inner'><span class=\"hr-inner-style\"><\/span><\/span><\/div>\n\n<style type=\"text\/css\" data-created_by=\"avia_inline_auto\" id=\"style-css-av-l3sl9i1k-03f5c2107b48c925d3aa84569d28ae0b\">\n.flex_column.av-l3sl9i1k-03f5c2107b48c925d3aa84569d28ae0b{\nwidth:79.8%;\nborder-radius:0px 0px 0px 0px;\npadding:0px 0px 0px 0px;\n}\n<\/style>\n<div  class='flex_column av-l3sl9i1k-03f5c2107b48c925d3aa84569d28ae0b av_four_fifth  avia-builder-el-261  el_after_av_hr  el_before_av_hr  first flex_column_div av-zero-column-padding'     ><section  class='av_textblock_section av-l3sl5u3c-0bc164c8fc04814d62ed383502dac92f'   itemscope=\"itemscope\" itemtype=\"https:\/\/schema.org\/CreativeWork\" ><div class='avia_textblock'  itemprop=\"text\" ><h4>27.05.2022<\/h4>\n<h4>Ausstellungsstart am 1. Juni, 18 Uhr mit dem Film &#8222;F\u00fcr Mick Jagger in den Knast&#8220;<\/h4>\n<p>Begleitprogramm zur Ausstellung <strong>Leipziger Beataufstand auf dem Wilhelm-Leuschner-Platz &#8211; <\/strong><strong>\u201eAll you need is beat \u201d <\/strong>des Archivs B\u00fcrgerbewegung, pr\u00e4sentiert von der Stiftung Friedliche Revolution:<\/p>\n<p><strong>F\u00fcr Mick Jagger in den Knast<\/strong>; Regie: Karoline Kleinert \/ Reinhard Joksch, Dokumentarfilm 2006, 45 Min (FSK 0)<\/p>\n<p>Wegen einer Radio-Falschmeldung, die Rolling Stones w\u00fcrden auf dem Springer-Hochhaus direkt an der Mauer ein Konzert geben, machen sich hunderte DDR-Rockfans am 7. Oktober 1969, dem 20. Jahrestag der DDR, auf den Weg Richtung Grenzanlagen. Die Staatsmacht sieht ihre Feier bedroht und reagiert mit gro\u00dfer H\u00e4rte.<\/p>\n<p>Filmvorf\u00fchrung am 1. Juni 2022, 18 h, DenkmalWerkstatt Kupfergasse 2; Eintritt frei.<\/p>\n<p><em>Auff\u00fchrung in Kooperation mit der Bundesstiftung zur Aufarbeitung der SED-Diktatur<\/em><\/p>\n<\/div><\/section><\/div>\n<div  class='hr av-133nfq-dcfc81a1843dddd9750f83c2e66c4232 hr-default  avia-builder-el-263  el_after_av_four_fifth  el_before_av_four_fifth'><span class='hr-inner'><span class=\"hr-inner-style\"><\/span><\/span><\/div>\n\n<style type=\"text\/css\" data-created_by=\"avia_inline_auto\" id=\"style-css-av-1fy2ta-96d6a2ab2ab818b5d060ee8075af7386\">\n.flex_column.av-1fy2ta-96d6a2ab2ab818b5d060ee8075af7386{\nwidth:79.8%;\nborder-radius:0px 0px 0px 0px;\npadding:0px 0px 0px 0px;\n}\n<\/style>\n<div  class='flex_column av-1fy2ta-96d6a2ab2ab818b5d060ee8075af7386 av_four_fifth  avia-builder-el-264  el_after_av_hr  el_before_av_hr  first flex_column_div av-zero-column-padding'     ><section  class='av_textblock_section av-4kamu-08663cb65ec0ed5da269c67637979aea'   itemscope=\"itemscope\" itemtype=\"https:\/\/schema.org\/CreativeWork\" ><div class='avia_textblock'  itemprop=\"text\" ><h4>26.05.2022<\/h4>\n<p><strong>Der Leipziger Beataufstand <\/strong><\/p>\n<p>Wie in der restlichen Welt begeisterte die aufkommende Beatmusik in den fr\u00fchen 1960er Jahren auch in der DDR viele Jugendliche. Neben Unterhaltung und Freizeitgestaltung fanden die Jugendlichen in der Musik und ihren Texten eine M\u00f6glichkeit, Frust und Widerwillen gegen die Zw\u00e4nge des Staates herauszulassen.<\/p>\n<p>Als im Oktober 1965 von der SED-F\u00fchrung alle Beat-Konzerte in Leipzig abgesagt und 54 von 58 Leipziger Beat-Bands im Zuge einer Kehrtwende in der staatlichen DDR-Jugend- und Kulturpolitik verboten wurden, starteten zwei Jugendliche aus Markkleeberg bei Leipzig eine Flugblattaktion f\u00fcr eine Demonstration am 31. Oktober 1965 mit Start auf dem Wilhelm-Leuschner-Platz. Ihre Forderung: Wiederzulassung der Beatbands.<\/p>\n<p style=\"text-align: center;\"><strong>\u201e<em>Beatfreunde! Wir finden uns am Sonntag, den 31.10.65,<\/em><\/strong><br \/>\n<strong><em>10 Uhr auf dem Leuschnerplatz zum Protestmarsch ein.\u201c<\/em><\/strong><\/p>\n<p>Zwischen 1.000 und 2.000 Jugendliche folgten dem Aufruf und kamen auf den Wilhelm-Leuschner-Platz, aber Staatssicherheit und Volkspolizei l\u00f6sten die Demo direkt nach ihrem Start gewaltsam auf. 264 Demonstrierende wurden festgenommenen, 97 von ihnen wurden ohne Prozess f\u00fcr bis zu sechs Wochen zu einem \u201ebeaufsichtigten Arbeitseinsatz\u201c im Braunkohletagebau gezwungen.<\/p>\n<p>Die \u201eLeipziger Beatdemo\u201c auf dem Wilhelm-Leuschner-Platz war bis 1989 eine der gr\u00f6\u00dften \u00a0ungenehmigten Demonstrationen der DDR.<\/p>\n<\/div><\/section><\/div>\n<div  class='hr av-bd8e-1caeaeddf13b4ed2b3fd3841e5b31af2 hr-default  avia-builder-el-266  el_after_av_four_fifth  el_before_av_one_half'><span class='hr-inner'><span class=\"hr-inner-style\"><\/span><\/span><\/div>\n<div class='flex_column_table av-z59ny-cae300d92d596bee4ac9a53e70a5cf16 sc-av_one_half av-equal-height-column-flextable'>\n<style type=\"text\/css\" data-created_by=\"avia_inline_auto\" id=\"style-css-av-z59ny-cae300d92d596bee4ac9a53e70a5cf16\">\n.flex_column.av-z59ny-cae300d92d596bee4ac9a53e70a5cf16{\nwidth:49.5%;\nmargin-left:0;\nborder-radius:0px 0px 0px 0px;\npadding:0px 0px 0px 0px;\n}\n#top .flex_column_table.av-equal-height-column-flextable.av-z59ny-cae300d92d596bee4ac9a53e70a5cf16 .av-flex-placeholder{\nwidth:1%;\n}\n<\/style>\n<div  class='flex_column av-z59ny-cae300d92d596bee4ac9a53e70a5cf16 av_one_half  avia-builder-el-267  el_after_av_hr  el_before_av_one_fourth  first flex_column_table_cell av-equal-height-column av-align-top av-zero-column-padding'     ><section  class='av_textblock_section av-qczv2-6ab64310ff8092bdf9c30679b7124caa'   itemscope=\"itemscope\" itemtype=\"https:\/\/schema.org\/CreativeWork\" ><div class='avia_textblock'  itemprop=\"text\" ><h4>24.05.2022<\/h4>\n<h4><strong>Leipziger Beataufstand auf dem Wilhelm-Leuschner-Platz<\/strong><\/h4>\n<h4><strong>\u201cAll you need is beat\u201d<\/strong><\/h4>\n<p>Vom 1. Juni bis 15. Juli pr\u00e4sentiert die Stiftung Friedliche Revolution die Ausstellung \u201e<strong>All you need is beat\u201c<\/strong> des Archivs B\u00fcrgerbewegung Leipzig e.V.* zum <strong>Leipziger Beataufstand auf dem Wilhelm-Leuschner-Platz <\/strong>in der DenkmalWerkstatt, Kupfergasse 2.<\/p>\n<p>Mit dieser Ausstellung will die Stiftung daran erinnern, dass der direkt am Leipziger Ring gelegene <strong>Wilhelm-Leuschner-Platz<\/strong> ein authentischer Ort des Widerstands gegen das DDR-Regime war.<\/p>\n<p>*Gef\u00f6rdert von der Bundesstiftung zur Aufarbeitung der SED-Diktatur<\/p>\n<\/div><\/section><\/div>\n<div class='av-flex-placeholder'><\/div>\n<style type=\"text\/css\" data-created_by=\"avia_inline_auto\" id=\"style-css-av-mcsi6-f051a3eaf159e48970a86a11b3434660\">\n.flex_column.av-mcsi6-f051a3eaf159e48970a86a11b3434660{\nwidth:24.25%;\nmargin-left:0;\n}\n#top .flex_column_table.av-equal-height-column-flextable.av-mcsi6-f051a3eaf159e48970a86a11b3434660 .av-flex-placeholder{\nwidth:1%;\n}\n<\/style>\n<div  class='flex_column av-mcsi6-f051a3eaf159e48970a86a11b3434660 av_one_fourth  avia-builder-el-269  el_after_av_one_half  el_before_av_one_fourth  flex_column_table_cell av-equal-height-column av-align-top'     ><style type=\"text\/css\" data-created_by=\"avia_inline_auto\" id=\"style-css-av-f6wjy-7606203eba3fdc1564bd20ea40b8da94\">\n.avia-image-container.av-f6wjy-7606203eba3fdc1564bd20ea40b8da94 img.avia_image{\nbox-shadow:none;\n}\n.avia-image-container.av-f6wjy-7606203eba3fdc1564bd20ea40b8da94 .av-image-caption-overlay-center{\ncolor:#ffffff;\n}\n<\/style>\n<div  class='avia-image-container av-f6wjy-7606203eba3fdc1564bd20ea40b8da94 av-styling- avia-align-center  avia-builder-el-270  avia-builder-el-no-sibling'   itemprop=\"image\" itemscope=\"itemscope\" itemtype=\"https:\/\/schema.org\/ImageObject\" ><div class=\"avia-image-container-inner\"><div class=\"avia-image-overlay-wrap\"><img decoding=\"async\" fetchpriority=\"high\" class='wp-image-2830 avia-img-lazy-loading-not-2830 avia_image' src=\"https:\/\/freiheitsdenkmal-leipzig.de\/wp-content\/uploads\/2022\/05\/Instagram_Posts_Beat01-300x300.jpg\" alt='' title='Instagram_Posts_Beat01'  height=\"300\" width=\"300\"  itemprop=\"thumbnailUrl\" srcset=\"https:\/\/freiheitsdenkmal-leipzig.de\/wp-content\/uploads\/2022\/05\/Instagram_Posts_Beat01-300x300.jpg 300w, https:\/\/freiheitsdenkmal-leipzig.de\/wp-content\/uploads\/2022\/05\/Instagram_Posts_Beat01-1030x1030.jpg 1030w, https:\/\/freiheitsdenkmal-leipzig.de\/wp-content\/uploads\/2022\/05\/Instagram_Posts_Beat01-80x80.jpg 80w, https:\/\/freiheitsdenkmal-leipzig.de\/wp-content\/uploads\/2022\/05\/Instagram_Posts_Beat01-768x768.jpg 768w, https:\/\/freiheitsdenkmal-leipzig.de\/wp-content\/uploads\/2022\/05\/Instagram_Posts_Beat01-36x36.jpg 36w, https:\/\/freiheitsdenkmal-leipzig.de\/wp-content\/uploads\/2022\/05\/Instagram_Posts_Beat01-180x180.jpg 180w, https:\/\/freiheitsdenkmal-leipzig.de\/wp-content\/uploads\/2022\/05\/Instagram_Posts_Beat01-705x705.jpg 705w, https:\/\/freiheitsdenkmal-leipzig.de\/wp-content\/uploads\/2022\/05\/Instagram_Posts_Beat01.jpg 1250w\" sizes=\"(max-width: 300px) 100vw, 300px\" \/><\/div><\/div><\/div><\/div>\n<div class='av-flex-placeholder'><\/div>\n<style type=\"text\/css\" data-created_by=\"avia_inline_auto\" id=\"style-css-av-10d2tq-257e092750135cc27d9c41f16982ab57\">\n.flex_column.av-10d2tq-257e092750135cc27d9c41f16982ab57{\nwidth:24.25%;\nmargin-left:0;\n}\n#top .flex_column_table.av-equal-height-column-flextable.av-10d2tq-257e092750135cc27d9c41f16982ab57 .av-flex-placeholder{\nwidth:1%;\n}\n<\/style>\n<div  class='flex_column av-10d2tq-257e092750135cc27d9c41f16982ab57 av_one_fourth  avia-builder-el-271  el_after_av_one_fourth  el_before_av_hr  flex_column_table_cell av-equal-height-column av-align-top'     ><style type=\"text\/css\" data-created_by=\"avia_inline_auto\" id=\"style-css-av-l3ladcjt-afd056d04674bd80a31cfe7ad256c70a\">\n.avia-image-container.av-l3ladcjt-afd056d04674bd80a31cfe7ad256c70a img.avia_image{\nbox-shadow:none;\n}\n.avia-image-container.av-l3ladcjt-afd056d04674bd80a31cfe7ad256c70a .av-image-caption-overlay-center{\ncolor:#ffffff;\n}\n<\/style>\n<div  class='avia-image-container av-l3ladcjt-afd056d04674bd80a31cfe7ad256c70a av-styling- avia-align-center  avia-builder-el-272  avia-builder-el-no-sibling'   itemprop=\"image\" itemscope=\"itemscope\" itemtype=\"https:\/\/schema.org\/ImageObject\" ><div class=\"avia-image-container-inner\"><div class=\"avia-image-overlay-wrap\"><img decoding=\"async\" fetchpriority=\"high\" class='wp-image-2831 avia-img-lazy-loading-not-2831 avia_image' src=\"https:\/\/freiheitsdenkmal-leipzig.de\/wp-content\/uploads\/2022\/05\/Instagram_Posts_Beat02_SFR-300x300.jpg\" alt='' title='Instagram_Posts_Beat02_SFR'  height=\"300\" width=\"300\"  itemprop=\"thumbnailUrl\" srcset=\"https:\/\/freiheitsdenkmal-leipzig.de\/wp-content\/uploads\/2022\/05\/Instagram_Posts_Beat02_SFR-300x300.jpg 300w, https:\/\/freiheitsdenkmal-leipzig.de\/wp-content\/uploads\/2022\/05\/Instagram_Posts_Beat02_SFR-1030x1030.jpg 1030w, https:\/\/freiheitsdenkmal-leipzig.de\/wp-content\/uploads\/2022\/05\/Instagram_Posts_Beat02_SFR-80x80.jpg 80w, https:\/\/freiheitsdenkmal-leipzig.de\/wp-content\/uploads\/2022\/05\/Instagram_Posts_Beat02_SFR-768x768.jpg 768w, https:\/\/freiheitsdenkmal-leipzig.de\/wp-content\/uploads\/2022\/05\/Instagram_Posts_Beat02_SFR-36x36.jpg 36w, https:\/\/freiheitsdenkmal-leipzig.de\/wp-content\/uploads\/2022\/05\/Instagram_Posts_Beat02_SFR-180x180.jpg 180w, https:\/\/freiheitsdenkmal-leipzig.de\/wp-content\/uploads\/2022\/05\/Instagram_Posts_Beat02_SFR-705x705.jpg 705w, https:\/\/freiheitsdenkmal-leipzig.de\/wp-content\/uploads\/2022\/05\/Instagram_Posts_Beat02_SFR.jpg 1250w\" sizes=\"(max-width: 300px) 100vw, 300px\" \/><\/div><\/div><\/div><\/div><\/div><!--close column table wrapper. Autoclose: 1 -->\n<div  class='hr av-pn6um-241baba93cedcab52012545fc4f54abc hr-default  avia-builder-el-273  el_after_av_one_fourth  el_before_av_one_half'><span class='hr-inner'><span class=\"hr-inner-style\"><\/span><\/span><\/div>\n<div class='flex_column_table av-xw5fq-8ebd8f8dda1658c9372b39196b259b75 sc-av_one_half av-equal-height-column-flextable'>\n<style type=\"text\/css\" data-created_by=\"avia_inline_auto\" id=\"style-css-av-xw5fq-8ebd8f8dda1658c9372b39196b259b75\">\n.flex_column.av-xw5fq-8ebd8f8dda1658c9372b39196b259b75{\nwidth:49.5%;\nmargin-left:0;\nborder-radius:0px 0px 0px 0px;\npadding:0px 0px 0px 0px;\n}\n#top .flex_column_table.av-equal-height-column-flextable.av-xw5fq-8ebd8f8dda1658c9372b39196b259b75 .av-flex-placeholder{\nwidth:1%;\n}\n<\/style>\n<div  class='flex_column av-xw5fq-8ebd8f8dda1658c9372b39196b259b75 av_one_half  avia-builder-el-274  el_after_av_hr  el_before_av_one_fourth  first flex_column_table_cell av-equal-height-column av-align-top av-zero-column-padding'     ><section  class='av_textblock_section av-2jw5i-205fb0018eb66ea8582b4bf890e80b30'   itemscope=\"itemscope\" itemtype=\"https:\/\/schema.org\/CreativeWork\" ><div class='avia_textblock'  itemprop=\"text\" ><h4>17.05.2022<\/h4>\n<h4><strong>Es kommt etwas in Bewegung in der DenkmalWerkstatt &#8230;<\/strong><\/h4>\n<p><span class=\"_7UhW9 xLCgt MMzan KV-D4 se6yk T0kll\">Tipp: <\/span><span class=\"_7UhW9 xLCgt MMzan KV-D4 se6yk T0kll\"><span class=\"_7UhW9 xLCgt MMzan KV-D4 se6yk T0kll\"><a class=\"xil3i\" tabindex=\"0\" href=\"https:\/\/www.instagram.com\/explore\/tags\/beatausstellung\/\">#beatausstellung<\/a> <a class=\"xil3i\" tabindex=\"0\" href=\"https:\/\/www.instagram.com\/explore\/tags\/allyouneedisbeat\/\">#allyouneedisbeat<\/a> <a class=\"xil3i\" tabindex=\"0\" href=\"https:\/\/www.instagram.com\/explore\/tags\/beataufstand\/\">#beataufstand<\/a><\/span><\/span><\/p>\n<p><span class=\"_7UhW9 xLCgt MMzan KV-D4 se6yk T0kll\">Fortsetzung folgt.<br \/>\n<\/span><\/p>\n<\/div><\/section><\/div>\n<div class='av-flex-placeholder'><\/div>\n<style type=\"text\/css\" data-created_by=\"avia_inline_auto\" id=\"style-css-av-jisfq-1c21edfa2997061edc19f8dc138ac85f\">\n.flex_column.av-jisfq-1c21edfa2997061edc19f8dc138ac85f{\nwidth:24.25%;\nmargin-left:0;\n}\n#top .flex_column_table.av-equal-height-column-flextable.av-jisfq-1c21edfa2997061edc19f8dc138ac85f .av-flex-placeholder{\nwidth:1%;\n}\n<\/style>\n<div  class='flex_column av-jisfq-1c21edfa2997061edc19f8dc138ac85f av_one_fourth  avia-builder-el-276  el_after_av_one_half  el_before_av_one_fourth  flex_column_table_cell av-equal-height-column av-align-top'     ><style type=\"text\/css\" data-created_by=\"avia_inline_auto\" id=\"style-css-av-huznq-c0a051866b8fdaf3929cf8e71adbe411\">\n.avia-image-container.av-huznq-c0a051866b8fdaf3929cf8e71adbe411 img.avia_image{\nbox-shadow:none;\n}\n.avia-image-container.av-huznq-c0a051866b8fdaf3929cf8e71adbe411 .av-image-caption-overlay-center{\ncolor:#ffffff;\n}\n<\/style>\n<div  class='avia-image-container av-huznq-c0a051866b8fdaf3929cf8e71adbe411 av-styling- avia-align-center  avia-builder-el-277  avia-builder-el-no-sibling'   itemprop=\"image\" itemscope=\"itemscope\" itemtype=\"https:\/\/schema.org\/ImageObject\" ><div class=\"avia-image-container-inner\"><div class=\"avia-image-overlay-wrap\"><img decoding=\"async\" fetchpriority=\"high\" class='wp-image-2825 avia-img-lazy-loading-not-2825 avia_image' src=\"https:\/\/freiheitsdenkmal-leipzig.de\/wp-content\/uploads\/2022\/05\/beatausstellung-4-300x300.jpg\" alt='' title='beatausstellung-4'  height=\"300\" width=\"300\"  itemprop=\"thumbnailUrl\" srcset=\"https:\/\/freiheitsdenkmal-leipzig.de\/wp-content\/uploads\/2022\/05\/beatausstellung-4-300x300.jpg 300w, https:\/\/freiheitsdenkmal-leipzig.de\/wp-content\/uploads\/2022\/05\/beatausstellung-4-1030x1030.jpg 1030w, https:\/\/freiheitsdenkmal-leipzig.de\/wp-content\/uploads\/2022\/05\/beatausstellung-4-80x80.jpg 80w, https:\/\/freiheitsdenkmal-leipzig.de\/wp-content\/uploads\/2022\/05\/beatausstellung-4-768x768.jpg 768w, https:\/\/freiheitsdenkmal-leipzig.de\/wp-content\/uploads\/2022\/05\/beatausstellung-4-36x36.jpg 36w, https:\/\/freiheitsdenkmal-leipzig.de\/wp-content\/uploads\/2022\/05\/beatausstellung-4-180x180.jpg 180w, https:\/\/freiheitsdenkmal-leipzig.de\/wp-content\/uploads\/2022\/05\/beatausstellung-4-1500x1500.jpg 1500w, https:\/\/freiheitsdenkmal-leipzig.de\/wp-content\/uploads\/2022\/05\/beatausstellung-4-705x705.jpg 705w, https:\/\/freiheitsdenkmal-leipzig.de\/wp-content\/uploads\/2022\/05\/beatausstellung-4-rotated.jpg 1512w\" sizes=\"(max-width: 300px) 100vw, 300px\" \/><\/div><\/div><\/div><\/div>\n<div class='av-flex-placeholder'><\/div>\n<style type=\"text\/css\" data-created_by=\"avia_inline_auto\" id=\"style-css-av-6zldq-ef361b64dc0b6fe987fcece2a9e9fa76\">\n.flex_column.av-6zldq-ef361b64dc0b6fe987fcece2a9e9fa76{\nwidth:24.25%;\nmargin-left:0;\n}\n#top .flex_column_table.av-equal-height-column-flextable.av-6zldq-ef361b64dc0b6fe987fcece2a9e9fa76 .av-flex-placeholder{\nwidth:1%;\n}\n<\/style>\n<div  class='flex_column av-6zldq-ef361b64dc0b6fe987fcece2a9e9fa76 av_one_fourth  avia-builder-el-278  el_after_av_one_fourth  el_before_av_hr  flex_column_table_cell av-equal-height-column av-align-top'     ><style type=\"text\/css\" data-created_by=\"avia_inline_auto\" id=\"style-css-av-l3b8myk2-0b53da2a071542ef19285ae286d282e6\">\n.avia-image-container.av-l3b8myk2-0b53da2a071542ef19285ae286d282e6 img.avia_image{\nbox-shadow:none;\n}\n.avia-image-container.av-l3b8myk2-0b53da2a071542ef19285ae286d282e6 .av-image-caption-overlay-center{\ncolor:#ffffff;\n}\n<\/style>\n<div  class='avia-image-container av-l3b8myk2-0b53da2a071542ef19285ae286d282e6 av-styling- avia-align-center  avia-builder-el-279  avia-builder-el-no-sibling'   itemprop=\"image\" itemscope=\"itemscope\" itemtype=\"https:\/\/schema.org\/ImageObject\" ><div class=\"avia-image-container-inner\"><div class=\"avia-image-overlay-wrap\"><img decoding=\"async\" fetchpriority=\"high\" class='wp-image-2820 avia-img-lazy-loading-not-2820 avia_image' src=\"https:\/\/freiheitsdenkmal-leipzig.de\/wp-content\/uploads\/2022\/05\/beatausstellung-3-300x300.jpg\" alt='' title='beatausstellung-3'  height=\"300\" width=\"300\"  itemprop=\"thumbnailUrl\" srcset=\"https:\/\/freiheitsdenkmal-leipzig.de\/wp-content\/uploads\/2022\/05\/beatausstellung-3-300x300.jpg 300w, https:\/\/freiheitsdenkmal-leipzig.de\/wp-content\/uploads\/2022\/05\/beatausstellung-3-1030x1030.jpg 1030w, https:\/\/freiheitsdenkmal-leipzig.de\/wp-content\/uploads\/2022\/05\/beatausstellung-3-80x80.jpg 80w, https:\/\/freiheitsdenkmal-leipzig.de\/wp-content\/uploads\/2022\/05\/beatausstellung-3-768x768.jpg 768w, https:\/\/freiheitsdenkmal-leipzig.de\/wp-content\/uploads\/2022\/05\/beatausstellung-3-36x36.jpg 36w, https:\/\/freiheitsdenkmal-leipzig.de\/wp-content\/uploads\/2022\/05\/beatausstellung-3-180x180.jpg 180w, https:\/\/freiheitsdenkmal-leipzig.de\/wp-content\/uploads\/2022\/05\/beatausstellung-3-1500x1500.jpg 1500w, https:\/\/freiheitsdenkmal-leipzig.de\/wp-content\/uploads\/2022\/05\/beatausstellung-3-705x705.jpg 705w, https:\/\/freiheitsdenkmal-leipzig.de\/wp-content\/uploads\/2022\/05\/beatausstellung-3.jpg 1512w\" sizes=\"(max-width: 300px) 100vw, 300px\" \/><\/div><\/div><\/div><\/div><\/div><!--close column table wrapper. Autoclose: 1 -->\n<div  class='hr av-n72s6-86dc22205a51a48e9b9ce0095176c709 hr-default  avia-builder-el-280  el_after_av_one_fourth  el_before_av_one_full'><span class='hr-inner'><span class=\"hr-inner-style\"><\/span><\/span><\/div>\n\n<style type=\"text\/css\" data-created_by=\"avia_inline_auto\" id=\"style-css-av-aqky6-c6296d767698ede580c699d1a05b4cee\">\n.flex_column.av-aqky6-c6296d767698ede580c699d1a05b4cee{\nborder-radius:0px 0px 0px 0px;\npadding:0px 0px 0px 0px;\n}\n<\/style>\n<div  class='flex_column av-aqky6-c6296d767698ede580c699d1a05b4cee av_one_full  avia-builder-el-281  el_after_av_hr  el_before_av_one_half  first no_margin flex_column_div av-zero-column-padding'     ><section  class='av_textblock_section av-l1khxxvk-f3e734a05d118b81d9d1e40bb38070a7'   itemscope=\"itemscope\" itemtype=\"https:\/\/schema.org\/CreativeWork\" ><div class='avia_textblock'  itemprop=\"text\" ><h4>22.04.2022<\/h4>\n<h4><strong>So definiert der Expert:innenrat seine Empfehlungen f\u00fcr die Verfahrensschritte des Wettbewerbs<\/strong>:<\/h4>\n<p>In einem stufenweisen Auswahlverfahren sollen eingereichte k\u00fcnstlerische Entw\u00fcrfe durch eine unabh\u00e4ngige, gleichwohl in der Stadtgesellschaft verankerte, Jury ausgew\u00e4hlt werden.<br \/>\nDer Expertenrat empfiehlt einen internationalen k\u00fcnstlerischen Realisierungswettbewerb.<br \/>\nDiesem geht eine bundesweite, b\u00fcrgerschaftliche Themensammlung von Erfahrungs- und Erwartungshorizonten mittels einer \u00fcberregionalen Veranstaltungsreihe der Stiftung\u00a0Friedliche Revolution voraus.<\/p>\n<\/div><\/section><\/div>\n<div class='flex_column_table av-l2amdtql-61b30e924839865e4fa4756d0c509faf sc-av_one_half av-equal-height-column-flextable'>\n<style type=\"text\/css\" data-created_by=\"avia_inline_auto\" id=\"style-css-av-l2amdtql-61b30e924839865e4fa4756d0c509faf\">\n.flex_column.av-l2amdtql-61b30e924839865e4fa4756d0c509faf{\nborder-radius:0px 0px 0px 0px;\npadding:0px 0px 0px 0px;\n}\n<\/style>\n<div  class='flex_column av-l2amdtql-61b30e924839865e4fa4756d0c509faf av_one_half  avia-builder-el-283  el_after_av_one_full  el_before_av_one_half  first no_margin flex_column_table_cell av-equal-height-column av-align-top av-zero-column-padding  column-top-margin'     ><section  class='av_textblock_section av-l2ambt3u-1ad8208f3ad5dc8074aecc8368d75e1b'   itemscope=\"itemscope\" itemtype=\"https:\/\/schema.org\/CreativeWork\" ><div class='avia_textblock'  itemprop=\"text\" ><p><strong>Der Wettbewerb selbst ist:<\/strong><\/p>\n<ul>\n<li>einstufig (mit zwischengeschalteten Konsultationen)<\/li>\n<li>nicht offen (Vorauswahl und Bewerbungsm\u00f6glichkeit)<\/li>\n<li>international (bewusst keine regionale Begrenzung)<\/li>\n<li>k\u00fcnstlerisch (Primat der k\u00fcnstlerischen Aussagekraft)<\/li>\n<\/ul>\n<p><em>Die vollst\u00e4ndige Empfehlung des Expert:innenrat finden Sie <\/em><a href=\"..\/wp-content\/uploads\/2022\/03\/Expertenrat_Paper_digital.pdf\" target=\"_blank\" rel=\"noopener\"><strong><em>here<\/em> <\/strong><\/a><\/p>\n<\/div><\/section><\/div>\n\n<style type=\"text\/css\" data-created_by=\"avia_inline_auto\" id=\"style-css-av-13qcke-f731b29c112a3326965f533a6e4fe42f\">\n.flex_column.av-13qcke-f731b29c112a3326965f533a6e4fe42f{\nborder-radius:0px 0px 0px 0px;\npadding:0px 0px 0px 0px;\n}\n<\/style>\n<div  class='flex_column av-13qcke-f731b29c112a3326965f533a6e4fe42f av_one_half  avia-builder-el-285  el_after_av_one_half  el_before_av_hr  no_margin flex_column_table_cell av-equal-height-column av-align-top av-zero-column-padding  column-top-margin'     ><section  class='av_textblock_section av-l2amc4y0-b3004b5d03bdebc1662dd4fbd0d9e5d4'   itemscope=\"itemscope\" itemtype=\"https:\/\/schema.org\/CreativeWork\" ><div class='avia_textblock'  itemprop=\"text\" ><p><strong>Die Exzellenzsicherung f\u00fcr das Ergebnis ist zentral und wird angestrebt durch: <\/strong><\/p>\n<ul>\n<li>intensive Vorbereitung der Auslobung<\/li>\n<li>sorgf\u00e4ltige Auswahl der Teilnehmer der Findungskommission (fachliche Exzellenz)<\/li>\n<li>sorgf\u00e4ltige Auswahl der Teilnehmer der Jury (fachliche Exzellenz)<\/li>\n<li>Art des Auswahlverfahrens durch gesetzte Teilnehmer besonderer Exzellenz und Auswahl von Bewerbern<\/li>\n<li>Feedback-Verfahren w\u00e4hrend des Wettbewerbsverfahrens mit Teilnehmern \/ Interaktion zwischen Jury und Teilnehmer<\/li>\n<\/ul>\n<\/div><\/section><\/div><\/div><!--close column table wrapper. Autoclose: 1 -->\n<div  class='hr av-hd452-39648306128c88846713454e785a623f hr-default  avia-builder-el-287  el_after_av_one_half  el_before_av_three_fourth'><span class='hr-inner'><span class=\"hr-inner-style\"><\/span><\/span><\/div>\n<div class='flex_column_table av-ipqwu-d3093dd20aef452829c6653de0d0ebaf sc-av_three_fourth av-equal-height-column-flextable'>\n<style type=\"text\/css\" data-created_by=\"avia_inline_auto\" id=\"style-css-av-ipqwu-d3093dd20aef452829c6653de0d0ebaf\">\n.flex_column.av-ipqwu-d3093dd20aef452829c6653de0d0ebaf{\nwidth:74.375%;\nmargin-left:0;\nborder-radius:0px 0px 0px 0px;\npadding:0px 0px 0px 0px;\n}\n#top .flex_column_table.av-equal-height-column-flextable.av-ipqwu-d3093dd20aef452829c6653de0d0ebaf .av-flex-placeholder{\nwidth:2.5%;\n}\n<\/style>\n<div  class='flex_column av-ipqwu-d3093dd20aef452829c6653de0d0ebaf av_three_fourth  avia-builder-el-288  el_after_av_hr  el_before_av_one_fourth  first flex_column_table_cell av-equal-height-column av-align-middle av-zero-column-padding'     ><section  class='av_textblock_section av-ck3qu-b0c1c52ddb7c100ba91b7c7eb941a93b'   itemscope=\"itemscope\" itemtype=\"https:\/\/schema.org\/CreativeWork\" ><div class='avia_textblock'  itemprop=\"text\" ><h4>01.04.2022<\/h4>\n<h4>Psychologinnen aus der Ukraine haben DenkmalWerkstatt zum Austausch genutzt<\/h4>\n<p>Gestern haben Psychologinnen aus der Ukraine die DenkmalWerkstatt genutzt, um sich auszutauschen.<br \/>\nDenn die DenkmalWerkstatt ist ge\u00f6ffnet und kann neben ihrer Funktion als B\u00fcro und Veranstaltungsraum f\u00fcr das Freiheitsdenkmal auch von anderen Projekten und Gruppen genutzt werden.<\/p>\n<p>Kontakt -&gt; Mail: <a href=\"mailto:denkmal@stiftung-fr.de\">denkmal@stiftung-fr.de<\/a>; Tel. 0341 22566004<\/p>\n<\/div><\/section><\/div>\n<div class='av-flex-placeholder'><\/div>\n<style type=\"text\/css\" data-created_by=\"avia_inline_auto\" id=\"style-css-av-gzm12-16e3662ec139af5dfc9a3028ba9e0f69\">\n.flex_column.av-gzm12-16e3662ec139af5dfc9a3028ba9e0f69{\nwidth:23.125%;\nmargin-left:0;\nborder-radius:0px 0px 0px 0px;\npadding:0px 0px 0px 0px;\n}\n#top .flex_column_table.av-equal-height-column-flextable.av-gzm12-16e3662ec139af5dfc9a3028ba9e0f69 .av-flex-placeholder{\nwidth:2.5%;\n}\n<\/style>\n<div  class='flex_column av-gzm12-16e3662ec139af5dfc9a3028ba9e0f69 av_one_fourth  avia-builder-el-290  el_after_av_three_fourth  el_before_av_hr  flex_column_table_cell av-equal-height-column av-align-middle av-zero-column-padding'     ><style type=\"text\/css\" data-created_by=\"avia_inline_auto\" id=\"style-css-av-bk3g6-ea6805b60d5fe607fdc649cc21c2c087\">\n.avia-image-container.av-bk3g6-ea6805b60d5fe607fdc649cc21c2c087 img.avia_image{\nbox-shadow:none;\n}\n.avia-image-container.av-bk3g6-ea6805b60d5fe607fdc649cc21c2c087 .av-image-caption-overlay-center{\ncolor:#ffffff;\n}\n<\/style>\n<div  class='avia-image-container av-bk3g6-ea6805b60d5fe607fdc649cc21c2c087 av-styling- avia-align-center  avia-builder-el-291  avia-builder-el-no-sibling'   itemprop=\"image\" itemscope=\"itemscope\" itemtype=\"https:\/\/schema.org\/ImageObject\" ><div class=\"avia-image-container-inner\"><div class=\"avia-image-overlay-wrap\"><img decoding=\"async\" fetchpriority=\"high\" class='wp-image-2743 avia-img-lazy-loading-not-2743 avia_image' src=\"https:\/\/freiheitsdenkmal-leipzig.de\/wp-content\/uploads\/2022\/04\/IMG_9674-quadrat-auto-300x300.jpg\" alt='' title='IMG_9674-quadrat-auto'  height=\"300\" width=\"300\"  itemprop=\"thumbnailUrl\" srcset=\"https:\/\/freiheitsdenkmal-leipzig.de\/wp-content\/uploads\/2022\/04\/IMG_9674-quadrat-auto-300x300.jpg 300w, https:\/\/freiheitsdenkmal-leipzig.de\/wp-content\/uploads\/2022\/04\/IMG_9674-quadrat-auto-1030x1030.jpg 1030w, https:\/\/freiheitsdenkmal-leipzig.de\/wp-content\/uploads\/2022\/04\/IMG_9674-quadrat-auto-80x80.jpg 80w, https:\/\/freiheitsdenkmal-leipzig.de\/wp-content\/uploads\/2022\/04\/IMG_9674-quadrat-auto-768x768.jpg 768w, https:\/\/freiheitsdenkmal-leipzig.de\/wp-content\/uploads\/2022\/04\/IMG_9674-quadrat-auto-1536x1536.jpg 1536w, https:\/\/freiheitsdenkmal-leipzig.de\/wp-content\/uploads\/2022\/04\/IMG_9674-quadrat-auto-2048x2048.jpg 2048w, https:\/\/freiheitsdenkmal-leipzig.de\/wp-content\/uploads\/2022\/04\/IMG_9674-quadrat-auto-36x36.jpg 36w, https:\/\/freiheitsdenkmal-leipzig.de\/wp-content\/uploads\/2022\/04\/IMG_9674-quadrat-auto-180x180.jpg 180w, https:\/\/freiheitsdenkmal-leipzig.de\/wp-content\/uploads\/2022\/04\/IMG_9674-quadrat-auto-1500x1500.jpg 1500w, https:\/\/freiheitsdenkmal-leipzig.de\/wp-content\/uploads\/2022\/04\/IMG_9674-quadrat-auto-705x705.jpg 705w, https:\/\/freiheitsdenkmal-leipzig.de\/wp-content\/uploads\/2022\/04\/IMG_9674-quadrat-auto-120x120.jpg 120w, https:\/\/freiheitsdenkmal-leipzig.de\/wp-content\/uploads\/2022\/04\/IMG_9674-quadrat-auto-450x450.jpg 450w\" sizes=\"(max-width: 300px) 100vw, 300px\" \/><\/div><\/div><\/div><\/div><\/div><!--close column table wrapper. Autoclose: 1 -->\n<div  class='hr av-98l9y-95bd6e3ec04fac62cbb9bb302159a5de hr-default  avia-builder-el-292  el_after_av_one_fourth  el_before_av_textblock'><span class='hr-inner'><span class=\"hr-inner-style\"><\/span><\/span><\/div>","protected":false},"excerpt":{"rendered":"","protected":false},"author":1,"featured_media":0,"parent":0,"menu_order":0,"comment_status":"closed","ping_status":"closed","template":"","meta":{"footnotes":""},"class_list":["post-366","page","type-page","status-publish","hentry"],"_links":{"self":[{"href":"https:\/\/freiheitsdenkmal-leipzig.de\/en\/wp-json\/wp\/v2\/pages\/366"}],"collection":[{"href":"https:\/\/freiheitsdenkmal-leipzig.de\/en\/wp-json\/wp\/v2\/pages"}],"about":[{"href":"https:\/\/freiheitsdenkmal-leipzig.de\/en\/wp-json\/wp\/v2\/types\/page"}],"author":[{"embeddable":true,"href":"https:\/\/freiheitsdenkmal-leipzig.de\/en\/wp-json\/wp\/v2\/users\/1"}],"replies":[{"embeddable":true,"href":"https:\/\/freiheitsdenkmal-leipzig.de\/en\/wp-json\/wp\/v2\/comments?post=366"}],"version-history":[{"count":757,"href":"https:\/\/freiheitsdenkmal-leipzig.de\/en\/wp-json\/wp\/v2\/pages\/366\/revisions"}],"predecessor-version":[{"id":6654,"href":"https:\/\/freiheitsdenkmal-leipzig.de\/en\/wp-json\/wp\/v2\/pages\/366\/revisions\/6654"}],"wp:attachment":[{"href":"https:\/\/freiheitsdenkmal-leipzig.de\/en\/wp-json\/wp\/v2\/media?parent=366"}],"curies":[{"name":"wp","href":"https:\/\/api.w.org\/{rel}","templated":true}]}}