{"id":4049,"date":"2023-08-16T06:53:57","date_gmt":"2023-08-16T06:53:57","guid":{"rendered":"https:\/\/freiheitsdenkmal-leipzig.de\/?page_id=4049"},"modified":"2024-02-01T09:50:04","modified_gmt":"2024-02-01T09:50:04","slug":"ausstellung","status":"publish","type":"page","link":"https:\/\/freiheitsdenkmal-leipzig.de\/en\/ausstellung","title":{"rendered":"Ausstellung"},"content":{"rendered":"<style type=\"text\/css\" data-created_by=\"avia_inline_auto\" id=\"style-css-av-ll6fs644-b1d431cecc0c5bf1ac7d63c27935cbec\">\n.avia-section.av-ll6fs644-b1d431cecc0c5bf1ac7d63c27935cbec{\nbackground-repeat:no-repeat;\nbackground-image:url(https:\/\/freiheitsdenkmal-leipzig.de\/wp-content\/uploads\/2023\/09\/20230905_220020-scaled.jpg);\nbackground-position:50% 100%;\nbackground-attachment:scroll;\nmargin-top:0px;\nmargin-bottom:0px;\n}\n<\/style>\n<div id='av_section_1'  class='avia-section av-ll6fs644-b1d431cecc0c5bf1ac7d63c27935cbec main_color avia-section-small avia-no-border-styling  avia-builder-el-0  el_before_av_section  avia-builder-el-first  av-mini-hide avia-bg-style-scroll av-minimum-height av-minimum-height-50 av-height-50  container_wrap fullsize'  data-section-bg-repeat='no-repeat' data-av_minimum_height_pc='50' data-av_min_height_opt='50'><div class='container av-section-cont-open' ><main  role=\"main\" itemprop=\"mainContentOfPage\"  class='template-page content  av-content-full alpha units'><div class='post-entry post-entry-type-page post-entry-4049'><div class='entry-content-wrapper clearfix'>\n<div class='flex_column_table av-29u481-e57cc329077d6d714eaffc94ed7cf6fa sc-av_one_full av-equal-height-column-flextable'>\n<style type=\"text\/css\" data-created_by=\"avia_inline_auto\" id=\"style-css-av-29u481-e57cc329077d6d714eaffc94ed7cf6fa\">\n#top .flex_column_table.av-equal-height-column-flextable.av-29u481-e57cc329077d6d714eaffc94ed7cf6fa{\nmargin-top:0px;\nmargin-bottom:0px;\n}\n.flex_column.av-29u481-e57cc329077d6d714eaffc94ed7cf6fa{\npadding:0 0 50px 0;\n}\n<\/style>\n<div  class='flex_column av-29u481-e57cc329077d6d714eaffc94ed7cf6fa av_one_full  avia-builder-el-1  avia-builder-el-no-sibling  first no_margin flex_column_table_cell av-equal-height-column av-align-bottom'     ><style type=\"text\/css\" data-created_by=\"avia_inline_auto\" id=\"style-css-av-llccyalv-802691f63c742a13ab66ce5921776665\">\n#top .av-special-heading.av-llccyalv-802691f63c742a13ab66ce5921776665{\nmargin:0 0 0 0;\npadding-bottom:0;\ncolor:#efefef;\nfont-size:60px;\n}\nbody .av-special-heading.av-llccyalv-802691f63c742a13ab66ce5921776665 .av-special-heading-tag .heading-char{\nfont-size:25px;\n}\n#top #wrap_all .av-special-heading.av-llccyalv-802691f63c742a13ab66ce5921776665 .av-special-heading-tag{\nfont-size:60px;\npadding:100px 0 0 0;\n}\n.av-special-heading.av-llccyalv-802691f63c742a13ab66ce5921776665 .special-heading-inner-border{\nborder-color:#efefef;\n}\n.av-special-heading.av-llccyalv-802691f63c742a13ab66ce5921776665 .av-subheading{\nfont-size:15px;\n}\n\n@media only screen and (min-width: 480px) and (max-width: 767px){ \n#top #wrap_all .av-special-heading.av-llccyalv-802691f63c742a13ab66ce5921776665 .av-special-heading-tag{\nfont-size:0.8em;\n}\n}\n\n@media only screen and (max-width: 479px){ \n#top #wrap_all .av-special-heading.av-llccyalv-802691f63c742a13ab66ce5921776665 .av-special-heading-tag{\nfont-size:0.8em;\n}\n}\n<\/style>\n<div  class='av-special-heading av-llccyalv-802691f63c742a13ab66ce5921776665 av-special-heading-h1 custom-color-heading blockquote modern-quote  avia-builder-el-2  avia-builder-el-no-sibling  av-thin-font av-inherit-size'><h1 class='av-special-heading-tag'  itemprop=\"headline\"  ><strong><span class='special_amp'>&#8222;<\/span>Das Denkmal ist &#8230;<span class='special_amp'>&#8220;<\/span><\/strong><\/h1><div class=\"special-heading-border\"><div class=\"special-heading-inner-border\"><\/div><\/div><\/div><\/div><\/div><!--close column table wrapper. Autoclose: 1 -->\n\n<\/div><\/div><\/main><!-- close content main element --><\/div><\/div><div id='av_section_2'  class='avia-section av-63z401-510e9545c7a55cbe1f8b97e1325a0030 main_color avia-section-default avia-no-border-styling  avia-builder-el-3  el_after_av_section  el_before_av_one_full  avia-bg-style-scroll container_wrap fullsize'  ><div class='container av-section-cont-open' ><div class='template-page content  av-content-full alpha units'><div class='post-entry post-entry-type-page post-entry-4049'><div class='entry-content-wrapper clearfix'>\n<div class='flex_column_table av-4by5lt-d5f34c4789a152ff484a10ee6f2c8c57 sc-av_one_half av-equal-height-column-flextable'>\n<style type=\"text\/css\" data-created_by=\"avia_inline_auto\" id=\"style-css-av-4by5lt-d5f34c4789a152ff484a10ee6f2c8c57\">\n.flex_column.av-4by5lt-d5f34c4789a152ff484a10ee6f2c8c57{\nwidth:49%;\nmargin-left:0;\npadding:10px 10px 10px 10px;\n}\n#top .flex_column_table.av-equal-height-column-flextable.av-4by5lt-d5f34c4789a152ff484a10ee6f2c8c57 .av-flex-placeholder{\nwidth:2%;\n}\n<\/style>\n<div  class='flex_column av-4by5lt-d5f34c4789a152ff484a10ee6f2c8c57 av_one_half  avia-builder-el-4  el_before_av_one_half  avia-builder-el-first  first flex_column_table_cell av-equal-height-column av-align-middle'     ><section  class='av_textblock_section av-29ym9d-5368b7fe00aafe408153d834be9eb40f'   itemscope=\"itemscope\" itemtype=\"https:\/\/schema.org\/CreativeWork\" ><div class='avia_textblock av_inherit_color'  itemprop=\"text\" ><h3><strong>Er\u00f6ffnung der Ausstellung \u201eDas Denkmal ist&#8230;\u201c<br \/>\n<\/strong><\/h3>\n<div data-canvas-width=\"603.9586666666668\">Bei strahlend sch\u00f6nem Wetter haben wir am 5. September 2023 unsere Ausstellung \u201eDas Denkmal ist&#8230;\u201c auf dem Wilhelm-Leuschner-Platz er\u00f6ffnet. Mit reger Beteiligung aus B\u00fcrgerschaft, Politik und Kultur. Und vor allem mit optimistischer Grundstimmung und Vorfreude auf das Kommende. Angefangen von der Begr\u00fc\u00dfung durch OBM Jung bis hin zu den vielen guten Gespr\u00e4chen im Anschluss.<\/div>\n<div data-canvas-width=\"603.9586666666668\"><\/div>\n<div data-canvas-width=\"604.4426666666664\">Die Presse, die wir bereits am 31. August in einer Pressekonferenz\u00a0 \u00fcber die Ausstellung und den laufenden Denkmalsprozess informiert hatten, reagierte mit ph\u00e4nomenaler Beteiligung und einer mehr als wohlwollenden Resonanz &#8211; von LVZ bis zur S\u00fcddeutschen Zeitung.<\/div>\n<div data-canvas-width=\"604.4426666666664\">Unsere Botschaft ist angekommen. In Leipzig wird ein wichtiger Erinnerungsort f\u00fcr die Friedliche Revolution entstehen. Gewollt von der B\u00fcrgerschaft und mit Leidenschaft vorangetrieben von allen Beteiligten.<\/div>\n<div data-canvas-width=\"604.4426666666664\"><\/div>\n<\/div><\/section><\/div><div class='av-flex-placeholder'><\/div>\n<style type=\"text\/css\" data-created_by=\"avia_inline_auto\" id=\"style-css-av-45pqwh-4dbd554255e72d139749f0da4cc4a2dc\">\n.flex_column.av-45pqwh-4dbd554255e72d139749f0da4cc4a2dc{\nwidth:49%;\nmargin-left:0;\n}\n#top .flex_column_table.av-equal-height-column-flextable.av-45pqwh-4dbd554255e72d139749f0da4cc4a2dc .av-flex-placeholder{\nwidth:2%;\n}\n<\/style>\n<div  class='flex_column av-45pqwh-4dbd554255e72d139749f0da4cc4a2dc av_one_half  avia-builder-el-6  el_after_av_one_half  el_before_av_hr  flex_column_table_cell av-equal-height-column av-align-middle'     ><p><div  class='avia-slideshow av-lmiz5fp0-9394df85fdfd7a92efa5f8e063e7a2a1 avia-slideshow-no scaling av_slideshow avia-slide-slider  avia-builder-el-7  el_before_av_textblock  avia-builder-el-first  av-slideshow-ui av-control-default av-slideshow-manual av-loop-once av-loop-manual-endless av-default-height-applied avia-slideshow-1' data-slideshow-options=\"{&quot;animation&quot;:&quot;slide&quot;,&quot;autoplay&quot;:false,&quot;loop_autoplay&quot;:&quot;once&quot;,&quot;interval&quot;:5,&quot;loop_manual&quot;:&quot;manual-endless&quot;,&quot;autoplay_stopper&quot;:false,&quot;noNavigation&quot;:false,&quot;bg_slider&quot;:false,&quot;keep_padding&quot;:false,&quot;hoverpause&quot;:false,&quot;show_slide_delay&quot;:0}\"  itemprop=\"image\" itemscope=\"itemscope\" itemtype=\"https:\/\/schema.org\/ImageObject\" ><ul class='avia-slideshow-inner' style='padding-bottom: 66.65219279201%;'><li  class='avia-slideshow-slide av-lmiz5fp0-9394df85fdfd7a92efa5f8e063e7a2a1__0  slide-1 slide-odd'><div data-rel='slideshow-1' class='avia-slide-wrap'   ><img decoding=\"async\" fetchpriority=\"high\" class=\"wp-image-4618 avia-img-lazy-loading-not-4618\"  src=\"https:\/\/freiheitsdenkmal-leipzig.de\/wp-content\/uploads\/2023\/09\/20230905_RJ_50.jpg\" width=\"2303\" height=\"1535\" title='20230905_RJ_50' alt=''  itemprop=\"thumbnailUrl\" srcset=\"https:\/\/freiheitsdenkmal-leipzig.de\/wp-content\/uploads\/2023\/09\/20230905_RJ_50.jpg 2303w, https:\/\/freiheitsdenkmal-leipzig.de\/wp-content\/uploads\/2023\/09\/20230905_RJ_50-300x200.jpg 300w, https:\/\/freiheitsdenkmal-leipzig.de\/wp-content\/uploads\/2023\/09\/20230905_RJ_50-1030x687.jpg 1030w, https:\/\/freiheitsdenkmal-leipzig.de\/wp-content\/uploads\/2023\/09\/20230905_RJ_50-768x512.jpg 768w, https:\/\/freiheitsdenkmal-leipzig.de\/wp-content\/uploads\/2023\/09\/20230905_RJ_50-1536x1024.jpg 1536w, https:\/\/freiheitsdenkmal-leipzig.de\/wp-content\/uploads\/2023\/09\/20230905_RJ_50-2048x1365.jpg 2048w, https:\/\/freiheitsdenkmal-leipzig.de\/wp-content\/uploads\/2023\/09\/20230905_RJ_50-18x12.jpg 18w, https:\/\/freiheitsdenkmal-leipzig.de\/wp-content\/uploads\/2023\/09\/20230905_RJ_50-1500x1000.jpg 1500w, https:\/\/freiheitsdenkmal-leipzig.de\/wp-content\/uploads\/2023\/09\/20230905_RJ_50-705x470.jpg 705w\" sizes=\"(max-width: 2303px) 100vw, 2303px\" \/><\/div><\/li><li  class='avia-slideshow-slide av-lmiz5fp0-9394df85fdfd7a92efa5f8e063e7a2a1__1  slide-2 slide-even'><div data-rel='slideshow-1' class='avia-slide-wrap'   ><img decoding=\"async\" fetchpriority=\"high\" class=\"wp-image-4616 avia-img-lazy-loading-not-4616\"  src=\"https:\/\/freiheitsdenkmal-leipzig.de\/wp-content\/uploads\/2023\/09\/20230905_RJ_30.jpg\" width=\"2303\" height=\"1535\" title='20230905_RJ_30' alt=''  itemprop=\"thumbnailUrl\" srcset=\"https:\/\/freiheitsdenkmal-leipzig.de\/wp-content\/uploads\/2023\/09\/20230905_RJ_30.jpg 2303w, https:\/\/freiheitsdenkmal-leipzig.de\/wp-content\/uploads\/2023\/09\/20230905_RJ_30-300x200.jpg 300w, https:\/\/freiheitsdenkmal-leipzig.de\/wp-content\/uploads\/2023\/09\/20230905_RJ_30-1030x687.jpg 1030w, https:\/\/freiheitsdenkmal-leipzig.de\/wp-content\/uploads\/2023\/09\/20230905_RJ_30-768x512.jpg 768w, https:\/\/freiheitsdenkmal-leipzig.de\/wp-content\/uploads\/2023\/09\/20230905_RJ_30-1536x1024.jpg 1536w, https:\/\/freiheitsdenkmal-leipzig.de\/wp-content\/uploads\/2023\/09\/20230905_RJ_30-2048x1365.jpg 2048w, https:\/\/freiheitsdenkmal-leipzig.de\/wp-content\/uploads\/2023\/09\/20230905_RJ_30-18x12.jpg 18w, https:\/\/freiheitsdenkmal-leipzig.de\/wp-content\/uploads\/2023\/09\/20230905_RJ_30-1500x1000.jpg 1500w, https:\/\/freiheitsdenkmal-leipzig.de\/wp-content\/uploads\/2023\/09\/20230905_RJ_30-705x470.jpg 705w\" sizes=\"(max-width: 2303px) 100vw, 2303px\" \/><\/div><\/li><li  class='avia-slideshow-slide av-lmiz5fp0-9394df85fdfd7a92efa5f8e063e7a2a1__2  slide-3 slide-odd'><div data-rel='slideshow-1' class='avia-slide-wrap'   ><img decoding=\"async\" fetchpriority=\"high\" class=\"wp-image-4655 avia-img-lazy-loading-not-4655\"  src=\"https:\/\/freiheitsdenkmal-leipzig.de\/wp-content\/uploads\/2023\/09\/375014030_1091173305184349_7848729428511333966_neu.jpg\" width=\"1512\" height=\"1191\" title='375014030_1091173305184349_7848729428511333966_neu' alt=''  itemprop=\"thumbnailUrl\" srcset=\"https:\/\/freiheitsdenkmal-leipzig.de\/wp-content\/uploads\/2023\/09\/375014030_1091173305184349_7848729428511333966_neu.jpg 1512w, https:\/\/freiheitsdenkmal-leipzig.de\/wp-content\/uploads\/2023\/09\/375014030_1091173305184349_7848729428511333966_neu-300x236.jpg 300w, https:\/\/freiheitsdenkmal-leipzig.de\/wp-content\/uploads\/2023\/09\/375014030_1091173305184349_7848729428511333966_neu-1030x811.jpg 1030w, https:\/\/freiheitsdenkmal-leipzig.de\/wp-content\/uploads\/2023\/09\/375014030_1091173305184349_7848729428511333966_neu-768x605.jpg 768w, https:\/\/freiheitsdenkmal-leipzig.de\/wp-content\/uploads\/2023\/09\/375014030_1091173305184349_7848729428511333966_neu-15x12.jpg 15w, https:\/\/freiheitsdenkmal-leipzig.de\/wp-content\/uploads\/2023\/09\/375014030_1091173305184349_7848729428511333966_neu-1500x1182.jpg 1500w, https:\/\/freiheitsdenkmal-leipzig.de\/wp-content\/uploads\/2023\/09\/375014030_1091173305184349_7848729428511333966_neu-705x555.jpg 705w\" sizes=\"(max-width: 1512px) 100vw, 1512px\" \/><\/div><\/li><li  class='avia-slideshow-slide av-lmiz5fp0-9394df85fdfd7a92efa5f8e063e7a2a1__3  slide-4 slide-even'><div data-rel='slideshow-1' class='avia-slide-wrap'   ><img decoding=\"async\" fetchpriority=\"high\" class=\"wp-image-4617 avia-img-lazy-loading-not-4617\"  src=\"https:\/\/freiheitsdenkmal-leipzig.de\/wp-content\/uploads\/2023\/09\/20230905_RJ_41.jpg\" width=\"2303\" height=\"1535\" title='20230905_RJ_41' alt=''  itemprop=\"thumbnailUrl\" srcset=\"https:\/\/freiheitsdenkmal-leipzig.de\/wp-content\/uploads\/2023\/09\/20230905_RJ_41.jpg 2303w, https:\/\/freiheitsdenkmal-leipzig.de\/wp-content\/uploads\/2023\/09\/20230905_RJ_41-300x200.jpg 300w, https:\/\/freiheitsdenkmal-leipzig.de\/wp-content\/uploads\/2023\/09\/20230905_RJ_41-1030x687.jpg 1030w, https:\/\/freiheitsdenkmal-leipzig.de\/wp-content\/uploads\/2023\/09\/20230905_RJ_41-768x512.jpg 768w, https:\/\/freiheitsdenkmal-leipzig.de\/wp-content\/uploads\/2023\/09\/20230905_RJ_41-1536x1024.jpg 1536w, https:\/\/freiheitsdenkmal-leipzig.de\/wp-content\/uploads\/2023\/09\/20230905_RJ_41-2048x1365.jpg 2048w, https:\/\/freiheitsdenkmal-leipzig.de\/wp-content\/uploads\/2023\/09\/20230905_RJ_41-18x12.jpg 18w, https:\/\/freiheitsdenkmal-leipzig.de\/wp-content\/uploads\/2023\/09\/20230905_RJ_41-1500x1000.jpg 1500w, https:\/\/freiheitsdenkmal-leipzig.de\/wp-content\/uploads\/2023\/09\/20230905_RJ_41-705x470.jpg 705w\" sizes=\"(max-width: 2303px) 100vw, 2303px\" \/><\/div><\/li><li  class='avia-slideshow-slide av-lmiz5fp0-9394df85fdfd7a92efa5f8e063e7a2a1__4  slide-5 slide-odd'><div data-rel='slideshow-1' class='avia-slide-wrap'   ><img decoding=\"async\" fetchpriority=\"high\" class=\"wp-image-4615 avia-img-lazy-loading-not-4615\"  src=\"https:\/\/freiheitsdenkmal-leipzig.de\/wp-content\/uploads\/2023\/09\/20230905_RJ_22.jpg\" width=\"2303\" height=\"1535\" title='20230905_RJ_22' alt=''  itemprop=\"thumbnailUrl\" srcset=\"https:\/\/freiheitsdenkmal-leipzig.de\/wp-content\/uploads\/2023\/09\/20230905_RJ_22.jpg 2303w, https:\/\/freiheitsdenkmal-leipzig.de\/wp-content\/uploads\/2023\/09\/20230905_RJ_22-300x200.jpg 300w, https:\/\/freiheitsdenkmal-leipzig.de\/wp-content\/uploads\/2023\/09\/20230905_RJ_22-1030x687.jpg 1030w, https:\/\/freiheitsdenkmal-leipzig.de\/wp-content\/uploads\/2023\/09\/20230905_RJ_22-768x512.jpg 768w, https:\/\/freiheitsdenkmal-leipzig.de\/wp-content\/uploads\/2023\/09\/20230905_RJ_22-1536x1024.jpg 1536w, https:\/\/freiheitsdenkmal-leipzig.de\/wp-content\/uploads\/2023\/09\/20230905_RJ_22-2048x1365.jpg 2048w, https:\/\/freiheitsdenkmal-leipzig.de\/wp-content\/uploads\/2023\/09\/20230905_RJ_22-18x12.jpg 18w, https:\/\/freiheitsdenkmal-leipzig.de\/wp-content\/uploads\/2023\/09\/20230905_RJ_22-1500x1000.jpg 1500w, https:\/\/freiheitsdenkmal-leipzig.de\/wp-content\/uploads\/2023\/09\/20230905_RJ_22-705x470.jpg 705w\" sizes=\"(max-width: 2303px) 100vw, 2303px\" \/><\/div><\/li><li  class='avia-slideshow-slide av-lmiz5fp0-9394df85fdfd7a92efa5f8e063e7a2a1__5  slide-6 slide-even'><div data-rel='slideshow-1' class='avia-slide-wrap'   ><img decoding=\"async\" fetchpriority=\"high\" class=\"wp-image-4619 avia-img-lazy-loading-not-4619\"  src=\"https:\/\/freiheitsdenkmal-leipzig.de\/wp-content\/uploads\/2023\/09\/374993490_1358385271417791_9092195527127942651_n.jpg\" width=\"2016\" height=\"1512\" title='374993490_1358385271417791_9092195527127942651_n' alt=''  itemprop=\"thumbnailUrl\" srcset=\"https:\/\/freiheitsdenkmal-leipzig.de\/wp-content\/uploads\/2023\/09\/374993490_1358385271417791_9092195527127942651_n.jpg 2016w, https:\/\/freiheitsdenkmal-leipzig.de\/wp-content\/uploads\/2023\/09\/374993490_1358385271417791_9092195527127942651_n-300x225.jpg 300w, https:\/\/freiheitsdenkmal-leipzig.de\/wp-content\/uploads\/2023\/09\/374993490_1358385271417791_9092195527127942651_n-1030x773.jpg 1030w, https:\/\/freiheitsdenkmal-leipzig.de\/wp-content\/uploads\/2023\/09\/374993490_1358385271417791_9092195527127942651_n-768x576.jpg 768w, https:\/\/freiheitsdenkmal-leipzig.de\/wp-content\/uploads\/2023\/09\/374993490_1358385271417791_9092195527127942651_n-1536x1152.jpg 1536w, https:\/\/freiheitsdenkmal-leipzig.de\/wp-content\/uploads\/2023\/09\/374993490_1358385271417791_9092195527127942651_n-16x12.jpg 16w, https:\/\/freiheitsdenkmal-leipzig.de\/wp-content\/uploads\/2023\/09\/374993490_1358385271417791_9092195527127942651_n-1500x1125.jpg 1500w, https:\/\/freiheitsdenkmal-leipzig.de\/wp-content\/uploads\/2023\/09\/374993490_1358385271417791_9092195527127942651_n-705x529.jpg 705w\" sizes=\"(max-width: 2016px) 100vw, 2016px\" \/><\/div><\/li><li  class='avia-slideshow-slide av-lmiz5fp0-9394df85fdfd7a92efa5f8e063e7a2a1__6  slide-7 slide-odd'><div data-rel='slideshow-1' class='avia-slide-wrap'   ><img decoding=\"async\" fetchpriority=\"high\" class=\"wp-image-4614 avia-img-lazy-loading-not-4614\"  src=\"https:\/\/freiheitsdenkmal-leipzig.de\/wp-content\/uploads\/2023\/09\/20230905_RJ_17.jpg\" width=\"2303\" height=\"1535\" title='20230905_RJ_17' alt=''  itemprop=\"thumbnailUrl\" srcset=\"https:\/\/freiheitsdenkmal-leipzig.de\/wp-content\/uploads\/2023\/09\/20230905_RJ_17.jpg 2303w, https:\/\/freiheitsdenkmal-leipzig.de\/wp-content\/uploads\/2023\/09\/20230905_RJ_17-300x200.jpg 300w, https:\/\/freiheitsdenkmal-leipzig.de\/wp-content\/uploads\/2023\/09\/20230905_RJ_17-1030x687.jpg 1030w, https:\/\/freiheitsdenkmal-leipzig.de\/wp-content\/uploads\/2023\/09\/20230905_RJ_17-768x512.jpg 768w, https:\/\/freiheitsdenkmal-leipzig.de\/wp-content\/uploads\/2023\/09\/20230905_RJ_17-1536x1024.jpg 1536w, https:\/\/freiheitsdenkmal-leipzig.de\/wp-content\/uploads\/2023\/09\/20230905_RJ_17-2048x1365.jpg 2048w, https:\/\/freiheitsdenkmal-leipzig.de\/wp-content\/uploads\/2023\/09\/20230905_RJ_17-18x12.jpg 18w, https:\/\/freiheitsdenkmal-leipzig.de\/wp-content\/uploads\/2023\/09\/20230905_RJ_17-1500x1000.jpg 1500w, https:\/\/freiheitsdenkmal-leipzig.de\/wp-content\/uploads\/2023\/09\/20230905_RJ_17-705x470.jpg 705w\" sizes=\"(max-width: 2303px) 100vw, 2303px\" \/><\/div><\/li><li  class='avia-slideshow-slide av-lmiz5fp0-9394df85fdfd7a92efa5f8e063e7a2a1__7  slide-8 slide-even'><div data-rel='slideshow-1' class='avia-slide-wrap'   ><img decoding=\"async\" fetchpriority=\"high\" class=\"wp-image-4555 avia-img-lazy-loading-not-4555\"  src=\"https:\/\/freiheitsdenkmal-leipzig.de\/wp-content\/uploads\/2023\/09\/20230905_165614-scaled.jpg\" width=\"2560\" height=\"1920\" title='20230905_165614' alt=''  itemprop=\"thumbnailUrl\" srcset=\"https:\/\/freiheitsdenkmal-leipzig.de\/wp-content\/uploads\/2023\/09\/20230905_165614-scaled.jpg 2560w, https:\/\/freiheitsdenkmal-leipzig.de\/wp-content\/uploads\/2023\/09\/20230905_165614-300x225.jpg 300w, https:\/\/freiheitsdenkmal-leipzig.de\/wp-content\/uploads\/2023\/09\/20230905_165614-1030x773.jpg 1030w, https:\/\/freiheitsdenkmal-leipzig.de\/wp-content\/uploads\/2023\/09\/20230905_165614-768x576.jpg 768w, https:\/\/freiheitsdenkmal-leipzig.de\/wp-content\/uploads\/2023\/09\/20230905_165614-1536x1152.jpg 1536w, https:\/\/freiheitsdenkmal-leipzig.de\/wp-content\/uploads\/2023\/09\/20230905_165614-2048x1536.jpg 2048w, https:\/\/freiheitsdenkmal-leipzig.de\/wp-content\/uploads\/2023\/09\/20230905_165614-16x12.jpg 16w, https:\/\/freiheitsdenkmal-leipzig.de\/wp-content\/uploads\/2023\/09\/20230905_165614-1500x1125.jpg 1500w, https:\/\/freiheitsdenkmal-leipzig.de\/wp-content\/uploads\/2023\/09\/20230905_165614-705x529.jpg 705w\" sizes=\"(max-width: 2560px) 100vw, 2560px\" \/><\/div><\/li><li  class='avia-slideshow-slide av-lmiz5fp0-9394df85fdfd7a92efa5f8e063e7a2a1__8  slide-9 slide-odd'><div data-rel='slideshow-1' class='avia-slide-wrap'   ><img decoding=\"async\" fetchpriority=\"high\" class=\"wp-image-4613 avia-img-lazy-loading-not-4613\"  src=\"https:\/\/freiheitsdenkmal-leipzig.de\/wp-content\/uploads\/2023\/09\/20230905_RJ_15.jpg\" width=\"2303\" height=\"1535\" title='20230905_RJ_15' alt=''  itemprop=\"thumbnailUrl\" srcset=\"https:\/\/freiheitsdenkmal-leipzig.de\/wp-content\/uploads\/2023\/09\/20230905_RJ_15.jpg 2303w, https:\/\/freiheitsdenkmal-leipzig.de\/wp-content\/uploads\/2023\/09\/20230905_RJ_15-300x200.jpg 300w, https:\/\/freiheitsdenkmal-leipzig.de\/wp-content\/uploads\/2023\/09\/20230905_RJ_15-1030x687.jpg 1030w, https:\/\/freiheitsdenkmal-leipzig.de\/wp-content\/uploads\/2023\/09\/20230905_RJ_15-768x512.jpg 768w, https:\/\/freiheitsdenkmal-leipzig.de\/wp-content\/uploads\/2023\/09\/20230905_RJ_15-1536x1024.jpg 1536w, https:\/\/freiheitsdenkmal-leipzig.de\/wp-content\/uploads\/2023\/09\/20230905_RJ_15-2048x1365.jpg 2048w, https:\/\/freiheitsdenkmal-leipzig.de\/wp-content\/uploads\/2023\/09\/20230905_RJ_15-18x12.jpg 18w, https:\/\/freiheitsdenkmal-leipzig.de\/wp-content\/uploads\/2023\/09\/20230905_RJ_15-1500x1000.jpg 1500w, https:\/\/freiheitsdenkmal-leipzig.de\/wp-content\/uploads\/2023\/09\/20230905_RJ_15-705x470.jpg 705w\" sizes=\"(max-width: 2303px) 100vw, 2303px\" \/><\/div><\/li><li  class='avia-slideshow-slide av-lmiz5fp0-9394df85fdfd7a92efa5f8e063e7a2a1__9  slide-10 slide-even'><div data-rel='slideshow-1' class='avia-slide-wrap'   ><img decoding=\"async\" fetchpriority=\"high\" class=\"wp-image-4612 avia-img-lazy-loading-not-4612\"  src=\"https:\/\/freiheitsdenkmal-leipzig.de\/wp-content\/uploads\/2023\/09\/20230905_RJ_10.jpg\" width=\"2303\" height=\"1535\" title='20230905_RJ_10' alt=''  itemprop=\"thumbnailUrl\" srcset=\"https:\/\/freiheitsdenkmal-leipzig.de\/wp-content\/uploads\/2023\/09\/20230905_RJ_10.jpg 2303w, https:\/\/freiheitsdenkmal-leipzig.de\/wp-content\/uploads\/2023\/09\/20230905_RJ_10-300x200.jpg 300w, https:\/\/freiheitsdenkmal-leipzig.de\/wp-content\/uploads\/2023\/09\/20230905_RJ_10-1030x687.jpg 1030w, https:\/\/freiheitsdenkmal-leipzig.de\/wp-content\/uploads\/2023\/09\/20230905_RJ_10-768x512.jpg 768w, https:\/\/freiheitsdenkmal-leipzig.de\/wp-content\/uploads\/2023\/09\/20230905_RJ_10-1536x1024.jpg 1536w, https:\/\/freiheitsdenkmal-leipzig.de\/wp-content\/uploads\/2023\/09\/20230905_RJ_10-2048x1365.jpg 2048w, https:\/\/freiheitsdenkmal-leipzig.de\/wp-content\/uploads\/2023\/09\/20230905_RJ_10-18x12.jpg 18w, https:\/\/freiheitsdenkmal-leipzig.de\/wp-content\/uploads\/2023\/09\/20230905_RJ_10-1500x1000.jpg 1500w, https:\/\/freiheitsdenkmal-leipzig.de\/wp-content\/uploads\/2023\/09\/20230905_RJ_10-705x470.jpg 705w\" sizes=\"(max-width: 2303px) 100vw, 2303px\" \/><\/div><\/li><li  class='avia-slideshow-slide av-lmiz5fp0-9394df85fdfd7a92efa5f8e063e7a2a1__10  slide-11 slide-odd'><div data-rel='slideshow-1' class='avia-slide-wrap'   ><img decoding=\"async\" fetchpriority=\"high\" class=\"wp-image-4611 avia-img-lazy-loading-not-4611\"  src=\"https:\/\/freiheitsdenkmal-leipzig.de\/wp-content\/uploads\/2023\/09\/20230905_RJ_07.jpg\" width=\"2303\" height=\"1535\" title='20230905_RJ_07' alt=''  itemprop=\"thumbnailUrl\" srcset=\"https:\/\/freiheitsdenkmal-leipzig.de\/wp-content\/uploads\/2023\/09\/20230905_RJ_07.jpg 2303w, https:\/\/freiheitsdenkmal-leipzig.de\/wp-content\/uploads\/2023\/09\/20230905_RJ_07-300x200.jpg 300w, https:\/\/freiheitsdenkmal-leipzig.de\/wp-content\/uploads\/2023\/09\/20230905_RJ_07-1030x687.jpg 1030w, https:\/\/freiheitsdenkmal-leipzig.de\/wp-content\/uploads\/2023\/09\/20230905_RJ_07-768x512.jpg 768w, https:\/\/freiheitsdenkmal-leipzig.de\/wp-content\/uploads\/2023\/09\/20230905_RJ_07-1536x1024.jpg 1536w, https:\/\/freiheitsdenkmal-leipzig.de\/wp-content\/uploads\/2023\/09\/20230905_RJ_07-2048x1365.jpg 2048w, https:\/\/freiheitsdenkmal-leipzig.de\/wp-content\/uploads\/2023\/09\/20230905_RJ_07-18x12.jpg 18w, https:\/\/freiheitsdenkmal-leipzig.de\/wp-content\/uploads\/2023\/09\/20230905_RJ_07-1500x1000.jpg 1500w, https:\/\/freiheitsdenkmal-leipzig.de\/wp-content\/uploads\/2023\/09\/20230905_RJ_07-705x470.jpg 705w\" sizes=\"(max-width: 2303px) 100vw, 2303px\" \/><\/div><\/li><li  class='avia-slideshow-slide av-lmiz5fp0-9394df85fdfd7a92efa5f8e063e7a2a1__11  slide-12 slide-even'><div data-rel='slideshow-1' class='avia-slide-wrap'   ><img decoding=\"async\" fetchpriority=\"high\" class=\"wp-image-4663 avia-img-lazy-loading-not-4663\"  src=\"https:\/\/freiheitsdenkmal-leipzig.de\/wp-content\/uploads\/2023\/09\/20230831_RJ_25-scaled.jpg\" width=\"2560\" height=\"1707\" title='20230831_RJ_25' alt=''  itemprop=\"thumbnailUrl\" srcset=\"https:\/\/freiheitsdenkmal-leipzig.de\/wp-content\/uploads\/2023\/09\/20230831_RJ_25-scaled.jpg 2560w, https:\/\/freiheitsdenkmal-leipzig.de\/wp-content\/uploads\/2023\/09\/20230831_RJ_25-300x200.jpg 300w, https:\/\/freiheitsdenkmal-leipzig.de\/wp-content\/uploads\/2023\/09\/20230831_RJ_25-1030x687.jpg 1030w, https:\/\/freiheitsdenkmal-leipzig.de\/wp-content\/uploads\/2023\/09\/20230831_RJ_25-768x512.jpg 768w, https:\/\/freiheitsdenkmal-leipzig.de\/wp-content\/uploads\/2023\/09\/20230831_RJ_25-1536x1024.jpg 1536w, https:\/\/freiheitsdenkmal-leipzig.de\/wp-content\/uploads\/2023\/09\/20230831_RJ_25-2048x1365.jpg 2048w, https:\/\/freiheitsdenkmal-leipzig.de\/wp-content\/uploads\/2023\/09\/20230831_RJ_25-18x12.jpg 18w, https:\/\/freiheitsdenkmal-leipzig.de\/wp-content\/uploads\/2023\/09\/20230831_RJ_25-1500x1000.jpg 1500w, https:\/\/freiheitsdenkmal-leipzig.de\/wp-content\/uploads\/2023\/09\/20230831_RJ_25-705x470.jpg 705w\" sizes=\"(max-width: 2560px) 100vw, 2560px\" \/><\/div><\/li><li  class='avia-slideshow-slide av-lmiz5fp0-9394df85fdfd7a92efa5f8e063e7a2a1__12  slide-13 slide-odd'><div data-rel='slideshow-1' class='avia-slide-wrap'   ><img decoding=\"async\" fetchpriority=\"high\" class=\"wp-image-4664 avia-img-lazy-loading-not-4664\"  src=\"https:\/\/freiheitsdenkmal-leipzig.de\/wp-content\/uploads\/2023\/09\/20230831_RJ_72-scaled.jpg\" width=\"2560\" height=\"1707\" title='20230831_RJ_72' alt=''  itemprop=\"thumbnailUrl\" srcset=\"https:\/\/freiheitsdenkmal-leipzig.de\/wp-content\/uploads\/2023\/09\/20230831_RJ_72-scaled.jpg 2560w, https:\/\/freiheitsdenkmal-leipzig.de\/wp-content\/uploads\/2023\/09\/20230831_RJ_72-300x200.jpg 300w, https:\/\/freiheitsdenkmal-leipzig.de\/wp-content\/uploads\/2023\/09\/20230831_RJ_72-1030x687.jpg 1030w, https:\/\/freiheitsdenkmal-leipzig.de\/wp-content\/uploads\/2023\/09\/20230831_RJ_72-768x512.jpg 768w, https:\/\/freiheitsdenkmal-leipzig.de\/wp-content\/uploads\/2023\/09\/20230831_RJ_72-1536x1024.jpg 1536w, https:\/\/freiheitsdenkmal-leipzig.de\/wp-content\/uploads\/2023\/09\/20230831_RJ_72-2048x1365.jpg 2048w, https:\/\/freiheitsdenkmal-leipzig.de\/wp-content\/uploads\/2023\/09\/20230831_RJ_72-18x12.jpg 18w, https:\/\/freiheitsdenkmal-leipzig.de\/wp-content\/uploads\/2023\/09\/20230831_RJ_72-1500x1000.jpg 1500w, https:\/\/freiheitsdenkmal-leipzig.de\/wp-content\/uploads\/2023\/09\/20230831_RJ_72-705x470.jpg 705w\" sizes=\"(max-width: 2560px) 100vw, 2560px\" \/><\/div><\/li><li  class='avia-slideshow-slide av-lmiz5fp0-9394df85fdfd7a92efa5f8e063e7a2a1__13  slide-14 slide-even'><div data-rel='slideshow-1' class='avia-slide-wrap'   ><img decoding=\"async\" fetchpriority=\"high\" class=\"wp-image-4665 avia-img-lazy-loading-not-4665\"  src=\"https:\/\/freiheitsdenkmal-leipzig.de\/wp-content\/uploads\/2023\/09\/20230831_RJ_93-scaled.jpg\" width=\"2560\" height=\"1707\" title='20230831_RJ_93' alt=''  itemprop=\"thumbnailUrl\" srcset=\"https:\/\/freiheitsdenkmal-leipzig.de\/wp-content\/uploads\/2023\/09\/20230831_RJ_93-scaled.jpg 2560w, https:\/\/freiheitsdenkmal-leipzig.de\/wp-content\/uploads\/2023\/09\/20230831_RJ_93-300x200.jpg 300w, https:\/\/freiheitsdenkmal-leipzig.de\/wp-content\/uploads\/2023\/09\/20230831_RJ_93-1030x687.jpg 1030w, https:\/\/freiheitsdenkmal-leipzig.de\/wp-content\/uploads\/2023\/09\/20230831_RJ_93-768x512.jpg 768w, https:\/\/freiheitsdenkmal-leipzig.de\/wp-content\/uploads\/2023\/09\/20230831_RJ_93-1536x1024.jpg 1536w, https:\/\/freiheitsdenkmal-leipzig.de\/wp-content\/uploads\/2023\/09\/20230831_RJ_93-2048x1365.jpg 2048w, https:\/\/freiheitsdenkmal-leipzig.de\/wp-content\/uploads\/2023\/09\/20230831_RJ_93-18x12.jpg 18w, https:\/\/freiheitsdenkmal-leipzig.de\/wp-content\/uploads\/2023\/09\/20230831_RJ_93-1500x1000.jpg 1500w, https:\/\/freiheitsdenkmal-leipzig.de\/wp-content\/uploads\/2023\/09\/20230831_RJ_93-705x470.jpg 705w\" sizes=\"(max-width: 2560px) 100vw, 2560px\" \/><\/div><\/li><li  class='avia-slideshow-slide av-lmiz5fp0-9394df85fdfd7a92efa5f8e063e7a2a1__14  slide-15 slide-odd'><div data-rel='slideshow-1' class='avia-slide-wrap'   ><img decoding=\"async\" fetchpriority=\"high\" class=\"wp-image-4666 avia-img-lazy-loading-not-4666\"  src=\"https:\/\/freiheitsdenkmal-leipzig.de\/wp-content\/uploads\/2023\/09\/20230831_RJ_191-scaled.jpg\" width=\"2560\" height=\"1707\" title='20230831_RJ_191' alt=''  itemprop=\"thumbnailUrl\" srcset=\"https:\/\/freiheitsdenkmal-leipzig.de\/wp-content\/uploads\/2023\/09\/20230831_RJ_191-scaled.jpg 2560w, https:\/\/freiheitsdenkmal-leipzig.de\/wp-content\/uploads\/2023\/09\/20230831_RJ_191-300x200.jpg 300w, https:\/\/freiheitsdenkmal-leipzig.de\/wp-content\/uploads\/2023\/09\/20230831_RJ_191-1030x687.jpg 1030w, https:\/\/freiheitsdenkmal-leipzig.de\/wp-content\/uploads\/2023\/09\/20230831_RJ_191-768x512.jpg 768w, https:\/\/freiheitsdenkmal-leipzig.de\/wp-content\/uploads\/2023\/09\/20230831_RJ_191-1536x1024.jpg 1536w, https:\/\/freiheitsdenkmal-leipzig.de\/wp-content\/uploads\/2023\/09\/20230831_RJ_191-2048x1365.jpg 2048w, https:\/\/freiheitsdenkmal-leipzig.de\/wp-content\/uploads\/2023\/09\/20230831_RJ_191-18x12.jpg 18w, https:\/\/freiheitsdenkmal-leipzig.de\/wp-content\/uploads\/2023\/09\/20230831_RJ_191-1500x1000.jpg 1500w, https:\/\/freiheitsdenkmal-leipzig.de\/wp-content\/uploads\/2023\/09\/20230831_RJ_191-705x470.jpg 705w\" sizes=\"(max-width: 2560px) 100vw, 2560px\" \/><\/div><\/li><\/ul><div class='avia-slideshow-arrows avia-slideshow-controls' ><a href='#prev' class='prev-slide' aria-hidden='true' data-av_icon='\ue87c' data-av_iconfont='entypo-fontello'  tabindex='-1'>Previous<\/a><a href='#next' class='next-slide' aria-hidden='true' data-av_icon='\ue87d' data-av_iconfont='entypo-fontello'  tabindex='-1'>Next<\/a><\/div><div class='avia-slideshow-dots avia-slideshow-controls'><a href='#1' class='goto-slide active' >1<\/a><a href='#2' class='goto-slide' >2<\/a><a href='#3' class='goto-slide' >3<\/a><a href='#4' class='goto-slide' >4<\/a><a href='#5' class='goto-slide' >5<\/a><a href='#6' class='goto-slide' >6<\/a><a href='#7' class='goto-slide' >7<\/a><a href='#8' class='goto-slide' >8<\/a><a href='#9' class='goto-slide' >9<\/a><a href='#10' class='goto-slide' >10<\/a><a href='#11' class='goto-slide' >11<\/a><a href='#12' class='goto-slide' >12<\/a><a href='#13' class='goto-slide' >13<\/a><a href='#14' class='goto-slide' >14<\/a><a href='#15' class='goto-slide' >15<\/a><\/div><\/div><br \/>\n\n<style type=\"text\/css\" data-created_by=\"avia_inline_auto\" id=\"style-css-av-lmjcanir-da769d0bbe13aaa4334a34770ac5fa38\">\n#top .av_textblock_section.av-lmjcanir-da769d0bbe13aaa4334a34770ac5fa38 .avia_textblock{\nfont-size:13px;\n}\n<\/style>\n<section  class='av_textblock_section av-lmjcanir-da769d0bbe13aaa4334a34770ac5fa38'   itemscope=\"itemscope\" itemtype=\"https:\/\/schema.org\/CreativeWork\" ><div class='avia_textblock'  itemprop=\"text\" ><p>Fotos Er\u00f6ffnung und Pressekonferenz \u00a9 SFR, Rainer Justen<\/p>\n<\/div><\/section><\/p><\/div><\/div><!--close column table wrapper. Autoclose: 1 --><div  class='hr av-3wk3m9-7e34539ab582f5324b765c4824aa6392 hr-default  avia-builder-el-9  el_after_av_one_half  el_before_av_one_third'><span class='hr-inner'><span class=\"hr-inner-style\"><\/span><\/span><\/div>\n<div class='flex_column_table av-plavr5-c4fb74d3f645da872e1e0ec2817e6b09 sc-av_one_third av-equal-height-column-flextable'>\n<style type=\"text\/css\" data-created_by=\"avia_inline_auto\" id=\"style-css-av-plavr5-c4fb74d3f645da872e1e0ec2817e6b09\">\n.flex_column.av-plavr5-c4fb74d3f645da872e1e0ec2817e6b09{\nwidth:32%;\nmargin-left:0;\n}\n#top .flex_column_table.av-equal-height-column-flextable.av-plavr5-c4fb74d3f645da872e1e0ec2817e6b09 .av-flex-placeholder{\nwidth:2%;\n}\n<\/style>\n<div  class='flex_column av-plavr5-c4fb74d3f645da872e1e0ec2817e6b09 av_one_third  avia-builder-el-10  el_after_av_hr  el_before_av_three_fifth  first flex_column_table_cell av-equal-height-column av-align-middle'     ><style type=\"text\/css\" data-created_by=\"avia_inline_auto\" id=\"style-css-av-om3y6p-a38834f20357a7846d63dadefc334b70\">\n.avia-image-container.av-om3y6p-a38834f20357a7846d63dadefc334b70 img.avia_image{\nbox-shadow:none;\n}\n.avia-image-container.av-om3y6p-a38834f20357a7846d63dadefc334b70 .av-image-caption-overlay-center{\ncolor:#ffffff;\n}\n<\/style>\n<div  class='avia-image-container av-om3y6p-a38834f20357a7846d63dadefc334b70 av-styling- avia-align-center  avia-builder-el-11  avia-builder-el-no-sibling'   itemprop=\"image\" itemscope=\"itemscope\" itemtype=\"https:\/\/schema.org\/ImageObject\" ><div class=\"avia-image-container-inner\"><div class=\"avia-image-overlay-wrap\"><img decoding=\"async\" fetchpriority=\"high\" class='wp-image-4063 avia-img-lazy-loading-not-4063 avia_image' src=\"https:\/\/freiheitsdenkmal-leipzig.de\/wp-content\/uploads\/2023\/08\/138_Denkmalprozess_Instagram_Deckblatt.jpg\" alt='' title='138_Denkmalprozess_Instagram_Deckblatt'  height=\"2362\" width=\"2362\"  itemprop=\"thumbnailUrl\" srcset=\"https:\/\/freiheitsdenkmal-leipzig.de\/wp-content\/uploads\/2023\/08\/138_Denkmalprozess_Instagram_Deckblatt.jpg 2362w, https:\/\/freiheitsdenkmal-leipzig.de\/wp-content\/uploads\/2023\/08\/138_Denkmalprozess_Instagram_Deckblatt-300x300.jpg 300w, https:\/\/freiheitsdenkmal-leipzig.de\/wp-content\/uploads\/2023\/08\/138_Denkmalprozess_Instagram_Deckblatt-1030x1030.jpg 1030w, https:\/\/freiheitsdenkmal-leipzig.de\/wp-content\/uploads\/2023\/08\/138_Denkmalprozess_Instagram_Deckblatt-80x80.jpg 80w, https:\/\/freiheitsdenkmal-leipzig.de\/wp-content\/uploads\/2023\/08\/138_Denkmalprozess_Instagram_Deckblatt-768x768.jpg 768w, https:\/\/freiheitsdenkmal-leipzig.de\/wp-content\/uploads\/2023\/08\/138_Denkmalprozess_Instagram_Deckblatt-1536x1536.jpg 1536w, https:\/\/freiheitsdenkmal-leipzig.de\/wp-content\/uploads\/2023\/08\/138_Denkmalprozess_Instagram_Deckblatt-2048x2048.jpg 2048w, https:\/\/freiheitsdenkmal-leipzig.de\/wp-content\/uploads\/2023\/08\/138_Denkmalprozess_Instagram_Deckblatt-12x12.jpg 12w, https:\/\/freiheitsdenkmal-leipzig.de\/wp-content\/uploads\/2023\/08\/138_Denkmalprozess_Instagram_Deckblatt-36x36.jpg 36w, https:\/\/freiheitsdenkmal-leipzig.de\/wp-content\/uploads\/2023\/08\/138_Denkmalprozess_Instagram_Deckblatt-180x180.jpg 180w, https:\/\/freiheitsdenkmal-leipzig.de\/wp-content\/uploads\/2023\/08\/138_Denkmalprozess_Instagram_Deckblatt-1500x1500.jpg 1500w, https:\/\/freiheitsdenkmal-leipzig.de\/wp-content\/uploads\/2023\/08\/138_Denkmalprozess_Instagram_Deckblatt-705x705.jpg 705w\" sizes=\"(max-width: 2362px) 100vw, 2362px\" \/><\/div><\/div><\/div><\/div><div class='av-flex-placeholder'><\/div>\n<style type=\"text\/css\" data-created_by=\"avia_inline_auto\" id=\"style-css-av-sowl3l-89ce221fe69dd49685e00a9b5fc8d2ed\">\n.flex_column.av-sowl3l-89ce221fe69dd49685e00a9b5fc8d2ed{\nwidth:59.2%;\nmargin-left:0;\npadding:10px 10px 10px 10px;\n}\n#top .flex_column_table.av-equal-height-column-flextable.av-sowl3l-89ce221fe69dd49685e00a9b5fc8d2ed .av-flex-placeholder{\nwidth:2%;\n}\n<\/style>\n<div  class='flex_column av-sowl3l-89ce221fe69dd49685e00a9b5fc8d2ed av_three_fifth  avia-builder-el-12  el_after_av_one_third  el_before_av_hr  flex_column_table_cell av-equal-height-column av-align-middle'     ><section  class='av_textblock_section av-9rdq9-10bb18d76652fc63f2dc3d2b1c7d301a'   itemscope=\"itemscope\" itemtype=\"https:\/\/schema.org\/CreativeWork\" ><div class='avia_textblock av_inherit_color'  itemprop=\"text\" ><h3><strong>Ausstellung \u201cDas Denkmal ist \u2026\u201d 6.9. \u2013 9.10.2023<\/strong><\/h3>\n<p style=\"margin: 0cm;\">F\u00fcr die Konzeption der Ausstellung <strong>\u201cDas Denkmal ist \u2026\u201d <\/strong>konnte der Kurator <a href=\"https:\/\/freiheitsdenkmal-leipzig.de\/wp-content\/uploads\/2023\/09\/Tuan-Do-Duc.pdf\" target=\"_blank\" rel=\"noopener\"><strong><span style=\"color: blue; text-decoration: none; text-underline: none;\">Tuan Do Duc<\/span><\/strong><\/a> mit den Designerinnen und Kuratorinnen <a href=\"..\/wp-content\/uploads\/2023\/08\/Marlene-Oeken.pdf\" target=\"_blank\" rel=\"noopener\"><strong><span style=\"color: blue; text-decoration: none; text-underline: none;\">Marlene Oeken<\/span><\/strong><\/a>, <a href=\"..\/wp-content\/uploads\/2023\/08\/Martha-Schwindling.pdf\" target=\"_blank\" rel=\"noopener\"><strong><span style=\"color: blue; text-decoration: none; text-underline: none;\">Martha Schwindling<\/span><\/strong><\/a> gewonnen werden. Auch die Ausstellungsarchitektur stammt von Oeken und Schwindling in Zusammenarbeit mit dem Grafikb\u00fcro Shortnotice Studio.<br \/>\nIm Au\u00dfenbereich der Ausstellung k\u00f6nnen sich alle Besucher*innen dar\u00fcber informieren, wie es zur Initiative f\u00fcr das Denkmal kam, wer an seiner Entstehung beteiligt ist, welche Schritte auf dem Weg zum Denkmal schon erfolgt sind und wie es weitergehen soll.<\/p>\n<p style=\"margin: 0cm;\">Auf diesem Platz, auf dem bald ein Freiheits- und Einheitsdenkmal in Leipzig entstehen wird, wollen wir beim Zur\u00fcck-, nach Vorn- und Um-uns-herumschauen Perspektiven f\u00fcr ein Denkmal entwickeln, das an die Friedliche Revolution erinnert.<\/p>\n<p style=\"margin: 0cm;\">Dabei entsteht hoffentlich viel Gelegenheit zur Diskussion:<br \/>\nWelche neuen Sichtweisen auf die Geschichte kann ein Denkmal erm\u00f6glichen? Wen spricht es an und f\u00fcr wen spricht es? Welche Funktionen soll es in der Gegenwart erf\u00fcllen? Was wollen wir kommenden Generationen vermitteln? Wie ver\u00e4ndern sich Denkm\u00e4ler und ihre Betrachtung im Laufe der Zeit?<\/p>\n<div data-canvas-width=\"604.4426666666664\"><\/div>\n<\/div><\/section><\/div><\/div><!--close column table wrapper. Autoclose: 1 --><div  class='hr av-56e9hd-89b91622d1ecdf63d4ecf2eef07305b0 hr-default  avia-builder-el-14  el_after_av_three_fifth  el_before_av_one_half'><span class='hr-inner'><span class=\"hr-inner-style\"><\/span><\/span><\/div>\n<div class='flex_column_table av-30hoz5-670ad52bdc39fb7ce4280b86624c6cb6 sc-av_one_half av-equal-height-column-flextable'>\n<style type=\"text\/css\" data-created_by=\"avia_inline_auto\" id=\"style-css-av-30hoz5-670ad52bdc39fb7ce4280b86624c6cb6\">\n.flex_column.av-30hoz5-670ad52bdc39fb7ce4280b86624c6cb6{\nwidth:49%;\nmargin-left:0;\npadding:10px 10px 10px 10px;\n}\n#top .flex_column_table.av-equal-height-column-flextable.av-30hoz5-670ad52bdc39fb7ce4280b86624c6cb6 .av-flex-placeholder{\nwidth:2%;\n}\n<\/style>\n<div  class='flex_column av-30hoz5-670ad52bdc39fb7ce4280b86624c6cb6 av_one_half  avia-builder-el-15  el_after_av_hr  el_before_av_one_half  first flex_column_table_cell av-equal-height-column av-align-middle'     ><section  class='av_textblock_section av-lmj03qpw-c6e2832ece3e9c8bfe5f6e6ba4b1dd17'   itemscope=\"itemscope\" itemtype=\"https:\/\/schema.org\/CreativeWork\" ><div class='avia_textblock av_inherit_color'  itemprop=\"text\" ><h3 style=\"margin: 0cm;\"><strong>Emotionale Exponate<\/strong><\/h3>\n<p style=\"margin: 0cm;\">Dazu nehmen elf internationale K\u00fcnstler*innen anhand von filmischen Arbeiten Stellung.<\/p>\n<p style=\"margin: 0cm;\">Den emotionalen Auftakt bilden die heimlichen Filmaufnahmen von Siegbert Schefke und Aram Radomski von der Montagsdemonstration am 09.10.1989 in Leipzig.<\/p>\n<p style=\"margin: 0cm;\">Die K\u00fcnstler*innen Daniel Theiler und Angelika Waniek fragen am Beispiel der S\u00e4ule auf dem Nikolaikirchhof mit ihrer Arbeit &#8222;Feel the Weight&#8220; nach der gegenseitigen Abh\u00e4ngigkeit zwischen einem Denkmal und den Menschen, die es anspricht.<\/p>\n<p style=\"margin: 0cm;\">Die russische K\u00fcnstlerin Anna Jermolaewa sp\u00fcrt verschwundenen Lenin-Denkm\u00e4lern\u00a0 in der Ukraine nach, die im Zuge des Abl\u00f6sungskonflikts mit Russland seit 2013 abgebaut wurden.<\/p>\n<p style=\"margin: 0cm;\">Clara Winter reflektiert mit einer performativen Arbeit \u00fcber das Leipziger V\u00f6lkerschlachtdenkmal die Botschaften, die dem Monument eingeschrieben sind und unsere Suche nach einer neuen Deutung in unserer Gesellschaft.<\/p>\n<p style=\"margin: 0cm;\">Eine Zusammenstellung der K\u00fcnsterler*innen und Exponate finden Sie <a href=\"https:\/\/freiheitsdenkmal-leipzig.de\/wp-content\/uploads\/2023\/08\/PM_Ausstellung_Exponate_f.pdf\" target=\"_blank\" rel=\"noopener\">here<\/a>:<\/p>\n<div data-canvas-width=\"604.4426666666664\"><\/div>\n<\/div><\/section><\/div><div class='av-flex-placeholder'><\/div>\n<style type=\"text\/css\" data-created_by=\"avia_inline_auto\" id=\"style-css-av-m8uw2p-e04cb57c9231d26268274289928aad37\">\n.flex_column.av-m8uw2p-e04cb57c9231d26268274289928aad37{\nwidth:49%;\nmargin-left:0;\n}\n#top .flex_column_table.av-equal-height-column-flextable.av-m8uw2p-e04cb57c9231d26268274289928aad37 .av-flex-placeholder{\nwidth:2%;\n}\n<\/style>\n<div  class='flex_column av-m8uw2p-e04cb57c9231d26268274289928aad37 av_one_half  avia-builder-el-17  el_after_av_one_half  avia-builder-el-last  flex_column_table_cell av-equal-height-column av-align-middle'     ><p><div  class='avia-slideshow av-k4dz4x-388a8214ee0b7cafc83567284a9e33ce avia-slideshow-no scaling av_slideshow avia-slide-slider  avia-builder-el-18  el_before_av_textblock  avia-builder-el-first  av-slideshow-ui av-control-default av-slideshow-manual av-loop-once av-loop-manual-endless av-default-height-applied avia-slideshow-2' data-slideshow-options=\"{&quot;animation&quot;:&quot;slide&quot;,&quot;autoplay&quot;:false,&quot;loop_autoplay&quot;:&quot;once&quot;,&quot;interval&quot;:5,&quot;loop_manual&quot;:&quot;manual-endless&quot;,&quot;autoplay_stopper&quot;:false,&quot;noNavigation&quot;:false,&quot;bg_slider&quot;:false,&quot;keep_padding&quot;:false,&quot;hoverpause&quot;:false,&quot;show_slide_delay&quot;:0}\"  itemprop=\"image\" itemscope=\"itemscope\" itemtype=\"https:\/\/schema.org\/ImageObject\" ><ul class='avia-slideshow-inner' style='padding-bottom: 66.6796875%;'><li  class='avia-slideshow-slide av-k4dz4x-388a8214ee0b7cafc83567284a9e33ce__0  slide-1 slide-odd'><div data-rel='slideshow-2' class='avia-slide-wrap'   ><img decoding=\"async\" fetchpriority=\"high\" class=\"wp-image-4638 avia-img-lazy-loading-not-4638\"  src=\"https:\/\/freiheitsdenkmal-leipzig.de\/wp-content\/uploads\/2023\/09\/DSC7284.jpg\" width=\"2560\" height=\"1707\" title='_DSC7284' alt=''  itemprop=\"thumbnailUrl\" srcset=\"https:\/\/freiheitsdenkmal-leipzig.de\/wp-content\/uploads\/2023\/09\/DSC7284.jpg 2560w, https:\/\/freiheitsdenkmal-leipzig.de\/wp-content\/uploads\/2023\/09\/DSC7284-300x200.jpg 300w, https:\/\/freiheitsdenkmal-leipzig.de\/wp-content\/uploads\/2023\/09\/DSC7284-1030x687.jpg 1030w, https:\/\/freiheitsdenkmal-leipzig.de\/wp-content\/uploads\/2023\/09\/DSC7284-768x512.jpg 768w, https:\/\/freiheitsdenkmal-leipzig.de\/wp-content\/uploads\/2023\/09\/DSC7284-1536x1024.jpg 1536w, https:\/\/freiheitsdenkmal-leipzig.de\/wp-content\/uploads\/2023\/09\/DSC7284-2048x1366.jpg 2048w, https:\/\/freiheitsdenkmal-leipzig.de\/wp-content\/uploads\/2023\/09\/DSC7284-18x12.jpg 18w, https:\/\/freiheitsdenkmal-leipzig.de\/wp-content\/uploads\/2023\/09\/DSC7284-1500x1000.jpg 1500w, https:\/\/freiheitsdenkmal-leipzig.de\/wp-content\/uploads\/2023\/09\/DSC7284-705x470.jpg 705w\" sizes=\"(max-width: 2560px) 100vw, 2560px\" \/><\/div><\/li><li  class='avia-slideshow-slide av-k4dz4x-388a8214ee0b7cafc83567284a9e33ce__1  slide-2 slide-even'><div data-rel='slideshow-2' class='avia-slide-wrap'   ><img decoding=\"async\" fetchpriority=\"high\" class=\"wp-image-4639 avia-img-lazy-loading-not-4639\"  src=\"https:\/\/freiheitsdenkmal-leipzig.de\/wp-content\/uploads\/2023\/09\/DSC7316.jpg\" width=\"2560\" height=\"1707\" title='_DSC7316' alt=''  itemprop=\"thumbnailUrl\" srcset=\"https:\/\/freiheitsdenkmal-leipzig.de\/wp-content\/uploads\/2023\/09\/DSC7316.jpg 2560w, https:\/\/freiheitsdenkmal-leipzig.de\/wp-content\/uploads\/2023\/09\/DSC7316-300x200.jpg 300w, https:\/\/freiheitsdenkmal-leipzig.de\/wp-content\/uploads\/2023\/09\/DSC7316-1030x687.jpg 1030w, https:\/\/freiheitsdenkmal-leipzig.de\/wp-content\/uploads\/2023\/09\/DSC7316-768x512.jpg 768w, https:\/\/freiheitsdenkmal-leipzig.de\/wp-content\/uploads\/2023\/09\/DSC7316-1536x1024.jpg 1536w, https:\/\/freiheitsdenkmal-leipzig.de\/wp-content\/uploads\/2023\/09\/DSC7316-2048x1366.jpg 2048w, https:\/\/freiheitsdenkmal-leipzig.de\/wp-content\/uploads\/2023\/09\/DSC7316-18x12.jpg 18w, https:\/\/freiheitsdenkmal-leipzig.de\/wp-content\/uploads\/2023\/09\/DSC7316-1500x1000.jpg 1500w, https:\/\/freiheitsdenkmal-leipzig.de\/wp-content\/uploads\/2023\/09\/DSC7316-705x470.jpg 705w\" sizes=\"(max-width: 2560px) 100vw, 2560px\" \/><\/div><\/li><li  class='avia-slideshow-slide av-k4dz4x-388a8214ee0b7cafc83567284a9e33ce__2  slide-3 slide-odd'><div data-rel='slideshow-2' class='avia-slide-wrap'   ><img decoding=\"async\" fetchpriority=\"high\" class=\"wp-image-4640 avia-img-lazy-loading-not-4640\"  src=\"https:\/\/freiheitsdenkmal-leipzig.de\/wp-content\/uploads\/2023\/09\/DSC7321.jpg\" width=\"2560\" height=\"1707\" title='_DSC7321' alt=''  itemprop=\"thumbnailUrl\" srcset=\"https:\/\/freiheitsdenkmal-leipzig.de\/wp-content\/uploads\/2023\/09\/DSC7321.jpg 2560w, https:\/\/freiheitsdenkmal-leipzig.de\/wp-content\/uploads\/2023\/09\/DSC7321-300x200.jpg 300w, https:\/\/freiheitsdenkmal-leipzig.de\/wp-content\/uploads\/2023\/09\/DSC7321-1030x687.jpg 1030w, https:\/\/freiheitsdenkmal-leipzig.de\/wp-content\/uploads\/2023\/09\/DSC7321-768x512.jpg 768w, https:\/\/freiheitsdenkmal-leipzig.de\/wp-content\/uploads\/2023\/09\/DSC7321-1536x1024.jpg 1536w, https:\/\/freiheitsdenkmal-leipzig.de\/wp-content\/uploads\/2023\/09\/DSC7321-2048x1366.jpg 2048w, https:\/\/freiheitsdenkmal-leipzig.de\/wp-content\/uploads\/2023\/09\/DSC7321-18x12.jpg 18w, https:\/\/freiheitsdenkmal-leipzig.de\/wp-content\/uploads\/2023\/09\/DSC7321-1500x1000.jpg 1500w, https:\/\/freiheitsdenkmal-leipzig.de\/wp-content\/uploads\/2023\/09\/DSC7321-705x470.jpg 705w\" sizes=\"(max-width: 2560px) 100vw, 2560px\" \/><\/div><\/li><li  class='avia-slideshow-slide av-k4dz4x-388a8214ee0b7cafc83567284a9e33ce__3  slide-4 slide-even'><div data-rel='slideshow-2' class='avia-slide-wrap'   ><img decoding=\"async\" fetchpriority=\"high\" class=\"wp-image-4641 avia-img-lazy-loading-not-4641\"  src=\"https:\/\/freiheitsdenkmal-leipzig.de\/wp-content\/uploads\/2023\/09\/DSC7356.jpg\" width=\"2560\" height=\"1707\" title='_DSC7356' alt=''  itemprop=\"thumbnailUrl\" srcset=\"https:\/\/freiheitsdenkmal-leipzig.de\/wp-content\/uploads\/2023\/09\/DSC7356.jpg 2560w, https:\/\/freiheitsdenkmal-leipzig.de\/wp-content\/uploads\/2023\/09\/DSC7356-300x200.jpg 300w, https:\/\/freiheitsdenkmal-leipzig.de\/wp-content\/uploads\/2023\/09\/DSC7356-1030x687.jpg 1030w, https:\/\/freiheitsdenkmal-leipzig.de\/wp-content\/uploads\/2023\/09\/DSC7356-768x512.jpg 768w, https:\/\/freiheitsdenkmal-leipzig.de\/wp-content\/uploads\/2023\/09\/DSC7356-1536x1024.jpg 1536w, https:\/\/freiheitsdenkmal-leipzig.de\/wp-content\/uploads\/2023\/09\/DSC7356-2048x1366.jpg 2048w, https:\/\/freiheitsdenkmal-leipzig.de\/wp-content\/uploads\/2023\/09\/DSC7356-18x12.jpg 18w, https:\/\/freiheitsdenkmal-leipzig.de\/wp-content\/uploads\/2023\/09\/DSC7356-1500x1000.jpg 1500w, https:\/\/freiheitsdenkmal-leipzig.de\/wp-content\/uploads\/2023\/09\/DSC7356-705x470.jpg 705w\" sizes=\"(max-width: 2560px) 100vw, 2560px\" \/><\/div><\/li><li  class='avia-slideshow-slide av-k4dz4x-388a8214ee0b7cafc83567284a9e33ce__4  slide-5 slide-odd'><div data-rel='slideshow-2' class='avia-slide-wrap'   ><img decoding=\"async\" fetchpriority=\"high\" class=\"wp-image-4643 avia-img-lazy-loading-not-4643\"  src=\"https:\/\/freiheitsdenkmal-leipzig.de\/wp-content\/uploads\/2023\/09\/DSC7378.jpg\" width=\"2560\" height=\"1707\" title='_DSC7378' alt=''  itemprop=\"thumbnailUrl\" srcset=\"https:\/\/freiheitsdenkmal-leipzig.de\/wp-content\/uploads\/2023\/09\/DSC7378.jpg 2560w, https:\/\/freiheitsdenkmal-leipzig.de\/wp-content\/uploads\/2023\/09\/DSC7378-300x200.jpg 300w, https:\/\/freiheitsdenkmal-leipzig.de\/wp-content\/uploads\/2023\/09\/DSC7378-1030x687.jpg 1030w, https:\/\/freiheitsdenkmal-leipzig.de\/wp-content\/uploads\/2023\/09\/DSC7378-768x512.jpg 768w, https:\/\/freiheitsdenkmal-leipzig.de\/wp-content\/uploads\/2023\/09\/DSC7378-1536x1024.jpg 1536w, https:\/\/freiheitsdenkmal-leipzig.de\/wp-content\/uploads\/2023\/09\/DSC7378-2048x1366.jpg 2048w, https:\/\/freiheitsdenkmal-leipzig.de\/wp-content\/uploads\/2023\/09\/DSC7378-18x12.jpg 18w, https:\/\/freiheitsdenkmal-leipzig.de\/wp-content\/uploads\/2023\/09\/DSC7378-1500x1000.jpg 1500w, https:\/\/freiheitsdenkmal-leipzig.de\/wp-content\/uploads\/2023\/09\/DSC7378-705x470.jpg 705w\" sizes=\"(max-width: 2560px) 100vw, 2560px\" \/><\/div><\/li><li  class='avia-slideshow-slide av-k4dz4x-388a8214ee0b7cafc83567284a9e33ce__5  slide-6 slide-even'><div data-rel='slideshow-2' class='avia-slide-wrap'   ><img decoding=\"async\" fetchpriority=\"high\" class=\"wp-image-4644 avia-img-lazy-loading-not-4644\"  src=\"https:\/\/freiheitsdenkmal-leipzig.de\/wp-content\/uploads\/2023\/09\/DSC7402.jpg\" width=\"2560\" height=\"1707\" title='_DSC7402' alt=''  itemprop=\"thumbnailUrl\" srcset=\"https:\/\/freiheitsdenkmal-leipzig.de\/wp-content\/uploads\/2023\/09\/DSC7402.jpg 2560w, https:\/\/freiheitsdenkmal-leipzig.de\/wp-content\/uploads\/2023\/09\/DSC7402-300x200.jpg 300w, https:\/\/freiheitsdenkmal-leipzig.de\/wp-content\/uploads\/2023\/09\/DSC7402-1030x687.jpg 1030w, https:\/\/freiheitsdenkmal-leipzig.de\/wp-content\/uploads\/2023\/09\/DSC7402-768x512.jpg 768w, https:\/\/freiheitsdenkmal-leipzig.de\/wp-content\/uploads\/2023\/09\/DSC7402-1536x1024.jpg 1536w, https:\/\/freiheitsdenkmal-leipzig.de\/wp-content\/uploads\/2023\/09\/DSC7402-2048x1366.jpg 2048w, https:\/\/freiheitsdenkmal-leipzig.de\/wp-content\/uploads\/2023\/09\/DSC7402-18x12.jpg 18w, https:\/\/freiheitsdenkmal-leipzig.de\/wp-content\/uploads\/2023\/09\/DSC7402-1500x1000.jpg 1500w, https:\/\/freiheitsdenkmal-leipzig.de\/wp-content\/uploads\/2023\/09\/DSC7402-705x470.jpg 705w\" sizes=\"(max-width: 2560px) 100vw, 2560px\" \/><\/div><\/li><li  class='avia-slideshow-slide av-k4dz4x-388a8214ee0b7cafc83567284a9e33ce__6  slide-7 slide-odd'><div data-rel='slideshow-2' class='avia-slide-wrap'   ><img decoding=\"async\" fetchpriority=\"high\" class=\"wp-image-4645 avia-img-lazy-loading-not-4645\"  src=\"https:\/\/freiheitsdenkmal-leipzig.de\/wp-content\/uploads\/2023\/09\/DSC74171.jpg\" width=\"2560\" height=\"1707\" title='_DSC7417(1)' alt=''  itemprop=\"thumbnailUrl\" srcset=\"https:\/\/freiheitsdenkmal-leipzig.de\/wp-content\/uploads\/2023\/09\/DSC74171.jpg 2560w, https:\/\/freiheitsdenkmal-leipzig.de\/wp-content\/uploads\/2023\/09\/DSC74171-300x200.jpg 300w, https:\/\/freiheitsdenkmal-leipzig.de\/wp-content\/uploads\/2023\/09\/DSC74171-1030x687.jpg 1030w, https:\/\/freiheitsdenkmal-leipzig.de\/wp-content\/uploads\/2023\/09\/DSC74171-768x512.jpg 768w, https:\/\/freiheitsdenkmal-leipzig.de\/wp-content\/uploads\/2023\/09\/DSC74171-1536x1024.jpg 1536w, https:\/\/freiheitsdenkmal-leipzig.de\/wp-content\/uploads\/2023\/09\/DSC74171-2048x1366.jpg 2048w, https:\/\/freiheitsdenkmal-leipzig.de\/wp-content\/uploads\/2023\/09\/DSC74171-18x12.jpg 18w, https:\/\/freiheitsdenkmal-leipzig.de\/wp-content\/uploads\/2023\/09\/DSC74171-1500x1000.jpg 1500w, https:\/\/freiheitsdenkmal-leipzig.de\/wp-content\/uploads\/2023\/09\/DSC74171-705x470.jpg 705w\" sizes=\"(max-width: 2560px) 100vw, 2560px\" \/><\/div><\/li><\/ul><div class='avia-slideshow-arrows avia-slideshow-controls' ><a href='#prev' class='prev-slide' aria-hidden='true' data-av_icon='\ue87c' data-av_iconfont='entypo-fontello'  tabindex='-1'>Previous<\/a><a href='#next' class='next-slide' aria-hidden='true' data-av_icon='\ue87d' data-av_iconfont='entypo-fontello'  tabindex='-1'>Next<\/a><\/div><div class='avia-slideshow-dots avia-slideshow-controls'><a href='#1' class='goto-slide active' >1<\/a><a href='#2' class='goto-slide' >2<\/a><a href='#3' class='goto-slide' >3<\/a><a href='#4' class='goto-slide' >4<\/a><a href='#5' class='goto-slide' >5<\/a><a href='#6' class='goto-slide' >6<\/a><a href='#7' class='goto-slide' >7<\/a><\/div><\/div><br \/>\n\n<style type=\"text\/css\" data-created_by=\"avia_inline_auto\" id=\"style-css-av-lmjcevct-65ca6ea14e53e162b5fd939ef4a29cda\">\n#top .av_textblock_section.av-lmjcevct-65ca6ea14e53e162b5fd939ef4a29cda .avia_textblock{\nfont-size:13px;\n}\n<\/style>\n<section  class='av_textblock_section av-lmjcevct-65ca6ea14e53e162b5fd939ef4a29cda'   itemscope=\"itemscope\" itemtype=\"https:\/\/schema.org\/CreativeWork\" ><div class='avia_textblock'  itemprop=\"text\" ><p>Ausstellungsimpressionen, Fotos \u00a9 SFR, Stefan Fischer<\/p>\n<\/div><\/section><\/p><\/div><\/div><!--close column table wrapper. Autoclose: 1 --><\/div><\/div><\/div><!-- close content main div --><\/div><\/div><div id='after_section_2'  class='main_color av_default_container_wrap container_wrap fullsize'  ><div class='container av-section-cont-open' ><div class='template-page content  av-content-full alpha units'><div class='post-entry post-entry-type-page post-entry-4049'><div class='entry-content-wrapper clearfix'><div  class='flex_column av-2r9wj5-2d799b809434e925a7fa631277563b95 av_one_full  avia-builder-el-20  el_after_av_section  el_before_av_one_fifth  avia-builder-el-first  first flex_column_div'     ><section  class='av_textblock_section av-llqj14oc-c6eaca3d83c7039920d4d53445044ceb'   itemscope=\"itemscope\" itemtype=\"https:\/\/schema.org\/CreativeWork\" ><div class='avia_textblock av_inherit_color'  itemprop=\"text\" ><h3>Die REH: eine mobile Immobilie<\/h3>\n<p>Da unsere Ausstellung \u201eDas Denkmal ist \u2026\u201c als Wanderausstellung entwickelt wurde, dient ihr eine mobile Raumerweiterungshalle (REH) als idealer Ausstellungsraum. In den 1960er Jahren in Mecklenburg entwickelt, bot diese Geb\u00e4udeform eine konstruktive L\u00f6sung f\u00fcr die Situation in der DDR: Als Antwort auf Raumnot und Fachleutemangel erm\u00f6glichte die REH eine flexible Nutzung und wurde verbreitet als Kindergarten, Kino und in der Gastronomie genutzt.<\/p>\n<p>Die Metallkonstruktion REH l\u00e4sst sich\u00a0 trotz ihres Gewichts von 7,5 Tonnen im Teleskopsystem auf ein Achtel ihrer Gr\u00f6\u00dfe zusammenschieben. Sie ist nicht fest mit dem Boden verankert, sondern steht auf einer Gleiskonstruktion und kann innerhalb eines Tages von sechs Personen auf und abgebaut werden.<\/p>\n<p style=\"text-align: left;\">Unsere Ausstellungshalle wurde 1975 vom VEB Metallbau Boizenburg hergestellt. In der DDR diente sie als Mensa f\u00fcr die FDJ-Jugendhochschule am Bogensee.<br \/>\n<strong><em>Weitere Informationen zur REH<a href=\"https:\/\/raumerweiterungshalle-leipzig.de\/\" target=\"_blank\" rel=\"noopener\"> here<\/a> und von der <\/em><a href=\"https:\/\/www.lvz.de\/lokales\/leipzig\/leuschnerplatz-leipzig-halle-zieht-bald-durchs-deutschland-YZPPTBWEARA2XPPLNNZAANK2XQ.html\" target=\"_blank\" rel=\"noopener\"><em>LVZ<\/em> <\/a><\/strong><\/p>\n<\/div><\/section><\/div><\/p>\n<div class='flex_column_table av-3vdg4h-5e34642ae3b0c168fbb98c0b0905b3a4 sc-av_one_fifth av-equal-height-column-flextable'>\n<style type=\"text\/css\" data-created_by=\"avia_inline_auto\" id=\"style-css-av-3vdg4h-5e34642ae3b0c168fbb98c0b0905b3a4\">\n@keyframes av_boxShadowEffect_av-3vdg4h-5e34642ae3b0c168fbb98c0b0905b3a4-row {\n0%   { box-shadow:  0 0 0 0 ; opacity: 1; }\n100% { box-shadow:  0 0 10px 0 ; opacity: 1; }\n}\n.flex_column.av-3vdg4h-5e34642ae3b0c168fbb98c0b0905b3a4{\nwidth:19.6%;\nmargin-left:0;\n}\n#top .flex_column_table.av-equal-height-column-flextable.av-3vdg4h-5e34642ae3b0c168fbb98c0b0905b3a4 .av-flex-placeholder{\nwidth:0.5%;\n}\n<\/style>\n<div  class='flex_column av-3vdg4h-5e34642ae3b0c168fbb98c0b0905b3a4 av_one_fifth  avia-builder-el-22  el_after_av_one_full  el_before_av_one_fifth  first flex_column_table_cell av-equal-height-column av-align-middle  column-top-margin'     ><style type=\"text\/css\" data-created_by=\"avia_inline_auto\" id=\"style-css-av-8kasx-bf39eb81ba14a4d67d1242dc4e983163\">\n.avia-image-container.av-8kasx-bf39eb81ba14a4d67d1242dc4e983163 img.avia_image{\nbox-shadow:none;\n}\n.avia-image-container.av-8kasx-bf39eb81ba14a4d67d1242dc4e983163 .av-image-caption-overlay-center{\ncolor:#ffffff;\n}\n<\/style>\n<div  class='avia-image-container av-8kasx-bf39eb81ba14a4d67d1242dc4e983163 av-styling- avia-align-center  avia-builder-el-23  avia-builder-el-no-sibling  av-has-copyright av-copyright-always'   itemprop=\"image\" itemscope=\"itemscope\" itemtype=\"https:\/\/schema.org\/ImageObject\" ><div class=\"avia-image-container-inner\"><div class=\"avia-image-overlay-wrap\"><img decoding=\"async\" fetchpriority=\"high\" class='wp-image-4149 avia-img-lazy-loading-not-4149 avia_image' src=\"https:\/\/freiheitsdenkmal-leipzig.de\/wp-content\/uploads\/2023\/08\/REH_illustration_Schwindl_Oek_3.png\" alt='' title='REH_illustration_Schwindl_Oek_3'  height=\"2755\" width=\"2362\"  itemprop=\"thumbnailUrl\" srcset=\"https:\/\/freiheitsdenkmal-leipzig.de\/wp-content\/uploads\/2023\/08\/REH_illustration_Schwindl_Oek_3.png 2362w, https:\/\/freiheitsdenkmal-leipzig.de\/wp-content\/uploads\/2023\/08\/REH_illustration_Schwindl_Oek_3-257x300.png 257w, https:\/\/freiheitsdenkmal-leipzig.de\/wp-content\/uploads\/2023\/08\/REH_illustration_Schwindl_Oek_3-883x1030.png 883w, https:\/\/freiheitsdenkmal-leipzig.de\/wp-content\/uploads\/2023\/08\/REH_illustration_Schwindl_Oek_3-768x896.png 768w, https:\/\/freiheitsdenkmal-leipzig.de\/wp-content\/uploads\/2023\/08\/REH_illustration_Schwindl_Oek_3-1317x1536.png 1317w, https:\/\/freiheitsdenkmal-leipzig.de\/wp-content\/uploads\/2023\/08\/REH_illustration_Schwindl_Oek_3-1756x2048.png 1756w, https:\/\/freiheitsdenkmal-leipzig.de\/wp-content\/uploads\/2023\/08\/REH_illustration_Schwindl_Oek_3-10x12.png 10w, https:\/\/freiheitsdenkmal-leipzig.de\/wp-content\/uploads\/2023\/08\/REH_illustration_Schwindl_Oek_3-1286x1500.png 1286w, https:\/\/freiheitsdenkmal-leipzig.de\/wp-content\/uploads\/2023\/08\/REH_illustration_Schwindl_Oek_3-604x705.png 604w\" sizes=\"(max-width: 2362px) 100vw, 2362px\" \/><\/div><small class=\"avia-copyright\">Copyright: M.Oeken\/M.Schwindling<\/small><\/div><\/div><\/div>\n<div class='av-flex-placeholder'><\/div>\n<style type=\"text\/css\" data-created_by=\"avia_inline_auto\" id=\"style-css-av-dfff6p-f0a3d411c549510ca325c2a2f0e5997e\">\n.flex_column.av-dfff6p-f0a3d411c549510ca325c2a2f0e5997e{\nwidth:19.6%;\nmargin-left:0;\n}\n#top .flex_column_table.av-equal-height-column-flextable.av-dfff6p-f0a3d411c549510ca325c2a2f0e5997e .av-flex-placeholder{\nwidth:0.5%;\n}\n<\/style>\n<div  class='flex_column av-dfff6p-f0a3d411c549510ca325c2a2f0e5997e av_one_fifth  avia-builder-el-24  el_after_av_one_fifth  el_before_av_one_fifth  flex_column_table_cell av-equal-height-column av-align-middle  column-top-margin'     ><style type=\"text\/css\" data-created_by=\"avia_inline_auto\" id=\"style-css-av-llqjby1h-321b44e47948568db1a6296db8279d42\">\n.avia-image-container.av-llqjby1h-321b44e47948568db1a6296db8279d42 img.avia_image{\nbox-shadow:none;\n}\n.avia-image-container.av-llqjby1h-321b44e47948568db1a6296db8279d42 .av-image-caption-overlay-center{\ncolor:#ffffff;\n}\n<\/style>\n<div  class='avia-image-container av-llqjby1h-321b44e47948568db1a6296db8279d42 av-styling- avia-align-center  avia-builder-el-25  avia-builder-el-no-sibling'   itemprop=\"image\" itemscope=\"itemscope\" itemtype=\"https:\/\/schema.org\/ImageObject\" ><div class=\"avia-image-container-inner\"><div class=\"avia-image-overlay-wrap\"><img decoding=\"async\" fetchpriority=\"high\" class='wp-image-4209 avia-img-lazy-loading-not-4209 avia_image' src=\"https:\/\/freiheitsdenkmal-leipzig.de\/wp-content\/uploads\/2023\/08\/reh-von-vorne.jpg\" alt='' title='reh-von-vorne'  height=\"653\" width=\"653\"  itemprop=\"thumbnailUrl\" srcset=\"https:\/\/freiheitsdenkmal-leipzig.de\/wp-content\/uploads\/2023\/08\/reh-von-vorne.jpg 653w, https:\/\/freiheitsdenkmal-leipzig.de\/wp-content\/uploads\/2023\/08\/reh-von-vorne-300x300.jpg 300w, https:\/\/freiheitsdenkmal-leipzig.de\/wp-content\/uploads\/2023\/08\/reh-von-vorne-80x80.jpg 80w, https:\/\/freiheitsdenkmal-leipzig.de\/wp-content\/uploads\/2023\/08\/reh-von-vorne-12x12.jpg 12w, https:\/\/freiheitsdenkmal-leipzig.de\/wp-content\/uploads\/2023\/08\/reh-von-vorne-36x36.jpg 36w, https:\/\/freiheitsdenkmal-leipzig.de\/wp-content\/uploads\/2023\/08\/reh-von-vorne-180x180.jpg 180w\" sizes=\"(max-width: 653px) 100vw, 653px\" \/><\/div><\/div><\/div><\/div>\n<div class='av-flex-placeholder'><\/div>\n<style type=\"text\/css\" data-created_by=\"avia_inline_auto\" id=\"style-css-av-cgzhu9-dd1648e9332475bcdc78405f4aed40f3\">\n.flex_column.av-cgzhu9-dd1648e9332475bcdc78405f4aed40f3{\nwidth:19.6%;\nmargin-left:0;\n}\n#top .flex_column_table.av-equal-height-column-flextable.av-cgzhu9-dd1648e9332475bcdc78405f4aed40f3 .av-flex-placeholder{\nwidth:0.5%;\n}\n<\/style>\n<div  class='flex_column av-cgzhu9-dd1648e9332475bcdc78405f4aed40f3 av_one_fifth  avia-builder-el-26  el_after_av_one_fifth  el_before_av_one_fifth  flex_column_table_cell av-equal-height-column av-align-middle  column-top-margin'     ><style type=\"text\/css\" data-created_by=\"avia_inline_auto\" id=\"style-css-av-afaoap-c0a531850c0f749cbf5e24c2800f5c65\">\n.avia-image-container.av-afaoap-c0a531850c0f749cbf5e24c2800f5c65 img.avia_image{\nbox-shadow:none;\n}\n.avia-image-container.av-afaoap-c0a531850c0f749cbf5e24c2800f5c65 .av-image-caption-overlay-center{\ncolor:#ffffff;\n}\n<\/style>\n<div  class='avia-image-container av-afaoap-c0a531850c0f749cbf5e24c2800f5c65 av-styling- avia-align-center  avia-builder-el-27  avia-builder-el-no-sibling'   itemprop=\"image\" itemscope=\"itemscope\" itemtype=\"https:\/\/schema.org\/ImageObject\" ><div class=\"avia-image-container-inner\"><div class=\"avia-image-overlay-wrap\"><img decoding=\"async\" fetchpriority=\"high\" class='wp-image-4211 avia-img-lazy-loading-not-4211 avia_image' src=\"https:\/\/freiheitsdenkmal-leipzig.de\/wp-content\/uploads\/2023\/08\/REH-wird-ausgezogen1-scaled.jpg\" alt='' title='REH wird ausgezogen1'  height=\"2560\" width=\"2555\"  itemprop=\"thumbnailUrl\" srcset=\"https:\/\/freiheitsdenkmal-leipzig.de\/wp-content\/uploads\/2023\/08\/REH-wird-ausgezogen1-scaled.jpg 2555w, https:\/\/freiheitsdenkmal-leipzig.de\/wp-content\/uploads\/2023\/08\/REH-wird-ausgezogen1-300x300.jpg 300w, https:\/\/freiheitsdenkmal-leipzig.de\/wp-content\/uploads\/2023\/08\/REH-wird-ausgezogen1-1028x1030.jpg 1028w, https:\/\/freiheitsdenkmal-leipzig.de\/wp-content\/uploads\/2023\/08\/REH-wird-ausgezogen1-80x80.jpg 80w, https:\/\/freiheitsdenkmal-leipzig.de\/wp-content\/uploads\/2023\/08\/REH-wird-ausgezogen1-768x769.jpg 768w, https:\/\/freiheitsdenkmal-leipzig.de\/wp-content\/uploads\/2023\/08\/REH-wird-ausgezogen1-1533x1536.jpg 1533w, https:\/\/freiheitsdenkmal-leipzig.de\/wp-content\/uploads\/2023\/08\/REH-wird-ausgezogen1-2044x2048.jpg 2044w, https:\/\/freiheitsdenkmal-leipzig.de\/wp-content\/uploads\/2023\/08\/REH-wird-ausgezogen1-12x12.jpg 12w, https:\/\/freiheitsdenkmal-leipzig.de\/wp-content\/uploads\/2023\/08\/REH-wird-ausgezogen1-36x36.jpg 36w, https:\/\/freiheitsdenkmal-leipzig.de\/wp-content\/uploads\/2023\/08\/REH-wird-ausgezogen1-180x180.jpg 180w, https:\/\/freiheitsdenkmal-leipzig.de\/wp-content\/uploads\/2023\/08\/REH-wird-ausgezogen1-1497x1500.jpg 1497w, https:\/\/freiheitsdenkmal-leipzig.de\/wp-content\/uploads\/2023\/08\/REH-wird-ausgezogen1-705x705.jpg 705w\" sizes=\"(max-width: 2555px) 100vw, 2555px\" \/><\/div><\/div><\/div><\/div>\n<div class='av-flex-placeholder'><\/div>\n<style type=\"text\/css\" data-created_by=\"avia_inline_auto\" id=\"style-css-av-940uv5-9010616dba901dc7f2ffa4216604b274\">\n.flex_column.av-940uv5-9010616dba901dc7f2ffa4216604b274{\nwidth:19.6%;\nmargin-left:0;\n}\n#top .flex_column_table.av-equal-height-column-flextable.av-940uv5-9010616dba901dc7f2ffa4216604b274 .av-flex-placeholder{\nwidth:0.5%;\n}\n<\/style>\n<div  class='flex_column av-940uv5-9010616dba901dc7f2ffa4216604b274 av_one_fifth  avia-builder-el-28  el_after_av_one_fifth  el_before_av_one_fifth  flex_column_table_cell av-equal-height-column av-align-middle  column-top-margin'     ><style type=\"text\/css\" data-created_by=\"avia_inline_auto\" id=\"style-css-av-7md241-df1fad91ddc62a3c367fd6dbb592a1f9\">\n.avia-image-container.av-7md241-df1fad91ddc62a3c367fd6dbb592a1f9 img.avia_image{\nbox-shadow:none;\n}\n.avia-image-container.av-7md241-df1fad91ddc62a3c367fd6dbb592a1f9 .av-image-caption-overlay-center{\ncolor:#ffffff;\n}\n<\/style>\n<div  class='avia-image-container av-7md241-df1fad91ddc62a3c367fd6dbb592a1f9 av-styling- avia-align-center  avia-builder-el-29  avia-builder-el-no-sibling'   itemprop=\"image\" itemscope=\"itemscope\" itemtype=\"https:\/\/schema.org\/ImageObject\" ><div class=\"avia-image-container-inner\"><div class=\"avia-image-overlay-wrap\"><img decoding=\"async\" fetchpriority=\"high\" class='wp-image-4212 avia-img-lazy-loading-not-4212 avia_image' src=\"https:\/\/freiheitsdenkmal-leipzig.de\/wp-content\/uploads\/2023\/08\/reh-innen.jpg\" alt='' title='reh-innen'  height=\"724\" width=\"730\"  itemprop=\"thumbnailUrl\" srcset=\"https:\/\/freiheitsdenkmal-leipzig.de\/wp-content\/uploads\/2023\/08\/reh-innen.jpg 730w, https:\/\/freiheitsdenkmal-leipzig.de\/wp-content\/uploads\/2023\/08\/reh-innen-300x298.jpg 300w, https:\/\/freiheitsdenkmal-leipzig.de\/wp-content\/uploads\/2023\/08\/reh-innen-80x80.jpg 80w, https:\/\/freiheitsdenkmal-leipzig.de\/wp-content\/uploads\/2023\/08\/reh-innen-12x12.jpg 12w, https:\/\/freiheitsdenkmal-leipzig.de\/wp-content\/uploads\/2023\/08\/reh-innen-36x36.jpg 36w, https:\/\/freiheitsdenkmal-leipzig.de\/wp-content\/uploads\/2023\/08\/reh-innen-180x180.jpg 180w, https:\/\/freiheitsdenkmal-leipzig.de\/wp-content\/uploads\/2023\/08\/reh-innen-705x699.jpg 705w\" sizes=\"(max-width: 730px) 100vw, 730px\" \/><\/div><\/div><\/div><\/div>\n<div class='av-flex-placeholder'><\/div>\n<style type=\"text\/css\" data-created_by=\"avia_inline_auto\" id=\"style-css-av-5xk9td-685725227fbd2bcd80fde65c8a7bc73f\">\n.flex_column.av-5xk9td-685725227fbd2bcd80fde65c8a7bc73f{\nwidth:19.6%;\nmargin-left:0;\n}\n#top .flex_column_table.av-equal-height-column-flextable.av-5xk9td-685725227fbd2bcd80fde65c8a7bc73f .av-flex-placeholder{\nwidth:0.5%;\n}\n<\/style>\n<div  class='flex_column av-5xk9td-685725227fbd2bcd80fde65c8a7bc73f av_one_fifth  avia-builder-el-30  el_after_av_one_fifth  el_before_av_hr  flex_column_table_cell av-equal-height-column av-align-middle  column-top-margin'     ><style type=\"text\/css\" data-created_by=\"avia_inline_auto\" id=\"style-css-av-3iowxt-c592c5dcf4e3a5cb643a8c2fe188625c\">\n.avia-image-container.av-3iowxt-c592c5dcf4e3a5cb643a8c2fe188625c img.avia_image{\nbox-shadow:none;\n}\n.avia-image-container.av-3iowxt-c592c5dcf4e3a5cb643a8c2fe188625c .av-image-caption-overlay-center{\ncolor:#ffffff;\n}\n<\/style>\n<div  class='avia-image-container av-3iowxt-c592c5dcf4e3a5cb643a8c2fe188625c av-styling- avia-align-center  avia-builder-el-31  avia-builder-el-no-sibling'   itemprop=\"image\" itemscope=\"itemscope\" itemtype=\"https:\/\/schema.org\/ImageObject\" ><div class=\"avia-image-container-inner\"><div class=\"avia-image-overlay-wrap\"><img decoding=\"async\" fetchpriority=\"high\" class='wp-image-4213 avia-img-lazy-loading-not-4213 avia_image' src=\"https:\/\/freiheitsdenkmal-leipzig.de\/wp-content\/uploads\/2023\/08\/reh-zusammengeschoben.jpg\" alt='' title='reh-zusammengeschoben'  height=\"2232\" width=\"2233\"  itemprop=\"thumbnailUrl\" srcset=\"https:\/\/freiheitsdenkmal-leipzig.de\/wp-content\/uploads\/2023\/08\/reh-zusammengeschoben.jpg 2233w, https:\/\/freiheitsdenkmal-leipzig.de\/wp-content\/uploads\/2023\/08\/reh-zusammengeschoben-300x300.jpg 300w, https:\/\/freiheitsdenkmal-leipzig.de\/wp-content\/uploads\/2023\/08\/reh-zusammengeschoben-1030x1030.jpg 1030w, https:\/\/freiheitsdenkmal-leipzig.de\/wp-content\/uploads\/2023\/08\/reh-zusammengeschoben-80x80.jpg 80w, https:\/\/freiheitsdenkmal-leipzig.de\/wp-content\/uploads\/2023\/08\/reh-zusammengeschoben-768x768.jpg 768w, https:\/\/freiheitsdenkmal-leipzig.de\/wp-content\/uploads\/2023\/08\/reh-zusammengeschoben-1536x1536.jpg 1536w, https:\/\/freiheitsdenkmal-leipzig.de\/wp-content\/uploads\/2023\/08\/reh-zusammengeschoben-2048x2048.jpg 2048w, https:\/\/freiheitsdenkmal-leipzig.de\/wp-content\/uploads\/2023\/08\/reh-zusammengeschoben-12x12.jpg 12w, https:\/\/freiheitsdenkmal-leipzig.de\/wp-content\/uploads\/2023\/08\/reh-zusammengeschoben-36x36.jpg 36w, https:\/\/freiheitsdenkmal-leipzig.de\/wp-content\/uploads\/2023\/08\/reh-zusammengeschoben-180x180.jpg 180w, https:\/\/freiheitsdenkmal-leipzig.de\/wp-content\/uploads\/2023\/08\/reh-zusammengeschoben-1500x1500.jpg 1500w, https:\/\/freiheitsdenkmal-leipzig.de\/wp-content\/uploads\/2023\/08\/reh-zusammengeschoben-705x705.jpg 705w\" sizes=\"(max-width: 2233px) 100vw, 2233px\" \/><\/div><\/div><\/div><\/div><\/div><!--close column table wrapper. Autoclose: 1 -->\n<div  class='hr av-8wqc1-beb8ec2595aba746f114fd0260493d42 hr-default  avia-builder-el-32  el_after_av_one_fifth  el_before_av_three_fifth'><span class='hr-inner'><span class=\"hr-inner-style\"><\/span><\/span><\/div>\n<div class='flex_column_table av-3410b5-91d5e719ee67194a3ff0b57ea772eb39 sc-av_three_fifth av-equal-height-column-flextable'>\n<style type=\"text\/css\" data-created_by=\"avia_inline_auto\" id=\"style-css-av-3410b5-91d5e719ee67194a3ff0b57ea772eb39\">\n.flex_column.av-3410b5-91d5e719ee67194a3ff0b57ea772eb39{\nwidth:59.8%;\nmargin-left:0;\npadding:10px 10px 10px 10px;\n}\n#top .flex_column_table.av-equal-height-column-flextable.av-3410b5-91d5e719ee67194a3ff0b57ea772eb39 .av-flex-placeholder{\nwidth:0.5%;\n}\n<\/style>\n<div  id=\"rahmenprogramm\"  class='flex_column av-3410b5-91d5e719ee67194a3ff0b57ea772eb39 av_three_fifth  avia-builder-el-33  el_after_av_hr  el_before_av_two_fifth  first flex_column_table_cell av-equal-height-column av-align-middle'     ><section  class='av_textblock_section av-llcd8qtg-872d3859975fd14a2364590647d455aa'   itemscope=\"itemscope\" itemtype=\"https:\/\/schema.org\/CreativeWork\" ><div class='avia_textblock av_inherit_color'  itemprop=\"text\" ><h3 style=\"text-align: left;\">Begleitveranstaltungen zur Ausstellung \u201eDas Denkmal ist \u2026\u201c<\/h3>\n<p><!-- &#091;if gte mso 9&#093;><xml>\n<o:OfficeDocumentSettings>\n<o:AllowPNG\/>\n<\/o:OfficeDocumentSettings>\n<\/xml><!&#091;endif&#093;--><!-- &#091;if gte mso 9&#093;><xml>\n<w:WordDocument>\n<w:View>Normal<\/w:View>\n<w:Zoom>0<\/w:Zoom>\n<w:TrackMoves\/>\n<w:TrackFormatting\/>\n<w:HyphenationZone>21<\/w:HyphenationZone>\n<w:PunctuationKerning\/>\n<w:ValidateAgainstSchemas\/>\n<w:SaveIfXMLInvalid>false<\/w:SaveIfXMLInvalid>\n<w:IgnoreMixedContent>false<\/w:IgnoreMixedContent>\n<w:AlwaysShowPlaceholderText>false<\/w:AlwaysShowPlaceholderText>\n<w:DoNotPromoteQF\/>\n<w:LidThemeOther>DE<\/w:LidThemeOther>\n<w:LidThemeAsian>X-NONE<\/w:LidThemeAsian>\n<w:LidThemeComplexScript>X-NONE<\/w:LidThemeComplexScript>\n<w:Compatibility>\n<w:BreakWrappedTables\/>\n<w:SnapToGridInCell\/>\n<w:WrapTextWithPunct\/>\n<w:UseAsianBreakRules\/>\n<w:DontGrowAutofit\/>\n<w:SplitPgBreakAndParaMark\/>\n<w:EnableOpenTypeKerning\/>\n<w:DontFlipMirrorIndents\/>\n<w:OverrideTableStyleHps\/>\n<\/w:Compatibility>\n<m:mathPr>\n<m:mathFont m:val=\"Cambria Math\"\/>\n<m:brkBin m:val=\"before\"\/>\n<m:brkBinSub m:val=\"--\"\/>\n<m:smallFrac m:val=\"off\"\/>\n<m:dispDef\/>\n<m:lMargin m:val=\"0\"\/>\n<m:rMargin m:val=\"0\"\/>\n<m:defJc m:val=\"centerGroup\"\/>\n<m:wrapIndent m:val=\"1440\"\/>\n<m:intLim m:val=\"subSup\"\/>\n<m:naryLim m:val=\"undOvr\"\/>\n<\/m:mathPr><\/w:WordDocument>\n<\/xml><!&#091;endif&#093;--><!-- &#091;if gte mso 9&#093;><xml>\n<w:LatentStyles DefLockedState=\"false\" DefUnhideWhenUsed=\"false\" DefSemiHidden=\"false\" DefQFormat=\"false\" DefPriority=\"99\" LatentStyleCount=\"376\">\n<w:LsdException Locked=\"false\" Priority=\"0\" QFormat=\"true\" Name=\"Normal\"\/>\n<w:LsdException Locked=\"false\" Priority=\"9\" QFormat=\"true\" Name=\"heading 1\"\/>\n<w:LsdException Locked=\"false\" Priority=\"9\" SemiHidden=\"true\" UnhideWhenUsed=\"true\" QFormat=\"true\" Name=\"heading 2\"\/>\n<w:LsdException Locked=\"false\" Priority=\"9\" SemiHidden=\"true\" UnhideWhenUsed=\"true\" QFormat=\"true\" Name=\"heading 3\"\/>\n<w:LsdException Locked=\"false\" Priority=\"9\" SemiHidden=\"true\" UnhideWhenUsed=\"true\" QFormat=\"true\" Name=\"heading 4\"\/>\n<w:LsdException Locked=\"false\" Priority=\"9\" SemiHidden=\"true\" UnhideWhenUsed=\"true\" QFormat=\"true\" Name=\"heading 5\"\/>\n<w:LsdException Locked=\"false\" Priority=\"9\" SemiHidden=\"true\" UnhideWhenUsed=\"true\" QFormat=\"true\" Name=\"heading 6\"\/>\n<w:LsdException Locked=\"false\" Priority=\"9\" SemiHidden=\"true\" UnhideWhenUsed=\"true\" QFormat=\"true\" Name=\"heading 7\"\/>\n<w:LsdException Locked=\"false\" Priority=\"9\" SemiHidden=\"true\" UnhideWhenUsed=\"true\" QFormat=\"true\" Name=\"heading 8\"\/>\n<w:LsdException Locked=\"false\" Priority=\"9\" SemiHidden=\"true\" UnhideWhenUsed=\"true\" QFormat=\"true\" Name=\"heading 9\"\/>\n<w:LsdException Locked=\"false\" SemiHidden=\"true\" UnhideWhenUsed=\"true\" Name=\"index 1\"\/>\n<w:LsdException Locked=\"false\" SemiHidden=\"true\" UnhideWhenUsed=\"true\" Name=\"index 2\"\/>\n<w:LsdException Locked=\"false\" SemiHidden=\"true\" UnhideWhenUsed=\"true\" Name=\"index 3\"\/>\n<w:LsdException Locked=\"false\" SemiHidden=\"true\" UnhideWhenUsed=\"true\" Name=\"index 4\"\/>\n<w:LsdException Locked=\"false\" SemiHidden=\"true\" UnhideWhenUsed=\"true\" Name=\"index 5\"\/>\n<w:LsdException Locked=\"false\" SemiHidden=\"true\" UnhideWhenUsed=\"true\" Name=\"index 6\"\/>\n<w:LsdException Locked=\"false\" SemiHidden=\"true\" UnhideWhenUsed=\"true\" Name=\"index 7\"\/>\n<w:LsdException Locked=\"false\" SemiHidden=\"true\" UnhideWhenUsed=\"true\" Name=\"index 8\"\/>\n<w:LsdException Locked=\"false\" SemiHidden=\"true\" UnhideWhenUsed=\"true\" Name=\"index 9\"\/>\n<w:LsdException Locked=\"false\" Priority=\"39\" SemiHidden=\"true\" UnhideWhenUsed=\"true\" Name=\"toc 1\"\/>\n<w:LsdException Locked=\"false\" Priority=\"39\" SemiHidden=\"true\" UnhideWhenUsed=\"true\" Name=\"toc 2\"\/>\n<w:LsdException Locked=\"false\" Priority=\"39\" SemiHidden=\"true\" UnhideWhenUsed=\"true\" Name=\"toc 3\"\/>\n<w:LsdException Locked=\"false\" Priority=\"39\" SemiHidden=\"true\" UnhideWhenUsed=\"true\" Name=\"toc 4\"\/>\n<w:LsdException Locked=\"false\" Priority=\"39\" SemiHidden=\"true\" UnhideWhenUsed=\"true\" Name=\"toc 5\"\/>\n<w:LsdException Locked=\"false\" Priority=\"39\" SemiHidden=\"true\" UnhideWhenUsed=\"true\" Name=\"toc 6\"\/>\n<w:LsdException Locked=\"false\" Priority=\"39\" SemiHidden=\"true\" UnhideWhenUsed=\"true\" Name=\"toc 7\"\/>\n<w:LsdException Locked=\"false\" Priority=\"39\" SemiHidden=\"true\" UnhideWhenUsed=\"true\" Name=\"toc 8\"\/>\n<w:LsdException Locked=\"false\" Priority=\"39\" SemiHidden=\"true\" UnhideWhenUsed=\"true\" Name=\"toc 9\"\/>\n<w:LsdException Locked=\"false\" SemiHidden=\"true\" UnhideWhenUsed=\"true\" Name=\"Normal Indent\"\/>\n<w:LsdException Locked=\"false\" SemiHidden=\"true\" UnhideWhenUsed=\"true\" Name=\"footnote text\"\/>\n<w:LsdException Locked=\"false\" SemiHidden=\"true\" UnhideWhenUsed=\"true\" Name=\"annotation text\"\/>\n<w:LsdException Locked=\"false\" SemiHidden=\"true\" UnhideWhenUsed=\"true\" Name=\"header\"\/>\n<w:LsdException Locked=\"false\" SemiHidden=\"true\" UnhideWhenUsed=\"true\" Name=\"footer\"\/>\n<w:LsdException Locked=\"false\" SemiHidden=\"true\" UnhideWhenUsed=\"true\" Name=\"index heading\"\/>\n<w:LsdException Locked=\"false\" Priority=\"35\" SemiHidden=\"true\" UnhideWhenUsed=\"true\" QFormat=\"true\" Name=\"caption\"\/>\n<w:LsdException Locked=\"false\" SemiHidden=\"true\" UnhideWhenUsed=\"true\" Name=\"table of figures\"\/>\n<w:LsdException Locked=\"false\" SemiHidden=\"true\" UnhideWhenUsed=\"true\" Name=\"envelope address\"\/>\n<w:LsdException Locked=\"false\" SemiHidden=\"true\" UnhideWhenUsed=\"true\" Name=\"envelope return\"\/>\n<w:LsdException Locked=\"false\" SemiHidden=\"true\" UnhideWhenUsed=\"true\" Name=\"footnote reference\"\/>\n<w:LsdException Locked=\"false\" SemiHidden=\"true\" UnhideWhenUsed=\"true\" Name=\"annotation reference\"\/>\n<w:LsdException Locked=\"false\" SemiHidden=\"true\" UnhideWhenUsed=\"true\" Name=\"line number\"\/>\n<w:LsdException Locked=\"false\" SemiHidden=\"true\" UnhideWhenUsed=\"true\" Name=\"page number\"\/>\n<w:LsdException Locked=\"false\" SemiHidden=\"true\" UnhideWhenUsed=\"true\" Name=\"endnote reference\"\/>\n<w:LsdException Locked=\"false\" SemiHidden=\"true\" UnhideWhenUsed=\"true\" Name=\"endnote text\"\/>\n<w:LsdException Locked=\"false\" SemiHidden=\"true\" UnhideWhenUsed=\"true\" Name=\"table of authorities\"\/>\n<w:LsdException Locked=\"false\" SemiHidden=\"true\" UnhideWhenUsed=\"true\" Name=\"macro\"\/>\n<w:LsdException Locked=\"false\" SemiHidden=\"true\" UnhideWhenUsed=\"true\" Name=\"toa heading\"\/>\n<w:LsdException Locked=\"false\" SemiHidden=\"true\" UnhideWhenUsed=\"true\" Name=\"List\"\/>\n<w:LsdException Locked=\"false\" SemiHidden=\"true\" UnhideWhenUsed=\"true\" Name=\"List Bullet\"\/>\n<w:LsdException Locked=\"false\" SemiHidden=\"true\" UnhideWhenUsed=\"true\" Name=\"List Number\"\/>\n<w:LsdException Locked=\"false\" SemiHidden=\"true\" UnhideWhenUsed=\"true\" Name=\"List 2\"\/>\n<w:LsdException Locked=\"false\" SemiHidden=\"true\" UnhideWhenUsed=\"true\" Name=\"List 3\"\/>\n<w:LsdException Locked=\"false\" SemiHidden=\"true\" UnhideWhenUsed=\"true\" Name=\"List 4\"\/>\n<w:LsdException Locked=\"false\" SemiHidden=\"true\" UnhideWhenUsed=\"true\" Name=\"List 5\"\/>\n<w:LsdException Locked=\"false\" SemiHidden=\"true\" UnhideWhenUsed=\"true\" Name=\"List Bullet 2\"\/>\n<w:LsdException Locked=\"false\" SemiHidden=\"true\" UnhideWhenUsed=\"true\" Name=\"List Bullet 3\"\/>\n<w:LsdException Locked=\"false\" SemiHidden=\"true\" UnhideWhenUsed=\"true\" Name=\"List Bullet 4\"\/>\n<w:LsdException Locked=\"false\" SemiHidden=\"true\" UnhideWhenUsed=\"true\" Name=\"List Bullet 5\"\/>\n<w:LsdException Locked=\"false\" SemiHidden=\"true\" UnhideWhenUsed=\"true\" Name=\"List Number 2\"\/>\n<w:LsdException Locked=\"false\" SemiHidden=\"true\" UnhideWhenUsed=\"true\" Name=\"List Number 3\"\/>\n<w:LsdException Locked=\"false\" SemiHidden=\"true\" UnhideWhenUsed=\"true\" Name=\"List Number 4\"\/>\n<w:LsdException Locked=\"false\" SemiHidden=\"true\" UnhideWhenUsed=\"true\" Name=\"List Number 5\"\/>\n<w:LsdException Locked=\"false\" Priority=\"10\" QFormat=\"true\" Name=\"Title\"\/>\n<w:LsdException Locked=\"false\" SemiHidden=\"true\" UnhideWhenUsed=\"true\" Name=\"Closing\"\/>\n<w:LsdException Locked=\"false\" SemiHidden=\"true\" UnhideWhenUsed=\"true\" Name=\"Signature\"\/>\n<w:LsdException Locked=\"false\" Priority=\"1\" SemiHidden=\"true\" UnhideWhenUsed=\"true\" Name=\"Default Paragraph Font\"\/>\n<w:LsdException Locked=\"false\" SemiHidden=\"true\" UnhideWhenUsed=\"true\" Name=\"Body Text\"\/>\n<w:LsdException Locked=\"false\" SemiHidden=\"true\" UnhideWhenUsed=\"true\" Name=\"Body Text Indent\"\/>\n<w:LsdException Locked=\"false\" SemiHidden=\"true\" UnhideWhenUsed=\"true\" Name=\"List Continue\"\/>\n<w:LsdException Locked=\"false\" SemiHidden=\"true\" UnhideWhenUsed=\"true\" Name=\"List Continue 2\"\/>\n<w:LsdException Locked=\"false\" SemiHidden=\"true\" UnhideWhenUsed=\"true\" Name=\"List Continue 3\"\/>\n<w:LsdException Locked=\"false\" SemiHidden=\"true\" UnhideWhenUsed=\"true\" Name=\"List Continue 4\"\/>\n<w:LsdException Locked=\"false\" SemiHidden=\"true\" UnhideWhenUsed=\"true\" Name=\"List Continue 5\"\/>\n<w:LsdException Locked=\"false\" SemiHidden=\"true\" UnhideWhenUsed=\"true\" Name=\"Message Header\"\/>\n<w:LsdException Locked=\"false\" Priority=\"11\" QFormat=\"true\" Name=\"Subtitle\"\/>\n<w:LsdException Locked=\"false\" SemiHidden=\"true\" UnhideWhenUsed=\"true\" Name=\"Salutation\"\/>\n<w:LsdException Locked=\"false\" SemiHidden=\"true\" UnhideWhenUsed=\"true\" Name=\"Date\"\/>\n<w:LsdException Locked=\"false\" SemiHidden=\"true\" UnhideWhenUsed=\"true\" Name=\"Body Text First Indent\"\/>\n<w:LsdException Locked=\"false\" SemiHidden=\"true\" UnhideWhenUsed=\"true\" Name=\"Body Text First Indent 2\"\/>\n<w:LsdException Locked=\"false\" SemiHidden=\"true\" UnhideWhenUsed=\"true\" Name=\"Note Heading\"\/>\n<w:LsdException Locked=\"false\" SemiHidden=\"true\" UnhideWhenUsed=\"true\" Name=\"Body Text 2\"\/>\n<w:LsdException Locked=\"false\" SemiHidden=\"true\" UnhideWhenUsed=\"true\" Name=\"Body Text 3\"\/>\n<w:LsdException Locked=\"false\" SemiHidden=\"true\" UnhideWhenUsed=\"true\" Name=\"Body Text Indent 2\"\/>\n<w:LsdException Locked=\"false\" SemiHidden=\"true\" UnhideWhenUsed=\"true\" Name=\"Body Text Indent 3\"\/>\n<w:LsdException Locked=\"false\" SemiHidden=\"true\" UnhideWhenUsed=\"true\" Name=\"Block Text\"\/>\n<w:LsdException Locked=\"false\" SemiHidden=\"true\" UnhideWhenUsed=\"true\" Name=\"Hyperlink\"\/>\n<w:LsdException Locked=\"false\" SemiHidden=\"true\" UnhideWhenUsed=\"true\" Name=\"FollowedHyperlink\"\/>\n<w:LsdException Locked=\"false\" Priority=\"22\" QFormat=\"true\" Name=\"Strong\"\/>\n<w:LsdException Locked=\"false\" Priority=\"20\" QFormat=\"true\" Name=\"Emphasis\"\/>\n<w:LsdException Locked=\"false\" SemiHidden=\"true\" UnhideWhenUsed=\"true\" Name=\"Document Map\"\/>\n<w:LsdException Locked=\"false\" SemiHidden=\"true\" UnhideWhenUsed=\"true\" Name=\"Plain Text\"\/>\n<w:LsdException Locked=\"false\" SemiHidden=\"true\" UnhideWhenUsed=\"true\" Name=\"E-mail Signature\"\/>\n<w:LsdException Locked=\"false\" SemiHidden=\"true\" UnhideWhenUsed=\"true\" Name=\"HTML Top of Form\"\/>\n<w:LsdException Locked=\"false\" SemiHidden=\"true\" UnhideWhenUsed=\"true\" Name=\"HTML Bottom of Form\"\/>\n<w:LsdException Locked=\"false\" SemiHidden=\"true\" UnhideWhenUsed=\"true\" Name=\"Normal (Web)\"\/>\n<w:LsdException Locked=\"false\" SemiHidden=\"true\" UnhideWhenUsed=\"true\" Name=\"HTML Acronym\"\/>\n<w:LsdException Locked=\"false\" SemiHidden=\"true\" UnhideWhenUsed=\"true\" Name=\"HTML Address\"\/>\n<w:LsdException Locked=\"false\" SemiHidden=\"true\" UnhideWhenUsed=\"true\" Name=\"HTML Cite\"\/>\n<w:LsdException Locked=\"false\" SemiHidden=\"true\" UnhideWhenUsed=\"true\" Name=\"HTML Code\"\/>\n<w:LsdException Locked=\"false\" SemiHidden=\"true\" UnhideWhenUsed=\"true\" Name=\"HTML Definition\"\/>\n<w:LsdException Locked=\"false\" SemiHidden=\"true\" UnhideWhenUsed=\"true\" Name=\"HTML Keyboard\"\/>\n<w:LsdException Locked=\"false\" SemiHidden=\"true\" UnhideWhenUsed=\"true\" Name=\"HTML Preformatted\"\/>\n<w:LsdException Locked=\"false\" SemiHidden=\"true\" UnhideWhenUsed=\"true\" Name=\"HTML Sample\"\/>\n<w:LsdException Locked=\"false\" SemiHidden=\"true\" UnhideWhenUsed=\"true\" Name=\"HTML Typewriter\"\/>\n<w:LsdException Locked=\"false\" SemiHidden=\"true\" UnhideWhenUsed=\"true\" Name=\"HTML Variable\"\/>\n<w:LsdException Locked=\"false\" SemiHidden=\"true\" UnhideWhenUsed=\"true\" Name=\"Normal Table\"\/>\n<w:LsdException Locked=\"false\" SemiHidden=\"true\" UnhideWhenUsed=\"true\" Name=\"annotation subject\"\/>\n<w:LsdException Locked=\"false\" SemiHidden=\"true\" UnhideWhenUsed=\"true\" Name=\"No List\"\/>\n<w:LsdException Locked=\"false\" SemiHidden=\"true\" UnhideWhenUsed=\"true\" Name=\"Outline List 1\"\/>\n<w:LsdException Locked=\"false\" SemiHidden=\"true\" UnhideWhenUsed=\"true\" Name=\"Outline List 2\"\/>\n<w:LsdException Locked=\"false\" SemiHidden=\"true\" UnhideWhenUsed=\"true\" Name=\"Outline List 3\"\/>\n<w:LsdException Locked=\"false\" SemiHidden=\"true\" UnhideWhenUsed=\"true\" Name=\"Table Simple 1\"\/>\n<w:LsdException Locked=\"false\" SemiHidden=\"true\" UnhideWhenUsed=\"true\" Name=\"Table Simple 2\"\/>\n<w:LsdException Locked=\"false\" SemiHidden=\"true\" UnhideWhenUsed=\"true\" Name=\"Table Simple 3\"\/>\n<w:LsdException Locked=\"false\" SemiHidden=\"true\" UnhideWhenUsed=\"true\" Name=\"Table Classic 1\"\/>\n<w:LsdException Locked=\"false\" SemiHidden=\"true\" UnhideWhenUsed=\"true\" Name=\"Table Classic 2\"\/>\n<w:LsdException Locked=\"false\" SemiHidden=\"true\" UnhideWhenUsed=\"true\" Name=\"Table Classic 3\"\/>\n<w:LsdException Locked=\"false\" SemiHidden=\"true\" UnhideWhenUsed=\"true\" Name=\"Table Classic 4\"\/>\n<w:LsdException Locked=\"false\" SemiHidden=\"true\" UnhideWhenUsed=\"true\" Name=\"Table Colorful 1\"\/>\n<w:LsdException Locked=\"false\" SemiHidden=\"true\" UnhideWhenUsed=\"true\" Name=\"Table Colorful 2\"\/>\n<w:LsdException Locked=\"false\" SemiHidden=\"true\" UnhideWhenUsed=\"true\" Name=\"Table Colorful 3\"\/>\n<w:LsdException Locked=\"false\" SemiHidden=\"true\" UnhideWhenUsed=\"true\" Name=\"Table Columns 1\"\/>\n<w:LsdException Locked=\"false\" SemiHidden=\"true\" UnhideWhenUsed=\"true\" Name=\"Table Columns 2\"\/>\n<w:LsdException Locked=\"false\" SemiHidden=\"true\" UnhideWhenUsed=\"true\" Name=\"Table Columns 3\"\/>\n<w:LsdException Locked=\"false\" SemiHidden=\"true\" UnhideWhenUsed=\"true\" Name=\"Table Columns 4\"\/>\n<w:LsdException Locked=\"false\" SemiHidden=\"true\" UnhideWhenUsed=\"true\" Name=\"Table Columns 5\"\/>\n<w:LsdException Locked=\"false\" SemiHidden=\"true\" UnhideWhenUsed=\"true\" Name=\"Table Grid 1\"\/>\n<w:LsdException Locked=\"false\" SemiHidden=\"true\" UnhideWhenUsed=\"true\" Name=\"Table Grid 2\"\/>\n<w:LsdException Locked=\"false\" SemiHidden=\"true\" UnhideWhenUsed=\"true\" Name=\"Table Grid 3\"\/>\n<w:LsdException Locked=\"false\" SemiHidden=\"true\" UnhideWhenUsed=\"true\" Name=\"Table Grid 4\"\/>\n<w:LsdException Locked=\"false\" SemiHidden=\"true\" UnhideWhenUsed=\"true\" Name=\"Table Grid 5\"\/>\n<w:LsdException Locked=\"false\" SemiHidden=\"true\" UnhideWhenUsed=\"true\" Name=\"Table Grid 6\"\/>\n<w:LsdException Locked=\"false\" SemiHidden=\"true\" UnhideWhenUsed=\"true\" Name=\"Table Grid 7\"\/>\n<w:LsdException Locked=\"false\" SemiHidden=\"true\" UnhideWhenUsed=\"true\" Name=\"Table Grid 8\"\/>\n<w:LsdException Locked=\"false\" SemiHidden=\"true\" UnhideWhenUsed=\"true\" Name=\"Table List 1\"\/>\n<w:LsdException Locked=\"false\" SemiHidden=\"true\" UnhideWhenUsed=\"true\" Name=\"Table List 2\"\/>\n<w:LsdException Locked=\"false\" SemiHidden=\"true\" UnhideWhenUsed=\"true\" Name=\"Table List 3\"\/>\n<w:LsdException Locked=\"false\" SemiHidden=\"true\" UnhideWhenUsed=\"true\" Name=\"Table List 4\"\/>\n<w:LsdException Locked=\"false\" SemiHidden=\"true\" UnhideWhenUsed=\"true\" Name=\"Table List 5\"\/>\n<w:LsdException Locked=\"false\" SemiHidden=\"true\" UnhideWhenUsed=\"true\" Name=\"Table List 6\"\/>\n<w:LsdException Locked=\"false\" SemiHidden=\"true\" UnhideWhenUsed=\"true\" Name=\"Table List 7\"\/>\n<w:LsdException Locked=\"false\" SemiHidden=\"true\" UnhideWhenUsed=\"true\" Name=\"Table List 8\"\/>\n<w:LsdException Locked=\"false\" SemiHidden=\"true\" UnhideWhenUsed=\"true\" Name=\"Table 3D effects 1\"\/>\n<w:LsdException Locked=\"false\" SemiHidden=\"true\" UnhideWhenUsed=\"true\" Name=\"Table 3D effects 2\"\/>\n<w:LsdException Locked=\"false\" SemiHidden=\"true\" UnhideWhenUsed=\"true\" Name=\"Table 3D effects 3\"\/>\n<w:LsdException Locked=\"false\" SemiHidden=\"true\" UnhideWhenUsed=\"true\" Name=\"Table Contemporary\"\/>\n<w:LsdException Locked=\"false\" SemiHidden=\"true\" UnhideWhenUsed=\"true\" Name=\"Table Elegant\"\/>\n<w:LsdException Locked=\"false\" SemiHidden=\"true\" UnhideWhenUsed=\"true\" Name=\"Table Professional\"\/>\n<w:LsdException Locked=\"false\" SemiHidden=\"true\" UnhideWhenUsed=\"true\" Name=\"Table Subtle 1\"\/>\n<w:LsdException Locked=\"false\" SemiHidden=\"true\" UnhideWhenUsed=\"true\" Name=\"Table Subtle 2\"\/>\n<w:LsdException Locked=\"false\" SemiHidden=\"true\" UnhideWhenUsed=\"true\" Name=\"Table Web 1\"\/>\n<w:LsdException Locked=\"false\" SemiHidden=\"true\" UnhideWhenUsed=\"true\" Name=\"Table Web 2\"\/>\n<w:LsdException Locked=\"false\" SemiHidden=\"true\" UnhideWhenUsed=\"true\" Name=\"Table Web 3\"\/>\n<w:LsdException Locked=\"false\" SemiHidden=\"true\" UnhideWhenUsed=\"true\" Name=\"Balloon Text\"\/>\n<w:LsdException Locked=\"false\" Priority=\"39\" Name=\"Table Grid\"\/>\n<w:LsdException Locked=\"false\" SemiHidden=\"true\" UnhideWhenUsed=\"true\" Name=\"Table Theme\"\/>\n<w:LsdException Locked=\"false\" SemiHidden=\"true\" Name=\"Placeholder Text\"\/>\n<w:LsdException Locked=\"false\" Priority=\"1\" QFormat=\"true\" Name=\"No Spacing\"\/>\n<w:LsdException Locked=\"false\" Priority=\"60\" Name=\"Light Shading\"\/>\n<w:LsdException Locked=\"false\" Priority=\"61\" Name=\"Light List\"\/>\n<w:LsdException Locked=\"false\" Priority=\"62\" Name=\"Light Grid\"\/>\n<w:LsdException Locked=\"false\" Priority=\"63\" Name=\"Medium Shading 1\"\/>\n<w:LsdException Locked=\"false\" Priority=\"64\" Name=\"Medium Shading 2\"\/>\n<w:LsdException Locked=\"false\" Priority=\"65\" Name=\"Medium List 1\"\/>\n<w:LsdException Locked=\"false\" Priority=\"66\" Name=\"Medium List 2\"\/>\n<w:LsdException Locked=\"false\" Priority=\"67\" Name=\"Medium Grid 1\"\/>\n<w:LsdException Locked=\"false\" Priority=\"68\" Name=\"Medium Grid 2\"\/>\n<w:LsdException Locked=\"false\" Priority=\"69\" Name=\"Medium Grid 3\"\/>\n<w:LsdException Locked=\"false\" Priority=\"70\" Name=\"Dark List\"\/>\n<w:LsdException Locked=\"false\" Priority=\"71\" Name=\"Colorful Shading\"\/>\n<w:LsdException Locked=\"false\" Priority=\"72\" Name=\"Colorful List\"\/>\n<w:LsdException Locked=\"false\" Priority=\"73\" Name=\"Colorful Grid\"\/>\n<w:LsdException Locked=\"false\" Priority=\"60\" Name=\"Light Shading Accent 1\"\/>\n<w:LsdException Locked=\"false\" Priority=\"61\" Name=\"Light List Accent 1\"\/>\n<w:LsdException Locked=\"false\" Priority=\"62\" Name=\"Light Grid Accent 1\"\/>\n<w:LsdException Locked=\"false\" Priority=\"63\" Name=\"Medium Shading 1 Accent 1\"\/>\n<w:LsdException Locked=\"false\" Priority=\"64\" Name=\"Medium Shading 2 Accent 1\"\/>\n<w:LsdException Locked=\"false\" Priority=\"65\" Name=\"Medium List 1 Accent 1\"\/>\n<w:LsdException Locked=\"false\" SemiHidden=\"true\" Name=\"Revision\"\/>\n<w:LsdException Locked=\"false\" Priority=\"34\" QFormat=\"true\" Name=\"List Paragraph\"\/>\n<w:LsdException Locked=\"false\" Priority=\"29\" QFormat=\"true\" Name=\"Quote\"\/>\n<w:LsdException Locked=\"false\" Priority=\"30\" QFormat=\"true\" Name=\"Intense Quote\"\/>\n<w:LsdException Locked=\"false\" Priority=\"66\" Name=\"Medium List 2 Accent 1\"\/>\n<w:LsdException Locked=\"false\" Priority=\"67\" Name=\"Medium Grid 1 Accent 1\"\/>\n<w:LsdException Locked=\"false\" Priority=\"68\" Name=\"Medium Grid 2 Accent 1\"\/>\n<w:LsdException Locked=\"false\" Priority=\"69\" Name=\"Medium Grid 3 Accent 1\"\/>\n<w:LsdException Locked=\"false\" Priority=\"70\" Name=\"Dark List Accent 1\"\/>\n<w:LsdException Locked=\"false\" Priority=\"71\" Name=\"Colorful Shading Accent 1\"\/>\n<w:LsdException Locked=\"false\" Priority=\"72\" Name=\"Colorful List Accent 1\"\/>\n<w:LsdException Locked=\"false\" Priority=\"73\" Name=\"Colorful Grid Accent 1\"\/>\n<w:LsdException Locked=\"false\" Priority=\"60\" Name=\"Light Shading Accent 2\"\/>\n<w:LsdException Locked=\"false\" Priority=\"61\" Name=\"Light List Accent 2\"\/>\n<w:LsdException Locked=\"false\" Priority=\"62\" Name=\"Light Grid Accent 2\"\/>\n<w:LsdException Locked=\"false\" Priority=\"63\" Name=\"Medium Shading 1 Accent 2\"\/>\n<w:LsdException Locked=\"false\" Priority=\"64\" Name=\"Medium Shading 2 Accent 2\"\/>\n<w:LsdException Locked=\"false\" Priority=\"65\" Name=\"Medium List 1 Accent 2\"\/>\n<w:LsdException Locked=\"false\" Priority=\"66\" Name=\"Medium List 2 Accent 2\"\/>\n<w:LsdException Locked=\"false\" Priority=\"67\" Name=\"Medium Grid 1 Accent 2\"\/>\n<w:LsdException Locked=\"false\" Priority=\"68\" Name=\"Medium Grid 2 Accent 2\"\/>\n<w:LsdException Locked=\"false\" Priority=\"69\" Name=\"Medium Grid 3 Accent 2\"\/>\n<w:LsdException Locked=\"false\" Priority=\"70\" Name=\"Dark List Accent 2\"\/>\n<w:LsdException Locked=\"false\" Priority=\"71\" Name=\"Colorful Shading Accent 2\"\/>\n<w:LsdException Locked=\"false\" Priority=\"72\" Name=\"Colorful List Accent 2\"\/>\n<w:LsdException Locked=\"false\" Priority=\"73\" Name=\"Colorful Grid Accent 2\"\/>\n<w:LsdException Locked=\"false\" Priority=\"60\" Name=\"Light Shading Accent 3\"\/>\n<w:LsdException Locked=\"false\" Priority=\"61\" Name=\"Light List Accent 3\"\/>\n<w:LsdException Locked=\"false\" Priority=\"62\" Name=\"Light Grid Accent 3\"\/>\n<w:LsdException Locked=\"false\" Priority=\"63\" Name=\"Medium Shading 1 Accent 3\"\/>\n<w:LsdException Locked=\"false\" Priority=\"64\" Name=\"Medium Shading 2 Accent 3\"\/>\n<w:LsdException Locked=\"false\" Priority=\"65\" Name=\"Medium List 1 Accent 3\"\/>\n<w:LsdException Locked=\"false\" Priority=\"66\" Name=\"Medium List 2 Accent 3\"\/>\n<w:LsdException Locked=\"false\" Priority=\"67\" Name=\"Medium Grid 1 Accent 3\"\/>\n<w:LsdException Locked=\"false\" Priority=\"68\" Name=\"Medium Grid 2 Accent 3\"\/>\n<w:LsdException Locked=\"false\" Priority=\"69\" Name=\"Medium Grid 3 Accent 3\"\/>\n<w:LsdException Locked=\"false\" Priority=\"70\" Name=\"Dark List Accent 3\"\/>\n<w:LsdException Locked=\"false\" Priority=\"71\" Name=\"Colorful Shading Accent 3\"\/>\n<w:LsdException Locked=\"false\" Priority=\"72\" Name=\"Colorful List Accent 3\"\/>\n<w:LsdException Locked=\"false\" Priority=\"73\" Name=\"Colorful Grid Accent 3\"\/>\n<w:LsdException Locked=\"false\" Priority=\"60\" Name=\"Light Shading Accent 4\"\/>\n<w:LsdException Locked=\"false\" Priority=\"61\" Name=\"Light List Accent 4\"\/>\n<w:LsdException Locked=\"false\" Priority=\"62\" Name=\"Light Grid Accent 4\"\/>\n<w:LsdException Locked=\"false\" Priority=\"63\" Name=\"Medium Shading 1 Accent 4\"\/>\n<w:LsdException Locked=\"false\" Priority=\"64\" Name=\"Medium Shading 2 Accent 4\"\/>\n<w:LsdException Locked=\"false\" Priority=\"65\" Name=\"Medium List 1 Accent 4\"\/>\n<w:LsdException Locked=\"false\" Priority=\"66\" Name=\"Medium List 2 Accent 4\"\/>\n<w:LsdException Locked=\"false\" Priority=\"67\" Name=\"Medium Grid 1 Accent 4\"\/>\n<w:LsdException Locked=\"false\" Priority=\"68\" Name=\"Medium Grid 2 Accent 4\"\/>\n<w:LsdException Locked=\"false\" Priority=\"69\" Name=\"Medium Grid 3 Accent 4\"\/>\n<w:LsdException Locked=\"false\" Priority=\"70\" Name=\"Dark List Accent 4\"\/>\n<w:LsdException Locked=\"false\" Priority=\"71\" Name=\"Colorful Shading Accent 4\"\/>\n<w:LsdException Locked=\"false\" Priority=\"72\" Name=\"Colorful List Accent 4\"\/>\n<w:LsdException Locked=\"false\" Priority=\"73\" Name=\"Colorful Grid Accent 4\"\/>\n<w:LsdException Locked=\"false\" Priority=\"60\" Name=\"Light Shading Accent 5\"\/>\n<w:LsdException Locked=\"false\" Priority=\"61\" Name=\"Light List Accent 5\"\/>\n<w:LsdException Locked=\"false\" Priority=\"62\" Name=\"Light Grid Accent 5\"\/>\n<w:LsdException Locked=\"false\" Priority=\"63\" Name=\"Medium Shading 1 Accent 5\"\/>\n<w:LsdException Locked=\"false\" Priority=\"64\" Name=\"Medium Shading 2 Accent 5\"\/>\n<w:LsdException Locked=\"false\" Priority=\"65\" Name=\"Medium List 1 Accent 5\"\/>\n<w:LsdException Locked=\"false\" Priority=\"66\" Name=\"Medium List 2 Accent 5\"\/>\n<w:LsdException Locked=\"false\" Priority=\"67\" Name=\"Medium Grid 1 Accent 5\"\/>\n<w:LsdException Locked=\"false\" Priority=\"68\" Name=\"Medium Grid 2 Accent 5\"\/>\n<w:LsdException Locked=\"false\" Priority=\"69\" Name=\"Medium Grid 3 Accent 5\"\/>\n<w:LsdException Locked=\"false\" Priority=\"70\" Name=\"Dark List Accent 5\"\/>\n<w:LsdException Locked=\"false\" Priority=\"71\" Name=\"Colorful Shading Accent 5\"\/>\n<w:LsdException Locked=\"false\" Priority=\"72\" Name=\"Colorful List Accent 5\"\/>\n<w:LsdException Locked=\"false\" Priority=\"73\" Name=\"Colorful Grid Accent 5\"\/>\n<w:LsdException Locked=\"false\" Priority=\"60\" Name=\"Light Shading Accent 6\"\/>\n<w:LsdException Locked=\"false\" Priority=\"61\" Name=\"Light List Accent 6\"\/>\n<w:LsdException Locked=\"false\" Priority=\"62\" Name=\"Light Grid Accent 6\"\/>\n<w:LsdException Locked=\"false\" Priority=\"63\" Name=\"Medium Shading 1 Accent 6\"\/>\n<w:LsdException Locked=\"false\" Priority=\"64\" Name=\"Medium Shading 2 Accent 6\"\/>\n<w:LsdException Locked=\"false\" Priority=\"65\" Name=\"Medium List 1 Accent 6\"\/>\n<w:LsdException Locked=\"false\" Priority=\"66\" Name=\"Medium List 2 Accent 6\"\/>\n<w:LsdException Locked=\"false\" Priority=\"67\" Name=\"Medium Grid 1 Accent 6\"\/>\n<w:LsdException Locked=\"false\" Priority=\"68\" Name=\"Medium Grid 2 Accent 6\"\/>\n<w:LsdException Locked=\"false\" Priority=\"69\" Name=\"Medium Grid 3 Accent 6\"\/>\n<w:LsdException Locked=\"false\" Priority=\"70\" Name=\"Dark List Accent 6\"\/>\n<w:LsdException Locked=\"false\" Priority=\"71\" Name=\"Colorful Shading Accent 6\"\/>\n<w:LsdException Locked=\"false\" Priority=\"72\" Name=\"Colorful List Accent 6\"\/>\n<w:LsdException Locked=\"false\" Priority=\"73\" Name=\"Colorful Grid Accent 6\"\/>\n<w:LsdException Locked=\"false\" Priority=\"19\" QFormat=\"true\" Name=\"Subtle Emphasis\"\/>\n<w:LsdException Locked=\"false\" Priority=\"21\" QFormat=\"true\" Name=\"Intense Emphasis\"\/>\n<w:LsdException Locked=\"false\" Priority=\"31\" QFormat=\"true\" Name=\"Subtle Reference\"\/>\n<w:LsdException Locked=\"false\" Priority=\"32\" QFormat=\"true\" Name=\"Intense Reference\"\/>\n<w:LsdException Locked=\"false\" Priority=\"33\" QFormat=\"true\" Name=\"Book Title\"\/>\n<w:LsdException Locked=\"false\" Priority=\"37\" SemiHidden=\"true\" UnhideWhenUsed=\"true\" Name=\"Bibliography\"\/>\n<w:LsdException Locked=\"false\" Priority=\"39\" SemiHidden=\"true\" UnhideWhenUsed=\"true\" QFormat=\"true\" Name=\"TOC Heading\"\/>\n<w:LsdException Locked=\"false\" Priority=\"41\" Name=\"Plain Table 1\"\/>\n<w:LsdException Locked=\"false\" Priority=\"42\" Name=\"Plain Table 2\"\/>\n<w:LsdException Locked=\"false\" Priority=\"43\" Name=\"Plain Table 3\"\/>\n<w:LsdException Locked=\"false\" Priority=\"44\" Name=\"Plain Table 4\"\/>\n<w:LsdException Locked=\"false\" Priority=\"45\" Name=\"Plain Table 5\"\/>\n<w:LsdException Locked=\"false\" Priority=\"40\" Name=\"Grid Table Light\"\/>\n<w:LsdException Locked=\"false\" Priority=\"46\" Name=\"Grid Table 1 Light\"\/>\n<w:LsdException Locked=\"false\" Priority=\"47\" Name=\"Grid Table 2\"\/>\n<w:LsdException Locked=\"false\" Priority=\"48\" Name=\"Grid Table 3\"\/>\n<w:LsdException Locked=\"false\" Priority=\"49\" Name=\"Grid Table 4\"\/>\n<w:LsdException Locked=\"false\" Priority=\"50\" Name=\"Grid Table 5 Dark\"\/>\n<w:LsdException Locked=\"false\" Priority=\"51\" Name=\"Grid Table 6 Colorful\"\/>\n<w:LsdException Locked=\"false\" Priority=\"52\" Name=\"Grid Table 7 Colorful\"\/>\n<w:LsdException Locked=\"false\" Priority=\"46\" Name=\"Grid Table 1 Light Accent 1\"\/>\n<w:LsdException Locked=\"false\" Priority=\"47\" Name=\"Grid Table 2 Accent 1\"\/>\n<w:LsdException Locked=\"false\" Priority=\"48\" Name=\"Grid Table 3 Accent 1\"\/>\n<w:LsdException Locked=\"false\" Priority=\"49\" Name=\"Grid Table 4 Accent 1\"\/>\n<w:LsdException Locked=\"false\" Priority=\"50\" Name=\"Grid Table 5 Dark Accent 1\"\/>\n<w:LsdException Locked=\"false\" Priority=\"51\" Name=\"Grid Table 6 Colorful Accent 1\"\/>\n<w:LsdException Locked=\"false\" Priority=\"52\" Name=\"Grid Table 7 Colorful Accent 1\"\/>\n<w:LsdException Locked=\"false\" Priority=\"46\" Name=\"Grid Table 1 Light Accent 2\"\/>\n<w:LsdException Locked=\"false\" Priority=\"47\" Name=\"Grid Table 2 Accent 2\"\/>\n<w:LsdException Locked=\"false\" Priority=\"48\" Name=\"Grid Table 3 Accent 2\"\/>\n<w:LsdException Locked=\"false\" Priority=\"49\" Name=\"Grid Table 4 Accent 2\"\/>\n<w:LsdException Locked=\"false\" Priority=\"50\" Name=\"Grid Table 5 Dark Accent 2\"\/>\n<w:LsdException Locked=\"false\" Priority=\"51\" Name=\"Grid Table 6 Colorful Accent 2\"\/>\n<w:LsdException Locked=\"false\" Priority=\"52\" Name=\"Grid Table 7 Colorful Accent 2\"\/>\n<w:LsdException Locked=\"false\" Priority=\"46\" Name=\"Grid Table 1 Light Accent 3\"\/>\n<w:LsdException Locked=\"false\" Priority=\"47\" Name=\"Grid Table 2 Accent 3\"\/>\n<w:LsdException Locked=\"false\" Priority=\"48\" Name=\"Grid Table 3 Accent 3\"\/>\n<w:LsdException Locked=\"false\" Priority=\"49\" Name=\"Grid Table 4 Accent 3\"\/>\n<w:LsdException Locked=\"false\" Priority=\"50\" Name=\"Grid Table 5 Dark Accent 3\"\/>\n<w:LsdException Locked=\"false\" Priority=\"51\" Name=\"Grid Table 6 Colorful Accent 3\"\/>\n<w:LsdException Locked=\"false\" Priority=\"52\" Name=\"Grid Table 7 Colorful Accent 3\"\/>\n<w:LsdException Locked=\"false\" Priority=\"46\" Name=\"Grid Table 1 Light Accent 4\"\/>\n<w:LsdException Locked=\"false\" Priority=\"47\" Name=\"Grid Table 2 Accent 4\"\/>\n<w:LsdException Locked=\"false\" Priority=\"48\" Name=\"Grid Table 3 Accent 4\"\/>\n<w:LsdException Locked=\"false\" Priority=\"49\" Name=\"Grid Table 4 Accent 4\"\/>\n<w:LsdException Locked=\"false\" Priority=\"50\" Name=\"Grid Table 5 Dark Accent 4\"\/>\n<w:LsdException Locked=\"false\" Priority=\"51\" Name=\"Grid Table 6 Colorful Accent 4\"\/>\n<w:LsdException Locked=\"false\" Priority=\"52\" Name=\"Grid Table 7 Colorful Accent 4\"\/>\n<w:LsdException Locked=\"false\" Priority=\"46\" Name=\"Grid Table 1 Light Accent 5\"\/>\n<w:LsdException Locked=\"false\" Priority=\"47\" Name=\"Grid Table 2 Accent 5\"\/>\n<w:LsdException Locked=\"false\" Priority=\"48\" Name=\"Grid Table 3 Accent 5\"\/>\n<w:LsdException Locked=\"false\" Priority=\"49\" Name=\"Grid Table 4 Accent 5\"\/>\n<w:LsdException Locked=\"false\" Priority=\"50\" Name=\"Grid Table 5 Dark Accent 5\"\/>\n<w:LsdException Locked=\"false\" Priority=\"51\" Name=\"Grid Table 6 Colorful Accent 5\"\/>\n<w:LsdException Locked=\"false\" Priority=\"52\" Name=\"Grid Table 7 Colorful Accent 5\"\/>\n<w:LsdException Locked=\"false\" Priority=\"46\" Name=\"Grid Table 1 Light Accent 6\"\/>\n<w:LsdException Locked=\"false\" Priority=\"47\" Name=\"Grid Table 2 Accent 6\"\/>\n<w:LsdException Locked=\"false\" Priority=\"48\" Name=\"Grid Table 3 Accent 6\"\/>\n<w:LsdException Locked=\"false\" Priority=\"49\" Name=\"Grid Table 4 Accent 6\"\/>\n<w:LsdException Locked=\"false\" Priority=\"50\" Name=\"Grid Table 5 Dark Accent 6\"\/>\n<w:LsdException Locked=\"false\" Priority=\"51\" Name=\"Grid Table 6 Colorful Accent 6\"\/>\n<w:LsdException Locked=\"false\" Priority=\"52\" Name=\"Grid Table 7 Colorful Accent 6\"\/>\n<w:LsdException Locked=\"false\" Priority=\"46\" Name=\"List Table 1 Light\"\/>\n<w:LsdException Locked=\"false\" Priority=\"47\" Name=\"List Table 2\"\/>\n<w:LsdException Locked=\"false\" Priority=\"48\" Name=\"List Table 3\"\/>\n<w:LsdException Locked=\"false\" Priority=\"49\" Name=\"List Table 4\"\/>\n<w:LsdException Locked=\"false\" Priority=\"50\" Name=\"List Table 5 Dark\"\/>\n<w:LsdException Locked=\"false\" Priority=\"51\" Name=\"List Table 6 Colorful\"\/>\n<w:LsdException Locked=\"false\" Priority=\"52\" Name=\"List Table 7 Colorful\"\/>\n<w:LsdException Locked=\"false\" Priority=\"46\" Name=\"List Table 1 Light Accent 1\"\/>\n<w:LsdException Locked=\"false\" Priority=\"47\" Name=\"List Table 2 Accent 1\"\/>\n<w:LsdException Locked=\"false\" Priority=\"48\" Name=\"List Table 3 Accent 1\"\/>\n<w:LsdException Locked=\"false\" Priority=\"49\" Name=\"List Table 4 Accent 1\"\/>\n<w:LsdException Locked=\"false\" Priority=\"50\" Name=\"List Table 5 Dark Accent 1\"\/>\n<w:LsdException Locked=\"false\" Priority=\"51\" Name=\"List Table 6 Colorful Accent 1\"\/>\n<w:LsdException Locked=\"false\" Priority=\"52\" Name=\"List Table 7 Colorful Accent 1\"\/>\n<w:LsdException Locked=\"false\" Priority=\"46\" Name=\"List Table 1 Light Accent 2\"\/>\n<w:LsdException Locked=\"false\" Priority=\"47\" Name=\"List Table 2 Accent 2\"\/>\n<w:LsdException Locked=\"false\" Priority=\"48\" Name=\"List Table 3 Accent 2\"\/>\n<w:LsdException Locked=\"false\" Priority=\"49\" Name=\"List Table 4 Accent 2\"\/>\n<w:LsdException Locked=\"false\" Priority=\"50\" Name=\"List Table 5 Dark Accent 2\"\/>\n<w:LsdException Locked=\"false\" Priority=\"51\" Name=\"List Table 6 Colorful Accent 2\"\/>\n<w:LsdException Locked=\"false\" Priority=\"52\" Name=\"List Table 7 Colorful Accent 2\"\/>\n<w:LsdException Locked=\"false\" Priority=\"46\" Name=\"List Table 1 Light Accent 3\"\/>\n<w:LsdException Locked=\"false\" Priority=\"47\" Name=\"List Table 2 Accent 3\"\/>\n<w:LsdException Locked=\"false\" Priority=\"48\" Name=\"List Table 3 Accent 3\"\/>\n<w:LsdException Locked=\"false\" Priority=\"49\" Name=\"List Table 4 Accent 3\"\/>\n<w:LsdException Locked=\"false\" Priority=\"50\" Name=\"List Table 5 Dark Accent 3\"\/>\n<w:LsdException Locked=\"false\" Priority=\"51\" Name=\"List Table 6 Colorful Accent 3\"\/>\n<w:LsdException Locked=\"false\" Priority=\"52\" Name=\"List Table 7 Colorful Accent 3\"\/>\n<w:LsdException Locked=\"false\" Priority=\"46\" Name=\"List Table 1 Light Accent 4\"\/>\n<w:LsdException Locked=\"false\" Priority=\"47\" Name=\"List Table 2 Accent 4\"\/>\n<w:LsdException Locked=\"false\" Priority=\"48\" Name=\"List Table 3 Accent 4\"\/>\n<w:LsdException Locked=\"false\" Priority=\"49\" Name=\"List Table 4 Accent 4\"\/>\n<w:LsdException Locked=\"false\" Priority=\"50\" Name=\"List Table 5 Dark Accent 4\"\/>\n<w:LsdException Locked=\"false\" Priority=\"51\" Name=\"List Table 6 Colorful Accent 4\"\/>\n<w:LsdException Locked=\"false\" Priority=\"52\" Name=\"List Table 7 Colorful Accent 4\"\/>\n<w:LsdException Locked=\"false\" Priority=\"46\" Name=\"List Table 1 Light Accent 5\"\/>\n<w:LsdException Locked=\"false\" Priority=\"47\" Name=\"List Table 2 Accent 5\"\/>\n<w:LsdException Locked=\"false\" Priority=\"48\" Name=\"List Table 3 Accent 5\"\/>\n<w:LsdException Locked=\"false\" Priority=\"49\" Name=\"List Table 4 Accent 5\"\/>\n<w:LsdException Locked=\"false\" Priority=\"50\" Name=\"List Table 5 Dark Accent 5\"\/>\n<w:LsdException Locked=\"false\" Priority=\"51\" Name=\"List Table 6 Colorful Accent 5\"\/>\n<w:LsdException Locked=\"false\" Priority=\"52\" Name=\"List Table 7 Colorful Accent 5\"\/>\n<w:LsdException Locked=\"false\" Priority=\"46\" Name=\"List Table 1 Light Accent 6\"\/>\n<w:LsdException Locked=\"false\" Priority=\"47\" Name=\"List Table 2 Accent 6\"\/>\n<w:LsdException Locked=\"false\" Priority=\"48\" Name=\"List Table 3 Accent 6\"\/>\n<w:LsdException Locked=\"false\" Priority=\"49\" Name=\"List Table 4 Accent 6\"\/>\n<w:LsdException Locked=\"false\" Priority=\"50\" Name=\"List Table 5 Dark Accent 6\"\/>\n<w:LsdException Locked=\"false\" Priority=\"51\" Name=\"List Table 6 Colorful Accent 6\"\/>\n<w:LsdException Locked=\"false\" Priority=\"52\" Name=\"List Table 7 Colorful Accent 6\"\/>\n<w:LsdException Locked=\"false\" SemiHidden=\"true\" UnhideWhenUsed=\"true\" Name=\"Mention\"\/>\n<w:LsdException Locked=\"false\" SemiHidden=\"true\" UnhideWhenUsed=\"true\" Name=\"Smart Hyperlink\"\/>\n<w:LsdException Locked=\"false\" SemiHidden=\"true\" UnhideWhenUsed=\"true\" Name=\"Hashtag\"\/>\n<w:LsdException Locked=\"false\" SemiHidden=\"true\" UnhideWhenUsed=\"true\" Name=\"Unresolved Mention\"\/>\n<w:LsdException Locked=\"false\" SemiHidden=\"true\" UnhideWhenUsed=\"true\" Name=\"Smart Link\"\/>\n<\/w:LatentStyles>\n<\/xml><!&#091;endif&#093;--><!-- &#091;if gte mso 10&#093;>\n\n\n\n\n\n\n\n<style>\n \/* Style Definitions *\/<br \/> table.MsoNormalTable<br \/>\t{mso-style-name:\"Normale Tabelle\";<br \/>\tmso-tstyle-rowband-size:0;<br \/>\tmso-tstyle-colband-size:0;<br \/>\tmso-style-noshow:yes;<br \/>\tmso-style-priority:99;<br \/>\tmso-style-parent:\"\";<br \/>\tmso-padding-alt:0cm 5.4pt 0cm 5.4pt;<br \/>\tmso-para-margin-top:0cm;<br \/>\tmso-para-margin-right:0cm;<br \/>\tmso-para-margin-bottom:10.0pt;<br \/>\tmso-para-margin-left:0cm;<br \/>\tline-height:115%;<br \/>\tmso-pagination:widow-orphan;<br \/>\tfont-size:11.0pt;<br \/>\tfont-family:\"Calibri\",sans-serif;<br \/>\tmso-ascii-font-family:Calibri;<br \/>\tmso-ascii-theme-font:minor-latin;<br \/>\tmso-hansi-font-family:Calibri;<br \/>\tmso-hansi-theme-font:minor-latin;<br \/>\tmso-bidi-font-family:\"Times New Roman\";<br \/>\tmso-bidi-theme-font:minor-bidi;<br \/>\tmso-fareast-language:EN-US;}<br \/><\/style>\n\n\n\n\n\n<!&#091;endif&#093;--><\/p>\n<h4 style=\"margin: 3.0pt 0cm 0cm 0cm;\"><strong>\u25cf Das Denkmal ist \u2026 Diskussion<\/strong><\/h4>\n<h5 style=\"margin: 3.0pt 0cm 0cm 0cm;\">Sonntag, 10. September, 16 Uhr, Diskussionsveranstaltung: \u201eWas kann ein Denkmal f\u00fcr die Friedliche Revolution erz\u00e4hlen?\u201c; Ort: Denkmalwerkstatt, Kupfergasse 2<\/h5>\n<h4 style=\"margin: 3.0pt 0cm 0cm 0cm;\"><strong>\u25cf Das Denkmal ist \u2026 Perspektivenvielfalt<\/strong><\/h4>\n<h5 style=\"margin: 3.0pt 0cm 0cm 0cm;\">Donnerstag, 14. September, 19 Uhr- 20:30 Uhr, Lesung: \u201eErinnern st\u00f6ren. Der Mauerfall aus migrantischer und j\u00fcdischer Perspektive\u201c; Ort: Stadtbibliothek, \u201eHuldreich Gro\u00df\u201c, 4. OG<\/h5>\n<h4 style=\"margin: 3.0pt 0cm 0cm 0cm;\"><strong>\u25cf Das Denkmal ist \u2026 Austausch<\/strong><\/h4>\n<h5 style=\"margin: 3.0pt 0cm 0cm 0cm;\">Freitag, 22. September, 18 Uhr, Kurator*innenf\u00fchrung; Ort: Wilhelm-Leuschner-Platz<\/h5>\n<h4 style=\"margin: 3.0pt 0cm 0cm 0cm;\"><strong>\u25cf <a href=\"..\/wp-content\/uploads\/2023\/09\/Schreibworkshop.pdf\" target=\"_blank\" rel=\"noopener\">Das Denkmal ist \u2026 Erinnerungsarbeit<\/a><\/strong><\/h4>\n<h5 style=\"margin: 3.0pt 0cm 0cm 0cm;\">Samstag, 30. September, 11 Uhr: <a href=\"..\/wp-content\/uploads\/2023\/09\/Schreibworkshop.pdf\" target=\"_blank\" rel=\"noopener\">Schreibworkshop<\/a> \u201eAssoziation zu und Erinnerung an die Friedliche Revolution\u201c mit Sibylla Vri\u010di\u0107 Hausmann; Ort: Stadtbibliothek, Leipzig-Zimmer<\/h5>\n<h4 style=\"margin: 3.0pt 0cm 0cm 0cm;\"><strong>\u25cf Das Denkmal ist \u2026 ein Aushandlungsprozess<\/strong><\/h4>\n<h5 style=\"margin: 3.0pt 0cm 0cm 0cm;\">Donnerstag, 5. Oktober, 18 Uhr, Diskussionsveranstaltung: \u201eProzess, Teilhabe, Vermittlung\u201c + Performance von Esper Postma; Ort: GfzK<\/h5>\n<h5 style=\"margin: 3.0pt 0cm 0cm 0cm;\"><strong>\u25cf<\/strong> Jeden Sonntag um 12 \u2013 13 Uhr gibt es zudem dialogische F\u00fchrungen zur Ausstellung mit den Vermittler:innen. Ort: REH, Wilhelm-Leuschner-Platz<\/h5>\n<h5 style=\"text-align: center; margin: 3.0pt 0cm 0cm 0cm;\" align=\"center\"><a href=\"..\/wp-content\/uploads\/2023\/09\/7.9-Rahmenprogramm.pdf\" target=\"_blank\" rel=\"noopener\"><strong><span style=\"color: windowtext; text-decoration: none; text-underline: none;\">Das Rahmenprogramm im Detail<\/span><\/strong><\/a><\/h5>\n<\/div><\/section><\/div>\n<div class='av-flex-placeholder'><\/div>\n<style type=\"text\/css\" data-created_by=\"avia_inline_auto\" id=\"style-css-av-4bwvb5-efede6648bb09b96367854dd05a88b51\">\n.flex_column.av-4bwvb5-efede6648bb09b96367854dd05a88b51{\nwidth:39.7%;\nmargin-left:0;\npadding:0 0 0 50px;\n}\n#top .flex_column_table.av-equal-height-column-flextable.av-4bwvb5-efede6648bb09b96367854dd05a88b51 .av-flex-placeholder{\nwidth:0.5%;\n}\n<\/style>\n<div  class='flex_column av-4bwvb5-efede6648bb09b96367854dd05a88b51 av_two_fifth  avia-builder-el-35  el_after_av_three_fifth  el_before_av_hr  flex_column_table_cell av-equal-height-column av-align-middle av-animated-generic pop-up'     ><style type=\"text\/css\" data-created_by=\"avia_inline_auto\" id=\"style-css-av-llw1tah3-260cc62c6bd4b23667982cccb5e21efc\">\n.avia-image-container.av-llw1tah3-260cc62c6bd4b23667982cccb5e21efc img.avia_image{\nbox-shadow:none;\n}\n.avia-image-container.av-llw1tah3-260cc62c6bd4b23667982cccb5e21efc .av-image-caption-overlay-center{\ncolor:#ffffff;\n}\n<\/style>\n<div  class='avia-image-container av-llw1tah3-260cc62c6bd4b23667982cccb5e21efc av-styling- av-img-linked avia-align-center  avia-builder-el-36  avia-builder-el-no-sibling'   itemprop=\"image\" itemscope=\"itemscope\" itemtype=\"https:\/\/schema.org\/ImageObject\" ><div class=\"avia-image-container-inner\"><div class=\"avia-image-overlay-wrap\"><a href=\"https:\/\/freiheitsdenkmal-leipzig.de\/wp-content\/uploads\/2023\/08\/Rahmenprogramm-23-08-25.pdf\" class='avia_image' target=\"_blank\" rel=\"noopener noreferrer\" aria-label='rahmenprogramm-zur-ausstellung'><img decoding=\"async\" fetchpriority=\"high\" class='wp-image-4327 avia-img-lazy-loading-not-4327 avia_image' src=\"https:\/\/freiheitsdenkmal-leipzig.de\/wp-content\/uploads\/2023\/08\/rahmenprogramm-zur-ausstellung.jpg\" alt='' title='rahmenprogramm-zur-ausstellung'  height=\"2362\" width=\"2362\"  itemprop=\"thumbnailUrl\" srcset=\"https:\/\/freiheitsdenkmal-leipzig.de\/wp-content\/uploads\/2023\/08\/rahmenprogramm-zur-ausstellung.jpg 2362w, https:\/\/freiheitsdenkmal-leipzig.de\/wp-content\/uploads\/2023\/08\/rahmenprogramm-zur-ausstellung-300x300.jpg 300w, https:\/\/freiheitsdenkmal-leipzig.de\/wp-content\/uploads\/2023\/08\/rahmenprogramm-zur-ausstellung-1030x1030.jpg 1030w, https:\/\/freiheitsdenkmal-leipzig.de\/wp-content\/uploads\/2023\/08\/rahmenprogramm-zur-ausstellung-80x80.jpg 80w, https:\/\/freiheitsdenkmal-leipzig.de\/wp-content\/uploads\/2023\/08\/rahmenprogramm-zur-ausstellung-768x768.jpg 768w, https:\/\/freiheitsdenkmal-leipzig.de\/wp-content\/uploads\/2023\/08\/rahmenprogramm-zur-ausstellung-1536x1536.jpg 1536w, https:\/\/freiheitsdenkmal-leipzig.de\/wp-content\/uploads\/2023\/08\/rahmenprogramm-zur-ausstellung-2048x2048.jpg 2048w, https:\/\/freiheitsdenkmal-leipzig.de\/wp-content\/uploads\/2023\/08\/rahmenprogramm-zur-ausstellung-12x12.jpg 12w, https:\/\/freiheitsdenkmal-leipzig.de\/wp-content\/uploads\/2023\/08\/rahmenprogramm-zur-ausstellung-36x36.jpg 36w, https:\/\/freiheitsdenkmal-leipzig.de\/wp-content\/uploads\/2023\/08\/rahmenprogramm-zur-ausstellung-180x180.jpg 180w, https:\/\/freiheitsdenkmal-leipzig.de\/wp-content\/uploads\/2023\/08\/rahmenprogramm-zur-ausstellung-1500x1500.jpg 1500w, https:\/\/freiheitsdenkmal-leipzig.de\/wp-content\/uploads\/2023\/08\/rahmenprogramm-zur-ausstellung-705x705.jpg 705w\" sizes=\"(max-width: 2362px) 100vw, 2362px\" \/><\/a><\/div><\/div><\/div><\/div><\/div><!--close column table wrapper. Autoclose: 1 -->\n<div  class='hr av-3azs35-e0d90cbffd07565bdcfbf9dcd3ec43fd hr-default  avia-builder-el-37  el_after_av_two_fifth  el_before_av_one_full'><span class='hr-inner'><span class=\"hr-inner-style\"><\/span><\/span><\/div>\n<div  id=\"videos\"  class='flex_column av-494zmp-57be2cd064430e62a45c345c527e7557 av_one_full  avia-builder-el-38  el_after_av_hr  el_before_av_two_fifth  first flex_column_div'     ><style type=\"text\/css\" data-created_by=\"avia_inline_auto\" id=\"style-css-av-loimnr6a-f76e689671c0e84167c5f2275b76ea27\">\n#top .av_textblock_section.av-loimnr6a-f76e689671c0e84167c5f2275b76ea27 .avia_textblock{\nfont-size:10px;\n}\n<\/style>\n<section  class='av_textblock_section av-loimnr6a-f76e689671c0e84167c5f2275b76ea27'   itemscope=\"itemscope\" itemtype=\"https:\/\/schema.org\/CreativeWork\" ><div class='avia_textblock av_inherit_color'  itemprop=\"text\" ><h3 style=\"text-align: center;\"><strong>Das Denkmal ist \u2026 im Gespr\u00e4ch<\/strong><\/h3>\n<h3 style=\"text-align: center;\">Videoaufzeichnungen der Begleitveranstaltungen am 10. September und 5. Oktober 2023<\/h3>\n<\/div><\/section><\/div>\n<div class='flex_column_table av-3j39wx-974a579f0a24160767907be5afaf2cf9 sc-av_two_fifth av-equal-height-column-flextable'><div  class='flex_column av-3j39wx-974a579f0a24160767907be5afaf2cf9 av_two_fifth  avia-builder-el-40  el_after_av_one_full  el_before_av_two_fifth  first flex_column_table_cell av-equal-height-column av-align-top  column-top-margin'     ><p><div  class='avia-video av-loimjl4v-02c0dcdd0d162abb243850548edde15b avia-video-16-9 av-no-preview-image avia-video-load-always av-lazyload-immediate av-lazyload-video-embed'  itemprop=\"video\" itemtype=\"https:\/\/schema.org\/VideoObject\"  data-original_url='https:\/\/www.youtube.com\/watch?v=nG80bhWrDc8'><script type='text\/html' class='av-video-tmpl'><div class='avia-iframe-wrap'><iframe loading=\"lazy\" title=\"Das Denkmal ist ... Diskussion - Was kann ein Denkmal f\u00fcr die Friedliche Revolution erz\u00e4hlen?\" width=\"1500\" height=\"844\" src=\"https:\/\/www.youtube.com\/embed\/nG80bhWrDc8?feature=oembed&autoplay=0&loop=0&controls=1&mute=0\" frameborder=\"0\" allow=\"accelerometer; autoplay; clipboard-write; encrypted-media; gyroscope; picture-in-picture; web-share\" allowfullscreen><\/iframe><\/div><\/script><div class='av-click-to-play-overlay'><div class=\"avia_playpause_icon\"><\/div><\/div><\/div><br \/>\n\n<style type=\"text\/css\" data-created_by=\"avia_inline_auto\" id=\"style-css-av-lopzfqu6-7e005c0eb162328a300cfb5141210ea3\">\n#top .av_textblock_section.av-lopzfqu6-7e005c0eb162328a300cfb5141210ea3 .avia_textblock{\nfont-size:13px;\n}\n<\/style>\n<section  class='av_textblock_section av-lopzfqu6-7e005c0eb162328a300cfb5141210ea3'   itemscope=\"itemscope\" itemtype=\"https:\/\/schema.org\/CreativeWork\" ><div class='avia_textblock av_inherit_color'  itemprop=\"text\" ><p><strong>Das Denkmal ist \u2026 Diskussion\u00a0<\/strong> <strong>\u2013\u00a0 <\/strong>10. September 2023<br \/>\nDiskussionsveranstaltung: <strong>\u201eWas kann ein Denkmal f\u00fcr die Friedliche Revolution erz\u00e4hlen?&#8220;<\/strong><\/p>\n<\/div><\/section><\/p><\/div>\n<div class='av-flex-placeholder'><\/div><div  class='flex_column av-2nffyp-c901cc8401a9b02bbe0ac932300707fa av_two_fifth  avia-builder-el-43  el_after_av_two_fifth  avia-builder-el-last  flex_column_table_cell av-equal-height-column av-align-top  column-top-margin'     ><p><div  class='avia-video av-lopz4teg-333d57c6272616816a9737c2348b8673 avia-video-16-9 av-no-preview-image avia-video-load-always av-lazyload-immediate av-lazyload-video-embed'  itemprop=\"video\" itemtype=\"https:\/\/schema.org\/VideoObject\"  data-original_url='https:\/\/www.youtube.com\/watch?v=xcebqsKlqw4'><script type='text\/html' class='av-video-tmpl'><div class='avia-iframe-wrap'><iframe loading=\"lazy\" title=\"Das Denkmal ist ... Prozess, Teilhabe, Vermittlung\" width=\"1500\" height=\"844\" src=\"https:\/\/www.youtube.com\/embed\/xcebqsKlqw4?feature=oembed&autoplay=0&loop=0&controls=1&mute=0\" frameborder=\"0\" allow=\"accelerometer; autoplay; clipboard-write; encrypted-media; gyroscope; picture-in-picture; web-share\" allowfullscreen><\/iframe><\/div><\/script><div class='av-click-to-play-overlay'><div class=\"avia_playpause_icon\"><\/div><\/div><\/div><br \/>\n\n<style type=\"text\/css\" data-created_by=\"avia_inline_auto\" id=\"style-css-av-lopz7db5-6c36f9aa5affa58f4800f85d24137d56\">\n#top .av_textblock_section.av-lopz7db5-6c36f9aa5affa58f4800f85d24137d56 .avia_textblock{\nfont-size:13px;\n}\n<\/style>\n<section  class='av_textblock_section av-lopz7db5-6c36f9aa5affa58f4800f85d24137d56'   itemscope=\"itemscope\" itemtype=\"https:\/\/schema.org\/CreativeWork\" ><div class='avia_textblock av_inherit_color'  itemprop=\"text\" ><p><strong>Das Denkmal ist \u2026 ein Aushandlungsprozess\u00a0<\/strong> <strong>\u2013\u00a0 <\/strong>5. Oktober 2023<br \/>\nDiskussionsveranstaltung: \u201eProzess, Teilhabe, Vermittlung\u201c + Performance von Esper Postma; Ort: GfzK<\/p>\n<\/div><\/section><\/p><\/div><\/div><!--close column table wrapper. Autoclose: 1 -->","protected":false},"excerpt":{"rendered":"","protected":false},"author":1,"featured_media":0,"parent":0,"menu_order":0,"comment_status":"closed","ping_status":"closed","template":"","meta":{"footnotes":""},"class_list":["post-4049","page","type-page","status-publish","hentry"],"_links":{"self":[{"href":"https:\/\/freiheitsdenkmal-leipzig.de\/en\/wp-json\/wp\/v2\/pages\/4049"}],"collection":[{"href":"https:\/\/freiheitsdenkmal-leipzig.de\/en\/wp-json\/wp\/v2\/pages"}],"about":[{"href":"https:\/\/freiheitsdenkmal-leipzig.de\/en\/wp-json\/wp\/v2\/types\/page"}],"author":[{"embeddable":true,"href":"https:\/\/freiheitsdenkmal-leipzig.de\/en\/wp-json\/wp\/v2\/users\/1"}],"replies":[{"embeddable":true,"href":"https:\/\/freiheitsdenkmal-leipzig.de\/en\/wp-json\/wp\/v2\/comments?post=4049"}],"version-history":[{"count":290,"href":"https:\/\/freiheitsdenkmal-leipzig.de\/en\/wp-json\/wp\/v2\/pages\/4049\/revisions"}],"predecessor-version":[{"id":6200,"href":"https:\/\/freiheitsdenkmal-leipzig.de\/en\/wp-json\/wp\/v2\/pages\/4049\/revisions\/6200"}],"wp:attachment":[{"href":"https:\/\/freiheitsdenkmal-leipzig.de\/en\/wp-json\/wp\/v2\/media?parent=4049"}],"curies":[{"name":"wp","href":"https:\/\/api.w.org\/{rel}","templated":true}]}}