{"id":6054,"date":"2024-04-30T07:50:00","date_gmt":"2024-04-30T07:50:00","guid":{"rendered":"https:\/\/freiheitsdenkmal-leipzig.de\/?page_id=6054"},"modified":"2025-05-05T11:43:18","modified_gmt":"2025-05-05T11:43:18","slug":"fritzi-war-dabei","status":"publish","type":"page","link":"https:\/\/freiheitsdenkmal-leipzig.de\/en\/fritzi-war-dabei","title":{"rendered":"Fritzi war dabei"},"content":{"rendered":"<div id='av_section_1'  class='avia-section av-2wepba-5ccac99404fb5324f1ac30f15c79c50a main_color avia-section-default avia-no-border-styling  avia-builder-el-0  el_before_av_three_fourth  avia-builder-el-first  avia-bg-style-scroll container_wrap fullsize'  ><div class='container av-section-cont-open' ><main  role=\"main\" itemprop=\"mainContentOfPage\"  class='template-page content  av-content-full alpha units'><div class='post-entry post-entry-type-page post-entry-6054'><div class='entry-content-wrapper clearfix'>\n\n<style type=\"text\/css\" data-created_by=\"avia_inline_auto\" id=\"style-css-av-lvm2lqby-ba6054bb6d629389e5eb95bf2ae9b80b\">\n#top .av-special-heading.av-lvm2lqby-ba6054bb6d629389e5eb95bf2ae9b80b{\npadding-bottom:10px;\nfont-size:60px;\n}\nbody .av-special-heading.av-lvm2lqby-ba6054bb6d629389e5eb95bf2ae9b80b .av-special-heading-tag .heading-char{\nfont-size:25px;\n}\n#top #wrap_all .av-special-heading.av-lvm2lqby-ba6054bb6d629389e5eb95bf2ae9b80b .av-special-heading-tag{\nfont-size:60px;\n}\n.av-special-heading.av-lvm2lqby-ba6054bb6d629389e5eb95bf2ae9b80b .av-subheading{\nfont-size:15px;\n}\n\n@media only screen and (min-width: 480px) and (max-width: 767px){ \n#top #wrap_all .av-special-heading.av-lvm2lqby-ba6054bb6d629389e5eb95bf2ae9b80b .av-special-heading-tag{\nfont-size:0.8em;\n}\n}\n\n@media only screen and (max-width: 479px){ \n#top #wrap_all .av-special-heading.av-lvm2lqby-ba6054bb6d629389e5eb95bf2ae9b80b .av-special-heading-tag{\nfont-size:0.8em;\n}\n}\n<\/style>\n<div  class='av-special-heading av-lvm2lqby-ba6054bb6d629389e5eb95bf2ae9b80b av-special-heading-h1 blockquote modern-quote  avia-builder-el-1  avia-builder-el-no-sibling  av-thin-font av-inherit-size'><h1 class='av-special-heading-tag'  itemprop=\"headline\"  ><strong>Fritzi war dabei<\/strong><\/h1><div class=\"special-heading-border\"><div class=\"special-heading-inner-border\"><\/div><\/div><\/div>\n<\/div><\/div><\/main><!-- close content main element --><\/div><\/div><div id='after_section_1'  class='main_color av_default_container_wrap container_wrap fullsize'  ><div class='container av-section-cont-open' ><div class='template-page content  av-content-full alpha units'><div class='post-entry post-entry-type-page post-entry-6054'><div class='entry-content-wrapper clearfix'>\n<div class='flex_column_table av-2ki8xi-20ff83e288abf37a9897dac51b7750c2 sc-av_three_fourth av-equal-height-column-flextable'><div  class='flex_column av-2ki8xi-20ff83e288abf37a9897dac51b7750c2 av_three_fourth  avia-builder-el-2  el_after_av_section  el_before_av_one_fourth  avia-builder-el-first  first flex_column_table_cell av-equal-height-column av-align-top'     ><section  class='av_textblock_section av-lvm2gyrk-0e28545fe510cde3edcf3e9ebe6e1377'   itemscope=\"itemscope\" itemtype=\"https:\/\/schema.org\/CreativeWork\" ><div class='avia_textblock'  itemprop=\"text\" ><h2><a href=\"https:\/\/www.theaterderjungenweltleipzig.de\/wann-und-was\/stueckdetail\/fritzi-war-dabei#event-detail-description\" target=\"_blank\" rel=\"noopener\">Fritzi war dabei <em>\u2014 <\/em>ein theatraler Stadtrundgang f\u00fcr Kinder ab acht Jahren<\/a><\/h2>\n<h4><a href=\"https:\/\/www.theaterderjungenweltleipzig.de\/wann-und-was\/stueckdetail\/fritzi-war-dabei#event-detail-description\" target=\"_blank\" rel=\"noopener\">Kooperationsprojekt mit dem TDJW:<\/a><\/h4>\n<h4><\/h4>\n<h4><strong><a href=\"https:\/\/www.theaterderjungenweltleipzig.de\/wann-und-was\/stueckdetail\/fritzi-war-dabei#event-detail-description\" target=\"_blank\" rel=\"noopener\">Termine: www.theaterderjungenweltleipzig.de<\/a><\/strong><\/h4>\n<h4><\/h4>\n<p>Unser <a href=\"https:\/\/www.theaterderjungenweltleipzig.de\/wann-und-was\/stueckdetail\/fritzi-war-dabei#event-detail-description\" target=\"_blank\" rel=\"noopener\"><strong>Kooperationsprojekt mit dem Theater der Jungen Welt<\/strong><\/a> geht ab 7. Mai 2025 in die dritte Runde!<\/p>\n<p>Stiftung Friedliche Revolution und TDJW bieten bereits seit der Premiere von &#8222;Fritzi war dabei&#8220; am 3. Mai 2024 theatrale Stadtrundg\u00e4nge f\u00fcr Kinder von acht bis zw\u00f6lf Jahren durch die Leipziger Innenstadt an.<br \/>\nFritzi wird im Wechsel von den Schauspielerinnen <em>Anke Stoppa<\/em> and <em>Katja K\u00f6rber<\/em> dargestellt.<br \/>\nGrundlage f\u00fcr die Rundg\u00e4nge ist das gleichnamigen Kinderbuchs \u201eFritzi war dabei<em> \u2014 <\/em>eine Wendewundergeschichte\u201c von <em>Hanna Schott<\/em>, illustriert von <em>Gerda Raidt<\/em> erschienen im <a href=\"https:\/\/www.klett-kinderbuch.de\/buecher\/details\/fritzi-war-dabei.html\" target=\"_blank\" rel=\"noopener\"><strong><em>Klett Kinderbuch Verlag<\/em><\/strong><\/a><strong>,<\/strong> f\u00fcr die Vorstellungen bearbeitet von <em>Katja Lehmann<\/em>.<strong><br \/>\n<\/strong><\/p>\n<\/div><\/section><\/div><div class='av-flex-placeholder'><\/div><div  class='flex_column av-20i306-acedf03579c4096eca0b4b6c3485d6d5 av_one_fourth  avia-builder-el-4  el_after_av_three_fourth  el_before_av_hr  flex_column_table_cell av-equal-height-column av-align-top'     ><p>\n<style type=\"text\/css\" data-created_by=\"avia_inline_auto\" id=\"style-css-av-lvm2ni6j-5e8ca47482f0e1214c75c1aeb0c005ae\">\n.avia-image-container.av-lvm2ni6j-5e8ca47482f0e1214c75c1aeb0c005ae img.avia_image{\nbox-shadow:none;\n}\n.avia-image-container.av-lvm2ni6j-5e8ca47482f0e1214c75c1aeb0c005ae .av-image-caption-overlay-center{\ncolor:#ffffff;\n}\n<\/style>\n<div  class='avia-image-container av-lvm2ni6j-5e8ca47482f0e1214c75c1aeb0c005ae av-styling- avia-align-center  avia-builder-el-5  el_before_av_textblock  avia-builder-el-first'   itemprop=\"image\" itemscope=\"itemscope\" itemtype=\"https:\/\/schema.org\/ImageObject\" ><div class=\"avia-image-container-inner\"><div class=\"avia-image-overlay-wrap\"><img decoding=\"async\" fetchpriority=\"high\" class='wp-image-6059 avia-img-lazy-loading-not-6059 avia_image' src=\"https:\/\/freiheitsdenkmal-leipzig.de\/wp-content\/uploads\/2024\/04\/tdjw-1030x1030.jpg\" alt='' title='tdjw'  height=\"1030\" width=\"1030\"  itemprop=\"thumbnailUrl\" srcset=\"https:\/\/freiheitsdenkmal-leipzig.de\/wp-content\/uploads\/2024\/04\/tdjw-1030x1030.jpg 1030w, https:\/\/freiheitsdenkmal-leipzig.de\/wp-content\/uploads\/2024\/04\/tdjw-300x300.jpg 300w, https:\/\/freiheitsdenkmal-leipzig.de\/wp-content\/uploads\/2024\/04\/tdjw-80x80.jpg 80w, https:\/\/freiheitsdenkmal-leipzig.de\/wp-content\/uploads\/2024\/04\/tdjw-768x768.jpg 768w, https:\/\/freiheitsdenkmal-leipzig.de\/wp-content\/uploads\/2024\/04\/tdjw-12x12.jpg 12w, https:\/\/freiheitsdenkmal-leipzig.de\/wp-content\/uploads\/2024\/04\/tdjw-36x36.jpg 36w, https:\/\/freiheitsdenkmal-leipzig.de\/wp-content\/uploads\/2024\/04\/tdjw-180x180.jpg 180w, https:\/\/freiheitsdenkmal-leipzig.de\/wp-content\/uploads\/2024\/04\/tdjw-705x705.jpg 705w, https:\/\/freiheitsdenkmal-leipzig.de\/wp-content\/uploads\/2024\/04\/tdjw.jpg 1440w\" sizes=\"(max-width: 1030px) 100vw, 1030px\" \/><\/div><\/div><\/div><br \/>\n\n<style type=\"text\/css\" data-created_by=\"avia_inline_auto\" id=\"style-css-av-lvm336xm-a2dbd8379fae5b14bcc652eae3f7b33f\">\n#top .av_textblock_section.av-lvm336xm-a2dbd8379fae5b14bcc652eae3f7b33f .avia_textblock{\nfont-size:12px;\n}\n<\/style>\n<section  class='av_textblock_section av-lvm336xm-a2dbd8379fae5b14bcc652eae3f7b33f'   itemscope=\"itemscope\" itemtype=\"https:\/\/schema.org\/CreativeWork\" ><div class='avia_textblock'  itemprop=\"text\" ><p><em>Anke Stoppa als FRITZI beim theatralen Stadtrundgang &#8222;FRITZI WAR DABEI&#8220;; <\/em><em>Foto: \u00a9TDJW<\/em><\/p>\n<\/div><\/section><\/p><\/div><\/div><!--close column table wrapper. Autoclose: 1 --><\/p>\n<div  class='hr av-4n1afq-d66a4fe837dea8812236cc4d17a353e2 hr-default  avia-builder-el-7  el_after_av_one_fourth  el_before_av_three_fourth'><span class='hr-inner'><span class=\"hr-inner-style\"><\/span><\/span><\/div>\n<div class='flex_column_table av-32tr7q-4b8565bb10c1cccc1855dc9cb6af926e sc-av_three_fourth av-equal-height-column-flextable'><div  class='flex_column av-32tr7q-4b8565bb10c1cccc1855dc9cb6af926e av_three_fourth  avia-builder-el-8  el_after_av_hr  el_before_av_one_fourth  first flex_column_table_cell av-equal-height-column av-align-top'     ><section  class='av_textblock_section av-m1af5ahu-abc5e71f17c847bcc9a06cd334d73fa5'   itemscope=\"itemscope\" itemtype=\"https:\/\/schema.org\/CreativeWork\" ><div class='avia_textblock'  itemprop=\"text\" ><h4>Fritzi war dabei<\/h4>\n<p>Fritzi erinnert sich: Was geschah im Herbst 1989 in ihrer Heimatstadt Leipzig? \u2013 Nach den Sommerferien ist pl\u00f6tzlich alles anders. Fritzis Freundin Sophie ist nicht mehr da und zu Hause tuscheln ihre Eltern \u00fcber pl\u00f6tzlich abwesende Bekannte, die Grenzen, Flucht, Freiheit und die Mauer. Fritzis Mutter geht von nun an am Montagabend zum Friedensgebet in die Nikolaikirche, anschlie\u00dfend zur Demo. Und Fritzi ist dabei!<\/p>\n<\/div><\/section><\/div>\n<div class='av-flex-placeholder'><\/div><div  class='flex_column av-1yoxbq-753815fec7d18bc162b170b36a82f576 av_one_fourth  avia-builder-el-10  el_after_av_three_fourth  el_before_av_hr  flex_column_table_cell av-equal-height-column av-align-top'     ><section  class='av_textblock_section av-lvm36cg4-5f8c7718ce2e291532132e10d37df0cc'   itemscope=\"itemscope\" itemtype=\"https:\/\/schema.org\/CreativeWork\" ><div class='avia_textblock'  itemprop=\"text\" ><h5><strong>Eintritt <\/strong>f\u00fcr alle Termine <strong>frei<\/strong><\/h5>\n<h5><strong>Anmeldung erforderlich:<\/strong><\/h5>\n<h5><strong>0341\/486 60 16 \/ kartenanfragen@tdjw.de<\/strong><\/h5>\n<h5>Fragen an:<\/h5>\n<h5><a href=\"mailto:kontakt@tdjw.de\"><strong>kontakt@tdjw.de<\/strong><\/a><\/h5>\n<h5><strong>Start immer in der DenkmalWerkstatt<\/strong><\/h5>\n<\/div><\/section><\/div><\/div><!--close column table wrapper. Autoclose: 1 -->\n<div  class='hr av-3579x2-317f837838c79e7a101322b045bc113e hr-default  avia-builder-el-12  el_after_av_one_fourth  el_before_av_two_third'><span class='hr-inner'><span class=\"hr-inner-style\"><\/span><\/span><\/div>\n<div class='flex_column_table av-2ed9om-c668408925b246043729b18c64f1ff0f sc-av_two_third av-equal-height-column-flextable'><div  class='flex_column av-2ed9om-c668408925b246043729b18c64f1ff0f av_two_third  avia-builder-el-13  el_after_av_hr  el_before_av_one_fourth  first flex_column_table_cell av-equal-height-column av-align-top'     ><section  class='av_textblock_section av-lvm2ww63-17c25e462ed7c3a6d98fadb28e97a3f2'   itemscope=\"itemscope\" itemtype=\"https:\/\/schema.org\/CreativeWork\" ><div class='avia_textblock'  itemprop=\"text\" ><h4>Theatraler Stadtrundgang aus Kinder-Perspektive zu den Leipziger Schaupl\u00e4tzen der Friedlichen Revolution 1989<\/h4>\n<p>Die Teilnehmenden treffen auf Fritzi, machen Sound-Zeitreisen, werden selbst aktiv und erfahren, wie viel Mut und Entschlossenheit die Menschen 1989 aufgebracht haben, um eine gro\u00dfe gesellschaftliche Ver\u00e4nderung zu bewirken.<\/p>\n<\/div><\/section><br \/>\n<section  class='av_textblock_section av-mab02hyx-7c57315aac701ff8cef806a1f3f6ae97'   itemscope=\"itemscope\" itemtype=\"https:\/\/schema.org\/CreativeWork\" ><div class='avia_textblock'  itemprop=\"text\" ><p>Die Vormittagsangebote mit Beginn um 10 Uhr wenden sich insbesondere an Grundschulen, sind aber auch interessant f\u00fcr Sch\u00fcler:innen bis ca. 12 Jahre.<br \/>\nZu den Auff\u00fchrungen am Nachmittag (Start: 16:30 Uhr) sind vor allem Familien generations\u00fcbergreifend eingeladen: die Eltern und Gro\u00dfeltern, die m\u00f6glicherweise die die Ereignisse von 1989 selbst erlebt haben und ihre Kinder und Enkel.<br \/>\nIn den ersten beiden Staffeln gab es in dieser Konstellation viel zu fragen und zu erz\u00e4hlen: \u201eOma, warst du auch beim Fahnenapell in eurer Schule?\u201c<span style=\"mso-spacerun: yes;\">\u00a0 <\/span>\u201eWie war das denn mit Onkel Klaus aus Hamburg, konntet ihr Euch nicht besuchen?\u201c<\/p>\n<\/div><\/section><\/p><\/div>\n<div class='av-flex-placeholder'><\/div><div  class='flex_column av-2fts46-416c56745a7c72838801457a69cd86e1 av_one_fourth  avia-builder-el-16  el_after_av_two_third  el_before_av_one_full  flex_column_table_cell av-equal-height-column av-align-top'     ><p>\n<style type=\"text\/css\" data-created_by=\"avia_inline_auto\" id=\"style-css-av-maazq0da-0048d835813ff593dcf56d9c408f1a0a\">\n.avia-image-container.av-maazq0da-0048d835813ff593dcf56d9c408f1a0a img.avia_image{\nbox-shadow:none;\n}\n.avia-image-container.av-maazq0da-0048d835813ff593dcf56d9c408f1a0a .av-image-caption-overlay-center{\ncolor:#ffffff;\n}\n<\/style>\n<div  class='avia-image-container av-maazq0da-0048d835813ff593dcf56d9c408f1a0a av-styling- avia-align-center  avia-builder-el-17  el_before_av_textblock  avia-builder-el-first'   itemprop=\"image\" itemscope=\"itemscope\" itemtype=\"https:\/\/schema.org\/ImageObject\" ><div class=\"avia-image-container-inner\"><div class=\"avia-image-overlay-wrap\"><img decoding=\"async\" fetchpriority=\"high\" class='wp-image-9253 avia-img-lazy-loading-not-9253 avia_image' src=\"https:\/\/freiheitsdenkmal-leipzig.de\/wp-content\/uploads\/2025\/05\/katjakoerber-2.jpg\" alt='' title='katjakoerber-2'  height=\"1836\" width=\"1933\"  itemprop=\"thumbnailUrl\" srcset=\"https:\/\/freiheitsdenkmal-leipzig.de\/wp-content\/uploads\/2025\/05\/katjakoerber-2.jpg 1933w, https:\/\/freiheitsdenkmal-leipzig.de\/wp-content\/uploads\/2025\/05\/katjakoerber-2-300x285.jpg 300w, https:\/\/freiheitsdenkmal-leipzig.de\/wp-content\/uploads\/2025\/05\/katjakoerber-2-1030x978.jpg 1030w, https:\/\/freiheitsdenkmal-leipzig.de\/wp-content\/uploads\/2025\/05\/katjakoerber-2-768x729.jpg 768w, https:\/\/freiheitsdenkmal-leipzig.de\/wp-content\/uploads\/2025\/05\/katjakoerber-2-1536x1459.jpg 1536w, https:\/\/freiheitsdenkmal-leipzig.de\/wp-content\/uploads\/2025\/05\/katjakoerber-2-13x12.jpg 13w, https:\/\/freiheitsdenkmal-leipzig.de\/wp-content\/uploads\/2025\/05\/katjakoerber-2-1500x1425.jpg 1500w, https:\/\/freiheitsdenkmal-leipzig.de\/wp-content\/uploads\/2025\/05\/katjakoerber-2-705x670.jpg 705w\" sizes=\"(max-width: 1933px) 100vw, 1933px\" \/><\/div><\/div><\/div><br \/>\n<section  class='av_textblock_section av-maazrnn1-948a0c055dbcbb05e9a051062e2693db'   itemscope=\"itemscope\" itemtype=\"https:\/\/schema.org\/CreativeWork\" ><div class='avia_textblock'  itemprop=\"text\" ><section class=\"av_textblock_section av-lvm336xm-a2dbd8379fae5b14bcc652eae3f7b33f\">\n<div class=\"avia_textblock\">\n<p><em>Katja K\u00f6rber als FRITZI beim theatralen Stadtrundgang \u201eFRITZI WAR DABEI\u201c; <\/em><em>Foto: \u00a9TDJW<\/em><\/p>\n<\/div>\n<\/section>\n<\/div><\/section><\/p><\/div><\/div><!--close column table wrapper. Autoclose: 1 -->\n<div  class='flex_column av-bo0eu-219935a705f9cb2025922ac027ed10f9 av_one_full  avia-builder-el-19  el_after_av_one_fourth  el_before_av_one_full  first flex_column_div  column-top-margin'     ><section  class='av_textblock_section av-m0511f4e-660d811428518c68c924640c5af534e7'   itemscope=\"itemscope\" itemtype=\"https:\/\/schema.org\/CreativeWork\" ><div class='avia_textblock'  itemprop=\"text\" ><div class=\"flex_column av-2fc642-d34b107adb036f6c328dd657e1b7d16a av_one_full avia-builder-el-4 el_after_av_one_full el_before_av_one_full first flex_column_table_cell av-equal-height-column av-align-top column-top-margin\">\n<section class=\"av_textblock_section av-lz9tybad-1926d5f7726c4dd424fc9964a19aae75\">\n<div class=\"avia_textblock\">\n<h4><strong>Pressematerialien zur Wiederaufnahme der theatralen Stadtrundg\u00e4nge \u201eFRITZI WAR DABEI\u201c nach der Sommerpause 2024 und ab Mai 2025<\/strong><\/h4>\n<p><a href=\"..\/wp-content\/uploads\/2025\/05\/PM_Fritzi_0505_2025_Layout.pdf\" target=\"_blank\" rel=\"noopener\"><strong>Pressmeldung-Mai-2025(PDF)<\/strong><\/a> \u2502<a href=\"..\/wp-content\/uploads\/2025\/05\/PM_Fritzi_0505_2025_Layout.docx\" target=\"_blank\" rel=\"noopener\"><strong>Pressemeldung-Mai-2025(docx)<\/strong><\/a><strong>\u00a0<\/strong>\u2502<a href=\"..\/wp-content\/uploads\/2024\/08\/PM_SFR_Fritzi_Interview_1908_2024.pdf\" target=\"_blank\" rel=\"noopener\"><strong>Interview zu \u201eFritzi war dabei<\/strong>&#8222;<\/a>\u2502 <a href=\"..\/wp-content\/uploads\/2024\/08\/PM_SFR_Fritzi_Runde2_1908_2024.docx\" target=\"_blank\" rel=\"noopener\"><strong>Pressetext-Wiederaufnahme<\/strong><\/a><\/p>\n<\/div>\n<\/section>\n<\/div>\n<\/div><\/section><\/div>\n\n<style type=\"text\/css\" data-created_by=\"avia_inline_auto\" id=\"style-css-av-27i52u-5ac0323ccd5c0de1bda7a946a9407a3f\">\n.flex_column.av-27i52u-5ac0323ccd5c0de1bda7a946a9407a3f{\npadding:0 0 0 0;\n}\n<\/style>\n<div  class='flex_column av-27i52u-5ac0323ccd5c0de1bda7a946a9407a3f av_one_full  avia-builder-el-21  el_after_av_one_full  avia-builder-el-last  first no_margin flex_column_div av-zero-column-padding  column-top-margin'     ><style type=\"text\/css\" data-created_by=\"avia_inline_auto\" id=\"style-css-av-m056iwdw-c73289ddb2f47e94a2dbe2c15c9e1685\">\n#top .avia-gallery.av-m056iwdw-c73289ddb2f47e94a2dbe2c15c9e1685 .avia-gallery-thumb a{\nwidth:25%;\n}\n<\/style>\n<div  class='avia-gallery av-m056iwdw-c73289ddb2f47e94a2dbe2c15c9e1685 avia_animate_when_visible  avia-builder-el-22  avia-builder-el-no-sibling  avia_lazyload avia-gallery-animate avia-gallery-1'  itemprop=\"image\" itemscope=\"itemscope\" itemtype=\"https:\/\/schema.org\/ImageObject\" ><meta itemprop=\"contentURL\" content=\"https:\/\/freiheitsdenkmal-leipzig.de\/en\/fritzi-war-dabei\"><div class='avia-gallery-thumb'><a href=\"https:\/\/freiheitsdenkmal-leipzig.de\/wp-content\/uploads\/2024\/08\/20240429_TDJW_FRITZI_0080-1030x579.webp\" data-srcset=\"https:\/\/freiheitsdenkmal-leipzig.de\/wp-content\/uploads\/2024\/08\/20240429_TDJW_FRITZI_0080-1030x579.webp 1030w, https:\/\/freiheitsdenkmal-leipzig.de\/wp-content\/uploads\/2024\/08\/20240429_TDJW_FRITZI_0080-300x169.webp 300w, https:\/\/freiheitsdenkmal-leipzig.de\/wp-content\/uploads\/2024\/08\/20240429_TDJW_FRITZI_0080-768x432.webp 768w, https:\/\/freiheitsdenkmal-leipzig.de\/wp-content\/uploads\/2024\/08\/20240429_TDJW_FRITZI_0080-1536x864.webp 1536w, https:\/\/freiheitsdenkmal-leipzig.de\/wp-content\/uploads\/2024\/08\/20240429_TDJW_FRITZI_0080-18x10.webp 18w, https:\/\/freiheitsdenkmal-leipzig.de\/wp-content\/uploads\/2024\/08\/20240429_TDJW_FRITZI_0080-1500x844.webp 1500w, https:\/\/freiheitsdenkmal-leipzig.de\/wp-content\/uploads\/2024\/08\/20240429_TDJW_FRITZI_0080-705x397.webp 705w, https:\/\/freiheitsdenkmal-leipzig.de\/wp-content\/uploads\/2024\/08\/20240429_TDJW_FRITZI_0080.webp 1920w\" data-sizes=\"(max-width: 1030px) 100vw, 1030px\" data-rel='gallery-1' data-prev-img='https:\/\/freiheitsdenkmal-leipzig.de\/wp-content\/uploads\/2024\/08\/20240429_TDJW_FRITZI_0080-495x400.webp' class='first_thumb lightbox' data-onclick='1' title='20240429_TDJW_FRITZI_0080'  itemprop=\"thumbnailUrl\"  ><img decoding=\"async\" fetchpriority=\"high\" class=\"wp-image-7441 avia-img-lazy-loading-not-7441\"   src=\"https:\/\/freiheitsdenkmal-leipzig.de\/wp-content\/uploads\/2024\/08\/20240429_TDJW_FRITZI_0080-495x400.webp\" width=\"495\" height=\"400\"  title='20240429_TDJW_FRITZI_0080' alt='' srcset=\"https:\/\/freiheitsdenkmal-leipzig.de\/wp-content\/uploads\/2024\/08\/20240429_TDJW_FRITZI_0080-495x400.webp 495w, https:\/\/freiheitsdenkmal-leipzig.de\/wp-content\/uploads\/2024\/08\/20240429_TDJW_FRITZI_0080-845x684.webp 845w\" sizes=\"(max-width: 495px) 100vw, 495px\" \/><div class='big-prev-fake'><img decoding=\"async\" loading=\"lazy\" class=\"wp-image-7441 avia-img-lazy-loading-7441\"  width=\"495\" height=\"400\" src=\"https:\/\/freiheitsdenkmal-leipzig.de\/wp-content\/uploads\/2024\/08\/20240429_TDJW_FRITZI_0080-495x400.webp\" title='20240429_TDJW_FRITZI_0080' alt='' srcset=\"https:\/\/freiheitsdenkmal-leipzig.de\/wp-content\/uploads\/2024\/08\/20240429_TDJW_FRITZI_0080-495x400.webp 495w, https:\/\/freiheitsdenkmal-leipzig.de\/wp-content\/uploads\/2024\/08\/20240429_TDJW_FRITZI_0080-845x684.webp 845w\" sizes=\"(max-width: 495px) 100vw, 495px\" \/><\/div><\/a><a href=\"https:\/\/freiheitsdenkmal-leipzig.de\/wp-content\/uploads\/2024\/08\/20240429_TDJW_FRITZI_0120-1030x579.webp\" data-srcset=\"https:\/\/freiheitsdenkmal-leipzig.de\/wp-content\/uploads\/2024\/08\/20240429_TDJW_FRITZI_0120-1030x579.webp 1030w, https:\/\/freiheitsdenkmal-leipzig.de\/wp-content\/uploads\/2024\/08\/20240429_TDJW_FRITZI_0120-300x169.webp 300w, https:\/\/freiheitsdenkmal-leipzig.de\/wp-content\/uploads\/2024\/08\/20240429_TDJW_FRITZI_0120-768x432.webp 768w, https:\/\/freiheitsdenkmal-leipzig.de\/wp-content\/uploads\/2024\/08\/20240429_TDJW_FRITZI_0120-1536x864.webp 1536w, https:\/\/freiheitsdenkmal-leipzig.de\/wp-content\/uploads\/2024\/08\/20240429_TDJW_FRITZI_0120-18x10.webp 18w, https:\/\/freiheitsdenkmal-leipzig.de\/wp-content\/uploads\/2024\/08\/20240429_TDJW_FRITZI_0120-1500x844.webp 1500w, https:\/\/freiheitsdenkmal-leipzig.de\/wp-content\/uploads\/2024\/08\/20240429_TDJW_FRITZI_0120-705x397.webp 705w, https:\/\/freiheitsdenkmal-leipzig.de\/wp-content\/uploads\/2024\/08\/20240429_TDJW_FRITZI_0120.webp 1920w\" data-sizes=\"(max-width: 1030px) 100vw, 1030px\" data-rel='gallery-1' data-prev-img='https:\/\/freiheitsdenkmal-leipzig.de\/wp-content\/uploads\/2024\/08\/20240429_TDJW_FRITZI_0120-495x400.webp' class='lightbox' data-onclick='2' title='20240429_TDJW_FRITZI_0120'  itemprop=\"thumbnailUrl\"  ><img decoding=\"async\" fetchpriority=\"high\" class=\"wp-image-7444 avia-img-lazy-loading-not-7444\"   src=\"https:\/\/freiheitsdenkmal-leipzig.de\/wp-content\/uploads\/2024\/08\/20240429_TDJW_FRITZI_0120-495x400.webp\" width=\"495\" height=\"400\"  title='20240429_TDJW_FRITZI_0120' alt='' srcset=\"https:\/\/freiheitsdenkmal-leipzig.de\/wp-content\/uploads\/2024\/08\/20240429_TDJW_FRITZI_0120-495x400.webp 495w, https:\/\/freiheitsdenkmal-leipzig.de\/wp-content\/uploads\/2024\/08\/20240429_TDJW_FRITZI_0120-845x684.webp 845w\" sizes=\"(max-width: 495px) 100vw, 495px\" \/><div class='big-prev-fake'><img decoding=\"async\" loading=\"lazy\" class=\"wp-image-7444 avia-img-lazy-loading-7444\"  width=\"495\" height=\"400\" src=\"https:\/\/freiheitsdenkmal-leipzig.de\/wp-content\/uploads\/2024\/08\/20240429_TDJW_FRITZI_0120-495x400.webp\" title='20240429_TDJW_FRITZI_0120' alt='' srcset=\"https:\/\/freiheitsdenkmal-leipzig.de\/wp-content\/uploads\/2024\/08\/20240429_TDJW_FRITZI_0120-495x400.webp 495w, https:\/\/freiheitsdenkmal-leipzig.de\/wp-content\/uploads\/2024\/08\/20240429_TDJW_FRITZI_0120-845x684.webp 845w\" sizes=\"(max-width: 495px) 100vw, 495px\" \/><\/div><\/a><a href=\"https:\/\/freiheitsdenkmal-leipzig.de\/wp-content\/uploads\/2024\/08\/20240429_TDJW_FRITZI_0024-1030x579.webp\" data-srcset=\"https:\/\/freiheitsdenkmal-leipzig.de\/wp-content\/uploads\/2024\/08\/20240429_TDJW_FRITZI_0024-1030x579.webp 1030w, https:\/\/freiheitsdenkmal-leipzig.de\/wp-content\/uploads\/2024\/08\/20240429_TDJW_FRITZI_0024-300x169.webp 300w, https:\/\/freiheitsdenkmal-leipzig.de\/wp-content\/uploads\/2024\/08\/20240429_TDJW_FRITZI_0024-768x432.webp 768w, https:\/\/freiheitsdenkmal-leipzig.de\/wp-content\/uploads\/2024\/08\/20240429_TDJW_FRITZI_0024-1536x864.webp 1536w, https:\/\/freiheitsdenkmal-leipzig.de\/wp-content\/uploads\/2024\/08\/20240429_TDJW_FRITZI_0024-18x10.webp 18w, https:\/\/freiheitsdenkmal-leipzig.de\/wp-content\/uploads\/2024\/08\/20240429_TDJW_FRITZI_0024-1500x844.webp 1500w, https:\/\/freiheitsdenkmal-leipzig.de\/wp-content\/uploads\/2024\/08\/20240429_TDJW_FRITZI_0024-705x397.webp 705w, https:\/\/freiheitsdenkmal-leipzig.de\/wp-content\/uploads\/2024\/08\/20240429_TDJW_FRITZI_0024.webp 1920w\" data-sizes=\"(max-width: 1030px) 100vw, 1030px\" data-rel='gallery-1' data-prev-img='https:\/\/freiheitsdenkmal-leipzig.de\/wp-content\/uploads\/2024\/08\/20240429_TDJW_FRITZI_0024-495x400.webp' class='lightbox' data-onclick='3' title='20240429_TDJW_FRITZI_0024'  itemprop=\"thumbnailUrl\"  ><img decoding=\"async\" fetchpriority=\"high\" class=\"wp-image-7437 avia-img-lazy-loading-not-7437\"   src=\"https:\/\/freiheitsdenkmal-leipzig.de\/wp-content\/uploads\/2024\/08\/20240429_TDJW_FRITZI_0024-495x400.webp\" width=\"495\" height=\"400\"  title='20240429_TDJW_FRITZI_0024' alt='' srcset=\"https:\/\/freiheitsdenkmal-leipzig.de\/wp-content\/uploads\/2024\/08\/20240429_TDJW_FRITZI_0024-495x400.webp 495w, https:\/\/freiheitsdenkmal-leipzig.de\/wp-content\/uploads\/2024\/08\/20240429_TDJW_FRITZI_0024-845x684.webp 845w\" sizes=\"(max-width: 495px) 100vw, 495px\" \/><div class='big-prev-fake'><img decoding=\"async\" loading=\"lazy\" class=\"wp-image-7437 avia-img-lazy-loading-7437\"  width=\"495\" height=\"400\" src=\"https:\/\/freiheitsdenkmal-leipzig.de\/wp-content\/uploads\/2024\/08\/20240429_TDJW_FRITZI_0024-495x400.webp\" title='20240429_TDJW_FRITZI_0024' alt='' srcset=\"https:\/\/freiheitsdenkmal-leipzig.de\/wp-content\/uploads\/2024\/08\/20240429_TDJW_FRITZI_0024-495x400.webp 495w, https:\/\/freiheitsdenkmal-leipzig.de\/wp-content\/uploads\/2024\/08\/20240429_TDJW_FRITZI_0024-845x684.webp 845w\" sizes=\"(max-width: 495px) 100vw, 495px\" \/><\/div><\/a><a href=\"https:\/\/freiheitsdenkmal-leipzig.de\/wp-content\/uploads\/2024\/08\/20240429_TDJW_FRITZI_0092-1030x579.webp\" data-srcset=\"https:\/\/freiheitsdenkmal-leipzig.de\/wp-content\/uploads\/2024\/08\/20240429_TDJW_FRITZI_0092-1030x579.webp 1030w, https:\/\/freiheitsdenkmal-leipzig.de\/wp-content\/uploads\/2024\/08\/20240429_TDJW_FRITZI_0092-300x169.webp 300w, https:\/\/freiheitsdenkmal-leipzig.de\/wp-content\/uploads\/2024\/08\/20240429_TDJW_FRITZI_0092-768x432.webp 768w, https:\/\/freiheitsdenkmal-leipzig.de\/wp-content\/uploads\/2024\/08\/20240429_TDJW_FRITZI_0092-1536x864.webp 1536w, https:\/\/freiheitsdenkmal-leipzig.de\/wp-content\/uploads\/2024\/08\/20240429_TDJW_FRITZI_0092-18x10.webp 18w, https:\/\/freiheitsdenkmal-leipzig.de\/wp-content\/uploads\/2024\/08\/20240429_TDJW_FRITZI_0092-1500x844.webp 1500w, https:\/\/freiheitsdenkmal-leipzig.de\/wp-content\/uploads\/2024\/08\/20240429_TDJW_FRITZI_0092-705x397.webp 705w, https:\/\/freiheitsdenkmal-leipzig.de\/wp-content\/uploads\/2024\/08\/20240429_TDJW_FRITZI_0092.webp 1920w\" data-sizes=\"(max-width: 1030px) 100vw, 1030px\" data-rel='gallery-1' data-prev-img='https:\/\/freiheitsdenkmal-leipzig.de\/wp-content\/uploads\/2024\/08\/20240429_TDJW_FRITZI_0092-495x400.webp' class='lightbox' data-onclick='4' title='20240429_TDJW_FRITZI_0092'  itemprop=\"thumbnailUrl\"  ><img decoding=\"async\" fetchpriority=\"high\" class=\"wp-image-7443 avia-img-lazy-loading-not-7443\"   src=\"https:\/\/freiheitsdenkmal-leipzig.de\/wp-content\/uploads\/2024\/08\/20240429_TDJW_FRITZI_0092-495x400.webp\" width=\"495\" height=\"400\"  title='20240429_TDJW_FRITZI_0092' alt='' srcset=\"https:\/\/freiheitsdenkmal-leipzig.de\/wp-content\/uploads\/2024\/08\/20240429_TDJW_FRITZI_0092-495x400.webp 495w, https:\/\/freiheitsdenkmal-leipzig.de\/wp-content\/uploads\/2024\/08\/20240429_TDJW_FRITZI_0092-845x684.webp 845w\" sizes=\"(max-width: 495px) 100vw, 495px\" \/><div class='big-prev-fake'><img decoding=\"async\" loading=\"lazy\" class=\"wp-image-7443 avia-img-lazy-loading-7443\"  width=\"495\" height=\"400\" src=\"https:\/\/freiheitsdenkmal-leipzig.de\/wp-content\/uploads\/2024\/08\/20240429_TDJW_FRITZI_0092-495x400.webp\" title='20240429_TDJW_FRITZI_0092' alt='' srcset=\"https:\/\/freiheitsdenkmal-leipzig.de\/wp-content\/uploads\/2024\/08\/20240429_TDJW_FRITZI_0092-495x400.webp 495w, https:\/\/freiheitsdenkmal-leipzig.de\/wp-content\/uploads\/2024\/08\/20240429_TDJW_FRITZI_0092-845x684.webp 845w\" sizes=\"(max-width: 495px) 100vw, 495px\" \/><\/div><\/a><a href=\"https:\/\/freiheitsdenkmal-leipzig.de\/wp-content\/uploads\/2024\/08\/20240429_TDJW_FRITZI_0076-1030x579.webp\" data-srcset=\"https:\/\/freiheitsdenkmal-leipzig.de\/wp-content\/uploads\/2024\/08\/20240429_TDJW_FRITZI_0076-1030x579.webp 1030w, https:\/\/freiheitsdenkmal-leipzig.de\/wp-content\/uploads\/2024\/08\/20240429_TDJW_FRITZI_0076-300x169.webp 300w, https:\/\/freiheitsdenkmal-leipzig.de\/wp-content\/uploads\/2024\/08\/20240429_TDJW_FRITZI_0076-768x432.webp 768w, https:\/\/freiheitsdenkmal-leipzig.de\/wp-content\/uploads\/2024\/08\/20240429_TDJW_FRITZI_0076-1536x864.webp 1536w, https:\/\/freiheitsdenkmal-leipzig.de\/wp-content\/uploads\/2024\/08\/20240429_TDJW_FRITZI_0076-18x10.webp 18w, https:\/\/freiheitsdenkmal-leipzig.de\/wp-content\/uploads\/2024\/08\/20240429_TDJW_FRITZI_0076-1500x844.webp 1500w, https:\/\/freiheitsdenkmal-leipzig.de\/wp-content\/uploads\/2024\/08\/20240429_TDJW_FRITZI_0076-705x397.webp 705w, https:\/\/freiheitsdenkmal-leipzig.de\/wp-content\/uploads\/2024\/08\/20240429_TDJW_FRITZI_0076.webp 1920w\" data-sizes=\"(max-width: 1030px) 100vw, 1030px\" data-rel='gallery-1' data-prev-img='https:\/\/freiheitsdenkmal-leipzig.de\/wp-content\/uploads\/2024\/08\/20240429_TDJW_FRITZI_0076-495x400.webp' class='first_thumb lightbox' data-onclick='5' title='20240429_TDJW_FRITZI_0076'  itemprop=\"thumbnailUrl\"  ><img decoding=\"async\" fetchpriority=\"high\" class=\"wp-image-7440 avia-img-lazy-loading-not-7440\"   src=\"https:\/\/freiheitsdenkmal-leipzig.de\/wp-content\/uploads\/2024\/08\/20240429_TDJW_FRITZI_0076-495x400.webp\" width=\"495\" height=\"400\"  title='20240429_TDJW_FRITZI_0076' alt='' srcset=\"https:\/\/freiheitsdenkmal-leipzig.de\/wp-content\/uploads\/2024\/08\/20240429_TDJW_FRITZI_0076-495x400.webp 495w, https:\/\/freiheitsdenkmal-leipzig.de\/wp-content\/uploads\/2024\/08\/20240429_TDJW_FRITZI_0076-845x684.webp 845w\" sizes=\"(max-width: 495px) 100vw, 495px\" \/><div class='big-prev-fake'><img decoding=\"async\" loading=\"lazy\" class=\"wp-image-7440 avia-img-lazy-loading-7440\"  width=\"495\" height=\"400\" src=\"https:\/\/freiheitsdenkmal-leipzig.de\/wp-content\/uploads\/2024\/08\/20240429_TDJW_FRITZI_0076-495x400.webp\" title='20240429_TDJW_FRITZI_0076' alt='' srcset=\"https:\/\/freiheitsdenkmal-leipzig.de\/wp-content\/uploads\/2024\/08\/20240429_TDJW_FRITZI_0076-495x400.webp 495w, https:\/\/freiheitsdenkmal-leipzig.de\/wp-content\/uploads\/2024\/08\/20240429_TDJW_FRITZI_0076-845x684.webp 845w\" sizes=\"(max-width: 495px) 100vw, 495px\" \/><\/div><\/a><a href=\"https:\/\/freiheitsdenkmal-leipzig.de\/wp-content\/uploads\/2024\/08\/20240429_TDJW_FRITZI_0054-1030x579.webp\" data-srcset=\"https:\/\/freiheitsdenkmal-leipzig.de\/wp-content\/uploads\/2024\/08\/20240429_TDJW_FRITZI_0054-1030x579.webp 1030w, https:\/\/freiheitsdenkmal-leipzig.de\/wp-content\/uploads\/2024\/08\/20240429_TDJW_FRITZI_0054-300x169.webp 300w, https:\/\/freiheitsdenkmal-leipzig.de\/wp-content\/uploads\/2024\/08\/20240429_TDJW_FRITZI_0054-768x432.webp 768w, https:\/\/freiheitsdenkmal-leipzig.de\/wp-content\/uploads\/2024\/08\/20240429_TDJW_FRITZI_0054-1536x864.webp 1536w, https:\/\/freiheitsdenkmal-leipzig.de\/wp-content\/uploads\/2024\/08\/20240429_TDJW_FRITZI_0054-18x10.webp 18w, https:\/\/freiheitsdenkmal-leipzig.de\/wp-content\/uploads\/2024\/08\/20240429_TDJW_FRITZI_0054-1500x844.webp 1500w, https:\/\/freiheitsdenkmal-leipzig.de\/wp-content\/uploads\/2024\/08\/20240429_TDJW_FRITZI_0054-705x397.webp 705w, https:\/\/freiheitsdenkmal-leipzig.de\/wp-content\/uploads\/2024\/08\/20240429_TDJW_FRITZI_0054.webp 1920w\" data-sizes=\"(max-width: 1030px) 100vw, 1030px\" data-rel='gallery-1' data-prev-img='https:\/\/freiheitsdenkmal-leipzig.de\/wp-content\/uploads\/2024\/08\/20240429_TDJW_FRITZI_0054-495x400.webp' class='lightbox' data-onclick='6' title='20240429_TDJW_FRITZI_0054'  itemprop=\"thumbnailUrl\"  ><img decoding=\"async\" fetchpriority=\"high\" class=\"wp-image-7439 avia-img-lazy-loading-not-7439\"   src=\"https:\/\/freiheitsdenkmal-leipzig.de\/wp-content\/uploads\/2024\/08\/20240429_TDJW_FRITZI_0054-495x400.webp\" width=\"495\" height=\"400\"  title='20240429_TDJW_FRITZI_0054' alt='' srcset=\"https:\/\/freiheitsdenkmal-leipzig.de\/wp-content\/uploads\/2024\/08\/20240429_TDJW_FRITZI_0054-495x400.webp 495w, https:\/\/freiheitsdenkmal-leipzig.de\/wp-content\/uploads\/2024\/08\/20240429_TDJW_FRITZI_0054-845x684.webp 845w\" sizes=\"(max-width: 495px) 100vw, 495px\" \/><div class='big-prev-fake'><img decoding=\"async\" loading=\"lazy\" class=\"wp-image-7439 avia-img-lazy-loading-7439\"  width=\"495\" height=\"400\" src=\"https:\/\/freiheitsdenkmal-leipzig.de\/wp-content\/uploads\/2024\/08\/20240429_TDJW_FRITZI_0054-495x400.webp\" title='20240429_TDJW_FRITZI_0054' alt='' srcset=\"https:\/\/freiheitsdenkmal-leipzig.de\/wp-content\/uploads\/2024\/08\/20240429_TDJW_FRITZI_0054-495x400.webp 495w, https:\/\/freiheitsdenkmal-leipzig.de\/wp-content\/uploads\/2024\/08\/20240429_TDJW_FRITZI_0054-845x684.webp 845w\" sizes=\"(max-width: 495px) 100vw, 495px\" \/><\/div><\/a><a href=\"https:\/\/freiheitsdenkmal-leipzig.de\/wp-content\/uploads\/2024\/08\/20240429_TDJW_FRITZI_0038-1030x579.webp\" data-srcset=\"https:\/\/freiheitsdenkmal-leipzig.de\/wp-content\/uploads\/2024\/08\/20240429_TDJW_FRITZI_0038-1030x579.webp 1030w, https:\/\/freiheitsdenkmal-leipzig.de\/wp-content\/uploads\/2024\/08\/20240429_TDJW_FRITZI_0038-300x169.webp 300w, https:\/\/freiheitsdenkmal-leipzig.de\/wp-content\/uploads\/2024\/08\/20240429_TDJW_FRITZI_0038-768x432.webp 768w, https:\/\/freiheitsdenkmal-leipzig.de\/wp-content\/uploads\/2024\/08\/20240429_TDJW_FRITZI_0038-1536x864.webp 1536w, https:\/\/freiheitsdenkmal-leipzig.de\/wp-content\/uploads\/2024\/08\/20240429_TDJW_FRITZI_0038-18x10.webp 18w, https:\/\/freiheitsdenkmal-leipzig.de\/wp-content\/uploads\/2024\/08\/20240429_TDJW_FRITZI_0038-1500x844.webp 1500w, https:\/\/freiheitsdenkmal-leipzig.de\/wp-content\/uploads\/2024\/08\/20240429_TDJW_FRITZI_0038-705x397.webp 705w, https:\/\/freiheitsdenkmal-leipzig.de\/wp-content\/uploads\/2024\/08\/20240429_TDJW_FRITZI_0038.webp 1920w\" data-sizes=\"(max-width: 1030px) 100vw, 1030px\" data-rel='gallery-1' data-prev-img='https:\/\/freiheitsdenkmal-leipzig.de\/wp-content\/uploads\/2024\/08\/20240429_TDJW_FRITZI_0038-495x400.webp' class='lightbox' data-onclick='7' title='20240429_TDJW_FRITZI_0038'  itemprop=\"thumbnailUrl\"  ><img decoding=\"async\" fetchpriority=\"high\" class=\"wp-image-7438 avia-img-lazy-loading-not-7438\"   src=\"https:\/\/freiheitsdenkmal-leipzig.de\/wp-content\/uploads\/2024\/08\/20240429_TDJW_FRITZI_0038-495x400.webp\" width=\"495\" height=\"400\"  title='20240429_TDJW_FRITZI_0038' alt='' srcset=\"https:\/\/freiheitsdenkmal-leipzig.de\/wp-content\/uploads\/2024\/08\/20240429_TDJW_FRITZI_0038-495x400.webp 495w, https:\/\/freiheitsdenkmal-leipzig.de\/wp-content\/uploads\/2024\/08\/20240429_TDJW_FRITZI_0038-845x684.webp 845w\" sizes=\"(max-width: 495px) 100vw, 495px\" \/><div class='big-prev-fake'><img decoding=\"async\" loading=\"lazy\" class=\"wp-image-7438 avia-img-lazy-loading-7438\"  width=\"495\" height=\"400\" src=\"https:\/\/freiheitsdenkmal-leipzig.de\/wp-content\/uploads\/2024\/08\/20240429_TDJW_FRITZI_0038-495x400.webp\" title='20240429_TDJW_FRITZI_0038' alt='' srcset=\"https:\/\/freiheitsdenkmal-leipzig.de\/wp-content\/uploads\/2024\/08\/20240429_TDJW_FRITZI_0038-495x400.webp 495w, https:\/\/freiheitsdenkmal-leipzig.de\/wp-content\/uploads\/2024\/08\/20240429_TDJW_FRITZI_0038-845x684.webp 845w\" sizes=\"(max-width: 495px) 100vw, 495px\" \/><\/div><\/a><a href=\"https:\/\/freiheitsdenkmal-leipzig.de\/wp-content\/uploads\/2024\/08\/20240429_TDJW_FRITZI_0086-1030x579.webp\" data-srcset=\"https:\/\/freiheitsdenkmal-leipzig.de\/wp-content\/uploads\/2024\/08\/20240429_TDJW_FRITZI_0086-1030x579.webp 1030w, https:\/\/freiheitsdenkmal-leipzig.de\/wp-content\/uploads\/2024\/08\/20240429_TDJW_FRITZI_0086-300x169.webp 300w, https:\/\/freiheitsdenkmal-leipzig.de\/wp-content\/uploads\/2024\/08\/20240429_TDJW_FRITZI_0086-768x432.webp 768w, https:\/\/freiheitsdenkmal-leipzig.de\/wp-content\/uploads\/2024\/08\/20240429_TDJW_FRITZI_0086-1536x864.webp 1536w, https:\/\/freiheitsdenkmal-leipzig.de\/wp-content\/uploads\/2024\/08\/20240429_TDJW_FRITZI_0086-18x10.webp 18w, https:\/\/freiheitsdenkmal-leipzig.de\/wp-content\/uploads\/2024\/08\/20240429_TDJW_FRITZI_0086-1500x844.webp 1500w, https:\/\/freiheitsdenkmal-leipzig.de\/wp-content\/uploads\/2024\/08\/20240429_TDJW_FRITZI_0086-705x397.webp 705w, https:\/\/freiheitsdenkmal-leipzig.de\/wp-content\/uploads\/2024\/08\/20240429_TDJW_FRITZI_0086.webp 1920w\" data-sizes=\"(max-width: 1030px) 100vw, 1030px\" data-rel='gallery-1' data-prev-img='https:\/\/freiheitsdenkmal-leipzig.de\/wp-content\/uploads\/2024\/08\/20240429_TDJW_FRITZI_0086-495x400.webp' class='lightbox' data-onclick='8' title='20240429_TDJW_FRITZI_0086'  itemprop=\"thumbnailUrl\"  ><img decoding=\"async\" fetchpriority=\"high\" class=\"wp-image-7442 avia-img-lazy-loading-not-7442\"   src=\"https:\/\/freiheitsdenkmal-leipzig.de\/wp-content\/uploads\/2024\/08\/20240429_TDJW_FRITZI_0086-495x400.webp\" width=\"495\" height=\"400\"  title='20240429_TDJW_FRITZI_0086' alt='' srcset=\"https:\/\/freiheitsdenkmal-leipzig.de\/wp-content\/uploads\/2024\/08\/20240429_TDJW_FRITZI_0086-495x400.webp 495w, https:\/\/freiheitsdenkmal-leipzig.de\/wp-content\/uploads\/2024\/08\/20240429_TDJW_FRITZI_0086-845x684.webp 845w\" sizes=\"(max-width: 495px) 100vw, 495px\" \/><div class='big-prev-fake'><img decoding=\"async\" loading=\"lazy\" class=\"wp-image-7442 avia-img-lazy-loading-7442\"  width=\"495\" height=\"400\" src=\"https:\/\/freiheitsdenkmal-leipzig.de\/wp-content\/uploads\/2024\/08\/20240429_TDJW_FRITZI_0086-495x400.webp\" title='20240429_TDJW_FRITZI_0086' alt='' srcset=\"https:\/\/freiheitsdenkmal-leipzig.de\/wp-content\/uploads\/2024\/08\/20240429_TDJW_FRITZI_0086-495x400.webp 495w, https:\/\/freiheitsdenkmal-leipzig.de\/wp-content\/uploads\/2024\/08\/20240429_TDJW_FRITZI_0086-845x684.webp 845w\" sizes=\"(max-width: 495px) 100vw, 495px\" \/><\/div><\/a><\/div><\/div><\/div>","protected":false},"excerpt":{"rendered":"","protected":false},"author":1,"featured_media":0,"parent":0,"menu_order":0,"comment_status":"closed","ping_status":"closed","template":"","meta":{"footnotes":""},"class_list":["post-6054","page","type-page","status-publish","hentry"],"_links":{"self":[{"href":"https:\/\/freiheitsdenkmal-leipzig.de\/en\/wp-json\/wp\/v2\/pages\/6054"}],"collection":[{"href":"https:\/\/freiheitsdenkmal-leipzig.de\/en\/wp-json\/wp\/v2\/pages"}],"about":[{"href":"https:\/\/freiheitsdenkmal-leipzig.de\/en\/wp-json\/wp\/v2\/types\/page"}],"author":[{"embeddable":true,"href":"https:\/\/freiheitsdenkmal-leipzig.de\/en\/wp-json\/wp\/v2\/users\/1"}],"replies":[{"embeddable":true,"href":"https:\/\/freiheitsdenkmal-leipzig.de\/en\/wp-json\/wp\/v2\/comments?post=6054"}],"version-history":[{"count":71,"href":"https:\/\/freiheitsdenkmal-leipzig.de\/en\/wp-json\/wp\/v2\/pages\/6054\/revisions"}],"predecessor-version":[{"id":9250,"href":"https:\/\/freiheitsdenkmal-leipzig.de\/en\/wp-json\/wp\/v2\/pages\/6054\/revisions\/9250"}],"wp:attachment":[{"href":"https:\/\/freiheitsdenkmal-leipzig.de\/en\/wp-json\/wp\/v2\/media?parent=6054"}],"curies":[{"name":"wp","href":"https:\/\/api.w.org\/{rel}","templated":true}]}}