{"id":6655,"date":"2024-06-27T09:46:41","date_gmt":"2024-06-27T09:46:41","guid":{"rendered":"https:\/\/freiheitsdenkmal-leipzig.de\/?page_id=6655"},"modified":"2024-06-27T09:47:30","modified_gmt":"2024-06-27T09:47:30","slug":"aktuelles-2","status":"publish","type":"page","link":"https:\/\/freiheitsdenkmal-leipzig.de\/en\/aktuelles-2","title":{"rendered":"Aktuelles 2"},"content":{"rendered":"<style type=\"text\/css\" data-created_by=\"avia_inline_auto\" id=\"style-css-av-av_section-5e5cd4742059c85e224fbc5fc595435d\">\n.avia-section.av-av_section-5e5cd4742059c85e224fbc5fc595435d .av-parallax .av-parallax-inner{\nbackground-repeat:no-repeat;\nbackground-image:url(https:\/\/freiheitsdenkmal-leipzig.de\/wp-content\/uploads\/2018\/06\/RHG_Fo_AnKae_82_comp-1.jpg);\nbackground-position:50% 50%;\nbackground-attachment:scroll;\n}\n<\/style>\n<div id='av_section_1'  class='avia-section av-av_section-5e5cd4742059c85e224fbc5fc595435d main_color avia-section-default avia-no-shadow  avia-builder-el-0  el_before_av_three_fourth  avia-builder-el-first  avia-full-stretch av-parallax-section avia-bg-style-parallax av-minimum-height av-minimum-height-custom av-height-custom  container_wrap fullsize'  data-section-bg-repeat='stretch' data-av_minimum_height_px='270'><div class='av-parallax' data-avia-parallax-ratio='0.3' ><div class='av-parallax-inner main_color avia-full-stretch'><\/div><\/div><div class='container av-section-cont-open' style='height:270px'><main  role=\"main\" itemprop=\"mainContentOfPage\"  class='template-page content  av-content-full alpha units'><div class='post-entry post-entry-type-page post-entry-6655'><div class='entry-content-wrapper clearfix'>\n\n<style type=\"text\/css\" data-created_by=\"avia_inline_auto\" id=\"style-css-av-av_heading-dce192c3767fb702c241d3ceb53ce2e1\">\n#top .av-special-heading.av-av_heading-dce192c3767fb702c241d3ceb53ce2e1{\npadding-bottom:0;\ncolor:#ffffff;\nfont-size:60px;\n}\nbody .av-special-heading.av-av_heading-dce192c3767fb702c241d3ceb53ce2e1 .av-special-heading-tag .heading-char{\nfont-size:25px;\n}\n#top #wrap_all .av-special-heading.av-av_heading-dce192c3767fb702c241d3ceb53ce2e1 .av-special-heading-tag{\nfont-size:60px;\n}\n.av-special-heading.av-av_heading-dce192c3767fb702c241d3ceb53ce2e1 .special-heading-inner-border{\nborder-color:#ffffff;\n}\n.av-special-heading.av-av_heading-dce192c3767fb702c241d3ceb53ce2e1 .av-subheading{\nfont-size:18px;\n}\n\n@media only screen and (max-width: 479px){ \n#top #wrap_all .av-special-heading.av-av_heading-dce192c3767fb702c241d3ceb53ce2e1 .av-special-heading-tag{\nfont-size:40px;\n}\n}\n\n@media only screen and (min-width: 480px) and (max-width: 767px){ \n#top #wrap_all .av-special-heading.av-av_heading-dce192c3767fb702c241d3ceb53ce2e1 .av-special-heading-tag{\nfont-size:0.8em;\n}\n}\n<\/style>\n<div  class='av-special-heading av-av_heading-dce192c3767fb702c241d3ceb53ce2e1 av-special-heading-h1 custom-color-heading blockquote modern-quote  avia-builder-el-1  avia-builder-el-no-sibling  av-thin-font av-inherit-size'><h1 class='av-special-heading-tag'  itemprop=\"headline\"  ><strong>News<\/strong><\/h1><div class=\"special-heading-border\"><div class=\"special-heading-inner-border\"><\/div><\/div><\/div>\n<\/div><\/div><\/main><!-- close content main element --><\/div><\/div><div id='after_section_1'  class='main_color av_default_container_wrap container_wrap fullsize'  ><div class='container av-section-cont-open' ><div class='template-page content  av-content-full alpha units'><div class='post-entry post-entry-type-page post-entry-6655'><div class='entry-content-wrapper clearfix'>\n<div class='flex_column_table av-av_three_fourth-81cd4455df4c361b50bd3f3d10964826 sc-av_three_fourth av-equal-height-column-flextable'>\n<style type=\"text\/css\" data-created_by=\"avia_inline_auto\" id=\"style-css-av-av_three_fourth-81cd4455df4c361b50bd3f3d10964826\">\n.flex_column.av-av_three_fourth-81cd4455df4c361b50bd3f3d10964826{\nwidth:74.25%;\nmargin-left:0;\n}\n#top .flex_column_table.av-equal-height-column-flextable.av-av_three_fourth-81cd4455df4c361b50bd3f3d10964826 .av-flex-placeholder{\nwidth:3%;\n}\n<\/style>\n<div  id=\"louise-otto-peters\"  class='flex_column av-av_three_fourth-81cd4455df4c361b50bd3f3d10964826 av_three_fourth  avia-builder-el-2  el_after_av_section  el_before_av_one_fourth  avia-builder-el-first  first flex_column_table_cell av-equal-height-column av-align-top'     ><section  class='av_textblock_section av-av_textblock-92ab5b4c5448b40ef3b82fb3d397e98e'   itemscope=\"itemscope\" itemtype=\"https:\/\/schema.org\/CreativeWork\" ><div class='avia_textblock'  itemprop=\"text\" ><h4>07.05.2024<\/h4>\n<h4>Cinema Casino am 14.5.: Nachwendekinder<\/h4>\n<p>Am 14. Mai zeigen wir in unserem Zeitgeschichtskino um 18 Uhr die Dokumentation \u201eNachwendekinder &#8211; Wie ostdeutsch sind wir noch?\u201c. Zum Filmgespr\u00e4ch freuen wir uns auf die Regisseurin Eva Hofmann. Der Eintritt ist frei. <strong><em><a href=\"https:\/\/freiheitsdenkmal-leipzig.de\/wp-content\/uploads\/2024\/03\/Casino_Kino_Flyer_web.pdf\" target=\"_blank\" rel=\"noopener\">Cinema Casino-Programmflyer<\/a><\/em><\/strong><\/p>\n<ul>\n<li>18:00 Uhr Nachwendekinder, Regie: Eva Hofmann, 65 Min, 2023<\/li>\n<li>19:05 Gespr\u00e4ch mit Regisseurin Eva Hofmann<\/li>\n<\/ul>\n<h5>Nachwendekinder &#8211; Wie ostdeutsch sind wir noch?<\/h5>\n<p>Seit mehr als 33 Jahren gibt es die DDR nicht mehr. Im wiedervereinigten Deutschland ist seitdem eine ganze Generation herangewachsen, die Teilung und DDR nicht mehr selbst erlebt hat.<br \/>\nWie gehen diese Nachwendekinder mit den Erz\u00e4hlungen ihrer Eltern und den Themen ostdeutsche Herkunft und eigene Identit\u00e4t um? Der Dokumentarfilm begleitet sieben junge Menschen in und aus Ostdeutschland und zeigt, wie individuell die Perspektiven der Nachwendekinder sind.\u2502Regie: Eva Hofmann, 65 Min, 2023<\/p>\n<\/div><\/section><\/div>\n<div class='av-flex-placeholder'><\/div>\n<style type=\"text\/css\" data-created_by=\"avia_inline_auto\" id=\"style-css-av-av_one_fourth-58a6369d5c19d308284fa729d91312fa\">\n.flex_column.av-av_one_fourth-58a6369d5c19d308284fa729d91312fa{\nwidth:22.75%;\nmargin-left:0;\n}\n#top .flex_column_table.av-equal-height-column-flextable.av-av_one_fourth-58a6369d5c19d308284fa729d91312fa .av-flex-placeholder{\nwidth:3%;\n}\n<\/style>\n<div  class='flex_column av-av_one_fourth-58a6369d5c19d308284fa729d91312fa av_one_fourth  avia-builder-el-4  el_after_av_three_fourth  el_before_av_hr  flex_column_table_cell av-equal-height-column av-align-top'     ><style type=\"text\/css\" data-created_by=\"avia_inline_auto\" id=\"style-css-av-av_image-8f117120b650a63873722ac6a3e1c853\">\n.avia-image-container.av-av_image-8f117120b650a63873722ac6a3e1c853 img.avia_image{\nbox-shadow:none;\n}\n.avia-image-container.av-av_image-8f117120b650a63873722ac6a3e1c853 .av-image-caption-overlay-center{\ncolor:#ffffff;\n}\n<\/style>\n<div  class='avia-image-container av-av_image-8f117120b650a63873722ac6a3e1c853 av-styling- avia-align-center  avia-builder-el-5  avia-builder-el-no-sibling'   itemprop=\"image\" itemscope=\"itemscope\" itemtype=\"https:\/\/schema.org\/ImageObject\" ><div class=\"avia-image-container-inner\"><div class=\"avia-image-overlay-wrap\"><img decoding=\"async\" fetchpriority=\"high\" class='wp-image-6214 avia-img-lazy-loading-not-6214 avia_image' src=\"https:\/\/freiheitsdenkmal-leipzig.de\/wp-content\/uploads\/2024\/05\/Nachwendekinder3-scaled.jpg\" alt='' title='Nachwendekinder3'  height=\"2560\" width=\"1920\"  itemprop=\"thumbnailUrl\" srcset=\"https:\/\/freiheitsdenkmal-leipzig.de\/wp-content\/uploads\/2024\/05\/Nachwendekinder3-scaled.jpg 1920w, https:\/\/freiheitsdenkmal-leipzig.de\/wp-content\/uploads\/2024\/05\/Nachwendekinder3-225x300.jpg 225w, https:\/\/freiheitsdenkmal-leipzig.de\/wp-content\/uploads\/2024\/05\/Nachwendekinder3-773x1030.jpg 773w, https:\/\/freiheitsdenkmal-leipzig.de\/wp-content\/uploads\/2024\/05\/Nachwendekinder3-768x1024.jpg 768w, https:\/\/freiheitsdenkmal-leipzig.de\/wp-content\/uploads\/2024\/05\/Nachwendekinder3-1152x1536.jpg 1152w, https:\/\/freiheitsdenkmal-leipzig.de\/wp-content\/uploads\/2024\/05\/Nachwendekinder3-1536x2048.jpg 1536w, https:\/\/freiheitsdenkmal-leipzig.de\/wp-content\/uploads\/2024\/05\/Nachwendekinder3-9x12.jpg 9w, https:\/\/freiheitsdenkmal-leipzig.de\/wp-content\/uploads\/2024\/05\/Nachwendekinder3-1125x1500.jpg 1125w, https:\/\/freiheitsdenkmal-leipzig.de\/wp-content\/uploads\/2024\/05\/Nachwendekinder3-529x705.jpg 529w\" sizes=\"(max-width: 1920px) 100vw, 1920px\" \/><\/div><\/div><\/div><\/div><\/div><!--close column table wrapper. Autoclose: 1 -->\n<div  class='hr av-av_hr-bc943783b13769b99750b884f593b94d hr-default  avia-builder-el-6  el_after_av_one_fourth  el_before_av_three_fourth'><span class='hr-inner'><span class=\"hr-inner-style\"><\/span><\/span><\/div>\n<div class='flex_column_table av-av_three_fourth-81cd4455df4c361b50bd3f3d10964826 sc-av_three_fourth av-equal-height-column-flextable'>\n<style type=\"text\/css\" data-created_by=\"avia_inline_auto\" id=\"style-css-av-av_three_fourth-81cd4455df4c361b50bd3f3d10964826\">\n.flex_column.av-av_three_fourth-81cd4455df4c361b50bd3f3d10964826{\nwidth:74.25%;\nmargin-left:0;\n}\n#top .flex_column_table.av-equal-height-column-flextable.av-av_three_fourth-81cd4455df4c361b50bd3f3d10964826 .av-flex-placeholder{\nwidth:3%;\n}\n<\/style>\n<div  id=\"louise-otto-peters\"  class='flex_column av-av_three_fourth-81cd4455df4c361b50bd3f3d10964826 av_three_fourth  avia-builder-el-7  el_after_av_hr  el_before_av_one_fourth  first flex_column_table_cell av-equal-height-column av-align-top'     ><section  class='av_textblock_section av-av_textblock-92ab5b4c5448b40ef3b82fb3d397e98e'   itemscope=\"itemscope\" itemtype=\"https:\/\/schema.org\/CreativeWork\" ><div class='avia_textblock'  itemprop=\"text\" ><h4>03.05.2024<\/h4>\n<h4><strong>Foto-Ausstellung: \u201eDDR in Aufruhr &#8211; Herbstdemonstrationen 1989 in den 15 Bezirken\u201c<\/strong><\/h4>\n<h5>Vernissage am 7. Mai um 18 Uhr<\/h5>\n<p><strong><a href=\"https:\/\/freiheitsdenkmal-leipzig.de\/en\/ddr-in-aufruhr\/\" target=\"_blank\" rel=\"noopener\">Die Ausstellung &#8222;DDR in Aufruhr<\/a><\/strong>&#8220; zeigt f\u00fcr jeden der 15 Bezirken der DDR jeweils eine Fotografie zu den Proteste 1989 f\u00fcr demokratische Freiheiten, Versammlungs- und Pressefreiheit, Reisefreiheit und Rechtsstaatlichkeit. und verdeutlicht damit die Breite und die historische Strahlkraft.<\/p>\n<p>Zu sehen sind dabei nicht nur Bilder von den gel\u00e4ufigen Orten wie Leipzig oder Berlin, sondern auch von Aktionen und Protesten z.B. in Schwerin, Neubrandenburg oder Gera. Die Fotos wurden von Museen, Archiven und Fotograf*innen zur Verf\u00fcgung gestellt.<\/p>\n<p>Im Rahmen der Vernissage am 7. Mai veranstaltet die Stiftung ein moderiertes Gespr\u00e4ch mit Fotograf:innen und erinnerungskulturellen Initiativen, das den Blick auf die Geschichten hinter den Bildern richten wird. Mit dabei sind u.a. Eleonore Wolf, Leiterin des Neubrandenburger Stadtarchivs, und Rolf Schwanitz vom Vogtland89 e.V.<\/p>\n<p><!-- &#091;if gte mso 9&#093;><xml>\n<o:OfficeDocumentSettings>\n<o:AllowPNG\/>\n<\/o:OfficeDocumentSettings>\n<\/xml><!&#091;endif&#093;--><!-- &#091;if gte mso 9&#093;><xml>\n<w:WordDocument>\n<w:View>Normal<\/w:View>\n<w:Zoom>0<\/w:Zoom>\n<w:TrackMoves\/>\n<w:TrackFormatting\/>\n<w:DoNotShowComments\/>\n<w:DoNotShowInsertionsAndDeletions\/>\n<w:HyphenationZone>21<\/w:HyphenationZone>\n<w:PunctuationKerning\/>\n<w:ValidateAgainstSchemas\/>\n<w:SaveIfXMLInvalid>false<\/w:SaveIfXMLInvalid>\n<w:IgnoreMixedContent>false<\/w:IgnoreMixedContent>\n<w:AlwaysShowPlaceholderText>false<\/w:AlwaysShowPlaceholderText>\n<w:DoNotPromoteQF\/>\n<w:LidThemeOther>DE<\/w:LidThemeOther>\n<w:LidThemeAsian>X-NONE<\/w:LidThemeAsian>\n<w:LidThemeComplexScript>X-NONE<\/w:LidThemeComplexScript>\n<w:Compatibility>\n<w:BreakWrappedTables\/>\n<w:SnapToGridInCell\/>\n<w:WrapTextWithPunct\/>\n<w:UseAsianBreakRules\/>\n<w:DontGrowAutofit\/>\n<w:SplitPgBreakAndParaMark\/>\n<w:DontVertAlignCellWithSp\/>\n<w:DontBreakConstrainedForcedTables\/>\n<w:DontVertAlignInTxbx\/>\n<w:Word11KerningPairs\/>\n<w:CachedColBalance\/>\n<\/w:Compatibility>\n<m:mathPr>\n<m:mathFont m:val=\"Cambria Math\"\/>\n<m:brkBin m:val=\"before\"\/>\n<m:brkBinSub m:val=\"--\"\/>\n<m:smallFrac m:val=\"off\"\/>\n<m:dispDef\/>\n<m:lMargin m:val=\"0\"\/>\n<m:rMargin m:val=\"0\"\/>\n<m:defJc m:val=\"centerGroup\"\/>\n<m:wrapIndent m:val=\"1440\"\/>\n<m:intLim m:val=\"subSup\"\/>\n<m:naryLim m:val=\"undOvr\"\/>\n<\/m:mathPr><\/w:WordDocument>\n<\/xml><!&#091;endif&#093;--><!-- &#091;if gte mso 9&#093;><xml>\n<w:LatentStyles DefLockedState=\"false\" DefUnhideWhenUsed=\"true\" DefSemiHidden=\"true\" DefQFormat=\"false\" DefPriority=\"99\" LatentStyleCount=\"267\">\n<w:LsdException Locked=\"false\" Priority=\"0\" SemiHidden=\"false\" UnhideWhenUsed=\"false\" QFormat=\"true\" Name=\"Normal\"\/>\n<w:LsdException Locked=\"false\" Priority=\"9\" SemiHidden=\"false\" UnhideWhenUsed=\"false\" QFormat=\"true\" Name=\"heading 1\"\/>\n<w:LsdException Locked=\"false\" Priority=\"9\" QFormat=\"true\" Name=\"heading 2\"\/>\n<w:LsdException Locked=\"false\" Priority=\"9\" QFormat=\"true\" Name=\"heading 3\"\/>\n<w:LsdException Locked=\"false\" Priority=\"9\" QFormat=\"true\" Name=\"heading 4\"\/>\n<w:LsdException Locked=\"false\" Priority=\"9\" QFormat=\"true\" Name=\"heading 5\"\/>\n<w:LsdException Locked=\"false\" Priority=\"9\" QFormat=\"true\" Name=\"heading 6\"\/>\n<w:LsdException Locked=\"false\" Priority=\"9\" QFormat=\"true\" Name=\"heading 7\"\/>\n<w:LsdException Locked=\"false\" Priority=\"9\" QFormat=\"true\" Name=\"heading 8\"\/>\n<w:LsdException Locked=\"false\" Priority=\"9\" QFormat=\"true\" Name=\"heading 9\"\/>\n<w:LsdException Locked=\"false\" Priority=\"39\" Name=\"toc 1\"\/>\n<w:LsdException Locked=\"false\" Priority=\"39\" Name=\"toc 2\"\/>\n<w:LsdException Locked=\"false\" Priority=\"39\" Name=\"toc 3\"\/>\n<w:LsdException Locked=\"false\" Priority=\"39\" Name=\"toc 4\"\/>\n<w:LsdException Locked=\"false\" Priority=\"39\" Name=\"toc 5\"\/>\n<w:LsdException Locked=\"false\" Priority=\"39\" Name=\"toc 6\"\/>\n<w:LsdException Locked=\"false\" Priority=\"39\" Name=\"toc 7\"\/>\n<w:LsdException Locked=\"false\" Priority=\"39\" Name=\"toc 8\"\/>\n<w:LsdException Locked=\"false\" Priority=\"39\" Name=\"toc 9\"\/>\n<w:LsdException Locked=\"false\" Priority=\"35\" QFormat=\"true\" Name=\"caption\"\/>\n<w:LsdException Locked=\"false\" Priority=\"10\" SemiHidden=\"false\" UnhideWhenUsed=\"false\" QFormat=\"true\" Name=\"Title\"\/>\n<w:LsdException Locked=\"false\" Priority=\"1\" Name=\"Default Paragraph Font\"\/>\n<w:LsdException Locked=\"false\" Priority=\"11\" SemiHidden=\"false\" UnhideWhenUsed=\"false\" QFormat=\"true\" Name=\"Subtitle\"\/>\n<w:LsdException Locked=\"false\" Priority=\"22\" SemiHidden=\"false\" UnhideWhenUsed=\"false\" QFormat=\"true\" Name=\"Strong\"\/>\n<w:LsdException Locked=\"false\" Priority=\"20\" SemiHidden=\"false\" UnhideWhenUsed=\"false\" QFormat=\"true\" Name=\"Emphasis\"\/>\n<w:LsdException Locked=\"false\" Priority=\"59\" SemiHidden=\"false\" UnhideWhenUsed=\"false\" Name=\"Table Grid\"\/>\n<w:LsdException Locked=\"false\" UnhideWhenUsed=\"false\" Name=\"Placeholder Text\"\/>\n<w:LsdException Locked=\"false\" Priority=\"1\" SemiHidden=\"false\" UnhideWhenUsed=\"false\" QFormat=\"true\" Name=\"No Spacing\"\/>\n<w:LsdException Locked=\"false\" Priority=\"60\" SemiHidden=\"false\" UnhideWhenUsed=\"false\" Name=\"Light Shading\"\/>\n<w:LsdException Locked=\"false\" Priority=\"61\" SemiHidden=\"false\" UnhideWhenUsed=\"false\" Name=\"Light List\"\/>\n<w:LsdException Locked=\"false\" Priority=\"62\" SemiHidden=\"false\" UnhideWhenUsed=\"false\" Name=\"Light Grid\"\/>\n<w:LsdException Locked=\"false\" Priority=\"63\" SemiHidden=\"false\" UnhideWhenUsed=\"false\" Name=\"Medium Shading 1\"\/>\n<w:LsdException Locked=\"false\" Priority=\"64\" SemiHidden=\"false\" UnhideWhenUsed=\"false\" Name=\"Medium Shading 2\"\/>\n<w:LsdException Locked=\"false\" Priority=\"65\" SemiHidden=\"false\" UnhideWhenUsed=\"false\" Name=\"Medium List 1\"\/>\n<w:LsdException Locked=\"false\" Priority=\"66\" SemiHidden=\"false\" UnhideWhenUsed=\"false\" Name=\"Medium List 2\"\/>\n<w:LsdException Locked=\"false\" Priority=\"67\" SemiHidden=\"false\" UnhideWhenUsed=\"false\" Name=\"Medium Grid 1\"\/>\n<w:LsdException Locked=\"false\" Priority=\"68\" SemiHidden=\"false\" UnhideWhenUsed=\"false\" Name=\"Medium Grid 2\"\/>\n<w:LsdException Locked=\"false\" Priority=\"69\" SemiHidden=\"false\" UnhideWhenUsed=\"false\" Name=\"Medium Grid 3\"\/>\n<w:LsdException Locked=\"false\" Priority=\"70\" SemiHidden=\"false\" UnhideWhenUsed=\"false\" Name=\"Dark List\"\/>\n<w:LsdException Locked=\"false\" Priority=\"71\" SemiHidden=\"false\" UnhideWhenUsed=\"false\" Name=\"Colorful Shading\"\/>\n<w:LsdException Locked=\"false\" Priority=\"72\" SemiHidden=\"false\" UnhideWhenUsed=\"false\" Name=\"Colorful List\"\/>\n<w:LsdException Locked=\"false\" Priority=\"73\" SemiHidden=\"false\" UnhideWhenUsed=\"false\" Name=\"Colorful Grid\"\/>\n<w:LsdException Locked=\"false\" Priority=\"60\" SemiHidden=\"false\" UnhideWhenUsed=\"false\" Name=\"Light Shading Accent 1\"\/>\n<w:LsdException Locked=\"false\" Priority=\"61\" SemiHidden=\"false\" UnhideWhenUsed=\"false\" Name=\"Light List Accent 1\"\/>\n<w:LsdException Locked=\"false\" Priority=\"62\" SemiHidden=\"false\" UnhideWhenUsed=\"false\" Name=\"Light Grid Accent 1\"\/>\n<w:LsdException Locked=\"false\" Priority=\"63\" SemiHidden=\"false\" UnhideWhenUsed=\"false\" Name=\"Medium Shading 1 Accent 1\"\/>\n<w:LsdException Locked=\"false\" Priority=\"64\" SemiHidden=\"false\" UnhideWhenUsed=\"false\" Name=\"Medium Shading 2 Accent 1\"\/>\n<w:LsdException Locked=\"false\" Priority=\"65\" SemiHidden=\"false\" UnhideWhenUsed=\"false\" Name=\"Medium List 1 Accent 1\"\/>\n<w:LsdException Locked=\"false\" UnhideWhenUsed=\"false\" Name=\"Revision\"\/>\n<w:LsdException Locked=\"false\" Priority=\"34\" SemiHidden=\"false\" UnhideWhenUsed=\"false\" QFormat=\"true\" Name=\"List Paragraph\"\/>\n<w:LsdException Locked=\"false\" Priority=\"29\" SemiHidden=\"false\" UnhideWhenUsed=\"false\" QFormat=\"true\" Name=\"Quote\"\/>\n<w:LsdException Locked=\"false\" Priority=\"30\" SemiHidden=\"false\" UnhideWhenUsed=\"false\" QFormat=\"true\" Name=\"Intense Quote\"\/>\n<w:LsdException Locked=\"false\" Priority=\"66\" SemiHidden=\"false\" UnhideWhenUsed=\"false\" Name=\"Medium List 2 Accent 1\"\/>\n<w:LsdException Locked=\"false\" Priority=\"67\" SemiHidden=\"false\" UnhideWhenUsed=\"false\" Name=\"Medium Grid 1 Accent 1\"\/>\n<w:LsdException Locked=\"false\" Priority=\"68\" SemiHidden=\"false\" UnhideWhenUsed=\"false\" Name=\"Medium Grid 2 Accent 1\"\/>\n<w:LsdException Locked=\"false\" Priority=\"69\" SemiHidden=\"false\" UnhideWhenUsed=\"false\" Name=\"Medium Grid 3 Accent 1\"\/>\n<w:LsdException Locked=\"false\" Priority=\"70\" SemiHidden=\"false\" UnhideWhenUsed=\"false\" Name=\"Dark List Accent 1\"\/>\n<w:LsdException Locked=\"false\" Priority=\"71\" SemiHidden=\"false\" UnhideWhenUsed=\"false\" Name=\"Colorful Shading Accent 1\"\/>\n<w:LsdException Locked=\"false\" Priority=\"72\" SemiHidden=\"false\" UnhideWhenUsed=\"false\" Name=\"Colorful List Accent 1\"\/>\n<w:LsdException Locked=\"false\" Priority=\"73\" SemiHidden=\"false\" UnhideWhenUsed=\"false\" Name=\"Colorful Grid Accent 1\"\/>\n<w:LsdException Locked=\"false\" Priority=\"60\" SemiHidden=\"false\" UnhideWhenUsed=\"false\" Name=\"Light Shading Accent 2\"\/>\n<w:LsdException Locked=\"false\" Priority=\"61\" SemiHidden=\"false\" UnhideWhenUsed=\"false\" Name=\"Light List Accent 2\"\/>\n<w:LsdException Locked=\"false\" Priority=\"62\" SemiHidden=\"false\" UnhideWhenUsed=\"false\" Name=\"Light Grid Accent 2\"\/>\n<w:LsdException Locked=\"false\" Priority=\"63\" SemiHidden=\"false\" UnhideWhenUsed=\"false\" Name=\"Medium Shading 1 Accent 2\"\/>\n<w:LsdException Locked=\"false\" Priority=\"64\" SemiHidden=\"false\" UnhideWhenUsed=\"false\" Name=\"Medium Shading 2 Accent 2\"\/>\n<w:LsdException Locked=\"false\" Priority=\"65\" SemiHidden=\"false\" UnhideWhenUsed=\"false\" Name=\"Medium List 1 Accent 2\"\/>\n<w:LsdException Locked=\"false\" Priority=\"66\" SemiHidden=\"false\" UnhideWhenUsed=\"false\" Name=\"Medium List 2 Accent 2\"\/>\n<w:LsdException Locked=\"false\" Priority=\"67\" SemiHidden=\"false\" UnhideWhenUsed=\"false\" Name=\"Medium Grid 1 Accent 2\"\/>\n<w:LsdException Locked=\"false\" Priority=\"68\" SemiHidden=\"false\" UnhideWhenUsed=\"false\" Name=\"Medium Grid 2 Accent 2\"\/>\n<w:LsdException Locked=\"false\" Priority=\"69\" SemiHidden=\"false\" UnhideWhenUsed=\"false\" Name=\"Medium Grid 3 Accent 2\"\/>\n<w:LsdException Locked=\"false\" Priority=\"70\" SemiHidden=\"false\" UnhideWhenUsed=\"false\" Name=\"Dark List Accent 2\"\/>\n<w:LsdException Locked=\"false\" Priority=\"71\" SemiHidden=\"false\" UnhideWhenUsed=\"false\" Name=\"Colorful Shading Accent 2\"\/>\n<w:LsdException Locked=\"false\" Priority=\"72\" SemiHidden=\"false\" UnhideWhenUsed=\"false\" Name=\"Colorful List Accent 2\"\/>\n<w:LsdException Locked=\"false\" Priority=\"73\" SemiHidden=\"false\" UnhideWhenUsed=\"false\" Name=\"Colorful Grid Accent 2\"\/>\n<w:LsdException Locked=\"false\" Priority=\"60\" SemiHidden=\"false\" UnhideWhenUsed=\"false\" Name=\"Light Shading Accent 3\"\/>\n<w:LsdException Locked=\"false\" Priority=\"61\" SemiHidden=\"false\" UnhideWhenUsed=\"false\" Name=\"Light List Accent 3\"\/>\n<w:LsdException Locked=\"false\" Priority=\"62\" SemiHidden=\"false\" UnhideWhenUsed=\"false\" Name=\"Light Grid Accent 3\"\/>\n<w:LsdException Locked=\"false\" Priority=\"63\" SemiHidden=\"false\" UnhideWhenUsed=\"false\" Name=\"Medium Shading 1 Accent 3\"\/>\n<w:LsdException Locked=\"false\" Priority=\"64\" SemiHidden=\"false\" UnhideWhenUsed=\"false\" Name=\"Medium Shading 2 Accent 3\"\/>\n<w:LsdException Locked=\"false\" Priority=\"65\" SemiHidden=\"false\" UnhideWhenUsed=\"false\" Name=\"Medium List 1 Accent 3\"\/>\n<w:LsdException Locked=\"false\" Priority=\"66\" SemiHidden=\"false\" UnhideWhenUsed=\"false\" Name=\"Medium List 2 Accent 3\"\/>\n<w:LsdException Locked=\"false\" Priority=\"67\" SemiHidden=\"false\" UnhideWhenUsed=\"false\" Name=\"Medium Grid 1 Accent 3\"\/>\n<w:LsdException Locked=\"false\" Priority=\"68\" SemiHidden=\"false\" UnhideWhenUsed=\"false\" Name=\"Medium Grid 2 Accent 3\"\/>\n<w:LsdException Locked=\"false\" Priority=\"69\" SemiHidden=\"false\" UnhideWhenUsed=\"false\" Name=\"Medium Grid 3 Accent 3\"\/>\n<w:LsdException Locked=\"false\" Priority=\"70\" SemiHidden=\"false\" UnhideWhenUsed=\"false\" Name=\"Dark List Accent 3\"\/>\n<w:LsdException Locked=\"false\" Priority=\"71\" SemiHidden=\"false\" UnhideWhenUsed=\"false\" Name=\"Colorful Shading Accent 3\"\/>\n<w:LsdException Locked=\"false\" Priority=\"72\" SemiHidden=\"false\" UnhideWhenUsed=\"false\" Name=\"Colorful List Accent 3\"\/>\n<w:LsdException Locked=\"false\" Priority=\"73\" SemiHidden=\"false\" UnhideWhenUsed=\"false\" Name=\"Colorful Grid Accent 3\"\/>\n<w:LsdException Locked=\"false\" Priority=\"60\" SemiHidden=\"false\" UnhideWhenUsed=\"false\" Name=\"Light Shading Accent 4\"\/>\n<w:LsdException Locked=\"false\" Priority=\"61\" SemiHidden=\"false\" UnhideWhenUsed=\"false\" Name=\"Light List Accent 4\"\/>\n<w:LsdException Locked=\"false\" Priority=\"62\" SemiHidden=\"false\" UnhideWhenUsed=\"false\" Name=\"Light Grid Accent 4\"\/>\n<w:LsdException Locked=\"false\" Priority=\"63\" SemiHidden=\"false\" UnhideWhenUsed=\"false\" Name=\"Medium Shading 1 Accent 4\"\/>\n<w:LsdException Locked=\"false\" Priority=\"64\" SemiHidden=\"false\" UnhideWhenUsed=\"false\" Name=\"Medium Shading 2 Accent 4\"\/>\n<w:LsdException Locked=\"false\" Priority=\"65\" SemiHidden=\"false\" UnhideWhenUsed=\"false\" Name=\"Medium List 1 Accent 4\"\/>\n<w:LsdException Locked=\"false\" Priority=\"66\" SemiHidden=\"false\" UnhideWhenUsed=\"false\" Name=\"Medium List 2 Accent 4\"\/>\n<w:LsdException Locked=\"false\" Priority=\"67\" SemiHidden=\"false\" UnhideWhenUsed=\"false\" Name=\"Medium Grid 1 Accent 4\"\/>\n<w:LsdException Locked=\"false\" Priority=\"68\" SemiHidden=\"false\" UnhideWhenUsed=\"false\" Name=\"Medium Grid 2 Accent 4\"\/>\n<w:LsdException Locked=\"false\" Priority=\"69\" SemiHidden=\"false\" UnhideWhenUsed=\"false\" Name=\"Medium Grid 3 Accent 4\"\/>\n<w:LsdException Locked=\"false\" Priority=\"70\" SemiHidden=\"false\" UnhideWhenUsed=\"false\" Name=\"Dark List Accent 4\"\/>\n<w:LsdException Locked=\"false\" Priority=\"71\" SemiHidden=\"false\" UnhideWhenUsed=\"false\" Name=\"Colorful Shading Accent 4\"\/>\n<w:LsdException Locked=\"false\" Priority=\"72\" SemiHidden=\"false\" UnhideWhenUsed=\"false\" Name=\"Colorful List Accent 4\"\/>\n<w:LsdException Locked=\"false\" Priority=\"73\" SemiHidden=\"false\" UnhideWhenUsed=\"false\" Name=\"Colorful Grid Accent 4\"\/>\n<w:LsdException Locked=\"false\" Priority=\"60\" SemiHidden=\"false\" UnhideWhenUsed=\"false\" Name=\"Light Shading Accent 5\"\/>\n<w:LsdException Locked=\"false\" Priority=\"61\" SemiHidden=\"false\" UnhideWhenUsed=\"false\" Name=\"Light List Accent 5\"\/>\n<w:LsdException Locked=\"false\" Priority=\"62\" SemiHidden=\"false\" UnhideWhenUsed=\"false\" Name=\"Light Grid Accent 5\"\/>\n<w:LsdException Locked=\"false\" Priority=\"63\" SemiHidden=\"false\" UnhideWhenUsed=\"false\" Name=\"Medium Shading 1 Accent 5\"\/>\n<w:LsdException Locked=\"false\" Priority=\"64\" SemiHidden=\"false\" UnhideWhenUsed=\"false\" Name=\"Medium Shading 2 Accent 5\"\/>\n<w:LsdException Locked=\"false\" Priority=\"65\" SemiHidden=\"false\" UnhideWhenUsed=\"false\" Name=\"Medium List 1 Accent 5\"\/>\n<w:LsdException Locked=\"false\" Priority=\"66\" SemiHidden=\"false\" UnhideWhenUsed=\"false\" Name=\"Medium List 2 Accent 5\"\/>\n<w:LsdException Locked=\"false\" Priority=\"67\" SemiHidden=\"false\" UnhideWhenUsed=\"false\" Name=\"Medium Grid 1 Accent 5\"\/>\n<w:LsdException Locked=\"false\" Priority=\"68\" SemiHidden=\"false\" UnhideWhenUsed=\"false\" Name=\"Medium Grid 2 Accent 5\"\/>\n<w:LsdException Locked=\"false\" Priority=\"69\" SemiHidden=\"false\" UnhideWhenUsed=\"false\" Name=\"Medium Grid 3 Accent 5\"\/>\n<w:LsdException Locked=\"false\" Priority=\"70\" SemiHidden=\"false\" UnhideWhenUsed=\"false\" Name=\"Dark List Accent 5\"\/>\n<w:LsdException Locked=\"false\" Priority=\"71\" SemiHidden=\"false\" UnhideWhenUsed=\"false\" Name=\"Colorful Shading Accent 5\"\/>\n<w:LsdException Locked=\"false\" Priority=\"72\" SemiHidden=\"false\" UnhideWhenUsed=\"false\" Name=\"Colorful List Accent 5\"\/>\n<w:LsdException Locked=\"false\" Priority=\"73\" SemiHidden=\"false\" UnhideWhenUsed=\"false\" Name=\"Colorful Grid Accent 5\"\/>\n<w:LsdException Locked=\"false\" Priority=\"60\" SemiHidden=\"false\" UnhideWhenUsed=\"false\" Name=\"Light Shading Accent 6\"\/>\n<w:LsdException Locked=\"false\" Priority=\"61\" SemiHidden=\"false\" UnhideWhenUsed=\"false\" Name=\"Light List Accent 6\"\/>\n<w:LsdException Locked=\"false\" Priority=\"62\" SemiHidden=\"false\" UnhideWhenUsed=\"false\" Name=\"Light Grid Accent 6\"\/>\n<w:LsdException Locked=\"false\" Priority=\"63\" SemiHidden=\"false\" UnhideWhenUsed=\"false\" Name=\"Medium Shading 1 Accent 6\"\/>\n<w:LsdException Locked=\"false\" Priority=\"64\" SemiHidden=\"false\" UnhideWhenUsed=\"false\" Name=\"Medium Shading 2 Accent 6\"\/>\n<w:LsdException Locked=\"false\" Priority=\"65\" SemiHidden=\"false\" UnhideWhenUsed=\"false\" Name=\"Medium List 1 Accent 6\"\/>\n<w:LsdException Locked=\"false\" Priority=\"66\" SemiHidden=\"false\" UnhideWhenUsed=\"false\" Name=\"Medium List 2 Accent 6\"\/>\n<w:LsdException Locked=\"false\" Priority=\"67\" SemiHidden=\"false\" UnhideWhenUsed=\"false\" Name=\"Medium Grid 1 Accent 6\"\/>\n<w:LsdException Locked=\"false\" Priority=\"68\" SemiHidden=\"false\" UnhideWhenUsed=\"false\" Name=\"Medium Grid 2 Accent 6\"\/>\n<w:LsdException Locked=\"false\" Priority=\"69\" SemiHidden=\"false\" UnhideWhenUsed=\"false\" Name=\"Medium Grid 3 Accent 6\"\/>\n<w:LsdException Locked=\"false\" Priority=\"70\" SemiHidden=\"false\" UnhideWhenUsed=\"false\" Name=\"Dark List Accent 6\"\/>\n<w:LsdException Locked=\"false\" Priority=\"71\" SemiHidden=\"false\" UnhideWhenUsed=\"false\" Name=\"Colorful Shading Accent 6\"\/>\n<w:LsdException Locked=\"false\" Priority=\"72\" SemiHidden=\"false\" UnhideWhenUsed=\"false\" Name=\"Colorful List Accent 6\"\/>\n<w:LsdException Locked=\"false\" Priority=\"73\" SemiHidden=\"false\" UnhideWhenUsed=\"false\" Name=\"Colorful Grid Accent 6\"\/>\n<w:LsdException Locked=\"false\" Priority=\"19\" SemiHidden=\"false\" UnhideWhenUsed=\"false\" QFormat=\"true\" Name=\"Subtle Emphasis\"\/>\n<w:LsdException Locked=\"false\" Priority=\"21\" SemiHidden=\"false\" UnhideWhenUsed=\"false\" QFormat=\"true\" Name=\"Intense Emphasis\"\/>\n<w:LsdException Locked=\"false\" Priority=\"31\" SemiHidden=\"false\" UnhideWhenUsed=\"false\" QFormat=\"true\" Name=\"Subtle Reference\"\/>\n<w:LsdException Locked=\"false\" Priority=\"32\" SemiHidden=\"false\" UnhideWhenUsed=\"false\" QFormat=\"true\" Name=\"Intense Reference\"\/>\n<w:LsdException Locked=\"false\" Priority=\"33\" SemiHidden=\"false\" UnhideWhenUsed=\"false\" QFormat=\"true\" Name=\"Book Title\"\/>\n<w:LsdException Locked=\"false\" Priority=\"37\" Name=\"Bibliography\"\/>\n<w:LsdException Locked=\"false\" Priority=\"39\" QFormat=\"true\" Name=\"TOC Heading\"\/>\n<\/w:LatentStyles>\n<\/xml><!&#091;endif&#093;--><!-- &#091;if gte mso 10&#093;>\n\n\n\n\n\n\n\n<style>\n \/* Style Definitions *\/<br \/> table.MsoNormalTable<br \/>\t{mso-style-name:\"Normale Tabelle\";<br \/>\tmso-tstyle-rowband-size:0;<br \/>\tmso-tstyle-colband-size:0;<br \/>\tmso-style-noshow:yes;<br \/>\tmso-style-priority:99;<br \/>\tmso-style-qformat:yes;<br \/>\tmso-style-parent:\"\";<br \/>\tmso-padding-alt:0cm 5.4pt 0cm 5.4pt;<br \/>\tmso-para-margin-top:0cm;<br \/>\tmso-para-margin-right:0cm;<br \/>\tmso-para-margin-bottom:10.0pt;<br \/>\tmso-para-margin-left:0cm;<br \/>\tline-height:115%;<br \/>\tmso-pagination:widow-orphan;<br \/>\tfont-size:11.0pt;<br \/>\tfont-family:\"Calibri\",\"sans-serif\";<br \/>\tmso-ascii-font-family:Calibri;<br \/>\tmso-ascii-theme-font:minor-latin;<br \/>\tmso-fareast-font-family:\"Times New Roman\";<br \/>\tmso-fareast-theme-font:minor-fareast;<br \/>\tmso-hansi-font-family:Calibri;<br \/>\tmso-hansi-theme-font:minor-latin;<br \/>\tmso-bidi-font-family:\"Times New Roman\";<br \/>\tmso-bidi-theme-font:minor-bidi;}<br \/><\/style>\n\n\n\n\n\n<!&#091;endif&#093;--><\/p>\n<\/div><\/section><\/div>\n<div class='av-flex-placeholder'><\/div>\n<style type=\"text\/css\" data-created_by=\"avia_inline_auto\" id=\"style-css-av-av_one_fourth-58a6369d5c19d308284fa729d91312fa\">\n.flex_column.av-av_one_fourth-58a6369d5c19d308284fa729d91312fa{\nwidth:22.75%;\nmargin-left:0;\n}\n#top .flex_column_table.av-equal-height-column-flextable.av-av_one_fourth-58a6369d5c19d308284fa729d91312fa .av-flex-placeholder{\nwidth:3%;\n}\n<\/style>\n<div  class='flex_column av-av_one_fourth-58a6369d5c19d308284fa729d91312fa av_one_fourth  avia-builder-el-9  el_after_av_three_fourth  el_before_av_hr  flex_column_table_cell av-equal-height-column av-align-top'     ><style type=\"text\/css\" data-created_by=\"avia_inline_auto\" id=\"style-css-av-av_image-80c34e22f71b773defb31eefc431ae0a\">\n.avia-image-container.av-av_image-80c34e22f71b773defb31eefc431ae0a img.avia_image{\nbox-shadow:none;\n}\n.avia-image-container.av-av_image-80c34e22f71b773defb31eefc431ae0a .av-image-caption-overlay-center{\ncolor:#ffffff;\n}\n<\/style>\n<div  class='avia-image-container av-av_image-80c34e22f71b773defb31eefc431ae0a av-styling- avia-align-center  avia-builder-el-10  avia-builder-el-no-sibling'   itemprop=\"image\" itemscope=\"itemscope\" itemtype=\"https:\/\/schema.org\/ImageObject\" ><div class=\"avia-image-container-inner\"><div class=\"avia-image-overlay-wrap\"><img decoding=\"async\" fetchpriority=\"high\" class='wp-image-6014 avia-img-lazy-loading-not-6014 avia_image' src=\"https:\/\/freiheitsdenkmal-leipzig.de\/wp-content\/uploads\/2024\/04\/gr_Einladung_Ausstellung-Bezirke3-scaled.jpg\" alt='' title='gr_Einladung_Ausstellung Bezirke3'  height=\"2560\" width=\"1817\"  itemprop=\"thumbnailUrl\" srcset=\"https:\/\/freiheitsdenkmal-leipzig.de\/wp-content\/uploads\/2024\/04\/gr_Einladung_Ausstellung-Bezirke3-scaled.jpg 1817w, https:\/\/freiheitsdenkmal-leipzig.de\/wp-content\/uploads\/2024\/04\/gr_Einladung_Ausstellung-Bezirke3-213x300.jpg 213w, https:\/\/freiheitsdenkmal-leipzig.de\/wp-content\/uploads\/2024\/04\/gr_Einladung_Ausstellung-Bezirke3-731x1030.jpg 731w, https:\/\/freiheitsdenkmal-leipzig.de\/wp-content\/uploads\/2024\/04\/gr_Einladung_Ausstellung-Bezirke3-768x1082.jpg 768w, https:\/\/freiheitsdenkmal-leipzig.de\/wp-content\/uploads\/2024\/04\/gr_Einladung_Ausstellung-Bezirke3-1090x1536.jpg 1090w, https:\/\/freiheitsdenkmal-leipzig.de\/wp-content\/uploads\/2024\/04\/gr_Einladung_Ausstellung-Bezirke3-1453x2048.jpg 1453w, https:\/\/freiheitsdenkmal-leipzig.de\/wp-content\/uploads\/2024\/04\/gr_Einladung_Ausstellung-Bezirke3-9x12.jpg 9w, https:\/\/freiheitsdenkmal-leipzig.de\/wp-content\/uploads\/2024\/04\/gr_Einladung_Ausstellung-Bezirke3-1064x1500.jpg 1064w, https:\/\/freiheitsdenkmal-leipzig.de\/wp-content\/uploads\/2024\/04\/gr_Einladung_Ausstellung-Bezirke3-500x705.jpg 500w\" sizes=\"(max-width: 1817px) 100vw, 1817px\" \/><\/div><\/div><\/div><\/div><\/div><!--close column table wrapper. Autoclose: 1 -->\n<div  class='hr av-av_hr-bc943783b13769b99750b884f593b94d hr-default  avia-builder-el-11  el_after_av_one_fourth  el_before_av_three_fourth'><span class='hr-inner'><span class=\"hr-inner-style\"><\/span><\/span><\/div>\n<div class='flex_column_table av-av_three_fourth-81cd4455df4c361b50bd3f3d10964826 sc-av_three_fourth av-equal-height-column-flextable'>\n<style type=\"text\/css\" data-created_by=\"avia_inline_auto\" id=\"style-css-av-av_three_fourth-81cd4455df4c361b50bd3f3d10964826\">\n.flex_column.av-av_three_fourth-81cd4455df4c361b50bd3f3d10964826{\nwidth:74.25%;\nmargin-left:0;\n}\n#top .flex_column_table.av-equal-height-column-flextable.av-av_three_fourth-81cd4455df4c361b50bd3f3d10964826 .av-flex-placeholder{\nwidth:3%;\n}\n<\/style>\n<div  id=\"louise-otto-peters\"  class='flex_column av-av_three_fourth-81cd4455df4c361b50bd3f3d10964826 av_three_fourth  avia-builder-el-12  el_after_av_hr  el_before_av_one_fourth  first flex_column_table_cell av-equal-height-column av-align-top'     ><section  class='av_textblock_section av-av_textblock-92ab5b4c5448b40ef3b82fb3d397e98e'   itemscope=\"itemscope\" itemtype=\"https:\/\/schema.org\/CreativeWork\" ><div class='avia_textblock'  itemprop=\"text\" ><h4>30.04.2024<\/h4>\n<h4><strong>Fritzi war dabei \u2014 ein theatraler Stadtrundgang f\u00fcr Kinder ab acht Jahren<\/strong><\/h4>\n<h5>Kooperationsprojekt mit dem TDJW:<\/h5>\n<p>PREMIERE: 3. Mai 2024 | 10.00 Uhr | Weitere Termine: <strong><a href=\"https:\/\/www.theaterderjungenweltleipzig.de\/wann-\" target=\"_blank\" rel=\"noopener\">www.theaterderjungenweltleipzig.de<\/a><\/strong><\/p>\n<p>Unser <strong><a href=\"https:\/\/freiheitsdenkmal-leipzig.de\/en\/fritzi-war-dabei\/\" target=\"_blank\" rel=\"noopener\">Kooperationsprojekt mit dem Theater der Jungen Welt<\/a><\/strong> bietet ab Mai theatrale Stadtrundg\u00e4nge f\u00fcr Kinder ab acht Jahren durch die Leipziger Innenstadt auf der Grundlage des gleichnamigen Kinderbuchs \u201eFritzi war dabei \u2014 eine Wendewundergeschichte\u201c nach dem Kinderbuch von Hanna Schott erschienen im Klett Kinderbuch Verlag, in einer Bearbeitung von Katja Lehmann.<br \/>\nStart immer in der DenkmalWerkstatt | Eintritt f\u00fcr alle Termine frei | Anmeldung erforderlich<br \/>\nFragen und Anmeldungen bitte an: kontakt@tdjw.de<\/p>\n<\/div><\/section><\/div>\n<div class='av-flex-placeholder'><\/div>\n<style type=\"text\/css\" data-created_by=\"avia_inline_auto\" id=\"style-css-av-av_one_fourth-58a6369d5c19d308284fa729d91312fa\">\n.flex_column.av-av_one_fourth-58a6369d5c19d308284fa729d91312fa{\nwidth:22.75%;\nmargin-left:0;\n}\n#top .flex_column_table.av-equal-height-column-flextable.av-av_one_fourth-58a6369d5c19d308284fa729d91312fa .av-flex-placeholder{\nwidth:3%;\n}\n<\/style>\n<div  class='flex_column av-av_one_fourth-58a6369d5c19d308284fa729d91312fa av_one_fourth  avia-builder-el-14  el_after_av_three_fourth  el_before_av_hr  flex_column_table_cell av-equal-height-column av-align-top'     ><style type=\"text\/css\" data-created_by=\"avia_inline_auto\" id=\"style-css-av-av_image-aa7ca61e5115d41c833d77960be23d8c\">\n.avia-image-container.av-av_image-aa7ca61e5115d41c833d77960be23d8c img.avia_image{\nbox-shadow:none;\n}\n.avia-image-container.av-av_image-aa7ca61e5115d41c833d77960be23d8c .av-image-caption-overlay-center{\ncolor:#ffffff;\n}\n<\/style>\n<div  class='avia-image-container av-av_image-aa7ca61e5115d41c833d77960be23d8c av-styling- avia-align-center  avia-builder-el-15  avia-builder-el-no-sibling'   itemprop=\"image\" itemscope=\"itemscope\" itemtype=\"https:\/\/schema.org\/ImageObject\" ><div class=\"avia-image-container-inner\"><div class=\"avia-image-overlay-wrap\"><img decoding=\"async\" fetchpriority=\"high\" class='wp-image-6059 avia-img-lazy-loading-not-6059 avia_image' src=\"https:\/\/freiheitsdenkmal-leipzig.de\/wp-content\/uploads\/2024\/04\/tdjw.jpg\" alt='' title='tdjw'  height=\"1440\" width=\"1440\"  itemprop=\"thumbnailUrl\" srcset=\"https:\/\/freiheitsdenkmal-leipzig.de\/wp-content\/uploads\/2024\/04\/tdjw.jpg 1440w, https:\/\/freiheitsdenkmal-leipzig.de\/wp-content\/uploads\/2024\/04\/tdjw-300x300.jpg 300w, https:\/\/freiheitsdenkmal-leipzig.de\/wp-content\/uploads\/2024\/04\/tdjw-1030x1030.jpg 1030w, https:\/\/freiheitsdenkmal-leipzig.de\/wp-content\/uploads\/2024\/04\/tdjw-80x80.jpg 80w, https:\/\/freiheitsdenkmal-leipzig.de\/wp-content\/uploads\/2024\/04\/tdjw-768x768.jpg 768w, https:\/\/freiheitsdenkmal-leipzig.de\/wp-content\/uploads\/2024\/04\/tdjw-12x12.jpg 12w, https:\/\/freiheitsdenkmal-leipzig.de\/wp-content\/uploads\/2024\/04\/tdjw-36x36.jpg 36w, https:\/\/freiheitsdenkmal-leipzig.de\/wp-content\/uploads\/2024\/04\/tdjw-180x180.jpg 180w, https:\/\/freiheitsdenkmal-leipzig.de\/wp-content\/uploads\/2024\/04\/tdjw-705x705.jpg 705w\" sizes=\"(max-width: 1440px) 100vw, 1440px\" \/><\/div><\/div><\/div><\/div><\/div><!--close column table wrapper. Autoclose: 1 -->\n<div  class='hr av-av_hr-bc943783b13769b99750b884f593b94d hr-default  avia-builder-el-16  el_after_av_one_fourth  el_before_av_three_fourth'><span class='hr-inner'><span class=\"hr-inner-style\"><\/span><\/span><\/div>\n<div class='flex_column_table av-av_three_fourth-81cd4455df4c361b50bd3f3d10964826 sc-av_three_fourth av-equal-height-column-flextable'>\n<style type=\"text\/css\" data-created_by=\"avia_inline_auto\" id=\"style-css-av-av_three_fourth-81cd4455df4c361b50bd3f3d10964826\">\n.flex_column.av-av_three_fourth-81cd4455df4c361b50bd3f3d10964826{\nwidth:74.25%;\nmargin-left:0;\n}\n#top .flex_column_table.av-equal-height-column-flextable.av-av_three_fourth-81cd4455df4c361b50bd3f3d10964826 .av-flex-placeholder{\nwidth:3%;\n}\n<\/style>\n<div  id=\"louise-otto-peters\"  class='flex_column av-av_three_fourth-81cd4455df4c361b50bd3f3d10964826 av_three_fourth  avia-builder-el-17  el_after_av_hr  el_before_av_hr  first flex_column_table_cell av-equal-height-column av-align-top'     ><section  class='av_textblock_section av-av_textblock-92ab5b4c5448b40ef3b82fb3d397e98e'   itemscope=\"itemscope\" itemtype=\"https:\/\/schema.org\/CreativeWork\" ><div class='avia_textblock'  itemprop=\"text\" ><h4>29.04.2024<\/h4>\n<h4><a href=\"https:\/\/mailchi.mp\/1322451bdd06\/newsletter-nr-1-das-denkmal-ist-von-frankfurter-buchmesse-bis-zur-neuen-podcastreihe-12688971?e=16763e05d5\" target=\"_blank\" rel=\"noopener\"><strong>Der neue Stiftungsnewsletter ist da!<\/strong><\/a><\/h4>\n<p><strong><a href=\"https:\/\/mailchi.mp\/1322451bdd06\/newsletter-nr-1-das-denkmal-ist-von-frankfurter-buchmesse-bis-zur-neuen-podcastreihe-12688971?e=16763e05d5\" target=\"_blank\" rel=\"noopener\">Inhalt:<\/a><\/strong><\/p>\n<ul>\n<li>Westreise startet in Frankfurt am Main<\/li>\n<li>Premiere: Fritzi war dabei &#8211; Ein theatraler Stadtrundgang zu den Orten der Friedlichen Revolution<\/li>\n<li>K\u00fcnstlerischer Wettbewerb l\u00e4uft auf Hochtouren<\/li>\n<li>Die 7. Folge unseres Podcasts \u201eWir sind das Volk\u201c ist online<\/li>\n<li>Ausstellungser\u00f6ffnung: DDR im Aufruhr \u2013 Herbstdemonstrationen 1989 in den 15 Bezirken<\/li>\n<li>Unser Programm in der DenkmalWerkstatt\n<ul>\n<li>DDR am Nachmittag<\/li>\n<li>Kooperationsprojekt DenkmalWerkstatt Buchkinder: \u201eFreiheit und das Ringen darum\u201c<\/li>\n<\/ul>\n<\/li>\n<\/ul>\n<p><!-- &#091;if gte mso 9&#093;><xml>\n<o:OfficeDocumentSettings>\n<o:AllowPNG\/>\n<\/o:OfficeDocumentSettings>\n<\/xml><!&#091;endif&#093;--><!-- &#091;if gte mso 9&#093;><xml>\n<w:WordDocument>\n<w:View>Normal<\/w:View>\n<w:Zoom>0<\/w:Zoom>\n<w:TrackMoves\/>\n<w:TrackFormatting\/>\n<w:DoNotShowComments\/>\n<w:DoNotShowInsertionsAndDeletions\/>\n<w:HyphenationZone>21<\/w:HyphenationZone>\n<w:PunctuationKerning\/>\n<w:ValidateAgainstSchemas\/>\n<w:SaveIfXMLInvalid>false<\/w:SaveIfXMLInvalid>\n<w:IgnoreMixedContent>false<\/w:IgnoreMixedContent>\n<w:AlwaysShowPlaceholderText>false<\/w:AlwaysShowPlaceholderText>\n<w:DoNotPromoteQF\/>\n<w:LidThemeOther>DE<\/w:LidThemeOther>\n<w:LidThemeAsian>X-NONE<\/w:LidThemeAsian>\n<w:LidThemeComplexScript>X-NONE<\/w:LidThemeComplexScript>\n<w:Compatibility>\n<w:BreakWrappedTables\/>\n<w:SnapToGridInCell\/>\n<w:WrapTextWithPunct\/>\n<w:UseAsianBreakRules\/>\n<w:DontGrowAutofit\/>\n<w:SplitPgBreakAndParaMark\/>\n<w:DontVertAlignCellWithSp\/>\n<w:DontBreakConstrainedForcedTables\/>\n<w:DontVertAlignInTxbx\/>\n<w:Word11KerningPairs\/>\n<w:CachedColBalance\/>\n<\/w:Compatibility>\n<m:mathPr>\n<m:mathFont m:val=\"Cambria Math\"\/>\n<m:brkBin m:val=\"before\"\/>\n<m:brkBinSub m:val=\"--\"\/>\n<m:smallFrac m:val=\"off\"\/>\n<m:dispDef\/>\n<m:lMargin m:val=\"0\"\/>\n<m:rMargin m:val=\"0\"\/>\n<m:defJc m:val=\"centerGroup\"\/>\n<m:wrapIndent m:val=\"1440\"\/>\n<m:intLim m:val=\"subSup\"\/>\n<m:naryLim m:val=\"undOvr\"\/>\n<\/m:mathPr><\/w:WordDocument>\n<\/xml><!&#091;endif&#093;--><!-- &#091;if gte mso 9&#093;><xml>\n<w:LatentStyles DefLockedState=\"false\" DefUnhideWhenUsed=\"true\" DefSemiHidden=\"true\" DefQFormat=\"false\" DefPriority=\"99\" LatentStyleCount=\"267\">\n<w:LsdException Locked=\"false\" Priority=\"0\" SemiHidden=\"false\" UnhideWhenUsed=\"false\" QFormat=\"true\" Name=\"Normal\"\/>\n<w:LsdException Locked=\"false\" Priority=\"9\" SemiHidden=\"false\" UnhideWhenUsed=\"false\" QFormat=\"true\" Name=\"heading 1\"\/>\n<w:LsdException Locked=\"false\" Priority=\"9\" QFormat=\"true\" Name=\"heading 2\"\/>\n<w:LsdException Locked=\"false\" Priority=\"9\" QFormat=\"true\" Name=\"heading 3\"\/>\n<w:LsdException Locked=\"false\" Priority=\"9\" QFormat=\"true\" Name=\"heading 4\"\/>\n<w:LsdException Locked=\"false\" Priority=\"9\" QFormat=\"true\" Name=\"heading 5\"\/>\n<w:LsdException Locked=\"false\" Priority=\"9\" QFormat=\"true\" Name=\"heading 6\"\/>\n<w:LsdException Locked=\"false\" Priority=\"9\" QFormat=\"true\" Name=\"heading 7\"\/>\n<w:LsdException Locked=\"false\" Priority=\"9\" QFormat=\"true\" Name=\"heading 8\"\/>\n<w:LsdException Locked=\"false\" Priority=\"9\" QFormat=\"true\" Name=\"heading 9\"\/>\n<w:LsdException Locked=\"false\" Priority=\"39\" Name=\"toc 1\"\/>\n<w:LsdException Locked=\"false\" Priority=\"39\" Name=\"toc 2\"\/>\n<w:LsdException Locked=\"false\" Priority=\"39\" Name=\"toc 3\"\/>\n<w:LsdException Locked=\"false\" Priority=\"39\" Name=\"toc 4\"\/>\n<w:LsdException Locked=\"false\" Priority=\"39\" Name=\"toc 5\"\/>\n<w:LsdException Locked=\"false\" Priority=\"39\" Name=\"toc 6\"\/>\n<w:LsdException Locked=\"false\" Priority=\"39\" Name=\"toc 7\"\/>\n<w:LsdException Locked=\"false\" Priority=\"39\" Name=\"toc 8\"\/>\n<w:LsdException Locked=\"false\" Priority=\"39\" Name=\"toc 9\"\/>\n<w:LsdException Locked=\"false\" Priority=\"35\" QFormat=\"true\" Name=\"caption\"\/>\n<w:LsdException Locked=\"false\" Priority=\"10\" SemiHidden=\"false\" UnhideWhenUsed=\"false\" QFormat=\"true\" Name=\"Title\"\/>\n<w:LsdException Locked=\"false\" Priority=\"1\" Name=\"Default Paragraph Font\"\/>\n<w:LsdException Locked=\"false\" Priority=\"11\" SemiHidden=\"false\" UnhideWhenUsed=\"false\" QFormat=\"true\" Name=\"Subtitle\"\/>\n<w:LsdException Locked=\"false\" Priority=\"22\" SemiHidden=\"false\" UnhideWhenUsed=\"false\" QFormat=\"true\" Name=\"Strong\"\/>\n<w:LsdException Locked=\"false\" Priority=\"20\" SemiHidden=\"false\" UnhideWhenUsed=\"false\" QFormat=\"true\" Name=\"Emphasis\"\/>\n<w:LsdException Locked=\"false\" Priority=\"59\" SemiHidden=\"false\" UnhideWhenUsed=\"false\" Name=\"Table Grid\"\/>\n<w:LsdException Locked=\"false\" UnhideWhenUsed=\"false\" Name=\"Placeholder Text\"\/>\n<w:LsdException Locked=\"false\" Priority=\"1\" SemiHidden=\"false\" UnhideWhenUsed=\"false\" QFormat=\"true\" Name=\"No Spacing\"\/>\n<w:LsdException Locked=\"false\" Priority=\"60\" SemiHidden=\"false\" UnhideWhenUsed=\"false\" Name=\"Light Shading\"\/>\n<w:LsdException Locked=\"false\" Priority=\"61\" SemiHidden=\"false\" UnhideWhenUsed=\"false\" Name=\"Light List\"\/>\n<w:LsdException Locked=\"false\" Priority=\"62\" SemiHidden=\"false\" UnhideWhenUsed=\"false\" Name=\"Light Grid\"\/>\n<w:LsdException Locked=\"false\" Priority=\"63\" SemiHidden=\"false\" UnhideWhenUsed=\"false\" Name=\"Medium Shading 1\"\/>\n<w:LsdException Locked=\"false\" Priority=\"64\" SemiHidden=\"false\" UnhideWhenUsed=\"false\" Name=\"Medium Shading 2\"\/>\n<w:LsdException Locked=\"false\" Priority=\"65\" SemiHidden=\"false\" UnhideWhenUsed=\"false\" Name=\"Medium List 1\"\/>\n<w:LsdException Locked=\"false\" Priority=\"66\" SemiHidden=\"false\" UnhideWhenUsed=\"false\" Name=\"Medium List 2\"\/>\n<w:LsdException Locked=\"false\" Priority=\"67\" SemiHidden=\"false\" UnhideWhenUsed=\"false\" Name=\"Medium Grid 1\"\/>\n<w:LsdException Locked=\"false\" Priority=\"68\" SemiHidden=\"false\" UnhideWhenUsed=\"false\" Name=\"Medium Grid 2\"\/>\n<w:LsdException Locked=\"false\" Priority=\"69\" SemiHidden=\"false\" UnhideWhenUsed=\"false\" Name=\"Medium Grid 3\"\/>\n<w:LsdException Locked=\"false\" Priority=\"70\" SemiHidden=\"false\" UnhideWhenUsed=\"false\" Name=\"Dark List\"\/>\n<w:LsdException Locked=\"false\" Priority=\"71\" SemiHidden=\"false\" UnhideWhenUsed=\"false\" Name=\"Colorful Shading\"\/>\n<w:LsdException Locked=\"false\" Priority=\"72\" SemiHidden=\"false\" UnhideWhenUsed=\"false\" Name=\"Colorful List\"\/>\n<w:LsdException Locked=\"false\" Priority=\"73\" SemiHidden=\"false\" UnhideWhenUsed=\"false\" Name=\"Colorful Grid\"\/>\n<w:LsdException Locked=\"false\" Priority=\"60\" SemiHidden=\"false\" UnhideWhenUsed=\"false\" Name=\"Light Shading Accent 1\"\/>\n<w:LsdException Locked=\"false\" Priority=\"61\" SemiHidden=\"false\" UnhideWhenUsed=\"false\" Name=\"Light List Accent 1\"\/>\n<w:LsdException Locked=\"false\" Priority=\"62\" SemiHidden=\"false\" UnhideWhenUsed=\"false\" Name=\"Light Grid Accent 1\"\/>\n<w:LsdException Locked=\"false\" Priority=\"63\" SemiHidden=\"false\" UnhideWhenUsed=\"false\" Name=\"Medium Shading 1 Accent 1\"\/>\n<w:LsdException Locked=\"false\" Priority=\"64\" SemiHidden=\"false\" UnhideWhenUsed=\"false\" Name=\"Medium Shading 2 Accent 1\"\/>\n<w:LsdException Locked=\"false\" Priority=\"65\" SemiHidden=\"false\" UnhideWhenUsed=\"false\" Name=\"Medium List 1 Accent 1\"\/>\n<w:LsdException Locked=\"false\" UnhideWhenUsed=\"false\" Name=\"Revision\"\/>\n<w:LsdException Locked=\"false\" Priority=\"34\" SemiHidden=\"false\" UnhideWhenUsed=\"false\" QFormat=\"true\" Name=\"List Paragraph\"\/>\n<w:LsdException Locked=\"false\" Priority=\"29\" SemiHidden=\"false\" UnhideWhenUsed=\"false\" QFormat=\"true\" Name=\"Quote\"\/>\n<w:LsdException Locked=\"false\" Priority=\"30\" SemiHidden=\"false\" UnhideWhenUsed=\"false\" QFormat=\"true\" Name=\"Intense Quote\"\/>\n<w:LsdException Locked=\"false\" Priority=\"66\" SemiHidden=\"false\" UnhideWhenUsed=\"false\" Name=\"Medium List 2 Accent 1\"\/>\n<w:LsdException Locked=\"false\" Priority=\"67\" SemiHidden=\"false\" UnhideWhenUsed=\"false\" Name=\"Medium Grid 1 Accent 1\"\/>\n<w:LsdException Locked=\"false\" Priority=\"68\" SemiHidden=\"false\" UnhideWhenUsed=\"false\" Name=\"Medium Grid 2 Accent 1\"\/>\n<w:LsdException Locked=\"false\" Priority=\"69\" SemiHidden=\"false\" UnhideWhenUsed=\"false\" Name=\"Medium Grid 3 Accent 1\"\/>\n<w:LsdException Locked=\"false\" Priority=\"70\" SemiHidden=\"false\" UnhideWhenUsed=\"false\" Name=\"Dark List Accent 1\"\/>\n<w:LsdException Locked=\"false\" Priority=\"71\" SemiHidden=\"false\" UnhideWhenUsed=\"false\" Name=\"Colorful Shading Accent 1\"\/>\n<w:LsdException Locked=\"false\" Priority=\"72\" SemiHidden=\"false\" UnhideWhenUsed=\"false\" Name=\"Colorful List Accent 1\"\/>\n<w:LsdException Locked=\"false\" Priority=\"73\" SemiHidden=\"false\" UnhideWhenUsed=\"false\" Name=\"Colorful Grid Accent 1\"\/>\n<w:LsdException Locked=\"false\" Priority=\"60\" SemiHidden=\"false\" UnhideWhenUsed=\"false\" Name=\"Light Shading Accent 2\"\/>\n<w:LsdException Locked=\"false\" Priority=\"61\" SemiHidden=\"false\" UnhideWhenUsed=\"false\" Name=\"Light List Accent 2\"\/>\n<w:LsdException Locked=\"false\" Priority=\"62\" SemiHidden=\"false\" UnhideWhenUsed=\"false\" Name=\"Light Grid Accent 2\"\/>\n<w:LsdException Locked=\"false\" Priority=\"63\" SemiHidden=\"false\" UnhideWhenUsed=\"false\" Name=\"Medium Shading 1 Accent 2\"\/>\n<w:LsdException Locked=\"false\" Priority=\"64\" SemiHidden=\"false\" UnhideWhenUsed=\"false\" Name=\"Medium Shading 2 Accent 2\"\/>\n<w:LsdException Locked=\"false\" Priority=\"65\" SemiHidden=\"false\" UnhideWhenUsed=\"false\" Name=\"Medium List 1 Accent 2\"\/>\n<w:LsdException Locked=\"false\" Priority=\"66\" SemiHidden=\"false\" UnhideWhenUsed=\"false\" Name=\"Medium List 2 Accent 2\"\/>\n<w:LsdException Locked=\"false\" Priority=\"67\" SemiHidden=\"false\" UnhideWhenUsed=\"false\" Name=\"Medium Grid 1 Accent 2\"\/>\n<w:LsdException Locked=\"false\" Priority=\"68\" SemiHidden=\"false\" UnhideWhenUsed=\"false\" Name=\"Medium Grid 2 Accent 2\"\/>\n<w:LsdException Locked=\"false\" Priority=\"69\" SemiHidden=\"false\" UnhideWhenUsed=\"false\" Name=\"Medium Grid 3 Accent 2\"\/>\n<w:LsdException Locked=\"false\" Priority=\"70\" SemiHidden=\"false\" UnhideWhenUsed=\"false\" Name=\"Dark List Accent 2\"\/>\n<w:LsdException Locked=\"false\" Priority=\"71\" SemiHidden=\"false\" UnhideWhenUsed=\"false\" Name=\"Colorful Shading Accent 2\"\/>\n<w:LsdException Locked=\"false\" Priority=\"72\" SemiHidden=\"false\" UnhideWhenUsed=\"false\" Name=\"Colorful List Accent 2\"\/>\n<w:LsdException Locked=\"false\" Priority=\"73\" SemiHidden=\"false\" UnhideWhenUsed=\"false\" Name=\"Colorful Grid Accent 2\"\/>\n<w:LsdException Locked=\"false\" Priority=\"60\" SemiHidden=\"false\" UnhideWhenUsed=\"false\" Name=\"Light Shading Accent 3\"\/>\n<w:LsdException Locked=\"false\" Priority=\"61\" SemiHidden=\"false\" UnhideWhenUsed=\"false\" Name=\"Light List Accent 3\"\/>\n<w:LsdException Locked=\"false\" Priority=\"62\" SemiHidden=\"false\" UnhideWhenUsed=\"false\" Name=\"Light Grid Accent 3\"\/>\n<w:LsdException Locked=\"false\" Priority=\"63\" SemiHidden=\"false\" UnhideWhenUsed=\"false\" Name=\"Medium Shading 1 Accent 3\"\/>\n<w:LsdException Locked=\"false\" Priority=\"64\" SemiHidden=\"false\" UnhideWhenUsed=\"false\" Name=\"Medium Shading 2 Accent 3\"\/>\n<w:LsdException Locked=\"false\" Priority=\"65\" SemiHidden=\"false\" UnhideWhenUsed=\"false\" Name=\"Medium List 1 Accent 3\"\/>\n<w:LsdException Locked=\"false\" Priority=\"66\" SemiHidden=\"false\" UnhideWhenUsed=\"false\" Name=\"Medium List 2 Accent 3\"\/>\n<w:LsdException Locked=\"false\" Priority=\"67\" SemiHidden=\"false\" UnhideWhenUsed=\"false\" Name=\"Medium Grid 1 Accent 3\"\/>\n<w:LsdException Locked=\"false\" Priority=\"68\" SemiHidden=\"false\" UnhideWhenUsed=\"false\" Name=\"Medium Grid 2 Accent 3\"\/>\n<w:LsdException Locked=\"false\" Priority=\"69\" SemiHidden=\"false\" UnhideWhenUsed=\"false\" Name=\"Medium Grid 3 Accent 3\"\/>\n<w:LsdException Locked=\"false\" Priority=\"70\" SemiHidden=\"false\" UnhideWhenUsed=\"false\" Name=\"Dark List Accent 3\"\/>\n<w:LsdException Locked=\"false\" Priority=\"71\" SemiHidden=\"false\" UnhideWhenUsed=\"false\" Name=\"Colorful Shading Accent 3\"\/>\n<w:LsdException Locked=\"false\" Priority=\"72\" SemiHidden=\"false\" UnhideWhenUsed=\"false\" Name=\"Colorful List Accent 3\"\/>\n<w:LsdException Locked=\"false\" Priority=\"73\" SemiHidden=\"false\" UnhideWhenUsed=\"false\" Name=\"Colorful Grid Accent 3\"\/>\n<w:LsdException Locked=\"false\" Priority=\"60\" SemiHidden=\"false\" UnhideWhenUsed=\"false\" Name=\"Light Shading Accent 4\"\/>\n<w:LsdException Locked=\"false\" Priority=\"61\" SemiHidden=\"false\" UnhideWhenUsed=\"false\" Name=\"Light List Accent 4\"\/>\n<w:LsdException Locked=\"false\" Priority=\"62\" SemiHidden=\"false\" UnhideWhenUsed=\"false\" Name=\"Light Grid Accent 4\"\/>\n<w:LsdException Locked=\"false\" Priority=\"63\" SemiHidden=\"false\" UnhideWhenUsed=\"false\" Name=\"Medium Shading 1 Accent 4\"\/>\n<w:LsdException Locked=\"false\" Priority=\"64\" SemiHidden=\"false\" UnhideWhenUsed=\"false\" Name=\"Medium Shading 2 Accent 4\"\/>\n<w:LsdException Locked=\"false\" Priority=\"65\" SemiHidden=\"false\" UnhideWhenUsed=\"false\" Name=\"Medium List 1 Accent 4\"\/>\n<w:LsdException Locked=\"false\" Priority=\"66\" SemiHidden=\"false\" UnhideWhenUsed=\"false\" Name=\"Medium List 2 Accent 4\"\/>\n<w:LsdException Locked=\"false\" Priority=\"67\" SemiHidden=\"false\" UnhideWhenUsed=\"false\" Name=\"Medium Grid 1 Accent 4\"\/>\n<w:LsdException Locked=\"false\" Priority=\"68\" SemiHidden=\"false\" UnhideWhenUsed=\"false\" Name=\"Medium Grid 2 Accent 4\"\/>\n<w:LsdException Locked=\"false\" Priority=\"69\" SemiHidden=\"false\" UnhideWhenUsed=\"false\" Name=\"Medium Grid 3 Accent 4\"\/>\n<w:LsdException Locked=\"false\" Priority=\"70\" SemiHidden=\"false\" UnhideWhenUsed=\"false\" Name=\"Dark List Accent 4\"\/>\n<w:LsdException Locked=\"false\" Priority=\"71\" SemiHidden=\"false\" UnhideWhenUsed=\"false\" Name=\"Colorful Shading Accent 4\"\/>\n<w:LsdException Locked=\"false\" Priority=\"72\" SemiHidden=\"false\" UnhideWhenUsed=\"false\" Name=\"Colorful List Accent 4\"\/>\n<w:LsdException Locked=\"false\" Priority=\"73\" SemiHidden=\"false\" UnhideWhenUsed=\"false\" Name=\"Colorful Grid Accent 4\"\/>\n<w:LsdException Locked=\"false\" Priority=\"60\" SemiHidden=\"false\" UnhideWhenUsed=\"false\" Name=\"Light Shading Accent 5\"\/>\n<w:LsdException Locked=\"false\" Priority=\"61\" SemiHidden=\"false\" UnhideWhenUsed=\"false\" Name=\"Light List Accent 5\"\/>\n<w:LsdException Locked=\"false\" Priority=\"62\" SemiHidden=\"false\" UnhideWhenUsed=\"false\" Name=\"Light Grid Accent 5\"\/>\n<w:LsdException Locked=\"false\" Priority=\"63\" SemiHidden=\"false\" UnhideWhenUsed=\"false\" Name=\"Medium Shading 1 Accent 5\"\/>\n<w:LsdException Locked=\"false\" Priority=\"64\" SemiHidden=\"false\" UnhideWhenUsed=\"false\" Name=\"Medium Shading 2 Accent 5\"\/>\n<w:LsdException Locked=\"false\" Priority=\"65\" SemiHidden=\"false\" UnhideWhenUsed=\"false\" Name=\"Medium List 1 Accent 5\"\/>\n<w:LsdException Locked=\"false\" Priority=\"66\" SemiHidden=\"false\" UnhideWhenUsed=\"false\" Name=\"Medium List 2 Accent 5\"\/>\n<w:LsdException Locked=\"false\" Priority=\"67\" SemiHidden=\"false\" UnhideWhenUsed=\"false\" Name=\"Medium Grid 1 Accent 5\"\/>\n<w:LsdException Locked=\"false\" Priority=\"68\" SemiHidden=\"false\" UnhideWhenUsed=\"false\" Name=\"Medium Grid 2 Accent 5\"\/>\n<w:LsdException Locked=\"false\" Priority=\"69\" SemiHidden=\"false\" UnhideWhenUsed=\"false\" Name=\"Medium Grid 3 Accent 5\"\/>\n<w:LsdException Locked=\"false\" Priority=\"70\" SemiHidden=\"false\" UnhideWhenUsed=\"false\" Name=\"Dark List Accent 5\"\/>\n<w:LsdException Locked=\"false\" Priority=\"71\" SemiHidden=\"false\" UnhideWhenUsed=\"false\" Name=\"Colorful Shading Accent 5\"\/>\n<w:LsdException Locked=\"false\" Priority=\"72\" SemiHidden=\"false\" UnhideWhenUsed=\"false\" Name=\"Colorful List Accent 5\"\/>\n<w:LsdException Locked=\"false\" Priority=\"73\" SemiHidden=\"false\" UnhideWhenUsed=\"false\" Name=\"Colorful Grid Accent 5\"\/>\n<w:LsdException Locked=\"false\" Priority=\"60\" SemiHidden=\"false\" UnhideWhenUsed=\"false\" Name=\"Light Shading Accent 6\"\/>\n<w:LsdException Locked=\"false\" Priority=\"61\" SemiHidden=\"false\" UnhideWhenUsed=\"false\" Name=\"Light List Accent 6\"\/>\n<w:LsdException Locked=\"false\" Priority=\"62\" SemiHidden=\"false\" UnhideWhenUsed=\"false\" Name=\"Light Grid Accent 6\"\/>\n<w:LsdException Locked=\"false\" Priority=\"63\" SemiHidden=\"false\" UnhideWhenUsed=\"false\" Name=\"Medium Shading 1 Accent 6\"\/>\n<w:LsdException Locked=\"false\" Priority=\"64\" SemiHidden=\"false\" UnhideWhenUsed=\"false\" Name=\"Medium Shading 2 Accent 6\"\/>\n<w:LsdException Locked=\"false\" Priority=\"65\" SemiHidden=\"false\" UnhideWhenUsed=\"false\" Name=\"Medium List 1 Accent 6\"\/>\n<w:LsdException Locked=\"false\" Priority=\"66\" SemiHidden=\"false\" UnhideWhenUsed=\"false\" Name=\"Medium List 2 Accent 6\"\/>\n<w:LsdException Locked=\"false\" Priority=\"67\" SemiHidden=\"false\" UnhideWhenUsed=\"false\" Name=\"Medium Grid 1 Accent 6\"\/>\n<w:LsdException Locked=\"false\" Priority=\"68\" SemiHidden=\"false\" UnhideWhenUsed=\"false\" Name=\"Medium Grid 2 Accent 6\"\/>\n<w:LsdException Locked=\"false\" Priority=\"69\" SemiHidden=\"false\" UnhideWhenUsed=\"false\" Name=\"Medium Grid 3 Accent 6\"\/>\n<w:LsdException Locked=\"false\" Priority=\"70\" SemiHidden=\"false\" UnhideWhenUsed=\"false\" Name=\"Dark List Accent 6\"\/>\n<w:LsdException Locked=\"false\" Priority=\"71\" SemiHidden=\"false\" UnhideWhenUsed=\"false\" Name=\"Colorful Shading Accent 6\"\/>\n<w:LsdException Locked=\"false\" Priority=\"72\" SemiHidden=\"false\" UnhideWhenUsed=\"false\" Name=\"Colorful List Accent 6\"\/>\n<w:LsdException Locked=\"false\" Priority=\"73\" SemiHidden=\"false\" UnhideWhenUsed=\"false\" Name=\"Colorful Grid Accent 6\"\/>\n<w:LsdException Locked=\"false\" Priority=\"19\" SemiHidden=\"false\" UnhideWhenUsed=\"false\" QFormat=\"true\" Name=\"Subtle Emphasis\"\/>\n<w:LsdException Locked=\"false\" Priority=\"21\" SemiHidden=\"false\" UnhideWhenUsed=\"false\" QFormat=\"true\" Name=\"Intense Emphasis\"\/>\n<w:LsdException Locked=\"false\" Priority=\"31\" SemiHidden=\"false\" UnhideWhenUsed=\"false\" QFormat=\"true\" Name=\"Subtle Reference\"\/>\n<w:LsdException Locked=\"false\" Priority=\"32\" SemiHidden=\"false\" UnhideWhenUsed=\"false\" QFormat=\"true\" Name=\"Intense Reference\"\/>\n<w:LsdException Locked=\"false\" Priority=\"33\" SemiHidden=\"false\" UnhideWhenUsed=\"false\" QFormat=\"true\" Name=\"Book Title\"\/>\n<w:LsdException Locked=\"false\" Priority=\"37\" Name=\"Bibliography\"\/>\n<w:LsdException Locked=\"false\" Priority=\"39\" QFormat=\"true\" Name=\"TOC Heading\"\/>\n<\/w:LatentStyles>\n<\/xml><!&#091;endif&#093;--><!-- &#091;if gte mso 10&#093;>\n\n\n\n\n\n\n\n<style>\n \/* Style Definitions *\/<br \/> table.MsoNormalTable<br \/>\t{mso-style-name:\"Normale Tabelle\";<br \/>\tmso-tstyle-rowband-size:0;<br \/>\tmso-tstyle-colband-size:0;<br \/>\tmso-style-noshow:yes;<br \/>\tmso-style-priority:99;<br \/>\tmso-style-qformat:yes;<br \/>\tmso-style-parent:\"\";<br \/>\tmso-padding-alt:0cm 5.4pt 0cm 5.4pt;<br \/>\tmso-para-margin-top:0cm;<br \/>\tmso-para-margin-right:0cm;<br \/>\tmso-para-margin-bottom:10.0pt;<br \/>\tmso-para-margin-left:0cm;<br \/>\tline-height:115%;<br \/>\tmso-pagination:widow-orphan;<br \/>\tfont-size:11.0pt;<br \/>\tfont-family:\"Calibri\",\"sans-serif\";<br \/>\tmso-ascii-font-family:Calibri;<br \/>\tmso-ascii-theme-font:minor-latin;<br \/>\tmso-fareast-font-family:\"Times New Roman\";<br \/>\tmso-fareast-theme-font:minor-fareast;<br \/>\tmso-hansi-font-family:Calibri;<br \/>\tmso-hansi-theme-font:minor-latin;<br \/>\tmso-bidi-font-family:\"Times New Roman\";<br \/>\tmso-bidi-theme-font:minor-bidi;}<br \/><\/style>\n\n\n\n\n\n<!&#091;endif&#093;--><\/p>\n<\/div><\/section><\/div><\/div><!--close column table wrapper. Autoclose: 1 -->\n<div  class='hr av-av_hr-bc943783b13769b99750b884f593b94d hr-default  avia-builder-el-19  el_after_av_three_fourth  el_before_av_two_third'><span class='hr-inner'><span class=\"hr-inner-style\"><\/span><\/span><\/div>\n<div class='flex_column_table av-av_two_third-81cd4455df4c361b50bd3f3d10964826 sc-av_two_third av-equal-height-column-flextable'>\n<style type=\"text\/css\" data-created_by=\"avia_inline_auto\" id=\"style-css-av-av_two_third-81cd4455df4c361b50bd3f3d10964826\">\n.flex_column.av-av_two_third-81cd4455df4c361b50bd3f3d10964826{\nwidth:65.666666666667%;\nmargin-left:0;\n}\n#top .flex_column_table.av-equal-height-column-flextable.av-av_two_third-81cd4455df4c361b50bd3f3d10964826 .av-flex-placeholder{\nwidth:3%;\n}\n<\/style>\n<div  id=\"louise-otto-peters\"  class='flex_column av-av_two_third-81cd4455df4c361b50bd3f3d10964826 av_two_third  avia-builder-el-20  el_after_av_hr  el_before_av_one_third  first flex_column_table_cell av-equal-height-column av-align-top'     ><section  class='av_textblock_section av-av_textblock-92ab5b4c5448b40ef3b82fb3d397e98e'   itemscope=\"itemscope\" itemtype=\"https:\/\/schema.org\/CreativeWork\" ><div class='avia_textblock'  itemprop=\"text\" ><h4>24.04.2024<\/h4>\n<h4><strong>WESTREISE &#8211; Start in Frankfurt am Main vor der Deutschen Nationalbibliothek ab 3. Mai<\/strong><\/h4>\n<p>Unsere Raumerweiterungshalle (REH), hat sich &#8211; zusammengeschoben auf ein Achtel ihrer Gr\u00f6\u00dfe &#8211; auf den Weg gemacht. Die mobile DDR-Architektur wird in Frankfurt auf dem Vorplatz der Deutschen Nationalbibliothek aufgebaut und dient dort dann als Ausstellungsh\u00fclle der <strong><a href=\"..\/westreise\" target=\"_blank\" rel=\"noopener\">Leipziger Wanderausstellung \u201eDas Denkmal ist \u2026\u201c<\/a><\/strong>.<br \/>\nVom 3. Mai bis zum 1. Juni 2024 l\u00e4dt die Ausstellung in Frankfurt dazu ein, sich mit der Perspektive von <a href=\"..\/wp-content\/uploads\/2023\/08\/PM_Ausstellung_Exponate_f.pdf\" target=\"_blank\" rel=\"noopener\"><strong>elf internationalen K\u00fcnstler:innen<\/strong><\/a> auf Erinnerungskultur und Denkmalsprozesse in Deutschland und Osteuropa auseinander zu setzen. Im Au\u00dfenbereich informiert die Ausstellung \u00fcber das Denkmalprojekt in Leipzig.<br \/>\nDas Begleitprogramm zur Ausstellung bietet Workshops, dialogische F\u00fchrungen etc. Fragen zum Vermittlungsprogramm bitte an: vermittlung@stiftung-fr.de.<br \/>\n<em>Downloads: <strong><a href=\"..\/wp-content\/uploads\/2024\/04\/Rahmenprogramm-FFM-kurz.pdf\" target=\"_blank\" rel=\"noopener\">Rahmenprogramm kurz<\/a><\/strong>, <a href=\"..\/wp-content\/uploads\/2024\/04\/Rahmenprogramm-FFM-mit-Beschreibung.pdf\" target=\"_blank\" rel=\"noopener\"><strong>Rahmenprogramm mit Beschreibungen<\/strong><\/a>, <\/em><strong><a href=\"..\/wp-content\/uploads\/2024\/04\/Workshopangebot.pdf\" target=\"_blank\" rel=\"noopener\"><em>Workshopangebot<\/em><\/a><\/strong><br \/>\nKonzipiert wurde die Ausstellung &#8222;Das Denkmal ist vom Kurator:innen-Trio: <strong><a href=\"..\/wp-content\/uploads\/2023\/08\/Marlene-Oeken.pdf\" target=\"_blank\" rel=\"noopener\">Marlene Oeken<\/a>, <a href=\"..\/wp-content\/uploads\/2023\/08\/Martha-Schwindling.pdf\" target=\"_blank\" rel=\"noopener\">Martha Schwindling<\/a><\/strong> and<a href=\"..\/wp-content\/uploads\/2023\/09\/Tuan-Do-Duc.pdf\" target=\"_blank\" rel=\"noopener\"><strong> Tuan Do Duc<\/strong><\/a>.<br \/>\nF\u00fcr die Kooperation vor Ort bedanken wir uns bei der <strong><a href=\"https:\/\/www.dnb.de\/DE\/Kulturell\/DasDenkmal\/dasDenkmal.html\" target=\"_blank\" rel=\"noopener\">Deutschen Nationalbibliothek<\/a><\/strong> und der Bundesstiftung <a href=\"https:\/\/demokratie-geschichte.de\/\" target=\"_blank\" rel=\"noopener\"><strong>Orte der deutschen Demokratiegeschichte.<\/strong><\/a><\/p>\n<p><!-- &#091;if gte mso 9&#093;><xml>\n<o:OfficeDocumentSettings>\n<o:AllowPNG\/>\n<\/o:OfficeDocumentSettings>\n<\/xml><!&#091;endif&#093;--><!-- &#091;if gte mso 9&#093;><xml>\n<w:WordDocument>\n<w:View>Normal<\/w:View>\n<w:Zoom>0<\/w:Zoom>\n<w:TrackMoves\/>\n<w:TrackFormatting\/>\n<w:DoNotShowComments\/>\n<w:DoNotShowInsertionsAndDeletions\/>\n<w:HyphenationZone>21<\/w:HyphenationZone>\n<w:PunctuationKerning\/>\n<w:ValidateAgainstSchemas\/>\n<w:SaveIfXMLInvalid>false<\/w:SaveIfXMLInvalid>\n<w:IgnoreMixedContent>false<\/w:IgnoreMixedContent>\n<w:AlwaysShowPlaceholderText>false<\/w:AlwaysShowPlaceholderText>\n<w:DoNotPromoteQF\/>\n<w:LidThemeOther>DE<\/w:LidThemeOther>\n<w:LidThemeAsian>X-NONE<\/w:LidThemeAsian>\n<w:LidThemeComplexScript>X-NONE<\/w:LidThemeComplexScript>\n<w:Compatibility>\n<w:BreakWrappedTables\/>\n<w:SnapToGridInCell\/>\n<w:WrapTextWithPunct\/>\n<w:UseAsianBreakRules\/>\n<w:DontGrowAutofit\/>\n<w:SplitPgBreakAndParaMark\/>\n<w:DontVertAlignCellWithSp\/>\n<w:DontBreakConstrainedForcedTables\/>\n<w:DontVertAlignInTxbx\/>\n<w:Word11KerningPairs\/>\n<w:CachedColBalance\/>\n<\/w:Compatibility>\n<m:mathPr>\n<m:mathFont m:val=\"Cambria Math\"\/>\n<m:brkBin m:val=\"before\"\/>\n<m:brkBinSub m:val=\"--\"\/>\n<m:smallFrac m:val=\"off\"\/>\n<m:dispDef\/>\n<m:lMargin m:val=\"0\"\/>\n<m:rMargin m:val=\"0\"\/>\n<m:defJc m:val=\"centerGroup\"\/>\n<m:wrapIndent m:val=\"1440\"\/>\n<m:intLim m:val=\"subSup\"\/>\n<m:naryLim m:val=\"undOvr\"\/>\n<\/m:mathPr><\/w:WordDocument>\n<\/xml><!&#091;endif&#093;--><!-- &#091;if gte mso 9&#093;><xml>\n<w:LatentStyles DefLockedState=\"false\" DefUnhideWhenUsed=\"true\" DefSemiHidden=\"true\" DefQFormat=\"false\" DefPriority=\"99\" LatentStyleCount=\"267\">\n<w:LsdException Locked=\"false\" Priority=\"0\" SemiHidden=\"false\" UnhideWhenUsed=\"false\" QFormat=\"true\" Name=\"Normal\"\/>\n<w:LsdException Locked=\"false\" Priority=\"9\" SemiHidden=\"false\" UnhideWhenUsed=\"false\" QFormat=\"true\" Name=\"heading 1\"\/>\n<w:LsdException Locked=\"false\" Priority=\"9\" QFormat=\"true\" Name=\"heading 2\"\/>\n<w:LsdException Locked=\"false\" Priority=\"9\" QFormat=\"true\" Name=\"heading 3\"\/>\n<w:LsdException Locked=\"false\" Priority=\"9\" QFormat=\"true\" Name=\"heading 4\"\/>\n<w:LsdException Locked=\"false\" Priority=\"9\" QFormat=\"true\" Name=\"heading 5\"\/>\n<w:LsdException Locked=\"false\" Priority=\"9\" QFormat=\"true\" Name=\"heading 6\"\/>\n<w:LsdException Locked=\"false\" Priority=\"9\" QFormat=\"true\" Name=\"heading 7\"\/>\n<w:LsdException Locked=\"false\" Priority=\"9\" QFormat=\"true\" Name=\"heading 8\"\/>\n<w:LsdException Locked=\"false\" Priority=\"9\" QFormat=\"true\" Name=\"heading 9\"\/>\n<w:LsdException Locked=\"false\" Priority=\"39\" Name=\"toc 1\"\/>\n<w:LsdException Locked=\"false\" Priority=\"39\" Name=\"toc 2\"\/>\n<w:LsdException Locked=\"false\" Priority=\"39\" Name=\"toc 3\"\/>\n<w:LsdException Locked=\"false\" Priority=\"39\" Name=\"toc 4\"\/>\n<w:LsdException Locked=\"false\" Priority=\"39\" Name=\"toc 5\"\/>\n<w:LsdException Locked=\"false\" Priority=\"39\" Name=\"toc 6\"\/>\n<w:LsdException Locked=\"false\" Priority=\"39\" Name=\"toc 7\"\/>\n<w:LsdException Locked=\"false\" Priority=\"39\" Name=\"toc 8\"\/>\n<w:LsdException Locked=\"false\" Priority=\"39\" Name=\"toc 9\"\/>\n<w:LsdException Locked=\"false\" Priority=\"35\" QFormat=\"true\" Name=\"caption\"\/>\n<w:LsdException Locked=\"false\" Priority=\"10\" SemiHidden=\"false\" UnhideWhenUsed=\"false\" QFormat=\"true\" Name=\"Title\"\/>\n<w:LsdException Locked=\"false\" Priority=\"1\" Name=\"Default Paragraph Font\"\/>\n<w:LsdException Locked=\"false\" Priority=\"11\" SemiHidden=\"false\" UnhideWhenUsed=\"false\" QFormat=\"true\" Name=\"Subtitle\"\/>\n<w:LsdException Locked=\"false\" Priority=\"22\" SemiHidden=\"false\" UnhideWhenUsed=\"false\" QFormat=\"true\" Name=\"Strong\"\/>\n<w:LsdException Locked=\"false\" Priority=\"20\" SemiHidden=\"false\" UnhideWhenUsed=\"false\" QFormat=\"true\" Name=\"Emphasis\"\/>\n<w:LsdException Locked=\"false\" Priority=\"59\" SemiHidden=\"false\" UnhideWhenUsed=\"false\" Name=\"Table Grid\"\/>\n<w:LsdException Locked=\"false\" UnhideWhenUsed=\"false\" Name=\"Placeholder Text\"\/>\n<w:LsdException Locked=\"false\" Priority=\"1\" SemiHidden=\"false\" UnhideWhenUsed=\"false\" QFormat=\"true\" Name=\"No Spacing\"\/>\n<w:LsdException Locked=\"false\" Priority=\"60\" SemiHidden=\"false\" UnhideWhenUsed=\"false\" Name=\"Light Shading\"\/>\n<w:LsdException Locked=\"false\" Priority=\"61\" SemiHidden=\"false\" UnhideWhenUsed=\"false\" Name=\"Light List\"\/>\n<w:LsdException Locked=\"false\" Priority=\"62\" SemiHidden=\"false\" UnhideWhenUsed=\"false\" Name=\"Light Grid\"\/>\n<w:LsdException Locked=\"false\" Priority=\"63\" SemiHidden=\"false\" UnhideWhenUsed=\"false\" Name=\"Medium Shading 1\"\/>\n<w:LsdException Locked=\"false\" Priority=\"64\" SemiHidden=\"false\" UnhideWhenUsed=\"false\" Name=\"Medium Shading 2\"\/>\n<w:LsdException Locked=\"false\" Priority=\"65\" SemiHidden=\"false\" UnhideWhenUsed=\"false\" Name=\"Medium List 1\"\/>\n<w:LsdException Locked=\"false\" Priority=\"66\" SemiHidden=\"false\" UnhideWhenUsed=\"false\" Name=\"Medium List 2\"\/>\n<w:LsdException Locked=\"false\" Priority=\"67\" SemiHidden=\"false\" UnhideWhenUsed=\"false\" Name=\"Medium Grid 1\"\/>\n<w:LsdException Locked=\"false\" Priority=\"68\" SemiHidden=\"false\" UnhideWhenUsed=\"false\" Name=\"Medium Grid 2\"\/>\n<w:LsdException Locked=\"false\" Priority=\"69\" SemiHidden=\"false\" UnhideWhenUsed=\"false\" Name=\"Medium Grid 3\"\/>\n<w:LsdException Locked=\"false\" Priority=\"70\" SemiHidden=\"false\" UnhideWhenUsed=\"false\" Name=\"Dark List\"\/>\n<w:LsdException Locked=\"false\" Priority=\"71\" SemiHidden=\"false\" UnhideWhenUsed=\"false\" Name=\"Colorful Shading\"\/>\n<w:LsdException Locked=\"false\" Priority=\"72\" SemiHidden=\"false\" UnhideWhenUsed=\"false\" Name=\"Colorful List\"\/>\n<w:LsdException Locked=\"false\" Priority=\"73\" SemiHidden=\"false\" UnhideWhenUsed=\"false\" Name=\"Colorful Grid\"\/>\n<w:LsdException Locked=\"false\" Priority=\"60\" SemiHidden=\"false\" UnhideWhenUsed=\"false\" Name=\"Light Shading Accent 1\"\/>\n<w:LsdException Locked=\"false\" Priority=\"61\" SemiHidden=\"false\" UnhideWhenUsed=\"false\" Name=\"Light List Accent 1\"\/>\n<w:LsdException Locked=\"false\" Priority=\"62\" SemiHidden=\"false\" UnhideWhenUsed=\"false\" Name=\"Light Grid Accent 1\"\/>\n<w:LsdException Locked=\"false\" Priority=\"63\" SemiHidden=\"false\" UnhideWhenUsed=\"false\" Name=\"Medium Shading 1 Accent 1\"\/>\n<w:LsdException Locked=\"false\" Priority=\"64\" SemiHidden=\"false\" UnhideWhenUsed=\"false\" Name=\"Medium Shading 2 Accent 1\"\/>\n<w:LsdException Locked=\"false\" Priority=\"65\" SemiHidden=\"false\" UnhideWhenUsed=\"false\" Name=\"Medium List 1 Accent 1\"\/>\n<w:LsdException Locked=\"false\" UnhideWhenUsed=\"false\" Name=\"Revision\"\/>\n<w:LsdException Locked=\"false\" Priority=\"34\" SemiHidden=\"false\" UnhideWhenUsed=\"false\" QFormat=\"true\" Name=\"List Paragraph\"\/>\n<w:LsdException Locked=\"false\" Priority=\"29\" SemiHidden=\"false\" UnhideWhenUsed=\"false\" QFormat=\"true\" Name=\"Quote\"\/>\n<w:LsdException Locked=\"false\" Priority=\"30\" SemiHidden=\"false\" UnhideWhenUsed=\"false\" QFormat=\"true\" Name=\"Intense Quote\"\/>\n<w:LsdException Locked=\"false\" Priority=\"66\" SemiHidden=\"false\" UnhideWhenUsed=\"false\" Name=\"Medium List 2 Accent 1\"\/>\n<w:LsdException Locked=\"false\" Priority=\"67\" SemiHidden=\"false\" UnhideWhenUsed=\"false\" Name=\"Medium Grid 1 Accent 1\"\/>\n<w:LsdException Locked=\"false\" Priority=\"68\" SemiHidden=\"false\" UnhideWhenUsed=\"false\" Name=\"Medium Grid 2 Accent 1\"\/>\n<w:LsdException Locked=\"false\" Priority=\"69\" SemiHidden=\"false\" UnhideWhenUsed=\"false\" Name=\"Medium Grid 3 Accent 1\"\/>\n<w:LsdException Locked=\"false\" Priority=\"70\" SemiHidden=\"false\" UnhideWhenUsed=\"false\" Name=\"Dark List Accent 1\"\/>\n<w:LsdException Locked=\"false\" Priority=\"71\" SemiHidden=\"false\" UnhideWhenUsed=\"false\" Name=\"Colorful Shading Accent 1\"\/>\n<w:LsdException Locked=\"false\" Priority=\"72\" SemiHidden=\"false\" UnhideWhenUsed=\"false\" Name=\"Colorful List Accent 1\"\/>\n<w:LsdException Locked=\"false\" Priority=\"73\" SemiHidden=\"false\" UnhideWhenUsed=\"false\" Name=\"Colorful Grid Accent 1\"\/>\n<w:LsdException Locked=\"false\" Priority=\"60\" SemiHidden=\"false\" UnhideWhenUsed=\"false\" Name=\"Light Shading Accent 2\"\/>\n<w:LsdException Locked=\"false\" Priority=\"61\" SemiHidden=\"false\" UnhideWhenUsed=\"false\" Name=\"Light List Accent 2\"\/>\n<w:LsdException Locked=\"false\" Priority=\"62\" SemiHidden=\"false\" UnhideWhenUsed=\"false\" Name=\"Light Grid Accent 2\"\/>\n<w:LsdException Locked=\"false\" Priority=\"63\" SemiHidden=\"false\" UnhideWhenUsed=\"false\" Name=\"Medium Shading 1 Accent 2\"\/>\n<w:LsdException Locked=\"false\" Priority=\"64\" SemiHidden=\"false\" UnhideWhenUsed=\"false\" Name=\"Medium Shading 2 Accent 2\"\/>\n<w:LsdException Locked=\"false\" Priority=\"65\" SemiHidden=\"false\" UnhideWhenUsed=\"false\" Name=\"Medium List 1 Accent 2\"\/>\n<w:LsdException Locked=\"false\" Priority=\"66\" SemiHidden=\"false\" UnhideWhenUsed=\"false\" Name=\"Medium List 2 Accent 2\"\/>\n<w:LsdException Locked=\"false\" Priority=\"67\" SemiHidden=\"false\" UnhideWhenUsed=\"false\" Name=\"Medium Grid 1 Accent 2\"\/>\n<w:LsdException Locked=\"false\" Priority=\"68\" SemiHidden=\"false\" UnhideWhenUsed=\"false\" Name=\"Medium Grid 2 Accent 2\"\/>\n<w:LsdException Locked=\"false\" Priority=\"69\" SemiHidden=\"false\" UnhideWhenUsed=\"false\" Name=\"Medium Grid 3 Accent 2\"\/>\n<w:LsdException Locked=\"false\" Priority=\"70\" SemiHidden=\"false\" UnhideWhenUsed=\"false\" Name=\"Dark List Accent 2\"\/>\n<w:LsdException Locked=\"false\" Priority=\"71\" SemiHidden=\"false\" UnhideWhenUsed=\"false\" Name=\"Colorful Shading Accent 2\"\/>\n<w:LsdException Locked=\"false\" Priority=\"72\" SemiHidden=\"false\" UnhideWhenUsed=\"false\" Name=\"Colorful List Accent 2\"\/>\n<w:LsdException Locked=\"false\" Priority=\"73\" SemiHidden=\"false\" UnhideWhenUsed=\"false\" Name=\"Colorful Grid Accent 2\"\/>\n<w:LsdException Locked=\"false\" Priority=\"60\" SemiHidden=\"false\" UnhideWhenUsed=\"false\" Name=\"Light Shading Accent 3\"\/>\n<w:LsdException Locked=\"false\" Priority=\"61\" SemiHidden=\"false\" UnhideWhenUsed=\"false\" Name=\"Light List Accent 3\"\/>\n<w:LsdException Locked=\"false\" Priority=\"62\" SemiHidden=\"false\" UnhideWhenUsed=\"false\" Name=\"Light Grid Accent 3\"\/>\n<w:LsdException Locked=\"false\" Priority=\"63\" SemiHidden=\"false\" UnhideWhenUsed=\"false\" Name=\"Medium Shading 1 Accent 3\"\/>\n<w:LsdException Locked=\"false\" Priority=\"64\" SemiHidden=\"false\" UnhideWhenUsed=\"false\" Name=\"Medium Shading 2 Accent 3\"\/>\n<w:LsdException Locked=\"false\" Priority=\"65\" SemiHidden=\"false\" UnhideWhenUsed=\"false\" Name=\"Medium List 1 Accent 3\"\/>\n<w:LsdException Locked=\"false\" Priority=\"66\" SemiHidden=\"false\" UnhideWhenUsed=\"false\" Name=\"Medium List 2 Accent 3\"\/>\n<w:LsdException Locked=\"false\" Priority=\"67\" SemiHidden=\"false\" UnhideWhenUsed=\"false\" Name=\"Medium Grid 1 Accent 3\"\/>\n<w:LsdException Locked=\"false\" Priority=\"68\" SemiHidden=\"false\" UnhideWhenUsed=\"false\" Name=\"Medium Grid 2 Accent 3\"\/>\n<w:LsdException Locked=\"false\" Priority=\"69\" SemiHidden=\"false\" UnhideWhenUsed=\"false\" Name=\"Medium Grid 3 Accent 3\"\/>\n<w:LsdException Locked=\"false\" Priority=\"70\" SemiHidden=\"false\" UnhideWhenUsed=\"false\" Name=\"Dark List Accent 3\"\/>\n<w:LsdException Locked=\"false\" Priority=\"71\" SemiHidden=\"false\" UnhideWhenUsed=\"false\" Name=\"Colorful Shading Accent 3\"\/>\n<w:LsdException Locked=\"false\" Priority=\"72\" SemiHidden=\"false\" UnhideWhenUsed=\"false\" Name=\"Colorful List Accent 3\"\/>\n<w:LsdException Locked=\"false\" Priority=\"73\" SemiHidden=\"false\" UnhideWhenUsed=\"false\" Name=\"Colorful Grid Accent 3\"\/>\n<w:LsdException Locked=\"false\" Priority=\"60\" SemiHidden=\"false\" UnhideWhenUsed=\"false\" Name=\"Light Shading Accent 4\"\/>\n<w:LsdException Locked=\"false\" Priority=\"61\" SemiHidden=\"false\" UnhideWhenUsed=\"false\" Name=\"Light List Accent 4\"\/>\n<w:LsdException Locked=\"false\" Priority=\"62\" SemiHidden=\"false\" UnhideWhenUsed=\"false\" Name=\"Light Grid Accent 4\"\/>\n<w:LsdException Locked=\"false\" Priority=\"63\" SemiHidden=\"false\" UnhideWhenUsed=\"false\" Name=\"Medium Shading 1 Accent 4\"\/>\n<w:LsdException Locked=\"false\" Priority=\"64\" SemiHidden=\"false\" UnhideWhenUsed=\"false\" Name=\"Medium Shading 2 Accent 4\"\/>\n<w:LsdException Locked=\"false\" Priority=\"65\" SemiHidden=\"false\" UnhideWhenUsed=\"false\" Name=\"Medium List 1 Accent 4\"\/>\n<w:LsdException Locked=\"false\" Priority=\"66\" SemiHidden=\"false\" UnhideWhenUsed=\"false\" Name=\"Medium List 2 Accent 4\"\/>\n<w:LsdException Locked=\"false\" Priority=\"67\" SemiHidden=\"false\" UnhideWhenUsed=\"false\" Name=\"Medium Grid 1 Accent 4\"\/>\n<w:LsdException Locked=\"false\" Priority=\"68\" SemiHidden=\"false\" UnhideWhenUsed=\"false\" Name=\"Medium Grid 2 Accent 4\"\/>\n<w:LsdException Locked=\"false\" Priority=\"69\" SemiHidden=\"false\" UnhideWhenUsed=\"false\" Name=\"Medium Grid 3 Accent 4\"\/>\n<w:LsdException Locked=\"false\" Priority=\"70\" SemiHidden=\"false\" UnhideWhenUsed=\"false\" Name=\"Dark List Accent 4\"\/>\n<w:LsdException Locked=\"false\" Priority=\"71\" SemiHidden=\"false\" UnhideWhenUsed=\"false\" Name=\"Colorful Shading Accent 4\"\/>\n<w:LsdException Locked=\"false\" Priority=\"72\" SemiHidden=\"false\" UnhideWhenUsed=\"false\" Name=\"Colorful List Accent 4\"\/>\n<w:LsdException Locked=\"false\" Priority=\"73\" SemiHidden=\"false\" UnhideWhenUsed=\"false\" Name=\"Colorful Grid Accent 4\"\/>\n<w:LsdException Locked=\"false\" Priority=\"60\" SemiHidden=\"false\" UnhideWhenUsed=\"false\" Name=\"Light Shading Accent 5\"\/>\n<w:LsdException Locked=\"false\" Priority=\"61\" SemiHidden=\"false\" UnhideWhenUsed=\"false\" Name=\"Light List Accent 5\"\/>\n<w:LsdException Locked=\"false\" Priority=\"62\" SemiHidden=\"false\" UnhideWhenUsed=\"false\" Name=\"Light Grid Accent 5\"\/>\n<w:LsdException Locked=\"false\" Priority=\"63\" SemiHidden=\"false\" UnhideWhenUsed=\"false\" Name=\"Medium Shading 1 Accent 5\"\/>\n<w:LsdException Locked=\"false\" Priority=\"64\" SemiHidden=\"false\" UnhideWhenUsed=\"false\" Name=\"Medium Shading 2 Accent 5\"\/>\n<w:LsdException Locked=\"false\" Priority=\"65\" SemiHidden=\"false\" UnhideWhenUsed=\"false\" Name=\"Medium List 1 Accent 5\"\/>\n<w:LsdException Locked=\"false\" Priority=\"66\" SemiHidden=\"false\" UnhideWhenUsed=\"false\" Name=\"Medium List 2 Accent 5\"\/>\n<w:LsdException Locked=\"false\" Priority=\"67\" SemiHidden=\"false\" UnhideWhenUsed=\"false\" Name=\"Medium Grid 1 Accent 5\"\/>\n<w:LsdException Locked=\"false\" Priority=\"68\" SemiHidden=\"false\" UnhideWhenUsed=\"false\" Name=\"Medium Grid 2 Accent 5\"\/>\n<w:LsdException Locked=\"false\" Priority=\"69\" SemiHidden=\"false\" UnhideWhenUsed=\"false\" Name=\"Medium Grid 3 Accent 5\"\/>\n<w:LsdException Locked=\"false\" Priority=\"70\" SemiHidden=\"false\" UnhideWhenUsed=\"false\" Name=\"Dark List Accent 5\"\/>\n<w:LsdException Locked=\"false\" Priority=\"71\" SemiHidden=\"false\" UnhideWhenUsed=\"false\" Name=\"Colorful Shading Accent 5\"\/>\n<w:LsdException Locked=\"false\" Priority=\"72\" SemiHidden=\"false\" UnhideWhenUsed=\"false\" Name=\"Colorful List Accent 5\"\/>\n<w:LsdException Locked=\"false\" Priority=\"73\" SemiHidden=\"false\" UnhideWhenUsed=\"false\" Name=\"Colorful Grid Accent 5\"\/>\n<w:LsdException Locked=\"false\" Priority=\"60\" SemiHidden=\"false\" UnhideWhenUsed=\"false\" Name=\"Light Shading Accent 6\"\/>\n<w:LsdException Locked=\"false\" Priority=\"61\" SemiHidden=\"false\" UnhideWhenUsed=\"false\" Name=\"Light List Accent 6\"\/>\n<w:LsdException Locked=\"false\" Priority=\"62\" SemiHidden=\"false\" UnhideWhenUsed=\"false\" Name=\"Light Grid Accent 6\"\/>\n<w:LsdException Locked=\"false\" Priority=\"63\" SemiHidden=\"false\" UnhideWhenUsed=\"false\" Name=\"Medium Shading 1 Accent 6\"\/>\n<w:LsdException Locked=\"false\" Priority=\"64\" SemiHidden=\"false\" UnhideWhenUsed=\"false\" Name=\"Medium Shading 2 Accent 6\"\/>\n<w:LsdException Locked=\"false\" Priority=\"65\" SemiHidden=\"false\" UnhideWhenUsed=\"false\" Name=\"Medium List 1 Accent 6\"\/>\n<w:LsdException Locked=\"false\" Priority=\"66\" SemiHidden=\"false\" UnhideWhenUsed=\"false\" Name=\"Medium List 2 Accent 6\"\/>\n<w:LsdException Locked=\"false\" Priority=\"67\" SemiHidden=\"false\" UnhideWhenUsed=\"false\" Name=\"Medium Grid 1 Accent 6\"\/>\n<w:LsdException Locked=\"false\" Priority=\"68\" SemiHidden=\"false\" UnhideWhenUsed=\"false\" Name=\"Medium Grid 2 Accent 6\"\/>\n<w:LsdException Locked=\"false\" Priority=\"69\" SemiHidden=\"false\" UnhideWhenUsed=\"false\" Name=\"Medium Grid 3 Accent 6\"\/>\n<w:LsdException Locked=\"false\" Priority=\"70\" SemiHidden=\"false\" UnhideWhenUsed=\"false\" Name=\"Dark List Accent 6\"\/>\n<w:LsdException Locked=\"false\" Priority=\"71\" SemiHidden=\"false\" UnhideWhenUsed=\"false\" Name=\"Colorful Shading Accent 6\"\/>\n<w:LsdException Locked=\"false\" Priority=\"72\" SemiHidden=\"false\" UnhideWhenUsed=\"false\" Name=\"Colorful List Accent 6\"\/>\n<w:LsdException Locked=\"false\" Priority=\"73\" SemiHidden=\"false\" UnhideWhenUsed=\"false\" Name=\"Colorful Grid Accent 6\"\/>\n<w:LsdException Locked=\"false\" Priority=\"19\" SemiHidden=\"false\" UnhideWhenUsed=\"false\" QFormat=\"true\" Name=\"Subtle Emphasis\"\/>\n<w:LsdException Locked=\"false\" Priority=\"21\" SemiHidden=\"false\" UnhideWhenUsed=\"false\" QFormat=\"true\" Name=\"Intense Emphasis\"\/>\n<w:LsdException Locked=\"false\" Priority=\"31\" SemiHidden=\"false\" UnhideWhenUsed=\"false\" QFormat=\"true\" Name=\"Subtle Reference\"\/>\n<w:LsdException Locked=\"false\" Priority=\"32\" SemiHidden=\"false\" UnhideWhenUsed=\"false\" QFormat=\"true\" Name=\"Intense Reference\"\/>\n<w:LsdException Locked=\"false\" Priority=\"33\" SemiHidden=\"false\" UnhideWhenUsed=\"false\" QFormat=\"true\" Name=\"Book Title\"\/>\n<w:LsdException Locked=\"false\" Priority=\"37\" Name=\"Bibliography\"\/>\n<w:LsdException Locked=\"false\" Priority=\"39\" QFormat=\"true\" Name=\"TOC Heading\"\/>\n<\/w:LatentStyles>\n<\/xml><!&#091;endif&#093;--><!-- &#091;if gte mso 10&#093;>\n\n\n\n\n\n\n\n<style>\n \/* Style Definitions *\/<br \/> table.MsoNormalTable<br \/>\t{mso-style-name:\"Normale Tabelle\";<br \/>\tmso-tstyle-rowband-size:0;<br \/>\tmso-tstyle-colband-size:0;<br \/>\tmso-style-noshow:yes;<br \/>\tmso-style-priority:99;<br \/>\tmso-style-qformat:yes;<br \/>\tmso-style-parent:\"\";<br \/>\tmso-padding-alt:0cm 5.4pt 0cm 5.4pt;<br \/>\tmso-para-margin-top:0cm;<br \/>\tmso-para-margin-right:0cm;<br \/>\tmso-para-margin-bottom:10.0pt;<br \/>\tmso-para-margin-left:0cm;<br \/>\tline-height:115%;<br \/>\tmso-pagination:widow-orphan;<br \/>\tfont-size:11.0pt;<br \/>\tfont-family:\"Calibri\",\"sans-serif\";<br \/>\tmso-ascii-font-family:Calibri;<br \/>\tmso-ascii-theme-font:minor-latin;<br \/>\tmso-fareast-font-family:\"Times New Roman\";<br \/>\tmso-fareast-theme-font:minor-fareast;<br \/>\tmso-hansi-font-family:Calibri;<br \/>\tmso-hansi-theme-font:minor-latin;<br \/>\tmso-bidi-font-family:\"Times New Roman\";<br \/>\tmso-bidi-theme-font:minor-bidi;}<br \/><\/style>\n\n\n\n\n\n<!&#091;endif&#093;--><\/p>\n<\/div><\/section><\/div>\n<div class='av-flex-placeholder'><\/div>\n<style type=\"text\/css\" data-created_by=\"avia_inline_auto\" id=\"style-css-av-av_one_third-d06667205e6186ec8414c6eb7605d406\">\n.flex_column.av-av_one_third-d06667205e6186ec8414c6eb7605d406{\nwidth:31.333333333333%;\nmargin-left:0;\n}\n#top .flex_column_table.av-equal-height-column-flextable.av-av_one_third-d06667205e6186ec8414c6eb7605d406 .av-flex-placeholder{\nwidth:3%;\n}\n<\/style>\n<div  class='flex_column av-av_one_third-d06667205e6186ec8414c6eb7605d406 av_one_third  avia-builder-el-22  el_after_av_two_third  el_before_av_hr  flex_column_table_cell av-equal-height-column av-align-top'     ><div  class='avia-slideshow av-av_slideshow-38ce3f66e8760e9cbdeb1e25185663a5 avia-slideshow-no scaling av_slideshow avia-slide-slider  avia-builder-el-23  avia-builder-el-no-sibling  av-slideshow-ui av-control-default av-slideshow-manual av-loop-once av-loop-manual-endless av-default-height-applied avia-slideshow-1' data-slideshow-options=\"{&quot;animation&quot;:&quot;slide&quot;,&quot;autoplay&quot;:false,&quot;loop_autoplay&quot;:&quot;once&quot;,&quot;interval&quot;:5,&quot;loop_manual&quot;:&quot;manual-endless&quot;,&quot;autoplay_stopper&quot;:false,&quot;noNavigation&quot;:false,&quot;bg_slider&quot;:false,&quot;keep_padding&quot;:false,&quot;hoverpause&quot;:false,&quot;show_slide_delay&quot;:0}\"  itemprop=\"image\" itemscope=\"itemscope\" itemtype=\"https:\/\/schema.org\/ImageObject\" ><ul class='avia-slideshow-inner' style='padding-bottom: 100.13020833333%;'><li  class='avia-slideshow-slide av-av_slideshow-38ce3f66e8760e9cbdeb1e25185663a5__0  slide-1 slide-odd'><div data-rel='slideshow-1' class='avia-slide-wrap'   ><img decoding=\"async\" fetchpriority=\"high\" class=\"wp-image-5883 avia-img-lazy-loading-not-5883\"  src=\"https:\/\/freiheitsdenkmal-leipzig.de\/wp-content\/uploads\/2024\/04\/REH-auf-Lader1-1.jpg\" width=\"1536\" height=\"1538\" title='REH-auf-Lader1' alt=''  itemprop=\"thumbnailUrl\" srcset=\"https:\/\/freiheitsdenkmal-leipzig.de\/wp-content\/uploads\/2024\/04\/REH-auf-Lader1-1.jpg 1536w, https:\/\/freiheitsdenkmal-leipzig.de\/wp-content\/uploads\/2024\/04\/REH-auf-Lader1-1-300x300.jpg 300w, https:\/\/freiheitsdenkmal-leipzig.de\/wp-content\/uploads\/2024\/04\/REH-auf-Lader1-1-1030x1030.jpg 1030w, https:\/\/freiheitsdenkmal-leipzig.de\/wp-content\/uploads\/2024\/04\/REH-auf-Lader1-1-80x80.jpg 80w, https:\/\/freiheitsdenkmal-leipzig.de\/wp-content\/uploads\/2024\/04\/REH-auf-Lader1-1-768x769.jpg 768w, https:\/\/freiheitsdenkmal-leipzig.de\/wp-content\/uploads\/2024\/04\/REH-auf-Lader1-1-1534x1536.jpg 1534w, https:\/\/freiheitsdenkmal-leipzig.de\/wp-content\/uploads\/2024\/04\/REH-auf-Lader1-1-12x12.jpg 12w, https:\/\/freiheitsdenkmal-leipzig.de\/wp-content\/uploads\/2024\/04\/REH-auf-Lader1-1-36x36.jpg 36w, https:\/\/freiheitsdenkmal-leipzig.de\/wp-content\/uploads\/2024\/04\/REH-auf-Lader1-1-180x180.jpg 180w, https:\/\/freiheitsdenkmal-leipzig.de\/wp-content\/uploads\/2024\/04\/REH-auf-Lader1-1-1498x1500.jpg 1498w, https:\/\/freiheitsdenkmal-leipzig.de\/wp-content\/uploads\/2024\/04\/REH-auf-Lader1-1-705x705.jpg 705w\" sizes=\"(max-width: 1536px) 100vw, 1536px\" \/><\/div><\/li><li  class='avia-slideshow-slide av-av_slideshow-38ce3f66e8760e9cbdeb1e25185663a5__1  slide-2 slide-even'><div data-rel='slideshow-1' class='avia-slide-wrap'   ><img decoding=\"async\" fetchpriority=\"high\" class=\"wp-image-5882 avia-img-lazy-loading-not-5882\"  src=\"https:\/\/freiheitsdenkmal-leipzig.de\/wp-content\/uploads\/2024\/04\/REH-auf-Lader2.jpg\" width=\"1534\" height=\"1536\" title='REH-auf-Lader2' alt=''  itemprop=\"thumbnailUrl\" srcset=\"https:\/\/freiheitsdenkmal-leipzig.de\/wp-content\/uploads\/2024\/04\/REH-auf-Lader2.jpg 1534w, https:\/\/freiheitsdenkmal-leipzig.de\/wp-content\/uploads\/2024\/04\/REH-auf-Lader2-300x300.jpg 300w, https:\/\/freiheitsdenkmal-leipzig.de\/wp-content\/uploads\/2024\/04\/REH-auf-Lader2-1030x1030.jpg 1030w, https:\/\/freiheitsdenkmal-leipzig.de\/wp-content\/uploads\/2024\/04\/REH-auf-Lader2-80x80.jpg 80w, https:\/\/freiheitsdenkmal-leipzig.de\/wp-content\/uploads\/2024\/04\/REH-auf-Lader2-768x769.jpg 768w, https:\/\/freiheitsdenkmal-leipzig.de\/wp-content\/uploads\/2024\/04\/REH-auf-Lader2-12x12.jpg 12w, https:\/\/freiheitsdenkmal-leipzig.de\/wp-content\/uploads\/2024\/04\/REH-auf-Lader2-36x36.jpg 36w, https:\/\/freiheitsdenkmal-leipzig.de\/wp-content\/uploads\/2024\/04\/REH-auf-Lader2-180x180.jpg 180w, https:\/\/freiheitsdenkmal-leipzig.de\/wp-content\/uploads\/2024\/04\/REH-auf-Lader2-1498x1500.jpg 1498w, https:\/\/freiheitsdenkmal-leipzig.de\/wp-content\/uploads\/2024\/04\/REH-auf-Lader2-705x705.jpg 705w\" sizes=\"(max-width: 1534px) 100vw, 1534px\" \/><\/div><\/li><\/ul><div class='avia-slideshow-arrows avia-slideshow-controls' ><a href='#prev' class='prev-slide' aria-hidden='true' data-av_icon='\ue87c' data-av_iconfont='entypo-fontello'  tabindex='-1'>Previous<\/a><a href='#next' class='next-slide' aria-hidden='true' data-av_icon='\ue87d' data-av_iconfont='entypo-fontello'  tabindex='-1'>Next<\/a><\/div><div class='avia-slideshow-dots avia-slideshow-controls'><a href='#1' class='goto-slide active' >1<\/a><a href='#2' class='goto-slide' >2<\/a><\/div><\/div><\/div><\/div><!--close column table wrapper. Autoclose: 1 -->\n<div  class='hr av-av_hr-bc943783b13769b99750b884f593b94d hr-default  avia-builder-el-24  el_after_av_one_third  el_before_av_two_third'><span class='hr-inner'><span class=\"hr-inner-style\"><\/span><\/span><\/div>\n<div class='flex_column_table av-av_two_third-81cd4455df4c361b50bd3f3d10964826 sc-av_two_third av-equal-height-column-flextable'>\n<style type=\"text\/css\" data-created_by=\"avia_inline_auto\" id=\"style-css-av-av_two_third-81cd4455df4c361b50bd3f3d10964826\">\n.flex_column.av-av_two_third-81cd4455df4c361b50bd3f3d10964826{\nwidth:65.666666666667%;\nmargin-left:0;\n}\n#top .flex_column_table.av-equal-height-column-flextable.av-av_two_third-81cd4455df4c361b50bd3f3d10964826 .av-flex-placeholder{\nwidth:3%;\n}\n<\/style>\n<div  id=\"louise-otto-peters\"  class='flex_column av-av_two_third-81cd4455df4c361b50bd3f3d10964826 av_two_third  avia-builder-el-25  el_after_av_hr  el_before_av_one_third  first flex_column_table_cell av-equal-height-column av-align-top'     ><section  class='av_textblock_section av-av_textblock-92ab5b4c5448b40ef3b82fb3d397e98e'   itemscope=\"itemscope\" itemtype=\"https:\/\/schema.org\/CreativeWork\" ><div class='avia_textblock'  itemprop=\"text\" ><h4>18.04.2024<\/h4>\n<h4><strong>&#8222;Nur eine Frau&#8220; &#8211; Extra-Filmabend am 25. April in der DenkmalWerkstatt:<\/strong><\/h4>\n<p>Wir laden herzlich ein, zu einem Filmabend in Kooperation mit der Louise-Otto-Peters-Gesellschaft e.V.<br \/>\nUm 18 Uhr startet der Abend mit der Auff\u00fchrung des Original DEFA-Spielfilms &#8222;<strong>Nur eine Frau<\/strong>&#8220; von 1958 \u00fcber das Leben der Frauenrechtlerin und Journalistin Louise Otto-Peters (Regie: Carl Balhaus, 105 Min). Um ca. 19:45 schlie\u00dft sich ein Filmgespr\u00e4ch mit <strong>Nane Pleger<\/strong> von der Louise-Otto-Peters-Gesellschaft e.V. an. Der Eintritt ist frei.<\/p>\n<p>Angelehnt an den gleichnamigen Roman von Hedda Zinner erz\u00e4hlt &#8222;Nur eine Frau&#8220; das Leben der Dichterin, Schriftstellerin, Journalistin, 1848er-Demokratin und Frauenrechtlerin Louise Otto-Peters: 1819 in eine b\u00fcrgerliche Familie in Mei\u00dfen geboren, akzeptiert sie viele Grenzen der patriarchalen Welt des 19. Jahrhunderts nicht. Sie steht f\u00fcr den Beginn der organisierten deutschen Frauenbewegung (1865), das Recht auf Bildung f\u00fcr Frauen und f\u00fcr den Kampf einer gerechteren und demokratischeren Gesellschaft.<\/p>\n<p><!-- &#091;if gte mso 9&#093;><xml>\n<o:OfficeDocumentSettings>\n<o:AllowPNG\/>\n<\/o:OfficeDocumentSettings>\n<\/xml><!&#091;endif&#093;--><!-- &#091;if gte mso 9&#093;><xml>\n<w:WordDocument>\n<w:View>Normal<\/w:View>\n<w:Zoom>0<\/w:Zoom>\n<w:TrackMoves\/>\n<w:TrackFormatting\/>\n<w:DoNotShowComments\/>\n<w:DoNotShowInsertionsAndDeletions\/>\n<w:HyphenationZone>21<\/w:HyphenationZone>\n<w:PunctuationKerning\/>\n<w:ValidateAgainstSchemas\/>\n<w:SaveIfXMLInvalid>false<\/w:SaveIfXMLInvalid>\n<w:IgnoreMixedContent>false<\/w:IgnoreMixedContent>\n<w:AlwaysShowPlaceholderText>false<\/w:AlwaysShowPlaceholderText>\n<w:DoNotPromoteQF\/>\n<w:LidThemeOther>DE<\/w:LidThemeOther>\n<w:LidThemeAsian>X-NONE<\/w:LidThemeAsian>\n<w:LidThemeComplexScript>X-NONE<\/w:LidThemeComplexScript>\n<w:Compatibility>\n<w:BreakWrappedTables\/>\n<w:SnapToGridInCell\/>\n<w:WrapTextWithPunct\/>\n<w:UseAsianBreakRules\/>\n<w:DontGrowAutofit\/>\n<w:SplitPgBreakAndParaMark\/>\n<w:DontVertAlignCellWithSp\/>\n<w:DontBreakConstrainedForcedTables\/>\n<w:DontVertAlignInTxbx\/>\n<w:Word11KerningPairs\/>\n<w:CachedColBalance\/>\n<\/w:Compatibility>\n<m:mathPr>\n<m:mathFont m:val=\"Cambria Math\"\/>\n<m:brkBin m:val=\"before\"\/>\n<m:brkBinSub m:val=\"--\"\/>\n<m:smallFrac m:val=\"off\"\/>\n<m:dispDef\/>\n<m:lMargin m:val=\"0\"\/>\n<m:rMargin m:val=\"0\"\/>\n<m:defJc m:val=\"centerGroup\"\/>\n<m:wrapIndent m:val=\"1440\"\/>\n<m:intLim m:val=\"subSup\"\/>\n<m:naryLim m:val=\"undOvr\"\/>\n<\/m:mathPr><\/w:WordDocument>\n<\/xml><!&#091;endif&#093;--><!-- &#091;if gte mso 9&#093;><xml>\n<w:LatentStyles DefLockedState=\"false\" DefUnhideWhenUsed=\"true\" DefSemiHidden=\"true\" DefQFormat=\"false\" DefPriority=\"99\" LatentStyleCount=\"267\">\n<w:LsdException Locked=\"false\" Priority=\"0\" SemiHidden=\"false\" UnhideWhenUsed=\"false\" QFormat=\"true\" Name=\"Normal\"\/>\n<w:LsdException Locked=\"false\" Priority=\"9\" SemiHidden=\"false\" UnhideWhenUsed=\"false\" QFormat=\"true\" Name=\"heading 1\"\/>\n<w:LsdException Locked=\"false\" Priority=\"9\" QFormat=\"true\" Name=\"heading 2\"\/>\n<w:LsdException Locked=\"false\" Priority=\"9\" QFormat=\"true\" Name=\"heading 3\"\/>\n<w:LsdException Locked=\"false\" Priority=\"9\" QFormat=\"true\" Name=\"heading 4\"\/>\n<w:LsdException Locked=\"false\" Priority=\"9\" QFormat=\"true\" Name=\"heading 5\"\/>\n<w:LsdException Locked=\"false\" Priority=\"9\" QFormat=\"true\" Name=\"heading 6\"\/>\n<w:LsdException Locked=\"false\" Priority=\"9\" QFormat=\"true\" Name=\"heading 7\"\/>\n<w:LsdException Locked=\"false\" Priority=\"9\" QFormat=\"true\" Name=\"heading 8\"\/>\n<w:LsdException Locked=\"false\" Priority=\"9\" QFormat=\"true\" Name=\"heading 9\"\/>\n<w:LsdException Locked=\"false\" Priority=\"39\" Name=\"toc 1\"\/>\n<w:LsdException Locked=\"false\" Priority=\"39\" Name=\"toc 2\"\/>\n<w:LsdException Locked=\"false\" Priority=\"39\" Name=\"toc 3\"\/>\n<w:LsdException Locked=\"false\" Priority=\"39\" Name=\"toc 4\"\/>\n<w:LsdException Locked=\"false\" Priority=\"39\" Name=\"toc 5\"\/>\n<w:LsdException Locked=\"false\" Priority=\"39\" Name=\"toc 6\"\/>\n<w:LsdException Locked=\"false\" Priority=\"39\" Name=\"toc 7\"\/>\n<w:LsdException Locked=\"false\" Priority=\"39\" Name=\"toc 8\"\/>\n<w:LsdException Locked=\"false\" Priority=\"39\" Name=\"toc 9\"\/>\n<w:LsdException Locked=\"false\" Priority=\"35\" QFormat=\"true\" Name=\"caption\"\/>\n<w:LsdException Locked=\"false\" Priority=\"10\" SemiHidden=\"false\" UnhideWhenUsed=\"false\" QFormat=\"true\" Name=\"Title\"\/>\n<w:LsdException Locked=\"false\" Priority=\"1\" Name=\"Default Paragraph Font\"\/>\n<w:LsdException Locked=\"false\" Priority=\"11\" SemiHidden=\"false\" UnhideWhenUsed=\"false\" QFormat=\"true\" Name=\"Subtitle\"\/>\n<w:LsdException Locked=\"false\" Priority=\"22\" SemiHidden=\"false\" UnhideWhenUsed=\"false\" QFormat=\"true\" Name=\"Strong\"\/>\n<w:LsdException Locked=\"false\" Priority=\"20\" SemiHidden=\"false\" UnhideWhenUsed=\"false\" QFormat=\"true\" Name=\"Emphasis\"\/>\n<w:LsdException Locked=\"false\" Priority=\"59\" SemiHidden=\"false\" UnhideWhenUsed=\"false\" Name=\"Table Grid\"\/>\n<w:LsdException Locked=\"false\" UnhideWhenUsed=\"false\" Name=\"Placeholder Text\"\/>\n<w:LsdException Locked=\"false\" Priority=\"1\" SemiHidden=\"false\" UnhideWhenUsed=\"false\" QFormat=\"true\" Name=\"No Spacing\"\/>\n<w:LsdException Locked=\"false\" Priority=\"60\" SemiHidden=\"false\" UnhideWhenUsed=\"false\" Name=\"Light Shading\"\/>\n<w:LsdException Locked=\"false\" Priority=\"61\" SemiHidden=\"false\" UnhideWhenUsed=\"false\" Name=\"Light List\"\/>\n<w:LsdException Locked=\"false\" Priority=\"62\" SemiHidden=\"false\" UnhideWhenUsed=\"false\" Name=\"Light Grid\"\/>\n<w:LsdException Locked=\"false\" Priority=\"63\" SemiHidden=\"false\" UnhideWhenUsed=\"false\" Name=\"Medium Shading 1\"\/>\n<w:LsdException Locked=\"false\" Priority=\"64\" SemiHidden=\"false\" UnhideWhenUsed=\"false\" Name=\"Medium Shading 2\"\/>\n<w:LsdException Locked=\"false\" Priority=\"65\" SemiHidden=\"false\" UnhideWhenUsed=\"false\" Name=\"Medium List 1\"\/>\n<w:LsdException Locked=\"false\" Priority=\"66\" SemiHidden=\"false\" UnhideWhenUsed=\"false\" Name=\"Medium List 2\"\/>\n<w:LsdException Locked=\"false\" Priority=\"67\" SemiHidden=\"false\" UnhideWhenUsed=\"false\" Name=\"Medium Grid 1\"\/>\n<w:LsdException Locked=\"false\" Priority=\"68\" SemiHidden=\"false\" UnhideWhenUsed=\"false\" Name=\"Medium Grid 2\"\/>\n<w:LsdException Locked=\"false\" Priority=\"69\" SemiHidden=\"false\" UnhideWhenUsed=\"false\" Name=\"Medium Grid 3\"\/>\n<w:LsdException Locked=\"false\" Priority=\"70\" SemiHidden=\"false\" UnhideWhenUsed=\"false\" Name=\"Dark List\"\/>\n<w:LsdException Locked=\"false\" Priority=\"71\" SemiHidden=\"false\" UnhideWhenUsed=\"false\" Name=\"Colorful Shading\"\/>\n<w:LsdException Locked=\"false\" Priority=\"72\" SemiHidden=\"false\" UnhideWhenUsed=\"false\" Name=\"Colorful List\"\/>\n<w:LsdException Locked=\"false\" Priority=\"73\" SemiHidden=\"false\" UnhideWhenUsed=\"false\" Name=\"Colorful Grid\"\/>\n<w:LsdException Locked=\"false\" Priority=\"60\" SemiHidden=\"false\" UnhideWhenUsed=\"false\" Name=\"Light Shading Accent 1\"\/>\n<w:LsdException Locked=\"false\" Priority=\"61\" SemiHidden=\"false\" UnhideWhenUsed=\"false\" Name=\"Light List Accent 1\"\/>\n<w:LsdException Locked=\"false\" Priority=\"62\" SemiHidden=\"false\" UnhideWhenUsed=\"false\" Name=\"Light Grid Accent 1\"\/>\n<w:LsdException Locked=\"false\" Priority=\"63\" SemiHidden=\"false\" UnhideWhenUsed=\"false\" Name=\"Medium Shading 1 Accent 1\"\/>\n<w:LsdException Locked=\"false\" Priority=\"64\" SemiHidden=\"false\" UnhideWhenUsed=\"false\" Name=\"Medium Shading 2 Accent 1\"\/>\n<w:LsdException Locked=\"false\" Priority=\"65\" SemiHidden=\"false\" UnhideWhenUsed=\"false\" Name=\"Medium List 1 Accent 1\"\/>\n<w:LsdException Locked=\"false\" UnhideWhenUsed=\"false\" Name=\"Revision\"\/>\n<w:LsdException Locked=\"false\" Priority=\"34\" SemiHidden=\"false\" UnhideWhenUsed=\"false\" QFormat=\"true\" Name=\"List Paragraph\"\/>\n<w:LsdException Locked=\"false\" Priority=\"29\" SemiHidden=\"false\" UnhideWhenUsed=\"false\" QFormat=\"true\" Name=\"Quote\"\/>\n<w:LsdException Locked=\"false\" Priority=\"30\" SemiHidden=\"false\" UnhideWhenUsed=\"false\" QFormat=\"true\" Name=\"Intense Quote\"\/>\n<w:LsdException Locked=\"false\" Priority=\"66\" SemiHidden=\"false\" UnhideWhenUsed=\"false\" Name=\"Medium List 2 Accent 1\"\/>\n<w:LsdException Locked=\"false\" Priority=\"67\" SemiHidden=\"false\" UnhideWhenUsed=\"false\" Name=\"Medium Grid 1 Accent 1\"\/>\n<w:LsdException Locked=\"false\" Priority=\"68\" SemiHidden=\"false\" UnhideWhenUsed=\"false\" Name=\"Medium Grid 2 Accent 1\"\/>\n<w:LsdException Locked=\"false\" Priority=\"69\" SemiHidden=\"false\" UnhideWhenUsed=\"false\" Name=\"Medium Grid 3 Accent 1\"\/>\n<w:LsdException Locked=\"false\" Priority=\"70\" SemiHidden=\"false\" UnhideWhenUsed=\"false\" Name=\"Dark List Accent 1\"\/>\n<w:LsdException Locked=\"false\" Priority=\"71\" SemiHidden=\"false\" UnhideWhenUsed=\"false\" Name=\"Colorful Shading Accent 1\"\/>\n<w:LsdException Locked=\"false\" Priority=\"72\" SemiHidden=\"false\" UnhideWhenUsed=\"false\" Name=\"Colorful List Accent 1\"\/>\n<w:LsdException Locked=\"false\" Priority=\"73\" SemiHidden=\"false\" UnhideWhenUsed=\"false\" Name=\"Colorful Grid Accent 1\"\/>\n<w:LsdException Locked=\"false\" Priority=\"60\" SemiHidden=\"false\" UnhideWhenUsed=\"false\" Name=\"Light Shading Accent 2\"\/>\n<w:LsdException Locked=\"false\" Priority=\"61\" SemiHidden=\"false\" UnhideWhenUsed=\"false\" Name=\"Light List Accent 2\"\/>\n<w:LsdException Locked=\"false\" Priority=\"62\" SemiHidden=\"false\" UnhideWhenUsed=\"false\" Name=\"Light Grid Accent 2\"\/>\n<w:LsdException Locked=\"false\" Priority=\"63\" SemiHidden=\"false\" UnhideWhenUsed=\"false\" Name=\"Medium Shading 1 Accent 2\"\/>\n<w:LsdException Locked=\"false\" Priority=\"64\" SemiHidden=\"false\" UnhideWhenUsed=\"false\" Name=\"Medium Shading 2 Accent 2\"\/>\n<w:LsdException Locked=\"false\" Priority=\"65\" SemiHidden=\"false\" UnhideWhenUsed=\"false\" Name=\"Medium List 1 Accent 2\"\/>\n<w:LsdException Locked=\"false\" Priority=\"66\" SemiHidden=\"false\" UnhideWhenUsed=\"false\" Name=\"Medium List 2 Accent 2\"\/>\n<w:LsdException Locked=\"false\" Priority=\"67\" SemiHidden=\"false\" UnhideWhenUsed=\"false\" Name=\"Medium Grid 1 Accent 2\"\/>\n<w:LsdException Locked=\"false\" Priority=\"68\" SemiHidden=\"false\" UnhideWhenUsed=\"false\" Name=\"Medium Grid 2 Accent 2\"\/>\n<w:LsdException Locked=\"false\" Priority=\"69\" SemiHidden=\"false\" UnhideWhenUsed=\"false\" Name=\"Medium Grid 3 Accent 2\"\/>\n<w:LsdException Locked=\"false\" Priority=\"70\" SemiHidden=\"false\" UnhideWhenUsed=\"false\" Name=\"Dark List Accent 2\"\/>\n<w:LsdException Locked=\"false\" Priority=\"71\" SemiHidden=\"false\" UnhideWhenUsed=\"false\" Name=\"Colorful Shading Accent 2\"\/>\n<w:LsdException Locked=\"false\" Priority=\"72\" SemiHidden=\"false\" UnhideWhenUsed=\"false\" Name=\"Colorful List Accent 2\"\/>\n<w:LsdException Locked=\"false\" Priority=\"73\" SemiHidden=\"false\" UnhideWhenUsed=\"false\" Name=\"Colorful Grid Accent 2\"\/>\n<w:LsdException Locked=\"false\" Priority=\"60\" SemiHidden=\"false\" UnhideWhenUsed=\"false\" Name=\"Light Shading Accent 3\"\/>\n<w:LsdException Locked=\"false\" Priority=\"61\" SemiHidden=\"false\" UnhideWhenUsed=\"false\" Name=\"Light List Accent 3\"\/>\n<w:LsdException Locked=\"false\" Priority=\"62\" SemiHidden=\"false\" UnhideWhenUsed=\"false\" Name=\"Light Grid Accent 3\"\/>\n<w:LsdException Locked=\"false\" Priority=\"63\" SemiHidden=\"false\" UnhideWhenUsed=\"false\" Name=\"Medium Shading 1 Accent 3\"\/>\n<w:LsdException Locked=\"false\" Priority=\"64\" SemiHidden=\"false\" UnhideWhenUsed=\"false\" Name=\"Medium Shading 2 Accent 3\"\/>\n<w:LsdException Locked=\"false\" Priority=\"65\" SemiHidden=\"false\" UnhideWhenUsed=\"false\" Name=\"Medium List 1 Accent 3\"\/>\n<w:LsdException Locked=\"false\" Priority=\"66\" SemiHidden=\"false\" UnhideWhenUsed=\"false\" Name=\"Medium List 2 Accent 3\"\/>\n<w:LsdException Locked=\"false\" Priority=\"67\" SemiHidden=\"false\" UnhideWhenUsed=\"false\" Name=\"Medium Grid 1 Accent 3\"\/>\n<w:LsdException Locked=\"false\" Priority=\"68\" SemiHidden=\"false\" UnhideWhenUsed=\"false\" Name=\"Medium Grid 2 Accent 3\"\/>\n<w:LsdException Locked=\"false\" Priority=\"69\" SemiHidden=\"false\" UnhideWhenUsed=\"false\" Name=\"Medium Grid 3 Accent 3\"\/>\n<w:LsdException Locked=\"false\" Priority=\"70\" SemiHidden=\"false\" UnhideWhenUsed=\"false\" Name=\"Dark List Accent 3\"\/>\n<w:LsdException Locked=\"false\" Priority=\"71\" SemiHidden=\"false\" UnhideWhenUsed=\"false\" Name=\"Colorful Shading Accent 3\"\/>\n<w:LsdException Locked=\"false\" Priority=\"72\" SemiHidden=\"false\" UnhideWhenUsed=\"false\" Name=\"Colorful List Accent 3\"\/>\n<w:LsdException Locked=\"false\" Priority=\"73\" SemiHidden=\"false\" UnhideWhenUsed=\"false\" Name=\"Colorful Grid Accent 3\"\/>\n<w:LsdException Locked=\"false\" Priority=\"60\" SemiHidden=\"false\" UnhideWhenUsed=\"false\" Name=\"Light Shading Accent 4\"\/>\n<w:LsdException Locked=\"false\" Priority=\"61\" SemiHidden=\"false\" UnhideWhenUsed=\"false\" Name=\"Light List Accent 4\"\/>\n<w:LsdException Locked=\"false\" Priority=\"62\" SemiHidden=\"false\" UnhideWhenUsed=\"false\" Name=\"Light Grid Accent 4\"\/>\n<w:LsdException Locked=\"false\" Priority=\"63\" SemiHidden=\"false\" UnhideWhenUsed=\"false\" Name=\"Medium Shading 1 Accent 4\"\/>\n<w:LsdException Locked=\"false\" Priority=\"64\" SemiHidden=\"false\" UnhideWhenUsed=\"false\" Name=\"Medium Shading 2 Accent 4\"\/>\n<w:LsdException Locked=\"false\" Priority=\"65\" SemiHidden=\"false\" UnhideWhenUsed=\"false\" Name=\"Medium List 1 Accent 4\"\/>\n<w:LsdException Locked=\"false\" Priority=\"66\" SemiHidden=\"false\" UnhideWhenUsed=\"false\" Name=\"Medium List 2 Accent 4\"\/>\n<w:LsdException Locked=\"false\" Priority=\"67\" SemiHidden=\"false\" UnhideWhenUsed=\"false\" Name=\"Medium Grid 1 Accent 4\"\/>\n<w:LsdException Locked=\"false\" Priority=\"68\" SemiHidden=\"false\" UnhideWhenUsed=\"false\" Name=\"Medium Grid 2 Accent 4\"\/>\n<w:LsdException Locked=\"false\" Priority=\"69\" SemiHidden=\"false\" UnhideWhenUsed=\"false\" Name=\"Medium Grid 3 Accent 4\"\/>\n<w:LsdException Locked=\"false\" Priority=\"70\" SemiHidden=\"false\" UnhideWhenUsed=\"false\" Name=\"Dark List Accent 4\"\/>\n<w:LsdException Locked=\"false\" Priority=\"71\" SemiHidden=\"false\" UnhideWhenUsed=\"false\" Name=\"Colorful Shading Accent 4\"\/>\n<w:LsdException Locked=\"false\" Priority=\"72\" SemiHidden=\"false\" UnhideWhenUsed=\"false\" Name=\"Colorful List Accent 4\"\/>\n<w:LsdException Locked=\"false\" Priority=\"73\" SemiHidden=\"false\" UnhideWhenUsed=\"false\" Name=\"Colorful Grid Accent 4\"\/>\n<w:LsdException Locked=\"false\" Priority=\"60\" SemiHidden=\"false\" UnhideWhenUsed=\"false\" Name=\"Light Shading Accent 5\"\/>\n<w:LsdException Locked=\"false\" Priority=\"61\" SemiHidden=\"false\" UnhideWhenUsed=\"false\" Name=\"Light List Accent 5\"\/>\n<w:LsdException Locked=\"false\" Priority=\"62\" SemiHidden=\"false\" UnhideWhenUsed=\"false\" Name=\"Light Grid Accent 5\"\/>\n<w:LsdException Locked=\"false\" Priority=\"63\" SemiHidden=\"false\" UnhideWhenUsed=\"false\" Name=\"Medium Shading 1 Accent 5\"\/>\n<w:LsdException Locked=\"false\" Priority=\"64\" SemiHidden=\"false\" UnhideWhenUsed=\"false\" Name=\"Medium Shading 2 Accent 5\"\/>\n<w:LsdException Locked=\"false\" Priority=\"65\" SemiHidden=\"false\" UnhideWhenUsed=\"false\" Name=\"Medium List 1 Accent 5\"\/>\n<w:LsdException Locked=\"false\" Priority=\"66\" SemiHidden=\"false\" UnhideWhenUsed=\"false\" Name=\"Medium List 2 Accent 5\"\/>\n<w:LsdException Locked=\"false\" Priority=\"67\" SemiHidden=\"false\" UnhideWhenUsed=\"false\" Name=\"Medium Grid 1 Accent 5\"\/>\n<w:LsdException Locked=\"false\" Priority=\"68\" SemiHidden=\"false\" UnhideWhenUsed=\"false\" Name=\"Medium Grid 2 Accent 5\"\/>\n<w:LsdException Locked=\"false\" Priority=\"69\" SemiHidden=\"false\" UnhideWhenUsed=\"false\" Name=\"Medium Grid 3 Accent 5\"\/>\n<w:LsdException Locked=\"false\" Priority=\"70\" SemiHidden=\"false\" UnhideWhenUsed=\"false\" Name=\"Dark List Accent 5\"\/>\n<w:LsdException Locked=\"false\" Priority=\"71\" SemiHidden=\"false\" UnhideWhenUsed=\"false\" Name=\"Colorful Shading Accent 5\"\/>\n<w:LsdException Locked=\"false\" Priority=\"72\" SemiHidden=\"false\" UnhideWhenUsed=\"false\" Name=\"Colorful List Accent 5\"\/>\n<w:LsdException Locked=\"false\" Priority=\"73\" SemiHidden=\"false\" UnhideWhenUsed=\"false\" Name=\"Colorful Grid Accent 5\"\/>\n<w:LsdException Locked=\"false\" Priority=\"60\" SemiHidden=\"false\" UnhideWhenUsed=\"false\" Name=\"Light Shading Accent 6\"\/>\n<w:LsdException Locked=\"false\" Priority=\"61\" SemiHidden=\"false\" UnhideWhenUsed=\"false\" Name=\"Light List Accent 6\"\/>\n<w:LsdException Locked=\"false\" Priority=\"62\" SemiHidden=\"false\" UnhideWhenUsed=\"false\" Name=\"Light Grid Accent 6\"\/>\n<w:LsdException Locked=\"false\" Priority=\"63\" SemiHidden=\"false\" UnhideWhenUsed=\"false\" Name=\"Medium Shading 1 Accent 6\"\/>\n<w:LsdException Locked=\"false\" Priority=\"64\" SemiHidden=\"false\" UnhideWhenUsed=\"false\" Name=\"Medium Shading 2 Accent 6\"\/>\n<w:LsdException Locked=\"false\" Priority=\"65\" SemiHidden=\"false\" UnhideWhenUsed=\"false\" Name=\"Medium List 1 Accent 6\"\/>\n<w:LsdException Locked=\"false\" Priority=\"66\" SemiHidden=\"false\" UnhideWhenUsed=\"false\" Name=\"Medium List 2 Accent 6\"\/>\n<w:LsdException Locked=\"false\" Priority=\"67\" SemiHidden=\"false\" UnhideWhenUsed=\"false\" Name=\"Medium Grid 1 Accent 6\"\/>\n<w:LsdException Locked=\"false\" Priority=\"68\" SemiHidden=\"false\" UnhideWhenUsed=\"false\" Name=\"Medium Grid 2 Accent 6\"\/>\n<w:LsdException Locked=\"false\" Priority=\"69\" SemiHidden=\"false\" UnhideWhenUsed=\"false\" Name=\"Medium Grid 3 Accent 6\"\/>\n<w:LsdException Locked=\"false\" Priority=\"70\" SemiHidden=\"false\" UnhideWhenUsed=\"false\" Name=\"Dark List Accent 6\"\/>\n<w:LsdException Locked=\"false\" Priority=\"71\" SemiHidden=\"false\" UnhideWhenUsed=\"false\" Name=\"Colorful Shading Accent 6\"\/>\n<w:LsdException Locked=\"false\" Priority=\"72\" SemiHidden=\"false\" UnhideWhenUsed=\"false\" Name=\"Colorful List Accent 6\"\/>\n<w:LsdException Locked=\"false\" Priority=\"73\" SemiHidden=\"false\" UnhideWhenUsed=\"false\" Name=\"Colorful Grid Accent 6\"\/>\n<w:LsdException Locked=\"false\" Priority=\"19\" SemiHidden=\"false\" UnhideWhenUsed=\"false\" QFormat=\"true\" Name=\"Subtle Emphasis\"\/>\n<w:LsdException Locked=\"false\" Priority=\"21\" SemiHidden=\"false\" UnhideWhenUsed=\"false\" QFormat=\"true\" Name=\"Intense Emphasis\"\/>\n<w:LsdException Locked=\"false\" Priority=\"31\" SemiHidden=\"false\" UnhideWhenUsed=\"false\" QFormat=\"true\" Name=\"Subtle Reference\"\/>\n<w:LsdException Locked=\"false\" Priority=\"32\" SemiHidden=\"false\" UnhideWhenUsed=\"false\" QFormat=\"true\" Name=\"Intense Reference\"\/>\n<w:LsdException Locked=\"false\" Priority=\"33\" SemiHidden=\"false\" UnhideWhenUsed=\"false\" QFormat=\"true\" Name=\"Book Title\"\/>\n<w:LsdException Locked=\"false\" Priority=\"37\" Name=\"Bibliography\"\/>\n<w:LsdException Locked=\"false\" Priority=\"39\" QFormat=\"true\" Name=\"TOC Heading\"\/>\n<\/w:LatentStyles>\n<\/xml><!&#091;endif&#093;--><!-- &#091;if gte mso 10&#093;>\n\n\n\n\n\n\n\n<style>\n \/* Style Definitions *\/<br \/> table.MsoNormalTable<br \/>\t{mso-style-name:\"Normale Tabelle\";<br \/>\tmso-tstyle-rowband-size:0;<br \/>\tmso-tstyle-colband-size:0;<br \/>\tmso-style-noshow:yes;<br \/>\tmso-style-priority:99;<br \/>\tmso-style-qformat:yes;<br \/>\tmso-style-parent:\"\";<br \/>\tmso-padding-alt:0cm 5.4pt 0cm 5.4pt;<br \/>\tmso-para-margin-top:0cm;<br \/>\tmso-para-margin-right:0cm;<br \/>\tmso-para-margin-bottom:10.0pt;<br \/>\tmso-para-margin-left:0cm;<br \/>\tline-height:115%;<br \/>\tmso-pagination:widow-orphan;<br \/>\tfont-size:11.0pt;<br \/>\tfont-family:\"Calibri\",\"sans-serif\";<br \/>\tmso-ascii-font-family:Calibri;<br \/>\tmso-ascii-theme-font:minor-latin;<br \/>\tmso-fareast-font-family:\"Times New Roman\";<br \/>\tmso-fareast-theme-font:minor-fareast;<br \/>\tmso-hansi-font-family:Calibri;<br \/>\tmso-hansi-theme-font:minor-latin;<br \/>\tmso-bidi-font-family:\"Times New Roman\";<br \/>\tmso-bidi-theme-font:minor-bidi;}<br \/><\/style>\n\n\n\n\n\n<!&#091;endif&#093;--><\/p>\n<\/div><\/section><\/div>\n<div class='av-flex-placeholder'><\/div>\n<style type=\"text\/css\" data-created_by=\"avia_inline_auto\" id=\"style-css-av-av_one_third-d06667205e6186ec8414c6eb7605d406\">\n.flex_column.av-av_one_third-d06667205e6186ec8414c6eb7605d406{\nwidth:31.333333333333%;\nmargin-left:0;\n}\n#top .flex_column_table.av-equal-height-column-flextable.av-av_one_third-d06667205e6186ec8414c6eb7605d406 .av-flex-placeholder{\nwidth:3%;\n}\n<\/style>\n<div  class='flex_column av-av_one_third-d06667205e6186ec8414c6eb7605d406 av_one_third  avia-builder-el-27  el_after_av_two_third  el_before_av_hr  flex_column_table_cell av-equal-height-column av-align-top'     ><p>\n<style type=\"text\/css\" data-created_by=\"avia_inline_auto\" id=\"style-css-av-av_image-fb96da9b151545c9e1254816b92cd596\">\n.avia-image-container.av-av_image-fb96da9b151545c9e1254816b92cd596 img.avia_image{\nbox-shadow:none;\n}\n.avia-image-container.av-av_image-fb96da9b151545c9e1254816b92cd596 .av-image-caption-overlay-center{\ncolor:#ffffff;\n}\n<\/style>\n<div  class='avia-image-container av-av_image-fb96da9b151545c9e1254816b92cd596 av-styling- avia-align-center  avia-builder-el-28  el_before_av_textblock  avia-builder-el-first'   itemprop=\"image\" itemscope=\"itemscope\" itemtype=\"https:\/\/schema.org\/ImageObject\" ><div class=\"avia-image-container-inner\"><div class=\"avia-image-overlay-wrap\"><img decoding=\"async\" fetchpriority=\"high\" class='wp-image-5726 avia-img-lazy-loading-not-5726 avia_image' src=\"https:\/\/freiheitsdenkmal-leipzig.de\/wp-content\/uploads\/2024\/04\/nur-eine-frau-copyright-defastiftung-eduard-neufeld.jpg\" alt='' title='nur-eine-frau-copyright-defastiftung-eduard-neufeld'  height=\"1542\" width=\"2106\"  itemprop=\"thumbnailUrl\" srcset=\"https:\/\/freiheitsdenkmal-leipzig.de\/wp-content\/uploads\/2024\/04\/nur-eine-frau-copyright-defastiftung-eduard-neufeld.jpg 2106w, https:\/\/freiheitsdenkmal-leipzig.de\/wp-content\/uploads\/2024\/04\/nur-eine-frau-copyright-defastiftung-eduard-neufeld-300x220.jpg 300w, https:\/\/freiheitsdenkmal-leipzig.de\/wp-content\/uploads\/2024\/04\/nur-eine-frau-copyright-defastiftung-eduard-neufeld-1030x754.jpg 1030w, https:\/\/freiheitsdenkmal-leipzig.de\/wp-content\/uploads\/2024\/04\/nur-eine-frau-copyright-defastiftung-eduard-neufeld-768x562.jpg 768w, https:\/\/freiheitsdenkmal-leipzig.de\/wp-content\/uploads\/2024\/04\/nur-eine-frau-copyright-defastiftung-eduard-neufeld-1536x1125.jpg 1536w, https:\/\/freiheitsdenkmal-leipzig.de\/wp-content\/uploads\/2024\/04\/nur-eine-frau-copyright-defastiftung-eduard-neufeld-2048x1500.jpg 2048w, https:\/\/freiheitsdenkmal-leipzig.de\/wp-content\/uploads\/2024\/04\/nur-eine-frau-copyright-defastiftung-eduard-neufeld-16x12.jpg 16w, https:\/\/freiheitsdenkmal-leipzig.de\/wp-content\/uploads\/2024\/04\/nur-eine-frau-copyright-defastiftung-eduard-neufeld-1500x1098.jpg 1500w, https:\/\/freiheitsdenkmal-leipzig.de\/wp-content\/uploads\/2024\/04\/nur-eine-frau-copyright-defastiftung-eduard-neufeld-705x516.jpg 705w\" sizes=\"(max-width: 2106px) 100vw, 2106px\" \/><\/div><\/div><\/div><br \/>\n\n<style type=\"text\/css\" data-created_by=\"avia_inline_auto\" id=\"style-css-av-av_textblock-4a7d3c9589d71bb8c277da2ecc0bc376\">\n#top .av_textblock_section.av-av_textblock-4a7d3c9589d71bb8c277da2ecc0bc376 .avia_textblock{\nfont-size:11px;\n}\n<\/style>\n<section  class='av_textblock_section av-av_textblock-4a7d3c9589d71bb8c277da2ecc0bc376'   itemscope=\"itemscope\" itemtype=\"https:\/\/schema.org\/CreativeWork\" ><div class='avia_textblock'  itemprop=\"text\" ><p><em>Credit: \u00a9DEFA-Stiftung\/Eduard Neufeld<\/em><\/p>\n<\/div><\/section><\/p><\/div><\/div><!--close column table wrapper. Autoclose: 1 -->\n<div  class='hr av-av_hr-bc943783b13769b99750b884f593b94d hr-default  avia-builder-el-30  el_after_av_one_third  el_before_av_two_third'><span class='hr-inner'><span class=\"hr-inner-style\"><\/span><\/span><\/div>\n<div class='flex_column_table av-av_two_third-e03cbccd8ba13117d93e8a407e510833 sc-av_two_third av-equal-height-column-flextable'>\n<style type=\"text\/css\" data-created_by=\"avia_inline_auto\" id=\"style-css-av-av_two_third-e03cbccd8ba13117d93e8a407e510833\">\n.flex_column.av-av_two_third-e03cbccd8ba13117d93e8a407e510833{\nwidth:65.666666666667%;\nmargin-left:0;\n}\n#top .flex_column_table.av-equal-height-column-flextable.av-av_two_third-e03cbccd8ba13117d93e8a407e510833 .av-flex-placeholder{\nwidth:3%;\n}\n<\/style>\n<div  id=\"buchmesse24\"  class='flex_column av-av_two_third-e03cbccd8ba13117d93e8a407e510833 av_two_third  avia-builder-el-31  el_after_av_hr  el_before_av_one_third  first flex_column_table_cell av-equal-height-column av-align-top'     ><section  class='av_textblock_section av-av_textblock-e878f05c31dff72941bf1e49a00d9ff5'   itemscope=\"itemscope\" itemtype=\"https:\/\/schema.org\/CreativeWork\" ><div class='avia_textblock'  itemprop=\"text\" ><h4>01.04.2024<\/h4>\n<h4>16. <strong>April \u2014 Krimi-Abend Ost<\/strong><\/h4>\n<p>Krimi-Abend am 16. April im Zeitgeschichtskino Cinema Casino: mit dem Ost-Krimi <a href=\"..\/wp-content\/uploads\/2024\/03\/freies-land.pdf\" target=\"_blank\" rel=\"noopener\">\u201e<strong>Freies Land\u201c<\/strong><\/a>.<\/p>\n<p>Geplatzte Tr\u00e4ume zwei Jahre nach der Wiedervereinigung sind die Folie f\u00fcr einen spannenden Thriller um verschwundene Teenager in der karg-sch\u00f6nen Landschaft des Oder-Deltas an der deutsch-polnischen Grenze.<\/p>\n<p>18:00 Uhr <a href=\"..\/wp-content\/uploads\/2024\/03\/freies-land.pdf\" target=\"_blank\" rel=\"noopener\"><strong>Freies Land<\/strong><\/a>, Regie: Christian Alvart, 128 Min, 2019<\/p>\n<p><em>Der Eintritt ist frei. <\/em><\/p>\n<\/div><\/section><\/div>\n<div class='av-flex-placeholder'><\/div>\n<style type=\"text\/css\" data-created_by=\"avia_inline_auto\" id=\"style-css-av-av_one_third-d06667205e6186ec8414c6eb7605d406\">\n.flex_column.av-av_one_third-d06667205e6186ec8414c6eb7605d406{\nwidth:31.333333333333%;\nmargin-left:0;\n}\n#top .flex_column_table.av-equal-height-column-flextable.av-av_one_third-d06667205e6186ec8414c6eb7605d406 .av-flex-placeholder{\nwidth:3%;\n}\n<\/style>\n<div  class='flex_column av-av_one_third-d06667205e6186ec8414c6eb7605d406 av_one_third  avia-builder-el-33  el_after_av_two_third  el_before_av_hr  flex_column_table_cell av-equal-height-column av-align-top'     ><p>\n<style type=\"text\/css\" data-created_by=\"avia_inline_auto\" id=\"style-css-av-av_image-765f1f03892efedf824fd851b5206b75\">\n.avia-image-container.av-av_image-765f1f03892efedf824fd851b5206b75 img.avia_image{\nbox-shadow:none;\n}\n.avia-image-container.av-av_image-765f1f03892efedf824fd851b5206b75 .av-image-caption-overlay-center{\ncolor:#ffffff;\n}\n<\/style>\n<div  class='avia-image-container av-av_image-765f1f03892efedf824fd851b5206b75 av-styling- avia-align-center  avia-builder-el-34  el_before_av_textblock  avia-builder-el-first'   itemprop=\"image\" itemscope=\"itemscope\" itemtype=\"https:\/\/schema.org\/ImageObject\" ><div class=\"avia-image-container-inner\"><div class=\"avia-image-overlay-wrap\"><img decoding=\"async\" fetchpriority=\"high\" class='wp-image-5653 avia-img-lazy-loading-not-5653 avia_image' src=\"https:\/\/freiheitsdenkmal-leipzig.de\/wp-content\/uploads\/2024\/04\/freies-land-copyright-telepool.jpg\" alt='' title='freies-land-copyright-telepool'  height=\"1280\" width=\"1920\"  itemprop=\"thumbnailUrl\" srcset=\"https:\/\/freiheitsdenkmal-leipzig.de\/wp-content\/uploads\/2024\/04\/freies-land-copyright-telepool.jpg 1920w, https:\/\/freiheitsdenkmal-leipzig.de\/wp-content\/uploads\/2024\/04\/freies-land-copyright-telepool-300x200.jpg 300w, https:\/\/freiheitsdenkmal-leipzig.de\/wp-content\/uploads\/2024\/04\/freies-land-copyright-telepool-1030x687.jpg 1030w, https:\/\/freiheitsdenkmal-leipzig.de\/wp-content\/uploads\/2024\/04\/freies-land-copyright-telepool-768x512.jpg 768w, https:\/\/freiheitsdenkmal-leipzig.de\/wp-content\/uploads\/2024\/04\/freies-land-copyright-telepool-1536x1024.jpg 1536w, https:\/\/freiheitsdenkmal-leipzig.de\/wp-content\/uploads\/2024\/04\/freies-land-copyright-telepool-18x12.jpg 18w, https:\/\/freiheitsdenkmal-leipzig.de\/wp-content\/uploads\/2024\/04\/freies-land-copyright-telepool-1500x1000.jpg 1500w, https:\/\/freiheitsdenkmal-leipzig.de\/wp-content\/uploads\/2024\/04\/freies-land-copyright-telepool-705x470.jpg 705w\" sizes=\"(max-width: 1920px) 100vw, 1920px\" \/><\/div><\/div><\/div><br \/>\n\n<style type=\"text\/css\" data-created_by=\"avia_inline_auto\" id=\"style-css-av-av_textblock-468953515d93239bd609951951b2e04e\">\n#top .av_textblock_section.av-av_textblock-468953515d93239bd609951951b2e04e .avia_textblock{\nfont-size:11px;\n}\n<\/style>\n<section  class='av_textblock_section av-av_textblock-468953515d93239bd609951951b2e04e'   itemscope=\"itemscope\" itemtype=\"https:\/\/schema.org\/CreativeWork\" ><div class='avia_textblock'  itemprop=\"text\" ><p><em>Credit<\/em><em>:<\/em> <em>Telepool<\/em><\/p>\n<\/div><\/section><\/p><\/div><\/div><!--close column table wrapper. Autoclose: 1 -->\n<div  class='hr av-av_hr-bc943783b13769b99750b884f593b94d hr-default  avia-builder-el-36  el_after_av_one_third  el_before_av_two_third'><span class='hr-inner'><span class=\"hr-inner-style\"><\/span><\/span><\/div>\n<div class='flex_column_table av-av_two_third-e03cbccd8ba13117d93e8a407e510833 sc-av_two_third av-equal-height-column-flextable'>\n<style type=\"text\/css\" data-created_by=\"avia_inline_auto\" id=\"style-css-av-av_two_third-e03cbccd8ba13117d93e8a407e510833\">\n.flex_column.av-av_two_third-e03cbccd8ba13117d93e8a407e510833{\nwidth:65.666666666667%;\nmargin-left:0;\n}\n#top .flex_column_table.av-equal-height-column-flextable.av-av_two_third-e03cbccd8ba13117d93e8a407e510833 .av-flex-placeholder{\nwidth:3%;\n}\n<\/style>\n<div  id=\"buchmesse24\"  class='flex_column av-av_two_third-e03cbccd8ba13117d93e8a407e510833 av_two_third  avia-builder-el-37  el_after_av_hr  el_before_av_one_third  first flex_column_table_cell av-equal-height-column av-align-top'     ><section  class='av_textblock_section av-av_textblock-e878f05c31dff72941bf1e49a00d9ff5'   itemscope=\"itemscope\" itemtype=\"https:\/\/schema.org\/CreativeWork\" ><div class='avia_textblock'  itemprop=\"text\" ><h4>13.03.2024<\/h4>\n<h4>Aufruf zur Bewerbung f\u00fcr die Auswahl der Teilnehmenden am Denkmal-Wettbewerbsverfahren ver\u00f6ffentlicht!<\/h4>\n<p>Das Auswahlverfahren der Teilnehmerinnen und Teilnehmer am k\u00fcnstlerischen Realisierungswettbewerb f\u00fcr ein nationales Freiheits- und Einheitsdenkmal in Leipzig wurde am 13. M\u00e4rz 2024 im Amtsblatt der Europ\u00e4ischen Union ver\u00f6ffentlicht.<br \/>\nInteressentinnen und Interessenten k\u00f6nnen sich bis einschlie\u00dflich 12. April 2024 (16.00 Uhr MESZ) f\u00fcr eine Teilnahme bewerben unter:<\/p>\n<p><a href=\"https:\/\/www.wettbewerb-freiheits-und-einheitsdenkmal-leipzig.de\/projects_fel.htm\"><strong>https:\/\/www.wettbewerb-freiheits-und-einheitsdenkmal-leipzig.de\/projects_fel.htm<\/strong><\/a><\/p>\n<p>Die Auswahl durch die Findungskommission erfolgt am 29. April 2024.<br \/>\nR\u00fcckfragen zum Wettbewerb und zum Bewerbungsverfahren werden bis 5. April 2024 \u00fcber das Online-Forum beantwortet. Geben Sie dazu bitte Ihre Frage(n) im Online-Forum auf der Wettbewerbsseite ein. Beachten Sie, dass die Beantwortung einige Tage in Anspruch nehmen kann. Am Telefon oder per E-Mail eingehende Fragen k\u00f6nnen aus verfahrensrechtlichen Gr\u00fcnden nicht beantwortet werden.<br \/>\nDie notwendigen Unterlagen k\u00f6nnen Sie auf der Wettbewerbsseite unter Downloads herunterladen.<\/p>\n<div><\/div>\n<h5><\/h5>\n<div class=\"hr av-4vr8c4-a52b6828c9daa6fa1dab5951be05a0d5 hr-invisible avia-builder-el-12 el_before_av_hr avia-builder-el-first\"><\/div>\n<div class=\"hr av-5bhxkk-892366f5d8836fa8b826570d56a2b83b hr-invisible avia-builder-el-13 el_after_av_hr avia-builder-el-last\"><\/div>\n<\/div><\/section><\/div>\n<div class='av-flex-placeholder'><\/div>\n<style type=\"text\/css\" data-created_by=\"avia_inline_auto\" id=\"style-css-av-av_one_third-d06667205e6186ec8414c6eb7605d406\">\n.flex_column.av-av_one_third-d06667205e6186ec8414c6eb7605d406{\nwidth:31.333333333333%;\nmargin-left:0;\n}\n#top .flex_column_table.av-equal-height-column-flextable.av-av_one_third-d06667205e6186ec8414c6eb7605d406 .av-flex-placeholder{\nwidth:3%;\n}\n<\/style>\n<div  class='flex_column av-av_one_third-d06667205e6186ec8414c6eb7605d406 av_one_third  avia-builder-el-39  el_after_av_two_third  el_before_av_hr  flex_column_table_cell av-equal-height-column av-align-top'     ><\/div><\/div><!--close column table wrapper. Autoclose: 1 -->\n<div  class='hr av-av_hr-bc943783b13769b99750b884f593b94d hr-default  avia-builder-el-40  el_after_av_one_third  el_before_av_two_third'><span class='hr-inner'><span class=\"hr-inner-style\"><\/span><\/span><\/div>\n<div class='flex_column_table av-av_two_third-e03cbccd8ba13117d93e8a407e510833 sc-av_two_third av-equal-height-column-flextable'>\n<style type=\"text\/css\" data-created_by=\"avia_inline_auto\" id=\"style-css-av-av_two_third-e03cbccd8ba13117d93e8a407e510833\">\n.flex_column.av-av_two_third-e03cbccd8ba13117d93e8a407e510833{\nwidth:65.666666666667%;\nmargin-left:0;\n}\n#top .flex_column_table.av-equal-height-column-flextable.av-av_two_third-e03cbccd8ba13117d93e8a407e510833 .av-flex-placeholder{\nwidth:3%;\n}\n<\/style>\n<div  id=\"buchmesse24\"  class='flex_column av-av_two_third-e03cbccd8ba13117d93e8a407e510833 av_two_third  avia-builder-el-41  el_after_av_hr  el_before_av_one_third  first flex_column_table_cell av-equal-height-column av-align-top'     ><section  class='av_textblock_section av-av_textblock-e878f05c31dff72941bf1e49a00d9ff5'   itemscope=\"itemscope\" itemtype=\"https:\/\/schema.org\/CreativeWork\" ><div class='avia_textblock'  itemprop=\"text\" ><h4>12.03.2024<\/h4>\n<h4>Wir sind auf der Buchmesse!<\/h4>\n<p>Vom 21 bis 24. M\u00e4rz finden Sie die Stiftung Friedliche Revolution und das Denkmalsprojekt auf der Buchmesse. (Halle 2, Stand C 202)<\/p>\n<h5>Veranstaltungen auf der Buchmesse:<\/h5>\n<ul>\n<li>Do 21.03., 11- 11.30 Uhr, Halle 3 B408 in Lesebude: Fritzi war dabei mit Anke Stoppa<\/li>\n<li>Fr 22.03., 13.30-14.15 Uhr, Halle 3 A301- B300, Workshop: Das Denkmal ist \u2026 Zukunft<\/li>\n<li>Sa 23.03., 17.15-18Uhr, Forum offene Gesellschaft, Halle 2 E600: Paneltalk: \u201eWie gef\u00e4hrdet ist unsere Demokratie\u201c, Zeitzeug:innengespr\u00e4ch<\/li>\n<\/ul>\n<h5>Buchmesse-Extra in der DenkmalWerkstatt :<\/h5>\n<ul>\n<li>Do 21.3., 16 Uhr Zeitzeugen-Caf\u00e9 mit Autor und Journalist und Dokumentarfilmer Peter Wensierski (Jena-Paradies. Die letzte Reise des Matthias Domaschk, 2023; \u201eDie unheimliche Leichtigkeit der Revolution\u201c, 2017)<\/li>\n<li>Do. 21.3., 19 Uhr Lesung Stefan Speidel: \u201eEntfeindet euch! Auswege aus Spaltung und Gewalt\u201c, 2024<\/li>\n<li>Fr 22.3., 19- 22 Uhr, Offene Denkmalwerkstatt f\u00fcr Buchmesseg\u00e4ste: gute Gespr\u00e4che und kalte Getr\u00e4nke mit Gesine Oltmanns und Annette Baumeister<\/li>\n<li>Sa 23.03., 12-18 Uhr, Offene Denkmalwerkstatt Buchkinder<\/li>\n<\/ul>\n<div><\/div>\n<h5><\/h5>\n<div class=\"hr av-4vr8c4-a52b6828c9daa6fa1dab5951be05a0d5 hr-invisible avia-builder-el-12 el_before_av_hr avia-builder-el-first\"><\/div>\n<div class=\"hr av-5bhxkk-892366f5d8836fa8b826570d56a2b83b hr-invisible avia-builder-el-13 el_after_av_hr avia-builder-el-last\"><\/div>\n<\/div><\/section><\/div>\n<div class='av-flex-placeholder'><\/div>\n<style type=\"text\/css\" data-created_by=\"avia_inline_auto\" id=\"style-css-av-av_one_third-d06667205e6186ec8414c6eb7605d406\">\n.flex_column.av-av_one_third-d06667205e6186ec8414c6eb7605d406{\nwidth:31.333333333333%;\nmargin-left:0;\n}\n#top .flex_column_table.av-equal-height-column-flextable.av-av_one_third-d06667205e6186ec8414c6eb7605d406 .av-flex-placeholder{\nwidth:3%;\n}\n<\/style>\n<div  class='flex_column av-av_one_third-d06667205e6186ec8414c6eb7605d406 av_one_third  avia-builder-el-43  el_after_av_two_third  el_before_av_hr  flex_column_table_cell av-equal-height-column av-align-top'     ><style type=\"text\/css\" data-created_by=\"avia_inline_auto\" id=\"style-css-av-av_image-f5bee9229ff48cfe5f00e2f07532523f\">\n.avia-image-container.av-av_image-f5bee9229ff48cfe5f00e2f07532523f img.avia_image{\nbox-shadow:none;\n}\n.avia-image-container.av-av_image-f5bee9229ff48cfe5f00e2f07532523f .av-image-caption-overlay-center{\ncolor:#ffffff;\n}\n<\/style>\n<div  class='avia-image-container av-av_image-f5bee9229ff48cfe5f00e2f07532523f av-styling- avia-align-center  avia-builder-el-44  avia-builder-el-no-sibling'   itemprop=\"image\" itemscope=\"itemscope\" itemtype=\"https:\/\/schema.org\/ImageObject\" ><div class=\"avia-image-container-inner\"><div class=\"avia-image-overlay-wrap\"><img decoding=\"async\" fetchpriority=\"high\" class='wp-image-5625 avia-img-lazy-loading-not-5625 avia_image' src=\"https:\/\/freiheitsdenkmal-leipzig.de\/wp-content\/uploads\/2024\/03\/IMG_8540-1-scaled.jpg\" alt='' title='IMG_8540'  height=\"2560\" width=\"1920\"  itemprop=\"thumbnailUrl\" srcset=\"https:\/\/freiheitsdenkmal-leipzig.de\/wp-content\/uploads\/2024\/03\/IMG_8540-1-scaled.jpg 1920w, https:\/\/freiheitsdenkmal-leipzig.de\/wp-content\/uploads\/2024\/03\/IMG_8540-1-225x300.jpg 225w, https:\/\/freiheitsdenkmal-leipzig.de\/wp-content\/uploads\/2024\/03\/IMG_8540-1-773x1030.jpg 773w, https:\/\/freiheitsdenkmal-leipzig.de\/wp-content\/uploads\/2024\/03\/IMG_8540-1-768x1024.jpg 768w, https:\/\/freiheitsdenkmal-leipzig.de\/wp-content\/uploads\/2024\/03\/IMG_8540-1-1152x1536.jpg 1152w, https:\/\/freiheitsdenkmal-leipzig.de\/wp-content\/uploads\/2024\/03\/IMG_8540-1-1536x2048.jpg 1536w, https:\/\/freiheitsdenkmal-leipzig.de\/wp-content\/uploads\/2024\/03\/IMG_8540-1-9x12.jpg 9w, https:\/\/freiheitsdenkmal-leipzig.de\/wp-content\/uploads\/2024\/03\/IMG_8540-1-1125x1500.jpg 1125w, https:\/\/freiheitsdenkmal-leipzig.de\/wp-content\/uploads\/2024\/03\/IMG_8540-1-529x705.jpg 529w\" sizes=\"(max-width: 1920px) 100vw, 1920px\" \/><\/div><\/div><\/div><\/div><\/div><!--close column table wrapper. Autoclose: 1 -->\n<div  class='hr av-av_hr-bc943783b13769b99750b884f593b94d hr-default  avia-builder-el-45  el_after_av_one_third  el_before_av_three_fifth'><span class='hr-inner'><span class=\"hr-inner-style\"><\/span><\/span><\/div>\n<div class='flex_column_table av-av_three_fifth-d5b12c3a91754eefbbfe04d161e84bf6 sc-av_three_fifth av-equal-height-column-flextable'>\n<style type=\"text\/css\" data-created_by=\"avia_inline_auto\" id=\"style-css-av-av_three_fifth-d5b12c3a91754eefbbfe04d161e84bf6\">\n.flex_column.av-av_three_fifth-d5b12c3a91754eefbbfe04d161e84bf6{\nwidth:58.8%;\nmargin-left:0;\n}\n#top .flex_column_table.av-equal-height-column-flextable.av-av_three_fifth-d5b12c3a91754eefbbfe04d161e84bf6 .av-flex-placeholder{\nwidth:3%;\n}\n<\/style>\n<div  class='flex_column av-av_three_fifth-d5b12c3a91754eefbbfe04d161e84bf6 av_three_fifth  avia-builder-el-46  el_after_av_hr  el_before_av_two_fifth  first flex_column_table_cell av-equal-height-column av-align-top'     ><section  class='av_textblock_section av-av_textblock-e878f05c31dff72941bf1e49a00d9ff5'   itemscope=\"itemscope\" itemtype=\"https:\/\/schema.org\/CreativeWork\" ><div class='avia_textblock'  itemprop=\"text\" ><h4>07.03.2024<\/h4>\n<h4>Filme aus dem Giftschrank: Wohnen in der DDR<\/h4>\n<p>Am 12. M\u00e4rz zeigen wir um 18 Uhr im Cinema Casino mit <strong><a href=\"..\/wp-content\/uploads\/2024\/02\/sfd.pdf\" target=\"_blank\" rel=\"noopener\">\u201eWohnungsprobleme 1982\/83\u201c<\/a><\/strong> eine unzensierte Original-Dokumentation aus dem Giftschrank der &#8222;Staatlichen Filmdokumentation der DDR&#8220; (SFD).<\/p>\n<p>Die Staatliche Filmdokumentation war ein erstaunliches Projekt: Sie hatte das Ziel, in ferner Zukunft lehrreich auf die Anf\u00e4nge der DDR zur\u00fcckschauen zu k\u00f6nnen. Daf\u00fcr wurden in den 1970\/80er Jahren alle Bereiche des Lebens in der DDR m\u00f6glichst vollst\u00e4ndig in ca. 320 Filmdokumenten aufgezeichnet. So erstaunlich es ist, dass es diese unzensierten und ehrlichen Dokumente \u00fcberhaupt gibt, so vorhersehbar wurden sie unver\u00f6ffentlicht im \u201eStaatlichen Filmarchiv\u201c (SFA) weggeschlossen.<br \/>\nAls Gast zum Filmgespr\u00e4ch freuen wir uns auf die Film- und Kulturwissenschaftlerin und SFD-Spezialistin Anne Barnert.<\/p>\n<p>Der Eintritt ist frei.<\/p>\n<div><\/div>\n<h5><\/h5>\n<div class=\"hr av-4vr8c4-a52b6828c9daa6fa1dab5951be05a0d5 hr-invisible avia-builder-el-12 el_before_av_hr avia-builder-el-first\"><\/div>\n<div class=\"hr av-5bhxkk-892366f5d8836fa8b826570d56a2b83b hr-invisible avia-builder-el-13 el_after_av_hr avia-builder-el-last\"><\/div>\n<\/div><\/section><\/div>\n<div class='av-flex-placeholder'><\/div>\n<style type=\"text\/css\" data-created_by=\"avia_inline_auto\" id=\"style-css-av-av_two_fifth-d06667205e6186ec8414c6eb7605d406\">\n.flex_column.av-av_two_fifth-d06667205e6186ec8414c6eb7605d406{\nwidth:38.2%;\nmargin-left:0;\n}\n#top .flex_column_table.av-equal-height-column-flextable.av-av_two_fifth-d06667205e6186ec8414c6eb7605d406 .av-flex-placeholder{\nwidth:3%;\n}\n<\/style>\n<div  class='flex_column av-av_two_fifth-d06667205e6186ec8414c6eb7605d406 av_two_fifth  avia-builder-el-48  el_after_av_three_fifth  el_before_av_hr  flex_column_table_cell av-equal-height-column av-align-top'     ><p><div  class='avia-slideshow av-av_slideshow-445a94e6330568e8a14aca13b52324b9 avia-slideshow-no scaling av_slideshow avia-slide-slider  avia-builder-el-49  el_before_av_textblock  avia-builder-el-first  av-slideshow-ui av-control-default av-slideshow-manual av-loop-once av-loop-manual-endless av-default-height-applied avia-slideshow-2' data-slideshow-options=\"{&quot;animation&quot;:&quot;slide&quot;,&quot;autoplay&quot;:false,&quot;loop_autoplay&quot;:&quot;once&quot;,&quot;interval&quot;:5,&quot;loop_manual&quot;:&quot;manual-endless&quot;,&quot;autoplay_stopper&quot;:false,&quot;noNavigation&quot;:false,&quot;bg_slider&quot;:false,&quot;keep_padding&quot;:false,&quot;hoverpause&quot;:false,&quot;show_slide_delay&quot;:0}\"  itemprop=\"image\" itemscope=\"itemscope\" itemtype=\"https:\/\/schema.org\/ImageObject\" ><ul class='avia-slideshow-inner' style='padding-bottom: 75.103305785124%;'><li  class='avia-slideshow-slide av-av_slideshow-445a94e6330568e8a14aca13b52324b9__0  slide-1 slide-odd'><div data-rel='slideshow-2' class='avia-slide-wrap'   ><img decoding=\"async\" fetchpriority=\"high\" class=\"wp-image-5511 avia-img-lazy-loading-not-5511\"  src=\"https:\/\/freiheitsdenkmal-leipzig.de\/wp-content\/uploads\/2024\/03\/sfd-bezirksbuero\u00a9Bundesarchiv-Filmarchiv.jpg\" width=\"968\" height=\"727\" title='sfd-bezirksbuero\u00a9Bundesarchiv-Filmarchiv' alt=''  itemprop=\"thumbnailUrl\" srcset=\"https:\/\/freiheitsdenkmal-leipzig.de\/wp-content\/uploads\/2024\/03\/sfd-bezirksbuero\u00a9Bundesarchiv-Filmarchiv.jpg 968w, https:\/\/freiheitsdenkmal-leipzig.de\/wp-content\/uploads\/2024\/03\/sfd-bezirksbuero\u00a9Bundesarchiv-Filmarchiv-300x225.jpg 300w, https:\/\/freiheitsdenkmal-leipzig.de\/wp-content\/uploads\/2024\/03\/sfd-bezirksbuero\u00a9Bundesarchiv-Filmarchiv-768x577.jpg 768w, https:\/\/freiheitsdenkmal-leipzig.de\/wp-content\/uploads\/2024\/03\/sfd-bezirksbuero\u00a9Bundesarchiv-Filmarchiv-16x12.jpg 16w, https:\/\/freiheitsdenkmal-leipzig.de\/wp-content\/uploads\/2024\/03\/sfd-bezirksbuero\u00a9Bundesarchiv-Filmarchiv-705x529.jpg 705w\" sizes=\"(max-width: 968px) 100vw, 968px\" \/><\/div><\/li><li  class='avia-slideshow-slide av-av_slideshow-445a94e6330568e8a14aca13b52324b9__1  slide-2 slide-even'><div data-rel='slideshow-2' class='avia-slide-wrap'   ><img decoding=\"async\" fetchpriority=\"high\" class=\"wp-image-5512 avia-img-lazy-loading-not-5512\"  src=\"https:\/\/freiheitsdenkmal-leipzig.de\/wp-content\/uploads\/2024\/03\/sfd-dokument1\u00a9Bundesarchiv-Filmarchiv.jpg\" width=\"968\" height=\"727\" title='sfd-dokument1\u00a9Bundesarchiv-Filmarchiv' alt=''  itemprop=\"thumbnailUrl\" srcset=\"https:\/\/freiheitsdenkmal-leipzig.de\/wp-content\/uploads\/2024\/03\/sfd-dokument1\u00a9Bundesarchiv-Filmarchiv.jpg 968w, https:\/\/freiheitsdenkmal-leipzig.de\/wp-content\/uploads\/2024\/03\/sfd-dokument1\u00a9Bundesarchiv-Filmarchiv-300x225.jpg 300w, https:\/\/freiheitsdenkmal-leipzig.de\/wp-content\/uploads\/2024\/03\/sfd-dokument1\u00a9Bundesarchiv-Filmarchiv-768x577.jpg 768w, https:\/\/freiheitsdenkmal-leipzig.de\/wp-content\/uploads\/2024\/03\/sfd-dokument1\u00a9Bundesarchiv-Filmarchiv-16x12.jpg 16w, https:\/\/freiheitsdenkmal-leipzig.de\/wp-content\/uploads\/2024\/03\/sfd-dokument1\u00a9Bundesarchiv-Filmarchiv-705x529.jpg 705w\" sizes=\"(max-width: 968px) 100vw, 968px\" \/><\/div><\/li><li  class='avia-slideshow-slide av-av_slideshow-445a94e6330568e8a14aca13b52324b9__2  slide-3 slide-odd'><div data-rel='slideshow-2' class='avia-slide-wrap'   ><img decoding=\"async\" fetchpriority=\"high\" class=\"wp-image-5513 avia-img-lazy-loading-not-5513\"  src=\"https:\/\/freiheitsdenkmal-leipzig.de\/wp-content\/uploads\/2024\/03\/sfd-dokument2-innen\u00a9Bundesarchiv-Filmarchiv.jpg\" width=\"967\" height=\"725\" title='sfd-dokument2-innen\u00a9Bundesarchiv-Filmarchiv' alt=''  itemprop=\"thumbnailUrl\" srcset=\"https:\/\/freiheitsdenkmal-leipzig.de\/wp-content\/uploads\/2024\/03\/sfd-dokument2-innen\u00a9Bundesarchiv-Filmarchiv.jpg 967w, https:\/\/freiheitsdenkmal-leipzig.de\/wp-content\/uploads\/2024\/03\/sfd-dokument2-innen\u00a9Bundesarchiv-Filmarchiv-300x225.jpg 300w, https:\/\/freiheitsdenkmal-leipzig.de\/wp-content\/uploads\/2024\/03\/sfd-dokument2-innen\u00a9Bundesarchiv-Filmarchiv-768x576.jpg 768w, https:\/\/freiheitsdenkmal-leipzig.de\/wp-content\/uploads\/2024\/03\/sfd-dokument2-innen\u00a9Bundesarchiv-Filmarchiv-16x12.jpg 16w, https:\/\/freiheitsdenkmal-leipzig.de\/wp-content\/uploads\/2024\/03\/sfd-dokument2-innen\u00a9Bundesarchiv-Filmarchiv-705x529.jpg 705w\" sizes=\"(max-width: 967px) 100vw, 967px\" \/><\/div><\/li><\/ul><div class='avia-slideshow-arrows avia-slideshow-controls' ><a href='#prev' class='prev-slide' aria-hidden='true' data-av_icon='\ue87c' data-av_iconfont='entypo-fontello'  tabindex='-1'>Previous<\/a><a href='#next' class='next-slide' aria-hidden='true' data-av_icon='\ue87d' data-av_iconfont='entypo-fontello'  tabindex='-1'>Next<\/a><\/div><div class='avia-slideshow-dots avia-slideshow-controls'><a href='#1' class='goto-slide active' >1<\/a><a href='#2' class='goto-slide' >2<\/a><a href='#3' class='goto-slide' >3<\/a><\/div><\/div><br \/>\n\n<style type=\"text\/css\" data-created_by=\"avia_inline_auto\" id=\"style-css-av-av_textblock-468953515d93239bd609951951b2e04e\">\n#top .av_textblock_section.av-av_textblock-468953515d93239bd609951951b2e04e .avia_textblock{\nfont-size:11px;\n}\n<\/style>\n<section  class='av_textblock_section av-av_textblock-468953515d93239bd609951951b2e04e'   itemscope=\"itemscope\" itemtype=\"https:\/\/schema.org\/CreativeWork\" ><div class='avia_textblock'  itemprop=\"text\" ><p><em>Credit<\/em><em>:<\/em> <em>Bundesarchiv-Filmarchiv<\/em><\/p>\n<\/div><\/section><\/p><\/div><\/div><!--close column table wrapper. Autoclose: 1 -->\n<div  class='hr av-av_hr-bc943783b13769b99750b884f593b94d hr-default  avia-builder-el-51  el_after_av_two_fifth  el_before_av_two_third'><span class='hr-inner'><span class=\"hr-inner-style\"><\/span><\/span><\/div>\n<div class='flex_column_table av-av_two_third-d5b12c3a91754eefbbfe04d161e84bf6 sc-av_two_third av-equal-height-column-flextable'>\n<style type=\"text\/css\" data-created_by=\"avia_inline_auto\" id=\"style-css-av-av_two_third-d5b12c3a91754eefbbfe04d161e84bf6\">\n.flex_column.av-av_two_third-d5b12c3a91754eefbbfe04d161e84bf6{\nwidth:65.666666666667%;\nmargin-left:0;\n}\n#top .flex_column_table.av-equal-height-column-flextable.av-av_two_third-d5b12c3a91754eefbbfe04d161e84bf6 .av-flex-placeholder{\nwidth:3%;\n}\n<\/style>\n<div  class='flex_column av-av_two_third-d5b12c3a91754eefbbfe04d161e84bf6 av_two_third  avia-builder-el-52  el_after_av_hr  el_before_av_one_third  first flex_column_table_cell av-equal-height-column av-align-top'     ><section  class='av_textblock_section av-av_textblock-e878f05c31dff72941bf1e49a00d9ff5'   itemscope=\"itemscope\" itemtype=\"https:\/\/schema.org\/CreativeWork\" ><div class='avia_textblock'  itemprop=\"text\" ><h4>06.03.2024<\/h4>\n<h4>Pressekonferenz in der DenkmalWerkstatt<\/h4>\n<p>Heute informierten (2. Foto v.l.n.r.) Gesine Oltmanns vom Vorstand der Stiftung Friedliche Revolution, Leipzigs Oberb\u00fcrgermeister Burkhard Jung, Susanne Tenzler-Heusler, Pressesprecherin der SFR und Benjamin Hossbach, Gesch\u00e4ftsf\u00fchrender Gesellschafter des Wettbewerbsb\u00fcros [phase eins] die Presse zum aktuellen Stand des Denkmal-Wettbewerbs, da in der n\u00e4chsten Woche, am 12. M\u00e4rz, der Aufruf ver\u00f6ffentlicht wird, auf den sich interessierte K\u00fcnstler:innen f\u00fcr die Teilnahme am Denkmal-Wettbewerb frei bewerben k\u00f6nnen.<br \/>\nWeitere Themen waren:<\/p>\n<ul>\n<li>die Westreise der \u201eAusstellung \u201eDas Denkmal ist \u2026\u201c ab 2. Mai nach Frankfurt (ab 2. Mai), Karlruhe (Juni), N\u00fcrnberg (Juli), Hannover (August) und Bonn (September)<\/li>\n<li>die Teilnahme der Stiftung Friedliche Revolution und des Denkmalsprojekts an der Leipziger Buchmesse vom 21. bis 24. M\u00e4rz (Stand C 202)<\/li>\n<li>neue Kooperationen mit dem Theater der Jungen Welt (TDJW) und den Buchkindern.<\/li>\n<\/ul>\n<p>Mehr Informationen in den <strong><a href=\"https:\/\/freiheitsdenkmal-leipzig.de\/en\/pressebereich\/\" target=\"_blank\" rel=\"noopener\">Pressemitteilungen<\/a><\/strong><\/p>\n<h5><\/h5>\n<div class=\"hr av-4vr8c4-a52b6828c9daa6fa1dab5951be05a0d5 hr-invisible avia-builder-el-12 el_before_av_hr avia-builder-el-first\"><\/div>\n<div class=\"hr av-5bhxkk-892366f5d8836fa8b826570d56a2b83b hr-invisible avia-builder-el-13 el_after_av_hr avia-builder-el-last\"><\/div>\n<\/div><\/section><\/div>\n<div class='av-flex-placeholder'><\/div>\n<style type=\"text\/css\" data-created_by=\"avia_inline_auto\" id=\"style-css-av-av_one_third-d06667205e6186ec8414c6eb7605d406\">\n.flex_column.av-av_one_third-d06667205e6186ec8414c6eb7605d406{\nwidth:31.333333333333%;\nmargin-left:0;\n}\n#top .flex_column_table.av-equal-height-column-flextable.av-av_one_third-d06667205e6186ec8414c6eb7605d406 .av-flex-placeholder{\nwidth:3%;\n}\n<\/style>\n<div  class='flex_column av-av_one_third-d06667205e6186ec8414c6eb7605d406 av_one_third  avia-builder-el-54  el_after_av_two_third  el_before_av_hr  flex_column_table_cell av-equal-height-column av-align-top'     ><div  class='avia-slideshow av-av_slideshow-445a94e6330568e8a14aca13b52324b9 avia-slideshow-no scaling av_slideshow avia-slide-slider  avia-builder-el-55  avia-builder-el-no-sibling  av-slideshow-ui av-control-default av-slideshow-manual av-loop-once av-loop-manual-endless av-default-height-applied avia-slideshow-3' data-slideshow-options=\"{&quot;animation&quot;:&quot;slide&quot;,&quot;autoplay&quot;:false,&quot;loop_autoplay&quot;:&quot;once&quot;,&quot;interval&quot;:5,&quot;loop_manual&quot;:&quot;manual-endless&quot;,&quot;autoplay_stopper&quot;:false,&quot;noNavigation&quot;:false,&quot;bg_slider&quot;:false,&quot;keep_padding&quot;:false,&quot;hoverpause&quot;:false,&quot;show_slide_delay&quot;:0}\"  itemprop=\"image\" itemscope=\"itemscope\" itemtype=\"https:\/\/schema.org\/ImageObject\" ><ul class='avia-slideshow-inner' style='padding-bottom: 75.103305785124%;'><li  class='avia-slideshow-slide av-av_slideshow-445a94e6330568e8a14aca13b52324b9__0  slide-1 slide-odd'><div data-rel='slideshow-3' class='avia-slide-wrap'   ><img decoding=\"async\" fetchpriority=\"high\" class=\"wp-image-5511 avia-img-lazy-loading-not-5511\"  src=\"https:\/\/freiheitsdenkmal-leipzig.de\/wp-content\/uploads\/2024\/03\/sfd-bezirksbuero\u00a9Bundesarchiv-Filmarchiv.jpg\" width=\"968\" height=\"727\" title='sfd-bezirksbuero\u00a9Bundesarchiv-Filmarchiv' alt=''  itemprop=\"thumbnailUrl\" srcset=\"https:\/\/freiheitsdenkmal-leipzig.de\/wp-content\/uploads\/2024\/03\/sfd-bezirksbuero\u00a9Bundesarchiv-Filmarchiv.jpg 968w, https:\/\/freiheitsdenkmal-leipzig.de\/wp-content\/uploads\/2024\/03\/sfd-bezirksbuero\u00a9Bundesarchiv-Filmarchiv-300x225.jpg 300w, https:\/\/freiheitsdenkmal-leipzig.de\/wp-content\/uploads\/2024\/03\/sfd-bezirksbuero\u00a9Bundesarchiv-Filmarchiv-768x577.jpg 768w, https:\/\/freiheitsdenkmal-leipzig.de\/wp-content\/uploads\/2024\/03\/sfd-bezirksbuero\u00a9Bundesarchiv-Filmarchiv-16x12.jpg 16w, https:\/\/freiheitsdenkmal-leipzig.de\/wp-content\/uploads\/2024\/03\/sfd-bezirksbuero\u00a9Bundesarchiv-Filmarchiv-705x529.jpg 705w\" sizes=\"(max-width: 968px) 100vw, 968px\" \/><\/div><\/li><li  class='avia-slideshow-slide av-av_slideshow-445a94e6330568e8a14aca13b52324b9__1  slide-2 slide-even'><div data-rel='slideshow-3' class='avia-slide-wrap'   ><img decoding=\"async\" fetchpriority=\"high\" class=\"wp-image-5512 avia-img-lazy-loading-not-5512\"  src=\"https:\/\/freiheitsdenkmal-leipzig.de\/wp-content\/uploads\/2024\/03\/sfd-dokument1\u00a9Bundesarchiv-Filmarchiv.jpg\" width=\"968\" height=\"727\" title='sfd-dokument1\u00a9Bundesarchiv-Filmarchiv' alt=''  itemprop=\"thumbnailUrl\" srcset=\"https:\/\/freiheitsdenkmal-leipzig.de\/wp-content\/uploads\/2024\/03\/sfd-dokument1\u00a9Bundesarchiv-Filmarchiv.jpg 968w, https:\/\/freiheitsdenkmal-leipzig.de\/wp-content\/uploads\/2024\/03\/sfd-dokument1\u00a9Bundesarchiv-Filmarchiv-300x225.jpg 300w, https:\/\/freiheitsdenkmal-leipzig.de\/wp-content\/uploads\/2024\/03\/sfd-dokument1\u00a9Bundesarchiv-Filmarchiv-768x577.jpg 768w, https:\/\/freiheitsdenkmal-leipzig.de\/wp-content\/uploads\/2024\/03\/sfd-dokument1\u00a9Bundesarchiv-Filmarchiv-16x12.jpg 16w, https:\/\/freiheitsdenkmal-leipzig.de\/wp-content\/uploads\/2024\/03\/sfd-dokument1\u00a9Bundesarchiv-Filmarchiv-705x529.jpg 705w\" sizes=\"(max-width: 968px) 100vw, 968px\" \/><\/div><\/li><li  class='avia-slideshow-slide av-av_slideshow-445a94e6330568e8a14aca13b52324b9__2  slide-3 slide-odd'><div data-rel='slideshow-3' class='avia-slide-wrap'   ><img decoding=\"async\" fetchpriority=\"high\" class=\"wp-image-5513 avia-img-lazy-loading-not-5513\"  src=\"https:\/\/freiheitsdenkmal-leipzig.de\/wp-content\/uploads\/2024\/03\/sfd-dokument2-innen\u00a9Bundesarchiv-Filmarchiv.jpg\" width=\"967\" height=\"725\" title='sfd-dokument2-innen\u00a9Bundesarchiv-Filmarchiv' alt=''  itemprop=\"thumbnailUrl\" srcset=\"https:\/\/freiheitsdenkmal-leipzig.de\/wp-content\/uploads\/2024\/03\/sfd-dokument2-innen\u00a9Bundesarchiv-Filmarchiv.jpg 967w, https:\/\/freiheitsdenkmal-leipzig.de\/wp-content\/uploads\/2024\/03\/sfd-dokument2-innen\u00a9Bundesarchiv-Filmarchiv-300x225.jpg 300w, https:\/\/freiheitsdenkmal-leipzig.de\/wp-content\/uploads\/2024\/03\/sfd-dokument2-innen\u00a9Bundesarchiv-Filmarchiv-768x576.jpg 768w, https:\/\/freiheitsdenkmal-leipzig.de\/wp-content\/uploads\/2024\/03\/sfd-dokument2-innen\u00a9Bundesarchiv-Filmarchiv-16x12.jpg 16w, https:\/\/freiheitsdenkmal-leipzig.de\/wp-content\/uploads\/2024\/03\/sfd-dokument2-innen\u00a9Bundesarchiv-Filmarchiv-705x529.jpg 705w\" sizes=\"(max-width: 967px) 100vw, 967px\" \/><\/div><\/li><\/ul><div class='avia-slideshow-arrows avia-slideshow-controls' ><a href='#prev' class='prev-slide' aria-hidden='true' data-av_icon='\ue87c' data-av_iconfont='entypo-fontello'  tabindex='-1'>Previous<\/a><a href='#next' class='next-slide' aria-hidden='true' data-av_icon='\ue87d' data-av_iconfont='entypo-fontello'  tabindex='-1'>Next<\/a><\/div><div class='avia-slideshow-dots avia-slideshow-controls'><a href='#1' class='goto-slide active' >1<\/a><a href='#2' class='goto-slide' >2<\/a><a href='#3' class='goto-slide' >3<\/a><\/div><\/div><\/div><\/div><!--close column table wrapper. Autoclose: 1 -->\n<div  class='hr av-av_hr-bc943783b13769b99750b884f593b94d hr-default  avia-builder-el-56  el_after_av_one_third  el_before_av_three_fifth'><span class='hr-inner'><span class=\"hr-inner-style\"><\/span><\/span><\/div>\n<div class='flex_column_table av-av_three_fifth-a52321e481bd01d78bb4ad05399ef586 sc-av_three_fifth av-equal-height-column-flextable'>\n<style type=\"text\/css\" data-created_by=\"avia_inline_auto\" id=\"style-css-av-av_three_fifth-a52321e481bd01d78bb4ad05399ef586\">\n.flex_column.av-av_three_fifth-a52321e481bd01d78bb4ad05399ef586{\nwidth:58.8%;\nmargin-left:0;\n}\n#top .flex_column_table.av-equal-height-column-flextable.av-av_three_fifth-a52321e481bd01d78bb4ad05399ef586 .av-flex-placeholder{\nwidth:3%;\n}\n<\/style>\n<div  id=\"stirn_zeigen\"  class='flex_column av-av_three_fifth-a52321e481bd01d78bb4ad05399ef586 av_three_fifth  avia-builder-el-57  el_after_av_hr  el_before_av_two_fifth  first flex_column_table_cell av-equal-height-column av-align-middle'     ><section  class='av_textblock_section av-av_textblock-e878f05c31dff72941bf1e49a00d9ff5'   itemscope=\"itemscope\" itemtype=\"https:\/\/schema.org\/CreativeWork\" ><div class='avia_textblock'  itemprop=\"text\" ><h4>29.02.2024<\/h4>\n<h4>Vortrag am 6. M\u00e4rz: Stirn zeigen? Queers in der DDR zwischen Emanzipation, Normalisierung und Repression<\/h4>\n<p>Wie war es queer in der DDR zu leben und zu lieben? Wof\u00fcr und wogegen musste gek\u00e4mpft werden? Ausgehend von diesen Fragen gibt der Vortrag einen \u00dcberblick \u00fcber die Rahmenbedingungen queerer Existenz in der DDR von den 1950er Jahren bis 89\/90. W\u00e4hrend bis Ende der 1960er Verstecken, Unsichtbarkeit, Disziplinierung und deren Auswirkungen im Fokus stehen, werden f\u00fcr die 1970er bis Anfang der 1990er die dann entstehenden Lesben- und Homosexuellengruppen mit ihren Politiken vorgestellt. Womit haben sie sich besch\u00e4ftigt? Wie haben sie sich vernetzt? Was haben sie erreicht? Der Aktivismus wird besonders mit Blick auf Leipzig genauer betrachtet.<\/p>\n<p>Maria B\u00fchner ist Historikerin und Kulturwissenschaftlerin. Sie forscht und publiziert im Rahmen ihrer Doktorarbeit an der Universit\u00e4t Leipzig zu Lesben und Queers in der DDR.<\/p>\n<p>Der Eintritt in der Denkmalwerkstatt ist kostenlos und der Zugang barrierefrei.<\/p>\n<h5><\/h5>\n<div class=\"hr av-4vr8c4-a52b6828c9daa6fa1dab5951be05a0d5 hr-invisible avia-builder-el-12 el_before_av_hr avia-builder-el-first\"><\/div>\n<div class=\"hr av-5bhxkk-892366f5d8836fa8b826570d56a2b83b hr-invisible avia-builder-el-13 el_after_av_hr avia-builder-el-last\"><\/div>\n<\/div><\/section><\/div>\n<div class='av-flex-placeholder'><\/div>\n<style type=\"text\/css\" data-created_by=\"avia_inline_auto\" id=\"style-css-av-av_two_fifth-d06667205e6186ec8414c6eb7605d406\">\n.flex_column.av-av_two_fifth-d06667205e6186ec8414c6eb7605d406{\nwidth:38.2%;\nmargin-left:0;\n}\n#top .flex_column_table.av-equal-height-column-flextable.av-av_two_fifth-d06667205e6186ec8414c6eb7605d406 .av-flex-placeholder{\nwidth:3%;\n}\n<\/style>\n<div  class='flex_column av-av_two_fifth-d06667205e6186ec8414c6eb7605d406 av_two_fifth  avia-builder-el-59  el_after_av_three_fifth  el_before_av_hr  flex_column_table_cell av-equal-height-column av-align-middle'     ><p>\n<style type=\"text\/css\" data-created_by=\"avia_inline_auto\" id=\"style-css-av-av_image-de50f810583d288e9f74652fb7fb96bb\">\n.avia-image-container.av-av_image-de50f810583d288e9f74652fb7fb96bb img.avia_image{\nbox-shadow:none;\n}\n.avia-image-container.av-av_image-de50f810583d288e9f74652fb7fb96bb .av-image-caption-overlay-center{\ncolor:#ffffff;\n}\n<\/style>\n<div  class='avia-image-container av-av_image-de50f810583d288e9f74652fb7fb96bb av-styling- avia-align-center  avia-builder-el-60  el_before_av_textblock  avia-builder-el-first'   itemprop=\"image\" itemscope=\"itemscope\" itemtype=\"https:\/\/schema.org\/ImageObject\" ><div class=\"avia-image-container-inner\"><div class=\"avia-image-overlay-wrap\"><img decoding=\"async\" fetchpriority=\"high\" class='wp-image-5430 avia-img-lazy-loading-not-5430 avia_image' src=\"https:\/\/freiheitsdenkmal-leipzig.de\/wp-content\/uploads\/2024\/02\/Vortrag_StirnZeigen_RHG_Fo_GZ_0396.jpg\" alt='' title='Vortrag_StirnZeigen_RHG_Fo_GZ_0396'  height=\"1312\" width=\"1920\"  itemprop=\"thumbnailUrl\" srcset=\"https:\/\/freiheitsdenkmal-leipzig.de\/wp-content\/uploads\/2024\/02\/Vortrag_StirnZeigen_RHG_Fo_GZ_0396.jpg 1920w, https:\/\/freiheitsdenkmal-leipzig.de\/wp-content\/uploads\/2024\/02\/Vortrag_StirnZeigen_RHG_Fo_GZ_0396-300x205.jpg 300w, https:\/\/freiheitsdenkmal-leipzig.de\/wp-content\/uploads\/2024\/02\/Vortrag_StirnZeigen_RHG_Fo_GZ_0396-1030x704.jpg 1030w, https:\/\/freiheitsdenkmal-leipzig.de\/wp-content\/uploads\/2024\/02\/Vortrag_StirnZeigen_RHG_Fo_GZ_0396-768x525.jpg 768w, https:\/\/freiheitsdenkmal-leipzig.de\/wp-content\/uploads\/2024\/02\/Vortrag_StirnZeigen_RHG_Fo_GZ_0396-1536x1050.jpg 1536w, https:\/\/freiheitsdenkmal-leipzig.de\/wp-content\/uploads\/2024\/02\/Vortrag_StirnZeigen_RHG_Fo_GZ_0396-18x12.jpg 18w, https:\/\/freiheitsdenkmal-leipzig.de\/wp-content\/uploads\/2024\/02\/Vortrag_StirnZeigen_RHG_Fo_GZ_0396-1500x1025.jpg 1500w, https:\/\/freiheitsdenkmal-leipzig.de\/wp-content\/uploads\/2024\/02\/Vortrag_StirnZeigen_RHG_Fo_GZ_0396-705x482.jpg 705w\" sizes=\"(max-width: 1920px) 100vw, 1920px\" \/><\/div><\/div><\/div><br \/>\n\n<style type=\"text\/css\" data-created_by=\"avia_inline_auto\" id=\"style-css-av-av_textblock-468953515d93239bd609951951b2e04e\">\n#top .av_textblock_section.av-av_textblock-468953515d93239bd609951951b2e04e .avia_textblock{\nfont-size:11px;\n}\n<\/style>\n<section  class='av_textblock_section av-av_textblock-468953515d93239bd609951951b2e04e'   itemscope=\"itemscope\" itemtype=\"https:\/\/schema.org\/CreativeWork\" ><div class='avia_textblock'  itemprop=\"text\" ><p><em>Credit<\/em><em>:<\/em> <em>Robert-Havemann-Gesellschaft<\/em><\/p>\n<p><em>\u00a0<\/em><\/p>\n<\/div><\/section><\/p><\/div><\/div><!--close column table wrapper. Autoclose: 1 -->\n<div  class='hr av-av_hr-bc943783b13769b99750b884f593b94d hr-default  avia-builder-el-62  el_after_av_two_fifth  el_before_av_two_third'><span class='hr-inner'><span class=\"hr-inner-style\"><\/span><\/span><\/div>\n<div class='flex_column_table av-av_two_third-11b002b6b98e9d381e6a03db7834dec6 sc-av_two_third av-equal-height-column-flextable'>\n<style type=\"text\/css\" data-created_by=\"avia_inline_auto\" id=\"style-css-av-av_two_third-11b002b6b98e9d381e6a03db7834dec6\">\n.flex_column.av-av_two_third-11b002b6b98e9d381e6a03db7834dec6{\nwidth:65.666666666667%;\nmargin-left:0;\n}\n#top .flex_column_table.av-equal-height-column-flextable.av-av_two_third-11b002b6b98e9d381e6a03db7834dec6 .av-flex-placeholder{\nwidth:3%;\n}\n<\/style>\n<div  class='flex_column av-av_two_third-11b002b6b98e9d381e6a03db7834dec6 av_two_third  avia-builder-el-63  el_after_av_hr  el_before_av_one_third  first flex_column_table_cell av-equal-height-column av-align-middle'     ><section  class='av_textblock_section av-av_textblock-e878f05c31dff72941bf1e49a00d9ff5'   itemscope=\"itemscope\" itemtype=\"https:\/\/schema.org\/CreativeWork\" ><div class='avia_textblock'  itemprop=\"text\" ><h4>28.02.2024<\/h4>\n<h4>Nachmittagsfilm am 5. M\u00e4rz um 16 Uhr: Wendekinder. Generationen des Umbruchs<\/h4>\n<p>\u201eWendekinder. Generation des Umbruchs\u201c erz\u00e4hlt die Geschichten von Menschen aus der letzten Kinder Generation der DDR. An der Schwelle zum Erwachsenwerden war die ihnen vertraute Welt pl\u00f6tzlich verschwunden. Von einem Tag auf den anderen galt es, sich in einem fremden System zurecht zu finden. In einer Welt, von der auch die Erwachsenen keine Ahnung hatten und deshalb als Orientierungsfiguren nicht mehr taugten. Anhand von verschiedenen Einzelschicksalen erstellt der Dokumentarfilm ein eindrucksvolles filmisches Psychogramm dieser Generation zwischen Aufbruch, Versprechen, Krisen und Herausforderungen.<br \/>\nDer Eintritt in die DenkmalWerkstatt ist kostenlos und der Zugang barrierefrei.<\/p>\n<p>Auff\u00fchrung in Kooperation mit der Bundesstiftung zur Aufarbeitung der SED-Diktatur<\/p>\n<h5><\/h5>\n<div class=\"hr av-4vr8c4-a52b6828c9daa6fa1dab5951be05a0d5 hr-invisible avia-builder-el-12 el_before_av_hr avia-builder-el-first\"><\/div>\n<div class=\"hr av-5bhxkk-892366f5d8836fa8b826570d56a2b83b hr-invisible avia-builder-el-13 el_after_av_hr avia-builder-el-last\"><\/div>\n<\/div><\/section><\/div>\n<div class='av-flex-placeholder'><\/div>\n<style type=\"text\/css\" data-created_by=\"avia_inline_auto\" id=\"style-css-av-av_one_third-d06667205e6186ec8414c6eb7605d406\">\n.flex_column.av-av_one_third-d06667205e6186ec8414c6eb7605d406{\nwidth:31.333333333333%;\nmargin-left:0;\n}\n#top .flex_column_table.av-equal-height-column-flextable.av-av_one_third-d06667205e6186ec8414c6eb7605d406 .av-flex-placeholder{\nwidth:3%;\n}\n<\/style>\n<div  class='flex_column av-av_one_third-d06667205e6186ec8414c6eb7605d406 av_one_third  avia-builder-el-65  el_after_av_two_third  el_before_av_hr  flex_column_table_cell av-equal-height-column av-align-middle'     ><\/div><\/div><!--close column table wrapper. Autoclose: 1 -->\n<div  class='hr av-av_hr-bc943783b13769b99750b884f593b94d hr-default  avia-builder-el-66  el_after_av_one_third  el_before_av_two_third'><span class='hr-inner'><span class=\"hr-inner-style\"><\/span><\/span><\/div>\n<div class='flex_column_table av-av_two_third-11b002b6b98e9d381e6a03db7834dec6 sc-av_two_third av-equal-height-column-flextable'>\n<style type=\"text\/css\" data-created_by=\"avia_inline_auto\" id=\"style-css-av-av_two_third-11b002b6b98e9d381e6a03db7834dec6\">\n.flex_column.av-av_two_third-11b002b6b98e9d381e6a03db7834dec6{\nwidth:65.666666666667%;\nmargin-left:0;\n}\n#top .flex_column_table.av-equal-height-column-flextable.av-av_two_third-11b002b6b98e9d381e6a03db7834dec6 .av-flex-placeholder{\nwidth:3%;\n}\n<\/style>\n<div  class='flex_column av-av_two_third-11b002b6b98e9d381e6a03db7834dec6 av_two_third  avia-builder-el-67  el_after_av_hr  el_before_av_one_third  first flex_column_table_cell av-equal-height-column av-align-middle'     ><section  class='av_textblock_section av-av_textblock-e878f05c31dff72941bf1e49a00d9ff5'   itemscope=\"itemscope\" itemtype=\"https:\/\/schema.org\/CreativeWork\" ><div class='avia_textblock'  itemprop=\"text\" ><h4>27.02.2024<\/h4>\n<h4>Zeitzeuginnen Caf\u00e9 am 29. Februar: Elke Urban<\/h4>\n<p>Elke Urban wird am 29.2. um 16 Uhr unser Gast im Zeitzeuginnen Caf\u00e9 sein.<\/p>\n<p>Elke Urban wurde 1950 in Altenburg geboren. Sie war bis 1975 Lehrerin f\u00fcr Musik und Franz\u00f6sisch und hat f\u00fcnf Kinder. Ab dem 4. September 1989 beteiligte sich Urban an den Montagsdemonstrationen in Leipzig<em>.<\/em> Nach der Friedlichen Revolution war sie unter anderem Vizepr\u00e4sidentin im Europ\u00e4ischen Forum f\u00fcr Freiheit im Bildungswesen und Leiterin des Leipziger Schulmuseums.<\/p>\n<p>Der Eintritt in der Denkmalwerkstatt ist kostenlos und der Zugang barrierefrei.<\/p>\n<h5><\/h5>\n<div class=\"hr av-4vr8c4-a52b6828c9daa6fa1dab5951be05a0d5 hr-invisible avia-builder-el-12 el_before_av_hr avia-builder-el-first\"><\/div>\n<div class=\"hr av-5bhxkk-892366f5d8836fa8b826570d56a2b83b hr-invisible avia-builder-el-13 el_after_av_hr avia-builder-el-last\"><\/div>\n<\/div><\/section><\/div>\n<div class='av-flex-placeholder'><\/div>\n<style type=\"text\/css\" data-created_by=\"avia_inline_auto\" id=\"style-css-av-av_one_third-d06667205e6186ec8414c6eb7605d406\">\n.flex_column.av-av_one_third-d06667205e6186ec8414c6eb7605d406{\nwidth:31.333333333333%;\nmargin-left:0;\n}\n#top .flex_column_table.av-equal-height-column-flextable.av-av_one_third-d06667205e6186ec8414c6eb7605d406 .av-flex-placeholder{\nwidth:3%;\n}\n<\/style>\n<div  class='flex_column av-av_one_third-d06667205e6186ec8414c6eb7605d406 av_one_third  avia-builder-el-69  el_after_av_two_third  el_before_av_hr  flex_column_table_cell av-equal-height-column av-align-middle'     ><\/div><\/div><!--close column table wrapper. Autoclose: 1 -->\n<div  class='hr av-av_hr-bc943783b13769b99750b884f593b94d hr-default  avia-builder-el-70  el_after_av_one_third  el_before_av_three_fifth'><span class='hr-inner'><span class=\"hr-inner-style\"><\/span><\/span><\/div>\n<div class='flex_column_table av-av_three_fifth-f1c821dbbaead0c021ac620d819ebb98 sc-av_three_fifth av-equal-height-column-flextable'>\n<style type=\"text\/css\" data-created_by=\"avia_inline_auto\" id=\"style-css-av-av_three_fifth-f1c821dbbaead0c021ac620d819ebb98\">\n.flex_column.av-av_three_fifth-f1c821dbbaead0c021ac620d819ebb98{\nwidth:57.6%;\nmargin-left:0;\n}\n#top .flex_column_table.av-equal-height-column-flextable.av-av_three_fifth-f1c821dbbaead0c021ac620d819ebb98 .av-flex-placeholder{\nwidth:6%;\n}\n<\/style>\n<div  class='flex_column av-av_three_fifth-f1c821dbbaead0c021ac620d819ebb98 av_three_fifth  avia-builder-el-71  el_after_av_hr  el_before_av_two_fifth  first flex_column_table_cell av-equal-height-column av-align-top'     ><section  class='av_textblock_section av-av_textblock-e878f05c31dff72941bf1e49a00d9ff5'   itemscope=\"itemscope\" itemtype=\"https:\/\/schema.org\/CreativeWork\" ><div class='avia_textblock'  itemprop=\"text\" ><h4>09.02.2024<\/h4>\n<h4>Podcast: <strong>Ein Journalist aus dem Westen verliebt sich in der DDR<\/strong><\/h4>\n<h5><strong>Grenzg\u00e4nge, Dokumenten-Schmuggel und Friedliche Revolution<\/strong><\/h5>\n<p>Die 5. Folge des Podcasts \u201eWir sind das Volk\u201c der Stiftung Friedliche Revolution ist online!<\/p>\n<p>Die Geschichte ist fast zu unglaublich, um wahr zu sein. Da arbeitet ein Journalist aus dem Westen als Korrespondent in Ostberlin. Und er verliebt sich in eine Ostjournalistin aus Dresden \u2013 eine tats\u00e4chlich einzigartige Beziehung im Kalten Krieg.<\/p>\n<p>Bj\u00f6rn Menzel und Pierre Gehmlich haben beide getroffen und sie haben spannende Geschichten aus ihrem Leben als Journalisten-Ehepaar mit Abh\u00f6raktionen, Grenzg\u00e4ngen und Dokumentenschmuggel erz\u00e4hlt.<\/p>\n<p>Bettina und Hans-J\u00fcrgen R\u00f6der leben noch heute in Berlin. Ihre Wohnung befindet sich 1989 an der Grenze \u2013 heute mitten in der Hauptstadt. Viel Spa\u00df beim Zuh\u00f6ren!<\/p>\n<p>Viel Spa\u00df beim Anh\u00f6ren hier auf unserer Seite<strong><a href=\"https:\/\/freiheitsdenkmal-leipzig.de\/en\/podcast\/\" target=\"_blank\" rel=\"noopener\"> Podcast<\/a><\/strong> !<\/p>\n<h5><\/h5>\n<div class=\"hr av-4vr8c4-a52b6828c9daa6fa1dab5951be05a0d5 hr-invisible avia-builder-el-12 el_before_av_hr avia-builder-el-first\"><\/div>\n<div class=\"hr av-5bhxkk-892366f5d8836fa8b826570d56a2b83b hr-invisible avia-builder-el-13 el_after_av_hr avia-builder-el-last\"><\/div>\n<\/div><\/section><\/div>\n<div class='av-flex-placeholder'><\/div>\n<style type=\"text\/css\" data-created_by=\"avia_inline_auto\" id=\"style-css-av-av_two_fifth-d06667205e6186ec8414c6eb7605d406\">\n.flex_column.av-av_two_fifth-d06667205e6186ec8414c6eb7605d406{\nwidth:36.4%;\nmargin-left:0;\n}\n#top .flex_column_table.av-equal-height-column-flextable.av-av_two_fifth-d06667205e6186ec8414c6eb7605d406 .av-flex-placeholder{\nwidth:6%;\n}\n<\/style>\n<div  class='flex_column av-av_two_fifth-d06667205e6186ec8414c6eb7605d406 av_two_fifth  avia-builder-el-73  el_after_av_three_fifth  el_before_av_hr  flex_column_table_cell av-equal-height-column av-align-top'     ><p>\n<style type=\"text\/css\" data-created_by=\"avia_inline_auto\" id=\"style-css-av-av_image-5c8acfaaddc627d7773774db04cc80cf\">\n.avia-image-container.av-av_image-5c8acfaaddc627d7773774db04cc80cf img.avia_image{\nbox-shadow:none;\n}\n.avia-image-container.av-av_image-5c8acfaaddc627d7773774db04cc80cf .av-image-caption-overlay-center{\ncolor:#ffffff;\n}\n<\/style>\n<div  class='avia-image-container av-av_image-5c8acfaaddc627d7773774db04cc80cf av-styling- avia-align-center  avia-builder-el-74  el_before_av_textblock  avia-builder-el-first'   itemprop=\"image\" itemscope=\"itemscope\" itemtype=\"https:\/\/schema.org\/ImageObject\" ><div class=\"avia-image-container-inner\"><div class=\"avia-image-overlay-wrap\"><img decoding=\"async\" fetchpriority=\"high\" class='wp-image-5422 avia-img-lazy-loading-not-5422 avia_image' src=\"https:\/\/freiheitsdenkmal-leipzig.de\/wp-content\/uploads\/2024\/02\/5-Cover-WirsinddasVolk_Hans-Juergen-Roeder_credit_Hans-Juergen-Roeder.jpg\" alt='' title='5 Cover WirsinddasVolk_Hans J\u00fcrgen R\u00f6der_credit_Hans J\u00fcrgen R\u00f6der'  height=\"1746\" width=\"1746\"  itemprop=\"thumbnailUrl\" srcset=\"https:\/\/freiheitsdenkmal-leipzig.de\/wp-content\/uploads\/2024\/02\/5-Cover-WirsinddasVolk_Hans-Juergen-Roeder_credit_Hans-Juergen-Roeder.jpg 1746w, https:\/\/freiheitsdenkmal-leipzig.de\/wp-content\/uploads\/2024\/02\/5-Cover-WirsinddasVolk_Hans-Juergen-Roeder_credit_Hans-Juergen-Roeder-300x300.jpg 300w, https:\/\/freiheitsdenkmal-leipzig.de\/wp-content\/uploads\/2024\/02\/5-Cover-WirsinddasVolk_Hans-Juergen-Roeder_credit_Hans-Juergen-Roeder-1030x1030.jpg 1030w, https:\/\/freiheitsdenkmal-leipzig.de\/wp-content\/uploads\/2024\/02\/5-Cover-WirsinddasVolk_Hans-Juergen-Roeder_credit_Hans-Juergen-Roeder-80x80.jpg 80w, https:\/\/freiheitsdenkmal-leipzig.de\/wp-content\/uploads\/2024\/02\/5-Cover-WirsinddasVolk_Hans-Juergen-Roeder_credit_Hans-Juergen-Roeder-768x768.jpg 768w, https:\/\/freiheitsdenkmal-leipzig.de\/wp-content\/uploads\/2024\/02\/5-Cover-WirsinddasVolk_Hans-Juergen-Roeder_credit_Hans-Juergen-Roeder-1536x1536.jpg 1536w, https:\/\/freiheitsdenkmal-leipzig.de\/wp-content\/uploads\/2024\/02\/5-Cover-WirsinddasVolk_Hans-Juergen-Roeder_credit_Hans-Juergen-Roeder-12x12.jpg 12w, https:\/\/freiheitsdenkmal-leipzig.de\/wp-content\/uploads\/2024\/02\/5-Cover-WirsinddasVolk_Hans-Juergen-Roeder_credit_Hans-Juergen-Roeder-36x36.jpg 36w, https:\/\/freiheitsdenkmal-leipzig.de\/wp-content\/uploads\/2024\/02\/5-Cover-WirsinddasVolk_Hans-Juergen-Roeder_credit_Hans-Juergen-Roeder-180x180.jpg 180w, https:\/\/freiheitsdenkmal-leipzig.de\/wp-content\/uploads\/2024\/02\/5-Cover-WirsinddasVolk_Hans-Juergen-Roeder_credit_Hans-Juergen-Roeder-1500x1500.jpg 1500w, https:\/\/freiheitsdenkmal-leipzig.de\/wp-content\/uploads\/2024\/02\/5-Cover-WirsinddasVolk_Hans-Juergen-Roeder_credit_Hans-Juergen-Roeder-705x705.jpg 705w\" sizes=\"(max-width: 1746px) 100vw, 1746px\" \/><\/div><\/div><\/div><br \/>\n\n<style type=\"text\/css\" data-created_by=\"avia_inline_auto\" id=\"style-css-av-av_textblock-468953515d93239bd609951951b2e04e\">\n#top .av_textblock_section.av-av_textblock-468953515d93239bd609951951b2e04e .avia_textblock{\nfont-size:11px;\n}\n<\/style>\n<section  class='av_textblock_section av-av_textblock-468953515d93239bd609951951b2e04e'   itemscope=\"itemscope\" itemtype=\"https:\/\/schema.org\/CreativeWork\" ><div class='avia_textblock'  itemprop=\"text\" ><p><em>Credit: Hans-J\u00fcrgen R\u00f6der<br \/>\n<\/em><\/p>\n<\/div><\/section><\/p><\/div><\/div><!--close column table wrapper. Autoclose: 1 -->\n<div  class='hr av-av_hr-bc943783b13769b99750b884f593b94d hr-default  avia-builder-el-76  el_after_av_two_fifth  el_before_av_three_fifth'><span class='hr-inner'><span class=\"hr-inner-style\"><\/span><\/span><\/div>\n<div class='flex_column_table av-av_three_fifth-d5b12c3a91754eefbbfe04d161e84bf6 sc-av_three_fifth av-equal-height-column-flextable'>\n<style type=\"text\/css\" data-created_by=\"avia_inline_auto\" id=\"style-css-av-av_three_fifth-d5b12c3a91754eefbbfe04d161e84bf6\">\n.flex_column.av-av_three_fifth-d5b12c3a91754eefbbfe04d161e84bf6{\nwidth:58.8%;\nmargin-left:0;\n}\n#top .flex_column_table.av-equal-height-column-flextable.av-av_three_fifth-d5b12c3a91754eefbbfe04d161e84bf6 .av-flex-placeholder{\nwidth:3%;\n}\n<\/style>\n<div  class='flex_column av-av_three_fifth-d5b12c3a91754eefbbfe04d161e84bf6 av_three_fifth  avia-builder-el-77  el_after_av_hr  el_before_av_one_fourth  first flex_column_table_cell av-equal-height-column av-align-top'     ><section  class='av_textblock_section av-av_textblock-e878f05c31dff72941bf1e49a00d9ff5'   itemscope=\"itemscope\" itemtype=\"https:\/\/schema.org\/CreativeWork\" ><div class='avia_textblock'  itemprop=\"text\" ><h4>07.02.2024<\/h4>\n<h4>Kooperationsprojekt DenkmalWerkstatt Buchkinder: Freiheit und das Ringen darum<\/h4>\n<h5><\/h5>\n<h5>Brauchen Wir Freiheit? Wo ist Freiheit f\u00fcr dich erkennbar?<\/h5>\n<p>Mit diesen und weiteren Fragen k\u00f6nnen sich Kinder und Jugendliche im Alter von 8 &#8211; 18 Jahren in unserem <a href=\"https:\/\/www.buchkinder.de\/denkmalwerkstatt\/\" target=\"_blank\" rel=\"noopener\"><strong>Kooperationsprojekt mit den Buchkindern<\/strong><\/a> dem Begriff der Freiheit n\u00e4hern. \u00dcber Text und Bild, Gespr\u00e4ch und Geschichte hat jede:r hier die M\u00f6glichkeit, Ausdrucksformen f\u00fcr die eigenen Gedanken zum Thema Freiheit zu finden: In den Werkstattr\u00e4umen der Buchkinder stehen daf\u00fcr Linoleum, Tinte, Schreibmaschinen und gewaltige Druckpressen bereit.<\/p>\n<ul>\n<li>Wo? Schreib- und Druckwerkstatt Buchkinder Leipzig e.V. L\u00fctzener Stra\u00dfe 102 \/ 04177 Leipzig<\/li>\n<li>Wann? von Januar bis Dezember 2024, w\u00f6chentlich montags 15:30 &#8211; 17:30 Uhr<\/li>\n<li>Wer? Kinder und Jugendliche im Alter von 8 &#8211; 18 Jahren (max. 15 Teilnehmende)<\/li>\n<li>Kosten? keine<\/li>\n<\/ul>\n<p>Fragen und Anmeldungen bitte an info@buchkinder.de<\/p>\n<\/div><\/section><\/div>\n<div class='av-flex-placeholder'><\/div>\n<style type=\"text\/css\" data-created_by=\"avia_inline_auto\" id=\"style-css-av-av_one_fourth-d06667205e6186ec8414c6eb7605d406\">\n.flex_column.av-av_one_fourth-d06667205e6186ec8414c6eb7605d406{\nwidth:22.75%;\nmargin-left:0;\n}\n#top .flex_column_table.av-equal-height-column-flextable.av-av_one_fourth-d06667205e6186ec8414c6eb7605d406 .av-flex-placeholder{\nwidth:3%;\n}\n<\/style>\n<div  class='flex_column av-av_one_fourth-d06667205e6186ec8414c6eb7605d406 av_one_fourth  avia-builder-el-79  el_after_av_three_fifth  el_before_av_two_third  flex_column_table_cell av-equal-height-column av-align-top'     ><div  class='avia-slideshow av-av_slideshow-445a94e6330568e8a14aca13b52324b9 avia-slideshow-no scaling av_slideshow avia-slide-slider  avia-builder-el-80  avia-builder-el-no-sibling  av-slideshow-ui av-control-default av-slideshow-manual av-loop-once av-loop-manual-endless av-default-height-applied avia-slideshow-4' data-slideshow-options=\"{&quot;animation&quot;:&quot;slide&quot;,&quot;autoplay&quot;:false,&quot;loop_autoplay&quot;:&quot;once&quot;,&quot;interval&quot;:5,&quot;loop_manual&quot;:&quot;manual-endless&quot;,&quot;autoplay_stopper&quot;:false,&quot;noNavigation&quot;:false,&quot;bg_slider&quot;:false,&quot;keep_padding&quot;:false,&quot;hoverpause&quot;:false,&quot;show_slide_delay&quot;:0}\"  itemprop=\"image\" itemscope=\"itemscope\" itemtype=\"https:\/\/schema.org\/ImageObject\" ><ul class='avia-slideshow-inner' style='padding-bottom: 75.103305785124%;'><li  class='avia-slideshow-slide av-av_slideshow-445a94e6330568e8a14aca13b52324b9__0  slide-1 slide-odd'><div data-rel='slideshow-4' class='avia-slide-wrap'   ><img decoding=\"async\" fetchpriority=\"high\" class=\"wp-image-5511 avia-img-lazy-loading-not-5511\"  src=\"https:\/\/freiheitsdenkmal-leipzig.de\/wp-content\/uploads\/2024\/03\/sfd-bezirksbuero\u00a9Bundesarchiv-Filmarchiv.jpg\" width=\"968\" height=\"727\" title='sfd-bezirksbuero\u00a9Bundesarchiv-Filmarchiv' alt=''  itemprop=\"thumbnailUrl\" srcset=\"https:\/\/freiheitsdenkmal-leipzig.de\/wp-content\/uploads\/2024\/03\/sfd-bezirksbuero\u00a9Bundesarchiv-Filmarchiv.jpg 968w, https:\/\/freiheitsdenkmal-leipzig.de\/wp-content\/uploads\/2024\/03\/sfd-bezirksbuero\u00a9Bundesarchiv-Filmarchiv-300x225.jpg 300w, https:\/\/freiheitsdenkmal-leipzig.de\/wp-content\/uploads\/2024\/03\/sfd-bezirksbuero\u00a9Bundesarchiv-Filmarchiv-768x577.jpg 768w, https:\/\/freiheitsdenkmal-leipzig.de\/wp-content\/uploads\/2024\/03\/sfd-bezirksbuero\u00a9Bundesarchiv-Filmarchiv-16x12.jpg 16w, https:\/\/freiheitsdenkmal-leipzig.de\/wp-content\/uploads\/2024\/03\/sfd-bezirksbuero\u00a9Bundesarchiv-Filmarchiv-705x529.jpg 705w\" sizes=\"(max-width: 968px) 100vw, 968px\" \/><\/div><\/li><li  class='avia-slideshow-slide av-av_slideshow-445a94e6330568e8a14aca13b52324b9__1  slide-2 slide-even'><div data-rel='slideshow-4' class='avia-slide-wrap'   ><img decoding=\"async\" fetchpriority=\"high\" class=\"wp-image-5512 avia-img-lazy-loading-not-5512\"  src=\"https:\/\/freiheitsdenkmal-leipzig.de\/wp-content\/uploads\/2024\/03\/sfd-dokument1\u00a9Bundesarchiv-Filmarchiv.jpg\" width=\"968\" height=\"727\" title='sfd-dokument1\u00a9Bundesarchiv-Filmarchiv' alt=''  itemprop=\"thumbnailUrl\" srcset=\"https:\/\/freiheitsdenkmal-leipzig.de\/wp-content\/uploads\/2024\/03\/sfd-dokument1\u00a9Bundesarchiv-Filmarchiv.jpg 968w, https:\/\/freiheitsdenkmal-leipzig.de\/wp-content\/uploads\/2024\/03\/sfd-dokument1\u00a9Bundesarchiv-Filmarchiv-300x225.jpg 300w, https:\/\/freiheitsdenkmal-leipzig.de\/wp-content\/uploads\/2024\/03\/sfd-dokument1\u00a9Bundesarchiv-Filmarchiv-768x577.jpg 768w, https:\/\/freiheitsdenkmal-leipzig.de\/wp-content\/uploads\/2024\/03\/sfd-dokument1\u00a9Bundesarchiv-Filmarchiv-16x12.jpg 16w, https:\/\/freiheitsdenkmal-leipzig.de\/wp-content\/uploads\/2024\/03\/sfd-dokument1\u00a9Bundesarchiv-Filmarchiv-705x529.jpg 705w\" sizes=\"(max-width: 968px) 100vw, 968px\" \/><\/div><\/li><li  class='avia-slideshow-slide av-av_slideshow-445a94e6330568e8a14aca13b52324b9__2  slide-3 slide-odd'><div data-rel='slideshow-4' class='avia-slide-wrap'   ><img decoding=\"async\" fetchpriority=\"high\" class=\"wp-image-5513 avia-img-lazy-loading-not-5513\"  src=\"https:\/\/freiheitsdenkmal-leipzig.de\/wp-content\/uploads\/2024\/03\/sfd-dokument2-innen\u00a9Bundesarchiv-Filmarchiv.jpg\" width=\"967\" height=\"725\" title='sfd-dokument2-innen\u00a9Bundesarchiv-Filmarchiv' alt=''  itemprop=\"thumbnailUrl\" srcset=\"https:\/\/freiheitsdenkmal-leipzig.de\/wp-content\/uploads\/2024\/03\/sfd-dokument2-innen\u00a9Bundesarchiv-Filmarchiv.jpg 967w, https:\/\/freiheitsdenkmal-leipzig.de\/wp-content\/uploads\/2024\/03\/sfd-dokument2-innen\u00a9Bundesarchiv-Filmarchiv-300x225.jpg 300w, https:\/\/freiheitsdenkmal-leipzig.de\/wp-content\/uploads\/2024\/03\/sfd-dokument2-innen\u00a9Bundesarchiv-Filmarchiv-768x576.jpg 768w, https:\/\/freiheitsdenkmal-leipzig.de\/wp-content\/uploads\/2024\/03\/sfd-dokument2-innen\u00a9Bundesarchiv-Filmarchiv-16x12.jpg 16w, https:\/\/freiheitsdenkmal-leipzig.de\/wp-content\/uploads\/2024\/03\/sfd-dokument2-innen\u00a9Bundesarchiv-Filmarchiv-705x529.jpg 705w\" sizes=\"(max-width: 967px) 100vw, 967px\" \/><\/div><\/li><\/ul><div class='avia-slideshow-arrows avia-slideshow-controls' ><a href='#prev' class='prev-slide' aria-hidden='true' data-av_icon='\ue87c' data-av_iconfont='entypo-fontello'  tabindex='-1'>Previous<\/a><a href='#next' class='next-slide' aria-hidden='true' data-av_icon='\ue87d' data-av_iconfont='entypo-fontello'  tabindex='-1'>Next<\/a><\/div><div class='avia-slideshow-dots avia-slideshow-controls'><a href='#1' class='goto-slide active' >1<\/a><a href='#2' class='goto-slide' >2<\/a><a href='#3' class='goto-slide' >3<\/a><\/div><\/div><\/div><\/div><!--close column table wrapper. Autoclose: 1 -->\n<div class='flex_column_table av-av_two_third-f1c821dbbaead0c021ac620d819ebb98 sc-av_two_third av-equal-height-column-flextable'>\n<style type=\"text\/css\" data-created_by=\"avia_inline_auto\" id=\"style-css-av-av_two_third-f1c821dbbaead0c021ac620d819ebb98\">\n.flex_column.av-av_two_third-f1c821dbbaead0c021ac620d819ebb98{\nwidth:64.666666666667%;\nmargin-left:0;\n}\n#top .flex_column_table.av-equal-height-column-flextable.av-av_two_third-f1c821dbbaead0c021ac620d819ebb98 .av-flex-placeholder{\nwidth:6%;\n}\n<\/style>\n<div  class='flex_column av-av_two_third-f1c821dbbaead0c021ac620d819ebb98 av_two_third  avia-builder-el-81  el_after_av_one_fourth  el_before_av_one_third  first flex_column_table_cell av-equal-height-column av-align-top  column-top-margin'     ><section  class='av_textblock_section av-av_textblock-e878f05c31dff72941bf1e49a00d9ff5'   itemscope=\"itemscope\" itemtype=\"https:\/\/schema.org\/CreativeWork\" ><div class='avia_textblock'  itemprop=\"text\" ><h4>23.01.2024<\/h4>\n<h4>Zeitzeug:innen Caf\u00e9 am 25. Januar mit Regina Schild<\/h4>\n<p><!-- &#091;if gte mso 9&#093;><xml>\n<w:WordDocument>\n<w:View>Normal<\/w:View>\n<w:Zoom>0<\/w:Zoom>\n<w:TrackMoves\/>\n<w:TrackFormatting\/>\n<w:DoNotShowComments\/>\n<w:DoNotShowInsertionsAndDeletions\/>\n<w:HyphenationZone>21<\/w:HyphenationZone>\n<w:PunctuationKerning\/>\n<w:ValidateAgainstSchemas\/>\n<w:SaveIfXMLInvalid>false<\/w:SaveIfXMLInvalid>\n<w:IgnoreMixedContent>false<\/w:IgnoreMixedContent>\n<w:AlwaysShowPlaceholderText>false<\/w:AlwaysShowPlaceholderText>\n<w:DoNotPromoteQF\/>\n<w:LidThemeOther>DE<\/w:LidThemeOther>\n<w:LidThemeAsian>X-NONE<\/w:LidThemeAsian>\n<w:LidThemeComplexScript>X-NONE<\/w:LidThemeComplexScript>\n<w:Compatibility>\n<w:BreakWrappedTables\/>\n<w:SnapToGridInCell\/>\n<w:WrapTextWithPunct\/>\n<w:UseAsianBreakRules\/>\n<w:DontGrowAutofit\/>\n<w:SplitPgBreakAndParaMark\/>\n<w:DontVertAlignCellWithSp\/>\n<w:DontBreakConstrainedForcedTables\/>\n<w:DontVertAlignInTxbx\/>\n<w:Word11KerningPairs\/>\n<w:CachedColBalance\/>\n<\/w:Compatibility>\n<w:BrowserLevel>MicrosoftInternetExplorer4<\/w:BrowserLevel>\n<m:mathPr>\n<m:mathFont m:val=\"Cambria Math\"\/>\n<m:brkBin m:val=\"before\"\/>\n<m:brkBinSub m:val=\"--\"\/>\n<m:smallFrac m:val=\"off\"\/>\n<m:dispDef\/>\n<m:lMargin m:val=\"0\"\/>\n<m:rMargin m:val=\"0\"\/>\n<m:defJc m:val=\"centerGroup\"\/>\n<m:wrapIndent m:val=\"1440\"\/>\n<m:intLim m:val=\"subSup\"\/>\n<m:naryLim m:val=\"undOvr\"\/>\n<\/m:mathPr><\/w:WordDocument>\n<\/xml><!&#091;endif&#093;--><!-- &#091;if gte mso 9&#093;><xml>\n<w:LatentStyles DefLockedState=\"false\" DefUnhideWhenUsed=\"true\" DefSemiHidden=\"true\" DefQFormat=\"false\" DefPriority=\"99\" LatentStyleCount=\"267\">\n<w:LsdException Locked=\"false\" Priority=\"0\" SemiHidden=\"false\" UnhideWhenUsed=\"false\" QFormat=\"true\" Name=\"Normal\"\/>\n<w:LsdException Locked=\"false\" Priority=\"9\" SemiHidden=\"false\" UnhideWhenUsed=\"false\" QFormat=\"true\" Name=\"heading 1\"\/>\n<w:LsdException Locked=\"false\" Priority=\"9\" QFormat=\"true\" Name=\"heading 2\"\/>\n<w:LsdException Locked=\"false\" Priority=\"9\" QFormat=\"true\" Name=\"heading 3\"\/>\n<w:LsdException Locked=\"false\" Priority=\"9\" QFormat=\"true\" Name=\"heading 4\"\/>\n<w:LsdException Locked=\"false\" Priority=\"9\" QFormat=\"true\" Name=\"heading 5\"\/>\n<w:LsdException Locked=\"false\" Priority=\"9\" QFormat=\"true\" Name=\"heading 6\"\/>\n<w:LsdException Locked=\"false\" Priority=\"9\" QFormat=\"true\" Name=\"heading 7\"\/>\n<w:LsdException Locked=\"false\" Priority=\"9\" QFormat=\"true\" Name=\"heading 8\"\/>\n<w:LsdException Locked=\"false\" Priority=\"9\" QFormat=\"true\" Name=\"heading 9\"\/>\n<w:LsdException Locked=\"false\" Priority=\"39\" Name=\"toc 1\"\/>\n<w:LsdException Locked=\"false\" Priority=\"39\" Name=\"toc 2\"\/>\n<w:LsdException Locked=\"false\" Priority=\"39\" Name=\"toc 3\"\/>\n<w:LsdException Locked=\"false\" Priority=\"39\" Name=\"toc 4\"\/>\n<w:LsdException Locked=\"false\" Priority=\"39\" Name=\"toc 5\"\/>\n<w:LsdException Locked=\"false\" Priority=\"39\" Name=\"toc 6\"\/>\n<w:LsdException Locked=\"false\" Priority=\"39\" Name=\"toc 7\"\/>\n<w:LsdException Locked=\"false\" Priority=\"39\" Name=\"toc 8\"\/>\n<w:LsdException Locked=\"false\" Priority=\"39\" Name=\"toc 9\"\/>\n<w:LsdException Locked=\"false\" Priority=\"35\" QFormat=\"true\" Name=\"caption\"\/>\n<w:LsdException Locked=\"false\" Priority=\"10\" SemiHidden=\"false\" UnhideWhenUsed=\"false\" QFormat=\"true\" Name=\"Title\"\/>\n<w:LsdException Locked=\"false\" Priority=\"1\" Name=\"Default Paragraph Font\"\/>\n<w:LsdException Locked=\"false\" Priority=\"11\" SemiHidden=\"false\" UnhideWhenUsed=\"false\" QFormat=\"true\" Name=\"Subtitle\"\/>\n<w:LsdException Locked=\"false\" Priority=\"22\" SemiHidden=\"false\" UnhideWhenUsed=\"false\" QFormat=\"true\" Name=\"Strong\"\/>\n<w:LsdException Locked=\"false\" Priority=\"20\" SemiHidden=\"false\" UnhideWhenUsed=\"false\" QFormat=\"true\" Name=\"Emphasis\"\/>\n<w:LsdException Locked=\"false\" Priority=\"59\" SemiHidden=\"false\" UnhideWhenUsed=\"false\" Name=\"Table Grid\"\/>\n<w:LsdException Locked=\"false\" UnhideWhenUsed=\"false\" Name=\"Placeholder Text\"\/>\n<w:LsdException Locked=\"false\" Priority=\"1\" SemiHidden=\"false\" UnhideWhenUsed=\"false\" QFormat=\"true\" Name=\"No Spacing\"\/>\n<w:LsdException Locked=\"false\" Priority=\"60\" SemiHidden=\"false\" UnhideWhenUsed=\"false\" Name=\"Light Shading\"\/>\n<w:LsdException Locked=\"false\" Priority=\"61\" SemiHidden=\"false\" UnhideWhenUsed=\"false\" Name=\"Light List\"\/>\n<w:LsdException Locked=\"false\" Priority=\"62\" SemiHidden=\"false\" UnhideWhenUsed=\"false\" Name=\"Light Grid\"\/>\n<w:LsdException Locked=\"false\" Priority=\"63\" SemiHidden=\"false\" UnhideWhenUsed=\"false\" Name=\"Medium Shading 1\"\/>\n<w:LsdException Locked=\"false\" Priority=\"64\" SemiHidden=\"false\" UnhideWhenUsed=\"false\" Name=\"Medium Shading 2\"\/>\n<w:LsdException Locked=\"false\" Priority=\"65\" SemiHidden=\"false\" UnhideWhenUsed=\"false\" Name=\"Medium List 1\"\/>\n<w:LsdException Locked=\"false\" Priority=\"66\" SemiHidden=\"false\" UnhideWhenUsed=\"false\" Name=\"Medium List 2\"\/>\n<w:LsdException Locked=\"false\" Priority=\"67\" SemiHidden=\"false\" UnhideWhenUsed=\"false\" Name=\"Medium Grid 1\"\/>\n<w:LsdException Locked=\"false\" Priority=\"68\" SemiHidden=\"false\" UnhideWhenUsed=\"false\" Name=\"Medium Grid 2\"\/>\n<w:LsdException Locked=\"false\" Priority=\"69\" SemiHidden=\"false\" UnhideWhenUsed=\"false\" Name=\"Medium Grid 3\"\/>\n<w:LsdException Locked=\"false\" Priority=\"70\" SemiHidden=\"false\" UnhideWhenUsed=\"false\" Name=\"Dark List\"\/>\n<w:LsdException Locked=\"false\" Priority=\"71\" SemiHidden=\"false\" UnhideWhenUsed=\"false\" Name=\"Colorful Shading\"\/>\n<w:LsdException Locked=\"false\" Priority=\"72\" SemiHidden=\"false\" UnhideWhenUsed=\"false\" Name=\"Colorful List\"\/>\n<w:LsdException Locked=\"false\" Priority=\"73\" SemiHidden=\"false\" UnhideWhenUsed=\"false\" Name=\"Colorful Grid\"\/>\n<w:LsdException Locked=\"false\" Priority=\"60\" SemiHidden=\"false\" UnhideWhenUsed=\"false\" Name=\"Light Shading Accent 1\"\/>\n<w:LsdException Locked=\"false\" Priority=\"61\" SemiHidden=\"false\" UnhideWhenUsed=\"false\" Name=\"Light List Accent 1\"\/>\n<w:LsdException Locked=\"false\" Priority=\"62\" SemiHidden=\"false\" UnhideWhenUsed=\"false\" Name=\"Light Grid Accent 1\"\/>\n<w:LsdException Locked=\"false\" Priority=\"63\" SemiHidden=\"false\" UnhideWhenUsed=\"false\" Name=\"Medium Shading 1 Accent 1\"\/>\n<w:LsdException Locked=\"false\" Priority=\"64\" SemiHidden=\"false\" UnhideWhenUsed=\"false\" Name=\"Medium Shading 2 Accent 1\"\/>\n<w:LsdException Locked=\"false\" Priority=\"65\" SemiHidden=\"false\" UnhideWhenUsed=\"false\" Name=\"Medium List 1 Accent 1\"\/>\n<w:LsdException Locked=\"false\" UnhideWhenUsed=\"false\" Name=\"Revision\"\/>\n<w:LsdException Locked=\"false\" Priority=\"34\" SemiHidden=\"false\" UnhideWhenUsed=\"false\" QFormat=\"true\" Name=\"List Paragraph\"\/>\n<w:LsdException Locked=\"false\" Priority=\"29\" SemiHidden=\"false\" UnhideWhenUsed=\"false\" QFormat=\"true\" Name=\"Quote\"\/>\n<w:LsdException Locked=\"false\" Priority=\"30\" SemiHidden=\"false\" UnhideWhenUsed=\"false\" QFormat=\"true\" Name=\"Intense Quote\"\/>\n<w:LsdException Locked=\"false\" Priority=\"66\" SemiHidden=\"false\" UnhideWhenUsed=\"false\" Name=\"Medium List 2 Accent 1\"\/>\n<w:LsdException Locked=\"false\" Priority=\"67\" SemiHidden=\"false\" UnhideWhenUsed=\"false\" Name=\"Medium Grid 1 Accent 1\"\/>\n<w:LsdException Locked=\"false\" Priority=\"68\" SemiHidden=\"false\" UnhideWhenUsed=\"false\" Name=\"Medium Grid 2 Accent 1\"\/>\n<w:LsdException Locked=\"false\" Priority=\"69\" SemiHidden=\"false\" UnhideWhenUsed=\"false\" Name=\"Medium Grid 3 Accent 1\"\/>\n<w:LsdException Locked=\"false\" Priority=\"70\" SemiHidden=\"false\" UnhideWhenUsed=\"false\" Name=\"Dark List Accent 1\"\/>\n<w:LsdException Locked=\"false\" Priority=\"71\" SemiHidden=\"false\" UnhideWhenUsed=\"false\" Name=\"Colorful Shading Accent 1\"\/>\n<w:LsdException Locked=\"false\" Priority=\"72\" SemiHidden=\"false\" UnhideWhenUsed=\"false\" Name=\"Colorful List Accent 1\"\/>\n<w:LsdException Locked=\"false\" Priority=\"73\" SemiHidden=\"false\" UnhideWhenUsed=\"false\" Name=\"Colorful Grid Accent 1\"\/>\n<w:LsdException Locked=\"false\" Priority=\"60\" SemiHidden=\"false\" UnhideWhenUsed=\"false\" Name=\"Light Shading Accent 2\"\/>\n<w:LsdException Locked=\"false\" Priority=\"61\" SemiHidden=\"false\" UnhideWhenUsed=\"false\" Name=\"Light List Accent 2\"\/>\n<w:LsdException Locked=\"false\" Priority=\"62\" SemiHidden=\"false\" UnhideWhenUsed=\"false\" Name=\"Light Grid Accent 2\"\/>\n<w:LsdException Locked=\"false\" Priority=\"63\" SemiHidden=\"false\" UnhideWhenUsed=\"false\" Name=\"Medium Shading 1 Accent 2\"\/>\n<w:LsdException Locked=\"false\" Priority=\"64\" SemiHidden=\"false\" UnhideWhenUsed=\"false\" Name=\"Medium Shading 2 Accent 2\"\/>\n<w:LsdException Locked=\"false\" Priority=\"65\" SemiHidden=\"false\" UnhideWhenUsed=\"false\" Name=\"Medium List 1 Accent 2\"\/>\n<w:LsdException Locked=\"false\" Priority=\"66\" SemiHidden=\"false\" UnhideWhenUsed=\"false\" Name=\"Medium List 2 Accent 2\"\/>\n<w:LsdException Locked=\"false\" Priority=\"67\" SemiHidden=\"false\" UnhideWhenUsed=\"false\" Name=\"Medium Grid 1 Accent 2\"\/>\n<w:LsdException Locked=\"false\" Priority=\"68\" SemiHidden=\"false\" UnhideWhenUsed=\"false\" Name=\"Medium Grid 2 Accent 2\"\/>\n<w:LsdException Locked=\"false\" Priority=\"69\" SemiHidden=\"false\" UnhideWhenUsed=\"false\" Name=\"Medium Grid 3 Accent 2\"\/>\n<w:LsdException Locked=\"false\" Priority=\"70\" SemiHidden=\"false\" UnhideWhenUsed=\"false\" Name=\"Dark List Accent 2\"\/>\n<w:LsdException Locked=\"false\" Priority=\"71\" SemiHidden=\"false\" UnhideWhenUsed=\"false\" Name=\"Colorful Shading Accent 2\"\/>\n<w:LsdException Locked=\"false\" Priority=\"72\" SemiHidden=\"false\" UnhideWhenUsed=\"false\" Name=\"Colorful List Accent 2\"\/>\n<w:LsdException Locked=\"false\" Priority=\"73\" SemiHidden=\"false\" UnhideWhenUsed=\"false\" Name=\"Colorful Grid Accent 2\"\/>\n<w:LsdException Locked=\"false\" Priority=\"60\" SemiHidden=\"false\" UnhideWhenUsed=\"false\" Name=\"Light Shading Accent 3\"\/>\n<w:LsdException Locked=\"false\" Priority=\"61\" SemiHidden=\"false\" UnhideWhenUsed=\"false\" Name=\"Light List Accent 3\"\/>\n<w:LsdException Locked=\"false\" Priority=\"62\" SemiHidden=\"false\" UnhideWhenUsed=\"false\" Name=\"Light Grid Accent 3\"\/>\n<w:LsdException Locked=\"false\" Priority=\"63\" SemiHidden=\"false\" UnhideWhenUsed=\"false\" Name=\"Medium Shading 1 Accent 3\"\/>\n<w:LsdException Locked=\"false\" Priority=\"64\" SemiHidden=\"false\" UnhideWhenUsed=\"false\" Name=\"Medium Shading 2 Accent 3\"\/>\n<w:LsdException Locked=\"false\" Priority=\"65\" SemiHidden=\"false\" UnhideWhenUsed=\"false\" Name=\"Medium List 1 Accent 3\"\/>\n<w:LsdException Locked=\"false\" Priority=\"66\" SemiHidden=\"false\" UnhideWhenUsed=\"false\" Name=\"Medium List 2 Accent 3\"\/>\n<w:LsdException Locked=\"false\" Priority=\"67\" SemiHidden=\"false\" UnhideWhenUsed=\"false\" Name=\"Medium Grid 1 Accent 3\"\/>\n<w:LsdException Locked=\"false\" Priority=\"68\" SemiHidden=\"false\" UnhideWhenUsed=\"false\" Name=\"Medium Grid 2 Accent 3\"\/>\n<w:LsdException Locked=\"false\" Priority=\"69\" SemiHidden=\"false\" UnhideWhenUsed=\"false\" Name=\"Medium Grid 3 Accent 3\"\/>\n<w:LsdException Locked=\"false\" Priority=\"70\" SemiHidden=\"false\" UnhideWhenUsed=\"false\" Name=\"Dark List Accent 3\"\/>\n<w:LsdException Locked=\"false\" Priority=\"71\" SemiHidden=\"false\" UnhideWhenUsed=\"false\" Name=\"Colorful Shading Accent 3\"\/>\n<w:LsdException Locked=\"false\" Priority=\"72\" SemiHidden=\"false\" UnhideWhenUsed=\"false\" Name=\"Colorful List Accent 3\"\/>\n<w:LsdException Locked=\"false\" Priority=\"73\" SemiHidden=\"false\" UnhideWhenUsed=\"false\" Name=\"Colorful Grid Accent 3\"\/>\n<w:LsdException Locked=\"false\" Priority=\"60\" SemiHidden=\"false\" UnhideWhenUsed=\"false\" Name=\"Light Shading Accent 4\"\/>\n<w:LsdException Locked=\"false\" Priority=\"61\" SemiHidden=\"false\" UnhideWhenUsed=\"false\" Name=\"Light List Accent 4\"\/>\n<w:LsdException Locked=\"false\" Priority=\"62\" SemiHidden=\"false\" UnhideWhenUsed=\"false\" Name=\"Light Grid Accent 4\"\/>\n<w:LsdException Locked=\"false\" Priority=\"63\" SemiHidden=\"false\" UnhideWhenUsed=\"false\" Name=\"Medium Shading 1 Accent 4\"\/>\n<w:LsdException Locked=\"false\" Priority=\"64\" SemiHidden=\"false\" UnhideWhenUsed=\"false\" Name=\"Medium Shading 2 Accent 4\"\/>\n<w:LsdException Locked=\"false\" Priority=\"65\" SemiHidden=\"false\" UnhideWhenUsed=\"false\" Name=\"Medium List 1 Accent 4\"\/>\n<w:LsdException Locked=\"false\" Priority=\"66\" SemiHidden=\"false\" UnhideWhenUsed=\"false\" Name=\"Medium List 2 Accent 4\"\/>\n<w:LsdException Locked=\"false\" Priority=\"67\" SemiHidden=\"false\" UnhideWhenUsed=\"false\" Name=\"Medium Grid 1 Accent 4\"\/>\n<w:LsdException Locked=\"false\" Priority=\"68\" SemiHidden=\"false\" UnhideWhenUsed=\"false\" Name=\"Medium Grid 2 Accent 4\"\/>\n<w:LsdException Locked=\"false\" Priority=\"69\" SemiHidden=\"false\" UnhideWhenUsed=\"false\" Name=\"Medium Grid 3 Accent 4\"\/>\n<w:LsdException Locked=\"false\" Priority=\"70\" SemiHidden=\"false\" UnhideWhenUsed=\"false\" Name=\"Dark List Accent 4\"\/>\n<w:LsdException Locked=\"false\" Priority=\"71\" SemiHidden=\"false\" UnhideWhenUsed=\"false\" Name=\"Colorful Shading Accent 4\"\/>\n<w:LsdException Locked=\"false\" Priority=\"72\" SemiHidden=\"false\" UnhideWhenUsed=\"false\" Name=\"Colorful List Accent 4\"\/>\n<w:LsdException Locked=\"false\" Priority=\"73\" SemiHidden=\"false\" UnhideWhenUsed=\"false\" Name=\"Colorful Grid Accent 4\"\/>\n<w:LsdException Locked=\"false\" Priority=\"60\" SemiHidden=\"false\" UnhideWhenUsed=\"false\" Name=\"Light Shading Accent 5\"\/>\n<w:LsdException Locked=\"false\" Priority=\"61\" SemiHidden=\"false\" UnhideWhenUsed=\"false\" Name=\"Light List Accent 5\"\/>\n<w:LsdException Locked=\"false\" Priority=\"62\" SemiHidden=\"false\" UnhideWhenUsed=\"false\" Name=\"Light Grid Accent 5\"\/>\n<w:LsdException Locked=\"false\" Priority=\"63\" SemiHidden=\"false\" UnhideWhenUsed=\"false\" Name=\"Medium Shading 1 Accent 5\"\/>\n<w:LsdException Locked=\"false\" Priority=\"64\" SemiHidden=\"false\" UnhideWhenUsed=\"false\" Name=\"Medium Shading 2 Accent 5\"\/>\n<w:LsdException Locked=\"false\" Priority=\"65\" SemiHidden=\"false\" UnhideWhenUsed=\"false\" Name=\"Medium List 1 Accent 5\"\/>\n<w:LsdException Locked=\"false\" Priority=\"66\" SemiHidden=\"false\" UnhideWhenUsed=\"false\" Name=\"Medium List 2 Accent 5\"\/>\n<w:LsdException Locked=\"false\" Priority=\"67\" SemiHidden=\"false\" UnhideWhenUsed=\"false\" Name=\"Medium Grid 1 Accent 5\"\/>\n<w:LsdException Locked=\"false\" Priority=\"68\" SemiHidden=\"false\" UnhideWhenUsed=\"false\" Name=\"Medium Grid 2 Accent 5\"\/>\n<w:LsdException Locked=\"false\" Priority=\"69\" SemiHidden=\"false\" UnhideWhenUsed=\"false\" Name=\"Medium Grid 3 Accent 5\"\/>\n<w:LsdException Locked=\"false\" Priority=\"70\" SemiHidden=\"false\" UnhideWhenUsed=\"false\" Name=\"Dark List Accent 5\"\/>\n<w:LsdException Locked=\"false\" Priority=\"71\" SemiHidden=\"false\" UnhideWhenUsed=\"false\" Name=\"Colorful Shading Accent 5\"\/>\n<w:LsdException Locked=\"false\" Priority=\"72\" SemiHidden=\"false\" UnhideWhenUsed=\"false\" Name=\"Colorful List Accent 5\"\/>\n<w:LsdException Locked=\"false\" Priority=\"73\" SemiHidden=\"false\" UnhideWhenUsed=\"false\" Name=\"Colorful Grid Accent 5\"\/>\n<w:LsdException Locked=\"false\" Priority=\"60\" SemiHidden=\"false\" UnhideWhenUsed=\"false\" Name=\"Light Shading Accent 6\"\/>\n<w:LsdException Locked=\"false\" Priority=\"61\" SemiHidden=\"false\" UnhideWhenUsed=\"false\" Name=\"Light List Accent 6\"\/>\n<w:LsdException Locked=\"false\" Priority=\"62\" SemiHidden=\"false\" UnhideWhenUsed=\"false\" Name=\"Light Grid Accent 6\"\/>\n<w:LsdException Locked=\"false\" Priority=\"63\" SemiHidden=\"false\" UnhideWhenUsed=\"false\" Name=\"Medium Shading 1 Accent 6\"\/>\n<w:LsdException Locked=\"false\" Priority=\"64\" SemiHidden=\"false\" UnhideWhenUsed=\"false\" Name=\"Medium Shading 2 Accent 6\"\/>\n<w:LsdException Locked=\"false\" Priority=\"65\" SemiHidden=\"false\" UnhideWhenUsed=\"false\" Name=\"Medium List 1 Accent 6\"\/>\n<w:LsdException Locked=\"false\" Priority=\"66\" SemiHidden=\"false\" UnhideWhenUsed=\"false\" Name=\"Medium List 2 Accent 6\"\/>\n<w:LsdException Locked=\"false\" Priority=\"67\" SemiHidden=\"false\" UnhideWhenUsed=\"false\" Name=\"Medium Grid 1 Accent 6\"\/>\n<w:LsdException Locked=\"false\" Priority=\"68\" SemiHidden=\"false\" UnhideWhenUsed=\"false\" Name=\"Medium Grid 2 Accent 6\"\/>\n<w:LsdException Locked=\"false\" Priority=\"69\" SemiHidden=\"false\" UnhideWhenUsed=\"false\" Name=\"Medium Grid 3 Accent 6\"\/>\n<w:LsdException Locked=\"false\" Priority=\"70\" SemiHidden=\"false\" UnhideWhenUsed=\"false\" Name=\"Dark List Accent 6\"\/>\n<w:LsdException Locked=\"false\" Priority=\"71\" SemiHidden=\"false\" UnhideWhenUsed=\"false\" Name=\"Colorful Shading Accent 6\"\/>\n<w:LsdException Locked=\"false\" Priority=\"72\" SemiHidden=\"false\" UnhideWhenUsed=\"false\" Name=\"Colorful List Accent 6\"\/>\n<w:LsdException Locked=\"false\" Priority=\"73\" SemiHidden=\"false\" UnhideWhenUsed=\"false\" Name=\"Colorful Grid Accent 6\"\/>\n<w:LsdException Locked=\"false\" Priority=\"19\" SemiHidden=\"false\" UnhideWhenUsed=\"false\" QFormat=\"true\" Name=\"Subtle Emphasis\"\/>\n<w:LsdException Locked=\"false\" Priority=\"21\" SemiHidden=\"false\" UnhideWhenUsed=\"false\" QFormat=\"true\" Name=\"Intense Emphasis\"\/>\n<w:LsdException Locked=\"false\" Priority=\"31\" SemiHidden=\"false\" UnhideWhenUsed=\"false\" QFormat=\"true\" Name=\"Subtle Reference\"\/>\n<w:LsdException Locked=\"false\" Priority=\"32\" SemiHidden=\"false\" UnhideWhenUsed=\"false\" QFormat=\"true\" Name=\"Intense Reference\"\/>\n<w:LsdException Locked=\"false\" Priority=\"33\" SemiHidden=\"false\" UnhideWhenUsed=\"false\" QFormat=\"true\" Name=\"Book Title\"\/>\n<w:LsdException Locked=\"false\" Priority=\"37\" Name=\"Bibliography\"\/>\n<w:LsdException Locked=\"false\" Priority=\"39\" QFormat=\"true\" Name=\"TOC Heading\"\/>\n<\/w:LatentStyles>\n<\/xml><!&#091;endif&#093;--><!-- &#091;if gte mso 10&#093;>\n\n\n\n\n\n\n\n<style>\n \/* Style Definitions *\/<br \/> table.MsoNormalTable<br \/>\t{mso-style-name:\"Normale Tabelle\";<br \/>\tmso-tstyle-rowband-size:0;<br \/>\tmso-tstyle-colband-size:0;<br \/>\tmso-style-noshow:yes;<br \/>\tmso-style-priority:99;<br \/>\tmso-style-qformat:yes;<br \/>\tmso-style-parent:\"\";<br \/>\tmso-padding-alt:0cm 5.4pt 0cm 5.4pt;<br \/>\tmso-para-margin-top:0cm;<br \/>\tmso-para-margin-right:0cm;<br \/>\tmso-para-margin-bottom:10.0pt;<br \/>\tmso-para-margin-left:0cm;<br \/>\tline-height:115%;<br \/>\tmso-pagination:widow-orphan;<br \/>\tfont-size:11.0pt;<br \/>\tfont-family:\"Calibri\",\"sans-serif\";<br \/>\tmso-ascii-font-family:Calibri;<br \/>\tmso-ascii-theme-font:minor-latin;<br \/>\tmso-fareast-font-family:\"Times New Roman\";<br \/>\tmso-fareast-theme-font:minor-fareast;<br \/>\tmso-hansi-font-family:Calibri;<br \/>\tmso-hansi-theme-font:minor-latin;<br \/>\tmso-bidi-font-family:\"Times New Roman\";<br \/>\tmso-bidi-theme-font:minor-bidi;}<br \/><\/style>\n\n\n\n\n\n<!&#091;endif&#093;--><\/p>\n<p class=\"MsoNormal\" style=\"margin-bottom: .0001pt;\">Als nach Besetzung der Stasi-Zentrale am 4. Dezember in Leipzig verantwortungsbewusste Menschen gesucht werden, die die Akten archivieren und f\u00fcr eine zuk\u00fcnftige Nutzung verwalten, meldet sich Regina Schild quasi von den Demonstrationen aus f\u00fcr diese Aufgabe &#8211; ohne Erfahrungen in den Bereichen Archiv oder Verwaltung. Aber Regina Schild arbeitete sich schnell ein und leitet schlie\u00dflich 30 Jahre lang die Stasiunterlagenbeh\u00f6rde in Leipzig.<\/p>\n<p class=\"MsoNormal\" style=\"margin-bottom: .0001pt;\">Am Donnerstag, den 25. Januar ist Regina Schild zu Gast bei unserem Zeitzeug:innen Caf\u00e9. Wenn Sie Lust haben, sich mit ihr \u00fcber die Friedliche Revolution zu unterhalten, wenn Sie Fragen stellen oder von Ihren Erlebnissen 1989\/90 zu erz\u00e4hlen m\u00f6chten, kommen Sie ab 16 Uhr zum Kaffee in die DenkmalWerkstatt. Wir freuen uns auf Sie!<\/p>\n<h5><\/h5>\n<div class=\"hr av-4vr8c4-a52b6828c9daa6fa1dab5951be05a0d5 hr-invisible avia-builder-el-12 el_before_av_hr avia-builder-el-first\"><\/div>\n<div class=\"hr av-5bhxkk-892366f5d8836fa8b826570d56a2b83b hr-invisible avia-builder-el-13 el_after_av_hr avia-builder-el-last\"><\/div>\n<\/div><\/section><\/div>\n<div class='av-flex-placeholder'><\/div>\n<style type=\"text\/css\" data-created_by=\"avia_inline_auto\" id=\"style-css-av-av_one_third-d06667205e6186ec8414c6eb7605d406\">\n.flex_column.av-av_one_third-d06667205e6186ec8414c6eb7605d406{\nwidth:29.333333333333%;\nmargin-left:0;\n}\n#top .flex_column_table.av-equal-height-column-flextable.av-av_one_third-d06667205e6186ec8414c6eb7605d406 .av-flex-placeholder{\nwidth:6%;\n}\n<\/style>\n<div  class='flex_column av-av_one_third-d06667205e6186ec8414c6eb7605d406 av_one_third  avia-builder-el-83  el_after_av_two_third  el_before_av_hr  flex_column_table_cell av-equal-height-column av-align-top  column-top-margin'     ><p>\n<style type=\"text\/css\" data-created_by=\"avia_inline_auto\" id=\"style-css-av-av_image-8e38714ffb55d2d50a8f73b90f0ec59a\">\n.avia-image-container.av-av_image-8e38714ffb55d2d50a8f73b90f0ec59a img.avia_image{\nbox-shadow:none;\n}\n.avia-image-container.av-av_image-8e38714ffb55d2d50a8f73b90f0ec59a .av-image-caption-overlay-center{\ncolor:#ffffff;\n}\n<\/style>\n<div  class='avia-image-container av-av_image-8e38714ffb55d2d50a8f73b90f0ec59a av-styling- avia-align-center  avia-builder-el-84  el_before_av_textblock  avia-builder-el-first'   itemprop=\"image\" itemscope=\"itemscope\" itemtype=\"https:\/\/schema.org\/ImageObject\" ><div class=\"avia-image-container-inner\"><div class=\"avia-image-overlay-wrap\"><img decoding=\"async\" fetchpriority=\"high\" class='wp-image-5147 avia-img-lazy-loading-not-5147 avia_image' src=\"https:\/\/freiheitsdenkmal-leipzig.de\/wp-content\/uploads\/2024\/01\/ausweis-von-regina-schild-als-mitarbeiterin-der-stasiunterlagenbehoerde-credit-bjoern-menzel-scaled.jpg\" alt='' title='ausweis von regina schild als mitarbeiterin der stasiunterlagenbeh\u00f6rde credit bj\u00f6rn menzel'  height=\"1918\" width=\"2560\"  itemprop=\"thumbnailUrl\" srcset=\"https:\/\/freiheitsdenkmal-leipzig.de\/wp-content\/uploads\/2024\/01\/ausweis-von-regina-schild-als-mitarbeiterin-der-stasiunterlagenbehoerde-credit-bjoern-menzel-scaled.jpg 2560w, https:\/\/freiheitsdenkmal-leipzig.de\/wp-content\/uploads\/2024\/01\/ausweis-von-regina-schild-als-mitarbeiterin-der-stasiunterlagenbehoerde-credit-bjoern-menzel-300x225.jpg 300w, https:\/\/freiheitsdenkmal-leipzig.de\/wp-content\/uploads\/2024\/01\/ausweis-von-regina-schild-als-mitarbeiterin-der-stasiunterlagenbehoerde-credit-bjoern-menzel-1030x772.jpg 1030w, https:\/\/freiheitsdenkmal-leipzig.de\/wp-content\/uploads\/2024\/01\/ausweis-von-regina-schild-als-mitarbeiterin-der-stasiunterlagenbehoerde-credit-bjoern-menzel-768x575.jpg 768w, https:\/\/freiheitsdenkmal-leipzig.de\/wp-content\/uploads\/2024\/01\/ausweis-von-regina-schild-als-mitarbeiterin-der-stasiunterlagenbehoerde-credit-bjoern-menzel-1536x1151.jpg 1536w, https:\/\/freiheitsdenkmal-leipzig.de\/wp-content\/uploads\/2024\/01\/ausweis-von-regina-schild-als-mitarbeiterin-der-stasiunterlagenbehoerde-credit-bjoern-menzel-2048x1534.jpg 2048w, https:\/\/freiheitsdenkmal-leipzig.de\/wp-content\/uploads\/2024\/01\/ausweis-von-regina-schild-als-mitarbeiterin-der-stasiunterlagenbehoerde-credit-bjoern-menzel-16x12.jpg 16w, https:\/\/freiheitsdenkmal-leipzig.de\/wp-content\/uploads\/2024\/01\/ausweis-von-regina-schild-als-mitarbeiterin-der-stasiunterlagenbehoerde-credit-bjoern-menzel-1500x1124.jpg 1500w, https:\/\/freiheitsdenkmal-leipzig.de\/wp-content\/uploads\/2024\/01\/ausweis-von-regina-schild-als-mitarbeiterin-der-stasiunterlagenbehoerde-credit-bjoern-menzel-705x528.jpg 705w\" sizes=\"(max-width: 2560px) 100vw, 2560px\" \/><\/div><\/div><\/div><br \/>\n\n<style type=\"text\/css\" data-created_by=\"avia_inline_auto\" id=\"style-css-av-av_textblock-468953515d93239bd609951951b2e04e\">\n#top .av_textblock_section.av-av_textblock-468953515d93239bd609951951b2e04e .avia_textblock{\nfont-size:11px;\n}\n<\/style>\n<section  class='av_textblock_section av-av_textblock-468953515d93239bd609951951b2e04e'   itemscope=\"itemscope\" itemtype=\"https:\/\/schema.org\/CreativeWork\" ><div class='avia_textblock'  itemprop=\"text\" ><p><em>Foto: Bj\u00f6rn Menzel<br \/>\n<\/em><\/p>\n<\/div><\/section><\/p><\/div><\/div><!--close column table wrapper. Autoclose: 1 -->\n<div  class='hr av-av_hr-bc943783b13769b99750b884f593b94d hr-default  avia-builder-el-86  el_after_av_one_third  el_before_av_two_third'><span class='hr-inner'><span class=\"hr-inner-style\"><\/span><\/span><\/div>\n<div class='flex_column_table av-av_two_third-f1c821dbbaead0c021ac620d819ebb98 sc-av_two_third av-equal-height-column-flextable'>\n<style type=\"text\/css\" data-created_by=\"avia_inline_auto\" id=\"style-css-av-av_two_third-f1c821dbbaead0c021ac620d819ebb98\">\n.flex_column.av-av_two_third-f1c821dbbaead0c021ac620d819ebb98{\nwidth:64.666666666667%;\nmargin-left:0;\n}\n#top .flex_column_table.av-equal-height-column-flextable.av-av_two_third-f1c821dbbaead0c021ac620d819ebb98 .av-flex-placeholder{\nwidth:6%;\n}\n<\/style>\n<div  class='flex_column av-av_two_third-f1c821dbbaead0c021ac620d819ebb98 av_two_third  avia-builder-el-87  el_after_av_hr  el_before_av_one_third  first flex_column_table_cell av-equal-height-column av-align-top'     ><section  class='av_textblock_section av-av_textblock-e878f05c31dff72941bf1e49a00d9ff5'   itemscope=\"itemscope\" itemtype=\"https:\/\/schema.org\/CreativeWork\" ><div class='avia_textblock'  itemprop=\"text\" ><h4>19.01.2024<\/h4>\n<h4>Nachmittagsfilm am 23. Januar: F\u00fcr Mick Jagger in den Knast<\/h4>\n<p>Wegen einer Radio-Falschmeldung, die Rolling Stones w\u00fcrden auf dem Springer-Hochhaus direkt an der Mauer ein Konzert geben, machen sich hunderte DDR-Rockfans am 7. Oktober 1969, dem 20. Jahrestag der DDR, auf den Weg Richtung Grenzanlagen. Die Staatsmacht sieht ihre Feier bedroht und reagiert mit gro\u00dfer H\u00e4rte.<br \/>\nRegie: Karoline Kleinert, Reinhard Joksch, Dokumentarfilm 2006, 45 Min (FSK 0)<\/p>\n<p>23. Januar, 16 Uhr. Eintritt frei.<\/p>\n<p>Auff\u00fchrung in Kooperation mit der Bundesstiftung zur Aufarbeitung der SED-Diktatur<\/p>\n<h5><\/h5>\n<div class=\"hr av-4vr8c4-a52b6828c9daa6fa1dab5951be05a0d5 hr-invisible avia-builder-el-12 el_before_av_hr avia-builder-el-first\"><\/div>\n<div class=\"hr av-5bhxkk-892366f5d8836fa8b826570d56a2b83b hr-invisible avia-builder-el-13 el_after_av_hr avia-builder-el-last\"><\/div>\n<\/div><\/section><\/div>\n<div class='av-flex-placeholder'><\/div>\n<style type=\"text\/css\" data-created_by=\"avia_inline_auto\" id=\"style-css-av-av_one_third-d06667205e6186ec8414c6eb7605d406\">\n.flex_column.av-av_one_third-d06667205e6186ec8414c6eb7605d406{\nwidth:29.333333333333%;\nmargin-left:0;\n}\n#top .flex_column_table.av-equal-height-column-flextable.av-av_one_third-d06667205e6186ec8414c6eb7605d406 .av-flex-placeholder{\nwidth:6%;\n}\n<\/style>\n<div  class='flex_column av-av_one_third-d06667205e6186ec8414c6eb7605d406 av_one_third  avia-builder-el-89  el_after_av_two_third  el_before_av_hr  flex_column_table_cell av-equal-height-column av-align-top'     ><style type=\"text\/css\" data-created_by=\"avia_inline_auto\" id=\"style-css-av-av_image-77dbc4a0b98f50eb3d1748f979a7d708\">\n.avia-image-container.av-av_image-77dbc4a0b98f50eb3d1748f979a7d708 img.avia_image{\nbox-shadow:none;\n}\n.avia-image-container.av-av_image-77dbc4a0b98f50eb3d1748f979a7d708 .av-image-caption-overlay-center{\ncolor:#ffffff;\n}\n<\/style>\n<div  class='avia-image-container av-av_image-77dbc4a0b98f50eb3d1748f979a7d708 av-styling- avia-align-center  avia-builder-el-90  avia-builder-el-no-sibling'   itemprop=\"image\" itemscope=\"itemscope\" itemtype=\"https:\/\/schema.org\/ImageObject\" ><div class=\"avia-image-container-inner\"><div class=\"avia-image-overlay-wrap\"><img decoding=\"async\" fetchpriority=\"high\" class='wp-image-5140 avia-img-lazy-loading-not-5140 avia_image' src=\"https:\/\/freiheitsdenkmal-leipzig.de\/wp-content\/uploads\/2024\/01\/fuer_mick_jagger_in_den_knast-2.jpg\" alt='' title='fuer_mick_jagger_in_den_knast-2'  height=\"402\" width=\"506\"  itemprop=\"thumbnailUrl\" srcset=\"https:\/\/freiheitsdenkmal-leipzig.de\/wp-content\/uploads\/2024\/01\/fuer_mick_jagger_in_den_knast-2.jpg 506w, https:\/\/freiheitsdenkmal-leipzig.de\/wp-content\/uploads\/2024\/01\/fuer_mick_jagger_in_den_knast-2-300x238.jpg 300w, https:\/\/freiheitsdenkmal-leipzig.de\/wp-content\/uploads\/2024\/01\/fuer_mick_jagger_in_den_knast-2-15x12.jpg 15w\" sizes=\"(max-width: 506px) 100vw, 506px\" \/><\/div><\/div><\/div><\/div><\/div><!--close column table wrapper. Autoclose: 1 -->\n<div  class='hr av-av_hr-bc943783b13769b99750b884f593b94d hr-default  avia-builder-el-91  el_after_av_one_third  el_before_av_two_third'><span class='hr-inner'><span class=\"hr-inner-style\"><\/span><\/span><\/div>\n<div class='flex_column_table av-av_two_third-f1c821dbbaead0c021ac620d819ebb98 sc-av_two_third av-equal-height-column-flextable'>\n<style type=\"text\/css\" data-created_by=\"avia_inline_auto\" id=\"style-css-av-av_two_third-f1c821dbbaead0c021ac620d819ebb98\">\n.flex_column.av-av_two_third-f1c821dbbaead0c021ac620d819ebb98{\nwidth:64.666666666667%;\nmargin-left:0;\n}\n#top .flex_column_table.av-equal-height-column-flextable.av-av_two_third-f1c821dbbaead0c021ac620d819ebb98 .av-flex-placeholder{\nwidth:6%;\n}\n<\/style>\n<div  class='flex_column av-av_two_third-f1c821dbbaead0c021ac620d819ebb98 av_two_third  avia-builder-el-92  el_after_av_hr  el_before_av_one_third  first flex_column_table_cell av-equal-height-column av-align-top'     ><section  class='av_textblock_section av-av_textblock-e878f05c31dff72941bf1e49a00d9ff5'   itemscope=\"itemscope\" itemtype=\"https:\/\/schema.org\/CreativeWork\" ><div class='avia_textblock'  itemprop=\"text\" ><h4>09.01.2024<\/h4>\n<h4>Podcast: DAS DRECKIGSTE DORF DER DDR \u2013 Umweltsch\u00fctzer fordern den Staat heraus<\/h4>\n<p>Die 4. Folge des Podcasts \u201eWir sind das Volk\u201c der Stiftung Friedliche Revolution ist online!<\/p>\n<p>Wer in der DDR gelebt hat, wusste meist Bescheid: Im Erzgebirge starben massenweise B\u00e4ume, Fl\u00fcsse liefen mit Chemieabf\u00e4llen voll und stinkender Smog machte das Atmen schwer.<br \/>\nDabei hatte sich der Staat auf die Fahnen geschrieben, die Umwelt zu sch\u00fctzen \u2013 das war sogar in der Verfassung festgelegt. Der Alltag sah jedoch komplett anders aus, wie etwa im dreckigsten Dorf der DDR, \u00fcber das wir in dieser Folge berichten.<br \/>\nAuch die Umweltzerst\u00f6rung hat Menschen dazu gebracht, sich gegen den Staat aufzulehnen und auch das war ein wichtiger Teil der Friedlichen Revolution. Die Journalisten Bj\u00f6rn Menzel und Pierre Gehmlich treffen f\u00fcr diese Folge Gisela Kallenbach und Hartmut R\u00fcffert. Viel Spa\u00df beim Anh\u00f6ren hier auf unserer Seite<strong><a href=\"https:\/\/freiheitsdenkmal-leipzig.de\/en\/podcast\/\" target=\"_blank\" rel=\"noopener\"> Podcast<\/a><\/strong> !<\/p>\n<h5><\/h5>\n<div class=\"hr av-4vr8c4-a52b6828c9daa6fa1dab5951be05a0d5 hr-invisible avia-builder-el-12 el_before_av_hr avia-builder-el-first\"><\/div>\n<div class=\"hr av-5bhxkk-892366f5d8836fa8b826570d56a2b83b hr-invisible avia-builder-el-13 el_after_av_hr avia-builder-el-last\"><\/div>\n<\/div><\/section><\/div>\n<div class='av-flex-placeholder'><\/div>\n<style type=\"text\/css\" data-created_by=\"avia_inline_auto\" id=\"style-css-av-av_one_third-d06667205e6186ec8414c6eb7605d406\">\n.flex_column.av-av_one_third-d06667205e6186ec8414c6eb7605d406{\nwidth:29.333333333333%;\nmargin-left:0;\n}\n#top .flex_column_table.av-equal-height-column-flextable.av-av_one_third-d06667205e6186ec8414c6eb7605d406 .av-flex-placeholder{\nwidth:6%;\n}\n<\/style>\n<div  class='flex_column av-av_one_third-d06667205e6186ec8414c6eb7605d406 av_one_third  avia-builder-el-94  el_after_av_two_third  el_before_av_hr  flex_column_table_cell av-equal-height-column av-align-top'     ><p>\n<style type=\"text\/css\" data-created_by=\"avia_inline_auto\" id=\"style-css-av-av_image-eded4140d7784803423f40d68dd081ac\">\n.avia-image-container.av-av_image-eded4140d7784803423f40d68dd081ac img.avia_image{\nbox-shadow:none;\n}\n.avia-image-container.av-av_image-eded4140d7784803423f40d68dd081ac .av-image-caption-overlay-center{\ncolor:#ffffff;\n}\n<\/style>\n<div  class='avia-image-container av-av_image-eded4140d7784803423f40d68dd081ac av-styling- avia-align-center  avia-builder-el-95  el_before_av_textblock  avia-builder-el-first'   itemprop=\"image\" itemscope=\"itemscope\" itemtype=\"https:\/\/schema.org\/ImageObject\" ><div class=\"avia-image-container-inner\"><div class=\"avia-image-overlay-wrap\"><img decoding=\"async\" fetchpriority=\"high\" class='wp-image-5120 avia-img-lazy-loading-not-5120 avia_image' src=\"https:\/\/freiheitsdenkmal-leipzig.de\/wp-content\/uploads\/2024\/01\/4-Cover-WirsinddasVolk-Gisela-Kallenbach-Credit-Kallenbach.jpg\" alt='' title='4 Cover WirsinddasVolk Gisela Kallenbach Credit Kallenbach'  height=\"1443\" width=\"1443\"  itemprop=\"thumbnailUrl\" srcset=\"https:\/\/freiheitsdenkmal-leipzig.de\/wp-content\/uploads\/2024\/01\/4-Cover-WirsinddasVolk-Gisela-Kallenbach-Credit-Kallenbach.jpg 1443w, https:\/\/freiheitsdenkmal-leipzig.de\/wp-content\/uploads\/2024\/01\/4-Cover-WirsinddasVolk-Gisela-Kallenbach-Credit-Kallenbach-300x300.jpg 300w, https:\/\/freiheitsdenkmal-leipzig.de\/wp-content\/uploads\/2024\/01\/4-Cover-WirsinddasVolk-Gisela-Kallenbach-Credit-Kallenbach-1030x1030.jpg 1030w, https:\/\/freiheitsdenkmal-leipzig.de\/wp-content\/uploads\/2024\/01\/4-Cover-WirsinddasVolk-Gisela-Kallenbach-Credit-Kallenbach-80x80.jpg 80w, https:\/\/freiheitsdenkmal-leipzig.de\/wp-content\/uploads\/2024\/01\/4-Cover-WirsinddasVolk-Gisela-Kallenbach-Credit-Kallenbach-768x768.jpg 768w, https:\/\/freiheitsdenkmal-leipzig.de\/wp-content\/uploads\/2024\/01\/4-Cover-WirsinddasVolk-Gisela-Kallenbach-Credit-Kallenbach-12x12.jpg 12w, https:\/\/freiheitsdenkmal-leipzig.de\/wp-content\/uploads\/2024\/01\/4-Cover-WirsinddasVolk-Gisela-Kallenbach-Credit-Kallenbach-36x36.jpg 36w, https:\/\/freiheitsdenkmal-leipzig.de\/wp-content\/uploads\/2024\/01\/4-Cover-WirsinddasVolk-Gisela-Kallenbach-Credit-Kallenbach-180x180.jpg 180w, https:\/\/freiheitsdenkmal-leipzig.de\/wp-content\/uploads\/2024\/01\/4-Cover-WirsinddasVolk-Gisela-Kallenbach-Credit-Kallenbach-705x705.jpg 705w\" sizes=\"(max-width: 1443px) 100vw, 1443px\" \/><\/div><\/div><\/div><br \/>\n\n<style type=\"text\/css\" data-created_by=\"avia_inline_auto\" id=\"style-css-av-av_textblock-468953515d93239bd609951951b2e04e\">\n#top .av_textblock_section.av-av_textblock-468953515d93239bd609951951b2e04e .avia_textblock{\nfont-size:11px;\n}\n<\/style>\n<section  class='av_textblock_section av-av_textblock-468953515d93239bd609951951b2e04e'   itemscope=\"itemscope\" itemtype=\"https:\/\/schema.org\/CreativeWork\" ><div class='avia_textblock'  itemprop=\"text\" ><p><em>Credit: Gisela Kallenbach<br \/>\n<\/em><\/p>\n<\/div><\/section><\/p><\/div><\/div><!--close column table wrapper. Autoclose: 1 -->\n<div  class='hr av-av_hr-bc943783b13769b99750b884f593b94d hr-default  avia-builder-el-97  el_after_av_one_third  el_before_av_two_third'><span class='hr-inner'><span class=\"hr-inner-style\"><\/span><\/span><\/div>\n<div class='flex_column_table av-av_two_third-f1c821dbbaead0c021ac620d819ebb98 sc-av_two_third av-equal-height-column-flextable'>\n<style type=\"text\/css\" data-created_by=\"avia_inline_auto\" id=\"style-css-av-av_two_third-f1c821dbbaead0c021ac620d819ebb98\">\n.flex_column.av-av_two_third-f1c821dbbaead0c021ac620d819ebb98{\nwidth:64.666666666667%;\nmargin-left:0;\n}\n#top .flex_column_table.av-equal-height-column-flextable.av-av_two_third-f1c821dbbaead0c021ac620d819ebb98 .av-flex-placeholder{\nwidth:6%;\n}\n<\/style>\n<div  class='flex_column av-av_two_third-f1c821dbbaead0c021ac620d819ebb98 av_two_third  avia-builder-el-98  el_after_av_hr  el_before_av_one_third  first flex_column_table_cell av-equal-height-column av-align-top'     ><section  class='av_textblock_section av-av_textblock-e878f05c31dff72941bf1e49a00d9ff5'   itemscope=\"itemscope\" itemtype=\"https:\/\/schema.org\/CreativeWork\" ><div class='avia_textblock'  itemprop=\"text\" ><h4>03.01.<br \/>\n2024 neu: Nachmittagsfilme in der DenkmalWerkstatt<\/h4>\n<p>In unserer Nachmittagsfilmreihe wollen wir verschiedenen Facetten des allt\u00e4glichen Lebens und des politischen Systems der DDR beleuchten und diskutieren. Dazu zeigen wir dreimal im Monat Dokumentationen der Bundesstiftung Aufarbeitung, die unterschiedliche Themenkomplexe und historische Ereignisse rekonstruieren und verschiedene Perspektiven zu Wort kommen lassen.<\/p>\n<p>Der Eintritt ist kostenfrei und der Zugang barrierefrei.<br \/>\n<em>Auff\u00fchrung in Kooperation mit der Bundesstiftung zur Aufarbeitung der SED-Diktatur <\/em><\/p>\n<\/div><\/section><\/div>\n<div class='av-flex-placeholder'><\/div>\n<style type=\"text\/css\" data-created_by=\"avia_inline_auto\" id=\"style-css-av-av_one_third-24b66240121abc1809e488e7a6a2a18a\">\n.flex_column.av-av_one_third-24b66240121abc1809e488e7a6a2a18a{\nwidth:29.333333333333%;\nmargin-left:0;\n}\n#top .flex_column_table.av-equal-height-column-flextable.av-av_one_third-24b66240121abc1809e488e7a6a2a18a .av-flex-placeholder{\nwidth:6%;\n}\n<\/style>\n<div  class='flex_column av-av_one_third-24b66240121abc1809e488e7a6a2a18a av_one_third  avia-builder-el-100  el_after_av_two_third  el_before_av_hr  flex_column_table_cell av-equal-height-column av-align-top'     ><\/div><\/div><!--close column table wrapper. Autoclose: 1 -->\n<div  class='hr av-av_hr-bc943783b13769b99750b884f593b94d hr-default  avia-builder-el-101  el_after_av_one_third  el_before_av_three_fifth'><span class='hr-inner'><span class=\"hr-inner-style\"><\/span><\/span><\/div>\n<div class='flex_column_table av-av_three_fifth-d5b12c3a91754eefbbfe04d161e84bf6 sc-av_three_fifth av-equal-height-column-flextable'>\n<style type=\"text\/css\" data-created_by=\"avia_inline_auto\" id=\"style-css-av-av_three_fifth-d5b12c3a91754eefbbfe04d161e84bf6\">\n.flex_column.av-av_three_fifth-d5b12c3a91754eefbbfe04d161e84bf6{\nwidth:58.8%;\nmargin-left:0;\n}\n#top .flex_column_table.av-equal-height-column-flextable.av-av_three_fifth-d5b12c3a91754eefbbfe04d161e84bf6 .av-flex-placeholder{\nwidth:3%;\n}\n<\/style>\n<div  class='flex_column av-av_three_fifth-d5b12c3a91754eefbbfe04d161e84bf6 av_three_fifth  avia-builder-el-102  el_after_av_hr  el_before_av_one_fifth  first flex_column_table_cell av-equal-height-column av-align-top'     ><section  class='av_textblock_section av-av_textblock-e878f05c31dff72941bf1e49a00d9ff5'   itemscope=\"itemscope\" itemtype=\"https:\/\/schema.org\/CreativeWork\" ><div class='avia_textblock'  itemprop=\"text\" ><h4>02.01.2024<\/h4>\n<h4>Projekt DenkmalWerkstatt Buchkinder<\/h4>\n<h5>Freiheit und das Ringen darum<\/h5>\n<p>In unserem Kooperationsprojekt mit den Buchkindern k\u00f6nnen sich Kinder und Jugendliche von 10 bis 18 Jahren dem Begriff der Freiheit in der Buchkinder-Werkstatt\u00a0 selbstst\u00e4ndig oder im Austausch mit anderen n\u00e4hern.<\/p>\n<p>Linoleum, Tinte, Schreibmaschine und Druckerpressen stehen u. a. bereit, um eigene Ideen zu Freiheit umzusetzen.<\/p>\n<p>Das Angebot ist kostenlos. Es startet im Januar 2024 und setzt sich bis Dezember 2024 fort, w\u00f6chentlich montags von 15.30 bis 17.30 Uhr.<\/p>\n<p>Wo? Schreib- und Druckwerkstatt Buchkinder e.V., L\u00fctzner Stra\u00dfe 102, 04177 Leipzig<\/p>\n<p>Weitere Informationen unter <a class=\"mailto-link\" href=\"mailto:info@buchkinder.de\" target=\"_blank\" rel=\"noopener\"><strong>info@buchkinder.de<\/strong><\/a><\/p>\n<div class=\"hr av-4vr8c4-a52b6828c9daa6fa1dab5951be05a0d5 hr-invisible avia-builder-el-12 el_before_av_hr avia-builder-el-first\"><\/div>\n<div class=\"hr av-5bhxkk-892366f5d8836fa8b826570d56a2b83b hr-invisible avia-builder-el-13 el_after_av_hr avia-builder-el-last\"><\/div>\n<\/div><\/section><\/div>\n<div class='av-flex-placeholder'><\/div>\n<style type=\"text\/css\" data-created_by=\"avia_inline_auto\" id=\"style-css-av-av_one_fifth-d06667205e6186ec8414c6eb7605d406\">\n.flex_column.av-av_one_fifth-d06667205e6186ec8414c6eb7605d406{\nwidth:17.6%;\nmargin-left:0;\n}\n#top .flex_column_table.av-equal-height-column-flextable.av-av_one_fifth-d06667205e6186ec8414c6eb7605d406 .av-flex-placeholder{\nwidth:3%;\n}\n<\/style>\n<div  class='flex_column av-av_one_fifth-d06667205e6186ec8414c6eb7605d406 av_one_fifth  avia-builder-el-104  el_after_av_three_fifth  el_before_av_hr  flex_column_table_cell av-equal-height-column av-align-top'     ><div  class='avia-slideshow av-av_slideshow-445a94e6330568e8a14aca13b52324b9 avia-slideshow-no scaling av_slideshow avia-slide-slider  avia-builder-el-105  avia-builder-el-no-sibling  av-slideshow-ui av-control-default av-slideshow-manual av-loop-once av-loop-manual-endless av-default-height-applied avia-slideshow-5' data-slideshow-options=\"{&quot;animation&quot;:&quot;slide&quot;,&quot;autoplay&quot;:false,&quot;loop_autoplay&quot;:&quot;once&quot;,&quot;interval&quot;:5,&quot;loop_manual&quot;:&quot;manual-endless&quot;,&quot;autoplay_stopper&quot;:false,&quot;noNavigation&quot;:false,&quot;bg_slider&quot;:false,&quot;keep_padding&quot;:false,&quot;hoverpause&quot;:false,&quot;show_slide_delay&quot;:0}\"  itemprop=\"image\" itemscope=\"itemscope\" itemtype=\"https:\/\/schema.org\/ImageObject\" ><ul class='avia-slideshow-inner' style='padding-bottom: 75.103305785124%;'><li  class='avia-slideshow-slide av-av_slideshow-445a94e6330568e8a14aca13b52324b9__0  slide-1 slide-odd'><div data-rel='slideshow-5' class='avia-slide-wrap'   ><img decoding=\"async\" fetchpriority=\"high\" class=\"wp-image-5511 avia-img-lazy-loading-not-5511\"  src=\"https:\/\/freiheitsdenkmal-leipzig.de\/wp-content\/uploads\/2024\/03\/sfd-bezirksbuero\u00a9Bundesarchiv-Filmarchiv.jpg\" width=\"968\" height=\"727\" title='sfd-bezirksbuero\u00a9Bundesarchiv-Filmarchiv' alt=''  itemprop=\"thumbnailUrl\" srcset=\"https:\/\/freiheitsdenkmal-leipzig.de\/wp-content\/uploads\/2024\/03\/sfd-bezirksbuero\u00a9Bundesarchiv-Filmarchiv.jpg 968w, https:\/\/freiheitsdenkmal-leipzig.de\/wp-content\/uploads\/2024\/03\/sfd-bezirksbuero\u00a9Bundesarchiv-Filmarchiv-300x225.jpg 300w, https:\/\/freiheitsdenkmal-leipzig.de\/wp-content\/uploads\/2024\/03\/sfd-bezirksbuero\u00a9Bundesarchiv-Filmarchiv-768x577.jpg 768w, https:\/\/freiheitsdenkmal-leipzig.de\/wp-content\/uploads\/2024\/03\/sfd-bezirksbuero\u00a9Bundesarchiv-Filmarchiv-16x12.jpg 16w, https:\/\/freiheitsdenkmal-leipzig.de\/wp-content\/uploads\/2024\/03\/sfd-bezirksbuero\u00a9Bundesarchiv-Filmarchiv-705x529.jpg 705w\" sizes=\"(max-width: 968px) 100vw, 968px\" \/><\/div><\/li><li  class='avia-slideshow-slide av-av_slideshow-445a94e6330568e8a14aca13b52324b9__1  slide-2 slide-even'><div data-rel='slideshow-5' class='avia-slide-wrap'   ><img decoding=\"async\" fetchpriority=\"high\" class=\"wp-image-5512 avia-img-lazy-loading-not-5512\"  src=\"https:\/\/freiheitsdenkmal-leipzig.de\/wp-content\/uploads\/2024\/03\/sfd-dokument1\u00a9Bundesarchiv-Filmarchiv.jpg\" width=\"968\" height=\"727\" title='sfd-dokument1\u00a9Bundesarchiv-Filmarchiv' alt=''  itemprop=\"thumbnailUrl\" srcset=\"https:\/\/freiheitsdenkmal-leipzig.de\/wp-content\/uploads\/2024\/03\/sfd-dokument1\u00a9Bundesarchiv-Filmarchiv.jpg 968w, https:\/\/freiheitsdenkmal-leipzig.de\/wp-content\/uploads\/2024\/03\/sfd-dokument1\u00a9Bundesarchiv-Filmarchiv-300x225.jpg 300w, https:\/\/freiheitsdenkmal-leipzig.de\/wp-content\/uploads\/2024\/03\/sfd-dokument1\u00a9Bundesarchiv-Filmarchiv-768x577.jpg 768w, https:\/\/freiheitsdenkmal-leipzig.de\/wp-content\/uploads\/2024\/03\/sfd-dokument1\u00a9Bundesarchiv-Filmarchiv-16x12.jpg 16w, https:\/\/freiheitsdenkmal-leipzig.de\/wp-content\/uploads\/2024\/03\/sfd-dokument1\u00a9Bundesarchiv-Filmarchiv-705x529.jpg 705w\" sizes=\"(max-width: 968px) 100vw, 968px\" \/><\/div><\/li><li  class='avia-slideshow-slide av-av_slideshow-445a94e6330568e8a14aca13b52324b9__2  slide-3 slide-odd'><div data-rel='slideshow-5' class='avia-slide-wrap'   ><img decoding=\"async\" fetchpriority=\"high\" class=\"wp-image-5513 avia-img-lazy-loading-not-5513\"  src=\"https:\/\/freiheitsdenkmal-leipzig.de\/wp-content\/uploads\/2024\/03\/sfd-dokument2-innen\u00a9Bundesarchiv-Filmarchiv.jpg\" width=\"967\" height=\"725\" title='sfd-dokument2-innen\u00a9Bundesarchiv-Filmarchiv' alt=''  itemprop=\"thumbnailUrl\" srcset=\"https:\/\/freiheitsdenkmal-leipzig.de\/wp-content\/uploads\/2024\/03\/sfd-dokument2-innen\u00a9Bundesarchiv-Filmarchiv.jpg 967w, https:\/\/freiheitsdenkmal-leipzig.de\/wp-content\/uploads\/2024\/03\/sfd-dokument2-innen\u00a9Bundesarchiv-Filmarchiv-300x225.jpg 300w, https:\/\/freiheitsdenkmal-leipzig.de\/wp-content\/uploads\/2024\/03\/sfd-dokument2-innen\u00a9Bundesarchiv-Filmarchiv-768x576.jpg 768w, https:\/\/freiheitsdenkmal-leipzig.de\/wp-content\/uploads\/2024\/03\/sfd-dokument2-innen\u00a9Bundesarchiv-Filmarchiv-16x12.jpg 16w, https:\/\/freiheitsdenkmal-leipzig.de\/wp-content\/uploads\/2024\/03\/sfd-dokument2-innen\u00a9Bundesarchiv-Filmarchiv-705x529.jpg 705w\" sizes=\"(max-width: 967px) 100vw, 967px\" \/><\/div><\/li><\/ul><div class='avia-slideshow-arrows avia-slideshow-controls' ><a href='#prev' class='prev-slide' aria-hidden='true' data-av_icon='\ue87c' data-av_iconfont='entypo-fontello'  tabindex='-1'>Previous<\/a><a href='#next' class='next-slide' aria-hidden='true' data-av_icon='\ue87d' data-av_iconfont='entypo-fontello'  tabindex='-1'>Next<\/a><\/div><div class='avia-slideshow-dots avia-slideshow-controls'><a href='#1' class='goto-slide active' >1<\/a><a href='#2' class='goto-slide' >2<\/a><a href='#3' class='goto-slide' >3<\/a><\/div><\/div><\/div><\/div><!--close column table wrapper. Autoclose: 1 -->\n<div  class='hr av-av_hr-bc943783b13769b99750b884f593b94d hr-default  avia-builder-el-106  el_after_av_one_fifth  el_before_av_two_third'><span class='hr-inner'><span class=\"hr-inner-style\"><\/span><\/span><\/div>\n<div class='flex_column_table av-av_two_third-f1c821dbbaead0c021ac620d819ebb98 sc-av_two_third av-equal-height-column-flextable'>\n<style type=\"text\/css\" data-created_by=\"avia_inline_auto\" id=\"style-css-av-av_two_third-f1c821dbbaead0c021ac620d819ebb98\">\n.flex_column.av-av_two_third-f1c821dbbaead0c021ac620d819ebb98{\nwidth:64.666666666667%;\nmargin-left:0;\n}\n#top .flex_column_table.av-equal-height-column-flextable.av-av_two_third-f1c821dbbaead0c021ac620d819ebb98 .av-flex-placeholder{\nwidth:6%;\n}\n<\/style>\n<div  class='flex_column av-av_two_third-f1c821dbbaead0c021ac620d819ebb98 av_two_third  avia-builder-el-107  el_after_av_hr  el_before_av_one_third  first flex_column_table_cell av-equal-height-column av-align-top'     ><section  class='av_textblock_section av-av_textblock-e878f05c31dff72941bf1e49a00d9ff5'   itemscope=\"itemscope\" itemtype=\"https:\/\/schema.org\/CreativeWork\" ><div class='avia_textblock'  itemprop=\"text\" ><h4>22.12.2023<\/h4>\n<h4>Frohe Weihnachten und ein gl\u00fcckliches Neues Jahr<strong>!<br \/>\n<\/strong><\/h4>\n<p>Herzlichen Dank f\u00fcr Ihr Interesse an unserem Denkmal-Projekt in 2023!<br \/>\nDie DenkmalWerkstatt bleibt vom 27.12 bis einschlie\u00dflich 2.1. 2024 geschlossen. Ab dem 3. Januar sind wir wieder f\u00fcr Sie da und freuen uns schon sehr darauf, Sie in unserer DenkmalWerkstatt zu einem\u00a0<strong><a href=\"https:\/\/freiheitsdenkmal-leipzig.de\/wp-content\/uploads\/2024\/01\/Casino_Kino_Flyer_04_web-1.pdf\" target=\"_blank\" rel=\"noopener\">Kinoabend<\/a><\/strong> oder einer unserer weiteren Veranstaltungen 2024 wiederzusehen. Und laden Sie schon jetzt herzlich zum ersten Cinema Casino-Abend im neuen Jahr am 16. Januar ein.<\/p>\n<ul>\n<li>18:00 <strong><a href=\"..\/wp-content\/uploads\/2023\/12\/alle-reden-uebers-wetter.pdf\" target=\"_blank\" rel=\"noopener\">ALLE REDEN \u00dcBERS WETTER<\/a><br \/>\n<\/strong><\/li>\n<li>19:30 Gespr\u00e4ch mit Regisseurin Annika Pinske<\/li>\n<\/ul>\n<p>Hier auf der Website werden wir Sie nat\u00fcrlich weiter \u00fcber unsere Projekte und alle Schritte im Denkmalsprozess informieren.<br \/>\nAber zun\u00e4chst w\u00fcnschen wir Ihnen Frohe Weihnachten, friedliche Feiertage und einen guten Start in ein gl\u00fcckliches, gesundes Jahr 2024!<\/p>\n<h5><\/h5>\n<div class=\"hr av-4vr8c4-a52b6828c9daa6fa1dab5951be05a0d5 hr-invisible avia-builder-el-12 el_before_av_hr avia-builder-el-first\"><\/div>\n<div class=\"hr av-5bhxkk-892366f5d8836fa8b826570d56a2b83b hr-invisible avia-builder-el-13 el_after_av_hr avia-builder-el-last\"><\/div>\n<\/div><\/section><\/div>\n<div class='av-flex-placeholder'><\/div>\n<style type=\"text\/css\" data-created_by=\"avia_inline_auto\" id=\"style-css-av-av_one_third-d06667205e6186ec8414c6eb7605d406\">\n.flex_column.av-av_one_third-d06667205e6186ec8414c6eb7605d406{\nwidth:29.333333333333%;\nmargin-left:0;\n}\n#top .flex_column_table.av-equal-height-column-flextable.av-av_one_third-d06667205e6186ec8414c6eb7605d406 .av-flex-placeholder{\nwidth:6%;\n}\n<\/style>\n<div  class='flex_column av-av_one_third-d06667205e6186ec8414c6eb7605d406 av_one_third  avia-builder-el-109  el_after_av_two_third  el_before_av_hr  flex_column_table_cell av-equal-height-column av-align-top'     ><p>\n<style type=\"text\/css\" data-created_by=\"avia_inline_auto\" id=\"style-css-av-av_image-151242fab4b8f10671f4d03383f86e61\">\n.avia-image-container.av-av_image-151242fab4b8f10671f4d03383f86e61 img.avia_image{\nbox-shadow:none;\n}\n.avia-image-container.av-av_image-151242fab4b8f10671f4d03383f86e61 .av-image-caption-overlay-center{\ncolor:#ffffff;\n}\n<\/style>\n<div  class='avia-image-container av-av_image-151242fab4b8f10671f4d03383f86e61 av-styling- avia-align-center  avia-builder-el-110  el_before_av_textblock  avia-builder-el-first'   itemprop=\"image\" itemscope=\"itemscope\" itemtype=\"https:\/\/schema.org\/ImageObject\" ><div class=\"avia-image-container-inner\"><div class=\"avia-image-overlay-wrap\"><img decoding=\"async\" fetchpriority=\"high\" class='wp-image-5091 avia-img-lazy-loading-not-5091 avia_image' src=\"https:\/\/freiheitsdenkmal-leipzig.de\/wp-content\/uploads\/2023\/12\/1-1.png\" alt='' title='1'  height=\"1080\" width=\"1080\"  itemprop=\"thumbnailUrl\" srcset=\"https:\/\/freiheitsdenkmal-leipzig.de\/wp-content\/uploads\/2023\/12\/1-1.png 1080w, https:\/\/freiheitsdenkmal-leipzig.de\/wp-content\/uploads\/2023\/12\/1-1-300x300.png 300w, https:\/\/freiheitsdenkmal-leipzig.de\/wp-content\/uploads\/2023\/12\/1-1-1030x1030.png 1030w, https:\/\/freiheitsdenkmal-leipzig.de\/wp-content\/uploads\/2023\/12\/1-1-80x80.png 80w, https:\/\/freiheitsdenkmal-leipzig.de\/wp-content\/uploads\/2023\/12\/1-1-768x768.png 768w, https:\/\/freiheitsdenkmal-leipzig.de\/wp-content\/uploads\/2023\/12\/1-1-12x12.png 12w, https:\/\/freiheitsdenkmal-leipzig.de\/wp-content\/uploads\/2023\/12\/1-1-36x36.png 36w, https:\/\/freiheitsdenkmal-leipzig.de\/wp-content\/uploads\/2023\/12\/1-1-180x180.png 180w, https:\/\/freiheitsdenkmal-leipzig.de\/wp-content\/uploads\/2023\/12\/1-1-705x705.png 705w\" sizes=\"(max-width: 1080px) 100vw, 1080px\" \/><\/div><\/div><\/div><br \/>\n\n<style type=\"text\/css\" data-created_by=\"avia_inline_auto\" id=\"style-css-av-av_textblock-468953515d93239bd609951951b2e04e\">\n#top .av_textblock_section.av-av_textblock-468953515d93239bd609951951b2e04e .avia_textblock{\nfont-size:11px;\n}\n<\/style>\n<section  class='av_textblock_section av-av_textblock-468953515d93239bd609951951b2e04e'   itemscope=\"itemscope\" itemtype=\"https:\/\/schema.org\/CreativeWork\" ><div class='avia_textblock'  itemprop=\"text\" ><p><em>Illustration: Verena Herbst<\/em><\/p>\n<\/div><\/section><\/p><\/div><\/div><!--close column table wrapper. Autoclose: 1 -->\n<div  class='hr av-av_hr-bc943783b13769b99750b884f593b94d hr-default  avia-builder-el-112  el_after_av_one_third  el_before_av_two_third'><span class='hr-inner'><span class=\"hr-inner-style\"><\/span><\/span><\/div>\n<div class='flex_column_table av-av_two_third-11b002b6b98e9d381e6a03db7834dec6 sc-av_two_third av-equal-height-column-flextable'>\n<style type=\"text\/css\" data-created_by=\"avia_inline_auto\" id=\"style-css-av-av_two_third-11b002b6b98e9d381e6a03db7834dec6\">\n.flex_column.av-av_two_third-11b002b6b98e9d381e6a03db7834dec6{\nwidth:65.666666666667%;\nmargin-left:0;\n}\n#top .flex_column_table.av-equal-height-column-flextable.av-av_two_third-11b002b6b98e9d381e6a03db7834dec6 .av-flex-placeholder{\nwidth:3%;\n}\n<\/style>\n<div  class='flex_column av-av_two_third-11b002b6b98e9d381e6a03db7834dec6 av_two_third  avia-builder-el-113  el_after_av_hr  el_before_av_one_third  first flex_column_table_cell av-equal-height-column av-align-middle'     ><section  class='av_textblock_section av-av_textblock-e878f05c31dff72941bf1e49a00d9ff5'   itemscope=\"itemscope\" itemtype=\"https:\/\/schema.org\/CreativeWork\" ><div class='avia_textblock'  itemprop=\"text\" ><h4>04.12.2023<\/h4>\n<h4>Cinema Casino: <strong>12.12 \u2013 Christmas Session!<br \/>\n<\/strong><\/h4>\n<p>Wir laden am 12.12. zu unserer Cinema Casino Weihnachtsfeier ein. Um 18 Uhr starten wir mit dem Kuba-Roadmovie <a href=\"..\/wp-content\/uploads\/2023\/11\/ernestos-island.pdf\" target=\"_blank\" rel=\"noopener\"><strong>Ernesto\u2019s Island<\/strong><\/a>. Ab 20 Uhr wollen wir dann das erste Cinema Casino Jahr mit Gl\u00fchwein und Gespr\u00e4chen ausklingen lassen. Eintritt frei.<\/p>\n<p>Das <strong><a href=\"https:\/\/freiheitsdenkmal-leipzig.de\/wp-content\/uploads\/2024\/01\/Casino_Kino_Flyer_04_web-1.pdf\" target=\"_blank\" rel=\"noopener\">neue Kino-Programm f\u00fcr Januar bis M\u00e4rz ist da!<\/a><\/strong><\/p>\n<p class=\"_ap3a _aaco _aacu _aacx _aad7 _aade\" dir=\"auto\"><em>Fotocredit: Ernesto\u2018s Island \u00a9 barnsteinerfilm<\/em><\/p>\n<div class=\"hr av-4vr8c4-a52b6828c9daa6fa1dab5951be05a0d5 hr-invisible avia-builder-el-12 el_before_av_hr avia-builder-el-first\"><\/div>\n<div class=\"hr av-5bhxkk-892366f5d8836fa8b826570d56a2b83b hr-invisible avia-builder-el-13 el_after_av_hr avia-builder-el-last\"><\/div>\n<\/div><\/section><\/div>\n<div class='av-flex-placeholder'><\/div>\n<style type=\"text\/css\" data-created_by=\"avia_inline_auto\" id=\"style-css-av-av_one_third-d06667205e6186ec8414c6eb7605d406\">\n.flex_column.av-av_one_third-d06667205e6186ec8414c6eb7605d406{\nwidth:31.333333333333%;\nmargin-left:0;\n}\n#top .flex_column_table.av-equal-height-column-flextable.av-av_one_third-d06667205e6186ec8414c6eb7605d406 .av-flex-placeholder{\nwidth:3%;\n}\n<\/style>\n<div  class='flex_column av-av_one_third-d06667205e6186ec8414c6eb7605d406 av_one_third  avia-builder-el-115  el_after_av_two_third  el_before_av_hr  flex_column_table_cell av-equal-height-column av-align-middle'     ><style type=\"text\/css\" data-created_by=\"avia_inline_auto\" id=\"style-css-av-av_image-0f3295621c6e8e711597e52e1482030b\">\n.avia-image-container.av-av_image-0f3295621c6e8e711597e52e1482030b img.avia_image{\nbox-shadow:none;\n}\n.avia-image-container.av-av_image-0f3295621c6e8e711597e52e1482030b .av-image-caption-overlay-center{\ncolor:#ffffff;\n}\n<\/style>\n<div  class='avia-image-container av-av_image-0f3295621c6e8e711597e52e1482030b av-styling- avia-align-center  avia-builder-el-116  avia-builder-el-no-sibling'   itemprop=\"image\" itemscope=\"itemscope\" itemtype=\"https:\/\/schema.org\/ImageObject\" ><div class=\"avia-image-container-inner\"><div class=\"avia-image-overlay-wrap\"><img decoding=\"async\" fetchpriority=\"high\" class='wp-image-5041 avia-img-lazy-loading-not-5041 avia_image' src=\"https:\/\/freiheitsdenkmal-leipzig.de\/wp-content\/uploads\/2023\/12\/37_MAX_RIEMELT_MARION_DURANONA-scaled-1.jpg\" alt='' title='37_MAX_RIEMELT_MARION_DURANONA-scaled'  height=\"1072\" width=\"2041\"  itemprop=\"thumbnailUrl\" srcset=\"https:\/\/freiheitsdenkmal-leipzig.de\/wp-content\/uploads\/2023\/12\/37_MAX_RIEMELT_MARION_DURANONA-scaled-1.jpg 2041w, https:\/\/freiheitsdenkmal-leipzig.de\/wp-content\/uploads\/2023\/12\/37_MAX_RIEMELT_MARION_DURANONA-scaled-1-300x158.jpg 300w, https:\/\/freiheitsdenkmal-leipzig.de\/wp-content\/uploads\/2023\/12\/37_MAX_RIEMELT_MARION_DURANONA-scaled-1-1030x541.jpg 1030w, https:\/\/freiheitsdenkmal-leipzig.de\/wp-content\/uploads\/2023\/12\/37_MAX_RIEMELT_MARION_DURANONA-scaled-1-768x403.jpg 768w, https:\/\/freiheitsdenkmal-leipzig.de\/wp-content\/uploads\/2023\/12\/37_MAX_RIEMELT_MARION_DURANONA-scaled-1-1536x807.jpg 1536w, https:\/\/freiheitsdenkmal-leipzig.de\/wp-content\/uploads\/2023\/12\/37_MAX_RIEMELT_MARION_DURANONA-scaled-1-18x9.jpg 18w, https:\/\/freiheitsdenkmal-leipzig.de\/wp-content\/uploads\/2023\/12\/37_MAX_RIEMELT_MARION_DURANONA-scaled-1-1500x788.jpg 1500w, https:\/\/freiheitsdenkmal-leipzig.de\/wp-content\/uploads\/2023\/12\/37_MAX_RIEMELT_MARION_DURANONA-scaled-1-705x370.jpg 705w\" sizes=\"(max-width: 2041px) 100vw, 2041px\" \/><\/div><\/div><\/div><\/div><\/div><!--close column table wrapper. Autoclose: 1 -->\n<div  class='hr av-av_hr-bc943783b13769b99750b884f593b94d hr-default  avia-builder-el-117  el_after_av_one_third  el_before_av_two_third'><span class='hr-inner'><span class=\"hr-inner-style\"><\/span><\/span><\/div>\n<div class='flex_column_table av-av_two_third-11b002b6b98e9d381e6a03db7834dec6 sc-av_two_third av-equal-height-column-flextable'>\n<style type=\"text\/css\" data-created_by=\"avia_inline_auto\" id=\"style-css-av-av_two_third-11b002b6b98e9d381e6a03db7834dec6\">\n.flex_column.av-av_two_third-11b002b6b98e9d381e6a03db7834dec6{\nwidth:65.666666666667%;\nmargin-left:0;\n}\n#top .flex_column_table.av-equal-height-column-flextable.av-av_two_third-11b002b6b98e9d381e6a03db7834dec6 .av-flex-placeholder{\nwidth:3%;\n}\n<\/style>\n<div  class='flex_column av-av_two_third-11b002b6b98e9d381e6a03db7834dec6 av_two_third  avia-builder-el-118  el_after_av_hr  el_before_av_one_third  first flex_column_table_cell av-equal-height-column av-align-middle'     ><section  class='av_textblock_section av-av_textblock-e878f05c31dff72941bf1e49a00d9ff5'   itemscope=\"itemscope\" itemtype=\"https:\/\/schema.org\/CreativeWork\" ><div class='avia_textblock'  itemprop=\"text\" ><h4>01.12.2023<\/h4>\n<h4>Am 30.11. tagte die Findungskommission f\u00fcr das Denkmal<\/h4>\n<p class=\"_ap3a _aaco _aacu _aacx _aad7 _aade\" dir=\"auto\">Am 30.11. traf sich die Findungskommission f\u00fcr das Leipziger Freiheits- und Einheitsdenkmal in der DenkmalWerkstatt. Dort w\u00e4hlten Vertreter:innen aus verschiedenen Fachbereichen die ersten 12 Teilnehmenden f\u00fcr den k\u00fcnstlerischen Wettbewerb aus.<\/p>\n<p class=\"_ap3a _aaco _aacu _aacx _aad7 _aade\" dir=\"auto\">Die Auslobung f\u00fcr den offiziellen Wettbewerb findet dann im Fr\u00fchjahr 2024 statt.<\/p>\n<div class=\"hr av-4vr8c4-a52b6828c9daa6fa1dab5951be05a0d5 hr-invisible avia-builder-el-12 el_before_av_hr avia-builder-el-first\"><\/div>\n<div class=\"hr av-5bhxkk-892366f5d8836fa8b826570d56a2b83b hr-invisible avia-builder-el-13 el_after_av_hr avia-builder-el-last\"><\/div>\n<\/div><\/section><\/div>\n<div class='av-flex-placeholder'><\/div>\n<style type=\"text\/css\" data-created_by=\"avia_inline_auto\" id=\"style-css-av-av_one_third-d06667205e6186ec8414c6eb7605d406\">\n.flex_column.av-av_one_third-d06667205e6186ec8414c6eb7605d406{\nwidth:31.333333333333%;\nmargin-left:0;\n}\n#top .flex_column_table.av-equal-height-column-flextable.av-av_one_third-d06667205e6186ec8414c6eb7605d406 .av-flex-placeholder{\nwidth:3%;\n}\n<\/style>\n<div  class='flex_column av-av_one_third-d06667205e6186ec8414c6eb7605d406 av_one_third  avia-builder-el-120  el_after_av_two_third  el_before_av_hr  flex_column_table_cell av-equal-height-column av-align-middle'     ><style type=\"text\/css\" data-created_by=\"avia_inline_auto\" id=\"style-css-av-av_image-9bb5cddff1ee2b60cf1e3645010eae80\">\n.avia-image-container.av-av_image-9bb5cddff1ee2b60cf1e3645010eae80 img.avia_image{\nbox-shadow:none;\n}\n.avia-image-container.av-av_image-9bb5cddff1ee2b60cf1e3645010eae80 .av-image-caption-overlay-center{\ncolor:#ffffff;\n}\n<\/style>\n<div  class='avia-image-container av-av_image-9bb5cddff1ee2b60cf1e3645010eae80 av-styling- avia-align-right  avia-builder-el-121  avia-builder-el-no-sibling'   itemprop=\"image\" itemscope=\"itemscope\" itemtype=\"https:\/\/schema.org\/ImageObject\" ><div class=\"avia-image-container-inner\"><div class=\"avia-image-overlay-wrap\"><img decoding=\"async\" fetchpriority=\"high\" class='wp-image-5048 avia-img-lazy-loading-not-5048 avia_image' src=\"https:\/\/freiheitsdenkmal-leipzig.de\/wp-content\/uploads\/2023\/12\/IMG_8996-rotated.jpg\" alt='' title='IMG_8996'  height=\"960\" width=\"1280\"  itemprop=\"thumbnailUrl\" srcset=\"https:\/\/freiheitsdenkmal-leipzig.de\/wp-content\/uploads\/2023\/12\/IMG_8996-rotated.jpg 1280w, https:\/\/freiheitsdenkmal-leipzig.de\/wp-content\/uploads\/2023\/12\/IMG_8996-300x225.jpg 300w, https:\/\/freiheitsdenkmal-leipzig.de\/wp-content\/uploads\/2023\/12\/IMG_8996-1030x773.jpg 1030w, https:\/\/freiheitsdenkmal-leipzig.de\/wp-content\/uploads\/2023\/12\/IMG_8996-768x576.jpg 768w, https:\/\/freiheitsdenkmal-leipzig.de\/wp-content\/uploads\/2023\/12\/IMG_8996-16x12.jpg 16w, https:\/\/freiheitsdenkmal-leipzig.de\/wp-content\/uploads\/2023\/12\/IMG_8996-705x529.jpg 705w\" sizes=\"(max-width: 1280px) 100vw, 1280px\" \/><\/div><\/div><\/div><\/div><\/div><!--close column table wrapper. Autoclose: 1 -->\n<div  class='hr av-av_hr-bc943783b13769b99750b884f593b94d hr-default  avia-builder-el-122  el_after_av_one_third  el_before_av_two_third'><span class='hr-inner'><span class=\"hr-inner-style\"><\/span><\/span><\/div>\n<div class='flex_column_table av-av_two_third-11b002b6b98e9d381e6a03db7834dec6 sc-av_two_third av-equal-height-column-flextable'>\n<style type=\"text\/css\" data-created_by=\"avia_inline_auto\" id=\"style-css-av-av_two_third-11b002b6b98e9d381e6a03db7834dec6\">\n.flex_column.av-av_two_third-11b002b6b98e9d381e6a03db7834dec6{\nwidth:65.666666666667%;\nmargin-left:0;\n}\n#top .flex_column_table.av-equal-height-column-flextable.av-av_two_third-11b002b6b98e9d381e6a03db7834dec6 .av-flex-placeholder{\nwidth:3%;\n}\n<\/style>\n<div  class='flex_column av-av_two_third-11b002b6b98e9d381e6a03db7834dec6 av_two_third  avia-builder-el-123  el_after_av_hr  el_before_av_one_third  first flex_column_table_cell av-equal-height-column av-align-middle'     ><section  class='av_textblock_section av-av_textblock-e878f05c31dff72941bf1e49a00d9ff5'   itemscope=\"itemscope\" itemtype=\"https:\/\/schema.org\/CreativeWork\" ><div class='avia_textblock'  itemprop=\"text\" ><h4>10.11.2023<\/h4>\n<h4>Cinema Casino: <strong>14.11 \u2013 Queer Lieben und Leben<\/strong> in der DDR<\/h4>\n<p>Am 14. November zeigen wir in der neuen DenkmalWerkstatt ab 18 Uhr zum Thema \u201eQueer Lieben und Leben\u201c den Dokumentarfilm UFERFRAUEN und den Spielfilm COMING OUT. Wir freuen uns auf deas Gespr\u00e4ch mit UFERFRAUEN-Regisseurin Barbara Wallbraun!<\/p>\n<p><strong><em>14. November: Queer Lieben und Leben<\/em><\/strong><\/p>\n<ul>\n<li>18:00 <strong><a href=\"..\/wp-content\/uploads\/2023\/10\/uferfrauen.pdf\" target=\"_blank\" rel=\"noopener\">UFERFRAUEN \u2013 Lesbisches L(i)eben in der DDR<\/a><\/strong>, Regie: Barbara Wallbraun, 2019, 117 Min, FSK 12<\/li>\n<li>20:00 Gespr\u00e4ch mit Regisseurin Barbara Wallbraun<\/li>\n<li>20:45<a href=\"..\/wp-content\/uploads\/2023\/10\/coming-out.pdf\" target=\"_blank\" rel=\"noopener\"><strong> COMING OUT<\/strong><\/a>, Regie: Heiner Carow, 1988\/89, 112 Min, FSK 12<\/li>\n<\/ul>\n<p>Eintritt frei.<\/p>\n<p class=\"_ap3a _aaco _aacu _aacx _aad7 _aade\" dir=\"auto\"><em>Fotocredits: <\/em><em>Uferfrauen\u00a9dejavu; <\/em><em>Coming Out\u00a9DEFA Stiftung\/Wolfgang Fritsche<\/em><\/p>\n<div class=\"hr av-4vr8c4-a52b6828c9daa6fa1dab5951be05a0d5 hr-invisible avia-builder-el-12 el_before_av_hr avia-builder-el-first\"><\/div>\n<div class=\"hr av-5bhxkk-892366f5d8836fa8b826570d56a2b83b hr-invisible avia-builder-el-13 el_after_av_hr avia-builder-el-last\"><\/div>\n<\/div><\/section><\/div>\n<div class='av-flex-placeholder'><\/div>\n<style type=\"text\/css\" data-created_by=\"avia_inline_auto\" id=\"style-css-av-av_one_third-d06667205e6186ec8414c6eb7605d406\">\n.flex_column.av-av_one_third-d06667205e6186ec8414c6eb7605d406{\nwidth:31.333333333333%;\nmargin-left:0;\n}\n#top .flex_column_table.av-equal-height-column-flextable.av-av_one_third-d06667205e6186ec8414c6eb7605d406 .av-flex-placeholder{\nwidth:3%;\n}\n<\/style>\n<div  class='flex_column av-av_one_third-d06667205e6186ec8414c6eb7605d406 av_one_third  avia-builder-el-125  el_after_av_two_third  el_before_av_hr  flex_column_table_cell av-equal-height-column av-align-middle'     ><div  class='avia-slideshow av-av_slideshow-445a94e6330568e8a14aca13b52324b9 avia-slideshow-no scaling av_slideshow avia-slide-slider  avia-builder-el-126  avia-builder-el-no-sibling  av-slideshow-ui av-control-default av-slideshow-manual av-loop-once av-loop-manual-endless av-default-height-applied avia-slideshow-6' data-slideshow-options=\"{&quot;animation&quot;:&quot;slide&quot;,&quot;autoplay&quot;:false,&quot;loop_autoplay&quot;:&quot;once&quot;,&quot;interval&quot;:5,&quot;loop_manual&quot;:&quot;manual-endless&quot;,&quot;autoplay_stopper&quot;:false,&quot;noNavigation&quot;:false,&quot;bg_slider&quot;:false,&quot;keep_padding&quot;:false,&quot;hoverpause&quot;:false,&quot;show_slide_delay&quot;:0}\"  itemprop=\"image\" itemscope=\"itemscope\" itemtype=\"https:\/\/schema.org\/ImageObject\" ><ul class='avia-slideshow-inner' style='padding-bottom: 75.103305785124%;'><li  class='avia-slideshow-slide av-av_slideshow-445a94e6330568e8a14aca13b52324b9__0  slide-1 slide-odd'><div data-rel='slideshow-6' class='avia-slide-wrap'   ><img decoding=\"async\" fetchpriority=\"high\" class=\"wp-image-5511 avia-img-lazy-loading-not-5511\"  src=\"https:\/\/freiheitsdenkmal-leipzig.de\/wp-content\/uploads\/2024\/03\/sfd-bezirksbuero\u00a9Bundesarchiv-Filmarchiv.jpg\" width=\"968\" height=\"727\" title='sfd-bezirksbuero\u00a9Bundesarchiv-Filmarchiv' alt=''  itemprop=\"thumbnailUrl\" srcset=\"https:\/\/freiheitsdenkmal-leipzig.de\/wp-content\/uploads\/2024\/03\/sfd-bezirksbuero\u00a9Bundesarchiv-Filmarchiv.jpg 968w, https:\/\/freiheitsdenkmal-leipzig.de\/wp-content\/uploads\/2024\/03\/sfd-bezirksbuero\u00a9Bundesarchiv-Filmarchiv-300x225.jpg 300w, https:\/\/freiheitsdenkmal-leipzig.de\/wp-content\/uploads\/2024\/03\/sfd-bezirksbuero\u00a9Bundesarchiv-Filmarchiv-768x577.jpg 768w, https:\/\/freiheitsdenkmal-leipzig.de\/wp-content\/uploads\/2024\/03\/sfd-bezirksbuero\u00a9Bundesarchiv-Filmarchiv-16x12.jpg 16w, https:\/\/freiheitsdenkmal-leipzig.de\/wp-content\/uploads\/2024\/03\/sfd-bezirksbuero\u00a9Bundesarchiv-Filmarchiv-705x529.jpg 705w\" sizes=\"(max-width: 968px) 100vw, 968px\" \/><\/div><\/li><li  class='avia-slideshow-slide av-av_slideshow-445a94e6330568e8a14aca13b52324b9__1  slide-2 slide-even'><div data-rel='slideshow-6' class='avia-slide-wrap'   ><img decoding=\"async\" fetchpriority=\"high\" class=\"wp-image-5512 avia-img-lazy-loading-not-5512\"  src=\"https:\/\/freiheitsdenkmal-leipzig.de\/wp-content\/uploads\/2024\/03\/sfd-dokument1\u00a9Bundesarchiv-Filmarchiv.jpg\" width=\"968\" height=\"727\" title='sfd-dokument1\u00a9Bundesarchiv-Filmarchiv' alt=''  itemprop=\"thumbnailUrl\" srcset=\"https:\/\/freiheitsdenkmal-leipzig.de\/wp-content\/uploads\/2024\/03\/sfd-dokument1\u00a9Bundesarchiv-Filmarchiv.jpg 968w, https:\/\/freiheitsdenkmal-leipzig.de\/wp-content\/uploads\/2024\/03\/sfd-dokument1\u00a9Bundesarchiv-Filmarchiv-300x225.jpg 300w, https:\/\/freiheitsdenkmal-leipzig.de\/wp-content\/uploads\/2024\/03\/sfd-dokument1\u00a9Bundesarchiv-Filmarchiv-768x577.jpg 768w, https:\/\/freiheitsdenkmal-leipzig.de\/wp-content\/uploads\/2024\/03\/sfd-dokument1\u00a9Bundesarchiv-Filmarchiv-16x12.jpg 16w, https:\/\/freiheitsdenkmal-leipzig.de\/wp-content\/uploads\/2024\/03\/sfd-dokument1\u00a9Bundesarchiv-Filmarchiv-705x529.jpg 705w\" sizes=\"(max-width: 968px) 100vw, 968px\" \/><\/div><\/li><li  class='avia-slideshow-slide av-av_slideshow-445a94e6330568e8a14aca13b52324b9__2  slide-3 slide-odd'><div data-rel='slideshow-6' class='avia-slide-wrap'   ><img decoding=\"async\" fetchpriority=\"high\" class=\"wp-image-5513 avia-img-lazy-loading-not-5513\"  src=\"https:\/\/freiheitsdenkmal-leipzig.de\/wp-content\/uploads\/2024\/03\/sfd-dokument2-innen\u00a9Bundesarchiv-Filmarchiv.jpg\" width=\"967\" height=\"725\" title='sfd-dokument2-innen\u00a9Bundesarchiv-Filmarchiv' alt=''  itemprop=\"thumbnailUrl\" srcset=\"https:\/\/freiheitsdenkmal-leipzig.de\/wp-content\/uploads\/2024\/03\/sfd-dokument2-innen\u00a9Bundesarchiv-Filmarchiv.jpg 967w, https:\/\/freiheitsdenkmal-leipzig.de\/wp-content\/uploads\/2024\/03\/sfd-dokument2-innen\u00a9Bundesarchiv-Filmarchiv-300x225.jpg 300w, https:\/\/freiheitsdenkmal-leipzig.de\/wp-content\/uploads\/2024\/03\/sfd-dokument2-innen\u00a9Bundesarchiv-Filmarchiv-768x576.jpg 768w, https:\/\/freiheitsdenkmal-leipzig.de\/wp-content\/uploads\/2024\/03\/sfd-dokument2-innen\u00a9Bundesarchiv-Filmarchiv-16x12.jpg 16w, https:\/\/freiheitsdenkmal-leipzig.de\/wp-content\/uploads\/2024\/03\/sfd-dokument2-innen\u00a9Bundesarchiv-Filmarchiv-705x529.jpg 705w\" sizes=\"(max-width: 967px) 100vw, 967px\" \/><\/div><\/li><\/ul><div class='avia-slideshow-arrows avia-slideshow-controls' ><a href='#prev' class='prev-slide' aria-hidden='true' data-av_icon='\ue87c' data-av_iconfont='entypo-fontello'  tabindex='-1'>Previous<\/a><a href='#next' class='next-slide' aria-hidden='true' data-av_icon='\ue87d' data-av_iconfont='entypo-fontello'  tabindex='-1'>Next<\/a><\/div><div class='avia-slideshow-dots avia-slideshow-controls'><a href='#1' class='goto-slide active' >1<\/a><a href='#2' class='goto-slide' >2<\/a><a href='#3' class='goto-slide' >3<\/a><\/div><\/div><\/div><\/div><!--close column table wrapper. Autoclose: 1 -->\n<div  class='hr av-av_hr-bc943783b13769b99750b884f593b94d hr-default  avia-builder-el-127  el_after_av_one_third  el_before_av_two_third'><span class='hr-inner'><span class=\"hr-inner-style\"><\/span><\/span><\/div>\n<div class='flex_column_table av-av_two_third-11b002b6b98e9d381e6a03db7834dec6 sc-av_two_third av-equal-height-column-flextable'>\n<style type=\"text\/css\" data-created_by=\"avia_inline_auto\" id=\"style-css-av-av_two_third-11b002b6b98e9d381e6a03db7834dec6\">\n.flex_column.av-av_two_third-11b002b6b98e9d381e6a03db7834dec6{\nwidth:65.666666666667%;\nmargin-left:0;\n}\n#top .flex_column_table.av-equal-height-column-flextable.av-av_two_third-11b002b6b98e9d381e6a03db7834dec6 .av-flex-placeholder{\nwidth:3%;\n}\n<\/style>\n<div  class='flex_column av-av_two_third-11b002b6b98e9d381e6a03db7834dec6 av_two_third  avia-builder-el-128  el_after_av_hr  el_before_av_one_third  first flex_column_table_cell av-equal-height-column av-align-middle'     ><section  class='av_textblock_section av-av_textblock-e878f05c31dff72941bf1e49a00d9ff5'   itemscope=\"itemscope\" itemtype=\"https:\/\/schema.org\/CreativeWork\" ><div class='avia_textblock'  itemprop=\"text\" ><h4>09.11.2023<\/h4>\n<h4>Podcast &#8222;WIR SIND DAS VOLK&#8220;: Neue Folge online!<\/h4>\n<h5>Neue Folge: \u201eF\u00fcr ein offnes Land mit freien Menschen\u201c \u2013 Ost und West: Zwei Lebenswege auf verschiedenen Seiten der Grenze<\/h5>\n<p>Die zweite Folge unseres Podcasts \u00fcber die Friedliche Revolution \u201989 thematisiert die Ereignisse um den 9. November 1989. Dabei geht es um zwei unterschiedliche Lebenswege Ost und West. Den von Gesine Oltmanns, B\u00fcrgerrechtlerin aus dem Osten, und den von Prof. Axel K\u00f6rner, damals Student in Westberlin. K\u00f6rner war am 9. November am ber\u00fchmten Grenz\u00fcbergang Bornholmer Stra\u00dfe \u2013 also genau dort, wo um 23 Uhr der erste Schlagbaum an der Grenze zu Westberlin nach oben ging. Oltmanns, die mutig f\u00fcr Ver\u00e4nderungen in der DDR gek\u00e4mpft hat, hat den Mauerfall verschlafen.<br \/>\nDer Podcast wird von den beiden Journalisten Bj\u00f6rn Menzel und Pierre Gehmlich produziert und erscheint kostenlos mit insgesamt 15 Folgen immer am 9. jeden Monats.<br \/>\nUnter anderem finden Sie unseren Podcast auf unserer Seite <a href=\"..\/podcast\" target=\"_blank\" rel=\"noopener\"><strong>Podcast<\/strong><\/a> und auf <strong><a href=\"https:\/\/wir-sind-das-volk.podigee.io\/3-mauerfall-9-november\" target=\"_blank\" rel=\"noopener\">Podigee<\/a><\/strong>.<\/p>\n<div class=\"hr av-4vr8c4-a52b6828c9daa6fa1dab5951be05a0d5 hr-invisible avia-builder-el-12 el_before_av_hr avia-builder-el-first\"><\/div>\n<div class=\"hr av-5bhxkk-892366f5d8836fa8b826570d56a2b83b hr-invisible avia-builder-el-13 el_after_av_hr avia-builder-el-last\"><\/div>\n<\/div><\/section><\/div>\n<div class='av-flex-placeholder'><\/div>\n<style type=\"text\/css\" data-created_by=\"avia_inline_auto\" id=\"style-css-av-av_one_third-d06667205e6186ec8414c6eb7605d406\">\n.flex_column.av-av_one_third-d06667205e6186ec8414c6eb7605d406{\nwidth:31.333333333333%;\nmargin-left:0;\n}\n#top .flex_column_table.av-equal-height-column-flextable.av-av_one_third-d06667205e6186ec8414c6eb7605d406 .av-flex-placeholder{\nwidth:3%;\n}\n<\/style>\n<div  class='flex_column av-av_one_third-d06667205e6186ec8414c6eb7605d406 av_one_third  avia-builder-el-130  el_after_av_two_third  el_before_av_hr  flex_column_table_cell av-equal-height-column av-align-middle'     ><div  class='avia-slideshow av-av_slideshow-445a94e6330568e8a14aca13b52324b9 avia-slideshow-no scaling av_slideshow avia-slide-slider  avia-builder-el-131  avia-builder-el-no-sibling  av-slideshow-ui av-control-default av-slideshow-manual av-loop-once av-loop-manual-endless av-default-height-applied avia-slideshow-7' data-slideshow-options=\"{&quot;animation&quot;:&quot;slide&quot;,&quot;autoplay&quot;:false,&quot;loop_autoplay&quot;:&quot;once&quot;,&quot;interval&quot;:5,&quot;loop_manual&quot;:&quot;manual-endless&quot;,&quot;autoplay_stopper&quot;:false,&quot;noNavigation&quot;:false,&quot;bg_slider&quot;:false,&quot;keep_padding&quot;:false,&quot;hoverpause&quot;:false,&quot;show_slide_delay&quot;:0}\"  itemprop=\"image\" itemscope=\"itemscope\" itemtype=\"https:\/\/schema.org\/ImageObject\" ><ul class='avia-slideshow-inner' style='padding-bottom: 75.103305785124%;'><li  class='avia-slideshow-slide av-av_slideshow-445a94e6330568e8a14aca13b52324b9__0  slide-1 slide-odd'><div data-rel='slideshow-7' class='avia-slide-wrap'   ><img decoding=\"async\" fetchpriority=\"high\" class=\"wp-image-5511 avia-img-lazy-loading-not-5511\"  src=\"https:\/\/freiheitsdenkmal-leipzig.de\/wp-content\/uploads\/2024\/03\/sfd-bezirksbuero\u00a9Bundesarchiv-Filmarchiv.jpg\" width=\"968\" height=\"727\" title='sfd-bezirksbuero\u00a9Bundesarchiv-Filmarchiv' alt=''  itemprop=\"thumbnailUrl\" srcset=\"https:\/\/freiheitsdenkmal-leipzig.de\/wp-content\/uploads\/2024\/03\/sfd-bezirksbuero\u00a9Bundesarchiv-Filmarchiv.jpg 968w, https:\/\/freiheitsdenkmal-leipzig.de\/wp-content\/uploads\/2024\/03\/sfd-bezirksbuero\u00a9Bundesarchiv-Filmarchiv-300x225.jpg 300w, https:\/\/freiheitsdenkmal-leipzig.de\/wp-content\/uploads\/2024\/03\/sfd-bezirksbuero\u00a9Bundesarchiv-Filmarchiv-768x577.jpg 768w, https:\/\/freiheitsdenkmal-leipzig.de\/wp-content\/uploads\/2024\/03\/sfd-bezirksbuero\u00a9Bundesarchiv-Filmarchiv-16x12.jpg 16w, https:\/\/freiheitsdenkmal-leipzig.de\/wp-content\/uploads\/2024\/03\/sfd-bezirksbuero\u00a9Bundesarchiv-Filmarchiv-705x529.jpg 705w\" sizes=\"(max-width: 968px) 100vw, 968px\" \/><\/div><\/li><li  class='avia-slideshow-slide av-av_slideshow-445a94e6330568e8a14aca13b52324b9__1  slide-2 slide-even'><div data-rel='slideshow-7' class='avia-slide-wrap'   ><img decoding=\"async\" fetchpriority=\"high\" class=\"wp-image-5512 avia-img-lazy-loading-not-5512\"  src=\"https:\/\/freiheitsdenkmal-leipzig.de\/wp-content\/uploads\/2024\/03\/sfd-dokument1\u00a9Bundesarchiv-Filmarchiv.jpg\" width=\"968\" height=\"727\" title='sfd-dokument1\u00a9Bundesarchiv-Filmarchiv' alt=''  itemprop=\"thumbnailUrl\" srcset=\"https:\/\/freiheitsdenkmal-leipzig.de\/wp-content\/uploads\/2024\/03\/sfd-dokument1\u00a9Bundesarchiv-Filmarchiv.jpg 968w, https:\/\/freiheitsdenkmal-leipzig.de\/wp-content\/uploads\/2024\/03\/sfd-dokument1\u00a9Bundesarchiv-Filmarchiv-300x225.jpg 300w, https:\/\/freiheitsdenkmal-leipzig.de\/wp-content\/uploads\/2024\/03\/sfd-dokument1\u00a9Bundesarchiv-Filmarchiv-768x577.jpg 768w, https:\/\/freiheitsdenkmal-leipzig.de\/wp-content\/uploads\/2024\/03\/sfd-dokument1\u00a9Bundesarchiv-Filmarchiv-16x12.jpg 16w, https:\/\/freiheitsdenkmal-leipzig.de\/wp-content\/uploads\/2024\/03\/sfd-dokument1\u00a9Bundesarchiv-Filmarchiv-705x529.jpg 705w\" sizes=\"(max-width: 968px) 100vw, 968px\" \/><\/div><\/li><li  class='avia-slideshow-slide av-av_slideshow-445a94e6330568e8a14aca13b52324b9__2  slide-3 slide-odd'><div data-rel='slideshow-7' class='avia-slide-wrap'   ><img decoding=\"async\" fetchpriority=\"high\" class=\"wp-image-5513 avia-img-lazy-loading-not-5513\"  src=\"https:\/\/freiheitsdenkmal-leipzig.de\/wp-content\/uploads\/2024\/03\/sfd-dokument2-innen\u00a9Bundesarchiv-Filmarchiv.jpg\" width=\"967\" height=\"725\" title='sfd-dokument2-innen\u00a9Bundesarchiv-Filmarchiv' alt=''  itemprop=\"thumbnailUrl\" srcset=\"https:\/\/freiheitsdenkmal-leipzig.de\/wp-content\/uploads\/2024\/03\/sfd-dokument2-innen\u00a9Bundesarchiv-Filmarchiv.jpg 967w, https:\/\/freiheitsdenkmal-leipzig.de\/wp-content\/uploads\/2024\/03\/sfd-dokument2-innen\u00a9Bundesarchiv-Filmarchiv-300x225.jpg 300w, https:\/\/freiheitsdenkmal-leipzig.de\/wp-content\/uploads\/2024\/03\/sfd-dokument2-innen\u00a9Bundesarchiv-Filmarchiv-768x576.jpg 768w, https:\/\/freiheitsdenkmal-leipzig.de\/wp-content\/uploads\/2024\/03\/sfd-dokument2-innen\u00a9Bundesarchiv-Filmarchiv-16x12.jpg 16w, https:\/\/freiheitsdenkmal-leipzig.de\/wp-content\/uploads\/2024\/03\/sfd-dokument2-innen\u00a9Bundesarchiv-Filmarchiv-705x529.jpg 705w\" sizes=\"(max-width: 967px) 100vw, 967px\" \/><\/div><\/li><\/ul><div class='avia-slideshow-arrows avia-slideshow-controls' ><a href='#prev' class='prev-slide' aria-hidden='true' data-av_icon='\ue87c' data-av_iconfont='entypo-fontello'  tabindex='-1'>Previous<\/a><a href='#next' class='next-slide' aria-hidden='true' data-av_icon='\ue87d' data-av_iconfont='entypo-fontello'  tabindex='-1'>Next<\/a><\/div><div class='avia-slideshow-dots avia-slideshow-controls'><a href='#1' class='goto-slide active' >1<\/a><a href='#2' class='goto-slide' >2<\/a><a href='#3' class='goto-slide' >3<\/a><\/div><\/div><\/div><\/div><!--close column table wrapper. Autoclose: 1 -->\n<div  class='hr av-av_hr-bc943783b13769b99750b884f593b94d hr-default  avia-builder-el-132  el_after_av_one_third  el_before_av_two_third'><span class='hr-inner'><span class=\"hr-inner-style\"><\/span><\/span><\/div>\n<div class='flex_column_table av-av_two_third-11b002b6b98e9d381e6a03db7834dec6 sc-av_two_third av-equal-height-column-flextable'>\n<style type=\"text\/css\" data-created_by=\"avia_inline_auto\" id=\"style-css-av-av_two_third-11b002b6b98e9d381e6a03db7834dec6\">\n.flex_column.av-av_two_third-11b002b6b98e9d381e6a03db7834dec6{\nwidth:65.666666666667%;\nmargin-left:0;\n}\n#top .flex_column_table.av-equal-height-column-flextable.av-av_two_third-11b002b6b98e9d381e6a03db7834dec6 .av-flex-placeholder{\nwidth:3%;\n}\n<\/style>\n<div  class='flex_column av-av_two_third-11b002b6b98e9d381e6a03db7834dec6 av_two_third  avia-builder-el-133  el_after_av_hr  el_before_av_one_third  first flex_column_table_cell av-equal-height-column av-align-middle'     ><section  class='av_textblock_section av-av_textblock-e878f05c31dff72941bf1e49a00d9ff5'   itemscope=\"itemscope\" itemtype=\"https:\/\/schema.org\/CreativeWork\" ><div class='avia_textblock'  itemprop=\"text\" ><h4>02.11.2023<\/h4>\n<h4>Finissage: ANDREAS REIMANN \u2013 SCHWARZ AUF WEISS: EIN REGENBOGEN am 11.11.<\/h4>\n<p>wir laden Sie am 11. November um 17 Uhr herzlich zur 3. Veranstaltung im Rahmen der Ausstellung \u00bbAndreas Reimann \u2013 SCHWARZ AUF WEISS: EIN REGENBOGEN\u00ab ein und w\u00fcrden uns freuen, Sie zur Lesung mit dem Dichter begr\u00fc\u00dfen zu d\u00fcrfen.<\/p>\n<p>Andreas Reimann, Lyriker und Grafiker aus Leipzig und diesj\u00e4hriger Lessingpreistr\u00e4ger des Freistaats Sachsen, wird uns anl\u00e4sslich seines Geburtstags mit seinen Italien-Gedichten an seine s\u00fcdlichen Sehnsuchts-Orte entf\u00fchren.<\/p>\n<p>Eintritt frei. F\u00fcr Musik, Essen und Getr\u00e4nke ist gesorgt<\/p>\n<div class=\"hr av-4vr8c4-a52b6828c9daa6fa1dab5951be05a0d5 hr-invisible avia-builder-el-12 el_before_av_hr avia-builder-el-first\"><\/div>\n<div class=\"hr av-5bhxkk-892366f5d8836fa8b826570d56a2b83b hr-invisible avia-builder-el-13 el_after_av_hr avia-builder-el-last\"><\/div>\n<\/div><\/section><\/div>\n<div class='av-flex-placeholder'><\/div>\n<style type=\"text\/css\" data-created_by=\"avia_inline_auto\" id=\"style-css-av-av_one_third-d06667205e6186ec8414c6eb7605d406\">\n.flex_column.av-av_one_third-d06667205e6186ec8414c6eb7605d406{\nwidth:31.333333333333%;\nmargin-left:0;\n}\n#top .flex_column_table.av-equal-height-column-flextable.av-av_one_third-d06667205e6186ec8414c6eb7605d406 .av-flex-placeholder{\nwidth:3%;\n}\n<\/style>\n<div  class='flex_column av-av_one_third-d06667205e6186ec8414c6eb7605d406 av_one_third  avia-builder-el-135  el_after_av_two_third  el_before_av_hr  flex_column_table_cell av-equal-height-column av-align-middle'     ><style type=\"text\/css\" data-created_by=\"avia_inline_auto\" id=\"style-css-av-av_image-784e3f1bbaf51702b9cb9ebc2241f85d\">\n.avia-image-container.av-av_image-784e3f1bbaf51702b9cb9ebc2241f85d img.avia_image{\nbox-shadow:none;\n}\n.avia-image-container.av-av_image-784e3f1bbaf51702b9cb9ebc2241f85d .av-image-caption-overlay-center{\ncolor:#ffffff;\n}\n<\/style>\n<div  class='avia-image-container av-av_image-784e3f1bbaf51702b9cb9ebc2241f85d av-styling- avia-align-center  avia-builder-el-136  avia-builder-el-no-sibling'   itemprop=\"image\" itemscope=\"itemscope\" itemtype=\"https:\/\/schema.org\/ImageObject\" ><div class=\"avia-image-container-inner\"><div class=\"avia-image-overlay-wrap\"><img decoding=\"async\" fetchpriority=\"high\" class='wp-image-4964 avia-img-lazy-loading-not-4964 avia_image' src=\"https:\/\/freiheitsdenkmal-leipzig.de\/wp-content\/uploads\/2023\/11\/Finissage_Reimann2.png\" alt='' title='Finissage_Reimann(2)'  height=\"1080\" width=\"1080\"  itemprop=\"thumbnailUrl\" srcset=\"https:\/\/freiheitsdenkmal-leipzig.de\/wp-content\/uploads\/2023\/11\/Finissage_Reimann2.png 1080w, https:\/\/freiheitsdenkmal-leipzig.de\/wp-content\/uploads\/2023\/11\/Finissage_Reimann2-300x300.png 300w, https:\/\/freiheitsdenkmal-leipzig.de\/wp-content\/uploads\/2023\/11\/Finissage_Reimann2-1030x1030.png 1030w, https:\/\/freiheitsdenkmal-leipzig.de\/wp-content\/uploads\/2023\/11\/Finissage_Reimann2-80x80.png 80w, https:\/\/freiheitsdenkmal-leipzig.de\/wp-content\/uploads\/2023\/11\/Finissage_Reimann2-768x768.png 768w, https:\/\/freiheitsdenkmal-leipzig.de\/wp-content\/uploads\/2023\/11\/Finissage_Reimann2-12x12.png 12w, https:\/\/freiheitsdenkmal-leipzig.de\/wp-content\/uploads\/2023\/11\/Finissage_Reimann2-36x36.png 36w, https:\/\/freiheitsdenkmal-leipzig.de\/wp-content\/uploads\/2023\/11\/Finissage_Reimann2-180x180.png 180w, https:\/\/freiheitsdenkmal-leipzig.de\/wp-content\/uploads\/2023\/11\/Finissage_Reimann2-705x705.png 705w\" sizes=\"(max-width: 1080px) 100vw, 1080px\" \/><\/div><\/div><\/div><\/div><\/div><!--close column table wrapper. Autoclose: 1 -->\n<div  class='hr av-av_hr-bc943783b13769b99750b884f593b94d hr-default  avia-builder-el-137  el_after_av_one_third  el_before_av_three_fifth'><span class='hr-inner'><span class=\"hr-inner-style\"><\/span><\/span><\/div>\n<div class='flex_column_table av-av_three_fifth-d5b12c3a91754eefbbfe04d161e84bf6 sc-av_three_fifth av-equal-height-column-flextable'>\n<style type=\"text\/css\" data-created_by=\"avia_inline_auto\" id=\"style-css-av-av_three_fifth-d5b12c3a91754eefbbfe04d161e84bf6\">\n.flex_column.av-av_three_fifth-d5b12c3a91754eefbbfe04d161e84bf6{\nwidth:58.8%;\nmargin-left:0;\n}\n#top .flex_column_table.av-equal-height-column-flextable.av-av_three_fifth-d5b12c3a91754eefbbfe04d161e84bf6 .av-flex-placeholder{\nwidth:3%;\n}\n<\/style>\n<div  class='flex_column av-av_three_fifth-d5b12c3a91754eefbbfe04d161e84bf6 av_three_fifth  avia-builder-el-138  el_after_av_hr  el_before_av_two_fifth  first flex_column_table_cell av-equal-height-column av-align-top'     ><section  class='av_textblock_section av-av_textblock-e878f05c31dff72941bf1e49a00d9ff5'   itemscope=\"itemscope\" itemtype=\"https:\/\/schema.org\/CreativeWork\" ><div class='avia_textblock'  itemprop=\"text\" ><h4>23.10.2023<\/h4>\n<h4>Buchmesse-Impressionen<\/h4>\n<p>Um das Freiheits- und Einheitsdenkmal in Leipzig ins Gespr\u00e4ch zu bringen, Fragen zu beantworten und Stimmungsbilder einzuholen waren Gesine Oltmannn und Susanne Tenzler-Heusler f\u00fcr die Stiftung Friedliche Revolution auf der Frankfurter Buchmesse am Gemeinschaftsstand Sachsen. Eine rundum gelungene Premiere \u2012 und ein wichtiges Zeichen!<\/p>\n<p>Es gab viele gute Gespr\u00e4che am Stand und Gesine Oltmanns beantwortete bei je einem Talk am Freitag und Samstag zum Thema \u201eVon Sachsen in die Welt. Warum Deutschland das Freiheits- und Einheitsdenkmal in Leipzig braucht\u201c viele konkrete Fragen der Besucher:innen zum Denkmal, zur Friedlichen Revolution und zur Tournee unserer Ausstellung &#8222;Das Denkmal ist &#8230;&#8220; 2024.<\/p>\n<p>Herzlichen Dank an Markus Br\u00f6mel, Projektleiter Wirtschaftsf\u00f6rderung Sachsen und verantwortlich f\u00fcr den Sachsen-Stand (drittes Bild).<br \/>\n<em>Mehr Informationen im<\/em><a href=\"https:\/\/www.fr.de\/frankfurt\/leipzig-moechte-input-aus-frankfurt-zum-einheitsdenkmal-92595037.html\" target=\"_blank\" rel=\"noopener\"><em><strong> Artikel der Frankfurter Rundschau vom 23.10.<\/strong><\/em><\/a><\/p>\n<div class=\"hr av-4vr8c4-a52b6828c9daa6fa1dab5951be05a0d5 hr-invisible avia-builder-el-12 el_before_av_hr avia-builder-el-first\"><\/div>\n<div class=\"hr av-5bhxkk-892366f5d8836fa8b826570d56a2b83b hr-invisible avia-builder-el-13 el_after_av_hr avia-builder-el-last\"><\/div>\n<\/div><\/section><\/div>\n<div class='av-flex-placeholder'><\/div>\n<style type=\"text\/css\" data-created_by=\"avia_inline_auto\" id=\"style-css-av-av_two_fifth-d06667205e6186ec8414c6eb7605d406\">\n.flex_column.av-av_two_fifth-d06667205e6186ec8414c6eb7605d406{\nwidth:38.2%;\nmargin-left:0;\n}\n#top .flex_column_table.av-equal-height-column-flextable.av-av_two_fifth-d06667205e6186ec8414c6eb7605d406 .av-flex-placeholder{\nwidth:3%;\n}\n<\/style>\n<div  class='flex_column av-av_two_fifth-d06667205e6186ec8414c6eb7605d406 av_two_fifth  avia-builder-el-140  el_after_av_three_fifth  el_before_av_hr  flex_column_table_cell av-equal-height-column av-align-top'     ><div  class='avia-slideshow av-av_slideshow-115bc76fb32bfe64f79603d2eea29320 avia-slideshow-2048x2048 av_slideshow avia-slide-slider  avia-builder-el-141  avia-builder-el-no-sibling  av-slideshow-ui av-control-default av-slideshow-manual av-loop-once av-loop-manual-endless av-default-height-applied avia-slideshow-8' data-slideshow-options=\"{&quot;animation&quot;:&quot;slide&quot;,&quot;autoplay&quot;:false,&quot;loop_autoplay&quot;:&quot;once&quot;,&quot;interval&quot;:5,&quot;loop_manual&quot;:&quot;manual-endless&quot;,&quot;autoplay_stopper&quot;:false,&quot;noNavigation&quot;:false,&quot;bg_slider&quot;:false,&quot;keep_padding&quot;:false,&quot;hoverpause&quot;:false,&quot;show_slide_delay&quot;:0}\"  itemprop=\"image\" itemscope=\"itemscope\" itemtype=\"https:\/\/schema.org\/ImageObject\" ><ul class='avia-slideshow-inner' style='padding-bottom: 99.750415973378%;'><li  class='avia-slideshow-slide av-av_slideshow-115bc76fb32bfe64f79603d2eea29320__0  slide-1 slide-odd'><div data-rel='slideshow-8' class='avia-slide-wrap'   ><img decoding=\"async\" fetchpriority=\"high\" class=\"wp-image-4911 avia-img-lazy-loading-not-4911\"  src=\"https:\/\/freiheitsdenkmal-leipzig.de\/wp-content\/uploads\/2023\/10\/IMG-20231023-WA0005.jpg\" width=\"1202\" height=\"1199\" title='IMG-20231023-WA0005' alt=''  itemprop=\"thumbnailUrl\" srcset=\"https:\/\/freiheitsdenkmal-leipzig.de\/wp-content\/uploads\/2023\/10\/IMG-20231023-WA0005.jpg 1202w, https:\/\/freiheitsdenkmal-leipzig.de\/wp-content\/uploads\/2023\/10\/IMG-20231023-WA0005-300x300.jpg 300w, https:\/\/freiheitsdenkmal-leipzig.de\/wp-content\/uploads\/2023\/10\/IMG-20231023-WA0005-1030x1027.jpg 1030w, https:\/\/freiheitsdenkmal-leipzig.de\/wp-content\/uploads\/2023\/10\/IMG-20231023-WA0005-80x80.jpg 80w, https:\/\/freiheitsdenkmal-leipzig.de\/wp-content\/uploads\/2023\/10\/IMG-20231023-WA0005-768x766.jpg 768w, https:\/\/freiheitsdenkmal-leipzig.de\/wp-content\/uploads\/2023\/10\/IMG-20231023-WA0005-12x12.jpg 12w, https:\/\/freiheitsdenkmal-leipzig.de\/wp-content\/uploads\/2023\/10\/IMG-20231023-WA0005-36x36.jpg 36w, https:\/\/freiheitsdenkmal-leipzig.de\/wp-content\/uploads\/2023\/10\/IMG-20231023-WA0005-180x180.jpg 180w, https:\/\/freiheitsdenkmal-leipzig.de\/wp-content\/uploads\/2023\/10\/IMG-20231023-WA0005-705x703.jpg 705w\" sizes=\"(max-width: 1202px) 100vw, 1202px\" \/><\/div><\/li><li  class='avia-slideshow-slide av-av_slideshow-115bc76fb32bfe64f79603d2eea29320__1  slide-2 slide-even'><div data-rel='slideshow-8' class='avia-slide-wrap'   ><img decoding=\"async\" fetchpriority=\"high\" class=\"wp-image-4909 avia-img-lazy-loading-not-4909\"  src=\"https:\/\/freiheitsdenkmal-leipzig.de\/wp-content\/uploads\/2023\/10\/IMG-20231023-WA0003.jpg\" width=\"1199\" height=\"1200\" title='IMG-20231023-WA0003' alt=''  itemprop=\"thumbnailUrl\" srcset=\"https:\/\/freiheitsdenkmal-leipzig.de\/wp-content\/uploads\/2023\/10\/IMG-20231023-WA0003.jpg 1199w, https:\/\/freiheitsdenkmal-leipzig.de\/wp-content\/uploads\/2023\/10\/IMG-20231023-WA0003-300x300.jpg 300w, https:\/\/freiheitsdenkmal-leipzig.de\/wp-content\/uploads\/2023\/10\/IMG-20231023-WA0003-1030x1030.jpg 1030w, https:\/\/freiheitsdenkmal-leipzig.de\/wp-content\/uploads\/2023\/10\/IMG-20231023-WA0003-80x80.jpg 80w, https:\/\/freiheitsdenkmal-leipzig.de\/wp-content\/uploads\/2023\/10\/IMG-20231023-WA0003-768x769.jpg 768w, https:\/\/freiheitsdenkmal-leipzig.de\/wp-content\/uploads\/2023\/10\/IMG-20231023-WA0003-12x12.jpg 12w, https:\/\/freiheitsdenkmal-leipzig.de\/wp-content\/uploads\/2023\/10\/IMG-20231023-WA0003-36x36.jpg 36w, https:\/\/freiheitsdenkmal-leipzig.de\/wp-content\/uploads\/2023\/10\/IMG-20231023-WA0003-180x180.jpg 180w, https:\/\/freiheitsdenkmal-leipzig.de\/wp-content\/uploads\/2023\/10\/IMG-20231023-WA0003-705x705.jpg 705w\" sizes=\"(max-width: 1199px) 100vw, 1199px\" \/><\/div><\/li><li  class='avia-slideshow-slide av-av_slideshow-115bc76fb32bfe64f79603d2eea29320__2  slide-3 slide-odd'><div data-rel='slideshow-8' class='avia-slide-wrap'   ><img decoding=\"async\" fetchpriority=\"high\" class=\"wp-image-4914 avia-img-lazy-loading-not-4914\"  src=\"https:\/\/freiheitsdenkmal-leipzig.de\/wp-content\/uploads\/2023\/10\/IMG-20231023-WA0000.jpg\" width=\"2048\" height=\"2048\" title='IMG-20231023-WA0000' alt=''  itemprop=\"thumbnailUrl\" srcset=\"https:\/\/freiheitsdenkmal-leipzig.de\/wp-content\/uploads\/2023\/10\/IMG-20231023-WA0000.jpg 2048w, https:\/\/freiheitsdenkmal-leipzig.de\/wp-content\/uploads\/2023\/10\/IMG-20231023-WA0000-300x300.jpg 300w, https:\/\/freiheitsdenkmal-leipzig.de\/wp-content\/uploads\/2023\/10\/IMG-20231023-WA0000-1030x1030.jpg 1030w, https:\/\/freiheitsdenkmal-leipzig.de\/wp-content\/uploads\/2023\/10\/IMG-20231023-WA0000-80x80.jpg 80w, https:\/\/freiheitsdenkmal-leipzig.de\/wp-content\/uploads\/2023\/10\/IMG-20231023-WA0000-768x768.jpg 768w, https:\/\/freiheitsdenkmal-leipzig.de\/wp-content\/uploads\/2023\/10\/IMG-20231023-WA0000-1536x1536.jpg 1536w, https:\/\/freiheitsdenkmal-leipzig.de\/wp-content\/uploads\/2023\/10\/IMG-20231023-WA0000-12x12.jpg 12w, https:\/\/freiheitsdenkmal-leipzig.de\/wp-content\/uploads\/2023\/10\/IMG-20231023-WA0000-36x36.jpg 36w, https:\/\/freiheitsdenkmal-leipzig.de\/wp-content\/uploads\/2023\/10\/IMG-20231023-WA0000-180x180.jpg 180w, https:\/\/freiheitsdenkmal-leipzig.de\/wp-content\/uploads\/2023\/10\/IMG-20231023-WA0000-1500x1500.jpg 1500w, https:\/\/freiheitsdenkmal-leipzig.de\/wp-content\/uploads\/2023\/10\/IMG-20231023-WA0000-705x705.jpg 705w\" sizes=\"(max-width: 2048px) 100vw, 2048px\" \/><\/div><\/li><li  class='avia-slideshow-slide av-av_slideshow-115bc76fb32bfe64f79603d2eea29320__3  slide-4 slide-even'><div data-rel='slideshow-8' class='avia-slide-wrap'   ><img decoding=\"async\" fetchpriority=\"high\" class=\"wp-image-4913 avia-img-lazy-loading-not-4913\"  src=\"https:\/\/freiheitsdenkmal-leipzig.de\/wp-content\/uploads\/2023\/10\/IMG-20231023-WA0015.jpg\" width=\"1512\" height=\"1512\" title='IMG-20231023-WA0015' alt=''  itemprop=\"thumbnailUrl\" srcset=\"https:\/\/freiheitsdenkmal-leipzig.de\/wp-content\/uploads\/2023\/10\/IMG-20231023-WA0015.jpg 1512w, https:\/\/freiheitsdenkmal-leipzig.de\/wp-content\/uploads\/2023\/10\/IMG-20231023-WA0015-300x300.jpg 300w, https:\/\/freiheitsdenkmal-leipzig.de\/wp-content\/uploads\/2023\/10\/IMG-20231023-WA0015-1030x1030.jpg 1030w, https:\/\/freiheitsdenkmal-leipzig.de\/wp-content\/uploads\/2023\/10\/IMG-20231023-WA0015-80x80.jpg 80w, https:\/\/freiheitsdenkmal-leipzig.de\/wp-content\/uploads\/2023\/10\/IMG-20231023-WA0015-768x768.jpg 768w, https:\/\/freiheitsdenkmal-leipzig.de\/wp-content\/uploads\/2023\/10\/IMG-20231023-WA0015-12x12.jpg 12w, https:\/\/freiheitsdenkmal-leipzig.de\/wp-content\/uploads\/2023\/10\/IMG-20231023-WA0015-36x36.jpg 36w, https:\/\/freiheitsdenkmal-leipzig.de\/wp-content\/uploads\/2023\/10\/IMG-20231023-WA0015-180x180.jpg 180w, https:\/\/freiheitsdenkmal-leipzig.de\/wp-content\/uploads\/2023\/10\/IMG-20231023-WA0015-1500x1500.jpg 1500w, https:\/\/freiheitsdenkmal-leipzig.de\/wp-content\/uploads\/2023\/10\/IMG-20231023-WA0015-705x705.jpg 705w\" sizes=\"(max-width: 1512px) 100vw, 1512px\" \/><\/div><\/li><li  class='avia-slideshow-slide av-av_slideshow-115bc76fb32bfe64f79603d2eea29320__4  slide-5 slide-odd'><div data-rel='slideshow-8' class='avia-slide-wrap'   ><img decoding=\"async\" fetchpriority=\"high\" class=\"wp-image-4915 avia-img-lazy-loading-not-4915\"  src=\"https:\/\/freiheitsdenkmal-leipzig.de\/wp-content\/uploads\/2023\/10\/IMG-20231023-WA0010.jpg\" width=\"2048\" height=\"2048\" title='IMG-20231023-WA0010' alt=''  itemprop=\"thumbnailUrl\" srcset=\"https:\/\/freiheitsdenkmal-leipzig.de\/wp-content\/uploads\/2023\/10\/IMG-20231023-WA0010.jpg 2048w, https:\/\/freiheitsdenkmal-leipzig.de\/wp-content\/uploads\/2023\/10\/IMG-20231023-WA0010-300x300.jpg 300w, https:\/\/freiheitsdenkmal-leipzig.de\/wp-content\/uploads\/2023\/10\/IMG-20231023-WA0010-1030x1030.jpg 1030w, https:\/\/freiheitsdenkmal-leipzig.de\/wp-content\/uploads\/2023\/10\/IMG-20231023-WA0010-80x80.jpg 80w, https:\/\/freiheitsdenkmal-leipzig.de\/wp-content\/uploads\/2023\/10\/IMG-20231023-WA0010-768x768.jpg 768w, https:\/\/freiheitsdenkmal-leipzig.de\/wp-content\/uploads\/2023\/10\/IMG-20231023-WA0010-1536x1536.jpg 1536w, https:\/\/freiheitsdenkmal-leipzig.de\/wp-content\/uploads\/2023\/10\/IMG-20231023-WA0010-12x12.jpg 12w, https:\/\/freiheitsdenkmal-leipzig.de\/wp-content\/uploads\/2023\/10\/IMG-20231023-WA0010-36x36.jpg 36w, https:\/\/freiheitsdenkmal-leipzig.de\/wp-content\/uploads\/2023\/10\/IMG-20231023-WA0010-180x180.jpg 180w, https:\/\/freiheitsdenkmal-leipzig.de\/wp-content\/uploads\/2023\/10\/IMG-20231023-WA0010-1500x1500.jpg 1500w, https:\/\/freiheitsdenkmal-leipzig.de\/wp-content\/uploads\/2023\/10\/IMG-20231023-WA0010-705x705.jpg 705w\" sizes=\"(max-width: 2048px) 100vw, 2048px\" \/><\/div><\/li><li  class='avia-slideshow-slide av-av_slideshow-115bc76fb32bfe64f79603d2eea29320__5  slide-6 slide-even'><div data-rel='slideshow-8' class='avia-slide-wrap'   ><img decoding=\"async\" fetchpriority=\"high\" class=\"wp-image-4910 avia-img-lazy-loading-not-4910\"  src=\"https:\/\/freiheitsdenkmal-leipzig.de\/wp-content\/uploads\/2023\/10\/IMG-20231023-WA0004.jpg\" width=\"1200\" height=\"1202\" title='IMG-20231023-WA0004' alt=''  itemprop=\"thumbnailUrl\" srcset=\"https:\/\/freiheitsdenkmal-leipzig.de\/wp-content\/uploads\/2023\/10\/IMG-20231023-WA0004.jpg 1200w, https:\/\/freiheitsdenkmal-leipzig.de\/wp-content\/uploads\/2023\/10\/IMG-20231023-WA0004-300x300.jpg 300w, https:\/\/freiheitsdenkmal-leipzig.de\/wp-content\/uploads\/2023\/10\/IMG-20231023-WA0004-1028x1030.jpg 1028w, https:\/\/freiheitsdenkmal-leipzig.de\/wp-content\/uploads\/2023\/10\/IMG-20231023-WA0004-80x80.jpg 80w, https:\/\/freiheitsdenkmal-leipzig.de\/wp-content\/uploads\/2023\/10\/IMG-20231023-WA0004-768x769.jpg 768w, https:\/\/freiheitsdenkmal-leipzig.de\/wp-content\/uploads\/2023\/10\/IMG-20231023-WA0004-12x12.jpg 12w, https:\/\/freiheitsdenkmal-leipzig.de\/wp-content\/uploads\/2023\/10\/IMG-20231023-WA0004-36x36.jpg 36w, https:\/\/freiheitsdenkmal-leipzig.de\/wp-content\/uploads\/2023\/10\/IMG-20231023-WA0004-180x180.jpg 180w, https:\/\/freiheitsdenkmal-leipzig.de\/wp-content\/uploads\/2023\/10\/IMG-20231023-WA0004-705x705.jpg 705w\" sizes=\"(max-width: 1200px) 100vw, 1200px\" \/><\/div><\/li><li  class='avia-slideshow-slide av-av_slideshow-115bc76fb32bfe64f79603d2eea29320__6  slide-7 slide-odd'><div data-rel='slideshow-8' class='avia-slide-wrap'   ><img decoding=\"async\" fetchpriority=\"high\" class=\"wp-image-4912 avia-img-lazy-loading-not-4912\"  src=\"https:\/\/freiheitsdenkmal-leipzig.de\/wp-content\/uploads\/2023\/10\/IMG-20231023-WA0013.jpg\" width=\"1512\" height=\"1512\" title='IMG-20231023-WA0013' alt=''  itemprop=\"thumbnailUrl\" srcset=\"https:\/\/freiheitsdenkmal-leipzig.de\/wp-content\/uploads\/2023\/10\/IMG-20231023-WA0013.jpg 1512w, https:\/\/freiheitsdenkmal-leipzig.de\/wp-content\/uploads\/2023\/10\/IMG-20231023-WA0013-300x300.jpg 300w, https:\/\/freiheitsdenkmal-leipzig.de\/wp-content\/uploads\/2023\/10\/IMG-20231023-WA0013-1030x1030.jpg 1030w, https:\/\/freiheitsdenkmal-leipzig.de\/wp-content\/uploads\/2023\/10\/IMG-20231023-WA0013-80x80.jpg 80w, https:\/\/freiheitsdenkmal-leipzig.de\/wp-content\/uploads\/2023\/10\/IMG-20231023-WA0013-768x768.jpg 768w, https:\/\/freiheitsdenkmal-leipzig.de\/wp-content\/uploads\/2023\/10\/IMG-20231023-WA0013-12x12.jpg 12w, https:\/\/freiheitsdenkmal-leipzig.de\/wp-content\/uploads\/2023\/10\/IMG-20231023-WA0013-36x36.jpg 36w, https:\/\/freiheitsdenkmal-leipzig.de\/wp-content\/uploads\/2023\/10\/IMG-20231023-WA0013-180x180.jpg 180w, https:\/\/freiheitsdenkmal-leipzig.de\/wp-content\/uploads\/2023\/10\/IMG-20231023-WA0013-1500x1500.jpg 1500w, https:\/\/freiheitsdenkmal-leipzig.de\/wp-content\/uploads\/2023\/10\/IMG-20231023-WA0013-705x705.jpg 705w\" sizes=\"(max-width: 1512px) 100vw, 1512px\" \/><\/div><\/li><\/ul><div class='avia-slideshow-arrows avia-slideshow-controls' ><a href='#prev' class='prev-slide' aria-hidden='true' data-av_icon='\ue87c' data-av_iconfont='entypo-fontello'  tabindex='-1'>Previous<\/a><a href='#next' class='next-slide' aria-hidden='true' data-av_icon='\ue87d' data-av_iconfont='entypo-fontello'  tabindex='-1'>Next<\/a><\/div><div class='avia-slideshow-dots avia-slideshow-controls'><a href='#1' class='goto-slide active' >1<\/a><a href='#2' class='goto-slide' >2<\/a><a href='#3' class='goto-slide' >3<\/a><a href='#4' class='goto-slide' >4<\/a><a href='#5' class='goto-slide' >5<\/a><a href='#6' class='goto-slide' >6<\/a><a href='#7' class='goto-slide' >7<\/a><\/div><\/div><\/div><\/div><!--close column table wrapper. Autoclose: 1 -->\n<div  class='hr av-av_hr-bc943783b13769b99750b884f593b94d hr-default  avia-builder-el-142  el_after_av_two_fifth  el_before_av_three_fifth'><span class='hr-inner'><span class=\"hr-inner-style\"><\/span><\/span><\/div>\n<div class='flex_column_table av-av_three_fifth-d5b12c3a91754eefbbfe04d161e84bf6 sc-av_three_fifth av-equal-height-column-flextable'>\n<style type=\"text\/css\" data-created_by=\"avia_inline_auto\" id=\"style-css-av-av_three_fifth-d5b12c3a91754eefbbfe04d161e84bf6\">\n.flex_column.av-av_three_fifth-d5b12c3a91754eefbbfe04d161e84bf6{\nwidth:58.8%;\nmargin-left:0;\n}\n#top .flex_column_table.av-equal-height-column-flextable.av-av_three_fifth-d5b12c3a91754eefbbfe04d161e84bf6 .av-flex-placeholder{\nwidth:3%;\n}\n<\/style>\n<div  class='flex_column av-av_three_fifth-d5b12c3a91754eefbbfe04d161e84bf6 av_three_fifth  avia-builder-el-143  el_after_av_hr  el_before_av_two_fifth  first flex_column_table_cell av-equal-height-column av-align-top'     ><section  class='av_textblock_section av-av_textblock-e878f05c31dff72941bf1e49a00d9ff5'   itemscope=\"itemscope\" itemtype=\"https:\/\/schema.org\/CreativeWork\" ><div class='avia_textblock'  itemprop=\"text\" ><h4>18.10.2023<\/h4>\n<h4>\u201eDas Denkmal ist \u2026\u201c auf der Frankfurter Buchmesse: Talk mit Gesine Oltmanns von der Stiftung Friedliche Revolution<\/h4>\n<p><strong>\u00a0<\/strong>Gesine Oltmanns ist eine der Protagonist:innen der Friedlichen Revolution. Das Foto von ihr mit Transparent auf der ersten Leipziger Montagsdemo im September 1989 ging um die Welt.<br \/>\nHeute ist sie im Vorstand der Stiftung Friedliche Revolution und leitet das Projekt \u201eFreiheits- und Einheitsdenkmal in Leipzig\u201c.<br \/>\nUnter dem Titel <strong>\u201eVon Sachsen in die Welt \u2013 warum Deutschland in Leipzig ein Denkmal f\u00fcr die Friedliche Revolution braucht\u201c<\/strong> sprechen Gesine Oltmanns und Susanne Tenzler-Heusler, Pressesprecherin der Stiftung, auf der Frankfurter Buchmesse am Gemeinschaftsstand Sachsen (Halle 3.1 \/F33) \u00fcber aktuelle Entwicklungen im Denkmalsprozess und \u00fcber die Wanderausstellung \u201eDas Denkmal ist &#8230;\u201c.<br \/>\n<strong>20. Oktober, 15 Uhr bis 15.45 Uhr und 21. Oktober, 10 Uhr bis 10.45 Uhr<\/strong>.<\/p>\n<div class=\"hr av-4vr8c4-a52b6828c9daa6fa1dab5951be05a0d5 hr-invisible avia-builder-el-12 el_before_av_hr avia-builder-el-first\"><\/div>\n<div class=\"hr av-5bhxkk-892366f5d8836fa8b826570d56a2b83b hr-invisible avia-builder-el-13 el_after_av_hr avia-builder-el-last\"><\/div>\n<\/div><\/section><\/div>\n<div class='av-flex-placeholder'><\/div>\n<style type=\"text\/css\" data-created_by=\"avia_inline_auto\" id=\"style-css-av-av_two_fifth-d06667205e6186ec8414c6eb7605d406\">\n.flex_column.av-av_two_fifth-d06667205e6186ec8414c6eb7605d406{\nwidth:38.2%;\nmargin-left:0;\n}\n#top .flex_column_table.av-equal-height-column-flextable.av-av_two_fifth-d06667205e6186ec8414c6eb7605d406 .av-flex-placeholder{\nwidth:3%;\n}\n<\/style>\n<div  class='flex_column av-av_two_fifth-d06667205e6186ec8414c6eb7605d406 av_two_fifth  avia-builder-el-145  el_after_av_three_fifth  el_before_av_hr  flex_column_table_cell av-equal-height-column av-align-top'     ><style type=\"text\/css\" data-created_by=\"avia_inline_auto\" id=\"style-css-av-av_image-c0b9adef02cde6f2807128df748f316b\">\n.avia-image-container.av-av_image-c0b9adef02cde6f2807128df748f316b img.avia_image{\nbox-shadow:none;\n}\n.avia-image-container.av-av_image-c0b9adef02cde6f2807128df748f316b .av-image-caption-overlay-center{\ncolor:#ffffff;\n}\n<\/style>\n<div  class='avia-image-container av-av_image-c0b9adef02cde6f2807128df748f316b av-styling- avia-align-center  avia-builder-el-146  avia-builder-el-no-sibling  av-has-copyright av-copyright-always'   itemprop=\"image\" itemscope=\"itemscope\" itemtype=\"https:\/\/schema.org\/ImageObject\" ><div class=\"avia-image-container-inner\"><div class=\"avia-image-overlay-wrap\"><img decoding=\"async\" fetchpriority=\"high\" class='wp-image-4878 avia-img-lazy-loading-not-4878 avia_image' src=\"https:\/\/freiheitsdenkmal-leipzig.de\/wp-content\/uploads\/2023\/10\/gesine-buchmesse.jpg\" alt='' title='gesine-buchmesse'  height=\"524\" width=\"750\"  itemprop=\"thumbnailUrl\" srcset=\"https:\/\/freiheitsdenkmal-leipzig.de\/wp-content\/uploads\/2023\/10\/gesine-buchmesse.jpg 750w, https:\/\/freiheitsdenkmal-leipzig.de\/wp-content\/uploads\/2023\/10\/gesine-buchmesse-300x210.jpg 300w, https:\/\/freiheitsdenkmal-leipzig.de\/wp-content\/uploads\/2023\/10\/gesine-buchmesse-18x12.jpg 18w, https:\/\/freiheitsdenkmal-leipzig.de\/wp-content\/uploads\/2023\/10\/gesine-buchmesse-705x493.jpg 705w\" sizes=\"(max-width: 750px) 100vw, 750px\" \/><\/div><small class=\"avia-copyright\">Foto: Nora B\u00f6rding<\/small><\/div><\/div><\/div><\/div><!--close column table wrapper. Autoclose: 1 -->\n<div  class='hr av-av_hr-bc943783b13769b99750b884f593b94d hr-default  avia-builder-el-147  el_after_av_two_fifth  el_before_av_two_third'><span class='hr-inner'><span class=\"hr-inner-style\"><\/span><\/span><\/div>\n<div class='flex_column_table av-av_two_third-d5b12c3a91754eefbbfe04d161e84bf6 sc-av_two_third av-equal-height-column-flextable'>\n<style type=\"text\/css\" data-created_by=\"avia_inline_auto\" id=\"style-css-av-av_two_third-d5b12c3a91754eefbbfe04d161e84bf6\">\n.flex_column.av-av_two_third-d5b12c3a91754eefbbfe04d161e84bf6{\nwidth:65.666666666667%;\nmargin-left:0;\n}\n#top .flex_column_table.av-equal-height-column-flextable.av-av_two_third-d5b12c3a91754eefbbfe04d161e84bf6 .av-flex-placeholder{\nwidth:3%;\n}\n<\/style>\n<div  class='flex_column av-av_two_third-d5b12c3a91754eefbbfe04d161e84bf6 av_two_third  avia-builder-el-148  el_after_av_hr  el_before_av_one_third  first flex_column_table_cell av-equal-height-column av-align-top'     ><section  class='av_textblock_section av-av_textblock-e878f05c31dff72941bf1e49a00d9ff5'   itemscope=\"itemscope\" itemtype=\"https:\/\/schema.org\/CreativeWork\" ><div class='avia_textblock'  itemprop=\"text\" ><h4>12.10.2023<\/h4>\n<h4>Cinema Casino: erster Kinoabend in der neuen DenkmalWerkstatt am <strong>17. Oktober<\/strong>!<\/h4>\n<h5><strong>\u00a0<\/strong>Bedrohte Natur, zerst\u00f6rte Lebensr\u00e4ume<\/h5>\n<ul>\n<li>18:00 <a href=\"..\/wp-content\/uploads\/2023\/09\/the-north-drift.pdf\"><strong>THE NORTH DRIFT \u2013 Plastik in Str\u00f6men<\/strong><\/a>, Regie: Steffen Krones, 2022, 94 Min<\/li>\n<li>19:40 Gespr\u00e4ch mit Filmemacher Steffen Krones<\/li>\n<li>20:25 <a href=\"..\/wp-content\/uploads\/2023\/09\/erinnerung-an-eine-landschaft.pdf\"><strong>ERINNERUNG AN EINE LANDSCHAFT \u2013 f\u00fcr Manuela<\/strong><\/a>, Regie: Kurt Tetzlaff, 1983, 84 Min<\/li>\n<\/ul>\n<p><em>Eintritt frei<\/em><br \/>\n<em><a href=\"https:\/\/freiheitsdenkmal-leipzig.de\/wp-content\/uploads\/2023\/10\/Casino_Kino_Flyer_03_web.pdf\" target=\"_blank\" rel=\"noopener\"><strong>Cinema Casino-Programm von Oktober bis Dezember<\/strong><\/a><\/em><\/p>\n<div class=\"hr av-4vr8c4-a52b6828c9daa6fa1dab5951be05a0d5 hr-invisible avia-builder-el-12 el_before_av_hr avia-builder-el-first\"><\/div>\n<div class=\"hr av-5bhxkk-892366f5d8836fa8b826570d56a2b83b hr-invisible avia-builder-el-13 el_after_av_hr avia-builder-el-last\"><\/div>\n<\/div><\/section><\/div>\n<div class='av-flex-placeholder'><\/div>\n<style type=\"text\/css\" data-created_by=\"avia_inline_auto\" id=\"style-css-av-av_one_third-d06667205e6186ec8414c6eb7605d406\">\n.flex_column.av-av_one_third-d06667205e6186ec8414c6eb7605d406{\nwidth:31.333333333333%;\nmargin-left:0;\n}\n#top .flex_column_table.av-equal-height-column-flextable.av-av_one_third-d06667205e6186ec8414c6eb7605d406 .av-flex-placeholder{\nwidth:3%;\n}\n<\/style>\n<div  class='flex_column av-av_one_third-d06667205e6186ec8414c6eb7605d406 av_one_third  avia-builder-el-150  el_after_av_two_third  el_before_av_hr  flex_column_table_cell av-equal-height-column av-align-top'     ><style type=\"text\/css\" data-created_by=\"avia_inline_auto\" id=\"style-css-av-av_image-63b1d60496e4e560e6f35494370dccca\">\n.avia-image-container.av-av_image-63b1d60496e4e560e6f35494370dccca img.avia_image{\nbox-shadow:none;\n}\n.avia-image-container.av-av_image-63b1d60496e4e560e6f35494370dccca .av-image-caption-overlay-center{\ncolor:#ffffff;\n}\n<\/style>\n<div  class='avia-image-container av-av_image-63b1d60496e4e560e6f35494370dccca av-styling- avia-align-center  avia-builder-el-151  avia-builder-el-no-sibling'   itemprop=\"image\" itemscope=\"itemscope\" itemtype=\"https:\/\/schema.org\/ImageObject\" ><div class=\"avia-image-container-inner\"><div class=\"avia-image-overlay-wrap\"><img decoding=\"async\" fetchpriority=\"high\" class='wp-image-4853 avia-img-lazy-loading-not-4853 avia_image' src=\"https:\/\/freiheitsdenkmal-leipzig.de\/wp-content\/uploads\/2023\/10\/TheNorthDrift_4.jpg\" alt='' title='TheNorthDrift_4'  height=\"1080\" width=\"1483\"  itemprop=\"thumbnailUrl\" srcset=\"https:\/\/freiheitsdenkmal-leipzig.de\/wp-content\/uploads\/2023\/10\/TheNorthDrift_4.jpg 1483w, https:\/\/freiheitsdenkmal-leipzig.de\/wp-content\/uploads\/2023\/10\/TheNorthDrift_4-300x218.jpg 300w, https:\/\/freiheitsdenkmal-leipzig.de\/wp-content\/uploads\/2023\/10\/TheNorthDrift_4-1030x750.jpg 1030w, https:\/\/freiheitsdenkmal-leipzig.de\/wp-content\/uploads\/2023\/10\/TheNorthDrift_4-768x559.jpg 768w, https:\/\/freiheitsdenkmal-leipzig.de\/wp-content\/uploads\/2023\/10\/TheNorthDrift_4-16x12.jpg 16w, https:\/\/freiheitsdenkmal-leipzig.de\/wp-content\/uploads\/2023\/10\/TheNorthDrift_4-705x513.jpg 705w\" sizes=\"(max-width: 1483px) 100vw, 1483px\" \/><\/div><\/div><\/div><\/div><\/div><!--close column table wrapper. Autoclose: 1 -->\n<div  class='hr av-av_hr-bc943783b13769b99750b884f593b94d hr-default  avia-builder-el-152  el_after_av_one_third  el_before_av_two_third'><span class='hr-inner'><span class=\"hr-inner-style\"><\/span><\/span><\/div>\n<div class='flex_column_table av-av_two_third-d5b12c3a91754eefbbfe04d161e84bf6 sc-av_two_third av-equal-height-column-flextable'>\n<style type=\"text\/css\" data-created_by=\"avia_inline_auto\" id=\"style-css-av-av_two_third-d5b12c3a91754eefbbfe04d161e84bf6\">\n.flex_column.av-av_two_third-d5b12c3a91754eefbbfe04d161e84bf6{\nwidth:65.666666666667%;\nmargin-left:0;\n}\n#top .flex_column_table.av-equal-height-column-flextable.av-av_two_third-d5b12c3a91754eefbbfe04d161e84bf6 .av-flex-placeholder{\nwidth:3%;\n}\n<\/style>\n<div  class='flex_column av-av_two_third-d5b12c3a91754eefbbfe04d161e84bf6 av_two_third  avia-builder-el-153  el_after_av_hr  el_before_av_one_third  first flex_column_table_cell av-equal-height-column av-align-top'     ><section  class='av_textblock_section av-av_textblock-e878f05c31dff72941bf1e49a00d9ff5'   itemscope=\"itemscope\" itemtype=\"https:\/\/schema.org\/CreativeWork\" ><div class='avia_textblock'  itemprop=\"text\" ><h4>09.10.2023<\/h4>\n<h4>Podcast gestartet! Wir sind das Volk \u2013 Der Podcast \u00fcber die Friedliche Revolution \u201989<\/h4>\n<p>Der 15-teilige Podcast der Stiftung Friedliche Revolution wird von den Journalisten Bj\u00f6rn Menzel und Pierre Gehmlich produziert und ist am 9. Oktober 2023 gestartet. Immer am 9. jedes Monats wird eine neue Folge ver\u00f6ffentlicht.<\/p>\n<p>Menzel und Gehmlich reden mit Menschen, die dabei waren, die mit ihrem Mut ein ganzes System gekippt haben. Viele k\u00f6nnen sich noch erinnern an Montagsdemos, Mauerfall, Wiedervereinigung. Und trotzdem ist es im R\u00fcckblick ein magisches Ereignis: Wie konnte es dazu kommen, dass es die DDR nicht mehr gibt \u2013 daf\u00fcr aber Freiheit und Demokratie? Wer waren die Menschen, die damals genau daf\u00fcr gek\u00e4mpft haben? Und was waren ihre Gr\u00fcnde daf\u00fcr?<\/p>\n<p>Genau das erfahren wir in sehr pers\u00f6nlichen Gespr\u00e4chen und Geschichten.<\/p>\n<p>Viel Spa\u00df beim H\u00f6ren! Sie finden unseren Podcast <a href=\"..\/podcast\" target=\"_blank\" rel=\"noopener\"><strong>hier auf der Website<\/strong><\/a> oder bei: <a href=\"https:\/\/wir-sind-das-volk.podigee.io\" target=\"_blank\" rel=\"noopener\"><strong>Podigee<\/strong><\/a>\u2502<strong><a href=\"https:\/\/open.spotify.com\/show\/5FGtwTJBpArY968JdTRsKh\" target=\"_blank\" rel=\"noopener\">Spotyfi<\/a><\/strong>\u2502<strong><a href=\"https:\/\/podcasts.apple.com\/us\/podcast\/wir-sind-das-volk\/id1709623683\" target=\"_blank\" rel=\"noopener\">Apple\/iTunes<\/a><\/strong>\u2502<strong><a href=\"https:\/\/www.deezer.com\/de\/show\/1000307591\" target=\"_blank\" rel=\"noopener\">Deezer<\/a><\/strong><\/p>\n<\/div><\/section><\/div>\n<div class='av-flex-placeholder'><\/div>\n<style type=\"text\/css\" data-created_by=\"avia_inline_auto\" id=\"style-css-av-av_one_third-d06667205e6186ec8414c6eb7605d406\">\n.flex_column.av-av_one_third-d06667205e6186ec8414c6eb7605d406{\nwidth:31.333333333333%;\nmargin-left:0;\n}\n#top .flex_column_table.av-equal-height-column-flextable.av-av_one_third-d06667205e6186ec8414c6eb7605d406 .av-flex-placeholder{\nwidth:3%;\n}\n<\/style>\n<div  class='flex_column av-av_one_third-d06667205e6186ec8414c6eb7605d406 av_one_third  avia-builder-el-155  el_after_av_two_third  el_before_av_hr  flex_column_table_cell av-equal-height-column av-align-top'     ><style type=\"text\/css\" data-created_by=\"avia_inline_auto\" id=\"style-css-av-av_image-2d3ffda760878b88a0de8ec28df33e87\">\n.avia-image-container.av-av_image-2d3ffda760878b88a0de8ec28df33e87 img.avia_image{\nbox-shadow:none;\n}\n.avia-image-container.av-av_image-2d3ffda760878b88a0de8ec28df33e87 .av-image-caption-overlay-center{\ncolor:#ffffff;\n}\n<\/style>\n<div  class='avia-image-container av-av_image-2d3ffda760878b88a0de8ec28df33e87 av-styling- avia-align-center  avia-builder-el-156  avia-builder-el-no-sibling'   itemprop=\"image\" itemscope=\"itemscope\" itemtype=\"https:\/\/schema.org\/ImageObject\" ><div class=\"avia-image-container-inner\"><div class=\"avia-image-overlay-wrap\"><img decoding=\"async\" fetchpriority=\"high\" class='wp-image-4816 avia-img-lazy-loading-not-4816 avia_image' src=\"https:\/\/freiheitsdenkmal-leipzig.de\/wp-content\/uploads\/2023\/10\/WsdV-Mut-veraendert1.jpg\" alt='' title='WsdV Mut ver\u00e4ndert(1)'  height=\"577\" width=\"577\"  itemprop=\"thumbnailUrl\" srcset=\"https:\/\/freiheitsdenkmal-leipzig.de\/wp-content\/uploads\/2023\/10\/WsdV-Mut-veraendert1.jpg 577w, https:\/\/freiheitsdenkmal-leipzig.de\/wp-content\/uploads\/2023\/10\/WsdV-Mut-veraendert1-300x300.jpg 300w, https:\/\/freiheitsdenkmal-leipzig.de\/wp-content\/uploads\/2023\/10\/WsdV-Mut-veraendert1-80x80.jpg 80w, https:\/\/freiheitsdenkmal-leipzig.de\/wp-content\/uploads\/2023\/10\/WsdV-Mut-veraendert1-12x12.jpg 12w, https:\/\/freiheitsdenkmal-leipzig.de\/wp-content\/uploads\/2023\/10\/WsdV-Mut-veraendert1-36x36.jpg 36w, https:\/\/freiheitsdenkmal-leipzig.de\/wp-content\/uploads\/2023\/10\/WsdV-Mut-veraendert1-180x180.jpg 180w\" sizes=\"(max-width: 577px) 100vw, 577px\" \/><\/div><\/div><\/div><\/div><\/div><!--close column table wrapper. Autoclose: 1 -->\n<div  class='hr av-av_hr-bc943783b13769b99750b884f593b94d hr-default  avia-builder-el-157  el_after_av_one_third  el_before_av_two_third'><span class='hr-inner'><span class=\"hr-inner-style\"><\/span><\/span><\/div>\n<div class='flex_column_table av-av_two_third-d5b12c3a91754eefbbfe04d161e84bf6 sc-av_two_third av-equal-height-column-flextable'>\n<style type=\"text\/css\" data-created_by=\"avia_inline_auto\" id=\"style-css-av-av_two_third-d5b12c3a91754eefbbfe04d161e84bf6\">\n.flex_column.av-av_two_third-d5b12c3a91754eefbbfe04d161e84bf6{\nwidth:65.666666666667%;\nmargin-left:0;\n}\n#top .flex_column_table.av-equal-height-column-flextable.av-av_two_third-d5b12c3a91754eefbbfe04d161e84bf6 .av-flex-placeholder{\nwidth:3%;\n}\n<\/style>\n<div  class='flex_column av-av_two_third-d5b12c3a91754eefbbfe04d161e84bf6 av_two_third  avia-builder-el-158  el_after_av_hr  el_before_av_one_third  first flex_column_table_cell av-equal-height-column av-align-top'     ><section  class='av_textblock_section av-av_textblock-e878f05c31dff72941bf1e49a00d9ff5'   itemscope=\"itemscope\" itemtype=\"https:\/\/schema.org\/CreativeWork\" ><div class='avia_textblock'  itemprop=\"text\" ><h4>06.10.2023<\/h4>\n<h4>Letztes Ausstellungswochenende und ge\u00f6ffnet zum Lichtfest am 9.10.<\/h4>\n<p>Nur noch drei Tage ist die Ausstellung &#8222;Das Denkmal ist &#8230;&#8220; auf dem Wilhelm-Leuschner-Platz ge\u00f6ffnet.<\/p>\n<p>Kommen Sie einfach vorbei und lassen Sie sich auf den Monitoren und Tafeln in der REH von den verschiedenen Denkm\u00e4lern und Ans\u00e4tzen des Gedenkens inspirieren. Und informieren Sie sich gerne im Au\u00dfenbereich der Ausstellung zum Stand des Freiheits- und Einheitsdenkmal in Leipzig.<\/p>\n<p>Am Sonntag, den 8.10., startet die letzte dialogische F\u00fchrungen zur Ausstellung mit den Vermittler:innen um 12 Uhr an der REH.<\/p>\n<p>2024 geht unsere Ausstellung dann auf Tornee in verschiedene deutsche St\u00e4dte.<\/p>\n<\/div><\/section><\/div>\n<div class='av-flex-placeholder'><\/div>\n<style type=\"text\/css\" data-created_by=\"avia_inline_auto\" id=\"style-css-av-av_one_third-d06667205e6186ec8414c6eb7605d406\">\n.flex_column.av-av_one_third-d06667205e6186ec8414c6eb7605d406{\nwidth:31.333333333333%;\nmargin-left:0;\n}\n#top .flex_column_table.av-equal-height-column-flextable.av-av_one_third-d06667205e6186ec8414c6eb7605d406 .av-flex-placeholder{\nwidth:3%;\n}\n<\/style>\n<div  class='flex_column av-av_one_third-d06667205e6186ec8414c6eb7605d406 av_one_third  avia-builder-el-160  el_after_av_two_third  el_before_av_hr  flex_column_table_cell av-equal-height-column av-align-top'     ><style type=\"text\/css\" data-created_by=\"avia_inline_auto\" id=\"style-css-av-av_image-c8b4c028bbefb3cbc10cdb1495309599\">\n.avia-image-container.av-av_image-c8b4c028bbefb3cbc10cdb1495309599 img.avia_image{\nbox-shadow:none;\n}\n.avia-image-container.av-av_image-c8b4c028bbefb3cbc10cdb1495309599 .av-image-caption-overlay-center{\ncolor:#ffffff;\n}\n<\/style>\n<div  class='avia-image-container av-av_image-c8b4c028bbefb3cbc10cdb1495309599 av-styling- avia-align-center  avia-builder-el-161  avia-builder-el-no-sibling'   itemprop=\"image\" itemscope=\"itemscope\" itemtype=\"https:\/\/schema.org\/ImageObject\" ><div class=\"avia-image-container-inner\"><div class=\"avia-image-overlay-wrap\"><img decoding=\"async\" fetchpriority=\"high\" class='wp-image-4807 avia-img-lazy-loading-not-4807 avia_image' src=\"https:\/\/freiheitsdenkmal-leipzig.de\/wp-content\/uploads\/2023\/10\/20231003_141603-1-1030x973.jpg\" alt='' title='20231003_141603'  height=\"973\" width=\"1030\"  itemprop=\"thumbnailUrl\" srcset=\"https:\/\/freiheitsdenkmal-leipzig.de\/wp-content\/uploads\/2023\/10\/20231003_141603-1-1030x973.jpg 1030w, https:\/\/freiheitsdenkmal-leipzig.de\/wp-content\/uploads\/2023\/10\/20231003_141603-1-300x283.jpg 300w, https:\/\/freiheitsdenkmal-leipzig.de\/wp-content\/uploads\/2023\/10\/20231003_141603-1-768x725.jpg 768w, https:\/\/freiheitsdenkmal-leipzig.de\/wp-content\/uploads\/2023\/10\/20231003_141603-1-1536x1451.jpg 1536w, https:\/\/freiheitsdenkmal-leipzig.de\/wp-content\/uploads\/2023\/10\/20231003_141603-1-2048x1934.jpg 2048w, https:\/\/freiheitsdenkmal-leipzig.de\/wp-content\/uploads\/2023\/10\/20231003_141603-1-13x12.jpg 13w, https:\/\/freiheitsdenkmal-leipzig.de\/wp-content\/uploads\/2023\/10\/20231003_141603-1-1500x1417.jpg 1500w, https:\/\/freiheitsdenkmal-leipzig.de\/wp-content\/uploads\/2023\/10\/20231003_141603-1-705x666.jpg 705w\" sizes=\"(max-width: 1030px) 100vw, 1030px\" \/><\/div><\/div><\/div><\/div><\/div><!--close column table wrapper. Autoclose: 1 -->\n<div  class='hr av-av_hr-bc943783b13769b99750b884f593b94d hr-default  avia-builder-el-162  el_after_av_one_third  el_before_av_three_fifth'><span class='hr-inner'><span class=\"hr-inner-style\"><\/span><\/span><\/div>\n<div class='flex_column_table av-av_three_fifth-3a49e659474b537cd9714d7bf092c0fd sc-av_three_fifth av-equal-height-column-flextable'>\n<style type=\"text\/css\" data-created_by=\"avia_inline_auto\" id=\"style-css-av-av_three_fifth-3a49e659474b537cd9714d7bf092c0fd\">\n.flex_column.av-av_three_fifth-3a49e659474b537cd9714d7bf092c0fd{\nwidth:59.2%;\nmargin-left:0;\n}\n#top .flex_column_table.av-equal-height-column-flextable.av-av_three_fifth-3a49e659474b537cd9714d7bf092c0fd .av-flex-placeholder{\nwidth:2%;\n}\n<\/style>\n<div  class='flex_column av-av_three_fifth-3a49e659474b537cd9714d7bf092c0fd av_three_fifth  avia-builder-el-163  el_after_av_hr  el_before_av_two_fifth  first flex_column_table_cell av-equal-height-column av-align-top'     ><section  class='av_textblock_section av-av_textblock-e878f05c31dff72941bf1e49a00d9ff5'   itemscope=\"itemscope\" itemtype=\"https:\/\/schema.org\/CreativeWork\" ><div class='avia_textblock'  itemprop=\"text\" ><h4>30.09.2023<\/h4>\n<h4>Das Denkmal ist &#8230; ein Aushandlungsprozess<\/h4>\n<h4>Diskussionsveranstaltung:<em> &#8222;Prozess, Teilhabe, Vermittlung&#8220; <\/em>+ Performance von Esper Postma<\/h4>\n<h5><strong>Donnerstag, 5. Oktober 18 Uhr<\/strong><\/h5>\n<h5>Ort: GfzK (Karl-Tauchnitz-Str. 9-11)<\/h5>\n<p>In dem Panel soll es darum gehen, Denkmalprozesse als Aushandlungsprozesse zu betrachten. Dabei stellt sich die Frage wer an diesem Prozess beteiligt ist. Welche Legitimit\u00e4t kommt Denkmalgr\u00fcndungsprozessen zu? Inwiefern bestimmen bereits die Ausschreibungsunterlagen das Denkmal und inwieweit bestehen k\u00fcnstlerische Freiheiten? Welche Relevanz hat der Prozess im Vergleich zum Endergebnis?<\/p>\n<h5>Eingeladen sind:<\/h5>\n<ul>\n<li>Jaques Heinrich Toussaint (Referent f\u00fcr Kunst im \u00d6ffentlichen Raum Dortmund)<\/li>\n<li>Susanne Kucharski-Huniat (ehemalige Leiterin des Kulturamts Leipzig)<\/li>\n<li>Alexander Koch (Direkter der Gesellschaft der Neuen Auftraggeber)<\/li>\n<\/ul>\n<h5>Vor dem Diskussionspanel:<\/h5>\n<h4>Performativer Vortrag von Esper Postma<\/h4>\n<p>Doppelg\u00e4nger \u2013 Das Doppelleben von Denkm\u00e4lern<\/p>\n<p>In seiner Performance analysiert Esper Postma die irrationalen Aspekte von Denkm\u00e4lern, indem er sie als Subjekte behandelt. Dabei bedient er sich eines Motivs, das die Tiefen der menschlichen Psychologie erkundet: dem Motiv des Doppelg\u00e4ngers.<\/p>\n<h5>Die Teilnahme ist kostenlos.<br \/>\nDie Diskussion wird in deutscher, die Performance in englischer Sprache stattfinden. Weitere Infos \u00fcber: vermittlung@stiftung-fr.de<\/h5>\n<\/div><\/section><\/div>\n<div class='av-flex-placeholder'><\/div>\n<style type=\"text\/css\" data-created_by=\"avia_inline_auto\" id=\"style-css-av-av_two_fifth-d06667205e6186ec8414c6eb7605d406\">\n.flex_column.av-av_two_fifth-d06667205e6186ec8414c6eb7605d406{\nwidth:38.8%;\nmargin-left:0;\n}\n#top .flex_column_table.av-equal-height-column-flextable.av-av_two_fifth-d06667205e6186ec8414c6eb7605d406 .av-flex-placeholder{\nwidth:2%;\n}\n<\/style>\n<div  class='flex_column av-av_two_fifth-d06667205e6186ec8414c6eb7605d406 av_two_fifth  avia-builder-el-165  el_after_av_three_fifth  el_before_av_hr  flex_column_table_cell av-equal-height-column av-align-top'     ><style type=\"text\/css\" data-created_by=\"avia_inline_auto\" id=\"style-css-av-av_image-234682d29c6c29028c39e03825d4a158\">\n.avia-image-container.av-av_image-234682d29c6c29028c39e03825d4a158 img.avia_image{\nbox-shadow:none;\n}\n.avia-image-container.av-av_image-234682d29c6c29028c39e03825d4a158 .av-image-caption-overlay-center{\ncolor:#ffffff;\n}\n<\/style>\n<div  class='avia-image-container av-av_image-234682d29c6c29028c39e03825d4a158 av-styling- avia-align-center  avia-builder-el-166  avia-builder-el-no-sibling'   itemprop=\"image\" itemscope=\"itemscope\" itemtype=\"https:\/\/schema.org\/ImageObject\" ><div class=\"avia-image-container-inner\"><div class=\"avia-image-overlay-wrap\"><img decoding=\"async\" fetchpriority=\"high\" class='wp-image-4782 avia-img-lazy-loading-not-4782 avia_image' src=\"https:\/\/freiheitsdenkmal-leipzig.de\/wp-content\/uploads\/2023\/09\/138_Denkmalprozess_Instagram_Kacheln_5-2.jpg\" alt='' title='138_Denkmalprozess_Instagram_Kacheln_5'  height=\"2362\" width=\"2362\"  itemprop=\"thumbnailUrl\" srcset=\"https:\/\/freiheitsdenkmal-leipzig.de\/wp-content\/uploads\/2023\/09\/138_Denkmalprozess_Instagram_Kacheln_5-2.jpg 2362w, https:\/\/freiheitsdenkmal-leipzig.de\/wp-content\/uploads\/2023\/09\/138_Denkmalprozess_Instagram_Kacheln_5-2-300x300.jpg 300w, https:\/\/freiheitsdenkmal-leipzig.de\/wp-content\/uploads\/2023\/09\/138_Denkmalprozess_Instagram_Kacheln_5-2-1030x1030.jpg 1030w, https:\/\/freiheitsdenkmal-leipzig.de\/wp-content\/uploads\/2023\/09\/138_Denkmalprozess_Instagram_Kacheln_5-2-80x80.jpg 80w, https:\/\/freiheitsdenkmal-leipzig.de\/wp-content\/uploads\/2023\/09\/138_Denkmalprozess_Instagram_Kacheln_5-2-768x768.jpg 768w, https:\/\/freiheitsdenkmal-leipzig.de\/wp-content\/uploads\/2023\/09\/138_Denkmalprozess_Instagram_Kacheln_5-2-1536x1536.jpg 1536w, https:\/\/freiheitsdenkmal-leipzig.de\/wp-content\/uploads\/2023\/09\/138_Denkmalprozess_Instagram_Kacheln_5-2-2048x2048.jpg 2048w, https:\/\/freiheitsdenkmal-leipzig.de\/wp-content\/uploads\/2023\/09\/138_Denkmalprozess_Instagram_Kacheln_5-2-12x12.jpg 12w, https:\/\/freiheitsdenkmal-leipzig.de\/wp-content\/uploads\/2023\/09\/138_Denkmalprozess_Instagram_Kacheln_5-2-36x36.jpg 36w, https:\/\/freiheitsdenkmal-leipzig.de\/wp-content\/uploads\/2023\/09\/138_Denkmalprozess_Instagram_Kacheln_5-2-180x180.jpg 180w, https:\/\/freiheitsdenkmal-leipzig.de\/wp-content\/uploads\/2023\/09\/138_Denkmalprozess_Instagram_Kacheln_5-2-1500x1500.jpg 1500w, https:\/\/freiheitsdenkmal-leipzig.de\/wp-content\/uploads\/2023\/09\/138_Denkmalprozess_Instagram_Kacheln_5-2-705x705.jpg 705w\" sizes=\"(max-width: 2362px) 100vw, 2362px\" \/><\/div><\/div><\/div><\/div><\/div><!--close column table wrapper. Autoclose: 1 -->\n<div  class='hr av-av_hr-bc943783b13769b99750b884f593b94d hr-default  avia-builder-el-167  el_after_av_two_fifth  el_before_av_two_third'><span class='hr-inner'><span class=\"hr-inner-style\"><\/span><\/span><\/div>\n<div class='flex_column_table av-av_two_third-9271597120674f9a1860933cafba3079 sc-av_two_third av-equal-height-column-flextable'>\n<style type=\"text\/css\" data-created_by=\"avia_inline_auto\" id=\"style-css-av-av_two_third-9271597120674f9a1860933cafba3079\">\n.flex_column.av-av_two_third-9271597120674f9a1860933cafba3079{\nwidth:66.333333333333%;\nmargin-left:0;\n}\n#top .flex_column_table.av-equal-height-column-flextable.av-av_two_third-9271597120674f9a1860933cafba3079 .av-flex-placeholder{\nwidth:1%;\n}\n<\/style>\n<div  class='flex_column av-av_two_third-9271597120674f9a1860933cafba3079 av_two_third  avia-builder-el-168  el_after_av_hr  el_before_av_one_third  first flex_column_table_cell av-equal-height-column av-align-middle'     ><section  class='av_textblock_section av-av_textblock-e878f05c31dff72941bf1e49a00d9ff5'   itemscope=\"itemscope\" itemtype=\"https:\/\/schema.org\/CreativeWork\" ><div class='avia_textblock'  itemprop=\"text\" ><h4>25.09.2023<\/h4>\n<h4><strong>Das Denkmal ist \u2026 Erinnerungsarbeit<\/strong><\/h4>\n<h4><em>\u201eEntschuldigung, ich m\u00f6chte st\u00f6ren.&#8220; <\/em>\u2013 Schreibwerkstatt zur Friedlichen Revolution<\/h4>\n<h5><strong>Samstag, 30. September, 11 Uhr<\/strong><\/h5>\n<h5>Ort: Stadtbibliothek, Leipzig-Zimmer<\/h5>\n<h5>Eingeladen ist: Sibylla Vri\u010di\u0107 Hausmann, Schriftstellerin<\/h5>\n<p>Wie ein historisches Ereignis in Erinnerung bleibt und nachfolgenden Generationen erkl\u00e4rt wird, ist immer vereinfachend. Es ist schlicht unm\u00f6glich, die unterschiedlichen Perspektiven aller Beteiligten in einer einzigen Geschichte (im doppelten Wortsinn) zu erz\u00e4hlen. Problematisch wird es, wenn bestimmte Perspektiven systematisch ausgeblendet werden, um das offizielle Bild nicht zu st\u00f6ren. Ist das bei der Friedlichen Revolution der Fall? Ein Buch, das sich mit dem Mauerfall aus migrantischer Perspektive befasst, geht zum Beispiel davon aus \u2013 es tr\u00e4gt den sprechenden Titel \u201eErinnern st\u00f6ren&#8220;.<br \/>\nIn unserem Schreibworkshop wollen wir unsere pers\u00f6nlichen Erinnerungen und Assoziationen zu den Ereignissen vor und nach dem Mauerfall zum Ausgang nehmen, um Texte zu schreiben, die sich das positive Potential des St\u00f6rens nutzbar machen. Denn St\u00f6ren ist besser als sein Ruf, ist nicht Zerst\u00f6ren, sondern mutiges Sprechen, Aufst\u00f6ren, Aufwecken und Erg\u00e4nzen. (Nat\u00fcrlich sind auch TN willkommen, die die historischen Ereignisse nur aus Erz\u00e4hlungen kennen.)<\/p>\n<h5>Die Teilnahme ist kostenlos. Anmeldung zum Schreibworkshop \u00fcber: vermittlung@stiftung-fr.de<\/h5>\n<\/div><\/section><\/div>\n<div class='av-flex-placeholder'><\/div>\n<style type=\"text\/css\" data-created_by=\"avia_inline_auto\" id=\"style-css-av-av_one_third-d06667205e6186ec8414c6eb7605d406\">\n.flex_column.av-av_one_third-d06667205e6186ec8414c6eb7605d406{\nwidth:32.666666666667%;\nmargin-left:0;\n}\n#top .flex_column_table.av-equal-height-column-flextable.av-av_one_third-d06667205e6186ec8414c6eb7605d406 .av-flex-placeholder{\nwidth:1%;\n}\n<\/style>\n<div  class='flex_column av-av_one_third-d06667205e6186ec8414c6eb7605d406 av_one_third  avia-builder-el-170  el_after_av_two_third  el_before_av_hr  flex_column_table_cell av-equal-height-column av-align-middle'     ><style type=\"text\/css\" data-created_by=\"avia_inline_auto\" id=\"style-css-av-av_image-8dc1f79af1714fb85529eed3fff1b30e\">\n.avia-image-container.av-av_image-8dc1f79af1714fb85529eed3fff1b30e img.avia_image{\nbox-shadow:none;\n}\n.avia-image-container.av-av_image-8dc1f79af1714fb85529eed3fff1b30e .av-image-caption-overlay-center{\ncolor:#ffffff;\n}\n<\/style>\n<div  class='avia-image-container av-av_image-8dc1f79af1714fb85529eed3fff1b30e av-styling- avia-align-center  avia-builder-el-171  avia-builder-el-no-sibling'   itemprop=\"image\" itemscope=\"itemscope\" itemtype=\"https:\/\/schema.org\/ImageObject\" ><div class=\"avia-image-container-inner\"><div class=\"avia-image-overlay-wrap\"><img decoding=\"async\" fetchpriority=\"high\" class='wp-image-4690 avia-img-lazy-loading-not-4690 avia_image' src=\"https:\/\/freiheitsdenkmal-leipzig.de\/wp-content\/uploads\/2023\/09\/138_Denkmalprozess_Instagram_Kacheln_4.jpg\" alt='' title='138_Denkmalprozess_Instagram_Kacheln_4'  height=\"2362\" width=\"2362\"  itemprop=\"thumbnailUrl\" srcset=\"https:\/\/freiheitsdenkmal-leipzig.de\/wp-content\/uploads\/2023\/09\/138_Denkmalprozess_Instagram_Kacheln_4.jpg 2362w, https:\/\/freiheitsdenkmal-leipzig.de\/wp-content\/uploads\/2023\/09\/138_Denkmalprozess_Instagram_Kacheln_4-300x300.jpg 300w, https:\/\/freiheitsdenkmal-leipzig.de\/wp-content\/uploads\/2023\/09\/138_Denkmalprozess_Instagram_Kacheln_4-1030x1030.jpg 1030w, https:\/\/freiheitsdenkmal-leipzig.de\/wp-content\/uploads\/2023\/09\/138_Denkmalprozess_Instagram_Kacheln_4-80x80.jpg 80w, https:\/\/freiheitsdenkmal-leipzig.de\/wp-content\/uploads\/2023\/09\/138_Denkmalprozess_Instagram_Kacheln_4-768x768.jpg 768w, https:\/\/freiheitsdenkmal-leipzig.de\/wp-content\/uploads\/2023\/09\/138_Denkmalprozess_Instagram_Kacheln_4-1536x1536.jpg 1536w, https:\/\/freiheitsdenkmal-leipzig.de\/wp-content\/uploads\/2023\/09\/138_Denkmalprozess_Instagram_Kacheln_4-2048x2048.jpg 2048w, https:\/\/freiheitsdenkmal-leipzig.de\/wp-content\/uploads\/2023\/09\/138_Denkmalprozess_Instagram_Kacheln_4-12x12.jpg 12w, https:\/\/freiheitsdenkmal-leipzig.de\/wp-content\/uploads\/2023\/09\/138_Denkmalprozess_Instagram_Kacheln_4-36x36.jpg 36w, https:\/\/freiheitsdenkmal-leipzig.de\/wp-content\/uploads\/2023\/09\/138_Denkmalprozess_Instagram_Kacheln_4-180x180.jpg 180w, https:\/\/freiheitsdenkmal-leipzig.de\/wp-content\/uploads\/2023\/09\/138_Denkmalprozess_Instagram_Kacheln_4-1500x1500.jpg 1500w, https:\/\/freiheitsdenkmal-leipzig.de\/wp-content\/uploads\/2023\/09\/138_Denkmalprozess_Instagram_Kacheln_4-705x705.jpg 705w\" sizes=\"(max-width: 2362px) 100vw, 2362px\" \/><\/div><\/div><\/div><\/div><\/div><!--close column table wrapper. Autoclose: 1 -->\n<div  class='hr av-av_hr-bc943783b13769b99750b884f593b94d hr-default  avia-builder-el-172  el_after_av_one_third  el_before_av_three_fifth'><span class='hr-inner'><span class=\"hr-inner-style\"><\/span><\/span><\/div>\n<div class='flex_column_table av-av_three_fifth-362a595c7cdb581d0c6de556f6a4e7d2 sc-av_three_fifth av-equal-height-column-flextable'>\n<style type=\"text\/css\" data-created_by=\"avia_inline_auto\" id=\"style-css-av-av_three_fifth-362a595c7cdb581d0c6de556f6a4e7d2\">\n.flex_column.av-av_three_fifth-362a595c7cdb581d0c6de556f6a4e7d2{\nwidth:59.2%;\nmargin-left:0;\n}\n#top .flex_column_table.av-equal-height-column-flextable.av-av_three_fifth-362a595c7cdb581d0c6de556f6a4e7d2 .av-flex-placeholder{\nwidth:2%;\n}\n<\/style>\n<div  class='flex_column av-av_three_fifth-362a595c7cdb581d0c6de556f6a4e7d2 av_three_fifth  avia-builder-el-173  el_after_av_hr  el_before_av_two_fifth  first flex_column_table_cell av-equal-height-column av-align-middle'     ><section  class='av_textblock_section av-av_textblock-e878f05c31dff72941bf1e49a00d9ff5'   itemscope=\"itemscope\" itemtype=\"https:\/\/schema.org\/CreativeWork\" ><div class='avia_textblock'  itemprop=\"text\" ><h4>26.09.2023<\/h4>\n<h4><strong>Heute zum letzten Mal Kino in der Kupfergasse!<\/strong><\/h4>\n<p><!-- &#091;if gte mso 9&#093;><xml>\n<o:OfficeDocumentSettings>\n<o:AllowPNG\/>\n<\/o:OfficeDocumentSettings>\n<\/xml><!&#091;endif&#093;--><!-- &#091;if gte mso 9&#093;><xml>\n<w:WordDocument>\n<w:View>Normal<\/w:View>\n<w:Zoom>0<\/w:Zoom>\n<w:TrackMoves\/>\n<w:TrackFormatting\/>\n<w:HyphenationZone>21<\/w:HyphenationZone>\n<w:PunctuationKerning\/>\n<w:ValidateAgainstSchemas\/>\n<w:SaveIfXMLInvalid>false<\/w:SaveIfXMLInvalid>\n<w:IgnoreMixedContent>false<\/w:IgnoreMixedContent>\n<w:AlwaysShowPlaceholderText>false<\/w:AlwaysShowPlaceholderText>\n<w:DoNotPromoteQF\/>\n<w:LidThemeOther>DE<\/w:LidThemeOther>\n<w:LidThemeAsian>X-NONE<\/w:LidThemeAsian>\n<w:LidThemeComplexScript>X-NONE<\/w:LidThemeComplexScript>\n<w:Compatibility>\n<w:BreakWrappedTables\/>\n<w:SnapToGridInCell\/>\n<w:WrapTextWithPunct\/>\n<w:UseAsianBreakRules\/>\n<w:DontGrowAutofit\/>\n<w:SplitPgBreakAndParaMark\/>\n<w:EnableOpenTypeKerning\/>\n<w:DontFlipMirrorIndents\/>\n<w:OverrideTableStyleHps\/>\n<\/w:Compatibility>\n<m:mathPr>\n<m:mathFont m:val=\"Cambria Math\"\/>\n<m:brkBin m:val=\"before\"\/>\n<m:brkBinSub m:val=\"--\"\/>\n<m:smallFrac m:val=\"off\"\/>\n<m:dispDef\/>\n<m:lMargin m:val=\"0\"\/>\n<m:rMargin m:val=\"0\"\/>\n<m:defJc m:val=\"centerGroup\"\/>\n<m:wrapIndent m:val=\"1440\"\/>\n<m:intLim m:val=\"subSup\"\/>\n<m:naryLim m:val=\"undOvr\"\/>\n<\/m:mathPr><\/w:WordDocument>\n<\/xml><!&#091;endif&#093;--><!-- &#091;if gte mso 9&#093;><xml>\n<w:LatentStyles DefLockedState=\"false\" DefUnhideWhenUsed=\"false\" DefSemiHidden=\"false\" DefQFormat=\"false\" DefPriority=\"99\" LatentStyleCount=\"376\">\n<w:LsdException Locked=\"false\" Priority=\"0\" QFormat=\"true\" Name=\"Normal\"\/>\n<w:LsdException Locked=\"false\" Priority=\"9\" QFormat=\"true\" Name=\"heading 1\"\/>\n<w:LsdException Locked=\"false\" Priority=\"9\" SemiHidden=\"true\" UnhideWhenUsed=\"true\" QFormat=\"true\" Name=\"heading 2\"\/>\n<w:LsdException Locked=\"false\" Priority=\"9\" SemiHidden=\"true\" UnhideWhenUsed=\"true\" QFormat=\"true\" Name=\"heading 3\"\/>\n<w:LsdException Locked=\"false\" Priority=\"9\" SemiHidden=\"true\" UnhideWhenUsed=\"true\" QFormat=\"true\" Name=\"heading 4\"\/>\n<w:LsdException Locked=\"false\" Priority=\"9\" SemiHidden=\"true\" UnhideWhenUsed=\"true\" QFormat=\"true\" Name=\"heading 5\"\/>\n<w:LsdException Locked=\"false\" Priority=\"9\" SemiHidden=\"true\" UnhideWhenUsed=\"true\" QFormat=\"true\" Name=\"heading 6\"\/>\n<w:LsdException Locked=\"false\" Priority=\"9\" SemiHidden=\"true\" UnhideWhenUsed=\"true\" QFormat=\"true\" Name=\"heading 7\"\/>\n<w:LsdException Locked=\"false\" Priority=\"9\" SemiHidden=\"true\" UnhideWhenUsed=\"true\" QFormat=\"true\" Name=\"heading 8\"\/>\n<w:LsdException Locked=\"false\" Priority=\"9\" SemiHidden=\"true\" UnhideWhenUsed=\"true\" QFormat=\"true\" Name=\"heading 9\"\/>\n<w:LsdException Locked=\"false\" SemiHidden=\"true\" UnhideWhenUsed=\"true\" Name=\"index 1\"\/>\n<w:LsdException Locked=\"false\" SemiHidden=\"true\" UnhideWhenUsed=\"true\" Name=\"index 2\"\/>\n<w:LsdException Locked=\"false\" SemiHidden=\"true\" UnhideWhenUsed=\"true\" Name=\"index 3\"\/>\n<w:LsdException Locked=\"false\" SemiHidden=\"true\" UnhideWhenUsed=\"true\" Name=\"index 4\"\/>\n<w:LsdException Locked=\"false\" SemiHidden=\"true\" UnhideWhenUsed=\"true\" Name=\"index 5\"\/>\n<w:LsdException Locked=\"false\" SemiHidden=\"true\" UnhideWhenUsed=\"true\" Name=\"index 6\"\/>\n<w:LsdException Locked=\"false\" SemiHidden=\"true\" UnhideWhenUsed=\"true\" Name=\"index 7\"\/>\n<w:LsdException Locked=\"false\" SemiHidden=\"true\" UnhideWhenUsed=\"true\" Name=\"index 8\"\/>\n<w:LsdException Locked=\"false\" SemiHidden=\"true\" UnhideWhenUsed=\"true\" Name=\"index 9\"\/>\n<w:LsdException Locked=\"false\" Priority=\"39\" SemiHidden=\"true\" UnhideWhenUsed=\"true\" Name=\"toc 1\"\/>\n<w:LsdException Locked=\"false\" Priority=\"39\" SemiHidden=\"true\" UnhideWhenUsed=\"true\" Name=\"toc 2\"\/>\n<w:LsdException Locked=\"false\" Priority=\"39\" SemiHidden=\"true\" UnhideWhenUsed=\"true\" Name=\"toc 3\"\/>\n<w:LsdException Locked=\"false\" Priority=\"39\" SemiHidden=\"true\" UnhideWhenUsed=\"true\" Name=\"toc 4\"\/>\n<w:LsdException Locked=\"false\" Priority=\"39\" SemiHidden=\"true\" UnhideWhenUsed=\"true\" Name=\"toc 5\"\/>\n<w:LsdException Locked=\"false\" Priority=\"39\" SemiHidden=\"true\" UnhideWhenUsed=\"true\" Name=\"toc 6\"\/>\n<w:LsdException Locked=\"false\" Priority=\"39\" SemiHidden=\"true\" UnhideWhenUsed=\"true\" Name=\"toc 7\"\/>\n<w:LsdException Locked=\"false\" Priority=\"39\" SemiHidden=\"true\" UnhideWhenUsed=\"true\" Name=\"toc 8\"\/>\n<w:LsdException Locked=\"false\" Priority=\"39\" SemiHidden=\"true\" UnhideWhenUsed=\"true\" Name=\"toc 9\"\/>\n<w:LsdException Locked=\"false\" SemiHidden=\"true\" UnhideWhenUsed=\"true\" Name=\"Normal Indent\"\/>\n<w:LsdException Locked=\"false\" SemiHidden=\"true\" UnhideWhenUsed=\"true\" Name=\"footnote text\"\/>\n<w:LsdException Locked=\"false\" SemiHidden=\"true\" UnhideWhenUsed=\"true\" Name=\"annotation text\"\/>\n<w:LsdException Locked=\"false\" SemiHidden=\"true\" UnhideWhenUsed=\"true\" Name=\"header\"\/>\n<w:LsdException Locked=\"false\" SemiHidden=\"true\" UnhideWhenUsed=\"true\" Name=\"footer\"\/>\n<w:LsdException Locked=\"false\" SemiHidden=\"true\" UnhideWhenUsed=\"true\" Name=\"index heading\"\/>\n<w:LsdException Locked=\"false\" Priority=\"35\" SemiHidden=\"true\" UnhideWhenUsed=\"true\" QFormat=\"true\" Name=\"caption\"\/>\n<w:LsdException Locked=\"false\" SemiHidden=\"true\" UnhideWhenUsed=\"true\" Name=\"table of figures\"\/>\n<w:LsdException Locked=\"false\" SemiHidden=\"true\" UnhideWhenUsed=\"true\" Name=\"envelope address\"\/>\n<w:LsdException Locked=\"false\" SemiHidden=\"true\" UnhideWhenUsed=\"true\" Name=\"envelope return\"\/>\n<w:LsdException Locked=\"false\" SemiHidden=\"true\" UnhideWhenUsed=\"true\" Name=\"footnote reference\"\/>\n<w:LsdException Locked=\"false\" SemiHidden=\"true\" UnhideWhenUsed=\"true\" Name=\"annotation reference\"\/>\n<w:LsdException Locked=\"false\" SemiHidden=\"true\" UnhideWhenUsed=\"true\" Name=\"line number\"\/>\n<w:LsdException Locked=\"false\" SemiHidden=\"true\" UnhideWhenUsed=\"true\" Name=\"page number\"\/>\n<w:LsdException Locked=\"false\" SemiHidden=\"true\" UnhideWhenUsed=\"true\" Name=\"endnote reference\"\/>\n<w:LsdException Locked=\"false\" SemiHidden=\"true\" UnhideWhenUsed=\"true\" Name=\"endnote text\"\/>\n<w:LsdException Locked=\"false\" SemiHidden=\"true\" UnhideWhenUsed=\"true\" Name=\"table of authorities\"\/>\n<w:LsdException Locked=\"false\" SemiHidden=\"true\" UnhideWhenUsed=\"true\" Name=\"macro\"\/>\n<w:LsdException Locked=\"false\" SemiHidden=\"true\" UnhideWhenUsed=\"true\" Name=\"toa heading\"\/>\n<w:LsdException Locked=\"false\" SemiHidden=\"true\" UnhideWhenUsed=\"true\" Name=\"List\"\/>\n<w:LsdException Locked=\"false\" SemiHidden=\"true\" UnhideWhenUsed=\"true\" Name=\"List Bullet\"\/>\n<w:LsdException Locked=\"false\" SemiHidden=\"true\" UnhideWhenUsed=\"true\" Name=\"List Number\"\/>\n<w:LsdException Locked=\"false\" SemiHidden=\"true\" UnhideWhenUsed=\"true\" Name=\"List 2\"\/>\n<w:LsdException Locked=\"false\" SemiHidden=\"true\" UnhideWhenUsed=\"true\" Name=\"List 3\"\/>\n<w:LsdException Locked=\"false\" SemiHidden=\"true\" UnhideWhenUsed=\"true\" Name=\"List 4\"\/>\n<w:LsdException Locked=\"false\" SemiHidden=\"true\" UnhideWhenUsed=\"true\" Name=\"List 5\"\/>\n<w:LsdException Locked=\"false\" SemiHidden=\"true\" UnhideWhenUsed=\"true\" Name=\"List Bullet 2\"\/>\n<w:LsdException Locked=\"false\" SemiHidden=\"true\" UnhideWhenUsed=\"true\" Name=\"List Bullet 3\"\/>\n<w:LsdException Locked=\"false\" SemiHidden=\"true\" UnhideWhenUsed=\"true\" Name=\"List Bullet 4\"\/>\n<w:LsdException Locked=\"false\" SemiHidden=\"true\" UnhideWhenUsed=\"true\" Name=\"List Bullet 5\"\/>\n<w:LsdException Locked=\"false\" SemiHidden=\"true\" UnhideWhenUsed=\"true\" Name=\"List Number 2\"\/>\n<w:LsdException Locked=\"false\" SemiHidden=\"true\" UnhideWhenUsed=\"true\" Name=\"List Number 3\"\/>\n<w:LsdException Locked=\"false\" SemiHidden=\"true\" UnhideWhenUsed=\"true\" Name=\"List Number 4\"\/>\n<w:LsdException Locked=\"false\" SemiHidden=\"true\" UnhideWhenUsed=\"true\" Name=\"List Number 5\"\/>\n<w:LsdException Locked=\"false\" Priority=\"10\" QFormat=\"true\" Name=\"Title\"\/>\n<w:LsdException Locked=\"false\" SemiHidden=\"true\" UnhideWhenUsed=\"true\" Name=\"Closing\"\/>\n<w:LsdException Locked=\"false\" SemiHidden=\"true\" UnhideWhenUsed=\"true\" Name=\"Signature\"\/>\n<w:LsdException Locked=\"false\" Priority=\"1\" SemiHidden=\"true\" UnhideWhenUsed=\"true\" Name=\"Default Paragraph Font\"\/>\n<w:LsdException Locked=\"false\" SemiHidden=\"true\" UnhideWhenUsed=\"true\" Name=\"Body Text\"\/>\n<w:LsdException Locked=\"false\" SemiHidden=\"true\" UnhideWhenUsed=\"true\" Name=\"Body Text Indent\"\/>\n<w:LsdException Locked=\"false\" SemiHidden=\"true\" UnhideWhenUsed=\"true\" Name=\"List Continue\"\/>\n<w:LsdException Locked=\"false\" SemiHidden=\"true\" UnhideWhenUsed=\"true\" Name=\"List Continue 2\"\/>\n<w:LsdException Locked=\"false\" SemiHidden=\"true\" UnhideWhenUsed=\"true\" Name=\"List Continue 3\"\/>\n<w:LsdException Locked=\"false\" SemiHidden=\"true\" UnhideWhenUsed=\"true\" Name=\"List Continue 4\"\/>\n<w:LsdException Locked=\"false\" SemiHidden=\"true\" UnhideWhenUsed=\"true\" Name=\"List Continue 5\"\/>\n<w:LsdException Locked=\"false\" SemiHidden=\"true\" UnhideWhenUsed=\"true\" Name=\"Message Header\"\/>\n<w:LsdException Locked=\"false\" Priority=\"11\" QFormat=\"true\" Name=\"Subtitle\"\/>\n<w:LsdException Locked=\"false\" SemiHidden=\"true\" UnhideWhenUsed=\"true\" Name=\"Salutation\"\/>\n<w:LsdException Locked=\"false\" SemiHidden=\"true\" UnhideWhenUsed=\"true\" Name=\"Date\"\/>\n<w:LsdException Locked=\"false\" SemiHidden=\"true\" UnhideWhenUsed=\"true\" Name=\"Body Text First Indent\"\/>\n<w:LsdException Locked=\"false\" SemiHidden=\"true\" UnhideWhenUsed=\"true\" Name=\"Body Text First Indent 2\"\/>\n<w:LsdException Locked=\"false\" SemiHidden=\"true\" UnhideWhenUsed=\"true\" Name=\"Note Heading\"\/>\n<w:LsdException Locked=\"false\" SemiHidden=\"true\" UnhideWhenUsed=\"true\" Name=\"Body Text 2\"\/>\n<w:LsdException Locked=\"false\" SemiHidden=\"true\" UnhideWhenUsed=\"true\" Name=\"Body Text 3\"\/>\n<w:LsdException Locked=\"false\" SemiHidden=\"true\" UnhideWhenUsed=\"true\" Name=\"Body Text Indent 2\"\/>\n<w:LsdException Locked=\"false\" SemiHidden=\"true\" UnhideWhenUsed=\"true\" Name=\"Body Text Indent 3\"\/>\n<w:LsdException Locked=\"false\" SemiHidden=\"true\" UnhideWhenUsed=\"true\" Name=\"Block Text\"\/>\n<w:LsdException Locked=\"false\" SemiHidden=\"true\" UnhideWhenUsed=\"true\" Name=\"Hyperlink\"\/>\n<w:LsdException Locked=\"false\" SemiHidden=\"true\" UnhideWhenUsed=\"true\" Name=\"FollowedHyperlink\"\/>\n<w:LsdException Locked=\"false\" Priority=\"22\" QFormat=\"true\" Name=\"Strong\"\/>\n<w:LsdException Locked=\"false\" Priority=\"20\" QFormat=\"true\" Name=\"Emphasis\"\/>\n<w:LsdException Locked=\"false\" SemiHidden=\"true\" UnhideWhenUsed=\"true\" Name=\"Document Map\"\/>\n<w:LsdException Locked=\"false\" SemiHidden=\"true\" UnhideWhenUsed=\"true\" Name=\"Plain Text\"\/>\n<w:LsdException Locked=\"false\" SemiHidden=\"true\" UnhideWhenUsed=\"true\" Name=\"E-mail Signature\"\/>\n<w:LsdException Locked=\"false\" SemiHidden=\"true\" UnhideWhenUsed=\"true\" Name=\"HTML Top of Form\"\/>\n<w:LsdException Locked=\"false\" SemiHidden=\"true\" UnhideWhenUsed=\"true\" Name=\"HTML Bottom of Form\"\/>\n<w:LsdException Locked=\"false\" SemiHidden=\"true\" UnhideWhenUsed=\"true\" Name=\"Normal (Web)\"\/>\n<w:LsdException Locked=\"false\" SemiHidden=\"true\" UnhideWhenUsed=\"true\" Name=\"HTML Acronym\"\/>\n<w:LsdException Locked=\"false\" SemiHidden=\"true\" UnhideWhenUsed=\"true\" Name=\"HTML Address\"\/>\n<w:LsdException Locked=\"false\" SemiHidden=\"true\" UnhideWhenUsed=\"true\" Name=\"HTML Cite\"\/>\n<w:LsdException Locked=\"false\" SemiHidden=\"true\" UnhideWhenUsed=\"true\" Name=\"HTML Code\"\/>\n<w:LsdException Locked=\"false\" SemiHidden=\"true\" UnhideWhenUsed=\"true\" Name=\"HTML Definition\"\/>\n<w:LsdException Locked=\"false\" SemiHidden=\"true\" UnhideWhenUsed=\"true\" Name=\"HTML Keyboard\"\/>\n<w:LsdException Locked=\"false\" SemiHidden=\"true\" UnhideWhenUsed=\"true\" Name=\"HTML Preformatted\"\/>\n<w:LsdException Locked=\"false\" SemiHidden=\"true\" UnhideWhenUsed=\"true\" Name=\"HTML Sample\"\/>\n<w:LsdException Locked=\"false\" SemiHidden=\"true\" UnhideWhenUsed=\"true\" Name=\"HTML Typewriter\"\/>\n<w:LsdException Locked=\"false\" SemiHidden=\"true\" UnhideWhenUsed=\"true\" Name=\"HTML Variable\"\/>\n<w:LsdException Locked=\"false\" SemiHidden=\"true\" UnhideWhenUsed=\"true\" Name=\"Normal Table\"\/>\n<w:LsdException Locked=\"false\" SemiHidden=\"true\" UnhideWhenUsed=\"true\" Name=\"annotation subject\"\/>\n<w:LsdException Locked=\"false\" SemiHidden=\"true\" UnhideWhenUsed=\"true\" Name=\"No List\"\/>\n<w:LsdException Locked=\"false\" SemiHidden=\"true\" UnhideWhenUsed=\"true\" Name=\"Outline List 1\"\/>\n<w:LsdException Locked=\"false\" SemiHidden=\"true\" UnhideWhenUsed=\"true\" Name=\"Outline List 2\"\/>\n<w:LsdException Locked=\"false\" SemiHidden=\"true\" UnhideWhenUsed=\"true\" Name=\"Outline List 3\"\/>\n<w:LsdException Locked=\"false\" SemiHidden=\"true\" UnhideWhenUsed=\"true\" Name=\"Table Simple 1\"\/>\n<w:LsdException Locked=\"false\" SemiHidden=\"true\" UnhideWhenUsed=\"true\" Name=\"Table Simple 2\"\/>\n<w:LsdException Locked=\"false\" SemiHidden=\"true\" UnhideWhenUsed=\"true\" Name=\"Table Simple 3\"\/>\n<w:LsdException Locked=\"false\" SemiHidden=\"true\" UnhideWhenUsed=\"true\" Name=\"Table Classic 1\"\/>\n<w:LsdException Locked=\"false\" SemiHidden=\"true\" UnhideWhenUsed=\"true\" Name=\"Table Classic 2\"\/>\n<w:LsdException Locked=\"false\" SemiHidden=\"true\" UnhideWhenUsed=\"true\" Name=\"Table Classic 3\"\/>\n<w:LsdException Locked=\"false\" SemiHidden=\"true\" UnhideWhenUsed=\"true\" Name=\"Table Classic 4\"\/>\n<w:LsdException Locked=\"false\" SemiHidden=\"true\" UnhideWhenUsed=\"true\" Name=\"Table Colorful 1\"\/>\n<w:LsdException Locked=\"false\" SemiHidden=\"true\" UnhideWhenUsed=\"true\" Name=\"Table Colorful 2\"\/>\n<w:LsdException Locked=\"false\" SemiHidden=\"true\" UnhideWhenUsed=\"true\" Name=\"Table Colorful 3\"\/>\n<w:LsdException Locked=\"false\" SemiHidden=\"true\" UnhideWhenUsed=\"true\" Name=\"Table Columns 1\"\/>\n<w:LsdException Locked=\"false\" SemiHidden=\"true\" UnhideWhenUsed=\"true\" Name=\"Table Columns 2\"\/>\n<w:LsdException Locked=\"false\" SemiHidden=\"true\" UnhideWhenUsed=\"true\" Name=\"Table Columns 3\"\/>\n<w:LsdException Locked=\"false\" SemiHidden=\"true\" UnhideWhenUsed=\"true\" Name=\"Table Columns 4\"\/>\n<w:LsdException Locked=\"false\" SemiHidden=\"true\" UnhideWhenUsed=\"true\" Name=\"Table Columns 5\"\/>\n<w:LsdException Locked=\"false\" SemiHidden=\"true\" UnhideWhenUsed=\"true\" Name=\"Table Grid 1\"\/>\n<w:LsdException Locked=\"false\" SemiHidden=\"true\" UnhideWhenUsed=\"true\" Name=\"Table Grid 2\"\/>\n<w:LsdException Locked=\"false\" SemiHidden=\"true\" UnhideWhenUsed=\"true\" Name=\"Table Grid 3\"\/>\n<w:LsdException Locked=\"false\" SemiHidden=\"true\" UnhideWhenUsed=\"true\" Name=\"Table Grid 4\"\/>\n<w:LsdException Locked=\"false\" SemiHidden=\"true\" UnhideWhenUsed=\"true\" Name=\"Table Grid 5\"\/>\n<w:LsdException Locked=\"false\" SemiHidden=\"true\" UnhideWhenUsed=\"true\" Name=\"Table Grid 6\"\/>\n<w:LsdException Locked=\"false\" SemiHidden=\"true\" UnhideWhenUsed=\"true\" Name=\"Table Grid 7\"\/>\n<w:LsdException Locked=\"false\" SemiHidden=\"true\" UnhideWhenUsed=\"true\" Name=\"Table Grid 8\"\/>\n<w:LsdException Locked=\"false\" SemiHidden=\"true\" UnhideWhenUsed=\"true\" Name=\"Table List 1\"\/>\n<w:LsdException Locked=\"false\" SemiHidden=\"true\" UnhideWhenUsed=\"true\" Name=\"Table List 2\"\/>\n<w:LsdException Locked=\"false\" SemiHidden=\"true\" UnhideWhenUsed=\"true\" Name=\"Table List 3\"\/>\n<w:LsdException Locked=\"false\" SemiHidden=\"true\" UnhideWhenUsed=\"true\" Name=\"Table List 4\"\/>\n<w:LsdException Locked=\"false\" SemiHidden=\"true\" UnhideWhenUsed=\"true\" Name=\"Table List 5\"\/>\n<w:LsdException Locked=\"false\" SemiHidden=\"true\" UnhideWhenUsed=\"true\" Name=\"Table List 6\"\/>\n<w:LsdException Locked=\"false\" SemiHidden=\"true\" UnhideWhenUsed=\"true\" Name=\"Table List 7\"\/>\n<w:LsdException Locked=\"false\" SemiHidden=\"true\" UnhideWhenUsed=\"true\" Name=\"Table List 8\"\/>\n<w:LsdException Locked=\"false\" SemiHidden=\"true\" UnhideWhenUsed=\"true\" Name=\"Table 3D effects 1\"\/>\n<w:LsdException Locked=\"false\" SemiHidden=\"true\" UnhideWhenUsed=\"true\" Name=\"Table 3D effects 2\"\/>\n<w:LsdException Locked=\"false\" SemiHidden=\"true\" UnhideWhenUsed=\"true\" Name=\"Table 3D effects 3\"\/>\n<w:LsdException Locked=\"false\" SemiHidden=\"true\" UnhideWhenUsed=\"true\" Name=\"Table Contemporary\"\/>\n<w:LsdException Locked=\"false\" SemiHidden=\"true\" UnhideWhenUsed=\"true\" Name=\"Table Elegant\"\/>\n<w:LsdException Locked=\"false\" SemiHidden=\"true\" UnhideWhenUsed=\"true\" Name=\"Table Professional\"\/>\n<w:LsdException Locked=\"false\" SemiHidden=\"true\" UnhideWhenUsed=\"true\" Name=\"Table Subtle 1\"\/>\n<w:LsdException Locked=\"false\" SemiHidden=\"true\" UnhideWhenUsed=\"true\" Name=\"Table Subtle 2\"\/>\n<w:LsdException Locked=\"false\" SemiHidden=\"true\" UnhideWhenUsed=\"true\" Name=\"Table Web 1\"\/>\n<w:LsdException Locked=\"false\" SemiHidden=\"true\" UnhideWhenUsed=\"true\" Name=\"Table Web 2\"\/>\n<w:LsdException Locked=\"false\" SemiHidden=\"true\" UnhideWhenUsed=\"true\" Name=\"Table Web 3\"\/>\n<w:LsdException Locked=\"false\" SemiHidden=\"true\" UnhideWhenUsed=\"true\" Name=\"Balloon Text\"\/>\n<w:LsdException Locked=\"false\" Priority=\"39\" Name=\"Table Grid\"\/>\n<w:LsdException Locked=\"false\" SemiHidden=\"true\" UnhideWhenUsed=\"true\" Name=\"Table Theme\"\/>\n<w:LsdException Locked=\"false\" SemiHidden=\"true\" Name=\"Placeholder Text\"\/>\n<w:LsdException Locked=\"false\" Priority=\"1\" QFormat=\"true\" Name=\"No Spacing\"\/>\n<w:LsdException Locked=\"false\" Priority=\"60\" Name=\"Light Shading\"\/>\n<w:LsdException Locked=\"false\" Priority=\"61\" Name=\"Light List\"\/>\n<w:LsdException Locked=\"false\" Priority=\"62\" Name=\"Light Grid\"\/>\n<w:LsdException Locked=\"false\" Priority=\"63\" Name=\"Medium Shading 1\"\/>\n<w:LsdException Locked=\"false\" Priority=\"64\" Name=\"Medium Shading 2\"\/>\n<w:LsdException Locked=\"false\" Priority=\"65\" Name=\"Medium List 1\"\/>\n<w:LsdException Locked=\"false\" Priority=\"66\" Name=\"Medium List 2\"\/>\n<w:LsdException Locked=\"false\" Priority=\"67\" Name=\"Medium Grid 1\"\/>\n<w:LsdException Locked=\"false\" Priority=\"68\" Name=\"Medium Grid 2\"\/>\n<w:LsdException Locked=\"false\" Priority=\"69\" Name=\"Medium Grid 3\"\/>\n<w:LsdException Locked=\"false\" Priority=\"70\" Name=\"Dark List\"\/>\n<w:LsdException Locked=\"false\" Priority=\"71\" Name=\"Colorful Shading\"\/>\n<w:LsdException Locked=\"false\" Priority=\"72\" Name=\"Colorful List\"\/>\n<w:LsdException Locked=\"false\" Priority=\"73\" Name=\"Colorful Grid\"\/>\n<w:LsdException Locked=\"false\" Priority=\"60\" Name=\"Light Shading Accent 1\"\/>\n<w:LsdException Locked=\"false\" Priority=\"61\" Name=\"Light List Accent 1\"\/>\n<w:LsdException Locked=\"false\" Priority=\"62\" Name=\"Light Grid Accent 1\"\/>\n<w:LsdException Locked=\"false\" Priority=\"63\" Name=\"Medium Shading 1 Accent 1\"\/>\n<w:LsdException Locked=\"false\" Priority=\"64\" Name=\"Medium Shading 2 Accent 1\"\/>\n<w:LsdException Locked=\"false\" Priority=\"65\" Name=\"Medium List 1 Accent 1\"\/>\n<w:LsdException Locked=\"false\" SemiHidden=\"true\" Name=\"Revision\"\/>\n<w:LsdException Locked=\"false\" Priority=\"34\" QFormat=\"true\" Name=\"List Paragraph\"\/>\n<w:LsdException Locked=\"false\" Priority=\"29\" QFormat=\"true\" Name=\"Quote\"\/>\n<w:LsdException Locked=\"false\" Priority=\"30\" QFormat=\"true\" Name=\"Intense Quote\"\/>\n<w:LsdException Locked=\"false\" Priority=\"66\" Name=\"Medium List 2 Accent 1\"\/>\n<w:LsdException Locked=\"false\" Priority=\"67\" Name=\"Medium Grid 1 Accent 1\"\/>\n<w:LsdException Locked=\"false\" Priority=\"68\" Name=\"Medium Grid 2 Accent 1\"\/>\n<w:LsdException Locked=\"false\" Priority=\"69\" Name=\"Medium Grid 3 Accent 1\"\/>\n<w:LsdException Locked=\"false\" Priority=\"70\" Name=\"Dark List Accent 1\"\/>\n<w:LsdException Locked=\"false\" Priority=\"71\" Name=\"Colorful Shading Accent 1\"\/>\n<w:LsdException Locked=\"false\" Priority=\"72\" Name=\"Colorful List Accent 1\"\/>\n<w:LsdException Locked=\"false\" Priority=\"73\" Name=\"Colorful Grid Accent 1\"\/>\n<w:LsdException Locked=\"false\" Priority=\"60\" Name=\"Light Shading Accent 2\"\/>\n<w:LsdException Locked=\"false\" Priority=\"61\" Name=\"Light List Accent 2\"\/>\n<w:LsdException Locked=\"false\" Priority=\"62\" Name=\"Light Grid Accent 2\"\/>\n<w:LsdException Locked=\"false\" Priority=\"63\" Name=\"Medium Shading 1 Accent 2\"\/>\n<w:LsdException Locked=\"false\" Priority=\"64\" Name=\"Medium Shading 2 Accent 2\"\/>\n<w:LsdException Locked=\"false\" Priority=\"65\" Name=\"Medium List 1 Accent 2\"\/>\n<w:LsdException Locked=\"false\" Priority=\"66\" Name=\"Medium List 2 Accent 2\"\/>\n<w:LsdException Locked=\"false\" Priority=\"67\" Name=\"Medium Grid 1 Accent 2\"\/>\n<w:LsdException Locked=\"false\" Priority=\"68\" Name=\"Medium Grid 2 Accent 2\"\/>\n<w:LsdException Locked=\"false\" Priority=\"69\" Name=\"Medium Grid 3 Accent 2\"\/>\n<w:LsdException Locked=\"false\" Priority=\"70\" Name=\"Dark List Accent 2\"\/>\n<w:LsdException Locked=\"false\" Priority=\"71\" Name=\"Colorful Shading Accent 2\"\/>\n<w:LsdException Locked=\"false\" Priority=\"72\" Name=\"Colorful List Accent 2\"\/>\n<w:LsdException Locked=\"false\" Priority=\"73\" Name=\"Colorful Grid Accent 2\"\/>\n<w:LsdException Locked=\"false\" Priority=\"60\" Name=\"Light Shading Accent 3\"\/>\n<w:LsdException Locked=\"false\" Priority=\"61\" Name=\"Light List Accent 3\"\/>\n<w:LsdException Locked=\"false\" Priority=\"62\" Name=\"Light Grid Accent 3\"\/>\n<w:LsdException Locked=\"false\" Priority=\"63\" Name=\"Medium Shading 1 Accent 3\"\/>\n<w:LsdException Locked=\"false\" Priority=\"64\" Name=\"Medium Shading 2 Accent 3\"\/>\n<w:LsdException Locked=\"false\" Priority=\"65\" Name=\"Medium List 1 Accent 3\"\/>\n<w:LsdException Locked=\"false\" Priority=\"66\" Name=\"Medium List 2 Accent 3\"\/>\n<w:LsdException Locked=\"false\" Priority=\"67\" Name=\"Medium Grid 1 Accent 3\"\/>\n<w:LsdException Locked=\"false\" Priority=\"68\" Name=\"Medium Grid 2 Accent 3\"\/>\n<w:LsdException Locked=\"false\" Priority=\"69\" Name=\"Medium Grid 3 Accent 3\"\/>\n<w:LsdException Locked=\"false\" Priority=\"70\" Name=\"Dark List Accent 3\"\/>\n<w:LsdException Locked=\"false\" Priority=\"71\" Name=\"Colorful Shading Accent 3\"\/>\n<w:LsdException Locked=\"false\" Priority=\"72\" Name=\"Colorful List Accent 3\"\/>\n<w:LsdException Locked=\"false\" Priority=\"73\" Name=\"Colorful Grid Accent 3\"\/>\n<w:LsdException Locked=\"false\" Priority=\"60\" Name=\"Light Shading Accent 4\"\/>\n<w:LsdException Locked=\"false\" Priority=\"61\" Name=\"Light List Accent 4\"\/>\n<w:LsdException Locked=\"false\" Priority=\"62\" Name=\"Light Grid Accent 4\"\/>\n<w:LsdException Locked=\"false\" Priority=\"63\" Name=\"Medium Shading 1 Accent 4\"\/>\n<w:LsdException Locked=\"false\" Priority=\"64\" Name=\"Medium Shading 2 Accent 4\"\/>\n<w:LsdException Locked=\"false\" Priority=\"65\" Name=\"Medium List 1 Accent 4\"\/>\n<w:LsdException Locked=\"false\" Priority=\"66\" Name=\"Medium List 2 Accent 4\"\/>\n<w:LsdException Locked=\"false\" Priority=\"67\" Name=\"Medium Grid 1 Accent 4\"\/>\n<w:LsdException Locked=\"false\" Priority=\"68\" Name=\"Medium Grid 2 Accent 4\"\/>\n<w:LsdException Locked=\"false\" Priority=\"69\" Name=\"Medium Grid 3 Accent 4\"\/>\n<w:LsdException Locked=\"false\" Priority=\"70\" Name=\"Dark List Accent 4\"\/>\n<w:LsdException Locked=\"false\" Priority=\"71\" Name=\"Colorful Shading Accent 4\"\/>\n<w:LsdException Locked=\"false\" Priority=\"72\" Name=\"Colorful List Accent 4\"\/>\n<w:LsdException Locked=\"false\" Priority=\"73\" Name=\"Colorful Grid Accent 4\"\/>\n<w:LsdException Locked=\"false\" Priority=\"60\" Name=\"Light Shading Accent 5\"\/>\n<w:LsdException Locked=\"false\" Priority=\"61\" Name=\"Light List Accent 5\"\/>\n<w:LsdException Locked=\"false\" Priority=\"62\" Name=\"Light Grid Accent 5\"\/>\n<w:LsdException Locked=\"false\" Priority=\"63\" Name=\"Medium Shading 1 Accent 5\"\/>\n<w:LsdException Locked=\"false\" Priority=\"64\" Name=\"Medium Shading 2 Accent 5\"\/>\n<w:LsdException Locked=\"false\" Priority=\"65\" Name=\"Medium List 1 Accent 5\"\/>\n<w:LsdException Locked=\"false\" Priority=\"66\" Name=\"Medium List 2 Accent 5\"\/>\n<w:LsdException Locked=\"false\" Priority=\"67\" Name=\"Medium Grid 1 Accent 5\"\/>\n<w:LsdException Locked=\"false\" Priority=\"68\" Name=\"Medium Grid 2 Accent 5\"\/>\n<w:LsdException Locked=\"false\" Priority=\"69\" Name=\"Medium Grid 3 Accent 5\"\/>\n<w:LsdException Locked=\"false\" Priority=\"70\" Name=\"Dark List Accent 5\"\/>\n<w:LsdException Locked=\"false\" Priority=\"71\" Name=\"Colorful Shading Accent 5\"\/>\n<w:LsdException Locked=\"false\" Priority=\"72\" Name=\"Colorful List Accent 5\"\/>\n<w:LsdException Locked=\"false\" Priority=\"73\" Name=\"Colorful Grid Accent 5\"\/>\n<w:LsdException Locked=\"false\" Priority=\"60\" Name=\"Light Shading Accent 6\"\/>\n<w:LsdException Locked=\"false\" Priority=\"61\" Name=\"Light List Accent 6\"\/>\n<w:LsdException Locked=\"false\" Priority=\"62\" Name=\"Light Grid Accent 6\"\/>\n<w:LsdException Locked=\"false\" Priority=\"63\" Name=\"Medium Shading 1 Accent 6\"\/>\n<w:LsdException Locked=\"false\" Priority=\"64\" Name=\"Medium Shading 2 Accent 6\"\/>\n<w:LsdException Locked=\"false\" Priority=\"65\" Name=\"Medium List 1 Accent 6\"\/>\n<w:LsdException Locked=\"false\" Priority=\"66\" Name=\"Medium List 2 Accent 6\"\/>\n<w:LsdException Locked=\"false\" Priority=\"67\" Name=\"Medium Grid 1 Accent 6\"\/>\n<w:LsdException Locked=\"false\" Priority=\"68\" Name=\"Medium Grid 2 Accent 6\"\/>\n<w:LsdException Locked=\"false\" Priority=\"69\" Name=\"Medium Grid 3 Accent 6\"\/>\n<w:LsdException Locked=\"false\" Priority=\"70\" Name=\"Dark List Accent 6\"\/>\n<w:LsdException Locked=\"false\" Priority=\"71\" Name=\"Colorful Shading Accent 6\"\/>\n<w:LsdException Locked=\"false\" Priority=\"72\" Name=\"Colorful List Accent 6\"\/>\n<w:LsdException Locked=\"false\" Priority=\"73\" Name=\"Colorful Grid Accent 6\"\/>\n<w:LsdException Locked=\"false\" Priority=\"19\" QFormat=\"true\" Name=\"Subtle Emphasis\"\/>\n<w:LsdException Locked=\"false\" Priority=\"21\" QFormat=\"true\" Name=\"Intense Emphasis\"\/>\n<w:LsdException Locked=\"false\" Priority=\"31\" QFormat=\"true\" Name=\"Subtle Reference\"\/>\n<w:LsdException Locked=\"false\" Priority=\"32\" QFormat=\"true\" Name=\"Intense Reference\"\/>\n<w:LsdException Locked=\"false\" Priority=\"33\" QFormat=\"true\" Name=\"Book Title\"\/>\n<w:LsdException Locked=\"false\" Priority=\"37\" SemiHidden=\"true\" UnhideWhenUsed=\"true\" Name=\"Bibliography\"\/>\n<w:LsdException Locked=\"false\" Priority=\"39\" SemiHidden=\"true\" UnhideWhenUsed=\"true\" QFormat=\"true\" Name=\"TOC Heading\"\/>\n<w:LsdException Locked=\"false\" Priority=\"41\" Name=\"Plain Table 1\"\/>\n<w:LsdException Locked=\"false\" Priority=\"42\" Name=\"Plain Table 2\"\/>\n<w:LsdException Locked=\"false\" Priority=\"43\" Name=\"Plain Table 3\"\/>\n<w:LsdException Locked=\"false\" Priority=\"44\" Name=\"Plain Table 4\"\/>\n<w:LsdException Locked=\"false\" Priority=\"45\" Name=\"Plain Table 5\"\/>\n<w:LsdException Locked=\"false\" Priority=\"40\" Name=\"Grid Table Light\"\/>\n<w:LsdException Locked=\"false\" Priority=\"46\" Name=\"Grid Table 1 Light\"\/>\n<w:LsdException Locked=\"false\" Priority=\"47\" Name=\"Grid Table 2\"\/>\n<w:LsdException Locked=\"false\" Priority=\"48\" Name=\"Grid Table 3\"\/>\n<w:LsdException Locked=\"false\" Priority=\"49\" Name=\"Grid Table 4\"\/>\n<w:LsdException Locked=\"false\" Priority=\"50\" Name=\"Grid Table 5 Dark\"\/>\n<w:LsdException Locked=\"false\" Priority=\"51\" Name=\"Grid Table 6 Colorful\"\/>\n<w:LsdException Locked=\"false\" Priority=\"52\" Name=\"Grid Table 7 Colorful\"\/>\n<w:LsdException Locked=\"false\" Priority=\"46\" Name=\"Grid Table 1 Light Accent 1\"\/>\n<w:LsdException Locked=\"false\" Priority=\"47\" Name=\"Grid Table 2 Accent 1\"\/>\n<w:LsdException Locked=\"false\" Priority=\"48\" Name=\"Grid Table 3 Accent 1\"\/>\n<w:LsdException Locked=\"false\" Priority=\"49\" Name=\"Grid Table 4 Accent 1\"\/>\n<w:LsdException Locked=\"false\" Priority=\"50\" Name=\"Grid Table 5 Dark Accent 1\"\/>\n<w:LsdException Locked=\"false\" Priority=\"51\" Name=\"Grid Table 6 Colorful Accent 1\"\/>\n<w:LsdException Locked=\"false\" Priority=\"52\" Name=\"Grid Table 7 Colorful Accent 1\"\/>\n<w:LsdException Locked=\"false\" Priority=\"46\" Name=\"Grid Table 1 Light Accent 2\"\/>\n<w:LsdException Locked=\"false\" Priority=\"47\" Name=\"Grid Table 2 Accent 2\"\/>\n<w:LsdException Locked=\"false\" Priority=\"48\" Name=\"Grid Table 3 Accent 2\"\/>\n<w:LsdException Locked=\"false\" Priority=\"49\" Name=\"Grid Table 4 Accent 2\"\/>\n<w:LsdException Locked=\"false\" Priority=\"50\" Name=\"Grid Table 5 Dark Accent 2\"\/>\n<w:LsdException Locked=\"false\" Priority=\"51\" Name=\"Grid Table 6 Colorful Accent 2\"\/>\n<w:LsdException Locked=\"false\" Priority=\"52\" Name=\"Grid Table 7 Colorful Accent 2\"\/>\n<w:LsdException Locked=\"false\" Priority=\"46\" Name=\"Grid Table 1 Light Accent 3\"\/>\n<w:LsdException Locked=\"false\" Priority=\"47\" Name=\"Grid Table 2 Accent 3\"\/>\n<w:LsdException Locked=\"false\" Priority=\"48\" Name=\"Grid Table 3 Accent 3\"\/>\n<w:LsdException Locked=\"false\" Priority=\"49\" Name=\"Grid Table 4 Accent 3\"\/>\n<w:LsdException Locked=\"false\" Priority=\"50\" Name=\"Grid Table 5 Dark Accent 3\"\/>\n<w:LsdException Locked=\"false\" Priority=\"51\" Name=\"Grid Table 6 Colorful Accent 3\"\/>\n<w:LsdException Locked=\"false\" Priority=\"52\" Name=\"Grid Table 7 Colorful Accent 3\"\/>\n<w:LsdException Locked=\"false\" Priority=\"46\" Name=\"Grid Table 1 Light Accent 4\"\/>\n<w:LsdException Locked=\"false\" Priority=\"47\" Name=\"Grid Table 2 Accent 4\"\/>\n<w:LsdException Locked=\"false\" Priority=\"48\" Name=\"Grid Table 3 Accent 4\"\/>\n<w:LsdException Locked=\"false\" Priority=\"49\" Name=\"Grid Table 4 Accent 4\"\/>\n<w:LsdException Locked=\"false\" Priority=\"50\" Name=\"Grid Table 5 Dark Accent 4\"\/>\n<w:LsdException Locked=\"false\" Priority=\"51\" Name=\"Grid Table 6 Colorful Accent 4\"\/>\n<w:LsdException Locked=\"false\" Priority=\"52\" Name=\"Grid Table 7 Colorful Accent 4\"\/>\n<w:LsdException Locked=\"false\" Priority=\"46\" Name=\"Grid Table 1 Light Accent 5\"\/>\n<w:LsdException Locked=\"false\" Priority=\"47\" Name=\"Grid Table 2 Accent 5\"\/>\n<w:LsdException Locked=\"false\" Priority=\"48\" Name=\"Grid Table 3 Accent 5\"\/>\n<w:LsdException Locked=\"false\" Priority=\"49\" Name=\"Grid Table 4 Accent 5\"\/>\n<w:LsdException Locked=\"false\" Priority=\"50\" Name=\"Grid Table 5 Dark Accent 5\"\/>\n<w:LsdException Locked=\"false\" Priority=\"51\" Name=\"Grid Table 6 Colorful Accent 5\"\/>\n<w:LsdException Locked=\"false\" Priority=\"52\" Name=\"Grid Table 7 Colorful Accent 5\"\/>\n<w:LsdException Locked=\"false\" Priority=\"46\" Name=\"Grid Table 1 Light Accent 6\"\/>\n<w:LsdException Locked=\"false\" Priority=\"47\" Name=\"Grid Table 2 Accent 6\"\/>\n<w:LsdException Locked=\"false\" Priority=\"48\" Name=\"Grid Table 3 Accent 6\"\/>\n<w:LsdException Locked=\"false\" Priority=\"49\" Name=\"Grid Table 4 Accent 6\"\/>\n<w:LsdException Locked=\"false\" Priority=\"50\" Name=\"Grid Table 5 Dark Accent 6\"\/>\n<w:LsdException Locked=\"false\" Priority=\"51\" Name=\"Grid Table 6 Colorful Accent 6\"\/>\n<w:LsdException Locked=\"false\" Priority=\"52\" Name=\"Grid Table 7 Colorful Accent 6\"\/>\n<w:LsdException Locked=\"false\" Priority=\"46\" Name=\"List Table 1 Light\"\/>\n<w:LsdException Locked=\"false\" Priority=\"47\" Name=\"List Table 2\"\/>\n<w:LsdException Locked=\"false\" Priority=\"48\" Name=\"List Table 3\"\/>\n<w:LsdException Locked=\"false\" Priority=\"49\" Name=\"List Table 4\"\/>\n<w:LsdException Locked=\"false\" Priority=\"50\" Name=\"List Table 5 Dark\"\/>\n<w:LsdException Locked=\"false\" Priority=\"51\" Name=\"List Table 6 Colorful\"\/>\n<w:LsdException Locked=\"false\" Priority=\"52\" Name=\"List Table 7 Colorful\"\/>\n<w:LsdException Locked=\"false\" Priority=\"46\" Name=\"List Table 1 Light Accent 1\"\/>\n<w:LsdException Locked=\"false\" Priority=\"47\" Name=\"List Table 2 Accent 1\"\/>\n<w:LsdException Locked=\"false\" Priority=\"48\" Name=\"List Table 3 Accent 1\"\/>\n<w:LsdException Locked=\"false\" Priority=\"49\" Name=\"List Table 4 Accent 1\"\/>\n<w:LsdException Locked=\"false\" Priority=\"50\" Name=\"List Table 5 Dark Accent 1\"\/>\n<w:LsdException Locked=\"false\" Priority=\"51\" Name=\"List Table 6 Colorful Accent 1\"\/>\n<w:LsdException Locked=\"false\" Priority=\"52\" Name=\"List Table 7 Colorful Accent 1\"\/>\n<w:LsdException Locked=\"false\" Priority=\"46\" Name=\"List Table 1 Light Accent 2\"\/>\n<w:LsdException Locked=\"false\" Priority=\"47\" Name=\"List Table 2 Accent 2\"\/>\n<w:LsdException Locked=\"false\" Priority=\"48\" Name=\"List Table 3 Accent 2\"\/>\n<w:LsdException Locked=\"false\" Priority=\"49\" Name=\"List Table 4 Accent 2\"\/>\n<w:LsdException Locked=\"false\" Priority=\"50\" Name=\"List Table 5 Dark Accent 2\"\/>\n<w:LsdException Locked=\"false\" Priority=\"51\" Name=\"List Table 6 Colorful Accent 2\"\/>\n<w:LsdException Locked=\"false\" Priority=\"52\" Name=\"List Table 7 Colorful Accent 2\"\/>\n<w:LsdException Locked=\"false\" Priority=\"46\" Name=\"List Table 1 Light Accent 3\"\/>\n<w:LsdException Locked=\"false\" Priority=\"47\" Name=\"List Table 2 Accent 3\"\/>\n<w:LsdException Locked=\"false\" Priority=\"48\" Name=\"List Table 3 Accent 3\"\/>\n<w:LsdException Locked=\"false\" Priority=\"49\" Name=\"List Table 4 Accent 3\"\/>\n<w:LsdException Locked=\"false\" Priority=\"50\" Name=\"List Table 5 Dark Accent 3\"\/>\n<w:LsdException Locked=\"false\" Priority=\"51\" Name=\"List Table 6 Colorful Accent 3\"\/>\n<w:LsdException Locked=\"false\" Priority=\"52\" Name=\"List Table 7 Colorful Accent 3\"\/>\n<w:LsdException Locked=\"false\" Priority=\"46\" Name=\"List Table 1 Light Accent 4\"\/>\n<w:LsdException Locked=\"false\" Priority=\"47\" Name=\"List Table 2 Accent 4\"\/>\n<w:LsdException Locked=\"false\" Priority=\"48\" Name=\"List Table 3 Accent 4\"\/>\n<w:LsdException Locked=\"false\" Priority=\"49\" Name=\"List Table 4 Accent 4\"\/>\n<w:LsdException Locked=\"false\" Priority=\"50\" Name=\"List Table 5 Dark Accent 4\"\/>\n<w:LsdException Locked=\"false\" Priority=\"51\" Name=\"List Table 6 Colorful Accent 4\"\/>\n<w:LsdException Locked=\"false\" Priority=\"52\" Name=\"List Table 7 Colorful Accent 4\"\/>\n<w:LsdException Locked=\"false\" Priority=\"46\" Name=\"List Table 1 Light Accent 5\"\/>\n<w:LsdException Locked=\"false\" Priority=\"47\" Name=\"List Table 2 Accent 5\"\/>\n<w:LsdException Locked=\"false\" Priority=\"48\" Name=\"List Table 3 Accent 5\"\/>\n<w:LsdException Locked=\"false\" Priority=\"49\" Name=\"List Table 4 Accent 5\"\/>\n<w:LsdException Locked=\"false\" Priority=\"50\" Name=\"List Table 5 Dark Accent 5\"\/>\n<w:LsdException Locked=\"false\" Priority=\"51\" Name=\"List Table 6 Colorful Accent 5\"\/>\n<w:LsdException Locked=\"false\" Priority=\"52\" Name=\"List Table 7 Colorful Accent 5\"\/>\n<w:LsdException Locked=\"false\" Priority=\"46\" Name=\"List Table 1 Light Accent 6\"\/>\n<w:LsdException Locked=\"false\" Priority=\"47\" Name=\"List Table 2 Accent 6\"\/>\n<w:LsdException Locked=\"false\" Priority=\"48\" Name=\"List Table 3 Accent 6\"\/>\n<w:LsdException Locked=\"false\" Priority=\"49\" Name=\"List Table 4 Accent 6\"\/>\n<w:LsdException Locked=\"false\" Priority=\"50\" Name=\"List Table 5 Dark Accent 6\"\/>\n<w:LsdException Locked=\"false\" Priority=\"51\" Name=\"List Table 6 Colorful Accent 6\"\/>\n<w:LsdException Locked=\"false\" Priority=\"52\" Name=\"List Table 7 Colorful Accent 6\"\/>\n<w:LsdException Locked=\"false\" SemiHidden=\"true\" UnhideWhenUsed=\"true\" Name=\"Mention\"\/>\n<w:LsdException Locked=\"false\" SemiHidden=\"true\" UnhideWhenUsed=\"true\" Name=\"Smart Hyperlink\"\/>\n<w:LsdException Locked=\"false\" SemiHidden=\"true\" UnhideWhenUsed=\"true\" Name=\"Hashtag\"\/>\n<w:LsdException Locked=\"false\" SemiHidden=\"true\" UnhideWhenUsed=\"true\" Name=\"Unresolved Mention\"\/>\n<w:LsdException Locked=\"false\" SemiHidden=\"true\" UnhideWhenUsed=\"true\" Name=\"Smart Link\"\/>\n<\/w:LatentStyles>\n<\/xml><!&#091;endif&#093;--><!-- &#091;if gte mso 10&#093;>\n\n\n\n\n\n\n\n<style>\n \/* Style Definitions *\/<br \/> table.MsoNormalTable<br \/>\t{mso-style-name:\"Normale Tabelle\";<br \/>\tmso-tstyle-rowband-size:0;<br \/>\tmso-tstyle-colband-size:0;<br \/>\tmso-style-noshow:yes;<br \/>\tmso-style-priority:99;<br \/>\tmso-style-parent:\"\";<br \/>\tmso-padding-alt:0cm 5.4pt 0cm 5.4pt;<br \/>\tmso-para-margin-top:0cm;<br \/>\tmso-para-margin-right:0cm;<br \/>\tmso-para-margin-bottom:10.0pt;<br \/>\tmso-para-margin-left:0cm;<br \/>\tline-height:115%;<br \/>\tmso-pagination:widow-orphan;<br \/>\tfont-size:11.0pt;<br \/>\tfont-family:\"Calibri\",sans-serif;<br \/>\tmso-ascii-font-family:Calibri;<br \/>\tmso-ascii-theme-font:minor-latin;<br \/>\tmso-hansi-font-family:Calibri;<br \/>\tmso-hansi-theme-font:minor-latin;<br \/>\tmso-bidi-font-family:\"Times New Roman\";<br \/>\tmso-bidi-theme-font:minor-bidi;<br \/>\tmso-fareast-language:EN-US;}<br \/><\/style>\n\n\n\n\n\n<!&#091;endif&#093;--><\/p>\n<p>Heute zeigen wir ab 18 Uhr die Dokumentarfilme <a href=\"https:\/\/freiheitsdenkmal-leipzig.de\/wp-content\/uploads\/2023\/08\/hinter-den-fenstern.pdf\"><strong>HINTER DEN FENSTERN<\/strong><\/a> and <strong><a href=\"https:\/\/freiheitsdenkmal-leipzig.de\/wp-content\/uploads\/2023\/08\/sorry-genosse.pdf\">SORRY, GENOSSE<\/a><\/strong> \u00fcber Liebespaare in der DDR.<\/p>\n<p>Wie Sie eventuell schon geh\u00f6rt haben, ist der heutige <strong><a href=\"https:\/\/ta61cb488.emailsys1a.net\/c\/215\/6962851\/828\/0\/505032\/11\/31431\/2ccf0b02a4.html\">Kinoabend am 26. September<\/a><\/strong> der letzte in der Kupfergasse. Denn wegen Umbauarbeiten im Dresdner Hof muss das <strong>Cinema Casino<\/strong> umziehen. Ab Oktober gehen wir <strong>ins Exil im Hansahaus, Grimmaische Stra\u00dfe 13-15<\/strong>, 04109 Leipzig.<\/p>\n<p>Wir freuen uns sehr, Sie dort am 17. Oktober zu einem Filmabend mit dem Thema <strong>Bedrohte Natur, zerst\u00f6rte Lebensr\u00e4ume<\/strong> und den Filmen <a href=\"https:\/\/ta61cb488.emailsys1a.net\/c\/215\/6962851\/828\/0\/505032\/11\/31440\/d4d4e15c10.html\"><strong>THE NORTH DRIFT \u2012 Plastik in Str\u00f6men<\/strong><\/a> von Steffen Krones und <strong><a href=\"https:\/\/ta61cb488.emailsys1a.net\/c\/215\/6962851\/828\/0\/505032\/11\/31441\/413336bddc.html\">ERINNERUNG AN EINE LANDSCHAFT \u2012 f\u00fcr Manuela<\/a> <\/strong>von Kurt Tetzlaff wiedersehen! Filmemacher Steffen Krones wird zum Gespr\u00e4ch anwesend sein.<\/p>\n<p>Den neuen Cinema Casino-Programmflyer f\u00fcr <a href=\"https:\/\/ta61cb488.emailsys1a.net\/c\/215\/6962851\/828\/0\/505032\/11\/31442\/57d1fbf0c1.html\"><strong>Oktober bis Dezember<\/strong><\/a> finden Sie <strong><a href=\"https:\/\/ta61cb488.emailsys1a.net\/c\/215\/6962851\/828\/0\/505032\/11\/31442\/57d1fbf0c1.html\">here<\/a><\/strong>.<\/p>\n<\/div><\/section><\/div>\n<div class='av-flex-placeholder'><\/div>\n<style type=\"text\/css\" data-created_by=\"avia_inline_auto\" id=\"style-css-av-av_two_fifth-d06667205e6186ec8414c6eb7605d406\">\n.flex_column.av-av_two_fifth-d06667205e6186ec8414c6eb7605d406{\nwidth:38.8%;\nmargin-left:0;\n}\n#top .flex_column_table.av-equal-height-column-flextable.av-av_two_fifth-d06667205e6186ec8414c6eb7605d406 .av-flex-placeholder{\nwidth:2%;\n}\n<\/style>\n<div  class='flex_column av-av_two_fifth-d06667205e6186ec8414c6eb7605d406 av_two_fifth  avia-builder-el-175  el_after_av_three_fifth  el_before_av_hr  flex_column_table_cell av-equal-height-column av-align-middle'     ><style type=\"text\/css\" data-created_by=\"avia_inline_auto\" id=\"style-css-av-av_image-2ef7cf1012a85968389d144e406cc5c8\">\n.avia-image-container.av-av_image-2ef7cf1012a85968389d144e406cc5c8 img.avia_image{\nbox-shadow:none;\n}\n.avia-image-container.av-av_image-2ef7cf1012a85968389d144e406cc5c8 .av-image-caption-overlay-center{\ncolor:#ffffff;\n}\n<\/style>\n<div  class='avia-image-container av-av_image-2ef7cf1012a85968389d144e406cc5c8 av-styling- avia-align-center  avia-builder-el-176  avia-builder-el-no-sibling'   itemprop=\"image\" itemscope=\"itemscope\" itemtype=\"https:\/\/schema.org\/ImageObject\" ><div class=\"avia-image-container-inner\"><div class=\"avia-image-overlay-wrap\"><img decoding=\"async\" fetchpriority=\"high\" class='wp-image-4705 avia-img-lazy-loading-not-4705 avia_image' src=\"https:\/\/freiheitsdenkmal-leipzig.de\/wp-content\/uploads\/2023\/09\/hinter-den-fenstern.jpg\" alt='' title='hinter-den-fenstern'  height=\"580\" width=\"870\"  itemprop=\"thumbnailUrl\" srcset=\"https:\/\/freiheitsdenkmal-leipzig.de\/wp-content\/uploads\/2023\/09\/hinter-den-fenstern.jpg 870w, https:\/\/freiheitsdenkmal-leipzig.de\/wp-content\/uploads\/2023\/09\/hinter-den-fenstern-300x200.jpg 300w, https:\/\/freiheitsdenkmal-leipzig.de\/wp-content\/uploads\/2023\/09\/hinter-den-fenstern-768x512.jpg 768w, https:\/\/freiheitsdenkmal-leipzig.de\/wp-content\/uploads\/2023\/09\/hinter-den-fenstern-18x12.jpg 18w, https:\/\/freiheitsdenkmal-leipzig.de\/wp-content\/uploads\/2023\/09\/hinter-den-fenstern-705x470.jpg 705w\" sizes=\"(max-width: 870px) 100vw, 870px\" \/><\/div><\/div><\/div><\/div><\/div><!--close column table wrapper. Autoclose: 1 -->\n<div  class='hr av-av_hr-bc943783b13769b99750b884f593b94d hr-default  avia-builder-el-177  el_after_av_two_fifth  el_before_av_two_third'><span class='hr-inner'><span class=\"hr-inner-style\"><\/span><\/span><\/div>\n<div class='flex_column_table av-av_two_third-9271597120674f9a1860933cafba3079 sc-av_two_third av-equal-height-column-flextable'>\n<style type=\"text\/css\" data-created_by=\"avia_inline_auto\" id=\"style-css-av-av_two_third-9271597120674f9a1860933cafba3079\">\n.flex_column.av-av_two_third-9271597120674f9a1860933cafba3079{\nwidth:66.333333333333%;\nmargin-left:0;\n}\n#top .flex_column_table.av-equal-height-column-flextable.av-av_two_third-9271597120674f9a1860933cafba3079 .av-flex-placeholder{\nwidth:1%;\n}\n<\/style>\n<div  class='flex_column av-av_two_third-9271597120674f9a1860933cafba3079 av_two_third  avia-builder-el-178  el_after_av_hr  el_before_av_one_third  first flex_column_table_cell av-equal-height-column av-align-middle'     ><section  class='av_textblock_section av-av_textblock-e878f05c31dff72941bf1e49a00d9ff5'   itemscope=\"itemscope\" itemtype=\"https:\/\/schema.org\/CreativeWork\" ><div class='avia_textblock'  itemprop=\"text\" ><h4>12.09.2023<\/h4>\n<h4><strong>Das Denkmal ist \u2026 Perspektivenvielfalt<\/strong><\/h4>\n<h4>Lesung<em> Erinnern st\u00f6ren<\/em><\/h4>\n<h5><strong>Donnerstag,<\/strong> <strong>14. September, 19 Uhr<\/strong><\/h5>\n<h5>Ort: Stadtbibliothek, &#8222;Huldreich Gro\u00df&#8220;, 4. OG<\/h5>\n<p>Das Buch \u201eErinnern st\u00f6ren. Der Mauerfall aus migrantischer und j\u00fcdischer Perspektive\u201c m\u00f6chte ausgegrenzte Perspektiven auf die deutsch-deutsche Vereinigung wieder sichtbar machen und an die K\u00e4mpfe um Teilhabe in den 1980er Jahren, einschneidende Erlebnisse um die Wende und die Selbstbehauptung gegen den Rassismus der 1990er Jahre erinnern. F\u00fcr die Lesung wird es eine kurze Einf\u00fchrung durch die Herausgeberin geben, danach werden Elisa Gutsche und Pablo Dominguez Andersen ihren Beitrag \u201eOst-Migrantische Erinnerung, Postmigrantische Allianzen\u201c vorstellen. Anschlie\u00dfend gibt es die M\u00f6glichkeit eines Publikumsgespr\u00e4ch.<br \/>\nEingeladen sind:<\/p>\n<ul>\n<li>Lydia Lierke (Herausgeberin)<\/li>\n<li>Elisa Gutsche<\/li>\n<li>Pablo Dominguez Andersen<\/li>\n<\/ul>\n<p>Eintritt frei, Teilnahme ohne Anmeldung m\u00f6glich; Kontakt: vermittlung@stiftung-fr.de<\/p>\n<\/div><\/section><\/div>\n<div class='av-flex-placeholder'><\/div>\n<style type=\"text\/css\" data-created_by=\"avia_inline_auto\" id=\"style-css-av-av_one_third-d06667205e6186ec8414c6eb7605d406\">\n.flex_column.av-av_one_third-d06667205e6186ec8414c6eb7605d406{\nwidth:32.666666666667%;\nmargin-left:0;\n}\n#top .flex_column_table.av-equal-height-column-flextable.av-av_one_third-d06667205e6186ec8414c6eb7605d406 .av-flex-placeholder{\nwidth:1%;\n}\n<\/style>\n<div  class='flex_column av-av_one_third-d06667205e6186ec8414c6eb7605d406 av_one_third  avia-builder-el-180  el_after_av_two_third  el_before_av_hr  flex_column_table_cell av-equal-height-column av-align-middle'     ><style type=\"text\/css\" data-created_by=\"avia_inline_auto\" id=\"style-css-av-av_image-7d8e93b3b088036807645c35aee36e0c\">\n.avia-image-container.av-av_image-7d8e93b3b088036807645c35aee36e0c img.avia_image{\nbox-shadow:none;\n}\n.avia-image-container.av-av_image-7d8e93b3b088036807645c35aee36e0c .av-image-caption-overlay-center{\ncolor:#ffffff;\n}\n<\/style>\n<div  class='avia-image-container av-av_image-7d8e93b3b088036807645c35aee36e0c av-styling- avia-align-center  avia-builder-el-181  avia-builder-el-no-sibling'   itemprop=\"image\" itemscope=\"itemscope\" itemtype=\"https:\/\/schema.org\/ImageObject\" ><div class=\"avia-image-container-inner\"><div class=\"avia-image-overlay-wrap\"><img decoding=\"async\" fetchpriority=\"high\" class='wp-image-4598 avia-img-lazy-loading-not-4598 avia_image' src=\"https:\/\/freiheitsdenkmal-leipzig.de\/wp-content\/uploads\/2023\/09\/138_Denkmalprozess_Instagram_Kacheln_2.jpg\" alt='' title='138_Denkmalprozess_Instagram_Kacheln_2'  height=\"2362\" width=\"2362\"  itemprop=\"thumbnailUrl\" srcset=\"https:\/\/freiheitsdenkmal-leipzig.de\/wp-content\/uploads\/2023\/09\/138_Denkmalprozess_Instagram_Kacheln_2.jpg 2362w, https:\/\/freiheitsdenkmal-leipzig.de\/wp-content\/uploads\/2023\/09\/138_Denkmalprozess_Instagram_Kacheln_2-300x300.jpg 300w, https:\/\/freiheitsdenkmal-leipzig.de\/wp-content\/uploads\/2023\/09\/138_Denkmalprozess_Instagram_Kacheln_2-1030x1030.jpg 1030w, https:\/\/freiheitsdenkmal-leipzig.de\/wp-content\/uploads\/2023\/09\/138_Denkmalprozess_Instagram_Kacheln_2-80x80.jpg 80w, https:\/\/freiheitsdenkmal-leipzig.de\/wp-content\/uploads\/2023\/09\/138_Denkmalprozess_Instagram_Kacheln_2-768x768.jpg 768w, https:\/\/freiheitsdenkmal-leipzig.de\/wp-content\/uploads\/2023\/09\/138_Denkmalprozess_Instagram_Kacheln_2-1536x1536.jpg 1536w, https:\/\/freiheitsdenkmal-leipzig.de\/wp-content\/uploads\/2023\/09\/138_Denkmalprozess_Instagram_Kacheln_2-2048x2048.jpg 2048w, https:\/\/freiheitsdenkmal-leipzig.de\/wp-content\/uploads\/2023\/09\/138_Denkmalprozess_Instagram_Kacheln_2-12x12.jpg 12w, https:\/\/freiheitsdenkmal-leipzig.de\/wp-content\/uploads\/2023\/09\/138_Denkmalprozess_Instagram_Kacheln_2-36x36.jpg 36w, https:\/\/freiheitsdenkmal-leipzig.de\/wp-content\/uploads\/2023\/09\/138_Denkmalprozess_Instagram_Kacheln_2-180x180.jpg 180w, https:\/\/freiheitsdenkmal-leipzig.de\/wp-content\/uploads\/2023\/09\/138_Denkmalprozess_Instagram_Kacheln_2-1500x1500.jpg 1500w, https:\/\/freiheitsdenkmal-leipzig.de\/wp-content\/uploads\/2023\/09\/138_Denkmalprozess_Instagram_Kacheln_2-705x705.jpg 705w\" sizes=\"(max-width: 2362px) 100vw, 2362px\" \/><\/div><\/div><\/div><\/div><\/div><!--close column table wrapper. Autoclose: 1 -->\n<div  class='hr av-av_hr-bc943783b13769b99750b884f593b94d hr-default  avia-builder-el-182  el_after_av_one_third  el_before_av_two_third'><span class='hr-inner'><span class=\"hr-inner-style\"><\/span><\/span><\/div>\n<div class='flex_column_table av-av_two_third-9271597120674f9a1860933cafba3079 sc-av_two_third av-equal-height-column-flextable'>\n<style type=\"text\/css\" data-created_by=\"avia_inline_auto\" id=\"style-css-av-av_two_third-9271597120674f9a1860933cafba3079\">\n.flex_column.av-av_two_third-9271597120674f9a1860933cafba3079{\nwidth:66.333333333333%;\nmargin-left:0;\n}\n#top .flex_column_table.av-equal-height-column-flextable.av-av_two_third-9271597120674f9a1860933cafba3079 .av-flex-placeholder{\nwidth:1%;\n}\n<\/style>\n<div  class='flex_column av-av_two_third-9271597120674f9a1860933cafba3079 av_two_third  avia-builder-el-183  el_after_av_hr  el_before_av_one_third  first flex_column_table_cell av-equal-height-column av-align-middle'     ><section  class='av_textblock_section av-av_textblock-e878f05c31dff72941bf1e49a00d9ff5'   itemscope=\"itemscope\" itemtype=\"https:\/\/schema.org\/CreativeWork\" ><div class='avia_textblock'  itemprop=\"text\" ><h4>08.09.2023<\/h4>\n<p class=\"_aacl _aaco _aacu _aacx _aad7 _aade\" dir=\"auto\">Im Cinema Casino zeigen wir am 12. und 26. September ab 18 Uhr die Dokumentarfilme <strong><a href=\"..\/wp-content\/uploads\/2023\/08\/sorry-genosse.pdf\" target=\"_blank\" rel=\"noopener\">SORRY, GENOSSE<\/a><\/strong> and <a href=\"..\/wp-content\/uploads\/2023\/08\/hinter-den-fenstern.pdf\" target=\"_blank\" rel=\"noopener\"><strong>HINTER DEN FENSTERN<\/strong><\/a> \u00fcber Liebespaare in der DDR.<br \/>\nAm 12. Juni wird SORRY, GENOSSE-Regisseurin Vera Br\u00fcckner anwesend sein. Der Eintritt ist frei.<\/p>\n<h5 class=\"_aacl _aaco _aacu _aacx _aad7 _aade\" dir=\"auto\">12. September Love in the GDR<\/h5>\n<p class=\"_aacl _aaco _aacu _aacx _aad7 _aade\" dir=\"auto\">18:00 <strong><a href=\"..\/wp-content\/uploads\/2023\/08\/sorry-genosse.pdf\" target=\"_blank\" rel=\"noopener\">SORRY, GENOSSE<\/a><\/strong><br \/>\n19:35 Gespr\u00e4ch mit Regisseurin Vera Br\u00fcckner bei Snacks und Getr\u00e4nken<br \/>\n20:20 <a href=\"..\/wp-content\/uploads\/2023\/08\/hinter-den-fenstern.pdf\" target=\"_blank\" rel=\"noopener\"><strong>HINTER DEN FENSTERN<\/strong><\/a><\/p>\n<p class=\"_aacl _aaco _aacu _aacx _aad7 _aade\" dir=\"auto\"><em><a href=\"..\/wp-content\/uploads\/2023\/06\/Casino_Kino_Flyer_02-druck.pdf\" target=\"_blank\" rel=\"noopener\"><strong>Mehr Infos: Cinema Casino-Flyer Juli bis September<\/strong><\/a><\/em><\/p>\n<\/div><\/section><\/div>\n<div class='av-flex-placeholder'><\/div>\n<style type=\"text\/css\" data-created_by=\"avia_inline_auto\" id=\"style-css-av-av_one_third-d06667205e6186ec8414c6eb7605d406\">\n.flex_column.av-av_one_third-d06667205e6186ec8414c6eb7605d406{\nwidth:32.666666666667%;\nmargin-left:0;\n}\n#top .flex_column_table.av-equal-height-column-flextable.av-av_one_third-d06667205e6186ec8414c6eb7605d406 .av-flex-placeholder{\nwidth:1%;\n}\n<\/style>\n<div  class='flex_column av-av_one_third-d06667205e6186ec8414c6eb7605d406 av_one_third  avia-builder-el-185  el_after_av_two_third  el_before_av_hr  flex_column_table_cell av-equal-height-column av-align-middle'     ><style type=\"text\/css\" data-created_by=\"avia_inline_auto\" id=\"style-css-av-av_image-b7896a3f043d3e1050fe6b286d97f3d2\">\n.avia-image-container.av-av_image-b7896a3f043d3e1050fe6b286d97f3d2 img.avia_image{\nbox-shadow:none;\n}\n.avia-image-container.av-av_image-b7896a3f043d3e1050fe6b286d97f3d2 .av-image-caption-overlay-center{\ncolor:#ffffff;\n}\n<\/style>\n<div  class='avia-image-container av-av_image-b7896a3f043d3e1050fe6b286d97f3d2 av-styling- avia-align-center  avia-builder-el-186  avia-builder-el-no-sibling'   itemprop=\"image\" itemscope=\"itemscope\" itemtype=\"https:\/\/schema.org\/ImageObject\" ><div class=\"avia-image-container-inner\"><div class=\"avia-image-overlay-wrap\"><img decoding=\"async\" fetchpriority=\"high\" class='wp-image-4586 avia-img-lazy-loading-not-4586 avia_image' src=\"https:\/\/freiheitsdenkmal-leipzig.de\/wp-content\/uploads\/2023\/09\/SorryGenosse_Presse-4_Druck-1.jpg\" alt='' title='SorryGenosse_Presse-4_Druck'  height=\"858\" width=\"1147\"  itemprop=\"thumbnailUrl\" srcset=\"https:\/\/freiheitsdenkmal-leipzig.de\/wp-content\/uploads\/2023\/09\/SorryGenosse_Presse-4_Druck-1.jpg 1147w, https:\/\/freiheitsdenkmal-leipzig.de\/wp-content\/uploads\/2023\/09\/SorryGenosse_Presse-4_Druck-1-300x224.jpg 300w, https:\/\/freiheitsdenkmal-leipzig.de\/wp-content\/uploads\/2023\/09\/SorryGenosse_Presse-4_Druck-1-1030x770.jpg 1030w, https:\/\/freiheitsdenkmal-leipzig.de\/wp-content\/uploads\/2023\/09\/SorryGenosse_Presse-4_Druck-1-768x574.jpg 768w, https:\/\/freiheitsdenkmal-leipzig.de\/wp-content\/uploads\/2023\/09\/SorryGenosse_Presse-4_Druck-1-16x12.jpg 16w, https:\/\/freiheitsdenkmal-leipzig.de\/wp-content\/uploads\/2023\/09\/SorryGenosse_Presse-4_Druck-1-705x527.jpg 705w\" sizes=\"(max-width: 1147px) 100vw, 1147px\" \/><\/div><\/div><\/div><\/div><\/div><!--close column table wrapper. Autoclose: 1 -->\n<div  class='hr av-av_hr-bc943783b13769b99750b884f593b94d hr-default  avia-builder-el-187  el_after_av_one_third  el_before_av_two_third'><span class='hr-inner'><span class=\"hr-inner-style\"><\/span><\/span><\/div>\n<div class='flex_column_table av-av_two_third-362a595c7cdb581d0c6de556f6a4e7d2 sc-av_two_third av-equal-height-column-flextable'>\n<style type=\"text\/css\" data-created_by=\"avia_inline_auto\" id=\"style-css-av-av_two_third-362a595c7cdb581d0c6de556f6a4e7d2\">\n.flex_column.av-av_two_third-362a595c7cdb581d0c6de556f6a4e7d2{\nwidth:66%;\nmargin-left:0;\n}\n#top .flex_column_table.av-equal-height-column-flextable.av-av_two_third-362a595c7cdb581d0c6de556f6a4e7d2 .av-flex-placeholder{\nwidth:2%;\n}\n<\/style>\n<div  class='flex_column av-av_two_third-362a595c7cdb581d0c6de556f6a4e7d2 av_two_third  avia-builder-el-188  el_after_av_hr  el_before_av_one_third  first flex_column_table_cell av-equal-height-column av-align-middle'     ><section  class='av_textblock_section av-av_textblock-e878f05c31dff72941bf1e49a00d9ff5'   itemscope=\"itemscope\" itemtype=\"https:\/\/schema.org\/CreativeWork\" ><div class='avia_textblock'  itemprop=\"text\" ><h4>06.09.2023<\/h4>\n<h4>Die Ausstellung &#8222;Das Denkmal ist &#8230;&#8220; ist auf dem Wilhelm-Leuschner-Platz!<\/h4>\n<p class=\"_aacl _aaco _aacu _aacx _aad7 _aade\" dir=\"auto\">Nach Monaten der Planung haben wir gestern die Ausstellung \u201eDas Denkmal \u2026\u201c mit zahlreichen G\u00e4sten bei strahlendem Sonnenschein auf dem Wilhelm-Leuschner-Platz er\u00f6ffnet (und in der DenkmalWerkstatt ausklingen lassen &#8230;)<br \/>\nWir danken allen an der Ausstellung-Beteiligten, die absolut gro\u00dfartige Arbeit geleistet haben und sind gl\u00fccklich, dass so viele gekommen sind, um mit uns zu feiern!<br \/>\nJetzt freuen wir uns auf diejenigen, die ab heute in und um unsere Raumerweiterungshalle kommen, um sich die spannende Ausstellung anzuschauen! Ge\u00f6ffnet t\u00e4glich von 10 \u2013 20 Uhr<br \/>\n<strong><a href=\"https:\/\/freiheitsdenkmal-leipzig.de\/en\/ausstellung\/\" target=\"_blank\" rel=\"noopener\">Mehr Informationen<\/a><\/strong><\/p>\n<\/div><\/section><\/div>\n<div class='av-flex-placeholder'><\/div>\n<style type=\"text\/css\" data-created_by=\"avia_inline_auto\" id=\"style-css-av-av_one_third-d06667205e6186ec8414c6eb7605d406\">\n.flex_column.av-av_one_third-d06667205e6186ec8414c6eb7605d406{\nwidth:32%;\nmargin-left:0;\n}\n#top .flex_column_table.av-equal-height-column-flextable.av-av_one_third-d06667205e6186ec8414c6eb7605d406 .av-flex-placeholder{\nwidth:2%;\n}\n<\/style>\n<div  class='flex_column av-av_one_third-d06667205e6186ec8414c6eb7605d406 av_one_third  avia-builder-el-190  el_after_av_two_third  el_before_av_hr  flex_column_table_cell av-equal-height-column av-align-middle'     ><style type=\"text\/css\" data-created_by=\"avia_inline_auto\" id=\"style-css-av-av_image-5f3399f4131311cc6ab6d3ad2acf34f8\">\n.avia-image-container.av-av_image-5f3399f4131311cc6ab6d3ad2acf34f8 img.avia_image{\nbox-shadow:none;\n}\n.avia-image-container.av-av_image-5f3399f4131311cc6ab6d3ad2acf34f8 .av-image-caption-overlay-center{\ncolor:#ffffff;\n}\n<\/style>\n<div  class='avia-image-container av-av_image-5f3399f4131311cc6ab6d3ad2acf34f8 av-styling- avia-align-center  avia-builder-el-191  avia-builder-el-no-sibling'   itemprop=\"image\" itemscope=\"itemscope\" itemtype=\"https:\/\/schema.org\/ImageObject\" ><div class=\"avia-image-container-inner\"><div class=\"avia-image-overlay-wrap\"><img decoding=\"async\" fetchpriority=\"high\" class='wp-image-4555 avia-img-lazy-loading-not-4555 avia_image' src=\"https:\/\/freiheitsdenkmal-leipzig.de\/wp-content\/uploads\/2023\/09\/20230905_165614-scaled.jpg\" alt='' title='20230905_165614'  height=\"1920\" width=\"2560\"  itemprop=\"thumbnailUrl\" srcset=\"https:\/\/freiheitsdenkmal-leipzig.de\/wp-content\/uploads\/2023\/09\/20230905_165614-scaled.jpg 2560w, https:\/\/freiheitsdenkmal-leipzig.de\/wp-content\/uploads\/2023\/09\/20230905_165614-300x225.jpg 300w, https:\/\/freiheitsdenkmal-leipzig.de\/wp-content\/uploads\/2023\/09\/20230905_165614-1030x773.jpg 1030w, https:\/\/freiheitsdenkmal-leipzig.de\/wp-content\/uploads\/2023\/09\/20230905_165614-768x576.jpg 768w, https:\/\/freiheitsdenkmal-leipzig.de\/wp-content\/uploads\/2023\/09\/20230905_165614-1536x1152.jpg 1536w, https:\/\/freiheitsdenkmal-leipzig.de\/wp-content\/uploads\/2023\/09\/20230905_165614-2048x1536.jpg 2048w, https:\/\/freiheitsdenkmal-leipzig.de\/wp-content\/uploads\/2023\/09\/20230905_165614-16x12.jpg 16w, https:\/\/freiheitsdenkmal-leipzig.de\/wp-content\/uploads\/2023\/09\/20230905_165614-1500x1125.jpg 1500w, https:\/\/freiheitsdenkmal-leipzig.de\/wp-content\/uploads\/2023\/09\/20230905_165614-705x529.jpg 705w\" sizes=\"(max-width: 2560px) 100vw, 2560px\" \/><\/div><\/div><\/div><\/div><\/div><!--close column table wrapper. Autoclose: 1 -->\n<div  class='hr av-av_hr-bc943783b13769b99750b884f593b94d hr-default  avia-builder-el-192  el_after_av_one_third  el_before_av_three_fourth'><span class='hr-inner'><span class=\"hr-inner-style\"><\/span><\/span><\/div>\n<div class='flex_column_table av-av_three_fourth-362a595c7cdb581d0c6de556f6a4e7d2 sc-av_three_fourth av-equal-height-column-flextable'>\n<style type=\"text\/css\" data-created_by=\"avia_inline_auto\" id=\"style-css-av-av_three_fourth-362a595c7cdb581d0c6de556f6a4e7d2\">\n.flex_column.av-av_three_fourth-362a595c7cdb581d0c6de556f6a4e7d2{\nwidth:74.5%;\nmargin-left:0;\n}\n#top .flex_column_table.av-equal-height-column-flextable.av-av_three_fourth-362a595c7cdb581d0c6de556f6a4e7d2 .av-flex-placeholder{\nwidth:2%;\n}\n<\/style>\n<div  class='flex_column av-av_three_fourth-362a595c7cdb581d0c6de556f6a4e7d2 av_three_fourth  avia-builder-el-193  el_after_av_hr  el_before_av_one_fourth  first flex_column_table_cell av-equal-height-column av-align-middle'     ><section  class='av_textblock_section av-av_textblock-e878f05c31dff72941bf1e49a00d9ff5'   itemscope=\"itemscope\" itemtype=\"https:\/\/schema.org\/CreativeWork\" ><div class='avia_textblock'  itemprop=\"text\" ><h4>04.09.2023<\/h4>\n<h4>Ausstellung &#8222;Das Denkmal ist &#8230;&#8220; mit erg\u00e4nzendem Rahmenprogramm<\/h4>\n<p>F\u00fcr die Ausstellung \u201eDas Denkmal ist &#8230;\u201c der Stiftung Friedliche Revolution haben sich elf internationale K\u00fcnstler:innen mit Denkm\u00e4lern und Erinnerungskultur besch\u00e4ftigt. Ihre Ergebnisse sind ab 6. September in einer Raumerweiterungshalle (REH) auf dem Wilhelm-Leuschner-Platz zu sehen.<\/p>\n<p>Im Au\u00dfenbereich der Ausstellung rund um die REH kann man sich \u00fcber bisherige und zuk\u00fcnftige Schritte zu einem Freiheits- und Einheitsdenkmal in Leipzig informieren.<\/p>\n<p>Begleitet wird die Ausstellung au\u00dferdem ab 10. September durch ein Rahmenprogramm mit Diskussionsveranstaltungen, F\u00fchrungen, einer Lesung und einem Schreibworkshop.<\/p>\n<p style=\"text-align: center;\"><em><strong><a href=\"https:\/\/freiheitsdenkmal-leipzig.de\/wp-content\/uploads\/2023\/09\/7.9-Rahmenprogramm.pdf\" target=\"_blank\" rel=\"noopener\">Das Rahmenprogramm im Detail<\/a><\/strong><\/em><\/p>\n<\/div><\/section><\/div>\n<div class='av-flex-placeholder'><\/div>\n<style type=\"text\/css\" data-created_by=\"avia_inline_auto\" id=\"style-css-av-av_one_fourth-d06667205e6186ec8414c6eb7605d406\">\n.flex_column.av-av_one_fourth-d06667205e6186ec8414c6eb7605d406{\nwidth:23.5%;\nmargin-left:0;\n}\n#top .flex_column_table.av-equal-height-column-flextable.av-av_one_fourth-d06667205e6186ec8414c6eb7605d406 .av-flex-placeholder{\nwidth:2%;\n}\n<\/style>\n<div  class='flex_column av-av_one_fourth-d06667205e6186ec8414c6eb7605d406 av_one_fourth  avia-builder-el-195  el_after_av_three_fourth  el_before_av_hr  flex_column_table_cell av-equal-height-column av-align-middle'     ><style type=\"text\/css\" data-created_by=\"avia_inline_auto\" id=\"style-css-av-av_image-03355d3f6b72698174e93778e1ad4b4d\">\n.avia-image-container.av-av_image-03355d3f6b72698174e93778e1ad4b4d img.avia_image{\nbox-shadow:none;\n}\n.avia-image-container.av-av_image-03355d3f6b72698174e93778e1ad4b4d .av-image-caption-overlay-center{\ncolor:#ffffff;\n}\n<\/style>\n<div  class='avia-image-container av-av_image-03355d3f6b72698174e93778e1ad4b4d av-styling- avia-align-center  avia-builder-el-196  avia-builder-el-no-sibling'   itemprop=\"image\" itemscope=\"itemscope\" itemtype=\"https:\/\/schema.org\/ImageObject\" ><div class=\"avia-image-container-inner\"><div class=\"avia-image-overlay-wrap\"><img decoding=\"async\" fetchpriority=\"high\" class='wp-image-4529 avia-img-lazy-loading-not-4529 avia_image' src=\"https:\/\/freiheitsdenkmal-leipzig.de\/wp-content\/uploads\/2023\/09\/rahmenprogramm-zur-ausstellung.jpg\" alt='' title='rahmenprogramm-zur-ausstellung'  height=\"2362\" width=\"2362\"  itemprop=\"thumbnailUrl\" srcset=\"https:\/\/freiheitsdenkmal-leipzig.de\/wp-content\/uploads\/2023\/09\/rahmenprogramm-zur-ausstellung.jpg 2362w, https:\/\/freiheitsdenkmal-leipzig.de\/wp-content\/uploads\/2023\/09\/rahmenprogramm-zur-ausstellung-300x300.jpg 300w, https:\/\/freiheitsdenkmal-leipzig.de\/wp-content\/uploads\/2023\/09\/rahmenprogramm-zur-ausstellung-1030x1030.jpg 1030w, https:\/\/freiheitsdenkmal-leipzig.de\/wp-content\/uploads\/2023\/09\/rahmenprogramm-zur-ausstellung-80x80.jpg 80w, https:\/\/freiheitsdenkmal-leipzig.de\/wp-content\/uploads\/2023\/09\/rahmenprogramm-zur-ausstellung-768x768.jpg 768w, https:\/\/freiheitsdenkmal-leipzig.de\/wp-content\/uploads\/2023\/09\/rahmenprogramm-zur-ausstellung-1536x1536.jpg 1536w, https:\/\/freiheitsdenkmal-leipzig.de\/wp-content\/uploads\/2023\/09\/rahmenprogramm-zur-ausstellung-2048x2048.jpg 2048w, https:\/\/freiheitsdenkmal-leipzig.de\/wp-content\/uploads\/2023\/09\/rahmenprogramm-zur-ausstellung-12x12.jpg 12w, https:\/\/freiheitsdenkmal-leipzig.de\/wp-content\/uploads\/2023\/09\/rahmenprogramm-zur-ausstellung-36x36.jpg 36w, https:\/\/freiheitsdenkmal-leipzig.de\/wp-content\/uploads\/2023\/09\/rahmenprogramm-zur-ausstellung-180x180.jpg 180w, https:\/\/freiheitsdenkmal-leipzig.de\/wp-content\/uploads\/2023\/09\/rahmenprogramm-zur-ausstellung-1500x1500.jpg 1500w, https:\/\/freiheitsdenkmal-leipzig.de\/wp-content\/uploads\/2023\/09\/rahmenprogramm-zur-ausstellung-705x705.jpg 705w\" sizes=\"(max-width: 2362px) 100vw, 2362px\" \/><\/div><\/div><\/div><\/div><\/div><!--close column table wrapper. Autoclose: 1 -->\n<div  class='hr av-av_hr-bc943783b13769b99750b884f593b94d hr-default  avia-builder-el-197  el_after_av_one_fourth  el_before_av_three_fourth'><span class='hr-inner'><span class=\"hr-inner-style\"><\/span><\/span><\/div>\n<div class='flex_column_table av-av_three_fourth-362a595c7cdb581d0c6de556f6a4e7d2 sc-av_three_fourth av-equal-height-column-flextable'>\n<style type=\"text\/css\" data-created_by=\"avia_inline_auto\" id=\"style-css-av-av_three_fourth-362a595c7cdb581d0c6de556f6a4e7d2\">\n.flex_column.av-av_three_fourth-362a595c7cdb581d0c6de556f6a4e7d2{\nwidth:74.5%;\nmargin-left:0;\n}\n#top .flex_column_table.av-equal-height-column-flextable.av-av_three_fourth-362a595c7cdb581d0c6de556f6a4e7d2 .av-flex-placeholder{\nwidth:2%;\n}\n<\/style>\n<div  class='flex_column av-av_three_fourth-362a595c7cdb581d0c6de556f6a4e7d2 av_three_fourth  avia-builder-el-198  el_after_av_hr  el_before_av_one_fourth  first flex_column_table_cell av-equal-height-column av-align-middle'     ><section  class='av_textblock_section av-av_textblock-e878f05c31dff72941bf1e49a00d9ff5'   itemscope=\"itemscope\" itemtype=\"https:\/\/schema.org\/CreativeWork\" ><div class='avia_textblock'  itemprop=\"text\" ><h4>29.08.2023<\/h4>\n<h4>Die REH ist auf dem Platz!<\/h4>\n<p class=\"_aacl _aaco _aacu _aacx _aad7 _aade\" dir=\"auto\">Unsere Ausstellungsh\u00fclle REH (Raumerweiterungshalle) ist auf dem Wilhelm-Leuschner-Platz gelandet und wurde aufgebaut.<br \/>\nNur noch eine Woche bis zum Start der Ausstellung &#8222;Das Denkmal ist &#8230;&#8220;!<\/p>\n<p class=\"_aacl _aaco _aacu _aacx _aad7 _aade\" dir=\"auto\"><em><a href=\"..\/ausstellung\/#raumerweiterungshalle\" target=\"_blank\" rel=\"noopener\">Mehr Informationen zur Raumerweiterungshalle finden Sie auf unserer Ausstellungsseite<\/a><\/em> sowie auf <a href=\"https:\/\/raumerweiterungshalle-leipzig.de\/\" target=\"_blank\" rel=\"noopener\">https:\/\/raumerweiterungshalle-leipzig.de\/<\/a>.<\/p>\n<\/div><\/section><\/div>\n<div class='av-flex-placeholder'><\/div>\n<style type=\"text\/css\" data-created_by=\"avia_inline_auto\" id=\"style-css-av-av_one_fourth-d06667205e6186ec8414c6eb7605d406\">\n.flex_column.av-av_one_fourth-d06667205e6186ec8414c6eb7605d406{\nwidth:23.5%;\nmargin-left:0;\n}\n#top .flex_column_table.av-equal-height-column-flextable.av-av_one_fourth-d06667205e6186ec8414c6eb7605d406 .av-flex-placeholder{\nwidth:2%;\n}\n<\/style>\n<div  class='flex_column av-av_one_fourth-d06667205e6186ec8414c6eb7605d406 av_one_fourth  avia-builder-el-200  el_after_av_three_fourth  el_before_av_hr  flex_column_table_cell av-equal-height-column av-align-middle'     ><div  class='avia-slideshow av-av_slideshow-7603d5f59e03687f51b7774ba9222615 avia-slideshow-large av_slideshow avia-slide-slider  avia-builder-el-201  avia-builder-el-no-sibling  av-slideshow-ui av-control-default av-slideshow-manual av-loop-once av-loop-manual-endless av-default-height-applied avia-slideshow-9' data-slideshow-options=\"{&quot;animation&quot;:&quot;slide&quot;,&quot;autoplay&quot;:false,&quot;loop_autoplay&quot;:&quot;once&quot;,&quot;interval&quot;:5,&quot;loop_manual&quot;:&quot;manual-endless&quot;,&quot;autoplay_stopper&quot;:false,&quot;noNavigation&quot;:false,&quot;bg_slider&quot;:false,&quot;keep_padding&quot;:false,&quot;hoverpause&quot;:false,&quot;show_slide_delay&quot;:0}\"  itemprop=\"image\" itemscope=\"itemscope\" itemtype=\"https:\/\/schema.org\/ImageObject\" ><ul class='avia-slideshow-inner' style='padding-bottom: 102.18253968254%;'><li  class='avia-slideshow-slide av-av_slideshow-7603d5f59e03687f51b7774ba9222615__0  slide-1 slide-odd'><div data-rel='slideshow-9' class='avia-slide-wrap'   ><img decoding=\"async\" fetchpriority=\"high\" class=\"wp-image-4376 avia-img-lazy-loading-not-4376\"  src=\"https:\/\/freiheitsdenkmal-leipzig.de\/wp-content\/uploads\/2023\/08\/20230829_150159-1008x1030.jpg\" width=\"1008\" height=\"1030\" title='20230829_150159' alt=''  itemprop=\"thumbnailUrl\" srcset=\"https:\/\/freiheitsdenkmal-leipzig.de\/wp-content\/uploads\/2023\/08\/20230829_150159-1008x1030.jpg 1008w, https:\/\/freiheitsdenkmal-leipzig.de\/wp-content\/uploads\/2023\/08\/20230829_150159-294x300.jpg 294w, https:\/\/freiheitsdenkmal-leipzig.de\/wp-content\/uploads\/2023\/08\/20230829_150159-768x785.jpg 768w, https:\/\/freiheitsdenkmal-leipzig.de\/wp-content\/uploads\/2023\/08\/20230829_150159-12x12.jpg 12w, https:\/\/freiheitsdenkmal-leipzig.de\/wp-content\/uploads\/2023\/08\/20230829_150159-36x36.jpg 36w, https:\/\/freiheitsdenkmal-leipzig.de\/wp-content\/uploads\/2023\/08\/20230829_150159-690x705.jpg 690w, https:\/\/freiheitsdenkmal-leipzig.de\/wp-content\/uploads\/2023\/08\/20230829_150159.jpg 1196w\" sizes=\"(max-width: 1008px) 100vw, 1008px\" \/><\/div><\/li><li  class='avia-slideshow-slide av-av_slideshow-7603d5f59e03687f51b7774ba9222615__1  slide-2 slide-even'><div data-rel='slideshow-9' class='avia-slide-wrap'   ><img decoding=\"async\" fetchpriority=\"high\" class=\"wp-image-4375 avia-img-lazy-loading-not-4375\"  src=\"https:\/\/freiheitsdenkmal-leipzig.de\/wp-content\/uploads\/2023\/08\/reh-kran.jpg\" width=\"428\" height=\"431\" title='reh-kran' alt=''  itemprop=\"thumbnailUrl\" srcset=\"https:\/\/freiheitsdenkmal-leipzig.de\/wp-content\/uploads\/2023\/08\/reh-kran.jpg 428w, https:\/\/freiheitsdenkmal-leipzig.de\/wp-content\/uploads\/2023\/08\/reh-kran-298x300.jpg 298w, https:\/\/freiheitsdenkmal-leipzig.de\/wp-content\/uploads\/2023\/08\/reh-kran-80x80.jpg 80w, https:\/\/freiheitsdenkmal-leipzig.de\/wp-content\/uploads\/2023\/08\/reh-kran-12x12.jpg 12w, https:\/\/freiheitsdenkmal-leipzig.de\/wp-content\/uploads\/2023\/08\/reh-kran-36x36.jpg 36w, https:\/\/freiheitsdenkmal-leipzig.de\/wp-content\/uploads\/2023\/08\/reh-kran-180x180.jpg 180w\" sizes=\"(max-width: 428px) 100vw, 428px\" \/><\/div><\/li><li  class='avia-slideshow-slide av-av_slideshow-7603d5f59e03687f51b7774ba9222615__2  slide-3 slide-odd'><div data-rel='slideshow-9' class='avia-slide-wrap'   ><img decoding=\"async\" fetchpriority=\"high\" class=\"wp-image-4371 avia-img-lazy-loading-not-4371\"  src=\"https:\/\/freiheitsdenkmal-leipzig.de\/wp-content\/uploads\/2023\/08\/20230828_143539-1028x1030.jpg\" width=\"1028\" height=\"1030\" title='20230828_143539' alt=''  itemprop=\"thumbnailUrl\" srcset=\"https:\/\/freiheitsdenkmal-leipzig.de\/wp-content\/uploads\/2023\/08\/20230828_143539-1028x1030.jpg 1028w, https:\/\/freiheitsdenkmal-leipzig.de\/wp-content\/uploads\/2023\/08\/20230828_143539-300x300.jpg 300w, https:\/\/freiheitsdenkmal-leipzig.de\/wp-content\/uploads\/2023\/08\/20230828_143539-80x80.jpg 80w, https:\/\/freiheitsdenkmal-leipzig.de\/wp-content\/uploads\/2023\/08\/20230828_143539-768x769.jpg 768w, https:\/\/freiheitsdenkmal-leipzig.de\/wp-content\/uploads\/2023\/08\/20230828_143539-1533x1536.jpg 1533w, https:\/\/freiheitsdenkmal-leipzig.de\/wp-content\/uploads\/2023\/08\/20230828_143539-2045x2048.jpg 2045w, https:\/\/freiheitsdenkmal-leipzig.de\/wp-content\/uploads\/2023\/08\/20230828_143539-12x12.jpg 12w, https:\/\/freiheitsdenkmal-leipzig.de\/wp-content\/uploads\/2023\/08\/20230828_143539-36x36.jpg 36w, https:\/\/freiheitsdenkmal-leipzig.de\/wp-content\/uploads\/2023\/08\/20230828_143539-180x180.jpg 180w, https:\/\/freiheitsdenkmal-leipzig.de\/wp-content\/uploads\/2023\/08\/20230828_143539-1498x1500.jpg 1498w, https:\/\/freiheitsdenkmal-leipzig.de\/wp-content\/uploads\/2023\/08\/20230828_143539-705x705.jpg 705w\" sizes=\"(max-width: 1028px) 100vw, 1028px\" \/><\/div><\/li><li  class='avia-slideshow-slide av-av_slideshow-7603d5f59e03687f51b7774ba9222615__3  slide-4 slide-even'><div data-rel='slideshow-9' class='avia-slide-wrap'   ><img decoding=\"async\" fetchpriority=\"high\" class=\"wp-image-4373 avia-img-lazy-loading-not-4373\"  src=\"https:\/\/freiheitsdenkmal-leipzig.de\/wp-content\/uploads\/2023\/08\/IMG_4245-1030x1030.jpg\" width=\"1030\" height=\"1030\" title='IMG_4245' alt=''  itemprop=\"thumbnailUrl\" srcset=\"https:\/\/freiheitsdenkmal-leipzig.de\/wp-content\/uploads\/2023\/08\/IMG_4245-1030x1030.jpg 1030w, https:\/\/freiheitsdenkmal-leipzig.de\/wp-content\/uploads\/2023\/08\/IMG_4245-300x300.jpg 300w, https:\/\/freiheitsdenkmal-leipzig.de\/wp-content\/uploads\/2023\/08\/IMG_4245-80x80.jpg 80w, https:\/\/freiheitsdenkmal-leipzig.de\/wp-content\/uploads\/2023\/08\/IMG_4245-768x768.jpg 768w, https:\/\/freiheitsdenkmal-leipzig.de\/wp-content\/uploads\/2023\/08\/IMG_4245-1536x1536.jpg 1536w, https:\/\/freiheitsdenkmal-leipzig.de\/wp-content\/uploads\/2023\/08\/IMG_4245-2048x2048.jpg 2048w, https:\/\/freiheitsdenkmal-leipzig.de\/wp-content\/uploads\/2023\/08\/IMG_4245-12x12.jpg 12w, https:\/\/freiheitsdenkmal-leipzig.de\/wp-content\/uploads\/2023\/08\/IMG_4245-36x36.jpg 36w, https:\/\/freiheitsdenkmal-leipzig.de\/wp-content\/uploads\/2023\/08\/IMG_4245-180x180.jpg 180w, https:\/\/freiheitsdenkmal-leipzig.de\/wp-content\/uploads\/2023\/08\/IMG_4245-1500x1500.jpg 1500w, https:\/\/freiheitsdenkmal-leipzig.de\/wp-content\/uploads\/2023\/08\/IMG_4245-705x705.jpg 705w\" sizes=\"(max-width: 1030px) 100vw, 1030px\" \/><\/div><\/li><li  class='avia-slideshow-slide av-av_slideshow-7603d5f59e03687f51b7774ba9222615__4  slide-5 slide-odd'><div data-rel='slideshow-9' class='avia-slide-wrap'   ><img decoding=\"async\" fetchpriority=\"high\" class=\"wp-image-4374 avia-img-lazy-loading-not-4374\"  src=\"https:\/\/freiheitsdenkmal-leipzig.de\/wp-content\/uploads\/2023\/08\/IMG_4254-1030x1030.jpg\" width=\"1030\" height=\"1030\" title='IMG_4254' alt=''  itemprop=\"thumbnailUrl\" srcset=\"https:\/\/freiheitsdenkmal-leipzig.de\/wp-content\/uploads\/2023\/08\/IMG_4254-1030x1030.jpg 1030w, https:\/\/freiheitsdenkmal-leipzig.de\/wp-content\/uploads\/2023\/08\/IMG_4254-300x300.jpg 300w, https:\/\/freiheitsdenkmal-leipzig.de\/wp-content\/uploads\/2023\/08\/IMG_4254-80x80.jpg 80w, https:\/\/freiheitsdenkmal-leipzig.de\/wp-content\/uploads\/2023\/08\/IMG_4254-768x768.jpg 768w, https:\/\/freiheitsdenkmal-leipzig.de\/wp-content\/uploads\/2023\/08\/IMG_4254-1536x1536.jpg 1536w, https:\/\/freiheitsdenkmal-leipzig.de\/wp-content\/uploads\/2023\/08\/IMG_4254-2048x2048.jpg 2048w, https:\/\/freiheitsdenkmal-leipzig.de\/wp-content\/uploads\/2023\/08\/IMG_4254-12x12.jpg 12w, https:\/\/freiheitsdenkmal-leipzig.de\/wp-content\/uploads\/2023\/08\/IMG_4254-36x36.jpg 36w, https:\/\/freiheitsdenkmal-leipzig.de\/wp-content\/uploads\/2023\/08\/IMG_4254-180x180.jpg 180w, https:\/\/freiheitsdenkmal-leipzig.de\/wp-content\/uploads\/2023\/08\/IMG_4254-1500x1500.jpg 1500w, https:\/\/freiheitsdenkmal-leipzig.de\/wp-content\/uploads\/2023\/08\/IMG_4254-705x705.jpg 705w\" sizes=\"(max-width: 1030px) 100vw, 1030px\" \/><\/div><\/li><li  class='avia-slideshow-slide av-av_slideshow-7603d5f59e03687f51b7774ba9222615__5  slide-6 slide-even'><div data-rel='slideshow-9' class='avia-slide-wrap'   ><img decoding=\"async\" fetchpriority=\"high\" class=\"wp-image-4372 avia-img-lazy-loading-not-4372\"  src=\"https:\/\/freiheitsdenkmal-leipzig.de\/wp-content\/uploads\/2023\/08\/20230829_150032-1002x1030.jpg\" width=\"1002\" height=\"1030\" title='20230829_150032' alt=''  itemprop=\"thumbnailUrl\" srcset=\"https:\/\/freiheitsdenkmal-leipzig.de\/wp-content\/uploads\/2023\/08\/20230829_150032-1002x1030.jpg 1002w, https:\/\/freiheitsdenkmal-leipzig.de\/wp-content\/uploads\/2023\/08\/20230829_150032-292x300.jpg 292w, https:\/\/freiheitsdenkmal-leipzig.de\/wp-content\/uploads\/2023\/08\/20230829_150032-768x789.jpg 768w, https:\/\/freiheitsdenkmal-leipzig.de\/wp-content\/uploads\/2023\/08\/20230829_150032-1495x1536.jpg 1495w, https:\/\/freiheitsdenkmal-leipzig.de\/wp-content\/uploads\/2023\/08\/20230829_150032-1993x2048.jpg 1993w, https:\/\/freiheitsdenkmal-leipzig.de\/wp-content\/uploads\/2023\/08\/20230829_150032-12x12.jpg 12w, https:\/\/freiheitsdenkmal-leipzig.de\/wp-content\/uploads\/2023\/08\/20230829_150032-36x36.jpg 36w, https:\/\/freiheitsdenkmal-leipzig.de\/wp-content\/uploads\/2023\/08\/20230829_150032-1460x1500.jpg 1460w, https:\/\/freiheitsdenkmal-leipzig.de\/wp-content\/uploads\/2023\/08\/20230829_150032-686x705.jpg 686w\" sizes=\"(max-width: 1002px) 100vw, 1002px\" \/><\/div><\/li><\/ul><div class='avia-slideshow-arrows avia-slideshow-controls' ><a href='#prev' class='prev-slide' aria-hidden='true' data-av_icon='\ue87c' data-av_iconfont='entypo-fontello'  tabindex='-1'>Previous<\/a><a href='#next' class='next-slide' aria-hidden='true' data-av_icon='\ue87d' data-av_iconfont='entypo-fontello'  tabindex='-1'>Next<\/a><\/div><div class='avia-slideshow-dots avia-slideshow-controls'><a href='#1' class='goto-slide active' >1<\/a><a href='#2' class='goto-slide' >2<\/a><a href='#3' class='goto-slide' >3<\/a><a href='#4' class='goto-slide' >4<\/a><a href='#5' class='goto-slide' >5<\/a><a href='#6' class='goto-slide' >6<\/a><\/div><\/div><\/div><\/div><!--close column table wrapper. Autoclose: 1 -->\n<div  class='hr av-av_hr-bc943783b13769b99750b884f593b94d hr-default  avia-builder-el-202  el_after_av_one_fourth  el_before_av_three_fourth'><span class='hr-inner'><span class=\"hr-inner-style\"><\/span><\/span><\/div>\n<div class='flex_column_table av-av_three_fourth-362a595c7cdb581d0c6de556f6a4e7d2 sc-av_three_fourth av-equal-height-column-flextable'>\n<style type=\"text\/css\" data-created_by=\"avia_inline_auto\" id=\"style-css-av-av_three_fourth-362a595c7cdb581d0c6de556f6a4e7d2\">\n.flex_column.av-av_three_fourth-362a595c7cdb581d0c6de556f6a4e7d2{\nwidth:74.5%;\nmargin-left:0;\n}\n#top .flex_column_table.av-equal-height-column-flextable.av-av_three_fourth-362a595c7cdb581d0c6de556f6a4e7d2 .av-flex-placeholder{\nwidth:2%;\n}\n<\/style>\n<div  class='flex_column av-av_three_fourth-362a595c7cdb581d0c6de556f6a4e7d2 av_three_fourth  avia-builder-el-203  el_after_av_hr  el_before_av_one_fourth  first flex_column_table_cell av-equal-height-column av-align-middle'     ><section  class='av_textblock_section av-av_textblock-e878f05c31dff72941bf1e49a00d9ff5'   itemscope=\"itemscope\" itemtype=\"https:\/\/schema.org\/CreativeWork\" ><div class='avia_textblock'  itemprop=\"text\" ><h4>28.08.2023<\/h4>\n<h4>Stadtrundgang und Lesung mit Andreas Reimann am 2.9.<\/h4>\n<p>Wir laden am Samstag, 2. September zu zwei Veranstaltungen mit Andreas Reimann ein:<\/p>\n<ul>\n<li>15 Uhr &#8222;BEWOHNBARE STADT&#8220; &#8211; ein kleiner poetischer Rundgang durch Leipzig mit ANDREAS REIMANN und HARTMUT R\u00dcFFERT. Treffpunkt: Kupfergasse, Ecke Neumarkt.<\/li>\n<li>18.30 Uhr &#8222;DAS TAT-\u00d6RTLICHE&#8220;, Gedichte und Lieder mit ANDREAS REIMANN und SUSANNE GR\u00dcTZ \/ HUBERTUS SCHMIDT und Grafiken von RAINER ILG, DenkmalWerkstatt, Kupfergasse 2<br \/>\nAndreas Reimann liest aus &#8222;Bewohnbare Stadt&#8220; und &#8222;Der Plunderhund im Lande Wunderbunt&#8220;. Susanne Gr\u00fctz und Hubertus Schmidt interpretieren Lieder aus dem Programm &#8222;Tatort Stadt&#8220;. Quasi als &#8222;Zugabe&#8220; stellen der Autor sowie S\u00e4nger und S\u00e4ngerin ein paar Proben aus der noch unver\u00f6ffentlichten Sammlung &#8222;Desdrweechn&#8220; in feinstem S\u00e4ggs&#8217;ch vor, der Architekt und Zeichner Rainer Ilg pr\u00e4sentiert einige seiner Leipzig-Grafiken.<\/li>\n<\/ul>\n<p>Eine gemeinsame Veranstaltung mit der Andreas-Reimann-Gesellschaft e.V. und dem Deutschen Werkbund Sachsen e.V.<\/p>\n<p>Die Ausstellungssequenz \u201eIch bin kein Opfer, sondern ein Dichter\u201c &#8211; Dokumente, Zeichnungen und Gedichte seit 1968 der Andreas Reimann-Ausstellung \u201eSCHWARZ AUF WEISS: Ein Regenbogen\u201c wird verl\u00e4ngert.<\/p>\n<\/div><\/section><\/div>\n<div class='av-flex-placeholder'><\/div>\n<style type=\"text\/css\" data-created_by=\"avia_inline_auto\" id=\"style-css-av-av_one_fourth-d06667205e6186ec8414c6eb7605d406\">\n.flex_column.av-av_one_fourth-d06667205e6186ec8414c6eb7605d406{\nwidth:23.5%;\nmargin-left:0;\n}\n#top .flex_column_table.av-equal-height-column-flextable.av-av_one_fourth-d06667205e6186ec8414c6eb7605d406 .av-flex-placeholder{\nwidth:2%;\n}\n<\/style>\n<div  class='flex_column av-av_one_fourth-d06667205e6186ec8414c6eb7605d406 av_one_fourth  avia-builder-el-205  el_after_av_three_fourth  el_before_av_hr  flex_column_table_cell av-equal-height-column av-align-middle'     ><style type=\"text\/css\" data-created_by=\"avia_inline_auto\" id=\"style-css-av-av_image-da07c8bed67b054fc19cefd60d640ca8\">\n.avia-image-container.av-av_image-da07c8bed67b054fc19cefd60d640ca8 img.avia_image{\nbox-shadow:none;\n}\n.avia-image-container.av-av_image-da07c8bed67b054fc19cefd60d640ca8 .av-image-caption-overlay-center{\ncolor:#ffffff;\n}\n<\/style>\n<div  class='avia-image-container av-av_image-da07c8bed67b054fc19cefd60d640ca8 av-styling- avia-align-center  avia-builder-el-206  avia-builder-el-no-sibling'   itemprop=\"image\" itemscope=\"itemscope\" itemtype=\"https:\/\/schema.org\/ImageObject\" ><div class=\"avia-image-container-inner\"><div class=\"avia-image-overlay-wrap\"><img decoding=\"async\" fetchpriority=\"high\" class='wp-image-4279 avia-img-lazy-loading-not-4279 avia_image' src=\"https:\/\/freiheitsdenkmal-leipzig.de\/wp-content\/uploads\/2023\/08\/ReimannCover.jpg\" alt='' title='ReimannCover'  height=\"1128\" width=\"731\"  itemprop=\"thumbnailUrl\" srcset=\"https:\/\/freiheitsdenkmal-leipzig.de\/wp-content\/uploads\/2023\/08\/ReimannCover.jpg 731w, https:\/\/freiheitsdenkmal-leipzig.de\/wp-content\/uploads\/2023\/08\/ReimannCover-194x300.jpg 194w, https:\/\/freiheitsdenkmal-leipzig.de\/wp-content\/uploads\/2023\/08\/ReimannCover-667x1030.jpg 667w, https:\/\/freiheitsdenkmal-leipzig.de\/wp-content\/uploads\/2023\/08\/ReimannCover-8x12.jpg 8w, https:\/\/freiheitsdenkmal-leipzig.de\/wp-content\/uploads\/2023\/08\/ReimannCover-457x705.jpg 457w\" sizes=\"(max-width: 731px) 100vw, 731px\" \/><\/div><\/div><\/div><\/div><\/div><!--close column table wrapper. Autoclose: 1 -->\n<div  class='hr av-av_hr-bc943783b13769b99750b884f593b94d hr-default  avia-builder-el-207  el_after_av_one_fourth  el_before_av_three_fourth'><span class='hr-inner'><span class=\"hr-inner-style\"><\/span><\/span><\/div>\n<div class='flex_column_table av-av_three_fourth-362a595c7cdb581d0c6de556f6a4e7d2 sc-av_three_fourth av-equal-height-column-flextable'>\n<style type=\"text\/css\" data-created_by=\"avia_inline_auto\" id=\"style-css-av-av_three_fourth-362a595c7cdb581d0c6de556f6a4e7d2\">\n.flex_column.av-av_three_fourth-362a595c7cdb581d0c6de556f6a4e7d2{\nwidth:74.5%;\nmargin-left:0;\n}\n#top .flex_column_table.av-equal-height-column-flextable.av-av_three_fourth-362a595c7cdb581d0c6de556f6a4e7d2 .av-flex-placeholder{\nwidth:2%;\n}\n<\/style>\n<div  class='flex_column av-av_three_fourth-362a595c7cdb581d0c6de556f6a4e7d2 av_three_fourth  avia-builder-el-208  el_after_av_hr  el_before_av_one_fourth  first flex_column_table_cell av-equal-height-column av-align-middle'     ><section  class='av_textblock_section av-av_textblock-e878f05c31dff72941bf1e49a00d9ff5'   itemscope=\"itemscope\" itemtype=\"https:\/\/schema.org\/CreativeWork\" ><div class='avia_textblock'  itemprop=\"text\" ><h4>24.08.2023<\/h4>\n<h4>DenkmalWerkstatt macht kurze Aufbaupause<\/h4>\n<p>Wegen Aufbauarbeiten f\u00fcr die Ausstellung \u201eDas Denkmal ist \u2026\u201c m\u00fcssen unsere \u00d6ffnungszeiten am Di. 29.8. und Do. 31.8. leider ausfallen. Wer dringend vorher noch die Andreas Reimann-Ausstellung \u201eSCHWARZ AUF WEISS \u2013 EIN REGENBOGEN\u201c besuchen m\u00f6chte, hat heute von 14 \u2013 17 Uhr\u00a0 Gelegenheit dazu \u2026<\/p>\n<p class=\"_aacl _aaco _aacu _aacx _aad7 _aade\" dir=\"auto\">.<\/p>\n<\/div><\/section><\/div>\n<div class='av-flex-placeholder'><\/div>\n<style type=\"text\/css\" data-created_by=\"avia_inline_auto\" id=\"style-css-av-av_one_fourth-d06667205e6186ec8414c6eb7605d406\">\n.flex_column.av-av_one_fourth-d06667205e6186ec8414c6eb7605d406{\nwidth:23.5%;\nmargin-left:0;\n}\n#top .flex_column_table.av-equal-height-column-flextable.av-av_one_fourth-d06667205e6186ec8414c6eb7605d406 .av-flex-placeholder{\nwidth:2%;\n}\n<\/style>\n<div  class='flex_column av-av_one_fourth-d06667205e6186ec8414c6eb7605d406 av_one_fourth  avia-builder-el-210  el_after_av_three_fourth  el_before_av_hr  flex_column_table_cell av-equal-height-column av-align-middle'     ><style type=\"text\/css\" data-created_by=\"avia_inline_auto\" id=\"style-css-av-av_image-319ac1506cde7e3fdaa9fcdf2b656835\">\n.avia-image-container.av-av_image-319ac1506cde7e3fdaa9fcdf2b656835 img.avia_image{\nbox-shadow:none;\n}\n.avia-image-container.av-av_image-319ac1506cde7e3fdaa9fcdf2b656835 .av-image-caption-overlay-center{\ncolor:#ffffff;\n}\n<\/style>\n<div  class='avia-image-container av-av_image-319ac1506cde7e3fdaa9fcdf2b656835 av-styling- avia-align-center  avia-builder-el-211  avia-builder-el-no-sibling'   itemprop=\"image\" itemscope=\"itemscope\" itemtype=\"https:\/\/schema.org\/ImageObject\" ><div class=\"avia-image-container-inner\"><div class=\"avia-image-overlay-wrap\"><img decoding=\"async\" fetchpriority=\"high\" class='wp-image-4202 avia-img-lazy-loading-not-4202 avia_image' src=\"https:\/\/freiheitsdenkmal-leipzig.de\/wp-content\/uploads\/2023\/08\/Kopie-von-Kopie-von-Kopie-von-Coffee-Coffee-Shop-Minimal-Instagram-Post8-300x300.png\" alt='' title='Kopie von Kopie von Kopie von Coffee Coffee Shop Minimal Instagram Post(8)'  height=\"300\" width=\"300\"  itemprop=\"thumbnailUrl\" srcset=\"https:\/\/freiheitsdenkmal-leipzig.de\/wp-content\/uploads\/2023\/08\/Kopie-von-Kopie-von-Kopie-von-Coffee-Coffee-Shop-Minimal-Instagram-Post8-300x300.png 300w, https:\/\/freiheitsdenkmal-leipzig.de\/wp-content\/uploads\/2023\/08\/Kopie-von-Kopie-von-Kopie-von-Coffee-Coffee-Shop-Minimal-Instagram-Post8-1030x1030.png 1030w, https:\/\/freiheitsdenkmal-leipzig.de\/wp-content\/uploads\/2023\/08\/Kopie-von-Kopie-von-Kopie-von-Coffee-Coffee-Shop-Minimal-Instagram-Post8-80x80.png 80w, https:\/\/freiheitsdenkmal-leipzig.de\/wp-content\/uploads\/2023\/08\/Kopie-von-Kopie-von-Kopie-von-Coffee-Coffee-Shop-Minimal-Instagram-Post8-768x768.png 768w, https:\/\/freiheitsdenkmal-leipzig.de\/wp-content\/uploads\/2023\/08\/Kopie-von-Kopie-von-Kopie-von-Coffee-Coffee-Shop-Minimal-Instagram-Post8-12x12.png 12w, https:\/\/freiheitsdenkmal-leipzig.de\/wp-content\/uploads\/2023\/08\/Kopie-von-Kopie-von-Kopie-von-Coffee-Coffee-Shop-Minimal-Instagram-Post8-36x36.png 36w, https:\/\/freiheitsdenkmal-leipzig.de\/wp-content\/uploads\/2023\/08\/Kopie-von-Kopie-von-Kopie-von-Coffee-Coffee-Shop-Minimal-Instagram-Post8-180x180.png 180w, https:\/\/freiheitsdenkmal-leipzig.de\/wp-content\/uploads\/2023\/08\/Kopie-von-Kopie-von-Kopie-von-Coffee-Coffee-Shop-Minimal-Instagram-Post8-705x705.png 705w, https:\/\/freiheitsdenkmal-leipzig.de\/wp-content\/uploads\/2023\/08\/Kopie-von-Kopie-von-Kopie-von-Coffee-Coffee-Shop-Minimal-Instagram-Post8.png 1080w\" sizes=\"(max-width: 300px) 100vw, 300px\" \/><\/div><\/div><\/div><\/div><\/div><!--close column table wrapper. Autoclose: 1 -->\n<div  class='hr av-av_hr-bc943783b13769b99750b884f593b94d hr-default  avia-builder-el-212  el_after_av_one_fourth  el_before_av_three_fifth'><span class='hr-inner'><span class=\"hr-inner-style\"><\/span><\/span><\/div>\n<div class='flex_column_table av-av_three_fifth-362a595c7cdb581d0c6de556f6a4e7d2 sc-av_three_fifth av-equal-height-column-flextable'>\n<style type=\"text\/css\" data-created_by=\"avia_inline_auto\" id=\"style-css-av-av_three_fifth-362a595c7cdb581d0c6de556f6a4e7d2\">\n.flex_column.av-av_three_fifth-362a595c7cdb581d0c6de556f6a4e7d2{\nwidth:59.2%;\nmargin-left:0;\n}\n#top .flex_column_table.av-equal-height-column-flextable.av-av_three_fifth-362a595c7cdb581d0c6de556f6a4e7d2 .av-flex-placeholder{\nwidth:2%;\n}\n<\/style>\n<div  class='flex_column av-av_three_fifth-362a595c7cdb581d0c6de556f6a4e7d2 av_three_fifth  avia-builder-el-213  el_after_av_hr  el_before_av_one_third  first flex_column_table_cell av-equal-height-column av-align-middle'     ><section  class='av_textblock_section av-av_textblock-e878f05c31dff72941bf1e49a00d9ff5'   itemscope=\"itemscope\" itemtype=\"https:\/\/schema.org\/CreativeWork\" ><div class='avia_textblock'  itemprop=\"text\" ><h4>16.08.2023<\/h4>\n<h4>Ausstellung \u201cDas Denkmal ist \u2026\u201d<\/h4>\n<p>Am 6. September startet auf dem Wilhelm-Leuschner-Platz die <strong><a href=\"https:\/\/freiheitsdenkmal-leipzig.de\/en\/ausstellung\/\" target=\"_blank\" rel=\"noopener\">Ausstellung \u201cDas Denkmal ist \u2026\u201d<\/a><\/strong> der Stiftung Friedliche Revolution.<br \/>\nAuf diesem Platz, auf dem bald ein Freiheits- und Einheitsdenkmal in Leipzig entstehen wird, wollen wir beim Zur\u00fcck-, nach Vorn- und Um-uns-herumschauen Perspektiven f\u00fcr ein Denkmal entwickeln, das an die Friedliche Revolution erinnert.<\/p>\n<p>Im Au\u00dfenbereich der Ausstellung auf dem Wilhelm-Leuschner-Platz k\u00f6nnen sich alle dar\u00fcber informieren, wie es zur Initiative f\u00fcr das Denkmal kam, wer an seiner Entstehung beteiligt ist, welche Schritte auf dem Weg zum Denkmal schon geschehen sind und wie es weitergehen soll.<br \/>\nDer zweite Teil der Ausstellung portr\u00e4tiert\u00a0 in k\u00fcnstlerischen Beitr\u00e4gen Denkm\u00e4ler und Erinnerungskultur in Leipzig und an anderen Orten.<br \/>\nDaf\u00fcr wird auf dem Platz eine Raumerweiterungshalle (REH) installiert: eine mobile Architektur, die in den 1960er Jahren in Mecklenburg entwickelt wurde.<\/p>\n<\/div><\/section><\/div>\n<div class='av-flex-placeholder'><\/div>\n<style type=\"text\/css\" data-created_by=\"avia_inline_auto\" id=\"style-css-av-av_one_third-d06667205e6186ec8414c6eb7605d406\">\n.flex_column.av-av_one_third-d06667205e6186ec8414c6eb7605d406{\nwidth:32%;\nmargin-left:0;\n}\n#top .flex_column_table.av-equal-height-column-flextable.av-av_one_third-d06667205e6186ec8414c6eb7605d406 .av-flex-placeholder{\nwidth:2%;\n}\n<\/style>\n<div  class='flex_column av-av_one_third-d06667205e6186ec8414c6eb7605d406 av_one_third  avia-builder-el-215  el_after_av_three_fifth  el_before_av_hr  flex_column_table_cell av-equal-height-column av-align-middle'     ><style type=\"text\/css\" data-created_by=\"avia_inline_auto\" id=\"style-css-av-av_image-6cb2816c23db5c7b3ccad6d16cb936d7\">\n.avia-image-container.av-av_image-6cb2816c23db5c7b3ccad6d16cb936d7 img.avia_image{\nbox-shadow:none;\n}\n.avia-image-container.av-av_image-6cb2816c23db5c7b3ccad6d16cb936d7 .av-image-caption-overlay-center{\ncolor:#ffffff;\n}\n<\/style>\n<div  class='avia-image-container av-av_image-6cb2816c23db5c7b3ccad6d16cb936d7 av-styling- avia-align-center  avia-builder-el-216  avia-builder-el-no-sibling'   itemprop=\"image\" itemscope=\"itemscope\" itemtype=\"https:\/\/schema.org\/ImageObject\" ><div class=\"avia-image-container-inner\"><div class=\"avia-image-overlay-wrap\"><img decoding=\"async\" fetchpriority=\"high\" class='wp-image-4063 avia-img-lazy-loading-not-4063 avia_image' src=\"https:\/\/freiheitsdenkmal-leipzig.de\/wp-content\/uploads\/2023\/08\/138_Denkmalprozess_Instagram_Deckblatt-1030x1030.jpg\" alt='' title='138_Denkmalprozess_Instagram_Deckblatt'  height=\"1030\" width=\"1030\"  itemprop=\"thumbnailUrl\" srcset=\"https:\/\/freiheitsdenkmal-leipzig.de\/wp-content\/uploads\/2023\/08\/138_Denkmalprozess_Instagram_Deckblatt-1030x1030.jpg 1030w, https:\/\/freiheitsdenkmal-leipzig.de\/wp-content\/uploads\/2023\/08\/138_Denkmalprozess_Instagram_Deckblatt-300x300.jpg 300w, https:\/\/freiheitsdenkmal-leipzig.de\/wp-content\/uploads\/2023\/08\/138_Denkmalprozess_Instagram_Deckblatt-80x80.jpg 80w, https:\/\/freiheitsdenkmal-leipzig.de\/wp-content\/uploads\/2023\/08\/138_Denkmalprozess_Instagram_Deckblatt-768x768.jpg 768w, https:\/\/freiheitsdenkmal-leipzig.de\/wp-content\/uploads\/2023\/08\/138_Denkmalprozess_Instagram_Deckblatt-1536x1536.jpg 1536w, https:\/\/freiheitsdenkmal-leipzig.de\/wp-content\/uploads\/2023\/08\/138_Denkmalprozess_Instagram_Deckblatt-2048x2048.jpg 2048w, https:\/\/freiheitsdenkmal-leipzig.de\/wp-content\/uploads\/2023\/08\/138_Denkmalprozess_Instagram_Deckblatt-12x12.jpg 12w, https:\/\/freiheitsdenkmal-leipzig.de\/wp-content\/uploads\/2023\/08\/138_Denkmalprozess_Instagram_Deckblatt-36x36.jpg 36w, https:\/\/freiheitsdenkmal-leipzig.de\/wp-content\/uploads\/2023\/08\/138_Denkmalprozess_Instagram_Deckblatt-180x180.jpg 180w, https:\/\/freiheitsdenkmal-leipzig.de\/wp-content\/uploads\/2023\/08\/138_Denkmalprozess_Instagram_Deckblatt-1500x1500.jpg 1500w, https:\/\/freiheitsdenkmal-leipzig.de\/wp-content\/uploads\/2023\/08\/138_Denkmalprozess_Instagram_Deckblatt-705x705.jpg 705w\" sizes=\"(max-width: 1030px) 100vw, 1030px\" \/><\/div><\/div><\/div><\/div><\/div><!--close column table wrapper. Autoclose: 1 -->\n<div  class='hr av-av_hr-bc943783b13769b99750b884f593b94d hr-default  avia-builder-el-217  el_after_av_one_third  el_before_av_three_fifth'><span class='hr-inner'><span class=\"hr-inner-style\"><\/span><\/span><\/div>\n<div class='flex_column_table av-av_three_fifth-362a595c7cdb581d0c6de556f6a4e7d2 sc-av_three_fifth av-equal-height-column-flextable'>\n<style type=\"text\/css\" data-created_by=\"avia_inline_auto\" id=\"style-css-av-av_three_fifth-362a595c7cdb581d0c6de556f6a4e7d2\">\n.flex_column.av-av_three_fifth-362a595c7cdb581d0c6de556f6a4e7d2{\nwidth:59.2%;\nmargin-left:0;\n}\n#top .flex_column_table.av-equal-height-column-flextable.av-av_three_fifth-362a595c7cdb581d0c6de556f6a4e7d2 .av-flex-placeholder{\nwidth:2%;\n}\n<\/style>\n<div  class='flex_column av-av_three_fifth-362a595c7cdb581d0c6de556f6a4e7d2 av_three_fifth  avia-builder-el-218  el_after_av_hr  el_before_av_one_third  first flex_column_table_cell av-equal-height-column av-align-middle'     ><section  class='av_textblock_section av-av_textblock-e878f05c31dff72941bf1e49a00d9ff5'   itemscope=\"itemscope\" itemtype=\"https:\/\/schema.org\/CreativeWork\" ><div class='avia_textblock'  itemprop=\"text\" ><h4>14.08.2023<\/h4>\n<h4>Kinoabend am 22. August mit \u201eNahschuss\u201c und \u201eMielkes Rache\u201c<\/h4>\n<p class=\"_aacl _aaco _aacu _aacx _aad7 _aade\" dir=\"auto\">Am 22. August zeigt das CINEMA CASINO um 18 Uhr den Spielfilm <a href=\"https:\/\/freiheitsdenkmal-leipzig.de\/wp-content\/uploads\/2023\/07\/nahschuss.pdf\" target=\"_blank\" rel=\"noopener\"><strong>NAHSCHUSS<\/strong><\/a>. Nach dem Filmgespr\u00e4ch mit Regisseurin Franziska St\u00fcnkel um 20 Uhr fahren wir um 20:45 mit der Dokumentation <a href=\"https:\/\/freiheitsdenkmal-leipzig.de\/wp-content\/uploads\/2023\/07\/milkes-rache-fuer-PDF.pdf\" target=\"_blank\" rel=\"noopener\"><strong>MIELKES RACHE<\/strong><\/a> fort;<br \/>\nDer Eintritt ist frei.<br \/>\nWir freuen uns auf Sie!<\/p>\n<p class=\"_aacl _aaco _aacu _aacx _aad7 _aade\" dir=\"auto\">.<\/p>\n<\/div><\/section><\/div>\n<div class='av-flex-placeholder'><\/div>\n<style type=\"text\/css\" data-created_by=\"avia_inline_auto\" id=\"style-css-av-av_one_third-d06667205e6186ec8414c6eb7605d406\">\n.flex_column.av-av_one_third-d06667205e6186ec8414c6eb7605d406{\nwidth:32%;\nmargin-left:0;\n}\n#top .flex_column_table.av-equal-height-column-flextable.av-av_one_third-d06667205e6186ec8414c6eb7605d406 .av-flex-placeholder{\nwidth:2%;\n}\n<\/style>\n<div  class='flex_column av-av_one_third-d06667205e6186ec8414c6eb7605d406 av_one_third  avia-builder-el-220  el_after_av_three_fifth  el_before_av_hr  flex_column_table_cell av-equal-height-column av-align-middle'     ><div  class='avia-slideshow av-av_slideshow-7603d5f59e03687f51b7774ba9222615 avia-slideshow-large av_slideshow avia-slide-slider  avia-builder-el-221  avia-builder-el-no-sibling  av-slideshow-ui av-control-default av-slideshow-manual av-loop-once av-loop-manual-endless av-default-height-applied avia-slideshow-10' data-slideshow-options=\"{&quot;animation&quot;:&quot;slide&quot;,&quot;autoplay&quot;:false,&quot;loop_autoplay&quot;:&quot;once&quot;,&quot;interval&quot;:5,&quot;loop_manual&quot;:&quot;manual-endless&quot;,&quot;autoplay_stopper&quot;:false,&quot;noNavigation&quot;:false,&quot;bg_slider&quot;:false,&quot;keep_padding&quot;:false,&quot;hoverpause&quot;:false,&quot;show_slide_delay&quot;:0}\"  itemprop=\"image\" itemscope=\"itemscope\" itemtype=\"https:\/\/schema.org\/ImageObject\" ><ul class='avia-slideshow-inner' style='padding-bottom: 102.18253968254%;'><li  class='avia-slideshow-slide av-av_slideshow-7603d5f59e03687f51b7774ba9222615__0  slide-1 slide-odd'><div data-rel='slideshow-10' class='avia-slide-wrap'   ><img decoding=\"async\" fetchpriority=\"high\" class=\"wp-image-4376 avia-img-lazy-loading-not-4376\"  src=\"https:\/\/freiheitsdenkmal-leipzig.de\/wp-content\/uploads\/2023\/08\/20230829_150159-1008x1030.jpg\" width=\"1008\" height=\"1030\" title='20230829_150159' alt=''  itemprop=\"thumbnailUrl\" srcset=\"https:\/\/freiheitsdenkmal-leipzig.de\/wp-content\/uploads\/2023\/08\/20230829_150159-1008x1030.jpg 1008w, https:\/\/freiheitsdenkmal-leipzig.de\/wp-content\/uploads\/2023\/08\/20230829_150159-294x300.jpg 294w, https:\/\/freiheitsdenkmal-leipzig.de\/wp-content\/uploads\/2023\/08\/20230829_150159-768x785.jpg 768w, https:\/\/freiheitsdenkmal-leipzig.de\/wp-content\/uploads\/2023\/08\/20230829_150159-12x12.jpg 12w, https:\/\/freiheitsdenkmal-leipzig.de\/wp-content\/uploads\/2023\/08\/20230829_150159-36x36.jpg 36w, https:\/\/freiheitsdenkmal-leipzig.de\/wp-content\/uploads\/2023\/08\/20230829_150159-690x705.jpg 690w, https:\/\/freiheitsdenkmal-leipzig.de\/wp-content\/uploads\/2023\/08\/20230829_150159.jpg 1196w\" sizes=\"(max-width: 1008px) 100vw, 1008px\" \/><\/div><\/li><li  class='avia-slideshow-slide av-av_slideshow-7603d5f59e03687f51b7774ba9222615__1  slide-2 slide-even'><div data-rel='slideshow-10' class='avia-slide-wrap'   ><img decoding=\"async\" fetchpriority=\"high\" class=\"wp-image-4375 avia-img-lazy-loading-not-4375\"  src=\"https:\/\/freiheitsdenkmal-leipzig.de\/wp-content\/uploads\/2023\/08\/reh-kran.jpg\" width=\"428\" height=\"431\" title='reh-kran' alt=''  itemprop=\"thumbnailUrl\" srcset=\"https:\/\/freiheitsdenkmal-leipzig.de\/wp-content\/uploads\/2023\/08\/reh-kran.jpg 428w, https:\/\/freiheitsdenkmal-leipzig.de\/wp-content\/uploads\/2023\/08\/reh-kran-298x300.jpg 298w, https:\/\/freiheitsdenkmal-leipzig.de\/wp-content\/uploads\/2023\/08\/reh-kran-80x80.jpg 80w, https:\/\/freiheitsdenkmal-leipzig.de\/wp-content\/uploads\/2023\/08\/reh-kran-12x12.jpg 12w, https:\/\/freiheitsdenkmal-leipzig.de\/wp-content\/uploads\/2023\/08\/reh-kran-36x36.jpg 36w, https:\/\/freiheitsdenkmal-leipzig.de\/wp-content\/uploads\/2023\/08\/reh-kran-180x180.jpg 180w\" sizes=\"(max-width: 428px) 100vw, 428px\" \/><\/div><\/li><li  class='avia-slideshow-slide av-av_slideshow-7603d5f59e03687f51b7774ba9222615__2  slide-3 slide-odd'><div data-rel='slideshow-10' class='avia-slide-wrap'   ><img decoding=\"async\" fetchpriority=\"high\" class=\"wp-image-4371 avia-img-lazy-loading-not-4371\"  src=\"https:\/\/freiheitsdenkmal-leipzig.de\/wp-content\/uploads\/2023\/08\/20230828_143539-1028x1030.jpg\" width=\"1028\" height=\"1030\" title='20230828_143539' alt=''  itemprop=\"thumbnailUrl\" srcset=\"https:\/\/freiheitsdenkmal-leipzig.de\/wp-content\/uploads\/2023\/08\/20230828_143539-1028x1030.jpg 1028w, https:\/\/freiheitsdenkmal-leipzig.de\/wp-content\/uploads\/2023\/08\/20230828_143539-300x300.jpg 300w, https:\/\/freiheitsdenkmal-leipzig.de\/wp-content\/uploads\/2023\/08\/20230828_143539-80x80.jpg 80w, https:\/\/freiheitsdenkmal-leipzig.de\/wp-content\/uploads\/2023\/08\/20230828_143539-768x769.jpg 768w, https:\/\/freiheitsdenkmal-leipzig.de\/wp-content\/uploads\/2023\/08\/20230828_143539-1533x1536.jpg 1533w, https:\/\/freiheitsdenkmal-leipzig.de\/wp-content\/uploads\/2023\/08\/20230828_143539-2045x2048.jpg 2045w, https:\/\/freiheitsdenkmal-leipzig.de\/wp-content\/uploads\/2023\/08\/20230828_143539-12x12.jpg 12w, https:\/\/freiheitsdenkmal-leipzig.de\/wp-content\/uploads\/2023\/08\/20230828_143539-36x36.jpg 36w, https:\/\/freiheitsdenkmal-leipzig.de\/wp-content\/uploads\/2023\/08\/20230828_143539-180x180.jpg 180w, https:\/\/freiheitsdenkmal-leipzig.de\/wp-content\/uploads\/2023\/08\/20230828_143539-1498x1500.jpg 1498w, https:\/\/freiheitsdenkmal-leipzig.de\/wp-content\/uploads\/2023\/08\/20230828_143539-705x705.jpg 705w\" sizes=\"(max-width: 1028px) 100vw, 1028px\" \/><\/div><\/li><li  class='avia-slideshow-slide av-av_slideshow-7603d5f59e03687f51b7774ba9222615__3  slide-4 slide-even'><div data-rel='slideshow-10' class='avia-slide-wrap'   ><img decoding=\"async\" fetchpriority=\"high\" class=\"wp-image-4373 avia-img-lazy-loading-not-4373\"  src=\"https:\/\/freiheitsdenkmal-leipzig.de\/wp-content\/uploads\/2023\/08\/IMG_4245-1030x1030.jpg\" width=\"1030\" height=\"1030\" title='IMG_4245' alt=''  itemprop=\"thumbnailUrl\" srcset=\"https:\/\/freiheitsdenkmal-leipzig.de\/wp-content\/uploads\/2023\/08\/IMG_4245-1030x1030.jpg 1030w, https:\/\/freiheitsdenkmal-leipzig.de\/wp-content\/uploads\/2023\/08\/IMG_4245-300x300.jpg 300w, https:\/\/freiheitsdenkmal-leipzig.de\/wp-content\/uploads\/2023\/08\/IMG_4245-80x80.jpg 80w, https:\/\/freiheitsdenkmal-leipzig.de\/wp-content\/uploads\/2023\/08\/IMG_4245-768x768.jpg 768w, https:\/\/freiheitsdenkmal-leipzig.de\/wp-content\/uploads\/2023\/08\/IMG_4245-1536x1536.jpg 1536w, https:\/\/freiheitsdenkmal-leipzig.de\/wp-content\/uploads\/2023\/08\/IMG_4245-2048x2048.jpg 2048w, https:\/\/freiheitsdenkmal-leipzig.de\/wp-content\/uploads\/2023\/08\/IMG_4245-12x12.jpg 12w, https:\/\/freiheitsdenkmal-leipzig.de\/wp-content\/uploads\/2023\/08\/IMG_4245-36x36.jpg 36w, https:\/\/freiheitsdenkmal-leipzig.de\/wp-content\/uploads\/2023\/08\/IMG_4245-180x180.jpg 180w, https:\/\/freiheitsdenkmal-leipzig.de\/wp-content\/uploads\/2023\/08\/IMG_4245-1500x1500.jpg 1500w, https:\/\/freiheitsdenkmal-leipzig.de\/wp-content\/uploads\/2023\/08\/IMG_4245-705x705.jpg 705w\" sizes=\"(max-width: 1030px) 100vw, 1030px\" \/><\/div><\/li><li  class='avia-slideshow-slide av-av_slideshow-7603d5f59e03687f51b7774ba9222615__4  slide-5 slide-odd'><div data-rel='slideshow-10' class='avia-slide-wrap'   ><img decoding=\"async\" fetchpriority=\"high\" class=\"wp-image-4374 avia-img-lazy-loading-not-4374\"  src=\"https:\/\/freiheitsdenkmal-leipzig.de\/wp-content\/uploads\/2023\/08\/IMG_4254-1030x1030.jpg\" width=\"1030\" height=\"1030\" title='IMG_4254' alt=''  itemprop=\"thumbnailUrl\" srcset=\"https:\/\/freiheitsdenkmal-leipzig.de\/wp-content\/uploads\/2023\/08\/IMG_4254-1030x1030.jpg 1030w, https:\/\/freiheitsdenkmal-leipzig.de\/wp-content\/uploads\/2023\/08\/IMG_4254-300x300.jpg 300w, https:\/\/freiheitsdenkmal-leipzig.de\/wp-content\/uploads\/2023\/08\/IMG_4254-80x80.jpg 80w, https:\/\/freiheitsdenkmal-leipzig.de\/wp-content\/uploads\/2023\/08\/IMG_4254-768x768.jpg 768w, https:\/\/freiheitsdenkmal-leipzig.de\/wp-content\/uploads\/2023\/08\/IMG_4254-1536x1536.jpg 1536w, https:\/\/freiheitsdenkmal-leipzig.de\/wp-content\/uploads\/2023\/08\/IMG_4254-2048x2048.jpg 2048w, https:\/\/freiheitsdenkmal-leipzig.de\/wp-content\/uploads\/2023\/08\/IMG_4254-12x12.jpg 12w, https:\/\/freiheitsdenkmal-leipzig.de\/wp-content\/uploads\/2023\/08\/IMG_4254-36x36.jpg 36w, https:\/\/freiheitsdenkmal-leipzig.de\/wp-content\/uploads\/2023\/08\/IMG_4254-180x180.jpg 180w, https:\/\/freiheitsdenkmal-leipzig.de\/wp-content\/uploads\/2023\/08\/IMG_4254-1500x1500.jpg 1500w, https:\/\/freiheitsdenkmal-leipzig.de\/wp-content\/uploads\/2023\/08\/IMG_4254-705x705.jpg 705w\" sizes=\"(max-width: 1030px) 100vw, 1030px\" \/><\/div><\/li><li  class='avia-slideshow-slide av-av_slideshow-7603d5f59e03687f51b7774ba9222615__5  slide-6 slide-even'><div data-rel='slideshow-10' class='avia-slide-wrap'   ><img decoding=\"async\" fetchpriority=\"high\" class=\"wp-image-4372 avia-img-lazy-loading-not-4372\"  src=\"https:\/\/freiheitsdenkmal-leipzig.de\/wp-content\/uploads\/2023\/08\/20230829_150032-1002x1030.jpg\" width=\"1002\" height=\"1030\" title='20230829_150032' alt=''  itemprop=\"thumbnailUrl\" srcset=\"https:\/\/freiheitsdenkmal-leipzig.de\/wp-content\/uploads\/2023\/08\/20230829_150032-1002x1030.jpg 1002w, https:\/\/freiheitsdenkmal-leipzig.de\/wp-content\/uploads\/2023\/08\/20230829_150032-292x300.jpg 292w, https:\/\/freiheitsdenkmal-leipzig.de\/wp-content\/uploads\/2023\/08\/20230829_150032-768x789.jpg 768w, https:\/\/freiheitsdenkmal-leipzig.de\/wp-content\/uploads\/2023\/08\/20230829_150032-1495x1536.jpg 1495w, https:\/\/freiheitsdenkmal-leipzig.de\/wp-content\/uploads\/2023\/08\/20230829_150032-1993x2048.jpg 1993w, https:\/\/freiheitsdenkmal-leipzig.de\/wp-content\/uploads\/2023\/08\/20230829_150032-12x12.jpg 12w, https:\/\/freiheitsdenkmal-leipzig.de\/wp-content\/uploads\/2023\/08\/20230829_150032-36x36.jpg 36w, https:\/\/freiheitsdenkmal-leipzig.de\/wp-content\/uploads\/2023\/08\/20230829_150032-1460x1500.jpg 1460w, https:\/\/freiheitsdenkmal-leipzig.de\/wp-content\/uploads\/2023\/08\/20230829_150032-686x705.jpg 686w\" sizes=\"(max-width: 1002px) 100vw, 1002px\" \/><\/div><\/li><\/ul><div class='avia-slideshow-arrows avia-slideshow-controls' ><a href='#prev' class='prev-slide' aria-hidden='true' data-av_icon='\ue87c' data-av_iconfont='entypo-fontello'  tabindex='-1'>Previous<\/a><a href='#next' class='next-slide' aria-hidden='true' data-av_icon='\ue87d' data-av_iconfont='entypo-fontello'  tabindex='-1'>Next<\/a><\/div><div class='avia-slideshow-dots avia-slideshow-controls'><a href='#1' class='goto-slide active' >1<\/a><a href='#2' class='goto-slide' >2<\/a><a href='#3' class='goto-slide' >3<\/a><a href='#4' class='goto-slide' >4<\/a><a href='#5' class='goto-slide' >5<\/a><a href='#6' class='goto-slide' >6<\/a><\/div><\/div><\/div><\/div><!--close column table wrapper. Autoclose: 1 -->\n<div  class='hr av-av_hr-bc943783b13769b99750b884f593b94d hr-default  avia-builder-el-222  el_after_av_one_third  el_before_av_three_fifth'><span class='hr-inner'><span class=\"hr-inner-style\"><\/span><\/span><\/div>\n<div class='flex_column_table av-av_three_fifth-362a595c7cdb581d0c6de556f6a4e7d2 sc-av_three_fifth av-equal-height-column-flextable'>\n<style type=\"text\/css\" data-created_by=\"avia_inline_auto\" id=\"style-css-av-av_three_fifth-362a595c7cdb581d0c6de556f6a4e7d2\">\n.flex_column.av-av_three_fifth-362a595c7cdb581d0c6de556f6a4e7d2{\nwidth:59.2%;\nmargin-left:0;\n}\n#top .flex_column_table.av-equal-height-column-flextable.av-av_three_fifth-362a595c7cdb581d0c6de556f6a4e7d2 .av-flex-placeholder{\nwidth:2%;\n}\n<\/style>\n<div  class='flex_column av-av_three_fifth-362a595c7cdb581d0c6de556f6a4e7d2 av_three_fifth  avia-builder-el-223  el_after_av_hr  el_before_av_two_fifth  first flex_column_table_cell av-equal-height-column av-align-middle'     ><section  class='av_textblock_section av-av_textblock-e878f05c31dff72941bf1e49a00d9ff5'   itemscope=\"itemscope\" itemtype=\"https:\/\/schema.org\/CreativeWork\" ><div class='avia_textblock'  itemprop=\"text\" ><h4>07.07.2023<\/h4>\n<h4>DenkmalWerkstatt \u00fcber Sommer ge\u00f6ffnet, Cinema Casino macht Pause bis 22.8.<\/h4>\n<p>Liebe Kino-Fans, der n\u00e4chster <a href=\"https:\/\/freiheitsdenkmal-leipzig.de\/wp-content\/uploads\/2023\/06\/Casino_Kino_Flyer_02-druck.pdf\"><strong>Cinema Casino<\/strong><\/a>-Abend findet erst wieder am 22. August statt, da wir in den Hochsommer-Monaten Juli und August jeweils nur einen Kinoabend anbieten.<br \/>\nIm unserem Zeitgeschichtskino zeigen wir am 22. August dann ab 18 Uhr zum Thema &#8222;Todesstrafe in der DDR&#8220; den Spielfilm NAHSCHUSS und nach dem Filmgespr\u00e4ch die Dokumentation MIELKES RACHE &#8211; Die Hinrichtung des Stasi-Offiziers Werner Teske. Zu Gast ist die NAHSCHUSS-Regisseurin Franziska St\u00fcnkel.<\/p>\n<p>Die DenkmalWerkstatt und die Ausstellung: Andreas Reimann SCHWARZ AUF WEISS \u2013 EIN REGENBOGEN sind auch im Juli und August durchgehend dienstags und donnerstags von 14 bis 17 Uhr ge\u00f6ffnet.<\/p>\n<p><em>Wir w\u00fcnschen euch einen sch\u00f6nen Sommer!<\/em><\/p>\n<\/div><\/section><\/div>\n<div class='av-flex-placeholder'><\/div>\n<style type=\"text\/css\" data-created_by=\"avia_inline_auto\" id=\"style-css-av-av_two_fifth-d06667205e6186ec8414c6eb7605d406\">\n.flex_column.av-av_two_fifth-d06667205e6186ec8414c6eb7605d406{\nwidth:38.8%;\nmargin-left:0;\n}\n#top .flex_column_table.av-equal-height-column-flextable.av-av_two_fifth-d06667205e6186ec8414c6eb7605d406 .av-flex-placeholder{\nwidth:2%;\n}\n<\/style>\n<div  class='flex_column av-av_two_fifth-d06667205e6186ec8414c6eb7605d406 av_two_fifth  avia-builder-el-225  el_after_av_three_fifth  el_before_av_hr  flex_column_table_cell av-equal-height-column av-align-middle'     ><style type=\"text\/css\" data-created_by=\"avia_inline_auto\" id=\"style-css-av-av_image-069c8fcd95804be5d4787815545d1ed5\">\n.avia-image-container.av-av_image-069c8fcd95804be5d4787815545d1ed5 img.avia_image{\nbox-shadow:none;\n}\n.avia-image-container.av-av_image-069c8fcd95804be5d4787815545d1ed5 .av-image-caption-overlay-center{\ncolor:#ffffff;\n}\n<\/style>\n<div  class='avia-image-container av-av_image-069c8fcd95804be5d4787815545d1ed5 av-styling- avia-align-center  avia-builder-el-226  avia-builder-el-no-sibling'   itemprop=\"image\" itemscope=\"itemscope\" itemtype=\"https:\/\/schema.org\/ImageObject\" ><div class=\"avia-image-container-inner\"><div class=\"avia-image-overlay-wrap\"><img decoding=\"async\" fetchpriority=\"high\" class='wp-image-4004 avia-img-lazy-loading-not-4004 avia_image' src=\"https:\/\/freiheitsdenkmal-leipzig.de\/wp-content\/uploads\/2023\/07\/Kopie-von-Kopie-von-Coffee-Coffee-Shop-Minimal-Instagram-Post1-300x300.png\" alt='' title='Kopie von Kopie von Coffee Coffee Shop Minimal Instagram Post(1)'  height=\"300\" width=\"300\"  itemprop=\"thumbnailUrl\" srcset=\"https:\/\/freiheitsdenkmal-leipzig.de\/wp-content\/uploads\/2023\/07\/Kopie-von-Kopie-von-Coffee-Coffee-Shop-Minimal-Instagram-Post1-300x300.png 300w, https:\/\/freiheitsdenkmal-leipzig.de\/wp-content\/uploads\/2023\/07\/Kopie-von-Kopie-von-Coffee-Coffee-Shop-Minimal-Instagram-Post1-1030x1030.png 1030w, https:\/\/freiheitsdenkmal-leipzig.de\/wp-content\/uploads\/2023\/07\/Kopie-von-Kopie-von-Coffee-Coffee-Shop-Minimal-Instagram-Post1-80x80.png 80w, https:\/\/freiheitsdenkmal-leipzig.de\/wp-content\/uploads\/2023\/07\/Kopie-von-Kopie-von-Coffee-Coffee-Shop-Minimal-Instagram-Post1-768x768.png 768w, https:\/\/freiheitsdenkmal-leipzig.de\/wp-content\/uploads\/2023\/07\/Kopie-von-Kopie-von-Coffee-Coffee-Shop-Minimal-Instagram-Post1-12x12.png 12w, https:\/\/freiheitsdenkmal-leipzig.de\/wp-content\/uploads\/2023\/07\/Kopie-von-Kopie-von-Coffee-Coffee-Shop-Minimal-Instagram-Post1-36x36.png 36w, https:\/\/freiheitsdenkmal-leipzig.de\/wp-content\/uploads\/2023\/07\/Kopie-von-Kopie-von-Coffee-Coffee-Shop-Minimal-Instagram-Post1-180x180.png 180w, https:\/\/freiheitsdenkmal-leipzig.de\/wp-content\/uploads\/2023\/07\/Kopie-von-Kopie-von-Coffee-Coffee-Shop-Minimal-Instagram-Post1-705x705.png 705w, https:\/\/freiheitsdenkmal-leipzig.de\/wp-content\/uploads\/2023\/07\/Kopie-von-Kopie-von-Coffee-Coffee-Shop-Minimal-Instagram-Post1.png 1080w\" sizes=\"(max-width: 300px) 100vw, 300px\" \/><\/div><\/div><\/div><\/div><\/div><!--close column table wrapper. Autoclose: 1 -->\n<div  class='hr av-av_hr-bc943783b13769b99750b884f593b94d hr-default  avia-builder-el-227  el_after_av_two_fifth  el_before_av_three_fifth'><span class='hr-inner'><span class=\"hr-inner-style\"><\/span><\/span><\/div>\n<div class='flex_column_table av-av_three_fifth-c54d687d8565f92f3bb2ff27dd575398 sc-av_three_fifth av-equal-height-column-flextable'>\n<style type=\"text\/css\" data-created_by=\"avia_inline_auto\" id=\"style-css-av-av_three_fifth-c54d687d8565f92f3bb2ff27dd575398\">\n.flex_column.av-av_three_fifth-c54d687d8565f92f3bb2ff27dd575398{\nwidth:59.2%;\nmargin-left:0;\nborder-radius:0px 0px 0px 0px;\npadding:0px 0px 0px 0px;\n}\n#top .flex_column_table.av-equal-height-column-flextable.av-av_three_fifth-c54d687d8565f92f3bb2ff27dd575398 .av-flex-placeholder{\nwidth:2%;\n}\n<\/style>\n<div  class='flex_column av-av_three_fifth-c54d687d8565f92f3bb2ff27dd575398 av_three_fifth  avia-builder-el-228  el_after_av_hr  el_before_av_two_fifth  first flex_column_table_cell av-equal-height-column av-align-middle av-zero-column-padding'     ><section  class='av_textblock_section av-av_textblock-2af844281454f6b633b3eae0dd4dd55e'   itemscope=\"itemscope\" itemtype=\"https:\/\/schema.org\/CreativeWork\" ><div class='avia_textblock'  itemprop=\"text\" ><h4>30.07.2023<\/h4>\n<h4>Kinoabend am 4. Juli mit \u201eIn einem Land, das es nicht mehr gibt\u201c und \u201eEin Traum in Erdbeerfolie\u201c<\/h4>\n<p class=\"_aacl _aaco _aacu _aacx _aad7 _aade\" dir=\"auto\">Am 4. Juli ist wieder Cinema Casino-Abend! Special Guest: Frank Sch\u00e4fer!<br \/>\nDas Thema: Modeszene der DDR &#8211; Gegenwelt und Freiraum<br \/>\nWir starten um 18 Uhr mit dem Spielfilm \u201e<a href=\"https:\/\/freiheitsdenkmal-leipzig.de\/wp-content\/uploads\/2023\/06\/in-einem-land-das-es-nicht-mehr-gibt-fuer-PDF.pdf\" target=\"_blank\" rel=\"noopener\">In einem Land, das es nicht mehr gibt<\/a>\u201c.<br \/>\nUnser angek\u00fcndigter Gespr\u00e4chsgast Grit Seymour musste leider wegen Erkrankung absagen, aber wir freuen uns stattdessen um 19:45 sehr auf ein Gespr\u00e4ch mit Frank Sch\u00e4fer, Stilikone, Schauspieler und Friseur \u2013 und DIE Person mit Bezug zu beiden Filmen. Schlie\u00dflich ist er das Vorbild f\u00fcr die Figur des Rudi in \u201eIn einem Land, das es nicht mehr gibt\u201c und Protagonist in \u201e<a href=\"https:\/\/freiheitsdenkmal-leipzig.de\/wp-content\/uploads\/2023\/06\/traum-in-erdbeerfolie.pdf\" target=\"_blank\" rel=\"noopener\">Ein Traum in Erdbeerfolie<\/a>\u201c, der sich um 20:30 anschlie\u00dft.<\/p>\n<\/div><\/section><\/div>\n<div class='av-flex-placeholder'><\/div>\n<style type=\"text\/css\" data-created_by=\"avia_inline_auto\" id=\"style-css-av-av_two_fifth-d06667205e6186ec8414c6eb7605d406\">\n.flex_column.av-av_two_fifth-d06667205e6186ec8414c6eb7605d406{\nwidth:38.8%;\nmargin-left:0;\n}\n#top .flex_column_table.av-equal-height-column-flextable.av-av_two_fifth-d06667205e6186ec8414c6eb7605d406 .av-flex-placeholder{\nwidth:2%;\n}\n<\/style>\n<div  class='flex_column av-av_two_fifth-d06667205e6186ec8414c6eb7605d406 av_two_fifth  avia-builder-el-230  el_after_av_three_fifth  el_before_av_hr  flex_column_table_cell av-equal-height-column av-align-middle'     ><style type=\"text\/css\" data-created_by=\"avia_inline_auto\" id=\"style-css-av-av_image-dd0daa7c7fb804810cac996424a78e09\">\n.avia-image-container.av-av_image-dd0daa7c7fb804810cac996424a78e09 img.avia_image{\nbox-shadow:none;\n}\n.avia-image-container.av-av_image-dd0daa7c7fb804810cac996424a78e09 .av-image-caption-overlay-center{\ncolor:#ffffff;\n}\n<\/style>\n<div  class='avia-image-container av-av_image-dd0daa7c7fb804810cac996424a78e09 av-styling- avia-align-center  avia-builder-el-231  avia-builder-el-no-sibling'   itemprop=\"image\" itemscope=\"itemscope\" itemtype=\"https:\/\/schema.org\/ImageObject\" ><div class=\"avia-image-container-inner\"><div class=\"avia-image-overlay-wrap\"><img decoding=\"async\" fetchpriority=\"high\" class='wp-image-3986 avia-img-lazy-loading-not-3986 avia_image' src=\"https:\/\/freiheitsdenkmal-leipzig.de\/wp-content\/uploads\/2023\/07\/in-einem-land-300x300.jpg\" alt='' title='in-einem-land'  height=\"300\" width=\"300\"  itemprop=\"thumbnailUrl\" srcset=\"https:\/\/freiheitsdenkmal-leipzig.de\/wp-content\/uploads\/2023\/07\/in-einem-land-300x300.jpg 300w, https:\/\/freiheitsdenkmal-leipzig.de\/wp-content\/uploads\/2023\/07\/in-einem-land-1030x1030.jpg 1030w, https:\/\/freiheitsdenkmal-leipzig.de\/wp-content\/uploads\/2023\/07\/in-einem-land-80x80.jpg 80w, https:\/\/freiheitsdenkmal-leipzig.de\/wp-content\/uploads\/2023\/07\/in-einem-land-768x768.jpg 768w, https:\/\/freiheitsdenkmal-leipzig.de\/wp-content\/uploads\/2023\/07\/in-einem-land-1536x1536.jpg 1536w, https:\/\/freiheitsdenkmal-leipzig.de\/wp-content\/uploads\/2023\/07\/in-einem-land-12x12.jpg 12w, https:\/\/freiheitsdenkmal-leipzig.de\/wp-content\/uploads\/2023\/07\/in-einem-land-36x36.jpg 36w, https:\/\/freiheitsdenkmal-leipzig.de\/wp-content\/uploads\/2023\/07\/in-einem-land-180x180.jpg 180w, https:\/\/freiheitsdenkmal-leipzig.de\/wp-content\/uploads\/2023\/07\/in-einem-land-1500x1500.jpg 1500w, https:\/\/freiheitsdenkmal-leipzig.de\/wp-content\/uploads\/2023\/07\/in-einem-land-705x705.jpg 705w, https:\/\/freiheitsdenkmal-leipzig.de\/wp-content\/uploads\/2023\/07\/in-einem-land.jpg 1920w\" sizes=\"(max-width: 300px) 100vw, 300px\" \/><\/div><\/div><\/div><\/div><\/div><!--close column table wrapper. Autoclose: 1 -->\n<div  class='hr av-av_hr-bc943783b13769b99750b884f593b94d hr-default  avia-builder-el-232  el_after_av_two_fifth  el_before_av_two_third'><span class='hr-inner'><span class=\"hr-inner-style\"><\/span><\/span><\/div>\n<div class='flex_column_table av-av_two_third-c54d687d8565f92f3bb2ff27dd575398 sc-av_two_third av-equal-height-column-flextable'>\n<style type=\"text\/css\" data-created_by=\"avia_inline_auto\" id=\"style-css-av-av_two_third-c54d687d8565f92f3bb2ff27dd575398\">\n.flex_column.av-av_two_third-c54d687d8565f92f3bb2ff27dd575398{\nwidth:66%;\nmargin-left:0;\nborder-radius:0px 0px 0px 0px;\npadding:0px 0px 0px 0px;\n}\n#top .flex_column_table.av-equal-height-column-flextable.av-av_two_third-c54d687d8565f92f3bb2ff27dd575398 .av-flex-placeholder{\nwidth:2%;\n}\n<\/style>\n<div  class='flex_column av-av_two_third-c54d687d8565f92f3bb2ff27dd575398 av_two_third  avia-builder-el-233  el_after_av_hr  el_before_av_one_third  first flex_column_table_cell av-equal-height-column av-align-middle av-zero-column-padding'     ><section  class='av_textblock_section av-av_textblock-2af844281454f6b633b3eae0dd4dd55e'   itemscope=\"itemscope\" itemtype=\"https:\/\/schema.org\/CreativeWork\" ><div class='avia_textblock'  itemprop=\"text\" ><h4>21.06.2023<\/h4>\n<h4>Ausstellung Andreas Reimann \u2013 SCHWARZ AUF WEISS: EIN REGENBOGEN immer dienstags und donnerstags von 14 -17 Uhr ge\u00f6ffnet<\/h4>\n<p>Wir zeigen die erste von drei Ausstellungssequenzen:<br \/>\n\u201eIch bin kein Opfer, sondern ein Dichter\u201c<br \/>\nnoch bis zum 31. August dienstags und donnerstags von 14 -17 Uhr sowie nach Vereinbarung per Mail: <a href=\"mailto:denkmal@stiftung-fr.de\">denkmal@stiftung-fr.de <\/a>oder telefonisch unter: 0341 22566004.<\/p>\n<\/div><\/section><\/div>\n<div class='av-flex-placeholder'><\/div>\n<style type=\"text\/css\" data-created_by=\"avia_inline_auto\" id=\"style-css-av-av_one_third-d06667205e6186ec8414c6eb7605d406\">\n.flex_column.av-av_one_third-d06667205e6186ec8414c6eb7605d406{\nwidth:32%;\nmargin-left:0;\n}\n#top .flex_column_table.av-equal-height-column-flextable.av-av_one_third-d06667205e6186ec8414c6eb7605d406 .av-flex-placeholder{\nwidth:2%;\n}\n<\/style>\n<div  class='flex_column av-av_one_third-d06667205e6186ec8414c6eb7605d406 av_one_third  avia-builder-el-235  el_after_av_two_third  el_before_av_hr  flex_column_table_cell av-equal-height-column av-align-middle'     ><div  class='avia-slideshow av-av_slideshow-7603d5f59e03687f51b7774ba9222615 avia-slideshow-large av_slideshow avia-slide-slider  avia-builder-el-236  avia-builder-el-no-sibling  av-slideshow-ui av-control-default av-slideshow-manual av-loop-once av-loop-manual-endless av-default-height-applied avia-slideshow-11' data-slideshow-options=\"{&quot;animation&quot;:&quot;slide&quot;,&quot;autoplay&quot;:false,&quot;loop_autoplay&quot;:&quot;once&quot;,&quot;interval&quot;:5,&quot;loop_manual&quot;:&quot;manual-endless&quot;,&quot;autoplay_stopper&quot;:false,&quot;noNavigation&quot;:false,&quot;bg_slider&quot;:false,&quot;keep_padding&quot;:false,&quot;hoverpause&quot;:false,&quot;show_slide_delay&quot;:0}\"  itemprop=\"image\" itemscope=\"itemscope\" itemtype=\"https:\/\/schema.org\/ImageObject\" ><ul class='avia-slideshow-inner' style='padding-bottom: 102.18253968254%;'><li  class='avia-slideshow-slide av-av_slideshow-7603d5f59e03687f51b7774ba9222615__0  slide-1 slide-odd'><div data-rel='slideshow-11' class='avia-slide-wrap'   ><img decoding=\"async\" fetchpriority=\"high\" class=\"wp-image-4376 avia-img-lazy-loading-not-4376\"  src=\"https:\/\/freiheitsdenkmal-leipzig.de\/wp-content\/uploads\/2023\/08\/20230829_150159-1008x1030.jpg\" width=\"1008\" height=\"1030\" title='20230829_150159' alt=''  itemprop=\"thumbnailUrl\" srcset=\"https:\/\/freiheitsdenkmal-leipzig.de\/wp-content\/uploads\/2023\/08\/20230829_150159-1008x1030.jpg 1008w, https:\/\/freiheitsdenkmal-leipzig.de\/wp-content\/uploads\/2023\/08\/20230829_150159-294x300.jpg 294w, https:\/\/freiheitsdenkmal-leipzig.de\/wp-content\/uploads\/2023\/08\/20230829_150159-768x785.jpg 768w, https:\/\/freiheitsdenkmal-leipzig.de\/wp-content\/uploads\/2023\/08\/20230829_150159-12x12.jpg 12w, https:\/\/freiheitsdenkmal-leipzig.de\/wp-content\/uploads\/2023\/08\/20230829_150159-36x36.jpg 36w, https:\/\/freiheitsdenkmal-leipzig.de\/wp-content\/uploads\/2023\/08\/20230829_150159-690x705.jpg 690w, https:\/\/freiheitsdenkmal-leipzig.de\/wp-content\/uploads\/2023\/08\/20230829_150159.jpg 1196w\" sizes=\"(max-width: 1008px) 100vw, 1008px\" \/><\/div><\/li><li  class='avia-slideshow-slide av-av_slideshow-7603d5f59e03687f51b7774ba9222615__1  slide-2 slide-even'><div data-rel='slideshow-11' class='avia-slide-wrap'   ><img decoding=\"async\" fetchpriority=\"high\" class=\"wp-image-4375 avia-img-lazy-loading-not-4375\"  src=\"https:\/\/freiheitsdenkmal-leipzig.de\/wp-content\/uploads\/2023\/08\/reh-kran.jpg\" width=\"428\" height=\"431\" title='reh-kran' alt=''  itemprop=\"thumbnailUrl\" srcset=\"https:\/\/freiheitsdenkmal-leipzig.de\/wp-content\/uploads\/2023\/08\/reh-kran.jpg 428w, https:\/\/freiheitsdenkmal-leipzig.de\/wp-content\/uploads\/2023\/08\/reh-kran-298x300.jpg 298w, https:\/\/freiheitsdenkmal-leipzig.de\/wp-content\/uploads\/2023\/08\/reh-kran-80x80.jpg 80w, https:\/\/freiheitsdenkmal-leipzig.de\/wp-content\/uploads\/2023\/08\/reh-kran-12x12.jpg 12w, https:\/\/freiheitsdenkmal-leipzig.de\/wp-content\/uploads\/2023\/08\/reh-kran-36x36.jpg 36w, https:\/\/freiheitsdenkmal-leipzig.de\/wp-content\/uploads\/2023\/08\/reh-kran-180x180.jpg 180w\" sizes=\"(max-width: 428px) 100vw, 428px\" \/><\/div><\/li><li  class='avia-slideshow-slide av-av_slideshow-7603d5f59e03687f51b7774ba9222615__2  slide-3 slide-odd'><div data-rel='slideshow-11' class='avia-slide-wrap'   ><img decoding=\"async\" fetchpriority=\"high\" class=\"wp-image-4371 avia-img-lazy-loading-not-4371\"  src=\"https:\/\/freiheitsdenkmal-leipzig.de\/wp-content\/uploads\/2023\/08\/20230828_143539-1028x1030.jpg\" width=\"1028\" height=\"1030\" title='20230828_143539' alt=''  itemprop=\"thumbnailUrl\" srcset=\"https:\/\/freiheitsdenkmal-leipzig.de\/wp-content\/uploads\/2023\/08\/20230828_143539-1028x1030.jpg 1028w, https:\/\/freiheitsdenkmal-leipzig.de\/wp-content\/uploads\/2023\/08\/20230828_143539-300x300.jpg 300w, https:\/\/freiheitsdenkmal-leipzig.de\/wp-content\/uploads\/2023\/08\/20230828_143539-80x80.jpg 80w, https:\/\/freiheitsdenkmal-leipzig.de\/wp-content\/uploads\/2023\/08\/20230828_143539-768x769.jpg 768w, https:\/\/freiheitsdenkmal-leipzig.de\/wp-content\/uploads\/2023\/08\/20230828_143539-1533x1536.jpg 1533w, https:\/\/freiheitsdenkmal-leipzig.de\/wp-content\/uploads\/2023\/08\/20230828_143539-2045x2048.jpg 2045w, https:\/\/freiheitsdenkmal-leipzig.de\/wp-content\/uploads\/2023\/08\/20230828_143539-12x12.jpg 12w, https:\/\/freiheitsdenkmal-leipzig.de\/wp-content\/uploads\/2023\/08\/20230828_143539-36x36.jpg 36w, https:\/\/freiheitsdenkmal-leipzig.de\/wp-content\/uploads\/2023\/08\/20230828_143539-180x180.jpg 180w, https:\/\/freiheitsdenkmal-leipzig.de\/wp-content\/uploads\/2023\/08\/20230828_143539-1498x1500.jpg 1498w, https:\/\/freiheitsdenkmal-leipzig.de\/wp-content\/uploads\/2023\/08\/20230828_143539-705x705.jpg 705w\" sizes=\"(max-width: 1028px) 100vw, 1028px\" \/><\/div><\/li><li  class='avia-slideshow-slide av-av_slideshow-7603d5f59e03687f51b7774ba9222615__3  slide-4 slide-even'><div data-rel='slideshow-11' class='avia-slide-wrap'   ><img decoding=\"async\" fetchpriority=\"high\" class=\"wp-image-4373 avia-img-lazy-loading-not-4373\"  src=\"https:\/\/freiheitsdenkmal-leipzig.de\/wp-content\/uploads\/2023\/08\/IMG_4245-1030x1030.jpg\" width=\"1030\" height=\"1030\" title='IMG_4245' alt=''  itemprop=\"thumbnailUrl\" srcset=\"https:\/\/freiheitsdenkmal-leipzig.de\/wp-content\/uploads\/2023\/08\/IMG_4245-1030x1030.jpg 1030w, https:\/\/freiheitsdenkmal-leipzig.de\/wp-content\/uploads\/2023\/08\/IMG_4245-300x300.jpg 300w, https:\/\/freiheitsdenkmal-leipzig.de\/wp-content\/uploads\/2023\/08\/IMG_4245-80x80.jpg 80w, https:\/\/freiheitsdenkmal-leipzig.de\/wp-content\/uploads\/2023\/08\/IMG_4245-768x768.jpg 768w, https:\/\/freiheitsdenkmal-leipzig.de\/wp-content\/uploads\/2023\/08\/IMG_4245-1536x1536.jpg 1536w, https:\/\/freiheitsdenkmal-leipzig.de\/wp-content\/uploads\/2023\/08\/IMG_4245-2048x2048.jpg 2048w, https:\/\/freiheitsdenkmal-leipzig.de\/wp-content\/uploads\/2023\/08\/IMG_4245-12x12.jpg 12w, https:\/\/freiheitsdenkmal-leipzig.de\/wp-content\/uploads\/2023\/08\/IMG_4245-36x36.jpg 36w, https:\/\/freiheitsdenkmal-leipzig.de\/wp-content\/uploads\/2023\/08\/IMG_4245-180x180.jpg 180w, https:\/\/freiheitsdenkmal-leipzig.de\/wp-content\/uploads\/2023\/08\/IMG_4245-1500x1500.jpg 1500w, https:\/\/freiheitsdenkmal-leipzig.de\/wp-content\/uploads\/2023\/08\/IMG_4245-705x705.jpg 705w\" sizes=\"(max-width: 1030px) 100vw, 1030px\" \/><\/div><\/li><li  class='avia-slideshow-slide av-av_slideshow-7603d5f59e03687f51b7774ba9222615__4  slide-5 slide-odd'><div data-rel='slideshow-11' class='avia-slide-wrap'   ><img decoding=\"async\" fetchpriority=\"high\" class=\"wp-image-4374 avia-img-lazy-loading-not-4374\"  src=\"https:\/\/freiheitsdenkmal-leipzig.de\/wp-content\/uploads\/2023\/08\/IMG_4254-1030x1030.jpg\" width=\"1030\" height=\"1030\" title='IMG_4254' alt=''  itemprop=\"thumbnailUrl\" srcset=\"https:\/\/freiheitsdenkmal-leipzig.de\/wp-content\/uploads\/2023\/08\/IMG_4254-1030x1030.jpg 1030w, https:\/\/freiheitsdenkmal-leipzig.de\/wp-content\/uploads\/2023\/08\/IMG_4254-300x300.jpg 300w, https:\/\/freiheitsdenkmal-leipzig.de\/wp-content\/uploads\/2023\/08\/IMG_4254-80x80.jpg 80w, https:\/\/freiheitsdenkmal-leipzig.de\/wp-content\/uploads\/2023\/08\/IMG_4254-768x768.jpg 768w, https:\/\/freiheitsdenkmal-leipzig.de\/wp-content\/uploads\/2023\/08\/IMG_4254-1536x1536.jpg 1536w, https:\/\/freiheitsdenkmal-leipzig.de\/wp-content\/uploads\/2023\/08\/IMG_4254-2048x2048.jpg 2048w, https:\/\/freiheitsdenkmal-leipzig.de\/wp-content\/uploads\/2023\/08\/IMG_4254-12x12.jpg 12w, https:\/\/freiheitsdenkmal-leipzig.de\/wp-content\/uploads\/2023\/08\/IMG_4254-36x36.jpg 36w, https:\/\/freiheitsdenkmal-leipzig.de\/wp-content\/uploads\/2023\/08\/IMG_4254-180x180.jpg 180w, https:\/\/freiheitsdenkmal-leipzig.de\/wp-content\/uploads\/2023\/08\/IMG_4254-1500x1500.jpg 1500w, https:\/\/freiheitsdenkmal-leipzig.de\/wp-content\/uploads\/2023\/08\/IMG_4254-705x705.jpg 705w\" sizes=\"(max-width: 1030px) 100vw, 1030px\" \/><\/div><\/li><li  class='avia-slideshow-slide av-av_slideshow-7603d5f59e03687f51b7774ba9222615__5  slide-6 slide-even'><div data-rel='slideshow-11' class='avia-slide-wrap'   ><img decoding=\"async\" fetchpriority=\"high\" class=\"wp-image-4372 avia-img-lazy-loading-not-4372\"  src=\"https:\/\/freiheitsdenkmal-leipzig.de\/wp-content\/uploads\/2023\/08\/20230829_150032-1002x1030.jpg\" width=\"1002\" height=\"1030\" title='20230829_150032' alt=''  itemprop=\"thumbnailUrl\" srcset=\"https:\/\/freiheitsdenkmal-leipzig.de\/wp-content\/uploads\/2023\/08\/20230829_150032-1002x1030.jpg 1002w, https:\/\/freiheitsdenkmal-leipzig.de\/wp-content\/uploads\/2023\/08\/20230829_150032-292x300.jpg 292w, https:\/\/freiheitsdenkmal-leipzig.de\/wp-content\/uploads\/2023\/08\/20230829_150032-768x789.jpg 768w, https:\/\/freiheitsdenkmal-leipzig.de\/wp-content\/uploads\/2023\/08\/20230829_150032-1495x1536.jpg 1495w, https:\/\/freiheitsdenkmal-leipzig.de\/wp-content\/uploads\/2023\/08\/20230829_150032-1993x2048.jpg 1993w, https:\/\/freiheitsdenkmal-leipzig.de\/wp-content\/uploads\/2023\/08\/20230829_150032-12x12.jpg 12w, https:\/\/freiheitsdenkmal-leipzig.de\/wp-content\/uploads\/2023\/08\/20230829_150032-36x36.jpg 36w, https:\/\/freiheitsdenkmal-leipzig.de\/wp-content\/uploads\/2023\/08\/20230829_150032-1460x1500.jpg 1460w, https:\/\/freiheitsdenkmal-leipzig.de\/wp-content\/uploads\/2023\/08\/20230829_150032-686x705.jpg 686w\" sizes=\"(max-width: 1002px) 100vw, 1002px\" \/><\/div><\/li><\/ul><div class='avia-slideshow-arrows avia-slideshow-controls' ><a href='#prev' class='prev-slide' aria-hidden='true' data-av_icon='\ue87c' data-av_iconfont='entypo-fontello'  tabindex='-1'>Previous<\/a><a href='#next' class='next-slide' aria-hidden='true' data-av_icon='\ue87d' data-av_iconfont='entypo-fontello'  tabindex='-1'>Next<\/a><\/div><div class='avia-slideshow-dots avia-slideshow-controls'><a href='#1' class='goto-slide active' >1<\/a><a href='#2' class='goto-slide' >2<\/a><a href='#3' class='goto-slide' >3<\/a><a href='#4' class='goto-slide' >4<\/a><a href='#5' class='goto-slide' >5<\/a><a href='#6' class='goto-slide' >6<\/a><\/div><\/div><\/div><\/div><!--close column table wrapper. Autoclose: 1 -->\n<div  class='hr av-av_hr-bc943783b13769b99750b884f593b94d hr-default  avia-builder-el-237  el_after_av_one_third  el_before_av_two_third'><span class='hr-inner'><span class=\"hr-inner-style\"><\/span><\/span><\/div>\n<div class='flex_column_table av-av_two_third-c54d687d8565f92f3bb2ff27dd575398 sc-av_two_third av-equal-height-column-flextable'>\n<style type=\"text\/css\" data-created_by=\"avia_inline_auto\" id=\"style-css-av-av_two_third-c54d687d8565f92f3bb2ff27dd575398\">\n.flex_column.av-av_two_third-c54d687d8565f92f3bb2ff27dd575398{\nwidth:66%;\nmargin-left:0;\nborder-radius:0px 0px 0px 0px;\npadding:0px 0px 0px 0px;\n}\n#top .flex_column_table.av-equal-height-column-flextable.av-av_two_third-c54d687d8565f92f3bb2ff27dd575398 .av-flex-placeholder{\nwidth:2%;\n}\n<\/style>\n<div  class='flex_column av-av_two_third-c54d687d8565f92f3bb2ff27dd575398 av_two_third  avia-builder-el-238  el_after_av_hr  el_before_av_one_third  first flex_column_table_cell av-equal-height-column av-align-middle av-zero-column-padding'     ><section  class='av_textblock_section av-av_textblock-2af844281454f6b633b3eae0dd4dd55e'   itemscope=\"itemscope\" itemtype=\"https:\/\/schema.org\/CreativeWork\" ><div class='avia_textblock'  itemprop=\"text\" ><h4>16.06.2023<\/h4>\n<h4>Als kleine Erinnerung: Am 20. Juni ist Kinoabend mit den Filmen REBELLINNEN und LANGE WEILE<\/h4>\n<p class=\"_aacl _aaco _aacu _aacx _aad7 _aade\" dir=\"auto\">F\u00fcr den Fall, dass Sie die letzte Cinema Casino-Vorstellung oder einen der beiden Filme \u00fcber junge Fotografinnen und Fotok\u00fcnstlerinnen in der DDR verpasst haben: Am 20. Juni zeigen wir ab 18 Uhr in unserem Zeitgeschichtskino noch einmal REBELLINNEN und LANGE WEILE.<\/p>\n<p class=\"_aacl _aaco _aacu _aacx _aad7 _aade\" dir=\"auto\">\u2022 18:00 <strong><a href=\"https:\/\/freiheitsdenkmal-leipzig.de\/wp-content\/uploads\/2023\/05\/Rebellinnen.pdf\" target=\"_blank\" rel=\"noopener\">REBELLINNEN \u2013 Fotografie. Underground. DDR.<\/a><\/strong> (Regie: Pamela Meyer-Arndt), 2022, 84 Min<br \/>\n\u2022 19:30 Gespr\u00e4ch bei Snacks und Getr\u00e4nken<br \/>\n\u2022 20:00 <strong><a href=\"https:\/\/freiheitsdenkmal-leipzig.de\/wp-content\/uploads\/2023\/05\/Lange-Weile.pdf\" target=\"_blank\" rel=\"noopener\">LANGE WEILE<\/a><\/strong> (Regie: Tina Bara), 2016, 62 Min<\/p>\n<p class=\"_aacl _aaco _aacu _aacx _aad7 _aade\" dir=\"auto\">Eintritt frei. Wir freuen uns auf Sie! Und hier ist unser <strong><a href=\"https:\/\/freiheitsdenkmal-leipzig.de\/wp-content\/uploads\/2023\/06\/Casino_Kino_Flyer_02-druck.pdf\" target=\"_blank\" rel=\"noopener\">neuer Programmflyer von Juli bis Oktober 2023<\/a><\/strong><\/p>\n<\/div><\/section><\/div>\n<div class='av-flex-placeholder'><\/div>\n<style type=\"text\/css\" data-created_by=\"avia_inline_auto\" id=\"style-css-av-av_one_third-d06667205e6186ec8414c6eb7605d406\">\n.flex_column.av-av_one_third-d06667205e6186ec8414c6eb7605d406{\nwidth:32%;\nmargin-left:0;\n}\n#top .flex_column_table.av-equal-height-column-flextable.av-av_one_third-d06667205e6186ec8414c6eb7605d406 .av-flex-placeholder{\nwidth:2%;\n}\n<\/style>\n<div  class='flex_column av-av_one_third-d06667205e6186ec8414c6eb7605d406 av_one_third  avia-builder-el-240  el_after_av_two_third  el_before_av_hr  flex_column_table_cell av-equal-height-column av-align-middle'     ><style type=\"text\/css\" data-created_by=\"avia_inline_auto\" id=\"style-css-av-av_image-c5c6697b6f8f2a44080bc2ae4f69e14b\">\n.avia-image-container.av-av_image-c5c6697b6f8f2a44080bc2ae4f69e14b img.avia_image{\nbox-shadow:none;\n}\n.avia-image-container.av-av_image-c5c6697b6f8f2a44080bc2ae4f69e14b .av-image-caption-overlay-center{\ncolor:#ffffff;\n}\n<\/style>\n<div  class='avia-image-container av-av_image-c5c6697b6f8f2a44080bc2ae4f69e14b av-styling- avia-align-center  avia-builder-el-241  avia-builder-el-no-sibling  av-has-copyright av-copyright-always'   itemprop=\"image\" itemscope=\"itemscope\" itemtype=\"https:\/\/schema.org\/ImageObject\" ><div class=\"avia-image-container-inner\"><div class=\"avia-image-overlay-wrap\"><img decoding=\"async\" fetchpriority=\"high\" class='wp-image-3949 avia-img-lazy-loading-not-3949 avia_image' src=\"https:\/\/freiheitsdenkmal-leipzig.de\/wp-content\/uploads\/2023\/06\/Rebellinnen_Presse_04_\u252c\u00aeGabriele_Sto\u2560etzer-495x400.jpg\" alt='' title='Rebellinnen_Presse_04_\u252c\u00aeGabriele_Sto\u2560\u00eatzer'  height=\"400\" width=\"495\"  itemprop=\"thumbnailUrl\" srcset=\"https:\/\/freiheitsdenkmal-leipzig.de\/wp-content\/uploads\/2023\/06\/Rebellinnen_Presse_04_\u252c\u00aeGabriele_Sto\u2560etzer-495x400.jpg 495w, https:\/\/freiheitsdenkmal-leipzig.de\/wp-content\/uploads\/2023\/06\/Rebellinnen_Presse_04_\u252c\u00aeGabriele_Sto\u2560etzer-845x684.jpg 845w\" sizes=\"(max-width: 495px) 100vw, 495px\" \/><\/div><small class=\"avia-copyright\">Gabriele St\u00f6tzer: REBELLINNEN<\/small><\/div><\/div><\/div><\/div><!--close column table wrapper. Autoclose: 1 -->\n<div  class='hr av-av_hr-bc943783b13769b99750b884f593b94d hr-default  avia-builder-el-242  el_after_av_one_third  el_before_av_two_third'><span class='hr-inner'><span class=\"hr-inner-style\"><\/span><\/span><\/div>\n<div class='flex_column_table av-av_two_third-c54d687d8565f92f3bb2ff27dd575398 sc-av_two_third av-equal-height-column-flextable'>\n<style type=\"text\/css\" data-created_by=\"avia_inline_auto\" id=\"style-css-av-av_two_third-c54d687d8565f92f3bb2ff27dd575398\">\n.flex_column.av-av_two_third-c54d687d8565f92f3bb2ff27dd575398{\nwidth:66%;\nmargin-left:0;\nborder-radius:0px 0px 0px 0px;\npadding:0px 0px 0px 0px;\n}\n#top .flex_column_table.av-equal-height-column-flextable.av-av_two_third-c54d687d8565f92f3bb2ff27dd575398 .av-flex-placeholder{\nwidth:2%;\n}\n<\/style>\n<div  class='flex_column av-av_two_third-c54d687d8565f92f3bb2ff27dd575398 av_two_third  avia-builder-el-243  el_after_av_hr  el_before_av_one_third  first flex_column_table_cell av-equal-height-column av-align-middle av-zero-column-padding'     ><section  class='av_textblock_section av-av_textblock-2af844281454f6b633b3eae0dd4dd55e'   itemscope=\"itemscope\" itemtype=\"https:\/\/schema.org\/CreativeWork\" ><div class='avia_textblock'  itemprop=\"text\" ><h4>09.06.2023<\/h4>\n<h4>Ausstellung SCHWARZ AUF WEISS \u2013 EIN REGENBOGEN mit Vernissage er\u00f6ffnet<\/h4>\n<p class=\"_aacl _aaco _aacu _aacx _aad7 _aade\" dir=\"auto\">Zur Vernissage der Ausstellung &#8222;Andreas Reimann \u2013 SCHWARZ AUF WEISS: EIN REGENBOGEN&#8220; unterhielt sich Andreas Reimann gestern Abend mit Axel Helbig, Redakteur und Mitherausgeber der Zeitschrift OSTRAGEHEGE und las aus seinem lyrischen Werk &#8211; von den &#8222;Kindergedichten&#8220; bis heute.<br \/>\nDas unterhaltsame Gespr\u00e4ch wurde eingeleitet von Gesine Oltmanns (Vorstand Stiftung Friedliche Revolution) und Hartmut R\u00fcffert (Vorsitzender der Reimann-Gesellschaft) und musikalisch abgerundet von Hiltrud Ilg (Geige).<\/p>\n<p>Wer&#8217;s verpasst hat: Die erste Ausstellungssequenz: \u201eIch bin kein Opfer, sondern ein Dichter\u201c ist noch bis zum 31. August dienstags und donnerstags von 14 -17 Uhr ge\u00f6ffnet sowie nach Vereinbarung.<\/p>\n<\/div><\/section><\/div>\n<div class='av-flex-placeholder'><\/div>\n<style type=\"text\/css\" data-created_by=\"avia_inline_auto\" id=\"style-css-av-av_one_third-d06667205e6186ec8414c6eb7605d406\">\n.flex_column.av-av_one_third-d06667205e6186ec8414c6eb7605d406{\nwidth:32%;\nmargin-left:0;\n}\n#top .flex_column_table.av-equal-height-column-flextable.av-av_one_third-d06667205e6186ec8414c6eb7605d406 .av-flex-placeholder{\nwidth:2%;\n}\n<\/style>\n<div  class='flex_column av-av_one_third-d06667205e6186ec8414c6eb7605d406 av_one_third  avia-builder-el-245  el_after_av_two_third  el_before_av_hr  flex_column_table_cell av-equal-height-column av-align-middle'     ><div  class='avia-slideshow av-av_slideshow-7603d5f59e03687f51b7774ba9222615 avia-slideshow-large av_slideshow avia-slide-slider  avia-builder-el-246  avia-builder-el-no-sibling  av-slideshow-ui av-control-default av-slideshow-manual av-loop-once av-loop-manual-endless av-default-height-applied avia-slideshow-12' data-slideshow-options=\"{&quot;animation&quot;:&quot;slide&quot;,&quot;autoplay&quot;:false,&quot;loop_autoplay&quot;:&quot;once&quot;,&quot;interval&quot;:5,&quot;loop_manual&quot;:&quot;manual-endless&quot;,&quot;autoplay_stopper&quot;:false,&quot;noNavigation&quot;:false,&quot;bg_slider&quot;:false,&quot;keep_padding&quot;:false,&quot;hoverpause&quot;:false,&quot;show_slide_delay&quot;:0}\"  itemprop=\"image\" itemscope=\"itemscope\" itemtype=\"https:\/\/schema.org\/ImageObject\" ><ul class='avia-slideshow-inner' style='padding-bottom: 102.18253968254%;'><li  class='avia-slideshow-slide av-av_slideshow-7603d5f59e03687f51b7774ba9222615__0  slide-1 slide-odd'><div data-rel='slideshow-12' class='avia-slide-wrap'   ><img decoding=\"async\" fetchpriority=\"high\" class=\"wp-image-4376 avia-img-lazy-loading-not-4376\"  src=\"https:\/\/freiheitsdenkmal-leipzig.de\/wp-content\/uploads\/2023\/08\/20230829_150159-1008x1030.jpg\" width=\"1008\" height=\"1030\" title='20230829_150159' alt=''  itemprop=\"thumbnailUrl\" srcset=\"https:\/\/freiheitsdenkmal-leipzig.de\/wp-content\/uploads\/2023\/08\/20230829_150159-1008x1030.jpg 1008w, https:\/\/freiheitsdenkmal-leipzig.de\/wp-content\/uploads\/2023\/08\/20230829_150159-294x300.jpg 294w, https:\/\/freiheitsdenkmal-leipzig.de\/wp-content\/uploads\/2023\/08\/20230829_150159-768x785.jpg 768w, https:\/\/freiheitsdenkmal-leipzig.de\/wp-content\/uploads\/2023\/08\/20230829_150159-12x12.jpg 12w, https:\/\/freiheitsdenkmal-leipzig.de\/wp-content\/uploads\/2023\/08\/20230829_150159-36x36.jpg 36w, https:\/\/freiheitsdenkmal-leipzig.de\/wp-content\/uploads\/2023\/08\/20230829_150159-690x705.jpg 690w, https:\/\/freiheitsdenkmal-leipzig.de\/wp-content\/uploads\/2023\/08\/20230829_150159.jpg 1196w\" sizes=\"(max-width: 1008px) 100vw, 1008px\" \/><\/div><\/li><li  class='avia-slideshow-slide av-av_slideshow-7603d5f59e03687f51b7774ba9222615__1  slide-2 slide-even'><div data-rel='slideshow-12' class='avia-slide-wrap'   ><img decoding=\"async\" fetchpriority=\"high\" class=\"wp-image-4375 avia-img-lazy-loading-not-4375\"  src=\"https:\/\/freiheitsdenkmal-leipzig.de\/wp-content\/uploads\/2023\/08\/reh-kran.jpg\" width=\"428\" height=\"431\" title='reh-kran' alt=''  itemprop=\"thumbnailUrl\" srcset=\"https:\/\/freiheitsdenkmal-leipzig.de\/wp-content\/uploads\/2023\/08\/reh-kran.jpg 428w, https:\/\/freiheitsdenkmal-leipzig.de\/wp-content\/uploads\/2023\/08\/reh-kran-298x300.jpg 298w, https:\/\/freiheitsdenkmal-leipzig.de\/wp-content\/uploads\/2023\/08\/reh-kran-80x80.jpg 80w, https:\/\/freiheitsdenkmal-leipzig.de\/wp-content\/uploads\/2023\/08\/reh-kran-12x12.jpg 12w, https:\/\/freiheitsdenkmal-leipzig.de\/wp-content\/uploads\/2023\/08\/reh-kran-36x36.jpg 36w, https:\/\/freiheitsdenkmal-leipzig.de\/wp-content\/uploads\/2023\/08\/reh-kran-180x180.jpg 180w\" sizes=\"(max-width: 428px) 100vw, 428px\" \/><\/div><\/li><li  class='avia-slideshow-slide av-av_slideshow-7603d5f59e03687f51b7774ba9222615__2  slide-3 slide-odd'><div data-rel='slideshow-12' class='avia-slide-wrap'   ><img decoding=\"async\" fetchpriority=\"high\" class=\"wp-image-4371 avia-img-lazy-loading-not-4371\"  src=\"https:\/\/freiheitsdenkmal-leipzig.de\/wp-content\/uploads\/2023\/08\/20230828_143539-1028x1030.jpg\" width=\"1028\" height=\"1030\" title='20230828_143539' alt=''  itemprop=\"thumbnailUrl\" srcset=\"https:\/\/freiheitsdenkmal-leipzig.de\/wp-content\/uploads\/2023\/08\/20230828_143539-1028x1030.jpg 1028w, https:\/\/freiheitsdenkmal-leipzig.de\/wp-content\/uploads\/2023\/08\/20230828_143539-300x300.jpg 300w, https:\/\/freiheitsdenkmal-leipzig.de\/wp-content\/uploads\/2023\/08\/20230828_143539-80x80.jpg 80w, https:\/\/freiheitsdenkmal-leipzig.de\/wp-content\/uploads\/2023\/08\/20230828_143539-768x769.jpg 768w, https:\/\/freiheitsdenkmal-leipzig.de\/wp-content\/uploads\/2023\/08\/20230828_143539-1533x1536.jpg 1533w, https:\/\/freiheitsdenkmal-leipzig.de\/wp-content\/uploads\/2023\/08\/20230828_143539-2045x2048.jpg 2045w, https:\/\/freiheitsdenkmal-leipzig.de\/wp-content\/uploads\/2023\/08\/20230828_143539-12x12.jpg 12w, https:\/\/freiheitsdenkmal-leipzig.de\/wp-content\/uploads\/2023\/08\/20230828_143539-36x36.jpg 36w, https:\/\/freiheitsdenkmal-leipzig.de\/wp-content\/uploads\/2023\/08\/20230828_143539-180x180.jpg 180w, https:\/\/freiheitsdenkmal-leipzig.de\/wp-content\/uploads\/2023\/08\/20230828_143539-1498x1500.jpg 1498w, https:\/\/freiheitsdenkmal-leipzig.de\/wp-content\/uploads\/2023\/08\/20230828_143539-705x705.jpg 705w\" sizes=\"(max-width: 1028px) 100vw, 1028px\" \/><\/div><\/li><li  class='avia-slideshow-slide av-av_slideshow-7603d5f59e03687f51b7774ba9222615__3  slide-4 slide-even'><div data-rel='slideshow-12' class='avia-slide-wrap'   ><img decoding=\"async\" fetchpriority=\"high\" class=\"wp-image-4373 avia-img-lazy-loading-not-4373\"  src=\"https:\/\/freiheitsdenkmal-leipzig.de\/wp-content\/uploads\/2023\/08\/IMG_4245-1030x1030.jpg\" width=\"1030\" height=\"1030\" title='IMG_4245' alt=''  itemprop=\"thumbnailUrl\" srcset=\"https:\/\/freiheitsdenkmal-leipzig.de\/wp-content\/uploads\/2023\/08\/IMG_4245-1030x1030.jpg 1030w, https:\/\/freiheitsdenkmal-leipzig.de\/wp-content\/uploads\/2023\/08\/IMG_4245-300x300.jpg 300w, https:\/\/freiheitsdenkmal-leipzig.de\/wp-content\/uploads\/2023\/08\/IMG_4245-80x80.jpg 80w, https:\/\/freiheitsdenkmal-leipzig.de\/wp-content\/uploads\/2023\/08\/IMG_4245-768x768.jpg 768w, https:\/\/freiheitsdenkmal-leipzig.de\/wp-content\/uploads\/2023\/08\/IMG_4245-1536x1536.jpg 1536w, https:\/\/freiheitsdenkmal-leipzig.de\/wp-content\/uploads\/2023\/08\/IMG_4245-2048x2048.jpg 2048w, https:\/\/freiheitsdenkmal-leipzig.de\/wp-content\/uploads\/2023\/08\/IMG_4245-12x12.jpg 12w, https:\/\/freiheitsdenkmal-leipzig.de\/wp-content\/uploads\/2023\/08\/IMG_4245-36x36.jpg 36w, https:\/\/freiheitsdenkmal-leipzig.de\/wp-content\/uploads\/2023\/08\/IMG_4245-180x180.jpg 180w, https:\/\/freiheitsdenkmal-leipzig.de\/wp-content\/uploads\/2023\/08\/IMG_4245-1500x1500.jpg 1500w, https:\/\/freiheitsdenkmal-leipzig.de\/wp-content\/uploads\/2023\/08\/IMG_4245-705x705.jpg 705w\" sizes=\"(max-width: 1030px) 100vw, 1030px\" \/><\/div><\/li><li  class='avia-slideshow-slide av-av_slideshow-7603d5f59e03687f51b7774ba9222615__4  slide-5 slide-odd'><div data-rel='slideshow-12' class='avia-slide-wrap'   ><img decoding=\"async\" fetchpriority=\"high\" class=\"wp-image-4374 avia-img-lazy-loading-not-4374\"  src=\"https:\/\/freiheitsdenkmal-leipzig.de\/wp-content\/uploads\/2023\/08\/IMG_4254-1030x1030.jpg\" width=\"1030\" height=\"1030\" title='IMG_4254' alt=''  itemprop=\"thumbnailUrl\" srcset=\"https:\/\/freiheitsdenkmal-leipzig.de\/wp-content\/uploads\/2023\/08\/IMG_4254-1030x1030.jpg 1030w, https:\/\/freiheitsdenkmal-leipzig.de\/wp-content\/uploads\/2023\/08\/IMG_4254-300x300.jpg 300w, https:\/\/freiheitsdenkmal-leipzig.de\/wp-content\/uploads\/2023\/08\/IMG_4254-80x80.jpg 80w, https:\/\/freiheitsdenkmal-leipzig.de\/wp-content\/uploads\/2023\/08\/IMG_4254-768x768.jpg 768w, https:\/\/freiheitsdenkmal-leipzig.de\/wp-content\/uploads\/2023\/08\/IMG_4254-1536x1536.jpg 1536w, https:\/\/freiheitsdenkmal-leipzig.de\/wp-content\/uploads\/2023\/08\/IMG_4254-2048x2048.jpg 2048w, https:\/\/freiheitsdenkmal-leipzig.de\/wp-content\/uploads\/2023\/08\/IMG_4254-12x12.jpg 12w, https:\/\/freiheitsdenkmal-leipzig.de\/wp-content\/uploads\/2023\/08\/IMG_4254-36x36.jpg 36w, https:\/\/freiheitsdenkmal-leipzig.de\/wp-content\/uploads\/2023\/08\/IMG_4254-180x180.jpg 180w, https:\/\/freiheitsdenkmal-leipzig.de\/wp-content\/uploads\/2023\/08\/IMG_4254-1500x1500.jpg 1500w, https:\/\/freiheitsdenkmal-leipzig.de\/wp-content\/uploads\/2023\/08\/IMG_4254-705x705.jpg 705w\" sizes=\"(max-width: 1030px) 100vw, 1030px\" \/><\/div><\/li><li  class='avia-slideshow-slide av-av_slideshow-7603d5f59e03687f51b7774ba9222615__5  slide-6 slide-even'><div data-rel='slideshow-12' class='avia-slide-wrap'   ><img decoding=\"async\" fetchpriority=\"high\" class=\"wp-image-4372 avia-img-lazy-loading-not-4372\"  src=\"https:\/\/freiheitsdenkmal-leipzig.de\/wp-content\/uploads\/2023\/08\/20230829_150032-1002x1030.jpg\" width=\"1002\" height=\"1030\" title='20230829_150032' alt=''  itemprop=\"thumbnailUrl\" srcset=\"https:\/\/freiheitsdenkmal-leipzig.de\/wp-content\/uploads\/2023\/08\/20230829_150032-1002x1030.jpg 1002w, https:\/\/freiheitsdenkmal-leipzig.de\/wp-content\/uploads\/2023\/08\/20230829_150032-292x300.jpg 292w, https:\/\/freiheitsdenkmal-leipzig.de\/wp-content\/uploads\/2023\/08\/20230829_150032-768x789.jpg 768w, https:\/\/freiheitsdenkmal-leipzig.de\/wp-content\/uploads\/2023\/08\/20230829_150032-1495x1536.jpg 1495w, https:\/\/freiheitsdenkmal-leipzig.de\/wp-content\/uploads\/2023\/08\/20230829_150032-1993x2048.jpg 1993w, https:\/\/freiheitsdenkmal-leipzig.de\/wp-content\/uploads\/2023\/08\/20230829_150032-12x12.jpg 12w, https:\/\/freiheitsdenkmal-leipzig.de\/wp-content\/uploads\/2023\/08\/20230829_150032-36x36.jpg 36w, https:\/\/freiheitsdenkmal-leipzig.de\/wp-content\/uploads\/2023\/08\/20230829_150032-1460x1500.jpg 1460w, https:\/\/freiheitsdenkmal-leipzig.de\/wp-content\/uploads\/2023\/08\/20230829_150032-686x705.jpg 686w\" sizes=\"(max-width: 1002px) 100vw, 1002px\" \/><\/div><\/li><\/ul><div class='avia-slideshow-arrows avia-slideshow-controls' ><a href='#prev' class='prev-slide' aria-hidden='true' data-av_icon='\ue87c' data-av_iconfont='entypo-fontello'  tabindex='-1'>Previous<\/a><a href='#next' class='next-slide' aria-hidden='true' data-av_icon='\ue87d' data-av_iconfont='entypo-fontello'  tabindex='-1'>Next<\/a><\/div><div class='avia-slideshow-dots avia-slideshow-controls'><a href='#1' class='goto-slide active' >1<\/a><a href='#2' class='goto-slide' >2<\/a><a href='#3' class='goto-slide' >3<\/a><a href='#4' class='goto-slide' >4<\/a><a href='#5' class='goto-slide' >5<\/a><a href='#6' class='goto-slide' >6<\/a><\/div><\/div><\/div><\/div><!--close column table wrapper. Autoclose: 1 -->\n<div  class='hr av-av_hr-bc943783b13769b99750b884f593b94d hr-default  avia-builder-el-247  el_after_av_one_third  el_before_av_two_third'><span class='hr-inner'><span class=\"hr-inner-style\"><\/span><\/span><\/div>\n<div class='flex_column_table av-av_two_third-c54d687d8565f92f3bb2ff27dd575398 sc-av_two_third av-equal-height-column-flextable'>\n<style type=\"text\/css\" data-created_by=\"avia_inline_auto\" id=\"style-css-av-av_two_third-c54d687d8565f92f3bb2ff27dd575398\">\n.flex_column.av-av_two_third-c54d687d8565f92f3bb2ff27dd575398{\nwidth:66%;\nmargin-left:0;\nborder-radius:0px 0px 0px 0px;\npadding:0px 0px 0px 0px;\n}\n#top .flex_column_table.av-equal-height-column-flextable.av-av_two_third-c54d687d8565f92f3bb2ff27dd575398 .av-flex-placeholder{\nwidth:2%;\n}\n<\/style>\n<div  class='flex_column av-av_two_third-c54d687d8565f92f3bb2ff27dd575398 av_two_third  avia-builder-el-248  el_after_av_hr  el_before_av_one_third  first flex_column_table_cell av-equal-height-column av-align-middle av-zero-column-padding'     ><section  class='av_textblock_section av-av_textblock-2af844281454f6b633b3eae0dd4dd55e'   itemscope=\"itemscope\" itemtype=\"https:\/\/schema.org\/CreativeWork\" ><div class='avia_textblock'  itemprop=\"text\" ><h4>06.06.2023<\/h4>\n<h4>Heute ins Cinema Casino? Unbedingt!<\/h4>\n<h5>Mit den Filmen LANGE WEILE und REBELLINNEN und Gespr\u00e4ch mit Fotografin und Regiesseurin Tina BARA<\/h5>\n<ul>\n<li><em>18:00<\/em> <a href=\"..\/wp-content\/uploads\/2023\/05\/Lange-Weile.pdf\" target=\"_blank\" rel=\"noopener\"><strong>LANGE WEILE<\/strong><\/a>, Regie: Tina Bara, 2016, 62 Min<\/li>\n<li><em>19:00<\/em> Gespr\u00e4ch mit der <strong>Fotografin und<\/strong> <strong>Regisseurin Tina Bara<\/strong> bei Snacks und Getr\u00e4nken<\/li>\n<li><em>19:45<\/em> <a href=\"..\/wp-content\/uploads\/2023\/05\/Rebellinnen.pdf\" target=\"_blank\" rel=\"noopener\"><strong>REBELLINNEN<\/strong> \u2013 Fotografie. Underground. DDR.<\/a>, Regie: Pamela Meyer-Arndt, 2022, 84 Min<\/li>\n<\/ul>\n<p><em>Free admission; <a href=\"..\/wp-content\/uploads\/2023\/03\/Casino_Kino_Flyer_druck.pdf\" target=\"_blank\" rel=\"noopener\"><strong>all Cinema Casino dates here<\/strong><\/a><\/em><\/p>\n<\/div><\/section><\/div>\n<div class='av-flex-placeholder'><\/div>\n<style type=\"text\/css\" data-created_by=\"avia_inline_auto\" id=\"style-css-av-av_one_third-d06667205e6186ec8414c6eb7605d406\">\n.flex_column.av-av_one_third-d06667205e6186ec8414c6eb7605d406{\nwidth:32%;\nmargin-left:0;\n}\n#top .flex_column_table.av-equal-height-column-flextable.av-av_one_third-d06667205e6186ec8414c6eb7605d406 .av-flex-placeholder{\nwidth:2%;\n}\n<\/style>\n<div  class='flex_column av-av_one_third-d06667205e6186ec8414c6eb7605d406 av_one_third  avia-builder-el-250  el_after_av_two_third  el_before_av_hr  flex_column_table_cell av-equal-height-column av-align-middle'     ><style type=\"text\/css\" data-created_by=\"avia_inline_auto\" id=\"style-css-av-av_image-9a291ca59bac660badb91afab8eaad5f\">\n.avia-image-container.av-av_image-9a291ca59bac660badb91afab8eaad5f img.avia_image{\nbox-shadow:none;\n}\n.avia-image-container.av-av_image-9a291ca59bac660badb91afab8eaad5f .av-image-caption-overlay-center{\ncolor:#ffffff;\n}\n<\/style>\n<div  class='avia-image-container av-av_image-9a291ca59bac660badb91afab8eaad5f av-styling- avia-align-center  avia-builder-el-251  avia-builder-el-no-sibling'   itemprop=\"image\" itemscope=\"itemscope\" itemtype=\"https:\/\/schema.org\/ImageObject\" ><div class=\"avia-image-container-inner\"><div class=\"avia-image-overlay-wrap\"><img decoding=\"async\" fetchpriority=\"high\" class='wp-image-3906 avia-img-lazy-loading-not-3906 avia_image' src=\"https:\/\/freiheitsdenkmal-leipzig.de\/wp-content\/uploads\/2023\/06\/Filmstill_LangeWeile-495x400.jpg\" alt='' title='Filmstill_LangeWeile'  height=\"400\" width=\"495\"  itemprop=\"thumbnailUrl\"  \/><\/div><\/div><\/div><\/div><\/div><!--close column table wrapper. Autoclose: 1 -->\n<div  class='hr av-av_hr-bc943783b13769b99750b884f593b94d hr-default  avia-builder-el-252  el_after_av_one_third  el_before_av_two_third'><span class='hr-inner'><span class=\"hr-inner-style\"><\/span><\/span><\/div>\n<div class='flex_column_table av-av_two_third-c54d687d8565f92f3bb2ff27dd575398 sc-av_two_third av-equal-height-column-flextable'>\n<style type=\"text\/css\" data-created_by=\"avia_inline_auto\" id=\"style-css-av-av_two_third-c54d687d8565f92f3bb2ff27dd575398\">\n.flex_column.av-av_two_third-c54d687d8565f92f3bb2ff27dd575398{\nwidth:66%;\nmargin-left:0;\nborder-radius:0px 0px 0px 0px;\npadding:0px 0px 0px 0px;\n}\n#top .flex_column_table.av-equal-height-column-flextable.av-av_two_third-c54d687d8565f92f3bb2ff27dd575398 .av-flex-placeholder{\nwidth:2%;\n}\n<\/style>\n<div  class='flex_column av-av_two_third-c54d687d8565f92f3bb2ff27dd575398 av_two_third  avia-builder-el-253  el_after_av_hr  el_before_av_one_third  first flex_column_table_cell av-equal-height-column av-align-middle av-zero-column-padding'     ><section  class='av_textblock_section av-av_textblock-2af844281454f6b633b3eae0dd4dd55e'   itemscope=\"itemscope\" itemtype=\"https:\/\/schema.org\/CreativeWork\" ><div class='avia_textblock'  itemprop=\"text\" ><h4>05.06.2023<\/h4>\n<h4>Ausstellung: Andreas Reimann SCHWARZ AUF WEISS \u2013 EIN REGENBOGEN<\/h4>\n<h4>Dokumente, Zeichnungen, Gedichte seit 1968<\/h4>\n<h5>Erste Ausstellungssequenz 8. Juni bis 31. August: \u201eIch bin kein Opfer, sondern ein Dichter\u201c*<\/h5>\n<p>Wir laden herzlich ein zur Vernissage am 8. Juni 2023 um 18 Uhr in die Denkmalwerkstatt, Kupfergasse 2.<br \/>\nAndreas Reimann, Lyriker und Grafiker aus Leipzig und diesj\u00e4hriger Lessingpreistr\u00e4ger des Freistaats Sachsen, wird aus seinen Texten lesen und unterh\u00e4lt sich mit Axel Helbig, Redakteur und Mitherausgeber der Zeitschrift f\u00fcr Literatur und Kunst OSTRAGEHEGE. Mitdiskutieren ausdr\u00fccklich erw\u00fcnscht!<br \/>\nDer Eintritt ist frei. Wir freuen uns auf Sie!<\/p>\n<p>*<em>Die Stiftung Friedliche Revolution zeigt von Juni bis Dezember 2023 die Ausstellung \u201eAndreas Reimann \u2013 SCHWARZ AUF WEISS: EIN REGENBOGEN\u201c in drei Sequenzen mit wechselnden Grafiken, Gedichten und Texten.<\/em><br \/>\n<em>Erste Sequenz: \u201eIch bin kein Opfer, sondern ein Dichter\u201c vom 9. Juni bis 31. August.<\/em><\/p>\n<\/div><\/section><\/div>\n<div class='av-flex-placeholder'><\/div>\n<style type=\"text\/css\" data-created_by=\"avia_inline_auto\" id=\"style-css-av-av_one_third-d06667205e6186ec8414c6eb7605d406\">\n.flex_column.av-av_one_third-d06667205e6186ec8414c6eb7605d406{\nwidth:32%;\nmargin-left:0;\n}\n#top .flex_column_table.av-equal-height-column-flextable.av-av_one_third-d06667205e6186ec8414c6eb7605d406 .av-flex-placeholder{\nwidth:2%;\n}\n<\/style>\n<div  class='flex_column av-av_one_third-d06667205e6186ec8414c6eb7605d406 av_one_third  avia-builder-el-255  el_after_av_two_third  el_before_av_hr  flex_column_table_cell av-equal-height-column av-align-middle'     ><style type=\"text\/css\" data-created_by=\"avia_inline_auto\" id=\"style-css-av-av_image-574db0b9b8005e75db2d734b6b3208f7\">\n.avia-image-container.av-av_image-574db0b9b8005e75db2d734b6b3208f7 img.avia_image{\nbox-shadow:none;\n}\n.avia-image-container.av-av_image-574db0b9b8005e75db2d734b6b3208f7 .av-image-caption-overlay-center{\ncolor:#ffffff;\n}\n<\/style>\n<div  class='avia-image-container av-av_image-574db0b9b8005e75db2d734b6b3208f7 av-styling- avia-align-center  avia-builder-el-256  avia-builder-el-no-sibling'   itemprop=\"image\" itemscope=\"itemscope\" itemtype=\"https:\/\/schema.org\/ImageObject\" ><div class=\"avia-image-container-inner\"><div class=\"avia-image-overlay-wrap\"><img decoding=\"async\" fetchpriority=\"high\" class='wp-image-3903 avia-img-lazy-loading-not-3903 avia_image' src=\"https:\/\/freiheitsdenkmal-leipzig.de\/wp-content\/uploads\/2023\/06\/Reimann_Ausstellung_Instagram.png\" alt='' title='Reimann_Ausstellung_Instagram'  height=\"3334\" width=\"3334\"  itemprop=\"thumbnailUrl\" srcset=\"https:\/\/freiheitsdenkmal-leipzig.de\/wp-content\/uploads\/2023\/06\/Reimann_Ausstellung_Instagram.png 3334w, https:\/\/freiheitsdenkmal-leipzig.de\/wp-content\/uploads\/2023\/06\/Reimann_Ausstellung_Instagram-300x300.png 300w, https:\/\/freiheitsdenkmal-leipzig.de\/wp-content\/uploads\/2023\/06\/Reimann_Ausstellung_Instagram-1030x1030.png 1030w, https:\/\/freiheitsdenkmal-leipzig.de\/wp-content\/uploads\/2023\/06\/Reimann_Ausstellung_Instagram-80x80.png 80w, https:\/\/freiheitsdenkmal-leipzig.de\/wp-content\/uploads\/2023\/06\/Reimann_Ausstellung_Instagram-768x768.png 768w, https:\/\/freiheitsdenkmal-leipzig.de\/wp-content\/uploads\/2023\/06\/Reimann_Ausstellung_Instagram-1536x1536.png 1536w, https:\/\/freiheitsdenkmal-leipzig.de\/wp-content\/uploads\/2023\/06\/Reimann_Ausstellung_Instagram-2048x2048.png 2048w, https:\/\/freiheitsdenkmal-leipzig.de\/wp-content\/uploads\/2023\/06\/Reimann_Ausstellung_Instagram-12x12.png 12w, https:\/\/freiheitsdenkmal-leipzig.de\/wp-content\/uploads\/2023\/06\/Reimann_Ausstellung_Instagram-36x36.png 36w, https:\/\/freiheitsdenkmal-leipzig.de\/wp-content\/uploads\/2023\/06\/Reimann_Ausstellung_Instagram-180x180.png 180w, https:\/\/freiheitsdenkmal-leipzig.de\/wp-content\/uploads\/2023\/06\/Reimann_Ausstellung_Instagram-1500x1500.png 1500w, https:\/\/freiheitsdenkmal-leipzig.de\/wp-content\/uploads\/2023\/06\/Reimann_Ausstellung_Instagram-705x705.png 705w\" sizes=\"(max-width: 3334px) 100vw, 3334px\" \/><\/div><\/div><\/div><\/div><\/div><!--close column table wrapper. Autoclose: 1 -->\n<div  class='hr av-av_hr-bc943783b13769b99750b884f593b94d hr-default  avia-builder-el-257  el_after_av_one_third  el_before_av_three_fourth'><span class='hr-inner'><span class=\"hr-inner-style\"><\/span><\/span><\/div>\n<div class='flex_column_table av-av_three_fourth-c54d687d8565f92f3bb2ff27dd575398 sc-av_three_fourth av-equal-height-column-flextable'>\n<style type=\"text\/css\" data-created_by=\"avia_inline_auto\" id=\"style-css-av-av_three_fourth-c54d687d8565f92f3bb2ff27dd575398\">\n.flex_column.av-av_three_fourth-c54d687d8565f92f3bb2ff27dd575398{\nwidth:74.5%;\nmargin-left:0;\nborder-radius:0px 0px 0px 0px;\npadding:0px 0px 0px 0px;\n}\n#top .flex_column_table.av-equal-height-column-flextable.av-av_three_fourth-c54d687d8565f92f3bb2ff27dd575398 .av-flex-placeholder{\nwidth:2%;\n}\n<\/style>\n<div  class='flex_column av-av_three_fourth-c54d687d8565f92f3bb2ff27dd575398 av_three_fourth  avia-builder-el-258  el_after_av_hr  el_before_av_one_fourth  first flex_column_table_cell av-equal-height-column av-align-middle av-zero-column-padding'     ><section  class='av_textblock_section av-av_textblock-2af844281454f6b633b3eae0dd4dd55e'   itemscope=\"itemscope\" itemtype=\"https:\/\/schema.org\/CreativeWork\" ><div class='avia_textblock'  itemprop=\"text\" ><h4><strong>30.05.2023<\/strong><\/h4>\n<h4><strong>3. Juni: Das MOSAIK von Hannes Hegen \u2013 Comic in der DDR\u201c \u00a0\u2013 eine Veranstaltung mit Prof. Bernd Lindner<\/strong><\/h4>\n<p>Am 3. Juni 2023 um 11 Uhr nimmt uns Prof. Bernd Lindner mit auf eine Zeitreise ins Jahr 1955, als in der DDR drei Kobolde das Licht der Welt erblickten und Generationen von DDR-B\u00fcrgern als Digedags im MOSAIK-Heft auf eine Reise durch Raum und Zeit mitnahmen.<br \/>\nDer Kulturhistoriker- und soziologe Prof. Bernd Lindner spricht \u00fcber den Sch\u00f6pfer der Digedags, Johannes Hegenbarth, und die einzige durchg\u00e4ngige Comic-Heftreihe der DDR, das MOSAIK und l\u00e4sst die Digedags f\u00fcr einen Vormittag lebendig werden.<br \/>\nWir freuen uns auf MOSAIK-Fans und solche, die es noch werden wollen!<br \/>\nVeranstaltungsort ist die Denkmalwerkstatt der Stiftung Friedliche Revolution in der Kupfergasse 2, 04109 Leipzig.<br \/>\nDer Eintritt ist frei.<\/p>\n<\/div><\/section><\/div>\n<div class='av-flex-placeholder'><\/div>\n<style type=\"text\/css\" data-created_by=\"avia_inline_auto\" id=\"style-css-av-av_one_fourth-d06667205e6186ec8414c6eb7605d406\">\n.flex_column.av-av_one_fourth-d06667205e6186ec8414c6eb7605d406{\nwidth:23.5%;\nmargin-left:0;\n}\n#top .flex_column_table.av-equal-height-column-flextable.av-av_one_fourth-d06667205e6186ec8414c6eb7605d406 .av-flex-placeholder{\nwidth:2%;\n}\n<\/style>\n<div  class='flex_column av-av_one_fourth-d06667205e6186ec8414c6eb7605d406 av_one_fourth  avia-builder-el-260  el_after_av_three_fourth  el_before_av_hr  flex_column_table_cell av-equal-height-column av-align-middle'     ><style type=\"text\/css\" data-created_by=\"avia_inline_auto\" id=\"style-css-av-av_image-e8b097eaf1c34dfa07114f4a7c3491c7\">\n.avia-image-container.av-av_image-e8b097eaf1c34dfa07114f4a7c3491c7 img.avia_image{\nbox-shadow:none;\n}\n.avia-image-container.av-av_image-e8b097eaf1c34dfa07114f4a7c3491c7 .av-image-caption-overlay-center{\ncolor:#ffffff;\n}\n<\/style>\n<div  class='avia-image-container av-av_image-e8b097eaf1c34dfa07114f4a7c3491c7 av-styling- avia-align-center  avia-builder-el-261  avia-builder-el-no-sibling'   itemprop=\"image\" itemscope=\"itemscope\" itemtype=\"https:\/\/schema.org\/ImageObject\" ><div class=\"avia-image-container-inner\"><div class=\"avia-image-overlay-wrap\"><img decoding=\"async\" fetchpriority=\"high\" class='wp-image-3889 avia-img-lazy-loading-not-3889 avia_image' src=\"https:\/\/freiheitsdenkmal-leipzig.de\/wp-content\/uploads\/2023\/05\/Mosaik_03_06_2023_Instagram-300x300.jpg\" alt='' title='Mosaik_03_06_2023_Instagram'  height=\"300\" width=\"300\"  itemprop=\"thumbnailUrl\" srcset=\"https:\/\/freiheitsdenkmal-leipzig.de\/wp-content\/uploads\/2023\/05\/Mosaik_03_06_2023_Instagram-300x300.jpg 300w, https:\/\/freiheitsdenkmal-leipzig.de\/wp-content\/uploads\/2023\/05\/Mosaik_03_06_2023_Instagram-1030x1030.jpg 1030w, https:\/\/freiheitsdenkmal-leipzig.de\/wp-content\/uploads\/2023\/05\/Mosaik_03_06_2023_Instagram-80x80.jpg 80w, https:\/\/freiheitsdenkmal-leipzig.de\/wp-content\/uploads\/2023\/05\/Mosaik_03_06_2023_Instagram-768x768.jpg 768w, https:\/\/freiheitsdenkmal-leipzig.de\/wp-content\/uploads\/2023\/05\/Mosaik_03_06_2023_Instagram-12x12.jpg 12w, https:\/\/freiheitsdenkmal-leipzig.de\/wp-content\/uploads\/2023\/05\/Mosaik_03_06_2023_Instagram-36x36.jpg 36w, https:\/\/freiheitsdenkmal-leipzig.de\/wp-content\/uploads\/2023\/05\/Mosaik_03_06_2023_Instagram-180x180.jpg 180w, https:\/\/freiheitsdenkmal-leipzig.de\/wp-content\/uploads\/2023\/05\/Mosaik_03_06_2023_Instagram-705x705.jpg 705w, https:\/\/freiheitsdenkmal-leipzig.de\/wp-content\/uploads\/2023\/05\/Mosaik_03_06_2023_Instagram.jpg 1080w\" sizes=\"(max-width: 300px) 100vw, 300px\" \/><\/div><\/div><\/div><\/div><\/div><!--close column table wrapper. Autoclose: 1 -->\n<div  class='hr av-av_hr-bc943783b13769b99750b884f593b94d hr-default  avia-builder-el-262  el_after_av_one_fourth  el_before_av_three_fourth'><span class='hr-inner'><span class=\"hr-inner-style\"><\/span><\/span><\/div>\n<div class='flex_column_table av-av_three_fourth-c54d687d8565f92f3bb2ff27dd575398 sc-av_three_fourth av-equal-height-column-flextable'>\n<style type=\"text\/css\" data-created_by=\"avia_inline_auto\" id=\"style-css-av-av_three_fourth-c54d687d8565f92f3bb2ff27dd575398\">\n.flex_column.av-av_three_fourth-c54d687d8565f92f3bb2ff27dd575398{\nwidth:74.5%;\nmargin-left:0;\nborder-radius:0px 0px 0px 0px;\npadding:0px 0px 0px 0px;\n}\n#top .flex_column_table.av-equal-height-column-flextable.av-av_three_fourth-c54d687d8565f92f3bb2ff27dd575398 .av-flex-placeholder{\nwidth:2%;\n}\n<\/style>\n<div  class='flex_column av-av_three_fourth-c54d687d8565f92f3bb2ff27dd575398 av_three_fourth  avia-builder-el-263  el_after_av_hr  el_before_av_one_fourth  first flex_column_table_cell av-equal-height-column av-align-middle av-zero-column-padding'     ><section  class='av_textblock_section av-av_textblock-2af844281454f6b633b3eae0dd4dd55e'   itemscope=\"itemscope\" itemtype=\"https:\/\/schema.org\/CreativeWork\" ><div class='avia_textblock'  itemprop=\"text\" ><h4><strong>22.05.2023<\/strong><\/h4>\n<h4><strong>Cinema Casino <\/strong>\u2013 <strong>die n\u00e4chsten <\/strong><strong>Filmabende im Juni: <\/strong><strong>6.6. &amp; 20.6. Fotografinnen<\/strong><\/h4>\n<p>6. Juni<\/p>\n<ul>\n<li><em>18:00<\/em> <a href=\"..\/wp-content\/uploads\/2023\/05\/Lange-Weile.pdf\" target=\"_blank\" rel=\"noopener\"><strong>LANGE WEILE<\/strong><\/a>, Regie: Tina Bara, 2016, 62 Min<\/li>\n<li><em>19:00<\/em> Gespr\u00e4ch mit der <strong>Fotografin und<\/strong> <strong>Regisseurin Tina Bara<\/strong> bei Snacks und Getr\u00e4nken<\/li>\n<li><em>19:45<\/em> <a href=\"..\/wp-content\/uploads\/2023\/05\/Rebellinnen.pdf\" target=\"_blank\" rel=\"noopener\"><strong>REBELLINNEN<\/strong> \u2013 Fotografie. Underground. DDR.<\/a>, Regie: Pamela Meyer-Arndt, 2022, 84 Min<\/li>\n<\/ul>\n<p>20. Juni<\/p>\n<ul>\n<li><em>18:00<\/em> <a href=\"..\/wp-content\/uploads\/2023\/05\/Rebellinnen.pdf\" target=\"_blank\" rel=\"noopener\"><strong>REBELLINNEN<\/strong> \u2013 Fotografie. Underground. DDR.<\/a>, Regie: Pamela Meyer-Arndt, 2022, 84 Min<\/li>\n<li><em>19:30<\/em> Gespr\u00e4ch bei Snacks und Getr\u00e4nken<\/li>\n<li><em>20:00<\/em> <a href=\"..\/wp-content\/uploads\/2023\/05\/Lange-Weile.pdf\" target=\"_blank\" rel=\"noopener\"><strong>LANGE WEILE<\/strong><\/a>, Regie: Tina Bara, 2016, 62 Min<\/li>\n<\/ul>\n<div class=\"innerTeaser\">\n<div class=\"teaserInfoWrapper\">\n<div class=\"shortInfos\"><em>Free admission; <a href=\"..\/wp-content\/uploads\/2023\/03\/Casino_Kino_Flyer_druck.pdf\" target=\"_blank\" rel=\"noopener\"><strong>all Cinema Casino dates here<\/strong><\/a><\/em><\/div>\n<div class=\"shortInfos\">Mehr Hintergrundinformationen zum Cinema Casino finden Sie z. B. in diesem Artikel auf <a href=\"https:\/\/kreuzer-leipzig.de\/2023\/05\/04\/die-filmreihe-cinema-casino-begleitet-die-entstehung-des-einheitsdenkmals\" target=\"_blank\" rel=\"noopener\"><strong>Kreuzer online<\/strong><\/a><\/div>\n<\/div>\n<\/div>\n<\/div><\/section><\/div>\n<div class='av-flex-placeholder'><\/div>\n<style type=\"text\/css\" data-created_by=\"avia_inline_auto\" id=\"style-css-av-av_one_fourth-d06667205e6186ec8414c6eb7605d406\">\n.flex_column.av-av_one_fourth-d06667205e6186ec8414c6eb7605d406{\nwidth:23.5%;\nmargin-left:0;\n}\n#top .flex_column_table.av-equal-height-column-flextable.av-av_one_fourth-d06667205e6186ec8414c6eb7605d406 .av-flex-placeholder{\nwidth:2%;\n}\n<\/style>\n<div  class='flex_column av-av_one_fourth-d06667205e6186ec8414c6eb7605d406 av_one_fourth  avia-builder-el-265  el_after_av_three_fourth  el_before_av_hr  flex_column_table_cell av-equal-height-column av-align-middle'     ><style type=\"text\/css\" data-created_by=\"avia_inline_auto\" id=\"style-css-av-av_image-e47ac05014ee0bb3f89f106ece111169\">\n.avia-image-container.av-av_image-e47ac05014ee0bb3f89f106ece111169 img.avia_image{\nbox-shadow:none;\n}\n.avia-image-container.av-av_image-e47ac05014ee0bb3f89f106ece111169 .av-image-caption-overlay-center{\ncolor:#ffffff;\n}\n<\/style>\n<div  class='avia-image-container av-av_image-e47ac05014ee0bb3f89f106ece111169 av-styling- avia-align-center  avia-builder-el-266  avia-builder-el-no-sibling  av-has-copyright av-copyright-always'   itemprop=\"image\" itemscope=\"itemscope\" itemtype=\"https:\/\/schema.org\/ImageObject\" ><div class=\"avia-image-container-inner\"><div class=\"avia-image-overlay-wrap\"><img decoding=\"async\" fetchpriority=\"high\" class='wp-image-3879 avia-img-lazy-loading-not-3879 avia_image' src=\"https:\/\/freiheitsdenkmal-leipzig.de\/wp-content\/uploads\/2023\/05\/Rebellinnen_Presse_07_\u252c\u00aeBernd_Hiepe.jpg\" alt='' title='Cornelia Schleime, H\u00fcpstedt 1982'  height=\"1772\" width=\"1177\"  itemprop=\"thumbnailUrl\" srcset=\"https:\/\/freiheitsdenkmal-leipzig.de\/wp-content\/uploads\/2023\/05\/Rebellinnen_Presse_07_\u252c\u00aeBernd_Hiepe.jpg 1177w, https:\/\/freiheitsdenkmal-leipzig.de\/wp-content\/uploads\/2023\/05\/Rebellinnen_Presse_07_\u252c\u00aeBernd_Hiepe-199x300.jpg 199w, https:\/\/freiheitsdenkmal-leipzig.de\/wp-content\/uploads\/2023\/05\/Rebellinnen_Presse_07_\u252c\u00aeBernd_Hiepe-684x1030.jpg 684w, https:\/\/freiheitsdenkmal-leipzig.de\/wp-content\/uploads\/2023\/05\/Rebellinnen_Presse_07_\u252c\u00aeBernd_Hiepe-768x1156.jpg 768w, https:\/\/freiheitsdenkmal-leipzig.de\/wp-content\/uploads\/2023\/05\/Rebellinnen_Presse_07_\u252c\u00aeBernd_Hiepe-1020x1536.jpg 1020w, https:\/\/freiheitsdenkmal-leipzig.de\/wp-content\/uploads\/2023\/05\/Rebellinnen_Presse_07_\u252c\u00aeBernd_Hiepe-8x12.jpg 8w, https:\/\/freiheitsdenkmal-leipzig.de\/wp-content\/uploads\/2023\/05\/Rebellinnen_Presse_07_\u252c\u00aeBernd_Hiepe-996x1500.jpg 996w, https:\/\/freiheitsdenkmal-leipzig.de\/wp-content\/uploads\/2023\/05\/Rebellinnen_Presse_07_\u252c\u00aeBernd_Hiepe-468x705.jpg 468w\" sizes=\"(max-width: 1177px) 100vw, 1177px\" \/><\/div><small class=\"avia-copyright\">Rebellinnen\u00a9Bernd Hiepe<\/small><\/div><\/div><\/div><\/div><!--close column table wrapper. Autoclose: 1 -->\n<div  class='hr av-av_hr-bc943783b13769b99750b884f593b94d hr-default  avia-builder-el-267  el_after_av_one_fourth  el_before_av_three_fourth'><span class='hr-inner'><span class=\"hr-inner-style\"><\/span><\/span><\/div>\n<div class='flex_column_table av-av_three_fourth-c54d687d8565f92f3bb2ff27dd575398 sc-av_three_fourth av-equal-height-column-flextable'>\n<style type=\"text\/css\" data-created_by=\"avia_inline_auto\" id=\"style-css-av-av_three_fourth-c54d687d8565f92f3bb2ff27dd575398\">\n.flex_column.av-av_three_fourth-c54d687d8565f92f3bb2ff27dd575398{\nwidth:74.5%;\nmargin-left:0;\nborder-radius:0px 0px 0px 0px;\npadding:0px 0px 0px 0px;\n}\n#top .flex_column_table.av-equal-height-column-flextable.av-av_three_fourth-c54d687d8565f92f3bb2ff27dd575398 .av-flex-placeholder{\nwidth:2%;\n}\n<\/style>\n<div  class='flex_column av-av_three_fourth-c54d687d8565f92f3bb2ff27dd575398 av_three_fourth  avia-builder-el-268  el_after_av_hr  el_before_av_hr  first flex_column_table_cell av-equal-height-column av-align-middle av-zero-column-padding'     ><section  class='av_textblock_section av-av_textblock-2af844281454f6b633b3eae0dd4dd55e'   itemscope=\"itemscope\" itemtype=\"https:\/\/schema.org\/CreativeWork\" ><div class='avia_textblock'  itemprop=\"text\" ><h4><strong>11.05.2023<\/strong><\/h4>\n<h4>Am 16. Mai ist es wieder soweit: Filmabend im <strong>Cinema Casino<\/strong><\/h4>\n<ul>\n<li>6 p.m. <a href=\"..\/wp-content\/uploads\/2023\/04\/Bettina2.pdf\" target=\"_blank\" rel=\"noopener\"><strong>\u201eBettina\u201c<\/strong><\/a> (Lutz Pehnert), 2022, 107 Min<\/li>\n<li>7:50 p.m. Intermission: conversation over snacks &amp; drinks.<\/li>\n<li>8:20 p.m. <strong>\u201e<a href=\"..\/wp-content\/uploads\/2023\/04\/Gundermann-Revier-1.pdf\" target=\"_blank\" rel=\"noopener\">Gundermann Revier<\/a>\u201e<\/strong> (Grit Lemke), 2019, 97 Min<\/li>\n<\/ul>\n<div class=\"innerTeaser\">\n<div class=\"teaserInfoWrapper\">\n<div class=\"shortInfos\"><em>Free admission; <a href=\"..\/wp-content\/uploads\/2023\/03\/Casino_Kino_Flyer_druck.pdf\" target=\"_blank\" rel=\"noopener\"><strong>all Cinema Casino dates here<\/strong><\/a><\/em><\/div>\n<div class=\"shortInfos\">Mehr Hintergrundinformationen zum Cinema Casino finden Sie z. B. in diesem Artikel auf <a href=\"https:\/\/kreuzer-leipzig.de\/2023\/05\/04\/die-filmreihe-cinema-casino-begleitet-die-entstehung-des-einheitsdenkmals\" target=\"_blank\" rel=\"noopener\"><strong>Kreuzer online<\/strong><\/a><\/div>\n<\/div>\n<\/div>\n<\/div><\/section><\/div><\/div><!--close column table wrapper. Autoclose: 1 -->\n<div  class='hr av-av_hr-bc943783b13769b99750b884f593b94d hr-default  avia-builder-el-270  el_after_av_three_fourth  el_before_av_two_third'><span class='hr-inner'><span class=\"hr-inner-style\"><\/span><\/span><\/div>\n<div class='flex_column_table av-av_two_third-c54d687d8565f92f3bb2ff27dd575398 sc-av_two_third av-equal-height-column-flextable'>\n<style type=\"text\/css\" data-created_by=\"avia_inline_auto\" id=\"style-css-av-av_two_third-c54d687d8565f92f3bb2ff27dd575398\">\n.flex_column.av-av_two_third-c54d687d8565f92f3bb2ff27dd575398{\nwidth:66%;\nmargin-left:0;\nborder-radius:0px 0px 0px 0px;\npadding:0px 0px 0px 0px;\n}\n#top .flex_column_table.av-equal-height-column-flextable.av-av_two_third-c54d687d8565f92f3bb2ff27dd575398 .av-flex-placeholder{\nwidth:2%;\n}\n<\/style>\n<div  class='flex_column av-av_two_third-c54d687d8565f92f3bb2ff27dd575398 av_two_third  avia-builder-el-271  el_after_av_hr  el_before_av_one_third  first flex_column_table_cell av-equal-height-column av-align-middle av-zero-column-padding'     ><section  class='av_textblock_section av-av_textblock-2af844281454f6b633b3eae0dd4dd55e'   itemscope=\"itemscope\" itemtype=\"https:\/\/schema.org\/CreativeWork\" ><div class='avia_textblock'  itemprop=\"text\" ><h4><strong>10.05.2023<\/strong><\/h4>\n<h4>Der Volksaufstand in der DDR \u2013 17. Juni kompakt<\/h4>\n<div class=\"innerTeaser\">\n<div class=\"teaserInfoWrapper\">\n<div class=\"shortInfos\">\n<h5>eine Ausstellung der Bundesstiftung zur Aufarbeitung der SED-Diktatur von Clara Marz<\/h5>\n<p>Seit heute k\u00f6nnen Sie in der DenkmalWerkstatt Kupfergasse 2 eine neue Ausstellung zum Volksaufstand am 17. Juni in der DDR besuchen.<\/p>\n<p>Sehr informativ, anschaulich und kompakt hat Ausstellungsmacherin Clara Marz Fakten und Bilder zusammengestellt, ein wirkliche empfehlenswerte Kurz-Briefing zum Thema 17. Juni.<\/p>\n<p>\u00d6ffnungszeiten: Dienstag und Donnerstag von 14 bis 17 Uhr oder nach Vereinbarung per Mail: <a href=\"mailto:denkmal@stiftung-fr.de\">denkmal@stiftung-fr.de<\/a> or phone 0341 22566004<\/p>\n<\/div>\n<\/div>\n<\/div>\n<\/div><\/section><\/div>\n<div class='av-flex-placeholder'><\/div>\n<style type=\"text\/css\" data-created_by=\"avia_inline_auto\" id=\"style-css-av-av_one_third-d06667205e6186ec8414c6eb7605d406\">\n.flex_column.av-av_one_third-d06667205e6186ec8414c6eb7605d406{\nwidth:32%;\nmargin-left:0;\n}\n#top .flex_column_table.av-equal-height-column-flextable.av-av_one_third-d06667205e6186ec8414c6eb7605d406 .av-flex-placeholder{\nwidth:2%;\n}\n<\/style>\n<div  class='flex_column av-av_one_third-d06667205e6186ec8414c6eb7605d406 av_one_third  avia-builder-el-273  el_after_av_two_third  el_before_av_hr  flex_column_table_cell av-equal-height-column av-align-middle'     ><style type=\"text\/css\" data-created_by=\"avia_inline_auto\" id=\"style-css-av-av_image-b5bb1698c212af9637cca11742ab32c8\">\n.avia-image-container.av-av_image-b5bb1698c212af9637cca11742ab32c8 img.avia_image{\nbox-shadow:none;\n}\n.avia-image-container.av-av_image-b5bb1698c212af9637cca11742ab32c8 .av-image-caption-overlay-center{\ncolor:#ffffff;\n}\n<\/style>\n<div  class='avia-image-container av-av_image-b5bb1698c212af9637cca11742ab32c8 av-styling- avia-align-center  avia-builder-el-274  avia-builder-el-no-sibling'   itemprop=\"image\" itemscope=\"itemscope\" itemtype=\"https:\/\/schema.org\/ImageObject\" ><div class=\"avia-image-container-inner\"><div class=\"avia-image-overlay-wrap\"><img decoding=\"async\" fetchpriority=\"high\" class='wp-image-3835 avia-img-lazy-loading-not-3835 avia_image' src=\"https:\/\/freiheitsdenkmal-leipzig.de\/wp-content\/uploads\/2023\/05\/ausstellung-17-juni-300x300.png\" alt='' title='ausstellung-17-juni'  height=\"300\" width=\"300\"  itemprop=\"thumbnailUrl\" srcset=\"https:\/\/freiheitsdenkmal-leipzig.de\/wp-content\/uploads\/2023\/05\/ausstellung-17-juni-300x300.png 300w, https:\/\/freiheitsdenkmal-leipzig.de\/wp-content\/uploads\/2023\/05\/ausstellung-17-juni-1030x1030.png 1030w, https:\/\/freiheitsdenkmal-leipzig.de\/wp-content\/uploads\/2023\/05\/ausstellung-17-juni-80x80.png 80w, https:\/\/freiheitsdenkmal-leipzig.de\/wp-content\/uploads\/2023\/05\/ausstellung-17-juni-768x768.png 768w, https:\/\/freiheitsdenkmal-leipzig.de\/wp-content\/uploads\/2023\/05\/ausstellung-17-juni-12x12.png 12w, https:\/\/freiheitsdenkmal-leipzig.de\/wp-content\/uploads\/2023\/05\/ausstellung-17-juni-36x36.png 36w, https:\/\/freiheitsdenkmal-leipzig.de\/wp-content\/uploads\/2023\/05\/ausstellung-17-juni-180x180.png 180w, https:\/\/freiheitsdenkmal-leipzig.de\/wp-content\/uploads\/2023\/05\/ausstellung-17-juni-705x705.png 705w, https:\/\/freiheitsdenkmal-leipzig.de\/wp-content\/uploads\/2023\/05\/ausstellung-17-juni.png 1080w\" sizes=\"(max-width: 300px) 100vw, 300px\" \/><\/div><\/div><\/div><\/div><\/div><!--close column table wrapper. Autoclose: 1 -->\n<div  class='hr av-av_hr-bc943783b13769b99750b884f593b94d hr-default  avia-builder-el-275  el_after_av_one_third  el_before_av_two_third'><span class='hr-inner'><span class=\"hr-inner-style\"><\/span><\/span><\/div>\n<div class='flex_column_table av-av_two_third-c54d687d8565f92f3bb2ff27dd575398 sc-av_two_third av-equal-height-column-flextable'>\n<style type=\"text\/css\" data-created_by=\"avia_inline_auto\" id=\"style-css-av-av_two_third-c54d687d8565f92f3bb2ff27dd575398\">\n.flex_column.av-av_two_third-c54d687d8565f92f3bb2ff27dd575398{\nwidth:66%;\nmargin-left:0;\nborder-radius:0px 0px 0px 0px;\npadding:0px 0px 0px 0px;\n}\n#top .flex_column_table.av-equal-height-column-flextable.av-av_two_third-c54d687d8565f92f3bb2ff27dd575398 .av-flex-placeholder{\nwidth:2%;\n}\n<\/style>\n<div  class='flex_column av-av_two_third-c54d687d8565f92f3bb2ff27dd575398 av_two_third  avia-builder-el-276  el_after_av_hr  el_before_av_one_third  first flex_column_table_cell av-equal-height-column av-align-middle av-zero-column-padding'     ><section  class='av_textblock_section av-av_textblock-2af844281454f6b633b3eae0dd4dd55e'   itemscope=\"itemscope\" itemtype=\"https:\/\/schema.org\/CreativeWork\" ><div class='avia_textblock'  itemprop=\"text\" ><h4><strong>2.05.2023<\/strong><\/h4>\n<h4>GUNDERMANN REVIER und BETTINA<\/h4>\n<div class=\"innerTeaser\">\n<div class=\"teaserInfoWrapper\">\n<div class=\"shortInfos\">\n<p>Heute freuen wir uns auf zwei Filme \u00fcber Liedermacher:innen, deren Karrieren zu DDR-Zeiten starteten: <a href=\"https:\/\/freiheitsdenkmal-leipzig.de\/wp-content\/uploads\/2023\/04\/Gundermann-Revier-1.pdf\" target=\"_blank\" rel=\"noopener\">GUNDERMANN REVIER<\/a> and <a href=\"https:\/\/freiheitsdenkmal-leipzig.de\/wp-content\/uploads\/2023\/04\/Bettina2.pdf\" target=\"_blank\" rel=\"noopener\">BETTINA<\/a> \u00fcber Gerhard Gundermann und Bettina Wegner.<\/p>\n<p>Besonders sch\u00f6n: Die Regisseurin von GUNDERMANN REVIER Grit Lemke ist zum Gespr\u00e4ch bei uns. Als Autorin blickt sie mit ihrem vielbeachteten Buch \u201eKinder von Hoy: Freiheit, Gl\u00fcck und Terror\u201c wie schon in GUNDERMANN REVIER auf ihre Heimatstadt, die Braunkohle-\u201eBoom-City\u201c Hoyerswerda der 60er und 70er Jahre<\/p>\n<p>Zeitplan f\u00fcr den 2.Mai im Cinema Casino:<\/p>\n<ul>\n<li>18:00 GUNDERMANN REVIER, Regie: Grit Lemke, 2019, 97 Min<\/li>\n<li>19:40 Gespr\u00e4ch mit Regisseurin Grit Lemke bei Snacks und Getr\u00e4nken<\/li>\n<li>20:25 BETTINA, Regie: Lutz Pehnert, 2022, 107 Min<\/li>\n<\/ul>\n<p>Eintritt frei<\/p>\n<\/div>\n<\/div>\n<\/div>\n<\/div><\/section><\/div>\n<div class='av-flex-placeholder'><\/div>\n<style type=\"text\/css\" data-created_by=\"avia_inline_auto\" id=\"style-css-av-av_one_third-d06667205e6186ec8414c6eb7605d406\">\n.flex_column.av-av_one_third-d06667205e6186ec8414c6eb7605d406{\nwidth:32%;\nmargin-left:0;\n}\n#top .flex_column_table.av-equal-height-column-flextable.av-av_one_third-d06667205e6186ec8414c6eb7605d406 .av-flex-placeholder{\nwidth:2%;\n}\n<\/style>\n<div  class='flex_column av-av_one_third-d06667205e6186ec8414c6eb7605d406 av_one_third  avia-builder-el-278  el_after_av_two_third  el_before_av_hr  flex_column_table_cell av-equal-height-column av-align-middle'     ><div  class='avia-slideshow av-av_slideshow-7603d5f59e03687f51b7774ba9222615 avia-slideshow-large av_slideshow avia-slide-slider  avia-builder-el-279  avia-builder-el-no-sibling  av-slideshow-ui av-control-default av-slideshow-manual av-loop-once av-loop-manual-endless av-default-height-applied avia-slideshow-13' data-slideshow-options=\"{&quot;animation&quot;:&quot;slide&quot;,&quot;autoplay&quot;:false,&quot;loop_autoplay&quot;:&quot;once&quot;,&quot;interval&quot;:5,&quot;loop_manual&quot;:&quot;manual-endless&quot;,&quot;autoplay_stopper&quot;:false,&quot;noNavigation&quot;:false,&quot;bg_slider&quot;:false,&quot;keep_padding&quot;:false,&quot;hoverpause&quot;:false,&quot;show_slide_delay&quot;:0}\"  itemprop=\"image\" itemscope=\"itemscope\" itemtype=\"https:\/\/schema.org\/ImageObject\" ><ul class='avia-slideshow-inner' style='padding-bottom: 102.18253968254%;'><li  class='avia-slideshow-slide av-av_slideshow-7603d5f59e03687f51b7774ba9222615__0  slide-1 slide-odd'><div data-rel='slideshow-13' class='avia-slide-wrap'   ><img decoding=\"async\" fetchpriority=\"high\" class=\"wp-image-4376 avia-img-lazy-loading-not-4376\"  src=\"https:\/\/freiheitsdenkmal-leipzig.de\/wp-content\/uploads\/2023\/08\/20230829_150159-1008x1030.jpg\" width=\"1008\" height=\"1030\" title='20230829_150159' alt=''  itemprop=\"thumbnailUrl\" srcset=\"https:\/\/freiheitsdenkmal-leipzig.de\/wp-content\/uploads\/2023\/08\/20230829_150159-1008x1030.jpg 1008w, https:\/\/freiheitsdenkmal-leipzig.de\/wp-content\/uploads\/2023\/08\/20230829_150159-294x300.jpg 294w, https:\/\/freiheitsdenkmal-leipzig.de\/wp-content\/uploads\/2023\/08\/20230829_150159-768x785.jpg 768w, https:\/\/freiheitsdenkmal-leipzig.de\/wp-content\/uploads\/2023\/08\/20230829_150159-12x12.jpg 12w, https:\/\/freiheitsdenkmal-leipzig.de\/wp-content\/uploads\/2023\/08\/20230829_150159-36x36.jpg 36w, https:\/\/freiheitsdenkmal-leipzig.de\/wp-content\/uploads\/2023\/08\/20230829_150159-690x705.jpg 690w, https:\/\/freiheitsdenkmal-leipzig.de\/wp-content\/uploads\/2023\/08\/20230829_150159.jpg 1196w\" sizes=\"(max-width: 1008px) 100vw, 1008px\" \/><\/div><\/li><li  class='avia-slideshow-slide av-av_slideshow-7603d5f59e03687f51b7774ba9222615__1  slide-2 slide-even'><div data-rel='slideshow-13' class='avia-slide-wrap'   ><img decoding=\"async\" fetchpriority=\"high\" class=\"wp-image-4375 avia-img-lazy-loading-not-4375\"  src=\"https:\/\/freiheitsdenkmal-leipzig.de\/wp-content\/uploads\/2023\/08\/reh-kran.jpg\" width=\"428\" height=\"431\" title='reh-kran' alt=''  itemprop=\"thumbnailUrl\" srcset=\"https:\/\/freiheitsdenkmal-leipzig.de\/wp-content\/uploads\/2023\/08\/reh-kran.jpg 428w, https:\/\/freiheitsdenkmal-leipzig.de\/wp-content\/uploads\/2023\/08\/reh-kran-298x300.jpg 298w, https:\/\/freiheitsdenkmal-leipzig.de\/wp-content\/uploads\/2023\/08\/reh-kran-80x80.jpg 80w, https:\/\/freiheitsdenkmal-leipzig.de\/wp-content\/uploads\/2023\/08\/reh-kran-12x12.jpg 12w, https:\/\/freiheitsdenkmal-leipzig.de\/wp-content\/uploads\/2023\/08\/reh-kran-36x36.jpg 36w, https:\/\/freiheitsdenkmal-leipzig.de\/wp-content\/uploads\/2023\/08\/reh-kran-180x180.jpg 180w\" sizes=\"(max-width: 428px) 100vw, 428px\" \/><\/div><\/li><li  class='avia-slideshow-slide av-av_slideshow-7603d5f59e03687f51b7774ba9222615__2  slide-3 slide-odd'><div data-rel='slideshow-13' class='avia-slide-wrap'   ><img decoding=\"async\" fetchpriority=\"high\" class=\"wp-image-4371 avia-img-lazy-loading-not-4371\"  src=\"https:\/\/freiheitsdenkmal-leipzig.de\/wp-content\/uploads\/2023\/08\/20230828_143539-1028x1030.jpg\" width=\"1028\" height=\"1030\" title='20230828_143539' alt=''  itemprop=\"thumbnailUrl\" srcset=\"https:\/\/freiheitsdenkmal-leipzig.de\/wp-content\/uploads\/2023\/08\/20230828_143539-1028x1030.jpg 1028w, https:\/\/freiheitsdenkmal-leipzig.de\/wp-content\/uploads\/2023\/08\/20230828_143539-300x300.jpg 300w, https:\/\/freiheitsdenkmal-leipzig.de\/wp-content\/uploads\/2023\/08\/20230828_143539-80x80.jpg 80w, https:\/\/freiheitsdenkmal-leipzig.de\/wp-content\/uploads\/2023\/08\/20230828_143539-768x769.jpg 768w, https:\/\/freiheitsdenkmal-leipzig.de\/wp-content\/uploads\/2023\/08\/20230828_143539-1533x1536.jpg 1533w, https:\/\/freiheitsdenkmal-leipzig.de\/wp-content\/uploads\/2023\/08\/20230828_143539-2045x2048.jpg 2045w, https:\/\/freiheitsdenkmal-leipzig.de\/wp-content\/uploads\/2023\/08\/20230828_143539-12x12.jpg 12w, https:\/\/freiheitsdenkmal-leipzig.de\/wp-content\/uploads\/2023\/08\/20230828_143539-36x36.jpg 36w, https:\/\/freiheitsdenkmal-leipzig.de\/wp-content\/uploads\/2023\/08\/20230828_143539-180x180.jpg 180w, https:\/\/freiheitsdenkmal-leipzig.de\/wp-content\/uploads\/2023\/08\/20230828_143539-1498x1500.jpg 1498w, https:\/\/freiheitsdenkmal-leipzig.de\/wp-content\/uploads\/2023\/08\/20230828_143539-705x705.jpg 705w\" sizes=\"(max-width: 1028px) 100vw, 1028px\" \/><\/div><\/li><li  class='avia-slideshow-slide av-av_slideshow-7603d5f59e03687f51b7774ba9222615__3  slide-4 slide-even'><div data-rel='slideshow-13' class='avia-slide-wrap'   ><img decoding=\"async\" fetchpriority=\"high\" class=\"wp-image-4373 avia-img-lazy-loading-not-4373\"  src=\"https:\/\/freiheitsdenkmal-leipzig.de\/wp-content\/uploads\/2023\/08\/IMG_4245-1030x1030.jpg\" width=\"1030\" height=\"1030\" title='IMG_4245' alt=''  itemprop=\"thumbnailUrl\" srcset=\"https:\/\/freiheitsdenkmal-leipzig.de\/wp-content\/uploads\/2023\/08\/IMG_4245-1030x1030.jpg 1030w, https:\/\/freiheitsdenkmal-leipzig.de\/wp-content\/uploads\/2023\/08\/IMG_4245-300x300.jpg 300w, https:\/\/freiheitsdenkmal-leipzig.de\/wp-content\/uploads\/2023\/08\/IMG_4245-80x80.jpg 80w, https:\/\/freiheitsdenkmal-leipzig.de\/wp-content\/uploads\/2023\/08\/IMG_4245-768x768.jpg 768w, https:\/\/freiheitsdenkmal-leipzig.de\/wp-content\/uploads\/2023\/08\/IMG_4245-1536x1536.jpg 1536w, https:\/\/freiheitsdenkmal-leipzig.de\/wp-content\/uploads\/2023\/08\/IMG_4245-2048x2048.jpg 2048w, https:\/\/freiheitsdenkmal-leipzig.de\/wp-content\/uploads\/2023\/08\/IMG_4245-12x12.jpg 12w, https:\/\/freiheitsdenkmal-leipzig.de\/wp-content\/uploads\/2023\/08\/IMG_4245-36x36.jpg 36w, https:\/\/freiheitsdenkmal-leipzig.de\/wp-content\/uploads\/2023\/08\/IMG_4245-180x180.jpg 180w, https:\/\/freiheitsdenkmal-leipzig.de\/wp-content\/uploads\/2023\/08\/IMG_4245-1500x1500.jpg 1500w, https:\/\/freiheitsdenkmal-leipzig.de\/wp-content\/uploads\/2023\/08\/IMG_4245-705x705.jpg 705w\" sizes=\"(max-width: 1030px) 100vw, 1030px\" \/><\/div><\/li><li  class='avia-slideshow-slide av-av_slideshow-7603d5f59e03687f51b7774ba9222615__4  slide-5 slide-odd'><div data-rel='slideshow-13' class='avia-slide-wrap'   ><img decoding=\"async\" fetchpriority=\"high\" class=\"wp-image-4374 avia-img-lazy-loading-not-4374\"  src=\"https:\/\/freiheitsdenkmal-leipzig.de\/wp-content\/uploads\/2023\/08\/IMG_4254-1030x1030.jpg\" width=\"1030\" height=\"1030\" title='IMG_4254' alt=''  itemprop=\"thumbnailUrl\" srcset=\"https:\/\/freiheitsdenkmal-leipzig.de\/wp-content\/uploads\/2023\/08\/IMG_4254-1030x1030.jpg 1030w, https:\/\/freiheitsdenkmal-leipzig.de\/wp-content\/uploads\/2023\/08\/IMG_4254-300x300.jpg 300w, https:\/\/freiheitsdenkmal-leipzig.de\/wp-content\/uploads\/2023\/08\/IMG_4254-80x80.jpg 80w, https:\/\/freiheitsdenkmal-leipzig.de\/wp-content\/uploads\/2023\/08\/IMG_4254-768x768.jpg 768w, https:\/\/freiheitsdenkmal-leipzig.de\/wp-content\/uploads\/2023\/08\/IMG_4254-1536x1536.jpg 1536w, https:\/\/freiheitsdenkmal-leipzig.de\/wp-content\/uploads\/2023\/08\/IMG_4254-2048x2048.jpg 2048w, https:\/\/freiheitsdenkmal-leipzig.de\/wp-content\/uploads\/2023\/08\/IMG_4254-12x12.jpg 12w, https:\/\/freiheitsdenkmal-leipzig.de\/wp-content\/uploads\/2023\/08\/IMG_4254-36x36.jpg 36w, https:\/\/freiheitsdenkmal-leipzig.de\/wp-content\/uploads\/2023\/08\/IMG_4254-180x180.jpg 180w, https:\/\/freiheitsdenkmal-leipzig.de\/wp-content\/uploads\/2023\/08\/IMG_4254-1500x1500.jpg 1500w, https:\/\/freiheitsdenkmal-leipzig.de\/wp-content\/uploads\/2023\/08\/IMG_4254-705x705.jpg 705w\" sizes=\"(max-width: 1030px) 100vw, 1030px\" \/><\/div><\/li><li  class='avia-slideshow-slide av-av_slideshow-7603d5f59e03687f51b7774ba9222615__5  slide-6 slide-even'><div data-rel='slideshow-13' class='avia-slide-wrap'   ><img decoding=\"async\" fetchpriority=\"high\" class=\"wp-image-4372 avia-img-lazy-loading-not-4372\"  src=\"https:\/\/freiheitsdenkmal-leipzig.de\/wp-content\/uploads\/2023\/08\/20230829_150032-1002x1030.jpg\" width=\"1002\" height=\"1030\" title='20230829_150032' alt=''  itemprop=\"thumbnailUrl\" srcset=\"https:\/\/freiheitsdenkmal-leipzig.de\/wp-content\/uploads\/2023\/08\/20230829_150032-1002x1030.jpg 1002w, https:\/\/freiheitsdenkmal-leipzig.de\/wp-content\/uploads\/2023\/08\/20230829_150032-292x300.jpg 292w, https:\/\/freiheitsdenkmal-leipzig.de\/wp-content\/uploads\/2023\/08\/20230829_150032-768x789.jpg 768w, https:\/\/freiheitsdenkmal-leipzig.de\/wp-content\/uploads\/2023\/08\/20230829_150032-1495x1536.jpg 1495w, https:\/\/freiheitsdenkmal-leipzig.de\/wp-content\/uploads\/2023\/08\/20230829_150032-1993x2048.jpg 1993w, https:\/\/freiheitsdenkmal-leipzig.de\/wp-content\/uploads\/2023\/08\/20230829_150032-12x12.jpg 12w, https:\/\/freiheitsdenkmal-leipzig.de\/wp-content\/uploads\/2023\/08\/20230829_150032-36x36.jpg 36w, https:\/\/freiheitsdenkmal-leipzig.de\/wp-content\/uploads\/2023\/08\/20230829_150032-1460x1500.jpg 1460w, https:\/\/freiheitsdenkmal-leipzig.de\/wp-content\/uploads\/2023\/08\/20230829_150032-686x705.jpg 686w\" sizes=\"(max-width: 1002px) 100vw, 1002px\" \/><\/div><\/li><\/ul><div class='avia-slideshow-arrows avia-slideshow-controls' ><a href='#prev' class='prev-slide' aria-hidden='true' data-av_icon='\ue87c' data-av_iconfont='entypo-fontello'  tabindex='-1'>Previous<\/a><a href='#next' class='next-slide' aria-hidden='true' data-av_icon='\ue87d' data-av_iconfont='entypo-fontello'  tabindex='-1'>Next<\/a><\/div><div class='avia-slideshow-dots avia-slideshow-controls'><a href='#1' class='goto-slide active' >1<\/a><a href='#2' class='goto-slide' >2<\/a><a href='#3' class='goto-slide' >3<\/a><a href='#4' class='goto-slide' >4<\/a><a href='#5' class='goto-slide' >5<\/a><a href='#6' class='goto-slide' >6<\/a><\/div><\/div><\/div><\/div><!--close column table wrapper. Autoclose: 1 -->\n<div  class='hr av-av_hr-bc943783b13769b99750b884f593b94d hr-default  avia-builder-el-280  el_after_av_one_third  el_before_av_two_third'><span class='hr-inner'><span class=\"hr-inner-style\"><\/span><\/span><\/div>\n<div class='flex_column_table av-av_two_third-c54d687d8565f92f3bb2ff27dd575398 sc-av_two_third av-equal-height-column-flextable'>\n<style type=\"text\/css\" data-created_by=\"avia_inline_auto\" id=\"style-css-av-av_two_third-c54d687d8565f92f3bb2ff27dd575398\">\n.flex_column.av-av_two_third-c54d687d8565f92f3bb2ff27dd575398{\nwidth:66%;\nmargin-left:0;\nborder-radius:0px 0px 0px 0px;\npadding:0px 0px 0px 0px;\n}\n#top .flex_column_table.av-equal-height-column-flextable.av-av_two_third-c54d687d8565f92f3bb2ff27dd575398 .av-flex-placeholder{\nwidth:2%;\n}\n<\/style>\n<div  class='flex_column av-av_two_third-c54d687d8565f92f3bb2ff27dd575398 av_two_third  avia-builder-el-281  el_after_av_hr  el_before_av_one_third  first flex_column_table_cell av-equal-height-column av-align-middle av-zero-column-padding'     ><section  class='av_textblock_section av-av_textblock-2af844281454f6b633b3eae0dd4dd55e'   itemscope=\"itemscope\" itemtype=\"https:\/\/schema.org\/CreativeWork\" ><div class='avia_textblock'  itemprop=\"text\" ><h4><strong>28.04.2023<\/strong><\/h4>\n<h4>Cinema Casino am 2. Mai mit GUNDERMANN REVIER und BETTINA<\/h4>\n<div class=\"innerTeaser\">\n<div class=\"teaserInfoWrapper\">\n<div class=\"shortInfos\">\n<p>Das Zeitgeschichtskino in der DenkmalWerkstatt zeigt am 2. Mai ab 18 Uhr die Dokumentarfilme <strong><a href=\"..\/wp-content\/uploads\/2023\/04\/Gundermann-Revier-1.pdf\" target=\"_blank\" rel=\"noopener\">GUNDERMANN REVIER<\/a><\/strong> and <a href=\"..\/wp-content\/uploads\/2023\/04\/Bettina2.pdf\" target=\"_blank\" rel=\"noopener\"><strong>BETTINA<\/strong><\/a> \u00fcber die Musiker:innen Gerhard Gundermann und Bettina Wegner.<br \/>\nDie Regisseurin Grit Lemke wird anwesend sein<\/p>\n<ul>\n<li>18:00 GUNDERMANN REVIER, Regie: Grit Lemke, 2019, 97 Min<\/li>\n<li>19:40 Gespr\u00e4ch mit Regisseurin Grit Lemke bei Snacks und Getr\u00e4nken<\/li>\n<li>20:25 BETTINA, Regie: Lutz Pehnert, 2022, 107 Min<\/li>\n<\/ul>\n<p>Eintritt frei<\/p>\n<\/div>\n<\/div>\n<\/div>\n<\/div><\/section><\/div>\n<div class='av-flex-placeholder'><\/div>\n<style type=\"text\/css\" data-created_by=\"avia_inline_auto\" id=\"style-css-av-av_one_third-d06667205e6186ec8414c6eb7605d406\">\n.flex_column.av-av_one_third-d06667205e6186ec8414c6eb7605d406{\nwidth:32%;\nmargin-left:0;\n}\n#top .flex_column_table.av-equal-height-column-flextable.av-av_one_third-d06667205e6186ec8414c6eb7605d406 .av-flex-placeholder{\nwidth:2%;\n}\n<\/style>\n<div  class='flex_column av-av_one_third-d06667205e6186ec8414c6eb7605d406 av_one_third  avia-builder-el-283  el_after_av_two_third  el_before_av_hr  flex_column_table_cell av-equal-height-column av-align-middle'     ><div  class='avia-slideshow av-av_slideshow-7603d5f59e03687f51b7774ba9222615 avia-slideshow-large av_slideshow avia-slide-slider  avia-builder-el-284  avia-builder-el-no-sibling  av-slideshow-ui av-control-default av-slideshow-manual av-loop-once av-loop-manual-endless av-default-height-applied avia-slideshow-14' data-slideshow-options=\"{&quot;animation&quot;:&quot;slide&quot;,&quot;autoplay&quot;:false,&quot;loop_autoplay&quot;:&quot;once&quot;,&quot;interval&quot;:5,&quot;loop_manual&quot;:&quot;manual-endless&quot;,&quot;autoplay_stopper&quot;:false,&quot;noNavigation&quot;:false,&quot;bg_slider&quot;:false,&quot;keep_padding&quot;:false,&quot;hoverpause&quot;:false,&quot;show_slide_delay&quot;:0}\"  itemprop=\"image\" itemscope=\"itemscope\" itemtype=\"https:\/\/schema.org\/ImageObject\" ><ul class='avia-slideshow-inner' style='padding-bottom: 102.18253968254%;'><li  class='avia-slideshow-slide av-av_slideshow-7603d5f59e03687f51b7774ba9222615__0  slide-1 slide-odd'><div data-rel='slideshow-14' class='avia-slide-wrap'   ><img decoding=\"async\" fetchpriority=\"high\" class=\"wp-image-4376 avia-img-lazy-loading-not-4376\"  src=\"https:\/\/freiheitsdenkmal-leipzig.de\/wp-content\/uploads\/2023\/08\/20230829_150159-1008x1030.jpg\" width=\"1008\" height=\"1030\" title='20230829_150159' alt=''  itemprop=\"thumbnailUrl\" srcset=\"https:\/\/freiheitsdenkmal-leipzig.de\/wp-content\/uploads\/2023\/08\/20230829_150159-1008x1030.jpg 1008w, https:\/\/freiheitsdenkmal-leipzig.de\/wp-content\/uploads\/2023\/08\/20230829_150159-294x300.jpg 294w, https:\/\/freiheitsdenkmal-leipzig.de\/wp-content\/uploads\/2023\/08\/20230829_150159-768x785.jpg 768w, https:\/\/freiheitsdenkmal-leipzig.de\/wp-content\/uploads\/2023\/08\/20230829_150159-12x12.jpg 12w, https:\/\/freiheitsdenkmal-leipzig.de\/wp-content\/uploads\/2023\/08\/20230829_150159-36x36.jpg 36w, https:\/\/freiheitsdenkmal-leipzig.de\/wp-content\/uploads\/2023\/08\/20230829_150159-690x705.jpg 690w, https:\/\/freiheitsdenkmal-leipzig.de\/wp-content\/uploads\/2023\/08\/20230829_150159.jpg 1196w\" sizes=\"(max-width: 1008px) 100vw, 1008px\" \/><\/div><\/li><li  class='avia-slideshow-slide av-av_slideshow-7603d5f59e03687f51b7774ba9222615__1  slide-2 slide-even'><div data-rel='slideshow-14' class='avia-slide-wrap'   ><img decoding=\"async\" fetchpriority=\"high\" class=\"wp-image-4375 avia-img-lazy-loading-not-4375\"  src=\"https:\/\/freiheitsdenkmal-leipzig.de\/wp-content\/uploads\/2023\/08\/reh-kran.jpg\" width=\"428\" height=\"431\" title='reh-kran' alt=''  itemprop=\"thumbnailUrl\" srcset=\"https:\/\/freiheitsdenkmal-leipzig.de\/wp-content\/uploads\/2023\/08\/reh-kran.jpg 428w, https:\/\/freiheitsdenkmal-leipzig.de\/wp-content\/uploads\/2023\/08\/reh-kran-298x300.jpg 298w, https:\/\/freiheitsdenkmal-leipzig.de\/wp-content\/uploads\/2023\/08\/reh-kran-80x80.jpg 80w, https:\/\/freiheitsdenkmal-leipzig.de\/wp-content\/uploads\/2023\/08\/reh-kran-12x12.jpg 12w, https:\/\/freiheitsdenkmal-leipzig.de\/wp-content\/uploads\/2023\/08\/reh-kran-36x36.jpg 36w, https:\/\/freiheitsdenkmal-leipzig.de\/wp-content\/uploads\/2023\/08\/reh-kran-180x180.jpg 180w\" sizes=\"(max-width: 428px) 100vw, 428px\" \/><\/div><\/li><li  class='avia-slideshow-slide av-av_slideshow-7603d5f59e03687f51b7774ba9222615__2  slide-3 slide-odd'><div data-rel='slideshow-14' class='avia-slide-wrap'   ><img decoding=\"async\" fetchpriority=\"high\" class=\"wp-image-4371 avia-img-lazy-loading-not-4371\"  src=\"https:\/\/freiheitsdenkmal-leipzig.de\/wp-content\/uploads\/2023\/08\/20230828_143539-1028x1030.jpg\" width=\"1028\" height=\"1030\" title='20230828_143539' alt=''  itemprop=\"thumbnailUrl\" srcset=\"https:\/\/freiheitsdenkmal-leipzig.de\/wp-content\/uploads\/2023\/08\/20230828_143539-1028x1030.jpg 1028w, https:\/\/freiheitsdenkmal-leipzig.de\/wp-content\/uploads\/2023\/08\/20230828_143539-300x300.jpg 300w, https:\/\/freiheitsdenkmal-leipzig.de\/wp-content\/uploads\/2023\/08\/20230828_143539-80x80.jpg 80w, https:\/\/freiheitsdenkmal-leipzig.de\/wp-content\/uploads\/2023\/08\/20230828_143539-768x769.jpg 768w, https:\/\/freiheitsdenkmal-leipzig.de\/wp-content\/uploads\/2023\/08\/20230828_143539-1533x1536.jpg 1533w, https:\/\/freiheitsdenkmal-leipzig.de\/wp-content\/uploads\/2023\/08\/20230828_143539-2045x2048.jpg 2045w, https:\/\/freiheitsdenkmal-leipzig.de\/wp-content\/uploads\/2023\/08\/20230828_143539-12x12.jpg 12w, https:\/\/freiheitsdenkmal-leipzig.de\/wp-content\/uploads\/2023\/08\/20230828_143539-36x36.jpg 36w, https:\/\/freiheitsdenkmal-leipzig.de\/wp-content\/uploads\/2023\/08\/20230828_143539-180x180.jpg 180w, https:\/\/freiheitsdenkmal-leipzig.de\/wp-content\/uploads\/2023\/08\/20230828_143539-1498x1500.jpg 1498w, https:\/\/freiheitsdenkmal-leipzig.de\/wp-content\/uploads\/2023\/08\/20230828_143539-705x705.jpg 705w\" sizes=\"(max-width: 1028px) 100vw, 1028px\" \/><\/div><\/li><li  class='avia-slideshow-slide av-av_slideshow-7603d5f59e03687f51b7774ba9222615__3  slide-4 slide-even'><div data-rel='slideshow-14' class='avia-slide-wrap'   ><img decoding=\"async\" fetchpriority=\"high\" class=\"wp-image-4373 avia-img-lazy-loading-not-4373\"  src=\"https:\/\/freiheitsdenkmal-leipzig.de\/wp-content\/uploads\/2023\/08\/IMG_4245-1030x1030.jpg\" width=\"1030\" height=\"1030\" title='IMG_4245' alt=''  itemprop=\"thumbnailUrl\" srcset=\"https:\/\/freiheitsdenkmal-leipzig.de\/wp-content\/uploads\/2023\/08\/IMG_4245-1030x1030.jpg 1030w, https:\/\/freiheitsdenkmal-leipzig.de\/wp-content\/uploads\/2023\/08\/IMG_4245-300x300.jpg 300w, https:\/\/freiheitsdenkmal-leipzig.de\/wp-content\/uploads\/2023\/08\/IMG_4245-80x80.jpg 80w, https:\/\/freiheitsdenkmal-leipzig.de\/wp-content\/uploads\/2023\/08\/IMG_4245-768x768.jpg 768w, https:\/\/freiheitsdenkmal-leipzig.de\/wp-content\/uploads\/2023\/08\/IMG_4245-1536x1536.jpg 1536w, https:\/\/freiheitsdenkmal-leipzig.de\/wp-content\/uploads\/2023\/08\/IMG_4245-2048x2048.jpg 2048w, https:\/\/freiheitsdenkmal-leipzig.de\/wp-content\/uploads\/2023\/08\/IMG_4245-12x12.jpg 12w, https:\/\/freiheitsdenkmal-leipzig.de\/wp-content\/uploads\/2023\/08\/IMG_4245-36x36.jpg 36w, https:\/\/freiheitsdenkmal-leipzig.de\/wp-content\/uploads\/2023\/08\/IMG_4245-180x180.jpg 180w, https:\/\/freiheitsdenkmal-leipzig.de\/wp-content\/uploads\/2023\/08\/IMG_4245-1500x1500.jpg 1500w, https:\/\/freiheitsdenkmal-leipzig.de\/wp-content\/uploads\/2023\/08\/IMG_4245-705x705.jpg 705w\" sizes=\"(max-width: 1030px) 100vw, 1030px\" \/><\/div><\/li><li  class='avia-slideshow-slide av-av_slideshow-7603d5f59e03687f51b7774ba9222615__4  slide-5 slide-odd'><div data-rel='slideshow-14' class='avia-slide-wrap'   ><img decoding=\"async\" fetchpriority=\"high\" class=\"wp-image-4374 avia-img-lazy-loading-not-4374\"  src=\"https:\/\/freiheitsdenkmal-leipzig.de\/wp-content\/uploads\/2023\/08\/IMG_4254-1030x1030.jpg\" width=\"1030\" height=\"1030\" title='IMG_4254' alt=''  itemprop=\"thumbnailUrl\" srcset=\"https:\/\/freiheitsdenkmal-leipzig.de\/wp-content\/uploads\/2023\/08\/IMG_4254-1030x1030.jpg 1030w, https:\/\/freiheitsdenkmal-leipzig.de\/wp-content\/uploads\/2023\/08\/IMG_4254-300x300.jpg 300w, https:\/\/freiheitsdenkmal-leipzig.de\/wp-content\/uploads\/2023\/08\/IMG_4254-80x80.jpg 80w, https:\/\/freiheitsdenkmal-leipzig.de\/wp-content\/uploads\/2023\/08\/IMG_4254-768x768.jpg 768w, https:\/\/freiheitsdenkmal-leipzig.de\/wp-content\/uploads\/2023\/08\/IMG_4254-1536x1536.jpg 1536w, https:\/\/freiheitsdenkmal-leipzig.de\/wp-content\/uploads\/2023\/08\/IMG_4254-2048x2048.jpg 2048w, https:\/\/freiheitsdenkmal-leipzig.de\/wp-content\/uploads\/2023\/08\/IMG_4254-12x12.jpg 12w, https:\/\/freiheitsdenkmal-leipzig.de\/wp-content\/uploads\/2023\/08\/IMG_4254-36x36.jpg 36w, https:\/\/freiheitsdenkmal-leipzig.de\/wp-content\/uploads\/2023\/08\/IMG_4254-180x180.jpg 180w, https:\/\/freiheitsdenkmal-leipzig.de\/wp-content\/uploads\/2023\/08\/IMG_4254-1500x1500.jpg 1500w, https:\/\/freiheitsdenkmal-leipzig.de\/wp-content\/uploads\/2023\/08\/IMG_4254-705x705.jpg 705w\" sizes=\"(max-width: 1030px) 100vw, 1030px\" \/><\/div><\/li><li  class='avia-slideshow-slide av-av_slideshow-7603d5f59e03687f51b7774ba9222615__5  slide-6 slide-even'><div data-rel='slideshow-14' class='avia-slide-wrap'   ><img decoding=\"async\" fetchpriority=\"high\" class=\"wp-image-4372 avia-img-lazy-loading-not-4372\"  src=\"https:\/\/freiheitsdenkmal-leipzig.de\/wp-content\/uploads\/2023\/08\/20230829_150032-1002x1030.jpg\" width=\"1002\" height=\"1030\" title='20230829_150032' alt=''  itemprop=\"thumbnailUrl\" srcset=\"https:\/\/freiheitsdenkmal-leipzig.de\/wp-content\/uploads\/2023\/08\/20230829_150032-1002x1030.jpg 1002w, https:\/\/freiheitsdenkmal-leipzig.de\/wp-content\/uploads\/2023\/08\/20230829_150032-292x300.jpg 292w, https:\/\/freiheitsdenkmal-leipzig.de\/wp-content\/uploads\/2023\/08\/20230829_150032-768x789.jpg 768w, https:\/\/freiheitsdenkmal-leipzig.de\/wp-content\/uploads\/2023\/08\/20230829_150032-1495x1536.jpg 1495w, https:\/\/freiheitsdenkmal-leipzig.de\/wp-content\/uploads\/2023\/08\/20230829_150032-1993x2048.jpg 1993w, https:\/\/freiheitsdenkmal-leipzig.de\/wp-content\/uploads\/2023\/08\/20230829_150032-12x12.jpg 12w, https:\/\/freiheitsdenkmal-leipzig.de\/wp-content\/uploads\/2023\/08\/20230829_150032-36x36.jpg 36w, https:\/\/freiheitsdenkmal-leipzig.de\/wp-content\/uploads\/2023\/08\/20230829_150032-1460x1500.jpg 1460w, https:\/\/freiheitsdenkmal-leipzig.de\/wp-content\/uploads\/2023\/08\/20230829_150032-686x705.jpg 686w\" sizes=\"(max-width: 1002px) 100vw, 1002px\" \/><\/div><\/li><\/ul><div class='avia-slideshow-arrows avia-slideshow-controls' ><a href='#prev' class='prev-slide' aria-hidden='true' data-av_icon='\ue87c' data-av_iconfont='entypo-fontello'  tabindex='-1'>Previous<\/a><a href='#next' class='next-slide' aria-hidden='true' data-av_icon='\ue87d' data-av_iconfont='entypo-fontello'  tabindex='-1'>Next<\/a><\/div><div class='avia-slideshow-dots avia-slideshow-controls'><a href='#1' class='goto-slide active' >1<\/a><a href='#2' class='goto-slide' >2<\/a><a href='#3' class='goto-slide' >3<\/a><a href='#4' class='goto-slide' >4<\/a><a href='#5' class='goto-slide' >5<\/a><a href='#6' class='goto-slide' >6<\/a><\/div><\/div><\/div><\/div><!--close column table wrapper. Autoclose: 1 -->\n<div  class='hr av-av_hr-bc943783b13769b99750b884f593b94d hr-default  avia-builder-el-285  el_after_av_one_third  el_before_av_two_third'><span class='hr-inner'><span class=\"hr-inner-style\"><\/span><\/span><\/div>\n<div class='flex_column_table av-av_two_third-c54d687d8565f92f3bb2ff27dd575398 sc-av_two_third av-equal-height-column-flextable'>\n<style type=\"text\/css\" data-created_by=\"avia_inline_auto\" id=\"style-css-av-av_two_third-c54d687d8565f92f3bb2ff27dd575398\">\n.flex_column.av-av_two_third-c54d687d8565f92f3bb2ff27dd575398{\nwidth:66%;\nmargin-left:0;\nborder-radius:0px 0px 0px 0px;\npadding:0px 0px 0px 0px;\n}\n#top .flex_column_table.av-equal-height-column-flextable.av-av_two_third-c54d687d8565f92f3bb2ff27dd575398 .av-flex-placeholder{\nwidth:2%;\n}\n<\/style>\n<div  class='flex_column av-av_two_third-c54d687d8565f92f3bb2ff27dd575398 av_two_third  avia-builder-el-286  el_after_av_hr  el_before_av_one_third  first flex_column_table_cell av-equal-height-column av-align-middle av-zero-column-padding'     ><section  class='av_textblock_section av-av_textblock-2af844281454f6b633b3eae0dd4dd55e'   itemscope=\"itemscope\" itemtype=\"https:\/\/schema.org\/CreativeWork\" ><div class='avia_textblock'  itemprop=\"text\" ><h4><strong>24.04.2023<\/strong><\/h4>\n<h4>24.04.2023\nBook presentation: \"<a href=\"https:\/\/freiheitsdenkmal-leipzig.de\/wp-content\/uploads\/2023\/04\/Flyer_23_410_Hana_web1.pdf\" target=\"_blank\" rel=\"noopener\">Hana or The Bohemian Gift. An Album<\/a>\"<\/h4>\n<div class=\"innerTeaser\">\n<div class=\"teaserInfoWrapper\">\n<div class=\"shortInfos\">\n<h5>27 April, 6:00 p.m., Reading and discussion with the author Tina Stroheker as part of the Leipzig Book Fair.<\/h5>\n<p>The poet Tina Stroheker has written a very personal book about Hana J\u00fcptnerov\u00e1, which is more like an album and shows the courageous Czech woman in many touching photos. Tina Stroheker was fascinated by the courage of her Czech friend, who has since died, who stood up for her ideals and also accepted disadvantages, such as a ban from working.<\/p>\n<p>Hana J\u00fcptnerov\u00e1 was, among other things, a German teacher, interpreter, translator, Chartist (civil rights organisation Charta 77) and committed Christian. She campaigned for reconciliation between Czechs and (Sudeten) Germans after the 1989 revolution and was the mother of two sons and foster mother of three Roma girls.<\/p>\n<p>The evening will start with a reading, followed by a conversation about literary work, Christian faith and civil rights activities. Chair and moderator: Stephan Bickhardt, Gesine Oltmanns<\/p>\n<\/div>\n<\/div>\n<\/div>\n<\/div><\/section><\/div>\n<div class='av-flex-placeholder'><\/div>\n<style type=\"text\/css\" data-created_by=\"avia_inline_auto\" id=\"style-css-av-av_one_third-d06667205e6186ec8414c6eb7605d406\">\n.flex_column.av-av_one_third-d06667205e6186ec8414c6eb7605d406{\nwidth:32%;\nmargin-left:0;\n}\n#top .flex_column_table.av-equal-height-column-flextable.av-av_one_third-d06667205e6186ec8414c6eb7605d406 .av-flex-placeholder{\nwidth:2%;\n}\n<\/style>\n<div  class='flex_column av-av_one_third-d06667205e6186ec8414c6eb7605d406 av_one_third  avia-builder-el-288  el_after_av_two_third  el_before_av_hr  flex_column_table_cell av-equal-height-column av-align-middle'     ><div  class='avia-slideshow av-av_slideshow-7603d5f59e03687f51b7774ba9222615 avia-slideshow-large av_slideshow avia-slide-slider  avia-builder-el-289  avia-builder-el-no-sibling  av-slideshow-ui av-control-default av-slideshow-manual av-loop-once av-loop-manual-endless av-default-height-applied avia-slideshow-15' data-slideshow-options=\"{&quot;animation&quot;:&quot;slide&quot;,&quot;autoplay&quot;:false,&quot;loop_autoplay&quot;:&quot;once&quot;,&quot;interval&quot;:5,&quot;loop_manual&quot;:&quot;manual-endless&quot;,&quot;autoplay_stopper&quot;:false,&quot;noNavigation&quot;:false,&quot;bg_slider&quot;:false,&quot;keep_padding&quot;:false,&quot;hoverpause&quot;:false,&quot;show_slide_delay&quot;:0}\"  itemprop=\"image\" itemscope=\"itemscope\" itemtype=\"https:\/\/schema.org\/ImageObject\" ><ul class='avia-slideshow-inner' style='padding-bottom: 102.18253968254%;'><li  class='avia-slideshow-slide av-av_slideshow-7603d5f59e03687f51b7774ba9222615__0  slide-1 slide-odd'><div data-rel='slideshow-15' class='avia-slide-wrap'   ><img decoding=\"async\" fetchpriority=\"high\" class=\"wp-image-4376 avia-img-lazy-loading-not-4376\"  src=\"https:\/\/freiheitsdenkmal-leipzig.de\/wp-content\/uploads\/2023\/08\/20230829_150159-1008x1030.jpg\" width=\"1008\" height=\"1030\" title='20230829_150159' alt=''  itemprop=\"thumbnailUrl\" srcset=\"https:\/\/freiheitsdenkmal-leipzig.de\/wp-content\/uploads\/2023\/08\/20230829_150159-1008x1030.jpg 1008w, https:\/\/freiheitsdenkmal-leipzig.de\/wp-content\/uploads\/2023\/08\/20230829_150159-294x300.jpg 294w, https:\/\/freiheitsdenkmal-leipzig.de\/wp-content\/uploads\/2023\/08\/20230829_150159-768x785.jpg 768w, https:\/\/freiheitsdenkmal-leipzig.de\/wp-content\/uploads\/2023\/08\/20230829_150159-12x12.jpg 12w, https:\/\/freiheitsdenkmal-leipzig.de\/wp-content\/uploads\/2023\/08\/20230829_150159-36x36.jpg 36w, https:\/\/freiheitsdenkmal-leipzig.de\/wp-content\/uploads\/2023\/08\/20230829_150159-690x705.jpg 690w, https:\/\/freiheitsdenkmal-leipzig.de\/wp-content\/uploads\/2023\/08\/20230829_150159.jpg 1196w\" sizes=\"(max-width: 1008px) 100vw, 1008px\" \/><\/div><\/li><li  class='avia-slideshow-slide av-av_slideshow-7603d5f59e03687f51b7774ba9222615__1  slide-2 slide-even'><div data-rel='slideshow-15' class='avia-slide-wrap'   ><img decoding=\"async\" fetchpriority=\"high\" class=\"wp-image-4375 avia-img-lazy-loading-not-4375\"  src=\"https:\/\/freiheitsdenkmal-leipzig.de\/wp-content\/uploads\/2023\/08\/reh-kran.jpg\" width=\"428\" height=\"431\" title='reh-kran' alt=''  itemprop=\"thumbnailUrl\" srcset=\"https:\/\/freiheitsdenkmal-leipzig.de\/wp-content\/uploads\/2023\/08\/reh-kran.jpg 428w, https:\/\/freiheitsdenkmal-leipzig.de\/wp-content\/uploads\/2023\/08\/reh-kran-298x300.jpg 298w, https:\/\/freiheitsdenkmal-leipzig.de\/wp-content\/uploads\/2023\/08\/reh-kran-80x80.jpg 80w, https:\/\/freiheitsdenkmal-leipzig.de\/wp-content\/uploads\/2023\/08\/reh-kran-12x12.jpg 12w, https:\/\/freiheitsdenkmal-leipzig.de\/wp-content\/uploads\/2023\/08\/reh-kran-36x36.jpg 36w, https:\/\/freiheitsdenkmal-leipzig.de\/wp-content\/uploads\/2023\/08\/reh-kran-180x180.jpg 180w\" sizes=\"(max-width: 428px) 100vw, 428px\" \/><\/div><\/li><li  class='avia-slideshow-slide av-av_slideshow-7603d5f59e03687f51b7774ba9222615__2  slide-3 slide-odd'><div data-rel='slideshow-15' class='avia-slide-wrap'   ><img decoding=\"async\" fetchpriority=\"high\" class=\"wp-image-4371 avia-img-lazy-loading-not-4371\"  src=\"https:\/\/freiheitsdenkmal-leipzig.de\/wp-content\/uploads\/2023\/08\/20230828_143539-1028x1030.jpg\" width=\"1028\" height=\"1030\" title='20230828_143539' alt=''  itemprop=\"thumbnailUrl\" srcset=\"https:\/\/freiheitsdenkmal-leipzig.de\/wp-content\/uploads\/2023\/08\/20230828_143539-1028x1030.jpg 1028w, https:\/\/freiheitsdenkmal-leipzig.de\/wp-content\/uploads\/2023\/08\/20230828_143539-300x300.jpg 300w, https:\/\/freiheitsdenkmal-leipzig.de\/wp-content\/uploads\/2023\/08\/20230828_143539-80x80.jpg 80w, https:\/\/freiheitsdenkmal-leipzig.de\/wp-content\/uploads\/2023\/08\/20230828_143539-768x769.jpg 768w, https:\/\/freiheitsdenkmal-leipzig.de\/wp-content\/uploads\/2023\/08\/20230828_143539-1533x1536.jpg 1533w, https:\/\/freiheitsdenkmal-leipzig.de\/wp-content\/uploads\/2023\/08\/20230828_143539-2045x2048.jpg 2045w, https:\/\/freiheitsdenkmal-leipzig.de\/wp-content\/uploads\/2023\/08\/20230828_143539-12x12.jpg 12w, https:\/\/freiheitsdenkmal-leipzig.de\/wp-content\/uploads\/2023\/08\/20230828_143539-36x36.jpg 36w, https:\/\/freiheitsdenkmal-leipzig.de\/wp-content\/uploads\/2023\/08\/20230828_143539-180x180.jpg 180w, https:\/\/freiheitsdenkmal-leipzig.de\/wp-content\/uploads\/2023\/08\/20230828_143539-1498x1500.jpg 1498w, https:\/\/freiheitsdenkmal-leipzig.de\/wp-content\/uploads\/2023\/08\/20230828_143539-705x705.jpg 705w\" sizes=\"(max-width: 1028px) 100vw, 1028px\" \/><\/div><\/li><li  class='avia-slideshow-slide av-av_slideshow-7603d5f59e03687f51b7774ba9222615__3  slide-4 slide-even'><div data-rel='slideshow-15' class='avia-slide-wrap'   ><img decoding=\"async\" fetchpriority=\"high\" class=\"wp-image-4373 avia-img-lazy-loading-not-4373\"  src=\"https:\/\/freiheitsdenkmal-leipzig.de\/wp-content\/uploads\/2023\/08\/IMG_4245-1030x1030.jpg\" width=\"1030\" height=\"1030\" title='IMG_4245' alt=''  itemprop=\"thumbnailUrl\" srcset=\"https:\/\/freiheitsdenkmal-leipzig.de\/wp-content\/uploads\/2023\/08\/IMG_4245-1030x1030.jpg 1030w, https:\/\/freiheitsdenkmal-leipzig.de\/wp-content\/uploads\/2023\/08\/IMG_4245-300x300.jpg 300w, https:\/\/freiheitsdenkmal-leipzig.de\/wp-content\/uploads\/2023\/08\/IMG_4245-80x80.jpg 80w, https:\/\/freiheitsdenkmal-leipzig.de\/wp-content\/uploads\/2023\/08\/IMG_4245-768x768.jpg 768w, https:\/\/freiheitsdenkmal-leipzig.de\/wp-content\/uploads\/2023\/08\/IMG_4245-1536x1536.jpg 1536w, https:\/\/freiheitsdenkmal-leipzig.de\/wp-content\/uploads\/2023\/08\/IMG_4245-2048x2048.jpg 2048w, https:\/\/freiheitsdenkmal-leipzig.de\/wp-content\/uploads\/2023\/08\/IMG_4245-12x12.jpg 12w, https:\/\/freiheitsdenkmal-leipzig.de\/wp-content\/uploads\/2023\/08\/IMG_4245-36x36.jpg 36w, https:\/\/freiheitsdenkmal-leipzig.de\/wp-content\/uploads\/2023\/08\/IMG_4245-180x180.jpg 180w, https:\/\/freiheitsdenkmal-leipzig.de\/wp-content\/uploads\/2023\/08\/IMG_4245-1500x1500.jpg 1500w, https:\/\/freiheitsdenkmal-leipzig.de\/wp-content\/uploads\/2023\/08\/IMG_4245-705x705.jpg 705w\" sizes=\"(max-width: 1030px) 100vw, 1030px\" \/><\/div><\/li><li  class='avia-slideshow-slide av-av_slideshow-7603d5f59e03687f51b7774ba9222615__4  slide-5 slide-odd'><div data-rel='slideshow-15' class='avia-slide-wrap'   ><img decoding=\"async\" fetchpriority=\"high\" class=\"wp-image-4374 avia-img-lazy-loading-not-4374\"  src=\"https:\/\/freiheitsdenkmal-leipzig.de\/wp-content\/uploads\/2023\/08\/IMG_4254-1030x1030.jpg\" width=\"1030\" height=\"1030\" title='IMG_4254' alt=''  itemprop=\"thumbnailUrl\" srcset=\"https:\/\/freiheitsdenkmal-leipzig.de\/wp-content\/uploads\/2023\/08\/IMG_4254-1030x1030.jpg 1030w, https:\/\/freiheitsdenkmal-leipzig.de\/wp-content\/uploads\/2023\/08\/IMG_4254-300x300.jpg 300w, https:\/\/freiheitsdenkmal-leipzig.de\/wp-content\/uploads\/2023\/08\/IMG_4254-80x80.jpg 80w, https:\/\/freiheitsdenkmal-leipzig.de\/wp-content\/uploads\/2023\/08\/IMG_4254-768x768.jpg 768w, https:\/\/freiheitsdenkmal-leipzig.de\/wp-content\/uploads\/2023\/08\/IMG_4254-1536x1536.jpg 1536w, https:\/\/freiheitsdenkmal-leipzig.de\/wp-content\/uploads\/2023\/08\/IMG_4254-2048x2048.jpg 2048w, https:\/\/freiheitsdenkmal-leipzig.de\/wp-content\/uploads\/2023\/08\/IMG_4254-12x12.jpg 12w, https:\/\/freiheitsdenkmal-leipzig.de\/wp-content\/uploads\/2023\/08\/IMG_4254-36x36.jpg 36w, https:\/\/freiheitsdenkmal-leipzig.de\/wp-content\/uploads\/2023\/08\/IMG_4254-180x180.jpg 180w, https:\/\/freiheitsdenkmal-leipzig.de\/wp-content\/uploads\/2023\/08\/IMG_4254-1500x1500.jpg 1500w, https:\/\/freiheitsdenkmal-leipzig.de\/wp-content\/uploads\/2023\/08\/IMG_4254-705x705.jpg 705w\" sizes=\"(max-width: 1030px) 100vw, 1030px\" \/><\/div><\/li><li  class='avia-slideshow-slide av-av_slideshow-7603d5f59e03687f51b7774ba9222615__5  slide-6 slide-even'><div data-rel='slideshow-15' class='avia-slide-wrap'   ><img decoding=\"async\" fetchpriority=\"high\" class=\"wp-image-4372 avia-img-lazy-loading-not-4372\"  src=\"https:\/\/freiheitsdenkmal-leipzig.de\/wp-content\/uploads\/2023\/08\/20230829_150032-1002x1030.jpg\" width=\"1002\" height=\"1030\" title='20230829_150032' alt=''  itemprop=\"thumbnailUrl\" srcset=\"https:\/\/freiheitsdenkmal-leipzig.de\/wp-content\/uploads\/2023\/08\/20230829_150032-1002x1030.jpg 1002w, https:\/\/freiheitsdenkmal-leipzig.de\/wp-content\/uploads\/2023\/08\/20230829_150032-292x300.jpg 292w, https:\/\/freiheitsdenkmal-leipzig.de\/wp-content\/uploads\/2023\/08\/20230829_150032-768x789.jpg 768w, https:\/\/freiheitsdenkmal-leipzig.de\/wp-content\/uploads\/2023\/08\/20230829_150032-1495x1536.jpg 1495w, https:\/\/freiheitsdenkmal-leipzig.de\/wp-content\/uploads\/2023\/08\/20230829_150032-1993x2048.jpg 1993w, https:\/\/freiheitsdenkmal-leipzig.de\/wp-content\/uploads\/2023\/08\/20230829_150032-12x12.jpg 12w, https:\/\/freiheitsdenkmal-leipzig.de\/wp-content\/uploads\/2023\/08\/20230829_150032-36x36.jpg 36w, https:\/\/freiheitsdenkmal-leipzig.de\/wp-content\/uploads\/2023\/08\/20230829_150032-1460x1500.jpg 1460w, https:\/\/freiheitsdenkmal-leipzig.de\/wp-content\/uploads\/2023\/08\/20230829_150032-686x705.jpg 686w\" sizes=\"(max-width: 1002px) 100vw, 1002px\" \/><\/div><\/li><\/ul><div class='avia-slideshow-arrows avia-slideshow-controls' ><a href='#prev' class='prev-slide' aria-hidden='true' data-av_icon='\ue87c' data-av_iconfont='entypo-fontello'  tabindex='-1'>Previous<\/a><a href='#next' class='next-slide' aria-hidden='true' data-av_icon='\ue87d' data-av_iconfont='entypo-fontello'  tabindex='-1'>Next<\/a><\/div><div class='avia-slideshow-dots avia-slideshow-controls'><a href='#1' class='goto-slide active' >1<\/a><a href='#2' class='goto-slide' >2<\/a><a href='#3' class='goto-slide' >3<\/a><a href='#4' class='goto-slide' >4<\/a><a href='#5' class='goto-slide' >5<\/a><a href='#6' class='goto-slide' >6<\/a><\/div><\/div><\/div><\/div><!--close column table wrapper. Autoclose: 1 -->\n<div  class='hr av-av_hr-bc943783b13769b99750b884f593b94d hr-default  avia-builder-el-290  el_after_av_one_third  el_before_av_two_third'><span class='hr-inner'><span class=\"hr-inner-style\"><\/span><\/span><\/div>\n<div class='flex_column_table av-av_two_third-c54d687d8565f92f3bb2ff27dd575398 sc-av_two_third av-equal-height-column-flextable'>\n<style type=\"text\/css\" data-created_by=\"avia_inline_auto\" id=\"style-css-av-av_two_third-c54d687d8565f92f3bb2ff27dd575398\">\n.flex_column.av-av_two_third-c54d687d8565f92f3bb2ff27dd575398{\nwidth:66%;\nmargin-left:0;\nborder-radius:0px 0px 0px 0px;\npadding:0px 0px 0px 0px;\n}\n#top .flex_column_table.av-equal-height-column-flextable.av-av_two_third-c54d687d8565f92f3bb2ff27dd575398 .av-flex-placeholder{\nwidth:2%;\n}\n<\/style>\n<div  class='flex_column av-av_two_third-c54d687d8565f92f3bb2ff27dd575398 av_two_third  avia-builder-el-291  el_after_av_hr  el_before_av_one_third  first flex_column_table_cell av-equal-height-column av-align-middle av-zero-column-padding'     ><section  class='av_textblock_section av-av_textblock-2af844281454f6b633b3eae0dd4dd55e'   itemscope=\"itemscope\" itemtype=\"https:\/\/schema.org\/CreativeWork\" ><div class='avia_textblock'  itemprop=\"text\" ><h4><strong>14.04.2023<\/strong><\/h4>\n<h4>\u201aKehraus\u2018-Trilogie im Cinema Casino am 18. April<\/h4>\n<div class=\"innerTeaser\">\n<div class=\"teaserInfoWrapper\">\n<div class=\"shortInfos\">\n<p>Am Dienstag, den 18.4., ist um 18 Uhr wieder Cinema Casino Zeit in der DenkmalWerkstatt Kupfergasse 2.<\/p>\n<p>Unser Zeitgeschichtskino geht mit der \u201aKehraus\u2018-Trilogie von Gerd Kroske in die zweite April-Vorstellung. Und: Wir erwarten Regisseur Gerd Kroske zum Gespr\u00e4ch.<\/p>\n<ul>\n<li>6 p.m. <strong>Kehraus<\/strong>, 1990, 30 Min \/ <strong>Kehrein, Kehraus<\/strong>, 1996, 70 Min<\/li>\n<li>40 Uhr Pause: Gespr\u00e4ch mit Regisseur <strong>Gerd Kroske<\/strong> with snacks &amp; drinks<\/li>\n<li>30 Uhr <strong>Kehraus, wieder<\/strong>, 2006, 100 Min<\/li>\n<\/ul>\n<p><a href=\"https:\/\/freiheitsdenkmal-leipzig.de\/wp-content\/uploads\/2023\/04\/Kehraus-Trilogie.pdf\" target=\"_blank\" rel=\"noopener\"><strong>Infos zur \u201aKehraus\u2018-Trilogie<\/strong><\/a><\/p>\n<\/div>\n<\/div>\n<\/div>\n<\/div><\/section><\/div>\n<div class='av-flex-placeholder'><\/div>\n<style type=\"text\/css\" data-created_by=\"avia_inline_auto\" id=\"style-css-av-av_one_third-d06667205e6186ec8414c6eb7605d406\">\n.flex_column.av-av_one_third-d06667205e6186ec8414c6eb7605d406{\nwidth:32%;\nmargin-left:0;\n}\n#top .flex_column_table.av-equal-height-column-flextable.av-av_one_third-d06667205e6186ec8414c6eb7605d406 .av-flex-placeholder{\nwidth:2%;\n}\n<\/style>\n<div  class='flex_column av-av_one_third-d06667205e6186ec8414c6eb7605d406 av_one_third  avia-builder-el-293  el_after_av_two_third  el_before_av_hr  flex_column_table_cell av-equal-height-column av-align-middle'     ><style type=\"text\/css\" data-created_by=\"avia_inline_auto\" id=\"style-css-av-av_image-951eab56aafcd879f53f9abc360e5250\">\n.avia-image-container.av-av_image-951eab56aafcd879f53f9abc360e5250 img.avia_image{\nbox-shadow:none;\n}\n.avia-image-container.av-av_image-951eab56aafcd879f53f9abc360e5250 .av-image-caption-overlay-center{\ncolor:#ffffff;\n}\n<\/style>\n<div  class='avia-image-container av-av_image-951eab56aafcd879f53f9abc360e5250 av-styling- avia-align-center  avia-builder-el-294  avia-builder-el-no-sibling'   itemprop=\"image\" itemscope=\"itemscope\" itemtype=\"https:\/\/schema.org\/ImageObject\" ><div class=\"avia-image-container-inner\"><div class=\"avia-image-overlay-wrap\"><img decoding=\"async\" fetchpriority=\"high\" class='wp-image-3750 avia-img-lazy-loading-not-3750 avia_image' src=\"https:\/\/freiheitsdenkmal-leipzig.de\/wp-content\/uploads\/2023\/04\/KEHR_10_Copyright_DEFA-Stiftung_Gerd_Kroske-300x296.jpg\" alt='' title='KEHR_10_Copyright_DEFA-Stiftung_Gerd_Kroske'  height=\"296\" width=\"300\"  itemprop=\"thumbnailUrl\" srcset=\"https:\/\/freiheitsdenkmal-leipzig.de\/wp-content\/uploads\/2023\/04\/KEHR_10_Copyright_DEFA-Stiftung_Gerd_Kroske-300x296.jpg 300w, https:\/\/freiheitsdenkmal-leipzig.de\/wp-content\/uploads\/2023\/04\/KEHR_10_Copyright_DEFA-Stiftung_Gerd_Kroske-1030x1017.jpg 1030w, https:\/\/freiheitsdenkmal-leipzig.de\/wp-content\/uploads\/2023\/04\/KEHR_10_Copyright_DEFA-Stiftung_Gerd_Kroske-80x80.jpg 80w, https:\/\/freiheitsdenkmal-leipzig.de\/wp-content\/uploads\/2023\/04\/KEHR_10_Copyright_DEFA-Stiftung_Gerd_Kroske-768x758.jpg 768w, https:\/\/freiheitsdenkmal-leipzig.de\/wp-content\/uploads\/2023\/04\/KEHR_10_Copyright_DEFA-Stiftung_Gerd_Kroske-12x12.jpg 12w, https:\/\/freiheitsdenkmal-leipzig.de\/wp-content\/uploads\/2023\/04\/KEHR_10_Copyright_DEFA-Stiftung_Gerd_Kroske-36x36.jpg 36w, https:\/\/freiheitsdenkmal-leipzig.de\/wp-content\/uploads\/2023\/04\/KEHR_10_Copyright_DEFA-Stiftung_Gerd_Kroske-705x696.jpg 705w, https:\/\/freiheitsdenkmal-leipzig.de\/wp-content\/uploads\/2023\/04\/KEHR_10_Copyright_DEFA-Stiftung_Gerd_Kroske.jpg 1380w\" sizes=\"(max-width: 300px) 100vw, 300px\" \/><\/div><\/div><\/div><\/div><\/div><!--close column table wrapper. Autoclose: 1 -->\n<div  class='hr av-av_hr-bc943783b13769b99750b884f593b94d hr-default  avia-builder-el-295  el_after_av_one_third  el_before_av_two_third'><span class='hr-inner'><span class=\"hr-inner-style\"><\/span><\/span><\/div>\n<div class='flex_column_table av-av_two_third-c54d687d8565f92f3bb2ff27dd575398 sc-av_two_third av-equal-height-column-flextable'>\n<style type=\"text\/css\" data-created_by=\"avia_inline_auto\" id=\"style-css-av-av_two_third-c54d687d8565f92f3bb2ff27dd575398\">\n.flex_column.av-av_two_third-c54d687d8565f92f3bb2ff27dd575398{\nwidth:66%;\nmargin-left:0;\nborder-radius:0px 0px 0px 0px;\npadding:0px 0px 0px 0px;\n}\n#top .flex_column_table.av-equal-height-column-flextable.av-av_two_third-c54d687d8565f92f3bb2ff27dd575398 .av-flex-placeholder{\nwidth:2%;\n}\n<\/style>\n<div  class='flex_column av-av_two_third-c54d687d8565f92f3bb2ff27dd575398 av_two_third  avia-builder-el-296  el_after_av_hr  el_before_av_one_fourth  first flex_column_table_cell av-equal-height-column av-align-middle av-zero-column-padding'     ><section  class='av_textblock_section av-av_textblock-2af844281454f6b633b3eae0dd4dd55e'   itemscope=\"itemscope\" itemtype=\"https:\/\/schema.org\/CreativeWork\" ><div class='avia_textblock'  itemprop=\"text\" ><h4><strong>05.04.2023<\/strong><\/h4>\n<h4>Werkstatt-Caf\u00e9 am 6. April<\/h4>\n<p>Am Donnerstag, den 6. April, findet von 15 bis 17 Uhr wieder ein Werkstatt-Caf\u00e9 in der Kupfergasse 2 statt.<br \/>\nDieses Mal im Mittelpunkt: Die Ausstellung \u201eUmbruch Ost\u201c, herausgeben von der Bundesstiftung zur Aufarbeitung SED-Diktatur und dem Ostbeauftragte der Bundesregierung.<br \/>\nDie Ausstellung besch\u00e4ftigt sich auf 23 Text- und Bildtafeln mit den Umbruchserfahrungen der Ostdeutschen.<br \/>\nNat\u00fcrlich gibt es auch wieder Kaffee und Kuchen!<br \/>\nWir freuen uns auf Sie!<\/p>\n<div class=\"innerTeaser\">\n<div class=\"teaserInfoWrapper\">\n<div class=\"shortInfos\"><em>\u00a0<\/em><\/div>\n<\/div>\n<\/div>\n<\/div><\/section><\/div>\n<div class='av-flex-placeholder'><\/div>\n<style type=\"text\/css\" data-created_by=\"avia_inline_auto\" id=\"style-css-av-av_one_fourth-d06667205e6186ec8414c6eb7605d406\">\n.flex_column.av-av_one_fourth-d06667205e6186ec8414c6eb7605d406{\nwidth:23.5%;\nmargin-left:0;\n}\n#top .flex_column_table.av-equal-height-column-flextable.av-av_one_fourth-d06667205e6186ec8414c6eb7605d406 .av-flex-placeholder{\nwidth:2%;\n}\n<\/style>\n<div  class='flex_column av-av_one_fourth-d06667205e6186ec8414c6eb7605d406 av_one_fourth  avia-builder-el-298  el_after_av_two_third  el_before_av_hr  flex_column_table_cell av-equal-height-column av-align-middle'     ><style type=\"text\/css\" data-created_by=\"avia_inline_auto\" id=\"style-css-av-av_image-8aa5999dfea0aae685e980b306b8a407\">\n.avia-image-container.av-av_image-8aa5999dfea0aae685e980b306b8a407 img.avia_image{\nbox-shadow:none;\n}\n.avia-image-container.av-av_image-8aa5999dfea0aae685e980b306b8a407 .av-image-caption-overlay-center{\ncolor:#ffffff;\n}\n<\/style>\n<div  class='avia-image-container av-av_image-8aa5999dfea0aae685e980b306b8a407 av-styling- avia-align-center  avia-builder-el-299  avia-builder-el-no-sibling'   itemprop=\"image\" itemscope=\"itemscope\" itemtype=\"https:\/\/schema.org\/ImageObject\" ><div class=\"avia-image-container-inner\"><div class=\"avia-image-overlay-wrap\"><img decoding=\"async\" fetchpriority=\"high\" class='wp-image-3740 avia-img-lazy-loading-not-3740 avia_image' src=\"https:\/\/freiheitsdenkmal-leipzig.de\/wp-content\/uploads\/2023\/04\/Kopie-von-Kopie-von-Coffee-Coffee-Shop-Minimal-Instagram-Post.png\" alt='' title='Kopie von Kopie von Coffee Coffee Shop Minimal Instagram Post'  height=\"1080\" width=\"1080\"  itemprop=\"thumbnailUrl\" srcset=\"https:\/\/freiheitsdenkmal-leipzig.de\/wp-content\/uploads\/2023\/04\/Kopie-von-Kopie-von-Coffee-Coffee-Shop-Minimal-Instagram-Post.png 1080w, https:\/\/freiheitsdenkmal-leipzig.de\/wp-content\/uploads\/2023\/04\/Kopie-von-Kopie-von-Coffee-Coffee-Shop-Minimal-Instagram-Post-300x300.png 300w, https:\/\/freiheitsdenkmal-leipzig.de\/wp-content\/uploads\/2023\/04\/Kopie-von-Kopie-von-Coffee-Coffee-Shop-Minimal-Instagram-Post-1030x1030.png 1030w, https:\/\/freiheitsdenkmal-leipzig.de\/wp-content\/uploads\/2023\/04\/Kopie-von-Kopie-von-Coffee-Coffee-Shop-Minimal-Instagram-Post-80x80.png 80w, https:\/\/freiheitsdenkmal-leipzig.de\/wp-content\/uploads\/2023\/04\/Kopie-von-Kopie-von-Coffee-Coffee-Shop-Minimal-Instagram-Post-768x768.png 768w, https:\/\/freiheitsdenkmal-leipzig.de\/wp-content\/uploads\/2023\/04\/Kopie-von-Kopie-von-Coffee-Coffee-Shop-Minimal-Instagram-Post-12x12.png 12w, https:\/\/freiheitsdenkmal-leipzig.de\/wp-content\/uploads\/2023\/04\/Kopie-von-Kopie-von-Coffee-Coffee-Shop-Minimal-Instagram-Post-36x36.png 36w, https:\/\/freiheitsdenkmal-leipzig.de\/wp-content\/uploads\/2023\/04\/Kopie-von-Kopie-von-Coffee-Coffee-Shop-Minimal-Instagram-Post-180x180.png 180w, https:\/\/freiheitsdenkmal-leipzig.de\/wp-content\/uploads\/2023\/04\/Kopie-von-Kopie-von-Coffee-Coffee-Shop-Minimal-Instagram-Post-705x705.png 705w\" sizes=\"(max-width: 1080px) 100vw, 1080px\" \/><\/div><\/div><\/div><\/div><\/div><!--close column table wrapper. Autoclose: 1 -->\n<div  class='hr av-av_hr-bc943783b13769b99750b884f593b94d hr-default  avia-builder-el-300  el_after_av_one_fourth  el_before_av_two_third'><span class='hr-inner'><span class=\"hr-inner-style\"><\/span><\/span><\/div>\n<div class='flex_column_table av-av_two_third-c54d687d8565f92f3bb2ff27dd575398 sc-av_two_third av-equal-height-column-flextable'>\n<style type=\"text\/css\" data-created_by=\"avia_inline_auto\" id=\"style-css-av-av_two_third-c54d687d8565f92f3bb2ff27dd575398\">\n.flex_column.av-av_two_third-c54d687d8565f92f3bb2ff27dd575398{\nwidth:66%;\nmargin-left:0;\nborder-radius:0px 0px 0px 0px;\npadding:0px 0px 0px 0px;\n}\n#top .flex_column_table.av-equal-height-column-flextable.av-av_two_third-c54d687d8565f92f3bb2ff27dd575398 .av-flex-placeholder{\nwidth:2%;\n}\n<\/style>\n<div  class='flex_column av-av_two_third-c54d687d8565f92f3bb2ff27dd575398 av_two_third  avia-builder-el-301  el_after_av_hr  el_before_av_one_third  first flex_column_table_cell av-equal-height-column av-align-middle av-zero-column-padding'     ><section  class='av_textblock_section av-av_textblock-2af844281454f6b633b3eae0dd4dd55e'   itemscope=\"itemscope\" itemtype=\"https:\/\/schema.org\/CreativeWork\" ><div class='avia_textblock'  itemprop=\"text\" ><h4><strong>04.04.2023<\/strong><\/h4>\n<h4>Cinema Casino startet heute!<\/h4>\n<p>Endlich ist es soweit! Heute er\u00f6ffnen wir das Cinema Casino!<br \/>\nUnser Zeitgeschichtskino im Raum des alten Casino-Kinos startet heute, am 4.4., mit diesem Programm:<\/p>\n<ul>\n<li>6 p.m. Short film on the former film art theatre Casino<\/li>\n<li>7 pm Break: Talk with Angela Seidel, Managing Director Cinematheque e.V. and Sven W\u00f6rner, Film Curator with snacks &amp; drinks.<\/li>\n<li>20 Uhr Leipzig im Herbst* (Andreas Voigt &amp; Gerd Kroske), 1989, 54 Min<\/li>\n<\/ul>\n<p style=\"padding-left: 40px;\"><em>*Leipzig im Herbst<\/em><br \/>\n<em>\u201aLeipzig im Herbst\u2018 schildert die Friedliche Revolution in Leipzig 1989 hautnah \u2012 und als deren Ausgang noch nicht wirklich feststand. Der Dokumentarfilm zeigt in Echtzeit den Umbruch in der DDR in den wenigen Wochen von Oktober 1989 bis kurz vor dem Fall der Mauer. In Interviews \u00e4u\u00dfern sich Menschen auf der Stra\u00dfe, in Fabriken, an runden Tischen und in Gef\u00e4ngnissen sowie Volkspolizisten und DDR-Funktion\u00e4re. Ein faszinierendes Zeitdokument!<\/em><\/p>\n<div class=\"innerTeaser\">\n<div class=\"teaserInfoWrapper\">\n<div class=\"shortInfos\"><em>\u00a0<\/em><\/div>\n<\/div>\n<\/div>\n<\/div><\/section><\/div>\n<div class='av-flex-placeholder'><\/div>\n<style type=\"text\/css\" data-created_by=\"avia_inline_auto\" id=\"style-css-av-av_one_third-d06667205e6186ec8414c6eb7605d406\">\n.flex_column.av-av_one_third-d06667205e6186ec8414c6eb7605d406{\nwidth:32%;\nmargin-left:0;\n}\n#top .flex_column_table.av-equal-height-column-flextable.av-av_one_third-d06667205e6186ec8414c6eb7605d406 .av-flex-placeholder{\nwidth:2%;\n}\n<\/style>\n<div  class='flex_column av-av_one_third-d06667205e6186ec8414c6eb7605d406 av_one_third  avia-builder-el-303  el_after_av_two_third  el_before_av_hr  flex_column_table_cell av-equal-height-column av-align-middle'     ><style type=\"text\/css\" data-created_by=\"avia_inline_auto\" id=\"style-css-av-av_image-4e14c4dfd3df9a9d8a713a1038bfbea8\">\n.avia-image-container.av-av_image-4e14c4dfd3df9a9d8a713a1038bfbea8 img.avia_image{\nbox-shadow:none;\n}\n.avia-image-container.av-av_image-4e14c4dfd3df9a9d8a713a1038bfbea8 .av-image-caption-overlay-center{\ncolor:#ffffff;\n}\n<\/style>\n<div  class='avia-image-container av-av_image-4e14c4dfd3df9a9d8a713a1038bfbea8 av-styling- avia-align-center  avia-builder-el-304  avia-builder-el-no-sibling  av-has-copyright av-copyright-always'   itemprop=\"image\" itemscope=\"itemscope\" itemtype=\"https:\/\/schema.org\/ImageObject\" ><div class=\"avia-image-container-inner\"><div class=\"avia-image-overlay-wrap\"><img decoding=\"async\" fetchpriority=\"high\" class='wp-image-3735 avia-img-lazy-loading-not-3735 avia_image' src=\"https:\/\/freiheitsdenkmal-leipzig.de\/wp-content\/uploads\/2023\/04\/LEIP89_3_Copyright_DEFA_Stiftung1.jpg\" alt='' title='LEIP89_3_Copyright_DEFA_Stiftung[1]'  height=\"1527\" width=\"1544\"  itemprop=\"thumbnailUrl\" srcset=\"https:\/\/freiheitsdenkmal-leipzig.de\/wp-content\/uploads\/2023\/04\/LEIP89_3_Copyright_DEFA_Stiftung1.jpg 1544w, https:\/\/freiheitsdenkmal-leipzig.de\/wp-content\/uploads\/2023\/04\/LEIP89_3_Copyright_DEFA_Stiftung1-300x297.jpg 300w, https:\/\/freiheitsdenkmal-leipzig.de\/wp-content\/uploads\/2023\/04\/LEIP89_3_Copyright_DEFA_Stiftung1-1030x1019.jpg 1030w, https:\/\/freiheitsdenkmal-leipzig.de\/wp-content\/uploads\/2023\/04\/LEIP89_3_Copyright_DEFA_Stiftung1-80x80.jpg 80w, https:\/\/freiheitsdenkmal-leipzig.de\/wp-content\/uploads\/2023\/04\/LEIP89_3_Copyright_DEFA_Stiftung1-768x760.jpg 768w, https:\/\/freiheitsdenkmal-leipzig.de\/wp-content\/uploads\/2023\/04\/LEIP89_3_Copyright_DEFA_Stiftung1-1536x1519.jpg 1536w, https:\/\/freiheitsdenkmal-leipzig.de\/wp-content\/uploads\/2023\/04\/LEIP89_3_Copyright_DEFA_Stiftung1-12x12.jpg 12w, https:\/\/freiheitsdenkmal-leipzig.de\/wp-content\/uploads\/2023\/04\/LEIP89_3_Copyright_DEFA_Stiftung1-36x36.jpg 36w, https:\/\/freiheitsdenkmal-leipzig.de\/wp-content\/uploads\/2023\/04\/LEIP89_3_Copyright_DEFA_Stiftung1-1500x1483.jpg 1500w, https:\/\/freiheitsdenkmal-leipzig.de\/wp-content\/uploads\/2023\/04\/LEIP89_3_Copyright_DEFA_Stiftung1-705x697.jpg 705w\" sizes=\"(max-width: 1544px) 100vw, 1544px\" \/><\/div><small class=\"avia-copyright\">Szenenphoto: Leipzig im Herbst, Deutsche Demokratische Republik (DDR) 1989. Alle Rechte vorbehalten<\/small><\/div><\/div><\/div><\/div><!--close column table wrapper. Autoclose: 1 -->\n<div  class='hr av-av_hr-bc943783b13769b99750b884f593b94d hr-default  avia-builder-el-305  el_after_av_one_third  el_before_av_two_third'><span class='hr-inner'><span class=\"hr-inner-style\"><\/span><\/span><\/div>\n<div class='flex_column_table av-av_two_third-c54d687d8565f92f3bb2ff27dd575398 sc-av_two_third av-equal-height-column-flextable'>\n<style type=\"text\/css\" data-created_by=\"avia_inline_auto\" id=\"style-css-av-av_two_third-c54d687d8565f92f3bb2ff27dd575398\">\n.flex_column.av-av_two_third-c54d687d8565f92f3bb2ff27dd575398{\nwidth:66%;\nmargin-left:0;\nborder-radius:0px 0px 0px 0px;\npadding:0px 0px 0px 0px;\n}\n#top .flex_column_table.av-equal-height-column-flextable.av-av_two_third-c54d687d8565f92f3bb2ff27dd575398 .av-flex-placeholder{\nwidth:2%;\n}\n<\/style>\n<div  class='flex_column av-av_two_third-c54d687d8565f92f3bb2ff27dd575398 av_two_third  avia-builder-el-306  el_after_av_hr  el_before_av_one_third  first flex_column_table_cell av-equal-height-column av-align-middle av-zero-column-padding'     ><section  class='av_textblock_section av-av_textblock-2af844281454f6b633b3eae0dd4dd55e'   itemscope=\"itemscope\" itemtype=\"https:\/\/schema.org\/CreativeWork\" ><div class='avia_textblock'  itemprop=\"text\" ><h4><strong>30.03.2023<\/strong><\/h4>\n<h4>Ausstellung \u201eUmbruch Ost\u201c in der DenkmalWerkstatt<\/h4>\n<p class=\"_aacl _aaco _aacu _aacx _aad7 _aade\">Zur Zeit zeigen wir in der DenkmalWerkstatt die Ausstellung \u201eUmbruch Ost\u201c.<br \/>\nAm Donnerstag, den 6.4., m\u00f6chten wir zum Werkstatt-Caf\u00e9 mit unseren G\u00e4sten \u00fcber die Ausstellung und den \u201eUmbruch Ost\u201c sprechen.<\/p>\n<p>Die Ausstellung wurde herausgeben von der Bundesstiftung zur Aufarbeitung SED-Diktatur und dem Ostbeauftragte der Bundesregierung. \u201eUmbruch Ost\u201c wirft Schlaglichter auf 30 Jahre deutsche Einheit. Im Zentrum stehen dabei die Umbruchserfahrungen der Ostdeutschen. Die Schau thematisiert auf 23 Tafeln mit Bildern und Texten die Erwartungen und das Vertrauen, das die Ostdeutschen mit der Wiedervereinigung verbunden hatten. Sie ruft die innerdeutsche Solidarit\u00e4t und Hilfsbereitschaft in Erinnerung. Die Schau erz\u00e4hlt von den Neuanf\u00e4ngen und Aufbr\u00fcchen, wie auch vom Willen, die SED-Diktatur aufzuarbeiten. Sie dokumentiert die Verzweiflung, die mit dem wirtschaftlichen Zusammenbruch und dem Anstieg der Arbeitslosigkeit einherging und die Verlusterfahrungen und \u00c4ngste, die die 1990er Jahre in Ostdeutschland pr\u00e4gten. Themen sind die Gleichzeitigkeit von Sanierung und R\u00fcckbau der ostdeutschen St\u00e4dte, die Situation der Frauen und Familien, eine Jugendkultur zwischen Techno, Punk und Rechtsradikalismus.<\/p>\n<div class=\"innerTeaser\">\n<div class=\"teaserInfoWrapper\">\n<div class=\"shortInfos\"><\/div>\n<\/div>\n<\/div>\n<\/div><\/section><\/div>\n<div class='av-flex-placeholder'><\/div>\n<style type=\"text\/css\" data-created_by=\"avia_inline_auto\" id=\"style-css-av-av_one_third-d06667205e6186ec8414c6eb7605d406\">\n.flex_column.av-av_one_third-d06667205e6186ec8414c6eb7605d406{\nwidth:32%;\nmargin-left:0;\n}\n#top .flex_column_table.av-equal-height-column-flextable.av-av_one_third-d06667205e6186ec8414c6eb7605d406 .av-flex-placeholder{\nwidth:2%;\n}\n<\/style>\n<div  class='flex_column av-av_one_third-d06667205e6186ec8414c6eb7605d406 av_one_third  avia-builder-el-308  el_after_av_two_third  el_before_av_hr  flex_column_table_cell av-equal-height-column av-align-middle'     ><style type=\"text\/css\" data-created_by=\"avia_inline_auto\" id=\"style-css-av-av_image-fa56307e7344076f5aa0c3af03370929\">\n.avia-image-container.av-av_image-fa56307e7344076f5aa0c3af03370929 img.avia_image{\nbox-shadow:none;\n}\n.avia-image-container.av-av_image-fa56307e7344076f5aa0c3af03370929 .av-image-caption-overlay-center{\ncolor:#ffffff;\n}\n<\/style>\n<div  class='avia-image-container av-av_image-fa56307e7344076f5aa0c3af03370929 av-styling- avia-align-center  avia-builder-el-309  avia-builder-el-no-sibling'   itemprop=\"image\" itemscope=\"itemscope\" itemtype=\"https:\/\/schema.org\/ImageObject\" ><div class=\"avia-image-container-inner\"><div class=\"avia-image-overlay-wrap\"><img decoding=\"async\" fetchpriority=\"high\" class='wp-image-3732 avia-img-lazy-loading-not-3732 avia_image' src=\"https:\/\/freiheitsdenkmal-leipzig.de\/wp-content\/uploads\/2023\/04\/Kopie-von-Kopie-von-Kopie-von-Kopie-von-Coffee-Coffee-Shop-Minimal-Instagram-Post.png\" alt='' title='Kopie von Kopie von Kopie von Kopie von Coffee Coffee Shop Minimal Instagram Post'  height=\"1080\" width=\"1080\"  itemprop=\"thumbnailUrl\" srcset=\"https:\/\/freiheitsdenkmal-leipzig.de\/wp-content\/uploads\/2023\/04\/Kopie-von-Kopie-von-Kopie-von-Kopie-von-Coffee-Coffee-Shop-Minimal-Instagram-Post.png 1080w, https:\/\/freiheitsdenkmal-leipzig.de\/wp-content\/uploads\/2023\/04\/Kopie-von-Kopie-von-Kopie-von-Kopie-von-Coffee-Coffee-Shop-Minimal-Instagram-Post-300x300.png 300w, https:\/\/freiheitsdenkmal-leipzig.de\/wp-content\/uploads\/2023\/04\/Kopie-von-Kopie-von-Kopie-von-Kopie-von-Coffee-Coffee-Shop-Minimal-Instagram-Post-1030x1030.png 1030w, https:\/\/freiheitsdenkmal-leipzig.de\/wp-content\/uploads\/2023\/04\/Kopie-von-Kopie-von-Kopie-von-Kopie-von-Coffee-Coffee-Shop-Minimal-Instagram-Post-80x80.png 80w, https:\/\/freiheitsdenkmal-leipzig.de\/wp-content\/uploads\/2023\/04\/Kopie-von-Kopie-von-Kopie-von-Kopie-von-Coffee-Coffee-Shop-Minimal-Instagram-Post-768x768.png 768w, https:\/\/freiheitsdenkmal-leipzig.de\/wp-content\/uploads\/2023\/04\/Kopie-von-Kopie-von-Kopie-von-Kopie-von-Coffee-Coffee-Shop-Minimal-Instagram-Post-12x12.png 12w, https:\/\/freiheitsdenkmal-leipzig.de\/wp-content\/uploads\/2023\/04\/Kopie-von-Kopie-von-Kopie-von-Kopie-von-Coffee-Coffee-Shop-Minimal-Instagram-Post-36x36.png 36w, https:\/\/freiheitsdenkmal-leipzig.de\/wp-content\/uploads\/2023\/04\/Kopie-von-Kopie-von-Kopie-von-Kopie-von-Coffee-Coffee-Shop-Minimal-Instagram-Post-180x180.png 180w, https:\/\/freiheitsdenkmal-leipzig.de\/wp-content\/uploads\/2023\/04\/Kopie-von-Kopie-von-Kopie-von-Kopie-von-Coffee-Coffee-Shop-Minimal-Instagram-Post-705x705.png 705w\" sizes=\"(max-width: 1080px) 100vw, 1080px\" \/><\/div><\/div><\/div><\/div><\/div><!--close column table wrapper. Autoclose: 1 -->\n<div  class='hr av-av_hr-bc943783b13769b99750b884f593b94d hr-default  avia-builder-el-310  el_after_av_one_third  el_before_av_two_third'><span class='hr-inner'><span class=\"hr-inner-style\"><\/span><\/span><\/div>\n\n<style type=\"text\/css\" data-created_by=\"avia_inline_auto\" id=\"style-css-av-av_two_third-05dd96a244c6651fbbd6d3d62e64936d\">\n.flex_column.av-av_two_third-05dd96a244c6651fbbd6d3d62e64936d{\nwidth:66%;\nborder-radius:0px 0px 0px 0px;\npadding:0px 0px 0px 0px;\n}\n<\/style>\n<div  class='flex_column av-av_two_third-05dd96a244c6651fbbd6d3d62e64936d av_two_third  avia-builder-el-311  el_after_av_hr  el_before_av_one_third  first flex_column_div av-zero-column-padding'     ><section  class='av_textblock_section av-av_textblock-2af844281454f6b633b3eae0dd4dd55e'   itemscope=\"itemscope\" itemtype=\"https:\/\/schema.org\/CreativeWork\" ><div class='avia_textblock'  itemprop=\"text\" ><h4><strong>28.03.2023<\/strong><\/h4>\n<h4>Cinema Casino-Flyer sind da!<\/h4>\n<p>Sie k\u00f6nnen sich Ihren Flyer sehr gerne w\u00e4hrend unserer Offnungszeiten am Dienstag und Donnerstag von 14 bis 17 Uhr in der DenkmalWerkstatt abholen.<br \/>\nAu\u00dferdem werden die Cinema Casino-Flyer von <a href=\"http:\/\/www.gangart.de\/?gclid=EAIaIQobChMInqa-kcb-_QIV1-F3Ch2ZfA_jEAAYASAAEgJqTPD_BwE\" target=\"_blank\" rel=\"noopener\">Gangart Werbung<\/a> in ganz Leipzig verteilt und sind \u00fcberall dort zu finden, wo Gangart Verteil-Stellen hat.<br \/>\nUnd hier online als <a href=\"https:\/\/freiheitsdenkmal-leipzig.de\/wp-content\/uploads\/2023\/03\/Casino_Kino_Flyer_druck.pdf\" target=\"_blank\" rel=\"noopener\">Programm-Flyer-PDF<\/a><\/p>\n<p>Der erste Kinoabend am 4. April r\u00fcckt immer n\u00e4her! Noch eine Woche &#8230;<\/p>\n<div class=\"innerTeaser\">\n<div class=\"teaserInfoWrapper\">\n<div class=\"shortInfos\"><\/div>\n<\/div>\n<\/div>\n<\/div><\/section><\/div>\n\n<style type=\"text\/css\" data-created_by=\"avia_inline_auto\" id=\"style-css-av-av_one_third-d06667205e6186ec8414c6eb7605d406\">\n.flex_column.av-av_one_third-d06667205e6186ec8414c6eb7605d406{\nwidth:32%;\nmargin-left:2%;\n}\n<\/style>\n<div  class='flex_column av-av_one_third-d06667205e6186ec8414c6eb7605d406 av_one_third  avia-builder-el-313  el_after_av_two_third  el_before_av_hr  flex_column_div'     ><style type=\"text\/css\" data-created_by=\"avia_inline_auto\" id=\"style-css-av-av_image-d34eacdf9a3352e90563c61a9ac0689e\">\n.avia-image-container.av-av_image-d34eacdf9a3352e90563c61a9ac0689e img.avia_image{\nbox-shadow:none;\n}\n.avia-image-container.av-av_image-d34eacdf9a3352e90563c61a9ac0689e .av-image-caption-overlay-center{\ncolor:#ffffff;\n}\n<\/style>\n<div  class='avia-image-container av-av_image-d34eacdf9a3352e90563c61a9ac0689e av-styling- avia-align-center  avia-builder-el-314  avia-builder-el-no-sibling'   itemprop=\"image\" itemscope=\"itemscope\" itemtype=\"https:\/\/schema.org\/ImageObject\" ><div class=\"avia-image-container-inner\"><div class=\"avia-image-overlay-wrap\"><img decoding=\"async\" fetchpriority=\"high\" class='wp-image-3669 avia-img-lazy-loading-not-3669 avia_image' src=\"https:\/\/freiheitsdenkmal-leipzig.de\/wp-content\/uploads\/2023\/03\/IMG-20230327-WA00001.jpg\" alt='' title='IMG-20230327-WA0000(1)'  height=\"1022\" width=\"1023\"  itemprop=\"thumbnailUrl\" srcset=\"https:\/\/freiheitsdenkmal-leipzig.de\/wp-content\/uploads\/2023\/03\/IMG-20230327-WA00001.jpg 1023w, https:\/\/freiheitsdenkmal-leipzig.de\/wp-content\/uploads\/2023\/03\/IMG-20230327-WA00001-300x300.jpg 300w, https:\/\/freiheitsdenkmal-leipzig.de\/wp-content\/uploads\/2023\/03\/IMG-20230327-WA00001-80x80.jpg 80w, https:\/\/freiheitsdenkmal-leipzig.de\/wp-content\/uploads\/2023\/03\/IMG-20230327-WA00001-768x767.jpg 768w, https:\/\/freiheitsdenkmal-leipzig.de\/wp-content\/uploads\/2023\/03\/IMG-20230327-WA00001-12x12.jpg 12w, https:\/\/freiheitsdenkmal-leipzig.de\/wp-content\/uploads\/2023\/03\/IMG-20230327-WA00001-36x36.jpg 36w, https:\/\/freiheitsdenkmal-leipzig.de\/wp-content\/uploads\/2023\/03\/IMG-20230327-WA00001-180x180.jpg 180w, https:\/\/freiheitsdenkmal-leipzig.de\/wp-content\/uploads\/2023\/03\/IMG-20230327-WA00001-705x705.jpg 705w\" sizes=\"(max-width: 1023px) 100vw, 1023px\" \/><\/div><\/div><\/div><\/div>\n<div  class='hr av-av_hr-bc943783b13769b99750b884f593b94d hr-default  avia-builder-el-315  el_after_av_one_third  el_before_av_three_fourth'><span class='hr-inner'><span class=\"hr-inner-style\"><\/span><\/span><\/div>\n\n<style type=\"text\/css\" data-created_by=\"avia_inline_auto\" id=\"style-css-av-av_three_fourth-05dd96a244c6651fbbd6d3d62e64936d\">\n.flex_column.av-av_three_fourth-05dd96a244c6651fbbd6d3d62e64936d{\nwidth:74.5%;\nborder-radius:0px 0px 0px 0px;\npadding:0px 0px 0px 0px;\n}\n<\/style>\n<div  class='flex_column av-av_three_fourth-05dd96a244c6651fbbd6d3d62e64936d av_three_fourth  avia-builder-el-316  el_after_av_hr  el_before_av_hr  first flex_column_div av-zero-column-padding'     ><section  class='av_textblock_section av-av_textblock-2af844281454f6b633b3eae0dd4dd55e'   itemscope=\"itemscope\" itemtype=\"https:\/\/schema.org\/CreativeWork\" ><div class='avia_textblock'  itemprop=\"text\" ><h4><strong>20.03.2023<\/strong><\/h4>\n<h4><strong>Cinema Casino in der DenkmalWerkstatt \u2012 zwei Filme, ein Gespr\u00e4ch<br \/>\n<\/strong><\/h4>\n<p>Wir zeigen im Cinema Casino unsere Filme des Monats in der Regel im Doppelpack. Das hei\u00dft: zwei Filme zu einem Thema an einem Abend. Ein Filmdialog, der eine Doppelperspektive entfaltet f\u00fcr anregenden Austausch zwischen Publikum und geladenen G\u00e4sten. Zwischen den Filmen: eine Pause f\u00fcr Gespr\u00e4che, Getr\u00e4nke und Snacks.<\/p>\n<p><em>Im April startet die Reihe ausnahmsweise mit zwei Einzelveranstaltungen.<\/em><\/p>\n<h4><strong><em>Programm Cinema Casino im April<\/em><\/strong><\/h4>\n<h5><strong><em>4.4.<\/em><\/strong><em> <strong>Auftakt-Abend<\/strong><\/em><\/h5>\n<ul>\n<li>6 p.m. Short film on the former film art theatre Casino<\/li>\n<li>7 pm Break: Talk with Angela Seidel, Managing Director Cinematheque e.V. and Sven W\u00f6rner, Film Curator with snacks &amp; drinks.<\/li>\n<li>20 Uhr <a href=\"..\/wp-content\/uploads\/2023\/03\/Leipzig-im-Herbst.pdf\" target=\"_blank\" rel=\"noopener\"><strong>Leipzig im Herbst<\/strong><\/a> (Andreas Voigt &amp; Gerd Kroske), 1989, 54 Min<\/li>\n<\/ul>\n<h5><strong><em>18.4. Die <\/em><\/strong><strong>\u201aKehraus\u2018-Trilogie von Gerd Kroske<\/strong><\/h5>\n<ul>\n<li>6 p.m. <a href=\"..\/wp-content\/uploads\/2023\/03\/Kehraus-Trilogie.pdf\" target=\"_blank\" rel=\"noopener\"><strong>Kehraus<\/strong><\/a>, 1990, 30 Min \/ <a href=\"..\/wp-content\/uploads\/2023\/03\/Kehraus-Trilogie.pdf\" target=\"_blank\" rel=\"noopener\"><strong>Kehrein, Kehraus<\/strong><\/a>, 1996, 70 Min<\/li>\n<li>40 Uhr Pause: Gespr\u00e4ch mit Regisseur <strong>Gerd Kroske<\/strong> with snacks &amp; drinks<\/li>\n<li>30 Uhr <a href=\"..\/wp-content\/uploads\/2023\/03\/Kehraus-Trilogie.pdf\" target=\"_blank\" rel=\"noopener\"><strong>Kehraus, wieder<\/strong><\/a>, 2006, 100 Min<\/li>\n<\/ul>\n<p>Mehr zum Cinema Casino Program von April bis Juni im <a href=\"https:\/\/freiheitsdenkmal-leipzig.de\/wp-content\/uploads\/2023\/03\/Casino_Kino_Flyer_druck.pdf\" target=\"_blank\" rel=\"noopener\">Programm-Flyer<\/a><\/p>\n<p style=\"text-align: center;\"><em>Eintritt frei<\/em><\/p>\n<div class=\"innerTeaser\">\n<div class=\"teaserInfoWrapper\">\n<div class=\"shortInfos\"><\/div>\n<\/div>\n<\/div>\n<\/div><\/section><\/div>\n<div  class='hr av-av_hr-bc943783b13769b99750b884f593b94d hr-default  avia-builder-el-318  el_after_av_three_fourth  el_before_av_two_third'><span class='hr-inner'><span class=\"hr-inner-style\"><\/span><\/span><\/div>\n<div class='flex_column_table av-av_two_third-c54d687d8565f92f3bb2ff27dd575398 sc-av_two_third av-equal-height-column-flextable'>\n<style type=\"text\/css\" data-created_by=\"avia_inline_auto\" id=\"style-css-av-av_two_third-c54d687d8565f92f3bb2ff27dd575398\">\n.flex_column.av-av_two_third-c54d687d8565f92f3bb2ff27dd575398{\nwidth:66%;\nmargin-left:0;\nborder-radius:0px 0px 0px 0px;\npadding:0px 0px 0px 0px;\n}\n#top .flex_column_table.av-equal-height-column-flextable.av-av_two_third-c54d687d8565f92f3bb2ff27dd575398 .av-flex-placeholder{\nwidth:2%;\n}\n<\/style>\n<div  class='flex_column av-av_two_third-c54d687d8565f92f3bb2ff27dd575398 av_two_third  avia-builder-el-319  el_after_av_hr  el_before_av_one_third  first flex_column_table_cell av-equal-height-column av-align-middle av-zero-column-padding'     ><section  class='av_textblock_section av-av_textblock-2af844281454f6b633b3eae0dd4dd55e'   itemscope=\"itemscope\" itemtype=\"https:\/\/schema.org\/CreativeWork\" ><div class='avia_textblock'  itemprop=\"text\" ><h4><strong>20.03.2023<\/strong><\/h4>\n<h4><strong>Cinema Casino \u2013 DenkmalWerkstatt goes Kino!<\/strong><\/h4>\n<p>Im Raum der DenkmalWerkstatt befand sich von 1913 bis 1993 ein Teil des beliebten Filmkunsttheaters <strong>Casino<\/strong> \u2012 Programmkino und Spielst\u00e4tte der Internationalen Leipziger Dokumentar- und Kurzfilmwoche, heute DOK Leipzig. Das hat uns dazu angeregt, nach 30 Jahren Kinopause 2023 die Tradition eines anspruchsvollen Kinoprogramms hier wiederzubeleben.<br \/>\nWann: an jedem ersten und drittem Dienstag im Monat. Der Eintritt ist frei<\/p>\n<h5><strong>Ausgangspunkt: Friedliche Revolution \u201889<\/strong><\/h5>\n<p>Mit unserem Zeitgeschichtskino wollen wir den Resonanzraum des zuk\u00fcnftigen Freiheits- und Einheitsdenkmals erfahrbar machen. Die Filmreihe <strong>Cinema Casino<\/strong> m\u00f6chte dazu einladen, sich mit den politisch-sozialen Lebenswirklichkeiten zu besch\u00e4ftigen, aus denen die Friedliche Revolution entstand \u2012 vor allem aber um die gro\u00dfen gesellschaftlichen Ver\u00e4nderungen sichtbar zu machen, die aus dem Umbruch von 1989 hervorgegangen sind.<br \/>\n<em>Was hat sich damals f\u00fcr uns ver\u00e4ndert? Was haben wir ver\u00e4ndert?<\/em><\/p>\n<p>Bei der Auswahl der Filme, aus deren Perspektive wir auf &#8217;89 schauen m\u00f6chten, haben wir uns von Themen leiten lassen, die das Damals mit dem Heute verbinden wie: Freiheit, Musik, Umwelt, Jungsein, Mode, Sexualit\u00e4t und Solidarit\u00e4t.<br \/>\nMehr zum Programm in K\u00fcrze.<\/p>\n<div class=\"innerTeaser\">\n<div class=\"teaserInfoWrapper\">\n<div class=\"shortInfos\"><\/div>\n<\/div>\n<\/div>\n<\/div><\/section><\/div>\n<div class='av-flex-placeholder'><\/div>\n<style type=\"text\/css\" data-created_by=\"avia_inline_auto\" id=\"style-css-av-av_one_third-d06667205e6186ec8414c6eb7605d406\">\n.flex_column.av-av_one_third-d06667205e6186ec8414c6eb7605d406{\nwidth:32%;\nmargin-left:0;\n}\n#top .flex_column_table.av-equal-height-column-flextable.av-av_one_third-d06667205e6186ec8414c6eb7605d406 .av-flex-placeholder{\nwidth:2%;\n}\n<\/style>\n<div  class='flex_column av-av_one_third-d06667205e6186ec8414c6eb7605d406 av_one_third  avia-builder-el-321  el_after_av_two_third  el_before_av_hr  flex_column_table_cell av-equal-height-column av-align-middle'     ><style type=\"text\/css\" data-created_by=\"avia_inline_auto\" id=\"style-css-av-av_image-488804db57434b9be4e9706e4dfdc7f1\">\n.avia-image-container.av-av_image-488804db57434b9be4e9706e4dfdc7f1 img.avia_image{\nbox-shadow:none;\n}\n.avia-image-container.av-av_image-488804db57434b9be4e9706e4dfdc7f1 .av-image-caption-overlay-center{\ncolor:#ffffff;\n}\n<\/style>\n<div  class='avia-image-container av-av_image-488804db57434b9be4e9706e4dfdc7f1 av-styling- avia-align-center  avia-builder-el-322  avia-builder-el-no-sibling'   itemprop=\"image\" itemscope=\"itemscope\" itemtype=\"https:\/\/schema.org\/ImageObject\" ><div class=\"avia-image-container-inner\"><div class=\"avia-image-overlay-wrap\"><img decoding=\"async\" fetchpriority=\"high\" class='wp-image-3605 avia-img-lazy-loading-not-3605 avia_image' src=\"https:\/\/freiheitsdenkmal-leipzig.de\/wp-content\/uploads\/2023\/03\/Kopie-von-Kopie-von-Vorlage-Denkmal-an-Meinungsfreiheit.png\" alt='' title='Kopie von Kopie von Vorlage Denkmal an Meinungsfreiheit'  height=\"1080\" width=\"1080\"  itemprop=\"thumbnailUrl\" srcset=\"https:\/\/freiheitsdenkmal-leipzig.de\/wp-content\/uploads\/2023\/03\/Kopie-von-Kopie-von-Vorlage-Denkmal-an-Meinungsfreiheit.png 1080w, https:\/\/freiheitsdenkmal-leipzig.de\/wp-content\/uploads\/2023\/03\/Kopie-von-Kopie-von-Vorlage-Denkmal-an-Meinungsfreiheit-300x300.png 300w, https:\/\/freiheitsdenkmal-leipzig.de\/wp-content\/uploads\/2023\/03\/Kopie-von-Kopie-von-Vorlage-Denkmal-an-Meinungsfreiheit-1030x1030.png 1030w, https:\/\/freiheitsdenkmal-leipzig.de\/wp-content\/uploads\/2023\/03\/Kopie-von-Kopie-von-Vorlage-Denkmal-an-Meinungsfreiheit-80x80.png 80w, https:\/\/freiheitsdenkmal-leipzig.de\/wp-content\/uploads\/2023\/03\/Kopie-von-Kopie-von-Vorlage-Denkmal-an-Meinungsfreiheit-768x768.png 768w, https:\/\/freiheitsdenkmal-leipzig.de\/wp-content\/uploads\/2023\/03\/Kopie-von-Kopie-von-Vorlage-Denkmal-an-Meinungsfreiheit-12x12.png 12w, https:\/\/freiheitsdenkmal-leipzig.de\/wp-content\/uploads\/2023\/03\/Kopie-von-Kopie-von-Vorlage-Denkmal-an-Meinungsfreiheit-36x36.png 36w, https:\/\/freiheitsdenkmal-leipzig.de\/wp-content\/uploads\/2023\/03\/Kopie-von-Kopie-von-Vorlage-Denkmal-an-Meinungsfreiheit-180x180.png 180w, https:\/\/freiheitsdenkmal-leipzig.de\/wp-content\/uploads\/2023\/03\/Kopie-von-Kopie-von-Vorlage-Denkmal-an-Meinungsfreiheit-705x705.png 705w\" sizes=\"(max-width: 1080px) 100vw, 1080px\" \/><\/div><\/div><\/div><\/div><\/div><!--close column table wrapper. Autoclose: 1 -->\n<div  class='hr av-av_hr-bc943783b13769b99750b884f593b94d hr-default  avia-builder-el-323  el_after_av_one_third  el_before_av_three_fourth'><span class='hr-inner'><span class=\"hr-inner-style\"><\/span><\/span><\/div>\n<div class='flex_column_table av-av_three_fourth-8c53ffc16b77c83c6433ebd769054b10 sc-av_three_fourth av-equal-height-column-flextable'>\n<style type=\"text\/css\" data-created_by=\"avia_inline_auto\" id=\"style-css-av-av_three_fourth-8c53ffc16b77c83c6433ebd769054b10\">\n.flex_column.av-av_three_fourth-8c53ffc16b77c83c6433ebd769054b10{\nborder-radius:0px 0px 0px 0px;\npadding:0px 0px 0px 0px;\n}\n<\/style>\n<div  class='flex_column av-av_three_fourth-8c53ffc16b77c83c6433ebd769054b10 av_three_fourth  avia-builder-el-324  el_after_av_hr  el_before_av_one_fourth  first no_margin flex_column_table_cell av-equal-height-column av-align-middle av-zero-column-padding'     ><section  class='av_textblock_section av-av_textblock-2af844281454f6b633b3eae0dd4dd55e'   itemscope=\"itemscope\" itemtype=\"https:\/\/schema.org\/CreativeWork\" ><div class='avia_textblock'  itemprop=\"text\" ><h4><strong>28.02.2023<\/strong><\/h4>\n<h4><strong>Werkstattcaf\u00e9 am 2. M\u00e4rz: Cinema Casino \u2013 DenkmalWerkstatt goes Kino!<\/strong><\/h4>\n<p class=\"_aacl _aaco _aacu _aacx _aad7 _aade\">Ab 4. April wird es zweimal im Monat Kino in der Denkmalwerkstatt geben. Mehr dazu in K\u00fcrze hier &#8211; oder schon am 2. M\u00e4rz beim Werkstatt-Caf\u00e9 ab 15 Uhr mit dem Kino-Team Carsten M\u00f6ller (k\u00fcnstl. Mitarbeiter f\u00fcr Videokunst an der Hochschule f\u00fcr Grafik und Buchkunst Leipzig) und Regine Taureck (FREI_RAUM-Filmprogramm 2014-19).<br \/>\nNat\u00fcrlich mit Kaffee und Kuchen!<br \/>\nWir freuen uns auf Sie!<\/p>\n<div class=\"innerTeaser\">\n<div class=\"teaserInfoWrapper\">\n<div class=\"shortInfos\"><\/div>\n<\/div>\n<\/div>\n<\/div><\/section><\/div>\n<div  class='flex_column av-av_one_fourth-d06667205e6186ec8414c6eb7605d406 av_one_fourth  avia-builder-el-326  el_after_av_three_fourth  el_before_av_hr  no_margin flex_column_table_cell av-equal-height-column av-align-middle'     ><style type=\"text\/css\" data-created_by=\"avia_inline_auto\" id=\"style-css-av-av_image-cca7e3990a1dba227a77a55f85f6985a\">\n.avia-image-container.av-av_image-cca7e3990a1dba227a77a55f85f6985a img.avia_image{\nbox-shadow:none;\n}\n.avia-image-container.av-av_image-cca7e3990a1dba227a77a55f85f6985a .av-image-caption-overlay-center{\ncolor:#ffffff;\n}\n<\/style>\n<div  class='avia-image-container av-av_image-cca7e3990a1dba227a77a55f85f6985a av-styling- avia-align-center  avia-builder-el-327  avia-builder-el-no-sibling'   itemprop=\"image\" itemscope=\"itemscope\" itemtype=\"https:\/\/schema.org\/ImageObject\" ><div class=\"avia-image-container-inner\"><div class=\"avia-image-overlay-wrap\"><img decoding=\"async\" fetchpriority=\"high\" class='wp-image-3590 avia-img-lazy-loading-not-3590 avia_image' src=\"https:\/\/freiheitsdenkmal-leipzig.de\/wp-content\/uploads\/2023\/02\/Kopie-von-Kopie-von-Kopie-von-Coffee-Coffee-Shop-Minimal-Instagram-Post3-300x300.png\" alt='' title='Kopie von Kopie von Kopie von Coffee Coffee Shop Minimal Instagram Post(3)'  height=\"300\" width=\"300\"  itemprop=\"thumbnailUrl\" srcset=\"https:\/\/freiheitsdenkmal-leipzig.de\/wp-content\/uploads\/2023\/02\/Kopie-von-Kopie-von-Kopie-von-Coffee-Coffee-Shop-Minimal-Instagram-Post3-300x300.png 300w, https:\/\/freiheitsdenkmal-leipzig.de\/wp-content\/uploads\/2023\/02\/Kopie-von-Kopie-von-Kopie-von-Coffee-Coffee-Shop-Minimal-Instagram-Post3-1030x1030.png 1030w, https:\/\/freiheitsdenkmal-leipzig.de\/wp-content\/uploads\/2023\/02\/Kopie-von-Kopie-von-Kopie-von-Coffee-Coffee-Shop-Minimal-Instagram-Post3-80x80.png 80w, https:\/\/freiheitsdenkmal-leipzig.de\/wp-content\/uploads\/2023\/02\/Kopie-von-Kopie-von-Kopie-von-Coffee-Coffee-Shop-Minimal-Instagram-Post3-768x768.png 768w, https:\/\/freiheitsdenkmal-leipzig.de\/wp-content\/uploads\/2023\/02\/Kopie-von-Kopie-von-Kopie-von-Coffee-Coffee-Shop-Minimal-Instagram-Post3-12x12.png 12w, https:\/\/freiheitsdenkmal-leipzig.de\/wp-content\/uploads\/2023\/02\/Kopie-von-Kopie-von-Kopie-von-Coffee-Coffee-Shop-Minimal-Instagram-Post3-36x36.png 36w, https:\/\/freiheitsdenkmal-leipzig.de\/wp-content\/uploads\/2023\/02\/Kopie-von-Kopie-von-Kopie-von-Coffee-Coffee-Shop-Minimal-Instagram-Post3-180x180.png 180w, https:\/\/freiheitsdenkmal-leipzig.de\/wp-content\/uploads\/2023\/02\/Kopie-von-Kopie-von-Kopie-von-Coffee-Coffee-Shop-Minimal-Instagram-Post3-705x705.png 705w, https:\/\/freiheitsdenkmal-leipzig.de\/wp-content\/uploads\/2023\/02\/Kopie-von-Kopie-von-Kopie-von-Coffee-Coffee-Shop-Minimal-Instagram-Post3.png 1080w\" sizes=\"(max-width: 300px) 100vw, 300px\" \/><\/div><\/div><\/div><\/div><\/div><!--close column table wrapper. Autoclose: 1 -->\n<div  class='hr av-av_hr-bc943783b13769b99750b884f593b94d hr-default  avia-builder-el-328  el_after_av_one_fourth  el_before_av_three_fourth'><span class='hr-inner'><span class=\"hr-inner-style\"><\/span><\/span><\/div>\n\n<style type=\"text\/css\" data-created_by=\"avia_inline_auto\" id=\"style-css-av-av_three_fourth-cfbd4b229d0f1898573d5e9a51c993f0\">\n.flex_column.av-av_three_fourth-cfbd4b229d0f1898573d5e9a51c993f0{\nborder-radius:0px 0px 0px 0px;\npadding:0px 0px 0px 0px;\n}\n<\/style>\n<div  class='flex_column av-av_three_fourth-cfbd4b229d0f1898573d5e9a51c993f0 av_three_fourth  avia-builder-el-329  el_after_av_hr  el_before_av_hr  first no_margin flex_column_div av-zero-column-padding'     ><section  class='av_textblock_section av-av_textblock-2af844281454f6b633b3eae0dd4dd55e'   itemscope=\"itemscope\" itemtype=\"https:\/\/schema.org\/CreativeWork\" ><div class='avia_textblock'  itemprop=\"text\" ><h4><strong>14.02.2023<\/strong><\/h4>\n<h4><strong><span class=\"_aacl _aaco _aacu _aacx _aad7 _aade\">Edward Snowden: 10 Jahre Staatsfeind Nr. 1<\/span><\/strong><\/h4>\n<p>Anfang 2013 wandte sich ein Whistleblower mit dem Tarnnamen &#8222;Citizen Four&#8220; an die Filmemacherin Laura Poitras, um das Ausma\u00df der globalen \u00dcberwachung durch die NSA und ihrer weltweiten Partner \u00f6ffentlich zu machen. Poitras Film &#8222;Citizen Four&#8220; \u00fcber den Whistleblower Edward Snowden gewann u. a. neben einem Oscar auch den von der Stiftung Friedliche Revolution gestifteten Filmpreis &#8222;Leipziger Ring&#8220; 2014.<br \/>\nF\u00fcr Snowden bedeutete das gigantische Leak, mit dem er eine internationale Debatte um Datenmissbrauch von Geheimdiensten ausl\u00f6ste, das Ende seiner pers\u00f6nlichen Freiheit. Er strandete auf der Flucht nach Venezuela in Moskau, wo er nach zehn Jahren immer noch lebt &#8211; inzwischen mit russischer Staatsb\u00fcrgerschaft.<br \/>\nDas Exil in Russland war die einzige Alternative zur Haft in US-Gef\u00e4ngnissen. Kein anderer Staat der Welt war bis heute bereit ihn aufzunehmen &#8211; auch Deutschland nicht.<\/p>\n<p>Was hat Edward Snowden mit seinem NSA-Daten-Leak von 2013 erreicht? Gibt es heute mehr Transparenz und weniger Abh\u00f6rprogramme? Snowden hat wohl vor allem unser aller Bewusstsein f\u00fcr das Ringen um unsere digitalen Rechte gesch\u00e4rft.<\/p>\n<p>Und daf\u00fcr, dass die Pressefreiheit, f\u00fcr die 1989 Zehntausende in Ostdeutschland auf die Stra\u00dfe gegangen waren, heute auch im Internet verteidigt werden muss.<br \/>\nDer Satz des damaligen Regierungssprecher Steffen Seibert von 2013 &#8222;Abh\u00f6ren von Freunden, das ist inakzeptabel, das geht gar nicht&#8220;, wirkt heute ausgesprochen naiv.<br \/>\nAuch der deutsche Bundesnachrichtendienst BND stand 2013 in der Kritik, da er ebenfalls mit dem NSA kooperiert hat &#8211; laut vieler Expert:innen in einem grundrechtswidrigen Ausma\u00df. Eine 2013 gestartete Nachrichtendienst-Reform sollte die Praxis des BND wieder in Einklang mit den deutschen Gesetzen bringen. Massenhaftes Abh\u00f6ren durch Nachrichtendienste ist heutzutage in Deutschland nicht mehr erlaubt &#8230;<\/p>\n<div class=\"innerTeaser\">\n<div class=\"teaserInfoWrapper\">\n<div class=\"shortInfos\"><\/div>\n<\/div>\n<\/div>\n<\/div><\/section><\/div>\n<div  class='hr av-av_hr-bc943783b13769b99750b884f593b94d hr-default  avia-builder-el-331  el_after_av_three_fourth  el_before_av_three_fourth'><span class='hr-inner'><span class=\"hr-inner-style\"><\/span><\/span><\/div>\n<div class='flex_column_table av-av_three_fourth-8c53ffc16b77c83c6433ebd769054b10 sc-av_three_fourth av-equal-height-column-flextable'>\n<style type=\"text\/css\" data-created_by=\"avia_inline_auto\" id=\"style-css-av-av_three_fourth-8c53ffc16b77c83c6433ebd769054b10\">\n.flex_column.av-av_three_fourth-8c53ffc16b77c83c6433ebd769054b10{\nborder-radius:0px 0px 0px 0px;\npadding:0px 0px 0px 0px;\n}\n<\/style>\n<div  class='flex_column av-av_three_fourth-8c53ffc16b77c83c6433ebd769054b10 av_three_fourth  avia-builder-el-332  el_after_av_hr  el_before_av_one_fourth  first no_margin flex_column_table_cell av-equal-height-column av-align-middle av-zero-column-padding'     ><section  class='av_textblock_section av-av_textblock-2af844281454f6b633b3eae0dd4dd55e'   itemscope=\"itemscope\" itemtype=\"https:\/\/schema.org\/CreativeWork\" ><div class='avia_textblock'  itemprop=\"text\" ><h4><strong>31.01.2023<\/strong><\/h4>\n<h4><span class=\"_aacl _aaco _aacu _aacx _aad7 _aade\">Workshop Caf\u00e9 on 2 Februar<\/span><\/h4>\n<p>On Thursday, 2.2.2023, there will again be a workshop caf\u00e9 at Kupfergasse 2 from 3 to 5 pm.<br \/>\n<strong>Special guest: Eckhard Otto<\/strong>, photographer of our exhibition \"The camera was always there\"!<br \/>\nAnd of course there will be coffee and cake. We look forward to seeing you!<\/p>\n<div class=\"innerTeaser\">\n<div class=\"teaserInfoWrapper\">\n<div class=\"shortInfos\"><\/div>\n<\/div>\n<\/div>\n<\/div><\/section><\/div>\n<div  class='flex_column av-av_one_fourth-d06667205e6186ec8414c6eb7605d406 av_one_fourth  avia-builder-el-334  el_after_av_three_fourth  el_before_av_hr  no_margin flex_column_table_cell av-equal-height-column av-align-middle'     ><style type=\"text\/css\" data-created_by=\"avia_inline_auto\" id=\"style-css-av-av_image-29b928a21dee959c6e0f11d2d02f8e32\">\n.avia-image-container.av-av_image-29b928a21dee959c6e0f11d2d02f8e32 img.avia_image{\nbox-shadow:none;\n}\n.avia-image-container.av-av_image-29b928a21dee959c6e0f11d2d02f8e32 .av-image-caption-overlay-center{\ncolor:#ffffff;\n}\n<\/style>\n<div  class='avia-image-container av-av_image-29b928a21dee959c6e0f11d2d02f8e32 av-styling- avia-align-center  avia-builder-el-335  avia-builder-el-no-sibling'   itemprop=\"image\" itemscope=\"itemscope\" itemtype=\"https:\/\/schema.org\/ImageObject\" ><div class=\"avia-image-container-inner\"><div class=\"avia-image-overlay-wrap\"><img decoding=\"async\" fetchpriority=\"high\" class='wp-image-3559 avia-img-lazy-loading-not-3559 avia_image' src=\"https:\/\/freiheitsdenkmal-leipzig.de\/wp-content\/uploads\/2023\/01\/werkstattcafe-23-02-02-300x300.png\" alt='' title='werkstattcafe-23-02-02'  height=\"300\" width=\"300\"  itemprop=\"thumbnailUrl\" srcset=\"https:\/\/freiheitsdenkmal-leipzig.de\/wp-content\/uploads\/2023\/01\/werkstattcafe-23-02-02-300x300.png 300w, https:\/\/freiheitsdenkmal-leipzig.de\/wp-content\/uploads\/2023\/01\/werkstattcafe-23-02-02-1030x1030.png 1030w, https:\/\/freiheitsdenkmal-leipzig.de\/wp-content\/uploads\/2023\/01\/werkstattcafe-23-02-02-80x80.png 80w, https:\/\/freiheitsdenkmal-leipzig.de\/wp-content\/uploads\/2023\/01\/werkstattcafe-23-02-02-768x768.png 768w, https:\/\/freiheitsdenkmal-leipzig.de\/wp-content\/uploads\/2023\/01\/werkstattcafe-23-02-02-12x12.png 12w, https:\/\/freiheitsdenkmal-leipzig.de\/wp-content\/uploads\/2023\/01\/werkstattcafe-23-02-02-36x36.png 36w, https:\/\/freiheitsdenkmal-leipzig.de\/wp-content\/uploads\/2023\/01\/werkstattcafe-23-02-02-180x180.png 180w, https:\/\/freiheitsdenkmal-leipzig.de\/wp-content\/uploads\/2023\/01\/werkstattcafe-23-02-02-705x705.png 705w, https:\/\/freiheitsdenkmal-leipzig.de\/wp-content\/uploads\/2023\/01\/werkstattcafe-23-02-02.png 1080w\" sizes=\"(max-width: 300px) 100vw, 300px\" \/><\/div><\/div><\/div><\/div><\/div><!--close column table wrapper. Autoclose: 1 -->\n<div  class='hr av-av_hr-bc943783b13769b99750b884f593b94d hr-default  avia-builder-el-336  el_after_av_one_fourth  el_before_av_three_fourth'><span class='hr-inner'><span class=\"hr-inner-style\"><\/span><\/span><\/div>\n<div class='flex_column_table av-av_three_fourth-8c53ffc16b77c83c6433ebd769054b10 sc-av_three_fourth av-equal-height-column-flextable'>\n<style type=\"text\/css\" data-created_by=\"avia_inline_auto\" id=\"style-css-av-av_three_fourth-8c53ffc16b77c83c6433ebd769054b10\">\n.flex_column.av-av_three_fourth-8c53ffc16b77c83c6433ebd769054b10{\nborder-radius:0px 0px 0px 0px;\npadding:0px 0px 0px 0px;\n}\n<\/style>\n<div  class='flex_column av-av_three_fourth-8c53ffc16b77c83c6433ebd769054b10 av_three_fourth  avia-builder-el-337  el_after_av_hr  el_before_av_one_fourth  first no_margin flex_column_table_cell av-equal-height-column av-align-middle av-zero-column-padding'     ><section  class='av_textblock_section av-av_textblock-2af844281454f6b633b3eae0dd4dd55e'   itemscope=\"itemscope\" itemtype=\"https:\/\/schema.org\/CreativeWork\" ><div class='avia_textblock'  itemprop=\"text\" ><h4>10.01.2023<\/h4>\n<h4>Happy New Year!<\/h4>\n<p>Hope you had a good start into a happy and healthy new year!<br \/>\nAs of today, the DenkmalWerkstatt at Kupfergasse 2 is open again on Tuesdays and Thursdays from 2 - 5 pm and by appointment.<br \/>\nMail: denkmal@stiftung-fr.de<br \/>\nPhone: +49341 22566004<\/p>\n<div class=\"innerTeaser\">\n<div class=\"teaserInfoWrapper\">\n<div class=\"shortInfos\"><\/div>\n<\/div>\n<\/div>\n<\/div><\/section><\/div>\n<div  class='flex_column av-av_one_fourth-d06667205e6186ec8414c6eb7605d406 av_one_fourth  avia-builder-el-339  el_after_av_three_fourth  el_before_av_hr  no_margin flex_column_table_cell av-equal-height-column av-align-middle'     ><style type=\"text\/css\" data-created_by=\"avia_inline_auto\" id=\"style-css-av-av_image-f6d37d632f5ac2b7132de63dfe8f9ab5\">\n.avia-image-container.av-av_image-f6d37d632f5ac2b7132de63dfe8f9ab5 img.avia_image{\nbox-shadow:none;\n}\n.avia-image-container.av-av_image-f6d37d632f5ac2b7132de63dfe8f9ab5 .av-image-caption-overlay-center{\ncolor:#ffffff;\n}\n<\/style>\n<div  class='avia-image-container av-av_image-f6d37d632f5ac2b7132de63dfe8f9ab5 av-styling- avia-align-center  avia-builder-el-340  avia-builder-el-no-sibling'   itemprop=\"image\" itemscope=\"itemscope\" itemtype=\"https:\/\/schema.org\/ImageObject\" ><div class=\"avia-image-container-inner\"><div class=\"avia-image-overlay-wrap\"><img decoding=\"async\" fetchpriority=\"high\" class='wp-image-3546 avia-img-lazy-loading-not-3546 avia_image' src=\"https:\/\/freiheitsdenkmal-leipzig.de\/wp-content\/uploads\/2023\/01\/denkmalwerkstatt-geoeffnet-final-300x300.png\" alt='' title='denkmalwerkstatt-geoeffnet-final'  height=\"300\" width=\"300\"  itemprop=\"thumbnailUrl\" srcset=\"https:\/\/freiheitsdenkmal-leipzig.de\/wp-content\/uploads\/2023\/01\/denkmalwerkstatt-geoeffnet-final-300x300.png 300w, https:\/\/freiheitsdenkmal-leipzig.de\/wp-content\/uploads\/2023\/01\/denkmalwerkstatt-geoeffnet-final-1030x1030.png 1030w, https:\/\/freiheitsdenkmal-leipzig.de\/wp-content\/uploads\/2023\/01\/denkmalwerkstatt-geoeffnet-final-80x80.png 80w, https:\/\/freiheitsdenkmal-leipzig.de\/wp-content\/uploads\/2023\/01\/denkmalwerkstatt-geoeffnet-final-768x768.png 768w, https:\/\/freiheitsdenkmal-leipzig.de\/wp-content\/uploads\/2023\/01\/denkmalwerkstatt-geoeffnet-final-36x36.png 36w, https:\/\/freiheitsdenkmal-leipzig.de\/wp-content\/uploads\/2023\/01\/denkmalwerkstatt-geoeffnet-final-180x180.png 180w, https:\/\/freiheitsdenkmal-leipzig.de\/wp-content\/uploads\/2023\/01\/denkmalwerkstatt-geoeffnet-final-705x705.png 705w, https:\/\/freiheitsdenkmal-leipzig.de\/wp-content\/uploads\/2023\/01\/denkmalwerkstatt-geoeffnet-final.png 1080w\" sizes=\"(max-width: 300px) 100vw, 300px\" \/><\/div><\/div><\/div><\/div><\/div><!--close column table wrapper. Autoclose: 1 -->\n<div  class='hr av-av_hr-bc943783b13769b99750b884f593b94d hr-default  avia-builder-el-341  el_after_av_one_fourth  el_before_av_three_fourth'><span class='hr-inner'><span class=\"hr-inner-style\"><\/span><\/span><\/div>\n<div class='flex_column_table av-av_three_fourth-8c53ffc16b77c83c6433ebd769054b10 sc-av_three_fourth av-equal-height-column-flextable'>\n<style type=\"text\/css\" data-created_by=\"avia_inline_auto\" id=\"style-css-av-av_three_fourth-8c53ffc16b77c83c6433ebd769054b10\">\n.flex_column.av-av_three_fourth-8c53ffc16b77c83c6433ebd769054b10{\nborder-radius:0px 0px 0px 0px;\npadding:0px 0px 0px 0px;\n}\n<\/style>\n<div  class='flex_column av-av_three_fourth-8c53ffc16b77c83c6433ebd769054b10 av_three_fourth  avia-builder-el-342  el_after_av_hr  el_before_av_one_fourth  first no_margin flex_column_table_cell av-equal-height-column av-align-middle av-zero-column-padding'     ><section  class='av_textblock_section av-av_textblock-2af844281454f6b633b3eae0dd4dd55e'   itemscope=\"itemscope\" itemtype=\"https:\/\/schema.org\/CreativeWork\" ><div class='avia_textblock'  itemprop=\"text\" ><h4>02.01.2023<\/h4>\n<h4><span class=\"_aacl _aaco _aacu _aacx _aad7 _aade\">Workshop Caf\u00e9 on 5 January<\/span><\/h4>\n<p><span class=\"_aacl _aaco _aacu _aacx _aad7 _aade\">On Thursday, 5 January, the first workshop caf\u00e9 of the new year will take place. We invite you to Kupfergasse 2 from 3pm to 5pm.<br \/>\nFeel free to bring questions and suggestions - or just drop in for a coffee.<\/span><\/p>\n<p><span class=\"_aacl _aaco _aacu _aacx _aad7 _aade\">Wir haben Kuchen &amp; Kaffee und freuen uns auf euch und interessante Gespr\u00e4che!<\/span><\/p>\n<div class=\"innerTeaser\">\n<div class=\"teaserInfoWrapper\">\n<div class=\"shortInfos\"><\/div>\n<\/div>\n<\/div>\n<\/div><\/section><\/div>\n<div  class='flex_column av-av_one_fourth-d06667205e6186ec8414c6eb7605d406 av_one_fourth  avia-builder-el-344  el_after_av_three_fourth  el_before_av_hr  no_margin flex_column_table_cell av-equal-height-column av-align-middle'     ><style type=\"text\/css\" data-created_by=\"avia_inline_auto\" id=\"style-css-av-av_image-2e8d983959e1516048df34d536b74e53\">\n.avia-image-container.av-av_image-2e8d983959e1516048df34d536b74e53 img.avia_image{\nbox-shadow:none;\n}\n.avia-image-container.av-av_image-2e8d983959e1516048df34d536b74e53 .av-image-caption-overlay-center{\ncolor:#ffffff;\n}\n<\/style>\n<div  class='avia-image-container av-av_image-2e8d983959e1516048df34d536b74e53 av-styling- avia-align-center  avia-builder-el-345  avia-builder-el-no-sibling'   itemprop=\"image\" itemscope=\"itemscope\" itemtype=\"https:\/\/schema.org\/ImageObject\" ><div class=\"avia-image-container-inner\"><div class=\"avia-image-overlay-wrap\"><img decoding=\"async\" fetchpriority=\"high\" class='wp-image-3535 avia-img-lazy-loading-not-3535 avia_image' src=\"https:\/\/freiheitsdenkmal-leipzig.de\/wp-content\/uploads\/2023\/01\/Kopie-von-Kopie-von-Kopie-von-Coffee-Coffee-Shop-Minimal-Instagram-Post-300x300.png\" alt='' title='Kopie von Kopie von Kopie von Coffee Coffee Shop Minimal Instagram Post'  height=\"300\" width=\"300\"  itemprop=\"thumbnailUrl\" srcset=\"https:\/\/freiheitsdenkmal-leipzig.de\/wp-content\/uploads\/2023\/01\/Kopie-von-Kopie-von-Kopie-von-Coffee-Coffee-Shop-Minimal-Instagram-Post-300x300.png 300w, https:\/\/freiheitsdenkmal-leipzig.de\/wp-content\/uploads\/2023\/01\/Kopie-von-Kopie-von-Kopie-von-Coffee-Coffee-Shop-Minimal-Instagram-Post-1030x1030.png 1030w, https:\/\/freiheitsdenkmal-leipzig.de\/wp-content\/uploads\/2023\/01\/Kopie-von-Kopie-von-Kopie-von-Coffee-Coffee-Shop-Minimal-Instagram-Post-80x80.png 80w, https:\/\/freiheitsdenkmal-leipzig.de\/wp-content\/uploads\/2023\/01\/Kopie-von-Kopie-von-Kopie-von-Coffee-Coffee-Shop-Minimal-Instagram-Post-768x768.png 768w, https:\/\/freiheitsdenkmal-leipzig.de\/wp-content\/uploads\/2023\/01\/Kopie-von-Kopie-von-Kopie-von-Coffee-Coffee-Shop-Minimal-Instagram-Post-36x36.png 36w, https:\/\/freiheitsdenkmal-leipzig.de\/wp-content\/uploads\/2023\/01\/Kopie-von-Kopie-von-Kopie-von-Coffee-Coffee-Shop-Minimal-Instagram-Post-180x180.png 180w, https:\/\/freiheitsdenkmal-leipzig.de\/wp-content\/uploads\/2023\/01\/Kopie-von-Kopie-von-Kopie-von-Coffee-Coffee-Shop-Minimal-Instagram-Post-705x705.png 705w, https:\/\/freiheitsdenkmal-leipzig.de\/wp-content\/uploads\/2023\/01\/Kopie-von-Kopie-von-Kopie-von-Coffee-Coffee-Shop-Minimal-Instagram-Post.png 1080w\" sizes=\"(max-width: 300px) 100vw, 300px\" \/><\/div><\/div><\/div><\/div><\/div><!--close column table wrapper. Autoclose: 1 -->\n<div  class='hr av-av_hr-bc943783b13769b99750b884f593b94d hr-default  avia-builder-el-346  el_after_av_one_fourth  el_before_av_two_third'><span class='hr-inner'><span class=\"hr-inner-style\"><\/span><\/span><\/div>\n<div class='flex_column_table av-av_two_third-8c53ffc16b77c83c6433ebd769054b10 sc-av_two_third av-equal-height-column-flextable'>\n<style type=\"text\/css\" data-created_by=\"avia_inline_auto\" id=\"style-css-av-av_two_third-8c53ffc16b77c83c6433ebd769054b10\">\n.flex_column.av-av_two_third-8c53ffc16b77c83c6433ebd769054b10{\nborder-radius:0px 0px 0px 0px;\npadding:0px 0px 0px 0px;\n}\n<\/style>\n<div  class='flex_column av-av_two_third-8c53ffc16b77c83c6433ebd769054b10 av_two_third  avia-builder-el-347  el_after_av_hr  el_before_av_one_fifth  first no_margin flex_column_table_cell av-equal-height-column av-align-middle av-zero-column-padding'     ><section  class='av_textblock_section av-av_textblock-2af844281454f6b633b3eae0dd4dd55e'   itemscope=\"itemscope\" itemtype=\"https:\/\/schema.org\/CreativeWork\" ><div class='avia_textblock'  itemprop=\"text\" ><h4>20.12.2022<\/h4>\n<h4><span class=\"_aacl _aaco _aacu _aacx _aad7 _aade\">Weihnachtspause<\/span><\/h4>\n<p>Die DenkmalWerkstatt hat vom 21.12.2022 bis zum 9.1.2023 geschlossen.<br \/>\nAusgenommen von der Weihnachtspause ist das Werkstatt-Caf\u00e9 im Januar: Es findet wie geplant am 5.1.2023 in der Kupfergasse 2 statt.<br \/>\nWir w\u00fcnschen Ihnen friedliche und frohe Weihnachten! Und einen guten Start in ein gl\u00fcckliches und gesundes neues Jahr 2023!<\/p>\n<div class=\"innerTeaser\">\n<div class=\"teaserInfoWrapper\">\n<div class=\"shortInfos\"><\/div>\n<\/div>\n<\/div>\n<\/div><\/section><\/div>\n<div  class='flex_column av-av_one_fifth-d06667205e6186ec8414c6eb7605d406 av_one_fifth  avia-builder-el-349  el_after_av_two_third  el_before_av_hr  no_margin flex_column_table_cell av-equal-height-column av-align-middle'     ><style type=\"text\/css\" data-created_by=\"avia_inline_auto\" id=\"style-css-av-av_image-c6d1f691cdf248873ffdd0ef7cf98a5d\">\n.avia-image-container.av-av_image-c6d1f691cdf248873ffdd0ef7cf98a5d img.avia_image{\nbox-shadow:none;\n}\n.avia-image-container.av-av_image-c6d1f691cdf248873ffdd0ef7cf98a5d .av-image-caption-overlay-center{\ncolor:#ffffff;\n}\n<\/style>\n<div  class='avia-image-container av-av_image-c6d1f691cdf248873ffdd0ef7cf98a5d av-styling- avia-align-center  avia-builder-el-350  avia-builder-el-no-sibling'   itemprop=\"image\" itemscope=\"itemscope\" itemtype=\"https:\/\/schema.org\/ImageObject\" ><div class=\"avia-image-container-inner\"><div class=\"avia-image-overlay-wrap\"><img decoding=\"async\" fetchpriority=\"high\" class='wp-image-3317 avia-img-lazy-loading-not-3317 avia_image' src=\"https:\/\/freiheitsdenkmal-leipzig.de\/wp-content\/uploads\/2022\/11\/Termine_2-300x300.png\" alt='' title='Termine_2'  height=\"300\" width=\"300\"  itemprop=\"thumbnailUrl\" srcset=\"https:\/\/freiheitsdenkmal-leipzig.de\/wp-content\/uploads\/2022\/11\/Termine_2-300x300.png 300w, https:\/\/freiheitsdenkmal-leipzig.de\/wp-content\/uploads\/2022\/11\/Termine_2-80x80.png 80w, https:\/\/freiheitsdenkmal-leipzig.de\/wp-content\/uploads\/2022\/11\/Termine_2-768x768.png 768w, https:\/\/freiheitsdenkmal-leipzig.de\/wp-content\/uploads\/2022\/11\/Termine_2-36x36.png 36w, https:\/\/freiheitsdenkmal-leipzig.de\/wp-content\/uploads\/2022\/11\/Termine_2-180x180.png 180w, https:\/\/freiheitsdenkmal-leipzig.de\/wp-content\/uploads\/2022\/11\/Termine_2-705x705.png 705w, https:\/\/freiheitsdenkmal-leipzig.de\/wp-content\/uploads\/2022\/11\/Termine_2.png 800w\" sizes=\"(max-width: 300px) 100vw, 300px\" \/><\/div><\/div><\/div><\/div><\/div><!--close column table wrapper. Autoclose: 1 -->\n<div  class='hr av-av_hr-bc943783b13769b99750b884f593b94d hr-default  avia-builder-el-351  el_after_av_one_fifth  el_before_av_two_third'><span class='hr-inner'><span class=\"hr-inner-style\"><\/span><\/span><\/div>\n<div class='flex_column_table av-av_two_third-f2c697f55d57473fefa706d8463adae2 sc-av_two_third av-equal-height-column-flextable'>\n<style type=\"text\/css\" data-created_by=\"avia_inline_auto\" id=\"style-css-av-av_two_third-f2c697f55d57473fefa706d8463adae2\">\n.flex_column.av-av_two_third-f2c697f55d57473fefa706d8463adae2{\nwidth:66.166666666667%;\nmargin-left:0;\nborder-radius:0px 0px 0px 0px;\npadding:0px 0px 0px 0px;\n}\n#top .flex_column_table.av-equal-height-column-flextable.av-av_two_third-f2c697f55d57473fefa706d8463adae2 .av-flex-placeholder{\nwidth:1.5%;\n}\n<\/style>\n<div  class='flex_column av-av_two_third-f2c697f55d57473fefa706d8463adae2 av_two_third  avia-builder-el-352  el_after_av_hr  el_before_av_one_third  first flex_column_table_cell av-equal-height-column av-align-middle av-zero-column-padding'     ><section  class='av_textblock_section av-av_textblock-2af844281454f6b633b3eae0dd4dd55e'   itemscope=\"itemscope\" itemtype=\"https:\/\/schema.org\/CreativeWork\" ><div class='avia_textblock'  itemprop=\"text\" ><h4>30.11.2022<\/h4>\n<h4><span class=\"_aacl _aaco _aacu _aacx _aad7 _aade\">Besuch vom Ostbeauftragten in der Denkmalwerkstatt<br \/>\n<\/span><\/h4>\n<p><span class=\"_aacl _aaco _aacu _aacx _aad7 _aade\">Heute war Carsten Schneider, Staatsminister und Ostbeauftragter der Bundesregierung, zu Gast in der Denkmalwerkstatt. Er lie\u00df sich \u00fcber bereits abgeschlossene Schritte im Denkmalsprozess berichten und tauschte sich interessiert mit uns \u00fcber geplante und k\u00fcnftige Vorhaben aus. <\/span><\/p>\n<p>Herzlichen Dank f\u00fcr den Besuch und das Interesse!<\/p>\n<div class=\"innerTeaser\">\n<div class=\"teaserInfoWrapper\">\n<div class=\"shortInfos\"><\/div>\n<\/div>\n<\/div>\n<\/div><\/section><\/div>\n<div class='av-flex-placeholder'><\/div>\n<style type=\"text\/css\" data-created_by=\"avia_inline_auto\" id=\"style-css-av-av_one_third-d06667205e6186ec8414c6eb7605d406\">\n.flex_column.av-av_one_third-d06667205e6186ec8414c6eb7605d406{\nwidth:32.333333333333%;\nmargin-left:0;\n}\n#top .flex_column_table.av-equal-height-column-flextable.av-av_one_third-d06667205e6186ec8414c6eb7605d406 .av-flex-placeholder{\nwidth:1.5%;\n}\n<\/style>\n<div  class='flex_column av-av_one_third-d06667205e6186ec8414c6eb7605d406 av_one_third  avia-builder-el-354  el_after_av_two_third  el_before_av_hr  flex_column_table_cell av-equal-height-column av-align-middle'     ><style type=\"text\/css\" data-created_by=\"avia_inline_auto\" id=\"style-css-av-av_image-cd24591eaf1e1e43a7f5b03c460c619e\">\n.avia-image-container.av-av_image-cd24591eaf1e1e43a7f5b03c460c619e img.avia_image{\nbox-shadow:none;\n}\n.avia-image-container.av-av_image-cd24591eaf1e1e43a7f5b03c460c619e .av-image-caption-overlay-center{\ncolor:#ffffff;\n}\n<\/style>\n<div  class='avia-image-container av-av_image-cd24591eaf1e1e43a7f5b03c460c619e av-styling- avia-align-center  avia-builder-el-355  avia-builder-el-no-sibling'   itemprop=\"image\" itemscope=\"itemscope\" itemtype=\"https:\/\/schema.org\/ImageObject\" ><div class=\"avia-image-container-inner\"><div class=\"avia-image-overlay-wrap\"><img decoding=\"async\" fetchpriority=\"high\" class='wp-image-3522 avia-img-lazy-loading-not-3522 avia_image' src=\"https:\/\/freiheitsdenkmal-leipzig.de\/wp-content\/uploads\/2022\/12\/meeting-carsten-schneider.jpg\" alt='' title='meeting-carsten-schneider'  height=\"1459\" width=\"1920\"  itemprop=\"thumbnailUrl\" srcset=\"https:\/\/freiheitsdenkmal-leipzig.de\/wp-content\/uploads\/2022\/12\/meeting-carsten-schneider.jpg 1920w, https:\/\/freiheitsdenkmal-leipzig.de\/wp-content\/uploads\/2022\/12\/meeting-carsten-schneider-300x228.jpg 300w, https:\/\/freiheitsdenkmal-leipzig.de\/wp-content\/uploads\/2022\/12\/meeting-carsten-schneider-1030x783.jpg 1030w, https:\/\/freiheitsdenkmal-leipzig.de\/wp-content\/uploads\/2022\/12\/meeting-carsten-schneider-768x584.jpg 768w, https:\/\/freiheitsdenkmal-leipzig.de\/wp-content\/uploads\/2022\/12\/meeting-carsten-schneider-1536x1167.jpg 1536w, https:\/\/freiheitsdenkmal-leipzig.de\/wp-content\/uploads\/2022\/12\/meeting-carsten-schneider-1500x1140.jpg 1500w, https:\/\/freiheitsdenkmal-leipzig.de\/wp-content\/uploads\/2022\/12\/meeting-carsten-schneider-705x536.jpg 705w\" sizes=\"(max-width: 1920px) 100vw, 1920px\" \/><\/div><\/div><\/div><\/div><\/div><!--close column table wrapper. Autoclose: 1 -->\n<div  class='hr av-av_hr-bc943783b13769b99750b884f593b94d hr-default  avia-builder-el-356  el_after_av_one_third  el_before_av_two_third'><span class='hr-inner'><span class=\"hr-inner-style\"><\/span><\/span><\/div>\n<div class='flex_column_table av-av_two_third-f2c697f55d57473fefa706d8463adae2 sc-av_two_third av-equal-height-column-flextable'>\n<style type=\"text\/css\" data-created_by=\"avia_inline_auto\" id=\"style-css-av-av_two_third-f2c697f55d57473fefa706d8463adae2\">\n.flex_column.av-av_two_third-f2c697f55d57473fefa706d8463adae2{\nwidth:66.166666666667%;\nmargin-left:0;\nborder-radius:0px 0px 0px 0px;\npadding:0px 0px 0px 0px;\n}\n#top .flex_column_table.av-equal-height-column-flextable.av-av_two_third-f2c697f55d57473fefa706d8463adae2 .av-flex-placeholder{\nwidth:1.5%;\n}\n<\/style>\n<div  class='flex_column av-av_two_third-f2c697f55d57473fefa706d8463adae2 av_two_third  avia-builder-el-357  el_after_av_hr  el_before_av_one_fourth  first flex_column_table_cell av-equal-height-column av-align-middle av-zero-column-padding'     ><section  class='av_textblock_section av-av_textblock-2af844281454f6b633b3eae0dd4dd55e'   itemscope=\"itemscope\" itemtype=\"https:\/\/schema.org\/CreativeWork\" ><div class='avia_textblock'  itemprop=\"text\" ><h4>28.11.2022<\/h4>\n<h4><span class=\"_aacl _aaco _aacu _aacx _aad7 _aade\">Werkstatt-Caf\u00e9 am 1. Dezember<\/span><\/h4>\n<p><span class=\"_aacl _aaco _aacu _aacx _aad7 _aade\">Am Donnerstag, den 1. Dezember, findet unser Werkstatt-Caf\u00e9 im Advent statt.<br \/>\nWir laden Sie ein, uns von 15 bis ca. 17 Uhr in der Kupfergasse 2 zu besuchen. Und sich einfach einmal in der DenkmalWerkstatt umzusehen &#8211; ein Blick auf unsere Fotoausstellung &#8222;Die Kamera war immer dabei&#8220; lohnt sich sehr, finden wir.<br \/>\nBringen Sie gerne Fragen und Schwerpunkte zum Denkmal mit.<\/span><br \/>\n<span class=\"_aacl _aaco _aacu _aacx _aad7 _aade\">Und nat\u00fcrlich gibt es auch Kaffee und Kuchen.<br \/>\nWir freuen uns auf ein gem\u00fctliches Adventstreffen und interessante Gespr\u00e4che!<\/span><\/p>\n<div class=\"innerTeaser\">\n<div class=\"teaserInfoWrapper\">\n<div class=\"shortInfos\"><\/div>\n<\/div>\n<\/div>\n<\/div><\/section><\/div>\n<div class='av-flex-placeholder'><\/div>\n<style type=\"text\/css\" data-created_by=\"avia_inline_auto\" id=\"style-css-av-av_one_fourth-d06667205e6186ec8414c6eb7605d406\">\n.flex_column.av-av_one_fourth-d06667205e6186ec8414c6eb7605d406{\nwidth:23.875%;\nmargin-left:0;\n}\n#top .flex_column_table.av-equal-height-column-flextable.av-av_one_fourth-d06667205e6186ec8414c6eb7605d406 .av-flex-placeholder{\nwidth:1.5%;\n}\n<\/style>\n<div  class='flex_column av-av_one_fourth-d06667205e6186ec8414c6eb7605d406 av_one_fourth  avia-builder-el-359  el_after_av_two_third  el_before_av_hr  flex_column_table_cell av-equal-height-column av-align-middle'     ><style type=\"text\/css\" data-created_by=\"avia_inline_auto\" id=\"style-css-av-av_image-b96b6f994b297fb9d9da8046c9261445\">\n.avia-image-container.av-av_image-b96b6f994b297fb9d9da8046c9261445 img.avia_image{\nbox-shadow:none;\n}\n.avia-image-container.av-av_image-b96b6f994b297fb9d9da8046c9261445 .av-image-caption-overlay-center{\ncolor:#ffffff;\n}\n<\/style>\n<div  class='avia-image-container av-av_image-b96b6f994b297fb9d9da8046c9261445 av-styling- avia-align-center  avia-builder-el-360  avia-builder-el-no-sibling'   itemprop=\"image\" itemscope=\"itemscope\" itemtype=\"https:\/\/schema.org\/ImageObject\" ><div class=\"avia-image-container-inner\"><div class=\"avia-image-overlay-wrap\"><img decoding=\"async\" fetchpriority=\"high\" class='wp-image-3514 avia-img-lazy-loading-not-3514 avia_image' src=\"https:\/\/freiheitsdenkmal-leipzig.de\/wp-content\/uploads\/2022\/11\/22-12-Coffee-Shop-Minimal-Instagram-Post-300x300.png\" alt='' title='22-12-Coffee Shop Minimal Instagram Post'  height=\"300\" width=\"300\"  itemprop=\"thumbnailUrl\" srcset=\"https:\/\/freiheitsdenkmal-leipzig.de\/wp-content\/uploads\/2022\/11\/22-12-Coffee-Shop-Minimal-Instagram-Post-300x300.png 300w, https:\/\/freiheitsdenkmal-leipzig.de\/wp-content\/uploads\/2022\/11\/22-12-Coffee-Shop-Minimal-Instagram-Post-1030x1030.png 1030w, https:\/\/freiheitsdenkmal-leipzig.de\/wp-content\/uploads\/2022\/11\/22-12-Coffee-Shop-Minimal-Instagram-Post-80x80.png 80w, https:\/\/freiheitsdenkmal-leipzig.de\/wp-content\/uploads\/2022\/11\/22-12-Coffee-Shop-Minimal-Instagram-Post-768x768.png 768w, https:\/\/freiheitsdenkmal-leipzig.de\/wp-content\/uploads\/2022\/11\/22-12-Coffee-Shop-Minimal-Instagram-Post-36x36.png 36w, https:\/\/freiheitsdenkmal-leipzig.de\/wp-content\/uploads\/2022\/11\/22-12-Coffee-Shop-Minimal-Instagram-Post-180x180.png 180w, https:\/\/freiheitsdenkmal-leipzig.de\/wp-content\/uploads\/2022\/11\/22-12-Coffee-Shop-Minimal-Instagram-Post-705x705.png 705w, https:\/\/freiheitsdenkmal-leipzig.de\/wp-content\/uploads\/2022\/11\/22-12-Coffee-Shop-Minimal-Instagram-Post.png 1080w\" sizes=\"(max-width: 300px) 100vw, 300px\" \/><\/div><\/div><\/div><\/div><\/div><!--close column table wrapper. Autoclose: 1 -->\n<div  class='hr av-av_hr-bc943783b13769b99750b884f593b94d hr-default  avia-builder-el-361  el_after_av_one_fourth  el_before_av_two_third'><span class='hr-inner'><span class=\"hr-inner-style\"><\/span><\/span><\/div>\n<div class='flex_column_table av-av_two_third-f673098910fbc5ac2bdad5d11d897266 sc-av_two_third av-equal-height-column-flextable'>\n<style type=\"text\/css\" data-created_by=\"avia_inline_auto\" id=\"style-css-av-av_two_third-f673098910fbc5ac2bdad5d11d897266\">\n.flex_column.av-av_two_third-f673098910fbc5ac2bdad5d11d897266{\nwidth:66.333333333333%;\nmargin-left:0;\nborder-radius:0px 0px 0px 0px;\npadding:0px 0px 0px 0px;\n}\n#top .flex_column_table.av-equal-height-column-flextable.av-av_two_third-f673098910fbc5ac2bdad5d11d897266 .av-flex-placeholder{\nwidth:1%;\n}\n<\/style>\n<div  class='flex_column av-av_two_third-f673098910fbc5ac2bdad5d11d897266 av_two_third  avia-builder-el-362  el_after_av_hr  el_before_av_one_third  first flex_column_table_cell av-equal-height-column av-align-middle av-zero-column-padding'     ><section  class='av_textblock_section av-av_textblock-2af844281454f6b633b3eae0dd4dd55e'   itemscope=\"itemscope\" itemtype=\"https:\/\/schema.org\/CreativeWork\" ><div class='avia_textblock'  itemprop=\"text\" ><h4>23.11.2022<\/h4>\n<h4><span class=\"_aacl _aaco _aacu _aacx _aad7 _aade\">Foto-Ausstellung: &#8222;Die Kamera war immer dabei&#8220;<\/span><\/h4>\n<p><span class=\"_aacl _aaco _aacu _aacx _aad7 _aade\">Weiterhin in der DenkmalWerkstatt zu sehen: Unsere Foto-Ausstellung &#8222;Die Kamera war immer dabei&#8220; mit neuentdeckten Bildern der Friedlichen Revolution des Fotografen Eckhart Otto.<br \/>\nDienstag und Donnerstag von 14 &#8211; 17 Uhr, Kupfergasse 2.<br \/>\nOder nach Vereinbarung, telefonisch: 0341 22566004 oder per Mail: denkmal@stiftung-fr.de.<\/span><\/p>\n<p><span class=\"_aacl _aaco _aacu _aacx _aad7 _aade\">\u00a0<\/span><\/p>\n<div class=\"innerTeaser\">\n<div class=\"teaserInfoWrapper\">\n<div class=\"shortInfos\"><\/div>\n<\/div>\n<\/div>\n<\/div><\/section><\/div>\n<div class='av-flex-placeholder'><\/div>\n<style type=\"text\/css\" data-created_by=\"avia_inline_auto\" id=\"style-css-av-av_one_third-d06667205e6186ec8414c6eb7605d406\">\n.flex_column.av-av_one_third-d06667205e6186ec8414c6eb7605d406{\nwidth:32.666666666667%;\nmargin-left:0;\n}\n#top .flex_column_table.av-equal-height-column-flextable.av-av_one_third-d06667205e6186ec8414c6eb7605d406 .av-flex-placeholder{\nwidth:1%;\n}\n<\/style>\n<div  class='flex_column av-av_one_third-d06667205e6186ec8414c6eb7605d406 av_one_third  avia-builder-el-364  el_after_av_two_third  el_before_av_hr  flex_column_table_cell av-equal-height-column av-align-middle'     ><style type=\"text\/css\" data-created_by=\"avia_inline_auto\" id=\"style-css-av-av_image-8e20dfa8539553bb3fbf7b590554df2b\">\n.avia-image-container.av-av_image-8e20dfa8539553bb3fbf7b590554df2b img.avia_image{\nbox-shadow:none;\n}\n.avia-image-container.av-av_image-8e20dfa8539553bb3fbf7b590554df2b .av-image-caption-overlay-center{\ncolor:#ffffff;\n}\n<\/style>\n<div  class='avia-image-container av-av_image-8e20dfa8539553bb3fbf7b590554df2b av-styling- avia-align-center  avia-builder-el-365  avia-builder-el-no-sibling'   itemprop=\"image\" itemscope=\"itemscope\" itemtype=\"https:\/\/schema.org\/ImageObject\" ><div class=\"avia-image-container-inner\"><div class=\"avia-image-overlay-wrap\"><img decoding=\"async\" fetchpriority=\"high\" class='wp-image-3508 avia-img-lazy-loading-not-3508 avia_image' src=\"https:\/\/freiheitsdenkmal-leipzig.de\/wp-content\/uploads\/2022\/11\/89_10_023_016_.jpg\" alt='' title='89_10_023_016_'  height=\"1280\" width=\"1920\"  itemprop=\"thumbnailUrl\" srcset=\"https:\/\/freiheitsdenkmal-leipzig.de\/wp-content\/uploads\/2022\/11\/89_10_023_016_.jpg 1920w, https:\/\/freiheitsdenkmal-leipzig.de\/wp-content\/uploads\/2022\/11\/89_10_023_016_-300x200.jpg 300w, https:\/\/freiheitsdenkmal-leipzig.de\/wp-content\/uploads\/2022\/11\/89_10_023_016_-1030x687.jpg 1030w, https:\/\/freiheitsdenkmal-leipzig.de\/wp-content\/uploads\/2022\/11\/89_10_023_016_-768x512.jpg 768w, https:\/\/freiheitsdenkmal-leipzig.de\/wp-content\/uploads\/2022\/11\/89_10_023_016_-1536x1024.jpg 1536w, https:\/\/freiheitsdenkmal-leipzig.de\/wp-content\/uploads\/2022\/11\/89_10_023_016_-1500x1000.jpg 1500w, https:\/\/freiheitsdenkmal-leipzig.de\/wp-content\/uploads\/2022\/11\/89_10_023_016_-705x470.jpg 705w\" sizes=\"(max-width: 1920px) 100vw, 1920px\" \/><\/div><\/div><\/div><\/div><\/div><!--close column table wrapper. Autoclose: 1 -->\n<div  class='hr av-av_hr-bc943783b13769b99750b884f593b94d hr-default  avia-builder-el-366  el_after_av_one_third  el_before_av_two_third'><span class='hr-inner'><span class=\"hr-inner-style\"><\/span><\/span><\/div>\n<div class='flex_column_table av-av_two_third-f673098910fbc5ac2bdad5d11d897266 sc-av_two_third av-equal-height-column-flextable'>\n<style type=\"text\/css\" data-created_by=\"avia_inline_auto\" id=\"style-css-av-av_two_third-f673098910fbc5ac2bdad5d11d897266\">\n.flex_column.av-av_two_third-f673098910fbc5ac2bdad5d11d897266{\nwidth:66.333333333333%;\nmargin-left:0;\nborder-radius:0px 0px 0px 0px;\npadding:0px 0px 0px 0px;\n}\n#top .flex_column_table.av-equal-height-column-flextable.av-av_two_third-f673098910fbc5ac2bdad5d11d897266 .av-flex-placeholder{\nwidth:1%;\n}\n<\/style>\n<div  class='flex_column av-av_two_third-f673098910fbc5ac2bdad5d11d897266 av_two_third  avia-builder-el-367  el_after_av_hr  el_before_av_one_third  first flex_column_table_cell av-equal-height-column av-align-middle av-zero-column-padding'     ><section  class='av_textblock_section av-av_textblock-2af844281454f6b633b3eae0dd4dd55e'   itemscope=\"itemscope\" itemtype=\"https:\/\/schema.org\/CreativeWork\" ><div class='avia_textblock'  itemprop=\"text\" ><h4>09.11.2022<\/h4>\n<h4><span class=\"_aacl _aaco _aacu _aacx _aad7 _aade\">33 Jahre Mauerfall<\/span><\/h4>\n<p>Heute vor 33 Jahren fiel mit der Berliner Mauer die Grenze zwischen den beiden deutschen Staaten. Ein Tag der Gl\u00fcckstr\u00e4nen und Umarmungen, zum Staunen und Begeistertsein in Ost und West.<\/p>\n<p>Auch wenn der weitere Weg der Wiedervereinigung Entt\u00e4uschungen und Fehlentscheidungen bereithielt \u2013 f\u00fcr diesen Tag gilt: Manchmal geht Geschichte auch gut aus!<\/p>\n<p><span class=\"_aacl _aaco _aacu _aacx _aad7 _aade\">\u00a0<\/span><\/p>\n<div class=\"innerTeaser\">\n<div class=\"teaserInfoWrapper\">\n<div class=\"shortInfos\"><\/div>\n<\/div>\n<\/div>\n<\/div><\/section><\/div>\n<div class='av-flex-placeholder'><\/div>\n<style type=\"text\/css\" data-created_by=\"avia_inline_auto\" id=\"style-css-av-av_one_third-d06667205e6186ec8414c6eb7605d406\">\n.flex_column.av-av_one_third-d06667205e6186ec8414c6eb7605d406{\nwidth:32.666666666667%;\nmargin-left:0;\n}\n#top .flex_column_table.av-equal-height-column-flextable.av-av_one_third-d06667205e6186ec8414c6eb7605d406 .av-flex-placeholder{\nwidth:1%;\n}\n<\/style>\n<div  class='flex_column av-av_one_third-d06667205e6186ec8414c6eb7605d406 av_one_third  avia-builder-el-369  el_after_av_two_third  el_before_av_hr  flex_column_table_cell av-equal-height-column av-align-middle'     ><style type=\"text\/css\" data-created_by=\"avia_inline_auto\" id=\"style-css-av-av_image-be88f4108da5d749cc57d6cf5a6780f4\">\n.avia-image-container.av-av_image-be88f4108da5d749cc57d6cf5a6780f4 img.avia_image{\nbox-shadow:none;\n}\n.avia-image-container.av-av_image-be88f4108da5d749cc57d6cf5a6780f4 .av-image-caption-overlay-center{\ncolor:#ffffff;\n}\n<\/style>\n<div  class='avia-image-container av-av_image-be88f4108da5d749cc57d6cf5a6780f4 av-styling- avia-align-center  avia-builder-el-370  avia-builder-el-no-sibling  av-has-copyright av-copyright-always'   itemprop=\"image\" itemscope=\"itemscope\" itemtype=\"https:\/\/schema.org\/ImageObject\" ><div class=\"avia-image-container-inner\"><div class=\"avia-image-overlay-wrap\"><img decoding=\"async\" fetchpriority=\"high\" class='wp-image-3145 avia-img-lazy-loading-not-3145 avia_image' src=\"https:\/\/freiheitsdenkmal-leipzig.de\/wp-content\/uploads\/2022\/09\/89_10_025_20.jpg\" alt='' title='89_10_025_20'  height=\"1200\" width=\"1800\"  itemprop=\"thumbnailUrl\" srcset=\"https:\/\/freiheitsdenkmal-leipzig.de\/wp-content\/uploads\/2022\/09\/89_10_025_20.jpg 1800w, https:\/\/freiheitsdenkmal-leipzig.de\/wp-content\/uploads\/2022\/09\/89_10_025_20-300x200.jpg 300w, https:\/\/freiheitsdenkmal-leipzig.de\/wp-content\/uploads\/2022\/09\/89_10_025_20-1030x687.jpg 1030w, https:\/\/freiheitsdenkmal-leipzig.de\/wp-content\/uploads\/2022\/09\/89_10_025_20-768x512.jpg 768w, https:\/\/freiheitsdenkmal-leipzig.de\/wp-content\/uploads\/2022\/09\/89_10_025_20-1536x1024.jpg 1536w, https:\/\/freiheitsdenkmal-leipzig.de\/wp-content\/uploads\/2022\/09\/89_10_025_20-1500x1000.jpg 1500w, https:\/\/freiheitsdenkmal-leipzig.de\/wp-content\/uploads\/2022\/09\/89_10_025_20-705x470.jpg 705w\" sizes=\"(max-width: 1800px) 100vw, 1800px\" \/><\/div><small class=\"avia-copyright\">Foto: Eckhard Otto<\/small><\/div><\/div><\/div><\/div><!--close column table wrapper. Autoclose: 1 -->\n<div  class='hr av-av_hr-bc943783b13769b99750b884f593b94d hr-default  avia-builder-el-371  el_after_av_one_third  el_before_av_two_third'><span class='hr-inner'><span class=\"hr-inner-style\"><\/span><\/span><\/div>\n<div class='flex_column_table av-av_two_third-f2c697f55d57473fefa706d8463adae2 sc-av_two_third av-equal-height-column-flextable'>\n<style type=\"text\/css\" data-created_by=\"avia_inline_auto\" id=\"style-css-av-av_two_third-f2c697f55d57473fefa706d8463adae2\">\n.flex_column.av-av_two_third-f2c697f55d57473fefa706d8463adae2{\nwidth:66.166666666667%;\nmargin-left:0;\nborder-radius:0px 0px 0px 0px;\npadding:0px 0px 0px 0px;\n}\n#top .flex_column_table.av-equal-height-column-flextable.av-av_two_third-f2c697f55d57473fefa706d8463adae2 .av-flex-placeholder{\nwidth:1.5%;\n}\n<\/style>\n<div  class='flex_column av-av_two_third-f2c697f55d57473fefa706d8463adae2 av_two_third  avia-builder-el-372  el_after_av_hr  el_before_av_one_fourth  first flex_column_table_cell av-equal-height-column av-align-middle av-zero-column-padding'     ><section  class='av_textblock_section av-av_textblock-2af844281454f6b633b3eae0dd4dd55e'   itemscope=\"itemscope\" itemtype=\"https:\/\/schema.org\/CreativeWork\" ><div class='avia_textblock'  itemprop=\"text\" ><h4>27.10.2022<\/h4>\n<h4><span class=\"_aacl _aaco _aacu _aacx _aad7 _aade\">Werkstatt-Caf\u00e9 am 3. November<\/span><\/h4>\n<p><span class=\"_aacl _aaco _aacu _aacx _aad7 _aade\">Am Donnerstag, den 3. November findet wieder ein Werkstatt-Caf\u00e9 statt.<br \/>\nWir laden Sie ein: von 15 bis ca. 17 Uhr in der Kupfergasse 2.<br \/>\nBringen Sie gerne Ihre Fragen und Schwerpunkte mit &#8211; oder schauen Sie sich einfach nur mal um in der DenkmalWerkstatt.<br \/>\nWir haben Kaffee und Kuchen, unsere Fotoausstellung &#8222;Die Kamera war immer dabei&#8220;- und hoffentlich Antworten auf eure Fragen.<br \/>\nWir freuen uns auf ein gem\u00fctliches Treffen und interessante Gespr\u00e4che!<\/span><\/p>\n<div class=\"innerTeaser\">\n<div class=\"teaserInfoWrapper\">\n<div class=\"shortInfos\"><\/div>\n<\/div>\n<\/div>\n<\/div><\/section><\/div>\n<div class='av-flex-placeholder'><\/div>\n<style type=\"text\/css\" data-created_by=\"avia_inline_auto\" id=\"style-css-av-av_one_fourth-d06667205e6186ec8414c6eb7605d406\">\n.flex_column.av-av_one_fourth-d06667205e6186ec8414c6eb7605d406{\nwidth:23.875%;\nmargin-left:0;\n}\n#top .flex_column_table.av-equal-height-column-flextable.av-av_one_fourth-d06667205e6186ec8414c6eb7605d406 .av-flex-placeholder{\nwidth:1.5%;\n}\n<\/style>\n<div  class='flex_column av-av_one_fourth-d06667205e6186ec8414c6eb7605d406 av_one_fourth  avia-builder-el-374  el_after_av_two_third  el_before_av_hr  flex_column_table_cell av-equal-height-column av-align-middle'     ><style type=\"text\/css\" data-created_by=\"avia_inline_auto\" id=\"style-css-av-av_image-30dcc2ee65d981bf8b91def6413d1759\">\n.avia-image-container.av-av_image-30dcc2ee65d981bf8b91def6413d1759 img.avia_image{\nbox-shadow:none;\n}\n.avia-image-container.av-av_image-30dcc2ee65d981bf8b91def6413d1759 .av-image-caption-overlay-center{\ncolor:#ffffff;\n}\n<\/style>\n<div  class='avia-image-container av-av_image-30dcc2ee65d981bf8b91def6413d1759 av-styling- avia-align-center  avia-builder-el-375  avia-builder-el-no-sibling'   itemprop=\"image\" itemscope=\"itemscope\" itemtype=\"https:\/\/schema.org\/ImageObject\" ><div class=\"avia-image-container-inner\"><div class=\"avia-image-overlay-wrap\"><img decoding=\"async\" fetchpriority=\"high\" class='wp-image-3302 avia-img-lazy-loading-not-3302 avia_image' src=\"https:\/\/freiheitsdenkmal-leipzig.de\/wp-content\/uploads\/2022\/10\/Kopie-von-Kopie-von-Coffee-Coffee-Shop-Minimal-Instagram-Post.png\" alt='' title='Kopie von Kopie von Coffee Coffee Shop Minimal Instagram Post'  height=\"1080\" width=\"1080\"  itemprop=\"thumbnailUrl\" srcset=\"https:\/\/freiheitsdenkmal-leipzig.de\/wp-content\/uploads\/2022\/10\/Kopie-von-Kopie-von-Coffee-Coffee-Shop-Minimal-Instagram-Post.png 1080w, https:\/\/freiheitsdenkmal-leipzig.de\/wp-content\/uploads\/2022\/10\/Kopie-von-Kopie-von-Coffee-Coffee-Shop-Minimal-Instagram-Post-300x300.png 300w, https:\/\/freiheitsdenkmal-leipzig.de\/wp-content\/uploads\/2022\/10\/Kopie-von-Kopie-von-Coffee-Coffee-Shop-Minimal-Instagram-Post-1030x1030.png 1030w, https:\/\/freiheitsdenkmal-leipzig.de\/wp-content\/uploads\/2022\/10\/Kopie-von-Kopie-von-Coffee-Coffee-Shop-Minimal-Instagram-Post-80x80.png 80w, https:\/\/freiheitsdenkmal-leipzig.de\/wp-content\/uploads\/2022\/10\/Kopie-von-Kopie-von-Coffee-Coffee-Shop-Minimal-Instagram-Post-768x768.png 768w, https:\/\/freiheitsdenkmal-leipzig.de\/wp-content\/uploads\/2022\/10\/Kopie-von-Kopie-von-Coffee-Coffee-Shop-Minimal-Instagram-Post-36x36.png 36w, https:\/\/freiheitsdenkmal-leipzig.de\/wp-content\/uploads\/2022\/10\/Kopie-von-Kopie-von-Coffee-Coffee-Shop-Minimal-Instagram-Post-180x180.png 180w, https:\/\/freiheitsdenkmal-leipzig.de\/wp-content\/uploads\/2022\/10\/Kopie-von-Kopie-von-Coffee-Coffee-Shop-Minimal-Instagram-Post-705x705.png 705w\" sizes=\"(max-width: 1080px) 100vw, 1080px\" \/><\/div><\/div><\/div><\/div><\/div><!--close column table wrapper. Autoclose: 1 -->\n<div  class='hr av-av_hr-bc943783b13769b99750b884f593b94d hr-default  avia-builder-el-376  el_after_av_one_fourth  el_before_av_two_third'><span class='hr-inner'><span class=\"hr-inner-style\"><\/span><\/span><\/div>\n<div class='flex_column_table av-av_two_third-f673098910fbc5ac2bdad5d11d897266 sc-av_two_third av-equal-height-column-flextable'>\n<style type=\"text\/css\" data-created_by=\"avia_inline_auto\" id=\"style-css-av-av_two_third-f673098910fbc5ac2bdad5d11d897266\">\n.flex_column.av-av_two_third-f673098910fbc5ac2bdad5d11d897266{\nwidth:66.333333333333%;\nmargin-left:0;\nborder-radius:0px 0px 0px 0px;\npadding:0px 0px 0px 0px;\n}\n#top .flex_column_table.av-equal-height-column-flextable.av-av_two_third-f673098910fbc5ac2bdad5d11d897266 .av-flex-placeholder{\nwidth:1%;\n}\n<\/style>\n<div  class='flex_column av-av_two_third-f673098910fbc5ac2bdad5d11d897266 av_two_third  avia-builder-el-377  el_after_av_hr  el_before_av_one_third  first flex_column_table_cell av-equal-height-column av-align-middle av-zero-column-padding'     ><section  class='av_textblock_section av-av_textblock-2af844281454f6b633b3eae0dd4dd55e'   itemscope=\"itemscope\" itemtype=\"https:\/\/schema.org\/CreativeWork\" ><div class='avia_textblock'  itemprop=\"text\" ><h4>25.10.2022<\/h4>\n<h4><span class=\"_aacl _aaco _aacu _aacx _aad7 _aade\">Bilder der Friedlichen Revolution<\/span><\/h4>\n<p><span class=\"_aacl _aaco _aacu _aacx _aad7 _aade\">Die Fotoausstellung \u201eDie Kamera war immer dabei\u201c mit Bildern des Fotografen Eckhard Otto ist \u00fcbrigens weiterhin Dienstag und Donnerstag von 14 &#8211; 17 Uhr in der DenkmalWerkstatt ge\u00f6ffnet.<br \/>\n\u00dcbrigens: Auch au\u00dferhalb dieser \u00d6ffnungszeiten k\u00f6nnen Sie telefonisch: 0341 22566004 oder per Mail: denkmal@stiftung-fr.de gerne einen Besuch in der Kupfergasse 2 vereinbaren.<\/span><\/p>\n<div class=\"innerTeaser\">\n<div class=\"teaserInfoWrapper\">\n<div class=\"shortInfos\"><\/div>\n<\/div>\n<\/div>\n<\/div><\/section><\/div>\n<div class='av-flex-placeholder'><\/div>\n<style type=\"text\/css\" data-created_by=\"avia_inline_auto\" id=\"style-css-av-av_one_third-d06667205e6186ec8414c6eb7605d406\">\n.flex_column.av-av_one_third-d06667205e6186ec8414c6eb7605d406{\nwidth:32.666666666667%;\nmargin-left:0;\n}\n#top .flex_column_table.av-equal-height-column-flextable.av-av_one_third-d06667205e6186ec8414c6eb7605d406 .av-flex-placeholder{\nwidth:1%;\n}\n<\/style>\n<div  class='flex_column av-av_one_third-d06667205e6186ec8414c6eb7605d406 av_one_third  avia-builder-el-379  el_after_av_two_third  el_before_av_hr  flex_column_table_cell av-equal-height-column av-align-middle'     ><style type=\"text\/css\" data-created_by=\"avia_inline_auto\" id=\"style-css-av-av_image-88f8539f5eeac633bd44cfc9db62b6cf\">\n.avia-image-container.av-av_image-88f8539f5eeac633bd44cfc9db62b6cf img.avia_image{\nbox-shadow:none;\n}\n.avia-image-container.av-av_image-88f8539f5eeac633bd44cfc9db62b6cf .av-image-caption-overlay-center{\ncolor:#ffffff;\n}\n<\/style>\n<div  class='avia-image-container av-av_image-88f8539f5eeac633bd44cfc9db62b6cf av-styling- avia-align-center  avia-builder-el-380  avia-builder-el-no-sibling'   itemprop=\"image\" itemscope=\"itemscope\" itemtype=\"https:\/\/schema.org\/ImageObject\" ><div class=\"avia-image-container-inner\"><div class=\"avia-image-overlay-wrap\"><img decoding=\"async\" fetchpriority=\"high\" class='wp-image-3252 avia-img-lazy-loading-not-3252 avia_image' src=\"https:\/\/freiheitsdenkmal-leipzig.de\/wp-content\/uploads\/2022\/10\/89_10_025_27.jpg\" alt='' title='89_10_025_27'  height=\"1200\" width=\"1800\"  itemprop=\"thumbnailUrl\" srcset=\"https:\/\/freiheitsdenkmal-leipzig.de\/wp-content\/uploads\/2022\/10\/89_10_025_27.jpg 1800w, https:\/\/freiheitsdenkmal-leipzig.de\/wp-content\/uploads\/2022\/10\/89_10_025_27-300x200.jpg 300w, https:\/\/freiheitsdenkmal-leipzig.de\/wp-content\/uploads\/2022\/10\/89_10_025_27-1030x687.jpg 1030w, https:\/\/freiheitsdenkmal-leipzig.de\/wp-content\/uploads\/2022\/10\/89_10_025_27-768x512.jpg 768w, https:\/\/freiheitsdenkmal-leipzig.de\/wp-content\/uploads\/2022\/10\/89_10_025_27-1536x1024.jpg 1536w, https:\/\/freiheitsdenkmal-leipzig.de\/wp-content\/uploads\/2022\/10\/89_10_025_27-1500x1000.jpg 1500w, https:\/\/freiheitsdenkmal-leipzig.de\/wp-content\/uploads\/2022\/10\/89_10_025_27-705x470.jpg 705w\" sizes=\"(max-width: 1800px) 100vw, 1800px\" \/><\/div><\/div><\/div><\/div><\/div><!--close column table wrapper. Autoclose: 1 -->\n<div  class='hr av-av_hr-bc943783b13769b99750b884f593b94d hr-default  avia-builder-el-381  el_after_av_one_third  el_before_av_two_third'><span class='hr-inner'><span class=\"hr-inner-style\"><\/span><\/span><\/div>\n<div class='flex_column_table av-av_two_third-f673098910fbc5ac2bdad5d11d897266 sc-av_two_third av-equal-height-column-flextable'>\n<style type=\"text\/css\" data-created_by=\"avia_inline_auto\" id=\"style-css-av-av_two_third-f673098910fbc5ac2bdad5d11d897266\">\n.flex_column.av-av_two_third-f673098910fbc5ac2bdad5d11d897266{\nwidth:66.333333333333%;\nmargin-left:0;\nborder-radius:0px 0px 0px 0px;\npadding:0px 0px 0px 0px;\n}\n#top .flex_column_table.av-equal-height-column-flextable.av-av_two_third-f673098910fbc5ac2bdad5d11d897266 .av-flex-placeholder{\nwidth:1%;\n}\n<\/style>\n<div  class='flex_column av-av_two_third-f673098910fbc5ac2bdad5d11d897266 av_two_third  avia-builder-el-382  el_after_av_hr  el_before_av_one_third  first flex_column_table_cell av-equal-height-column av-align-middle av-zero-column-padding'     ><section  class='av_textblock_section av-av_textblock-2af844281454f6b633b3eae0dd4dd55e'   itemscope=\"itemscope\" itemtype=\"https:\/\/schema.org\/CreativeWork\" ><div class='avia_textblock'  itemprop=\"text\" ><h4>20.10.2022<\/h4>\n<h4>Die Frankfurter Buchmesse: Lieblingsb\u00fccher und Meinungsfreiheit<\/h4>\n<p>\u00dcbrigens: Zur Frankfurter Buchmesse ist das Leipziger Denkmal in Frankfurt vertreten &#8211; in Form von Denk mal-Postkarten, die wir mit der <a href=\"https:\/\/tinkerbelle-werbeagentur.de\/\" target=\"_blank\" rel=\"noopener\"><strong>Berliner Agentur Tinkerbelle<\/strong><\/a> entwickelt haben und die von <a href=\"http:\/\/gangart.de\/\" target=\"_blank\" rel=\"noopener\"><strong>Gangart Werbung<\/strong><\/a> in ganz Frankfurt verteilt wurden.<br \/>\nUnd am Buchmesse-Stand der <a href=\"https:\/\/www.buchkinder.de\/\" target=\"_blank\" rel=\"noopener\"><strong>Buchkinder Leipzig e.V.<\/strong><\/a> sind unsere Postkarten z. B. auch zu finden.<br \/>\nWer die Buchmesse besucht und Lust hat, an einem kleinen Gewinnspiel teilzunehmen, kann uns einfach eine dieser Postkarten zuschicken:<br \/>\n<em>DenkmalWerkstatt <\/em><em>der Stiftung Friedliche Revolution | <\/em><em>Kupfergasse 2 |<\/em>\u00a0 <em>04109 Leipzig<\/em><br \/>\nWenn wir \u00fcber die Angabe einer Post- oder Mail-Adresse die M\u00f6glichkeit haben den \/die Absender:in vom Gewinn zu benachrichtigen, nimmt die Postkarte automatisch an der Verlosung einer DVD von \u201eFritzi \u2013 Eine Wendewundergeschichte\u201c teil.<br \/>\nNat\u00fcrlich k\u00f6nnen Sie uns so sehr gerne auch mitteilen, wie Sie die Postkarten, den Denkmalprozess oder unser Angebot finden.<br \/>\nWir sind gespannt und w\u00fcnschen viel Gl\u00fcck!<\/p>\n<div class=\"innerTeaser\">\n<div class=\"teaserInfoWrapper\">\n<div class=\"shortInfos\"><\/div>\n<\/div>\n<\/div>\n<\/div><\/section><\/div>\n<div class='av-flex-placeholder'><\/div>\n<style type=\"text\/css\" data-created_by=\"avia_inline_auto\" id=\"style-css-av-av_one_third-d06667205e6186ec8414c6eb7605d406\">\n.flex_column.av-av_one_third-d06667205e6186ec8414c6eb7605d406{\nwidth:32.666666666667%;\nmargin-left:0;\n}\n#top .flex_column_table.av-equal-height-column-flextable.av-av_one_third-d06667205e6186ec8414c6eb7605d406 .av-flex-placeholder{\nwidth:1%;\n}\n<\/style>\n<div  class='flex_column av-av_one_third-d06667205e6186ec8414c6eb7605d406 av_one_third  avia-builder-el-384  el_after_av_two_third  el_before_av_hr  flex_column_table_cell av-equal-height-column av-align-middle'     ><div  class='avia-slideshow av-av_slideshow-7603d5f59e03687f51b7774ba9222615 avia-slideshow-large av_slideshow avia-slide-slider  avia-builder-el-385  avia-builder-el-no-sibling  av-slideshow-ui av-control-default av-slideshow-manual av-loop-once av-loop-manual-endless av-default-height-applied avia-slideshow-16' data-slideshow-options=\"{&quot;animation&quot;:&quot;slide&quot;,&quot;autoplay&quot;:false,&quot;loop_autoplay&quot;:&quot;once&quot;,&quot;interval&quot;:5,&quot;loop_manual&quot;:&quot;manual-endless&quot;,&quot;autoplay_stopper&quot;:false,&quot;noNavigation&quot;:false,&quot;bg_slider&quot;:false,&quot;keep_padding&quot;:false,&quot;hoverpause&quot;:false,&quot;show_slide_delay&quot;:0}\"  itemprop=\"image\" itemscope=\"itemscope\" itemtype=\"https:\/\/schema.org\/ImageObject\" ><ul class='avia-slideshow-inner' style='padding-bottom: 102.18253968254%;'><li  class='avia-slideshow-slide av-av_slideshow-7603d5f59e03687f51b7774ba9222615__0  slide-1 slide-odd'><div data-rel='slideshow-16' class='avia-slide-wrap'   ><img decoding=\"async\" fetchpriority=\"high\" class=\"wp-image-4376 avia-img-lazy-loading-not-4376\"  src=\"https:\/\/freiheitsdenkmal-leipzig.de\/wp-content\/uploads\/2023\/08\/20230829_150159-1008x1030.jpg\" width=\"1008\" height=\"1030\" title='20230829_150159' alt=''  itemprop=\"thumbnailUrl\" srcset=\"https:\/\/freiheitsdenkmal-leipzig.de\/wp-content\/uploads\/2023\/08\/20230829_150159-1008x1030.jpg 1008w, https:\/\/freiheitsdenkmal-leipzig.de\/wp-content\/uploads\/2023\/08\/20230829_150159-294x300.jpg 294w, https:\/\/freiheitsdenkmal-leipzig.de\/wp-content\/uploads\/2023\/08\/20230829_150159-768x785.jpg 768w, https:\/\/freiheitsdenkmal-leipzig.de\/wp-content\/uploads\/2023\/08\/20230829_150159-12x12.jpg 12w, https:\/\/freiheitsdenkmal-leipzig.de\/wp-content\/uploads\/2023\/08\/20230829_150159-36x36.jpg 36w, https:\/\/freiheitsdenkmal-leipzig.de\/wp-content\/uploads\/2023\/08\/20230829_150159-690x705.jpg 690w, https:\/\/freiheitsdenkmal-leipzig.de\/wp-content\/uploads\/2023\/08\/20230829_150159.jpg 1196w\" sizes=\"(max-width: 1008px) 100vw, 1008px\" \/><\/div><\/li><li  class='avia-slideshow-slide av-av_slideshow-7603d5f59e03687f51b7774ba9222615__1  slide-2 slide-even'><div data-rel='slideshow-16' class='avia-slide-wrap'   ><img decoding=\"async\" fetchpriority=\"high\" class=\"wp-image-4375 avia-img-lazy-loading-not-4375\"  src=\"https:\/\/freiheitsdenkmal-leipzig.de\/wp-content\/uploads\/2023\/08\/reh-kran.jpg\" width=\"428\" height=\"431\" title='reh-kran' alt=''  itemprop=\"thumbnailUrl\" srcset=\"https:\/\/freiheitsdenkmal-leipzig.de\/wp-content\/uploads\/2023\/08\/reh-kran.jpg 428w, https:\/\/freiheitsdenkmal-leipzig.de\/wp-content\/uploads\/2023\/08\/reh-kran-298x300.jpg 298w, https:\/\/freiheitsdenkmal-leipzig.de\/wp-content\/uploads\/2023\/08\/reh-kran-80x80.jpg 80w, https:\/\/freiheitsdenkmal-leipzig.de\/wp-content\/uploads\/2023\/08\/reh-kran-12x12.jpg 12w, https:\/\/freiheitsdenkmal-leipzig.de\/wp-content\/uploads\/2023\/08\/reh-kran-36x36.jpg 36w, https:\/\/freiheitsdenkmal-leipzig.de\/wp-content\/uploads\/2023\/08\/reh-kran-180x180.jpg 180w\" sizes=\"(max-width: 428px) 100vw, 428px\" \/><\/div><\/li><li  class='avia-slideshow-slide av-av_slideshow-7603d5f59e03687f51b7774ba9222615__2  slide-3 slide-odd'><div data-rel='slideshow-16' class='avia-slide-wrap'   ><img decoding=\"async\" fetchpriority=\"high\" class=\"wp-image-4371 avia-img-lazy-loading-not-4371\"  src=\"https:\/\/freiheitsdenkmal-leipzig.de\/wp-content\/uploads\/2023\/08\/20230828_143539-1028x1030.jpg\" width=\"1028\" height=\"1030\" title='20230828_143539' alt=''  itemprop=\"thumbnailUrl\" srcset=\"https:\/\/freiheitsdenkmal-leipzig.de\/wp-content\/uploads\/2023\/08\/20230828_143539-1028x1030.jpg 1028w, https:\/\/freiheitsdenkmal-leipzig.de\/wp-content\/uploads\/2023\/08\/20230828_143539-300x300.jpg 300w, https:\/\/freiheitsdenkmal-leipzig.de\/wp-content\/uploads\/2023\/08\/20230828_143539-80x80.jpg 80w, https:\/\/freiheitsdenkmal-leipzig.de\/wp-content\/uploads\/2023\/08\/20230828_143539-768x769.jpg 768w, https:\/\/freiheitsdenkmal-leipzig.de\/wp-content\/uploads\/2023\/08\/20230828_143539-1533x1536.jpg 1533w, https:\/\/freiheitsdenkmal-leipzig.de\/wp-content\/uploads\/2023\/08\/20230828_143539-2045x2048.jpg 2045w, https:\/\/freiheitsdenkmal-leipzig.de\/wp-content\/uploads\/2023\/08\/20230828_143539-12x12.jpg 12w, https:\/\/freiheitsdenkmal-leipzig.de\/wp-content\/uploads\/2023\/08\/20230828_143539-36x36.jpg 36w, https:\/\/freiheitsdenkmal-leipzig.de\/wp-content\/uploads\/2023\/08\/20230828_143539-180x180.jpg 180w, https:\/\/freiheitsdenkmal-leipzig.de\/wp-content\/uploads\/2023\/08\/20230828_143539-1498x1500.jpg 1498w, https:\/\/freiheitsdenkmal-leipzig.de\/wp-content\/uploads\/2023\/08\/20230828_143539-705x705.jpg 705w\" sizes=\"(max-width: 1028px) 100vw, 1028px\" \/><\/div><\/li><li  class='avia-slideshow-slide av-av_slideshow-7603d5f59e03687f51b7774ba9222615__3  slide-4 slide-even'><div data-rel='slideshow-16' class='avia-slide-wrap'   ><img decoding=\"async\" fetchpriority=\"high\" class=\"wp-image-4373 avia-img-lazy-loading-not-4373\"  src=\"https:\/\/freiheitsdenkmal-leipzig.de\/wp-content\/uploads\/2023\/08\/IMG_4245-1030x1030.jpg\" width=\"1030\" height=\"1030\" title='IMG_4245' alt=''  itemprop=\"thumbnailUrl\" srcset=\"https:\/\/freiheitsdenkmal-leipzig.de\/wp-content\/uploads\/2023\/08\/IMG_4245-1030x1030.jpg 1030w, https:\/\/freiheitsdenkmal-leipzig.de\/wp-content\/uploads\/2023\/08\/IMG_4245-300x300.jpg 300w, https:\/\/freiheitsdenkmal-leipzig.de\/wp-content\/uploads\/2023\/08\/IMG_4245-80x80.jpg 80w, https:\/\/freiheitsdenkmal-leipzig.de\/wp-content\/uploads\/2023\/08\/IMG_4245-768x768.jpg 768w, https:\/\/freiheitsdenkmal-leipzig.de\/wp-content\/uploads\/2023\/08\/IMG_4245-1536x1536.jpg 1536w, https:\/\/freiheitsdenkmal-leipzig.de\/wp-content\/uploads\/2023\/08\/IMG_4245-2048x2048.jpg 2048w, https:\/\/freiheitsdenkmal-leipzig.de\/wp-content\/uploads\/2023\/08\/IMG_4245-12x12.jpg 12w, https:\/\/freiheitsdenkmal-leipzig.de\/wp-content\/uploads\/2023\/08\/IMG_4245-36x36.jpg 36w, https:\/\/freiheitsdenkmal-leipzig.de\/wp-content\/uploads\/2023\/08\/IMG_4245-180x180.jpg 180w, https:\/\/freiheitsdenkmal-leipzig.de\/wp-content\/uploads\/2023\/08\/IMG_4245-1500x1500.jpg 1500w, https:\/\/freiheitsdenkmal-leipzig.de\/wp-content\/uploads\/2023\/08\/IMG_4245-705x705.jpg 705w\" sizes=\"(max-width: 1030px) 100vw, 1030px\" \/><\/div><\/li><li  class='avia-slideshow-slide av-av_slideshow-7603d5f59e03687f51b7774ba9222615__4  slide-5 slide-odd'><div data-rel='slideshow-16' class='avia-slide-wrap'   ><img decoding=\"async\" fetchpriority=\"high\" class=\"wp-image-4374 avia-img-lazy-loading-not-4374\"  src=\"https:\/\/freiheitsdenkmal-leipzig.de\/wp-content\/uploads\/2023\/08\/IMG_4254-1030x1030.jpg\" width=\"1030\" height=\"1030\" title='IMG_4254' alt=''  itemprop=\"thumbnailUrl\" srcset=\"https:\/\/freiheitsdenkmal-leipzig.de\/wp-content\/uploads\/2023\/08\/IMG_4254-1030x1030.jpg 1030w, https:\/\/freiheitsdenkmal-leipzig.de\/wp-content\/uploads\/2023\/08\/IMG_4254-300x300.jpg 300w, https:\/\/freiheitsdenkmal-leipzig.de\/wp-content\/uploads\/2023\/08\/IMG_4254-80x80.jpg 80w, https:\/\/freiheitsdenkmal-leipzig.de\/wp-content\/uploads\/2023\/08\/IMG_4254-768x768.jpg 768w, https:\/\/freiheitsdenkmal-leipzig.de\/wp-content\/uploads\/2023\/08\/IMG_4254-1536x1536.jpg 1536w, https:\/\/freiheitsdenkmal-leipzig.de\/wp-content\/uploads\/2023\/08\/IMG_4254-2048x2048.jpg 2048w, https:\/\/freiheitsdenkmal-leipzig.de\/wp-content\/uploads\/2023\/08\/IMG_4254-12x12.jpg 12w, https:\/\/freiheitsdenkmal-leipzig.de\/wp-content\/uploads\/2023\/08\/IMG_4254-36x36.jpg 36w, https:\/\/freiheitsdenkmal-leipzig.de\/wp-content\/uploads\/2023\/08\/IMG_4254-180x180.jpg 180w, https:\/\/freiheitsdenkmal-leipzig.de\/wp-content\/uploads\/2023\/08\/IMG_4254-1500x1500.jpg 1500w, https:\/\/freiheitsdenkmal-leipzig.de\/wp-content\/uploads\/2023\/08\/IMG_4254-705x705.jpg 705w\" sizes=\"(max-width: 1030px) 100vw, 1030px\" \/><\/div><\/li><li  class='avia-slideshow-slide av-av_slideshow-7603d5f59e03687f51b7774ba9222615__5  slide-6 slide-even'><div data-rel='slideshow-16' class='avia-slide-wrap'   ><img decoding=\"async\" fetchpriority=\"high\" class=\"wp-image-4372 avia-img-lazy-loading-not-4372\"  src=\"https:\/\/freiheitsdenkmal-leipzig.de\/wp-content\/uploads\/2023\/08\/20230829_150032-1002x1030.jpg\" width=\"1002\" height=\"1030\" title='20230829_150032' alt=''  itemprop=\"thumbnailUrl\" srcset=\"https:\/\/freiheitsdenkmal-leipzig.de\/wp-content\/uploads\/2023\/08\/20230829_150032-1002x1030.jpg 1002w, https:\/\/freiheitsdenkmal-leipzig.de\/wp-content\/uploads\/2023\/08\/20230829_150032-292x300.jpg 292w, https:\/\/freiheitsdenkmal-leipzig.de\/wp-content\/uploads\/2023\/08\/20230829_150032-768x789.jpg 768w, https:\/\/freiheitsdenkmal-leipzig.de\/wp-content\/uploads\/2023\/08\/20230829_150032-1495x1536.jpg 1495w, https:\/\/freiheitsdenkmal-leipzig.de\/wp-content\/uploads\/2023\/08\/20230829_150032-1993x2048.jpg 1993w, https:\/\/freiheitsdenkmal-leipzig.de\/wp-content\/uploads\/2023\/08\/20230829_150032-12x12.jpg 12w, https:\/\/freiheitsdenkmal-leipzig.de\/wp-content\/uploads\/2023\/08\/20230829_150032-36x36.jpg 36w, https:\/\/freiheitsdenkmal-leipzig.de\/wp-content\/uploads\/2023\/08\/20230829_150032-1460x1500.jpg 1460w, https:\/\/freiheitsdenkmal-leipzig.de\/wp-content\/uploads\/2023\/08\/20230829_150032-686x705.jpg 686w\" sizes=\"(max-width: 1002px) 100vw, 1002px\" \/><\/div><\/li><\/ul><div class='avia-slideshow-arrows avia-slideshow-controls' ><a href='#prev' class='prev-slide' aria-hidden='true' data-av_icon='\ue87c' data-av_iconfont='entypo-fontello'  tabindex='-1'>Previous<\/a><a href='#next' class='next-slide' aria-hidden='true' data-av_icon='\ue87d' data-av_iconfont='entypo-fontello'  tabindex='-1'>Next<\/a><\/div><div class='avia-slideshow-dots avia-slideshow-controls'><a href='#1' class='goto-slide active' >1<\/a><a href='#2' class='goto-slide' >2<\/a><a href='#3' class='goto-slide' >3<\/a><a href='#4' class='goto-slide' >4<\/a><a href='#5' class='goto-slide' >5<\/a><a href='#6' class='goto-slide' >6<\/a><\/div><\/div><\/div><\/div><!--close column table wrapper. Autoclose: 1 -->\n<div  class='hr av-av_hr-bc943783b13769b99750b884f593b94d hr-default  avia-builder-el-386  el_after_av_one_third  el_before_av_three_fourth'><span class='hr-inner'><span class=\"hr-inner-style\"><\/span><\/span><\/div>\n\n<style type=\"text\/css\" data-created_by=\"avia_inline_auto\" id=\"style-css-av-av_three_fourth-dcf4f2429ee228350485e8ab1b5d3fc9\">\n.flex_column.av-av_three_fourth-dcf4f2429ee228350485e8ab1b5d3fc9{\nwidth:74.75%;\nborder-radius:0px 0px 0px 0px;\npadding:0px 0px 0px 0px;\n}\n<\/style>\n<div  class='flex_column av-av_three_fourth-dcf4f2429ee228350485e8ab1b5d3fc9 av_three_fourth  avia-builder-el-387  el_after_av_hr  el_before_av_hr  first flex_column_div av-zero-column-padding'     ><section  class='av_textblock_section av-av_textblock-2af844281454f6b633b3eae0dd4dd55e'   itemscope=\"itemscope\" itemtype=\"https:\/\/schema.org\/CreativeWork\" ><div class='avia_textblock'  itemprop=\"text\" ><h4>11.10.2022<\/h4>\n<h4>MDR SACHSEN-Audio zum Stand des Leipziger Freiheitsdenkmals<\/h4>\n<p>Anl\u00e4sslich des Lichtfests hat sich <strong>Burkhard Friedrich<\/strong>, MDR Sachsen-Reporter, Gedanken zum Stand des Denkmals gemacht und O-T\u00f6ne eingesammelt &#8211;\u00a0 u. a. bei einem Interview mit <strong>Gesine Oltmanns<\/strong>, B\u00fcrgerrechtlerin und Projektleiterin f\u00fcr die Begleitung des Freiheits- und Einheitsdenkmals bei der Stiftung Friedliche Revolution.<\/p>\n<p>Das MDR-Audio finden Sie hier: <strong><a href=\"https:\/\/www.mdr.de\/sachsenradio\/audio-leipzig-freiheits-einheits-denkmal-100.html\" target=\"_blank\" rel=\"noopener\">https:\/\/www.mdr.de\/sachsenradio\/audio-leipzig-freiheits-einheits-denkmal-100.html<\/a><\/strong><\/p>\n<div class=\"innerTeaser\">\n<div class=\"teaserInfoWrapper\">\n<div class=\"shortInfos\"><\/div>\n<\/div>\n<\/div>\n<\/div><\/section><\/div>\n<div  class='hr av-av_hr-bc943783b13769b99750b884f593b94d hr-default  avia-builder-el-389  el_after_av_three_fourth  el_before_av_two_third'><span class='hr-inner'><span class=\"hr-inner-style\"><\/span><\/span><\/div>\n\n<style type=\"text\/css\" data-created_by=\"avia_inline_auto\" id=\"style-css-av-av_two_third-dcf4f2429ee228350485e8ab1b5d3fc9\">\n.flex_column.av-av_two_third-dcf4f2429ee228350485e8ab1b5d3fc9{\nwidth:66.333333333333%;\nborder-radius:0px 0px 0px 0px;\npadding:0px 0px 0px 0px;\n}\n<\/style>\n<div  class='flex_column av-av_two_third-dcf4f2429ee228350485e8ab1b5d3fc9 av_two_third  avia-builder-el-390  el_after_av_hr  el_before_av_one_third  first flex_column_div av-zero-column-padding'     ><section  class='av_textblock_section av-av_textblock-2af844281454f6b633b3eae0dd4dd55e'   itemscope=\"itemscope\" itemtype=\"https:\/\/schema.org\/CreativeWork\" ><div class='avia_textblock'  itemprop=\"text\" ><h4>09.10.2022<\/h4>\n<h4>9. Oktober: Denk mal an 70.000<\/h4>\n<p>Heute j\u00e4hrt sich zum 33. Mal der Tag an dem 70.000 Menschen friedlich auf dem Leipziger Ring f\u00fcr Freiheit und Demokratie demonstrierten: der 9. Oktober 1989 \u2013 Wendepunkt der Friedlichen Revolution, an die das Freiheits- und Einheitsdenkmal in Leipzig erinnern wird.<\/p>\n<p>In Leipzig feiern wir diesen Tag traditionell mit einem gro\u00dfen Lichtfest in der gesamten Innenstadt.<br \/>\nDas <strong><a href=\"https:\/\/freiheitsdenkmal-leipzig.de\/wp-content\/uploads\/2022\/10\/LF_2022_Programm_9.Oktober.pdf\" target=\"_blank\" rel=\"noopener\">Lichtfest-Programm finden Sie hier<\/a><\/strong>.<br \/>\nIn der DenkmalWerkstatt zeigen wir im Rahmen des Lichtfests heute, Sonntag, den 9.9.2022, um 11 und um 14 Uhr:<\/p>\n<ul>\n<li><em><strong>\u201eFritzi \u2013 eine Wendewundergeschichte\u201c<\/strong> Filmvorf\u00fchrung f\u00fcr Kinder und Familien<\/em><br \/>\n<em> Der Film, basierend auf dem gleichnamigen Buch von Hanna Schott, erz\u00e4hlt die Ereignisse des Herbstes \u030189 aus der Sicht eines Kindes und vermittelt authentisch, warum die Menschen damals auf die Stra\u00dfe gingen. <\/em><em>F\u00fcr Kinder ab 8 Jahre. Eintritt frei<br \/>\n<\/em><\/li>\n<\/ul>\n<p>Die Friedliche Revolution und den 9. Oktober zeigt auch unsere Fotoausstellung <strong>&#8222;Die Kamera war immer dabei&#8220;<\/strong> des Fotografen Eckhard Otto.<\/p>\n<\/div><\/section><\/div>\n\n<style type=\"text\/css\" data-created_by=\"avia_inline_auto\" id=\"style-css-av-av_one_third-838c76ee294fa093a17e94dc54512b24\">\n.flex_column.av-av_one_third-838c76ee294fa093a17e94dc54512b24{\nwidth:32.666666666667%;\nmargin-left:1%;\n}\n<\/style>\n<div  class='flex_column av-av_one_third-838c76ee294fa093a17e94dc54512b24 av_one_third  avia-builder-el-392  el_after_av_two_third  el_before_av_hr  flex_column_div'     ><style type=\"text\/css\" data-created_by=\"avia_inline_auto\" id=\"style-css-av-av_image-05cc6aec365aa313f737c614dd093dca\">\n.avia-image-container.av-av_image-05cc6aec365aa313f737c614dd093dca img.avia_image{\nbox-shadow:none;\n}\n.avia-image-container.av-av_image-05cc6aec365aa313f737c614dd093dca .av-image-caption-overlay-center{\ncolor:#ffffff;\n}\n<\/style>\n<div  class='avia-image-container av-av_image-05cc6aec365aa313f737c614dd093dca av-styling- avia-align-center  avia-builder-el-393  avia-builder-el-no-sibling'   itemprop=\"image\" itemscope=\"itemscope\" itemtype=\"https:\/\/schema.org\/ImageObject\" ><div class=\"avia-image-container-inner\"><div class=\"avia-image-overlay-wrap\"><img decoding=\"async\" fetchpriority=\"high\" class='wp-image-3211 avia-img-lazy-loading-not-3211 avia_image' src=\"https:\/\/freiheitsdenkmal-leipzig.de\/wp-content\/uploads\/2022\/10\/Kopie-von-Vorlage-Denkmal-an-die-Friedl.-Revolution.png\" alt='' title='Kopie von Vorlage Denkmal an die Friedl. Revolution'  height=\"1080\" width=\"1080\"  itemprop=\"thumbnailUrl\" srcset=\"https:\/\/freiheitsdenkmal-leipzig.de\/wp-content\/uploads\/2022\/10\/Kopie-von-Vorlage-Denkmal-an-die-Friedl.-Revolution.png 1080w, https:\/\/freiheitsdenkmal-leipzig.de\/wp-content\/uploads\/2022\/10\/Kopie-von-Vorlage-Denkmal-an-die-Friedl.-Revolution-300x300.png 300w, https:\/\/freiheitsdenkmal-leipzig.de\/wp-content\/uploads\/2022\/10\/Kopie-von-Vorlage-Denkmal-an-die-Friedl.-Revolution-1030x1030.png 1030w, https:\/\/freiheitsdenkmal-leipzig.de\/wp-content\/uploads\/2022\/10\/Kopie-von-Vorlage-Denkmal-an-die-Friedl.-Revolution-80x80.png 80w, https:\/\/freiheitsdenkmal-leipzig.de\/wp-content\/uploads\/2022\/10\/Kopie-von-Vorlage-Denkmal-an-die-Friedl.-Revolution-768x768.png 768w, https:\/\/freiheitsdenkmal-leipzig.de\/wp-content\/uploads\/2022\/10\/Kopie-von-Vorlage-Denkmal-an-die-Friedl.-Revolution-36x36.png 36w, https:\/\/freiheitsdenkmal-leipzig.de\/wp-content\/uploads\/2022\/10\/Kopie-von-Vorlage-Denkmal-an-die-Friedl.-Revolution-180x180.png 180w, https:\/\/freiheitsdenkmal-leipzig.de\/wp-content\/uploads\/2022\/10\/Kopie-von-Vorlage-Denkmal-an-die-Friedl.-Revolution-705x705.png 705w\" sizes=\"(max-width: 1080px) 100vw, 1080px\" \/><\/div><\/div><\/div><\/div>\n<div  class='hr av-av_hr-bc943783b13769b99750b884f593b94d hr-default  avia-builder-el-394  el_after_av_one_third  el_before_av_three_fourth'><span class='hr-inner'><span class=\"hr-inner-style\"><\/span><\/span><\/div>\n\n<style type=\"text\/css\" data-created_by=\"avia_inline_auto\" id=\"style-css-av-av_three_fourth-dcf4f2429ee228350485e8ab1b5d3fc9\">\n.flex_column.av-av_three_fourth-dcf4f2429ee228350485e8ab1b5d3fc9{\nwidth:74.75%;\nborder-radius:0px 0px 0px 0px;\npadding:0px 0px 0px 0px;\n}\n<\/style>\n<div  class='flex_column av-av_three_fourth-dcf4f2429ee228350485e8ab1b5d3fc9 av_three_fourth  avia-builder-el-395  el_after_av_hr  el_before_av_hr  first flex_column_div av-zero-column-padding'     ><section  class='av_textblock_section av-av_textblock-2af844281454f6b633b3eae0dd4dd55e'   itemscope=\"itemscope\" itemtype=\"https:\/\/schema.org\/CreativeWork\" ><div class='avia_textblock'  itemprop=\"text\" ><h4>04.10.2022<\/h4>\n<h4><em><strong>Filmvorf\u00fchrung: \u201eFritzi \u2013 eine Wendewundergeschichte\u201c<\/strong><\/em><\/h4>\n<p>Im Rahmen des <strong>Lichtfests<\/strong> zeigen wir in der DenkmalWerkstatt am Sonntag, den 9.9.2022, um 11 und um 14 Uhr:<\/p>\n<p><strong>\u201eFritzi \u2013 eine Wendewundergeschichte\u201c<\/strong><br \/>\nFilmvorf\u00fchrung f\u00fcr Kinder und Familien<\/p>\n<p><em> Die 12-j\u00e4hrige Leipzigerin Fritzi will die Sommerferien 1989 eigentlich mit ihrer besten Freundin Sophie verbringen. Diese f\u00e4hrt jedoch mit ihren Eltern in den Urlaub nach Ungarn und bittet Fritzi, solange auf ihren Hund Sputnik aufzupassen. Als Sophie nach den Ferien nicht wieder in die Schule kommt, erf\u00e4hrt Fritzi, dass sie mit ihrer Familie in den Westen geflohen ist, und beschlie\u00dft, Sophie Sputnik zur\u00fcckzubringen. Sie beginnt, sich mit den Gr\u00fcnden f\u00fcr die Flucht auseinanderzusetzen, und nimmt fortan an den Montagsdemonstrationen f\u00fcr Freiheit und offene Grenzen teil. Ber\u00fchrend erz\u00e4hlt der Film \u201eFritzi \u2013 eine Wendewundergeschichte\u201c, basierend auf dem gleichnamigen Buch von Hanna Schott, die Ereignisse des Herbstes \u00a0\u00a0\u030189 aus der Sicht eines Kindes und vermittelt authentisch, warum die Menschen damals auf die Stra\u00dfe gingen.<\/em><br \/>\n<em>F\u00fcr Kinder ab 8 Jahre. Eintritt frei<br \/>\n<\/em><\/p>\n<p>Das <strong><a href=\"https:\/\/freiheitsdenkmal-leipzig.de\/wp-content\/uploads\/2022\/10\/LF_2022_Programm_9.Oktober.pdf\" target=\"_blank\" rel=\"noopener\">Lichtfest-Programm finden Sie hier<\/a><\/strong>.<\/p>\n<\/div><\/section><\/div>\n<div  class='hr av-av_hr-bc943783b13769b99750b884f593b94d hr-default  avia-builder-el-397  el_after_av_three_fourth  el_before_av_three_fourth'><span class='hr-inner'><span class=\"hr-inner-style\"><\/span><\/span><\/div>\n\n<style type=\"text\/css\" data-created_by=\"avia_inline_auto\" id=\"style-css-av-av_three_fourth-dcf4f2429ee228350485e8ab1b5d3fc9\">\n.flex_column.av-av_three_fourth-dcf4f2429ee228350485e8ab1b5d3fc9{\nwidth:74.75%;\nborder-radius:0px 0px 0px 0px;\npadding:0px 0px 0px 0px;\n}\n<\/style>\n<div  class='flex_column av-av_three_fourth-dcf4f2429ee228350485e8ab1b5d3fc9 av_three_fourth  avia-builder-el-398  el_after_av_hr  el_before_av_hr  first flex_column_div av-zero-column-padding'     ><section  class='av_textblock_section av-av_textblock-2af844281454f6b633b3eae0dd4dd55e'   itemscope=\"itemscope\" itemtype=\"https:\/\/schema.org\/CreativeWork\" ><div class='avia_textblock'  itemprop=\"text\" ><h4>04.10.2022<\/h4>\n<h4><span class=\"_aacl _aaco _aacu _aacx _aad7 _aade\">Werkstatt-Caf\u00e9 am 6. Oktober<\/span><\/h4>\n<p><span class=\"_aacl _aaco _aacu _aacx _aad7 _aade\">Wir laden am 6.10.2022 von 15 bis ca. 17 Uhr zum Werkstatt-Caf\u00e9 in die DenkmalWerkstatt, Kupfergasse 2 ein.<\/span><\/p>\n<p>Es gibt Kaffee, Kuchen, hoffentlich interessante Gespr\u00e4che &#8211; und die Gelegenheit einen Blick auf unsere Fotoausstellung &#8222;Die Kamera war immer dabei&#8220; zu werfen.<br \/>\nWir freuen uns auf Ihren Besuch!<\/p>\n<\/div><\/section><\/div>\n<div  class='hr av-av_hr-bc943783b13769b99750b884f593b94d hr-default  avia-builder-el-400  el_after_av_three_fourth  el_before_av_two_third'><span class='hr-inner'><span class=\"hr-inner-style\"><\/span><\/span><\/div>\n<div class='flex_column_table av-av_two_third-f673098910fbc5ac2bdad5d11d897266 sc-av_two_third av-equal-height-column-flextable'>\n<style type=\"text\/css\" data-created_by=\"avia_inline_auto\" id=\"style-css-av-av_two_third-f673098910fbc5ac2bdad5d11d897266\">\n.flex_column.av-av_two_third-f673098910fbc5ac2bdad5d11d897266{\nwidth:66.333333333333%;\nmargin-left:0;\nborder-radius:0px 0px 0px 0px;\npadding:0px 0px 0px 0px;\n}\n#top .flex_column_table.av-equal-height-column-flextable.av-av_two_third-f673098910fbc5ac2bdad5d11d897266 .av-flex-placeholder{\nwidth:1%;\n}\n<\/style>\n<div  class='flex_column av-av_two_third-f673098910fbc5ac2bdad5d11d897266 av_two_third  avia-builder-el-401  el_after_av_hr  el_before_av_one_fourth  first flex_column_table_cell av-equal-height-column av-align-middle av-zero-column-padding'     ><section  class='av_textblock_section av-av_textblock-2af844281454f6b633b3eae0dd4dd55e'   itemscope=\"itemscope\" itemtype=\"https:\/\/schema.org\/CreativeWork\" ><div class='avia_textblock'  itemprop=\"text\" ><h4>03.10.2022<\/h4>\n<h4><span class=\"_aacl _aaco _aacu _aacx _aad7 _aade\">92 Prozent <\/span><span class=\"_aacl _aaco _aacu _aacx _aad7 _aade\">der deutschen Wahlberechtigten finden<\/span><span class=\"_aacl _aaco _aacu _aacx _aad7 _aade\">: Wiedervereinigung war richtig<\/span><\/h4>\n<p><span class=\"_aacl _aaco _aacu _aacx _aad7 _aade\">Obwohl f\u00fcr 57 Prozent der Wahlberechtigten in Ost-Deutschland laut ZDF Politbarometer* immer noch die Unterschiede zwischen Ost und West \u00fcberwiegen (im Westen \u00fcberwiegen f\u00fcr 57 Prozent die Gemeinsamkeiten), wird die deutsche Wiedervereinigung heute nach 32 Jahren als alternativlos angesehen.<br \/>\nEine sehr gro\u00dfen Mehrheit von 92 Prozent der Befragten in Ost und West findet, dass die Wiedervereinigung der beiden deutschen Staaten richtig war.<\/span><\/p>\n<p><span class=\"_aacl _aaco _aacu _aacx _aad7 _aade\">Das hier abgebildetet &#8222;Denkmal&#8220;-Motiv ist \u00fcbrigens Teil unserer Kampagne mit der Berliner Agentur <a href=\"https:\/\/tinkerbelle-werbeagentur.de\/\" target=\"_blank\" rel=\"noopener\"><strong>Tinkerbelle <\/strong><\/a> &#8211; und zusammen mit drei weiteren Motiven als Postkarte <\/span><span class=\"_aacl _aaco _aacu _aacx _aad7 _aade\">kostenlos <\/span><span class=\"_aacl _aaco _aacu _aacx _aad7 _aade\">in der Denkmalwerkstatt Kupfergasse 2 verf\u00fcgbar.<\/span><\/p>\n<p>*<em>Die Umfrage zum Politbarometer wurde Zeit vom 27. bis 29. September 2022 von der Mannheimer Forschungsgruppe Wahlen durchgef\u00fchrt und ist repr\u00e4sentativ f\u00fcr die wahlberechtigte Bev\u00f6lkerung in Deutschland.<\/em><\/p>\n<\/div><\/section><\/div>\n<div class='av-flex-placeholder'><\/div>\n<style type=\"text\/css\" data-created_by=\"avia_inline_auto\" id=\"style-css-av-av_one_fourth-838c76ee294fa093a17e94dc54512b24\">\n.flex_column.av-av_one_fourth-838c76ee294fa093a17e94dc54512b24{\nwidth:24.25%;\nmargin-left:0;\n}\n#top .flex_column_table.av-equal-height-column-flextable.av-av_one_fourth-838c76ee294fa093a17e94dc54512b24 .av-flex-placeholder{\nwidth:1%;\n}\n<\/style>\n<div  class='flex_column av-av_one_fourth-838c76ee294fa093a17e94dc54512b24 av_one_fourth  avia-builder-el-403  el_after_av_two_third  el_before_av_hr  flex_column_table_cell av-equal-height-column av-align-middle'     ><style type=\"text\/css\" data-created_by=\"avia_inline_auto\" id=\"style-css-av-av_image-5aa1a819689619aa61af525ddaa43586\">\n.avia-image-container.av-av_image-5aa1a819689619aa61af525ddaa43586 img.avia_image{\nbox-shadow:none;\n}\n.avia-image-container.av-av_image-5aa1a819689619aa61af525ddaa43586 .av-image-caption-overlay-center{\ncolor:#ffffff;\n}\n<\/style>\n<div  class='avia-image-container av-av_image-5aa1a819689619aa61af525ddaa43586 av-styling- avia-align-center  avia-builder-el-404  avia-builder-el-no-sibling'   itemprop=\"image\" itemscope=\"itemscope\" itemtype=\"https:\/\/schema.org\/ImageObject\" ><div class=\"avia-image-container-inner\"><div class=\"avia-image-overlay-wrap\"><img decoding=\"async\" fetchpriority=\"high\" class='wp-image-3176 avia-img-lazy-loading-not-3176 avia_image' src=\"https:\/\/freiheitsdenkmal-leipzig.de\/wp-content\/uploads\/2022\/10\/Vorlage-Denkmal-an-Wiedervereinigung.png\" alt='' title='Vorlage Denkmal an Wiedervereinigung'  height=\"1080\" width=\"1080\"  itemprop=\"thumbnailUrl\" srcset=\"https:\/\/freiheitsdenkmal-leipzig.de\/wp-content\/uploads\/2022\/10\/Vorlage-Denkmal-an-Wiedervereinigung.png 1080w, https:\/\/freiheitsdenkmal-leipzig.de\/wp-content\/uploads\/2022\/10\/Vorlage-Denkmal-an-Wiedervereinigung-300x300.png 300w, https:\/\/freiheitsdenkmal-leipzig.de\/wp-content\/uploads\/2022\/10\/Vorlage-Denkmal-an-Wiedervereinigung-1030x1030.png 1030w, https:\/\/freiheitsdenkmal-leipzig.de\/wp-content\/uploads\/2022\/10\/Vorlage-Denkmal-an-Wiedervereinigung-80x80.png 80w, https:\/\/freiheitsdenkmal-leipzig.de\/wp-content\/uploads\/2022\/10\/Vorlage-Denkmal-an-Wiedervereinigung-768x768.png 768w, https:\/\/freiheitsdenkmal-leipzig.de\/wp-content\/uploads\/2022\/10\/Vorlage-Denkmal-an-Wiedervereinigung-36x36.png 36w, https:\/\/freiheitsdenkmal-leipzig.de\/wp-content\/uploads\/2022\/10\/Vorlage-Denkmal-an-Wiedervereinigung-180x180.png 180w, https:\/\/freiheitsdenkmal-leipzig.de\/wp-content\/uploads\/2022\/10\/Vorlage-Denkmal-an-Wiedervereinigung-705x705.png 705w\" sizes=\"(max-width: 1080px) 100vw, 1080px\" \/><\/div><\/div><\/div><\/div><\/div><!--close column table wrapper. Autoclose: 1 -->\n<div  class='hr av-av_hr-bc943783b13769b99750b884f593b94d hr-default  avia-builder-el-405  el_after_av_one_fourth  el_before_av_three_fifth'><span class='hr-inner'><span class=\"hr-inner-style\"><\/span><\/span><\/div>\n<div class='flex_column_table av-av_three_fifth-f673098910fbc5ac2bdad5d11d897266 sc-av_three_fifth av-equal-height-column-flextable'>\n<style type=\"text\/css\" data-created_by=\"avia_inline_auto\" id=\"style-css-av-av_three_fifth-f673098910fbc5ac2bdad5d11d897266\">\n.flex_column.av-av_three_fifth-f673098910fbc5ac2bdad5d11d897266{\nwidth:59.6%;\nmargin-left:0;\nborder-radius:0px 0px 0px 0px;\npadding:0px 0px 0px 0px;\n}\n#top .flex_column_table.av-equal-height-column-flextable.av-av_three_fifth-f673098910fbc5ac2bdad5d11d897266 .av-flex-placeholder{\nwidth:1%;\n}\n<\/style>\n<div  class='flex_column av-av_three_fifth-f673098910fbc5ac2bdad5d11d897266 av_three_fifth  avia-builder-el-406  el_after_av_hr  el_before_av_one_third  first flex_column_table_cell av-equal-height-column av-align-middle av-zero-column-padding'     ><section  class='av_textblock_section av-av_textblock-2af844281454f6b633b3eae0dd4dd55e'   itemscope=\"itemscope\" itemtype=\"https:\/\/schema.org\/CreativeWork\" ><div class='avia_textblock'  itemprop=\"text\" ><h4>27.09.2022<\/h4>\n<h4><strong><span class=\"_aacl _aaco _aacu _aacx _aad7 _aade\"><span class=\"_aacl _aaco _aacu _aacx _aad7 _aade\">Ausstellungser\u00f6ffnung Fotoausstellung &#8222;Die Kamera war immer dabei&#8220;<\/span><\/span><\/strong><\/h4>\n<h4><\/h4>\n<p><span class=\"_aacl _aaco _aacu _aacx _aad7 _aade\">Gestern Abend war Ausstellungser\u00f6ffnung in der Denkmalwerkstatt &#8211; mit gro\u00dfem Interesse und sehr guter Stimmung.<\/span><\/p>\n<p><span class=\"_aacl _aaco _aacu _aacx _aad7 _aade\">Wenn Sie die Er\u00f6ffnung verpasst haben, die Ausstellung &#8222;Die Kamera war immer dabei&#8220; aber gerne sehen m\u00f6chten, kommen Sie einfach Montag bis Donnerstag von 14 &#8211; 17 Uhr in der Kupfergasse 2 vorbei oder vereinbaren Sie <\/span><span class=\"_aacl _aaco _aacu _aacx _aad7 _aade\">telefonisch: 0341 22566004 oder per Mail: denkmal@stiftung-fr.de einen Besuch. <\/span><\/p>\n<\/div><\/section><\/div>\n<div class='av-flex-placeholder'><\/div>\n<style type=\"text\/css\" data-created_by=\"avia_inline_auto\" id=\"style-css-av-av_one_third-838c76ee294fa093a17e94dc54512b24\">\n.flex_column.av-av_one_third-838c76ee294fa093a17e94dc54512b24{\nwidth:32.666666666667%;\nmargin-left:0;\n}\n#top .flex_column_table.av-equal-height-column-flextable.av-av_one_third-838c76ee294fa093a17e94dc54512b24 .av-flex-placeholder{\nwidth:1%;\n}\n<\/style>\n<div  class='flex_column av-av_one_third-838c76ee294fa093a17e94dc54512b24 av_one_third  avia-builder-el-408  el_after_av_three_fifth  el_before_av_hr  flex_column_table_cell av-equal-height-column av-align-middle'     ><div  class='avia-slideshow av-av_slideshow-fbdad58fa39811729f1a3b2569283a0e avia-slideshow-gallery av_slideshow avia-slide-slider  avia-builder-el-409  avia-builder-el-no-sibling  av-slideshow-ui av-control-default av-slideshow-manual av-loop-once av-loop-manual-endless av-default-height-applied avia-slideshow-17' data-slideshow-options=\"{&quot;animation&quot;:&quot;slide&quot;,&quot;autoplay&quot;:false,&quot;loop_autoplay&quot;:&quot;once&quot;,&quot;interval&quot;:5,&quot;loop_manual&quot;:&quot;manual-endless&quot;,&quot;autoplay_stopper&quot;:false,&quot;noNavigation&quot;:false,&quot;bg_slider&quot;:false,&quot;keep_padding&quot;:false,&quot;hoverpause&quot;:false,&quot;show_slide_delay&quot;:0}\"  itemprop=\"image\" itemscope=\"itemscope\" itemtype=\"https:\/\/schema.org\/ImageObject\" ><ul class='avia-slideshow-inner' style='padding-bottom: 80.94674556213%;'><li  class='avia-slideshow-slide av-av_slideshow-fbdad58fa39811729f1a3b2569283a0e__0  slide-1 slide-odd'><div data-rel='slideshow-17' class='avia-slide-wrap'   ><img decoding=\"async\" fetchpriority=\"high\" class=\"wp-image-3159 avia-img-lazy-loading-not-3159\"  src=\"https:\/\/freiheitsdenkmal-leipzig.de\/wp-content\/uploads\/2022\/09\/20220926_173429-beschn-845x684.jpg\" width=\"845\" height=\"684\" title='20220926_173429-beschn' alt=''  itemprop=\"thumbnailUrl\" srcset=\"https:\/\/freiheitsdenkmal-leipzig.de\/wp-content\/uploads\/2022\/09\/20220926_173429-beschn-845x684.jpg 845w, https:\/\/freiheitsdenkmal-leipzig.de\/wp-content\/uploads\/2022\/09\/20220926_173429-beschn-495x400.jpg 495w\" sizes=\"(max-width: 845px) 100vw, 845px\" \/><\/div><\/li><li  class='avia-slideshow-slide av-av_slideshow-fbdad58fa39811729f1a3b2569283a0e__1  slide-2 slide-even'><div data-rel='slideshow-17' class='avia-slide-wrap'   ><img decoding=\"async\" fetchpriority=\"high\" class=\"wp-image-3162 avia-img-lazy-loading-not-3162\"  src=\"https:\/\/freiheitsdenkmal-leipzig.de\/wp-content\/uploads\/2022\/09\/89_11_028_08-845x684.jpg\" width=\"845\" height=\"684\" title='89_11_028_08' alt=''  itemprop=\"thumbnailUrl\" srcset=\"https:\/\/freiheitsdenkmal-leipzig.de\/wp-content\/uploads\/2022\/09\/89_11_028_08-845x684.jpg 845w, https:\/\/freiheitsdenkmal-leipzig.de\/wp-content\/uploads\/2022\/09\/89_11_028_08-495x400.jpg 495w\" sizes=\"(max-width: 845px) 100vw, 845px\" \/><\/div><\/li><li  class='avia-slideshow-slide av-av_slideshow-fbdad58fa39811729f1a3b2569283a0e__2  slide-3 slide-odd'><div data-rel='slideshow-17' class='avia-slide-wrap'   ><img decoding=\"async\" fetchpriority=\"high\" class=\"wp-image-3161 avia-img-lazy-loading-not-3161\"  src=\"https:\/\/freiheitsdenkmal-leipzig.de\/wp-content\/uploads\/2022\/09\/20220926_190818-beschn2-845x684.jpg\" width=\"845\" height=\"684\" title='20220926_190818-beschn2' alt=''  itemprop=\"thumbnailUrl\" srcset=\"https:\/\/freiheitsdenkmal-leipzig.de\/wp-content\/uploads\/2022\/09\/20220926_190818-beschn2-845x684.jpg 845w, https:\/\/freiheitsdenkmal-leipzig.de\/wp-content\/uploads\/2022\/09\/20220926_190818-beschn2-495x400.jpg 495w\" sizes=\"(max-width: 845px) 100vw, 845px\" \/><\/div><\/li><li  class='avia-slideshow-slide av-av_slideshow-fbdad58fa39811729f1a3b2569283a0e__3  slide-4 slide-even'><div data-rel='slideshow-17' class='avia-slide-wrap'   ><img decoding=\"async\" fetchpriority=\"high\" class=\"wp-image-3160 avia-img-lazy-loading-not-3160\"  src=\"https:\/\/freiheitsdenkmal-leipzig.de\/wp-content\/uploads\/2022\/09\/20220926_191057-845x684.jpg\" width=\"845\" height=\"684\" title='20220926_191057' alt=''  itemprop=\"thumbnailUrl\" srcset=\"https:\/\/freiheitsdenkmal-leipzig.de\/wp-content\/uploads\/2022\/09\/20220926_191057-845x684.jpg 845w, https:\/\/freiheitsdenkmal-leipzig.de\/wp-content\/uploads\/2022\/09\/20220926_191057-495x400.jpg 495w\" sizes=\"(max-width: 845px) 100vw, 845px\" \/><\/div><\/li><\/ul><div class='avia-slideshow-arrows avia-slideshow-controls' ><a href='#prev' class='prev-slide' aria-hidden='true' data-av_icon='\ue87c' data-av_iconfont='entypo-fontello'  tabindex='-1'>Previous<\/a><a href='#next' class='next-slide' aria-hidden='true' data-av_icon='\ue87d' data-av_iconfont='entypo-fontello'  tabindex='-1'>Next<\/a><\/div><div class='avia-slideshow-dots avia-slideshow-controls'><a href='#1' class='goto-slide active' >1<\/a><a href='#2' class='goto-slide' >2<\/a><a href='#3' class='goto-slide' >3<\/a><a href='#4' class='goto-slide' >4<\/a><\/div><\/div><\/div><\/div><!--close column table wrapper. Autoclose: 1 -->\n<div  class='hr av-av_hr-bc943783b13769b99750b884f593b94d hr-default  avia-builder-el-410  el_after_av_one_third  el_before_av_two_third'><span class='hr-inner'><span class=\"hr-inner-style\"><\/span><\/span><\/div>\n<div class='flex_column_table av-av_two_third-8c53ffc16b77c83c6433ebd769054b10 sc-av_two_third av-equal-height-column-flextable'>\n<style type=\"text\/css\" data-created_by=\"avia_inline_auto\" id=\"style-css-av-av_two_third-8c53ffc16b77c83c6433ebd769054b10\">\n.flex_column.av-av_two_third-8c53ffc16b77c83c6433ebd769054b10{\nborder-radius:0px 0px 0px 0px;\npadding:0px 0px 0px 0px;\n}\n<\/style>\n<div  class='flex_column av-av_two_third-8c53ffc16b77c83c6433ebd769054b10 av_two_third  avia-builder-el-411  el_after_av_hr  el_before_av_one_third  first no_margin flex_column_table_cell av-equal-height-column av-align-middle av-zero-column-padding'     ><section  class='av_textblock_section av-av_textblock-2af844281454f6b633b3eae0dd4dd55e'   itemscope=\"itemscope\" itemtype=\"https:\/\/schema.org\/CreativeWork\" ><div class='avia_textblock'  itemprop=\"text\" ><h4>20.09.2022<\/h4>\n<h4><strong><span class=\"_aacl _aaco _aacu _aacx _aad7 _aade\"><span class=\"_aacl _aaco _aacu _aacx _aad7 _aade\">Save the Date: 26.9.22, 18 Uhr<\/span><\/span><\/strong><\/h4>\n<h4><strong><span class=\"_aacl _aaco _aacu _aacx _aad7 _aade\"><span class=\"_aacl _aaco _aacu _aacx _aad7 _aade\">Er\u00f6ffnungsfeier unserer Fotoausstellung <\/span><\/span><\/strong>\u201eDie Kamera war immer dabei\u201c: Der Fotograf Eckhard Otto: vom Teilnehmer zum Chronisten der Friedlichen Revolution in Leipzig<\/h4>\n<h4><\/h4>\n<p>Der Diplom-Ingenieur f\u00fcr Informationstechnik <strong>Eckhard Otto<\/strong> (geb. 1952 in Dahlen) ist kein Profi-Fotograf, aber fotografiert leidenschaftlich und gekonnt von Kindheit an, was um ihn herum geschieht.<br \/>\nIm Herbst 1989 geht Eckhard Otto in Leipzig mit vielen anderen mutigen B\u00fcrger:innen f\u00fcr Freiheit und Demokratie auf die Stra\u00dfe \u2013 seine Kamera immer dabei.<br \/>\nDurch Ottos Linse schauen wir mit einem ganz pers\u00f6nlichen Blick auf die Friedliche Revolution im Herbst und Winter 1989\/90 und sehen gleichzeitig deren typische und gro\u00dfen Momente.<\/p>\n<p>Wir freuen uns auf Sie! Am 26. September ab 18 Uhr in der DenkmalWerkstatt, Kupfergasse 2, Leipzig<\/p>\n<\/div><\/section><\/div>\n<div  class='flex_column av-av_one_third-838c76ee294fa093a17e94dc54512b24 av_one_third  avia-builder-el-413  el_after_av_two_third  el_before_av_hr  no_margin flex_column_table_cell av-equal-height-column av-align-middle'     ><style type=\"text\/css\" data-created_by=\"avia_inline_auto\" id=\"style-css-av-av_image-0c57b2a745ce0f2f92b72788592bb3a2\">\n.avia-image-container.av-av_image-0c57b2a745ce0f2f92b72788592bb3a2 img.avia_image{\nbox-shadow:none;\n}\n.avia-image-container.av-av_image-0c57b2a745ce0f2f92b72788592bb3a2 .av-image-caption-overlay-center{\ncolor:#ffffff;\n}\n<\/style>\n<div  class='avia-image-container av-av_image-0c57b2a745ce0f2f92b72788592bb3a2 av-styling- avia-align-center  avia-builder-el-414  avia-builder-el-no-sibling'   itemprop=\"image\" itemscope=\"itemscope\" itemtype=\"https:\/\/schema.org\/ImageObject\" ><div class=\"avia-image-container-inner\"><div class=\"avia-image-overlay-wrap\"><img decoding=\"async\" fetchpriority=\"high\" class='wp-image-3145 avia-img-lazy-loading-not-3145 avia_image' src=\"https:\/\/freiheitsdenkmal-leipzig.de\/wp-content\/uploads\/2022\/09\/89_10_025_20.jpg\" alt='' title='89_10_025_20'  height=\"1200\" width=\"1800\"  itemprop=\"thumbnailUrl\" srcset=\"https:\/\/freiheitsdenkmal-leipzig.de\/wp-content\/uploads\/2022\/09\/89_10_025_20.jpg 1800w, https:\/\/freiheitsdenkmal-leipzig.de\/wp-content\/uploads\/2022\/09\/89_10_025_20-300x200.jpg 300w, https:\/\/freiheitsdenkmal-leipzig.de\/wp-content\/uploads\/2022\/09\/89_10_025_20-1030x687.jpg 1030w, https:\/\/freiheitsdenkmal-leipzig.de\/wp-content\/uploads\/2022\/09\/89_10_025_20-768x512.jpg 768w, https:\/\/freiheitsdenkmal-leipzig.de\/wp-content\/uploads\/2022\/09\/89_10_025_20-1536x1024.jpg 1536w, https:\/\/freiheitsdenkmal-leipzig.de\/wp-content\/uploads\/2022\/09\/89_10_025_20-1500x1000.jpg 1500w, https:\/\/freiheitsdenkmal-leipzig.de\/wp-content\/uploads\/2022\/09\/89_10_025_20-705x470.jpg 705w\" sizes=\"(max-width: 1800px) 100vw, 1800px\" \/><\/div><\/div><\/div><\/div><\/div><!--close column table wrapper. Autoclose: 1 -->\n<div  class='hr av-av_hr-bc943783b13769b99750b884f593b94d hr-default  avia-builder-el-415  el_after_av_one_third  el_before_av_two_third'><span class='hr-inner'><span class=\"hr-inner-style\"><\/span><\/span><\/div>\n<div class='flex_column_table av-av_two_third-8c53ffc16b77c83c6433ebd769054b10 sc-av_two_third av-equal-height-column-flextable'>\n<style type=\"text\/css\" data-created_by=\"avia_inline_auto\" id=\"style-css-av-av_two_third-8c53ffc16b77c83c6433ebd769054b10\">\n.flex_column.av-av_two_third-8c53ffc16b77c83c6433ebd769054b10{\nborder-radius:0px 0px 0px 0px;\npadding:0px 0px 0px 0px;\n}\n<\/style>\n<div  class='flex_column av-av_two_third-8c53ffc16b77c83c6433ebd769054b10 av_two_third  avia-builder-el-416  el_after_av_hr  el_before_av_one_third  first no_margin flex_column_table_cell av-equal-height-column av-align-middle av-zero-column-padding'     ><section  class='av_textblock_section av-av_textblock-2af844281454f6b633b3eae0dd4dd55e'   itemscope=\"itemscope\" itemtype=\"https:\/\/schema.org\/CreativeWork\" ><div class='avia_textblock'  itemprop=\"text\" ><h4>17.09.2022<\/h4>\n<h4><strong><span class=\"_aacl _aaco _aacu _aacx _aad7 _aade\"><span class=\"_aacl _aaco _aacu _aacx _aad7 _aade\">Neu: Infow\u00e4nde in der DenkmalWerkstatt<\/span><\/span><\/strong><\/h4>\n<p>Damit sich unsere Besucher:innen zuk\u00fcnftig in der DenkmalWerkstatt anschaulich \u00fcber geplante Schritte und den Fortschritt des Denkmals informieren k\u00f6nnen, haben wir mit Hilfe von von <a href=\"http:\/\/www.verenaherbst.de\/\" target=\"_blank\" rel=\"noopener\"><strong>Verena Herbst, Illustration <\/strong><\/a>and <a href=\"http:\/\/www.annaihle.de\/\" target=\"_blank\" rel=\"noopener\"><strong>Anna Ihle, Grafikdesign<\/strong><\/a> sowie der Leipziger <a href=\"https:\/\/www.druck-werbung-leipzig.de\/\" target=\"_blank\" rel=\"noopener\"><strong>Druckerei Bechmannn<\/strong><\/a> Infow\u00e4nde gestaltet, die ab sofort in der Kupfergasse 2 zu sehen sind.<\/p>\n<p>Wir freuen uns, wenn Sie vorbeikommen und unsere Infow\u00e4nde begutachten!<\/p>\n<p>PS: Uns gef\u00e4llt&#8217;s sehr!<\/p>\n<div class=\"bg-white dark:bg-dm-shade-darkest lg:py-40 md:py-40 sm:py-32\">\n<div class=\"lg:w-10\/12 md:w-10\/12 lg:mx-auto md:mx-auto lg:px-24 md:px-24 sm:px-16\">\n<div class=\"font-sansUI lg:text-base md:text-base sm:text-s text-shade-dark dark:text-shade-light\"><\/div>\n<\/div>\n<\/div>\n<div class=\"row\">\n<div class=\"colEntry3\">\n<div id=\"vobetreff\" class=\"text1\"><\/div>\n<\/div>\n<\/div>\n<\/div><\/section><\/div>\n<div  class='flex_column av-av_one_third-838c76ee294fa093a17e94dc54512b24 av_one_third  avia-builder-el-418  el_after_av_two_third  el_before_av_hr  no_margin flex_column_table_cell av-equal-height-column av-align-middle'     ><style type=\"text\/css\" data-created_by=\"avia_inline_auto\" id=\"style-css-av-av_image-3ad9b45ccd5b7214b600b05187069fe9\">\n.avia-image-container.av-av_image-3ad9b45ccd5b7214b600b05187069fe9 img.avia_image{\nbox-shadow:none;\n}\n.avia-image-container.av-av_image-3ad9b45ccd5b7214b600b05187069fe9 .av-image-caption-overlay-center{\ncolor:#ffffff;\n}\n<\/style>\n<div  class='avia-image-container av-av_image-3ad9b45ccd5b7214b600b05187069fe9 av-styling- avia-align-center  avia-builder-el-419  avia-builder-el-no-sibling'   itemprop=\"image\" itemscope=\"itemscope\" itemtype=\"https:\/\/schema.org\/ImageObject\" ><div class=\"avia-image-container-inner\"><div class=\"avia-image-overlay-wrap\"><img decoding=\"async\" fetchpriority=\"high\" class='wp-image-3126 avia-img-lazy-loading-not-3126 avia_image' src=\"https:\/\/freiheitsdenkmal-leipzig.de\/wp-content\/uploads\/2022\/09\/IMG_3013.jpg\" alt='' title='IMG_3013'  height=\"1200\" width=\"1600\"  itemprop=\"thumbnailUrl\" srcset=\"https:\/\/freiheitsdenkmal-leipzig.de\/wp-content\/uploads\/2022\/09\/IMG_3013.jpg 1600w, https:\/\/freiheitsdenkmal-leipzig.de\/wp-content\/uploads\/2022\/09\/IMG_3013-300x225.jpg 300w, https:\/\/freiheitsdenkmal-leipzig.de\/wp-content\/uploads\/2022\/09\/IMG_3013-1030x773.jpg 1030w, https:\/\/freiheitsdenkmal-leipzig.de\/wp-content\/uploads\/2022\/09\/IMG_3013-768x576.jpg 768w, https:\/\/freiheitsdenkmal-leipzig.de\/wp-content\/uploads\/2022\/09\/IMG_3013-1536x1152.jpg 1536w, https:\/\/freiheitsdenkmal-leipzig.de\/wp-content\/uploads\/2022\/09\/IMG_3013-1500x1125.jpg 1500w, https:\/\/freiheitsdenkmal-leipzig.de\/wp-content\/uploads\/2022\/09\/IMG_3013-705x529.jpg 705w\" sizes=\"(max-width: 1600px) 100vw, 1600px\" \/><\/div><\/div><\/div><\/div><\/div><!--close column table wrapper. Autoclose: 1 -->\n<div  class='hr av-av_hr-bc943783b13769b99750b884f593b94d hr-default  avia-builder-el-420  el_after_av_one_third  el_before_av_two_third'><span class='hr-inner'><span class=\"hr-inner-style\"><\/span><\/span><\/div>\n<div class='flex_column_table av-av_two_third-f673098910fbc5ac2bdad5d11d897266 sc-av_two_third av-equal-height-column-flextable'>\n<style type=\"text\/css\" data-created_by=\"avia_inline_auto\" id=\"style-css-av-av_two_third-f673098910fbc5ac2bdad5d11d897266\">\n.flex_column.av-av_two_third-f673098910fbc5ac2bdad5d11d897266{\nwidth:66.333333333333%;\nmargin-left:0;\nborder-radius:0px 0px 0px 0px;\npadding:0px 0px 0px 0px;\n}\n#top .flex_column_table.av-equal-height-column-flextable.av-av_two_third-f673098910fbc5ac2bdad5d11d897266 .av-flex-placeholder{\nwidth:1%;\n}\n<\/style>\n<div  class='flex_column av-av_two_third-f673098910fbc5ac2bdad5d11d897266 av_two_third  avia-builder-el-421  el_after_av_hr  el_before_av_one_third  first flex_column_table_cell av-equal-height-column av-align-middle av-zero-column-padding'     ><section  class='av_textblock_section av-av_textblock-2af844281454f6b633b3eae0dd4dd55e'   itemscope=\"itemscope\" itemtype=\"https:\/\/schema.org\/CreativeWork\" ><div class='avia_textblock'  itemprop=\"text\" ><h4>15.09.2022<\/h4>\n<h4><strong><span class=\"_aacl _aaco _aacu _aacx _aad7 _aade\">15. September: Tag der Demokratie<\/span><\/strong><\/h4>\n<p><span class=\"_aacl _aaco _aacu _aacx _aad7 _aade\"> Heute, am 15. September ist der Internationalen Tag der Demokratie, so haben es die Vereinten Nationen 2007 festgelegt.<\/span><\/p>\n<p>Nach mehr als drei Jahrzehnten Demokratie in der wiedervereinigten Bundesrepublik Deutschland scheint uns diese Staatsform vielleicht sehr sicher, aber Deutschland hat in der j\u00fcngeren Geschichte bereits zwei Diktaturen aushalten m\u00fcssen. Und erlebt z. Z. eine zunehmende Polarisierung in Teilen der Gesellschaft, die demokratische Grunds\u00e4tze, wie die Bereitschaft andere Meinungen zu akzeptieren, Kompromisse auszuhalten und Vielfalt zu tolerieren, z. T. in Frage stellt.<br \/>\nDie Demokratie braucht uns also, denn sie muss von allen gestaltet werden und gelingt nur durch die Mitwirkung ihrer B\u00fcrger:innen: in der Politik, aber auch in der Zivilgesellschaft, in Vereinen, Familien, am Arbeitsplatz und in der Schule.<\/p>\n<p><strong>In Leipzig<\/strong> kann man den Demokratie-Tag \u00fcbrigens am Samstag, den 17. September erleben. In der Leipziger Innenstadt geben dann ab 13 Uhr verschiedene Ensembles des Gewandhausorchesters und ihre G\u00e4ste \u00f6ffentliche Konzerte. Und von 16.30 bis 19 Uhr sind alle Interessierten zu Gespr\u00e4chsrunden ins Hauptfoyer des Gewandhauses eingeladen. Der Eintritt ist frei<\/p>\n<header data-area=\"intro\">\n<div class=\"bg-white dark:bg-dm-shade-darkest lg:py-40 md:py-40 sm:py-32\">\n<div class=\"lg:w-10\/12 md:w-10\/12 lg:mx-auto md:mx-auto lg:px-24 md:px-24 sm:px-16\">\n<div class=\"font-sansUI lg:text-base md:text-base sm:text-s text-shade-dark dark:text-shade-light\"><\/div>\n<\/div>\n<\/div>\n<\/header>\n<div class=\"row\">\n<div class=\"colEntry3\">\n<div id=\"vobetreff\" class=\"text1\"><\/div>\n<\/div>\n<\/div>\n<\/div><\/section><\/div>\n<div class='av-flex-placeholder'><\/div>\n<style type=\"text\/css\" data-created_by=\"avia_inline_auto\" id=\"style-css-av-av_one_third-da96da739660b6b934442608d703944a\">\n.flex_column.av-av_one_third-da96da739660b6b934442608d703944a{\nwidth:32.666666666667%;\nmargin-left:0;\nborder-radius:0px 0px 0px 0px;\npadding:0px 0px 0px 0px;\n}\n#top .flex_column_table.av-equal-height-column-flextable.av-av_one_third-da96da739660b6b934442608d703944a .av-flex-placeholder{\nwidth:1%;\n}\n<\/style>\n<div  class='flex_column av-av_one_third-da96da739660b6b934442608d703944a av_one_third  avia-builder-el-423  el_after_av_two_third  el_before_av_hr  flex_column_table_cell av-equal-height-column av-align-middle av-zero-column-padding'     ><section  class='av_textblock_section av-av_textblock-e878f05c31dff72941bf1e49a00d9ff5'   itemscope=\"itemscope\" itemtype=\"https:\/\/schema.org\/CreativeWork\" ><div class='avia_textblock'  itemprop=\"text\" ><blockquote>\n<p><span class=\"_aacl _aaco _aacu _aacx _aad7 _aade\">\u00a0\u00a0\u00a0\u00a0\u00a0\u00a0\u00a0\u00a0\u00a0 &#8222;Alle Staatsgewalt geht vom Volke aus.&#8220;\u00a0<\/span><em><span class=\"_aacl _aaco _aacu _aacx _aad7 _aade\"> Art. 20 GG<\/span><\/em><\/p>\n<p>&#8222;Demokratie ist die schlechteste aller Regierungsformen &#8211; abgesehen von all\u00a0 den anderen Formen, die von Zeit zu Zeit ausprobiert worden sind.&#8220; <em>Winston Churchill<\/em><\/p>\n<\/blockquote>\n<\/div><\/section><\/div><\/div><!--close column table wrapper. Autoclose: 1 -->\n<div  class='hr av-av_hr-bc943783b13769b99750b884f593b94d hr-default  avia-builder-el-425  el_after_av_one_third  el_before_av_four_fifth'><span class='hr-inner'><span class=\"hr-inner-style\"><\/span><\/span><\/div>\n\n<style type=\"text\/css\" data-created_by=\"avia_inline_auto\" id=\"style-css-av-av_four_fifth-cfbd4b229d0f1898573d5e9a51c993f0\">\n.flex_column.av-av_four_fifth-cfbd4b229d0f1898573d5e9a51c993f0{\nborder-radius:0px 0px 0px 0px;\npadding:0px 0px 0px 0px;\n}\n<\/style>\n<div  class='flex_column av-av_four_fifth-cfbd4b229d0f1898573d5e9a51c993f0 av_four_fifth  avia-builder-el-426  el_after_av_hr  el_before_av_hr  first no_margin flex_column_div av-zero-column-padding'     ><section  class='av_textblock_section av-av_textblock-2af844281454f6b633b3eae0dd4dd55e'   itemscope=\"itemscope\" itemtype=\"https:\/\/schema.org\/CreativeWork\" ><div class='avia_textblock'  itemprop=\"text\" ><h4>8.09.2022<\/h4>\n<h4><strong><span class=\"_aacl _aaco _aacu _aacx _aad7 _aade\">Tag des Offenen Denkmals und Werkstatt-Caf\u00e9<\/span><\/strong><\/h4>\n<p>2022 wird der Tag des offenen Denkmals am 11. September in Leipzig er\u00f6ffnet. Als gastgebende Stadt gibt Leipzig das Startsignal in Richtung\u00a0 zahlreicher Denkm\u00e4ler und Denkmal-Events, die an diesem Tag interessierten B\u00fcrger:innen bundesweit offen stehen \u2013 viele davon nur dieses eine Mal im Jahr.<\/p>\n<p>Das <strong>Freiheits- und Einheitsdenkmal in Leipzig<\/strong> ist in diesem Jahr nat\u00fcrlich noch nicht mit dabei \u2013 sein Baustart ist ja erst f\u00fcr Oktober 2024 geplant. Und vorher gibt es noch viel zu tun, aktuell etwa die Besetzung von Findungskommission und Wettbewerbsjury.<br \/>\nStatt zum Tag des offenen Denkmals laden wir aber alle Interessierten ein, uns in unserem <strong>monatlichen Werkstatt-Caf\u00e9<\/strong> zu besuchen \u2013 immer am ersten Donnerstag des Monats von 15 bis 17 Uhr in der DenkmalWerkstatt, Kupfergasse 2, Leipzig.<br \/>\nWir freuen uns, wenn Sie mit unserem Denkmal-Team Kaffee und Kuchen genie\u00dfen, ins Gespr\u00e4ch kommen und sich dabei \u00fcber den aktuellen Stand des Denkmals informieren k\u00f6nnen.<\/p>\n<p>Die n\u00e4chsten Werkstatt-Caf\u00e9-Termine: 6. Oktober, 3. November und 1. Dezember 2022.<\/p>\n<header data-area=\"intro\">\n<div class=\"bg-white dark:bg-dm-shade-darkest lg:py-40 md:py-40 sm:py-32\">\n<div class=\"lg:w-10\/12 md:w-10\/12 lg:mx-auto md:mx-auto lg:px-24 md:px-24 sm:px-16\">\n<div class=\"font-sansUI lg:text-base md:text-base sm:text-s text-shade-dark dark:text-shade-light\"><\/div>\n<\/div>\n<\/div>\n<\/header>\n<div class=\"row\">\n<div class=\"colEntry3\">\n<div id=\"vobetreff\" class=\"text1\"><\/div>\n<\/div>\n<\/div>\n<\/div><\/section><\/div>\n<div  class='hr av-av_hr-bc943783b13769b99750b884f593b94d hr-default  avia-builder-el-428  el_after_av_four_fifth  el_before_av_two_third'><span class='hr-inner'><span class=\"hr-inner-style\"><\/span><\/span><\/div>\n<div class='flex_column_table av-av_two_third-8c53ffc16b77c83c6433ebd769054b10 sc-av_two_third av-equal-height-column-flextable'>\n<style type=\"text\/css\" data-created_by=\"avia_inline_auto\" id=\"style-css-av-av_two_third-8c53ffc16b77c83c6433ebd769054b10\">\n.flex_column.av-av_two_third-8c53ffc16b77c83c6433ebd769054b10{\nborder-radius:0px 0px 0px 0px;\npadding:0px 0px 0px 0px;\n}\n<\/style>\n<div  class='flex_column av-av_two_third-8c53ffc16b77c83c6433ebd769054b10 av_two_third  avia-builder-el-429  el_after_av_hr  el_before_av_one_third  first no_margin flex_column_table_cell av-equal-height-column av-align-middle av-zero-column-padding'     ><section  class='av_textblock_section av-av_textblock-2af844281454f6b633b3eae0dd4dd55e'   itemscope=\"itemscope\" itemtype=\"https:\/\/schema.org\/CreativeWork\" ><div class='avia_textblock'  itemprop=\"text\" ><h4>31.08.2022<\/h4>\n<h4><strong><span class=\"_aacl _aaco _aacu _aacx _aad7 _aade\">Probeh\u00e4ngung<\/span><\/strong><\/h4>\n<p><span class=\"_aacl _aaco _aacu _aacx _aad7 _aade\"> Mit Unterst\u00fctzung von Anna Ihle, Grafikdesign und Verena Herbst, Illustration wird in den n\u00e4chsten Wochen in der DenkmalWerkstatt eine Infowand entstehen, die bereits erfolgte und zuk\u00fcnftige Schritte des Denkmalsprozesses abbildet.<br \/>\nWir hoffen, dass unsere Besucher:innen so ganz einfach einen guten \u00dcberblick \u00fcber den Stand des Denkmals gewinnen k\u00f6nnen.<\/span><br \/>\nUnsere \u00d6ffnungszeiten sind: Dienstag und Donnerstag von 14 -17 Uhr sowie nach Vereinbarung unter <a href=\"mailto:denkmal@stiftung-fr.de\">denkmal@stiftung-fr.de <\/a>oder 0341 22566004.<\/p>\n<header data-area=\"intro\">\n<div class=\"bg-white dark:bg-dm-shade-darkest lg:py-40 md:py-40 sm:py-32\">\n<div class=\"lg:w-10\/12 md:w-10\/12 lg:mx-auto md:mx-auto lg:px-24 md:px-24 sm:px-16\">\n<div class=\"font-sansUI lg:text-base md:text-base sm:text-s text-shade-dark dark:text-shade-light\"><\/div>\n<\/div>\n<\/div>\n<\/header>\n<div class=\"row\">\n<div class=\"colEntry3\">\n<div id=\"vobetreff\" class=\"text1\"><\/div>\n<\/div>\n<\/div>\n<\/div><\/section><\/div>\n\n<style type=\"text\/css\" data-created_by=\"avia_inline_auto\" id=\"style-css-av-av_one_third-da96da739660b6b934442608d703944a\">\n.flex_column.av-av_one_third-da96da739660b6b934442608d703944a{\nborder-radius:0px 0px 0px 0px;\npadding:0px 0px 0px 0px;\n}\n<\/style>\n<div  class='flex_column av-av_one_third-da96da739660b6b934442608d703944a av_one_third  avia-builder-el-431  el_after_av_two_third  el_before_av_hr  no_margin flex_column_table_cell av-equal-height-column av-align-middle av-zero-column-padding'     ><style type=\"text\/css\" data-created_by=\"avia_inline_auto\" id=\"style-css-av-av_image-33f551d01810f4c3b4f9c462b2a8f6ca\">\n.avia-image-container.av-av_image-33f551d01810f4c3b4f9c462b2a8f6ca img.avia_image{\nbox-shadow:none;\n}\n.avia-image-container.av-av_image-33f551d01810f4c3b4f9c462b2a8f6ca .av-image-caption-overlay-center{\ncolor:#ffffff;\n}\n<\/style>\n<div  class='avia-image-container av-av_image-33f551d01810f4c3b4f9c462b2a8f6ca av-styling- avia-align-center  avia-builder-el-432  avia-builder-el-no-sibling'   itemprop=\"image\" itemscope=\"itemscope\" itemtype=\"https:\/\/schema.org\/ImageObject\" ><div class=\"avia-image-container-inner\"><div class=\"avia-image-overlay-wrap\"><img decoding=\"async\" fetchpriority=\"high\" class='wp-image-3077 avia-img-lazy-loading-not-3077 avia_image' src=\"https:\/\/freiheitsdenkmal-leipzig.de\/wp-content\/uploads\/2022\/08\/Infowand-300x300.jpg\" alt='' title='Infowand'  height=\"300\" width=\"300\"  itemprop=\"thumbnailUrl\" srcset=\"https:\/\/freiheitsdenkmal-leipzig.de\/wp-content\/uploads\/2022\/08\/Infowand-300x300.jpg 300w, https:\/\/freiheitsdenkmal-leipzig.de\/wp-content\/uploads\/2022\/08\/Infowand-1030x1030.jpg 1030w, https:\/\/freiheitsdenkmal-leipzig.de\/wp-content\/uploads\/2022\/08\/Infowand-80x80.jpg 80w, https:\/\/freiheitsdenkmal-leipzig.de\/wp-content\/uploads\/2022\/08\/Infowand-768x768.jpg 768w, https:\/\/freiheitsdenkmal-leipzig.de\/wp-content\/uploads\/2022\/08\/Infowand-36x36.jpg 36w, https:\/\/freiheitsdenkmal-leipzig.de\/wp-content\/uploads\/2022\/08\/Infowand-180x180.jpg 180w, https:\/\/freiheitsdenkmal-leipzig.de\/wp-content\/uploads\/2022\/08\/Infowand-1500x1500.jpg 1500w, https:\/\/freiheitsdenkmal-leipzig.de\/wp-content\/uploads\/2022\/08\/Infowand-705x705.jpg 705w, https:\/\/freiheitsdenkmal-leipzig.de\/wp-content\/uploads\/2022\/08\/Infowand.jpg 1512w\" sizes=\"(max-width: 300px) 100vw, 300px\" \/><\/div><\/div><\/div><\/div><\/div><!--close column table wrapper. Autoclose: 1 -->\n<div  class='hr av-av_hr-bc943783b13769b99750b884f593b94d hr-default  avia-builder-el-433  el_after_av_one_third  el_before_av_two_third'><span class='hr-inner'><span class=\"hr-inner-style\"><\/span><\/span><\/div>\n<div class='flex_column_table av-av_two_third-8c53ffc16b77c83c6433ebd769054b10 sc-av_two_third av-equal-height-column-flextable'>\n<style type=\"text\/css\" data-created_by=\"avia_inline_auto\" id=\"style-css-av-av_two_third-8c53ffc16b77c83c6433ebd769054b10\">\n.flex_column.av-av_two_third-8c53ffc16b77c83c6433ebd769054b10{\nborder-radius:0px 0px 0px 0px;\npadding:0px 0px 0px 0px;\n}\n<\/style>\n<div  class='flex_column av-av_two_third-8c53ffc16b77c83c6433ebd769054b10 av_two_third  avia-builder-el-434  el_after_av_hr  el_before_av_one_third  first no_margin flex_column_table_cell av-equal-height-column av-align-middle av-zero-column-padding'     ><section  class='av_textblock_section av-av_textblock-2af844281454f6b633b3eae0dd4dd55e'   itemscope=\"itemscope\" itemtype=\"https:\/\/schema.org\/CreativeWork\" ><div class='avia_textblock'  itemprop=\"text\" ><h4>22.08.2022<\/h4>\n<h4><strong>Im Vorfeld der Friedlichen Revolution:<br \/>\n<\/strong><\/h4>\n<h4><strong>&#8222;Wir brauchen die Demokratie wie die Luft zum Atmen&#8220;<\/strong><strong><br \/>\n<\/strong><\/h4>\n<p>Als Protest gegen die Inhaftierung der Gegendemonstranten auf der Luxemburg \/ Liebknecht-Demonstration in Berlin schrieb der B\u00fcrgerrechtler <strong>J\u00fcrgen Tallig<\/strong> mit drei Freunden in der Nacht vom 4. auf den 5. Februar 1988 mit roter Farbe Forderungen nach mehr Demokratie im Fu\u00dfg\u00e4ngertunnel am Leipziger Wilhelm-Leuschner-Platz an die Wand.<br \/>\nBereits um 5.30 Uhr wurde der Tunnel gesperrt und die Staatssicherheit begann zu ermitteln. Zwei Tagen sp\u00e4ter kursierte in Leipzig eine &#8218;Stellungnahme&#8216;, die den Inhalt und die Forderungen hinter den Wandprotesten im Fu\u00dfg\u00e4ngertunnel beschrieb. Am 15. Februar wird J\u00fcrgen Tallig beim Verteilen der Flugbl\u00e4tter festgenommen und drei Monate sp\u00e4ter zu einer Geldstrafe verurteilt.<br \/>\nIn der Folge kam zu es im Sommer &#8217;88 zu Verwerfungen zwischen der evangelischen Kirche der DDR und mit J\u00fcrgen Tallig solidarischen kirchlichen Basisgruppen.<br \/>\nJ\u00fcrgen Tallig wurde Mitbegr\u00fcnder der Gruppe \u201eNeues Denken\u201c beim Kulturbund 1988 sowie Mitbegr\u00fcnder des Neuen Forums in Leipzig.<\/p>\n<header data-area=\"intro\">\n<div class=\"bg-white dark:bg-dm-shade-darkest lg:py-40 md:py-40 sm:py-32\">\n<div class=\"lg:w-10\/12 md:w-10\/12 lg:mx-auto md:mx-auto lg:px-24 md:px-24 sm:px-16\">\n<div class=\"font-sansUI lg:text-base md:text-base sm:text-s text-shade-dark dark:text-shade-light\"><\/div>\n<\/div>\n<\/div>\n<\/header>\n<div class=\"row\">\n<div class=\"colEntry3\">\n<div id=\"vobetreff\" class=\"text1\"><\/div>\n<\/div>\n<\/div>\n<\/div><\/section><\/div>\n\n<style type=\"text\/css\" data-created_by=\"avia_inline_auto\" id=\"style-css-av-av_one_third-da96da739660b6b934442608d703944a\">\n.flex_column.av-av_one_third-da96da739660b6b934442608d703944a{\nborder-radius:0px 0px 0px 0px;\npadding:0px 0px 0px 0px;\n}\n<\/style>\n<div  class='flex_column av-av_one_third-da96da739660b6b934442608d703944a av_one_third  avia-builder-el-436  el_after_av_two_third  el_before_av_hr  no_margin flex_column_table_cell av-equal-height-column av-align-middle av-zero-column-padding'     ><style type=\"text\/css\" data-created_by=\"avia_inline_auto\" id=\"style-css-av-av_image-8e54171065d13128a43841af6c417fff\">\n.avia-image-container.av-av_image-8e54171065d13128a43841af6c417fff img.avia_image{\nbox-shadow:none;\n}\n.avia-image-container.av-av_image-8e54171065d13128a43841af6c417fff .av-image-caption-overlay-center{\ncolor:#ffffff;\n}\n<\/style>\n<div  class='avia-image-container av-av_image-8e54171065d13128a43841af6c417fff av-styling- avia-align-center  avia-builder-el-437  avia-builder-el-no-sibling'   itemprop=\"image\" itemscope=\"itemscope\" itemtype=\"https:\/\/schema.org\/ImageObject\" ><div class=\"avia-image-container-inner\"><div class=\"avia-image-overlay-wrap\"><img decoding=\"async\" fetchpriority=\"high\" class='wp-image-3049 avia-img-lazy-loading-not-3049 avia_image' src=\"https:\/\/freiheitsdenkmal-leipzig.de\/wp-content\/uploads\/2022\/08\/demokratie-tallig-website-288x300.png\" alt='' title='demokratie-tallig-website'  height=\"300\" width=\"288\"  itemprop=\"thumbnailUrl\" srcset=\"https:\/\/freiheitsdenkmal-leipzig.de\/wp-content\/uploads\/2022\/08\/demokratie-tallig-website-288x300.png 288w, https:\/\/freiheitsdenkmal-leipzig.de\/wp-content\/uploads\/2022\/08\/demokratie-tallig-website-990x1030.png 990w, https:\/\/freiheitsdenkmal-leipzig.de\/wp-content\/uploads\/2022\/08\/demokratie-tallig-website-768x799.png 768w, https:\/\/freiheitsdenkmal-leipzig.de\/wp-content\/uploads\/2022\/08\/demokratie-tallig-website-678x705.png 678w, https:\/\/freiheitsdenkmal-leipzig.de\/wp-content\/uploads\/2022\/08\/demokratie-tallig-website.png 1423w\" sizes=\"(max-width: 288px) 100vw, 288px\" \/><\/div><\/div><\/div><\/div><\/div><!--close column table wrapper. Autoclose: 1 -->\n<div  class='hr av-av_hr-bc943783b13769b99750b884f593b94d hr-default  avia-builder-el-438  el_after_av_one_third  el_before_av_four_fifth'><span class='hr-inner'><span class=\"hr-inner-style\"><\/span><\/span><\/div>\n\n<style type=\"text\/css\" data-created_by=\"avia_inline_auto\" id=\"style-css-av-av_four_fifth-82ee3d22ad4f5522a60d9769b5d829b0\">\n.flex_column.av-av_four_fifth-82ee3d22ad4f5522a60d9769b5d829b0{\nwidth:79.2%;\nborder-radius:0px 0px 0px 0px;\npadding:0px 0px 0px 0px;\n}\n<\/style>\n<div  class='flex_column av-av_four_fifth-82ee3d22ad4f5522a60d9769b5d829b0 av_four_fifth  avia-builder-el-439  el_after_av_hr  el_before_av_hr  first flex_column_div av-zero-column-padding'     ><section  class='av_textblock_section av-av_textblock-e878f05c31dff72941bf1e49a00d9ff5'   itemscope=\"itemscope\" itemtype=\"https:\/\/schema.org\/CreativeWork\" ><div class='avia_textblock'  itemprop=\"text\" ><h4>08.08.2022<\/h4>\n<h4><strong>DenkmalWerkstatt erst ab 15. August wieder ge\u00f6ffnet<\/strong><\/h4>\n<p>Krankheitsbedingt m\u00fcssen wir unsere Sommerpause leider bis zum 15. August verl\u00e4ngern.<\/p>\n<p>Wenn Sie einen Besuchstermin f\u00fcr die Ausstellung \u201eLeipziger Beataufstand auf den Leipziger Wilhelm-Leuschner-Platz &#8211; All you need is beat\u201c vereinbaren m\u00f6chten, schreiben Sie uns bitte eine Mail an: <a href=\"mailto:taureck@stiftung-fr.de\">taureck@stiftung-fr.de<\/a>.<\/p>\n<p><span class=\"_aacl _aaco _aacu _aacx _aad7 _aade\">Von einem Filmteam begleitet, haben wir heute in der Kupfergasse mit dem Fotografen Eckhard Otto intensiv an der Bildausswahl f\u00fcr unsere Fotoausstellung im September in der DenkmalWerkstatt gearbeitet.<\/span><\/p>\n<header data-area=\"intro\">\n<div class=\"bg-white dark:bg-dm-shade-darkest lg:py-40 md:py-40 sm:py-32\">\n<div class=\"lg:w-10\/12 md:w-10\/12 lg:mx-auto md:mx-auto lg:px-24 md:px-24 sm:px-16\">\n<div class=\"font-sansUI lg:text-base md:text-base sm:text-s text-shade-dark dark:text-shade-light\"><\/div>\n<\/div>\n<\/div>\n<\/header>\n<div class=\"row\">\n<div class=\"colEntry3\">\n<div id=\"vobetreff\" class=\"text1\"><\/div>\n<\/div>\n<\/div>\n<\/div><\/section><\/div>\n<div  class='hr av-av_hr-bc943783b13769b99750b884f593b94d hr-default  avia-builder-el-441  el_after_av_four_fifth  el_before_av_three_fifth'><span class='hr-inner'><span class=\"hr-inner-style\"><\/span><\/span><\/div>\n<div class='flex_column_table av-av_three_fifth-f673098910fbc5ac2bdad5d11d897266 sc-av_three_fifth av-equal-height-column-flextable'>\n<style type=\"text\/css\" data-created_by=\"avia_inline_auto\" id=\"style-css-av-av_three_fifth-f673098910fbc5ac2bdad5d11d897266\">\n.flex_column.av-av_three_fifth-f673098910fbc5ac2bdad5d11d897266{\nwidth:59.6%;\nmargin-left:0;\nborder-radius:0px 0px 0px 0px;\npadding:0px 0px 0px 0px;\n}\n#top .flex_column_table.av-equal-height-column-flextable.av-av_three_fifth-f673098910fbc5ac2bdad5d11d897266 .av-flex-placeholder{\nwidth:1%;\n}\n<\/style>\n<div  class='flex_column av-av_three_fifth-f673098910fbc5ac2bdad5d11d897266 av_three_fifth  avia-builder-el-442  el_after_av_hr  el_before_av_two_fifth  first flex_column_table_cell av-equal-height-column av-align-middle av-zero-column-padding'     ><section  class='av_textblock_section av-av_textblock-e878f05c31dff72941bf1e49a00d9ff5'   itemscope=\"itemscope\" itemtype=\"https:\/\/schema.org\/CreativeWork\" ><div class='avia_textblock'  itemprop=\"text\" ><h4>18.07.2022<\/h4>\n<h4>Urlaub in der DenkmalWerkstatt<\/h4>\n<p><span class=\"_aacl _aaco _aacu _aacx _aad7 _aade\">Das Team der DenkmalWerkstatt macht Urlaub vom 19. Juli bis 15. August.<\/span><\/p>\n<p>Nach unserer Sommerpause freuen wir uns sehr darauf darauf, Sie wieder in der Kupfergasse 2 zu begr\u00fc\u00dfen!<\/p>\n<p><span class=\"_aacl _aaco _aacu _aacx _aad7 _aade\">\u00dcbrigens: Die Laufzeit der Ausstellung \u201eLeipziger Beataufstand auf den Leipziger Wilhelm-Leuschner-Platz &#8211; All you need is beat\u201c wurde verl\u00e4ngert und ist nach der Sommerpause\u00a0 Mo \u2013 Do von 14 -18 h in der DenkmalWerkstatt Kupfergasse 2 zu sehen. <\/span><\/p>\n<p>Sie k\u00f6nnen uns gerne auch zwischendurch schon eine Mail schreiben, auf die wir Ihnen dann ab dem 15.8. sehr gerne antworten: <a href=\"mailto:denkmal@stiftung-fr.de\">denkmal@stiftung-fr.de<\/a><\/p>\n<header data-area=\"intro\">\n<div class=\"bg-white dark:bg-dm-shade-darkest lg:py-40 md:py-40 sm:py-32\">\n<div class=\"lg:w-10\/12 md:w-10\/12 lg:mx-auto md:mx-auto lg:px-24 md:px-24 sm:px-16\">\n<div class=\"font-sansUI lg:text-base md:text-base sm:text-s text-shade-dark dark:text-shade-light\"><\/div>\n<\/div>\n<\/div>\n<\/header>\n<div class=\"row\">\n<div class=\"colEntry3\">\n<div id=\"vobetreff\" class=\"text1\"><\/div>\n<\/div>\n<\/div>\n<\/div><\/section><\/div>\n<div class='av-flex-placeholder'><\/div>\n<style type=\"text\/css\" data-created_by=\"avia_inline_auto\" id=\"style-css-av-av_two_fifth-d06667205e6186ec8414c6eb7605d406\">\n.flex_column.av-av_two_fifth-d06667205e6186ec8414c6eb7605d406{\nwidth:39.4%;\nmargin-left:0;\n}\n#top .flex_column_table.av-equal-height-column-flextable.av-av_two_fifth-d06667205e6186ec8414c6eb7605d406 .av-flex-placeholder{\nwidth:1%;\n}\n<\/style>\n<div  class='flex_column av-av_two_fifth-d06667205e6186ec8414c6eb7605d406 av_two_fifth  avia-builder-el-444  el_after_av_three_fifth  el_before_av_hr  flex_column_table_cell av-equal-height-column av-align-middle'     ><style type=\"text\/css\" data-created_by=\"avia_inline_auto\" id=\"style-css-av-av_image-271309ea53dff9e59119927bbb6440de\">\n.avia-image-container.av-av_image-271309ea53dff9e59119927bbb6440de img.avia_image{\nbox-shadow:none;\n}\n.avia-image-container.av-av_image-271309ea53dff9e59119927bbb6440de .av-image-caption-overlay-center{\ncolor:#ffffff;\n}\n<\/style>\n<div  class='avia-image-container av-av_image-271309ea53dff9e59119927bbb6440de av-styling- avia-align-center  avia-builder-el-445  avia-builder-el-no-sibling'   itemprop=\"image\" itemscope=\"itemscope\" itemtype=\"https:\/\/schema.org\/ImageObject\" ><div class=\"avia-image-container-inner\"><div class=\"avia-image-overlay-wrap\"><img decoding=\"async\" fetchpriority=\"high\" class='wp-image-2984 avia-img-lazy-loading-not-2984 avia_image' src=\"https:\/\/freiheitsdenkmal-leipzig.de\/wp-content\/uploads\/2022\/07\/denkmal-macht-urlaub.png\" alt='' title='denkmal-macht-urlaub'  height=\"254\" width=\"240\"  itemprop=\"thumbnailUrl\"  \/><\/div><\/div><\/div><\/div><\/div><!--close column table wrapper. Autoclose: 1 -->\n<div  class='hr av-av_hr-bc943783b13769b99750b884f593b94d hr-default  avia-builder-el-446  el_after_av_two_fifth  el_before_av_three_fifth'><span class='hr-inner'><span class=\"hr-inner-style\"><\/span><\/span><\/div>\n<div class='flex_column_table av-av_three_fifth-12f343abde7506964f7bedd5762a1981 sc-av_three_fifth av-equal-height-column-flextable'>\n<style type=\"text\/css\" data-created_by=\"avia_inline_auto\" id=\"style-css-av-av_three_fifth-12f343abde7506964f7bedd5762a1981\">\n.flex_column.av-av_three_fifth-12f343abde7506964f7bedd5762a1981{\nwidth:58.4%;\nmargin-left:0;\nborder-radius:0px 0px 0px 0px;\npadding:0px 0px 0px 0px;\n}\n#top .flex_column_table.av-equal-height-column-flextable.av-av_three_fifth-12f343abde7506964f7bedd5762a1981 .av-flex-placeholder{\nwidth:4%;\n}\n<\/style>\n<div  class='flex_column av-av_three_fifth-12f343abde7506964f7bedd5762a1981 av_three_fifth  avia-builder-el-447  el_after_av_hr  el_before_av_one_third  first flex_column_table_cell av-equal-height-column av-align-top av-zero-column-padding'     ><section  class='av_textblock_section av-av_textblock-e878f05c31dff72941bf1e49a00d9ff5'   itemscope=\"itemscope\" itemtype=\"https:\/\/schema.org\/CreativeWork\" ><div class='avia_textblock'  itemprop=\"text\" ><h4>15.07.2022<\/h4>\n<h4>Nach der Ausstellung ist vor der Ausstellung &#8230;<\/h4>\n<p><span class=\"_aacl _aaco _aacu _aacx _aad7 _aade\">Von einem Filmteam begleitet, haben wir heute in der Kupfergasse mit dem Fotografen Eckhard Otto intensiv an der Bildausswahl f\u00fcr unsere Fotoausstellung im September in der DenkmalWerkstatt gearbeitet.<\/span><\/p>\n<header data-area=\"intro\">\n<div class=\"bg-white dark:bg-dm-shade-darkest lg:py-40 md:py-40 sm:py-32\">\n<div class=\"lg:w-10\/12 md:w-10\/12 lg:mx-auto md:mx-auto lg:px-24 md:px-24 sm:px-16\">\n<div class=\"font-sansUI lg:text-base md:text-base sm:text-s text-shade-dark dark:text-shade-light\"><\/div>\n<\/div>\n<\/div>\n<\/header>\n<div class=\"row\">\n<div class=\"colEntry3\">\n<div id=\"vobetreff\" class=\"text1\"><\/div>\n<\/div>\n<\/div>\n<\/div><\/section><\/div>\n<div class='av-flex-placeholder'><\/div>\n<style type=\"text\/css\" data-created_by=\"avia_inline_auto\" id=\"style-css-av-av_one_third-d06667205e6186ec8414c6eb7605d406\">\n.flex_column.av-av_one_third-d06667205e6186ec8414c6eb7605d406{\nwidth:30.666666666667%;\nmargin-left:0;\n}\n#top .flex_column_table.av-equal-height-column-flextable.av-av_one_third-d06667205e6186ec8414c6eb7605d406 .av-flex-placeholder{\nwidth:4%;\n}\n<\/style>\n<div  class='flex_column av-av_one_third-d06667205e6186ec8414c6eb7605d406 av_one_third  avia-builder-el-449  el_after_av_three_fifth  el_before_av_hr  flex_column_table_cell av-equal-height-column av-align-top'     ><div  class='avia-slideshow av-av_slideshow-160669950078ee39cbb408ef1e09e7d0 avia-slideshow-masonry av_slideshow avia-slide-slider  avia-builder-el-450  avia-builder-el-no-sibling  av-slideshow-ui av-control-default av-slideshow-manual av-loop-once av-loop-manual-endless av-default-height-applied avia-slideshow-18' data-slideshow-options=\"{&quot;animation&quot;:&quot;slide&quot;,&quot;autoplay&quot;:false,&quot;loop_autoplay&quot;:&quot;once&quot;,&quot;interval&quot;:5,&quot;loop_manual&quot;:&quot;manual-endless&quot;,&quot;autoplay_stopper&quot;:false,&quot;noNavigation&quot;:false,&quot;bg_slider&quot;:false,&quot;keep_padding&quot;:false,&quot;hoverpause&quot;:false,&quot;show_slide_delay&quot;:0}\"  itemprop=\"image\" itemscope=\"itemscope\" itemtype=\"https:\/\/schema.org\/ImageObject\" ><ul class='avia-slideshow-inner' style='padding-bottom: 100%;'><li  class='avia-slideshow-slide av-av_slideshow-160669950078ee39cbb408ef1e09e7d0__0  slide-1 slide-odd'><div data-rel='slideshow-18' class='avia-slide-wrap'   ><img decoding=\"async\" fetchpriority=\"high\" class=\"wp-image-2974 avia-img-lazy-loading-not-2974\"  src=\"https:\/\/freiheitsdenkmal-leipzig.de\/wp-content\/uploads\/2022\/07\/20220715_123722-705x705.jpg\" width=\"705\" height=\"705\" title='20220715_123722' alt=''  itemprop=\"thumbnailUrl\" srcset=\"https:\/\/freiheitsdenkmal-leipzig.de\/wp-content\/uploads\/2022\/07\/20220715_123722-705x705.jpg 705w, https:\/\/freiheitsdenkmal-leipzig.de\/wp-content\/uploads\/2022\/07\/20220715_123722-300x300.jpg 300w, https:\/\/freiheitsdenkmal-leipzig.de\/wp-content\/uploads\/2022\/07\/20220715_123722-1028x1030.jpg 1028w, https:\/\/freiheitsdenkmal-leipzig.de\/wp-content\/uploads\/2022\/07\/20220715_123722-80x80.jpg 80w, https:\/\/freiheitsdenkmal-leipzig.de\/wp-content\/uploads\/2022\/07\/20220715_123722-1533x1536.jpg 1533w, https:\/\/freiheitsdenkmal-leipzig.de\/wp-content\/uploads\/2022\/07\/20220715_123722-2044x2048.jpg 2044w, https:\/\/freiheitsdenkmal-leipzig.de\/wp-content\/uploads\/2022\/07\/20220715_123722-36x36.jpg 36w, https:\/\/freiheitsdenkmal-leipzig.de\/wp-content\/uploads\/2022\/07\/20220715_123722-180x180.jpg 180w, https:\/\/freiheitsdenkmal-leipzig.de\/wp-content\/uploads\/2022\/07\/20220715_123722-1497x1500.jpg 1497w\" sizes=\"(max-width: 705px) 100vw, 705px\" \/><\/div><\/li><li  class='avia-slideshow-slide av-av_slideshow-160669950078ee39cbb408ef1e09e7d0__1  slide-2 slide-even'><div data-rel='slideshow-18' class='avia-slide-wrap'   ><img decoding=\"async\" fetchpriority=\"high\" class=\"wp-image-2975 avia-img-lazy-loading-not-2975\"  src=\"https:\/\/freiheitsdenkmal-leipzig.de\/wp-content\/uploads\/2022\/07\/20220715_123749-705x705.jpg\" width=\"705\" height=\"705\" title='20220715_123749' alt=''  itemprop=\"thumbnailUrl\" srcset=\"https:\/\/freiheitsdenkmal-leipzig.de\/wp-content\/uploads\/2022\/07\/20220715_123749-705x705.jpg 705w, https:\/\/freiheitsdenkmal-leipzig.de\/wp-content\/uploads\/2022\/07\/20220715_123749-300x300.jpg 300w, https:\/\/freiheitsdenkmal-leipzig.de\/wp-content\/uploads\/2022\/07\/20220715_123749-1030x1028.jpg 1030w, https:\/\/freiheitsdenkmal-leipzig.de\/wp-content\/uploads\/2022\/07\/20220715_123749-80x80.jpg 80w, https:\/\/freiheitsdenkmal-leipzig.de\/wp-content\/uploads\/2022\/07\/20220715_123749-768x767.jpg 768w, https:\/\/freiheitsdenkmal-leipzig.de\/wp-content\/uploads\/2022\/07\/20220715_123749-1536x1533.jpg 1536w, https:\/\/freiheitsdenkmal-leipzig.de\/wp-content\/uploads\/2022\/07\/20220715_123749-2048x2045.jpg 2048w, https:\/\/freiheitsdenkmal-leipzig.de\/wp-content\/uploads\/2022\/07\/20220715_123749-36x36.jpg 36w, https:\/\/freiheitsdenkmal-leipzig.de\/wp-content\/uploads\/2022\/07\/20220715_123749-180x180.jpg 180w, https:\/\/freiheitsdenkmal-leipzig.de\/wp-content\/uploads\/2022\/07\/20220715_123749-1500x1497.jpg 1500w\" sizes=\"(max-width: 705px) 100vw, 705px\" \/><\/div><\/li><\/ul><div class='avia-slideshow-arrows avia-slideshow-controls' ><a href='#prev' class='prev-slide' aria-hidden='true' data-av_icon='\ue87c' data-av_iconfont='entypo-fontello'  tabindex='-1'>Previous<\/a><a href='#next' class='next-slide' aria-hidden='true' data-av_icon='\ue87d' data-av_iconfont='entypo-fontello'  tabindex='-1'>Next<\/a><\/div><div class='avia-slideshow-dots avia-slideshow-controls'><a href='#1' class='goto-slide active' >1<\/a><a href='#2' class='goto-slide' >2<\/a><\/div><\/div><\/div><\/div><!--close column table wrapper. Autoclose: 1 -->\n<div  class='hr av-av_hr-bc943783b13769b99750b884f593b94d hr-default  avia-builder-el-451  el_after_av_one_third  el_before_av_two_third'><span class='hr-inner'><span class=\"hr-inner-style\"><\/span><\/span><\/div>\n<div class='flex_column_table av-av_two_third-f673098910fbc5ac2bdad5d11d897266 sc-av_two_third av-equal-height-column-flextable'>\n<style type=\"text\/css\" data-created_by=\"avia_inline_auto\" id=\"style-css-av-av_two_third-f673098910fbc5ac2bdad5d11d897266\">\n.flex_column.av-av_two_third-f673098910fbc5ac2bdad5d11d897266{\nwidth:66.333333333333%;\nmargin-left:0;\nborder-radius:0px 0px 0px 0px;\npadding:0px 0px 0px 0px;\n}\n#top .flex_column_table.av-equal-height-column-flextable.av-av_two_third-f673098910fbc5ac2bdad5d11d897266 .av-flex-placeholder{\nwidth:1%;\n}\n<\/style>\n<div  class='flex_column av-av_two_third-f673098910fbc5ac2bdad5d11d897266 av_two_third  avia-builder-el-452  el_after_av_hr  el_before_av_one_third  first flex_column_table_cell av-equal-height-column av-align-middle av-zero-column-padding'     ><section  class='av_textblock_section av-av_textblock-e878f05c31dff72941bf1e49a00d9ff5'   itemscope=\"itemscope\" itemtype=\"https:\/\/schema.org\/CreativeWork\" ><div class='avia_textblock'  itemprop=\"text\" ><h4>13.07.2022<\/h4>\n<h4>Finissage &#8222;All you need is beat&#8220;<\/h4>\n<p>Zur gestrigen Finissage in der DenkmalWerkstatt bot Ausstellungsmacher Michael Wildt dem Publikum mit seinem Vortrag interessante Einblicke in die Jugend-Musik-Kultur der DDR in den 1950er bis 80er Jahren und speziell zum Beataufstand auf dem Wilhelm-Leuschner-Platz. Dem Wunsch der Jungen \u201eihre\u201c Musik zu h\u00f6ren, standen die erbitterten staatlichen Zwangsma\u00dfnahmen gegen\u00fcber, mit denen die Machthabenden die jungen Beatfans \u00fcberzogen.<\/p>\n<p>Buchautorin und Kulturwissenschaftlerin Yvonne Liebing erg\u00e4nzte den \u00dcberblick um die Perspektive des Musikers Klaus Renft zu H\u00f6hen und Tiefen der Karriere der \u201eKlaus Renft Combo\u201c alias \u201eThe Butlers\u201c alias \u201eRenft\u201c in der DDR. Liebing zeichnete ein Musikerleben zwischen Einfallsreichtum und st\u00e4ndiger Auseinandersetzung mit der Zensur.<\/p>\n<p>Beim Rundgang durch die Ausstellung mit Interessierten begegnete Ausstellungsmacher Michael Wildt auf die Wandtafeln der Beat-Ausstellung erneut seinem jugendlichen Ich von 1973. Und Finissage-Gast Carola Lisson stand wieder vor ihrer sensationellen Weihnachtspost von Elvis Presley, die die DDR-Zensur aus r\u00e4tselhaften Gr\u00fcnden \u00fcberstanden hatte.<\/p>\n<p>Die Ausstellung ist noch morgen ge\u00f6ffnet und nach einer Pause vom 19.7. bis 8.8. wieder bis zum 15. August.<\/p>\n<header data-area=\"intro\">\n<div class=\"bg-white dark:bg-dm-shade-darkest lg:py-40 md:py-40 sm:py-32\">\n<div class=\"lg:w-10\/12 md:w-10\/12 lg:mx-auto md:mx-auto lg:px-24 md:px-24 sm:px-16\">\n<div class=\"font-sansUI lg:text-base md:text-base sm:text-s text-shade-dark dark:text-shade-light\"><\/div>\n<\/div>\n<\/div>\n<\/header>\n<div class=\"row\">\n<div class=\"colEntry3\">\n<div id=\"vobetreff\" class=\"text1\"><\/div>\n<\/div>\n<\/div>\n<\/div><\/section><\/div>\n<div class='av-flex-placeholder'><\/div>\n<style type=\"text\/css\" data-created_by=\"avia_inline_auto\" id=\"style-css-av-av_one_third-af44946952b955d70d1d53d06ba9b06b\">\n.flex_column.av-av_one_third-af44946952b955d70d1d53d06ba9b06b{\nwidth:32.666666666667%;\nmargin-left:0;\npadding:10px 10px 10px 10px;\nheight:auto;\nmin-height:250px;\n}\n#top .flex_column_table.av-equal-height-column-flextable.av-av_one_third-af44946952b955d70d1d53d06ba9b06b .av-flex-placeholder{\nwidth:1%;\n}\n<\/style>\n<div  class='flex_column av-av_one_third-af44946952b955d70d1d53d06ba9b06b av_one_third  avia-builder-el-454  el_after_av_two_third  el_before_av_hr  flex_column_table_cell av-equal-height-column av-align-middle'     ><div  class='avia-slideshow av-av_slideshow-160669950078ee39cbb408ef1e09e7d0 avia-slideshow-masonry av_slideshow avia-slide-slider  avia-builder-el-455  avia-builder-el-no-sibling  av-slideshow-ui av-control-default av-slideshow-manual av-loop-once av-loop-manual-endless av-default-height-applied avia-slideshow-19' data-slideshow-options=\"{&quot;animation&quot;:&quot;slide&quot;,&quot;autoplay&quot;:false,&quot;loop_autoplay&quot;:&quot;once&quot;,&quot;interval&quot;:5,&quot;loop_manual&quot;:&quot;manual-endless&quot;,&quot;autoplay_stopper&quot;:false,&quot;noNavigation&quot;:false,&quot;bg_slider&quot;:false,&quot;keep_padding&quot;:false,&quot;hoverpause&quot;:false,&quot;show_slide_delay&quot;:0}\"  itemprop=\"image\" itemscope=\"itemscope\" itemtype=\"https:\/\/schema.org\/ImageObject\" ><ul class='avia-slideshow-inner' style='padding-bottom: 100%;'><li  class='avia-slideshow-slide av-av_slideshow-160669950078ee39cbb408ef1e09e7d0__0  slide-1 slide-odd'><div data-rel='slideshow-19' class='avia-slide-wrap'   ><img decoding=\"async\" fetchpriority=\"high\" class=\"wp-image-2974 avia-img-lazy-loading-not-2974\"  src=\"https:\/\/freiheitsdenkmal-leipzig.de\/wp-content\/uploads\/2022\/07\/20220715_123722-705x705.jpg\" width=\"705\" height=\"705\" title='20220715_123722' alt=''  itemprop=\"thumbnailUrl\" srcset=\"https:\/\/freiheitsdenkmal-leipzig.de\/wp-content\/uploads\/2022\/07\/20220715_123722-705x705.jpg 705w, https:\/\/freiheitsdenkmal-leipzig.de\/wp-content\/uploads\/2022\/07\/20220715_123722-300x300.jpg 300w, https:\/\/freiheitsdenkmal-leipzig.de\/wp-content\/uploads\/2022\/07\/20220715_123722-1028x1030.jpg 1028w, https:\/\/freiheitsdenkmal-leipzig.de\/wp-content\/uploads\/2022\/07\/20220715_123722-80x80.jpg 80w, https:\/\/freiheitsdenkmal-leipzig.de\/wp-content\/uploads\/2022\/07\/20220715_123722-1533x1536.jpg 1533w, https:\/\/freiheitsdenkmal-leipzig.de\/wp-content\/uploads\/2022\/07\/20220715_123722-2044x2048.jpg 2044w, https:\/\/freiheitsdenkmal-leipzig.de\/wp-content\/uploads\/2022\/07\/20220715_123722-36x36.jpg 36w, https:\/\/freiheitsdenkmal-leipzig.de\/wp-content\/uploads\/2022\/07\/20220715_123722-180x180.jpg 180w, https:\/\/freiheitsdenkmal-leipzig.de\/wp-content\/uploads\/2022\/07\/20220715_123722-1497x1500.jpg 1497w\" sizes=\"(max-width: 705px) 100vw, 705px\" \/><\/div><\/li><li  class='avia-slideshow-slide av-av_slideshow-160669950078ee39cbb408ef1e09e7d0__1  slide-2 slide-even'><div data-rel='slideshow-19' class='avia-slide-wrap'   ><img decoding=\"async\" fetchpriority=\"high\" class=\"wp-image-2975 avia-img-lazy-loading-not-2975\"  src=\"https:\/\/freiheitsdenkmal-leipzig.de\/wp-content\/uploads\/2022\/07\/20220715_123749-705x705.jpg\" width=\"705\" height=\"705\" title='20220715_123749' alt=''  itemprop=\"thumbnailUrl\" srcset=\"https:\/\/freiheitsdenkmal-leipzig.de\/wp-content\/uploads\/2022\/07\/20220715_123749-705x705.jpg 705w, https:\/\/freiheitsdenkmal-leipzig.de\/wp-content\/uploads\/2022\/07\/20220715_123749-300x300.jpg 300w, https:\/\/freiheitsdenkmal-leipzig.de\/wp-content\/uploads\/2022\/07\/20220715_123749-1030x1028.jpg 1030w, https:\/\/freiheitsdenkmal-leipzig.de\/wp-content\/uploads\/2022\/07\/20220715_123749-80x80.jpg 80w, https:\/\/freiheitsdenkmal-leipzig.de\/wp-content\/uploads\/2022\/07\/20220715_123749-768x767.jpg 768w, https:\/\/freiheitsdenkmal-leipzig.de\/wp-content\/uploads\/2022\/07\/20220715_123749-1536x1533.jpg 1536w, https:\/\/freiheitsdenkmal-leipzig.de\/wp-content\/uploads\/2022\/07\/20220715_123749-2048x2045.jpg 2048w, https:\/\/freiheitsdenkmal-leipzig.de\/wp-content\/uploads\/2022\/07\/20220715_123749-36x36.jpg 36w, https:\/\/freiheitsdenkmal-leipzig.de\/wp-content\/uploads\/2022\/07\/20220715_123749-180x180.jpg 180w, https:\/\/freiheitsdenkmal-leipzig.de\/wp-content\/uploads\/2022\/07\/20220715_123749-1500x1497.jpg 1500w\" sizes=\"(max-width: 705px) 100vw, 705px\" \/><\/div><\/li><\/ul><div class='avia-slideshow-arrows avia-slideshow-controls' ><a href='#prev' class='prev-slide' aria-hidden='true' data-av_icon='\ue87c' data-av_iconfont='entypo-fontello'  tabindex='-1'>Previous<\/a><a href='#next' class='next-slide' aria-hidden='true' data-av_icon='\ue87d' data-av_iconfont='entypo-fontello'  tabindex='-1'>Next<\/a><\/div><div class='avia-slideshow-dots avia-slideshow-controls'><a href='#1' class='goto-slide active' >1<\/a><a href='#2' class='goto-slide' >2<\/a><\/div><\/div><\/div><\/div><!--close column table wrapper. Autoclose: 1 -->\n<div  class='hr av-av_hr-bc943783b13769b99750b884f593b94d hr-default  avia-builder-el-456  el_after_av_one_third  el_before_av_three_fourth'><span class='hr-inner'><span class=\"hr-inner-style\"><\/span><\/span><\/div>\n<div class='flex_column_table av-av_three_fourth-f673098910fbc5ac2bdad5d11d897266 sc-av_three_fourth av-equal-height-column-flextable'>\n<style type=\"text\/css\" data-created_by=\"avia_inline_auto\" id=\"style-css-av-av_three_fourth-f673098910fbc5ac2bdad5d11d897266\">\n.flex_column.av-av_three_fourth-f673098910fbc5ac2bdad5d11d897266{\nwidth:74.75%;\nmargin-left:0;\nborder-radius:0px 0px 0px 0px;\npadding:0px 0px 0px 0px;\n}\n#top .flex_column_table.av-equal-height-column-flextable.av-av_three_fourth-f673098910fbc5ac2bdad5d11d897266 .av-flex-placeholder{\nwidth:1%;\n}\n<\/style>\n<div  class='flex_column av-av_three_fourth-f673098910fbc5ac2bdad5d11d897266 av_three_fourth  avia-builder-el-457  el_after_av_hr  el_before_av_one_fourth  first flex_column_table_cell av-equal-height-column av-align-middle av-zero-column-padding'     ><section  class='av_textblock_section av-av_textblock-e878f05c31dff72941bf1e49a00d9ff5'   itemscope=\"itemscope\" itemtype=\"https:\/\/schema.org\/CreativeWork\" ><div class='avia_textblock'  itemprop=\"text\" ><h4>29.06.2022<\/h4>\n<h4>Verl\u00e4ngerung: Beatausstellung noch bis 15. August in der DenkmalWerkstatt zu sehen<\/h4>\n<p><span class=\"_aacl _aaco _aacu _aacx _aad7 _aade\">Wie die ausgestellten Flugbl\u00e4tter und handgeschriebenen Zettel, die nach der Leipziger Beat-Demo auftauchten, zeigen, lie\u00dfen sich einige Jugendliche auch vom erh\u00f6hten staatlichen Druck nicht davon abhalten, gegen das Verbot ihrer Musik zu protestieren.<br \/>\nDie Mehrheit aber gab dem massiven Druck nach und auch die Protestierenden achteten jetzt darauf, anonym zu bleiben, um nicht in den Blick der Ordnungsmacht zu geraten. <\/span><\/p>\n<p><span class=\"_aacl _aaco _aacu _aacx _aad7 _aade\">Mehr Informationen zur Beat-Demo finden Sie im Spiegel-Artikel <a href=\"https:\/\/www.spiegel.de\/geschichte\/beat-verbot-der-sed-wasserwerfer-gegen-pilzkoepfe-a-1059079.html\" target=\"_blank\" rel=\"noopener\">&#8222;<\/a><\/span><span class=\"block text-primary-base dark:text-dm-primary-base font-sansUI font-bold lg:text-l md:text-l sm:text-base lg:mb-4 md:mb-6 sm:mb-6\">Musikverbot in der DDR <\/span> &#8211; <span class=\"font-brandUI font-extrabold lg:text-7xl md:text-5xl sm:text-4xl leading-tight\"><span class=\"align-middle\">Wasserwerfer gegen Pilzk\u00f6pfe&#8220; von 30.10.2015<\/span>.<\/span><\/p>\n<p><span class=\"_aacl _aaco _aacu _aacx _aad7 _aade\">Die Ausstellung \u201eLeipziger Beataufstand auf den Leipziger Wilhelm-Leuschner-Platz All you need is beat\u201c ist noch bis 15. August von Mo &#8211; Do von 14 -18 h in der DenkmalWerkstatt Kupfergasse 2 zu sehen. (Sommerpause 19.7. &#8211; 8.8.)<br \/>\nZur Finissage am 12.7. 18 Uhr haben wir den Ausstellungsmacher Michael Wildt und die Autorin des Buches \u201eAll you need is beat\u201c Yvonne Liebing eingeladen.<\/span><\/p>\n<header data-area=\"intro\">\n<div class=\"bg-white dark:bg-dm-shade-darkest lg:py-40 md:py-40 sm:py-32\">\n<div class=\"lg:w-10\/12 md:w-10\/12 lg:mx-auto md:mx-auto lg:px-24 md:px-24 sm:px-16\">\n<div class=\"font-sansUI lg:text-base md:text-base sm:text-s text-shade-dark dark:text-shade-light\"><\/div>\n<\/div>\n<\/div>\n<\/header>\n<div class=\"row\">\n<div class=\"colEntry3\">\n<div id=\"vobetreff\" class=\"text1\"><\/div>\n<\/div>\n<\/div>\n<\/div><\/section><\/div>\n<div class='av-flex-placeholder'><\/div>\n<style type=\"text\/css\" data-created_by=\"avia_inline_auto\" id=\"style-css-av-av_one_fourth-d06667205e6186ec8414c6eb7605d406\">\n.flex_column.av-av_one_fourth-d06667205e6186ec8414c6eb7605d406{\nwidth:24.25%;\nmargin-left:0;\n}\n#top .flex_column_table.av-equal-height-column-flextable.av-av_one_fourth-d06667205e6186ec8414c6eb7605d406 .av-flex-placeholder{\nwidth:1%;\n}\n<\/style>\n<div  class='flex_column av-av_one_fourth-d06667205e6186ec8414c6eb7605d406 av_one_fourth  avia-builder-el-459  el_after_av_three_fourth  el_before_av_hr  flex_column_table_cell av-equal-height-column av-align-middle'     ><style type=\"text\/css\" data-created_by=\"avia_inline_auto\" id=\"style-css-av-av_image-51e91d9b32579833ffe649e504c8bf3d\">\n.avia-image-container.av-av_image-51e91d9b32579833ffe649e504c8bf3d img.avia_image{\nbox-shadow:none;\n}\n.avia-image-container.av-av_image-51e91d9b32579833ffe649e504c8bf3d .av-image-caption-overlay-center{\ncolor:#ffffff;\n}\n<\/style>\n<div  class='avia-image-container av-av_image-51e91d9b32579833ffe649e504c8bf3d av-styling- avia-align-center  avia-builder-el-460  avia-builder-el-no-sibling'   itemprop=\"image\" itemscope=\"itemscope\" itemtype=\"https:\/\/schema.org\/ImageObject\" ><div class=\"avia-image-container-inner\"><div class=\"avia-image-overlay-wrap\"><img decoding=\"async\" fetchpriority=\"high\" class='wp-image-2907 avia-img-lazy-loading-not-2907 avia_image' src=\"https:\/\/freiheitsdenkmal-leipzig.de\/wp-content\/uploads\/2022\/06\/IMG_0076-300x300.jpg\" alt='' title='IMG_0076'  height=\"300\" width=\"300\"  itemprop=\"thumbnailUrl\" srcset=\"https:\/\/freiheitsdenkmal-leipzig.de\/wp-content\/uploads\/2022\/06\/IMG_0076-300x300.jpg 300w, https:\/\/freiheitsdenkmal-leipzig.de\/wp-content\/uploads\/2022\/06\/IMG_0076-1030x1030.jpg 1030w, https:\/\/freiheitsdenkmal-leipzig.de\/wp-content\/uploads\/2022\/06\/IMG_0076-80x80.jpg 80w, https:\/\/freiheitsdenkmal-leipzig.de\/wp-content\/uploads\/2022\/06\/IMG_0076-768x768.jpg 768w, https:\/\/freiheitsdenkmal-leipzig.de\/wp-content\/uploads\/2022\/06\/IMG_0076-1536x1536.jpg 1536w, https:\/\/freiheitsdenkmal-leipzig.de\/wp-content\/uploads\/2022\/06\/IMG_0076-2048x2048.jpg 2048w, https:\/\/freiheitsdenkmal-leipzig.de\/wp-content\/uploads\/2022\/06\/IMG_0076-36x36.jpg 36w, https:\/\/freiheitsdenkmal-leipzig.de\/wp-content\/uploads\/2022\/06\/IMG_0076-180x180.jpg 180w, https:\/\/freiheitsdenkmal-leipzig.de\/wp-content\/uploads\/2022\/06\/IMG_0076-1500x1500.jpg 1500w, https:\/\/freiheitsdenkmal-leipzig.de\/wp-content\/uploads\/2022\/06\/IMG_0076-705x705.jpg 705w\" sizes=\"(max-width: 300px) 100vw, 300px\" \/><\/div><\/div><\/div><\/div><\/div><!--close column table wrapper. Autoclose: 1 -->\n<div  class='hr av-av_hr-bc943783b13769b99750b884f593b94d hr-default  avia-builder-el-461  el_after_av_one_fourth  el_before_av_three_fourth'><span class='hr-inner'><span class=\"hr-inner-style\"><\/span><\/span><\/div>\n\n<style type=\"text\/css\" data-created_by=\"avia_inline_auto\" id=\"style-css-av-av_three_fourth-325e8b2f93df41e8b9339cb7a0e918d8\">\n.flex_column.av-av_three_fourth-325e8b2f93df41e8b9339cb7a0e918d8{\nwidth:74.75%;\nborder-radius:0px 0px 0px 0px;\npadding:0px 0px 0px 0px;\n}\n<\/style>\n<div  class='flex_column av-av_three_fourth-325e8b2f93df41e8b9339cb7a0e918d8 av_three_fourth  avia-builder-el-462  el_after_av_hr  el_before_av_hr  first flex_column_div av-zero-column-padding'     ><section  class='av_textblock_section av-av_textblock-e878f05c31dff72941bf1e49a00d9ff5'   itemscope=\"itemscope\" itemtype=\"https:\/\/schema.org\/CreativeWork\" ><div class='avia_textblock'  itemprop=\"text\" ><h4>21.06.2022<\/h4>\n<h4>Einladung zu einem Informations- und Gespr\u00e4chsabend zum Denkmals am 23. Juni<\/h4>\n<p>Wir m\u00f6chten die Best\u00e4tigung des Wettbewerbsverfahrens und des Standorts Wilhelm-Leuschner-Platz durch den Leipziger Stadtrat vom 15. Juni zum Anlass nehmen, um Sie f\u00fcr den 23. Juni, 18 Uhr herzlich\u00a0 zu einem Informations- und Gespr\u00e4chsabend zum Stand des Freiheits- und Einheitsdenkmal in Leipzig in die DenkmalWerkstatt Kupfergasse 2 einzuladen.<\/p>\n<div class=\"row\">\n<div class=\"colEntry3\">\n<div id=\"vobetreff\" class=\"text1\"><\/div>\n<\/div>\n<\/div>\n<\/div><\/section><\/div>\n<div  class='hr av-av_hr-bc943783b13769b99750b884f593b94d hr-default  avia-builder-el-464  el_after_av_three_fourth  el_before_av_three_fourth'><span class='hr-inner'><span class=\"hr-inner-style\"><\/span><\/span><\/div>\n<div class='flex_column_table av-av_three_fourth-663262cea89df2c0db3f3f9bd017cd0d sc-av_three_fourth av-equal-height-column-flextable'>\n<style type=\"text\/css\" data-created_by=\"avia_inline_auto\" id=\"style-css-av-av_three_fourth-663262cea89df2c0db3f3f9bd017cd0d\">\n.flex_column.av-av_three_fourth-663262cea89df2c0db3f3f9bd017cd0d{\nwidth:74.625%;\nmargin-left:0;\nborder-radius:0px 0px 0px 0px;\npadding:0px 0px 0px 0px;\n}\n#top .flex_column_table.av-equal-height-column-flextable.av-av_three_fourth-663262cea89df2c0db3f3f9bd017cd0d .av-flex-placeholder{\nwidth:1.5%;\n}\n<\/style>\n<div  class='flex_column av-av_three_fourth-663262cea89df2c0db3f3f9bd017cd0d av_three_fourth  avia-builder-el-465  el_after_av_hr  el_before_av_one_fourth  first flex_column_table_cell av-equal-height-column av-align-top av-zero-column-padding'     ><section  class='av_textblock_section av-av_textblock-e878f05c31dff72941bf1e49a00d9ff5'   itemscope=\"itemscope\" itemtype=\"https:\/\/schema.org\/CreativeWork\" ><div class='avia_textblock'  itemprop=\"text\" ><h4>17.06.2022<\/h4>\n<h4>Stadtrat best\u00e4tigt die Vorschl\u00e4ge von B\u00fcrger:innenrat und Expert:innenrat<\/h4>\n<p>In der gestrigen Verl\u00e4ngerung seiner Sitzung vom 15. Juni hat der Leipziger Stadtrat die Verfahrensvorschl\u00e4ge, die die mit der Organisation des Denkmalsverfahrens beauftragte Stiftung Friedliche Revolution als Ergebnis eines B\u00fcrger:innenrat zum Standort und eines Expert:innenrats zum Wettbewerbsverfahren vorgelegt hat, angenommen.<\/p>\n<p>Damit ist der Wilhelm-Leuschner-Platz als Denkmalsstandort best\u00e4tigt. Und die Umsetzung des Wettbewerbsverfahren, das im Juni 2023 ausgelobt werden soll, kann planm\u00e4ssig weitergehen.<\/p>\n<p>Als n\u00e4chsten Schritt besetzt die Stiftung Friedliche Revolution nun bis Ende 2022 eine siebenk\u00f6pfige Findungskommission aus Fachleuten und eine Wettbewerbsjury, die den Siegerentwurf ausw\u00e4hlen wird.<\/p>\n<p>Das Beteiligungsverfahren, mit dessen Hilfe die W\u00fcnsche der B\u00fcrger:innen zum Denkmal f\u00fcr die Gremien, die mit den Entscheidungen beauftragt sind &#8211; wie Findungskommission, Jury und Stadtrat -, gesammelt werden, geht nat\u00fcrlich parallel weiter.<\/p>\n<p>Geplanter Baustart f\u00fcr das Denkmal ist Oktober 2024.<\/p>\n<p>Weitere Informationen siehe z. B. <a href=\"https:\/\/freiheitsdenkmal-leipzig.de\/wp-content\/uploads\/2022\/06\/lvz-stadtratsentschluss-22-06-16.pdf\" target=\"_blank\" rel=\"noopener\"><strong>LVZ, 17. Juni 2022<\/strong><\/a>\u00a0sowie <a href=\"https:\/\/www.l-iz.de\/politik\/brennpunkt\/2022\/06\/der-stadtrat-tagte-der-weg-ist-frei-fuer-den-zweiten-wettbewerb-um-das-leipziger-freiheits-und-einheitsdenkmal-456871\" rel=\"noopener\"><strong>L-IZ, 23. Juni 2022<\/strong><\/a><\/p>\n<div class=\"row\">\n<div class=\"colEntry3\">\n<div id=\"vobetreff\" class=\"text1\"><\/div>\n<\/div>\n<\/div>\n<\/div><\/section><\/div>\n<div class='av-flex-placeholder'><\/div>\n<style type=\"text\/css\" data-created_by=\"avia_inline_auto\" id=\"style-css-av-av_one_fourth-d06667205e6186ec8414c6eb7605d406\">\n.flex_column.av-av_one_fourth-d06667205e6186ec8414c6eb7605d406{\nwidth:23.875%;\nmargin-left:0;\n}\n#top .flex_column_table.av-equal-height-column-flextable.av-av_one_fourth-d06667205e6186ec8414c6eb7605d406 .av-flex-placeholder{\nwidth:1.5%;\n}\n<\/style>\n<div  class='flex_column av-av_one_fourth-d06667205e6186ec8414c6eb7605d406 av_one_fourth  avia-builder-el-467  el_after_av_three_fourth  el_before_av_hr  flex_column_table_cell av-equal-height-column av-align-top'     ><section  class='av_textblock_section av-av_textblock-e878f05c31dff72941bf1e49a00d9ff5'   itemscope=\"itemscope\" itemtype=\"https:\/\/schema.org\/CreativeWork\" ><div class='avia_textblock'  itemprop=\"text\" ><blockquote>\n<p>&#8222;Von diesem Beschluss geht ein starkes Signal an den Bund und das Land aus.&#8220;<br \/>\n<em>Skadi Jennicke, Leipziger Kulturb\u00fcrgermeisterin<\/em><\/p>\n<\/blockquote>\n<\/div><\/section><\/div><\/div><!--close column table wrapper. Autoclose: 1 -->\n<div  class='hr av-av_hr-bc943783b13769b99750b884f593b94d hr-default  avia-builder-el-469  el_after_av_one_fourth  el_before_av_three_fourth'><span class='hr-inner'><span class=\"hr-inner-style\"><\/span><\/span><\/div>\n\n<style type=\"text\/css\" data-created_by=\"avia_inline_auto\" id=\"style-css-av-av_three_fourth-dcf4f2429ee228350485e8ab1b5d3fc9\">\n.flex_column.av-av_three_fourth-dcf4f2429ee228350485e8ab1b5d3fc9{\nwidth:74.75%;\nborder-radius:0px 0px 0px 0px;\npadding:0px 0px 0px 0px;\n}\n<\/style>\n<div  class='flex_column av-av_three_fourth-dcf4f2429ee228350485e8ab1b5d3fc9 av_three_fourth  avia-builder-el-470  el_after_av_hr  el_before_av_hr  first flex_column_div av-zero-column-padding'     ><section  class='av_textblock_section av-av_textblock-e878f05c31dff72941bf1e49a00d9ff5'   itemscope=\"itemscope\" itemtype=\"https:\/\/schema.org\/CreativeWork\" ><div class='avia_textblock'  itemprop=\"text\" ><h4>09.06.2022<\/h4>\n<h4>Am 15. Juni ber\u00e4t der Stadtrat Leipzig \u00fcber Standortvorschlag und Wettbewerbskonzept<\/h4>\n<p><span class=\"_aacl _aaco _aacu _aacx _aad7 _aade\">Langsam wird es spannend, denn in weniger als einer Woche ber\u00e4t der Leipziger Stadtrat \u00fcber die bisherigen Ergebnisse des Denkmalsprozesses.<br \/>\n<\/span><\/p>\n<p><span class=\"_aacl _aaco _aacu _aacx _aad7 _aade\">Unter dem Betreff &#8222;<\/span>Leipziger Freiheits- und Einheitsdenkmal: Standortvorschlag und Wettbewerbskonzeption&#8220; finden Sie alle vorliegenden Informationen <a href=\"https:\/\/ratsinformation.leipzig.de\/allris_leipzig_public\/vo020?VOLFDNR=2004977&amp;refresh=false\" target=\"_blank\" rel=\"noopener\"><strong>im Ratsinformationssystem der Stadt Leipzig<\/strong><\/a>.<\/p>\n<div class=\"row\">\n<div class=\"colEntry3\">\n<div id=\"vobetreff\" class=\"text1\"><\/div>\n<\/div>\n<\/div>\n<\/div><\/section><\/div>\n<div  class='hr av-av_hr-bc943783b13769b99750b884f593b94d hr-default  avia-builder-el-472  el_after_av_three_fourth  el_before_av_three_fourth'><span class='hr-inner'><span class=\"hr-inner-style\"><\/span><\/span><\/div>\n<div class='flex_column_table av-av_three_fourth-f673098910fbc5ac2bdad5d11d897266 sc-av_three_fourth av-equal-height-column-flextable'>\n<style type=\"text\/css\" data-created_by=\"avia_inline_auto\" id=\"style-css-av-av_three_fourth-f673098910fbc5ac2bdad5d11d897266\">\n.flex_column.av-av_three_fourth-f673098910fbc5ac2bdad5d11d897266{\nwidth:74.75%;\nmargin-left:0;\nborder-radius:0px 0px 0px 0px;\npadding:0px 0px 0px 0px;\n}\n#top .flex_column_table.av-equal-height-column-flextable.av-av_three_fourth-f673098910fbc5ac2bdad5d11d897266 .av-flex-placeholder{\nwidth:1%;\n}\n<\/style>\n<div  class='flex_column av-av_three_fourth-f673098910fbc5ac2bdad5d11d897266 av_three_fourth  avia-builder-el-473  el_after_av_hr  el_before_av_one_fourth  first flex_column_table_cell av-equal-height-column av-align-middle av-zero-column-padding'     ><section  class='av_textblock_section av-av_textblock-e878f05c31dff72941bf1e49a00d9ff5'   itemscope=\"itemscope\" itemtype=\"https:\/\/schema.org\/CreativeWork\" ><div class='avia_textblock'  itemprop=\"text\" ><h4>01.06.2022<\/h4>\n<h4>Heute 18 Uhr Ausstellungsstart mit dem Film: &#8222;F\u00fcr Mick Jagger in den Knast&#8220;<\/h4>\n<p><span class=\"_aacl _aaco _aacu _aacx _aad7 _aade\">Ein letztes Bild vom Ausstellungsaufbau, bevor heute Abend um 18 Uhr die fertige Ausstellung <\/span><br \/>\n<strong><span class=\"_aacl _aaco _aacu _aacx _aad7 _aade\">\u201eLeipziger Beataufstand auf dem Wilhelm-Leuschner-Platz &#8211; All you need is beat\u201d<\/span><\/strong><br \/>\n<span class=\"_aacl _aaco _aacu _aacx _aad7 _aade\">in der DenkmalWerkstatt Kupfergasse 2 mit dem Dokumentarfilm<\/span><br \/>\n<span class=\"_aacl _aaco _aacu _aacx _aad7 _aade\"><strong>\u201eF\u00fcr Mick Jagger in den Knast\u201c<\/strong> startet. Der Eintritt ist frei.<\/span><br \/>\n<em>Die Ausstellung wird pr\u00e4sentiert von der Stiftung Friedliche Revolution, erstellt wurde sie vom Archiv B\u00fcrgerbewegung Leipzig mit Unterst\u00fctzung der Bundesstiftung zur Aufarbeitung der SED-Diktatur.<\/em><br \/>\n<em>Filmauff\u00fchrung in Kooperation mit der Bundesstiftung zur Aufarbeitung der SED-Diktatur<\/em><\/p>\n<\/div><\/section><\/div>\n<div class='av-flex-placeholder'><\/div>\n<style type=\"text\/css\" data-created_by=\"avia_inline_auto\" id=\"style-css-av-av_one_fourth-d06667205e6186ec8414c6eb7605d406\">\n.flex_column.av-av_one_fourth-d06667205e6186ec8414c6eb7605d406{\nwidth:24.25%;\nmargin-left:0;\n}\n#top .flex_column_table.av-equal-height-column-flextable.av-av_one_fourth-d06667205e6186ec8414c6eb7605d406 .av-flex-placeholder{\nwidth:1%;\n}\n<\/style>\n<div  class='flex_column av-av_one_fourth-d06667205e6186ec8414c6eb7605d406 av_one_fourth  avia-builder-el-475  el_after_av_three_fourth  el_before_av_hr  flex_column_table_cell av-equal-height-column av-align-middle'     ><style type=\"text\/css\" data-created_by=\"avia_inline_auto\" id=\"style-css-av-av_image-4c73f8e1b5449e48b3e6f518bb4d40de\">\n.avia-image-container.av-av_image-4c73f8e1b5449e48b3e6f518bb4d40de img.avia_image{\nbox-shadow:none;\n}\n.avia-image-container.av-av_image-4c73f8e1b5449e48b3e6f518bb4d40de .av-image-caption-overlay-center{\ncolor:#ffffff;\n}\n<\/style>\n<div  class='avia-image-container av-av_image-4c73f8e1b5449e48b3e6f518bb4d40de av-styling- avia-align-center  avia-builder-el-476  avia-builder-el-no-sibling'   itemprop=\"image\" itemscope=\"itemscope\" itemtype=\"https:\/\/schema.org\/ImageObject\" ><div class=\"avia-image-container-inner\"><div class=\"avia-image-overlay-wrap\"><img decoding=\"async\" fetchpriority=\"high\" class='wp-image-2852 avia-img-lazy-loading-not-2852 avia_image' src=\"https:\/\/freiheitsdenkmal-leipzig.de\/wp-content\/uploads\/2022\/06\/IMG_0031-300x225.jpg\" alt='' title='IMG_0031'  height=\"225\" width=\"300\"  itemprop=\"thumbnailUrl\" srcset=\"https:\/\/freiheitsdenkmal-leipzig.de\/wp-content\/uploads\/2022\/06\/IMG_0031-300x225.jpg 300w, https:\/\/freiheitsdenkmal-leipzig.de\/wp-content\/uploads\/2022\/06\/IMG_0031-1030x773.jpg 1030w, https:\/\/freiheitsdenkmal-leipzig.de\/wp-content\/uploads\/2022\/06\/IMG_0031-768x576.jpg 768w, https:\/\/freiheitsdenkmal-leipzig.de\/wp-content\/uploads\/2022\/06\/IMG_0031-1536x1152.jpg 1536w, https:\/\/freiheitsdenkmal-leipzig.de\/wp-content\/uploads\/2022\/06\/IMG_0031-2048x1536.jpg 2048w, https:\/\/freiheitsdenkmal-leipzig.de\/wp-content\/uploads\/2022\/06\/IMG_0031-1500x1125.jpg 1500w, https:\/\/freiheitsdenkmal-leipzig.de\/wp-content\/uploads\/2022\/06\/IMG_0031-705x529.jpg 705w\" sizes=\"(max-width: 300px) 100vw, 300px\" \/><\/div><\/div><\/div><\/div><\/div><!--close column table wrapper. Autoclose: 1 -->\n<div  class='hr av-av_hr-bc943783b13769b99750b884f593b94d hr-default  avia-builder-el-477  el_after_av_one_fourth  el_before_av_three_fourth'><span class='hr-inner'><span class=\"hr-inner-style\"><\/span><\/span><\/div>\n<div class='flex_column_table av-av_three_fourth-f673098910fbc5ac2bdad5d11d897266 sc-av_three_fourth av-equal-height-column-flextable'>\n<style type=\"text\/css\" data-created_by=\"avia_inline_auto\" id=\"style-css-av-av_three_fourth-f673098910fbc5ac2bdad5d11d897266\">\n.flex_column.av-av_three_fourth-f673098910fbc5ac2bdad5d11d897266{\nwidth:74.75%;\nmargin-left:0;\nborder-radius:0px 0px 0px 0px;\npadding:0px 0px 0px 0px;\n}\n#top .flex_column_table.av-equal-height-column-flextable.av-av_three_fourth-f673098910fbc5ac2bdad5d11d897266 .av-flex-placeholder{\nwidth:1%;\n}\n<\/style>\n<div  class='flex_column av-av_three_fourth-f673098910fbc5ac2bdad5d11d897266 av_three_fourth  avia-builder-el-478  el_after_av_hr  el_before_av_one_fourth  first flex_column_table_cell av-equal-height-column av-align-middle av-zero-column-padding'     ><section  class='av_textblock_section av-av_textblock-e878f05c31dff72941bf1e49a00d9ff5'   itemscope=\"itemscope\" itemtype=\"https:\/\/schema.org\/CreativeWork\" ><div class='avia_textblock'  itemprop=\"text\" ><h4>30.05.2022<\/h4>\n<h4>Film: F\u00fcr Mick Jagger in den Knast &#8211; 1. Juni, 18 Uhr<\/h4>\n<p>Am 1. Juni startet die Ausstellung <strong>\u201eAll you need is beat\u201c<\/strong> zum <strong>Leipziger Beataufstand auf dem Wilhelm-Leuschner-Platz <\/strong>mit der Auff\u00fchrung des Films \u201e<strong>F\u00fcr Mick Jagger in den Knast<\/strong>\u201c in Kooperation mit der Bundesstiftung zur Aufarbeitung der SED-Diktatur.<\/p>\n<p>Filmbeginn: um 18 Uhr in der DenkmalWerkstatt, Kupfergasse 2.<\/p>\n<p>Der Eintritt ist frei.<\/p>\n<\/div><\/section><\/div>\n<div class='av-flex-placeholder'><\/div>\n<style type=\"text\/css\" data-created_by=\"avia_inline_auto\" id=\"style-css-av-av_one_fourth-d06667205e6186ec8414c6eb7605d406\">\n.flex_column.av-av_one_fourth-d06667205e6186ec8414c6eb7605d406{\nwidth:24.25%;\nmargin-left:0;\n}\n#top .flex_column_table.av-equal-height-column-flextable.av-av_one_fourth-d06667205e6186ec8414c6eb7605d406 .av-flex-placeholder{\nwidth:1%;\n}\n<\/style>\n<div  class='flex_column av-av_one_fourth-d06667205e6186ec8414c6eb7605d406 av_one_fourth  avia-builder-el-480  el_after_av_three_fourth  el_before_av_hr  flex_column_table_cell av-equal-height-column av-align-middle'     ><style type=\"text\/css\" data-created_by=\"avia_inline_auto\" id=\"style-css-av-av_image-c7ec8a352c507d475518ae189608c2af\">\n.avia-image-container.av-av_image-c7ec8a352c507d475518ae189608c2af img.avia_image{\nbox-shadow:none;\n}\n.avia-image-container.av-av_image-c7ec8a352c507d475518ae189608c2af .av-image-caption-overlay-center{\ncolor:#ffffff;\n}\n<\/style>\n<div  class='avia-image-container av-av_image-c7ec8a352c507d475518ae189608c2af av-styling- avia-align-center  avia-builder-el-481  avia-builder-el-no-sibling'   itemprop=\"image\" itemscope=\"itemscope\" itemtype=\"https:\/\/schema.org\/ImageObject\" ><div class=\"avia-image-container-inner\"><div class=\"avia-image-overlay-wrap\"><img decoding=\"async\" fetchpriority=\"high\" class='wp-image-2835 avia-img-lazy-loading-not-2835 avia_image' src=\"https:\/\/freiheitsdenkmal-leipzig.de\/wp-content\/uploads\/2022\/05\/Leuschner-Platz-koo-300x214.png\" alt='' title='Leuschner-Platz-koo'  height=\"214\" width=\"300\"  itemprop=\"thumbnailUrl\" srcset=\"https:\/\/freiheitsdenkmal-leipzig.de\/wp-content\/uploads\/2022\/05\/Leuschner-Platz-koo-300x214.png 300w, https:\/\/freiheitsdenkmal-leipzig.de\/wp-content\/uploads\/2022\/05\/Leuschner-Platz-koo-1030x734.png 1030w, https:\/\/freiheitsdenkmal-leipzig.de\/wp-content\/uploads\/2022\/05\/Leuschner-Platz-koo-768x547.png 768w, https:\/\/freiheitsdenkmal-leipzig.de\/wp-content\/uploads\/2022\/05\/Leuschner-Platz-koo-260x185.png 260w, https:\/\/freiheitsdenkmal-leipzig.de\/wp-content\/uploads\/2022\/05\/Leuschner-Platz-koo-705x502.png 705w, https:\/\/freiheitsdenkmal-leipzig.de\/wp-content\/uploads\/2022\/05\/Leuschner-Platz-koo.png 1280w\" sizes=\"(max-width: 300px) 100vw, 300px\" \/><\/div><\/div><\/div><\/div><\/div><!--close column table wrapper. Autoclose: 1 -->\n<div  class='hr av-av_hr-bc943783b13769b99750b884f593b94d hr-default  avia-builder-el-482  el_after_av_one_fourth  el_before_av_four_fifth'><span class='hr-inner'><span class=\"hr-inner-style\"><\/span><\/span><\/div>\n\n<style type=\"text\/css\" data-created_by=\"avia_inline_auto\" id=\"style-css-av-av_four_fifth-dcf4f2429ee228350485e8ab1b5d3fc9\">\n.flex_column.av-av_four_fifth-dcf4f2429ee228350485e8ab1b5d3fc9{\nwidth:79.8%;\nborder-radius:0px 0px 0px 0px;\npadding:0px 0px 0px 0px;\n}\n<\/style>\n<div  class='flex_column av-av_four_fifth-dcf4f2429ee228350485e8ab1b5d3fc9 av_four_fifth  avia-builder-el-483  el_after_av_hr  el_before_av_hr  first flex_column_div av-zero-column-padding'     ><section  class='av_textblock_section av-av_textblock-e878f05c31dff72941bf1e49a00d9ff5'   itemscope=\"itemscope\" itemtype=\"https:\/\/schema.org\/CreativeWork\" ><div class='avia_textblock'  itemprop=\"text\" ><h4>27.05.2022<\/h4>\n<h4>Ausstellungsstart am 1. Juni, 18 Uhr mit dem Film &#8222;F\u00fcr Mick Jagger in den Knast&#8220;<\/h4>\n<p>Begleitprogramm zur Ausstellung <strong>Leipziger Beataufstand auf dem Wilhelm-Leuschner-Platz &#8211; <\/strong><strong>\u201eAll you need is beat \u201d <\/strong>des Archivs B\u00fcrgerbewegung, pr\u00e4sentiert von der Stiftung Friedliche Revolution:<\/p>\n<p><strong>F\u00fcr Mick Jagger in den Knast<\/strong>; Regie: Karoline Kleinert \/ Reinhard Joksch, Dokumentarfilm 2006, 45 Min (FSK 0)<\/p>\n<p>Wegen einer Radio-Falschmeldung, die Rolling Stones w\u00fcrden auf dem Springer-Hochhaus direkt an der Mauer ein Konzert geben, machen sich hunderte DDR-Rockfans am 7. Oktober 1969, dem 20. Jahrestag der DDR, auf den Weg Richtung Grenzanlagen. Die Staatsmacht sieht ihre Feier bedroht und reagiert mit gro\u00dfer H\u00e4rte.<\/p>\n<p>Filmvorf\u00fchrung am 1. Juni 2022, 18 h, DenkmalWerkstatt Kupfergasse 2; Eintritt frei.<\/p>\n<p><em>Auff\u00fchrung in Kooperation mit der Bundesstiftung zur Aufarbeitung der SED-Diktatur<\/em><\/p>\n<\/div><\/section><\/div>\n<div  class='hr av-av_hr-bc943783b13769b99750b884f593b94d hr-default  avia-builder-el-485  el_after_av_four_fifth  el_before_av_four_fifth'><span class='hr-inner'><span class=\"hr-inner-style\"><\/span><\/span><\/div>\n\n<style type=\"text\/css\" data-created_by=\"avia_inline_auto\" id=\"style-css-av-av_four_fifth-325e8b2f93df41e8b9339cb7a0e918d8\">\n.flex_column.av-av_four_fifth-325e8b2f93df41e8b9339cb7a0e918d8{\nwidth:79.8%;\nborder-radius:0px 0px 0px 0px;\npadding:0px 0px 0px 0px;\n}\n<\/style>\n<div  class='flex_column av-av_four_fifth-325e8b2f93df41e8b9339cb7a0e918d8 av_four_fifth  avia-builder-el-486  el_after_av_hr  el_before_av_hr  first flex_column_div av-zero-column-padding'     ><section  class='av_textblock_section av-av_textblock-e878f05c31dff72941bf1e49a00d9ff5'   itemscope=\"itemscope\" itemtype=\"https:\/\/schema.org\/CreativeWork\" ><div class='avia_textblock'  itemprop=\"text\" ><h4>26.05.2022<\/h4>\n<p><strong>Der Leipziger Beataufstand <\/strong><\/p>\n<p>Wie in der restlichen Welt begeisterte die aufkommende Beatmusik in den fr\u00fchen 1960er Jahren auch in der DDR viele Jugendliche. Neben Unterhaltung und Freizeitgestaltung fanden die Jugendlichen in der Musik und ihren Texten eine M\u00f6glichkeit, Frust und Widerwillen gegen die Zw\u00e4nge des Staates herauszulassen.<\/p>\n<p>Als im Oktober 1965 von der SED-F\u00fchrung alle Beat-Konzerte in Leipzig abgesagt und 54 von 58 Leipziger Beat-Bands im Zuge einer Kehrtwende in der staatlichen DDR-Jugend- und Kulturpolitik verboten wurden, starteten zwei Jugendliche aus Markkleeberg bei Leipzig eine Flugblattaktion f\u00fcr eine Demonstration am 31. Oktober 1965 mit Start auf dem Wilhelm-Leuschner-Platz. Ihre Forderung: Wiederzulassung der Beatbands.<\/p>\n<p style=\"text-align: center;\"><strong>\u201e<em>Beatfreunde! Wir finden uns am Sonntag, den 31.10.65,<\/em><\/strong><br \/>\n<strong><em>10 Uhr auf dem Leuschnerplatz zum Protestmarsch ein.\u201c<\/em><\/strong><\/p>\n<p>Zwischen 1.000 und 2.000 Jugendliche folgten dem Aufruf und kamen auf den Wilhelm-Leuschner-Platz, aber Staatssicherheit und Volkspolizei l\u00f6sten die Demo direkt nach ihrem Start gewaltsam auf. 264 Demonstrierende wurden festgenommenen, 97 von ihnen wurden ohne Prozess f\u00fcr bis zu sechs Wochen zu einem \u201ebeaufsichtigten Arbeitseinsatz\u201c im Braunkohletagebau gezwungen.<\/p>\n<p>Die \u201eLeipziger Beatdemo\u201c auf dem Wilhelm-Leuschner-Platz war bis 1989 eine der gr\u00f6\u00dften \u00a0ungenehmigten Demonstrationen der DDR.<\/p>\n<\/div><\/section><\/div>\n<div  class='hr av-av_hr-bc943783b13769b99750b884f593b94d hr-default  avia-builder-el-488  el_after_av_four_fifth  el_before_av_one_half'><span class='hr-inner'><span class=\"hr-inner-style\"><\/span><\/span><\/div>\n<div class='flex_column_table av-av_one_half-dde96be0fadb8585f020fa85f3be58ae sc-av_one_half av-equal-height-column-flextable'>\n<style type=\"text\/css\" data-created_by=\"avia_inline_auto\" id=\"style-css-av-av_one_half-dde96be0fadb8585f020fa85f3be58ae\">\n.flex_column.av-av_one_half-dde96be0fadb8585f020fa85f3be58ae{\nwidth:49.5%;\nmargin-left:0;\nborder-radius:0px 0px 0px 0px;\npadding:0px 0px 0px 0px;\n}\n#top .flex_column_table.av-equal-height-column-flextable.av-av_one_half-dde96be0fadb8585f020fa85f3be58ae .av-flex-placeholder{\nwidth:1%;\n}\n<\/style>\n<div  class='flex_column av-av_one_half-dde96be0fadb8585f020fa85f3be58ae av_one_half  avia-builder-el-489  el_after_av_hr  el_before_av_one_fourth  first flex_column_table_cell av-equal-height-column av-align-top av-zero-column-padding'     ><section  class='av_textblock_section av-av_textblock-e878f05c31dff72941bf1e49a00d9ff5'   itemscope=\"itemscope\" itemtype=\"https:\/\/schema.org\/CreativeWork\" ><div class='avia_textblock'  itemprop=\"text\" ><h4>24.05.2022<\/h4>\n<h4><strong>Leipziger Beataufstand auf dem Wilhelm-Leuschner-Platz<\/strong><\/h4>\n<h4><strong>\u201cAll you need is beat\u201d<\/strong><\/h4>\n<p>Vom 1. Juni bis 15. Juli pr\u00e4sentiert die Stiftung Friedliche Revolution die Ausstellung \u201e<strong>All you need is beat\u201c<\/strong> des Archivs B\u00fcrgerbewegung Leipzig e.V.* zum <strong>Leipziger Beataufstand auf dem Wilhelm-Leuschner-Platz <\/strong>in der DenkmalWerkstatt, Kupfergasse 2.<\/p>\n<p>Mit dieser Ausstellung will die Stiftung daran erinnern, dass der direkt am Leipziger Ring gelegene <strong>Wilhelm-Leuschner-Platz<\/strong> ein authentischer Ort des Widerstands gegen das DDR-Regime war.<\/p>\n<p>*Gef\u00f6rdert von der Bundesstiftung zur Aufarbeitung der SED-Diktatur<\/p>\n<\/div><\/section><\/div>\n<div class='av-flex-placeholder'><\/div>\n<style type=\"text\/css\" data-created_by=\"avia_inline_auto\" id=\"style-css-av-av_one_fourth-d06667205e6186ec8414c6eb7605d406\">\n.flex_column.av-av_one_fourth-d06667205e6186ec8414c6eb7605d406{\nwidth:24.25%;\nmargin-left:0;\n}\n#top .flex_column_table.av-equal-height-column-flextable.av-av_one_fourth-d06667205e6186ec8414c6eb7605d406 .av-flex-placeholder{\nwidth:1%;\n}\n<\/style>\n<div  class='flex_column av-av_one_fourth-d06667205e6186ec8414c6eb7605d406 av_one_fourth  avia-builder-el-491  el_after_av_one_half  el_before_av_one_fourth  flex_column_table_cell av-equal-height-column av-align-top'     ><style type=\"text\/css\" data-created_by=\"avia_inline_auto\" id=\"style-css-av-av_image-8ff782af07e99182b3b5930ba1d1d82d\">\n.avia-image-container.av-av_image-8ff782af07e99182b3b5930ba1d1d82d img.avia_image{\nbox-shadow:none;\n}\n.avia-image-container.av-av_image-8ff782af07e99182b3b5930ba1d1d82d .av-image-caption-overlay-center{\ncolor:#ffffff;\n}\n<\/style>\n<div  class='avia-image-container av-av_image-8ff782af07e99182b3b5930ba1d1d82d av-styling- avia-align-center  avia-builder-el-492  avia-builder-el-no-sibling'   itemprop=\"image\" itemscope=\"itemscope\" itemtype=\"https:\/\/schema.org\/ImageObject\" ><div class=\"avia-image-container-inner\"><div class=\"avia-image-overlay-wrap\"><img decoding=\"async\" fetchpriority=\"high\" class='wp-image-2830 avia-img-lazy-loading-not-2830 avia_image' src=\"https:\/\/freiheitsdenkmal-leipzig.de\/wp-content\/uploads\/2022\/05\/Instagram_Posts_Beat01-300x300.jpg\" alt='' title='Instagram_Posts_Beat01'  height=\"300\" width=\"300\"  itemprop=\"thumbnailUrl\" srcset=\"https:\/\/freiheitsdenkmal-leipzig.de\/wp-content\/uploads\/2022\/05\/Instagram_Posts_Beat01-300x300.jpg 300w, https:\/\/freiheitsdenkmal-leipzig.de\/wp-content\/uploads\/2022\/05\/Instagram_Posts_Beat01-1030x1030.jpg 1030w, https:\/\/freiheitsdenkmal-leipzig.de\/wp-content\/uploads\/2022\/05\/Instagram_Posts_Beat01-80x80.jpg 80w, https:\/\/freiheitsdenkmal-leipzig.de\/wp-content\/uploads\/2022\/05\/Instagram_Posts_Beat01-768x768.jpg 768w, https:\/\/freiheitsdenkmal-leipzig.de\/wp-content\/uploads\/2022\/05\/Instagram_Posts_Beat01-36x36.jpg 36w, https:\/\/freiheitsdenkmal-leipzig.de\/wp-content\/uploads\/2022\/05\/Instagram_Posts_Beat01-180x180.jpg 180w, https:\/\/freiheitsdenkmal-leipzig.de\/wp-content\/uploads\/2022\/05\/Instagram_Posts_Beat01-705x705.jpg 705w, https:\/\/freiheitsdenkmal-leipzig.de\/wp-content\/uploads\/2022\/05\/Instagram_Posts_Beat01.jpg 1250w\" sizes=\"(max-width: 300px) 100vw, 300px\" \/><\/div><\/div><\/div><\/div>\n<div class='av-flex-placeholder'><\/div>\n<style type=\"text\/css\" data-created_by=\"avia_inline_auto\" id=\"style-css-av-av_one_fourth-d06667205e6186ec8414c6eb7605d406\">\n.flex_column.av-av_one_fourth-d06667205e6186ec8414c6eb7605d406{\nwidth:24.25%;\nmargin-left:0;\n}\n#top .flex_column_table.av-equal-height-column-flextable.av-av_one_fourth-d06667205e6186ec8414c6eb7605d406 .av-flex-placeholder{\nwidth:1%;\n}\n<\/style>\n<div  class='flex_column av-av_one_fourth-d06667205e6186ec8414c6eb7605d406 av_one_fourth  avia-builder-el-493  el_after_av_one_fourth  el_before_av_hr  flex_column_table_cell av-equal-height-column av-align-top'     ><style type=\"text\/css\" data-created_by=\"avia_inline_auto\" id=\"style-css-av-av_image-288f829ac1a93aa96086f73de16dbdd3\">\n.avia-image-container.av-av_image-288f829ac1a93aa96086f73de16dbdd3 img.avia_image{\nbox-shadow:none;\n}\n.avia-image-container.av-av_image-288f829ac1a93aa96086f73de16dbdd3 .av-image-caption-overlay-center{\ncolor:#ffffff;\n}\n<\/style>\n<div  class='avia-image-container av-av_image-288f829ac1a93aa96086f73de16dbdd3 av-styling- avia-align-center  avia-builder-el-494  avia-builder-el-no-sibling'   itemprop=\"image\" itemscope=\"itemscope\" itemtype=\"https:\/\/schema.org\/ImageObject\" ><div class=\"avia-image-container-inner\"><div class=\"avia-image-overlay-wrap\"><img decoding=\"async\" fetchpriority=\"high\" class='wp-image-2831 avia-img-lazy-loading-not-2831 avia_image' src=\"https:\/\/freiheitsdenkmal-leipzig.de\/wp-content\/uploads\/2022\/05\/Instagram_Posts_Beat02_SFR-300x300.jpg\" alt='' title='Instagram_Posts_Beat02_SFR'  height=\"300\" width=\"300\"  itemprop=\"thumbnailUrl\" srcset=\"https:\/\/freiheitsdenkmal-leipzig.de\/wp-content\/uploads\/2022\/05\/Instagram_Posts_Beat02_SFR-300x300.jpg 300w, https:\/\/freiheitsdenkmal-leipzig.de\/wp-content\/uploads\/2022\/05\/Instagram_Posts_Beat02_SFR-1030x1030.jpg 1030w, https:\/\/freiheitsdenkmal-leipzig.de\/wp-content\/uploads\/2022\/05\/Instagram_Posts_Beat02_SFR-80x80.jpg 80w, https:\/\/freiheitsdenkmal-leipzig.de\/wp-content\/uploads\/2022\/05\/Instagram_Posts_Beat02_SFR-768x768.jpg 768w, https:\/\/freiheitsdenkmal-leipzig.de\/wp-content\/uploads\/2022\/05\/Instagram_Posts_Beat02_SFR-36x36.jpg 36w, https:\/\/freiheitsdenkmal-leipzig.de\/wp-content\/uploads\/2022\/05\/Instagram_Posts_Beat02_SFR-180x180.jpg 180w, https:\/\/freiheitsdenkmal-leipzig.de\/wp-content\/uploads\/2022\/05\/Instagram_Posts_Beat02_SFR-705x705.jpg 705w, https:\/\/freiheitsdenkmal-leipzig.de\/wp-content\/uploads\/2022\/05\/Instagram_Posts_Beat02_SFR.jpg 1250w\" sizes=\"(max-width: 300px) 100vw, 300px\" \/><\/div><\/div><\/div><\/div><\/div><!--close column table wrapper. Autoclose: 1 -->\n<div  class='hr av-av_hr-bc943783b13769b99750b884f593b94d hr-default  avia-builder-el-495  el_after_av_one_fourth  el_before_av_one_half'><span class='hr-inner'><span class=\"hr-inner-style\"><\/span><\/span><\/div>\n<div class='flex_column_table av-av_one_half-dde96be0fadb8585f020fa85f3be58ae sc-av_one_half av-equal-height-column-flextable'>\n<style type=\"text\/css\" data-created_by=\"avia_inline_auto\" id=\"style-css-av-av_one_half-dde96be0fadb8585f020fa85f3be58ae\">\n.flex_column.av-av_one_half-dde96be0fadb8585f020fa85f3be58ae{\nwidth:49.5%;\nmargin-left:0;\nborder-radius:0px 0px 0px 0px;\npadding:0px 0px 0px 0px;\n}\n#top .flex_column_table.av-equal-height-column-flextable.av-av_one_half-dde96be0fadb8585f020fa85f3be58ae .av-flex-placeholder{\nwidth:1%;\n}\n<\/style>\n<div  class='flex_column av-av_one_half-dde96be0fadb8585f020fa85f3be58ae av_one_half  avia-builder-el-496  el_after_av_hr  el_before_av_one_fourth  first flex_column_table_cell av-equal-height-column av-align-top av-zero-column-padding'     ><section  class='av_textblock_section av-av_textblock-e878f05c31dff72941bf1e49a00d9ff5'   itemscope=\"itemscope\" itemtype=\"https:\/\/schema.org\/CreativeWork\" ><div class='avia_textblock'  itemprop=\"text\" ><h4>17.05.2022<\/h4>\n<h4><strong>Es kommt etwas in Bewegung in der DenkmalWerkstatt &#8230;<\/strong><\/h4>\n<p><span class=\"_7UhW9 xLCgt MMzan KV-D4 se6yk T0kll\">Tipp: <\/span><span class=\"_7UhW9 xLCgt MMzan KV-D4 se6yk T0kll\"><span class=\"_7UhW9 xLCgt MMzan KV-D4 se6yk T0kll\"><a class=\"xil3i\" tabindex=\"0\" href=\"https:\/\/www.instagram.com\/explore\/tags\/beatausstellung\/\">#beatausstellung<\/a> <a class=\"xil3i\" tabindex=\"0\" href=\"https:\/\/www.instagram.com\/explore\/tags\/allyouneedisbeat\/\">#allyouneedisbeat<\/a> <a class=\"xil3i\" tabindex=\"0\" href=\"https:\/\/www.instagram.com\/explore\/tags\/beataufstand\/\">#beataufstand<\/a><\/span><\/span><\/p>\n<p><span class=\"_7UhW9 xLCgt MMzan KV-D4 se6yk T0kll\">Fortsetzung folgt.<br \/>\n<\/span><\/p>\n<\/div><\/section><\/div>\n<div class='av-flex-placeholder'><\/div>\n<style type=\"text\/css\" data-created_by=\"avia_inline_auto\" id=\"style-css-av-av_one_fourth-d06667205e6186ec8414c6eb7605d406\">\n.flex_column.av-av_one_fourth-d06667205e6186ec8414c6eb7605d406{\nwidth:24.25%;\nmargin-left:0;\n}\n#top .flex_column_table.av-equal-height-column-flextable.av-av_one_fourth-d06667205e6186ec8414c6eb7605d406 .av-flex-placeholder{\nwidth:1%;\n}\n<\/style>\n<div  class='flex_column av-av_one_fourth-d06667205e6186ec8414c6eb7605d406 av_one_fourth  avia-builder-el-498  el_after_av_one_half  el_before_av_one_fourth  flex_column_table_cell av-equal-height-column av-align-top'     ><style type=\"text\/css\" data-created_by=\"avia_inline_auto\" id=\"style-css-av-av_image-4eb8a3c53597d307a7402ee13cbff067\">\n.avia-image-container.av-av_image-4eb8a3c53597d307a7402ee13cbff067 img.avia_image{\nbox-shadow:none;\n}\n.avia-image-container.av-av_image-4eb8a3c53597d307a7402ee13cbff067 .av-image-caption-overlay-center{\ncolor:#ffffff;\n}\n<\/style>\n<div  class='avia-image-container av-av_image-4eb8a3c53597d307a7402ee13cbff067 av-styling- avia-align-center  avia-builder-el-499  avia-builder-el-no-sibling'   itemprop=\"image\" itemscope=\"itemscope\" itemtype=\"https:\/\/schema.org\/ImageObject\" ><div class=\"avia-image-container-inner\"><div class=\"avia-image-overlay-wrap\"><img decoding=\"async\" fetchpriority=\"high\" class='wp-image-2825 avia-img-lazy-loading-not-2825 avia_image' src=\"https:\/\/freiheitsdenkmal-leipzig.de\/wp-content\/uploads\/2022\/05\/beatausstellung-4-300x300.jpg\" alt='' title='beatausstellung-4'  height=\"300\" width=\"300\"  itemprop=\"thumbnailUrl\" srcset=\"https:\/\/freiheitsdenkmal-leipzig.de\/wp-content\/uploads\/2022\/05\/beatausstellung-4-300x300.jpg 300w, https:\/\/freiheitsdenkmal-leipzig.de\/wp-content\/uploads\/2022\/05\/beatausstellung-4-1030x1030.jpg 1030w, https:\/\/freiheitsdenkmal-leipzig.de\/wp-content\/uploads\/2022\/05\/beatausstellung-4-80x80.jpg 80w, https:\/\/freiheitsdenkmal-leipzig.de\/wp-content\/uploads\/2022\/05\/beatausstellung-4-768x768.jpg 768w, https:\/\/freiheitsdenkmal-leipzig.de\/wp-content\/uploads\/2022\/05\/beatausstellung-4-36x36.jpg 36w, https:\/\/freiheitsdenkmal-leipzig.de\/wp-content\/uploads\/2022\/05\/beatausstellung-4-180x180.jpg 180w, https:\/\/freiheitsdenkmal-leipzig.de\/wp-content\/uploads\/2022\/05\/beatausstellung-4-1500x1500.jpg 1500w, https:\/\/freiheitsdenkmal-leipzig.de\/wp-content\/uploads\/2022\/05\/beatausstellung-4-705x705.jpg 705w, https:\/\/freiheitsdenkmal-leipzig.de\/wp-content\/uploads\/2022\/05\/beatausstellung-4-rotated.jpg 1512w\" sizes=\"(max-width: 300px) 100vw, 300px\" \/><\/div><\/div><\/div><\/div>\n<div class='av-flex-placeholder'><\/div>\n<style type=\"text\/css\" data-created_by=\"avia_inline_auto\" id=\"style-css-av-av_one_fourth-d06667205e6186ec8414c6eb7605d406\">\n.flex_column.av-av_one_fourth-d06667205e6186ec8414c6eb7605d406{\nwidth:24.25%;\nmargin-left:0;\n}\n#top .flex_column_table.av-equal-height-column-flextable.av-av_one_fourth-d06667205e6186ec8414c6eb7605d406 .av-flex-placeholder{\nwidth:1%;\n}\n<\/style>\n<div  class='flex_column av-av_one_fourth-d06667205e6186ec8414c6eb7605d406 av_one_fourth  avia-builder-el-500  el_after_av_one_fourth  el_before_av_hr  flex_column_table_cell av-equal-height-column av-align-top'     ><style type=\"text\/css\" data-created_by=\"avia_inline_auto\" id=\"style-css-av-av_image-473717b6cfa5cd2abc6b9bd36a134636\">\n.avia-image-container.av-av_image-473717b6cfa5cd2abc6b9bd36a134636 img.avia_image{\nbox-shadow:none;\n}\n.avia-image-container.av-av_image-473717b6cfa5cd2abc6b9bd36a134636 .av-image-caption-overlay-center{\ncolor:#ffffff;\n}\n<\/style>\n<div  class='avia-image-container av-av_image-473717b6cfa5cd2abc6b9bd36a134636 av-styling- avia-align-center  avia-builder-el-501  avia-builder-el-no-sibling'   itemprop=\"image\" itemscope=\"itemscope\" itemtype=\"https:\/\/schema.org\/ImageObject\" ><div class=\"avia-image-container-inner\"><div class=\"avia-image-overlay-wrap\"><img decoding=\"async\" fetchpriority=\"high\" class='wp-image-2820 avia-img-lazy-loading-not-2820 avia_image' src=\"https:\/\/freiheitsdenkmal-leipzig.de\/wp-content\/uploads\/2022\/05\/beatausstellung-3-300x300.jpg\" alt='' title='beatausstellung-3'  height=\"300\" width=\"300\"  itemprop=\"thumbnailUrl\" srcset=\"https:\/\/freiheitsdenkmal-leipzig.de\/wp-content\/uploads\/2022\/05\/beatausstellung-3-300x300.jpg 300w, https:\/\/freiheitsdenkmal-leipzig.de\/wp-content\/uploads\/2022\/05\/beatausstellung-3-1030x1030.jpg 1030w, https:\/\/freiheitsdenkmal-leipzig.de\/wp-content\/uploads\/2022\/05\/beatausstellung-3-80x80.jpg 80w, https:\/\/freiheitsdenkmal-leipzig.de\/wp-content\/uploads\/2022\/05\/beatausstellung-3-768x768.jpg 768w, https:\/\/freiheitsdenkmal-leipzig.de\/wp-content\/uploads\/2022\/05\/beatausstellung-3-36x36.jpg 36w, https:\/\/freiheitsdenkmal-leipzig.de\/wp-content\/uploads\/2022\/05\/beatausstellung-3-180x180.jpg 180w, https:\/\/freiheitsdenkmal-leipzig.de\/wp-content\/uploads\/2022\/05\/beatausstellung-3-1500x1500.jpg 1500w, https:\/\/freiheitsdenkmal-leipzig.de\/wp-content\/uploads\/2022\/05\/beatausstellung-3-705x705.jpg 705w, https:\/\/freiheitsdenkmal-leipzig.de\/wp-content\/uploads\/2022\/05\/beatausstellung-3.jpg 1512w\" sizes=\"(max-width: 300px) 100vw, 300px\" \/><\/div><\/div><\/div><\/div><\/div><!--close column table wrapper. Autoclose: 1 -->\n<div  class='hr av-av_hr-bc943783b13769b99750b884f593b94d hr-default  avia-builder-el-502  el_after_av_one_fourth  el_before_av_one_full'><span class='hr-inner'><span class=\"hr-inner-style\"><\/span><\/span><\/div>\n\n<style type=\"text\/css\" data-created_by=\"avia_inline_auto\" id=\"style-css-av-av_one_full-7bf324c570d37c1b1b46b83803cb6f63\">\n.flex_column.av-av_one_full-7bf324c570d37c1b1b46b83803cb6f63{\nborder-radius:0px 0px 0px 0px;\npadding:0px 0px 0px 0px;\n}\n<\/style>\n<div  class='flex_column av-av_one_full-7bf324c570d37c1b1b46b83803cb6f63 av_one_full  avia-builder-el-503  el_after_av_hr  el_before_av_one_half  first no_margin flex_column_div av-zero-column-padding'     ><section  class='av_textblock_section av-av_textblock-e878f05c31dff72941bf1e49a00d9ff5'   itemscope=\"itemscope\" itemtype=\"https:\/\/schema.org\/CreativeWork\" ><div class='avia_textblock'  itemprop=\"text\" ><h4>22.04.2022<\/h4>\n<h4><strong>So definiert der Expert:innenrat seine Empfehlungen f\u00fcr die Verfahrensschritte des Wettbewerbs<\/strong>:<\/h4>\n<p>In einem stufenweisen Auswahlverfahren sollen eingereichte k\u00fcnstlerische Entw\u00fcrfe durch eine unabh\u00e4ngige, gleichwohl in der Stadtgesellschaft verankerte, Jury ausgew\u00e4hlt werden.<br \/>\nDer Expertenrat empfiehlt einen internationalen k\u00fcnstlerischen Realisierungswettbewerb.<br \/>\nDiesem geht eine bundesweite, b\u00fcrgerschaftliche Themensammlung von Erfahrungs- und Erwartungshorizonten mittels einer \u00fcberregionalen Veranstaltungsreihe der Stiftung\u00a0Friedliche Revolution voraus.<\/p>\n<\/div><\/section><\/div>\n<div class='flex_column_table av-av_one_half-05a7d99bb61c721f232d0e4f08928fa2 sc-av_one_half av-equal-height-column-flextable'>\n<style type=\"text\/css\" data-created_by=\"avia_inline_auto\" id=\"style-css-av-av_one_half-05a7d99bb61c721f232d0e4f08928fa2\">\n.flex_column.av-av_one_half-05a7d99bb61c721f232d0e4f08928fa2{\nborder-radius:0px 0px 0px 0px;\npadding:0px 0px 0px 0px;\n}\n<\/style>\n<div  class='flex_column av-av_one_half-05a7d99bb61c721f232d0e4f08928fa2 av_one_half  avia-builder-el-505  el_after_av_one_full  el_before_av_one_half  first no_margin flex_column_table_cell av-equal-height-column av-align-top av-zero-column-padding  column-top-margin'     ><section  class='av_textblock_section av-av_textblock-e878f05c31dff72941bf1e49a00d9ff5'   itemscope=\"itemscope\" itemtype=\"https:\/\/schema.org\/CreativeWork\" ><div class='avia_textblock'  itemprop=\"text\" ><p><strong>Der Wettbewerb selbst ist:<\/strong><\/p>\n<ul>\n<li>einstufig (mit zwischengeschalteten Konsultationen)<\/li>\n<li>nicht offen (Vorauswahl und Bewerbungsm\u00f6glichkeit)<\/li>\n<li>international (bewusst keine regionale Begrenzung)<\/li>\n<li>k\u00fcnstlerisch (Primat der k\u00fcnstlerischen Aussagekraft)<\/li>\n<\/ul>\n<p><em>Die vollst\u00e4ndige Empfehlung des Expert:innenrat finden Sie <\/em><a href=\"..\/wp-content\/uploads\/2022\/03\/Expertenrat_Paper_digital.pdf\" target=\"_blank\" rel=\"noopener\"><strong><em>here<\/em> <\/strong><\/a><\/p>\n<\/div><\/section><\/div>\n\n<style type=\"text\/css\" data-created_by=\"avia_inline_auto\" id=\"style-css-av-av_one_half-68b1c96be6e9300609cf11bc1f7fe753\">\n.flex_column.av-av_one_half-68b1c96be6e9300609cf11bc1f7fe753{\nborder-radius:0px 0px 0px 0px;\npadding:0px 0px 0px 0px;\n}\n<\/style>\n<div  class='flex_column av-av_one_half-68b1c96be6e9300609cf11bc1f7fe753 av_one_half  avia-builder-el-507  el_after_av_one_half  el_before_av_hr  no_margin flex_column_table_cell av-equal-height-column av-align-top av-zero-column-padding  column-top-margin'     ><section  class='av_textblock_section av-av_textblock-e878f05c31dff72941bf1e49a00d9ff5'   itemscope=\"itemscope\" itemtype=\"https:\/\/schema.org\/CreativeWork\" ><div class='avia_textblock'  itemprop=\"text\" ><p><strong>Die Exzellenzsicherung f\u00fcr das Ergebnis ist zentral und wird angestrebt durch: <\/strong><\/p>\n<ul>\n<li>intensive Vorbereitung der Auslobung<\/li>\n<li>sorgf\u00e4ltige Auswahl der Teilnehmer der Findungskommission (fachliche Exzellenz)<\/li>\n<li>sorgf\u00e4ltige Auswahl der Teilnehmer der Jury (fachliche Exzellenz)<\/li>\n<li>Art des Auswahlverfahrens durch gesetzte Teilnehmer besonderer Exzellenz und Auswahl von Bewerbern<\/li>\n<li>Feedback-Verfahren w\u00e4hrend des Wettbewerbsverfahrens mit Teilnehmern \/ Interaktion zwischen Jury und Teilnehmer<\/li>\n<\/ul>\n<\/div><\/section><\/div><\/div><!--close column table wrapper. Autoclose: 1 -->\n<div  class='hr av-av_hr-bc943783b13769b99750b884f593b94d hr-default  avia-builder-el-509  el_after_av_one_half  el_before_av_three_fourth'><span class='hr-inner'><span class=\"hr-inner-style\"><\/span><\/span><\/div>\n<div class='flex_column_table av-av_three_fourth-8655cdef4168af3f95ef33efe0467242 sc-av_three_fourth av-equal-height-column-flextable'>\n<style type=\"text\/css\" data-created_by=\"avia_inline_auto\" id=\"style-css-av-av_three_fourth-8655cdef4168af3f95ef33efe0467242\">\n.flex_column.av-av_three_fourth-8655cdef4168af3f95ef33efe0467242{\nwidth:74.375%;\nmargin-left:0;\nborder-radius:0px 0px 0px 0px;\npadding:0px 0px 0px 0px;\n}\n#top .flex_column_table.av-equal-height-column-flextable.av-av_three_fourth-8655cdef4168af3f95ef33efe0467242 .av-flex-placeholder{\nwidth:2.5%;\n}\n<\/style>\n<div  class='flex_column av-av_three_fourth-8655cdef4168af3f95ef33efe0467242 av_three_fourth  avia-builder-el-510  el_after_av_hr  el_before_av_one_fourth  first flex_column_table_cell av-equal-height-column av-align-middle av-zero-column-padding'     ><section  class='av_textblock_section av-av_textblock-e878f05c31dff72941bf1e49a00d9ff5'   itemscope=\"itemscope\" itemtype=\"https:\/\/schema.org\/CreativeWork\" ><div class='avia_textblock'  itemprop=\"text\" ><h4>01.04.2022<\/h4>\n<h4>Psychologinnen aus der Ukraine haben DenkmalWerkstatt zum Austausch genutzt<\/h4>\n<p>Gestern haben Psychologinnen aus der Ukraine die DenkmalWerkstatt genutzt, um sich auszutauschen.<br \/>\nDenn die DenkmalWerkstatt ist ge\u00f6ffnet und kann neben ihrer Funktion als B\u00fcro und Veranstaltungsraum f\u00fcr das Freiheitsdenkmal auch von anderen Projekten und Gruppen genutzt werden.<\/p>\n<p>Kontakt -&gt; Mail: <a href=\"mailto:denkmal@stiftung-fr.de\">denkmal@stiftung-fr.de<\/a>; Tel. 0341 22566004<\/p>\n<\/div><\/section><\/div>\n<div class='av-flex-placeholder'><\/div>\n<style type=\"text\/css\" data-created_by=\"avia_inline_auto\" id=\"style-css-av-av_one_fourth-862f0c8b97abc46405e90743a1c7ee0e\">\n.flex_column.av-av_one_fourth-862f0c8b97abc46405e90743a1c7ee0e{\nwidth:23.125%;\nmargin-left:0;\nborder-radius:0px 0px 0px 0px;\npadding:0px 0px 0px 0px;\n}\n#top .flex_column_table.av-equal-height-column-flextable.av-av_one_fourth-862f0c8b97abc46405e90743a1c7ee0e .av-flex-placeholder{\nwidth:2.5%;\n}\n<\/style>\n<div  class='flex_column av-av_one_fourth-862f0c8b97abc46405e90743a1c7ee0e av_one_fourth  avia-builder-el-512  el_after_av_three_fourth  el_before_av_hr  flex_column_table_cell av-equal-height-column av-align-middle av-zero-column-padding'     ><style type=\"text\/css\" data-created_by=\"avia_inline_auto\" id=\"style-css-av-av_image-3e83b72e87d98c76d7288934d35d56d4\">\n.avia-image-container.av-av_image-3e83b72e87d98c76d7288934d35d56d4 img.avia_image{\nbox-shadow:none;\n}\n.avia-image-container.av-av_image-3e83b72e87d98c76d7288934d35d56d4 .av-image-caption-overlay-center{\ncolor:#ffffff;\n}\n<\/style>\n<div  class='avia-image-container av-av_image-3e83b72e87d98c76d7288934d35d56d4 av-styling- avia-align-center  avia-builder-el-513  avia-builder-el-no-sibling'   itemprop=\"image\" itemscope=\"itemscope\" itemtype=\"https:\/\/schema.org\/ImageObject\" ><div class=\"avia-image-container-inner\"><div class=\"avia-image-overlay-wrap\"><img decoding=\"async\" fetchpriority=\"high\" class='wp-image-2743 avia-img-lazy-loading-not-2743 avia_image' src=\"https:\/\/freiheitsdenkmal-leipzig.de\/wp-content\/uploads\/2022\/04\/IMG_9674-quadrat-auto-300x300.jpg\" alt='' title='IMG_9674-quadrat-auto'  height=\"300\" width=\"300\"  itemprop=\"thumbnailUrl\" srcset=\"https:\/\/freiheitsdenkmal-leipzig.de\/wp-content\/uploads\/2022\/04\/IMG_9674-quadrat-auto-300x300.jpg 300w, https:\/\/freiheitsdenkmal-leipzig.de\/wp-content\/uploads\/2022\/04\/IMG_9674-quadrat-auto-1030x1030.jpg 1030w, https:\/\/freiheitsdenkmal-leipzig.de\/wp-content\/uploads\/2022\/04\/IMG_9674-quadrat-auto-80x80.jpg 80w, https:\/\/freiheitsdenkmal-leipzig.de\/wp-content\/uploads\/2022\/04\/IMG_9674-quadrat-auto-768x768.jpg 768w, https:\/\/freiheitsdenkmal-leipzig.de\/wp-content\/uploads\/2022\/04\/IMG_9674-quadrat-auto-1536x1536.jpg 1536w, https:\/\/freiheitsdenkmal-leipzig.de\/wp-content\/uploads\/2022\/04\/IMG_9674-quadrat-auto-2048x2048.jpg 2048w, https:\/\/freiheitsdenkmal-leipzig.de\/wp-content\/uploads\/2022\/04\/IMG_9674-quadrat-auto-36x36.jpg 36w, https:\/\/freiheitsdenkmal-leipzig.de\/wp-content\/uploads\/2022\/04\/IMG_9674-quadrat-auto-180x180.jpg 180w, https:\/\/freiheitsdenkmal-leipzig.de\/wp-content\/uploads\/2022\/04\/IMG_9674-quadrat-auto-1500x1500.jpg 1500w, https:\/\/freiheitsdenkmal-leipzig.de\/wp-content\/uploads\/2022\/04\/IMG_9674-quadrat-auto-705x705.jpg 705w, https:\/\/freiheitsdenkmal-leipzig.de\/wp-content\/uploads\/2022\/04\/IMG_9674-quadrat-auto-120x120.jpg 120w, https:\/\/freiheitsdenkmal-leipzig.de\/wp-content\/uploads\/2022\/04\/IMG_9674-quadrat-auto-450x450.jpg 450w\" sizes=\"(max-width: 300px) 100vw, 300px\" \/><\/div><\/div><\/div><\/div><\/div><!--close column table wrapper. Autoclose: 1 -->\n<div  class='hr av-av_hr-bc943783b13769b99750b884f593b94d hr-default  avia-builder-el-514  el_after_av_one_fourth  el_before_av_textblock'><span class='hr-inner'><span class=\"hr-inner-style\"><\/span><\/span><\/div>\n<section  class='av_textblock_section av-av_textblock-92ab5b4c5448b40ef3b82fb3d397e98e'   itemscope=\"itemscope\" itemtype=\"https:\/\/schema.org\/CreativeWork\" ><div class='avia_textblock'  itemprop=\"text\" ><h5 style=\"text-align: center;\"><a href=\"https:\/\/freiheitsdenkmal-leipzig.de\/en\/news-archiv\/\" target=\"_blank\" rel=\"noopener\">\u00c4ltere Beitr\u00e4ge<\/a><\/h5>\n<\/div><\/section>","protected":false},"excerpt":{"rendered":"","protected":false},"author":1,"featured_media":0,"parent":0,"menu_order":0,"comment_status":"closed","ping_status":"closed","template":"","meta":{"footnotes":""},"class_list":["post-6655","page","type-page","status-publish","hentry"],"_links":{"self":[{"href":"https:\/\/freiheitsdenkmal-leipzig.de\/en\/wp-json\/wp\/v2\/pages\/6655"}],"collection":[{"href":"https:\/\/freiheitsdenkmal-leipzig.de\/en\/wp-json\/wp\/v2\/pages"}],"about":[{"href":"https:\/\/freiheitsdenkmal-leipzig.de\/en\/wp-json\/wp\/v2\/types\/page"}],"author":[{"embeddable":true,"href":"https:\/\/freiheitsdenkmal-leipzig.de\/en\/wp-json\/wp\/v2\/users\/1"}],"replies":[{"embeddable":true,"href":"https:\/\/freiheitsdenkmal-leipzig.de\/en\/wp-json\/wp\/v2\/comments?post=6655"}],"version-history":[{"count":2,"href":"https:\/\/freiheitsdenkmal-leipzig.de\/en\/wp-json\/wp\/v2\/pages\/6655\/revisions"}],"predecessor-version":[{"id":6657,"href":"https:\/\/freiheitsdenkmal-leipzig.de\/en\/wp-json\/wp\/v2\/pages\/6655\/revisions\/6657"}],"wp:attachment":[{"href":"https:\/\/freiheitsdenkmal-leipzig.de\/en\/wp-json\/wp\/v2\/media?parent=6655"}],"curies":[{"name":"wp","href":"https:\/\/api.w.org\/{rel}","templated":true}]}}