{"id":8368,"date":"2024-10-30T08:50:39","date_gmt":"2024-10-30T08:50:39","guid":{"rendered":"https:\/\/freiheitsdenkmal-leipzig.de\/?page_id=8368"},"modified":"2026-02-03T11:47:47","modified_gmt":"2026-02-03T11:47:47","slug":"alle-entwuerfe","status":"publish","type":"page","link":"https:\/\/freiheitsdenkmal-leipzig.de\/en\/alle-entwuerfe","title":{"rendered":"Alle Entw\u00fcrfe"},"content":{"rendered":"<div  class='flex_column av-3lhbds-67bfbae008b291d7784cea1ce1603701 av_one_full  avia-builder-el-0  el_before_av_section  avia-builder-el-no-sibling  first flex_column_div'     ><p>\n<style type=\"text\/css\" data-created_by=\"avia_inline_auto\" id=\"style-css-av-m2kee3nn-7fda5180c13bcea533ebee03dfae1120\">\n#top .av-special-heading.av-m2kee3nn-7fda5180c13bcea533ebee03dfae1120{\npadding-bottom:10px;\nfont-size:45px;\n}\nbody .av-special-heading.av-m2kee3nn-7fda5180c13bcea533ebee03dfae1120 .av-special-heading-tag .heading-char{\nfont-size:25px;\n}\n#top #wrap_all .av-special-heading.av-m2kee3nn-7fda5180c13bcea533ebee03dfae1120 .av-special-heading-tag{\nfont-size:45px;\n}\n.av-special-heading.av-m2kee3nn-7fda5180c13bcea533ebee03dfae1120 .av-subheading{\nfont-size:30px;\n}\n\n@media only screen and (min-width: 480px) and (max-width: 767px){ \n#top #wrap_all .av-special-heading.av-m2kee3nn-7fda5180c13bcea533ebee03dfae1120 .av-special-heading-tag{\nfont-size:0.8em;\n}\n}\n\n@media only screen and (max-width: 479px){ \n#top #wrap_all .av-special-heading.av-m2kee3nn-7fda5180c13bcea533ebee03dfae1120 .av-special-heading-tag{\nfont-size:0.8em;\n}\n}\n<\/style>\n<div  class='av-special-heading av-m2kee3nn-7fda5180c13bcea533ebee03dfae1120 av-special-heading-h1 blockquote modern-quote  avia-builder-el-1  el_before_av_hr  avia-builder-el-first  av-inherit-size'><div class='av-subheading av-subheading_above'><p>Freiheits- und Einheitsdenkmal in Leipzig \u2013 K\u00fcnstlerischer Realisierungswettbewerb<\/p>\n<\/div><h1 class='av-special-heading-tag'  itemprop=\"headline\"  >Alle Entw\u00fcrfe <\/h1><div class=\"special-heading-border\"><div class=\"special-heading-inner-border\"><\/div><\/div><\/div><br \/>\n\n<style type=\"text\/css\" data-created_by=\"avia_inline_auto\" id=\"style-css-av-m2vu44ra-7d0681ff9a431159c8c5e711e22eb603\">\n#top .hr.hr-invisible.av-m2vu44ra-7d0681ff9a431159c8c5e711e22eb603{\nheight:10px;\n}\n<\/style>\n<div  class='hr av-m2vu44ra-7d0681ff9a431159c8c5e711e22eb603 hr-invisible  avia-builder-el-2  el_after_av_heading  el_before_av_textblock'><span class='hr-inner'><span class=\"hr-inner-style\"><\/span><\/span><\/div><br \/>\n<section  class='av_textblock_section av-m2t7xt0i-cd9f83a60c09c2d2aeb3c890fad3cef7'   itemscope=\"itemscope\" itemtype=\"https:\/\/schema.org\/CreativeWork\" ><div class='avia_textblock'  itemprop=\"text\" ><h4>1. bis 3. Platz\u2502\u00a0<a href=\"#erster-rundgang\">des 1. Rundgangs<\/a> \u2502 <a href=\"#zweiter-rundgang\">des 2. Rundgangs<\/a> \u2502 <a href=\"#dritter-rundgang\">des 3. Rundgangs<\/a><\/h4>\n<\/div><\/section><br \/>\n\n<style type=\"text\/css\" data-created_by=\"avia_inline_auto\" id=\"style-css-av-2gop0g-95734a555539c812121788754a82f741\">\n#top .hr.hr-invisible.av-2gop0g-95734a555539c812121788754a82f741{\nheight:10px;\n}\n<\/style>\n<div  class='hr av-2gop0g-95734a555539c812121788754a82f741 hr-invisible  avia-builder-el-4  el_after_av_textblock  el_before_av_textblock'><span class='hr-inner'><span class=\"hr-inner-style\"><\/span><\/span><\/div><br \/>\n<section  class='av_textblock_section av-m2vtzeb6-2693e69ba8a0692fc37f783bd480bc65'   itemscope=\"itemscope\" itemtype=\"https:\/\/schema.org\/CreativeWork\" ><div class='avia_textblock'  itemprop=\"text\" ><p>In der Preisgerichtssitzung vom 30. September und 1. Oktober 2024 wurden die eingereichten Entw\u00fcrfe von sieben Fachpreis- und sechs Sachpreisrichter:innen beurteilt. Im 1. Rundgang endete die Teilnahme f\u00fcr diejenigen Entw\u00fcrfe, die nicht mit mindestens einer Stimme des Preisgerichts in den 2. Rundgang gew\u00e4hlt wurden.<br \/>\nAb dem 2. Rundgang war eine Mehrheitsentscheidung die Voraussetzung f\u00fcr ein Weiterkommen. Aus den f\u00fcnf Entw\u00fcrfen, die den 3. Rundgang erreicht haben, wurden die Pl\u00e4tze 1 bis 3 bestimmt.<\/p>\n<\/div><\/section><\/p><\/div>\n<\/div><\/div><\/div><!-- close content main div --><\/div><\/div><div id='av_section_1'  class='avia-section av-9dwyk0-ed86255f5bec6976acff764b223a187a main_color avia-section-no-padding avia-no-border-styling  avia-builder-el-6  el_after_av_one_full  el_before_av_section  avia-bg-style-scroll container_wrap fullsize'  ><div class='container av-section-cont-open' ><div class='template-page content  av-content-full alpha units'><div class='post-entry post-entry-type-page post-entry-8368'><div class='entry-content-wrapper clearfix'>\n<section  class='av_textblock_section av-m2kecneu-7993bb5308abf94fd49af6ab3ec79af1'   itemscope=\"itemscope\" itemtype=\"https:\/\/schema.org\/CreativeWork\" ><div class='avia_textblock'  itemprop=\"text\" ><h2>Platz 1 &#8211; 3<\/h2>\n<\/div><\/section>\n<div class='flex_column_table av-7pujc0-48bd8d738ed507531099c8e1ceec5526 sc-av_one_third av-equal-height-column-flextable'><div  class='flex_column av-7pujc0-48bd8d738ed507531099c8e1ceec5526 av_one_third  avia-builder-el-8  el_after_av_textblock  el_before_av_three_fifth  first no_margin flex_column_table_cell av-equal-height-column av-align-top  column-top-margin'     ><section  class='av_textblock_section av-m2oim47f-7acf556a05ce656b5f595f813b49599d'   itemscope=\"itemscope\" itemtype=\"https:\/\/schema.org\/CreativeWork\" ><div class='avia_textblock'  itemprop=\"text\" ><h3>Platz 1:<\/h3>\n<h3>ZILA Architekt.innen mit Bea Meyer und Michael Grzesiak<\/h3>\n<\/div><\/section><br \/>\n\n<style type=\"text\/css\" data-created_by=\"avia_inline_auto\" id=\"style-css-av-m2oiokvo-c19c31bc3d717d43c0e009f540fd52c5\">\n.avia-image-container.av-m2oiokvo-c19c31bc3d717d43c0e009f540fd52c5 img.avia_image{\nbox-shadow:none;\n}\n.avia-image-container.av-m2oiokvo-c19c31bc3d717d43c0e009f540fd52c5 .av-image-caption-overlay-center{\ncolor:#ffffff;\n}\n<\/style>\n<div  class='avia-image-container av-m2oiokvo-c19c31bc3d717d43c0e009f540fd52c5 av-styling- avia-align-center  avia-builder-el-10  el_after_av_textblock  avia-builder-el-last'   itemprop=\"image\" itemscope=\"itemscope\" itemtype=\"https:\/\/schema.org\/ImageObject\" ><div class=\"avia-image-container-inner\"><div class=\"avia-image-overlay-wrap\"><img decoding=\"async\" fetchpriority=\"high\" class='wp-image-8580 avia-img-lazy-loading-not-8580 avia_image' src=\"https:\/\/freiheitsdenkmal-leipzig.de\/wp-content\/uploads\/2024\/10\/FEL_8022_1_G.jpg\" alt='' title='FEL_8022_1_G'  height=\"400\" width=\"600\"  itemprop=\"thumbnailUrl\" srcset=\"https:\/\/freiheitsdenkmal-leipzig.de\/wp-content\/uploads\/2024\/10\/FEL_8022_1_G.jpg 600w, https:\/\/freiheitsdenkmal-leipzig.de\/wp-content\/uploads\/2024\/10\/FEL_8022_1_G-300x200.jpg 300w, https:\/\/freiheitsdenkmal-leipzig.de\/wp-content\/uploads\/2024\/10\/FEL_8022_1_G-18x12.jpg 18w\" sizes=\"(max-width: 600px) 100vw, 600px\" \/><\/div><\/div><\/div><\/p><\/div><div  class='flex_column av-6i7w4g-21c5180e0a201b12a77652d2ec36664d av_three_fifth  avia-builder-el-11  el_after_av_one_third  el_before_av_textblock  no_margin flex_column_table_cell av-equal-height-column av-align-top  column-top-margin'     ><p>\n<style type=\"text\/css\" data-created_by=\"avia_inline_auto\" id=\"style-css-av-efaq8-acb492afab4fab9d197d6b456393dfdf\">\n#top .hr.hr-invisible.av-efaq8-acb492afab4fab9d197d6b456393dfdf{\nheight:20px;\n}\n<\/style>\n<div  class='hr av-efaq8-acb492afab4fab9d197d6b456393dfdf hr-invisible  avia-builder-el-12  el_before_av_gallery  avia-builder-el-first'><span class='hr-inner'><span class=\"hr-inner-style\"><\/span><\/span><\/div><br \/>\n\n<style type=\"text\/css\" data-created_by=\"avia_inline_auto\" id=\"style-css-av-m2oipoe7-59da577fb4ec81311e78d4ab26ddb73a\">\n#top .avia-gallery.av-m2oipoe7-59da577fb4ec81311e78d4ab26ddb73a .avia-gallery-thumb a{\nwidth:33.3333%;\n}\n<\/style>\n<div  class='avia-gallery av-m2oipoe7-59da577fb4ec81311e78d4ab26ddb73a avia_animate_when_visible  avia-builder-el-13  el_after_av_hr  el_before_av_textblock  avia_lazyload avia-gallery-animate avia-gallery-1'  itemprop=\"image\" itemscope=\"itemscope\" itemtype=\"https:\/\/schema.org\/ImageObject\" ><meta itemprop=\"contentURL\" content=\"https:\/\/freiheitsdenkmal-leipzig.de\/en\/alle-entwuerfe\"><div class='avia-gallery-thumb'><a href=\"https:\/\/freiheitsdenkmal-leipzig.de\/wp-content\/uploads\/2024\/10\/FEL_8022_2_G.jpg\" data-srcset=\"https:\/\/freiheitsdenkmal-leipzig.de\/wp-content\/uploads\/2024\/10\/FEL_8022_2_G.jpg 600w, https:\/\/freiheitsdenkmal-leipzig.de\/wp-content\/uploads\/2024\/10\/FEL_8022_2_G-300x200.jpg 300w, https:\/\/freiheitsdenkmal-leipzig.de\/wp-content\/uploads\/2024\/10\/FEL_8022_2_G-18x12.jpg 18w\" data-sizes=\"(max-width: 600px) 100vw, 600px\" data-rel='gallery-1' data-prev-img='https:\/\/freiheitsdenkmal-leipzig.de\/wp-content\/uploads\/2024\/10\/FEL_8022_2_G-495x400.jpg' class='first_thumb lightbox' data-onclick='1' title='FEL_8022_2_G'  itemprop=\"thumbnailUrl\"  ><img decoding=\"async\" fetchpriority=\"high\" class=\"wp-image-8581 avia-img-lazy-loading-not-8581\"   src=\"https:\/\/freiheitsdenkmal-leipzig.de\/wp-content\/uploads\/2024\/10\/FEL_8022_2_G.jpg\" width=\"600\" height=\"400\"  title='FEL_8022_2_G' alt='' srcset=\"https:\/\/freiheitsdenkmal-leipzig.de\/wp-content\/uploads\/2024\/10\/FEL_8022_2_G.jpg 600w, https:\/\/freiheitsdenkmal-leipzig.de\/wp-content\/uploads\/2024\/10\/FEL_8022_2_G-300x200.jpg 300w, https:\/\/freiheitsdenkmal-leipzig.de\/wp-content\/uploads\/2024\/10\/FEL_8022_2_G-18x12.jpg 18w\" sizes=\"(max-width: 600px) 100vw, 600px\" \/><div class='big-prev-fake'><img decoding=\"async\" loading=\"lazy\" class=\"wp-image-8581 avia-img-lazy-loading-8581\"  width=\"495\" height=\"400\" src=\"https:\/\/freiheitsdenkmal-leipzig.de\/wp-content\/uploads\/2024\/10\/FEL_8022_2_G-495x400.jpg\" title='FEL_8022_2_G' alt='' \/><\/div><\/a><a href=\"https:\/\/freiheitsdenkmal-leipzig.de\/wp-content\/uploads\/2024\/10\/FEL_8022_3_G.jpg\" data-srcset=\"https:\/\/freiheitsdenkmal-leipzig.de\/wp-content\/uploads\/2024\/10\/FEL_8022_3_G.jpg 600w, https:\/\/freiheitsdenkmal-leipzig.de\/wp-content\/uploads\/2024\/10\/FEL_8022_3_G-300x200.jpg 300w, https:\/\/freiheitsdenkmal-leipzig.de\/wp-content\/uploads\/2024\/10\/FEL_8022_3_G-18x12.jpg 18w\" data-sizes=\"(max-width: 600px) 100vw, 600px\" data-rel='gallery-1' data-prev-img='https:\/\/freiheitsdenkmal-leipzig.de\/wp-content\/uploads\/2024\/10\/FEL_8022_3_G-495x400.jpg' class='lightbox' data-onclick='2' title='FEL_8022_3_G'  itemprop=\"thumbnailUrl\"  ><img decoding=\"async\" fetchpriority=\"high\" class=\"wp-image-8582 avia-img-lazy-loading-not-8582\"   src=\"https:\/\/freiheitsdenkmal-leipzig.de\/wp-content\/uploads\/2024\/10\/FEL_8022_3_G.jpg\" width=\"600\" height=\"400\"  title='FEL_8022_3_G' alt='' srcset=\"https:\/\/freiheitsdenkmal-leipzig.de\/wp-content\/uploads\/2024\/10\/FEL_8022_3_G.jpg 600w, https:\/\/freiheitsdenkmal-leipzig.de\/wp-content\/uploads\/2024\/10\/FEL_8022_3_G-300x200.jpg 300w, https:\/\/freiheitsdenkmal-leipzig.de\/wp-content\/uploads\/2024\/10\/FEL_8022_3_G-18x12.jpg 18w\" sizes=\"(max-width: 600px) 100vw, 600px\" \/><div class='big-prev-fake'><img decoding=\"async\" loading=\"lazy\" class=\"wp-image-8582 avia-img-lazy-loading-8582\"  width=\"495\" height=\"400\" src=\"https:\/\/freiheitsdenkmal-leipzig.de\/wp-content\/uploads\/2024\/10\/FEL_8022_3_G-495x400.jpg\" title='FEL_8022_3_G' alt='' \/><\/div><\/a><a href=\"https:\/\/freiheitsdenkmal-leipzig.de\/wp-content\/uploads\/2024\/10\/FEL_8022_4_G.jpg\" data-srcset=\"https:\/\/freiheitsdenkmal-leipzig.de\/wp-content\/uploads\/2024\/10\/FEL_8022_4_G.jpg 600w, https:\/\/freiheitsdenkmal-leipzig.de\/wp-content\/uploads\/2024\/10\/FEL_8022_4_G-300x200.jpg 300w, https:\/\/freiheitsdenkmal-leipzig.de\/wp-content\/uploads\/2024\/10\/FEL_8022_4_G-18x12.jpg 18w\" data-sizes=\"(max-width: 600px) 100vw, 600px\" data-rel='gallery-1' data-prev-img='https:\/\/freiheitsdenkmal-leipzig.de\/wp-content\/uploads\/2024\/10\/FEL_8022_4_G-495x400.jpg' class='lightbox' data-onclick='3' title='FEL_8022_4_G'  itemprop=\"thumbnailUrl\"  ><img decoding=\"async\" fetchpriority=\"high\" class=\"wp-image-8583 avia-img-lazy-loading-not-8583\"   src=\"https:\/\/freiheitsdenkmal-leipzig.de\/wp-content\/uploads\/2024\/10\/FEL_8022_4_G.jpg\" width=\"600\" height=\"400\"  title='FEL_8022_4_G' alt='' srcset=\"https:\/\/freiheitsdenkmal-leipzig.de\/wp-content\/uploads\/2024\/10\/FEL_8022_4_G.jpg 600w, https:\/\/freiheitsdenkmal-leipzig.de\/wp-content\/uploads\/2024\/10\/FEL_8022_4_G-300x200.jpg 300w, https:\/\/freiheitsdenkmal-leipzig.de\/wp-content\/uploads\/2024\/10\/FEL_8022_4_G-18x12.jpg 18w\" sizes=\"(max-width: 600px) 100vw, 600px\" \/><div class='big-prev-fake'><img decoding=\"async\" loading=\"lazy\" class=\"wp-image-8583 avia-img-lazy-loading-8583\"  width=\"495\" height=\"400\" src=\"https:\/\/freiheitsdenkmal-leipzig.de\/wp-content\/uploads\/2024\/10\/FEL_8022_4_G-495x400.jpg\" title='FEL_8022_4_G' alt='' \/><\/div><\/a><\/div><\/div><br \/>\n<section  class='av_textblock_section av-m9grjwjo-17a55568707e29b341282f7ef8c01747'   itemscope=\"itemscope\" itemtype=\"https:\/\/schema.org\/CreativeWork\" ><div class='avia_textblock'  itemprop=\"text\" ><p>&#8222;Bahner, Fahnen, Transparente&#8220;\u00a0<a href=\"..\/wp-content\/uploads\/2025\/04\/FEL_TN-Plaene_8022_Preis1_Blatt1_241001.pdf\" target=\"_blank\" rel=\"noopener\"><strong>Pl\u00e4ne Blatt 1<\/strong><\/a>\u00a0\u2502 <strong><a href=\"..\/wp-content\/uploads\/2025\/04\/FEL_TN-Plaene_8022_Preis1_Blatt2_241001.pdf\" target=\"_blank\" rel=\"noopener\">Pl\u00e4ne Blatt 2<\/a><\/strong><\/p>\n<\/div><\/section><br \/>\n<div  class='togglecontainer av-m2oil9ex-0fb394925783149a57fb75b643087105 av-minimal-toggle  avia-builder-el-15  el_after_av_textblock  avia-builder-el-last  toggle_close_all' >\n<section class='av_toggle_section av-m2oil6qt-9fc8da50f2375ad607e5c93a7a18ff48'  itemscope=\"itemscope\" itemtype=\"https:\/\/schema.org\/CreativeWork\" ><div role=\"tablist\" class=\"single_toggle\" data-tags=\"{All} \"  ><p data-fake-id='#toggle-id-1' class='toggler'  itemprop=\"headline\"  role='tab' tabindex='0' aria-controls='toggle-id-1'>Detail-Informationen<span class=\"toggle_icon\"><span class=\"vert_icon\"><\/span><span class=\"hor_icon\"><\/span><\/span><\/p><div id='toggle-id-1' class='toggle_wrap'  ><div class='toggle_content invers-color'  itemprop=\"text\" ><p><em>Von:\u00a0<\/em>Dirk L\u00e4mmel, Peter Ille, Alexej Kolyschkow, Bea Meyer, Michael Grzesiak, Clemens Zirkelbach, alle Leipzig<\/p>\n<p><em>Mitarbeiter:in: <\/em>Tobias Eussner<\/p>\n<p><em>Fachberater:innen:<\/em> Mathes Beratende Ingenieure, Dr. Matthias Stengler, Leipzig; Typografie: Prof. Anna Lena von Helldorff, Leipzig\/M\u00fcnchen<\/p>\n<p><em>Erl\u00e4uterungstext:<\/em><br \/>\nWir sind der \u00dcberzeugung, dass das Leipziger Freiheits- und Einheitsdenkmal einerseits an die Freiheitssehnsucht und die Selbst- erm\u00e4chtigung der DDR\u2013B\u00fcrgerinnen im Jahr 1989 erinnern soll, und andererseits an die mit ihr verbundene Verantwortung, die mit der Erlangung pers\u00f6nlicher Freiheit f\u00fcr ein gelingendes Gemeinwesen einhergeht. Wir m\u00f6chten das Mut-Fassen, das Sich-Trauen, das Sich-Vergewissern und das Sich- Verbinden sichtbar und emotional erfahrbar werden lassen. (&#8230;) W\u00fcrdigung soll in unseren Augen der Akt der Menschen erfahren, unter der Bedrohung des eigenen Lebens und sich f\u00fcr Freiheit bekennend auf die Stra\u00dfe zu gehen. Gleichzeitig wollen wir die Meinungs- und Versammlungs- freiheit als die Grundrechte feiern, die wir als Schl\u00fcssel-momente der Friedlichen Revolution sehen. Sie sind der erste Schritt, um weitere Menschenrechte einzufordern. Die Ereignisse von 1989 lesen sich heute wie aufeinander folgende Schritte einer linearen Chronik. Und doch sind es eigenst\u00e4ndige Tage, r\u00e4umlich und zeitlich gestreute Ereignisse, deren Folgenschwere sich erst retrospektiv erschlie\u00dft. Die Menschen haben, sich versammelnd, diskutierend, sich austauschend, mit jeder ihrer Zusammenk\u00fcnfte, die Geschichte einen Schritt in Richtung Freiheit und Einheit bewegt. F\u00fcr dieses Bild der Streuung und Verdichtung in Leipzig entwickeln wir eine k\u00fcnstlerische Entsprechung. Wir wollen diese ereignisreichen Tage, diese \u00bbVernunft der Stra\u00dfe\u00ab (Christoph Hein) im kollektiven Ged\u00e4chtnis festhalten und sie in den neuen Park einschreiben, in Wegen und Wiesen festhalten, in Stra\u00dfen und Pl\u00e4tzen sichtbar werden lassen \u2013 in der \u00d6ffentlichkeit, dort wo es Menschen mit ihren Vorstellungen und W\u00fcnschen hingezogen hat, um ihre Standpunkte zu vertreten. Die Selbsterm\u00e4chtigung, sich wieder und wieder zur Meinungsbekundung auf der Stra\u00dfe zusammenzufinden, der explizit formulierte Verzicht auf Gewalt und die Bereitschaft zum positiven Dialog sehen wir als die entscheidenden Momente der Geschehnisse in Leipzig. F\u00fcr diese Momente wollen wir einen offenen, st\u00e4dtischen Gedenk-, Erlebens- und Projektionsraum schaffen. Die von uns vorgeschlagene Konfiguration l\u00e4dt \u00fcber ihren skulpturalen Ausdruck und ihre Streuung im Park ein, sich die Geschehnisse von 1989 zu \u00bbvergegenw\u00e4rtigen\u00ab, ihre Universalit\u00e4t zu sp\u00fcren, die Bedeutung f\u00fcr heute und die Zukunft wahrzunehmen und sich davon inspirieren zu lassen. Banner, Fahnen und Transparente sind Sinnbild, eigene \u00dcberzeugungen in den \u00f6ffentlichen Raum zu tragen. Als abstrakte Skulpturen sind sie Symbole f\u00fcr den mutigen Schritt ein Zeichen zu setzen, mit einer Botschaft die eigene Haltung in den Raum zu stellen, f\u00fcr seine Meinung die Verantwortung und die Konsequenzen zu tragen, den Mut trotz Unterdr\u00fcckung und Bedrohung hinter einer Sache zu stehen und mit den eigenen \u00dcberzeugungen den Diskurs mit der Gemeinschaft zu suchen und zu f\u00fchren.<\/p>\n<p><em>Jurykommentar:<\/em><br \/>\nDer Entwurf \u201eBanner, Fahnen, Transparente\u201c \u00fcberzeugt das Preisgericht durch seine zugleich abstrakte und konkrete W\u00fcrdigung eines zentralen Elements von Protestbewegungen im Allgemeinen und der \u201eFriedlichen Revolution\u201c von 1989 im Besonderen. Die kraftvolle Inszenierung der 50 \u00fcber den Platz verteilten Objekte, in den Boden gesteckte Banner, Fahnen und Transparente, \u00fcberl\u00e4sst den Betrachtenden Raum f\u00fcr Assoziation, Aneig-nung und Partizipation. Die nahbaren Objekte haben eine jeweils eigene, differenziert gestaltete Form und Gr\u00f6\u00dfe. Gemeinsam ist den Transparenten jedoch ihre Materialit\u00e4t, wei\u00df lackierter Edelstahl, und die Leere. Sie zitieren also keine Parolen, sondern fungieren als noch unbeschriebene Projektionsfl\u00e4chen. Insofern konstituieren sie einen Freiheits- und M\u00f6glichkeitsraum, zugleich lassen sich die wei\u00dfen Fl\u00e4chen als Signal einer friedlichen Ge-sinnung interpretieren. Bemerkenswert ist die k\u00fcnstlerisch hergeleitete Platzierung der Ob-jekte, die durch eine ungleiche, spontane \u201eStreuung\u201c im Landschaftsraum und sensible Setzung gekennzeichnet ist. Die m\u00f6gliche \u00dcberschreitung des bisher angedachten Planungsbereichs wird vom Preisgericht als Qualit\u00e4t anerkannt. Der planerische Rahmen f\u00fcr den \u00d6kotopia-Park auf dem Wilhelm-Leuschner-Platz wird somit sensibel durch ein pr\u00e4g-nantes Denkmal erg\u00e4nzt. Die Gruppen der Transparente verdichten sich im nordwestlichen Teil des Platzes, als st\u00fcnden dort viele Protestierende unmittelbar beieinander, w\u00e4hrend sie an anderen Stellen in kleineren Gruppen oder gar nur vereinzelt auftreten. Das veran-schaulicht auf beeindruckende Weise das Risiko und die Dynamik von Protestbewegungen: Oft sind es zuerst nur Einzelne, die den Mut fassen, sich mit einer Meinungs\u00e4u\u00dferung zu exponieren, vielleicht bleiben sie auch alleine oder werden gar abgestraft, manchmal aber finden sie Gleichgesinnte, aus Wenigen werden viele, an denen schlie\u00dflich kein Weg mehr vorbeif\u00fchrt. Einen direkten Bezug zu den Ereignissen von 1989 stellt der Entwurf insofern her, als in den Boden \u00fcber den Platz verteilt insgesamt sechzehn Ziffernz\u00fcge aus Aluminiumguss eingelassen sind, auf denen die historisch wichtigsten Daten \u2013 die \u201eirregul\u00e4ren Tage\u201c (Michael Schade) \u2013 der Ereignisse rund um die \u201eFriedliche Revolution\u201c benannt sind. Die Leere der Transparente l\u00e4dt in subtiler Form zur gedanklichen Bef\u00fcllung der Transparente ein, die leichte, spontan in die Wiese eingesteckt wirkende Form macht die Objekte zum nahbaren Gegenstand des Alltags. Kontrovers diskutiert das Preisgericht die Frage der aktiven Partizipation, die sich im schlechten Fall in Form von Vandalismus ausdr\u00fcckt. F\u00fcr beides bietet das Denkmal die Plattform und es gilt ein angemessenes Konzept zu bieten. Eine im Entwurf bereits benannte, das Denkmal begleitende Website mit weitergehenden Informationen zu u.a. den im Boden genannten Daten ist ein Ansatz, der vom Preisgericht unterst\u00fctzt wird, aber als allei-nige Antwort noch nicht ausreicht, um das Potential dieser offenen Frage auszusch\u00f6pfen. Hier bleibt offen, mithilfe welcher Choreographie die Besuchenden die Anregung zu Mut und Meinungsfreiheit abstrakt oder konkret zu Anteilnahme aufgefordert werden, eigene Meinungen zu entwickeln, zu diskutieren und zu manifestieren. Sicherzustellen ist, dass diese Prozesse zwar zur Diskussion der Grenzen der freien Meinungs\u00e4u\u00dferung und des Ringens f\u00fcr Freiheit anregen, aber der friedliche und respektvolle Rahmen aber gesichert wird. Insgesamt ist der Entwurf ein hervorragender Beitrag zum Wettbewerb, der vom Preisgericht f\u00fcr sein schl\u00fcssiges Gesamtkonzept ausgezeichnet wird, das dauerhaft einen kraftvollen und inspirierenden Ort f\u00fcr die w\u00fcrdevolle Auseinandersetzung mit Kernfragen der Demokratie schafft.<\/p>\n<\/div><\/div><\/div><\/section>\n<\/div><\/p><\/div><\/div><!--close column table wrapper. Autoclose: 1 --><section  class='av_textblock_section av-4gaxdc-15cb143b1704fb86446aa41f0f34936f'   itemscope=\"itemscope\" itemtype=\"https:\/\/schema.org\/CreativeWork\" ><div class='avia_textblock'  itemprop=\"text\" ><\/div><\/section>\n<div  class='hr av-24239s-2b3ed96e6ab0c7e4492eb8400e21f491 hr-default  avia-builder-el-17  el_after_av_textblock  avia-builder-el-last'><span class='hr-inner'><span class=\"hr-inner-style\"><\/span><\/span><\/div>\n<\/div><\/div><\/div><!-- close content main div --><\/div><\/div><div id='av_section_2'  class='avia-section av-9lwlhs-3b9cd0e7063e034cd986d9d09ff4d89a main_color avia-section-no-padding avia-no-border-styling  avia-builder-el-18  el_after_av_section  el_before_av_section  avia-bg-style-scroll container_wrap fullsize'  ><div class='container av-section-cont-open' ><div class='template-page content  av-content-full alpha units'><div class='post-entry post-entry-type-page post-entry-8368'><div class='entry-content-wrapper clearfix'>\n<div class='flex_column_table av-736kc0-4b620e405096964082e9334f790e74f9 sc-av_one_third av-equal-height-column-flextable'><div  class='flex_column av-736kc0-4b620e405096964082e9334f790e74f9 av_one_third  avia-builder-el-19  el_before_av_three_fifth  avia-builder-el-first  first no_margin flex_column_table_cell av-equal-height-column av-align-top'     ><section  class='av_textblock_section av-m2uaskk6-d1f3bd5c242026356bbf75c3cfb3a1cf'   itemscope=\"itemscope\" itemtype=\"https:\/\/schema.org\/CreativeWork\" ><div class='avia_textblock'  itemprop=\"text\" ><h3>Platz 2:<\/h3>\n<h3>RICHTER MUSIKOWSKI PartGmb, Architekten mit GRIEGER HARZER DVORAK, Landschaftsarchitekten und Anna Talens<\/h3>\n<\/div><\/section><br \/>\n\n<style type=\"text\/css\" data-created_by=\"avia_inline_auto\" id=\"style-css-av-9w3jdc-ba273a9bf5da3fe1371fa9d9b19c4623\">\n.avia-image-container.av-9w3jdc-ba273a9bf5da3fe1371fa9d9b19c4623 img.avia_image{\nbox-shadow:none;\n}\n.avia-image-container.av-9w3jdc-ba273a9bf5da3fe1371fa9d9b19c4623 .av-image-caption-overlay-center{\ncolor:#ffffff;\n}\n<\/style>\n<div  class='avia-image-container av-9w3jdc-ba273a9bf5da3fe1371fa9d9b19c4623 av-styling- avia-align-center  avia-builder-el-21  el_after_av_textblock  avia-builder-el-last'   itemprop=\"image\" itemscope=\"itemscope\" itemtype=\"https:\/\/schema.org\/ImageObject\" ><div class=\"avia-image-container-inner\"><div class=\"avia-image-overlay-wrap\"><img decoding=\"async\" fetchpriority=\"high\" class='wp-image-8585 avia-img-lazy-loading-not-8585 avia_image' src=\"https:\/\/freiheitsdenkmal-leipzig.de\/wp-content\/uploads\/2024\/10\/FEL_8027_1_G.jpg\" alt='' title='FEL_8027_1_G'  height=\"400\" width=\"600\"  itemprop=\"thumbnailUrl\" srcset=\"https:\/\/freiheitsdenkmal-leipzig.de\/wp-content\/uploads\/2024\/10\/FEL_8027_1_G.jpg 600w, https:\/\/freiheitsdenkmal-leipzig.de\/wp-content\/uploads\/2024\/10\/FEL_8027_1_G-300x200.jpg 300w, https:\/\/freiheitsdenkmal-leipzig.de\/wp-content\/uploads\/2024\/10\/FEL_8027_1_G-18x12.jpg 18w\" sizes=\"(max-width: 600px) 100vw, 600px\" \/><\/div><\/div><\/div><\/p><\/div><div  class='flex_column av-55lf5c-8f46a9740bac8dadf20bc3676c77d18e av_three_fifth  avia-builder-el-22  el_after_av_one_third  el_before_av_hr  no_margin flex_column_table_cell av-equal-height-column av-align-top'     ><p>\n<style type=\"text\/css\" data-created_by=\"avia_inline_auto\" id=\"style-css-av-hujgg-588e7ac697be06eb455bd6ee4df85cc4\">\n#top .hr.hr-invisible.av-hujgg-588e7ac697be06eb455bd6ee4df85cc4{\nheight:20px;\n}\n<\/style>\n<div  class='hr av-hujgg-588e7ac697be06eb455bd6ee4df85cc4 hr-invisible  avia-builder-el-23  el_before_av_gallery  avia-builder-el-first'><span class='hr-inner'><span class=\"hr-inner-style\"><\/span><\/span><\/div><br \/>\n\n<style type=\"text\/css\" data-created_by=\"avia_inline_auto\" id=\"style-css-av-3uqlu8-300e2ef0c546e43a1f3ba87f2d3f6771\">\n#top .avia-gallery.av-3uqlu8-300e2ef0c546e43a1f3ba87f2d3f6771 .avia-gallery-thumb a{\nwidth:33.3333%;\n}\n<\/style>\n<div  class='avia-gallery av-3uqlu8-300e2ef0c546e43a1f3ba87f2d3f6771 avia_animate_when_visible  avia-builder-el-24  el_after_av_hr  el_before_av_toggle_container  avia_lazyload avia-gallery-animate avia-gallery-2'  itemprop=\"image\" itemscope=\"itemscope\" itemtype=\"https:\/\/schema.org\/ImageObject\" ><meta itemprop=\"contentURL\" content=\"https:\/\/freiheitsdenkmal-leipzig.de\/en\/alle-entwuerfe\"><div class='avia-gallery-thumb'><a href=\"https:\/\/freiheitsdenkmal-leipzig.de\/wp-content\/uploads\/2024\/10\/FEL_8027_2_G.jpg\" data-srcset=\"https:\/\/freiheitsdenkmal-leipzig.de\/wp-content\/uploads\/2024\/10\/FEL_8027_2_G.jpg 600w, https:\/\/freiheitsdenkmal-leipzig.de\/wp-content\/uploads\/2024\/10\/FEL_8027_2_G-300x200.jpg 300w, https:\/\/freiheitsdenkmal-leipzig.de\/wp-content\/uploads\/2024\/10\/FEL_8027_2_G-18x12.jpg 18w\" data-sizes=\"(max-width: 600px) 100vw, 600px\" data-rel='gallery-2' data-prev-img='https:\/\/freiheitsdenkmal-leipzig.de\/wp-content\/uploads\/2024\/10\/FEL_8027_2_G-495x400.jpg' class='first_thumb lightbox' data-onclick='1' title='FEL_8027_2_G'  itemprop=\"thumbnailUrl\"  ><img decoding=\"async\" fetchpriority=\"high\" class=\"wp-image-8586 avia-img-lazy-loading-not-8586\"   src=\"https:\/\/freiheitsdenkmal-leipzig.de\/wp-content\/uploads\/2024\/10\/FEL_8027_2_G.jpg\" width=\"600\" height=\"400\"  title='FEL_8027_2_G' alt='' srcset=\"https:\/\/freiheitsdenkmal-leipzig.de\/wp-content\/uploads\/2024\/10\/FEL_8027_2_G.jpg 600w, https:\/\/freiheitsdenkmal-leipzig.de\/wp-content\/uploads\/2024\/10\/FEL_8027_2_G-300x200.jpg 300w, https:\/\/freiheitsdenkmal-leipzig.de\/wp-content\/uploads\/2024\/10\/FEL_8027_2_G-18x12.jpg 18w\" sizes=\"(max-width: 600px) 100vw, 600px\" \/><div class='big-prev-fake'><img decoding=\"async\" loading=\"lazy\" class=\"wp-image-8586 avia-img-lazy-loading-8586\"  width=\"495\" height=\"400\" src=\"https:\/\/freiheitsdenkmal-leipzig.de\/wp-content\/uploads\/2024\/10\/FEL_8027_2_G-495x400.jpg\" title='FEL_8027_2_G' alt='' \/><\/div><\/a><a href=\"https:\/\/freiheitsdenkmal-leipzig.de\/wp-content\/uploads\/2024\/10\/FEL_8027_3_G.jpg\" data-srcset=\"https:\/\/freiheitsdenkmal-leipzig.de\/wp-content\/uploads\/2024\/10\/FEL_8027_3_G.jpg 600w, https:\/\/freiheitsdenkmal-leipzig.de\/wp-content\/uploads\/2024\/10\/FEL_8027_3_G-300x200.jpg 300w, https:\/\/freiheitsdenkmal-leipzig.de\/wp-content\/uploads\/2024\/10\/FEL_8027_3_G-18x12.jpg 18w\" data-sizes=\"(max-width: 600px) 100vw, 600px\" data-rel='gallery-2' data-prev-img='https:\/\/freiheitsdenkmal-leipzig.de\/wp-content\/uploads\/2024\/10\/FEL_8027_3_G-495x400.jpg' class='lightbox' data-onclick='2' title='FEL_8027_3_G'  itemprop=\"thumbnailUrl\"  ><img decoding=\"async\" fetchpriority=\"high\" class=\"wp-image-8587 avia-img-lazy-loading-not-8587\"   src=\"https:\/\/freiheitsdenkmal-leipzig.de\/wp-content\/uploads\/2024\/10\/FEL_8027_3_G.jpg\" width=\"600\" height=\"400\"  title='FEL_8027_3_G' alt='' srcset=\"https:\/\/freiheitsdenkmal-leipzig.de\/wp-content\/uploads\/2024\/10\/FEL_8027_3_G.jpg 600w, https:\/\/freiheitsdenkmal-leipzig.de\/wp-content\/uploads\/2024\/10\/FEL_8027_3_G-300x200.jpg 300w, https:\/\/freiheitsdenkmal-leipzig.de\/wp-content\/uploads\/2024\/10\/FEL_8027_3_G-18x12.jpg 18w\" sizes=\"(max-width: 600px) 100vw, 600px\" \/><div class='big-prev-fake'><img decoding=\"async\" loading=\"lazy\" class=\"wp-image-8587 avia-img-lazy-loading-8587\"  width=\"495\" height=\"400\" src=\"https:\/\/freiheitsdenkmal-leipzig.de\/wp-content\/uploads\/2024\/10\/FEL_8027_3_G-495x400.jpg\" title='FEL_8027_3_G' alt='' \/><\/div><\/a><a href=\"https:\/\/freiheitsdenkmal-leipzig.de\/wp-content\/uploads\/2024\/10\/FEL_8027_4_G-1030x803.jpg\" data-srcset=\"https:\/\/freiheitsdenkmal-leipzig.de\/wp-content\/uploads\/2024\/10\/FEL_8027_4_G-1030x803.jpg 1030w, https:\/\/freiheitsdenkmal-leipzig.de\/wp-content\/uploads\/2024\/10\/FEL_8027_4_G-300x234.jpg 300w, https:\/\/freiheitsdenkmal-leipzig.de\/wp-content\/uploads\/2024\/10\/FEL_8027_4_G-768x599.jpg 768w, https:\/\/freiheitsdenkmal-leipzig.de\/wp-content\/uploads\/2024\/10\/FEL_8027_4_G-1536x1198.jpg 1536w, https:\/\/freiheitsdenkmal-leipzig.de\/wp-content\/uploads\/2024\/10\/FEL_8027_4_G-15x12.jpg 15w, https:\/\/freiheitsdenkmal-leipzig.de\/wp-content\/uploads\/2024\/10\/FEL_8027_4_G-1500x1170.jpg 1500w, https:\/\/freiheitsdenkmal-leipzig.de\/wp-content\/uploads\/2024\/10\/FEL_8027_4_G-705x550.jpg 705w, https:\/\/freiheitsdenkmal-leipzig.de\/wp-content\/uploads\/2024\/10\/FEL_8027_4_G.jpg 2000w\" data-sizes=\"(max-width: 1030px) 100vw, 1030px\" data-rel='gallery-2' data-prev-img='https:\/\/freiheitsdenkmal-leipzig.de\/wp-content\/uploads\/2024\/10\/FEL_8027_4_G-495x400.jpg' class='lightbox' data-onclick='3' title='01.indd'  itemprop=\"thumbnailUrl\"  ><img decoding=\"async\" fetchpriority=\"high\" class=\"wp-image-8588 avia-img-lazy-loading-not-8588\"   src=\"https:\/\/freiheitsdenkmal-leipzig.de\/wp-content\/uploads\/2024\/10\/FEL_8027_4_G.jpg\" width=\"2000\" height=\"1560\"  title='01.indd' alt='' srcset=\"https:\/\/freiheitsdenkmal-leipzig.de\/wp-content\/uploads\/2024\/10\/FEL_8027_4_G.jpg 2000w, https:\/\/freiheitsdenkmal-leipzig.de\/wp-content\/uploads\/2024\/10\/FEL_8027_4_G-300x234.jpg 300w, https:\/\/freiheitsdenkmal-leipzig.de\/wp-content\/uploads\/2024\/10\/FEL_8027_4_G-1030x803.jpg 1030w, https:\/\/freiheitsdenkmal-leipzig.de\/wp-content\/uploads\/2024\/10\/FEL_8027_4_G-768x599.jpg 768w, https:\/\/freiheitsdenkmal-leipzig.de\/wp-content\/uploads\/2024\/10\/FEL_8027_4_G-1536x1198.jpg 1536w, https:\/\/freiheitsdenkmal-leipzig.de\/wp-content\/uploads\/2024\/10\/FEL_8027_4_G-15x12.jpg 15w, https:\/\/freiheitsdenkmal-leipzig.de\/wp-content\/uploads\/2024\/10\/FEL_8027_4_G-1500x1170.jpg 1500w, https:\/\/freiheitsdenkmal-leipzig.de\/wp-content\/uploads\/2024\/10\/FEL_8027_4_G-705x550.jpg 705w\" sizes=\"(max-width: 2000px) 100vw, 2000px\" \/><div class='big-prev-fake'><img decoding=\"async\" loading=\"lazy\" class=\"wp-image-8588 avia-img-lazy-loading-8588\"  width=\"495\" height=\"400\" src=\"https:\/\/freiheitsdenkmal-leipzig.de\/wp-content\/uploads\/2024\/10\/FEL_8027_4_G-495x400.jpg\" title='01.indd' alt='' srcset=\"https:\/\/freiheitsdenkmal-leipzig.de\/wp-content\/uploads\/2024\/10\/FEL_8027_4_G-495x400.jpg 495w, https:\/\/freiheitsdenkmal-leipzig.de\/wp-content\/uploads\/2024\/10\/FEL_8027_4_G-15x12.jpg 15w, https:\/\/freiheitsdenkmal-leipzig.de\/wp-content\/uploads\/2024\/10\/FEL_8027_4_G-845x684.jpg 845w\" sizes=\"(max-width: 495px) 100vw, 495px\" \/><\/div><\/a><\/div><\/div><br \/>\n<div  class='togglecontainer av-m2uasawm-6733067aa8a9efca081905ee7456d31d av-minimal-toggle  avia-builder-el-25  el_after_av_gallery  avia-builder-el-last  toggle_close_all' >\n<section class='av_toggle_section av-m2uas97y-3f29782ca0e8864fef086d88d076763f'  itemscope=\"itemscope\" itemtype=\"https:\/\/schema.org\/CreativeWork\" ><div role=\"tablist\" class=\"single_toggle\" data-tags=\"{All} \"  ><p data-fake-id='#toggle-id-2' class='toggler'  itemprop=\"headline\"  role='tab' tabindex='0' aria-controls='toggle-id-2'>Detail-Informationen<span class=\"toggle_icon\"><span class=\"vert_icon\"><\/span><span class=\"hor_icon\"><\/span><\/span><\/p><div id='toggle-id-2' class='toggle_wrap'  ><div class='toggle_content invers-color'  itemprop=\"text\" ><p><em>Von: <\/em>Nina Dvorak, Jan Musikowski, Christoph Richter, Anna Talens, alle Berlin<\/p>\n<p><em>Mitarbeiter:innen:\u00a0<\/em>Hannes Schewe, Sebastian Haufe, Anne Lyngby, Sebastian Schlunk<\/p>\n<p><em>Fachberater:innen:<\/em> Mathes Beratende Ingenieure, Dr. Matthias Stengler, Leipzig; Typografie: Prof. Anna Lena von Helldorff, Leipzig\/M\u00fcnchen<\/p>\n<p><em>Erl\u00e4uterungstext:<\/em><br \/>\nEine kreisrunde Wasserfl\u00e4che bedeckt in den warmen Jahreszeiten die Lichtpunkte am Boden des Beckens und erzeugt im Zusammenspiel mit Sonne, Wolken und Wind eine reflektierendes, sich best\u00e4ndig ver\u00e4nderndes \u201eLichtermeer\u201c. Es symbolisiert die Idee der friedlichen Demonstration, die die Teilnehmer vereinte und in Rufen wie \u201eKeine Gewalt!\u201c zum Ausdruck gebracht wurde. Ein kuratiertes Hervorquellen und Versiegen des Wassers sowie Wassernebel- Momente versinnbildlichen und erinnern an das Entstehen von gro\u00dfen Demonstrationen und die empfundene Ungewissheit \u00fcber ihren Ausgang. Um die \u00fcberw\u00e4ltigende Menge der Demonstranten zu visualisieren, wird der Boden des Denkmals mit einem Mosaik aus 70.000 lichtreflektierenden Rundscheiben belegt. Jede dieser Scheiben steht symbolisch f\u00fcr einen der friedlichen Demonstranten. Tags\u00fcber spiegelt das Mosaik das Licht des Himmels und der Sonne wider, reflektiert in vielen Einzelpunkten seine Umgebung und bringt die Wasserfl\u00e4che von innen heraus zum Leuchten. Nachts wird das Mosaik in dem sanften und warmen Licht von hunderten Lichtpunkten erstrahlen, was an die Kerzen erinnert, die von den Demonstranten getragen wurden. Getragen von der besonderen Lichtstimmung des Denkmals wird die \u201eWiese der Friedlichen Revolution\u201c zu einem lebendigen Treffpunkt im Park, an dem die Menschen zusammenfinden, um gemeinsam vergangene und aktuelle Ereignisse zu reflektieren und sich \u00fcber die Bedeutung von Freiheit und Frieden auszutauschen. Das Denkmal soll nicht nur erinnern, sondern auch inspirieren \u2013 es l\u00e4dt dazu ein, \u00fcber den Wert von Freiheit nachzudenken und den Mut zu finden, f\u00fcr diese Werte einzutreten, so wie es die Leipziger 1989 taten. Das Denkmal w\u00fcrdigt insbesondere die Leipziger, die den Mut hatten, f\u00fcr Freiheit und Frieden alles zu riskieren. Es macht deutlich, dass die Menschen hier eine beispiellose historische Leistung vollbracht haben \u2013 ein Fakt, auf den sie f\u00fcr immer stolz sein k\u00f6nnen und der ihrer Stimme eine bleibende moralische Autorit\u00e4t in aktuellen und zuk\u00fcnftigen Debatten \u00fcber Themen wie Freiheit und Frieden verleiht. Um diesen Mutigen von damals und wie heute eine Stimme zu geben, werden auf einigen Mosaiksteinen Namen zu lesen sein. \u00dcber einen zus\u00e4tzlichen digitalen Link k\u00f6nnen ihre pers\u00f6nlichen Erlebnisse und Gedanken in Worten, Stimmen und Bildern verankert und mit den nachfolgenden Generationen geteilt werden. Das \u201eLichtermeer\u201c strahlt eine universelle Botschaft der Hoffnung und des friedlichen Widerstands aus. Es stellt Leipzig als zentralen Punkt einer Bewegung dar, die nicht nur Ostdeutschland, sondern auch Osteuropa ver\u00e4nderte. Die reflektierenden Scheiben symbolisieren das Licht der Kerzen, das von Leipzig aus in die Welt getragen wurde. Die friedliche Revolution von 1989 wird durch diese k\u00fcnstlerische Umsetzung als eine globale Inspiration visualisiert, die bis heute ihre Relevanz nicht verloren hat.<\/p>\n<p><em>Jurykommentar:<\/em><br \/>\nDas \u201eLichtermeer\u201c zur Erinnerung an die Ereignisse des Oktobers 1989 hat das Preisgericht durch seine poetische Kraft, gestalterische Pr\u00e4zision, dauerhafte G\u00fcltigkeit und attraktive \u00c4sthetik \u00fcberzeugt. Die kreisrunde, in den warmen Jahreszeiten mit Wasser bedeckte und mit 70.000 reflektierenden Scheiben unterschiedlicher Gr\u00f6\u00dfe besetzte Fl\u00e4che schafft einen stillen Versammlungs- und Kontemplationsort mit besonderer Qualit\u00e4t. Verschieden gro\u00dfe Keramik-\/Metallfliesen sind in einem Terrazzo\/M\u00f6rtelbett angeordnet und erzeugen Reflexionen des nat\u00fcrlichen und k\u00fcnstlichen Lichts. Diese flache Wasserschale ist als Denkmal mit gro\u00dfer Sensibilit\u00e4t \u00fcberzeugend in die Landschaft eingebettet und integriert sich bestens in das Landschaftskonzept \u201e\u00d6kotopia\u201c f\u00fcr den Wilhelm-Leuschner-Platz. In die Keramik-\/Metallfliesen werden Namen konkreter Personen graviert, so dass die Be-deutung von Einzelpersonen genauso vermittelt wird, wie zugleich das Lichtermeer in beeindruckender Weise die Kraft der Gemeinschaft der Demonstration am 9. Oktober 1989 visualisieren wird. Die reflektierenden Scheiben sollen das Licht der Kerzen symbolisieren und die Menschen, die dieses Licht in die Welt getragen haben. Dies erzeugt eine poetische und friedliche Anmutung, die zu Besinnung einl\u00e4dt. Das Spannungsverh\u00e4ltnis von Politik und Poesie wird vom Preisgericht im Ansatz nachvollzogen. Es entsteht ein Ort der Stille, der vor allem der Gewaltfreiheit Rechnung tr\u00e4gt und zum Verweilen einl\u00e4dt. Gleichwohl erkennt das Preisgericht eine Ambivalenz, die das Projekt dauerhaft in der Schwebe belassen w\u00fcrde: auf der einen Seite die kontemplative Sch\u00f6nheit als Ort zur Erinnerung an ein positives Ereignis, auf der anderen Seite die fehlende Kraft und Herausforderung der Besu-chenden, die das Projekt an den Rand der Beliebigkeit treiben l\u00e4sst. Das Projekt hat zwar das Potential, entfaltet jedoch keine weitere politische Dimension jenseits der politischen Kraft der Stille. Das Preisgericht w\u00fcrdigt den Entwurf als wertvollen Beitrag zum Wettbewerb und die insgesamt \u00fcberzeugende Qualit\u00e4t einer mit besonderer Pr\u00e4zision und Feinheit dargestellten Idee, welche den Geist einer Arbeit hervorragend repr\u00e4sentiert, die f\u00fcr jeden gleicherma\u00dfen zug\u00e4nglich und inspirierend ist.<\/p>\n<\/div><\/div><\/div><\/section>\n<\/div><\/p><\/div><\/div><!--close column table wrapper. Autoclose: 1 --><div  class='hr av-991hc-1a384047d887f80bf4ee6cbfdd8b1f4e hr-default  avia-builder-el-26  el_after_av_three_fifth  avia-builder-el-last'><span class='hr-inner'><span class=\"hr-inner-style\"><\/span><\/span><\/div>\n<\/p>\n<\/div><\/div><\/div><!-- close content main div --><\/div><\/div><div id='av_section_3'  class='avia-section av-d85t80-b4e4eaa07c55f6368d8f7ab882a75f73 main_color avia-section-no-padding avia-no-border-styling  avia-builder-el-27  el_after_av_section  el_before_av_one_full  avia-bg-style-scroll container_wrap fullsize'  ><div class='container av-section-cont-open' ><div class='template-page content  av-content-full alpha units'><div class='post-entry post-entry-type-page post-entry-8368'><div class='entry-content-wrapper clearfix'>\n<div class='flex_column_table av-ahwfjk-4114df720e7c3be84bc96ba80ab248a7 sc-av_one_third av-equal-height-column-flextable'><div  class='flex_column av-ahwfjk-4114df720e7c3be84bc96ba80ab248a7 av_one_third  avia-builder-el-28  el_before_av_three_fifth  avia-builder-el-first  first no_margin flex_column_table_cell av-equal-height-column av-align-top'     ><section  class='av_textblock_section av-m2uazxbh-412e49a128cf016df87f6db28d0b2162'   itemscope=\"itemscope\" itemtype=\"https:\/\/schema.org\/CreativeWork\" ><div class='avia_textblock'  itemprop=\"text\" ><h3>Platz 3:<\/h3>\n<h3>Thomas Moecker, Werner Klotz, Anna Dilengite<\/h3>\n<\/div><\/section><br \/>\n\n<style type=\"text\/css\" data-created_by=\"avia_inline_auto\" id=\"style-css-av-m2uakvtv-3bb0d8596e64763456207804d18cbb43\">\n.avia-image-container.av-m2uakvtv-3bb0d8596e64763456207804d18cbb43 img.avia_image{\nbox-shadow:none;\n}\n.avia-image-container.av-m2uakvtv-3bb0d8596e64763456207804d18cbb43 .av-image-caption-overlay-center{\ncolor:#ffffff;\n}\n<\/style>\n<div  class='avia-image-container av-m2uakvtv-3bb0d8596e64763456207804d18cbb43 av-styling- avia-align-center  avia-builder-el-30  el_after_av_textblock  avia-builder-el-last'   itemprop=\"image\" itemscope=\"itemscope\" itemtype=\"https:\/\/schema.org\/ImageObject\" ><div class=\"avia-image-container-inner\"><div class=\"avia-image-overlay-wrap\"><img decoding=\"async\" fetchpriority=\"high\" class='wp-image-8590 avia-img-lazy-loading-not-8590 avia_image' src=\"https:\/\/freiheitsdenkmal-leipzig.de\/wp-content\/uploads\/2024\/10\/FEL_8023_1_G.jpg\" alt='' title='FEL_8023_1_G'  height=\"400\" width=\"600\"  itemprop=\"thumbnailUrl\" srcset=\"https:\/\/freiheitsdenkmal-leipzig.de\/wp-content\/uploads\/2024\/10\/FEL_8023_1_G.jpg 600w, https:\/\/freiheitsdenkmal-leipzig.de\/wp-content\/uploads\/2024\/10\/FEL_8023_1_G-300x200.jpg 300w, https:\/\/freiheitsdenkmal-leipzig.de\/wp-content\/uploads\/2024\/10\/FEL_8023_1_G-18x12.jpg 18w\" sizes=\"(max-width: 600px) 100vw, 600px\" \/><\/div><\/div><\/div><\/p><\/div><div  class='flex_column av-7q6r5c-a04c1e84988cec4f32f8b1bfcb0a7541 av_three_fifth  avia-builder-el-31  el_after_av_one_third  el_before_av_hr  no_margin flex_column_table_cell av-equal-height-column av-align-top'     ><p>\n<style type=\"text\/css\" data-created_by=\"avia_inline_auto\" id=\"style-css-av-5t41jk-b03dc291193117389f6a91939c600c41\">\n#top .hr.hr-invisible.av-5t41jk-b03dc291193117389f6a91939c600c41{\nheight:20px;\n}\n<\/style>\n<div  class='hr av-5t41jk-b03dc291193117389f6a91939c600c41 hr-invisible  avia-builder-el-32  el_before_av_gallery  avia-builder-el-first'><span class='hr-inner'><span class=\"hr-inner-style\"><\/span><\/span><\/div><br \/>\n\n<style type=\"text\/css\" data-created_by=\"avia_inline_auto\" id=\"style-css-av-m2ualsv9-7d308873b13cb878b9095f584a61d07c\">\n#top .avia-gallery.av-m2ualsv9-7d308873b13cb878b9095f584a61d07c .avia-gallery-thumb a{\nwidth:33.3333%;\n}\n<\/style>\n<div  class='avia-gallery av-m2ualsv9-7d308873b13cb878b9095f584a61d07c avia_animate_when_visible  avia-builder-el-33  el_after_av_hr  el_before_av_toggle_container  avia_lazyload avia-gallery-animate avia-gallery-3'  itemprop=\"image\" itemscope=\"itemscope\" itemtype=\"https:\/\/schema.org\/ImageObject\" ><meta itemprop=\"contentURL\" content=\"https:\/\/freiheitsdenkmal-leipzig.de\/en\/alle-entwuerfe\"><div class='avia-gallery-thumb'><a href=\"https:\/\/freiheitsdenkmal-leipzig.de\/wp-content\/uploads\/2024\/10\/FEL_8023_2_G.jpg\" data-srcset=\"https:\/\/freiheitsdenkmal-leipzig.de\/wp-content\/uploads\/2024\/10\/FEL_8023_2_G.jpg 600w, https:\/\/freiheitsdenkmal-leipzig.de\/wp-content\/uploads\/2024\/10\/FEL_8023_2_G-300x200.jpg 300w, https:\/\/freiheitsdenkmal-leipzig.de\/wp-content\/uploads\/2024\/10\/FEL_8023_2_G-18x12.jpg 18w\" data-sizes=\"(max-width: 600px) 100vw, 600px\" data-rel='gallery-3' data-prev-img='https:\/\/freiheitsdenkmal-leipzig.de\/wp-content\/uploads\/2024\/10\/FEL_8023_2_G-495x400.jpg' class='first_thumb lightbox' data-onclick='1' title='FEL_8023_2_G'  itemprop=\"thumbnailUrl\"  ><img decoding=\"async\" fetchpriority=\"high\" class=\"wp-image-8591 avia-img-lazy-loading-not-8591\"   src=\"https:\/\/freiheitsdenkmal-leipzig.de\/wp-content\/uploads\/2024\/10\/FEL_8023_2_G.jpg\" width=\"600\" height=\"400\"  title='FEL_8023_2_G' alt='' srcset=\"https:\/\/freiheitsdenkmal-leipzig.de\/wp-content\/uploads\/2024\/10\/FEL_8023_2_G.jpg 600w, https:\/\/freiheitsdenkmal-leipzig.de\/wp-content\/uploads\/2024\/10\/FEL_8023_2_G-300x200.jpg 300w, https:\/\/freiheitsdenkmal-leipzig.de\/wp-content\/uploads\/2024\/10\/FEL_8023_2_G-18x12.jpg 18w\" sizes=\"(max-width: 600px) 100vw, 600px\" \/><div class='big-prev-fake'><img decoding=\"async\" loading=\"lazy\" class=\"wp-image-8591 avia-img-lazy-loading-8591\"  width=\"495\" height=\"400\" src=\"https:\/\/freiheitsdenkmal-leipzig.de\/wp-content\/uploads\/2024\/10\/FEL_8023_2_G-495x400.jpg\" title='FEL_8023_2_G' alt='' \/><\/div><\/a><a href=\"https:\/\/freiheitsdenkmal-leipzig.de\/wp-content\/uploads\/2024\/10\/FEL_8023_3_G.jpg\" data-srcset=\"https:\/\/freiheitsdenkmal-leipzig.de\/wp-content\/uploads\/2024\/10\/FEL_8023_3_G.jpg 600w, https:\/\/freiheitsdenkmal-leipzig.de\/wp-content\/uploads\/2024\/10\/FEL_8023_3_G-300x200.jpg 300w, https:\/\/freiheitsdenkmal-leipzig.de\/wp-content\/uploads\/2024\/10\/FEL_8023_3_G-18x12.jpg 18w\" data-sizes=\"(max-width: 600px) 100vw, 600px\" data-rel='gallery-3' data-prev-img='https:\/\/freiheitsdenkmal-leipzig.de\/wp-content\/uploads\/2024\/10\/FEL_8023_3_G-495x400.jpg' class='lightbox' data-onclick='2' title='FEL_8023_3_G'  itemprop=\"thumbnailUrl\"  ><img decoding=\"async\" fetchpriority=\"high\" class=\"wp-image-8592 avia-img-lazy-loading-not-8592\"   src=\"https:\/\/freiheitsdenkmal-leipzig.de\/wp-content\/uploads\/2024\/10\/FEL_8023_3_G.jpg\" width=\"600\" height=\"400\"  title='FEL_8023_3_G' alt='' srcset=\"https:\/\/freiheitsdenkmal-leipzig.de\/wp-content\/uploads\/2024\/10\/FEL_8023_3_G.jpg 600w, https:\/\/freiheitsdenkmal-leipzig.de\/wp-content\/uploads\/2024\/10\/FEL_8023_3_G-300x200.jpg 300w, https:\/\/freiheitsdenkmal-leipzig.de\/wp-content\/uploads\/2024\/10\/FEL_8023_3_G-18x12.jpg 18w\" sizes=\"(max-width: 600px) 100vw, 600px\" \/><div class='big-prev-fake'><img decoding=\"async\" loading=\"lazy\" class=\"wp-image-8592 avia-img-lazy-loading-8592\"  width=\"495\" height=\"400\" src=\"https:\/\/freiheitsdenkmal-leipzig.de\/wp-content\/uploads\/2024\/10\/FEL_8023_3_G-495x400.jpg\" title='FEL_8023_3_G' alt='' \/><\/div><\/a><a href=\"https:\/\/freiheitsdenkmal-leipzig.de\/wp-content\/uploads\/2024\/10\/FEL_8023_4_G.jpg\" data-srcset=\"https:\/\/freiheitsdenkmal-leipzig.de\/wp-content\/uploads\/2024\/10\/FEL_8023_4_G.jpg 600w, https:\/\/freiheitsdenkmal-leipzig.de\/wp-content\/uploads\/2024\/10\/FEL_8023_4_G-300x200.jpg 300w, https:\/\/freiheitsdenkmal-leipzig.de\/wp-content\/uploads\/2024\/10\/FEL_8023_4_G-18x12.jpg 18w\" data-sizes=\"(max-width: 600px) 100vw, 600px\" data-rel='gallery-3' data-prev-img='https:\/\/freiheitsdenkmal-leipzig.de\/wp-content\/uploads\/2024\/10\/FEL_8023_4_G-495x400.jpg' class='lightbox' data-onclick='3' title='FEL_8023_4_G'  itemprop=\"thumbnailUrl\"  ><img decoding=\"async\" fetchpriority=\"high\" class=\"wp-image-8593 avia-img-lazy-loading-not-8593\"   src=\"https:\/\/freiheitsdenkmal-leipzig.de\/wp-content\/uploads\/2024\/10\/FEL_8023_4_G.jpg\" width=\"600\" height=\"400\"  title='FEL_8023_4_G' alt='' srcset=\"https:\/\/freiheitsdenkmal-leipzig.de\/wp-content\/uploads\/2024\/10\/FEL_8023_4_G.jpg 600w, https:\/\/freiheitsdenkmal-leipzig.de\/wp-content\/uploads\/2024\/10\/FEL_8023_4_G-300x200.jpg 300w, https:\/\/freiheitsdenkmal-leipzig.de\/wp-content\/uploads\/2024\/10\/FEL_8023_4_G-18x12.jpg 18w\" sizes=\"(max-width: 600px) 100vw, 600px\" \/><div class='big-prev-fake'><img decoding=\"async\" loading=\"lazy\" class=\"wp-image-8593 avia-img-lazy-loading-8593\"  width=\"495\" height=\"400\" src=\"https:\/\/freiheitsdenkmal-leipzig.de\/wp-content\/uploads\/2024\/10\/FEL_8023_4_G-495x400.jpg\" title='FEL_8023_4_G' alt='' \/><\/div><\/a><\/div><\/div><br \/>\n<div  class='togglecontainer av-m2uazohu-f0d2dcbcfb47b829b9981b2021066ab4 av-minimal-toggle  avia-builder-el-34  el_after_av_gallery  avia-builder-el-last  toggle_close_all' >\n<section class='av_toggle_section av-m2uay4h2-c99de794c2861d135cf52dbba4999837'  itemscope=\"itemscope\" itemtype=\"https:\/\/schema.org\/CreativeWork\" ><div role=\"tablist\" class=\"single_toggle\" data-tags=\"{All} \"  ><p data-fake-id='#toggle-id-3' class='toggler'  itemprop=\"headline\"  role='tab' tabindex='0' aria-controls='toggle-id-3'>Detail-Informationen<span class=\"toggle_icon\"><span class=\"vert_icon\"><\/span><span class=\"hor_icon\"><\/span><\/span><\/p><div id='toggle-id-3' class='toggle_wrap'  ><div class='toggle_content invers-color'  itemprop=\"text\" ><p><em>Von:<\/em> Thomas Moecker, K\u00fcnstler, Leipzig, mit Werner Klotz, K\u00fcnstler, Berlin, und Anna Dilengite, Architektin, Leipzig<\/p>\n<p><em>Erl\u00e4uterungstext:<\/em><br \/>\nDie Skulptur \u201eLichter Oktober \u2013 Parolen des Widerstands\u201c thematisiert Erinnerung als Prozess, der die Geschichte als Ausgangspunkt f\u00fcr ein in die Zukunft gerichtetes Denken nimmt. Dabei bietet dieser ein notwendiges utopisches Modell der Rezeption an, bei dem erkannt werden kann, dass vor allem gemeinschaftliches und verantwortungsbewusstes Handeln zu den gesellschaftlichen Ver\u00e4nderungen im Herbst 1989 gef\u00fchrt hat. Die Geschichte der friedlichen Revolution wird durch einen Parcours zwischen Innenstadt und Stadtbibliothek aus thematisch miteinander und dramaturgisch gestalteten Elementen erz\u00e4hlt, die zusammen als sichtbarer, begehbarer Denk-Ort konzipiert sind, der mehrere, verschiedene Momente intellektueller Rezeption und emotionaler Partizipation bereith\u00e4lt. Diese Momente bieten komplexe Narrative an, die sich auf Protagonisten sowie auf besondere Ereignisse in Leipzig und anderen St\u00e4dten der ehemaligen DDR beziehen und erlauben den Betrachtenden die Wahrnehmung der chronologischen Entwicklung der Ereignisse, sind aber auch f\u00fcr sich eigenst\u00e4ndig interpretierbar. Die einzelnen Elemente des Parcours stellen gestalterisch Verbindungen zu ostdeutscher formeller Ausdruckssprache her. Die Skulptur ist ein in die Landschaft eingebettetes und barrierefrei erlebbares Kunstwerk, das Erinnerung an den lichten Oktober 1989 und die Aufbruchstimmung damals bereith\u00e4lt. Der Denk-Ort soll an die Menschen erinnern, die dabei waren, soll j\u00fcngere Generationen ansprechen, soll Menschen, die keinen ostdeutschen Hintergrund haben, hier in Leipzig leben oder einfach diese Stadt besuchen, informieren .(&#8230;) Die Demonstranten haben 1989 viele Parolen laut skandiert. \u201eWir wollen raus\u201c und \u201eWir bleiben hier\u201c sind die wohl gegens\u00e4tzlichsten Positionen. Diese bereits damals existierenden unterschiedlichen Perspektiven auf eine m\u00f6gliche Ver\u00e4nderung \u00f6ffnen den Rezipienten den Raum f\u00fcr eine komplexe Lesart der geschichtlichen, politischen und gesellschaftlichen Herausforderungen. Durch die Querverbindung, die die Wiese der Revolution schneidet, entsteht in der Mitte zwischen den Schriftz\u00fcgen eine Z\u00e4sur, die den Ort der Entscheidung abbildet: Gehe ich weg oder bleibe ich hier? Diese oft dramatische Frage m\u00fcssen sich heute viele Menschen auf der ganzen Welt jeden Tag stellen. Leipzig, eine stark wachsende Stadt, in der immer mehr Zugezogene eine Heimat finden, erz\u00e4hlt hier die eigene Geschichte von Mut und Befreiung, bei der auch Menschen, die ausgewandert sind, die die eigene Heimat verlassen wollten oder mussten und anderswo etwas aufgebaut haben, angesprochen werden k\u00f6nnen.<\/p>\n<p><em>Jurykommentar:<\/em><br \/>\nDas Konzept einer begehbaren \u201etypografischen Landschaft\u201c, das die B\u00fcrgerinnen und B\u00fcrger einl\u00e4dt, sich durch einen aktiven Prozess des Durchwanderns und der Suche nach dem richtigen Standpunkt mit den Ereignissen der Friedlichen Revolution zu befassen, \u00fcberzeugt das Preisgericht durch die Vielschichtigkeit seiner Ebenen und die \u00e4sthetische Qualit\u00e4t und Originalit\u00e4t der Gestaltung des Objektes. Anerkannt wird die Verbindung zu Leipzig und seiner Tradition als Buch-, Medien- und Universit\u00e4tsstadt her und zur Bedeutung des geschriebenen Wortes im historischen und zeitgen\u00f6ssischen Kontext. Vor allem stellt der dreidimensional begehbare Schriftzug eine starke inhaltliche und performative Verbindung zu gesellschaftlichen Ver\u00e4nderungen im Jahr 1989 her. Aus verschiedenen Perspektiven werden zwei \u201eParolen des Wiederstand\u201c aus der Zeit \u201eWir bleiben hier\u201c und \u201eWir wollen raus\u201c lesbar und begehbar. Neben der spielerischen Umsetzung mit dem \u00dcberraschungsmoment bei der Suche nach der Perspektive zu diesen Parolen \u00f6ffnet sich zugleich deren G\u00fcltigkeit weit \u00fcber die Ereignisse von 1989 hinaus zu der sehr aktuellen Dimension dieser Grundfragen f\u00fcr Millionen von Menschen, die auch in der Zukunft G\u00fcltigkeit behalten werden. Indem man den Parcours begeht, wird man Teil einer konkreten Auseinandersetzung einer Selbstpositionierung (Bleiben oder Gehen) in historischen und gegenw\u00e4rtigen gesell-schaftspolitischen Kontexten. Eine Frage, die sich angesichts der globalen Krisen und Her-ausforderungen, Menschen \u00fcberall auf der Welt stellen. Dies erzeugt eine gro\u00dfe Aktualit\u00e4t und weist auch in die Zukunft. Die r\u00e4umliche Einbettung des Projekts in den Kontext des geplanten Parks ist nicht voll \u00fcberzeugend. Der Eingriff mit der typografischen Skulptur ist zwar angenehm bescheiden und kann als Landart verstanden werden, stellt aber mit 4 Meter H\u00f6he und 100 Meter L\u00e4nge eine nicht unerhebliche Barriere innerhalb eines sehr gro\u00dfen Teils der Freifl\u00e4che dar. Die Addition der Anfangs- und Endskulpturen wird inhaltlich konzeptionell und als St\u00e4rkung des Partizipatorischen nachvollzogen, kann jedoch kompositorisch nicht \u00fcberzeugen. Der runde Tisch soll zum Verweilen und Denken einladen, ist aber mit einer Kartografie mit eingravierten Ortsnamen von Demonstrationen eher \u00fcberladen, denn ein zur Nutzung einladendes Element. So auch der Info-Kiosk, der Einblick in die Ereignisse von da-mals geben soll, und den Austausch von politischen Ideen erm\u00f6glichen und zu anderen, europ\u00e4ischen und au\u00dfereurop\u00e4ischen Umbruchsbewegungen erweitern soll. Auch diese Idee verbleibt allerdings f\u00fcr das Preisgericht zu sehr im Statischen, so dass die beiden Elemente am Anfang und Ende die beeindruckende Kraft der mittleren Skulptur eher schw\u00e4chen. Insgesamt w\u00fcrdigt das Preisgericht das autonome und \u00fcberzeugend pr\u00e4sentierte Grundkonzept als eines der originellsten Projekte und den \u00fcberzeugenden Ansatz, der Dynamisierung des Wortes.<\/p>\n<\/div><\/div><\/div><\/section>\n<\/div><\/p><\/div><\/div><!--close column table wrapper. Autoclose: 1 -->\n<style type=\"text\/css\" data-created_by=\"avia_inline_auto\" id=\"style-css-av-m2vvheqp-81b3c5151416483c5349d7a996447802\">\n#top .hr.hr-invisible.av-m2vvheqp-81b3c5151416483c5349d7a996447802{\nheight:25px;\n}\n<\/style>\n<div  class='hr av-m2vvheqp-81b3c5151416483c5349d7a996447802 hr-invisible  avia-builder-el-35  el_after_av_three_fifth  avia-builder-el-last'><span class='hr-inner'><span class=\"hr-inner-style\"><\/span><\/span><\/div>\n<\/div><\/div><\/div><!-- close content main div --><\/div><\/div><div id='after_section_3'  class='main_color av_default_container_wrap container_wrap fullsize'  ><div class='container av-section-cont-open' ><div class='template-page content  av-content-full alpha units'><div class='post-entry post-entry-type-page post-entry-8368'><div class='entry-content-wrapper clearfix'>\n<div  id=\"erster-rundgang\"  class='flex_column av-m2ua8a4r-09e77d0784be08431a87e3f6c87763b2 av_one_full  avia-builder-el-36  el_after_av_section  el_before_av_section  avia-builder-el-no-sibling  first flex_column_div'     ><section  class='av_textblock_section av-jloexc-c15d5cf4c783fcb97b86d42f1e363ae5'   itemscope=\"itemscope\" itemtype=\"https:\/\/schema.org\/CreativeWork\" ><div class='avia_textblock'  itemprop=\"text\" ><h2>1. Rundgang<\/h2>\n<\/div><\/section><\/div>\n<\/div><\/div><\/div><!-- close content main div --><\/div><\/div><div id='av_section_4'  class='avia-section av-i5p23k-43b34886b67922a882de022afcff9fcf main_color avia-section-no-padding avia-no-border-styling  avia-builder-el-38  el_after_av_one_full  el_before_av_section  avia-bg-style-scroll container_wrap fullsize'  ><div class='container av-section-cont-open' ><div class='template-page content  av-content-full alpha units'><div class='post-entry post-entry-type-page post-entry-8368'><div class='entry-content-wrapper clearfix'>\n<div class='flex_column_table av-fmp600-64b1a131bb21f6bb8386f2d0ea701844 sc-av_one_third av-equal-height-column-flextable'><div  class='flex_column av-fmp600-64b1a131bb21f6bb8386f2d0ea701844 av_one_third  avia-builder-el-39  el_before_av_three_fifth  avia-builder-el-first  first no_margin flex_column_table_cell av-equal-height-column av-align-top'     ><section  class='av_textblock_section av-efdo0w-0406eca9dd95bcfcd7952c37dbf9b879'   itemscope=\"itemscope\" itemtype=\"https:\/\/schema.org\/CreativeWork\" ><div class='avia_textblock'  itemprop=\"text\" ><h3>Patricia Pisani<\/h3>\n<\/div><\/section><br \/>\n\n<style type=\"text\/css\" data-created_by=\"avia_inline_auto\" id=\"style-css-av-bsjqsg-d7c93dd8660a3aca25abc0ed078aa9b0\">\n.avia-image-container.av-bsjqsg-d7c93dd8660a3aca25abc0ed078aa9b0 img.avia_image{\nbox-shadow:none;\n}\n.avia-image-container.av-bsjqsg-d7c93dd8660a3aca25abc0ed078aa9b0 .av-image-caption-overlay-center{\ncolor:#ffffff;\n}\n<\/style>\n<div  class='avia-image-container av-bsjqsg-d7c93dd8660a3aca25abc0ed078aa9b0 av-styling- avia-align-center  avia-builder-el-41  el_after_av_textblock  avia-builder-el-last'   itemprop=\"image\" itemscope=\"itemscope\" itemtype=\"https:\/\/schema.org\/ImageObject\" ><div class=\"avia-image-container-inner\"><div class=\"avia-image-overlay-wrap\"><img decoding=\"async\" fetchpriority=\"high\" class='wp-image-8437 avia-img-lazy-loading-not-8437 avia_image' src=\"https:\/\/freiheitsdenkmal-leipzig.de\/wp-content\/uploads\/2024\/10\/FEL_8012_1_G.jpg\" alt='' title='FEL_8012_1_G'  height=\"400\" width=\"600\"  itemprop=\"thumbnailUrl\" srcset=\"https:\/\/freiheitsdenkmal-leipzig.de\/wp-content\/uploads\/2024\/10\/FEL_8012_1_G.jpg 600w, https:\/\/freiheitsdenkmal-leipzig.de\/wp-content\/uploads\/2024\/10\/FEL_8012_1_G-300x200.jpg 300w, https:\/\/freiheitsdenkmal-leipzig.de\/wp-content\/uploads\/2024\/10\/FEL_8012_1_G-18x12.jpg 18w\" sizes=\"(max-width: 600px) 100vw, 600px\" \/><\/div><\/div><\/div><\/p><\/div><div  class='flex_column av-aqd01s-ac2342e5c4a4f47d18976d8968b5bd05 av_three_fifth  avia-builder-el-42  el_after_av_one_third  el_before_av_hr  no_margin flex_column_table_cell av-equal-height-column av-align-top'     ><p>\n<style type=\"text\/css\" data-created_by=\"avia_inline_auto\" id=\"style-css-av-8xr1hc-027f5bf04a54ccf8d84feb3301ec88e7\">\n#top .hr.hr-invisible.av-8xr1hc-027f5bf04a54ccf8d84feb3301ec88e7{\nheight:20px;\n}\n<\/style>\n<div  class='hr av-8xr1hc-027f5bf04a54ccf8d84feb3301ec88e7 hr-invisible  avia-builder-el-43  el_before_av_gallery  avia-builder-el-first'><span class='hr-inner'><span class=\"hr-inner-style\"><\/span><\/span><\/div><br \/>\n\n<style type=\"text\/css\" data-created_by=\"avia_inline_auto\" id=\"style-css-av-7eunsg-78a37061eec0f97777f987e43b4f9b82\">\n#top .avia-gallery.av-7eunsg-78a37061eec0f97777f987e43b4f9b82 .avia-gallery-thumb a{\nwidth:33.3333%;\n}\n<\/style>\n<div  class='avia-gallery av-7eunsg-78a37061eec0f97777f987e43b4f9b82 avia_animate_when_visible  avia-builder-el-44  el_after_av_hr  el_before_av_toggle_container  avia_lazyload avia-gallery-animate avia-gallery-4'  itemprop=\"image\" itemscope=\"itemscope\" itemtype=\"https:\/\/schema.org\/ImageObject\" ><meta itemprop=\"contentURL\" content=\"https:\/\/freiheitsdenkmal-leipzig.de\/en\/alle-entwuerfe\"><div class='avia-gallery-thumb'><a href=\"https:\/\/freiheitsdenkmal-leipzig.de\/wp-content\/uploads\/2024\/10\/FEL_8012_2_G.jpg\" data-srcset=\"https:\/\/freiheitsdenkmal-leipzig.de\/wp-content\/uploads\/2024\/10\/FEL_8012_2_G.jpg 600w, https:\/\/freiheitsdenkmal-leipzig.de\/wp-content\/uploads\/2024\/10\/FEL_8012_2_G-300x200.jpg 300w, https:\/\/freiheitsdenkmal-leipzig.de\/wp-content\/uploads\/2024\/10\/FEL_8012_2_G-18x12.jpg 18w\" data-sizes=\"(max-width: 600px) 100vw, 600px\" data-rel='gallery-4' data-prev-img='https:\/\/freiheitsdenkmal-leipzig.de\/wp-content\/uploads\/2024\/10\/FEL_8012_2_G-495x400.jpg' class='first_thumb lightbox' data-onclick='1' title='FEL_8012_2_G'  itemprop=\"thumbnailUrl\"  ><img decoding=\"async\" fetchpriority=\"high\" class=\"wp-image-8438 avia-img-lazy-loading-not-8438\"   src=\"https:\/\/freiheitsdenkmal-leipzig.de\/wp-content\/uploads\/2024\/10\/FEL_8012_2_G.jpg\" width=\"600\" height=\"400\"  title='FEL_8012_2_G' alt='' srcset=\"https:\/\/freiheitsdenkmal-leipzig.de\/wp-content\/uploads\/2024\/10\/FEL_8012_2_G.jpg 600w, https:\/\/freiheitsdenkmal-leipzig.de\/wp-content\/uploads\/2024\/10\/FEL_8012_2_G-300x200.jpg 300w, https:\/\/freiheitsdenkmal-leipzig.de\/wp-content\/uploads\/2024\/10\/FEL_8012_2_G-18x12.jpg 18w\" sizes=\"(max-width: 600px) 100vw, 600px\" \/><div class='big-prev-fake'><img decoding=\"async\" loading=\"lazy\" class=\"wp-image-8438 avia-img-lazy-loading-8438\"  width=\"495\" height=\"400\" src=\"https:\/\/freiheitsdenkmal-leipzig.de\/wp-content\/uploads\/2024\/10\/FEL_8012_2_G-495x400.jpg\" title='FEL_8012_2_G' alt='' \/><\/div><\/a><a href=\"https:\/\/freiheitsdenkmal-leipzig.de\/wp-content\/uploads\/2024\/10\/FEL_8012_3_G.jpg\" data-srcset=\"https:\/\/freiheitsdenkmal-leipzig.de\/wp-content\/uploads\/2024\/10\/FEL_8012_3_G.jpg 600w, https:\/\/freiheitsdenkmal-leipzig.de\/wp-content\/uploads\/2024\/10\/FEL_8012_3_G-300x200.jpg 300w, https:\/\/freiheitsdenkmal-leipzig.de\/wp-content\/uploads\/2024\/10\/FEL_8012_3_G-18x12.jpg 18w\" data-sizes=\"(max-width: 600px) 100vw, 600px\" data-rel='gallery-4' data-prev-img='https:\/\/freiheitsdenkmal-leipzig.de\/wp-content\/uploads\/2024\/10\/FEL_8012_3_G-495x400.jpg' class='lightbox' data-onclick='2' title='FEL_8012_3_G'  itemprop=\"thumbnailUrl\"  ><img decoding=\"async\" fetchpriority=\"high\" class=\"wp-image-8439 avia-img-lazy-loading-not-8439\"   src=\"https:\/\/freiheitsdenkmal-leipzig.de\/wp-content\/uploads\/2024\/10\/FEL_8012_3_G.jpg\" width=\"600\" height=\"400\"  title='FEL_8012_3_G' alt='' srcset=\"https:\/\/freiheitsdenkmal-leipzig.de\/wp-content\/uploads\/2024\/10\/FEL_8012_3_G.jpg 600w, https:\/\/freiheitsdenkmal-leipzig.de\/wp-content\/uploads\/2024\/10\/FEL_8012_3_G-300x200.jpg 300w, https:\/\/freiheitsdenkmal-leipzig.de\/wp-content\/uploads\/2024\/10\/FEL_8012_3_G-18x12.jpg 18w\" sizes=\"(max-width: 600px) 100vw, 600px\" \/><div class='big-prev-fake'><img decoding=\"async\" loading=\"lazy\" class=\"wp-image-8439 avia-img-lazy-loading-8439\"  width=\"495\" height=\"400\" src=\"https:\/\/freiheitsdenkmal-leipzig.de\/wp-content\/uploads\/2024\/10\/FEL_8012_3_G-495x400.jpg\" title='FEL_8012_3_G' alt='' \/><\/div><\/a><a href=\"https:\/\/freiheitsdenkmal-leipzig.de\/wp-content\/uploads\/2024\/10\/FEL_8012_4_G.jpg\" data-srcset=\"https:\/\/freiheitsdenkmal-leipzig.de\/wp-content\/uploads\/2024\/10\/FEL_8012_4_G.jpg 600w, https:\/\/freiheitsdenkmal-leipzig.de\/wp-content\/uploads\/2024\/10\/FEL_8012_4_G-300x200.jpg 300w, https:\/\/freiheitsdenkmal-leipzig.de\/wp-content\/uploads\/2024\/10\/FEL_8012_4_G-18x12.jpg 18w\" data-sizes=\"(max-width: 600px) 100vw, 600px\" data-rel='gallery-4' data-prev-img='https:\/\/freiheitsdenkmal-leipzig.de\/wp-content\/uploads\/2024\/10\/FEL_8012_4_G-495x400.jpg' class='lightbox' data-onclick='3' title='FEL_8012_4_G'  itemprop=\"thumbnailUrl\"  ><img decoding=\"async\" fetchpriority=\"high\" class=\"wp-image-8440 avia-img-lazy-loading-not-8440\"   src=\"https:\/\/freiheitsdenkmal-leipzig.de\/wp-content\/uploads\/2024\/10\/FEL_8012_4_G.jpg\" width=\"600\" height=\"400\"  title='FEL_8012_4_G' alt='' srcset=\"https:\/\/freiheitsdenkmal-leipzig.de\/wp-content\/uploads\/2024\/10\/FEL_8012_4_G.jpg 600w, https:\/\/freiheitsdenkmal-leipzig.de\/wp-content\/uploads\/2024\/10\/FEL_8012_4_G-300x200.jpg 300w, https:\/\/freiheitsdenkmal-leipzig.de\/wp-content\/uploads\/2024\/10\/FEL_8012_4_G-18x12.jpg 18w\" sizes=\"(max-width: 600px) 100vw, 600px\" \/><div class='big-prev-fake'><img decoding=\"async\" loading=\"lazy\" class=\"wp-image-8440 avia-img-lazy-loading-8440\"  width=\"495\" height=\"400\" src=\"https:\/\/freiheitsdenkmal-leipzig.de\/wp-content\/uploads\/2024\/10\/FEL_8012_4_G-495x400.jpg\" title='FEL_8012_4_G' alt='' \/><\/div><\/a><\/div><\/div><br \/>\n<div  class='togglecontainer av-5mlzm8-aad05cfe4af02230ba3b2abd6285f15a av-minimal-toggle  avia-builder-el-45  el_after_av_gallery  avia-builder-el-last  toggle_close_all' >\n<section class='av_toggle_section av-3r3v1s-65321497038308d8f5e39f6b93ccc9e5'  itemscope=\"itemscope\" itemtype=\"https:\/\/schema.org\/CreativeWork\" ><div role=\"tablist\" class=\"single_toggle\" data-tags=\"{All} \"  ><p data-fake-id='#toggle-id-4' class='toggler'  itemprop=\"headline\"  role='tab' tabindex='0' aria-controls='toggle-id-4'>Detail-Informationen<span class=\"toggle_icon\"><span class=\"vert_icon\"><\/span><span class=\"hor_icon\"><\/span><\/span><\/p><div id='toggle-id-4' class='toggle_wrap'  ><div class='toggle_content invers-color'  itemprop=\"text\" ><p><em>Von:<\/em> Patricia Pisani, Berlin<\/p>\n<p><em>Fachberater:in:<\/em> Philipp Schreiner, vorschub, Berlin<\/p>\n<p><em>Erl\u00e4uterungstext<\/em><br \/>\nDie Inthronisierung Michail Gorbatschows im M\u00e4rz 1985 zum KPdSU-Chef stellte den Versuch dar, ein reformkommunistisches Projekt in Gang zu setzen, um den Kommunismus zu retten. Gorbatschow war nicht Reformator wider Willen, aber er wurde wider Willen zu einem Sargnagel des kommunistischen Systems. Seine Reformpolitik entfachte Hoffnungen in der DDR. [&#8230;] Wenn sogar in Moskau Reformen m\u00f6glich sind, so die Meinung vieler, so m\u00fcsse sich doch auch in der DDR etwas ver\u00e4ndern lassen. Jahrelang versprach die SED, morgen, die [sic] Zukunft, w\u00fcrde alles \u201enoch\u201c besser werden. \u201eMorgen\u201c blieb in den Vorhersagen der Ideologiew\u00e4chter nicht nur stets weit weg von der Gegenwart, Mitte der achtziger Jahre entr\u00fcckte die verhei\u00dfungsvolle Zukunft immer st\u00e4rker ins Nimmerland.\u201c **Auszug aus Ilko-Sascha Kowalczuks f\u00fcr den Wettbewerb verfassten Essay: \u201eFreiheit und Einheit. Ein Denkmal in Leipzig f\u00fcr Deutschland und Europa\u201c Aus dieser Reformhoffnung von Teilen der Bev\u00f6lkerung wuchs eine zivilgesellschaftliche Bewegung, die das Reformversprechen der SED, \u201eMorgen wird es besser\u201c, in eine friedliche Revolution und damit in ein aufrechtes \u201eHEUTE\u201c gewandelt hatte. Der Schriftzug MORGEN IST HEUTE, der sich von einer liegenden zu einer aufrechten Position entwickelt, symbolisiert den Wandel vom passiven Warten auf staatliche Reformen zu einem aktiven Eingreifen, um das System zu reformieren. Mit dem k\u00fcnstlerischen Denkmal MORGEN IST HEUTE sollen der Mut und die Zivilcourage der ostdeutschen B\u00fcrgerinnen und B\u00fcrger bei Ihrem Engagement f\u00fcr Freiheit, Demokratie und Menschenrechte 1989 gew\u00fcrdigt werden. Das Denkmal besteht aus dem Schriftzug \u201eMORGEN IST HEUTE\u201c. Von einer horizontalen zu einer vertikalen Position richten sich die Buchstaben dynamisch auf.Der Schriftzug passt sich den konkreten Gegebenheiten des Gel\u00e4ndes an. Das Denkmal integriert sich so harmonisch in die gestaltete Landschaft. Die geringf\u00fcgigen modulierenden Justierungen werden mit dem zust\u00e4ndigen Landschaftsarchitekturb\u00fcro abgesprochen. Die Installation f\u00fchrt \u00fcber den Weg hinweg und schafft so eine Verbindung zwischen zwei Bereichen. \u201eMORGEN\u201c steht f\u00fcr den Reformstau in der DDR der 1980er-Jahre.Die Buchstaben des Wortes sind aus gegossenem Sichtbeton ohne Einf\u00e4rbung hergestellt .\u201eIST HEUTE\u201c steht f\u00fcr die Bewegung, die Ver\u00e4nderung, aber auch f\u00fcr das Erreichte. \u201eIST HEUTE\u201c fordert zuk\u00fcnftige Generationen zur Reflexion \u00fcber ihre Gegenwart auf. Diese Buchstaben sind aus spiegelndem Edelstahl gefertigt. Die M\u00f6glichkeit, sich darin zu spiegeln, ist f\u00fcr den identifikatorischen Aspekt der Installation von zentraler Bedeutung. Da die Oberfl\u00e4che auch die Landschaft reflektiert, verschmelzen die Worte \u201eIST HEUTE\u201c mit der Ansicht des Parks visuell miteinander. Dadurch ist auch ein spielerisches Erleben des Denkmals intendiert. F\u00fcr die nachhaltige Wirkung des Denkmals ist eine lebendige politische Bildungsarbeit unerl\u00e4sslich.<\/p>\n<p><em>Jurykommentar:<\/em><br \/>\nDer Entwurf baut auf einem Zitat von Ilko-Sascha Kowalczuk auf. Aus der Reformhoffnung des \u201eMorgen wird es besser\u201c entstand die friedliche Revolution und damit ein \u201eaufrechtes HEUTE\u201c. \u201eMorgen ist heute\u201c soll den ostdeutschen Wandel und den Mut der Zivilcourage ostdeutscher B\u00fcrgerinnen und B\u00fcrger symbolisieren. Der Schriftzug aus Beton und Spiegel hebt sich vom Boden ab, er richtet sich auf. W\u00e4hrend \u201eMorgen\u201c horizontal liegend erscheint und aus Beton gegossen ist, ist das \u201eHeute\u201c vertikal aufgestellt, gl\u00e4nzend und als Spiegel zur eigenen Reflektion geeignet. Das Versprechen einer interaktiven Installation geht jedoch nach Einsch\u00e4tzung des Preisgerichts nicht ausreichend auf: Die Spiegelung der Umgebung und das Sich-Selbst-Betrachten entsprechen nicht der inhaltlichen Komplexit\u00e4t der Ausschreibung. Die angek\u00fcndigte politische Bildungsarbeit w\u00fcrde eine solche Interaktion erm\u00f6glichen \u2013 dieser Ansatz, wie auch die sensible Einf\u00fcgung in das landschaftliche Umfeld, wird vom Preisgericht begr\u00fc\u00dft, ist jedoch nicht gen\u00fcgend ausgearbeitet.<\/p>\n<\/div><\/div><\/div><\/section>\n<\/div><\/p><\/div><\/div><!--close column table wrapper. Autoclose: 1 --><div  class='hr av-1usl3k-4669c1ee5bcc570dfbef3ea4d782b88e hr-default  avia-builder-el-46  el_after_av_three_fifth  avia-builder-el-last'><span class='hr-inner'><span class=\"hr-inner-style\"><\/span><\/span><\/div>\n\n<\/div><\/div><\/div><!-- close content main div --><\/div><\/div><div id='av_section_5'  class='avia-section av-9uoyds-fdc2cf6c2750644e88d898d0c722bfb5 main_color avia-section-no-padding avia-no-border-styling  avia-builder-el-47  el_after_av_section  el_before_av_section  avia-bg-style-scroll container_wrap fullsize'  ><div class='container av-section-cont-open' ><div class='template-page content  av-content-full alpha units'><div class='post-entry post-entry-type-page post-entry-8368'><div class='entry-content-wrapper clearfix'>\n<div class='flex_column_table av-7k9pe8-44b3036e912443be878e6965e1ff844c sc-av_one_third av-equal-height-column-flextable'><div  class='flex_column av-7k9pe8-44b3036e912443be878e6965e1ff844c av_one_third  avia-builder-el-48  el_before_av_three_fifth  avia-builder-el-first  first no_margin flex_column_table_cell av-equal-height-column av-align-top'     ><section  class='av_textblock_section av-m2kfb8f2-858cac0ab42eaeb19965d4862c5b9598'   itemscope=\"itemscope\" itemtype=\"https:\/\/schema.org\/CreativeWork\" ><div class='avia_textblock'  itemprop=\"text\" ><h3>Frank B\u00f6lter<\/h3>\n<\/div><\/section><br \/>\n\n<style type=\"text\/css\" data-created_by=\"avia_inline_auto\" id=\"style-css-av-m2kfamyq-b1c88c43b348be632f020539c1ef02a0\">\n.avia-image-container.av-m2kfamyq-b1c88c43b348be632f020539c1ef02a0 img.avia_image{\nbox-shadow:none;\n}\n.avia-image-container.av-m2kfamyq-b1c88c43b348be632f020539c1ef02a0 .av-image-caption-overlay-center{\ncolor:#ffffff;\n}\n<\/style>\n<div  class='avia-image-container av-m2kfamyq-b1c88c43b348be632f020539c1ef02a0 av-styling- avia-align-center  avia-builder-el-50  el_after_av_textblock  avia-builder-el-last'   itemprop=\"image\" itemscope=\"itemscope\" itemtype=\"https:\/\/schema.org\/ImageObject\" ><div class=\"avia-image-container-inner\"><div class=\"avia-image-overlay-wrap\"><img decoding=\"async\" fetchpriority=\"high\" class='wp-image-8431 avia-img-lazy-loading-not-8431 avia_image' src=\"https:\/\/freiheitsdenkmal-leipzig.de\/wp-content\/uploads\/2024\/10\/FEL_8020_1_G.jpg\" alt='' title='FEL_8020_1_G'  height=\"400\" width=\"600\"  itemprop=\"thumbnailUrl\" srcset=\"https:\/\/freiheitsdenkmal-leipzig.de\/wp-content\/uploads\/2024\/10\/FEL_8020_1_G.jpg 600w, https:\/\/freiheitsdenkmal-leipzig.de\/wp-content\/uploads\/2024\/10\/FEL_8020_1_G-300x200.jpg 300w, https:\/\/freiheitsdenkmal-leipzig.de\/wp-content\/uploads\/2024\/10\/FEL_8020_1_G-18x12.jpg 18w\" sizes=\"(max-width: 600px) 100vw, 600px\" \/><\/div><\/div><\/div><\/p><\/div><div  class='flex_column av-5v1240-e4a703bcb6fc3b9776d3e48571824834 av_three_fifth  avia-builder-el-51  el_after_av_one_third  el_before_av_hr  no_margin flex_column_table_cell av-equal-height-column av-align-top'     ><p>\n<style type=\"text\/css\" data-created_by=\"avia_inline_auto\" id=\"style-css-av-3nhz4g-40fd7063c5f317c4a1b2dad845da0f96\">\n#top .hr.hr-invisible.av-3nhz4g-40fd7063c5f317c4a1b2dad845da0f96{\nheight:20px;\n}\n<\/style>\n<div  class='hr av-3nhz4g-40fd7063c5f317c4a1b2dad845da0f96 hr-invisible  avia-builder-el-52  el_before_av_gallery  avia-builder-el-first'><span class='hr-inner'><span class=\"hr-inner-style\"><\/span><\/span><\/div><br \/>\n\n<style type=\"text\/css\" data-created_by=\"avia_inline_auto\" id=\"style-css-av-m2kfbzam-88f10eee08a5a04c787b7deb24cad48c\">\n#top .avia-gallery.av-m2kfbzam-88f10eee08a5a04c787b7deb24cad48c .avia-gallery-thumb a{\nwidth:33.3333%;\n}\n<\/style>\n<div  class='avia-gallery av-m2kfbzam-88f10eee08a5a04c787b7deb24cad48c avia_animate_when_visible  avia-builder-el-53  el_after_av_hr  el_before_av_toggle_container  avia_lazyload avia-gallery-animate avia-gallery-5'  itemprop=\"image\" itemscope=\"itemscope\" itemtype=\"https:\/\/schema.org\/ImageObject\" ><meta itemprop=\"contentURL\" content=\"https:\/\/freiheitsdenkmal-leipzig.de\/en\/alle-entwuerfe\"><div class='avia-gallery-thumb'><a href=\"https:\/\/freiheitsdenkmal-leipzig.de\/wp-content\/uploads\/2024\/10\/FEL_8020_2_G.jpg\" data-srcset=\"https:\/\/freiheitsdenkmal-leipzig.de\/wp-content\/uploads\/2024\/10\/FEL_8020_2_G.jpg 600w, https:\/\/freiheitsdenkmal-leipzig.de\/wp-content\/uploads\/2024\/10\/FEL_8020_2_G-300x200.jpg 300w, https:\/\/freiheitsdenkmal-leipzig.de\/wp-content\/uploads\/2024\/10\/FEL_8020_2_G-18x12.jpg 18w\" data-sizes=\"(max-width: 600px) 100vw, 600px\" data-rel='gallery-5' data-prev-img='https:\/\/freiheitsdenkmal-leipzig.de\/wp-content\/uploads\/2024\/10\/FEL_8020_2_G-495x400.jpg' class='first_thumb lightbox' data-onclick='1' title='FEL_8020_2_G'  itemprop=\"thumbnailUrl\"  ><img decoding=\"async\" fetchpriority=\"high\" class=\"wp-image-8432 avia-img-lazy-loading-not-8432\"   src=\"https:\/\/freiheitsdenkmal-leipzig.de\/wp-content\/uploads\/2024\/10\/FEL_8020_2_G.jpg\" width=\"600\" height=\"400\"  title='FEL_8020_2_G' alt='' srcset=\"https:\/\/freiheitsdenkmal-leipzig.de\/wp-content\/uploads\/2024\/10\/FEL_8020_2_G.jpg 600w, https:\/\/freiheitsdenkmal-leipzig.de\/wp-content\/uploads\/2024\/10\/FEL_8020_2_G-300x200.jpg 300w, https:\/\/freiheitsdenkmal-leipzig.de\/wp-content\/uploads\/2024\/10\/FEL_8020_2_G-18x12.jpg 18w\" sizes=\"(max-width: 600px) 100vw, 600px\" \/><div class='big-prev-fake'><img decoding=\"async\" loading=\"lazy\" class=\"wp-image-8432 avia-img-lazy-loading-8432\"  width=\"495\" height=\"400\" src=\"https:\/\/freiheitsdenkmal-leipzig.de\/wp-content\/uploads\/2024\/10\/FEL_8020_2_G-495x400.jpg\" title='FEL_8020_2_G' alt='' \/><\/div><\/a><a href=\"https:\/\/freiheitsdenkmal-leipzig.de\/wp-content\/uploads\/2024\/10\/FEL_8020_3_G.jpg\" data-srcset=\"https:\/\/freiheitsdenkmal-leipzig.de\/wp-content\/uploads\/2024\/10\/FEL_8020_3_G.jpg 600w, https:\/\/freiheitsdenkmal-leipzig.de\/wp-content\/uploads\/2024\/10\/FEL_8020_3_G-300x200.jpg 300w, https:\/\/freiheitsdenkmal-leipzig.de\/wp-content\/uploads\/2024\/10\/FEL_8020_3_G-18x12.jpg 18w\" data-sizes=\"(max-width: 600px) 100vw, 600px\" data-rel='gallery-5' data-prev-img='https:\/\/freiheitsdenkmal-leipzig.de\/wp-content\/uploads\/2024\/10\/FEL_8020_3_G-495x400.jpg' class='lightbox' data-onclick='2' title='FEL_8020_3_G'  itemprop=\"thumbnailUrl\"  ><img decoding=\"async\" fetchpriority=\"high\" class=\"wp-image-8433 avia-img-lazy-loading-not-8433\"   src=\"https:\/\/freiheitsdenkmal-leipzig.de\/wp-content\/uploads\/2024\/10\/FEL_8020_3_G.jpg\" width=\"600\" height=\"400\"  title='FEL_8020_3_G' alt='' srcset=\"https:\/\/freiheitsdenkmal-leipzig.de\/wp-content\/uploads\/2024\/10\/FEL_8020_3_G.jpg 600w, https:\/\/freiheitsdenkmal-leipzig.de\/wp-content\/uploads\/2024\/10\/FEL_8020_3_G-300x200.jpg 300w, https:\/\/freiheitsdenkmal-leipzig.de\/wp-content\/uploads\/2024\/10\/FEL_8020_3_G-18x12.jpg 18w\" sizes=\"(max-width: 600px) 100vw, 600px\" \/><div class='big-prev-fake'><img decoding=\"async\" loading=\"lazy\" class=\"wp-image-8433 avia-img-lazy-loading-8433\"  width=\"495\" height=\"400\" src=\"https:\/\/freiheitsdenkmal-leipzig.de\/wp-content\/uploads\/2024\/10\/FEL_8020_3_G-495x400.jpg\" title='FEL_8020_3_G' alt='' \/><\/div><\/a><a href=\"https:\/\/freiheitsdenkmal-leipzig.de\/wp-content\/uploads\/2024\/10\/FEL_8020_4_G.jpg\" data-srcset=\"https:\/\/freiheitsdenkmal-leipzig.de\/wp-content\/uploads\/2024\/10\/FEL_8020_4_G.jpg 600w, https:\/\/freiheitsdenkmal-leipzig.de\/wp-content\/uploads\/2024\/10\/FEL_8020_4_G-300x200.jpg 300w, https:\/\/freiheitsdenkmal-leipzig.de\/wp-content\/uploads\/2024\/10\/FEL_8020_4_G-18x12.jpg 18w\" data-sizes=\"(max-width: 600px) 100vw, 600px\" data-rel='gallery-5' data-prev-img='https:\/\/freiheitsdenkmal-leipzig.de\/wp-content\/uploads\/2024\/10\/FEL_8020_4_G-495x400.jpg' class='lightbox' data-onclick='3' title='Freiheits-und Einheitsdenkmal 1AA 2'  itemprop=\"thumbnailUrl\"  ><img decoding=\"async\" fetchpriority=\"high\" class=\"wp-image-8434 avia-img-lazy-loading-not-8434\"   src=\"https:\/\/freiheitsdenkmal-leipzig.de\/wp-content\/uploads\/2024\/10\/FEL_8020_4_G.jpg\" width=\"600\" height=\"400\"  title='Freiheits-und Einheitsdenkmal 1AA 2' alt='' srcset=\"https:\/\/freiheitsdenkmal-leipzig.de\/wp-content\/uploads\/2024\/10\/FEL_8020_4_G.jpg 600w, https:\/\/freiheitsdenkmal-leipzig.de\/wp-content\/uploads\/2024\/10\/FEL_8020_4_G-300x200.jpg 300w, https:\/\/freiheitsdenkmal-leipzig.de\/wp-content\/uploads\/2024\/10\/FEL_8020_4_G-18x12.jpg 18w\" sizes=\"(max-width: 600px) 100vw, 600px\" \/><div class='big-prev-fake'><img decoding=\"async\" loading=\"lazy\" class=\"wp-image-8434 avia-img-lazy-loading-8434\"  width=\"495\" height=\"400\" src=\"https:\/\/freiheitsdenkmal-leipzig.de\/wp-content\/uploads\/2024\/10\/FEL_8020_4_G-495x400.jpg\" title='Freiheits-und Einheitsdenkmal 1AA 2' alt='' \/><\/div><\/a><\/div><\/div><br \/>\n<div  class='togglecontainer av-m2kfehoj-0faf58f280a6db353fb8325387d6d441 av-minimal-toggle  avia-builder-el-54  el_after_av_gallery  avia-builder-el-last  toggle_close_all' >\n<section class='av_toggle_section av-m2kfegkx-d07f6727e86f66d60b4558e48fb394be'  itemscope=\"itemscope\" itemtype=\"https:\/\/schema.org\/CreativeWork\" ><div role=\"tablist\" class=\"single_toggle\" data-tags=\"{All} \"  ><p data-fake-id='#toggle-id-5' class='toggler'  itemprop=\"headline\"  role='tab' tabindex='0' aria-controls='toggle-id-5'>Detail-Informationen<span class=\"toggle_icon\"><span class=\"vert_icon\"><\/span><span class=\"hor_icon\"><\/span><\/span><\/p><div id='toggle-id-5' class='toggle_wrap'  ><div class='toggle_content invers-color'  itemprop=\"text\" ><p><em>Von:<\/em> Frank B\u00f6lter, Euskirchen<\/p>\n<p><em>Mitarbeiter:innen:<\/em> Dipl. Des. Astrid Hortian, Euskirchen; Dipl. Ing. Pascal Lowack, Fa. Lowack Prozesstechnik, Soltau<\/p>\n<p><em>Fachberater:innen:<\/em> Dipl.-Ing. J\u00f6rg Schmitt, Fa. Hoffmeier GmbH, Hamm; Dipl.-Ing. Kim Wortelkamp, Quartier Vier GbR, Leipzig<\/p>\n<p><em>Erl\u00e4uterungstext:<\/em><br \/>\nGrundlage f\u00fcr den Entwurf von \u201eFreiflug als Freiheits- und Einheitsdenkmal\u201c in Leipzig ist ein zum Papierflieger geformter \u201eAbschiedsbrief\u201c eines in der zentralen Hinrichtungsst\u00e4tte in Leipzig get\u00f6teten politischen H\u00e4ftlings der ehemaligen DDR. Das Denkmal verschr\u00e4nkt damit beispielhaft an historischem Ort und zentraler Stelle des Wilhelm-Leuschner-Platzes das pers\u00f6nliche, vermeintlich unbedeutende und oft schicksalhaft Streben einzelner Menschen mit dem Ruf eines ganzen Volkes nach Freiheit in der allen Menschen gel\u00e4ufigen Form eines \u201eRiesenpapierfliegers\u201c aus Edelstahl. Vorlage ist der handgeschriebene Abschiedsbrief als \u201eletzter Wille\u201c eines ehemaligen im Stasi-Gef\u00e4ngnis inhaftierten und schlie\u00dflich im Hinrichtungsraum der zentralen Hinrichtungsst\u00e4tte in Leipzig get\u00f6teten politischen Gefangenen der DDR, addressiert, jedoch niemals abgeschickt, an seine in der \u201eFreiheit\u201c der DDR hinterbliebene Familie, die diesen Brief erst viele Jahre nach dem Mauerfall 1989 erhielt. Die Skulptur des \u00fcberdimensionierten Papierfliegers scheint durch die Leipziger L\u00fcfte gleitend auf dem Wilhelm-Leuschner-Platz gelandet zu sein, geworfen \u00fcber die dicken Mauern der damals allgemein unbekannten zentralen Hinrichtungseinrichtung in der Alfred-K\u00e4stner-Stra\u00dfe in Richtung der Leipziger Stasi-Zentrale am \u201eRunden Eck\u201c. Aber welcher Riese hat hier eigentlich gefaltet und den Flieger \u00fcber die Mauern der Stadt geworfen? Und welche \u00fcbermenschlichen Kr\u00e4fte konnten sich hier entfalten? &#8230; Nach West-S\u00fcdwest zur BRD ausgerichtet wird das verspielte und 30 bis 35 Meter lange, 16 bis 18 Meter breite wie beinah 6 Meter hohe Objekt, einen Keil zwischen Ministerium der Staatssicherheit und der zentralen Hinrichtungsst\u00e4tte der DDR treibend und bewusst die Wegef\u00fchrung der Parkanlage versperrend, exakt dort positioniert, wo die singul\u00e4ren Stimmen und pers\u00f6nlichen Bestrebungen einzelner mit den \u00fcber 70.000 Demonstranten am 9. Oktober 1989 erstmals ein Gesamtvolumen annahmen, das schlie\u00dflich die Wende wie die Freiheit und Einheit Deutschlands einleiten und ausl\u00f6sen sollte. Steht die riesige Dimension dieses Fliegers als gr\u00f6\u00dftes Edelstahldenkmal der Welt in Bezug zu Gr\u00f6\u00dfe, Volumen und Bedeutung des edlen Drangs nach Freiheit und den Edelmut, sein eigenes Leben bewusst oder unbewusst in den Dienst eines \u00fcberpers\u00f6nlichen Zieles zu stellen, so dient der pers\u00f6nliche Abschiedsbrief des zum Tode verurteilten politischen H\u00e4ftlings als die Gr\u00f6\u00dfe des Objektes konterkarierendes Element in Bezug zur scheinbaren Bedeutungs- und Machtlosigkeit des Individuums gegen\u00fcber scheinbar \u00fcberm\u00e4chtigen staatlichen Strukturen. Der Mut, die pers\u00f6nliche Unfreiheit in Kauf nehmend und das eigene Leben aufs Spiel setzend, auf die Notwendigkeit der Freiheit aller hinzuweisen, wird in eine dem Anlass angemessene Form, eine entsprechende Gr\u00f6\u00dfe und in ein ad\u00e4quates Material gebracht und gibt damit den Opfern staatlicher Repressalien ihr Gesicht zur\u00fcck.<\/p>\n<p><em>Jurykommentar:<\/em><br \/>\nDer \u201eFreiflug\u201c erschafft ein pr\u00e4gnantes und vermeintlich unmissverst\u00e4ndliches Symbol f\u00fcr die Kommunikation zwischen Menschen, denen ein physisches Treffen verhindert wurde. Das zuf\u00e4llige Landen des Papierfliegers im Park erscheint logisch und nachvollziehbar und das Querstellen des Objektes \u00fcber die geplanten Fu\u00dfwege verdeutlicht die Zuf\u00e4lligkeit der Landung. So will das Werk auf einen wichtigen Teil der Ereignisse der Zwangsherrschaft und dessen \u00dcberwindung hinweisen &#8211; die Publikation des Abschiedsbriefes aus der Hinrich-tungsst\u00e4tte in Leipzig ist ein starkes Zeitdokument mit bedeutungsvollen Einsichten. Das Symbol ist auch in die Zukunft g\u00fcltig, auch hier verdeutlicht es die Wichtigkeit unverminderter Kommunikation und konnte als Leitbild f\u00fcr Gespr\u00e4che \u00fcber zuk\u00fcnftige Kommunikations- und Protestformen dienen. Die Ausf\u00fchrung der gro\u00dfformatigen Skulptur ist gut durchdacht und w\u00e4re ohne gro\u00dfe Schwierigkeiten durchzuf\u00fchren, der Eingriff in die Parkplanung ist angemessen. Das Preisgericht fragt sich aber, ob sich der Charakter eines Papierfliegers wirklich in ein gro\u00dfformatiges Objekt aus Edelstahl \u00fcberf\u00fchren lasst. Die Symbolik des spontanen, ver-g\u00e4nglichen und leichten Fliegers aus Papier wird durch die Umsetzung als stabiles und starres Objekt eher auf eine gefrorene Situation verkehrt. Noch schlimmer, Assoziationen des als abgest\u00fcrzter Flieger lesbaren Kunstwerks mit der Bombardierung sind nicht ausgeschlossen. Der Symbolwert wird in jedem Fall durch das Objekt abgek\u00fcrzt und das beabsichtigte freie Assoziieren wird den Einzelnen nicht \u00fcberlassen. Zudem erscheint der Text des Briefes unlesbar und ist deswegen seines Inhalts an Ort und Stelle entnommen. Dadurch wird er reduziert auf ein rein visuell \u00e4sthetisches Element des Entwurfes. Insgesamt w\u00fcrdigt das Preisgericht die Erf\u00fcllung der gestellten Aufgabe, wobei dieser Entwurf f\u00fcr den Eintritt in die engere Wahl im Vergleich nicht zu \u00fcberzeugen vermag.<\/p>\n<\/div><\/div><\/div><\/section>\n<\/div><\/p><\/div><\/div><!--close column table wrapper. Autoclose: 1 --><div  class='hr av-2lciog-aae03b4eaa71889643ef75e577736166 hr-default  avia-builder-el-55  el_after_av_three_fifth  avia-builder-el-last'><span class='hr-inner'><span class=\"hr-inner-style\"><\/span><\/span><\/div>\n\n<\/div><\/div><\/div><!-- close content main div --><\/div><\/div><div id='av_section_6'  class='avia-section av-9lab0w-44741053090197f74a9e20ee3b04a352 main_color avia-section-no-padding avia-no-border-styling  avia-builder-el-56  el_after_av_section  el_before_av_section  avia-bg-style-scroll container_wrap fullsize'  ><div class='container av-section-cont-open' ><div class='template-page content  av-content-full alpha units'><div class='post-entry post-entry-type-page post-entry-8368'><div class='entry-content-wrapper clearfix'>\n<div class='flex_column_table av-7g68r4-2b6fda746366e62f57564f19b0064861 sc-av_one_third av-equal-height-column-flextable'><div  class='flex_column av-7g68r4-2b6fda746366e62f57564f19b0064861 av_one_third  avia-builder-el-57  el_before_av_three_fifth  avia-builder-el-first  first no_margin flex_column_table_cell av-equal-height-column av-align-top'     ><section  class='av_textblock_section av-m2ojeolh-3b568574c619d60dc03bbeee67662bec'   itemscope=\"itemscope\" itemtype=\"https:\/\/schema.org\/CreativeWork\" ><div class='avia_textblock'  itemprop=\"text\" ><h3>WES GmbH LandschaftsArchitektur<\/h3>\n<\/div><\/section><br \/>\n\n<style type=\"text\/css\" data-created_by=\"avia_inline_auto\" id=\"style-css-av-m2ojggna-287e6a741b816c9455f9fbaeb9abf4c1\">\n.avia-image-container.av-m2ojggna-287e6a741b816c9455f9fbaeb9abf4c1 img.avia_image{\nbox-shadow:none;\n}\n.avia-image-container.av-m2ojggna-287e6a741b816c9455f9fbaeb9abf4c1 .av-image-caption-overlay-center{\ncolor:#ffffff;\n}\n<\/style>\n<div  class='avia-image-container av-m2ojggna-287e6a741b816c9455f9fbaeb9abf4c1 av-styling- avia-align-center  avia-builder-el-59  el_after_av_textblock  avia-builder-el-last'   itemprop=\"image\" itemscope=\"itemscope\" itemtype=\"https:\/\/schema.org\/ImageObject\" ><div class=\"avia-image-container-inner\"><div class=\"avia-image-overlay-wrap\"><img decoding=\"async\" fetchpriority=\"high\" class='wp-image-8457 avia-img-lazy-loading-not-8457 avia_image' src=\"https:\/\/freiheitsdenkmal-leipzig.de\/wp-content\/uploads\/2024\/10\/FEL_8028_1_G.jpg\" alt='' title='FEL_8028_1_G'  height=\"400\" width=\"600\"  itemprop=\"thumbnailUrl\" srcset=\"https:\/\/freiheitsdenkmal-leipzig.de\/wp-content\/uploads\/2024\/10\/FEL_8028_1_G.jpg 600w, https:\/\/freiheitsdenkmal-leipzig.de\/wp-content\/uploads\/2024\/10\/FEL_8028_1_G-300x200.jpg 300w, https:\/\/freiheitsdenkmal-leipzig.de\/wp-content\/uploads\/2024\/10\/FEL_8028_1_G-18x12.jpg 18w\" sizes=\"(max-width: 600px) 100vw, 600px\" \/><\/div><\/div><\/div><\/p><\/div><div  class='flex_column av-58aiio-5957acfc78f1268cf3f5e2309ec9290e av_three_fifth  avia-builder-el-60  el_after_av_one_third  el_before_av_hr  no_margin flex_column_table_cell av-equal-height-column av-align-top'     ><p>\n<style type=\"text\/css\" data-created_by=\"avia_inline_auto\" id=\"style-css-av-43y6kg-4dfada79c8ad2c8e4d95f4daeddc320f\">\n#top .hr.hr-invisible.av-43y6kg-4dfada79c8ad2c8e4d95f4daeddc320f{\nheight:20px;\n}\n<\/style>\n<div  class='hr av-43y6kg-4dfada79c8ad2c8e4d95f4daeddc320f hr-invisible  avia-builder-el-61  el_before_av_gallery  avia-builder-el-first'><span class='hr-inner'><span class=\"hr-inner-style\"><\/span><\/span><\/div><br \/>\n\n<style type=\"text\/css\" data-created_by=\"avia_inline_auto\" id=\"style-css-av-m2ojihbs-75e04e966e7c46c9b63492bae5100ec3\">\n#top .avia-gallery.av-m2ojihbs-75e04e966e7c46c9b63492bae5100ec3 .avia-gallery-thumb a{\nwidth:33.3333%;\n}\n<\/style>\n<div  class='avia-gallery av-m2ojihbs-75e04e966e7c46c9b63492bae5100ec3 avia_animate_when_visible  avia-builder-el-62  el_after_av_hr  el_before_av_toggle_container  avia_lazyload avia-gallery-animate avia-gallery-6'  itemprop=\"image\" itemscope=\"itemscope\" itemtype=\"https:\/\/schema.org\/ImageObject\" ><meta itemprop=\"contentURL\" content=\"https:\/\/freiheitsdenkmal-leipzig.de\/en\/alle-entwuerfe\"><div class='avia-gallery-thumb'><a href=\"https:\/\/freiheitsdenkmal-leipzig.de\/wp-content\/uploads\/2024\/10\/FEL_8028_2_G.jpg\" data-srcset=\"https:\/\/freiheitsdenkmal-leipzig.de\/wp-content\/uploads\/2024\/10\/FEL_8028_2_G.jpg 600w, https:\/\/freiheitsdenkmal-leipzig.de\/wp-content\/uploads\/2024\/10\/FEL_8028_2_G-300x200.jpg 300w, https:\/\/freiheitsdenkmal-leipzig.de\/wp-content\/uploads\/2024\/10\/FEL_8028_2_G-18x12.jpg 18w\" data-sizes=\"(max-width: 600px) 100vw, 600px\" data-rel='gallery-6' data-prev-img='https:\/\/freiheitsdenkmal-leipzig.de\/wp-content\/uploads\/2024\/10\/FEL_8028_2_G-495x400.jpg' class='first_thumb lightbox' data-onclick='1' title='FEL_8028_2_G'  itemprop=\"thumbnailUrl\"  ><img decoding=\"async\" fetchpriority=\"high\" class=\"wp-image-8458 avia-img-lazy-loading-not-8458\"   src=\"https:\/\/freiheitsdenkmal-leipzig.de\/wp-content\/uploads\/2024\/10\/FEL_8028_2_G.jpg\" width=\"600\" height=\"400\"  title='FEL_8028_2_G' alt='' srcset=\"https:\/\/freiheitsdenkmal-leipzig.de\/wp-content\/uploads\/2024\/10\/FEL_8028_2_G.jpg 600w, https:\/\/freiheitsdenkmal-leipzig.de\/wp-content\/uploads\/2024\/10\/FEL_8028_2_G-300x200.jpg 300w, https:\/\/freiheitsdenkmal-leipzig.de\/wp-content\/uploads\/2024\/10\/FEL_8028_2_G-18x12.jpg 18w\" sizes=\"(max-width: 600px) 100vw, 600px\" \/><div class='big-prev-fake'><img decoding=\"async\" loading=\"lazy\" class=\"wp-image-8458 avia-img-lazy-loading-8458\"  width=\"495\" height=\"400\" src=\"https:\/\/freiheitsdenkmal-leipzig.de\/wp-content\/uploads\/2024\/10\/FEL_8028_2_G-495x400.jpg\" title='FEL_8028_2_G' alt='' \/><\/div><\/a><a href=\"https:\/\/freiheitsdenkmal-leipzig.de\/wp-content\/uploads\/2024\/10\/FEL_8028_3_G.jpg\" data-srcset=\"https:\/\/freiheitsdenkmal-leipzig.de\/wp-content\/uploads\/2024\/10\/FEL_8028_3_G.jpg 600w, https:\/\/freiheitsdenkmal-leipzig.de\/wp-content\/uploads\/2024\/10\/FEL_8028_3_G-300x200.jpg 300w, https:\/\/freiheitsdenkmal-leipzig.de\/wp-content\/uploads\/2024\/10\/FEL_8028_3_G-18x12.jpg 18w\" data-sizes=\"(max-width: 600px) 100vw, 600px\" data-rel='gallery-6' data-prev-img='https:\/\/freiheitsdenkmal-leipzig.de\/wp-content\/uploads\/2024\/10\/FEL_8028_3_G-495x400.jpg' class='lightbox' data-onclick='2' title='FEL_8028_3_G'  itemprop=\"thumbnailUrl\"  ><img decoding=\"async\" fetchpriority=\"high\" class=\"wp-image-8459 avia-img-lazy-loading-not-8459\"   src=\"https:\/\/freiheitsdenkmal-leipzig.de\/wp-content\/uploads\/2024\/10\/FEL_8028_3_G.jpg\" width=\"600\" height=\"400\"  title='FEL_8028_3_G' alt='' srcset=\"https:\/\/freiheitsdenkmal-leipzig.de\/wp-content\/uploads\/2024\/10\/FEL_8028_3_G.jpg 600w, https:\/\/freiheitsdenkmal-leipzig.de\/wp-content\/uploads\/2024\/10\/FEL_8028_3_G-300x200.jpg 300w, https:\/\/freiheitsdenkmal-leipzig.de\/wp-content\/uploads\/2024\/10\/FEL_8028_3_G-18x12.jpg 18w\" sizes=\"(max-width: 600px) 100vw, 600px\" \/><div class='big-prev-fake'><img decoding=\"async\" loading=\"lazy\" class=\"wp-image-8459 avia-img-lazy-loading-8459\"  width=\"495\" height=\"400\" src=\"https:\/\/freiheitsdenkmal-leipzig.de\/wp-content\/uploads\/2024\/10\/FEL_8028_3_G-495x400.jpg\" title='FEL_8028_3_G' alt='' \/><\/div><\/a><a href=\"https:\/\/freiheitsdenkmal-leipzig.de\/wp-content\/uploads\/2024\/10\/FEL_8028_4_G.jpg\" data-srcset=\"https:\/\/freiheitsdenkmal-leipzig.de\/wp-content\/uploads\/2024\/10\/FEL_8028_4_G.jpg 600w, https:\/\/freiheitsdenkmal-leipzig.de\/wp-content\/uploads\/2024\/10\/FEL_8028_4_G-300x200.jpg 300w, https:\/\/freiheitsdenkmal-leipzig.de\/wp-content\/uploads\/2024\/10\/FEL_8028_4_G-18x12.jpg 18w\" data-sizes=\"(max-width: 600px) 100vw, 600px\" data-rel='gallery-6' data-prev-img='https:\/\/freiheitsdenkmal-leipzig.de\/wp-content\/uploads\/2024\/10\/FEL_8028_4_G-495x400.jpg' class='lightbox' data-onclick='3' title='FEL_8028_4_G'  itemprop=\"thumbnailUrl\"  ><img decoding=\"async\" fetchpriority=\"high\" class=\"wp-image-8460 avia-img-lazy-loading-not-8460\"   src=\"https:\/\/freiheitsdenkmal-leipzig.de\/wp-content\/uploads\/2024\/10\/FEL_8028_4_G.jpg\" width=\"600\" height=\"400\"  title='FEL_8028_4_G' alt='' srcset=\"https:\/\/freiheitsdenkmal-leipzig.de\/wp-content\/uploads\/2024\/10\/FEL_8028_4_G.jpg 600w, https:\/\/freiheitsdenkmal-leipzig.de\/wp-content\/uploads\/2024\/10\/FEL_8028_4_G-300x200.jpg 300w, https:\/\/freiheitsdenkmal-leipzig.de\/wp-content\/uploads\/2024\/10\/FEL_8028_4_G-18x12.jpg 18w\" sizes=\"(max-width: 600px) 100vw, 600px\" \/><div class='big-prev-fake'><img decoding=\"async\" loading=\"lazy\" class=\"wp-image-8460 avia-img-lazy-loading-8460\"  width=\"495\" height=\"400\" src=\"https:\/\/freiheitsdenkmal-leipzig.de\/wp-content\/uploads\/2024\/10\/FEL_8028_4_G-495x400.jpg\" title='FEL_8028_4_G' alt='' \/><\/div><\/a><\/div><\/div><br \/>\n<div  class='togglecontainer av-m2ojedjo-72633c1e5601b103e867deb90441c252 av-minimal-toggle  avia-builder-el-63  el_after_av_gallery  avia-builder-el-last  toggle_close_all' >\n<section class='av_toggle_section av-m2ojec8m-c2f4990620f0b064f3cd3c39fdda5a86'  itemscope=\"itemscope\" itemtype=\"https:\/\/schema.org\/CreativeWork\" ><div role=\"tablist\" class=\"single_toggle\" data-tags=\"{All} \"  ><p data-fake-id='#toggle-id-6' class='toggler'  itemprop=\"headline\"  role='tab' tabindex='0' aria-controls='toggle-id-6'>Detail-Informationen<span class=\"toggle_icon\"><span class=\"vert_icon\"><\/span><span class=\"hor_icon\"><\/span><\/span><\/p><div id='toggle-id-6' class='toggle_wrap'  ><div class='toggle_content invers-color'  itemprop=\"text\" ><p><em>Von:<\/em> Henrike Wehberg-Krafft, Hans-Herrmann Krafft, beide Berlin<\/p>\n<p><em>Mitarbeiter:innen:\u00a0<\/em>Stefan S. Weber, Israt Jahan Nishat, Kaninka Kofler, Anni Stibbe alle WES LandschaftsAr-chitektur, Berlin<\/p>\n<p><em>Fachberater:innen: <\/em>AIU Architekten- und Ingenieurunion Stralsund GmbH, Volker Panner und Hagen Panner, Stralsund; Angelika Hardt, Jule Hardt; Dr. Sabine Ludewig, Matthias Grobe; Werk 5, Jochen P\u00f6tz, Berlin<\/p>\n<p><em>Erl\u00e4uterungstext<\/em><br \/>\nDemokratie ist ein Weg und ein andauernder Prozess, den wir nur gemeinsam gehen k\u00f6nnen \u2013 ein Prozess, der immer wieder gemeinsam \u00fcberpr\u00fcft, diskutiert, ausgehandelt und weiterentwickelt werden muss, damit wir alle in Freiheit leben k\u00f6nnen. Dem gewaltfreien Widerstand des Herbstes 1989 und den Jahren davor soll in Leipzig mit einem Denkmal ein eigenes Gesicht gegeben werden, um die Bedeutung der Zivilcourage hervorzuheben. Dieses Denkmal steht nicht nur f\u00fcr die Leipziger:innen und alle B\u00fcrger:innen Ostdeutschlands, die im Herbst 1989 die Freiheit einforderten, sondern auch f\u00fcr die Einwohner:innen Deutschlands der Zukunft, ihren Herausforderungen und den Protesten, die sie im Zeichen der Freiheit und Einheit austragen werden. Die beteiligten Menschen, ihr Mut, ihre Kraft, ihr Durchhalteverm\u00f6gen, ihre F\u00e4higkeit zum Diskurs, ihr Aufruf zur Gewaltlosigkeit, ihre eigene Gewaltlosigkeit, ihr Ertragen von Gewalt, ihr Gemeinschaftssinn, ihr Zusammenstehen, ihr Aufruf zum Handeln in Gemeinschaft, ihr pers\u00f6nlicher Einsatz und ihre Zivilcourage sollen gew\u00fcrdigt werden und den gegenw\u00e4rtigen sowie den kommenden Generationen Anlass zum Gedenken, Nachdenken und Diskutieren geben. Die Freiheit des Einzelnen ist nur in der Freiheit der Gemeinschaft m\u00f6glich. Mit dem Denkmal soll einem dauerhaft aktuellen Ereignis sowie seinen Akteur:innen gedacht und Ihre Leistung in Erinnerung gehalten werden. Zugleich weist das vorliegende Konzept mit seiner Verortung und Strahlkraft auf die Zukunft hin.<br \/>\nKONZEPTIDEE. Das Denkmalkonzept \u201eDer Weg\u201c erm\u00f6glicht und inspiriert das Gedenken und die Erz\u00e4hlung \u00fcber den Weg, den die Gemeinschaft gegangen ist. Der Weg gleicht einer Br\u00fccke zwischen Vergangenheit, Gegenwart und Zukunft. \u201eDer Weg\u201c ist das Ziel \u2013 auch heute ein fortlaufender Prozess, der immer wieder neu begangen werden muss. Dieser Prozess wird mit dem \u201eWeg\u201c thematisiert und in der Grundidee des Weges mit seiner Formensprache zum Ausdruck gebracht. Die abstrakte, selbsterkl\u00e4rende Gestaltsprache l\u00e4sst dar\u00fcber hinaus freie Assoziationen zu und vermittelt inhaltlich vielschichtige Bez\u00fcge. Der Philosoph Hegel nutzt die Metapher der Br\u00fccke oder des Verbindungs-weges, um den \u00dcbergang zwischen verschiedenen Bewusstseinszust\u00e4nden zu beschreiben. F\u00fcr Hegel ist Freiheit ein Prozess, der durch das Zusammenkommen von Gegens\u00e4tzen entsteht und zu einer h\u00f6heren Einheit f\u00fchrt. Der Weg symbolisiert die Verbindung zwischen individueller und sozialer Freiheit. Er zeigt, wie Menschen von einer egoistischen Freiheit zu einer gemeinschaftlichen Freiheit gelangen k\u00f6nnen und betont, dass Freiheit auch Verantwortung und Beziehungen zu anderen umfasst. Das Ziel unserer Arbeit ist, das Erinnern an das historische Ereignis zu bef\u00f6rdern und zu einem bedeutenden, pr\u00e4genden und zukunftsweisenden Bestandteil der Platzgestaltung zu machen.<\/p>\n<p><em>Jurykommentar:<\/em><br \/>\nDer Entwurf \u00fcberzeugt das Preisgericht mit der Idee einer physischen Erfahrung des Prozesses der Ereignisse von 1989 und vergleichbarer Bewegungen als Wege, die immer neu begangen werden muss. Demokratie wird als Weg und andauernder Prozess beschrieben, der nur gemeinsam gegangen werden kann, die Versammlung der Gruppe und den Gang durch enge und sich \u00f6ffnende Momente erfordert. Das Werk setzt die Idee in \u00fcberzeugen-der Weise durch zwei nach innen geneigte und unterschiedliche hohe Skulpturenelemente vor. Der mittig entstehende Raum ist der Weg, der sich r\u00e4umlich entwickelt (\u201eDer Raum als Erz\u00e4hlerin\u201c). \u00d6ffnungen und Verengungen wechseln sich ab, um symbolisch die Phasen der Demonstrationen von Versammlung \u00fcber Protest und Unsicherheiten, gemeinschaftlicher Hoffnung bis hin zu Revolution und Freiheit abzubilden. Der Entwurf bietet Raum f\u00fcr indivi-duelles als auch gemeinschaftliches (Ge)-Denken. So wird deutlich, dass sich die Einreichenden intensiv mit dem Thema auseinandergesetzt und es erfolgreich in ihrem Entwurf umgesetzt haben. \u201eDer Weg\u201c respektiert die Topografie des Parks und l\u00e4sst sich gut in diesen integrieren. Positiv hebt das Preisgericht auch die Beachtung der Fragen von Inklusion und Nachhaltigkeit hervor. Kritisch sieht das Preisgericht die Beachtung des Sicherheitsempfindens in der Raumbildung. Besonders die stark verengten Bereiche des Weges k\u00f6nnen beklemmend sein oder sogar einen Angstraum bilden. Dieses mag vielleicht als Bezug zur Situation der Demonst-rierenden gedacht sein, f\u00fchrt aber zu unangemessenen Situationen. Besucherinnen scheinen in dem Werk zu verschwinden. Nicht gel\u00f6st ist auch das nur einseitig von Nord nach S\u00fcd nachvollziehbare Narrativ. Das Preisgericht w\u00fcrdigt die kreative Umsetzung des Entwurfs und sieht einen wichtigen Beitrag zum Wettbewerb. Im Vergleich vermochte der Beitrag aber nicht zu \u00fcberzeugen und wurde deshalb nicht in die engere Auswahl genommen.<\/p>\n<\/div><\/div><\/div><\/section>\n<\/div><\/p><\/div><\/div><!--close column table wrapper. Autoclose: 1 --><div  class='hr av-32jaww-971d037e2e0d05b51f7bed852d0b6266 hr-default  avia-builder-el-64  el_after_av_three_fifth  avia-builder-el-last'><span class='hr-inner'><span class=\"hr-inner-style\"><\/span><\/span><\/div>\n\n<\/div><\/div><\/div><!-- close content main div --><\/div><\/div><div id='av_section_7'  class='avia-section av-9nlguo-860d6fd6afbed36c86d80b2561188d54 main_color avia-section-no-padding avia-no-border-styling  avia-builder-el-65  el_after_av_section  el_before_av_section  avia-bg-style-scroll container_wrap fullsize'  ><div class='container av-section-cont-open' ><div class='template-page content  av-content-full alpha units'><div class='post-entry post-entry-type-page post-entry-8368'><div class='entry-content-wrapper clearfix'>\n<div class='flex_column_table av-7wjnw0-60e31ebf82ab10d7357a26147c297d88 sc-av_one_third av-equal-height-column-flextable'><div  class='flex_column av-7wjnw0-60e31ebf82ab10d7357a26147c297d88 av_one_third  avia-builder-el-66  el_before_av_three_fifth  avia-builder-el-first  first no_margin flex_column_table_cell av-equal-height-column av-align-top'     ><section  class='av_textblock_section av-m2oiuzcw-caa630b0321d1c3713e4b93442040647'   itemscope=\"itemscope\" itemtype=\"https:\/\/schema.org\/CreativeWork\" ><div class='avia_textblock'  itemprop=\"text\" ><h3>Marta Dyachenko<\/h3>\n<\/div><\/section><br \/>\n\n<style type=\"text\/css\" data-created_by=\"avia_inline_auto\" id=\"style-css-av-m2oiwtse-75697d34e8a34e90467ebc8f7ddc3d70\">\n.avia-image-container.av-m2oiwtse-75697d34e8a34e90467ebc8f7ddc3d70 img.avia_image{\nbox-shadow:none;\n}\n.avia-image-container.av-m2oiwtse-75697d34e8a34e90467ebc8f7ddc3d70 .av-image-caption-overlay-center{\ncolor:#ffffff;\n}\n<\/style>\n<div  class='avia-image-container av-m2oiwtse-75697d34e8a34e90467ebc8f7ddc3d70 av-styling- avia-align-center  avia-builder-el-68  el_after_av_textblock  avia-builder-el-last'   itemprop=\"image\" itemscope=\"itemscope\" itemtype=\"https:\/\/schema.org\/ImageObject\" ><div class=\"avia-image-container-inner\"><div class=\"avia-image-overlay-wrap\"><img decoding=\"async\" fetchpriority=\"high\" class='wp-image-8443 avia-img-lazy-loading-not-8443 avia_image' src=\"https:\/\/freiheitsdenkmal-leipzig.de\/wp-content\/uploads\/2024\/10\/FEL_8008_1_G.jpg\" alt='' title='FEL_8008_1_G'  height=\"400\" width=\"600\"  itemprop=\"thumbnailUrl\" srcset=\"https:\/\/freiheitsdenkmal-leipzig.de\/wp-content\/uploads\/2024\/10\/FEL_8008_1_G.jpg 600w, https:\/\/freiheitsdenkmal-leipzig.de\/wp-content\/uploads\/2024\/10\/FEL_8008_1_G-300x200.jpg 300w, https:\/\/freiheitsdenkmal-leipzig.de\/wp-content\/uploads\/2024\/10\/FEL_8008_1_G-18x12.jpg 18w\" sizes=\"(max-width: 600px) 100vw, 600px\" \/><\/div><\/div><\/div><\/p><\/div><div  class='flex_column av-ih1n4-f76a4d89fe03c1cdabc667981e7cf914 av_three_fifth  avia-builder-el-69  el_after_av_one_third  el_before_av_hr  no_margin flex_column_table_cell av-equal-height-column av-align-top'     ><p>\n<style type=\"text\/css\" data-created_by=\"avia_inline_auto\" id=\"style-css-av-gkvxs-5a1ea30186486717bc34730e8eee7d05\">\n#top .hr.hr-invisible.av-gkvxs-5a1ea30186486717bc34730e8eee7d05{\nheight:20px;\n}\n<\/style>\n<div  class='hr av-gkvxs-5a1ea30186486717bc34730e8eee7d05 hr-invisible  avia-builder-el-70  el_before_av_gallery  avia-builder-el-first'><span class='hr-inner'><span class=\"hr-inner-style\"><\/span><\/span><\/div><br \/>\n\n<style type=\"text\/css\" data-created_by=\"avia_inline_auto\" id=\"style-css-av-m2oiximj-c0663dd2ac6e671550e7f92a439969c6\">\n#top .avia-gallery.av-m2oiximj-c0663dd2ac6e671550e7f92a439969c6 .avia-gallery-thumb a{\nwidth:33.3333%;\n}\n<\/style>\n<div  class='avia-gallery av-m2oiximj-c0663dd2ac6e671550e7f92a439969c6 avia_animate_when_visible  avia-builder-el-71  el_after_av_hr  el_before_av_toggle_container  avia_lazyload avia-gallery-animate avia-gallery-7'  itemprop=\"image\" itemscope=\"itemscope\" itemtype=\"https:\/\/schema.org\/ImageObject\" ><meta itemprop=\"contentURL\" content=\"https:\/\/freiheitsdenkmal-leipzig.de\/en\/alle-entwuerfe\"><div class='avia-gallery-thumb'><a href=\"https:\/\/freiheitsdenkmal-leipzig.de\/wp-content\/uploads\/2024\/10\/FEL_8008_2_G.jpg\" data-srcset=\"https:\/\/freiheitsdenkmal-leipzig.de\/wp-content\/uploads\/2024\/10\/FEL_8008_2_G.jpg 600w, https:\/\/freiheitsdenkmal-leipzig.de\/wp-content\/uploads\/2024\/10\/FEL_8008_2_G-300x200.jpg 300w, https:\/\/freiheitsdenkmal-leipzig.de\/wp-content\/uploads\/2024\/10\/FEL_8008_2_G-18x12.jpg 18w\" data-sizes=\"(max-width: 600px) 100vw, 600px\" data-rel='gallery-7' data-prev-img='https:\/\/freiheitsdenkmal-leipzig.de\/wp-content\/uploads\/2024\/10\/FEL_8008_2_G-495x400.jpg' class='first_thumb lightbox' data-onclick='1' title='FEL_8008_2_G'  itemprop=\"thumbnailUrl\"  ><img decoding=\"async\" fetchpriority=\"high\" class=\"wp-image-8444 avia-img-lazy-loading-not-8444\"   src=\"https:\/\/freiheitsdenkmal-leipzig.de\/wp-content\/uploads\/2024\/10\/FEL_8008_2_G.jpg\" width=\"600\" height=\"400\"  title='FEL_8008_2_G' alt='' srcset=\"https:\/\/freiheitsdenkmal-leipzig.de\/wp-content\/uploads\/2024\/10\/FEL_8008_2_G.jpg 600w, https:\/\/freiheitsdenkmal-leipzig.de\/wp-content\/uploads\/2024\/10\/FEL_8008_2_G-300x200.jpg 300w, https:\/\/freiheitsdenkmal-leipzig.de\/wp-content\/uploads\/2024\/10\/FEL_8008_2_G-18x12.jpg 18w\" sizes=\"(max-width: 600px) 100vw, 600px\" \/><div class='big-prev-fake'><img decoding=\"async\" loading=\"lazy\" class=\"wp-image-8444 avia-img-lazy-loading-8444\"  width=\"495\" height=\"400\" src=\"https:\/\/freiheitsdenkmal-leipzig.de\/wp-content\/uploads\/2024\/10\/FEL_8008_2_G-495x400.jpg\" title='FEL_8008_2_G' alt='' \/><\/div><\/a><a href=\"https:\/\/freiheitsdenkmal-leipzig.de\/wp-content\/uploads\/2024\/10\/FEL_8008_3_G.jpg\" data-srcset=\"https:\/\/freiheitsdenkmal-leipzig.de\/wp-content\/uploads\/2024\/10\/FEL_8008_3_G.jpg 600w, https:\/\/freiheitsdenkmal-leipzig.de\/wp-content\/uploads\/2024\/10\/FEL_8008_3_G-300x200.jpg 300w, https:\/\/freiheitsdenkmal-leipzig.de\/wp-content\/uploads\/2024\/10\/FEL_8008_3_G-18x12.jpg 18w\" data-sizes=\"(max-width: 600px) 100vw, 600px\" data-rel='gallery-7' data-prev-img='https:\/\/freiheitsdenkmal-leipzig.de\/wp-content\/uploads\/2024\/10\/FEL_8008_3_G-495x400.jpg' class='lightbox' data-onclick='2' title='FEL_8008_3_G'  itemprop=\"thumbnailUrl\"  ><img decoding=\"async\" fetchpriority=\"high\" class=\"wp-image-8445 avia-img-lazy-loading-not-8445\"   src=\"https:\/\/freiheitsdenkmal-leipzig.de\/wp-content\/uploads\/2024\/10\/FEL_8008_3_G.jpg\" width=\"600\" height=\"400\"  title='FEL_8008_3_G' alt='' srcset=\"https:\/\/freiheitsdenkmal-leipzig.de\/wp-content\/uploads\/2024\/10\/FEL_8008_3_G.jpg 600w, https:\/\/freiheitsdenkmal-leipzig.de\/wp-content\/uploads\/2024\/10\/FEL_8008_3_G-300x200.jpg 300w, https:\/\/freiheitsdenkmal-leipzig.de\/wp-content\/uploads\/2024\/10\/FEL_8008_3_G-18x12.jpg 18w\" sizes=\"(max-width: 600px) 100vw, 600px\" \/><div class='big-prev-fake'><img decoding=\"async\" loading=\"lazy\" class=\"wp-image-8445 avia-img-lazy-loading-8445\"  width=\"495\" height=\"400\" src=\"https:\/\/freiheitsdenkmal-leipzig.de\/wp-content\/uploads\/2024\/10\/FEL_8008_3_G-495x400.jpg\" title='FEL_8008_3_G' alt='' \/><\/div><\/a><a href=\"https:\/\/freiheitsdenkmal-leipzig.de\/wp-content\/uploads\/2024\/10\/FEL_8008_4_G.jpg\" data-srcset=\"https:\/\/freiheitsdenkmal-leipzig.de\/wp-content\/uploads\/2024\/10\/FEL_8008_4_G.jpg 600w, https:\/\/freiheitsdenkmal-leipzig.de\/wp-content\/uploads\/2024\/10\/FEL_8008_4_G-300x200.jpg 300w, https:\/\/freiheitsdenkmal-leipzig.de\/wp-content\/uploads\/2024\/10\/FEL_8008_4_G-18x12.jpg 18w\" data-sizes=\"(max-width: 600px) 100vw, 600px\" data-rel='gallery-7' data-prev-img='https:\/\/freiheitsdenkmal-leipzig.de\/wp-content\/uploads\/2024\/10\/FEL_8008_4_G-495x400.jpg' class='lightbox' data-onclick='3' title='Layout A0_V3_Final.indd'  itemprop=\"thumbnailUrl\"  ><img decoding=\"async\" fetchpriority=\"high\" class=\"wp-image-8446 avia-img-lazy-loading-not-8446\"   src=\"https:\/\/freiheitsdenkmal-leipzig.de\/wp-content\/uploads\/2024\/10\/FEL_8008_4_G.jpg\" width=\"600\" height=\"400\"  title='Layout A0_V3_Final.indd' alt='' srcset=\"https:\/\/freiheitsdenkmal-leipzig.de\/wp-content\/uploads\/2024\/10\/FEL_8008_4_G.jpg 600w, https:\/\/freiheitsdenkmal-leipzig.de\/wp-content\/uploads\/2024\/10\/FEL_8008_4_G-300x200.jpg 300w, https:\/\/freiheitsdenkmal-leipzig.de\/wp-content\/uploads\/2024\/10\/FEL_8008_4_G-18x12.jpg 18w\" sizes=\"(max-width: 600px) 100vw, 600px\" \/><div class='big-prev-fake'><img decoding=\"async\" loading=\"lazy\" class=\"wp-image-8446 avia-img-lazy-loading-8446\"  width=\"495\" height=\"400\" src=\"https:\/\/freiheitsdenkmal-leipzig.de\/wp-content\/uploads\/2024\/10\/FEL_8008_4_G-495x400.jpg\" title='Layout A0_V3_Final.indd' alt='' \/><\/div><\/a><\/div><\/div><br \/>\n<div  class='togglecontainer av-m2oiusb1-8575ac59e7632ec600c1d1e32ac92955 av-minimal-toggle  avia-builder-el-72  el_after_av_gallery  avia-builder-el-last  toggle_close_all' >\n<section class='av_toggle_section av-m2oiupiv-7c3425f2115d651b12d384a10b27042e'  itemscope=\"itemscope\" itemtype=\"https:\/\/schema.org\/CreativeWork\" ><div role=\"tablist\" class=\"single_toggle\" data-tags=\"{All} \"  ><p data-fake-id='#toggle-id-7' class='toggler'  itemprop=\"headline\"  role='tab' tabindex='0' aria-controls='toggle-id-7'>Detail-Informationen<span class=\"toggle_icon\"><span class=\"vert_icon\"><\/span><span class=\"hor_icon\"><\/span><\/span><\/p><div id='toggle-id-7' class='toggle_wrap'  ><div class='toggle_content invers-color'  itemprop=\"text\" ><p><em>Von:<\/em> Marta Dyachenko, Berlin<\/p>\n<p><em>Mitarbeiter:innen: <\/em>Jonas Janke, Roberta Jurcic, Olaf Grawert, alle b+Prototypen GmbH, Berlin; Florin Kugler, Matteo Taramelli, Jan Omer Fack<\/p>\n<p><em>Fachberater:innen:<\/em> Kunstgie\u00dferei St. Gallen, Sonja Schuerpf\/Schweiz; Anja Bajanova, Berlin<\/p>\n<p><em>Erl\u00e4uterungstext:<\/em><br \/>\nAGORA PAVILLON \/ 89 FRAGMENTS Das Gebaute, das Umgebaute, das Unbaubare Denkmal f\u00fcr Freiheit und Einheit An einem Ort des historischen Wandels treffen wir uns, um Freiheit und Einheit zu verhandeln. Denn Freiheit und Einheit sind keine fixen Zust\u00e4nde, sondern fortw\u00e4hrende Prozesse. Diese Prozesse entfalten sich in der st\u00e4ndigen Verhandlung, zwischen Kultur und Natur, Individuum und Gemeinschaft, im Privaten und im \u00d6ffentlichen. Agora Umgeben von Wandsegmenten liegt die Agora, eingebettet in das Terrain des Parks. Nach innen erzeugen sie einen gesch\u00fctzten Raum, nach au\u00dfen tragen sie B\u00e4nke. Die runden W\u00e4nde zeigen Reliefs von DDR- Interieurs, mit Regalen und Tapeten, die sich im Beton abzeichnen. Das Zuhause war der gesch\u00fctzte Raum, nur dort konnte man frei sprechen. Im Denkmal l\u00f6st sich dieser private Raum im \u00f6ffentlichen Raum auf, f\u00fcr diesen Moment hat die friedliche Revolution gek\u00e4mpft. Die Agora ist eine Erinnerung an diesen Kampf und ein Zeichen, dass man sich weiter daf\u00fcr einsetzen muss. Hier sitzt und spricht man, gesch\u00fctzt vor Regen und Sonne, und blickt durch die Wandfragmente in den Park, die Stadt und die Freiheit. Ausblick Die W\u00e4nde tragen eine halbkreisf\u00f6rmige Rampe, die sanft geneigt zum Ausblick f\u00fchrt. Glasfragmente s\u00e4umen deren Br\u00fcstung und spannen sich zwischen drei W\u00e4nden auf. Sie brechen das Licht in Farben und beziehen sich auf das Bowling Center. Ein Ort, an dem tausende Freiwillige zusammenkamen, das zuk\u00fcnftig als Naturkundemuseum Menschen zusammenbringt. Am Ende der Rampe erreicht man den Ausblick, ein Relief zeigt die erste Aufnahme der friedlichen Revolution. Ein besonderer Moment und seltener Blick, in einem System, in dem Ausblicke nicht m\u00f6glich waren. Eine diffuse, undefinierbare Menschenmasse, deren Stimmung Aufbruch und Umbruch andeutet. Hier oben darf man ausblicken und die Perspektive wechseln, wie in D\u00e9sert de Retz \u2013 Die S\u00e4ule \u2013 eine Geschichte voller Br\u00fcche sehen. Nach innen blickt man auf die Agora und die Menschen, die sich versammeln, nach au\u00dfen auf den Wasserlauf \u2013 ein Strom, der von einem wegf\u00fchrt. Wasserkreislauf An den Au\u00dfenseiten der Wandfragmente l\u00e4uft Wasser herab, es n\u00e4hrt Pflanzen und Moose als Teil eines Brunnens und Wasserkreislaufs. Wie bei Meret Oppenheimers Brunnen in Bern, \u00fcberlagern die Pflanzen mit der Zeit die Form und \u00e4ndern sie. Es entsteht ein \u00d6kosystem und Biotop, in dem sich Arten frei ansiedeln und entwickeln k\u00f6nnen. Das Wasser wird gesammelt und mit Regenwasser in einen Kreislauf eingespeist. Als Teil des Kreislaufs f\u00fchrt der Wasserlauf von der Agora zu einem Becken, an dem sich Menschen und Tiere erfrischen.<\/p>\n<p><em>Jurykommentar:<\/em><br \/>\nDer Entwurf \u201eAgora Pavillon\u201c m\u00f6chte vielschichtige architektonische Antworten auf die komplexen Fragestellungen der Ereignisse von 1989 geben. Mitten in der Leipzig Innenstadt erschafft es einen barrierefreien und zug\u00e4nglichen Raum, der in seinem konzeptuellen Grundgedanken vom Gestern ins Morgen f\u00fchrt. Das Preisgericht erkennt in der Architektur eine Reminiszenz an bestehende Pavillons in den Leipziger Parklandschaft -in diesem Fall um besondere politisch-historische Dimensionen erweitert. Die Wahl des Materials und die Formsprache \u00fcberzeugen das Preisgericht allerdings nicht abschlie\u00dfend. Das Objekt ist zwar grunds\u00e4tzlich in den Freiraum einsetzbar und versucht \u00fcber Wasserl\u00e4ufe sowie Fassadenbegr\u00fcnung sich in die Landschaftsarchitektur von \u201e\u00d6kotopia\u201c einzuf\u00fcgen, was allerdings durch den massiven Charakter des Denkmals aus Beton, Stahl und Glas konterkariert wird. Das Gremium kritisiert den Brutalismus der Agora, der keinen qualitativ angenehmen Ort schafft. Das Objekt steht zudem in der Sichtachse zur Stadtbibliothek. Einen weiteren wesentlichen Mangel sieht das Gremium darin, dass der Bezug des Denkmals zur Friedlichen Revolution und ihren weitreichenden Folgen sich nicht intuitiv f\u00fcr den Betrachter erschlie\u00dft. Dem Agora Pavillon fehlt damit die notwendige Strahlkraft, die einem Freiheits- und Einheitsdenkmal innewohnen sollte. Insgesamt w\u00fcrdigt das Preisgericht die vielf\u00e4ltigen inhaltlichen Gedanken und kreativen Bez\u00fcge des Grundkonzepts zum Ort und Thema der Ausschreibung, dessen bauliche Umsetzung jedoch durch seine massive Erscheinung und Materialit\u00e4t nicht \u00fcberzeugt.<\/p>\n<\/div><\/div><\/div><\/section>\n<\/div><\/p><\/div><\/div><!--close column table wrapper. Autoclose: 1 --><div  class='hr av-1vgt0g-e3fca727367541af2d78be5937fae4fc hr-default  avia-builder-el-73  el_after_av_three_fifth  avia-builder-el-last'><span class='hr-inner'><span class=\"hr-inner-style\"><\/span><\/span><\/div>\n\n<\/div><\/div><\/div><!-- close content main div --><\/div><\/div><div id='av_section_8'  class='avia-section av-abht2o-5682692b0aa5d61ab3800554fc9bc557 main_color avia-section-no-padding avia-no-border-styling  avia-builder-el-74  el_after_av_section  el_before_av_section  avia-bg-style-scroll container_wrap fullsize'  ><div class='container av-section-cont-open' ><div class='template-page content  av-content-full alpha units'><div class='post-entry post-entry-type-page post-entry-8368'><div class='entry-content-wrapper clearfix'>\n<div class='flex_column_table av-963ytc-225208d779463991f746f5a4f6c5885b sc-av_one_third av-equal-height-column-flextable'><div  class='flex_column av-963ytc-225208d779463991f746f5a4f6c5885b av_one_third  avia-builder-el-75  el_before_av_three_fifth  avia-builder-el-first  first no_margin flex_column_table_cell av-equal-height-column av-align-top'     ><section  class='av_textblock_section av-7esimo-5442e24d9d790aa080ce61b9176c9507'   itemscope=\"itemscope\" itemtype=\"https:\/\/schema.org\/CreativeWork\" ><div class='avia_textblock'  itemprop=\"text\" ><h3>Gabriele St\u00f6tzer<\/h3>\n<\/div><\/section><br \/>\n\n<style type=\"text\/css\" data-created_by=\"avia_inline_auto\" id=\"style-css-av-m2oj40m2-06af20498f255428b1bf4a4daa4feb8a\">\n.avia-image-container.av-m2oj40m2-06af20498f255428b1bf4a4daa4feb8a img.avia_image{\nbox-shadow:none;\n}\n.avia-image-container.av-m2oj40m2-06af20498f255428b1bf4a4daa4feb8a .av-image-caption-overlay-center{\ncolor:#ffffff;\n}\n<\/style>\n<div  class='avia-image-container av-m2oj40m2-06af20498f255428b1bf4a4daa4feb8a av-styling- avia-align-center  avia-builder-el-77  el_after_av_textblock  avia-builder-el-last'   itemprop=\"image\" itemscope=\"itemscope\" itemtype=\"https:\/\/schema.org\/ImageObject\" ><div class=\"avia-image-container-inner\"><div class=\"avia-image-overlay-wrap\"><img decoding=\"async\" fetchpriority=\"high\" class='wp-image-8448 avia-img-lazy-loading-not-8448 avia_image' src=\"https:\/\/freiheitsdenkmal-leipzig.de\/wp-content\/uploads\/2024\/10\/FEL_8017_1_G.jpg\" alt='' title='FEL_8017_1_G'  height=\"400\" width=\"600\"  itemprop=\"thumbnailUrl\" srcset=\"https:\/\/freiheitsdenkmal-leipzig.de\/wp-content\/uploads\/2024\/10\/FEL_8017_1_G.jpg 600w, https:\/\/freiheitsdenkmal-leipzig.de\/wp-content\/uploads\/2024\/10\/FEL_8017_1_G-300x200.jpg 300w, https:\/\/freiheitsdenkmal-leipzig.de\/wp-content\/uploads\/2024\/10\/FEL_8017_1_G-18x12.jpg 18w\" sizes=\"(max-width: 600px) 100vw, 600px\" \/><\/div><\/div><\/div><\/p><\/div><div  class='flex_column av-md080-8237474c04546336896c26da8ac7b668 av_three_fifth  avia-builder-el-78  el_after_av_one_third  el_before_av_hr  no_margin flex_column_table_cell av-equal-height-column av-align-top'     ><p>\n<style type=\"text\/css\" data-created_by=\"avia_inline_auto\" id=\"style-css-av-41oy6o-fb6629d4a2fbf749a76f7c4406b48c10\">\n#top .hr.hr-invisible.av-41oy6o-fb6629d4a2fbf749a76f7c4406b48c10{\nheight:20px;\n}\n<\/style>\n<div  class='hr av-41oy6o-fb6629d4a2fbf749a76f7c4406b48c10 hr-invisible  avia-builder-el-79  el_before_av_gallery  avia-builder-el-first'><span class='hr-inner'><span class=\"hr-inner-style\"><\/span><\/span><\/div><br \/>\n\n<style type=\"text\/css\" data-created_by=\"avia_inline_auto\" id=\"style-css-av-m2oj4r5k-10db7ff853152bb0f1487846f6b5f5f9\">\n#top .avia-gallery.av-m2oj4r5k-10db7ff853152bb0f1487846f6b5f5f9 .avia-gallery-thumb a{\nwidth:33.3333%;\n}\n<\/style>\n<div  class='avia-gallery av-m2oj4r5k-10db7ff853152bb0f1487846f6b5f5f9 avia_animate_when_visible  avia-builder-el-80  el_after_av_hr  el_before_av_toggle_container  avia_lazyload avia-gallery-animate avia-gallery-8'  itemprop=\"image\" itemscope=\"itemscope\" itemtype=\"https:\/\/schema.org\/ImageObject\" ><meta itemprop=\"contentURL\" content=\"https:\/\/freiheitsdenkmal-leipzig.de\/en\/alle-entwuerfe\"><div class='avia-gallery-thumb'><a href=\"https:\/\/freiheitsdenkmal-leipzig.de\/wp-content\/uploads\/2024\/10\/FEL_8017_2_G.jpg\" data-srcset=\"https:\/\/freiheitsdenkmal-leipzig.de\/wp-content\/uploads\/2024\/10\/FEL_8017_2_G.jpg 600w, https:\/\/freiheitsdenkmal-leipzig.de\/wp-content\/uploads\/2024\/10\/FEL_8017_2_G-300x200.jpg 300w, https:\/\/freiheitsdenkmal-leipzig.de\/wp-content\/uploads\/2024\/10\/FEL_8017_2_G-18x12.jpg 18w\" data-sizes=\"(max-width: 600px) 100vw, 600px\" data-rel='gallery-8' data-prev-img='https:\/\/freiheitsdenkmal-leipzig.de\/wp-content\/uploads\/2024\/10\/FEL_8017_2_G-495x400.jpg' class='first_thumb lightbox' data-onclick='1' title='FEL_8017_2_G'  itemprop=\"thumbnailUrl\"  ><img decoding=\"async\" fetchpriority=\"high\" class=\"wp-image-8449 avia-img-lazy-loading-not-8449\"   src=\"https:\/\/freiheitsdenkmal-leipzig.de\/wp-content\/uploads\/2024\/10\/FEL_8017_2_G.jpg\" width=\"600\" height=\"400\"  title='FEL_8017_2_G' alt='' srcset=\"https:\/\/freiheitsdenkmal-leipzig.de\/wp-content\/uploads\/2024\/10\/FEL_8017_2_G.jpg 600w, https:\/\/freiheitsdenkmal-leipzig.de\/wp-content\/uploads\/2024\/10\/FEL_8017_2_G-300x200.jpg 300w, https:\/\/freiheitsdenkmal-leipzig.de\/wp-content\/uploads\/2024\/10\/FEL_8017_2_G-18x12.jpg 18w\" sizes=\"(max-width: 600px) 100vw, 600px\" \/><div class='big-prev-fake'><img decoding=\"async\" loading=\"lazy\" class=\"wp-image-8449 avia-img-lazy-loading-8449\"  width=\"495\" height=\"400\" src=\"https:\/\/freiheitsdenkmal-leipzig.de\/wp-content\/uploads\/2024\/10\/FEL_8017_2_G-495x400.jpg\" title='FEL_8017_2_G' alt='' \/><\/div><\/a><a href=\"https:\/\/freiheitsdenkmal-leipzig.de\/wp-content\/uploads\/2024\/10\/FEL_8017_3_G.jpg\" data-srcset=\"https:\/\/freiheitsdenkmal-leipzig.de\/wp-content\/uploads\/2024\/10\/FEL_8017_3_G.jpg 600w, https:\/\/freiheitsdenkmal-leipzig.de\/wp-content\/uploads\/2024\/10\/FEL_8017_3_G-300x200.jpg 300w, https:\/\/freiheitsdenkmal-leipzig.de\/wp-content\/uploads\/2024\/10\/FEL_8017_3_G-18x12.jpg 18w\" data-sizes=\"(max-width: 600px) 100vw, 600px\" data-rel='gallery-8' data-prev-img='https:\/\/freiheitsdenkmal-leipzig.de\/wp-content\/uploads\/2024\/10\/FEL_8017_3_G-495x400.jpg' class='lightbox' data-onclick='2' title='FEL_8017_3_G'  itemprop=\"thumbnailUrl\"  ><img decoding=\"async\" fetchpriority=\"high\" class=\"wp-image-8450 avia-img-lazy-loading-not-8450\"   src=\"https:\/\/freiheitsdenkmal-leipzig.de\/wp-content\/uploads\/2024\/10\/FEL_8017_3_G.jpg\" width=\"600\" height=\"400\"  title='FEL_8017_3_G' alt='' srcset=\"https:\/\/freiheitsdenkmal-leipzig.de\/wp-content\/uploads\/2024\/10\/FEL_8017_3_G.jpg 600w, https:\/\/freiheitsdenkmal-leipzig.de\/wp-content\/uploads\/2024\/10\/FEL_8017_3_G-300x200.jpg 300w, https:\/\/freiheitsdenkmal-leipzig.de\/wp-content\/uploads\/2024\/10\/FEL_8017_3_G-18x12.jpg 18w\" sizes=\"(max-width: 600px) 100vw, 600px\" \/><div class='big-prev-fake'><img decoding=\"async\" loading=\"lazy\" class=\"wp-image-8450 avia-img-lazy-loading-8450\"  width=\"495\" height=\"400\" src=\"https:\/\/freiheitsdenkmal-leipzig.de\/wp-content\/uploads\/2024\/10\/FEL_8017_3_G-495x400.jpg\" title='FEL_8017_3_G' alt='' \/><\/div><\/a><a href=\"https:\/\/freiheitsdenkmal-leipzig.de\/wp-content\/uploads\/2024\/10\/FEL_8017_4_G.jpg\" data-srcset=\"https:\/\/freiheitsdenkmal-leipzig.de\/wp-content\/uploads\/2024\/10\/FEL_8017_4_G.jpg 600w, https:\/\/freiheitsdenkmal-leipzig.de\/wp-content\/uploads\/2024\/10\/FEL_8017_4_G-300x200.jpg 300w, https:\/\/freiheitsdenkmal-leipzig.de\/wp-content\/uploads\/2024\/10\/FEL_8017_4_G-18x12.jpg 18w\" data-sizes=\"(max-width: 600px) 100vw, 600px\" data-rel='gallery-8' data-prev-img='https:\/\/freiheitsdenkmal-leipzig.de\/wp-content\/uploads\/2024\/10\/FEL_8017_4_G-495x400.jpg' class='lightbox' data-onclick='3' title='FEL_8017_4_G'  itemprop=\"thumbnailUrl\"  ><img decoding=\"async\" fetchpriority=\"high\" class=\"wp-image-8451 avia-img-lazy-loading-not-8451\"   src=\"https:\/\/freiheitsdenkmal-leipzig.de\/wp-content\/uploads\/2024\/10\/FEL_8017_4_G.jpg\" width=\"600\" height=\"400\"  title='FEL_8017_4_G' alt='' srcset=\"https:\/\/freiheitsdenkmal-leipzig.de\/wp-content\/uploads\/2024\/10\/FEL_8017_4_G.jpg 600w, https:\/\/freiheitsdenkmal-leipzig.de\/wp-content\/uploads\/2024\/10\/FEL_8017_4_G-300x200.jpg 300w, https:\/\/freiheitsdenkmal-leipzig.de\/wp-content\/uploads\/2024\/10\/FEL_8017_4_G-18x12.jpg 18w\" sizes=\"(max-width: 600px) 100vw, 600px\" \/><div class='big-prev-fake'><img decoding=\"async\" loading=\"lazy\" class=\"wp-image-8451 avia-img-lazy-loading-8451\"  width=\"495\" height=\"400\" src=\"https:\/\/freiheitsdenkmal-leipzig.de\/wp-content\/uploads\/2024\/10\/FEL_8017_4_G-495x400.jpg\" title='FEL_8017_4_G' alt='' \/><\/div><\/a><\/div><\/div><br \/>\n<div  class='togglecontainer av-m2oj2sj4-26ecdf7079c6308f1ebea441fbbf0bae av-minimal-toggle  avia-builder-el-81  el_after_av_gallery  avia-builder-el-last  toggle_close_all' >\n<section class='av_toggle_section av-m2oj2qsn-256f2a07b5287566e5eb8d5d4d6c6f17'  itemscope=\"itemscope\" itemtype=\"https:\/\/schema.org\/CreativeWork\" ><div role=\"tablist\" class=\"single_toggle\" data-tags=\"{All} \"  ><p data-fake-id='#toggle-id-8' class='toggler'  itemprop=\"headline\"  role='tab' tabindex='0' aria-controls='toggle-id-8'>Detail-Informationen<span class=\"toggle_icon\"><span class=\"vert_icon\"><\/span><span class=\"hor_icon\"><\/span><\/span><\/p><div id='toggle-id-8' class='toggle_wrap'  ><div class='toggle_content invers-color'  itemprop=\"text\" ><p><em>Von:<\/em> Gabriele St\u00f6tzer, Erfurt<\/p>\n<p><em>Mitarbeiter:innen:\u00a0<\/em>Paula Gehrmann, Anna Bauch, Simone Volkenweider, Barbara Seiz<\/p>\n<p><em>Erl\u00e4uterungstext<\/em><br \/>\nDer Entwurf \u201eDie Wiedergeborenen\u201c greift ein bekanntes und zentrales Symbol f\u00fcr ein friedliches Zusammenleben auf: Die wei\u00dfe Taube. Das Denkmal schafft einen niedrigschwelligen Zugang zur aktiven Erinnerung an die Friedliche Revolution in Leipzig und die Wiedervereinigung Deutschlands. Sieben wei\u00dfe Tauben mit Flammensymbolen auf den K\u00f6pfen erheben sich \u00fcberlebensgro\u00df und in unterschiedlicher H\u00f6he \u00fcber den Platz. An sieben Rundmasten befestigt, drehen sich die Figuren im Wind um ihre eigene Achse. Die Gruppe vermittelt ein Gef\u00fchl von Losl\u00f6sung und Verbundenheit. Am Boden durchziehen drei gro\u00dfe Betonsegmente die Installation. Sie erinnern an Stra\u00dfen und bilden Inseln in der Rasenfl\u00e4che. Diese Segmente sind begehbar und zeigen realistische Fu\u00dfabdr\u00fccke, die an die Abdr\u00fccke der Menschen im friedlichen Demonstrationszug erinnern. Mit seiner Gr\u00f6\u00dfe, Beweglichkeit und eindrucksvollen Pr\u00e4senz nimmt das Denkmal einen zentralen Platz auf dem n\u00f6rdlichen Teil der \u201eWiese der Friedlichen Revolution\u201c ein.\u201c Das k\u00fcnstlerische Konzept basiert auf den zentralen Begriffen Gemeinschaftlichkeit, Verbundenheit und Geschwisterlichkeit. (&#8230;) Das Denkmal f\u00fcr Leipzig vermittelt die Gewissheit, dass sich das Gute stets aufs Neue durchsetzen wird. Es ermutigt, das Tr\u00e4umen nicht aufzugeben und in die Freiheit, in die Tiefe des Verst\u00e4ndnisses, wer wir sind und was wir wirklich brauchen, einzudringen. 35 Jahre nach der Friedlichen Revolution erleben wir weltweit die Umw\u00e4lzung scheinbar festgef\u00fcgter Verh\u00e4ltnisse und begreifen uns zunehmend als Teil eines Wandlungsprozesses, der die ganze Erde umfasst. Diesen Wandel k\u00f6nnen wir in menschlicher Solidarit\u00e4t und Verantwortlichkeit selbst mitgestalten \u2013 indem wir die Demonstration in Leipzig als sichtbares Fanal, als Voraussetzung, Erinnerung an und Beispiel f\u00fcr gemeinsames Denken und Handeln setzen. Diesen Leitgedanken m\u00f6chte \u201eDie Wiedergeborenen\u201c verk\u00f6rpern.<\/p>\n<p><em>Jurykommentar:<\/em><br \/>\nDer Entwurf \u201eDie Wiedergeborenen\u201c greift mit der Taube das Symbol friedlichen Zusammenlebens auf, mit Fu\u00dfabdr\u00fccken das Momentum der gemeinschaftlichen Bewegung und des Aufbruchs. Das Preisgericht w\u00fcrdigt die k\u00fcnstlerische Umsetzung dieser zwei tragenden Themen der friedlichen Revolution und die pr\u00e4gnante Sichtbarkeit des Entwurfes im Stadtraum, wie auch den sensiblen Umgang mit der sie k\u00fcnftig einbettenden Landschaft des Parks. Die \u00fcberlebensgro\u00dfen Skulpturen stellen eine klare r\u00e4umliche Dominanz her und bieten gleichzeitig einen niedrigschwelligen Zugang. Das Preisgericht erkannt im Entwurf eine poetische Umsetzung der Motive und sieht in den sich im Wind drehenden Figuren den Versuch der Vermittlung von Losl\u00f6sung und Verbundenheit. Die f\u00fcr den Boden geplanten Betonsegmente zeigen Fu\u00dfabdr\u00fccke, die die Spuren der Demonstrantinnen und Demonstranten symbolisieren. Die Elemente der Tauben und Fu\u00dfabdr\u00fccke setzen die Themen Orientierung und Bewegungsdrang kreativ in der Skulptur um. Das Preisgericht ver-misst jedoch ein partizipatives Element, das die Vermittlung dieser beiden und weiterer Dimensionen der Ereignisse von 1989 Rechnung tragen und Diskussionen provozieren w\u00fcrde. Hier ist das Werk zu sehr auf sich bezogen. Zudem ist das Preisgericht bei der Formsprache der Skulpturen \u00fcberrascht \u00fcber die Flammensymbolen auf den K\u00f6pfen der Tauben, die der Erkennbarkeit des Motivs zuwider stehen. Insgesamt beurteilt das Preisgericht den Entwurf als kreativen und thematisch in sich stimmigen Beitrag, dessen Kraft und Darstellung jedoch nicht vollst\u00e4ndig f\u00fcr die Aufgabenstellung zu \u00fcberzeugen vermag.<\/p>\n<\/div><\/div><\/div><\/section>\n<\/div><\/p><\/div><\/div><!--close column table wrapper. Autoclose: 1 --><div  class='hr av-2mlyhc-810e0fbb21472534610b3fa256bb3342 hr-default  avia-builder-el-82  el_after_av_three_fifth  avia-builder-el-last'><span class='hr-inner'><span class=\"hr-inner-style\"><\/span><\/span><\/div>\n\n<\/div><\/div><\/div><!-- close content main div --><\/div><\/div><div id='av_section_9'  class='avia-section av-zp468-5f443397bd8362e0d7f680e8e22769d0 main_color avia-section-no-padding avia-no-border-styling  avia-builder-el-83  el_after_av_section  el_before_av_section  avia-bg-style-scroll container_wrap fullsize'  ><div class='container av-section-cont-open' ><div class='template-page content  av-content-full alpha units'><div class='post-entry post-entry-type-page post-entry-8368'><div class='entry-content-wrapper clearfix'>\n<div class='flex_column_table av-7ka4ts-e639e7d4420e6ce2342b5453d178f936 sc-av_one_third av-equal-height-column-flextable'><div  class='flex_column av-7ka4ts-e639e7d4420e6ce2342b5453d178f936 av_one_third  avia-builder-el-84  el_before_av_three_fifth  avia-builder-el-first  first no_margin flex_column_table_cell av-equal-height-column av-align-top'     ><section  class='av_textblock_section av-m2sql4q1-3a4204d867716a1d784e96a2f4b8a7f0'   itemscope=\"itemscope\" itemtype=\"https:\/\/schema.org\/CreativeWork\" ><div class='avia_textblock'  itemprop=\"text\" ><h3>Knut Eckstein<\/h3>\n<\/div><\/section><br \/>\n\n<style type=\"text\/css\" data-created_by=\"avia_inline_auto\" id=\"style-css-av-m2sqm83d-ddb89d10bdabafc7b37824413fffc7de\">\n.avia-image-container.av-m2sqm83d-ddb89d10bdabafc7b37824413fffc7de img.avia_image{\nbox-shadow:none;\n}\n.avia-image-container.av-m2sqm83d-ddb89d10bdabafc7b37824413fffc7de .av-image-caption-overlay-center{\ncolor:#ffffff;\n}\n<\/style>\n<div  class='avia-image-container av-m2sqm83d-ddb89d10bdabafc7b37824413fffc7de av-styling- avia-align-center  avia-builder-el-86  el_after_av_textblock  avia-builder-el-last'   itemprop=\"image\" itemscope=\"itemscope\" itemtype=\"https:\/\/schema.org\/ImageObject\" ><div class=\"avia-image-container-inner\"><div class=\"avia-image-overlay-wrap\"><img decoding=\"async\" fetchpriority=\"high\" class='wp-image-8474 avia-img-lazy-loading-not-8474 avia_image' src=\"https:\/\/freiheitsdenkmal-leipzig.de\/wp-content\/uploads\/2024\/10\/FEL_8005_1_G.jpg\" alt='' title='FEL_8005_1_G'  height=\"400\" width=\"600\"  itemprop=\"thumbnailUrl\" srcset=\"https:\/\/freiheitsdenkmal-leipzig.de\/wp-content\/uploads\/2024\/10\/FEL_8005_1_G.jpg 600w, https:\/\/freiheitsdenkmal-leipzig.de\/wp-content\/uploads\/2024\/10\/FEL_8005_1_G-300x200.jpg 300w, https:\/\/freiheitsdenkmal-leipzig.de\/wp-content\/uploads\/2024\/10\/FEL_8005_1_G-18x12.jpg 18w\" sizes=\"(max-width: 600px) 100vw, 600px\" \/><\/div><\/div><\/div><\/p><\/div><div  class='flex_column av-5z9vnk-5e04e549bf2077e445b2359f75ae8345 av_three_fifth  avia-builder-el-87  el_after_av_one_third  el_before_av_hr  no_margin flex_column_table_cell av-equal-height-column av-align-top'     ><p>\n<style type=\"text\/css\" data-created_by=\"avia_inline_auto\" id=\"style-css-av-3maw74-1b5357c62160d668ac4fe880f603d8cc\">\n#top .hr.hr-invisible.av-3maw74-1b5357c62160d668ac4fe880f603d8cc{\nheight:20px;\n}\n<\/style>\n<div  class='hr av-3maw74-1b5357c62160d668ac4fe880f603d8cc hr-invisible  avia-builder-el-88  el_before_av_gallery  avia-builder-el-first'><span class='hr-inner'><span class=\"hr-inner-style\"><\/span><\/span><\/div><br \/>\n\n<style type=\"text\/css\" data-created_by=\"avia_inline_auto\" id=\"style-css-av-m2sqnf4d-67b9a32ba12659d6392a304d38350cea\">\n#top .avia-gallery.av-m2sqnf4d-67b9a32ba12659d6392a304d38350cea .avia-gallery-thumb a{\nwidth:33.3333%;\n}\n<\/style>\n<div  class='avia-gallery av-m2sqnf4d-67b9a32ba12659d6392a304d38350cea avia_animate_when_visible  avia-builder-el-89  el_after_av_hr  el_before_av_toggle_container  avia_lazyload avia-gallery-animate avia-gallery-9'  itemprop=\"image\" itemscope=\"itemscope\" itemtype=\"https:\/\/schema.org\/ImageObject\" ><meta itemprop=\"contentURL\" content=\"https:\/\/freiheitsdenkmal-leipzig.de\/en\/alle-entwuerfe\"><div class='avia-gallery-thumb'><a href=\"https:\/\/freiheitsdenkmal-leipzig.de\/wp-content\/uploads\/2024\/10\/FEL_8005_2_G-1030x767.jpg\" data-srcset=\"https:\/\/freiheitsdenkmal-leipzig.de\/wp-content\/uploads\/2024\/10\/FEL_8005_2_G-1030x767.jpg 1030w, https:\/\/freiheitsdenkmal-leipzig.de\/wp-content\/uploads\/2024\/10\/FEL_8005_2_G-300x224.jpg 300w, https:\/\/freiheitsdenkmal-leipzig.de\/wp-content\/uploads\/2024\/10\/FEL_8005_2_G-768x572.jpg 768w, https:\/\/freiheitsdenkmal-leipzig.de\/wp-content\/uploads\/2024\/10\/FEL_8005_2_G-1536x1144.jpg 1536w, https:\/\/freiheitsdenkmal-leipzig.de\/wp-content\/uploads\/2024\/10\/FEL_8005_2_G-2048x1526.jpg 2048w, https:\/\/freiheitsdenkmal-leipzig.de\/wp-content\/uploads\/2024\/10\/FEL_8005_2_G-16x12.jpg 16w, https:\/\/freiheitsdenkmal-leipzig.de\/wp-content\/uploads\/2024\/10\/FEL_8005_2_G-1500x1118.jpg 1500w, https:\/\/freiheitsdenkmal-leipzig.de\/wp-content\/uploads\/2024\/10\/FEL_8005_2_G-705x525.jpg 705w\" data-sizes=\"(max-width: 1030px) 100vw, 1030px\" data-rel='gallery-9' data-prev-img='https:\/\/freiheitsdenkmal-leipzig.de\/wp-content\/uploads\/2024\/10\/FEL_8005_2_G-495x400.jpg' class='first_thumb lightbox' data-onclick='1' title='FEL_8005_2_G'  itemprop=\"thumbnailUrl\"  ><img decoding=\"async\" fetchpriority=\"high\" class=\"wp-image-8475 avia-img-lazy-loading-not-8475\"   src=\"https:\/\/freiheitsdenkmal-leipzig.de\/wp-content\/uploads\/2024\/10\/FEL_8005_2_G-scaled.jpg\" width=\"2560\" height=\"1907\"  title='FEL_8005_2_G' alt='' srcset=\"https:\/\/freiheitsdenkmal-leipzig.de\/wp-content\/uploads\/2024\/10\/FEL_8005_2_G-scaled.jpg 2560w, https:\/\/freiheitsdenkmal-leipzig.de\/wp-content\/uploads\/2024\/10\/FEL_8005_2_G-300x224.jpg 300w, https:\/\/freiheitsdenkmal-leipzig.de\/wp-content\/uploads\/2024\/10\/FEL_8005_2_G-1030x767.jpg 1030w, https:\/\/freiheitsdenkmal-leipzig.de\/wp-content\/uploads\/2024\/10\/FEL_8005_2_G-768x572.jpg 768w, https:\/\/freiheitsdenkmal-leipzig.de\/wp-content\/uploads\/2024\/10\/FEL_8005_2_G-1536x1144.jpg 1536w, https:\/\/freiheitsdenkmal-leipzig.de\/wp-content\/uploads\/2024\/10\/FEL_8005_2_G-2048x1526.jpg 2048w, https:\/\/freiheitsdenkmal-leipzig.de\/wp-content\/uploads\/2024\/10\/FEL_8005_2_G-16x12.jpg 16w, https:\/\/freiheitsdenkmal-leipzig.de\/wp-content\/uploads\/2024\/10\/FEL_8005_2_G-1500x1118.jpg 1500w, https:\/\/freiheitsdenkmal-leipzig.de\/wp-content\/uploads\/2024\/10\/FEL_8005_2_G-705x525.jpg 705w\" sizes=\"(max-width: 2560px) 100vw, 2560px\" \/><div class='big-prev-fake'><img decoding=\"async\" loading=\"lazy\" class=\"wp-image-8475 avia-img-lazy-loading-8475\"  width=\"495\" height=\"400\" src=\"https:\/\/freiheitsdenkmal-leipzig.de\/wp-content\/uploads\/2024\/10\/FEL_8005_2_G-495x400.jpg\" title='FEL_8005_2_G' alt='' srcset=\"https:\/\/freiheitsdenkmal-leipzig.de\/wp-content\/uploads\/2024\/10\/FEL_8005_2_G-495x400.jpg 495w, https:\/\/freiheitsdenkmal-leipzig.de\/wp-content\/uploads\/2024\/10\/FEL_8005_2_G-16x12.jpg 16w, https:\/\/freiheitsdenkmal-leipzig.de\/wp-content\/uploads\/2024\/10\/FEL_8005_2_G-845x684.jpg 845w\" sizes=\"(max-width: 495px) 100vw, 495px\" \/><\/div><\/a><a href=\"https:\/\/freiheitsdenkmal-leipzig.de\/wp-content\/uploads\/2024\/10\/FEL_8005_3_G.jpg\" data-srcset=\"https:\/\/freiheitsdenkmal-leipzig.de\/wp-content\/uploads\/2024\/10\/FEL_8005_3_G.jpg 600w, https:\/\/freiheitsdenkmal-leipzig.de\/wp-content\/uploads\/2024\/10\/FEL_8005_3_G-300x200.jpg 300w, https:\/\/freiheitsdenkmal-leipzig.de\/wp-content\/uploads\/2024\/10\/FEL_8005_3_G-18x12.jpg 18w\" data-sizes=\"(max-width: 600px) 100vw, 600px\" data-rel='gallery-9' data-prev-img='https:\/\/freiheitsdenkmal-leipzig.de\/wp-content\/uploads\/2024\/10\/FEL_8005_3_G-495x400.jpg' class='lightbox' data-onclick='2' title='FEL_8005_3_G'  itemprop=\"thumbnailUrl\"  ><img decoding=\"async\" fetchpriority=\"high\" class=\"wp-image-8476 avia-img-lazy-loading-not-8476\"   src=\"https:\/\/freiheitsdenkmal-leipzig.de\/wp-content\/uploads\/2024\/10\/FEL_8005_3_G.jpg\" width=\"600\" height=\"400\"  title='FEL_8005_3_G' alt='' srcset=\"https:\/\/freiheitsdenkmal-leipzig.de\/wp-content\/uploads\/2024\/10\/FEL_8005_3_G.jpg 600w, https:\/\/freiheitsdenkmal-leipzig.de\/wp-content\/uploads\/2024\/10\/FEL_8005_3_G-300x200.jpg 300w, https:\/\/freiheitsdenkmal-leipzig.de\/wp-content\/uploads\/2024\/10\/FEL_8005_3_G-18x12.jpg 18w\" sizes=\"(max-width: 600px) 100vw, 600px\" \/><div class='big-prev-fake'><img decoding=\"async\" loading=\"lazy\" class=\"wp-image-8476 avia-img-lazy-loading-8476\"  width=\"495\" height=\"400\" src=\"https:\/\/freiheitsdenkmal-leipzig.de\/wp-content\/uploads\/2024\/10\/FEL_8005_3_G-495x400.jpg\" title='FEL_8005_3_G' alt='' \/><\/div><\/a><a href=\"https:\/\/freiheitsdenkmal-leipzig.de\/wp-content\/uploads\/2024\/10\/FEL_8005_4_G.jpg\" data-srcset=\"https:\/\/freiheitsdenkmal-leipzig.de\/wp-content\/uploads\/2024\/10\/FEL_8005_4_G.jpg 200w, https:\/\/freiheitsdenkmal-leipzig.de\/wp-content\/uploads\/2024\/10\/FEL_8005_4_G-18x12.jpg 18w\" data-sizes=\"(max-width: 200px) 100vw, 200px\" data-rel='gallery-9' data-prev-img='https:\/\/freiheitsdenkmal-leipzig.de\/wp-content\/uploads\/2024\/10\/FEL_8005_4_G.jpg' class='lightbox' data-onclick='3' title='FEL_8005_4_G'  itemprop=\"thumbnailUrl\"  ><img decoding=\"async\" fetchpriority=\"high\" class=\"wp-image-8477 avia-img-lazy-loading-not-8477\"   src=\"https:\/\/freiheitsdenkmal-leipzig.de\/wp-content\/uploads\/2024\/10\/FEL_8005_4_G.jpg\" width=\"200\" height=\"133\"  title='FEL_8005_4_G' alt='' srcset=\"https:\/\/freiheitsdenkmal-leipzig.de\/wp-content\/uploads\/2024\/10\/FEL_8005_4_G.jpg 200w, https:\/\/freiheitsdenkmal-leipzig.de\/wp-content\/uploads\/2024\/10\/FEL_8005_4_G-18x12.jpg 18w\" sizes=\"(max-width: 200px) 100vw, 200px\" \/><div class='big-prev-fake'><img decoding=\"async\" loading=\"lazy\" class=\"wp-image-8477 avia-img-lazy-loading-8477\"  width=\"200\" height=\"133\" src=\"https:\/\/freiheitsdenkmal-leipzig.de\/wp-content\/uploads\/2024\/10\/FEL_8005_4_G.jpg\" title='FEL_8005_4_G' alt='' srcset=\"https:\/\/freiheitsdenkmal-leipzig.de\/wp-content\/uploads\/2024\/10\/FEL_8005_4_G.jpg 200w, https:\/\/freiheitsdenkmal-leipzig.de\/wp-content\/uploads\/2024\/10\/FEL_8005_4_G-18x12.jpg 18w\" sizes=\"(max-width: 200px) 100vw, 200px\" \/><\/div><\/a><\/div><\/div><br \/>\n<div  class='togglecontainer av-m2sqky8e-1a12374d7be6bf347437872b321be1ce av-minimal-toggle  avia-builder-el-90  el_after_av_gallery  avia-builder-el-last  toggle_close_all' >\n<section class='av_toggle_section av-m2sqkvvf-6a539bdce6365ae6c8bd643f2272e3a0'  itemscope=\"itemscope\" itemtype=\"https:\/\/schema.org\/CreativeWork\" ><div role=\"tablist\" class=\"single_toggle\" data-tags=\"{All} \"  ><p data-fake-id='#toggle-id-9' class='toggler'  itemprop=\"headline\"  role='tab' tabindex='0' aria-controls='toggle-id-9'>Detail-Informationen<span class=\"toggle_icon\"><span class=\"vert_icon\"><\/span><span class=\"hor_icon\"><\/span><\/span><\/p><div id='toggle-id-9' class='toggle_wrap'  ><div class='toggle_content invers-color'  itemprop=\"text\" ><p><em>Von:<\/em> Knut Eckstein, Berlin<\/p>\n<p><em>Erl\u00e4uterungstext:<\/em><br \/>\nAuf einer unregelm\u00e4\u00dfigen Fl\u00e4che von 10 x 15 m wird im Eingangsbereich zur Parkanlage auf der Rasenfl\u00e4che, n\u00f6rdlich des Bibliotheksvorplatzes, in der \u201eWiese der friedlichen Revolution\u201c ein elektronisch gesteuertes Nebelfeld aufgebaut. Dieses soll die vision\u00e4re und gleichzeitig unaufhaltsame Kraft der Bewegung der B\u00fcrger*innen Leipzigs (und gro\u00dfer Teile der gesamten damaligen DDR) hin zu einem gemeinsam geformten unumkehrbaren und zu keiner Zeit absch\u00e4tzbaren Ereignis symbolisieren. Nebel als ein aus zigtausenden einzelner kleinster Wassertr\u00f6pfchen geformter und sich st\u00e4ndig in Bewegung befindender Zustand, verdeutlicht die vision\u00e4re Kraft, mit der alle Beteiligten sich zu einer un\u00fcbersehbaren und nicht mehr wegzudenkenden Bewegung gesammelt haben. Auch heute ist der Zustand der damaligen Ver\u00e4nderung noch sp\u00fcrbar und wird mit jedem Ereignis und \u00e4u\u00dferem Einfluss \u2013 vertreten durch Wind und Wetter im Park \u2013 mit Ver\u00e4nderung seiner Form, Richtung und Aussehen reagieren. Der sowohl weiche aber auch als undurchdringliche Wand erscheinende Nebel beinhaltet einerseits eine starke emotionale Wirkung, von der schon Romantiker wie Caspar David Friedrich, auch viele andere Literaten und K\u00fcnstler*innen in vergangenen Zeiten Gebrauch machten und auch heute noch Filme und Geschichten tragen. Auch das Bild einer sich st\u00e4ndig ver\u00e4ndernden Natur und die Reaktion auf unsere fortw\u00e4hrende klimatische Zerst\u00f6rung und Ausbeutung ist in diesem k\u00fcnstlichen Naturph\u00e4nomen enthalten. Nebel kann Wirklichkeit weicher zeichnen, Umst\u00e4nde milder erscheinen lassen und emotional befriedend wirken. Die Inszenierung k\u00fcnstlichen Nebels ist die ad\u00e4quate Form der Repr\u00e4sentation eines f\u00fcr alle unfassbaren Ereignisses unserer Geschichte. Das artifizielle Nebelfeld erinnert an die Tage im Oktober und soll gedanklich beitragen aufmerksam zu schauen, sich einzubringen und zu beteiligen, auch wenn die Form das Ziel noch nicht zeigt. Das Potential jeder einzelnen installierten Hochdruckd\u00fcse wird erfahrbar in der im Verbund geschlossenen Wand aus Nebel als ein emotionaler Gedanke. (&#8230;) Ein poetisches geformtes Bild, ein ephemerer Zustand der uns innerlich und \u00e4u\u00dferlich bewegt. Fl\u00fcchtiger Nebel als skulpturales Ereignis.<\/p>\n<p><em>Jurykommentar:<\/em><br \/>\nDer Entwurf sieht eine inszenierte Landschaft vor, die durch ein elektronisch und zeitlich gesteuertes Nebelfeld erzeugt wird. Dies soll gesellschaftliche Ver\u00e4nderungen auf emotionale Weise symbolisieren, und Assoziationen u.a. zur Deutschen Romantik und zum Klima-wandel erzeugen. Sowohl auf der konzeptionellen Ebene als auch hinsichtlich der vorgeschlagenen technischen Umsetzung, sieht das Preisgericht Schw\u00e4chen. Der Themenbogen ist (zu) weit gespannt, und der Entwurf l\u00f6st den selbst gestellten Anspruch nicht ein. Die inhaltlichen Wettbewerbsvorgaben werden im Projekt nicht gespiegelt. Die technische Umsetzung wirft Fragen hinsichtlich der Langlebigkeit auf. Auch wird keine Aussage \u00fcber den jahreszeitlichen Umgang mit dem vorgeschlagenen Projekt getroffen.<\/p>\n<\/div><\/div><\/div><\/section>\n<\/div><\/p><\/div><\/div><!--close column table wrapper. Autoclose: 1 --><div  class='hr av-28hk0g-23766d3140e8234121eb2a31097bf8f0 hr-default  avia-builder-el-91  el_after_av_three_fifth  avia-builder-el-last'><span class='hr-inner'><span class=\"hr-inner-style\"><\/span><\/span><\/div>\n\n<\/div><\/div><\/div><!-- close content main div --><\/div><\/div><div id='av_section_10'  class='avia-section av-9n2e4g-4f906ec53d6db3702dc34fac95ec6db4 main_color avia-section-no-padding avia-no-border-styling  avia-builder-el-92  el_after_av_section  el_before_av_section  avia-bg-style-scroll container_wrap fullsize'  ><div class='container av-section-cont-open' ><div class='template-page content  av-content-full alpha units'><div class='post-entry post-entry-type-page post-entry-8368'><div class='entry-content-wrapper clearfix'>\n<div class='flex_column_table av-84pavk-6911c947eb8945d582cb93a00628c074 sc-av_one_third av-equal-height-column-flextable'><div  class='flex_column av-84pavk-6911c947eb8945d582cb93a00628c074 av_one_third  avia-builder-el-93  el_before_av_three_fifth  avia-builder-el-first  first no_margin flex_column_table_cell av-equal-height-column av-align-top'     ><section  class='av_textblock_section av-m2sqsz75-235f8dc4238ddf779226d1552ba612d7'   itemscope=\"itemscope\" itemtype=\"https:\/\/schema.org\/CreativeWork\" ><div class='avia_textblock'  itemprop=\"text\" ><h3>Suse Weber<\/h3>\n<\/div><\/section><br \/>\n\n<style type=\"text\/css\" data-created_by=\"avia_inline_auto\" id=\"style-css-av-m2sqtul2-4a96ab190e972448b135f8f2778613c2\">\n.avia-image-container.av-m2sqtul2-4a96ab190e972448b135f8f2778613c2 img.avia_image{\nbox-shadow:none;\n}\n.avia-image-container.av-m2sqtul2-4a96ab190e972448b135f8f2778613c2 .av-image-caption-overlay-center{\ncolor:#ffffff;\n}\n<\/style>\n<div  class='avia-image-container av-m2sqtul2-4a96ab190e972448b135f8f2778613c2 av-styling- avia-align-center  avia-builder-el-95  el_after_av_textblock  avia-builder-el-last'   itemprop=\"image\" itemscope=\"itemscope\" itemtype=\"https:\/\/schema.org\/ImageObject\" ><div class=\"avia-image-container-inner\"><div class=\"avia-image-overlay-wrap\"><img decoding=\"async\" fetchpriority=\"high\" class='wp-image-8479 avia-img-lazy-loading-not-8479 avia_image' src=\"https:\/\/freiheitsdenkmal-leipzig.de\/wp-content\/uploads\/2024\/10\/FEL_8014_1_G.jpg\" alt='' title='FEL_8014_1_G'  height=\"400\" width=\"600\"  itemprop=\"thumbnailUrl\" srcset=\"https:\/\/freiheitsdenkmal-leipzig.de\/wp-content\/uploads\/2024\/10\/FEL_8014_1_G.jpg 600w, https:\/\/freiheitsdenkmal-leipzig.de\/wp-content\/uploads\/2024\/10\/FEL_8014_1_G-300x200.jpg 300w, https:\/\/freiheitsdenkmal-leipzig.de\/wp-content\/uploads\/2024\/10\/FEL_8014_1_G-18x12.jpg 18w\" sizes=\"(max-width: 600px) 100vw, 600px\" \/><\/div><\/div><\/div><\/p><\/div><div  class='flex_column av-65kn8g-06992d0205d6d144929427a674f54499 av_three_fifth  avia-builder-el-96  el_after_av_one_third  el_before_av_hr  no_margin flex_column_table_cell av-equal-height-column av-align-top'     ><p>\n<style type=\"text\/css\" data-created_by=\"avia_inline_auto\" id=\"style-css-av-3pxupc-918b04b1431bc4858bec757a580f06ea\">\n#top .hr.hr-invisible.av-3pxupc-918b04b1431bc4858bec757a580f06ea{\nheight:20px;\n}\n<\/style>\n<div  class='hr av-3pxupc-918b04b1431bc4858bec757a580f06ea hr-invisible  avia-builder-el-97  el_before_av_gallery  avia-builder-el-first'><span class='hr-inner'><span class=\"hr-inner-style\"><\/span><\/span><\/div><br \/>\n\n<style type=\"text\/css\" data-created_by=\"avia_inline_auto\" id=\"style-css-av-m2sqvp3a-c88e67c566a802404bde0ec72f7a887b\">\n#top .avia-gallery.av-m2sqvp3a-c88e67c566a802404bde0ec72f7a887b .avia-gallery-thumb a{\nwidth:33.3333%;\n}\n<\/style>\n<div  class='avia-gallery av-m2sqvp3a-c88e67c566a802404bde0ec72f7a887b avia_animate_when_visible  avia-builder-el-98  el_after_av_hr  el_before_av_toggle_container  avia_lazyload avia-gallery-animate avia-gallery-10'  itemprop=\"image\" itemscope=\"itemscope\" itemtype=\"https:\/\/schema.org\/ImageObject\" ><meta itemprop=\"contentURL\" content=\"https:\/\/freiheitsdenkmal-leipzig.de\/en\/alle-entwuerfe\"><div class='avia-gallery-thumb'><a href=\"https:\/\/freiheitsdenkmal-leipzig.de\/wp-content\/uploads\/2024\/10\/FEL_8014_2_G-Kopie.jpg\" data-srcset=\"https:\/\/freiheitsdenkmal-leipzig.de\/wp-content\/uploads\/2024\/10\/FEL_8014_2_G-Kopie.jpg 600w, https:\/\/freiheitsdenkmal-leipzig.de\/wp-content\/uploads\/2024\/10\/FEL_8014_2_G-Kopie-300x200.jpg 300w, https:\/\/freiheitsdenkmal-leipzig.de\/wp-content\/uploads\/2024\/10\/FEL_8014_2_G-Kopie-18x12.jpg 18w\" data-sizes=\"(max-width: 600px) 100vw, 600px\" data-rel='gallery-10' data-prev-img='https:\/\/freiheitsdenkmal-leipzig.de\/wp-content\/uploads\/2024\/10\/FEL_8014_2_G-Kopie-495x400.jpg' class='first_thumb lightbox' data-onclick='1' title='Screenshot'  itemprop=\"thumbnailUrl\"  ><img decoding=\"async\" fetchpriority=\"high\" class=\"wp-image-8480 avia-img-lazy-loading-not-8480\"  data-avia-tooltip='Screenshot' src=\"https:\/\/freiheitsdenkmal-leipzig.de\/wp-content\/uploads\/2024\/10\/FEL_8014_2_G-Kopie.jpg\" width=\"600\" height=\"400\"  title='Screenshot' alt='' srcset=\"https:\/\/freiheitsdenkmal-leipzig.de\/wp-content\/uploads\/2024\/10\/FEL_8014_2_G-Kopie.jpg 600w, https:\/\/freiheitsdenkmal-leipzig.de\/wp-content\/uploads\/2024\/10\/FEL_8014_2_G-Kopie-300x200.jpg 300w, https:\/\/freiheitsdenkmal-leipzig.de\/wp-content\/uploads\/2024\/10\/FEL_8014_2_G-Kopie-18x12.jpg 18w\" sizes=\"(max-width: 600px) 100vw, 600px\" \/><div class='big-prev-fake'><img decoding=\"async\" loading=\"lazy\" class=\"wp-image-8480 avia-img-lazy-loading-8480\"  width=\"495\" height=\"400\" src=\"https:\/\/freiheitsdenkmal-leipzig.de\/wp-content\/uploads\/2024\/10\/FEL_8014_2_G-Kopie-495x400.jpg\" title='Screenshot' alt='' \/><\/div><\/a><a href=\"https:\/\/freiheitsdenkmal-leipzig.de\/wp-content\/uploads\/2024\/10\/FEL_8014_3_G-Kopie.jpg\" data-srcset=\"https:\/\/freiheitsdenkmal-leipzig.de\/wp-content\/uploads\/2024\/10\/FEL_8014_3_G-Kopie.jpg 600w, https:\/\/freiheitsdenkmal-leipzig.de\/wp-content\/uploads\/2024\/10\/FEL_8014_3_G-Kopie-300x200.jpg 300w, https:\/\/freiheitsdenkmal-leipzig.de\/wp-content\/uploads\/2024\/10\/FEL_8014_3_G-Kopie-18x12.jpg 18w\" data-sizes=\"(max-width: 600px) 100vw, 600px\" data-rel='gallery-10' data-prev-img='https:\/\/freiheitsdenkmal-leipzig.de\/wp-content\/uploads\/2024\/10\/FEL_8014_3_G-Kopie-495x400.jpg' class='lightbox' data-onclick='2' title='FEL_8014_3_G - Kopie'  itemprop=\"thumbnailUrl\"  ><img decoding=\"async\" fetchpriority=\"high\" class=\"wp-image-8481 avia-img-lazy-loading-not-8481\"   src=\"https:\/\/freiheitsdenkmal-leipzig.de\/wp-content\/uploads\/2024\/10\/FEL_8014_3_G-Kopie.jpg\" width=\"600\" height=\"400\"  title='FEL_8014_3_G - Kopie' alt='' srcset=\"https:\/\/freiheitsdenkmal-leipzig.de\/wp-content\/uploads\/2024\/10\/FEL_8014_3_G-Kopie.jpg 600w, https:\/\/freiheitsdenkmal-leipzig.de\/wp-content\/uploads\/2024\/10\/FEL_8014_3_G-Kopie-300x200.jpg 300w, https:\/\/freiheitsdenkmal-leipzig.de\/wp-content\/uploads\/2024\/10\/FEL_8014_3_G-Kopie-18x12.jpg 18w\" sizes=\"(max-width: 600px) 100vw, 600px\" \/><div class='big-prev-fake'><img decoding=\"async\" loading=\"lazy\" class=\"wp-image-8481 avia-img-lazy-loading-8481\"  width=\"495\" height=\"400\" src=\"https:\/\/freiheitsdenkmal-leipzig.de\/wp-content\/uploads\/2024\/10\/FEL_8014_3_G-Kopie-495x400.jpg\" title='FEL_8014_3_G - Kopie' alt='' \/><\/div><\/a><a href=\"https:\/\/freiheitsdenkmal-leipzig.de\/wp-content\/uploads\/2024\/10\/FEL_8014_4_G.jpg\" data-srcset=\"https:\/\/freiheitsdenkmal-leipzig.de\/wp-content\/uploads\/2024\/10\/FEL_8014_4_G.jpg 600w, https:\/\/freiheitsdenkmal-leipzig.de\/wp-content\/uploads\/2024\/10\/FEL_8014_4_G-300x200.jpg 300w, https:\/\/freiheitsdenkmal-leipzig.de\/wp-content\/uploads\/2024\/10\/FEL_8014_4_G-18x12.jpg 18w\" data-sizes=\"(max-width: 600px) 100vw, 600px\" data-rel='gallery-10' data-prev-img='https:\/\/freiheitsdenkmal-leipzig.de\/wp-content\/uploads\/2024\/10\/FEL_8014_4_G-495x400.jpg' class='lightbox' data-onclick='3' title='FEL_8014_4_G'  itemprop=\"thumbnailUrl\"  ><img decoding=\"async\" fetchpriority=\"high\" class=\"wp-image-8482 avia-img-lazy-loading-not-8482\"   src=\"https:\/\/freiheitsdenkmal-leipzig.de\/wp-content\/uploads\/2024\/10\/FEL_8014_4_G.jpg\" width=\"600\" height=\"400\"  title='FEL_8014_4_G' alt='' srcset=\"https:\/\/freiheitsdenkmal-leipzig.de\/wp-content\/uploads\/2024\/10\/FEL_8014_4_G.jpg 600w, https:\/\/freiheitsdenkmal-leipzig.de\/wp-content\/uploads\/2024\/10\/FEL_8014_4_G-300x200.jpg 300w, https:\/\/freiheitsdenkmal-leipzig.de\/wp-content\/uploads\/2024\/10\/FEL_8014_4_G-18x12.jpg 18w\" sizes=\"(max-width: 600px) 100vw, 600px\" \/><div class='big-prev-fake'><img decoding=\"async\" loading=\"lazy\" class=\"wp-image-8482 avia-img-lazy-loading-8482\"  width=\"495\" height=\"400\" src=\"https:\/\/freiheitsdenkmal-leipzig.de\/wp-content\/uploads\/2024\/10\/FEL_8014_4_G-495x400.jpg\" title='FEL_8014_4_G' alt='' \/><\/div><\/a><\/div><\/div><br \/>\n<div  class='togglecontainer av-m2sqstay-b639180217c1635e8f24ab2f37259399 av-minimal-toggle  avia-builder-el-99  el_after_av_gallery  avia-builder-el-last  toggle_close_all' >\n<section class='av_toggle_section av-m2sqsra7-b6853903f37e05deb108aae9008cc388'  itemscope=\"itemscope\" itemtype=\"https:\/\/schema.org\/CreativeWork\" ><div role=\"tablist\" class=\"single_toggle\" data-tags=\"{All} \"  ><p data-fake-id='#toggle-id-10' class='toggler'  itemprop=\"headline\"  role='tab' tabindex='0' aria-controls='toggle-id-10'>Detail-Informationen<span class=\"toggle_icon\"><span class=\"vert_icon\"><\/span><span class=\"hor_icon\"><\/span><\/span><\/p><div id='toggle-id-10' class='toggle_wrap'  ><div class='toggle_content invers-color'  itemprop=\"text\" ><p><em>Von:<\/em> Suse Weber, Leipzig<\/p>\n<p><em>Mitarbeiter:innen:\u00a0<\/em>Prof. Anna Weichsel, Berlin<\/p>\n<p><em>Fachberater:innen: <\/em>TECHNE KIROW GmbH, Ludwig Koehne, Leipzig; Arnold AG, Marcel Glapski, Friedrichsdorf<\/p>\n<p><em>Erl\u00e4uterungstext<\/em><br \/>\nAusbruchs-, Umbruchs- und Transformationserfahrungen gehen einher mit rasanten Ereignis- und Zeichenwechsel. Auf Ewigkeit angelegte Markierungen im Raum werden aufgel\u00f6st durch versammelte K\u00f6rper \u2013 ihre Bewegungen und Forderungen begr\u00fcnden instinktiv neue Geometrien der Ver\u00e4nderungen. Das Ringen um Narrationen und aufkommende Skepsis gegen\u00fcber abgelegten und neuen Kost\u00fcmen bohren sich im wilden Wiederholen in den scheinbar dauerhaft versiegelten Boden. Diese und weitere Erfahrungen haben sich eingeschrieben, auch in k\u00fcnstlerische Formate, und pr\u00e4gen auf besondere Weise Debatten, Forschungen und Kunstwerke einer Wende- und Nachwendegeneration. Ein Methodentransfer Ost hat eingesetzt. K\u00fcnstlerInnen besch\u00e4ftigen sich u.a. in \u2018Nachwendefallstudien\u2019, \u2018Schule ohne Zentrum\u2019, \u2018Vokabeln revolution\u00e4rer Gesten\u2019 mit Mechanismen und Konventionen von Handlungen und ihren Transkriptionen in bewegungsausl\u00f6sende Szenarien. Auff\u00e4llig dabei ist die Handhabung des Publikums als emanzipierte Mitwirkende in prozessorientierten und partizipatorischen Formaten. Wachsendes Interesse an diese Know-how und ein mittlerweile einsetzender Methodentransfer pr\u00e4gen heute den Austausch erfahrungssuchender Umbruchs- Generationen weltweit und macht ihn damit so einzigartig. Als Zeitzeugin des Umbruchs und Mitwirkende des Transfers m\u00f6chte ich ein 2-Phasen-Ereignismodell f\u00fcr das Denkmal in Leipzig vorschlagen. Die erste Phase Boden-B\u00fchne widmet sich der \u00f6ffentlichen Erarbeitung von Bild- und Wortmaterialen. Daf\u00fcr m\u00f6chte ich den bereits geplanten Prozess der Entsiegelung des Wilhelm-Leuschner-Platzes nutzen. Denn was eignet sich besser als symbolische Handlung, als einen scheinbar dauerhaft versiegelten Boden gemeinsam zu \u00f6ffnen, auf so gewonnenen Teil- b\u00fchnen Erfahrungen auszutauschen. Die zweite Phase Denkmal-B\u00fchne, installiert als langlebiges Gedenkereignis f\u00fcr die BesucherInnen und f\u00fcr den Gedenkzyklus der Stadt, l\u00e4\u00dft sich in den Boden versenken wie eine Zeitkapsel. Sichtbar bleibt dann eine kreisrunde, begehbare und mit Mehrsprachigkeit versehene Markierungsfl\u00e4che &#8211; ein Speakers\u2019 Circle, ein Epizentrum der freien Meinungs- \u00e4u\u00dferung. Im ausgefahrenen Zustand ist die Denkmal-B\u00fchne eine Komposition aus mehre- ren Gestaltsymbolen: das Gewinde eines Bohrers, ein S\u00e4ulenkern, eine Spirale mit Richtungs-wechsel. Alle in Phase 1 Boden-B\u00fchne zusammengetragenen und erarbeiteten Bilddokumente werden nun sichtbar. Das Heben und Senken der Denkmal-B\u00fchne bietet die M\u00f6glichkeit eines j\u00e4hrlich stattfindenden Stadtereignisses. Das Heben im Herbst im Besonderen erinnert nachdr\u00fccklich an die Ereignisse des Herbstes \u201989 verbunden mit dem Epochenwechsel in Europa. Das Absenken konfrontiert uns mit der Tatsache, dass Errungenes nicht selbstverst\u00e4ndlich bleibt.<\/p>\n<p><em>Jurykommentar:<\/em><br \/>\nDas Projekt \u201eBoden-B\u00fchne\u201c und \u201eDenkmal-B\u00fchne\u201c besticht durch einen explizit prozesshaften Ansatz mit einem mehrw\u00f6chigen Programm unter umfassender \u00f6ffentlicher Teilnahme. Dazu werden in der noch nicht zum Park umgebauten Platzfl\u00e4che Asphalt-B\u00fchnen errichtet. Das Projekt bezieht einerseits bearbeitete Reste vom Abbruch der Konversion des heutigen Platzes in einen Park ein, andererseits Wort- und Bildsammlungen von Erinnerungen, Originaldokumenten und der Dokumentation \u00f6ffentlicher Events. Zusammen lassen sie in der 1. Phase das Denkmal allm\u00e4hlich entstehen. Aus diesem Fundus individueller und kollektiver Zeit-Geschichte wird eine schraubenartige, metallisch-farbenfrohe Spirale mit Inhalt bereichert, quasi eine \u201eTurbine der Erinnerung\u201c 3m breit und 9m hoch, situiert an der Ecke des Wilhelm-Leuschner-Platzes nahe dem Ring. Diese S\u00e4ule lagert langfristig, in der 2. Phase des Projekts, unterirdisch und wird nur in jeden Herbst herausgefahren. Im Rest des Jahres markiert lediglich die gravierte Oberseite einen \u201eSpeakers Circle\u201c. Der spannende und zeitnah beginnende Werdungsprozess und die Zur\u00fcckhaltung des Eingriffs in den Park werden vom Preisgericht anerkannt. Nicht \u00fcberzeugen konnte jedoch die martialische und wenig nahbare Anmutung des Objektes, zumal sie w\u00e4hrend der \u00fcberwiegenden Zeit des Jahres unsichtbar bleibt \u2013 und damit auch deren Wirkkraft. Stattdessen versteckt sie das gesammelte Wissen und Ged\u00e4chtnis, anstatt es wirklich zu vermitteln. Es strotzt vor verborgener Kraft, aber es kann nicht fliegen.<\/p>\n<\/div><\/div><\/div><\/section>\n<\/div><\/p><\/div><\/div><!--close column table wrapper. Autoclose: 1 --><div  class='hr av-1vfqfk-17e8b1a37ba47b8dde52f0861eff8e23 hr-default  avia-builder-el-100  el_after_av_three_fifth  avia-builder-el-last'><span class='hr-inner'><span class=\"hr-inner-style\"><\/span><\/span><\/div>\n\n<\/div><\/div><\/div><!-- close content main div --><\/div><\/div><div id='av_section_11'  class='avia-section av-15e0ps-21342e19ceb9d6438f32c7a521700b04 main_color avia-section-no-padding avia-no-border-styling  avia-builder-el-101  el_after_av_section  el_before_av_section  avia-bg-style-scroll container_wrap fullsize'  ><div class='container av-section-cont-open' ><div class='template-page content  av-content-full alpha units'><div class='post-entry post-entry-type-page post-entry-8368'><div class='entry-content-wrapper clearfix'>\n<div class='flex_column_table av-93iim8-737b210eb988092a32cfc3ac148b7cdf sc-av_one_third av-equal-height-column-flextable'><div  class='flex_column av-93iim8-737b210eb988092a32cfc3ac148b7cdf av_one_third  avia-builder-el-102  el_before_av_three_fifth  avia-builder-el-first  first no_margin flex_column_table_cell av-equal-height-column av-align-top'     ><section  class='av_textblock_section av-7uid00-3ee850abd3dfb7e7d65e2da0ec8c47a4'   itemscope=\"itemscope\" itemtype=\"https:\/\/schema.org\/CreativeWork\" ><div class='avia_textblock'  itemprop=\"text\" ><h3>Dietrich F\u00f6rster<\/h3>\n<\/div><\/section><br \/>\n\n<style type=\"text\/css\" data-created_by=\"avia_inline_auto\" id=\"style-css-av-m2t1y1cy-76da5f040ef9debd0dab5596665ccc00\">\n.avia-image-container.av-m2t1y1cy-76da5f040ef9debd0dab5596665ccc00 img.avia_image{\nbox-shadow:none;\n}\n.avia-image-container.av-m2t1y1cy-76da5f040ef9debd0dab5596665ccc00 .av-image-caption-overlay-center{\ncolor:#ffffff;\n}\n<\/style>\n<div  class='avia-image-container av-m2t1y1cy-76da5f040ef9debd0dab5596665ccc00 av-styling- avia-align-center  avia-builder-el-104  el_after_av_textblock  avia-builder-el-last'   itemprop=\"image\" itemscope=\"itemscope\" itemtype=\"https:\/\/schema.org\/ImageObject\" ><div class=\"avia-image-container-inner\"><div class=\"avia-image-overlay-wrap\"><img decoding=\"async\" fetchpriority=\"high\" class='wp-image-8491 avia-img-lazy-loading-not-8491 avia_image' src=\"https:\/\/freiheitsdenkmal-leipzig.de\/wp-content\/uploads\/2024\/10\/FEL_8011_1_G.jpg\" alt='' title='FEL_8011_1_G'  height=\"400\" width=\"600\"  itemprop=\"thumbnailUrl\" srcset=\"https:\/\/freiheitsdenkmal-leipzig.de\/wp-content\/uploads\/2024\/10\/FEL_8011_1_G.jpg 600w, https:\/\/freiheitsdenkmal-leipzig.de\/wp-content\/uploads\/2024\/10\/FEL_8011_1_G-300x200.jpg 300w, https:\/\/freiheitsdenkmal-leipzig.de\/wp-content\/uploads\/2024\/10\/FEL_8011_1_G-18x12.jpg 18w\" sizes=\"(max-width: 600px) 100vw, 600px\" \/><\/div><\/div><\/div><\/p><\/div><div  class='flex_column av-56iuuo-5bf7be328f03ec9919f3d782401fc075 av_three_fifth  avia-builder-el-105  el_after_av_one_third  el_before_av_hr  no_margin flex_column_table_cell av-equal-height-column av-align-top'     ><p>\n<style type=\"text\/css\" data-created_by=\"avia_inline_auto\" id=\"style-css-av-44hh0g-e3ee169df757ae88938a70093685e2ce\">\n#top .hr.hr-invisible.av-44hh0g-e3ee169df757ae88938a70093685e2ce{\nheight:20px;\n}\n<\/style>\n<div  class='hr av-44hh0g-e3ee169df757ae88938a70093685e2ce hr-invisible  avia-builder-el-106  el_before_av_gallery  avia-builder-el-first'><span class='hr-inner'><span class=\"hr-inner-style\"><\/span><\/span><\/div><br \/>\n\n<style type=\"text\/css\" data-created_by=\"avia_inline_auto\" id=\"style-css-av-m2t1zxmd-7c000cce6d53cf6801306b6c5cef5879\">\n#top .avia-gallery.av-m2t1zxmd-7c000cce6d53cf6801306b6c5cef5879 .avia-gallery-thumb a{\nwidth:33.3333%;\n}\n<\/style>\n<div  class='avia-gallery av-m2t1zxmd-7c000cce6d53cf6801306b6c5cef5879 avia_animate_when_visible  avia-builder-el-107  el_after_av_hr  el_before_av_toggle_container  avia_lazyload avia-gallery-animate avia-gallery-11'  itemprop=\"image\" itemscope=\"itemscope\" itemtype=\"https:\/\/schema.org\/ImageObject\" ><meta itemprop=\"contentURL\" content=\"https:\/\/freiheitsdenkmal-leipzig.de\/en\/alle-entwuerfe\"><div class='avia-gallery-thumb'><a href=\"https:\/\/freiheitsdenkmal-leipzig.de\/wp-content\/uploads\/2024\/10\/FEL_8011_2_G.jpg\" data-srcset=\"https:\/\/freiheitsdenkmal-leipzig.de\/wp-content\/uploads\/2024\/10\/FEL_8011_2_G.jpg 600w, https:\/\/freiheitsdenkmal-leipzig.de\/wp-content\/uploads\/2024\/10\/FEL_8011_2_G-300x200.jpg 300w, https:\/\/freiheitsdenkmal-leipzig.de\/wp-content\/uploads\/2024\/10\/FEL_8011_2_G-18x12.jpg 18w\" data-sizes=\"(max-width: 600px) 100vw, 600px\" data-rel='gallery-11' data-prev-img='https:\/\/freiheitsdenkmal-leipzig.de\/wp-content\/uploads\/2024\/10\/FEL_8011_2_G-495x400.jpg' class='first_thumb lightbox' data-onclick='1' title='FEL_8011_2_G'  itemprop=\"thumbnailUrl\"  ><img decoding=\"async\" fetchpriority=\"high\" class=\"wp-image-8492 avia-img-lazy-loading-not-8492\"   src=\"https:\/\/freiheitsdenkmal-leipzig.de\/wp-content\/uploads\/2024\/10\/FEL_8011_2_G.jpg\" width=\"600\" height=\"400\"  title='FEL_8011_2_G' alt='' srcset=\"https:\/\/freiheitsdenkmal-leipzig.de\/wp-content\/uploads\/2024\/10\/FEL_8011_2_G.jpg 600w, https:\/\/freiheitsdenkmal-leipzig.de\/wp-content\/uploads\/2024\/10\/FEL_8011_2_G-300x200.jpg 300w, https:\/\/freiheitsdenkmal-leipzig.de\/wp-content\/uploads\/2024\/10\/FEL_8011_2_G-18x12.jpg 18w\" sizes=\"(max-width: 600px) 100vw, 600px\" \/><div class='big-prev-fake'><img decoding=\"async\" loading=\"lazy\" class=\"wp-image-8492 avia-img-lazy-loading-8492\"  width=\"495\" height=\"400\" src=\"https:\/\/freiheitsdenkmal-leipzig.de\/wp-content\/uploads\/2024\/10\/FEL_8011_2_G-495x400.jpg\" title='FEL_8011_2_G' alt='' \/><\/div><\/a><a href=\"https:\/\/freiheitsdenkmal-leipzig.de\/wp-content\/uploads\/2024\/10\/FEL_8011_3_G.jpg\" data-srcset=\"https:\/\/freiheitsdenkmal-leipzig.de\/wp-content\/uploads\/2024\/10\/FEL_8011_3_G.jpg 600w, https:\/\/freiheitsdenkmal-leipzig.de\/wp-content\/uploads\/2024\/10\/FEL_8011_3_G-300x200.jpg 300w, https:\/\/freiheitsdenkmal-leipzig.de\/wp-content\/uploads\/2024\/10\/FEL_8011_3_G-18x12.jpg 18w\" data-sizes=\"(max-width: 600px) 100vw, 600px\" data-rel='gallery-11' data-prev-img='https:\/\/freiheitsdenkmal-leipzig.de\/wp-content\/uploads\/2024\/10\/FEL_8011_3_G-495x400.jpg' class='lightbox' data-onclick='2' title='FEL_8011_3_G'  itemprop=\"thumbnailUrl\"  ><img decoding=\"async\" fetchpriority=\"high\" class=\"wp-image-8493 avia-img-lazy-loading-not-8493\"   src=\"https:\/\/freiheitsdenkmal-leipzig.de\/wp-content\/uploads\/2024\/10\/FEL_8011_3_G.jpg\" width=\"600\" height=\"400\"  title='FEL_8011_3_G' alt='' srcset=\"https:\/\/freiheitsdenkmal-leipzig.de\/wp-content\/uploads\/2024\/10\/FEL_8011_3_G.jpg 600w, https:\/\/freiheitsdenkmal-leipzig.de\/wp-content\/uploads\/2024\/10\/FEL_8011_3_G-300x200.jpg 300w, https:\/\/freiheitsdenkmal-leipzig.de\/wp-content\/uploads\/2024\/10\/FEL_8011_3_G-18x12.jpg 18w\" sizes=\"(max-width: 600px) 100vw, 600px\" \/><div class='big-prev-fake'><img decoding=\"async\" loading=\"lazy\" class=\"wp-image-8493 avia-img-lazy-loading-8493\"  width=\"495\" height=\"400\" src=\"https:\/\/freiheitsdenkmal-leipzig.de\/wp-content\/uploads\/2024\/10\/FEL_8011_3_G-495x400.jpg\" title='FEL_8011_3_G' alt='' \/><\/div><\/a><a href=\"https:\/\/freiheitsdenkmal-leipzig.de\/wp-content\/uploads\/2024\/10\/FEL_8011_4_G.jpg\" data-srcset=\"https:\/\/freiheitsdenkmal-leipzig.de\/wp-content\/uploads\/2024\/10\/FEL_8011_4_G.jpg 600w, https:\/\/freiheitsdenkmal-leipzig.de\/wp-content\/uploads\/2024\/10\/FEL_8011_4_G-300x200.jpg 300w, https:\/\/freiheitsdenkmal-leipzig.de\/wp-content\/uploads\/2024\/10\/FEL_8011_4_G-18x12.jpg 18w\" data-sizes=\"(max-width: 600px) 100vw, 600px\" data-rel='gallery-11' data-prev-img='https:\/\/freiheitsdenkmal-leipzig.de\/wp-content\/uploads\/2024\/10\/FEL_8011_4_G-495x400.jpg' class='lightbox' data-onclick='3' title='FEL_8011_4_G'  itemprop=\"thumbnailUrl\"  ><img decoding=\"async\" fetchpriority=\"high\" class=\"wp-image-8494 avia-img-lazy-loading-not-8494\"   src=\"https:\/\/freiheitsdenkmal-leipzig.de\/wp-content\/uploads\/2024\/10\/FEL_8011_4_G.jpg\" width=\"600\" height=\"400\"  title='FEL_8011_4_G' alt='' srcset=\"https:\/\/freiheitsdenkmal-leipzig.de\/wp-content\/uploads\/2024\/10\/FEL_8011_4_G.jpg 600w, https:\/\/freiheitsdenkmal-leipzig.de\/wp-content\/uploads\/2024\/10\/FEL_8011_4_G-300x200.jpg 300w, https:\/\/freiheitsdenkmal-leipzig.de\/wp-content\/uploads\/2024\/10\/FEL_8011_4_G-18x12.jpg 18w\" sizes=\"(max-width: 600px) 100vw, 600px\" \/><div class='big-prev-fake'><img decoding=\"async\" loading=\"lazy\" class=\"wp-image-8494 avia-img-lazy-loading-8494\"  width=\"495\" height=\"400\" src=\"https:\/\/freiheitsdenkmal-leipzig.de\/wp-content\/uploads\/2024\/10\/FEL_8011_4_G-495x400.jpg\" title='FEL_8011_4_G' alt='' \/><\/div><\/a><\/div><\/div><br \/>\n<div  class='togglecontainer av-m2t1wrfc-8d1775c106113f0a048dd9c0f9c7852f av-minimal-toggle  avia-builder-el-108  el_after_av_gallery  avia-builder-el-last  toggle_close_all' >\n<section class='av_toggle_section av-m2t1wq47-8086951ac76d66037d3d918c6fe02ab4'  itemscope=\"itemscope\" itemtype=\"https:\/\/schema.org\/CreativeWork\" ><div role=\"tablist\" class=\"single_toggle\" data-tags=\"{All} \"  ><p data-fake-id='#toggle-id-11' class='toggler'  itemprop=\"headline\"  role='tab' tabindex='0' aria-controls='toggle-id-11'>Detail-Informationen<span class=\"toggle_icon\"><span class=\"vert_icon\"><\/span><span class=\"hor_icon\"><\/span><\/span><\/p><div id='toggle-id-11' class='toggle_wrap'  ><div class='toggle_content invers-color'  itemprop=\"text\" ><p><em>Von:<\/em> Dietrich F\u00f6rster, Apfeldorf<\/p>\n<p><em>Fachberater:innen: <\/em>\u00a0LEICHT, Marcel Enzweiler, M\u00fcnchen; Bayerische Landesanstalt f\u00fcr Wein- und Gartenbau, Herr Eppel, Veitsh\u00f6chheim; Bohrtechnik Wermann, Herr Wermann, Leipzig; Traxbeton, Herr Kraxler, Abenberg<\/p>\n<p><em>Erl\u00e4uterungstext<\/em><br \/>\nIn Anlehnung an \u201eSchwerter zu Pflugscharen\u201c wird eine Barriere aus Beton zu Baumaterial f\u00fcr einen neuen Weg. Ein massiver Betonblock versperrt den Weg und den Blick in den Park. Bohrungen durch den Block symbolisieren die einzelnen Aktionen der B\u00fcrger, die 1989 in der Summe zum Erfolg der friedlichen Revolution gef\u00fchrt haben. Die Bohrungen beginnen vereinzelt an den Enden des Blocks. Zur Blockmitte hin werden die Abst\u00e4nde der Bohrungen immer geringer bis sie sich \u00fcberlappen. Der Betonblock wird hier vollst\u00e4ndig entmaterialisiert. Es entsteht eine \u00d6ffnung, die den Weg in den Park freigibt. Eine aus dem Untergrund wirkende Kraft wird als Anhebung und Absenkung des Bodens sichtbar. Der ge\u00f6ffnete Betonblock wird durch einen H\u00fcgel angehoben, w\u00e4hrend vor der Stadtbibliothek eine Senke entsteht; ein von Regenwasser gespeister See. (&#8230;) Das Denkmal spricht die Besucher in einer allgemeinverst\u00e4ndlichen Sprache an. Seine Botschaft erreicht auch Menschen, die keinen Erl\u00e4uterungstext lesen. Differenzierte historische Kenntnisse sind nicht erforderlich. Das Denkmal stellt aber die konkreten Ereignisse 1989 hinaus einen Bezug zu weltweit aktuellen Abschottungen und Ausgrenzungen her. Der unfertige Zustand des Weges aber den See kann als Momentaufnahme w\u00e4hrend der Wiedervereinigung gesehen werden oder aus heutiger Sicht darauf hinweisen, dass Vereinigungsprozess noch nicht abgeschlossen ist.(&#8230;)<\/p>\n<p><em>Jurykommentar:<\/em><br \/>\nDer Entwurf versucht, ein pr\u00e4gnantes, allgemeinverst\u00e4ndliches Bild f\u00fcr die \u201eFriedliche Revolution\u201c von 1989 zu finden. Im n\u00f6rdlichen Teil des Wilhelm-Leuschner-Platzes trifft man auf einen massiven Betonblock. Er w\u00fcrde den \u00fcber den Platz f\u00fchrenden Weg versperren, w\u00e4re er nicht durch viele kleine Bohrungen in zwei H\u00e4lften geteilt worden: Viele hartn\u00e4ckige Proteste, jeder f\u00fcr sich kaum erfolgreich, wurden in der Summe zu einem Akt der Selbstbehauptung und -befreiung. Oder ist es gar nicht so eindeutig? Sind denn nicht aus einem einheitlichen Formk\u00f6rper zwei Fragmente geworden? Hat die Revolution also vielleicht sogar mehr getrennt als vereint? Diese Fragen k\u00f6nnten Anlass f\u00fcr Reflexionen \u00fcber die deutsch-deutsche Entwicklung nach 1989 bieten, doch so interessant das w\u00e4re, so wenig Stoff zur Fortsetzung entsprechender \u00dcberlegungen bietet nach Einsch\u00e4tzung des Preisge-richts die weitere Gestaltung des Platzes. Vielmehr erscheint es als wenig schl\u00fcssig, dass die Bohrkerne des Betonblocks zum (kleineren) Teil in den Weg eingelassen, zum (gr\u00f6\u00dferen) Teil als Pf\u00e4hle in einer Senke, einem kleinen See, aufgestellt werden. Das mag zwar einen \u00e4sthetisch ansprechenden Eindruck vermitteln und sich gut in die Landschaftsarchitektur einf\u00fcgen, l\u00e4sst aber kaum Assoziationen zu, die zum Thema \u201eFriedliche Revolution\u201c passen. Insgesamt wirkt der Entwurf angesichts der gestellten Aufgabe daher zu zaghaft-unentschlossen, er vermag den Platz zu wenig zu pr\u00e4gen, als Denkmal erscheint er somit trotz der gelungenen Grund\u00fcberlegung ungeeignet.<\/p>\n<\/div><\/div><\/div><\/section>\n<\/div><\/p><\/div><\/div><!--close column table wrapper. Autoclose: 1 --><div  class='hr av-2txdi8-c9c79cbe34906b5c67867e38fab5cde5 hr-default  avia-builder-el-109  el_after_av_three_fifth  avia-builder-el-last'><span class='hr-inner'><span class=\"hr-inner-style\"><\/span><\/span><\/div>\n\n<\/div><\/div><\/div><!-- close content main div --><\/div><\/div><div id='av_section_12'  class='avia-section av-9p5u68-e3342cae7435409db28bfd90578f7c58 main_color avia-section-no-padding avia-no-border-styling  avia-builder-el-110  el_after_av_section  el_before_av_section  avia-bg-style-scroll container_wrap fullsize'  ><div class='container av-section-cont-open' ><div class='template-page content  av-content-full alpha units'><div class='post-entry post-entry-type-page post-entry-8368'><div class='entry-content-wrapper clearfix'>\n<div class='flex_column_table av-7883ts-e7ba76158853adaf6e9bb8d54fe65b7b sc-av_one_third av-equal-height-column-flextable'><div  class='flex_column av-7883ts-e7ba76158853adaf6e9bb8d54fe65b7b av_one_third  avia-builder-el-111  el_before_av_three_fifth  avia-builder-el-first  first no_margin flex_column_table_cell av-equal-height-column av-align-top'     ><section  class='av_textblock_section av-m2sr1ndu-d3a857463586ca8d898eed2d34849f7c'   itemscope=\"itemscope\" itemtype=\"https:\/\/schema.org\/CreativeWork\" ><div class='avia_textblock'  itemprop=\"text\" ><h3>Situation Room (Sven Bergelt, Kai-Hendrik Windeler)<\/h3>\n<\/div><\/section><br \/>\n\n<style type=\"text\/css\" data-created_by=\"avia_inline_auto\" id=\"style-css-av-m2sr2mri-ac982b0a64d119bfd323cd9df810159c\">\n.avia-image-container.av-m2sr2mri-ac982b0a64d119bfd323cd9df810159c img.avia_image{\nbox-shadow:none;\n}\n.avia-image-container.av-m2sr2mri-ac982b0a64d119bfd323cd9df810159c .av-image-caption-overlay-center{\ncolor:#ffffff;\n}\n<\/style>\n<div  class='avia-image-container av-m2sr2mri-ac982b0a64d119bfd323cd9df810159c av-styling- avia-align-center  avia-builder-el-113  el_after_av_textblock  avia-builder-el-last'   itemprop=\"image\" itemscope=\"itemscope\" itemtype=\"https:\/\/schema.org\/ImageObject\" ><div class=\"avia-image-container-inner\"><div class=\"avia-image-overlay-wrap\"><img decoding=\"async\" fetchpriority=\"high\" class='wp-image-8484 avia-img-lazy-loading-not-8484 avia_image' src=\"https:\/\/freiheitsdenkmal-leipzig.de\/wp-content\/uploads\/2024\/10\/FEL_8021_1_G.jpg\" alt='' title='FEL_8021_1_G'  height=\"400\" width=\"600\"  itemprop=\"thumbnailUrl\" srcset=\"https:\/\/freiheitsdenkmal-leipzig.de\/wp-content\/uploads\/2024\/10\/FEL_8021_1_G.jpg 600w, https:\/\/freiheitsdenkmal-leipzig.de\/wp-content\/uploads\/2024\/10\/FEL_8021_1_G-300x200.jpg 300w, https:\/\/freiheitsdenkmal-leipzig.de\/wp-content\/uploads\/2024\/10\/FEL_8021_1_G-18x12.jpg 18w\" sizes=\"(max-width: 600px) 100vw, 600px\" \/><\/div><\/div><\/div><\/p><\/div><div  class='flex_column av-5hnvkw-277ba23db5f3b35adce59b9fc2922f4e av_three_fifth  avia-builder-el-114  el_after_av_one_third  el_before_av_hr  no_margin flex_column_table_cell av-equal-height-column av-align-top'     ><p>\n<style type=\"text\/css\" data-created_by=\"avia_inline_auto\" id=\"style-css-av-3uf8w0-dbea0228a539ba5ea99549f4d1739f87\">\n#top .hr.hr-invisible.av-3uf8w0-dbea0228a539ba5ea99549f4d1739f87{\nheight:20px;\n}\n<\/style>\n<div  class='hr av-3uf8w0-dbea0228a539ba5ea99549f4d1739f87 hr-invisible  avia-builder-el-115  el_before_av_gallery  avia-builder-el-first'><span class='hr-inner'><span class=\"hr-inner-style\"><\/span><\/span><\/div><br \/>\n\n<style type=\"text\/css\" data-created_by=\"avia_inline_auto\" id=\"style-css-av-m2sr3ph0-62a7f4b0afe38f1e14ecc283e9cc3fd2\">\n#top .avia-gallery.av-m2sr3ph0-62a7f4b0afe38f1e14ecc283e9cc3fd2 .avia-gallery-thumb a{\nwidth:33.3333%;\n}\n<\/style>\n<div  class='avia-gallery av-m2sr3ph0-62a7f4b0afe38f1e14ecc283e9cc3fd2 avia_animate_when_visible  avia-builder-el-116  el_after_av_hr  el_before_av_toggle_container  avia_lazyload avia-gallery-animate avia-gallery-12'  itemprop=\"image\" itemscope=\"itemscope\" itemtype=\"https:\/\/schema.org\/ImageObject\" ><meta itemprop=\"contentURL\" content=\"https:\/\/freiheitsdenkmal-leipzig.de\/en\/alle-entwuerfe\"><div class='avia-gallery-thumb'><a href=\"https:\/\/freiheitsdenkmal-leipzig.de\/wp-content\/uploads\/2024\/10\/FEL_8021_2_G-1030x575.jpg\" data-srcset=\"https:\/\/freiheitsdenkmal-leipzig.de\/wp-content\/uploads\/2024\/10\/FEL_8021_2_G-1030x575.jpg 1030w, https:\/\/freiheitsdenkmal-leipzig.de\/wp-content\/uploads\/2024\/10\/FEL_8021_2_G-300x167.jpg 300w, https:\/\/freiheitsdenkmal-leipzig.de\/wp-content\/uploads\/2024\/10\/FEL_8021_2_G-768x428.jpg 768w, https:\/\/freiheitsdenkmal-leipzig.de\/wp-content\/uploads\/2024\/10\/FEL_8021_2_G-1536x857.jpg 1536w, https:\/\/freiheitsdenkmal-leipzig.de\/wp-content\/uploads\/2024\/10\/FEL_8021_2_G-2048x1143.jpg 2048w, https:\/\/freiheitsdenkmal-leipzig.de\/wp-content\/uploads\/2024\/10\/FEL_8021_2_G-18x10.jpg 18w, https:\/\/freiheitsdenkmal-leipzig.de\/wp-content\/uploads\/2024\/10\/FEL_8021_2_G-1500x837.jpg 1500w, https:\/\/freiheitsdenkmal-leipzig.de\/wp-content\/uploads\/2024\/10\/FEL_8021_2_G-705x393.jpg 705w\" data-sizes=\"(max-width: 1030px) 100vw, 1030px\" data-rel='gallery-12' data-prev-img='https:\/\/freiheitsdenkmal-leipzig.de\/wp-content\/uploads\/2024\/10\/FEL_8021_2_G-495x400.jpg' class='first_thumb lightbox' data-onclick='1' title='Screenshot'  itemprop=\"thumbnailUrl\"  ><img decoding=\"async\" fetchpriority=\"high\" class=\"wp-image-8485 avia-img-lazy-loading-not-8485\"   src=\"https:\/\/freiheitsdenkmal-leipzig.de\/wp-content\/uploads\/2024\/10\/FEL_8021_2_G-scaled.jpg\" width=\"2560\" height=\"1428\"  title='Screenshot' alt='' srcset=\"https:\/\/freiheitsdenkmal-leipzig.de\/wp-content\/uploads\/2024\/10\/FEL_8021_2_G-scaled.jpg 2560w, https:\/\/freiheitsdenkmal-leipzig.de\/wp-content\/uploads\/2024\/10\/FEL_8021_2_G-300x167.jpg 300w, https:\/\/freiheitsdenkmal-leipzig.de\/wp-content\/uploads\/2024\/10\/FEL_8021_2_G-1030x575.jpg 1030w, https:\/\/freiheitsdenkmal-leipzig.de\/wp-content\/uploads\/2024\/10\/FEL_8021_2_G-768x428.jpg 768w, https:\/\/freiheitsdenkmal-leipzig.de\/wp-content\/uploads\/2024\/10\/FEL_8021_2_G-1536x857.jpg 1536w, https:\/\/freiheitsdenkmal-leipzig.de\/wp-content\/uploads\/2024\/10\/FEL_8021_2_G-2048x1143.jpg 2048w, https:\/\/freiheitsdenkmal-leipzig.de\/wp-content\/uploads\/2024\/10\/FEL_8021_2_G-18x10.jpg 18w, https:\/\/freiheitsdenkmal-leipzig.de\/wp-content\/uploads\/2024\/10\/FEL_8021_2_G-1500x837.jpg 1500w, https:\/\/freiheitsdenkmal-leipzig.de\/wp-content\/uploads\/2024\/10\/FEL_8021_2_G-705x393.jpg 705w\" sizes=\"(max-width: 2560px) 100vw, 2560px\" \/><div class='big-prev-fake'><img decoding=\"async\" loading=\"lazy\" class=\"wp-image-8485 avia-img-lazy-loading-8485\"  width=\"495\" height=\"400\" src=\"https:\/\/freiheitsdenkmal-leipzig.de\/wp-content\/uploads\/2024\/10\/FEL_8021_2_G-495x400.jpg\" title='Screenshot' alt='' srcset=\"https:\/\/freiheitsdenkmal-leipzig.de\/wp-content\/uploads\/2024\/10\/FEL_8021_2_G-495x400.jpg 495w, https:\/\/freiheitsdenkmal-leipzig.de\/wp-content\/uploads\/2024\/10\/FEL_8021_2_G-845x684.jpg 845w\" sizes=\"(max-width: 495px) 100vw, 495px\" \/><\/div><\/a><a href=\"https:\/\/freiheitsdenkmal-leipzig.de\/wp-content\/uploads\/2024\/10\/FEL_8021_3_G.jpg\" data-srcset=\"https:\/\/freiheitsdenkmal-leipzig.de\/wp-content\/uploads\/2024\/10\/FEL_8021_3_G.jpg 600w, https:\/\/freiheitsdenkmal-leipzig.de\/wp-content\/uploads\/2024\/10\/FEL_8021_3_G-300x200.jpg 300w, https:\/\/freiheitsdenkmal-leipzig.de\/wp-content\/uploads\/2024\/10\/FEL_8021_3_G-18x12.jpg 18w\" data-sizes=\"(max-width: 600px) 100vw, 600px\" data-rel='gallery-12' data-prev-img='https:\/\/freiheitsdenkmal-leipzig.de\/wp-content\/uploads\/2024\/10\/FEL_8021_3_G-495x400.jpg' class='lightbox' data-onclick='2' title='FEL_8021_3_G'  itemprop=\"thumbnailUrl\"  ><img decoding=\"async\" fetchpriority=\"high\" class=\"wp-image-8486 avia-img-lazy-loading-not-8486\"   src=\"https:\/\/freiheitsdenkmal-leipzig.de\/wp-content\/uploads\/2024\/10\/FEL_8021_3_G.jpg\" width=\"600\" height=\"400\"  title='FEL_8021_3_G' alt='' srcset=\"https:\/\/freiheitsdenkmal-leipzig.de\/wp-content\/uploads\/2024\/10\/FEL_8021_3_G.jpg 600w, https:\/\/freiheitsdenkmal-leipzig.de\/wp-content\/uploads\/2024\/10\/FEL_8021_3_G-300x200.jpg 300w, https:\/\/freiheitsdenkmal-leipzig.de\/wp-content\/uploads\/2024\/10\/FEL_8021_3_G-18x12.jpg 18w\" sizes=\"(max-width: 600px) 100vw, 600px\" \/><div class='big-prev-fake'><img decoding=\"async\" loading=\"lazy\" class=\"wp-image-8486 avia-img-lazy-loading-8486\"  width=\"495\" height=\"400\" src=\"https:\/\/freiheitsdenkmal-leipzig.de\/wp-content\/uploads\/2024\/10\/FEL_8021_3_G-495x400.jpg\" title='FEL_8021_3_G' alt='' \/><\/div><\/a><a href=\"https:\/\/freiheitsdenkmal-leipzig.de\/wp-content\/uploads\/2024\/10\/FEL_8021_4_G.jpg\" data-srcset=\"https:\/\/freiheitsdenkmal-leipzig.de\/wp-content\/uploads\/2024\/10\/FEL_8021_4_G.jpg 600w, https:\/\/freiheitsdenkmal-leipzig.de\/wp-content\/uploads\/2024\/10\/FEL_8021_4_G-300x200.jpg 300w, https:\/\/freiheitsdenkmal-leipzig.de\/wp-content\/uploads\/2024\/10\/FEL_8021_4_G-18x12.jpg 18w\" data-sizes=\"(max-width: 600px) 100vw, 600px\" data-rel='gallery-12' data-prev-img='https:\/\/freiheitsdenkmal-leipzig.de\/wp-content\/uploads\/2024\/10\/FEL_8021_4_G-495x400.jpg' class='lightbox' data-onclick='3' title='FEL_8021_4_G'  itemprop=\"thumbnailUrl\"  ><img decoding=\"async\" fetchpriority=\"high\" class=\"wp-image-8487 avia-img-lazy-loading-not-8487\"   src=\"https:\/\/freiheitsdenkmal-leipzig.de\/wp-content\/uploads\/2024\/10\/FEL_8021_4_G.jpg\" width=\"600\" height=\"400\"  title='FEL_8021_4_G' alt='' srcset=\"https:\/\/freiheitsdenkmal-leipzig.de\/wp-content\/uploads\/2024\/10\/FEL_8021_4_G.jpg 600w, https:\/\/freiheitsdenkmal-leipzig.de\/wp-content\/uploads\/2024\/10\/FEL_8021_4_G-300x200.jpg 300w, https:\/\/freiheitsdenkmal-leipzig.de\/wp-content\/uploads\/2024\/10\/FEL_8021_4_G-18x12.jpg 18w\" sizes=\"(max-width: 600px) 100vw, 600px\" \/><div class='big-prev-fake'><img decoding=\"async\" loading=\"lazy\" class=\"wp-image-8487 avia-img-lazy-loading-8487\"  width=\"495\" height=\"400\" src=\"https:\/\/freiheitsdenkmal-leipzig.de\/wp-content\/uploads\/2024\/10\/FEL_8021_4_G-495x400.jpg\" title='FEL_8021_4_G' alt='' \/><\/div><\/a><\/div><\/div><br \/>\n<div  class='togglecontainer av-m2sr1g7h-a4d60bcf3e34cfbf8b9b5dda7c245b05 av-minimal-toggle  avia-builder-el-117  el_after_av_gallery  avia-builder-el-last  toggle_close_all' >\n<section class='av_toggle_section av-m2sr15ab-b234cc9281ce9fa5651f0f1e26830cdf'  itemscope=\"itemscope\" itemtype=\"https:\/\/schema.org\/CreativeWork\" ><div role=\"tablist\" class=\"single_toggle\" data-tags=\"{All} \"  ><p data-fake-id='#toggle-id-12' class='toggler'  itemprop=\"headline\"  role='tab' tabindex='0' aria-controls='toggle-id-12'>Detail-Informationen<span class=\"toggle_icon\"><span class=\"vert_icon\"><\/span><span class=\"hor_icon\"><\/span><\/span><\/p><div id='toggle-id-12' class='toggle_wrap'  ><div class='toggle_content invers-color'  itemprop=\"text\" ><p><em>Von: <\/em>Situation Room (Sven Bergelt, Kai-Hendrik Windeler), beide Leipzig<\/p>\n<p><em>Mitarbeiter:innen:\u00a0<\/em>Daria Dordina, Felix Leffrank<\/p>\n<p><em>Fachberater:innen: <\/em>GSk GmbH, Wolfgang Kahlert, Frank Spangemacher, D\u00fclmen; Multivision LED-Systeme GmbH, Markus Schernhuber, Marchtrenk\/\u00d6sterreich; team licht\/architectural lighting de-sign, Alexandra Vogel, Hamburg; Paula-Marie Kanefendt, Leipzig<\/p>\n<p><em>Erl\u00e4uterungstext:<\/em><br \/>\nK\u00fcnstlerische Leitgedanken Das Denkmal \u00bbAm Ring\u00ab besteht aus 139 Glasstelen, die auf einer Rasenfl\u00e4che verteilt sind. In der Mitte der Rasenfl\u00e4che bildet ein Platz mit einem Durchmesser von circa 18 Metern den zentralen Ort des Denkmals. Er ist von allen Seiten \u00fcber die Wiese zug\u00e4nglich und \u00fcber drei Wege zu erreichen. Der Platz ist so gestaltet, dass er die Konturen des Leipziger Innenstadtrings nachzeichnet und eine Sitzlandschaft auf drei Ebenen bildet. Der Leipziger Innenstadtring war 1989 zentraler Ort der Proteste, Raum der Angst und der Hoffnung. Er gilt heute als authentischer Erinnerungsort an die Friedliche Revolution. Innerhalb des Denkmals kommen die Menschen am \u00bbRing\u00ab zusammen. Das Ritual von 1989 wird damit metaphorisch in die Gegenwart \u00fcberf\u00fchrt. Auf dem Boden der Wege und des Platzes bilden die Worte \u00bbFreiheit\u00ab und \u00bbFreedom\u00ab ein Ornament. Sie sind so angeordnet, dass sie sowohl beim Begehen von au\u00dfen nach innen als auch von innen nach au\u00dfen lesbar sind. Die in Beton ausgef\u00fchrten Worte, sollen best\u00e4ndig pr\u00e4sent halten, dass Freiheit jederzeit und vor allem dort, wo sie bedroht oder beschr\u00e4nkt ist, von existentieller Bedeutung ist. Freiheit ist anwesend, wo sich Menschen mit ihrem Engagement f\u00fcr sie einsetzen &#8211; dies wird durch die Wahl des dauerhaften Materials Beton zum Ausdruck gebracht. An den Sitzfl\u00e4chen und Wegen befindet sich hinter schwarzen Stahlpaneelen ein 45 cm hohes, bodennahes LED-Raster mit einem Pixelabstand von 10 mm. Das LED-Raster dient als Display und zeigt wechselnde Wortkombinationen. Diese bestehen aus dem Begriff Freiheit in Kombination mit einem Adjektiv und einem Verb \u2013 beispielsweise: \u00bbFreiheit friedlich erk\u00e4mpfen\u00ab, \u00bbFreiheit resolut bedrohen\u00ab, \u00bbFreiheit w\u00fcrdevoll feiern\u00ab &#8230; Der Wortkorpus wird aus einem breiten Assoziationsfeld zum Begriff \u00bbFreiheit\u00ab gebildet und besteht aus mindestens 1.000 Verben und Adjektiven. Per Zufallsgenerator werden aus dem Wortkorpus Kombinationen in Deutsch und Englisch gebildet. In einem festgelegten Rhythmus werden die Wortkombinationen an verschiedenen Positionen des LED-Rasters ein- und wieder ausgeblendet. Die Vielfalt der Wortkombinationen l\u00e4dt zum Nachdenken und Diskutieren ein, dient als Inspirationsquelle und er\u00f6ffnet immer wieder neue Perspektiven auf Freiheit. Es f\u00fcllt den Begriff der Freiheit mit Leben und erweitert den eigenen Horizont. Freiheit wird dadurch als etwas erfahrbar, das best\u00e4ndig neu definiert wird, aber auch bedroht und nie abgeschlossen ist. Die Wortkombinationen sollen die Besucher:innen erinnern, mahnen und ermutigen:<br \/>\n\u2022 Erinnern, indem sie Assoziationen zu den historischen Ereignissen wachrufen.<br \/>\n\u2022 Mahnen, dass Freiheit niemals selbstverst\u00e4ndlich ist. Ermutigen, die Freiheit aktiv und positiv zu gestalten.<\/p>\n<p><em>Jurykommentar:<\/em><br \/>\nDer Entwurf des Denkmals mit dem Titel \u201eAm Ring&#8220; ist eine komplexe Idee, die an die Vielfalt der Demokratiebewegungen in der DDR von 1989 und die \u201efriedliche und demokratischen Kraft\u201c von B\u00fcrgerinnen und B\u00fcrgern erinnern soll. Als zentrales Motiv steht die Leipziger Montagsdemonstration vom 9. Oktober 1989, die den Wendepunkt der Friedlichen Revolution darstellte. Der grundlegende Leitgedanke des Denkmals besteht darin, den prozesshaften Charakter der Friedlichen Revolution und historischer Umbr\u00fcche im All-gemeinen zu verdeutlichen. Die sich im Verlauf kristallisierenden Merkmale sollen in einen aktiven und interaktiven Erlebnisraum \u00fcbersetzt werden. Das Denkmalensemble ist ein umfangreicher Entwurf, der aus vielen Elementen besteht und in seiner geplanten Gestaltung in vielerlei Hinsicht relevant, vielversprechend und er-lebnisreich ist. Zahlreiche Aspekte, einschlie\u00dflich der \u00c4sthetik, werden in einer anspruchs-vollen modernen Sprache angedacht. Die konzeptionelle Argumentation ist intelligent und ambitioniert, die farbenfrohe Umsetzung und sensible Integration in die Landschaft schaffen einen heiteren, positiven und inspirierenden Ort. Dennoch kommt das Preisgericht zu dem Urteil, dass der Entwurf, obwohl er zu den ambitioniertesten Pl\u00e4nen geh\u00f6rt, in seiner endg\u00fcltigen Ausarbeitung hinter seinen eigenen Anspr\u00fcchen zur\u00fcckbleibt. Dem Entwurf gelingt es nicht, die weit verzweigte Struktur in eine eindeutig emblematische, \u201ezitierbare&#8220;, klar formulierte und gut vermittelbare k\u00fcnstlerisch-soziale Geste zu verwandeln. Es fehlt die durchschlagende Kraft, die genau den im Konzept angesprochenen wesentlichen Aspekt der Freiheitsbewegung heraufbeschw\u00f6ren k\u00f6nnte. Stattdessen bleibt der Entwurf in Summe zu \u00e4u\u00dferlich.<\/p>\n<\/div><\/div><\/div><\/section>\n<\/div><\/p><\/div><\/div><!--close column table wrapper. Autoclose: 1 --><div  class='hr av-1v4sww-aaedd160d43543f5afdbb544c76926c8 hr-default  avia-builder-el-118  el_after_av_three_fifth  avia-builder-el-last'><span class='hr-inner'><span class=\"hr-inner-style\"><\/span><\/span><\/div>\n\n<\/div><\/div><\/div><!-- close content main div --><\/div><\/div><div id='av_section_13'  class='avia-section av-floik0-c94f0951401e674bc887ffd98ba43230 main_color avia-section-no-padding avia-no-border-styling  avia-builder-el-119  el_after_av_section  el_before_av_section  avia-bg-style-scroll container_wrap fullsize'  ><div class='container av-section-cont-open' ><div class='template-page content  av-content-full alpha units'><div class='post-entry post-entry-type-page post-entry-8368'><div class='entry-content-wrapper clearfix'>\n<div class='flex_column_table av-cakbk0-05ad25e08c69ca936fe8633840b79fbe sc-av_one_third av-equal-height-column-flextable'><div  class='flex_column av-cakbk0-05ad25e08c69ca936fe8633840b79fbe av_one_third  avia-builder-el-120  el_before_av_three_fifth  avia-builder-el-first  first no_margin flex_column_table_cell av-equal-height-column av-align-top'     ><section  class='av_textblock_section av-dhylu8-c8b462edabcc5cd4cb0ce93401149260'   itemscope=\"itemscope\" itemtype=\"https:\/\/schema.org\/CreativeWork\" ><div class='avia_textblock'  itemprop=\"text\" ><h4>Christoph Hildebrand<\/h4>\n<\/div><\/section><br \/>\n\n<style type=\"text\/css\" data-created_by=\"avia_inline_auto\" id=\"style-css-av-ak33c0-41824f72607fb383130264e1923d9988\">\n.avia-image-container.av-ak33c0-41824f72607fb383130264e1923d9988 img.avia_image{\nbox-shadow:none;\n}\n.avia-image-container.av-ak33c0-41824f72607fb383130264e1923d9988 .av-image-caption-overlay-center{\ncolor:#ffffff;\n}\n<\/style>\n<div  class='avia-image-container av-ak33c0-41824f72607fb383130264e1923d9988 av-styling- avia-align-center  avia-builder-el-122  el_after_av_textblock  avia-builder-el-last'   itemprop=\"image\" itemscope=\"itemscope\" itemtype=\"https:\/\/schema.org\/ImageObject\" ><div class=\"avia-image-container-inner\"><div class=\"avia-image-overlay-wrap\"><img decoding=\"async\" fetchpriority=\"high\" class='wp-image-8370 avia-img-lazy-loading-not-8370 avia_image' src=\"https:\/\/freiheitsdenkmal-leipzig.de\/wp-content\/uploads\/2024\/10\/FEL_8031_1_G.jpg\" alt='' title='FEL_8031_1_G'  height=\"400\" width=\"600\"  itemprop=\"thumbnailUrl\" srcset=\"https:\/\/freiheitsdenkmal-leipzig.de\/wp-content\/uploads\/2024\/10\/FEL_8031_1_G.jpg 600w, https:\/\/freiheitsdenkmal-leipzig.de\/wp-content\/uploads\/2024\/10\/FEL_8031_1_G-300x200.jpg 300w, https:\/\/freiheitsdenkmal-leipzig.de\/wp-content\/uploads\/2024\/10\/FEL_8031_1_G-18x12.jpg 18w\" sizes=\"(max-width: 600px) 100vw, 600px\" \/><\/div><\/div><\/div><\/p><\/div><div  class='flex_column av-8wz6e8-fe290f1711c5d8de3159aa85a481c8f2 av_three_fifth  avia-builder-el-123  el_after_av_one_third  el_before_av_hr  no_margin flex_column_table_cell av-equal-height-column av-align-top'     ><p>\n<style type=\"text\/css\" data-created_by=\"avia_inline_auto\" id=\"style-css-av-m2kc7sh3-a6f87ea17e691552e21742e4584585b1\">\n#top .hr.hr-invisible.av-m2kc7sh3-a6f87ea17e691552e21742e4584585b1{\nheight:20px;\n}\n<\/style>\n<div  class='hr av-m2kc7sh3-a6f87ea17e691552e21742e4584585b1 hr-invisible  avia-builder-el-124  el_before_av_gallery  avia-builder-el-first'><span class='hr-inner'><span class=\"hr-inner-style\"><\/span><\/span><\/div><br \/>\n\n<style type=\"text\/css\" data-created_by=\"avia_inline_auto\" id=\"style-css-av-72wpe8-7b588acf2ed08a19b56242fde56c37ac\">\n#top .avia-gallery.av-72wpe8-7b588acf2ed08a19b56242fde56c37ac .avia-gallery-thumb a{\nwidth:33.3333%;\n}\n<\/style>\n<div  class='avia-gallery av-72wpe8-7b588acf2ed08a19b56242fde56c37ac avia_animate_when_visible  avia-builder-el-125  el_after_av_hr  el_before_av_toggle_container  avia_lazyload avia-gallery-animate avia-gallery-13'  itemprop=\"image\" itemscope=\"itemscope\" itemtype=\"https:\/\/schema.org\/ImageObject\" ><meta itemprop=\"contentURL\" content=\"https:\/\/freiheitsdenkmal-leipzig.de\/en\/alle-entwuerfe\"><div class='avia-gallery-thumb'><a href=\"https:\/\/freiheitsdenkmal-leipzig.de\/wp-content\/uploads\/2024\/10\/FEL_8031_2_G-1.jpg\" data-srcset=\"https:\/\/freiheitsdenkmal-leipzig.de\/wp-content\/uploads\/2024\/10\/FEL_8031_2_G-1.jpg 600w, https:\/\/freiheitsdenkmal-leipzig.de\/wp-content\/uploads\/2024\/10\/FEL_8031_2_G-1-300x200.jpg 300w, https:\/\/freiheitsdenkmal-leipzig.de\/wp-content\/uploads\/2024\/10\/FEL_8031_2_G-1-18x12.jpg 18w\" data-sizes=\"(max-width: 600px) 100vw, 600px\" data-rel='gallery-13' data-prev-img='https:\/\/freiheitsdenkmal-leipzig.de\/wp-content\/uploads\/2024\/10\/FEL_8031_2_G-1-495x400.jpg' class='first_thumb lightbox' data-onclick='1' title='FEL_8031_2_G'  itemprop=\"thumbnailUrl\"  ><img decoding=\"async\" fetchpriority=\"high\" class=\"wp-image-8390 avia-img-lazy-loading-not-8390\"  data-avia-tooltip='FEL_8031_2_G' src=\"https:\/\/freiheitsdenkmal-leipzig.de\/wp-content\/uploads\/2024\/10\/FEL_8031_2_G-1.jpg\" width=\"600\" height=\"400\"  title='Screenshot' alt='' srcset=\"https:\/\/freiheitsdenkmal-leipzig.de\/wp-content\/uploads\/2024\/10\/FEL_8031_2_G-1.jpg 600w, https:\/\/freiheitsdenkmal-leipzig.de\/wp-content\/uploads\/2024\/10\/FEL_8031_2_G-1-300x200.jpg 300w, https:\/\/freiheitsdenkmal-leipzig.de\/wp-content\/uploads\/2024\/10\/FEL_8031_2_G-1-18x12.jpg 18w\" sizes=\"(max-width: 600px) 100vw, 600px\" \/><div class='big-prev-fake'><img decoding=\"async\" loading=\"lazy\" class=\"wp-image-8390 avia-img-lazy-loading-8390\"  width=\"495\" height=\"400\" src=\"https:\/\/freiheitsdenkmal-leipzig.de\/wp-content\/uploads\/2024\/10\/FEL_8031_2_G-1-495x400.jpg\" title='Screenshot' alt='' \/><\/div><\/a><a href=\"https:\/\/freiheitsdenkmal-leipzig.de\/wp-content\/uploads\/2024\/10\/FEL_8031_4_G-1.jpg\" data-srcset=\"https:\/\/freiheitsdenkmal-leipzig.de\/wp-content\/uploads\/2024\/10\/FEL_8031_4_G-1.jpg 600w, https:\/\/freiheitsdenkmal-leipzig.de\/wp-content\/uploads\/2024\/10\/FEL_8031_4_G-1-300x200.jpg 300w, https:\/\/freiheitsdenkmal-leipzig.de\/wp-content\/uploads\/2024\/10\/FEL_8031_4_G-1-18x12.jpg 18w\" data-sizes=\"(max-width: 600px) 100vw, 600px\" data-rel='gallery-13' data-prev-img='https:\/\/freiheitsdenkmal-leipzig.de\/wp-content\/uploads\/2024\/10\/FEL_8031_4_G-1-495x400.jpg' class='lightbox' data-onclick='2' title='FEL_8031_4_G'  itemprop=\"thumbnailUrl\"  ><img decoding=\"async\" fetchpriority=\"high\" class=\"wp-image-8392 avia-img-lazy-loading-not-8392\"   src=\"https:\/\/freiheitsdenkmal-leipzig.de\/wp-content\/uploads\/2024\/10\/FEL_8031_4_G-1.jpg\" width=\"600\" height=\"400\"  title='FEL_8031_4_G' alt='' srcset=\"https:\/\/freiheitsdenkmal-leipzig.de\/wp-content\/uploads\/2024\/10\/FEL_8031_4_G-1.jpg 600w, https:\/\/freiheitsdenkmal-leipzig.de\/wp-content\/uploads\/2024\/10\/FEL_8031_4_G-1-300x200.jpg 300w, https:\/\/freiheitsdenkmal-leipzig.de\/wp-content\/uploads\/2024\/10\/FEL_8031_4_G-1-18x12.jpg 18w\" sizes=\"(max-width: 600px) 100vw, 600px\" \/><div class='big-prev-fake'><img decoding=\"async\" loading=\"lazy\" class=\"wp-image-8392 avia-img-lazy-loading-8392\"  width=\"495\" height=\"400\" src=\"https:\/\/freiheitsdenkmal-leipzig.de\/wp-content\/uploads\/2024\/10\/FEL_8031_4_G-1-495x400.jpg\" title='FEL_8031_4_G' alt='' \/><\/div><\/a><a href=\"https:\/\/freiheitsdenkmal-leipzig.de\/wp-content\/uploads\/2024\/10\/FEL_8031_3_G-1.jpg\" data-srcset=\"https:\/\/freiheitsdenkmal-leipzig.de\/wp-content\/uploads\/2024\/10\/FEL_8031_3_G-1.jpg 600w, https:\/\/freiheitsdenkmal-leipzig.de\/wp-content\/uploads\/2024\/10\/FEL_8031_3_G-1-300x200.jpg 300w, https:\/\/freiheitsdenkmal-leipzig.de\/wp-content\/uploads\/2024\/10\/FEL_8031_3_G-1-18x12.jpg 18w\" data-sizes=\"(max-width: 600px) 100vw, 600px\" data-rel='gallery-13' data-prev-img='https:\/\/freiheitsdenkmal-leipzig.de\/wp-content\/uploads\/2024\/10\/FEL_8031_3_G-1-495x400.jpg' class='lightbox' data-onclick='3' title='FEL_8031_3_G'  itemprop=\"thumbnailUrl\"  ><img decoding=\"async\" fetchpriority=\"high\" class=\"wp-image-8391 avia-img-lazy-loading-not-8391\"   src=\"https:\/\/freiheitsdenkmal-leipzig.de\/wp-content\/uploads\/2024\/10\/FEL_8031_3_G-1.jpg\" width=\"600\" height=\"400\"  title='FEL_8031_3_G' alt='' srcset=\"https:\/\/freiheitsdenkmal-leipzig.de\/wp-content\/uploads\/2024\/10\/FEL_8031_3_G-1.jpg 600w, https:\/\/freiheitsdenkmal-leipzig.de\/wp-content\/uploads\/2024\/10\/FEL_8031_3_G-1-300x200.jpg 300w, https:\/\/freiheitsdenkmal-leipzig.de\/wp-content\/uploads\/2024\/10\/FEL_8031_3_G-1-18x12.jpg 18w\" sizes=\"(max-width: 600px) 100vw, 600px\" \/><div class='big-prev-fake'><img decoding=\"async\" loading=\"lazy\" class=\"wp-image-8391 avia-img-lazy-loading-8391\"  width=\"495\" height=\"400\" src=\"https:\/\/freiheitsdenkmal-leipzig.de\/wp-content\/uploads\/2024\/10\/FEL_8031_3_G-1-495x400.jpg\" title='FEL_8031_3_G' alt='' \/><\/div><\/a><\/div><\/div><br \/>\n<div  class='togglecontainer av-5fpkps-466757b38f5c05417ed1ede4d29150dc av-minimal-toggle  avia-builder-el-126  el_after_av_gallery  avia-builder-el-last  toggle_close_all' >\n<section class='av_toggle_section av-3i7n9s-7ff0ec4bd4dbeb8aa28ad618761dad0b'  itemscope=\"itemscope\" itemtype=\"https:\/\/schema.org\/CreativeWork\" ><div role=\"tablist\" class=\"single_toggle\" data-tags=\"{All} \"  ><p data-fake-id='#toggle-id-13' class='toggler'  itemprop=\"headline\"  role='tab' tabindex='0' aria-controls='toggle-id-13'>Detail-Informationen<span class=\"toggle_icon\"><span class=\"vert_icon\"><\/span><span class=\"hor_icon\"><\/span><\/span><\/p><div id='toggle-id-13' class='toggle_wrap'  ><div class='toggle_content invers-color'  itemprop=\"text\" ><p><em>Von:<\/em> Christoph Hildebrand, Essen<\/p>\n<p><em>Mitarbeiter:in:<\/em> Dipl.-Ing Bas Kahlert, Berlin<\/p>\n<p><em>Fachberater:innen:<\/em> Dipl.-Ing Friedhelm Terfr\u00fcchte, DTP Landschaftsarchitekten GmbH, Essen; Dipl.-Ing Frithjof Eisenberg, agn Niederberghaus &amp; Partner GmbH, D\u00fcsseldorf; Prof. Dr. Mike Schlaich, sbp schlaich bergermann partner, Berlin<\/p>\n<p><em>Erl\u00e4uterungstext:<\/em><br \/>\nIDEE Die antike Agora war die Wiege der Freiheit und der Demokratie Die Agora, der zentrale Platz in den St\u00e4dten der griechischen Antike, war die Wiege der Demokratie. Vor etwa 2500 Jahren entstanden dort die ersten demokratischen Staatsformen, verhandelt von den freien B\u00fcrgern der Polis. In der Folge wurden diese zu den Vorbildern der Demokratien in der Neuzeit. Die Agora war ein Ort der Bewegung und der Begegnung und des Austausches, des Versammelns, des Koalierens und des Beschlie\u00dfens, das zu gemeinschaftlichem Handeln f\u00fchrte. Exemplarisch haben sich diese Grundgedanken der Demokratie im Revolutionsjahr 1989 bei den Montagsdemonstrationen in einem Banner mit den Worten \u201eBLEIBEN &#8211; REDEN \u2013 HANDELN\u201c manifestiert. Die AGORA f\u00fcr Leipzig will diese Leitmotive erlebbar machen und ebenso ein Denkmal f\u00fcr die Ereignisse der Vergangenheit werden wie ein Denkmal f\u00fcr die Aufgaben der Zukunft. Das Kunstwerk wird lebendiger, multicodierter Ort urbanen Lebens Die Skulptur in urbanem Ma\u00dfstab ist aber nicht nur ein Kunstwerk zum Anschauen, vielmehr ist es ein Ort, der benutzt werden kann und soll. Ein Ort, der den Leipzigern, die sich mit 70.000 Menschen am 9. Oktober am angrenzenden Stadtring versammelt hatten und so die friedliche Revolution mit ausl\u00f6sten, zur\u00fcckgegeben wird. AGORA setzt sich aus 4 Elementen mit leicht dechiffrierbarer Symbolik zusammen 1. B\u00e4nder Etwa 30 B\u00e4nder aus Betonwerkstein mit 60cm Breite verweben sich im Innern der Skulptur zu einem dynamischen Muster. Dabei strahlen sie \u00fcber den gesamten Leuschnerplatz und gliedern diesen dabei. Einige Bodenintarsien laufen \u00b8\u00fcber die angrenzenden Stra\u00dfen weiter in den Stadtraum &#8211; dorthin woher die Menschen zu den Versammlungen 1989 und 1990 kamen &#8211; und binden so den Stadtraum in den Platz mit ein. (&#8230;) 2. Lichtringe Die 5 Lichtringe erinnern an die 5 ehemaligen Bezirke der DDR. Die unterschiedlichen Formen sind wie flexible Kreise, die durch dynamische Kr\u00e4fte verformt werden. (&#8230;). 3. Masten Die 16 Masten aus geschliffenem Edelstahl verweisen auf die 16 Bundesl\u00e4nder, die seit der Wiedervereinigung von DDR und BRD die neue Bundesrepublik bilden. (&#8230;). 4. Revolutionspoesie Ein wichtiger Teil von AGORA sind Spr\u00fcche und Parolen von Plakaten, Flugbl\u00e4ttern und Bannern aus der Zeit von 1989 und 1990. Einige davon sind zu gefl\u00fcgelten Worten geworden, manche sind tats\u00e4chlich zeitlos und einige reimen sich besonders sch\u00f6n. Diese \u201cRevolutionspoesie\u201c soll an den Lichtb\u00e4ndern einen Platz finden und die Besucher und Passanten inspirieren.<\/p>\n<p><em>Jurykommentar:<\/em><br \/>\nDas Projekt kn\u00fcpft mit seinem Titel \u201eAgora\u201c direkt an die Definition eines Ortes f\u00fcr Demokratie und des Versammelns und setzt dieses durch ein weit sichtbares, einen offenen Ort definierendes Gro\u00dfobjekt nach Einsch\u00e4tzung des Preisgerichts auf interessante Weise um. Zugleich gelingen die r\u00e4umliche Integration bzw. die Verbindung zum Park und zur Stadt. Kritisch nimmt das die gro\u00dffl\u00e4chige Versiegelung zur Kenntnis. Trotz seiner gro\u00dfen Dimension wird das Projekt als grunds\u00e4tzlich machbar beurteilt. Die Offenheit der Versammlungsst\u00e4tte ist f\u00fcr eine Auseinandersetzung mit Demokratie und Problemstellungen der Zeit \u00fcberzeugend entworfen. Der Bezug zu den Ereignissen der friedlichen Revolution wird zwar plakativ durch einsichtsvolle und relevante Texte und an den bandartigen Schlaufen gesucht, bleibt aber dennoch abstrakt und verwirrend. So ist auch Es ist jedoch fragw\u00fcrdig, ob die Erinnerung an die Ereignisse in der gesamten DDR durch den Bezug der Skulptur zu dem f\u00fcnf ehemaligen DDR-Bezirken gelingt, wie auch der Bezug zu den 16 Bundesl\u00e4ndern theoretisch bleibt \u2013 auch wenn die Intention nachvollzogen wird. Insgesamt w\u00fcrdigt das Preisgericht die Erf\u00fcllung der gestellten Aufgabe, wobei dieser Entwurf f\u00fcr den Eintritt in die Engere Wahl im Vergleich nicht zu \u00fcberzeugen vermag.<\/p>\n<\/div><\/div><\/div><\/section>\n<\/div><\/p><\/div><\/div><!--close column table wrapper. Autoclose: 1 --><div  class='hr av-28gwv4-e7595b1c040ea9834c9b9b0e62cd85f4 hr-default  avia-builder-el-127  el_after_av_three_fifth  avia-builder-el-last'><span class='hr-inner'><span class=\"hr-inner-style\"><\/span><\/span><\/div>\n\n<\/div><\/div><\/div><!-- close content main div --><\/div><\/div><div id='av_section_14'  class='avia-section av-8nnj28-b3ce3b19005dd1527d78e58b2bca1b22 main_color avia-section-no-padding avia-no-border-styling  avia-builder-el-128  el_after_av_section  el_before_av_section  avia-bg-style-scroll container_wrap fullsize'  ><div class='container av-section-cont-open' ><div class='template-page content  av-content-full alpha units'><div class='post-entry post-entry-type-page post-entry-8368'><div class='entry-content-wrapper clearfix'>\n<div class='flex_column_table av-79aops-2fe2b7c2ab70adddb128848a604ce90f sc-av_one_third av-equal-height-column-flextable'><div  class='flex_column av-79aops-2fe2b7c2ab70adddb128848a604ce90f av_one_third  avia-builder-el-129  el_before_av_three_fifth  avia-builder-el-first  first no_margin flex_column_table_cell av-equal-height-column av-align-top'     ><section  class='av_textblock_section av-m2t2bf7s-0c3ad2410d8e730d8092024ebc5e661b'   itemscope=\"itemscope\" itemtype=\"https:\/\/schema.org\/CreativeWork\" ><div class='avia_textblock'  itemprop=\"text\" ><h4>Wilhelm Klotzek<\/h4>\n<\/div><\/section><br \/>\n\n<style type=\"text\/css\" data-created_by=\"avia_inline_auto\" id=\"style-css-av-m2t2byxm-db37efd9922837f34b03fdfeb5085c3f\">\n.avia-image-container.av-m2t2byxm-db37efd9922837f34b03fdfeb5085c3f img.avia_image{\nbox-shadow:none;\n}\n.avia-image-container.av-m2t2byxm-db37efd9922837f34b03fdfeb5085c3f .av-image-caption-overlay-center{\ncolor:#ffffff;\n}\n<\/style>\n<div  class='avia-image-container av-m2t2byxm-db37efd9922837f34b03fdfeb5085c3f av-styling- avia-align-center  avia-builder-el-131  el_after_av_textblock  avia-builder-el-last'   itemprop=\"image\" itemscope=\"itemscope\" itemtype=\"https:\/\/schema.org\/ImageObject\" ><div class=\"avia-image-container-inner\"><div class=\"avia-image-overlay-wrap\"><img decoding=\"async\" fetchpriority=\"high\" class='wp-image-8497 avia-img-lazy-loading-not-8497 avia_image' src=\"https:\/\/freiheitsdenkmal-leipzig.de\/wp-content\/uploads\/2024\/10\/FEL_8007_1_G.jpg\" alt='' title='FEL_8007_1_G'  height=\"400\" width=\"600\"  itemprop=\"thumbnailUrl\" srcset=\"https:\/\/freiheitsdenkmal-leipzig.de\/wp-content\/uploads\/2024\/10\/FEL_8007_1_G.jpg 600w, https:\/\/freiheitsdenkmal-leipzig.de\/wp-content\/uploads\/2024\/10\/FEL_8007_1_G-300x200.jpg 300w, https:\/\/freiheitsdenkmal-leipzig.de\/wp-content\/uploads\/2024\/10\/FEL_8007_1_G-18x12.jpg 18w\" sizes=\"(max-width: 600px) 100vw, 600px\" \/><\/div><\/div><\/div><\/p><\/div><div  class='flex_column av-6fkq74-8b685cc05ee124b195c75841db67617d av_three_fifth  avia-builder-el-132  el_after_av_one_third  el_before_av_hr  no_margin flex_column_table_cell av-equal-height-column av-align-top'     ><p>\n<style type=\"text\/css\" data-created_by=\"avia_inline_auto\" id=\"style-css-av-3tet5s-d6800278b08b018b35cfa6fdeb1afa09\">\n#top .hr.hr-invisible.av-3tet5s-d6800278b08b018b35cfa6fdeb1afa09{\nheight:20px;\n}\n<\/style>\n<div  class='hr av-3tet5s-d6800278b08b018b35cfa6fdeb1afa09 hr-invisible  avia-builder-el-133  el_before_av_gallery  avia-builder-el-first'><span class='hr-inner'><span class=\"hr-inner-style\"><\/span><\/span><\/div><br \/>\n\n<style type=\"text\/css\" data-created_by=\"avia_inline_auto\" id=\"style-css-av-m2t2cj1h-854a38a6d7d6dbfd84f3c4d6fd833d3b\">\n#top .avia-gallery.av-m2t2cj1h-854a38a6d7d6dbfd84f3c4d6fd833d3b .avia-gallery-thumb a{\nwidth:33.3333%;\n}\n<\/style>\n<div  class='avia-gallery av-m2t2cj1h-854a38a6d7d6dbfd84f3c4d6fd833d3b avia_animate_when_visible  avia-builder-el-134  el_after_av_hr  el_before_av_toggle_container  avia_lazyload avia-gallery-animate avia-gallery-14'  itemprop=\"image\" itemscope=\"itemscope\" itemtype=\"https:\/\/schema.org\/ImageObject\" ><meta itemprop=\"contentURL\" content=\"https:\/\/freiheitsdenkmal-leipzig.de\/en\/alle-entwuerfe\"><div class='avia-gallery-thumb'><a href=\"https:\/\/freiheitsdenkmal-leipzig.de\/wp-content\/uploads\/2024\/10\/FEL_8007_2_G.jpg\" data-srcset=\"https:\/\/freiheitsdenkmal-leipzig.de\/wp-content\/uploads\/2024\/10\/FEL_8007_2_G.jpg 600w, https:\/\/freiheitsdenkmal-leipzig.de\/wp-content\/uploads\/2024\/10\/FEL_8007_2_G-300x200.jpg 300w, https:\/\/freiheitsdenkmal-leipzig.de\/wp-content\/uploads\/2024\/10\/FEL_8007_2_G-18x12.jpg 18w\" data-sizes=\"(max-width: 600px) 100vw, 600px\" data-rel='gallery-14' data-prev-img='https:\/\/freiheitsdenkmal-leipzig.de\/wp-content\/uploads\/2024\/10\/FEL_8007_2_G-495x400.jpg' class='first_thumb lightbox' data-onclick='1' title='FEL_8007_2_G'  itemprop=\"thumbnailUrl\"  ><img decoding=\"async\" fetchpriority=\"high\" class=\"wp-image-8498 avia-img-lazy-loading-not-8498\"   src=\"https:\/\/freiheitsdenkmal-leipzig.de\/wp-content\/uploads\/2024\/10\/FEL_8007_2_G.jpg\" width=\"600\" height=\"400\"  title='FEL_8007_2_G' alt='' srcset=\"https:\/\/freiheitsdenkmal-leipzig.de\/wp-content\/uploads\/2024\/10\/FEL_8007_2_G.jpg 600w, https:\/\/freiheitsdenkmal-leipzig.de\/wp-content\/uploads\/2024\/10\/FEL_8007_2_G-300x200.jpg 300w, https:\/\/freiheitsdenkmal-leipzig.de\/wp-content\/uploads\/2024\/10\/FEL_8007_2_G-18x12.jpg 18w\" sizes=\"(max-width: 600px) 100vw, 600px\" \/><div class='big-prev-fake'><img decoding=\"async\" loading=\"lazy\" class=\"wp-image-8498 avia-img-lazy-loading-8498\"  width=\"495\" height=\"400\" src=\"https:\/\/freiheitsdenkmal-leipzig.de\/wp-content\/uploads\/2024\/10\/FEL_8007_2_G-495x400.jpg\" title='FEL_8007_2_G' alt='' \/><\/div><\/a><a href=\"https:\/\/freiheitsdenkmal-leipzig.de\/wp-content\/uploads\/2024\/10\/FEL_8007_3_G.jpg\" data-srcset=\"https:\/\/freiheitsdenkmal-leipzig.de\/wp-content\/uploads\/2024\/10\/FEL_8007_3_G.jpg 600w, https:\/\/freiheitsdenkmal-leipzig.de\/wp-content\/uploads\/2024\/10\/FEL_8007_3_G-300x200.jpg 300w, https:\/\/freiheitsdenkmal-leipzig.de\/wp-content\/uploads\/2024\/10\/FEL_8007_3_G-18x12.jpg 18w\" data-sizes=\"(max-width: 600px) 100vw, 600px\" data-rel='gallery-14' data-prev-img='https:\/\/freiheitsdenkmal-leipzig.de\/wp-content\/uploads\/2024\/10\/FEL_8007_3_G-495x400.jpg' class='lightbox' data-onclick='2' title='FEL_8007_3_G'  itemprop=\"thumbnailUrl\"  ><img decoding=\"async\" fetchpriority=\"high\" class=\"wp-image-8499 avia-img-lazy-loading-not-8499\"   src=\"https:\/\/freiheitsdenkmal-leipzig.de\/wp-content\/uploads\/2024\/10\/FEL_8007_3_G.jpg\" width=\"600\" height=\"400\"  title='FEL_8007_3_G' alt='' srcset=\"https:\/\/freiheitsdenkmal-leipzig.de\/wp-content\/uploads\/2024\/10\/FEL_8007_3_G.jpg 600w, https:\/\/freiheitsdenkmal-leipzig.de\/wp-content\/uploads\/2024\/10\/FEL_8007_3_G-300x200.jpg 300w, https:\/\/freiheitsdenkmal-leipzig.de\/wp-content\/uploads\/2024\/10\/FEL_8007_3_G-18x12.jpg 18w\" sizes=\"(max-width: 600px) 100vw, 600px\" \/><div class='big-prev-fake'><img decoding=\"async\" loading=\"lazy\" class=\"wp-image-8499 avia-img-lazy-loading-8499\"  width=\"495\" height=\"400\" src=\"https:\/\/freiheitsdenkmal-leipzig.de\/wp-content\/uploads\/2024\/10\/FEL_8007_3_G-495x400.jpg\" title='FEL_8007_3_G' alt='' \/><\/div><\/a><a href=\"https:\/\/freiheitsdenkmal-leipzig.de\/wp-content\/uploads\/2024\/10\/FEL_8007_4_G.jpg\" data-srcset=\"https:\/\/freiheitsdenkmal-leipzig.de\/wp-content\/uploads\/2024\/10\/FEL_8007_4_G.jpg 600w, https:\/\/freiheitsdenkmal-leipzig.de\/wp-content\/uploads\/2024\/10\/FEL_8007_4_G-300x200.jpg 300w, https:\/\/freiheitsdenkmal-leipzig.de\/wp-content\/uploads\/2024\/10\/FEL_8007_4_G-18x12.jpg 18w\" data-sizes=\"(max-width: 600px) 100vw, 600px\" data-rel='gallery-14' data-prev-img='https:\/\/freiheitsdenkmal-leipzig.de\/wp-content\/uploads\/2024\/10\/FEL_8007_4_G-495x400.jpg' class='lightbox' data-onclick='3' title='FEL_8007_4_G'  itemprop=\"thumbnailUrl\"  ><img decoding=\"async\" fetchpriority=\"high\" class=\"wp-image-8500 avia-img-lazy-loading-not-8500\"   src=\"https:\/\/freiheitsdenkmal-leipzig.de\/wp-content\/uploads\/2024\/10\/FEL_8007_4_G.jpg\" width=\"600\" height=\"400\"  title='FEL_8007_4_G' alt='' srcset=\"https:\/\/freiheitsdenkmal-leipzig.de\/wp-content\/uploads\/2024\/10\/FEL_8007_4_G.jpg 600w, https:\/\/freiheitsdenkmal-leipzig.de\/wp-content\/uploads\/2024\/10\/FEL_8007_4_G-300x200.jpg 300w, https:\/\/freiheitsdenkmal-leipzig.de\/wp-content\/uploads\/2024\/10\/FEL_8007_4_G-18x12.jpg 18w\" sizes=\"(max-width: 600px) 100vw, 600px\" \/><div class='big-prev-fake'><img decoding=\"async\" loading=\"lazy\" class=\"wp-image-8500 avia-img-lazy-loading-8500\"  width=\"495\" height=\"400\" src=\"https:\/\/freiheitsdenkmal-leipzig.de\/wp-content\/uploads\/2024\/10\/FEL_8007_4_G-495x400.jpg\" title='FEL_8007_4_G' alt='' \/><\/div><\/a><\/div><\/div><br \/>\n<div  class='togglecontainer av-5vsx74-f0ec227a9f197579de18c5df4533419d av-minimal-toggle  avia-builder-el-135  el_after_av_gallery  avia-builder-el-last  toggle_close_all' >\n<section class='av_toggle_section av-4fkckw-29dbbfc4595117f3d3ed39ec5b7b24f6'  itemscope=\"itemscope\" itemtype=\"https:\/\/schema.org\/CreativeWork\" ><div role=\"tablist\" class=\"single_toggle\" data-tags=\"{All} \"  ><p data-fake-id='#toggle-id-14' class='toggler'  itemprop=\"headline\"  role='tab' tabindex='0' aria-controls='toggle-id-14'>Detail-Informationen<span class=\"toggle_icon\"><span class=\"vert_icon\"><\/span><span class=\"hor_icon\"><\/span><\/span><\/p><div id='toggle-id-14' class='toggle_wrap'  ><div class='toggle_content invers-color'  itemprop=\"text\" ><p><em>Von:<\/em> Wilhelm Klotzek, Berlin<\/p>\n<p><em>Mitarbeiter:innen:<\/em> Matteo Taramelli, Bergamo\/Italien; Sonja Schuerpf, Kunstgie\u00dferei, St.Gallen\/Schweiz<\/p>\n<p><em>Fachberater:innen:<\/em> Studio BWKNITTER, Bj\u00f6rn W. Knitter, Berlin; Martin Jennrich; Stefan Wartenberg, Leipzig; DSE Systems\/Betonbau, Schweiz; Anna Herms, Berlin<\/p>\n<p><em>Erl\u00e4uterungstext<\/em><br \/>\nEine sieben Meter gro\u00dfe Kugel aus recyceltem Br\u00fccken-Beton liegt auf dem Wilhelm-Leuschner- Platz im s\u00fcdlichen Zentrum von Leipzig. Der 252 Tonnen schwere K\u00f6rper lastet in taumeliger Balance auf einem dezent abgeschr\u00e4gten Plateau. In der Sommerhitze strahlt die Kugel noch in den Abendstunden W\u00e4rme ab, im Winter kr\u00f6nt sie eine wei\u00dfe Polkappe. Als Sisyphos, als ungl\u00fcckseliger Atlas, als Elfmetersch\u00fctz*in posieren Einheimische und Tourist*innen vor der Kugel. Auf den Fotos ist der Koloss jedoch immer nur im Anschnitt zu sehen ist, bzw., wird die Kugel in G\u00e4nze abgelichtet, erscheinen die Menschen unter ihr ausgesprochen klein. Dieses, unser Verh\u00e4ltnis zur Geschichte, das fragmentarisch individuell oder eben \u00fcberw\u00e4ltigend allgemein wahrgenommen werden kann, trifft auch auf das Ereignis und den Prozess der Deutschen Einheit zu. Die Anf\u00e4nge der Friedlichen Revolution sind in Leipzig zu verorten, dem zwingenden Aufstellungsort des Einheits- und Freiheitsdenkmals, der \u201eEinheitskugel\u201c. Hier wurde die Einheit \u201eins Rollen\u201c gebracht, wuchs der Schneeball an zur Lawine. (&#8230;). Heute, 35 Jahre sp\u00e4ter, stellt sich die Frage, was daraus geworden ist. Ist die Einheit vollendet und der Prozess an einen Punkt des Stillstands gekommen? (&#8230;) Die \u201eEinheitskugel\u201c als Nationaldenkmal Das lang ersehnte, l\u00e4ngst \u00fcberf\u00e4llige und zurecht nicht \u00fcberst\u00fcrzt errichtete Einheits- und Freiheitsdenkmal ist eine hochemotionale Angelegenheit von internationaler Bedeutung. Unser Entwurf macht sich daf\u00fcr stark, beides, sowohl Einheit als auch Freiheit, als schwergewichtige Prozesse zu betrachten, die nur gemeinsam bew\u00e4ltigt und aufrecht- erhalten werden k\u00f6nnen \u2013 nicht als singul\u00e4res historisches Ereignis, nicht als statische Situation, sondern als Bewegung. Welche Wege liegen hinter uns und welche wollen wir als n\u00e4chstes beschreiten? Und auf welche Weise wollen wir dies tun? Das Gewicht der \u201eEinheitskugel\u201c ist erschlagend. Dass sie aus recyceltem Beton abgerissener Br\u00fccken besteht, verleiht ihr eine w\u00fcrdevolle Schwermut. Die Poesie ihrer Abstraktion l\u00e4sst aber auch das Gegenteil zu: jene spielerische Leichtigkeit, die wir uns f\u00fcr ein Einheits- und Freiheitsdenkmal w\u00fcnschen. (&#8230;) Eine Kugel ist eine abstrakte Darstellung von Perfektion und Vollendung. Jeder Punkt auf ihrer Oberfl\u00e4che liegt gleich weit von ihrem Kern entfernt \u2013 ein Verh\u00e4ltnis, von dem jede Demokratie die sch\u00f6nsten Tr\u00e4ume bezieht. Gleichzeitig ist sie das ganze Gegenteil von Perfektion: Sie kennt weder Anfang noch Ende. Sie ist der Innbegriff von Rastlosigkeit und Mobilit\u00e4t. Sie ist sch\u00f6n und vollkommen, aber auch schwer aufzubewahren. Sie ist fl\u00fcchtig, sie rollt aus dem Regal und l\u00e4sst enorm viel ungenutzten Freiraum in der Schachtel. In diesem Sinne, schlagen wir einen K\u00f6rper vor, einen Korpus, der sich konventionellem Schubladendenken verweigert. Das Gegenteil von Linearit\u00e4t darzustellen, soll sein Verdienst sein \u2013 massiv und nahbar zugleich.<\/p>\n<p><em>Jurykommentar:<\/em><br \/>\nDas Preisgericht spricht der Kugel als geometrische Grundform eine Faszination ausstrahlende Kraft aus. Sie thematisiert in ihrer Absolutheit etwas Urtypisches und Grunds\u00e4tzliches. Auch entspricht die Idee eines Ma\u00dfstabssprungs, der im Park ein Zentrum mit Anziehungskraft bildet, den Ambitionen der Aufgabenstellung einer zugleich sichtbaren Urbanit\u00e4t wie auch Sensibilit\u00e4t im Umgang mit dem Park. Jedoch wirkt die hier vorgeschlagene Komposition mit schr\u00e4gem Sockel als unverst\u00e4ndlich unangenehm. Das Preisgericht sieht eine ambivalente Dimension der Angst. Die zuvor genannten archaischen Qualit\u00e4ten der Kugel als Grundform werden dabei jedoch nach Einsch\u00e4tzung des Preisgerichts verschenkt: die Kugel vermag es in keiner Weise mit der Landschaft in Dialog zu treten. Dar\u00fcber hinaus gibt es keine tiefergreifenden, konkreten Bez\u00fcge zur Friedlichen Revolution in Leipzig.<\/p>\n<\/div><\/div><\/div><\/section>\n<\/div><\/p><\/div><\/div><!--close column table wrapper. Autoclose: 1 --><div  class='hr av-2qpf4g-d1ef6bb0b5455359e7919186285810cb hr-default  avia-builder-el-136  el_after_av_three_fifth  avia-builder-el-last'><span class='hr-inner'><span class=\"hr-inner-style\"><\/span><\/span><\/div>\n\n<\/div><\/div><\/div><!-- close content main div --><\/div><\/div><div id='av_section_15'  class='avia-section av-h8kaa8-c8550a1a2d3022e38e675ed36369695b main_color avia-section-no-padding avia-no-border-styling  avia-builder-el-137  el_after_av_section  el_before_av_section  avia-bg-style-scroll container_wrap fullsize'  ><div class='container av-section-cont-open' ><div class='template-page content  av-content-full alpha units'><div class='post-entry post-entry-type-page post-entry-8368'><div class='entry-content-wrapper clearfix'>\n<div class='flex_column_table av-fs7us0-ec7cc9d1cd21d820ca4c248a0a4f4319 sc-av_one_third av-equal-height-column-flextable'><div  class='flex_column av-fs7us0-ec7cc9d1cd21d820ca4c248a0a4f4319 av_one_third  avia-builder-el-138  el_before_av_three_fifth  avia-builder-el-first  first no_margin flex_column_table_cell av-equal-height-column av-align-top'     ><section  class='av_textblock_section av-ep316o-0c3246e639698ad19394e1b3184825dd'   itemscope=\"itemscope\" itemtype=\"https:\/\/schema.org\/CreativeWork\" ><div class='avia_textblock'  itemprop=\"text\" ><h4>bez+kock architekten bda, generalplaner gmbh<\/h4>\n<\/div><\/section><br \/>\n\n<style type=\"text\/css\" data-created_by=\"avia_inline_auto\" id=\"style-css-av-cij3mo-6c28ecc0d003baab3daeb221068aa3c8\">\n.avia-image-container.av-cij3mo-6c28ecc0d003baab3daeb221068aa3c8 img.avia_image{\nbox-shadow:none;\n}\n.avia-image-container.av-cij3mo-6c28ecc0d003baab3daeb221068aa3c8 .av-image-caption-overlay-center{\ncolor:#ffffff;\n}\n<\/style>\n<div  class='avia-image-container av-cij3mo-6c28ecc0d003baab3daeb221068aa3c8 av-styling- avia-align-center  avia-builder-el-140  el_after_av_textblock  avia-builder-el-last'   itemprop=\"image\" itemscope=\"itemscope\" itemtype=\"https:\/\/schema.org\/ImageObject\" ><div class=\"avia-image-container-inner\"><div class=\"avia-image-overlay-wrap\"><img decoding=\"async\" fetchpriority=\"high\" class='wp-image-8502 avia-img-lazy-loading-not-8502 avia_image' src=\"https:\/\/freiheitsdenkmal-leipzig.de\/wp-content\/uploads\/2024\/10\/FEL_8016_1_G.jpg\" alt='' title='FEL_8016_1_G'  height=\"400\" width=\"600\"  itemprop=\"thumbnailUrl\" srcset=\"https:\/\/freiheitsdenkmal-leipzig.de\/wp-content\/uploads\/2024\/10\/FEL_8016_1_G.jpg 600w, https:\/\/freiheitsdenkmal-leipzig.de\/wp-content\/uploads\/2024\/10\/FEL_8016_1_G-300x200.jpg 300w, https:\/\/freiheitsdenkmal-leipzig.de\/wp-content\/uploads\/2024\/10\/FEL_8016_1_G-18x12.jpg 18w\" sizes=\"(max-width: 600px) 100vw, 600px\" \/><\/div><\/div><\/div><\/p><\/div><div  class='flex_column av-13xakg-6367605684d434bdbd6bbb4c11044853 av_three_fifth  avia-builder-el-141  el_after_av_one_third  el_before_av_hr  no_margin flex_column_table_cell av-equal-height-column av-align-top'     ><p>\n<style type=\"text\/css\" data-created_by=\"avia_inline_auto\" id=\"style-css-av-9v7dyo-886e7d21628539f04b9ba0ac548b37b6\">\n#top .hr.hr-invisible.av-9v7dyo-886e7d21628539f04b9ba0ac548b37b6{\nheight:20px;\n}\n<\/style>\n<div  class='hr av-9v7dyo-886e7d21628539f04b9ba0ac548b37b6 hr-invisible  avia-builder-el-142  el_before_av_gallery  avia-builder-el-first'><span class='hr-inner'><span class=\"hr-inner-style\"><\/span><\/span><\/div><br \/>\n\n<style type=\"text\/css\" data-created_by=\"avia_inline_auto\" id=\"style-css-av-7v65hc-dea774c0f437de537cdc04ec4e9e515e\">\n#top .avia-gallery.av-7v65hc-dea774c0f437de537cdc04ec4e9e515e .avia-gallery-thumb a{\nwidth:33.3333%;\n}\n<\/style>\n<div  class='avia-gallery av-7v65hc-dea774c0f437de537cdc04ec4e9e515e avia_animate_when_visible  avia-builder-el-143  el_after_av_hr  el_before_av_toggle_container  avia_lazyload avia-gallery-animate avia-gallery-15'  itemprop=\"image\" itemscope=\"itemscope\" itemtype=\"https:\/\/schema.org\/ImageObject\" ><meta itemprop=\"contentURL\" content=\"https:\/\/freiheitsdenkmal-leipzig.de\/en\/alle-entwuerfe\"><div class='avia-gallery-thumb'><a href=\"https:\/\/freiheitsdenkmal-leipzig.de\/wp-content\/uploads\/2024\/10\/FEL_8016_2_G.jpg\" data-srcset=\"https:\/\/freiheitsdenkmal-leipzig.de\/wp-content\/uploads\/2024\/10\/FEL_8016_2_G.jpg 600w, https:\/\/freiheitsdenkmal-leipzig.de\/wp-content\/uploads\/2024\/10\/FEL_8016_2_G-300x200.jpg 300w, https:\/\/freiheitsdenkmal-leipzig.de\/wp-content\/uploads\/2024\/10\/FEL_8016_2_G-18x12.jpg 18w\" data-sizes=\"(max-width: 600px) 100vw, 600px\" data-rel='gallery-15' data-prev-img='https:\/\/freiheitsdenkmal-leipzig.de\/wp-content\/uploads\/2024\/10\/FEL_8016_2_G-495x400.jpg' class='first_thumb lightbox' data-onclick='1' title='FEL_8016_2_G'  itemprop=\"thumbnailUrl\"  ><img decoding=\"async\" fetchpriority=\"high\" class=\"wp-image-8503 avia-img-lazy-loading-not-8503\"   src=\"https:\/\/freiheitsdenkmal-leipzig.de\/wp-content\/uploads\/2024\/10\/FEL_8016_2_G.jpg\" width=\"600\" height=\"400\"  title='FEL_8016_2_G' alt='' srcset=\"https:\/\/freiheitsdenkmal-leipzig.de\/wp-content\/uploads\/2024\/10\/FEL_8016_2_G.jpg 600w, https:\/\/freiheitsdenkmal-leipzig.de\/wp-content\/uploads\/2024\/10\/FEL_8016_2_G-300x200.jpg 300w, https:\/\/freiheitsdenkmal-leipzig.de\/wp-content\/uploads\/2024\/10\/FEL_8016_2_G-18x12.jpg 18w\" sizes=\"(max-width: 600px) 100vw, 600px\" \/><div class='big-prev-fake'><img decoding=\"async\" loading=\"lazy\" class=\"wp-image-8503 avia-img-lazy-loading-8503\"  width=\"495\" height=\"400\" src=\"https:\/\/freiheitsdenkmal-leipzig.de\/wp-content\/uploads\/2024\/10\/FEL_8016_2_G-495x400.jpg\" title='FEL_8016_2_G' alt='' \/><\/div><\/a><a href=\"https:\/\/freiheitsdenkmal-leipzig.de\/wp-content\/uploads\/2024\/10\/FEL_8016_3_G.jpg\" data-srcset=\"https:\/\/freiheitsdenkmal-leipzig.de\/wp-content\/uploads\/2024\/10\/FEL_8016_3_G.jpg 600w, https:\/\/freiheitsdenkmal-leipzig.de\/wp-content\/uploads\/2024\/10\/FEL_8016_3_G-300x200.jpg 300w, https:\/\/freiheitsdenkmal-leipzig.de\/wp-content\/uploads\/2024\/10\/FEL_8016_3_G-18x12.jpg 18w\" data-sizes=\"(max-width: 600px) 100vw, 600px\" data-rel='gallery-15' data-prev-img='https:\/\/freiheitsdenkmal-leipzig.de\/wp-content\/uploads\/2024\/10\/FEL_8016_3_G-495x400.jpg' class='lightbox' data-onclick='2' title='FEL_8016_3_G'  itemprop=\"thumbnailUrl\"  ><img decoding=\"async\" fetchpriority=\"high\" class=\"wp-image-8504 avia-img-lazy-loading-not-8504\"   src=\"https:\/\/freiheitsdenkmal-leipzig.de\/wp-content\/uploads\/2024\/10\/FEL_8016_3_G.jpg\" width=\"600\" height=\"400\"  title='FEL_8016_3_G' alt='' srcset=\"https:\/\/freiheitsdenkmal-leipzig.de\/wp-content\/uploads\/2024\/10\/FEL_8016_3_G.jpg 600w, https:\/\/freiheitsdenkmal-leipzig.de\/wp-content\/uploads\/2024\/10\/FEL_8016_3_G-300x200.jpg 300w, https:\/\/freiheitsdenkmal-leipzig.de\/wp-content\/uploads\/2024\/10\/FEL_8016_3_G-18x12.jpg 18w\" sizes=\"(max-width: 600px) 100vw, 600px\" \/><div class='big-prev-fake'><img decoding=\"async\" loading=\"lazy\" class=\"wp-image-8504 avia-img-lazy-loading-8504\"  width=\"495\" height=\"400\" src=\"https:\/\/freiheitsdenkmal-leipzig.de\/wp-content\/uploads\/2024\/10\/FEL_8016_3_G-495x400.jpg\" title='FEL_8016_3_G' alt='' \/><\/div><\/a><a href=\"https:\/\/freiheitsdenkmal-leipzig.de\/wp-content\/uploads\/2024\/10\/FEL_8016_4_G.jpg\" data-srcset=\"https:\/\/freiheitsdenkmal-leipzig.de\/wp-content\/uploads\/2024\/10\/FEL_8016_4_G.jpg 600w, https:\/\/freiheitsdenkmal-leipzig.de\/wp-content\/uploads\/2024\/10\/FEL_8016_4_G-300x200.jpg 300w, https:\/\/freiheitsdenkmal-leipzig.de\/wp-content\/uploads\/2024\/10\/FEL_8016_4_G-18x12.jpg 18w\" data-sizes=\"(max-width: 600px) 100vw, 600px\" data-rel='gallery-15' data-prev-img='https:\/\/freiheitsdenkmal-leipzig.de\/wp-content\/uploads\/2024\/10\/FEL_8016_4_G-495x400.jpg' class='lightbox' data-onclick='3' title='631248_Pr\u00e4sentationspl\u00e4ne_A0'  itemprop=\"thumbnailUrl\"  ><img decoding=\"async\" fetchpriority=\"high\" class=\"wp-image-8505 avia-img-lazy-loading-not-8505\"   src=\"https:\/\/freiheitsdenkmal-leipzig.de\/wp-content\/uploads\/2024\/10\/FEL_8016_4_G.jpg\" width=\"600\" height=\"400\"  title='631248_Pr\u00e4sentationspl\u00e4ne_A0' alt='' srcset=\"https:\/\/freiheitsdenkmal-leipzig.de\/wp-content\/uploads\/2024\/10\/FEL_8016_4_G.jpg 600w, https:\/\/freiheitsdenkmal-leipzig.de\/wp-content\/uploads\/2024\/10\/FEL_8016_4_G-300x200.jpg 300w, https:\/\/freiheitsdenkmal-leipzig.de\/wp-content\/uploads\/2024\/10\/FEL_8016_4_G-18x12.jpg 18w\" sizes=\"(max-width: 600px) 100vw, 600px\" \/><div class='big-prev-fake'><img decoding=\"async\" loading=\"lazy\" class=\"wp-image-8505 avia-img-lazy-loading-8505\"  width=\"495\" height=\"400\" src=\"https:\/\/freiheitsdenkmal-leipzig.de\/wp-content\/uploads\/2024\/10\/FEL_8016_4_G-495x400.jpg\" title='631248_Pr\u00e4sentationspl\u00e4ne_A0' alt='' \/><\/div><\/a><\/div><\/div><br \/>\n<div  class='togglecontainer av-6a51g0-23db1156f309248d4743a292dff7a675 av-minimal-toggle  avia-builder-el-144  el_after_av_gallery  avia-builder-el-last  toggle_close_all' >\n<section class='av_toggle_section av-44fz00-885e9dfd2e3d13d45ce6769d07826ff2'  itemscope=\"itemscope\" itemtype=\"https:\/\/schema.org\/CreativeWork\" ><div role=\"tablist\" class=\"single_toggle\" data-tags=\"{All} \"  ><p data-fake-id='#toggle-id-15' class='toggler'  itemprop=\"headline\"  role='tab' tabindex='0' aria-controls='toggle-id-15'>Detail-Informationen<span class=\"toggle_icon\"><span class=\"vert_icon\"><\/span><span class=\"hor_icon\"><\/span><\/span><\/p><div id='toggle-id-15' class='toggle_wrap'  ><div class='toggle_content invers-color'  itemprop=\"text\" ><p><em>Von:<\/em> Martin Bez, Thorsten Kock, Martin Bruno Schmid, alle Stuttgart; Martin Rauch, Lehm Ton Erde Baukunst GmbH, Schlins\/\u00d6sterreich<\/p>\n<p><em>Mitarbeiter:in:<\/em> Xiaoyu Chen<\/p>\n<p><em>Fachberater:innen:<\/em> Martin Stumpf, wh-p GmbH, Stuttgart; Boris Degen, Esslingen<\/p>\n<p><em>Erl\u00e4uterungstext<\/em><br \/>\nErdpyramiden, auch Erdpfeiler genannt, sind turmf\u00f6rmige Erosionsformen aus leicht erodierbarem Gestein, die durch schwere aufliegende Bl\u00f6cke aus weniger gut erodierbarem Material vor der Abtragung bewahrt bleiben. Das schwache Material tr\u00e4gt das starke Material, wobei das starke Material das schwache Material vor Erosion besch\u00fctzt. Nur durch das symbiotische Zusammenwirken der beiden Elemente k\u00f6nnen diese imposanten Naturformen \u00fcberdauern. Erdpyramiden treten in der Regel in Gruppen auf. Obwohl von der Natur erschaffen, wohnt diesen Ansammlungen von T\u00fcrmen eine starke bildhauerische Kraft inne. Eindr\u00fcckliche Orte angesiedelt irgendwo zwischen Landschaft und Landart. Die emotionale Bildhaftigkeit der Erdpyramiden evoziert Analogien, die sich auf die Freiheits- und Einheitsgeschichte der Bundesrepublik und den Ort der friedlichen Revolution \u00fcbertragen lassen. Schwere und massive D\u00e4cher lasten auf sehr hohen und leicht schr\u00e4gen Pfeilern aus Lehm. Die Erdpfeiler werden aus den variierenden Erden der Bundesl\u00e4nder gestampft. Mit eingestampft werden auch zeitgeschichtliche Artefakte, die der aufmerksame Betrachter entdecken mag. Die Unterschiedlichkeit der Erdpfeiler in Farbe, Textur und Proportion steht f\u00fcr die Vielfalt der L\u00e4nder. Zur Mitte des Werks hin verdichten sich die Erdpfeiler. An der Peripherie einzelne niedrige Pfeiler, zum Zentrum hin in der H\u00f6he anwachsend verschmelzen ihre einzelnen kleinen Dachplatten zum gro\u00dfen einheitlich-stabilen Dach. Das Zusammenfinden Einzelner zu einer starken Gemeinschaft. Die Strahlkraft der besch\u00fctzenden Mitte wirkt bis an die peripheren R\u00e4nder. Verdichtung bietet Geborgenheit Die Vereinzelung des Individuums weicht der Kraft des Kollektiv. Aus dem Stadtboden Leipzigs wachsen m\u00e4chtige Pfeiler empor, die aus dem Naturwerkstoff Lehm gestampft werden. Dar\u00fcber D\u00e4cher, die aus dem menschengemachten, Werkstoff Beton gegossen werden. Durch das Einstreuen von Erde in die Schalung ergibt sich an deren Untersicht ein grob texturierter \u00dcbergang. Auf dem Dach der geschredderte Asphalt des derzeitigen Platzbelags. Das Denkmal als authentischer Ort mit emotionaler Strahlkraft. In seiner Archaik kn\u00fcpft er an vergleichbare Orte an, die im Spannungsfeld von Natur und Kultur entstanden sind. Stonehenge, die Steinreihen von Carnac, die Menhire in den Cevennen oder die Dolmen bei Vinstrup. Gleicherma\u00dfen abstrakt wie vertraut Im Auge des Betrachters m\u00f6gen auch Assoziationen zu S\u00e4ulentempeln der griechischen Antike entstehen, der Wiege von Kultur und Demokratie. Reduktion und Einfachheit stehen f\u00fcr die Zeitlosigkeit des Themas Freiheit \u2018\u201c (&#8230;) Jeder der Pfeiler ist leicht in eine andere Richtung geneigt. Dies verleiht dem statischen Grundprinzip eine spielerische Dynamik und Leichtigkeit. Das Werk ist gro\u00df, aber nicht monumental. Stabilit\u00e4t versus Labilit\u00e4t. Die Gemeinschaft ger\u00e4t in Bewegung, Bewegung mit dem Ziel der Ver\u00e4nderung. Der Tanz in die Freiheit.<\/p>\n<p><em>Jurykommentar:<\/em><br \/>\nIm Bereich einer Kernfl\u00e4che wird ein archaisch anmutendes Ensemble aus Erdpfeilern errichtet, erstellt aus recyceltem Beton, Kies, Erde und Stampflehm. Die bis zu 10 Meter hohe, sich zu einem Zentrum verdichtende Skulpturengruppe thematisiert die gegenseitige Unterst\u00fctzung des Schwachen und des Starken, Stabilit\u00e4t versus Labilit\u00e4t und die Bewegung mit dem Ziel der Ver\u00e4nderung. Die Materialwahl wird vom Preisgericht positiv bewertet: Zum einen tr\u00e4gt der sich ver\u00e4ndernde Charakter und das Zusammenspiel von nat\u00fcrlichen und recycelten Werksstoffen zu einer Wahrnehmung eines lebenden und lebendigen Monuments bei. Zum anderen bildet sich aus den variierenden Erden aus den deutschen Bundesl\u00e4ndern trotz der Porosit\u00e4t des Materials eine Einheit, die fragil bleibt. Auf der gestalterischen Ebene \u00fcberzeugt der Entwurf allerdings nicht. Der emotionale Anspruch spiegelt sich nicht in der skulpturalen Form, die letztlich sehr pathetisch anmutet. In seiner Archaik macht die Skulptur ein Spannungsfeld von Natur und Kultur auf, die auf vergangene Kultorte und vordemokratische Versammlungsst\u00e4tten verweisen, die unserer Gegenwart und Zukunft nicht gerecht werden und auch nicht dem Anliegen des Wettbe-werbs zur Erinnerung an die friedliche Revolution und ihrer Ideale entsprechen.<\/p>\n<\/div><\/div><\/div><\/section>\n<\/div><\/p><\/div><\/div><!--close column table wrapper. Autoclose: 1 --><div  class='hr av-2ir2hc-ab10761002af16ba9c64fd36ff8b6e6b hr-default  avia-builder-el-145  el_after_av_three_fifth  avia-builder-el-last'><span class='hr-inner'><span class=\"hr-inner-style\"><\/span><\/span><\/div>\n\n<\/div><\/div><\/div><!-- close content main div --><\/div><\/div><div id='av_section_16'  class='avia-section av-8j34uo-fe57d2ba88b4b1ddfeb7fd82fe162256 main_color avia-section-no-padding avia-no-border-styling  avia-builder-el-146  el_after_av_section  el_before_av_section  avia-bg-style-scroll container_wrap fullsize'  ><div class='container av-section-cont-open' ><div class='template-page content  av-content-full alpha units'><div class='post-entry post-entry-type-page post-entry-8368'><div class='entry-content-wrapper clearfix'>\n<div class='flex_column_table av-839flc-631916a9aac3bef33eef0fc725b14287 sc-av_one_third av-equal-height-column-flextable'><div  class='flex_column av-839flc-631916a9aac3bef33eef0fc725b14287 av_one_third  avia-builder-el-147  el_before_av_three_fifth  avia-builder-el-first  first no_margin flex_column_table_cell av-equal-height-column av-align-top'     ><section  class='av_textblock_section av-m2t2pqbz-889267dbcd4be0de1e721a80f3953f63'   itemscope=\"itemscope\" itemtype=\"https:\/\/schema.org\/CreativeWork\" ><div class='avia_textblock'  itemprop=\"text\" ><h4>Martina Mezak<\/h4>\n<\/div><\/section><br \/>\n\n<style type=\"text\/css\" data-created_by=\"avia_inline_auto\" id=\"style-css-av-m2t2msf0-df3798efeec3bdb4cd6586ec041dcfbb\">\n.avia-image-container.av-m2t2msf0-df3798efeec3bdb4cd6586ec041dcfbb img.avia_image{\nbox-shadow:none;\n}\n.avia-image-container.av-m2t2msf0-df3798efeec3bdb4cd6586ec041dcfbb .av-image-caption-overlay-center{\ncolor:#ffffff;\n}\n<\/style>\n<div  class='avia-image-container av-m2t2msf0-df3798efeec3bdb4cd6586ec041dcfbb av-styling- avia-align-center  avia-builder-el-149  el_after_av_textblock  avia-builder-el-last'   itemprop=\"image\" itemscope=\"itemscope\" itemtype=\"https:\/\/schema.org\/ImageObject\" ><div class=\"avia-image-container-inner\"><div class=\"avia-image-overlay-wrap\"><img decoding=\"async\" fetchpriority=\"high\" class='wp-image-8508 avia-img-lazy-loading-not-8508 avia_image' src=\"https:\/\/freiheitsdenkmal-leipzig.de\/wp-content\/uploads\/2024\/10\/FEL_8004_1_G.jpg\" alt='' title='FEL_8004_1_G'  height=\"400\" width=\"600\"  itemprop=\"thumbnailUrl\" srcset=\"https:\/\/freiheitsdenkmal-leipzig.de\/wp-content\/uploads\/2024\/10\/FEL_8004_1_G.jpg 600w, https:\/\/freiheitsdenkmal-leipzig.de\/wp-content\/uploads\/2024\/10\/FEL_8004_1_G-300x200.jpg 300w, https:\/\/freiheitsdenkmal-leipzig.de\/wp-content\/uploads\/2024\/10\/FEL_8004_1_G-18x12.jpg 18w\" sizes=\"(max-width: 600px) 100vw, 600px\" \/><\/div><\/div><\/div><\/p><\/div><div  class='flex_column av-54xuds-c10e599dc7ea30c97255c47df12e78a0 av_three_fifth  avia-builder-el-150  el_after_av_one_third  el_before_av_hr  no_margin flex_column_table_cell av-equal-height-column av-align-top'     ><p>\n<style type=\"text\/css\" data-created_by=\"avia_inline_auto\" id=\"style-css-av-3jjno0-1294d0434601c83641c26dcf9d416fda\">\n#top .hr.hr-invisible.av-3jjno0-1294d0434601c83641c26dcf9d416fda{\nheight:20px;\n}\n<\/style>\n<div  class='hr av-3jjno0-1294d0434601c83641c26dcf9d416fda hr-invisible  avia-builder-el-151  el_before_av_gallery  avia-builder-el-first'><span class='hr-inner'><span class=\"hr-inner-style\"><\/span><\/span><\/div><br \/>\n\n<style type=\"text\/css\" data-created_by=\"avia_inline_auto\" id=\"style-css-av-m2t2nk3f-70a296d7b3039ea00590f939dcf2e59f\">\n#top .avia-gallery.av-m2t2nk3f-70a296d7b3039ea00590f939dcf2e59f .avia-gallery-thumb a{\nwidth:33.3333%;\n}\n<\/style>\n<div  class='avia-gallery av-m2t2nk3f-70a296d7b3039ea00590f939dcf2e59f avia_animate_when_visible  avia-builder-el-152  el_after_av_hr  el_before_av_toggle_container  avia_lazyload avia-gallery-animate avia-gallery-16'  itemprop=\"image\" itemscope=\"itemscope\" itemtype=\"https:\/\/schema.org\/ImageObject\" ><meta itemprop=\"contentURL\" content=\"https:\/\/freiheitsdenkmal-leipzig.de\/en\/alle-entwuerfe\"><div class='avia-gallery-thumb'><a href=\"https:\/\/freiheitsdenkmal-leipzig.de\/wp-content\/uploads\/2024\/10\/FEL_8004_2_G.jpg\" data-srcset=\"https:\/\/freiheitsdenkmal-leipzig.de\/wp-content\/uploads\/2024\/10\/FEL_8004_2_G.jpg 600w, https:\/\/freiheitsdenkmal-leipzig.de\/wp-content\/uploads\/2024\/10\/FEL_8004_2_G-300x200.jpg 300w, https:\/\/freiheitsdenkmal-leipzig.de\/wp-content\/uploads\/2024\/10\/FEL_8004_2_G-18x12.jpg 18w\" data-sizes=\"(max-width: 600px) 100vw, 600px\" data-rel='gallery-16' data-prev-img='https:\/\/freiheitsdenkmal-leipzig.de\/wp-content\/uploads\/2024\/10\/FEL_8004_2_G-495x400.jpg' class='first_thumb lightbox' data-onclick='1' title='FEL_8004_2_G'  itemprop=\"thumbnailUrl\"  ><img decoding=\"async\" fetchpriority=\"high\" class=\"wp-image-8509 avia-img-lazy-loading-not-8509\"   src=\"https:\/\/freiheitsdenkmal-leipzig.de\/wp-content\/uploads\/2024\/10\/FEL_8004_2_G.jpg\" width=\"600\" height=\"400\"  title='FEL_8004_2_G' alt='' srcset=\"https:\/\/freiheitsdenkmal-leipzig.de\/wp-content\/uploads\/2024\/10\/FEL_8004_2_G.jpg 600w, https:\/\/freiheitsdenkmal-leipzig.de\/wp-content\/uploads\/2024\/10\/FEL_8004_2_G-300x200.jpg 300w, https:\/\/freiheitsdenkmal-leipzig.de\/wp-content\/uploads\/2024\/10\/FEL_8004_2_G-18x12.jpg 18w\" sizes=\"(max-width: 600px) 100vw, 600px\" \/><div class='big-prev-fake'><img decoding=\"async\" loading=\"lazy\" class=\"wp-image-8509 avia-img-lazy-loading-8509\"  width=\"495\" height=\"400\" src=\"https:\/\/freiheitsdenkmal-leipzig.de\/wp-content\/uploads\/2024\/10\/FEL_8004_2_G-495x400.jpg\" title='FEL_8004_2_G' alt='' \/><\/div><\/a><a href=\"https:\/\/freiheitsdenkmal-leipzig.de\/wp-content\/uploads\/2024\/10\/FEL_8004_3_G.jpg\" data-srcset=\"https:\/\/freiheitsdenkmal-leipzig.de\/wp-content\/uploads\/2024\/10\/FEL_8004_3_G.jpg 600w, https:\/\/freiheitsdenkmal-leipzig.de\/wp-content\/uploads\/2024\/10\/FEL_8004_3_G-300x200.jpg 300w, https:\/\/freiheitsdenkmal-leipzig.de\/wp-content\/uploads\/2024\/10\/FEL_8004_3_G-18x12.jpg 18w\" data-sizes=\"(max-width: 600px) 100vw, 600px\" data-rel='gallery-16' data-prev-img='https:\/\/freiheitsdenkmal-leipzig.de\/wp-content\/uploads\/2024\/10\/FEL_8004_3_G-495x400.jpg' class='lightbox' data-onclick='2' title='FEL_8004_3_G'  itemprop=\"thumbnailUrl\"  ><img decoding=\"async\" fetchpriority=\"high\" class=\"wp-image-8510 avia-img-lazy-loading-not-8510\"   src=\"https:\/\/freiheitsdenkmal-leipzig.de\/wp-content\/uploads\/2024\/10\/FEL_8004_3_G.jpg\" width=\"600\" height=\"400\"  title='FEL_8004_3_G' alt='' srcset=\"https:\/\/freiheitsdenkmal-leipzig.de\/wp-content\/uploads\/2024\/10\/FEL_8004_3_G.jpg 600w, https:\/\/freiheitsdenkmal-leipzig.de\/wp-content\/uploads\/2024\/10\/FEL_8004_3_G-300x200.jpg 300w, https:\/\/freiheitsdenkmal-leipzig.de\/wp-content\/uploads\/2024\/10\/FEL_8004_3_G-18x12.jpg 18w\" sizes=\"(max-width: 600px) 100vw, 600px\" \/><div class='big-prev-fake'><img decoding=\"async\" loading=\"lazy\" class=\"wp-image-8510 avia-img-lazy-loading-8510\"  width=\"495\" height=\"400\" src=\"https:\/\/freiheitsdenkmal-leipzig.de\/wp-content\/uploads\/2024\/10\/FEL_8004_3_G-495x400.jpg\" title='FEL_8004_3_G' alt='' \/><\/div><\/a><a href=\"https:\/\/freiheitsdenkmal-leipzig.de\/wp-content\/uploads\/2024\/10\/FEL_8004_4_G.jpg\" data-srcset=\"https:\/\/freiheitsdenkmal-leipzig.de\/wp-content\/uploads\/2024\/10\/FEL_8004_4_G.jpg 600w, https:\/\/freiheitsdenkmal-leipzig.de\/wp-content\/uploads\/2024\/10\/FEL_8004_4_G-300x200.jpg 300w, https:\/\/freiheitsdenkmal-leipzig.de\/wp-content\/uploads\/2024\/10\/FEL_8004_4_G-18x12.jpg 18w\" data-sizes=\"(max-width: 600px) 100vw, 600px\" data-rel='gallery-16' data-prev-img='https:\/\/freiheitsdenkmal-leipzig.de\/wp-content\/uploads\/2024\/10\/FEL_8004_4_G-495x400.jpg' class='lightbox' data-onclick='3' title='1_300111'  itemprop=\"thumbnailUrl\"  ><img decoding=\"async\" fetchpriority=\"high\" class=\"wp-image-8511 avia-img-lazy-loading-not-8511\"   src=\"https:\/\/freiheitsdenkmal-leipzig.de\/wp-content\/uploads\/2024\/10\/FEL_8004_4_G.jpg\" width=\"600\" height=\"400\"  title='1_300111' alt='' srcset=\"https:\/\/freiheitsdenkmal-leipzig.de\/wp-content\/uploads\/2024\/10\/FEL_8004_4_G.jpg 600w, https:\/\/freiheitsdenkmal-leipzig.de\/wp-content\/uploads\/2024\/10\/FEL_8004_4_G-300x200.jpg 300w, https:\/\/freiheitsdenkmal-leipzig.de\/wp-content\/uploads\/2024\/10\/FEL_8004_4_G-18x12.jpg 18w\" sizes=\"(max-width: 600px) 100vw, 600px\" \/><div class='big-prev-fake'><img decoding=\"async\" loading=\"lazy\" class=\"wp-image-8511 avia-img-lazy-loading-8511\"  width=\"495\" height=\"400\" src=\"https:\/\/freiheitsdenkmal-leipzig.de\/wp-content\/uploads\/2024\/10\/FEL_8004_4_G-495x400.jpg\" title='1_300111' alt='' \/><\/div><\/a><\/div><\/div><br \/>\n<div  class='togglecontainer av-m2t2piyo-67fad48e99e9127c6afaf44cbdc6f377 av-minimal-toggle  avia-builder-el-153  el_after_av_gallery  avia-builder-el-last  toggle_close_all' >\n<section class='av_toggle_section av-m2t2phxz-e8a163c00bef2139ca5eccf3606cd5b5'  itemscope=\"itemscope\" itemtype=\"https:\/\/schema.org\/CreativeWork\" ><div role=\"tablist\" class=\"single_toggle\" data-tags=\"{All} \"  ><p data-fake-id='#toggle-id-16' class='toggler'  itemprop=\"headline\"  role='tab' tabindex='0' aria-controls='toggle-id-16'>Detail-Informationen<span class=\"toggle_icon\"><span class=\"vert_icon\"><\/span><span class=\"hor_icon\"><\/span><\/span><\/p><div id='toggle-id-16' class='toggle_wrap'  ><div class='toggle_content invers-color'  itemprop=\"text\" ><p><em>Von:<\/em> Martina Mezak<\/p>\n<p><em>Erl\u00e4uterungstext<\/em><br \/>\nW\u00e4hrend ich das Konzept f\u00fcr das Denkmal, das der Freiheit und Einheit gewidmet ist, entwickelte, kam mir immer wieder eine Zeile aus einem Gedicht in den Sinn: \u201e &#8230; f\u00fcrs Fliegen, Seele, bist du geboren.\u201c Inspiriert von diesem Geist der Freiheit entschied ich mich, das Denkmal in Form von Vogelfl\u00fcgeln zu gestalten, die Aufstieg und Flug symbolisieren, um die Freiheit \u2013 eine der gr\u00f6\u00dften Ideen und Verpflichtungen der Menschheit \u2013 angemessen zu ehren. Das Denkmal vereint eine Kombination aus festen geometrischen Formen und flie\u00dfenden organischen Erweiterungen, die eine abstrakte Gestalt bilden, die sich st\u00e4ndig im Erscheinungsbild ver\u00e4ndert. Mit jedem Blickwinkel bietet es eine neue Perspektive, die sowohl die Pr\u00e4senz als auch die Unfassbarkeit der Freiheit selbst verk\u00f6rpert. Es steht auch f\u00fcr eine einzige Geste, eine Bewegung, einen Fl\u00fcgelschlag \u2013 eine erhebende Kraft, die alles vorw\u00e4rts tr\u00e4gt. Das Kunstwerk kombiniert kontrastierende Elemente \u2013 es reflektiert St\u00e4rke und Widerstandsf\u00e4higkeit, steht aber auch f\u00fcr Verbundenheit, Einheit und die daraus abgeleitete Kraft, um ein h\u00f6heres Ziel zu erreichen. Besucher sind eingeladen, unter dem Denkmal hindurchzugehen, einen Pfad zu betreten, der zwei Wiesen teilt. Die Form der Installation ist flie\u00dfend, sowohl sch\u00fctzend als auch expansiv, und erm\u00f6glicht es den Menschen, sich zu versammeln, zu reflektieren und ein Gef\u00fchl des geteilten Raums zu erleben. (&#8230;) Das Denkmal spricht von der zerbrechlichen Balance der Freiheit. Es erinnert uns daran, dass die Freiheit starke Grundlagen haben muss, aber auch wachsen und gedeihen muss, sonst besteht die Gefahr, dass sie verblasst.<\/p>\n<p><em>Jurykommentar:<\/em><br \/>\nDirekt und ohne einen Sockel setzt die Skulptur aus drei geschwungenen, himmelw\u00e4rts strebenden, bis zu 12 Meter hohen Metallelementen direkt auf den Boden auf, und dehnt sich in L\u00e4nge und Breite 10 Meter aus. Zwei jener organisch gekr\u00fcmmten Teile \u00e4hneln breiten B\u00e4ndern, w\u00e4hrend das dritte, weniger nach oben, sondern seitw\u00e4rts strebende Teil als asymmetrisches Dreieck angelegt ist. Die Oberfl\u00e4chen der drei nicht mit einander ver-bundenen Einzelformen der Skulptur verf\u00fcgen \u00fcber eine integrierte Beleuchtung und sind teilweise unterschiedlich gestaltet: spiegelpoliert, mit einer Netzstrukturversehen, stahlschwarz. Als Solit\u00e4r in der Parkanlage gedacht, stellt sich das formale Spannungsfeld der Skulptur \u00fcber ein Zusammenspiel von Geometrie und deren organischer Abwandlung her. Vom Preisgericht wurde die zeitlose Eleganz des Objektes positiv gewertet. Sie l\u00e4sst sich in Traditionslinien klassischer, moderner Abstraktion einordnen. Die Komposition der drei Metallelemente \u00fcber die sich die Skulptur konstituiert, ist gekonnt nicht auf das abstrakte Formenspiel reduziert. Vielmehr er\u00f6ffnet sich durch die raumgreifende Anordnung der Skulpturenelemente ein begehbarer Erlebnisraum. Die Erfahrbarkeit der Parklandschaft als kultviertem Naturraum wird durch die Materialoberfl\u00e4chen der Skulptur verst\u00e4rkt, gleichwohl aber auch gebrochen reflektiert. Denn die polierte Metalloberfl\u00e4che eines Elements produziert eine verzerrte Spiegelung der Umgebung, w\u00e4hrend das stahlschwarze Teilst\u00fcck eine geradezu zeichnerische Geste als Himmelsschnitt vollzieht. Jenseits der Erscheinung als abstrakte Skulptur zielt das Kunstwerk aber auch darauf ab, ein digital verteilbares Bild zu erzeugen und im medialen Raum Momente der individuellen Selbstinszenierung und Selbstvergewisserung darzustellen. Denn an einem markierten Punkt vor der Skulptur kann man mit Hilfe einer AR-App (Selbst)Portraits aufnehmen, bei denen die Skulptur zu Engelsfl\u00fcgeln wird. Das Preisgericht befand die \u00e4sthetische Setzung der skulpturalen Form zwar als stimmig und respektvoll in die Parkgestaltung integriert, gleichwohl f\u00fcr inhaltlichen Aufgabenstellung nicht ausreichend pr\u00e4gnant und spezifisch. Die \u00dcberh\u00f6hung des einzelnen Individuums in der mediatisierten Bildform hingegen strapaziert eine Pathosformel, die dem Gemeinschaftserleben und dem Kollektiven als wesentliches Moment von Einheit und Freiheit nicht ausreichend nachkommt.<\/p>\n<\/div><\/div><\/div><\/section>\n<\/div><\/p><\/div><\/div><!--close column table wrapper. Autoclose: 1 --><div  class='hr av-2lbg3k-2381c5ba12c1b59e05f5e9201809a185 hr-default  avia-builder-el-154  el_after_av_three_fifth  avia-builder-el-last'><span class='hr-inner'><span class=\"hr-inner-style\"><\/span><\/span><\/div>\n\n<\/div><\/div><\/div><!-- close content main div --><\/div><\/div><div id='av_section_17'  class='avia-section av-9ihkhc-b2a9edd035a7ac581caa712e3b6ccfe9 main_color avia-section-no-padding avia-no-border-styling  avia-builder-el-155  el_after_av_section  el_before_av_section  avia-bg-style-scroll container_wrap fullsize'  ><div class='container av-section-cont-open' ><div class='template-page content  av-content-full alpha units'><div class='post-entry post-entry-type-page post-entry-8368'><div class='entry-content-wrapper clearfix'>\n<div class='flex_column_table av-pftf4-711c19c3e09a4a18f380518bccaab546 sc-av_one_third av-equal-height-column-flextable'><div  class='flex_column av-pftf4-711c19c3e09a4a18f380518bccaab546 av_one_third  avia-builder-el-156  el_before_av_three_fifth  avia-builder-el-first  first no_margin flex_column_table_cell av-equal-height-column av-align-top'     ><section  class='av_textblock_section av-m2t2xulp-0cd4d2078685d03c52b93eb4b2d55884'   itemscope=\"itemscope\" itemtype=\"https:\/\/schema.org\/CreativeWork\" ><div class='avia_textblock'  itemprop=\"text\" ><h4>Katrin Glanz<\/h4>\n<\/div><\/section><br \/>\n\n<style type=\"text\/css\" data-created_by=\"avia_inline_auto\" id=\"style-css-av-m2t2u7bt-2496fc22f168318aa1bd237349e233f9\">\n.avia-image-container.av-m2t2u7bt-2496fc22f168318aa1bd237349e233f9 img.avia_image{\nbox-shadow:none;\n}\n.avia-image-container.av-m2t2u7bt-2496fc22f168318aa1bd237349e233f9 .av-image-caption-overlay-center{\ncolor:#ffffff;\n}\n<\/style>\n<div  class='avia-image-container av-m2t2u7bt-2496fc22f168318aa1bd237349e233f9 av-styling- avia-align-center  avia-builder-el-158  el_after_av_textblock  avia-builder-el-last'   itemprop=\"image\" itemscope=\"itemscope\" itemtype=\"https:\/\/schema.org\/ImageObject\" ><div class=\"avia-image-container-inner\"><div class=\"avia-image-overlay-wrap\"><img decoding=\"async\" fetchpriority=\"high\" class='wp-image-8513 avia-img-lazy-loading-not-8513 avia_image' src=\"https:\/\/freiheitsdenkmal-leipzig.de\/wp-content\/uploads\/2024\/10\/FEL_8013_1_G.jpg\" alt='' title='FEL_8013_1_G'  height=\"400\" width=\"600\"  itemprop=\"thumbnailUrl\" srcset=\"https:\/\/freiheitsdenkmal-leipzig.de\/wp-content\/uploads\/2024\/10\/FEL_8013_1_G.jpg 600w, https:\/\/freiheitsdenkmal-leipzig.de\/wp-content\/uploads\/2024\/10\/FEL_8013_1_G-300x200.jpg 300w, https:\/\/freiheitsdenkmal-leipzig.de\/wp-content\/uploads\/2024\/10\/FEL_8013_1_G-18x12.jpg 18w\" sizes=\"(max-width: 600px) 100vw, 600px\" \/><\/div><\/div><\/div><\/p><\/div><div  class='flex_column av-5g509s-71877fd4ba1491ccf5a786046ca95c61 av_three_fifth  avia-builder-el-159  el_after_av_one_third  el_before_av_hr  no_margin flex_column_table_cell av-equal-height-column av-align-top'     ><p>\n<style type=\"text\/css\" data-created_by=\"avia_inline_auto\" id=\"style-css-av-3skl74-b62ebb9a480e90720ddc510d396c3c4b\">\n#top .hr.hr-invisible.av-3skl74-b62ebb9a480e90720ddc510d396c3c4b{\nheight:20px;\n}\n<\/style>\n<div  class='hr av-3skl74-b62ebb9a480e90720ddc510d396c3c4b hr-invisible  avia-builder-el-160  el_before_av_gallery  avia-builder-el-first'><span class='hr-inner'><span class=\"hr-inner-style\"><\/span><\/span><\/div><br \/>\n\n<style type=\"text\/css\" data-created_by=\"avia_inline_auto\" id=\"style-css-av-m2t2v2aa-df5b7422f8a5e92289a90bc6a8604813\">\n#top .avia-gallery.av-m2t2v2aa-df5b7422f8a5e92289a90bc6a8604813 .avia-gallery-thumb a{\nwidth:33.3333%;\n}\n<\/style>\n<div  class='avia-gallery av-m2t2v2aa-df5b7422f8a5e92289a90bc6a8604813 avia_animate_when_visible  avia-builder-el-161  el_after_av_hr  el_before_av_toggle_container  avia_lazyload avia-gallery-animate avia-gallery-17'  itemprop=\"image\" itemscope=\"itemscope\" itemtype=\"https:\/\/schema.org\/ImageObject\" ><meta itemprop=\"contentURL\" content=\"https:\/\/freiheitsdenkmal-leipzig.de\/en\/alle-entwuerfe\"><div class='avia-gallery-thumb'><a href=\"https:\/\/freiheitsdenkmal-leipzig.de\/wp-content\/uploads\/2024\/10\/FEL_8013_2_G.jpg\" data-srcset=\"https:\/\/freiheitsdenkmal-leipzig.de\/wp-content\/uploads\/2024\/10\/FEL_8013_2_G.jpg 600w, https:\/\/freiheitsdenkmal-leipzig.de\/wp-content\/uploads\/2024\/10\/FEL_8013_2_G-300x200.jpg 300w, https:\/\/freiheitsdenkmal-leipzig.de\/wp-content\/uploads\/2024\/10\/FEL_8013_2_G-18x12.jpg 18w\" data-sizes=\"(max-width: 600px) 100vw, 600px\" data-rel='gallery-17' data-prev-img='https:\/\/freiheitsdenkmal-leipzig.de\/wp-content\/uploads\/2024\/10\/FEL_8013_2_G-495x400.jpg' class='first_thumb lightbox' data-onclick='1' title='Screenshot'  itemprop=\"thumbnailUrl\"  ><img decoding=\"async\" fetchpriority=\"high\" class=\"wp-image-8514 avia-img-lazy-loading-not-8514\"  data-avia-tooltip='Screenshot' src=\"https:\/\/freiheitsdenkmal-leipzig.de\/wp-content\/uploads\/2024\/10\/FEL_8013_2_G.jpg\" width=\"600\" height=\"400\"  title='Screenshot' alt='' srcset=\"https:\/\/freiheitsdenkmal-leipzig.de\/wp-content\/uploads\/2024\/10\/FEL_8013_2_G.jpg 600w, https:\/\/freiheitsdenkmal-leipzig.de\/wp-content\/uploads\/2024\/10\/FEL_8013_2_G-300x200.jpg 300w, https:\/\/freiheitsdenkmal-leipzig.de\/wp-content\/uploads\/2024\/10\/FEL_8013_2_G-18x12.jpg 18w\" sizes=\"(max-width: 600px) 100vw, 600px\" \/><div class='big-prev-fake'><img decoding=\"async\" loading=\"lazy\" class=\"wp-image-8514 avia-img-lazy-loading-8514\"  width=\"495\" height=\"400\" src=\"https:\/\/freiheitsdenkmal-leipzig.de\/wp-content\/uploads\/2024\/10\/FEL_8013_2_G-495x400.jpg\" title='Screenshot' alt='' \/><\/div><\/a><a href=\"https:\/\/freiheitsdenkmal-leipzig.de\/wp-content\/uploads\/2024\/10\/FEL_8013_3_G.jpg\" data-srcset=\"https:\/\/freiheitsdenkmal-leipzig.de\/wp-content\/uploads\/2024\/10\/FEL_8013_3_G.jpg 600w, https:\/\/freiheitsdenkmal-leipzig.de\/wp-content\/uploads\/2024\/10\/FEL_8013_3_G-300x200.jpg 300w, https:\/\/freiheitsdenkmal-leipzig.de\/wp-content\/uploads\/2024\/10\/FEL_8013_3_G-18x12.jpg 18w\" data-sizes=\"(max-width: 600px) 100vw, 600px\" data-rel='gallery-17' data-prev-img='https:\/\/freiheitsdenkmal-leipzig.de\/wp-content\/uploads\/2024\/10\/FEL_8013_3_G-495x400.jpg' class='lightbox' data-onclick='2' title='FEL_8013_3_G'  itemprop=\"thumbnailUrl\"  ><img decoding=\"async\" fetchpriority=\"high\" class=\"wp-image-8515 avia-img-lazy-loading-not-8515\"   src=\"https:\/\/freiheitsdenkmal-leipzig.de\/wp-content\/uploads\/2024\/10\/FEL_8013_3_G.jpg\" width=\"600\" height=\"400\"  title='FEL_8013_3_G' alt='' srcset=\"https:\/\/freiheitsdenkmal-leipzig.de\/wp-content\/uploads\/2024\/10\/FEL_8013_3_G.jpg 600w, https:\/\/freiheitsdenkmal-leipzig.de\/wp-content\/uploads\/2024\/10\/FEL_8013_3_G-300x200.jpg 300w, https:\/\/freiheitsdenkmal-leipzig.de\/wp-content\/uploads\/2024\/10\/FEL_8013_3_G-18x12.jpg 18w\" sizes=\"(max-width: 600px) 100vw, 600px\" \/><div class='big-prev-fake'><img decoding=\"async\" loading=\"lazy\" class=\"wp-image-8515 avia-img-lazy-loading-8515\"  width=\"495\" height=\"400\" src=\"https:\/\/freiheitsdenkmal-leipzig.de\/wp-content\/uploads\/2024\/10\/FEL_8013_3_G-495x400.jpg\" title='FEL_8013_3_G' alt='' \/><\/div><\/a><a href=\"https:\/\/freiheitsdenkmal-leipzig.de\/wp-content\/uploads\/2024\/10\/FEL_8013_4_G.jpg\" data-srcset=\"https:\/\/freiheitsdenkmal-leipzig.de\/wp-content\/uploads\/2024\/10\/FEL_8013_4_G.jpg 600w, https:\/\/freiheitsdenkmal-leipzig.de\/wp-content\/uploads\/2024\/10\/FEL_8013_4_G-300x200.jpg 300w, https:\/\/freiheitsdenkmal-leipzig.de\/wp-content\/uploads\/2024\/10\/FEL_8013_4_G-18x12.jpg 18w\" data-sizes=\"(max-width: 600px) 100vw, 600px\" data-rel='gallery-17' data-prev-img='https:\/\/freiheitsdenkmal-leipzig.de\/wp-content\/uploads\/2024\/10\/FEL_8013_4_G-495x400.jpg' class='lightbox' data-onclick='3' title='FEL_8013_4_G'  itemprop=\"thumbnailUrl\"  ><img decoding=\"async\" fetchpriority=\"high\" class=\"wp-image-8516 avia-img-lazy-loading-not-8516\"   src=\"https:\/\/freiheitsdenkmal-leipzig.de\/wp-content\/uploads\/2024\/10\/FEL_8013_4_G.jpg\" width=\"600\" height=\"400\"  title='FEL_8013_4_G' alt='' srcset=\"https:\/\/freiheitsdenkmal-leipzig.de\/wp-content\/uploads\/2024\/10\/FEL_8013_4_G.jpg 600w, https:\/\/freiheitsdenkmal-leipzig.de\/wp-content\/uploads\/2024\/10\/FEL_8013_4_G-300x200.jpg 300w, https:\/\/freiheitsdenkmal-leipzig.de\/wp-content\/uploads\/2024\/10\/FEL_8013_4_G-18x12.jpg 18w\" sizes=\"(max-width: 600px) 100vw, 600px\" \/><div class='big-prev-fake'><img decoding=\"async\" loading=\"lazy\" class=\"wp-image-8516 avia-img-lazy-loading-8516\"  width=\"495\" height=\"400\" src=\"https:\/\/freiheitsdenkmal-leipzig.de\/wp-content\/uploads\/2024\/10\/FEL_8013_4_G-495x400.jpg\" title='FEL_8013_4_G' alt='' \/><\/div><\/a><\/div><\/div><br \/>\n<div  class='togglecontainer av-m2t2xdd5-33e1e849948d9b4eb25620c28c26b2e8 av-minimal-toggle  avia-builder-el-162  el_after_av_gallery  avia-builder-el-last  toggle_close_all' >\n<section class='av_toggle_section av-m2t2xcl3-7623f28fd7f668b6a2db74f05c4dcc9f'  itemscope=\"itemscope\" itemtype=\"https:\/\/schema.org\/CreativeWork\" ><div role=\"tablist\" class=\"single_toggle\" data-tags=\"{All} \"  ><p data-fake-id='#toggle-id-17' class='toggler'  itemprop=\"headline\"  role='tab' tabindex='0' aria-controls='toggle-id-17'>Detail-Informationen<span class=\"toggle_icon\"><span class=\"vert_icon\"><\/span><span class=\"hor_icon\"><\/span><\/span><\/p><div id='toggle-id-17' class='toggle_wrap'  ><div class='toggle_content invers-color'  itemprop=\"text\" ><p><em>Von:<\/em> Katrin Glanz, Berlin<\/p>\n<p><em>Fachberater:innen:<\/em> Svenn Gleue, plateau Landschaftsarchitekten, Berlin; Frank Stintz, usp-architekten GmbH, Berlin<\/p>\n<p><em>Erl\u00e4uterungstext:<\/em><br \/>\nInspiration: Die antike Pnyx Pnyx (griechisch: Pn\u00fdka) ist ein H\u00fcgel in Athen, der westlich der Akropolis liegt und von 508 v. Chr. bis 330 v. Chr. ein Ort der Volksversammlung der Attischen Demokratie war. Pnyx bezeichnet auch den Versammlungsbau auf dem Pnyxh\u00fcgel. Zuvor hielt man Versammlungen auf der Agora, sp\u00e4ter im Dionysostheater ab. Im Unterschied zur Agora, die eher ein Versammlungsplatz war, gab es auf Pnyx eine Trib\u00fcne mit Rednerpodest. Die Pnyx ist somit die Urform des Rednerpodests in einer fr\u00fchen Demokratie. An diesem Ort bekam die Demokratie eine eigene architektonische Form. Von der Antike \u00fcber die Gegenwart in die Zukunft: PnyX 3.0 PnyX 3.0 in Leipzig ist ein historischer Br\u00fccken- schlag, eine Transformation der antiken Anlage in die heutige Zeit. Genau wie die antike Pnyx bietet PnyX 3.0 \u2013 Plattform der M\u00f6glichkeiten einen Raum f\u00fcr Demokratie und schafft eine Diskussionsebene. Sprache wird zum Instrument der Ver\u00e4nderung: Bis 1989 fehlte in der DDR genau das \u2013 die Freiheit, \u00f6ffentlich zu sagen, was man denkt und dadurch Einfluss auf die Gestaltung von Gegenwart und Zukunft nehmen zu k\u00f6nnen. Plattformen dieser Art braucht es heute, in einer Zeit, in der sich die politische Situation wieder zuspitzt, Demokratie in Frage gestellt oder f\u00fcr ein autorit\u00e4res Interesse zweckentfremdet wird. Von 1750 bis 1827 stand auf dem heutigen Wilhelm-Leuschner-Platz in Leipzig die Statue des Kurf\u00fcrsten Friedrich August III. \u2013 das K\u00f6nigsdenkmal \u2013 abgesperrt, nicht begehbar. Heute entsteht dort ein Volkspark. Die PnyX 3.0 macht ein Angebot: Anstelle von Sozialen Medien, K\u00fcnstlicher Intelligenz oder Fake News entsteht hier direkte, analoge Kommunikation. Das Denkmal entwickelt sich durch die Nutzenden fortlaufend, in einem Prozess, der \u00fcberrascht und ergebnisoffen ist. Eine Plattform der aktuellen Lebenskultur. Zu dieser geh\u00f6rt nicht nur das \u00f6ffentliche Sprechen, sondern die gesamte Bandbreite des Miteinanders: Der gemeinsame Karaokeabend am Freitag, die Jamsession am Sonntagnachmittag, das Schachspielen am Dienstagvormittag oder der erste \u00f6ffentliche Auftritt einer jungen Breakdancerin. Pnyx 3.0 als Plattform der M\u00f6glichkeiten er\u00f6ffnet einen Raum, in dem man sich niedrigschwellig eine B\u00fchne nehmen kann. Anders als im antiken Griechenland, als nur bestimmte m\u00e4nnliche Personen am Rednerpult sprechen durften, sind auf der PnyX 3.0 alle willkommen, mit ihrer individuellen Ausdrucksweise in die \u00d6ffentlichkeit zu treten. Nutzung: Plattform der M\u00f6glichkeiten PnyX 3.0 ist f\u00fcr jede und jeden nutzbar. PnyX 3.0 ist spontan und niedrigschwellig \u2013 oder organisiert. Sie funktioniert f\u00fcr das allt\u00e4gliche Zusammen-kommen oder f\u00fcr geplante Aktionen oder Veranstaltungen.<\/p>\n<p><em>Jurykommentar:<\/em><br \/>\nVorgeschlagen wird die Anordnung von drei Plateaus aus regionalen Natursteinen, Findlingen und Abbruchmaterial, welche bespielt, benutzt und belebt werden k\u00f6nnen. Die B\u00fchne der Gesellschaft wird erst durch die Anteilnahme durch die Besucherinnen und Besucher zu aktiven Podien. Das Preisgericht sch\u00e4tzt die Idee, mit Material aus dem Boden und topografisch in enger Verbindung zum Park zu arbeiten. Auch wird der Ansatz eines p\u00e4dagogischen Programms begr\u00fc\u00dft. Es entsteht ein zur\u00fcckhaltender, ruhiger Beitrag, welcher mit wenigen Mitteln Orte im Park markiert und aktiviert. Nach Einsch\u00e4tzung des Preisgerichts ist diese Bescheidenheit zwar f\u00fcr den Ort des \u201e\u00d6kotopia\u201c-Parks und in seiner Symbolik zu begr\u00fc\u00dfen, zugleich erscheinen die Steinfragmente zu kleinteilig und die Plateaus zu kraft-los, um dem Anspruch an das Freiheits- und Einheitsdenkmal zu gen\u00fcgen. Auch wird die Idee der Podien wird als zu allgemein und offen kritisiert.<\/p>\n<\/div><\/div><\/div><\/section>\n<\/div><\/p><\/div><\/div><!--close column table wrapper. Autoclose: 1 --><div  class='hr av-3aras0-741672b160dd91ca987fe03c3c883e99 hr-default  avia-builder-el-163  el_after_av_three_fifth  avia-builder-el-last'><span class='hr-inner'><span class=\"hr-inner-style\"><\/span><\/span><\/div>\n\n<\/div><\/div><\/div><!-- close content main div --><\/div><\/div><div id='av_section_18'  class='avia-section av-9c2qao-81616463c6eda3d60afd46dcf5bd689a main_color avia-section-no-padding avia-no-border-styling  avia-builder-el-164  el_after_av_section  el_before_av_section  avia-bg-style-scroll container_wrap fullsize'  ><div class='container av-section-cont-open' ><div class='template-page content  av-content-full alpha units'><div class='post-entry post-entry-type-page post-entry-8368'><div class='entry-content-wrapper clearfix'>\n<div class='flex_column_table av-p48r4-0c3a9a2e35ccfc20673a687c757a7158 sc-av_one_third av-equal-height-column-flextable'><div  class='flex_column av-p48r4-0c3a9a2e35ccfc20673a687c757a7158 av_one_third  avia-builder-el-165  el_before_av_three_fifth  avia-builder-el-first  first no_margin flex_column_table_cell av-equal-height-column av-align-top'     ><section  class='av_textblock_section av-m2t32xx0-ea53bcf55b9d75acaf9af9b61b9733cc'   itemscope=\"itemscope\" itemtype=\"https:\/\/schema.org\/CreativeWork\" ><div class='avia_textblock'  itemprop=\"text\" ><h4>Andrea Pichl<\/h4>\n<\/div><\/section><br \/>\n\n<style type=\"text\/css\" data-created_by=\"avia_inline_auto\" id=\"style-css-av-m2t301vn-7c50502e9084bfb21f3594c45e4dfd8a\">\n.avia-image-container.av-m2t301vn-7c50502e9084bfb21f3594c45e4dfd8a img.avia_image{\nbox-shadow:none;\n}\n.avia-image-container.av-m2t301vn-7c50502e9084bfb21f3594c45e4dfd8a .av-image-caption-overlay-center{\ncolor:#ffffff;\n}\n<\/style>\n<div  class='avia-image-container av-m2t301vn-7c50502e9084bfb21f3594c45e4dfd8a av-styling- avia-align-center  avia-builder-el-167  el_after_av_textblock  avia-builder-el-last'   itemprop=\"image\" itemscope=\"itemscope\" itemtype=\"https:\/\/schema.org\/ImageObject\" ><div class=\"avia-image-container-inner\"><div class=\"avia-image-overlay-wrap\"><img decoding=\"async\" fetchpriority=\"high\" class='wp-image-8518 avia-img-lazy-loading-not-8518 avia_image' src=\"https:\/\/freiheitsdenkmal-leipzig.de\/wp-content\/uploads\/2024\/10\/FEL_8009_1_G.jpg\" alt='' title='FEL_8009_1_G'  height=\"400\" width=\"600\"  itemprop=\"thumbnailUrl\" srcset=\"https:\/\/freiheitsdenkmal-leipzig.de\/wp-content\/uploads\/2024\/10\/FEL_8009_1_G.jpg 600w, https:\/\/freiheitsdenkmal-leipzig.de\/wp-content\/uploads\/2024\/10\/FEL_8009_1_G-300x200.jpg 300w, https:\/\/freiheitsdenkmal-leipzig.de\/wp-content\/uploads\/2024\/10\/FEL_8009_1_G-18x12.jpg 18w\" sizes=\"(max-width: 600px) 100vw, 600px\" \/><\/div><\/div><\/div><\/p><\/div><div  class='flex_column av-565kgg-689d1baa1af30cacd3df03696e3c732f av_three_fifth  avia-builder-el-168  el_after_av_one_third  el_before_av_hr  no_margin flex_column_table_cell av-equal-height-column av-align-top'     ><p>\n<style type=\"text\/css\" data-created_by=\"avia_inline_auto\" id=\"style-css-av-3ixsmo-36e6d4ce8dbfe44a81b5090240405562\">\n#top .hr.hr-invisible.av-3ixsmo-36e6d4ce8dbfe44a81b5090240405562{\nheight:20px;\n}\n<\/style>\n<div  class='hr av-3ixsmo-36e6d4ce8dbfe44a81b5090240405562 hr-invisible  avia-builder-el-169  el_before_av_gallery  avia-builder-el-first'><span class='hr-inner'><span class=\"hr-inner-style\"><\/span><\/span><\/div><br \/>\n\n<style type=\"text\/css\" data-created_by=\"avia_inline_auto\" id=\"style-css-av-m2t30oqy-97b2f4dbcd9f0da58a78c7fff93ee31c\">\n#top .avia-gallery.av-m2t30oqy-97b2f4dbcd9f0da58a78c7fff93ee31c .avia-gallery-thumb a{\nwidth:33.3333%;\n}\n<\/style>\n<div  class='avia-gallery av-m2t30oqy-97b2f4dbcd9f0da58a78c7fff93ee31c avia_animate_when_visible  avia-builder-el-170  el_after_av_hr  el_before_av_toggle_container  avia_lazyload avia-gallery-animate avia-gallery-18'  itemprop=\"image\" itemscope=\"itemscope\" itemtype=\"https:\/\/schema.org\/ImageObject\" ><meta itemprop=\"contentURL\" content=\"https:\/\/freiheitsdenkmal-leipzig.de\/en\/alle-entwuerfe\"><div class='avia-gallery-thumb'><a href=\"https:\/\/freiheitsdenkmal-leipzig.de\/wp-content\/uploads\/2024\/10\/FEL_8009_2_G.jpg\" data-srcset=\"https:\/\/freiheitsdenkmal-leipzig.de\/wp-content\/uploads\/2024\/10\/FEL_8009_2_G.jpg 600w, https:\/\/freiheitsdenkmal-leipzig.de\/wp-content\/uploads\/2024\/10\/FEL_8009_2_G-300x200.jpg 300w, https:\/\/freiheitsdenkmal-leipzig.de\/wp-content\/uploads\/2024\/10\/FEL_8009_2_G-18x12.jpg 18w\" data-sizes=\"(max-width: 600px) 100vw, 600px\" data-rel='gallery-18' data-prev-img='https:\/\/freiheitsdenkmal-leipzig.de\/wp-content\/uploads\/2024\/10\/FEL_8009_2_G-495x400.jpg' class='first_thumb lightbox' data-onclick='1' title='FEL_8009_2_G'  itemprop=\"thumbnailUrl\"  ><img decoding=\"async\" fetchpriority=\"high\" class=\"wp-image-8519 avia-img-lazy-loading-not-8519\"   src=\"https:\/\/freiheitsdenkmal-leipzig.de\/wp-content\/uploads\/2024\/10\/FEL_8009_2_G.jpg\" width=\"600\" height=\"400\"  title='FEL_8009_2_G' alt='' srcset=\"https:\/\/freiheitsdenkmal-leipzig.de\/wp-content\/uploads\/2024\/10\/FEL_8009_2_G.jpg 600w, https:\/\/freiheitsdenkmal-leipzig.de\/wp-content\/uploads\/2024\/10\/FEL_8009_2_G-300x200.jpg 300w, https:\/\/freiheitsdenkmal-leipzig.de\/wp-content\/uploads\/2024\/10\/FEL_8009_2_G-18x12.jpg 18w\" sizes=\"(max-width: 600px) 100vw, 600px\" \/><div class='big-prev-fake'><img decoding=\"async\" loading=\"lazy\" class=\"wp-image-8519 avia-img-lazy-loading-8519\"  width=\"495\" height=\"400\" src=\"https:\/\/freiheitsdenkmal-leipzig.de\/wp-content\/uploads\/2024\/10\/FEL_8009_2_G-495x400.jpg\" title='FEL_8009_2_G' alt='' \/><\/div><\/a><a href=\"https:\/\/freiheitsdenkmal-leipzig.de\/wp-content\/uploads\/2024\/10\/FEL_8009_3_G.jpg\" data-srcset=\"https:\/\/freiheitsdenkmal-leipzig.de\/wp-content\/uploads\/2024\/10\/FEL_8009_3_G.jpg 600w, https:\/\/freiheitsdenkmal-leipzig.de\/wp-content\/uploads\/2024\/10\/FEL_8009_3_G-300x200.jpg 300w, https:\/\/freiheitsdenkmal-leipzig.de\/wp-content\/uploads\/2024\/10\/FEL_8009_3_G-18x12.jpg 18w\" data-sizes=\"(max-width: 600px) 100vw, 600px\" data-rel='gallery-18' data-prev-img='https:\/\/freiheitsdenkmal-leipzig.de\/wp-content\/uploads\/2024\/10\/FEL_8009_3_G-495x400.jpg' class='lightbox' data-onclick='2' title='FEL_8009_3_G'  itemprop=\"thumbnailUrl\"  ><img decoding=\"async\" fetchpriority=\"high\" class=\"wp-image-8520 avia-img-lazy-loading-not-8520\"   src=\"https:\/\/freiheitsdenkmal-leipzig.de\/wp-content\/uploads\/2024\/10\/FEL_8009_3_G.jpg\" width=\"600\" height=\"400\"  title='FEL_8009_3_G' alt='' srcset=\"https:\/\/freiheitsdenkmal-leipzig.de\/wp-content\/uploads\/2024\/10\/FEL_8009_3_G.jpg 600w, https:\/\/freiheitsdenkmal-leipzig.de\/wp-content\/uploads\/2024\/10\/FEL_8009_3_G-300x200.jpg 300w, https:\/\/freiheitsdenkmal-leipzig.de\/wp-content\/uploads\/2024\/10\/FEL_8009_3_G-18x12.jpg 18w\" sizes=\"(max-width: 600px) 100vw, 600px\" \/><div class='big-prev-fake'><img decoding=\"async\" loading=\"lazy\" class=\"wp-image-8520 avia-img-lazy-loading-8520\"  width=\"495\" height=\"400\" src=\"https:\/\/freiheitsdenkmal-leipzig.de\/wp-content\/uploads\/2024\/10\/FEL_8009_3_G-495x400.jpg\" title='FEL_8009_3_G' alt='' \/><\/div><\/a><a href=\"https:\/\/freiheitsdenkmal-leipzig.de\/wp-content\/uploads\/2024\/10\/FEL_8009_4_G.jpg\" data-srcset=\"https:\/\/freiheitsdenkmal-leipzig.de\/wp-content\/uploads\/2024\/10\/FEL_8009_4_G.jpg 600w, https:\/\/freiheitsdenkmal-leipzig.de\/wp-content\/uploads\/2024\/10\/FEL_8009_4_G-300x200.jpg 300w, https:\/\/freiheitsdenkmal-leipzig.de\/wp-content\/uploads\/2024\/10\/FEL_8009_4_G-18x12.jpg 18w\" data-sizes=\"(max-width: 600px) 100vw, 600px\" data-rel='gallery-18' data-prev-img='https:\/\/freiheitsdenkmal-leipzig.de\/wp-content\/uploads\/2024\/10\/FEL_8009_4_G-495x400.jpg' class='lightbox' data-onclick='3' title='FEL_8009_4_G'  itemprop=\"thumbnailUrl\"  ><img decoding=\"async\" fetchpriority=\"high\" class=\"wp-image-8521 avia-img-lazy-loading-not-8521\"   src=\"https:\/\/freiheitsdenkmal-leipzig.de\/wp-content\/uploads\/2024\/10\/FEL_8009_4_G.jpg\" width=\"600\" height=\"400\"  title='FEL_8009_4_G' alt='' srcset=\"https:\/\/freiheitsdenkmal-leipzig.de\/wp-content\/uploads\/2024\/10\/FEL_8009_4_G.jpg 600w, https:\/\/freiheitsdenkmal-leipzig.de\/wp-content\/uploads\/2024\/10\/FEL_8009_4_G-300x200.jpg 300w, https:\/\/freiheitsdenkmal-leipzig.de\/wp-content\/uploads\/2024\/10\/FEL_8009_4_G-18x12.jpg 18w\" sizes=\"(max-width: 600px) 100vw, 600px\" \/><div class='big-prev-fake'><img decoding=\"async\" loading=\"lazy\" class=\"wp-image-8521 avia-img-lazy-loading-8521\"  width=\"495\" height=\"400\" src=\"https:\/\/freiheitsdenkmal-leipzig.de\/wp-content\/uploads\/2024\/10\/FEL_8009_4_G-495x400.jpg\" title='FEL_8009_4_G' alt='' \/><\/div><\/a><\/div><\/div><br \/>\n<div  class='togglecontainer av-m2t32su0-3cfde8422377546a68d0139d6e0922de av-minimal-toggle  avia-builder-el-171  el_after_av_gallery  avia-builder-el-last  toggle_close_all' >\n<section class='av_toggle_section av-m2t32rxz-316d4a8b2bf1060c2ffb75946d09e13f'  itemscope=\"itemscope\" itemtype=\"https:\/\/schema.org\/CreativeWork\" ><div role=\"tablist\" class=\"single_toggle\" data-tags=\"{All} \"  ><p data-fake-id='#toggle-id-18' class='toggler'  itemprop=\"headline\"  role='tab' tabindex='0' aria-controls='toggle-id-18'>Detail-Informationen<span class=\"toggle_icon\"><span class=\"vert_icon\"><\/span><span class=\"hor_icon\"><\/span><\/span><\/p><div id='toggle-id-18' class='toggle_wrap'  ><div class='toggle_content invers-color'  itemprop=\"text\" ><p><em>Von:<\/em> Andrea Pichl, Berlin<\/p>\n<p><em>Fachberater:innen:<\/em> Arnold AG, Mario Mindemann, Frankfurt am Main; Markus Bahra; Kubix, Berlin<\/p>\n<p><em>Erl\u00e4uterungstext:<\/em><br \/>\nHintergrund Das Projekt geht auf eine Idee des Dramatikers Heiner M\u00fcller (DDR) und der sp\u00e4ter beteiligten K\u00fcnstler:innen Rebecca Horn und Jannis Kounellis aus dem Jahr 1986 zur\u00fcck. Kunst, zeitgleich ausgestellt in Ost und West, sollte die Mauer perforieren, um Gemeinsames zu finden, Verschiedenheiten, aber auch Verbindungen herzustellen zwischen den verschiedenen Teilen, nicht nur Berlins. Erst nach der Mauer\u00f6ffnung im November 1989 konnte die Idee umgesetzt werden: Innerhalb von nur acht Monaten realisierten die Kuratoren Wulf Herzogenrath und Christoph Tannert und Joachim Sartorius vom Deutschen Akademischen Austauschdienst das Projekt \u201eDie Endlichkeit der Freiheit\u201c. An der Grundidee von 1986, Kunst in Ost und West zu zeigen, wurde festgehalten. Im Jahr 1990 lag der Akzent pl\u00f6tzlich eher auf dem Trennenden, \u201eauf dem, was sehr schwer zu vereinigen ist und was wahrscheinlich auch in den n\u00e4chsten Jahren gar nicht zusammengeht\u201c, so M\u00fcllers Prophezeiung. Das Vakuum 1990, eine Situation, die sich durch den Verlust von Sicherheit und Ordnung auszeichnete, wurde zum Raum f\u00fcr Kunst, die eher verunsicherte als best\u00e4tigte. Im Faltblatt hie\u00df es: \u201eAn bestimmten Orten wird die Zeit des Umbruchs f\u00fcr einen Moment angehalten, um eine andere k\u00fcnstlerische Politik zu machen.\u201c Die Erkenntnis in diese Sprachlosigkeit der Kunst brachte der Titel der Ausstellung zum Ausdruck, den Heiner M\u00fcller pr\u00e4gte. (&#8230;) In der DDR wurden Neuwagen in der Regel mit ungew\u00f6hnlich langen Wartezeiten verkauft, und die Preise f\u00fcr Gebrauchtwagen waren in Relation zu den Neupreisen \u00fcberproportional hoch. Au\u00dferdem war die Auswahl an Fahrzeugmodellen sehr gering. Dieser Zustand war das Resultat einer steigenden kaufkr\u00e4ftigen Nachfrage, die die wirtschaftlichen Gegebenheiten der Produktion und des Imports von Pkw bei weitem \u00fcberstieg. Das Missverh\u00e4ltnis wurde jedoch weder durch einen Marktmechanismus noch durch staatliche Anpassungen ausgeglichen. In der Folge konnten neue Pkw nicht mehr ohne Weiteres gekauft werden, sondern nur noch \u00fcber Vorbestellung mit teilweise mehr als 10-j\u00e4hriger Wartezeit. M\u00f6glichkeiten, die Wartezeit abzuk\u00fcrzen, standen nur eingeschr\u00e4nkten Personenkreisen offen, die entweder Zugang zu DM- Quellen hatten oder politisch privilegiert waren. Die vier Worte erscheinen in vier unterschiedlichen Schrifttypen, die an westdeutsche Automarken angelehnt sind: VW, Daimler Benz\/Mercedes, Porsche, BMW.<\/p>\n<p><em>Jurykommentar:<\/em><br \/>\nDas Projekt \u00fcberzeugt das Preisgericht durch seine sensibel-subtile Grundhaltung im Um-gang mit der geplanten Landschaft durch eine angemessene Dimensionierung und Positio-nierung und reduzierten Fu\u00dfabdruck. Die Umsetzung im Park ist gut durchdacht und w\u00e4re ohne Schwierigkeiten innerhalb der technischen und \u00f6konomischen Voraussetzungen durchf\u00fchrbar. Auch gibt es plausible Informationen f\u00fcr die qualit\u00e4tsvolle Produktion und Installation. Das Ergebnis w\u00e4re ein pr\u00e4zises und kontrastierendes Objekt in der Landschaft. Im ersten Moment schafft es Pr\u00e4gnanz und Aufmerksamkeit, ein Objekt, an das man sich erinnern w\u00fcrde. Der Bezug auf das Projekt des Dramatikers Heiner M\u00fcller und die sp\u00e4tere Ausstellung mit Rebecca Horn und Jannis Kounellis im Jahre 1989 ist in sich schl\u00fcssig und relevant. Nicht \u00fcberzeugt ist das Preisgericht allerdings vom grafischen Bezug in der Aus-f\u00fchrung des Titels \u201eDie Endlichkeit der Freiheit\u201c in Form von goldenen Schrifttypen der Au-tomarken VW, Daimler-Benz\/Mercedes, Porsche und BMW. Dieser Bezug als Freiheits-und Einheitsdenkmal in Leipzig wird als zu enge, zu wirtschaftliche und zu westliche Ann\u00e4he-rung gesehen. Als \u00e4sthetisches Objekt ist das Projekt gelungen. Es fehlt aber eine zus\u00e4tzliche Relevanz wo das Project als \u201ehuman trigger\u201c den Ort aktiviert. Dieser Titel ist als Repr\u00e4sentation gut zu verstehen, hat aber gleichzeitig als Denkmal in der Sicht des Preisgerichts nur einen begrenzten Erlebniswert und wenig dauerhafte Bedeutung. Und zuvorderst verlangt es ein Wissen von einem sehr begrenzten Teil der damaligen Auseinandersetzung. Als Aussage fehlt die M\u00f6glichkeit emotional am Ort gemeinsam, partizipativ oder als Grundlage f\u00fcr eine zuk\u00fcnftige Auseinandersetzung mit inhaltlich relevanten Themen zu generieren. Das Objekt ist als Ausdruck absolut. Das ist ihre St\u00e4rke aber gleichzeitig ihre Schw\u00e4che. Insgesamt w\u00fcrdigt das Preisgericht die Erf\u00fcllung der gestellten Aufgabe, wobei dieser Entwurf f\u00fcr den Eintritt in die Engere Wahl im Vergleich nicht zu \u00fcberzeugen vermag.<\/p>\n<\/div><\/div><\/div><\/section>\n<\/div><\/p><\/div><\/div><!--close column table wrapper. Autoclose: 1 --><div  class='hr av-2su5gw-14a6536b83f63823ec34329fdde906b2 hr-default  avia-builder-el-172  el_after_av_three_fifth  avia-builder-el-last'><span class='hr-inner'><span class=\"hr-inner-style\"><\/span><\/span><\/div>\n\n<\/div><\/div><\/div><!-- close content main div --><\/div><\/div><div id='av_section_19'  class='avia-section av-8s5s40-ee10124ef1950bddfef2e049817d8023 main_color avia-section-no-padding avia-no-border-styling  avia-builder-el-173  el_after_av_section  el_before_av_section  avia-bg-style-scroll container_wrap fullsize'  ><div class='container av-section-cont-open' ><div class='template-page content  av-content-full alpha units'><div class='post-entry post-entry-type-page post-entry-8368'><div class='entry-content-wrapper clearfix'>\n<div class='flex_column_table av-7v7v7k-db930400afc18b08ec4daaca87dee4ce sc-av_one_third av-equal-height-column-flextable'><div  class='flex_column av-7v7v7k-db930400afc18b08ec4daaca87dee4ce av_one_third  avia-builder-el-174  el_before_av_three_fifth  avia-builder-el-first  first no_margin flex_column_table_cell av-equal-height-column av-align-top'     ><section  class='av_textblock_section av-m2t3amij-9d2a771402b22d2df79e4fecb3a9459a'   itemscope=\"itemscope\" itemtype=\"https:\/\/schema.org\/CreativeWork\" ><div class='avia_textblock'  itemprop=\"text\" ><h4>Ina Weise, Matthias Lehmann<\/h4>\n<\/div><\/section><br \/>\n\n<style type=\"text\/css\" data-created_by=\"avia_inline_auto\" id=\"style-css-av-m2t384lb-c19d820f283fea74cd9f31099a57693c\">\n.avia-image-container.av-m2t384lb-c19d820f283fea74cd9f31099a57693c img.avia_image{\nbox-shadow:none;\n}\n.avia-image-container.av-m2t384lb-c19d820f283fea74cd9f31099a57693c .av-image-caption-overlay-center{\ncolor:#ffffff;\n}\n<\/style>\n<div  class='avia-image-container av-m2t384lb-c19d820f283fea74cd9f31099a57693c av-styling- avia-align-center  avia-builder-el-176  el_after_av_textblock  avia-builder-el-last'   itemprop=\"image\" itemscope=\"itemscope\" itemtype=\"https:\/\/schema.org\/ImageObject\" ><div class=\"avia-image-container-inner\"><div class=\"avia-image-overlay-wrap\"><img decoding=\"async\" fetchpriority=\"high\" class='wp-image-8524 avia-img-lazy-loading-not-8524 avia_image' src=\"https:\/\/freiheitsdenkmal-leipzig.de\/wp-content\/uploads\/2024\/10\/FEL_8025_1_G.jpg\" alt='' title='FEL_8025_1_G'  height=\"400\" width=\"600\"  itemprop=\"thumbnailUrl\" srcset=\"https:\/\/freiheitsdenkmal-leipzig.de\/wp-content\/uploads\/2024\/10\/FEL_8025_1_G.jpg 600w, https:\/\/freiheitsdenkmal-leipzig.de\/wp-content\/uploads\/2024\/10\/FEL_8025_1_G-300x200.jpg 300w, https:\/\/freiheitsdenkmal-leipzig.de\/wp-content\/uploads\/2024\/10\/FEL_8025_1_G-18x12.jpg 18w\" sizes=\"(max-width: 600px) 100vw, 600px\" \/><\/div><\/div><\/div><\/p><\/div><div  class='flex_column av-5s3e3k-229c9a99db3dc019b56de0e253e58b3c av_three_fifth  avia-builder-el-177  el_after_av_one_third  el_before_av_hr  no_margin flex_column_table_cell av-equal-height-column av-align-top'     ><p>\n<style type=\"text\/css\" data-created_by=\"avia_inline_auto\" id=\"style-css-av-doi80-495d8e254bcbce779985ca61032259f3\">\n#top .hr.hr-invisible.av-doi80-495d8e254bcbce779985ca61032259f3{\nheight:20px;\n}\n<\/style>\n<div  class='hr av-doi80-495d8e254bcbce779985ca61032259f3 hr-invisible  avia-builder-el-178  el_before_av_gallery  avia-builder-el-first'><span class='hr-inner'><span class=\"hr-inner-style\"><\/span><\/span><\/div><br \/>\n\n<style type=\"text\/css\" data-created_by=\"avia_inline_auto\" id=\"style-css-av-m2t38q0k-fc063e3d20ded6a148d1fd15e3295dbb\">\n#top .avia-gallery.av-m2t38q0k-fc063e3d20ded6a148d1fd15e3295dbb .avia-gallery-thumb a{\nwidth:33.3333%;\n}\n<\/style>\n<div  class='avia-gallery av-m2t38q0k-fc063e3d20ded6a148d1fd15e3295dbb avia_animate_when_visible  avia-builder-el-179  el_after_av_hr  el_before_av_toggle_container  avia_lazyload avia-gallery-animate avia-gallery-19'  itemprop=\"image\" itemscope=\"itemscope\" itemtype=\"https:\/\/schema.org\/ImageObject\" ><meta itemprop=\"contentURL\" content=\"https:\/\/freiheitsdenkmal-leipzig.de\/en\/alle-entwuerfe\"><div class='avia-gallery-thumb'><a href=\"https:\/\/freiheitsdenkmal-leipzig.de\/wp-content\/uploads\/2024\/10\/FEL_8025_2_G.jpg\" data-srcset=\"https:\/\/freiheitsdenkmal-leipzig.de\/wp-content\/uploads\/2024\/10\/FEL_8025_2_G.jpg 600w, https:\/\/freiheitsdenkmal-leipzig.de\/wp-content\/uploads\/2024\/10\/FEL_8025_2_G-300x200.jpg 300w, https:\/\/freiheitsdenkmal-leipzig.de\/wp-content\/uploads\/2024\/10\/FEL_8025_2_G-18x12.jpg 18w\" data-sizes=\"(max-width: 600px) 100vw, 600px\" data-rel='gallery-19' data-prev-img='https:\/\/freiheitsdenkmal-leipzig.de\/wp-content\/uploads\/2024\/10\/FEL_8025_2_G-495x400.jpg' class='first_thumb lightbox' data-onclick='1' title='FEL_8025_2_G'  itemprop=\"thumbnailUrl\"  ><img decoding=\"async\" fetchpriority=\"high\" class=\"wp-image-8525 avia-img-lazy-loading-not-8525\"   src=\"https:\/\/freiheitsdenkmal-leipzig.de\/wp-content\/uploads\/2024\/10\/FEL_8025_2_G.jpg\" width=\"600\" height=\"400\"  title='FEL_8025_2_G' alt='' srcset=\"https:\/\/freiheitsdenkmal-leipzig.de\/wp-content\/uploads\/2024\/10\/FEL_8025_2_G.jpg 600w, https:\/\/freiheitsdenkmal-leipzig.de\/wp-content\/uploads\/2024\/10\/FEL_8025_2_G-300x200.jpg 300w, https:\/\/freiheitsdenkmal-leipzig.de\/wp-content\/uploads\/2024\/10\/FEL_8025_2_G-18x12.jpg 18w\" sizes=\"(max-width: 600px) 100vw, 600px\" \/><div class='big-prev-fake'><img decoding=\"async\" loading=\"lazy\" class=\"wp-image-8525 avia-img-lazy-loading-8525\"  width=\"495\" height=\"400\" src=\"https:\/\/freiheitsdenkmal-leipzig.de\/wp-content\/uploads\/2024\/10\/FEL_8025_2_G-495x400.jpg\" title='FEL_8025_2_G' alt='' \/><\/div><\/a><a href=\"https:\/\/freiheitsdenkmal-leipzig.de\/wp-content\/uploads\/2024\/10\/FEL_8025_3_G.jpg\" data-srcset=\"https:\/\/freiheitsdenkmal-leipzig.de\/wp-content\/uploads\/2024\/10\/FEL_8025_3_G.jpg 600w, https:\/\/freiheitsdenkmal-leipzig.de\/wp-content\/uploads\/2024\/10\/FEL_8025_3_G-300x200.jpg 300w, https:\/\/freiheitsdenkmal-leipzig.de\/wp-content\/uploads\/2024\/10\/FEL_8025_3_G-18x12.jpg 18w\" data-sizes=\"(max-width: 600px) 100vw, 600px\" data-rel='gallery-19' data-prev-img='https:\/\/freiheitsdenkmal-leipzig.de\/wp-content\/uploads\/2024\/10\/FEL_8025_3_G-495x400.jpg' class='lightbox' data-onclick='2' title='FEL_8025_3_G'  itemprop=\"thumbnailUrl\"  ><img decoding=\"async\" fetchpriority=\"high\" class=\"wp-image-8526 avia-img-lazy-loading-not-8526\"   src=\"https:\/\/freiheitsdenkmal-leipzig.de\/wp-content\/uploads\/2024\/10\/FEL_8025_3_G.jpg\" width=\"600\" height=\"400\"  title='FEL_8025_3_G' alt='' srcset=\"https:\/\/freiheitsdenkmal-leipzig.de\/wp-content\/uploads\/2024\/10\/FEL_8025_3_G.jpg 600w, https:\/\/freiheitsdenkmal-leipzig.de\/wp-content\/uploads\/2024\/10\/FEL_8025_3_G-300x200.jpg 300w, https:\/\/freiheitsdenkmal-leipzig.de\/wp-content\/uploads\/2024\/10\/FEL_8025_3_G-18x12.jpg 18w\" sizes=\"(max-width: 600px) 100vw, 600px\" \/><div class='big-prev-fake'><img decoding=\"async\" loading=\"lazy\" class=\"wp-image-8526 avia-img-lazy-loading-8526\"  width=\"495\" height=\"400\" src=\"https:\/\/freiheitsdenkmal-leipzig.de\/wp-content\/uploads\/2024\/10\/FEL_8025_3_G-495x400.jpg\" title='FEL_8025_3_G' alt='' \/><\/div><\/a><a href=\"https:\/\/freiheitsdenkmal-leipzig.de\/wp-content\/uploads\/2024\/10\/FEL_8025_4_G.jpg\" data-srcset=\"https:\/\/freiheitsdenkmal-leipzig.de\/wp-content\/uploads\/2024\/10\/FEL_8025_4_G.jpg 600w, https:\/\/freiheitsdenkmal-leipzig.de\/wp-content\/uploads\/2024\/10\/FEL_8025_4_G-300x200.jpg 300w, https:\/\/freiheitsdenkmal-leipzig.de\/wp-content\/uploads\/2024\/10\/FEL_8025_4_G-18x12.jpg 18w\" data-sizes=\"(max-width: 600px) 100vw, 600px\" data-rel='gallery-19' data-prev-img='https:\/\/freiheitsdenkmal-leipzig.de\/wp-content\/uploads\/2024\/10\/FEL_8025_4_G-495x400.jpg' class='lightbox' data-onclick='3' title='FEL_8025_4_G'  itemprop=\"thumbnailUrl\"  ><img decoding=\"async\" fetchpriority=\"high\" class=\"wp-image-8527 avia-img-lazy-loading-not-8527\"   src=\"https:\/\/freiheitsdenkmal-leipzig.de\/wp-content\/uploads\/2024\/10\/FEL_8025_4_G.jpg\" width=\"600\" height=\"400\"  title='FEL_8025_4_G' alt='' srcset=\"https:\/\/freiheitsdenkmal-leipzig.de\/wp-content\/uploads\/2024\/10\/FEL_8025_4_G.jpg 600w, https:\/\/freiheitsdenkmal-leipzig.de\/wp-content\/uploads\/2024\/10\/FEL_8025_4_G-300x200.jpg 300w, https:\/\/freiheitsdenkmal-leipzig.de\/wp-content\/uploads\/2024\/10\/FEL_8025_4_G-18x12.jpg 18w\" sizes=\"(max-width: 600px) 100vw, 600px\" \/><div class='big-prev-fake'><img decoding=\"async\" loading=\"lazy\" class=\"wp-image-8527 avia-img-lazy-loading-8527\"  width=\"495\" height=\"400\" src=\"https:\/\/freiheitsdenkmal-leipzig.de\/wp-content\/uploads\/2024\/10\/FEL_8025_4_G-495x400.jpg\" title='FEL_8025_4_G' alt='' \/><\/div><\/a><\/div><\/div><br \/>\n<div  class='togglecontainer av-m2t3agwr-56d9a69cb6bf34b8db66ab3d40861982 av-minimal-toggle  avia-builder-el-180  el_after_av_gallery  avia-builder-el-last  toggle_close_all' >\n<section class='av_toggle_section av-m2t3ag2g-bfe127cec1c3101362d3ac7dfc004be0'  itemscope=\"itemscope\" itemtype=\"https:\/\/schema.org\/CreativeWork\" ><div role=\"tablist\" class=\"single_toggle\" data-tags=\"{All} \"  ><p data-fake-id='#toggle-id-19' class='toggler'  itemprop=\"headline\"  role='tab' tabindex='0' aria-controls='toggle-id-19'>Detail-Informationen<span class=\"toggle_icon\"><span class=\"vert_icon\"><\/span><span class=\"hor_icon\"><\/span><\/span><\/p><div id='toggle-id-19' class='toggle_wrap'  ><div class='toggle_content invers-color'  itemprop=\"text\" ><p><em>Von:<\/em> Ina Weise, Dresden; Matthias Lehmann, Mei\u00dfen<\/p>\n<p><em>Erl\u00e4uterungstext:<\/em><br \/>\nKreisring in Schr\u00e4glage Im Zentrum Leipzigs erhebt sich ein aus der umliegenden Landschaft ausgestanzter, in sich geneigter Ring, der seine Kreise zieht und dabei scheinbar ins Wanken geraten ist. Die Assoziation an eine \u201eaus dem Gleichgewicht geratenen Welt\u201c durch die Schr\u00e4glage der Skulptur verdeutlicht die oft instabile und prek\u00e4re Natur demokratischer Werte. Freiheit und Demokratie sind keine abgeschlossenen Zust\u00e4nde, sondern dynamische Prozesse, die st\u00e4ndigen Herausforderungen und Schwankungen unterliegen. f r e i nutzt die Kreisform als Symbol f\u00fcr Einheit und Zusammengeh\u00f6rigkeit \u2013 ein Verweis auf die Einheits- und Freiheitsbewegungen der Friedlichen Revolution. Wie das Prinzip des Runden Tischs wird das Denkmal zur Vermittlungsinstanz und zu einem Ort der Verhandlung und B\u00fcrgerbeteiligung \u2013 die symbolische Sitzordnung ohne Hierarchie im \u00f6ffentlichen Raum. Wenngleich der Kreisring eine eigene Dynamik entwickelt hat, greift er die nat\u00fcrliche Umgebung auf und f\u00fchrt sie fort. Beim Betreten werden wir Teil des Ganzen und bewegen uns \u2013 mal auf, mal ab \u2013 mit den Schichten aus Vergangenheit und Gegenwart. Raum und Landschaftsgestaltung f r e i interagiert bewusst mit dem Raum und der Landschaftsarchitektur des Parks, in dem es platziert ist. Der Kreisring hat einen Durchmesser von 20 Meter und integriert sich nahtlos in die umgebende Landschaftsarchitektur des Wilhelm-Leuschner-Platzes, indem er sich den bestehenden Strukturen unterordnet und nicht als dominierendes, solit\u00e4res Objekt auftritt. Sowohl die umliegende Vegetation als auch die Wege des Parks verschmelzen mit den Strukturen der Skulptur. Die Einbindung in die landschaftliche Umgebung erm\u00f6glicht es, dass das Denkmal als Teil eines gr\u00f6\u00dferen Ganzen wahrgenommen wird und nicht isoliert erscheint. Alle Bereiche des Denkmals sind begehbar, aber f\u00fcr Menschen mit unterschiedlichen Mobilit\u00e4tsbed\u00fcrfnissen beschr\u00e4nkt zug\u00e4nglich. Alle k\u00f6nnen sich dem Denkmal von allen Seiten uneingeschr\u00e4nkt n\u00e4hern und es wahrnehmen. Symbolik der dreidimensionalen Intarsie In den Kreisring, wie ein Kern eingefasst, ist das Wort frei. Eine dreidimensionale Intarsie, teils sichtbar, teils verdeckt. Wie ein Schatz kurz vor seiner Freilegung. Das halbverdeckte frei weist darauf hin, dass Freiheit immer ein Potenzial zur Entwicklung hat und weltweit noch nicht vollst\u00e4ndig erreicht ist. Die bewusste Teilverdeckung dient als kritische Reflexion der Realit\u00e4t, dass nicht alle Menschen au der Welt in Freiheit leben k\u00f6nnen. Eine Tatsache, die einerseits auf die globale Ungleichheit in Bezug auf Freiheit und Menschenrechte verweist, uns andererseits ermutigt, \u00fcber die fortw\u00e4hrende Fragilit\u00e4t und das Potenzial von Freiheit nachzudenken.<\/p>\n<p><em>Jurykommentar:<\/em><br \/>\nDie Arbeit reflektiert die Werte der friedlichen Revolution und ihre globale Relevanz. Das Denkmal soll nicht nur zum Gedenken, sondern auch zur aktiven Auseinandersetzung mit den Bedeutungen und den Herausforderungen von Freiheit und Demokratie einladen. F\u00fcr diesen sympathisch (welt)offenen Anspruch, der aus de besonderen Ereignisse 1989 in Leipzig ein zeitloses Allgemeines sucht, wird ein Kreisring als Begegnungsort vorgeschlagen: R\u00e4umlich und optisch mit dem Park verbunden, bietet er Sitzfl\u00e4chen nach Innen und Au\u00dfen. Der Kreisring erhebt sich teils aus der Oberfl\u00e4che des Parks, teils versinkt es darin. Diese bestechend einfache und gegen\u00fcber dem Park respektvolle Topographie h\u00e4tte ein gro\u00dfes Potential in seiner zur\u00fcckhaltend stillen Konzeption. Der Anspruch steht allerdings einerseits im Widerspruch zur Realit\u00e4t des lauten Ortes und wird in der Symbolik nicht \u00fcberzeugend eingel\u00f6st: statt diese \u201evielversprechende Leere\u201c in ihrem Aufforderungscharakter anmutig zu instrumentieren, wird sie durch den unmotiviert auftauchenden Schriftzug \u201efrei\u201c eher konterkariert.<\/p>\n<\/div><\/div><\/div><\/section>\n<\/div><\/p><\/div><\/div><!--close column table wrapper. Autoclose: 1 --><div  class='hr av-320nm8-4945de73e9b5fb44e7fb5b3c4f213ef3 hr-default  avia-builder-el-181  el_after_av_three_fifth  avia-builder-el-last'><span class='hr-inner'><span class=\"hr-inner-style\"><\/span><\/span><\/div>\n\n<\/div><\/div><\/div><!-- close content main div --><\/div><\/div><div id='av_section_20'  class='avia-section av-ccwc8w-1bb2a5c72bf0795d3091cf35e5725b57 main_color avia-section-no-padding avia-no-border-styling  avia-builder-el-182  el_after_av_section  el_before_av_section  avia-bg-style-scroll container_wrap fullsize'  ><div class='container av-section-cont-open' ><div class='template-page content  av-content-full alpha units'><div class='post-entry post-entry-type-page post-entry-8368'><div class='entry-content-wrapper clearfix'>\n<div class='flex_column_table av-be7u9c-cce2ab3ec397be3ab61ec8f843f7b862 sc-av_one_third av-equal-height-column-flextable'><div  class='flex_column av-be7u9c-cce2ab3ec397be3ab61ec8f843f7b862 av_one_third  avia-builder-el-183  el_before_av_three_fifth  avia-builder-el-first  first no_margin flex_column_table_cell av-equal-height-column av-align-top'     ><section  class='av_textblock_section av-m2t2issg-186e3a4fcac3d063bf89d50c9abd27fa'   itemscope=\"itemscope\" itemtype=\"https:\/\/schema.org\/CreativeWork\" ><div class='avia_textblock'  itemprop=\"text\" ><h4>Michael Sailstorfer<\/h4>\n<\/div><\/section><br \/>\n\n<style type=\"text\/css\" data-created_by=\"avia_inline_auto\" id=\"style-css-av-m2t2ey9z-36fba53c5bfac2a8c3cd179890f44e54\">\n.avia-image-container.av-m2t2ey9z-36fba53c5bfac2a8c3cd179890f44e54 img.avia_image{\nbox-shadow:none;\n}\n.avia-image-container.av-m2t2ey9z-36fba53c5bfac2a8c3cd179890f44e54 .av-image-caption-overlay-center{\ncolor:#ffffff;\n}\n<\/style>\n<div  class='avia-image-container av-m2t2ey9z-36fba53c5bfac2a8c3cd179890f44e54 av-styling- avia-align-center  avia-builder-el-185  el_after_av_textblock  avia-builder-el-last'   itemprop=\"image\" itemscope=\"itemscope\" itemtype=\"https:\/\/schema.org\/ImageObject\" ><div class=\"avia-image-container-inner\"><div class=\"avia-image-overlay-wrap\"><img decoding=\"async\" fetchpriority=\"high\" class='wp-image-8529 avia-img-lazy-loading-not-8529 avia_image' src=\"https:\/\/freiheitsdenkmal-leipzig.de\/wp-content\/uploads\/2024\/10\/FEL_8006_1_G-1.jpg\" alt='' title='FEL_8006_1_G'  height=\"400\" width=\"600\"  itemprop=\"thumbnailUrl\" srcset=\"https:\/\/freiheitsdenkmal-leipzig.de\/wp-content\/uploads\/2024\/10\/FEL_8006_1_G-1.jpg 600w, https:\/\/freiheitsdenkmal-leipzig.de\/wp-content\/uploads\/2024\/10\/FEL_8006_1_G-1-300x200.jpg 300w, https:\/\/freiheitsdenkmal-leipzig.de\/wp-content\/uploads\/2024\/10\/FEL_8006_1_G-1-18x12.jpg 18w\" sizes=\"(max-width: 600px) 100vw, 600px\" \/><\/div><\/div><\/div><\/p><\/div><div  class='flex_column av-8vdqhs-0d081c5fb13bfe6100dff6ec1fa1b388 av_three_fifth  avia-builder-el-186  el_after_av_one_third  el_before_av_hr  no_margin flex_column_table_cell av-equal-height-column av-align-top'     ><p>\n<style type=\"text\/css\" data-created_by=\"avia_inline_auto\" id=\"style-css-av-748acw-cc0f0c84d69a8c32202e4ce52796b208\">\n#top .hr.hr-invisible.av-748acw-cc0f0c84d69a8c32202e4ce52796b208{\nheight:20px;\n}\n<\/style>\n<div  class='hr av-748acw-cc0f0c84d69a8c32202e4ce52796b208 hr-invisible  avia-builder-el-187  el_before_av_gallery  avia-builder-el-first'><span class='hr-inner'><span class=\"hr-inner-style\"><\/span><\/span><\/div><br \/>\n\n<style type=\"text\/css\" data-created_by=\"avia_inline_auto\" id=\"style-css-av-m2t2fnjr-7a3e62320366b40e9c02628aa3a2b6a1\">\n#top .avia-gallery.av-m2t2fnjr-7a3e62320366b40e9c02628aa3a2b6a1 .avia-gallery-thumb a{\nwidth:33.3333%;\n}\n<\/style>\n<div  class='avia-gallery av-m2t2fnjr-7a3e62320366b40e9c02628aa3a2b6a1 avia_animate_when_visible  avia-builder-el-188  el_after_av_hr  el_before_av_toggle_container  avia_lazyload avia-gallery-animate avia-gallery-20'  itemprop=\"image\" itemscope=\"itemscope\" itemtype=\"https:\/\/schema.org\/ImageObject\" ><meta itemprop=\"contentURL\" content=\"https:\/\/freiheitsdenkmal-leipzig.de\/en\/alle-entwuerfe\"><div class='avia-gallery-thumb'><a href=\"https:\/\/freiheitsdenkmal-leipzig.de\/wp-content\/uploads\/2024\/10\/FEL_8006_2_G.jpg\" data-srcset=\"https:\/\/freiheitsdenkmal-leipzig.de\/wp-content\/uploads\/2024\/10\/FEL_8006_2_G.jpg 600w, https:\/\/freiheitsdenkmal-leipzig.de\/wp-content\/uploads\/2024\/10\/FEL_8006_2_G-300x200.jpg 300w, https:\/\/freiheitsdenkmal-leipzig.de\/wp-content\/uploads\/2024\/10\/FEL_8006_2_G-18x12.jpg 18w\" data-sizes=\"(max-width: 600px) 100vw, 600px\" data-rel='gallery-20' data-prev-img='https:\/\/freiheitsdenkmal-leipzig.de\/wp-content\/uploads\/2024\/10\/FEL_8006_2_G-495x400.jpg' class='first_thumb lightbox' data-onclick='1' title='FEL_8006_2_G'  itemprop=\"thumbnailUrl\"  ><img decoding=\"async\" fetchpriority=\"high\" class=\"wp-image-8530 avia-img-lazy-loading-not-8530\"   src=\"https:\/\/freiheitsdenkmal-leipzig.de\/wp-content\/uploads\/2024\/10\/FEL_8006_2_G.jpg\" width=\"600\" height=\"400\"  title='FEL_8006_2_G' alt='' srcset=\"https:\/\/freiheitsdenkmal-leipzig.de\/wp-content\/uploads\/2024\/10\/FEL_8006_2_G.jpg 600w, https:\/\/freiheitsdenkmal-leipzig.de\/wp-content\/uploads\/2024\/10\/FEL_8006_2_G-300x200.jpg 300w, https:\/\/freiheitsdenkmal-leipzig.de\/wp-content\/uploads\/2024\/10\/FEL_8006_2_G-18x12.jpg 18w\" sizes=\"(max-width: 600px) 100vw, 600px\" \/><div class='big-prev-fake'><img decoding=\"async\" loading=\"lazy\" class=\"wp-image-8530 avia-img-lazy-loading-8530\"  width=\"495\" height=\"400\" src=\"https:\/\/freiheitsdenkmal-leipzig.de\/wp-content\/uploads\/2024\/10\/FEL_8006_2_G-495x400.jpg\" title='FEL_8006_2_G' alt='' \/><\/div><\/a><a href=\"https:\/\/freiheitsdenkmal-leipzig.de\/wp-content\/uploads\/2024\/10\/FEL_8006_3_G.jpg\" data-srcset=\"https:\/\/freiheitsdenkmal-leipzig.de\/wp-content\/uploads\/2024\/10\/FEL_8006_3_G.jpg 600w, https:\/\/freiheitsdenkmal-leipzig.de\/wp-content\/uploads\/2024\/10\/FEL_8006_3_G-300x200.jpg 300w, https:\/\/freiheitsdenkmal-leipzig.de\/wp-content\/uploads\/2024\/10\/FEL_8006_3_G-18x12.jpg 18w\" data-sizes=\"(max-width: 600px) 100vw, 600px\" data-rel='gallery-20' data-prev-img='https:\/\/freiheitsdenkmal-leipzig.de\/wp-content\/uploads\/2024\/10\/FEL_8006_3_G-495x400.jpg' class='lightbox' data-onclick='2' title='FEL_8006_3_G'  itemprop=\"thumbnailUrl\"  ><img decoding=\"async\" fetchpriority=\"high\" class=\"wp-image-8531 avia-img-lazy-loading-not-8531\"   src=\"https:\/\/freiheitsdenkmal-leipzig.de\/wp-content\/uploads\/2024\/10\/FEL_8006_3_G.jpg\" width=\"600\" height=\"400\"  title='FEL_8006_3_G' alt='' srcset=\"https:\/\/freiheitsdenkmal-leipzig.de\/wp-content\/uploads\/2024\/10\/FEL_8006_3_G.jpg 600w, https:\/\/freiheitsdenkmal-leipzig.de\/wp-content\/uploads\/2024\/10\/FEL_8006_3_G-300x200.jpg 300w, https:\/\/freiheitsdenkmal-leipzig.de\/wp-content\/uploads\/2024\/10\/FEL_8006_3_G-18x12.jpg 18w\" sizes=\"(max-width: 600px) 100vw, 600px\" \/><div class='big-prev-fake'><img decoding=\"async\" loading=\"lazy\" class=\"wp-image-8531 avia-img-lazy-loading-8531\"  width=\"495\" height=\"400\" src=\"https:\/\/freiheitsdenkmal-leipzig.de\/wp-content\/uploads\/2024\/10\/FEL_8006_3_G-495x400.jpg\" title='FEL_8006_3_G' alt='' \/><\/div><\/a><a href=\"https:\/\/freiheitsdenkmal-leipzig.de\/wp-content\/uploads\/2024\/10\/FEL_8006_4_G.jpg\" data-srcset=\"https:\/\/freiheitsdenkmal-leipzig.de\/wp-content\/uploads\/2024\/10\/FEL_8006_4_G.jpg 600w, https:\/\/freiheitsdenkmal-leipzig.de\/wp-content\/uploads\/2024\/10\/FEL_8006_4_G-300x200.jpg 300w, https:\/\/freiheitsdenkmal-leipzig.de\/wp-content\/uploads\/2024\/10\/FEL_8006_4_G-18x12.jpg 18w\" data-sizes=\"(max-width: 600px) 100vw, 600px\" data-rel='gallery-20' data-prev-img='https:\/\/freiheitsdenkmal-leipzig.de\/wp-content\/uploads\/2024\/10\/FEL_8006_4_G-495x400.jpg' class='lightbox' data-onclick='3' title='FEL_8006_4_G'  itemprop=\"thumbnailUrl\"  ><img decoding=\"async\" fetchpriority=\"high\" class=\"wp-image-8532 avia-img-lazy-loading-not-8532\"   src=\"https:\/\/freiheitsdenkmal-leipzig.de\/wp-content\/uploads\/2024\/10\/FEL_8006_4_G.jpg\" width=\"600\" height=\"400\"  title='FEL_8006_4_G' alt='' srcset=\"https:\/\/freiheitsdenkmal-leipzig.de\/wp-content\/uploads\/2024\/10\/FEL_8006_4_G.jpg 600w, https:\/\/freiheitsdenkmal-leipzig.de\/wp-content\/uploads\/2024\/10\/FEL_8006_4_G-300x200.jpg 300w, https:\/\/freiheitsdenkmal-leipzig.de\/wp-content\/uploads\/2024\/10\/FEL_8006_4_G-18x12.jpg 18w\" sizes=\"(max-width: 600px) 100vw, 600px\" \/><div class='big-prev-fake'><img decoding=\"async\" loading=\"lazy\" class=\"wp-image-8532 avia-img-lazy-loading-8532\"  width=\"495\" height=\"400\" src=\"https:\/\/freiheitsdenkmal-leipzig.de\/wp-content\/uploads\/2024\/10\/FEL_8006_4_G-495x400.jpg\" title='FEL_8006_4_G' alt='' \/><\/div><\/a><\/div><\/div><br \/>\n<div  class='togglecontainer av-m2t2b9fy-1e75a3f0ed02ebcef7efc737b294a41c av-minimal-toggle  avia-builder-el-189  el_after_av_gallery  avia-builder-el-last  toggle_close_all' >\n<section class='av_toggle_section av-m2t2b744-f087c543b7f77352ffee8acaf18716d6'  itemscope=\"itemscope\" itemtype=\"https:\/\/schema.org\/CreativeWork\" ><div role=\"tablist\" class=\"single_toggle\" data-tags=\"{All} \"  ><p data-fake-id='#toggle-id-20' class='toggler'  itemprop=\"headline\"  role='tab' tabindex='0' aria-controls='toggle-id-20'>Detail-Informationen<span class=\"toggle_icon\"><span class=\"vert_icon\"><\/span><span class=\"hor_icon\"><\/span><\/span><\/p><div id='toggle-id-20' class='toggle_wrap'  ><div class='toggle_content invers-color'  itemprop=\"text\" ><p><em>Von:<\/em> Michael Sailstorfer, Berlin<\/p>\n<p><em>Mitarbeiter:innen:<\/em> Arne Schmidt, Charlotte Spichalsky<\/p>\n<p><em>Fachberater:in:<\/em>\u00a0Bernd Euler GmbH, Berlin<\/p>\n<p>Erl\u00e4uterungstext:<br \/>\nDer Entwurf \u201eZwei B\u00e4ume\u201c sieht eine Installation zweier parallel durch den Park verlaufender Schienen vor. Die in den Boden eingelassenen Trassen erstrecken sich mit einer Gesamtl\u00e4nge von 100 Metern in einer geraden Linie von S\u00fcdwest nach Nordost. Auf den Schienen sind zwei aus Beton gefertigte Tr\u00f6ge installiert, in denen jeweils eine Zerr-Eiche gepflanzt ist. Die Tr\u00f6ge sind auf den jeweils gegen\u00fcberliegenden Enden auf die Schienen gesetzt und bewegen sich aufeinander zu. Wenn die Tr\u00f6ge auf gleicher H\u00f6he sind, endet die Fahrt. Die Baumkronen werden sich zu diesem Zeitpunkt miteinander verbunden und in Teilen ineinander verkeilt haben. Im Laufe der Zeit werden f\u00fcr den Park geplante Wege von den Tr\u00f6gen gekreuzt. Die B\u00e4ume schieben sich den Passanten regelrecht in den Weg und erfordern eine neue Wahrnehmung und gegebenenfalls auch Anpassung an die Ver\u00e4nderung. Mit der Wahl von Eichen als Bewuchs f\u00fcr die Tr\u00f6ge wird der symbolischen Bedeutung f\u00fcr die Einheit Deutschlands, dessen Ursprung in der Revolution von 1849 liegt, Rechnung getragen. Die Zerr-Eiche, die vorrangig in S\u00fcd- und Osteuropa heimisch ist, wurde f\u00fcr den Entwurf ausgew\u00e4hlt, dasie durch ihre Eigenschaften f\u00fcr die Bedingungen in den Betontr\u00f6gen geeignet ist. Sie h\u00e4lt imVergleich zu heimischen Eichenarten l\u00e4ngere Trockenphasen besser aus, gedeiht auch inn\u00e4hrstoff\u00e4rmeren Umgebungen und ist Luftverschmutzungen gegen\u00fcber resistenter. Ein Weiterer ausschlaggebender Punkt f\u00fcr die Verwendung der Zerr-Eiche ist, ihre Verwendung durch die Landschaftsarchitekten f\u00fcr die Bepflanzung des Parks. Zum Zeitpunkt der Installation des Kunstwerks werden Eichen gew\u00e4hlt, die zwischen 7 und 8 Meter hoch sind. Bei einemdurchschnittlichen Wachstum von etwa 30 cm im Jahr ist davon auszugehen, dass die B\u00e4ume nach41 Jahren um die 20 Meter hoch sind. Die Freiheit ist eine Errungenschaft, die durch den permanenten gesellschaftlichen Wandel stets neu ausgehandelt und verteidigt werden muss. Die konstante Bewegung der B\u00e4ume, auf ihrem Weg zur Vereinigung, spiegeln diesen Prozess wider. Bewegung und Wandel sind die zentralen Motive des Entwurfs, \u00fcber die Themen Freiheit und Einheit nicht als historisches Ereignis, sondern als aktuelle gesellschaftliche Themen gedacht werden.<\/p>\n<p><em>Jurykommentar:<\/em><br \/>\nDas Preisgericht kann im Projekt den Versuch nachvollziehen, die Landschaft in den Charakter des Denkmals zu integrieren. Auch w\u00fcrdigt das Preisgericht das Ansinnen, Dynamik und eine langzeitliche Anordnung zu thematisieren. Neben der Umsetzung dieser Fragen und das Fehlen einer konkreteren Auseinandersetzung mit Themen der Friedlichen Revolution betrifft die wesentliche Kritik des Preisgerichts die Symbolik des Konzepts. Mit einer 41 Jahre dauernden Trennung der beiden B\u00e4ume wird die Teilung Deutschlands unterstrichen und somit ein besonderer Schwerpunkt auf die Vergangenheit, den Abstand und die Differenz gelegt, zu wenig das Momentum des Friedens und des politischen Protests. Die Kulmination der Komposition ist das Ereignis der Wiedervereinigung nach 41 Jahren. Allerdings wird diesem Moment zu wenig Wirkkraft zugesprochen. Laut Entwurf soll nach Zusammentreffen der B\u00e4ume, die Fahrt von Neuem beginnen, indem die Tr\u00f6ge in ihre Ausgangsposition gebracht und neu bepflanzt werden. Das Preisgericht sieht hier abermals die Betonung auf der Trennung, da der Trennungsprozess mit den angedachten 41 Jahren von Neuem beginnen w\u00fcrde. Insgesamt w\u00fcrdigt das Preisgericht das kreative Grundkonzept, dessen Umsetzung gerade hinsichtlich des Einheitsgedankens als wenig geeignet beurteilt wird.<\/p>\n<\/div><\/div><\/div><\/section>\n<\/div><\/p><\/div><\/div><!--close column table wrapper. Autoclose: 1 --><div  class='hr av-2gzmj4-1921655f315bbf5690a0d20cbf30a97f hr-default  avia-builder-el-190  el_after_av_three_fifth  avia-builder-el-last'><span class='hr-inner'><span class=\"hr-inner-style\"><\/span><\/span><\/div>\n\n<\/div><\/div><\/div><!-- close content main div --><\/div><\/div><div id='av_section_21'  class='avia-section av-9p8u74-7e6aa40f47224468923632f37317d8b6 main_color avia-section-no-padding avia-no-border-styling  avia-builder-el-191  el_after_av_section  el_before_av_one_full  avia-bg-style-scroll container_wrap fullsize'  ><div class='container av-section-cont-open' ><div class='template-page content  av-content-full alpha units'><div class='post-entry post-entry-type-page post-entry-8368'><div class='entry-content-wrapper clearfix'>\n<div class='flex_column_table av-6z93qo-aafb08227ba9721851370990b8912d38 sc-av_one_third av-equal-height-column-flextable'><div  class='flex_column av-6z93qo-aafb08227ba9721851370990b8912d38 av_one_third  avia-builder-el-192  el_before_av_three_fifth  avia-builder-el-first  first no_margin flex_column_table_cell av-equal-height-column av-align-top'     ><section  class='av_textblock_section av-m2t3ql1d-886621c46343fa9056d9f27f1663a4d0'   itemscope=\"itemscope\" itemtype=\"https:\/\/schema.org\/CreativeWork\" ><div class='avia_textblock'  itemprop=\"text\" ><h4>Sebastian Jung<\/h4>\n<\/div><\/section><br \/>\n\n<style type=\"text\/css\" data-created_by=\"avia_inline_auto\" id=\"style-css-av-m2t3kjv9-cb6f8659c83c9ce24bb44eccfb3a3d89\">\n.avia-image-container.av-m2t3kjv9-cb6f8659c83c9ce24bb44eccfb3a3d89 img.avia_image{\nbox-shadow:none;\n}\n.avia-image-container.av-m2t3kjv9-cb6f8659c83c9ce24bb44eccfb3a3d89 .av-image-caption-overlay-center{\ncolor:#ffffff;\n}\n<\/style>\n<div  class='avia-image-container av-m2t3kjv9-cb6f8659c83c9ce24bb44eccfb3a3d89 av-styling- avia-align-center  avia-builder-el-194  el_after_av_textblock  avia-builder-el-last'   itemprop=\"image\" itemscope=\"itemscope\" itemtype=\"https:\/\/schema.org\/ImageObject\" ><div class=\"avia-image-container-inner\"><div class=\"avia-image-overlay-wrap\"><img decoding=\"async\" fetchpriority=\"high\" class='wp-image-8534 avia-img-lazy-loading-not-8534 avia_image' src=\"https:\/\/freiheitsdenkmal-leipzig.de\/wp-content\/uploads\/2024\/10\/FEL_8015_1_G.jpg\" alt='' title='FEL_8015_1_G'  height=\"400\" width=\"600\"  itemprop=\"thumbnailUrl\" srcset=\"https:\/\/freiheitsdenkmal-leipzig.de\/wp-content\/uploads\/2024\/10\/FEL_8015_1_G.jpg 600w, https:\/\/freiheitsdenkmal-leipzig.de\/wp-content\/uploads\/2024\/10\/FEL_8015_1_G-300x200.jpg 300w, https:\/\/freiheitsdenkmal-leipzig.de\/wp-content\/uploads\/2024\/10\/FEL_8015_1_G-18x12.jpg 18w\" sizes=\"(max-width: 600px) 100vw, 600px\" \/><\/div><\/div><\/div><\/p><\/div><div  class='flex_column av-5c91ow-da81391e922c64ab2538ff4e927b093b av_three_fifth  avia-builder-el-195  el_after_av_one_third  el_before_av_hr  no_margin flex_column_table_cell av-equal-height-column av-align-top'     ><p>\n<style type=\"text\/css\" data-created_by=\"avia_inline_auto\" id=\"style-css-av-f9iow-3a10096f4e8aa7b192437080400e5676\">\n#top .hr.hr-invisible.av-f9iow-3a10096f4e8aa7b192437080400e5676{\nheight:20px;\n}\n<\/style>\n<div  class='hr av-f9iow-3a10096f4e8aa7b192437080400e5676 hr-invisible  avia-builder-el-196  el_before_av_gallery  avia-builder-el-first'><span class='hr-inner'><span class=\"hr-inner-style\"><\/span><\/span><\/div><br \/>\n\n<style type=\"text\/css\" data-created_by=\"avia_inline_auto\" id=\"style-css-av-m2t3mi7y-e9ca7bff44327855bfd77f831e2137f1\">\n#top .avia-gallery.av-m2t3mi7y-e9ca7bff44327855bfd77f831e2137f1 .avia-gallery-thumb a{\nwidth:33.3333%;\n}\n<\/style>\n<div  class='avia-gallery av-m2t3mi7y-e9ca7bff44327855bfd77f831e2137f1 avia_animate_when_visible  avia-builder-el-197  el_after_av_hr  el_before_av_toggle_container  avia_lazyload avia-gallery-animate avia-gallery-21'  itemprop=\"image\" itemscope=\"itemscope\" itemtype=\"https:\/\/schema.org\/ImageObject\" ><meta itemprop=\"contentURL\" content=\"https:\/\/freiheitsdenkmal-leipzig.de\/en\/alle-entwuerfe\"><div class='avia-gallery-thumb'><a href=\"https:\/\/freiheitsdenkmal-leipzig.de\/wp-content\/uploads\/2024\/10\/FEL_8015_2_G-Kopie-1.jpg\" data-srcset=\"https:\/\/freiheitsdenkmal-leipzig.de\/wp-content\/uploads\/2024\/10\/FEL_8015_2_G-Kopie-1.jpg 600w, https:\/\/freiheitsdenkmal-leipzig.de\/wp-content\/uploads\/2024\/10\/FEL_8015_2_G-Kopie-1-300x200.jpg 300w, https:\/\/freiheitsdenkmal-leipzig.de\/wp-content\/uploads\/2024\/10\/FEL_8015_2_G-Kopie-1-18x12.jpg 18w\" data-sizes=\"(max-width: 600px) 100vw, 600px\" data-rel='gallery-21' data-prev-img='https:\/\/freiheitsdenkmal-leipzig.de\/wp-content\/uploads\/2024\/10\/FEL_8015_2_G-Kopie-1-495x400.jpg' class='first_thumb lightbox' data-onclick='1' title='FEL_8015_2_G - Kopie'  itemprop=\"thumbnailUrl\"  ><img decoding=\"async\" fetchpriority=\"high\" class=\"wp-image-8538 avia-img-lazy-loading-not-8538\"   src=\"https:\/\/freiheitsdenkmal-leipzig.de\/wp-content\/uploads\/2024\/10\/FEL_8015_2_G-Kopie-1.jpg\" width=\"600\" height=\"400\"  title='FEL_8015_2_G - Kopie' alt='' srcset=\"https:\/\/freiheitsdenkmal-leipzig.de\/wp-content\/uploads\/2024\/10\/FEL_8015_2_G-Kopie-1.jpg 600w, https:\/\/freiheitsdenkmal-leipzig.de\/wp-content\/uploads\/2024\/10\/FEL_8015_2_G-Kopie-1-300x200.jpg 300w, https:\/\/freiheitsdenkmal-leipzig.de\/wp-content\/uploads\/2024\/10\/FEL_8015_2_G-Kopie-1-18x12.jpg 18w\" sizes=\"(max-width: 600px) 100vw, 600px\" \/><div class='big-prev-fake'><img decoding=\"async\" loading=\"lazy\" class=\"wp-image-8538 avia-img-lazy-loading-8538\"  width=\"495\" height=\"400\" src=\"https:\/\/freiheitsdenkmal-leipzig.de\/wp-content\/uploads\/2024\/10\/FEL_8015_2_G-Kopie-1-495x400.jpg\" title='FEL_8015_2_G - Kopie' alt='' \/><\/div><\/a><a href=\"https:\/\/freiheitsdenkmal-leipzig.de\/wp-content\/uploads\/2024\/10\/FEL_8015_3_G-Kopie-1.jpg\" data-srcset=\"https:\/\/freiheitsdenkmal-leipzig.de\/wp-content\/uploads\/2024\/10\/FEL_8015_3_G-Kopie-1.jpg 600w, https:\/\/freiheitsdenkmal-leipzig.de\/wp-content\/uploads\/2024\/10\/FEL_8015_3_G-Kopie-1-300x200.jpg 300w, https:\/\/freiheitsdenkmal-leipzig.de\/wp-content\/uploads\/2024\/10\/FEL_8015_3_G-Kopie-1-18x12.jpg 18w\" data-sizes=\"(max-width: 600px) 100vw, 600px\" data-rel='gallery-21' data-prev-img='https:\/\/freiheitsdenkmal-leipzig.de\/wp-content\/uploads\/2024\/10\/FEL_8015_3_G-Kopie-1-495x400.jpg' class='lightbox' data-onclick='2' title='FEL_8015_3_G - Kopie'  itemprop=\"thumbnailUrl\"  ><img decoding=\"async\" fetchpriority=\"high\" class=\"wp-image-8539 avia-img-lazy-loading-not-8539\"   src=\"https:\/\/freiheitsdenkmal-leipzig.de\/wp-content\/uploads\/2024\/10\/FEL_8015_3_G-Kopie-1.jpg\" width=\"600\" height=\"400\"  title='FEL_8015_3_G - Kopie' alt='' srcset=\"https:\/\/freiheitsdenkmal-leipzig.de\/wp-content\/uploads\/2024\/10\/FEL_8015_3_G-Kopie-1.jpg 600w, https:\/\/freiheitsdenkmal-leipzig.de\/wp-content\/uploads\/2024\/10\/FEL_8015_3_G-Kopie-1-300x200.jpg 300w, https:\/\/freiheitsdenkmal-leipzig.de\/wp-content\/uploads\/2024\/10\/FEL_8015_3_G-Kopie-1-18x12.jpg 18w\" sizes=\"(max-width: 600px) 100vw, 600px\" \/><div class='big-prev-fake'><img decoding=\"async\" loading=\"lazy\" class=\"wp-image-8539 avia-img-lazy-loading-8539\"  width=\"495\" height=\"400\" src=\"https:\/\/freiheitsdenkmal-leipzig.de\/wp-content\/uploads\/2024\/10\/FEL_8015_3_G-Kopie-1-495x400.jpg\" title='FEL_8015_3_G - Kopie' alt='' \/><\/div><\/a><a href=\"https:\/\/freiheitsdenkmal-leipzig.de\/wp-content\/uploads\/2024\/10\/FEL_8015_4_G.jpg\" data-srcset=\"https:\/\/freiheitsdenkmal-leipzig.de\/wp-content\/uploads\/2024\/10\/FEL_8015_4_G.jpg 600w, https:\/\/freiheitsdenkmal-leipzig.de\/wp-content\/uploads\/2024\/10\/FEL_8015_4_G-300x200.jpg 300w, https:\/\/freiheitsdenkmal-leipzig.de\/wp-content\/uploads\/2024\/10\/FEL_8015_4_G-18x12.jpg 18w\" data-sizes=\"(max-width: 600px) 100vw, 600px\" data-rel='gallery-21' data-prev-img='https:\/\/freiheitsdenkmal-leipzig.de\/wp-content\/uploads\/2024\/10\/FEL_8015_4_G-495x400.jpg' class='lightbox' data-onclick='3' title='Plan_final.indd'  itemprop=\"thumbnailUrl\"  ><img decoding=\"async\" fetchpriority=\"high\" class=\"wp-image-8540 avia-img-lazy-loading-not-8540\"   src=\"https:\/\/freiheitsdenkmal-leipzig.de\/wp-content\/uploads\/2024\/10\/FEL_8015_4_G.jpg\" width=\"600\" height=\"400\"  title='Plan_final.indd' alt='' srcset=\"https:\/\/freiheitsdenkmal-leipzig.de\/wp-content\/uploads\/2024\/10\/FEL_8015_4_G.jpg 600w, https:\/\/freiheitsdenkmal-leipzig.de\/wp-content\/uploads\/2024\/10\/FEL_8015_4_G-300x200.jpg 300w, https:\/\/freiheitsdenkmal-leipzig.de\/wp-content\/uploads\/2024\/10\/FEL_8015_4_G-18x12.jpg 18w\" sizes=\"(max-width: 600px) 100vw, 600px\" \/><div class='big-prev-fake'><img decoding=\"async\" loading=\"lazy\" class=\"wp-image-8540 avia-img-lazy-loading-8540\"  width=\"495\" height=\"400\" src=\"https:\/\/freiheitsdenkmal-leipzig.de\/wp-content\/uploads\/2024\/10\/FEL_8015_4_G-495x400.jpg\" title='Plan_final.indd' alt='' \/><\/div><\/a><\/div><\/div><br \/>\n<div  class='togglecontainer av-m2t3pu2j-383ccc826f417ce3da2de6a27086dfb3 av-minimal-toggle  avia-builder-el-198  el_after_av_gallery  avia-builder-el-last  toggle_close_all' >\n<section class='av_toggle_section av-m2t3psyl-cb4c4eba7d93d5c0dbc9e0759c25072e'  itemscope=\"itemscope\" itemtype=\"https:\/\/schema.org\/CreativeWork\" ><div role=\"tablist\" class=\"single_toggle\" data-tags=\"{All} \"  ><p data-fake-id='#toggle-id-21' class='toggler'  itemprop=\"headline\"  role='tab' tabindex='0' aria-controls='toggle-id-21'>Detail-Informationen<span class=\"toggle_icon\"><span class=\"vert_icon\"><\/span><span class=\"hor_icon\"><\/span><\/span><\/p><div id='toggle-id-21' class='toggle_wrap'  ><div class='toggle_content invers-color'  itemprop=\"text\" ><p><em>Von:<\/em> Sebastian Jung, Leipzig<\/p>\n<p><em>Fachberater:<\/em>\u00a0Bernd Euler GmbH, Berlin<\/p>\n<p><em>Erl\u00e4uterungstext:<\/em><br \/>\nDas Denkmal stellt die Menschen in den Mittelpunkt: Jene, die 1989 auf die Stra\u00dfe gingen, und jene, die seither gemeinsam die Freiheit verhandeln. Es nimmt Bezug auf den Einheitsprozess und spiegelt zudem unser grundlegendes Miteinander wider, sei es in privaten oder gesellschaftlichen Beziehungen. Menschen stehen stets im Verh\u00e4ltnis zueinander. Jeder Aushandlungsprozess bietet dabei immer die M\u00f6glichkeit zur Entwicklung. Das Denkmal betont den kontinuierlichen Prozess der Beziehungsarbeit und die Notwendigkeit der Erinnerung, sowohl individuell als auch als gemeinschaftlicher Prozess in der Gesellschaft. Der Entwurf verzichtet auf ein zentrales Objekt und erstreckt sich stattdessen \u00fcber die gesamte Platzgestaltung. Die Pr\u00e4senz menschlicher Abbilder ist eine zentrale Idee, damit sich m\u00f6glichst viele Menschen in diesem Denkmal wiederfinden k\u00f6nnen. Es geht darum, einen Erlebnisraum zu schaffen, welcher den gesellschaftlichen Raum spiegelt. Wie gehen wir in Beziehung, in Gesellschaft und in Konflikten miteinander um? Wie halten wir Erinnerung wach, auch gerade als einzelne Menschen? In Kontrast und Nachbarschaft Die Farben der Figuren decken ein breites Spektrum ab. Sie wurden so gew\u00e4hlt, dass sie die Vielfalt der Meinungen und Perspektiven symbolisieren. Die Farbt\u00f6ne stehen in Beziehung zueinander, ob im Kontrast oder in Nachbarschaft und spiegeln uns als Menschen wider, wie wir zu einander stehen, als Angeh\u00f6rige einer Gruppe, aber auch im Einzelnen. Form und Silhouetten Zwischen Abstraktion und Figuration Ziel ist, eine Ikonografie f\u00fcr den Freiheits- und Einheitsprozess, welcher die Menschen direkt abholt in ihrer ganz Pers\u00f6nlichen Weltwahrnehmung, die sich immer auch im politische und gesellschaftlichen raum zeigt. Der Gesamtentwurf in seiner Vielschichtigkeit, beton die einzelnen Individuen, aber auch den gesellschaftlichen Raum in dem diese sich bewegen. Die Figuren bewegen sich an der Grenze zwischen Abstraktion und Figuration und kn\u00fcpfen somit sowohl an die Tradition figurativer Bronzeskulpturen an, wie sie h\u00e4ufig in Parks Ostdeutschlands zu finden sind, als auch an die nach 1945 in Westdeutschland verbreitete Abstraktion. K\u00fcnstlerisch wird eine Synthese angestrebt, die das Gemeinsame betont, ohne den innerdeutschen Aushandlungsprozess zu negieren. Die Silhouetten der Figuren sind bewusst geschlechtsneutral gestaltet. Ein Denkmal als Erlebnisraum Die f\u00fcnf Skulpturenpaare sollen \u00fcber den gesamten Platz verteilt werden, sodass sie den Raum \u00e4hnlich wie Menschen beleben und miteinander interagieren. Dabei wird die Anordnung sorgf\u00e4ltig nach formalen Gesichtspunkten vorgenommen, wobei Blickachsen und H\u00f6hendynamiken gezielt ber\u00fccksichtigt werden, um ein harmonisches Gesamtbild zu schaffen.<\/p>\n<p><em>Jurykommentar:<\/em><br \/>\nDer Entwurf schl\u00e4gt eine farbige Figurengruppe vor. Jene jeweils knapp 4 Meter hohen Figuren sind als Silhouetten mit geradezu grafischer Anmutung konzipiert und in Paarkonstellation angelegt. Durch jede paarweise Anordnung der Figuren entstehen verschiedene Beziehungsgeflechte, die in ihrer Wirkung sehr unterschiedlich ausfallen. Obschon die K\u00f6rper ebenso wie die Gesichter grob schematisiert und abstrahiert formuliert sind, lassen sich durch diese Minimalmimik und -gestik basale Gem\u00fctszust\u00e4nde ablesen: manche M\u00fcnder weisen lachend nach oben gezogene Mundwinkel auf, andere frustriert nach unten orientierte Mundwinkel. Auch weit aufgerissene Augen und M\u00fcnder lassen R\u00fcckschl\u00fcsse auf Emotionen zu (und spiegeln oder erzeugen ggfs. solche auch im Rezeptionsakt). Die jeweils monochrome Farbigkeit der Figuren erzeugt bewusst ein plakativ wirkendes Bild einer bunten, vielf\u00e4ltigen Gesellschaft. Das Preisgericht wusste den positiv und fr\u00f6hlich wirkenden Aspekt des Werks zu sch\u00e4tzen, zumal die farbige Figurengruppe das Potenzial eines Labels bzw. distribuierbaren Signets und als solches ein pr\u00e4gnantes Bild f\u00fcr das Denkmal herzustellen w\u00fcrde. Auch die respektvolle Eingliederung in die Parkanlage wurde positiv bewertet. Insgesamt ist der Entwurf in seiner formalen und inhaltlichen Schlichtheit jedoch nach Einsch\u00e4tzung des Preisgerichts nicht geeignet, um das historische Ereignis in angemessener Weise in der Gegenwart und der Zukunft zu verankern. Weder die Ereignisse der Friedlichen Revolution, die individuelle wie auch kollektive Erfahrungen bedeuten, lassen sich auf bunte comichafte Figuren reduzieren, noch ist die prim\u00e4r spa\u00dforientierte \u201eTeilhabe\u201c von Besuchenden der Erlebnisskulptur dazu geeignet, einen w\u00fcrdigen Erinnerungsraum herzustellen.<\/p>\n<\/div><\/div><\/div><\/section>\n<\/div><\/p><\/div><\/div><!--close column table wrapper. Autoclose: 1 -->\n<style type=\"text\/css\" data-created_by=\"avia_inline_auto\" id=\"style-css-av-1z8ozk-d57c009674abc05928eac5f0f80ad4bf\">\n#top .hr.hr-invisible.av-1z8ozk-d57c009674abc05928eac5f0f80ad4bf{\nheight:25px;\n}\n<\/style>\n<div  class='hr av-1z8ozk-d57c009674abc05928eac5f0f80ad4bf hr-invisible  avia-builder-el-199  el_after_av_three_fifth  avia-builder-el-last'><span class='hr-inner'><span class=\"hr-inner-style\"><\/span><\/span><\/div>\n<\/div><\/div><\/div><!-- close content main div --><\/div><\/div><div id='after_section_21'  class='main_color av_default_container_wrap container_wrap fullsize'  ><div class='container av-section-cont-open' ><div class='template-page content  av-content-full alpha units'><div class='post-entry post-entry-type-page post-entry-8368'><div class='entry-content-wrapper clearfix'>\n<div  id=\"zweiter-rundgang\"  class='flex_column av-m2t7ik5l-1787ba2a8d71f903c350651916cdc4f2 av_one_full  avia-builder-el-200  el_after_av_section  el_before_av_section  avia-builder-el-no-sibling  first flex_column_div'     ><section  class='av_textblock_section av-m2t7hj56-882d2e52f3cc3ad4429a3122e0550e7a'   itemscope=\"itemscope\" itemtype=\"https:\/\/schema.org\/CreativeWork\" ><div class='avia_textblock'  itemprop=\"text\" ><h2>2. Rundgang<\/h2>\n<\/div><\/section><\/div>\n<\/div><\/div><\/div><!-- close content main div --><\/div><\/div><div id='av_section_22'  class='avia-section av-9746ts-52271573ad76ac72d3fb1189bf0ff6e9 main_color avia-section-no-padding avia-no-border-styling  avia-builder-el-202  el_after_av_one_full  el_before_av_section  avia-bg-style-scroll container_wrap fullsize'  ><div class='container av-section-cont-open' ><div class='template-page content  av-content-full alpha units'><div class='post-entry post-entry-type-page post-entry-8368'><div class='entry-content-wrapper clearfix'>\n<div class='flex_column_table av-7tamxc-ad06641e43b030b6fbf359533fa0a0dc sc-av_one_third av-equal-height-column-flextable'><div  class='flex_column av-7tamxc-ad06641e43b030b6fbf359533fa0a0dc av_one_third  avia-builder-el-203  el_before_av_three_fifth  avia-builder-el-first  first no_margin flex_column_table_cell av-equal-height-column av-align-top'     ><section  class='av_textblock_section av-m2t7r92g-9a48a2ff522bb8ff976c3d6a9833dba9'   itemscope=\"itemscope\" itemtype=\"https:\/\/schema.org\/CreativeWork\" ><div class='avia_textblock'  itemprop=\"text\" ><h4>SCHAUM<\/h4>\n<\/div><\/section><br \/>\n\n<style type=\"text\/css\" data-created_by=\"avia_inline_auto\" id=\"style-css-av-m2t7nekl-13f3be85576ee2c0cbf73ce51501f8f1\">\n.avia-image-container.av-m2t7nekl-13f3be85576ee2c0cbf73ce51501f8f1 img.avia_image{\nbox-shadow:none;\n}\n.avia-image-container.av-m2t7nekl-13f3be85576ee2c0cbf73ce51501f8f1 .av-image-caption-overlay-center{\ncolor:#ffffff;\n}\n<\/style>\n<div  class='avia-image-container av-m2t7nekl-13f3be85576ee2c0cbf73ce51501f8f1 av-styling- avia-align-center  avia-builder-el-205  el_after_av_textblock  avia-builder-el-last'   itemprop=\"image\" itemscope=\"itemscope\" itemtype=\"https:\/\/schema.org\/ImageObject\" ><div class=\"avia-image-container-inner\"><div class=\"avia-image-overlay-wrap\"><img decoding=\"async\" fetchpriority=\"high\" class='wp-image-8550 avia-img-lazy-loading-not-8550 avia_image' src=\"https:\/\/freiheitsdenkmal-leipzig.de\/wp-content\/uploads\/2024\/10\/FEL_8010_1_G.jpg\" alt='' title='FEL_8010_1_G'  height=\"400\" width=\"600\"  itemprop=\"thumbnailUrl\" srcset=\"https:\/\/freiheitsdenkmal-leipzig.de\/wp-content\/uploads\/2024\/10\/FEL_8010_1_G.jpg 600w, https:\/\/freiheitsdenkmal-leipzig.de\/wp-content\/uploads\/2024\/10\/FEL_8010_1_G-300x200.jpg 300w, https:\/\/freiheitsdenkmal-leipzig.de\/wp-content\/uploads\/2024\/10\/FEL_8010_1_G-18x12.jpg 18w\" sizes=\"(max-width: 600px) 100vw, 600px\" \/><\/div><\/div><\/div><\/p><\/div><div  class='flex_column av-6ixtrk-402de4d168c2cd2f4d21fc3108125d40 av_three_fifth  avia-builder-el-206  el_after_av_one_third  el_before_av_hr  no_margin flex_column_table_cell av-equal-height-column av-align-top'     ><p>\n<style type=\"text\/css\" data-created_by=\"avia_inline_auto\" id=\"style-css-av-4r936o-7b6ec238c552e461db420c2787bf5851\">\n#top .hr.hr-invisible.av-4r936o-7b6ec238c552e461db420c2787bf5851{\nheight:20px;\n}\n<\/style>\n<div  class='hr av-4r936o-7b6ec238c552e461db420c2787bf5851 hr-invisible  avia-builder-el-207  el_before_av_gallery  avia-builder-el-first'><span class='hr-inner'><span class=\"hr-inner-style\"><\/span><\/span><\/div><br \/>\n\n<style type=\"text\/css\" data-created_by=\"avia_inline_auto\" id=\"style-css-av-m2t7o4de-51686fd988d6e9cea2eb334b5ebf0a13\">\n#top .avia-gallery.av-m2t7o4de-51686fd988d6e9cea2eb334b5ebf0a13 .avia-gallery-thumb a{\nwidth:33.3333%;\n}\n<\/style>\n<div  class='avia-gallery av-m2t7o4de-51686fd988d6e9cea2eb334b5ebf0a13 avia_animate_when_visible  avia-builder-el-208  el_after_av_hr  el_before_av_toggle_container  avia_lazyload avia-gallery-animate avia-gallery-22'  itemprop=\"image\" itemscope=\"itemscope\" itemtype=\"https:\/\/schema.org\/ImageObject\" ><meta itemprop=\"contentURL\" content=\"https:\/\/freiheitsdenkmal-leipzig.de\/en\/alle-entwuerfe\"><div class='avia-gallery-thumb'><a href=\"https:\/\/freiheitsdenkmal-leipzig.de\/wp-content\/uploads\/2024\/10\/FEL_8010_2_G.jpg\" data-srcset=\"https:\/\/freiheitsdenkmal-leipzig.de\/wp-content\/uploads\/2024\/10\/FEL_8010_2_G.jpg 600w, https:\/\/freiheitsdenkmal-leipzig.de\/wp-content\/uploads\/2024\/10\/FEL_8010_2_G-300x200.jpg 300w, https:\/\/freiheitsdenkmal-leipzig.de\/wp-content\/uploads\/2024\/10\/FEL_8010_2_G-18x12.jpg 18w\" data-sizes=\"(max-width: 600px) 100vw, 600px\" data-rel='gallery-22' data-prev-img='https:\/\/freiheitsdenkmal-leipzig.de\/wp-content\/uploads\/2024\/10\/FEL_8010_2_G-495x400.jpg' class='first_thumb lightbox' data-onclick='1' title='FEL_8010_2_G'  itemprop=\"thumbnailUrl\"  ><img decoding=\"async\" fetchpriority=\"high\" class=\"wp-image-8551 avia-img-lazy-loading-not-8551\"   src=\"https:\/\/freiheitsdenkmal-leipzig.de\/wp-content\/uploads\/2024\/10\/FEL_8010_2_G.jpg\" width=\"600\" height=\"400\"  title='FEL_8010_2_G' alt='' srcset=\"https:\/\/freiheitsdenkmal-leipzig.de\/wp-content\/uploads\/2024\/10\/FEL_8010_2_G.jpg 600w, https:\/\/freiheitsdenkmal-leipzig.de\/wp-content\/uploads\/2024\/10\/FEL_8010_2_G-300x200.jpg 300w, https:\/\/freiheitsdenkmal-leipzig.de\/wp-content\/uploads\/2024\/10\/FEL_8010_2_G-18x12.jpg 18w\" sizes=\"(max-width: 600px) 100vw, 600px\" \/><div class='big-prev-fake'><img decoding=\"async\" loading=\"lazy\" class=\"wp-image-8551 avia-img-lazy-loading-8551\"  width=\"495\" height=\"400\" src=\"https:\/\/freiheitsdenkmal-leipzig.de\/wp-content\/uploads\/2024\/10\/FEL_8010_2_G-495x400.jpg\" title='FEL_8010_2_G' alt='' \/><\/div><\/a><a href=\"https:\/\/freiheitsdenkmal-leipzig.de\/wp-content\/uploads\/2024\/10\/FEL_8010_3_G.jpg\" data-srcset=\"https:\/\/freiheitsdenkmal-leipzig.de\/wp-content\/uploads\/2024\/10\/FEL_8010_3_G.jpg 600w, https:\/\/freiheitsdenkmal-leipzig.de\/wp-content\/uploads\/2024\/10\/FEL_8010_3_G-300x200.jpg 300w, https:\/\/freiheitsdenkmal-leipzig.de\/wp-content\/uploads\/2024\/10\/FEL_8010_3_G-18x12.jpg 18w\" data-sizes=\"(max-width: 600px) 100vw, 600px\" data-rel='gallery-22' data-prev-img='https:\/\/freiheitsdenkmal-leipzig.de\/wp-content\/uploads\/2024\/10\/FEL_8010_3_G-495x400.jpg' class='lightbox' data-onclick='2' title='FEL_8010_3_G'  itemprop=\"thumbnailUrl\"  ><img decoding=\"async\" fetchpriority=\"high\" class=\"wp-image-8552 avia-img-lazy-loading-not-8552\"   src=\"https:\/\/freiheitsdenkmal-leipzig.de\/wp-content\/uploads\/2024\/10\/FEL_8010_3_G.jpg\" width=\"600\" height=\"400\"  title='FEL_8010_3_G' alt='' srcset=\"https:\/\/freiheitsdenkmal-leipzig.de\/wp-content\/uploads\/2024\/10\/FEL_8010_3_G.jpg 600w, https:\/\/freiheitsdenkmal-leipzig.de\/wp-content\/uploads\/2024\/10\/FEL_8010_3_G-300x200.jpg 300w, https:\/\/freiheitsdenkmal-leipzig.de\/wp-content\/uploads\/2024\/10\/FEL_8010_3_G-18x12.jpg 18w\" sizes=\"(max-width: 600px) 100vw, 600px\" \/><div class='big-prev-fake'><img decoding=\"async\" loading=\"lazy\" class=\"wp-image-8552 avia-img-lazy-loading-8552\"  width=\"495\" height=\"400\" src=\"https:\/\/freiheitsdenkmal-leipzig.de\/wp-content\/uploads\/2024\/10\/FEL_8010_3_G-495x400.jpg\" title='FEL_8010_3_G' alt='' \/><\/div><\/a><a href=\"https:\/\/freiheitsdenkmal-leipzig.de\/wp-content\/uploads\/2024\/10\/FEL_8010_4_G.jpg\" data-srcset=\"https:\/\/freiheitsdenkmal-leipzig.de\/wp-content\/uploads\/2024\/10\/FEL_8010_4_G.jpg 600w, https:\/\/freiheitsdenkmal-leipzig.de\/wp-content\/uploads\/2024\/10\/FEL_8010_4_G-300x200.jpg 300w, https:\/\/freiheitsdenkmal-leipzig.de\/wp-content\/uploads\/2024\/10\/FEL_8010_4_G-18x12.jpg 18w\" data-sizes=\"(max-width: 600px) 100vw, 600px\" data-rel='gallery-22' data-prev-img='https:\/\/freiheitsdenkmal-leipzig.de\/wp-content\/uploads\/2024\/10\/FEL_8010_4_G-495x400.jpg' class='lightbox' data-onclick='3' title='FEL_KZ_130913_A2_Blatt_1'  itemprop=\"thumbnailUrl\"  ><img decoding=\"async\" fetchpriority=\"high\" class=\"wp-image-8553 avia-img-lazy-loading-not-8553\"   src=\"https:\/\/freiheitsdenkmal-leipzig.de\/wp-content\/uploads\/2024\/10\/FEL_8010_4_G.jpg\" width=\"600\" height=\"400\"  title='FEL_KZ_130913_A2_Blatt_1' alt='' srcset=\"https:\/\/freiheitsdenkmal-leipzig.de\/wp-content\/uploads\/2024\/10\/FEL_8010_4_G.jpg 600w, https:\/\/freiheitsdenkmal-leipzig.de\/wp-content\/uploads\/2024\/10\/FEL_8010_4_G-300x200.jpg 300w, https:\/\/freiheitsdenkmal-leipzig.de\/wp-content\/uploads\/2024\/10\/FEL_8010_4_G-18x12.jpg 18w\" sizes=\"(max-width: 600px) 100vw, 600px\" \/><div class='big-prev-fake'><img decoding=\"async\" loading=\"lazy\" class=\"wp-image-8553 avia-img-lazy-loading-8553\"  width=\"495\" height=\"400\" src=\"https:\/\/freiheitsdenkmal-leipzig.de\/wp-content\/uploads\/2024\/10\/FEL_8010_4_G-495x400.jpg\" title='FEL_KZ_130913_A2_Blatt_1' alt='' \/><\/div><\/a><\/div><\/div><br \/>\n<div  class='togglecontainer av-m2t7r2c0-8c2f68eab8c694e4fb9c557afc3f196b av-minimal-toggle  avia-builder-el-209  el_after_av_gallery  avia-builder-el-last  toggle_close_all' >\n<section class='av_toggle_section av-m2t7r1bs-a5ff0bbc8c97c8d9c63fd774aa83fabc'  itemscope=\"itemscope\" itemtype=\"https:\/\/schema.org\/CreativeWork\" ><div role=\"tablist\" class=\"single_toggle\" data-tags=\"{All} \"  ><p data-fake-id='#toggle-id-22' class='toggler'  itemprop=\"headline\"  role='tab' tabindex='0' aria-controls='toggle-id-22'>Detail-Informationen<span class=\"toggle_icon\"><span class=\"vert_icon\"><\/span><span class=\"hor_icon\"><\/span><\/span><\/p><div id='toggle-id-22' class='toggle_wrap'  ><div class='toggle_content invers-color'  itemprop=\"text\" ><p><em>Von:<\/em> Alexandra Lotz, Tim Kellner, beide Rostock<\/p>\n<p><em>Fachberater:innen:<\/em> evert Landschaftsarchitektur, Johannes Evert, Rostock; MONTRA GmbH, Rostock, Frank L\u00f6we und Christoph Hammer; LASA MAARMO G.M.B.H., Patrick Pritzi, Laas\/Italien; Chris-tian Lange, Pietra Santa\/Italien<\/p>\n<p><em>Erl\u00e4uterungstext:<\/em><br \/>\nDer Entwurf \u201eDas Gr\u00fcne Auditorium\u201c transzendiert in seiner k\u00fcnstlerischen formalen Gestaltung die \u201eFriedliche Revolution von &#8217;89\u201c und stellt den einzelnen fragilen Menschen in den Mittelpunkt, k\u00e4mpft gegen die \u201eGeschichtsvergessenheit\u201c an und ist ein Ort der Begegnung, ein Treffpunkt zum Austausch, zum Ausatmen und Entspannen, eingebettet in die Natur, deren Erhaltung Teil der Gesamtidee ist. Unser Entwurf eines Gr\u00fcnen Auditoriums ist explizit dem unglaublichen Wagemut und der Zivilcourage der Menschen im Herbst 1989 in Leipzig gewidmet, die gewaltlos f\u00fcr ihre Freiheit auf die Stra\u00dfe gegangen sind. Anf\u00e4nglich waren es Wenige, die aus dem Schutz der Kirche in einer Mischung aus Mut, Wut und Resignation an den starren Verh\u00e4ltnissen und nicht zuletzt aus Verzweiflung den nahezu selbstm\u00f6rderischen Mut aufbrachten, in die \u00d6ffentlichkeit zu treten und zu demonstrieren. Damit kalkulierten sie Gefahr an Leib und Leben ein, mindestens jedoch die Gewissheit, in die H\u00e4nde der Staatsorgane zu fallen und mit Freiheitsentzug und harten Ressentiments bestraft zu werden. Dass die Demonstrierenden \u00fcberdies auch zur Gewaltfreiheit aufriefen, war in hohem Ma\u00dfe durch die innerhalb der Kirchen \u2013 bei den Friedensgebeten und Gespr\u00e4chskreisen \u2013 intensiven Diskussionen um demokratische Ideen und Prozesse entstanden; die Menschen begannen in steigender Zahl in der \u00d6ffentlichkeit \u00fcber Probleme und deren L\u00f6sung zu sprechen. Darin sehen wir den entscheidenden Moment der Selbsterm\u00e4chtigung.,\u201d(&#8230;) Der zutiefst humanistisch gepr\u00e4gte Moment menschlichen Handelns, gewaltfrei und mutig f\u00fcr die Freiheit einzustehen, hat die Kraft, universell verstanden und zukunftsweisend zu sein und f\u00f6rdert ein Nachdenken \u00fcber den Wert der Freiheit, die wir heute ganz selbstverst\u00e4ndlich erachten, so dass wir \u00fcber deren Verlust beim Lieb\u00e4ugeln mit neuen, bzw. alten \u201eIsmen\u201c gar nicht nachdenken. Die Fragilit\u00e4t der pers\u00f6nlichen Freiheit geht mit der Fragilit\u00e4t der Demokratie einher.<\/p>\n<p><em>Jurykommentar:<\/em><br \/>\nDas Konzept und die Grundidee des Denkmals mit dem Titel \u201eDas gr\u00fcne Auditorium&#8220; widmen sich eingehend einem der wichtigsten Aspekte der Leipziger Freiheitsbewegung: der Rolle des Individuums, das jenseits gesellschaftlicher Bewegungen und Ideologien in der Geschichte trotz aller Gefahren Verantwortung \u00fcbernimmt. Die begleitende Erz\u00e4hlung des Denkmals hebt den Mut der wenigen hervor, die in der fr\u00fchen Phase der Bewegung mit unabsch\u00e4tzbarem pers\u00f6nlichem Risiko und innerem Drang auf die B\u00fchne gesellschaftlichen Handelns traten und \u2013 oft im Schutz der Kirche \u2013 ihre sozialen Forderungen im zivilen Dialog unter dem Motto der Gewaltlosigkeit formulierten. Diese Erz\u00e4hlung, die sich dem Kampf gegen das historische Vergessen widmet, erinnert daran, dass die Demokratie, ebenso wie die sie erschaffenden Individuen, von Natur aus verletzlich und fragil ist. Der Entwurf des Denkmals entstand im Geiste dieser \u00dcberlegungen und versucht, sie durch die r\u00e4umliche Platzierung in der Stadt- bzw. Parkstruktur, die Gestaltung des \u201egr\u00fcnen Auditoriums&#8220; sowie die allegorischen und konkreten Elemente der fig\u00fcrlichen Komposition \u2013 den Tr\u00fcmmerhaufen der Geschichte \u2013 umzusetzen. Die komplexe Komposition des Denkmals wird durch Inschriften, mediale Elemente und einen \u00fcber das Denkmal hinausgehenden r\u00e4umlichen Anspruch erg\u00e4nzt. Diese Elemente, insbesondere die Komposition des \u201eTr\u00fcmmerhaufens der Geschichte&#8220; und die sie interpretierenden allegorischen Figuren, machen das Denkmal leicht lesbar, zumindest was den historischen Kontext der Freiheitsbewegung betrifft. Gleichzeitig verleihen je-doch die absichtlich klassizistische und weitgehend wenig originelle Formensprache, der pathetisch anmutende, unzeitgem\u00e4\u00dfe Materialeinsatz, die Bezugnahme auf konkrete historische Figuren, die au\u00dferhalb der Wirkungskraft des Kunstwerks stehen, und nicht zuletzt das Fehlen einer \u00fcberzeugenden Gestaltung des \u201eAuditoriums&#8220; dem Denkmal eine \u00fcberm\u00e4\u00dfige Programmatik, die nach Einsch\u00e4tzung des Preisgerichts weder die beabsichtigte Wirkung entfalten noch die Zeit \u00fcberdauern wird.<\/p>\n<\/div><\/div><\/div><\/section>\n<\/div><\/p><\/div><\/div><!--close column table wrapper. Autoclose: 1 --><div  class='hr av-30f000-809b26bd32563b8bd9d857462e80f2eb hr-default  avia-builder-el-210  el_after_av_three_fifth  avia-builder-el-last'><span class='hr-inner'><span class=\"hr-inner-style\"><\/span><\/span><\/div>\n\n<\/div><\/div><\/div><!-- close content main div --><\/div><\/div><div id='av_section_23'  class='avia-section av-8tgxn4-c6a279ba932491238d42e9b20e0a8d3a main_color avia-section-no-padding avia-no-border-styling  avia-builder-el-211  el_after_av_section  el_before_av_section  avia-bg-style-scroll container_wrap fullsize'  ><div class='container av-section-cont-open' ><div class='template-page content  av-content-full alpha units'><div class='post-entry post-entry-type-page post-entry-8368'><div class='entry-content-wrapper clearfix'>\n<div class='flex_column_table av-sq4og-e2d67073151d4f8ad52b7f09f8d7f909 sc-av_one_third av-equal-height-column-flextable'><div  class='flex_column av-sq4og-e2d67073151d4f8ad52b7f09f8d7f909 av_one_third  avia-builder-el-212  el_before_av_three_fifth  avia-builder-el-first  first no_margin flex_column_table_cell av-equal-height-column av-align-top'     ><section  class='av_textblock_section av-m2t8vatp-d3ebd138b0ac86e6865b54868b783e0f'   itemscope=\"itemscope\" itemtype=\"https:\/\/schema.org\/CreativeWork\" ><div class='avia_textblock'  itemprop=\"text\" ><h4>Spring Studio<\/h4>\n<\/div><\/section><br \/>\n\n<style type=\"text\/css\" data-created_by=\"avia_inline_auto\" id=\"style-css-av-m2t8ow8h-b0701ae4e8448f19f2d4f8aa6e863fb7\">\n.avia-image-container.av-m2t8ow8h-b0701ae4e8448f19f2d4f8aa6e863fb7 img.avia_image{\nbox-shadow:none;\n}\n.avia-image-container.av-m2t8ow8h-b0701ae4e8448f19f2d4f8aa6e863fb7 .av-image-caption-overlay-center{\ncolor:#ffffff;\n}\n<\/style>\n<div  class='avia-image-container av-m2t8ow8h-b0701ae4e8448f19f2d4f8aa6e863fb7 av-styling- avia-align-center  avia-builder-el-214  el_after_av_textblock  avia-builder-el-last'   itemprop=\"image\" itemscope=\"itemscope\" itemtype=\"https:\/\/schema.org\/ImageObject\" ><div class=\"avia-image-container-inner\"><div class=\"avia-image-overlay-wrap\"><img decoding=\"async\" fetchpriority=\"high\" class='wp-image-8562 avia-img-lazy-loading-not-8562 avia_image' src=\"https:\/\/freiheitsdenkmal-leipzig.de\/wp-content\/uploads\/2024\/10\/FEL_8024_1_G.jpg\" alt='' title='FEL_8024_1_G'  height=\"400\" width=\"600\"  itemprop=\"thumbnailUrl\" srcset=\"https:\/\/freiheitsdenkmal-leipzig.de\/wp-content\/uploads\/2024\/10\/FEL_8024_1_G.jpg 600w, https:\/\/freiheitsdenkmal-leipzig.de\/wp-content\/uploads\/2024\/10\/FEL_8024_1_G-300x200.jpg 300w, https:\/\/freiheitsdenkmal-leipzig.de\/wp-content\/uploads\/2024\/10\/FEL_8024_1_G-18x12.jpg 18w\" sizes=\"(max-width: 600px) 100vw, 600px\" \/><\/div><\/div><\/div><\/p><\/div><div  class='flex_column av-685o00-9f03aa72f775c73bcd715a2a9c6571c0 av_three_fifth  avia-builder-el-215  el_after_av_one_third  el_before_av_hr  no_margin flex_column_table_cell av-equal-height-column av-align-top'     ><p>\n<style type=\"text\/css\" data-created_by=\"avia_inline_auto\" id=\"style-css-av-3n41kw-e4eff397e61eb228ba8258913c6261f4\">\n#top .hr.hr-invisible.av-3n41kw-e4eff397e61eb228ba8258913c6261f4{\nheight:20px;\n}\n<\/style>\n<div  class='hr av-3n41kw-e4eff397e61eb228ba8258913c6261f4 hr-invisible  avia-builder-el-216  el_before_av_gallery  avia-builder-el-first'><span class='hr-inner'><span class=\"hr-inner-style\"><\/span><\/span><\/div><br \/>\n\n<style type=\"text\/css\" data-created_by=\"avia_inline_auto\" id=\"style-css-av-m2t8poj6-42420488d7f81a4f8be52c2e40bd930e\">\n#top .avia-gallery.av-m2t8poj6-42420488d7f81a4f8be52c2e40bd930e .avia-gallery-thumb a{\nwidth:33.3333%;\n}\n<\/style>\n<div  class='avia-gallery av-m2t8poj6-42420488d7f81a4f8be52c2e40bd930e avia_animate_when_visible  avia-builder-el-217  el_after_av_hr  el_before_av_toggle_container  avia_lazyload avia-gallery-animate avia-gallery-23'  itemprop=\"image\" itemscope=\"itemscope\" itemtype=\"https:\/\/schema.org\/ImageObject\" ><meta itemprop=\"contentURL\" content=\"https:\/\/freiheitsdenkmal-leipzig.de\/en\/alle-entwuerfe\"><div class='avia-gallery-thumb'><a href=\"https:\/\/freiheitsdenkmal-leipzig.de\/wp-content\/uploads\/2024\/10\/FEL_8024_2_G.jpg\" data-srcset=\"https:\/\/freiheitsdenkmal-leipzig.de\/wp-content\/uploads\/2024\/10\/FEL_8024_2_G.jpg 600w, https:\/\/freiheitsdenkmal-leipzig.de\/wp-content\/uploads\/2024\/10\/FEL_8024_2_G-300x200.jpg 300w, https:\/\/freiheitsdenkmal-leipzig.de\/wp-content\/uploads\/2024\/10\/FEL_8024_2_G-18x12.jpg 18w\" data-sizes=\"(max-width: 600px) 100vw, 600px\" data-rel='gallery-23' data-prev-img='https:\/\/freiheitsdenkmal-leipzig.de\/wp-content\/uploads\/2024\/10\/FEL_8024_2_G-495x400.jpg' class='first_thumb lightbox' data-onclick='1' title='Screenshot'  itemprop=\"thumbnailUrl\"  ><img decoding=\"async\" fetchpriority=\"high\" class=\"wp-image-8563 avia-img-lazy-loading-not-8563\"  data-avia-tooltip='Screenshot' src=\"https:\/\/freiheitsdenkmal-leipzig.de\/wp-content\/uploads\/2024\/10\/FEL_8024_2_G.jpg\" width=\"600\" height=\"400\"  title='Screenshot' alt='' srcset=\"https:\/\/freiheitsdenkmal-leipzig.de\/wp-content\/uploads\/2024\/10\/FEL_8024_2_G.jpg 600w, https:\/\/freiheitsdenkmal-leipzig.de\/wp-content\/uploads\/2024\/10\/FEL_8024_2_G-300x200.jpg 300w, https:\/\/freiheitsdenkmal-leipzig.de\/wp-content\/uploads\/2024\/10\/FEL_8024_2_G-18x12.jpg 18w\" sizes=\"(max-width: 600px) 100vw, 600px\" \/><div class='big-prev-fake'><img decoding=\"async\" loading=\"lazy\" class=\"wp-image-8563 avia-img-lazy-loading-8563\"  width=\"495\" height=\"400\" src=\"https:\/\/freiheitsdenkmal-leipzig.de\/wp-content\/uploads\/2024\/10\/FEL_8024_2_G-495x400.jpg\" title='Screenshot' alt='' \/><\/div><\/a><a href=\"https:\/\/freiheitsdenkmal-leipzig.de\/wp-content\/uploads\/2024\/10\/FEL_8024_3_G.jpg\" data-srcset=\"https:\/\/freiheitsdenkmal-leipzig.de\/wp-content\/uploads\/2024\/10\/FEL_8024_3_G.jpg 600w, https:\/\/freiheitsdenkmal-leipzig.de\/wp-content\/uploads\/2024\/10\/FEL_8024_3_G-300x200.jpg 300w, https:\/\/freiheitsdenkmal-leipzig.de\/wp-content\/uploads\/2024\/10\/FEL_8024_3_G-18x12.jpg 18w\" data-sizes=\"(max-width: 600px) 100vw, 600px\" data-rel='gallery-23' data-prev-img='https:\/\/freiheitsdenkmal-leipzig.de\/wp-content\/uploads\/2024\/10\/FEL_8024_3_G-495x400.jpg' class='lightbox' data-onclick='2' title='FEL_8024_3_G'  itemprop=\"thumbnailUrl\"  ><img decoding=\"async\" fetchpriority=\"high\" class=\"wp-image-8564 avia-img-lazy-loading-not-8564\"   src=\"https:\/\/freiheitsdenkmal-leipzig.de\/wp-content\/uploads\/2024\/10\/FEL_8024_3_G.jpg\" width=\"600\" height=\"400\"  title='FEL_8024_3_G' alt='' srcset=\"https:\/\/freiheitsdenkmal-leipzig.de\/wp-content\/uploads\/2024\/10\/FEL_8024_3_G.jpg 600w, https:\/\/freiheitsdenkmal-leipzig.de\/wp-content\/uploads\/2024\/10\/FEL_8024_3_G-300x200.jpg 300w, https:\/\/freiheitsdenkmal-leipzig.de\/wp-content\/uploads\/2024\/10\/FEL_8024_3_G-18x12.jpg 18w\" sizes=\"(max-width: 600px) 100vw, 600px\" \/><div class='big-prev-fake'><img decoding=\"async\" loading=\"lazy\" class=\"wp-image-8564 avia-img-lazy-loading-8564\"  width=\"495\" height=\"400\" src=\"https:\/\/freiheitsdenkmal-leipzig.de\/wp-content\/uploads\/2024\/10\/FEL_8024_3_G-495x400.jpg\" title='FEL_8024_3_G' alt='' \/><\/div><\/a><a href=\"https:\/\/freiheitsdenkmal-leipzig.de\/wp-content\/uploads\/2024\/10\/FEL_8024_4_G.jpg\" data-srcset=\"https:\/\/freiheitsdenkmal-leipzig.de\/wp-content\/uploads\/2024\/10\/FEL_8024_4_G.jpg 600w, https:\/\/freiheitsdenkmal-leipzig.de\/wp-content\/uploads\/2024\/10\/FEL_8024_4_G-300x200.jpg 300w, https:\/\/freiheitsdenkmal-leipzig.de\/wp-content\/uploads\/2024\/10\/FEL_8024_4_G-18x12.jpg 18w\" data-sizes=\"(max-width: 600px) 100vw, 600px\" data-rel='gallery-23' data-prev-img='https:\/\/freiheitsdenkmal-leipzig.de\/wp-content\/uploads\/2024\/10\/FEL_8024_4_G-495x400.jpg' class='lightbox' data-onclick='3' title='Model'  itemprop=\"thumbnailUrl\"  ><img decoding=\"async\" fetchpriority=\"high\" class=\"wp-image-8565 avia-img-lazy-loading-not-8565\"   src=\"https:\/\/freiheitsdenkmal-leipzig.de\/wp-content\/uploads\/2024\/10\/FEL_8024_4_G.jpg\" width=\"600\" height=\"400\"  title='Model' alt='' srcset=\"https:\/\/freiheitsdenkmal-leipzig.de\/wp-content\/uploads\/2024\/10\/FEL_8024_4_G.jpg 600w, https:\/\/freiheitsdenkmal-leipzig.de\/wp-content\/uploads\/2024\/10\/FEL_8024_4_G-300x200.jpg 300w, https:\/\/freiheitsdenkmal-leipzig.de\/wp-content\/uploads\/2024\/10\/FEL_8024_4_G-18x12.jpg 18w\" sizes=\"(max-width: 600px) 100vw, 600px\" \/><div class='big-prev-fake'><img decoding=\"async\" loading=\"lazy\" class=\"wp-image-8565 avia-img-lazy-loading-8565\"  width=\"495\" height=\"400\" src=\"https:\/\/freiheitsdenkmal-leipzig.de\/wp-content\/uploads\/2024\/10\/FEL_8024_4_G-495x400.jpg\" title='Model' alt='' \/><\/div><\/a><\/div><\/div><br \/>\n<div  class='togglecontainer av-m2t8v403-e3210ab90b49040aa255ec07d54fa08e av-minimal-toggle  avia-builder-el-218  el_after_av_gallery  avia-builder-el-last  toggle_close_all' >\n<section class='av_toggle_section av-m2t8v2pf-29275368373cb36c9b015b9f1bfba2a3'  itemscope=\"itemscope\" itemtype=\"https:\/\/schema.org\/CreativeWork\" ><div role=\"tablist\" class=\"single_toggle\" data-tags=\"{All} \"  ><p data-fake-id='#toggle-id-23' class='toggler'  itemprop=\"headline\"  role='tab' tabindex='0' aria-controls='toggle-id-23'>Detail-Informationen<span class=\"toggle_icon\"><span class=\"vert_icon\"><\/span><span class=\"hor_icon\"><\/span><\/span><\/p><div id='toggle-id-23' class='toggle_wrap'  ><div class='toggle_content invers-color'  itemprop=\"text\" ><p><em>Von:<\/em> Ivana Ivkovic, Maja, Dragi\u0161ic, Milan Bozic, Milica Milosavljevic, Jelena Kesic, alle Spring Studio, Belgrad\/Serbien; Fiona Sindjelic Stefanovic, Berlin<\/p>\n<p><em>Mtarbeiter:innen: <\/em>Milica Vranic, Zoran Damjanovic<em><br \/>\n<\/em><\/p>\n<p><em>Fachberater:in:<\/em> Ljubica Slavkovic<\/p>\n<p><em>Erl\u00e4uterungstext:<\/em><br \/>\nDiese Architektur ist keine gebaute Struktur, die dem Menschen dient, sein \u00fcberlegenes Wissen und K\u00f6nnen, seinen Sinn f\u00fcr Sch\u00f6nheit zu zeigen&#8230; Denn so sch\u00f6n, n\u00fctzlich und erstaunlich diese Architektur auch sein mag, sie wird nur den Gipfel des Menschen zeigen und damit die Grenze seiner F\u00e4higkeiten, seiner Natur und seines Geistes bestimmen. Diese Architektur ist eine Idee, die immer im Menschen existiert hat, eine Architektur, die unm\u00f6glich zu schreiben, zu zeichnen und zu bauen ist; sie ist unsichtbar und f\u00fcr immer unvollendet und lebt, atmet und pulsiert dadurch st\u00e4ndig. Ihr Ziel ist es, die Menschen dazu zu bringen, \u00fcber ihre eigene Natur und deren Grenzen nachzudenken. Sie setzt dem Menschen keine Grenzen, sondern \u00f6ffnet und erweitert sie bis ins Unendliche.\u201c (Bogdan Bogdanovic) Denkm\u00e4ler sollten die Beziehung zwischen Erinnerung, Identit\u00e4t und Landschaft betonen und sind tief beeinflusst von den vielf\u00e4ltigen kulturellen und historischen Schichten, die jeden spezifischen Ort und seinen Genius Loci bereichern. Daher verk\u00f6rpert unser Konzept des Denkmals f\u00fcr Freiheit und Einheit im Kern die Philosophie, dass Freiheit kein statischer Zustand ist, sondern ein dynamischer und fortlaufender Prozess. Diese Perspektive stimmt mit der Vorstellung \u00fcberein, dass Revolutionen, sei es sozial, politisch oder kulturell, keine einzelnen Ereignisse sind, sondern kontinuierliche Bewegungen, die st\u00e4ndige Wachsamkeit, Engagement und Pflege erfordern. Daher ist es f\u00fcr uns alle wichtig, sich der Bedeutung von Freiheit und (Gemeinschafts) Einheit bewusst zu sein, Konzepte, die nicht leicht zu erreichen sind und die durchdacht und respektiert werden m\u00fcssen. Einer der Hauptstandpunkte, die wir bei der Betrachtung dieses Denkmals vertreten, ist Freiheit als aktiver Zustand. Freiheit wird oft als Ziel angesehen, das durch bedeutende historische Ereignisse wie Revolutionen oder wegweisende Gesetze erreicht wird. Diese Ansicht birgt jedoch die Gefahr einer Selbstzufriedenheit, die zu einem Verlust f\u00fchren kann. Das Wesen des Denkmals liegt in der Erkenntnis, dass Freiheit einem lebenden Organismus \u00e4hnelt: Sie muss gen\u00e4hrt, gepflegt und gegen verschiedene Formen von Unterdr\u00fcckung und Vergessen verteidigt werden. So wie ein Garten regelm\u00e4\u00dfige Pflege ben\u00f6tigt, um zu gedeihen, m\u00fcssen auch Freiheiten aktiv durch Bewusstsein, Bildung und Gemeinschaftsengagement gef\u00f6rdert werden.<\/p>\n<p><em>Jurykommentar:<\/em><br \/>\nDer Entwurf mit im Zentrum des Parks kreisrund aufgestellten W\u00e4nden steckt einen klar definierten, informativen Erinnerungsort ab. Die Positionierung der W\u00e4nde an der Weggabelung und die eindeutige Umrahmung eines gesch\u00fctzten Orts der Verdichtung zu schaffen, ist interessant. Auch der oder die zuf\u00e4llig Vorbeikommende wird zur Auseinandersetzung eingeladen. Positiv wird auch die Idee der spiegelnden Au\u00dfenwand gesch\u00e4tzt, welche das Objekt mit dem Park durch Reflexion auf interessante unscharfe Weise verschmelzen l\u00e4sst. Dem entgegen wirkt der zu steinerne Innenraum zu vordefiniert und eindimensional und zudem zu fremd im Landschaftsraum. Entlang der Innenw\u00e4nde wird auf klassische, teilweise durch die Schrift unterst\u00fctzte, dekorative Weise r\u00fcckblickend informiert. Die angedeutete flexible Bespielung des Raumes erscheint mit der dargestellten M\u00f6blierung in dem Zentralraum unwahrscheinlich. Das Preisgericht sieht insgesamt einen Widerspruch zwischen der angestrebten Ver\u00e4nderbarkeit als \u201elebendigen Organismus\u201c und der vorgeschlagenen Massivit\u00e4t und Starrheit des Eingriffs.<\/p>\n<\/div><\/div><\/div><\/section>\n<\/div><\/p><\/div><\/div><!--close column table wrapper. Autoclose: 1 --><div  class='hr av-2hmzkw-b0fce3a1bffe53279a8226c0005f61f2 hr-default  avia-builder-el-219  el_after_av_three_fifth  avia-builder-el-last'><span class='hr-inner'><span class=\"hr-inner-style\"><\/span><\/span><\/div>\n\n<\/div><\/div><\/div><!-- close content main div --><\/div><\/div><div id='av_section_24'  class='avia-section av-90ux9c-cdf7e8d54ff07a870e685ea426f92c68 main_color avia-section-no-padding avia-no-border-styling  avia-builder-el-220  el_after_av_section  el_before_av_section  avia-bg-style-scroll container_wrap fullsize'  ><div class='container av-section-cont-open' ><div class='template-page content  av-content-full alpha units'><div class='post-entry post-entry-type-page post-entry-8368'><div class='entry-content-wrapper clearfix'>\n<div class='flex_column_table av-72l4q8-e888a3e17fcd76cd8b39139f0b9accd2 sc-av_one_third av-equal-height-column-flextable'><div  class='flex_column av-72l4q8-e888a3e17fcd76cd8b39139f0b9accd2 av_one_third  avia-builder-el-221  el_before_av_three_fifth  avia-builder-el-first  first no_margin flex_column_table_cell av-equal-height-column av-align-top'     ><section  class='av_textblock_section av-m2t92h70-bdae83f2582540919a44a9ae8b280e0a'   itemscope=\"itemscope\" itemtype=\"https:\/\/schema.org\/CreativeWork\" ><div class='avia_textblock'  itemprop=\"text\" ><h4>Ute Vorkoeper, Boran Burchhardt<\/h4>\n<\/div><\/section><br \/>\n\n<style type=\"text\/css\" data-created_by=\"avia_inline_auto\" id=\"style-css-av-m2t8ys5p-79ad4eae30da3688ae3c593e45de8416\">\n.avia-image-container.av-m2t8ys5p-79ad4eae30da3688ae3c593e45de8416 img.avia_image{\nbox-shadow:none;\n}\n.avia-image-container.av-m2t8ys5p-79ad4eae30da3688ae3c593e45de8416 .av-image-caption-overlay-center{\ncolor:#ffffff;\n}\n<\/style>\n<div  class='avia-image-container av-m2t8ys5p-79ad4eae30da3688ae3c593e45de8416 av-styling- avia-align-center  avia-builder-el-223  el_after_av_textblock  avia-builder-el-last'   itemprop=\"image\" itemscope=\"itemscope\" itemtype=\"https:\/\/schema.org\/ImageObject\" ><div class=\"avia-image-container-inner\"><div class=\"avia-image-overlay-wrap\"><img decoding=\"async\" fetchpriority=\"high\" class='wp-image-8567 avia-img-lazy-loading-not-8567 avia_image' src=\"https:\/\/freiheitsdenkmal-leipzig.de\/wp-content\/uploads\/2024\/10\/FEL_8019_1_G.jpg\" alt='' title='FEL_8019_1_G'  height=\"400\" width=\"600\"  itemprop=\"thumbnailUrl\" srcset=\"https:\/\/freiheitsdenkmal-leipzig.de\/wp-content\/uploads\/2024\/10\/FEL_8019_1_G.jpg 600w, https:\/\/freiheitsdenkmal-leipzig.de\/wp-content\/uploads\/2024\/10\/FEL_8019_1_G-300x200.jpg 300w, https:\/\/freiheitsdenkmal-leipzig.de\/wp-content\/uploads\/2024\/10\/FEL_8019_1_G-18x12.jpg 18w\" sizes=\"(max-width: 600px) 100vw, 600px\" \/><\/div><\/div><\/div><\/p><\/div><div  class='flex_column av-69jlu8-15d15cef89bcccbdf6068bab29ecbbbd av_three_fifth  avia-builder-el-224  el_after_av_one_third  el_before_av_hr  no_margin flex_column_table_cell av-equal-height-column av-align-top'     ><p>\n<style type=\"text\/css\" data-created_by=\"avia_inline_auto\" id=\"style-css-av-4nacao-6bded0a5add108b4644958890b3b856f\">\n#top .hr.hr-invisible.av-4nacao-6bded0a5add108b4644958890b3b856f{\nheight:20px;\n}\n<\/style>\n<div  class='hr av-4nacao-6bded0a5add108b4644958890b3b856f hr-invisible  avia-builder-el-225  el_before_av_gallery  avia-builder-el-first'><span class='hr-inner'><span class=\"hr-inner-style\"><\/span><\/span><\/div><br \/>\n\n<style type=\"text\/css\" data-created_by=\"avia_inline_auto\" id=\"style-css-av-m2t8zpyo-d719484ded87d23357c1d163d0411677\">\n#top .avia-gallery.av-m2t8zpyo-d719484ded87d23357c1d163d0411677 .avia-gallery-thumb a{\nwidth:33.3333%;\n}\n<\/style>\n<div  class='avia-gallery av-m2t8zpyo-d719484ded87d23357c1d163d0411677 avia_animate_when_visible  avia-builder-el-226  el_after_av_hr  el_before_av_toggle_container  avia_lazyload avia-gallery-animate avia-gallery-24'  itemprop=\"image\" itemscope=\"itemscope\" itemtype=\"https:\/\/schema.org\/ImageObject\" ><meta itemprop=\"contentURL\" content=\"https:\/\/freiheitsdenkmal-leipzig.de\/en\/alle-entwuerfe\"><div class='avia-gallery-thumb'><a href=\"https:\/\/freiheitsdenkmal-leipzig.de\/wp-content\/uploads\/2024\/10\/FEL_8019_2_G.jpg\" data-srcset=\"https:\/\/freiheitsdenkmal-leipzig.de\/wp-content\/uploads\/2024\/10\/FEL_8019_2_G.jpg 600w, https:\/\/freiheitsdenkmal-leipzig.de\/wp-content\/uploads\/2024\/10\/FEL_8019_2_G-300x200.jpg 300w, https:\/\/freiheitsdenkmal-leipzig.de\/wp-content\/uploads\/2024\/10\/FEL_8019_2_G-18x12.jpg 18w\" data-sizes=\"(max-width: 600px) 100vw, 600px\" data-rel='gallery-24' data-prev-img='https:\/\/freiheitsdenkmal-leipzig.de\/wp-content\/uploads\/2024\/10\/FEL_8019_2_G-495x400.jpg' class='first_thumb lightbox' data-onclick='1' title='FEL_8019_2_G'  itemprop=\"thumbnailUrl\"  ><img decoding=\"async\" fetchpriority=\"high\" class=\"wp-image-8568 avia-img-lazy-loading-not-8568\"   src=\"https:\/\/freiheitsdenkmal-leipzig.de\/wp-content\/uploads\/2024\/10\/FEL_8019_2_G.jpg\" width=\"600\" height=\"400\"  title='FEL_8019_2_G' alt='' srcset=\"https:\/\/freiheitsdenkmal-leipzig.de\/wp-content\/uploads\/2024\/10\/FEL_8019_2_G.jpg 600w, https:\/\/freiheitsdenkmal-leipzig.de\/wp-content\/uploads\/2024\/10\/FEL_8019_2_G-300x200.jpg 300w, https:\/\/freiheitsdenkmal-leipzig.de\/wp-content\/uploads\/2024\/10\/FEL_8019_2_G-18x12.jpg 18w\" sizes=\"(max-width: 600px) 100vw, 600px\" \/><div class='big-prev-fake'><img decoding=\"async\" loading=\"lazy\" class=\"wp-image-8568 avia-img-lazy-loading-8568\"  width=\"495\" height=\"400\" src=\"https:\/\/freiheitsdenkmal-leipzig.de\/wp-content\/uploads\/2024\/10\/FEL_8019_2_G-495x400.jpg\" title='FEL_8019_2_G' alt='' \/><\/div><\/a><a href=\"https:\/\/freiheitsdenkmal-leipzig.de\/wp-content\/uploads\/2024\/10\/FEL_8019_3_G.jpg\" data-srcset=\"https:\/\/freiheitsdenkmal-leipzig.de\/wp-content\/uploads\/2024\/10\/FEL_8019_3_G.jpg 600w, https:\/\/freiheitsdenkmal-leipzig.de\/wp-content\/uploads\/2024\/10\/FEL_8019_3_G-300x200.jpg 300w, https:\/\/freiheitsdenkmal-leipzig.de\/wp-content\/uploads\/2024\/10\/FEL_8019_3_G-18x12.jpg 18w\" data-sizes=\"(max-width: 600px) 100vw, 600px\" data-rel='gallery-24' data-prev-img='https:\/\/freiheitsdenkmal-leipzig.de\/wp-content\/uploads\/2024\/10\/FEL_8019_3_G-495x400.jpg' class='lightbox' data-onclick='2' title='FEL_8019_3_G'  itemprop=\"thumbnailUrl\"  ><img decoding=\"async\" fetchpriority=\"high\" class=\"wp-image-8569 avia-img-lazy-loading-not-8569\"   src=\"https:\/\/freiheitsdenkmal-leipzig.de\/wp-content\/uploads\/2024\/10\/FEL_8019_3_G.jpg\" width=\"600\" height=\"400\"  title='FEL_8019_3_G' alt='' srcset=\"https:\/\/freiheitsdenkmal-leipzig.de\/wp-content\/uploads\/2024\/10\/FEL_8019_3_G.jpg 600w, https:\/\/freiheitsdenkmal-leipzig.de\/wp-content\/uploads\/2024\/10\/FEL_8019_3_G-300x200.jpg 300w, https:\/\/freiheitsdenkmal-leipzig.de\/wp-content\/uploads\/2024\/10\/FEL_8019_3_G-18x12.jpg 18w\" sizes=\"(max-width: 600px) 100vw, 600px\" \/><div class='big-prev-fake'><img decoding=\"async\" loading=\"lazy\" class=\"wp-image-8569 avia-img-lazy-loading-8569\"  width=\"495\" height=\"400\" src=\"https:\/\/freiheitsdenkmal-leipzig.de\/wp-content\/uploads\/2024\/10\/FEL_8019_3_G-495x400.jpg\" title='FEL_8019_3_G' alt='' \/><\/div><\/a><a href=\"https:\/\/freiheitsdenkmal-leipzig.de\/wp-content\/uploads\/2024\/10\/FEL_8019_4_G.jpg\" data-srcset=\"https:\/\/freiheitsdenkmal-leipzig.de\/wp-content\/uploads\/2024\/10\/FEL_8019_4_G.jpg 600w, https:\/\/freiheitsdenkmal-leipzig.de\/wp-content\/uploads\/2024\/10\/FEL_8019_4_G-300x200.jpg 300w, https:\/\/freiheitsdenkmal-leipzig.de\/wp-content\/uploads\/2024\/10\/FEL_8019_4_G-18x12.jpg 18w\" data-sizes=\"(max-width: 600px) 100vw, 600px\" data-rel='gallery-24' data-prev-img='https:\/\/freiheitsdenkmal-leipzig.de\/wp-content\/uploads\/2024\/10\/FEL_8019_4_G-495x400.jpg' class='lightbox' data-onclick='3' title='Screenshot'  itemprop=\"thumbnailUrl\"  ><img decoding=\"async\" fetchpriority=\"high\" class=\"wp-image-8570 avia-img-lazy-loading-not-8570\"  data-avia-tooltip='Screenshot' src=\"https:\/\/freiheitsdenkmal-leipzig.de\/wp-content\/uploads\/2024\/10\/FEL_8019_4_G.jpg\" width=\"600\" height=\"400\"  title='Screenshot' alt='' srcset=\"https:\/\/freiheitsdenkmal-leipzig.de\/wp-content\/uploads\/2024\/10\/FEL_8019_4_G.jpg 600w, https:\/\/freiheitsdenkmal-leipzig.de\/wp-content\/uploads\/2024\/10\/FEL_8019_4_G-300x200.jpg 300w, https:\/\/freiheitsdenkmal-leipzig.de\/wp-content\/uploads\/2024\/10\/FEL_8019_4_G-18x12.jpg 18w\" sizes=\"(max-width: 600px) 100vw, 600px\" \/><div class='big-prev-fake'><img decoding=\"async\" loading=\"lazy\" class=\"wp-image-8570 avia-img-lazy-loading-8570\"  width=\"495\" height=\"400\" src=\"https:\/\/freiheitsdenkmal-leipzig.de\/wp-content\/uploads\/2024\/10\/FEL_8019_4_G-495x400.jpg\" title='Screenshot' alt='' \/><\/div><\/a><\/div><\/div><br \/>\n<div  class='togglecontainer av-m2t92bg7-4e1564b94318498bcf5e147f62ccac96 av-minimal-toggle  avia-builder-el-227  el_after_av_gallery  avia-builder-el-last  toggle_close_all' >\n<section class='av_toggle_section av-m2t92ad5-016ea00fef4c227f70ead06345607eb8'  itemscope=\"itemscope\" itemtype=\"https:\/\/schema.org\/CreativeWork\" ><div role=\"tablist\" class=\"single_toggle\" data-tags=\"{All} \"  ><p data-fake-id='#toggle-id-24' class='toggler'  itemprop=\"headline\"  role='tab' tabindex='0' aria-controls='toggle-id-24'>Detail-Informationen<span class=\"toggle_icon\"><span class=\"vert_icon\"><\/span><span class=\"hor_icon\"><\/span><\/span><\/p><div id='toggle-id-24' class='toggle_wrap'  ><div class='toggle_content invers-color'  itemprop=\"text\" ><p><em>Von:<\/em> Ute Vorkoeper, Boran Burchhardt, beide Hamburg<\/p>\n<p><em>Mtarbeiter:innen: <\/em><em>Michael Palm, Masterbox GmbH\/ SEHW Architekten PartGmbB, Hamburg<br \/>\n<\/em><\/p>\n<p><em>Fachberater:innen:<\/em> SEHW Architekten PartGmbB, Christoph Winkler, Hamburg; Oliver St\u00f6rmer, Berlin; LICHT, Lichtplanung + Leuchtenentwicklung GmbH, Ulrike Brandi, Hamburg; Permalux \u2013 P.E.R. Flucht- und Rettungsleitsysteme GmbH, Cerstin Schulz, Ahrensburg; 3D Kunst GmbH, Jacob Neugebauer, Leoben\/\u00d6sterreich; Helling GmbH, Peter Muhrhauser, Heidgraben; HFB Engineering GmbH, Lars Winterstein, Leipzig; SB2 Landschaftsarchitekten, Evelyna Bou\u00e9, Hamburg<\/p>\n<p><em>Erl\u00e4uterungstext:<\/em><br \/>\nFreiheits- und Einigungsprozesse sind Grenzerfahrungen. Menschen nehmen auf unbestimmte Zeit die Gefahr auf sich, gegen gesetzte Grenzen anzugehen, und sie gehen dabei an ihre eigenen Grenzen. Es dauerte lange Jahre, bis 1989 mit der friedlichen Revolution die belastende deutsch- deutsche Grenzsituation beendet wurde. Die \u00dcberwindung der teilenden Grenze, durch den Mut vieler, ist eine historisch beispiellose Grenzaufl\u00f6sung. Der Kampf um Souver\u00e4nit\u00e4t, um pers\u00f6nliche wie politische und gesellschaftliche Freiheit, den in der DDR eine kontinuierlich wachsende Zahl von Menschen auf sich genommen hatte, m\u00fcndete 1990 schlie\u00dflich in eine gemeinsame, weltweit anerkannte deutsche Au\u00dfengrenze. Im Dialog mit dem Park \u00d6kotopia von Atelier Loidl Landschaftsarchitekten entsteht ein magisches Denkmal f\u00fcr das Ende von 40 Jahren deutsch-deutscher Grenzgeschichte und ein spektakul\u00e4rer Raum f\u00fcr Zukunftsbotschaften. Die Besucher*innen treffen hier auf die Au\u00dfengrenzen und deformierte Fragmente der ehemaligen deutsch-deutschen Grenze, die als Landkarte im Ma\u00dfstab von 1:5500 in den Park \u00fcbertragen werden. Die Grenzen werden aus Pixeln und dreidimensionalen Pixel-Cubes mit einem Grundma\u00df von 1 x 1 m gef\u00fcgt. F\u00fcr die Au\u00dfengrenze werden quadratische Betonplatten passgenau in das Gel\u00e4nde, in Wiesen und Wege eingef\u00fcgt. Die Pixel-Cubes der historischen Innengrenze sind deformierte Betonplastiken und schweben leicht \u00fcber dem Boden. Die bei Tageslicht hell wei\u00df strahlenden Betonplastiken und Bodenplatten stehen im Kontrast zu dem umgebenden Gr\u00fcn des Parks. Mit einsetzender D\u00e4mmerung werden sie zu selbstleuchtenden, magisch gr\u00fcnen Objekten. Sie sind in einem speziell entwickelten, phosphoreszierenden Beton ausgef\u00fchrt, der vom Sonnenlicht aufgeladen wird und durch ultraviolettes Licht aktiviert werden kann; das phosphoreszierende Material ist gesundheitlich unbedenklich und im \u00f6ffentlichen Raum erprobt. Tag- und Nachtwirkung des Materials bilden im Entwurf eine korrespondierende Einheit. Die Deformationen der materialisierten Pixel-Kuben sind das Ergebnis eines 3-D-Formprozesses. Er \u00fcbersetzt alle Handlungen, Fluchten, Ausweisungen, Ausreisen und Demonstrationen, die \u00fcber 40 Jahre auf die innerdeutsche Grenze eingewirkt haben, als 3-D Simulation in physikalisch logische Angriffe auf die virtuelle Grenze. Der digitale Formprozess wird dar\u00fcber hinaus als Videoanimation festgehalten und \u00fcber QR-Code-Schilder im Park abrufbar gemacht. W\u00e4hrend die innerdeutschen Grenz- und Freiheitserfahrungen im Park zum Greifen nah kommen, kann die deutsche Einheit beim Spaziergang entlang der gebrochenen Au\u00dfengrenzen nachvollzogen werden. Die abstrakte Karte im Park verortet das Picknick im Park in Bonn oder Berlin, w\u00e4hrend in Leipzig Basketball gespielt wird.<\/p>\n<p><em>Jurykommentar:<\/em><br \/>\nDer Entwurf \u201eGrenzerfahrung\u201c \u00fcberzeugt das Preisgericht durch die Einbindung der innova-tiven, spielerischen Materialeigenschaften des phosphorezierenden Betons, die ein Angebot zur Partizipation erm\u00f6glicht und damit Themen wie Protest, Spontaneit\u00e4t und Verg\u00e4nglichkeit umfasst. Das Denkmal m\u00f6chte die deutschen Au\u00dfengrenzen und die ehemalige innerdeutsche Grenze als Landkarte aus Bodenplatten und Betonplastiken innerhalb des Freiraums \u00d6kotopia begehbar machen. Die Originalit\u00e4t des phosphoreszierenden Materials, das durch ultraviolettes Licht aktiviert werden kann, fasziniert das Preisgericht. Zudem w\u00fcrdigt es, wie minimalinvasiv und barrierefrei sich das Denkmal in die Parklandschaft einf\u00fcgt. Der Entwurf wagt einen spielerischen und intuitiven Ansatz, was prinzipiell begr\u00fc\u00dft wird. Kritisch sieht das Preisgericht allerdings die Fokussierung auf das Thema Grenze im Allgemeinen und die deutsch-deutsche Grenze im Speziellen. Zwar werde dadurch das Thema \u201eEinheit\u201c physisch erfahrbar, gleichzeitig fehlt es z.B. an Sensibilit\u00e4t hinsichtlich jener direkten und indirekten politischen Gewalterfahrung, die die ostdeutsche Bev\u00f6lkerung erlebt hat. Die Mauer in Form von dreidimensionalen Pixel-Cubes wieder aufzubauen, erscheint dem Preisgericht als wenig sinnvoll, um die historischen Ereignisse von 1989 und ihre Fol-gen abzubilden. Zudem widerspricht die Thematisierung der Grenzen im Allgemeinen den Zielen von Freiheit und Vereinigung. Einen weiteren wesentlichen Mangel sieht das Gremium in den Ausma\u00dfen des Denkmals, da der Betonplattenweg nur aus der Vogelperspektive als Landkarte erkennbar wird. Zudem reicht es \u00fcber konkrete Orte im Platz- und Parkraum, wie z.B. die S-Bahnstation Wil-helm-Leuschner-Platz, was m\u00f6glicherweise zu nicht erw\u00fcnschten Irritationen bei der Interpretation f\u00fchren kann. Insgesamt zeigt die Arbeit eine klare Idee und eine besonders kreative Umsetzung, kommt aber im Vergleich zu anderen Arbeiten schlie\u00dflich nicht in die engere Wahl des Wettbewerbs.<\/p>\n<\/div><\/div><\/div><\/section>\n<\/div><\/p><\/div><\/div><!--close column table wrapper. Autoclose: 1 --><div  class='hr av-1zfrm8-c9fdda2fae704d40ac9303086c638d4e hr-default  avia-builder-el-228  el_after_av_three_fifth  avia-builder-el-last'><span class='hr-inner'><span class=\"hr-inner-style\"><\/span><\/span><\/div>\n\n<\/div><\/div><\/div><!-- close content main div --><\/div><\/div><div id='av_section_25'  class='avia-section av-yl8zk-63e84bff87d72ea9ddeae0dade8f12fb main_color avia-section-no-padding avia-no-border-styling  avia-builder-el-229  el_after_av_section  el_before_av_section  avia-bg-style-scroll container_wrap fullsize'  ><div class='container av-section-cont-open' ><div class='template-page content  av-content-full alpha units'><div class='post-entry post-entry-type-page post-entry-8368'><div class='entry-content-wrapper clearfix'>\n<div class='flex_column_table av-7ys94g-2f5a50fb6c3851f469717e88b613b137 sc-av_one_third av-equal-height-column-flextable'><div  class='flex_column av-7ys94g-2f5a50fb6c3851f469717e88b613b137 av_one_third  avia-builder-el-230  el_before_av_three_fifth  avia-builder-el-first  first no_margin flex_column_table_cell av-equal-height-column av-align-top'     ><section  class='av_textblock_section av-m2t99osb-dca374b2d0dc92310cb29976e05ad7c8'   itemscope=\"itemscope\" itemtype=\"https:\/\/schema.org\/CreativeWork\" ><div class='avia_textblock'  itemprop=\"text\" ><h4>Martin Yair Guttmann, Michael Clegg<\/h4>\n<\/div><\/section><br \/>\n\n<style type=\"text\/css\" data-created_by=\"avia_inline_auto\" id=\"style-css-av-m2t94igi-42d030b350b64564ff9fc2f52da4d796\">\n.avia-image-container.av-m2t94igi-42d030b350b64564ff9fc2f52da4d796 img.avia_image{\nbox-shadow:none;\n}\n.avia-image-container.av-m2t94igi-42d030b350b64564ff9fc2f52da4d796 .av-image-caption-overlay-center{\ncolor:#ffffff;\n}\n<\/style>\n<div  class='avia-image-container av-m2t94igi-42d030b350b64564ff9fc2f52da4d796 av-styling- avia-align-center  avia-builder-el-232  el_after_av_textblock  avia-builder-el-last'   itemprop=\"image\" itemscope=\"itemscope\" itemtype=\"https:\/\/schema.org\/ImageObject\" ><div class=\"avia-image-container-inner\"><div class=\"avia-image-overlay-wrap\"><img decoding=\"async\" fetchpriority=\"high\" class='wp-image-8572 avia-img-lazy-loading-not-8572 avia_image' src=\"https:\/\/freiheitsdenkmal-leipzig.de\/wp-content\/uploads\/2024\/10\/FEL_8032_1_G.jpg\" alt='' title='FEL_8032_1_G'  height=\"400\" width=\"600\"  itemprop=\"thumbnailUrl\" srcset=\"https:\/\/freiheitsdenkmal-leipzig.de\/wp-content\/uploads\/2024\/10\/FEL_8032_1_G.jpg 600w, https:\/\/freiheitsdenkmal-leipzig.de\/wp-content\/uploads\/2024\/10\/FEL_8032_1_G-300x200.jpg 300w, https:\/\/freiheitsdenkmal-leipzig.de\/wp-content\/uploads\/2024\/10\/FEL_8032_1_G-18x12.jpg 18w\" sizes=\"(max-width: 600px) 100vw, 600px\" \/><\/div><\/div><\/div><\/p><\/div><div  class='flex_column av-58aq8g-7ba67a03193c6c490ba522a62af2f44a av_three_fifth  avia-builder-el-233  el_after_av_one_third  el_before_av_hr  no_margin flex_column_table_cell av-equal-height-column av-align-top'     ><p>\n<style type=\"text\/css\" data-created_by=\"avia_inline_auto\" id=\"style-css-av-4jrvts-c35c81407022d572ce056e6eaed5c7bc\">\n#top .hr.hr-invisible.av-4jrvts-c35c81407022d572ce056e6eaed5c7bc{\nheight:20px;\n}\n<\/style>\n<div  class='hr av-4jrvts-c35c81407022d572ce056e6eaed5c7bc hr-invisible  avia-builder-el-234  el_before_av_gallery  avia-builder-el-first'><span class='hr-inner'><span class=\"hr-inner-style\"><\/span><\/span><\/div><br \/>\n\n<style type=\"text\/css\" data-created_by=\"avia_inline_auto\" id=\"style-css-av-m2t95j86-390649e0666f21c4128fc12fa48ef1fa\">\n#top .avia-gallery.av-m2t95j86-390649e0666f21c4128fc12fa48ef1fa .avia-gallery-thumb a{\nwidth:33.3333%;\n}\n<\/style>\n<div  class='avia-gallery av-m2t95j86-390649e0666f21c4128fc12fa48ef1fa avia_animate_when_visible  avia-builder-el-235  el_after_av_hr  el_before_av_toggle_container  avia_lazyload avia-gallery-animate avia-gallery-25'  itemprop=\"image\" itemscope=\"itemscope\" itemtype=\"https:\/\/schema.org\/ImageObject\" ><meta itemprop=\"contentURL\" content=\"https:\/\/freiheitsdenkmal-leipzig.de\/en\/alle-entwuerfe\"><div class='avia-gallery-thumb'><a href=\"https:\/\/freiheitsdenkmal-leipzig.de\/wp-content\/uploads\/2024\/10\/FEL_8032_2_G.jpg\" data-srcset=\"https:\/\/freiheitsdenkmal-leipzig.de\/wp-content\/uploads\/2024\/10\/FEL_8032_2_G.jpg 600w, https:\/\/freiheitsdenkmal-leipzig.de\/wp-content\/uploads\/2024\/10\/FEL_8032_2_G-300x200.jpg 300w, https:\/\/freiheitsdenkmal-leipzig.de\/wp-content\/uploads\/2024\/10\/FEL_8032_2_G-18x12.jpg 18w\" data-sizes=\"(max-width: 600px) 100vw, 600px\" data-rel='gallery-25' data-prev-img='https:\/\/freiheitsdenkmal-leipzig.de\/wp-content\/uploads\/2024\/10\/FEL_8032_2_G-495x400.jpg' class='first_thumb lightbox' data-onclick='1' title='FEL_8032_2_G'  itemprop=\"thumbnailUrl\"  ><img decoding=\"async\" fetchpriority=\"high\" class=\"wp-image-8573 avia-img-lazy-loading-not-8573\"   src=\"https:\/\/freiheitsdenkmal-leipzig.de\/wp-content\/uploads\/2024\/10\/FEL_8032_2_G.jpg\" width=\"600\" height=\"400\"  title='FEL_8032_2_G' alt='' srcset=\"https:\/\/freiheitsdenkmal-leipzig.de\/wp-content\/uploads\/2024\/10\/FEL_8032_2_G.jpg 600w, https:\/\/freiheitsdenkmal-leipzig.de\/wp-content\/uploads\/2024\/10\/FEL_8032_2_G-300x200.jpg 300w, https:\/\/freiheitsdenkmal-leipzig.de\/wp-content\/uploads\/2024\/10\/FEL_8032_2_G-18x12.jpg 18w\" sizes=\"(max-width: 600px) 100vw, 600px\" \/><div class='big-prev-fake'><img decoding=\"async\" loading=\"lazy\" class=\"wp-image-8573 avia-img-lazy-loading-8573\"  width=\"495\" height=\"400\" src=\"https:\/\/freiheitsdenkmal-leipzig.de\/wp-content\/uploads\/2024\/10\/FEL_8032_2_G-495x400.jpg\" title='FEL_8032_2_G' alt='' \/><\/div><\/a><a href=\"https:\/\/freiheitsdenkmal-leipzig.de\/wp-content\/uploads\/2024\/10\/FEL_8032_3_G.jpg\" data-srcset=\"https:\/\/freiheitsdenkmal-leipzig.de\/wp-content\/uploads\/2024\/10\/FEL_8032_3_G.jpg 600w, https:\/\/freiheitsdenkmal-leipzig.de\/wp-content\/uploads\/2024\/10\/FEL_8032_3_G-300x200.jpg 300w, https:\/\/freiheitsdenkmal-leipzig.de\/wp-content\/uploads\/2024\/10\/FEL_8032_3_G-18x12.jpg 18w\" data-sizes=\"(max-width: 600px) 100vw, 600px\" data-rel='gallery-25' data-prev-img='https:\/\/freiheitsdenkmal-leipzig.de\/wp-content\/uploads\/2024\/10\/FEL_8032_3_G-495x400.jpg' class='lightbox' data-onclick='2' title='FEL_8032_3_G'  itemprop=\"thumbnailUrl\"  ><img decoding=\"async\" fetchpriority=\"high\" class=\"wp-image-8574 avia-img-lazy-loading-not-8574\"   src=\"https:\/\/freiheitsdenkmal-leipzig.de\/wp-content\/uploads\/2024\/10\/FEL_8032_3_G.jpg\" width=\"600\" height=\"400\"  title='FEL_8032_3_G' alt='' srcset=\"https:\/\/freiheitsdenkmal-leipzig.de\/wp-content\/uploads\/2024\/10\/FEL_8032_3_G.jpg 600w, https:\/\/freiheitsdenkmal-leipzig.de\/wp-content\/uploads\/2024\/10\/FEL_8032_3_G-300x200.jpg 300w, https:\/\/freiheitsdenkmal-leipzig.de\/wp-content\/uploads\/2024\/10\/FEL_8032_3_G-18x12.jpg 18w\" sizes=\"(max-width: 600px) 100vw, 600px\" \/><div class='big-prev-fake'><img decoding=\"async\" loading=\"lazy\" class=\"wp-image-8574 avia-img-lazy-loading-8574\"  width=\"495\" height=\"400\" src=\"https:\/\/freiheitsdenkmal-leipzig.de\/wp-content\/uploads\/2024\/10\/FEL_8032_3_G-495x400.jpg\" title='FEL_8032_3_G' alt='' \/><\/div><\/a><a href=\"https:\/\/freiheitsdenkmal-leipzig.de\/wp-content\/uploads\/2024\/10\/FEL_8032_4_G.jpg\" data-srcset=\"https:\/\/freiheitsdenkmal-leipzig.de\/wp-content\/uploads\/2024\/10\/FEL_8032_4_G.jpg 600w, https:\/\/freiheitsdenkmal-leipzig.de\/wp-content\/uploads\/2024\/10\/FEL_8032_4_G-300x200.jpg 300w, https:\/\/freiheitsdenkmal-leipzig.de\/wp-content\/uploads\/2024\/10\/FEL_8032_4_G-18x12.jpg 18w\" data-sizes=\"(max-width: 600px) 100vw, 600px\" data-rel='gallery-25' data-prev-img='https:\/\/freiheitsdenkmal-leipzig.de\/wp-content\/uploads\/2024\/10\/FEL_8032_4_G-495x400.jpg' class='lightbox' data-onclick='3' title='FEL_8032_4_G'  itemprop=\"thumbnailUrl\"  ><img decoding=\"async\" fetchpriority=\"high\" class=\"wp-image-8575 avia-img-lazy-loading-not-8575\"   src=\"https:\/\/freiheitsdenkmal-leipzig.de\/wp-content\/uploads\/2024\/10\/FEL_8032_4_G.jpg\" width=\"600\" height=\"400\"  title='FEL_8032_4_G' alt='' srcset=\"https:\/\/freiheitsdenkmal-leipzig.de\/wp-content\/uploads\/2024\/10\/FEL_8032_4_G.jpg 600w, https:\/\/freiheitsdenkmal-leipzig.de\/wp-content\/uploads\/2024\/10\/FEL_8032_4_G-300x200.jpg 300w, https:\/\/freiheitsdenkmal-leipzig.de\/wp-content\/uploads\/2024\/10\/FEL_8032_4_G-18x12.jpg 18w\" sizes=\"(max-width: 600px) 100vw, 600px\" \/><div class='big-prev-fake'><img decoding=\"async\" loading=\"lazy\" class=\"wp-image-8575 avia-img-lazy-loading-8575\"  width=\"495\" height=\"400\" src=\"https:\/\/freiheitsdenkmal-leipzig.de\/wp-content\/uploads\/2024\/10\/FEL_8032_4_G-495x400.jpg\" title='FEL_8032_4_G' alt='' \/><\/div><\/a><\/div><\/div><br \/>\n<div  class='togglecontainer av-m2t99irf-a97337f6d834cece44c2f3de0611c84f av-minimal-toggle  avia-builder-el-236  el_after_av_gallery  avia-builder-el-last  toggle_close_all' >\n<section class='av_toggle_section av-m2t99he9-2ecb3d80394bdbb4974975f7c31da266'  itemscope=\"itemscope\" itemtype=\"https:\/\/schema.org\/CreativeWork\" ><div role=\"tablist\" class=\"single_toggle\" data-tags=\"{All} \"  ><p data-fake-id='#toggle-id-25' class='toggler'  itemprop=\"headline\"  role='tab' tabindex='0' aria-controls='toggle-id-25'>Detail-Informationen<span class=\"toggle_icon\"><span class=\"vert_icon\"><\/span><span class=\"hor_icon\"><\/span><\/span><\/p><div id='toggle-id-25' class='toggle_wrap'  ><div class='toggle_content invers-color'  itemprop=\"text\" ><p><em>Von:<\/em> Martin Yair Guttmann, Wien\/\u00d6sterreich; Michael Clegg, Berlin<\/p>\n<p><em>Mtarbeiter:innen: <\/em><em>SK Stadtplanung und Architektur, Maya Amei Kranner; My Harrfors<br \/>\n<\/em><\/p>\n<p><em>Erl\u00e4uterungstext:<\/em><br \/>\nSoziale Skulpturen Ost West Wind ist eine soziale Skulptur; sie ist transparent in Bezug auf den Prozess ihrer eigenen Entstehung. Die K\u00fcnstlerinnen und K\u00fcnstler haben den Prozess im Vorfeld gestaltet und ihm dann seinen Lauf gelassen, so dass er zumindest teilweise die formalen Eigenschaften des Werkes &#8211; seine Farben, seine Materialien, seine Form usw. &#8211; bestimmt; auf diese Weise wird die Form von Werken wie Ost West Wind sozial eingebettet. Die einzelnen Bausteine von Ost West Wind sind ausgemusterte Orgelpfeifen aus Kirchen aus verschiedenen Teilen Deutschlands; ihre Herkunft wird durch kleine Schilder vermittelt, die dem Betrachter oder der Betrachterin verraten, wo sie einst eine Rolle bei der Auff\u00fchrung der Musik von Bach oder H\u00e4ndel spielten. Wir haben vor, alte Zinkpfeifen zu kaufen und ihnen neues Leben einzuhauchen, indem wir sie in eine Windorgel verwandeln. Die Pfeifen werden zun\u00e4chst von einem Experten f\u00fcr \u00e4olische Instrumenten geplant; er bestimmt die Kammern und Tonschlitze mit spezieller Form, damit der Wind hineinblasen kann; seine unverwechselbare Handarbeit ist \u00fcberall zu sehen; sie ist ein Beweis f\u00fcr seine Rolle in diesem Prozess. Die \u00e4sthetische Erfahrung und der sensus communis Ost West Wind ist in erster Linie eine Art Skulpturengarten &#8211; eine permanente Au\u00dfeninstallation von sechs monumentalen Kunstobjekten. Die Gestaltung muss diese Absicht widerspiegeln, indem sie den einzelnen Objekten, respektive den S\u00e4ulen, gen\u00fcgend Raum gibt, um einzeln betrachtet werden zu k\u00f6nnen. Die Dynamik der Individuen wird \u00fcber eine leichte Schr\u00e4gstellung aller S\u00e4ulen hervorgehoben, welche noch dazu den Eindruck erweckt, sie seien vom Wind bewegt. In der minimalistischen Gestaltung des Monuments kommen vor allem zwei Materialien zur Geltung: zum einen das Zinkblech der Orgelpfeifen, welches \u00fcber die Jahre eine gr\u00e4ulich-bl\u00e4uliche Patina annehmen wird. Zum anderen der gelblich-br\u00e4unliche Travertin Naturstein, welcher aus heimischen Steinbr\u00fcchen gewonnen werden kann und im Monument im Gro\u00dfformat, wie auch als Pflasterstein einen Rahmen f\u00fcr den neuen Ort des Gedenkens schafft. Mit der Wahl der Materialien, aber auch durch die Aktivierung der Installation \u00fcber den Wind, soll ein langfristiges Bestehen des Denkmals gesichert werden, welches ohne intensive Wartungsarbeiten den Folgegenerationen als Zeichen der Zivilcourage zur Verf\u00fcgung steht. Die Bewahrung des historischen Ged\u00e4chtnisses h\u00e4ngt h\u00e4ufig von der \u00e4sthetischen Erfahrung eines Kunstwerks ab. Die \u00e4sthetische Dimension des Projekts ist also von entscheidender Bedeutung; sie ist eine wichtige Quelle der Einheit zwischen den Menschen &#8211; was Kant als sensus communis bezeichnete. Wir hoffen, dass die gemeinsame Erfahrung, dem Wind zuzuh\u00f6ren, der auf den massiven Metallstrukturen \u00e4olische Melodien spielt, die Menschen einander n\u00e4herbringt.<\/p>\n<p><em>Jurykommentar:<\/em><br \/>\nDas Preisgericht ist von den kreativen Bez\u00fcgen des Denkmals &#8222;Ost-West-Wind&#8220; und der poetischen Auseinandersetzung mit den grunds\u00e4tzlichen Fragen der Aufgabenstellung beeindruckt. Metaphern werden aufgegriffen und in Bezug zu den Leipziger Freiheitsdemonstra-tionen und den Motiven der Verbundenheit der Menschen bei der Gestaltung der Geschichte, der Herbeif\u00fchrung von Ver\u00e4nderungen und im Kontext von Harmonie und Disharmonie gebracht. Der \u201eSkulpturen-Garten\u201c ist gleicherma\u00dfen sensibel-leise wie pr\u00e4gnat an einem sehr lauten Ort. Es wird eine vom Wind zum Klingen gebrachte Orgel-Installation vor-geschlagen, was auf jahrtausendealte k\u00fcnstlerische Motive und Techniken aufbaut und zudem ein Bezug zu Leipzig als Bach-Stadt gesucht wird. Gerade wegen ihrer Zeitlosigkeit eignen sie sich zur Evokation historischer Dynamiken, Wendepunkte und menschlicher K\u00e4mpfe. Die in sechs gr\u00f6\u00dferen Einheiten zusammengef\u00fcgten Orgelpfeifen sind ausgemusterte Pfeifen aus verschiedenen Kirchen Deutschland, deren Herkunft vermittelt wird. So wird auch auf die Rolle der Kirche in der Freiheitsbewegung hingewiesen. Der Anspruch einer \u201esozialen Skulptur\u201c, die \u201etransparent in Bezug auf den Prozess ihrer eigenen Entstehung\u201c sei, kann allerdings nicht nachvollzogen werden. Nach Meinung des Preisgerichts folgt die ambitionierte und poetisch anmutende akustische Installation in ihrer visuellen Umsetzung jedoch nicht angemessen den im akustischen Konzept formulierten Zielen. Die theatralische, beinahe altar\u00e4hnliche Anordnung, die sich \u2013 trotz geplanter Ereignisse \u2013 in ihrer statischen und zusammengerafften Form von Boden und Menschen abhebt, widerspricht dem im Konzept formulierten partizipativen Geist. Die einem zeremoniellen B\u00fchnenbild \u00e4hnliche r\u00e4umliche Formulierung entfremdet und sakralisiert starr und trennt so das Denkmal von den menschlichen und gesellschaftlichen Dynamiken, die durch den &#8222;Ost-West-Wind&#8220; eigentlich ausgedr\u00fcckt werden sollen.<\/p>\n<\/div><\/div><\/div><\/section>\n<\/div><\/p><\/div><\/div><!--close column table wrapper. Autoclose: 1 --><div  class='hr av-1ttnds-5984c838384950cce99ea24e79ea6b9f hr-default  avia-builder-el-237  el_after_av_three_fifth  avia-builder-el-last'><span class='hr-inner'><span class=\"hr-inner-style\"><\/span><\/span><\/div>\n\n<\/div><\/div><\/div><!-- close content main div --><\/div><\/div><div id='av_section_26'  class='avia-section av-9tcik0-b4fe8e121ad3eef1790a134a086f846e main_color avia-section-no-padding avia-no-border-styling  avia-builder-el-238  el_after_av_section  el_before_av_section  avia-bg-style-scroll container_wrap fullsize'  ><div class='container av-section-cont-open' ><div class='template-page content  av-content-full alpha units'><div class='post-entry post-entry-type-page post-entry-8368'><div class='entry-content-wrapper clearfix'>\n<div class='flex_column_table av-7icots-fac16f7eda8ab2a063bb541890ea98df sc-av_one_third av-equal-height-column-flextable'><div  class='flex_column av-7icots-fac16f7eda8ab2a063bb541890ea98df av_one_third  avia-builder-el-239  el_before_av_three_fifth  avia-builder-el-first  first no_margin flex_column_table_cell av-equal-height-column av-align-top'     ><section  class='av_textblock_section av-m2ubj8lc-9476a1497baba024400023b20148ab4f'   itemscope=\"itemscope\" itemtype=\"https:\/\/schema.org\/CreativeWork\" ><div class='avia_textblock'  itemprop=\"text\" ><h4>Sam Cherrmayeff Office und baukuh<\/h4>\n<\/div><\/section><br \/>\n\n<style type=\"text\/css\" data-created_by=\"avia_inline_auto\" id=\"style-css-av-m2ubf93v-798d264cab93767619b4d83e01b0b6fb\">\n.avia-image-container.av-m2ubf93v-798d264cab93767619b4d83e01b0b6fb img.avia_image{\nbox-shadow:none;\n}\n.avia-image-container.av-m2ubf93v-798d264cab93767619b4d83e01b0b6fb .av-image-caption-overlay-center{\ncolor:#ffffff;\n}\n<\/style>\n<div  class='avia-image-container av-m2ubf93v-798d264cab93767619b4d83e01b0b6fb av-styling- avia-align-center  avia-builder-el-241  el_after_av_textblock  avia-builder-el-last'   itemprop=\"image\" itemscope=\"itemscope\" itemtype=\"https:\/\/schema.org\/ImageObject\" ><div class=\"avia-image-container-inner\"><div class=\"avia-image-overlay-wrap\"><img decoding=\"async\" fetchpriority=\"high\" class='wp-image-8599 avia-img-lazy-loading-not-8599 avia_image' src=\"https:\/\/freiheitsdenkmal-leipzig.de\/wp-content\/uploads\/2024\/10\/FEL_8003_1_G.jpg\" alt='' title='FEL_8003_1_G'  height=\"400\" width=\"600\"  itemprop=\"thumbnailUrl\" srcset=\"https:\/\/freiheitsdenkmal-leipzig.de\/wp-content\/uploads\/2024\/10\/FEL_8003_1_G.jpg 600w, https:\/\/freiheitsdenkmal-leipzig.de\/wp-content\/uploads\/2024\/10\/FEL_8003_1_G-300x200.jpg 300w, https:\/\/freiheitsdenkmal-leipzig.de\/wp-content\/uploads\/2024\/10\/FEL_8003_1_G-18x12.jpg 18w\" sizes=\"(max-width: 600px) 100vw, 600px\" \/><\/div><\/div><\/div><\/p><\/div><div  class='flex_column av-67knts-0912afd0dcc44a1cc1e879cce0a53b41 av_three_fifth  avia-builder-el-242  el_after_av_one_third  el_before_av_hr  no_margin flex_column_table_cell av-equal-height-column av-align-top'     ><p>\n<style type=\"text\/css\" data-created_by=\"avia_inline_auto\" id=\"style-css-av-4b2iyo-699b17ae7c20f34ae8c4fc6e5ac0a2c8\">\n#top .hr.hr-invisible.av-4b2iyo-699b17ae7c20f34ae8c4fc6e5ac0a2c8{\nheight:20px;\n}\n<\/style>\n<div  class='hr av-4b2iyo-699b17ae7c20f34ae8c4fc6e5ac0a2c8 hr-invisible  avia-builder-el-243  el_before_av_gallery  avia-builder-el-first'><span class='hr-inner'><span class=\"hr-inner-style\"><\/span><\/span><\/div><br \/>\n\n<style type=\"text\/css\" data-created_by=\"avia_inline_auto\" id=\"style-css-av-m2ubgb4d-a8eff5375a5bb46ab539fb62574e8f67\">\n#top .avia-gallery.av-m2ubgb4d-a8eff5375a5bb46ab539fb62574e8f67 .avia-gallery-thumb a{\nwidth:33.3333%;\n}\n<\/style>\n<div  class='avia-gallery av-m2ubgb4d-a8eff5375a5bb46ab539fb62574e8f67 avia_animate_when_visible  avia-builder-el-244  el_after_av_hr  el_before_av_toggle_container  avia_lazyload avia-gallery-animate avia-gallery-26'  itemprop=\"image\" itemscope=\"itemscope\" itemtype=\"https:\/\/schema.org\/ImageObject\" ><meta itemprop=\"contentURL\" content=\"https:\/\/freiheitsdenkmal-leipzig.de\/en\/alle-entwuerfe\"><div class='avia-gallery-thumb'><a href=\"https:\/\/freiheitsdenkmal-leipzig.de\/wp-content\/uploads\/2024\/10\/FEL_8003_2_G.jpg\" data-srcset=\"https:\/\/freiheitsdenkmal-leipzig.de\/wp-content\/uploads\/2024\/10\/FEL_8003_2_G.jpg 600w, https:\/\/freiheitsdenkmal-leipzig.de\/wp-content\/uploads\/2024\/10\/FEL_8003_2_G-300x200.jpg 300w, https:\/\/freiheitsdenkmal-leipzig.de\/wp-content\/uploads\/2024\/10\/FEL_8003_2_G-18x12.jpg 18w\" data-sizes=\"(max-width: 600px) 100vw, 600px\" data-rel='gallery-26' data-prev-img='https:\/\/freiheitsdenkmal-leipzig.de\/wp-content\/uploads\/2024\/10\/FEL_8003_2_G-495x400.jpg' class='first_thumb lightbox' data-onclick='1' title='FEL_8003_2_G'  itemprop=\"thumbnailUrl\"  ><img decoding=\"async\" fetchpriority=\"high\" class=\"wp-image-8600 avia-img-lazy-loading-not-8600\"   src=\"https:\/\/freiheitsdenkmal-leipzig.de\/wp-content\/uploads\/2024\/10\/FEL_8003_2_G.jpg\" width=\"600\" height=\"400\"  title='FEL_8003_2_G' alt='' srcset=\"https:\/\/freiheitsdenkmal-leipzig.de\/wp-content\/uploads\/2024\/10\/FEL_8003_2_G.jpg 600w, https:\/\/freiheitsdenkmal-leipzig.de\/wp-content\/uploads\/2024\/10\/FEL_8003_2_G-300x200.jpg 300w, https:\/\/freiheitsdenkmal-leipzig.de\/wp-content\/uploads\/2024\/10\/FEL_8003_2_G-18x12.jpg 18w\" sizes=\"(max-width: 600px) 100vw, 600px\" \/><div class='big-prev-fake'><img decoding=\"async\" loading=\"lazy\" class=\"wp-image-8600 avia-img-lazy-loading-8600\"  width=\"495\" height=\"400\" src=\"https:\/\/freiheitsdenkmal-leipzig.de\/wp-content\/uploads\/2024\/10\/FEL_8003_2_G-495x400.jpg\" title='FEL_8003_2_G' alt='' \/><\/div><\/a><a href=\"https:\/\/freiheitsdenkmal-leipzig.de\/wp-content\/uploads\/2024\/10\/FEL_8003_3_G.jpg\" data-srcset=\"https:\/\/freiheitsdenkmal-leipzig.de\/wp-content\/uploads\/2024\/10\/FEL_8003_3_G.jpg 600w, https:\/\/freiheitsdenkmal-leipzig.de\/wp-content\/uploads\/2024\/10\/FEL_8003_3_G-300x200.jpg 300w, https:\/\/freiheitsdenkmal-leipzig.de\/wp-content\/uploads\/2024\/10\/FEL_8003_3_G-18x12.jpg 18w\" data-sizes=\"(max-width: 600px) 100vw, 600px\" data-rel='gallery-26' data-prev-img='https:\/\/freiheitsdenkmal-leipzig.de\/wp-content\/uploads\/2024\/10\/FEL_8003_3_G-495x400.jpg' class='lightbox' data-onclick='2' title='FEL_8003_3_G'  itemprop=\"thumbnailUrl\"  ><img decoding=\"async\" fetchpriority=\"high\" class=\"wp-image-8601 avia-img-lazy-loading-not-8601\"   src=\"https:\/\/freiheitsdenkmal-leipzig.de\/wp-content\/uploads\/2024\/10\/FEL_8003_3_G.jpg\" width=\"600\" height=\"400\"  title='FEL_8003_3_G' alt='' srcset=\"https:\/\/freiheitsdenkmal-leipzig.de\/wp-content\/uploads\/2024\/10\/FEL_8003_3_G.jpg 600w, https:\/\/freiheitsdenkmal-leipzig.de\/wp-content\/uploads\/2024\/10\/FEL_8003_3_G-300x200.jpg 300w, https:\/\/freiheitsdenkmal-leipzig.de\/wp-content\/uploads\/2024\/10\/FEL_8003_3_G-18x12.jpg 18w\" sizes=\"(max-width: 600px) 100vw, 600px\" \/><div class='big-prev-fake'><img decoding=\"async\" loading=\"lazy\" class=\"wp-image-8601 avia-img-lazy-loading-8601\"  width=\"495\" height=\"400\" src=\"https:\/\/freiheitsdenkmal-leipzig.de\/wp-content\/uploads\/2024\/10\/FEL_8003_3_G-495x400.jpg\" title='FEL_8003_3_G' alt='' \/><\/div><\/a><a href=\"https:\/\/freiheitsdenkmal-leipzig.de\/wp-content\/uploads\/2024\/10\/FEL_8003_4_G.jpg\" data-srcset=\"https:\/\/freiheitsdenkmal-leipzig.de\/wp-content\/uploads\/2024\/10\/FEL_8003_4_G.jpg 600w, https:\/\/freiheitsdenkmal-leipzig.de\/wp-content\/uploads\/2024\/10\/FEL_8003_4_G-300x200.jpg 300w, https:\/\/freiheitsdenkmal-leipzig.de\/wp-content\/uploads\/2024\/10\/FEL_8003_4_G-18x12.jpg 18w\" data-sizes=\"(max-width: 600px) 100vw, 600px\" data-rel='gallery-26' data-prev-img='https:\/\/freiheitsdenkmal-leipzig.de\/wp-content\/uploads\/2024\/10\/FEL_8003_4_G-495x400.jpg' class='lightbox' data-onclick='3' title='FEL_8003_4_G'  itemprop=\"thumbnailUrl\"  ><img decoding=\"async\" fetchpriority=\"high\" class=\"wp-image-8602 avia-img-lazy-loading-not-8602\"   src=\"https:\/\/freiheitsdenkmal-leipzig.de\/wp-content\/uploads\/2024\/10\/FEL_8003_4_G.jpg\" width=\"600\" height=\"400\"  title='FEL_8003_4_G' alt='' srcset=\"https:\/\/freiheitsdenkmal-leipzig.de\/wp-content\/uploads\/2024\/10\/FEL_8003_4_G.jpg 600w, https:\/\/freiheitsdenkmal-leipzig.de\/wp-content\/uploads\/2024\/10\/FEL_8003_4_G-300x200.jpg 300w, https:\/\/freiheitsdenkmal-leipzig.de\/wp-content\/uploads\/2024\/10\/FEL_8003_4_G-18x12.jpg 18w\" sizes=\"(max-width: 600px) 100vw, 600px\" \/><div class='big-prev-fake'><img decoding=\"async\" loading=\"lazy\" class=\"wp-image-8602 avia-img-lazy-loading-8602\"  width=\"495\" height=\"400\" src=\"https:\/\/freiheitsdenkmal-leipzig.de\/wp-content\/uploads\/2024\/10\/FEL_8003_4_G-495x400.jpg\" title='FEL_8003_4_G' alt='' \/><\/div><\/a><\/div><\/div><br \/>\n<div  class='togglecontainer av-m2ubj299-213e578c22f5e8853023c9381055ef56 av-minimal-toggle  avia-builder-el-245  el_after_av_gallery  avia-builder-el-last  toggle_close_all' >\n<section class='av_toggle_section av-m2ubj11k-ecaab13ec86fd039309445c6d3dbbb56'  itemscope=\"itemscope\" itemtype=\"https:\/\/schema.org\/CreativeWork\" ><div role=\"tablist\" class=\"single_toggle\" data-tags=\"{All} \"  ><p data-fake-id='#toggle-id-26' class='toggler'  itemprop=\"headline\"  role='tab' tabindex='0' aria-controls='toggle-id-26'>Detail-Informationen<span class=\"toggle_icon\"><span class=\"vert_icon\"><\/span><span class=\"hor_icon\"><\/span><\/span><\/p><div id='toggle-id-26' class='toggle_wrap'  ><div class='toggle_content invers-color'  itemprop=\"text\" ><p><em>Von:<\/em> Barbara Polakova, Sam Chermayeff, beide Berlin, Pier Paolo Tamburelli, Mailand\/Italien<\/p>\n<p><em>Mtarbeiter:innen: <\/em>Andrea Zanderigo, Lorenzo de Pascale, beide Mailand\/Italien; Pascal Bertschi, Julius Bl\u00e4ser, beide Berlin<em><br \/>\n<\/em><\/p>\n<p><em>Fachberater:innen:<\/em> Nadir Abdessemed, Transsolar Energietechnik GmbH<\/p>\n<p><em>Erl\u00e4uterungstext:<\/em><br \/>\nDas neue Denkmal f\u00fcr die Leipziger Proteste ist ein Ort f\u00fcr eine pluralistische, demokratische und sich entwickelnde Gesellschaft, deshalb werden die Texte, Bilder und Soundinhalte im Laufe des Tages und \u00fcber die Jahre hinweg changieren. Auf diese Weise verbindet das neue Denkmal einen offenen, sich immer weiterentwickelnden Inhalt (Demokratie und \u2013 in diesem Fall \u2013 das Streben nach Demokratie) mit einer fixen Komposition (eine Form, die erm\u00f6glicht, Denkmal zu sein und als solches in der Zeit zu bestehen und das Bestreben f\u00fcr die Werte der Demokratie auf lange Sicht zu verk\u00fcnden). Das neue Denkmal legt seine Dualit\u00e4t offen: Es ist gro\u00dfartig und leicht, festlich und ernst, vielf\u00e4ltig und harmonisch, fragil und dauerhaft. Der hierin liegende Widerspruch zwischen Monumentalit\u00e4t und Demokratie ist offensichtlich. Er wird bereits im prototypischen modernen Denkmal thematisiert: den Freiheitsb\u00e4umen der amerikanischen und franz\u00f6sischen Revolutionen. Wie diese Freiheitsb\u00e4ume ber\u00fchrt das neue Denkmal den Boden mit gro\u00dfer Behutsamkeit, was dessen zerbrechliche Balance und die Notwendigkeit st\u00e4ndiger Sorgfalt und Auseinandersetzung offenbart. Obwohl das neue Monument, anders als ein Baum, kein Lebewesen ist, entwickelt es sich dennoch weiter. Dies geschieht durch die Ver\u00e4nderung seiner Text- und Soundinhalte, die fortlaufende kuratorische Arbeit erfordert. Die St\u00fctzen der Schilder schaffen \u2013 \u00e4hnlich wie die Transparente der Montagsdemonstrationen \u2013 eine direkte visuelle Verbindung zu den Menschen, die sie tragen. Dadurch wird die grunds\u00e4tzliche Unvollst\u00e4ndigkeit dieses Denkmals verdeutlicht, das ohne wiederkehrende Gesten der Aufmerksamkeit der Leipziger B\u00fcrger:innen nicht fortbestehen k\u00f6nnte. Die Metallplatten beziehen sich direkt auf die Protestplakate und -banner, die zu den Friedensgebeten und bei den Montagsdemonstrationen auf die Stra\u00dfen gebracht wurden. Der Zusammenhang ist direkt und klar, gleichzeitig aber mittelbar und nicht offensichtlich. Das Monument besteht aus robusten, langlebigen Materialien wie Stahl, Glas und Solarpaneelen und ahmt die urspr\u00fcnglichen Transparente aus Stoff und Papier nicht nach. Ein Denkmal ist in der Tat \u2013 und per definitionem \u2013 daf\u00fcr gemacht, zu \u00fcberdauern. Ein demokratisches Denkmal muss pluralistisch sein, ohne den notwendigen Anspruch der Monumentalit\u00e4t zu vernachl\u00e4ssigen. Das neue Denkmal ist provokativ, aber dennoch verl\u00e4sslich, dauerhaft und pragmatisch. Die Schriftz\u00fcge auf den Metallplatten des neuen Denkmals besch\u00e4ftigen sich intensiv mit der Frage der Zeitlichkeit; einige sind relativ statisch und bleiben au\u00dfergew\u00f6hnlich lange bestehen, w\u00e4hrend andere dynamischer sind und sich regelm\u00e4\u00dfig ver\u00e4ndern. Die Gl\u00fchbirnen lassen sich so programmieren, dass sie sowohl kurze, pr\u00e4gnante, als auch l\u00e4ngere, ausf\u00fchrlich artikulierte Botschaften darstellen.<\/p>\n<p><em>Jurykommentar:<\/em><br \/>\nDie Arbeit besticht durch ihre r\u00e4umliche Situierung und Pr\u00e4senz im Stadtgef\u00fcge an der Ecke Ro\u00dfplatz \u2013 Wilhelm Leuschner Platz. Weithin sichtbar gleicherma\u00dfen f\u00fcr langsam und schneller Passanten, steht es wie ein dr\u00e4ngendes Zeichen, ein Aufruf, der nicht \u00fcbersehen werden kann. Die Vielstimmigkeit der Montagsdemonstrationen von 1989 und deren Streben nach Demokratie sind das eigentliche Thema dieser gekonnt komponierten skulpturalen Anordnung von gekr\u00fcmmten und geraden Metallfl\u00e4chen, die in ihrer Formensprache an die russischen Konstruktivisten erinnern. Die symbolischen Banner und Fahnen werden mit verschiedenen Texten und Bildern sowie wechselnden Soundinhalten bespielt, die in unterschiedlich langen Rhythmen wechseln, was die Spontanit\u00e4t der Ereignisse auf interessante Weise in die Gegenwart und Zukunft tr\u00e4gt. Das Denkmal ist konzipiert mit einem j\u00e4hrlichen Ereigniszyklus, st\u00e4ndig weiterentwickelt von \u201eaktiven Teilnehmern\u201c der Gesellschaft. Wiewohl es die tragenden Aussagen und symboltr\u00e4chtigen Texte, Bilder und Tonkulissen der Ereignisse von 1989 thematisieren d\u00fcrfte, scheint diese Arbeit dem Preisgericht jedoch als konzeptuell eher einseitig, weil es weder das Prozesshafte des Geschehens, noch die mit der Freiheit verbundene Hoffnung zeitgem\u00e4\u00df umsetzen kann.<\/p>\n<\/div><\/div><\/div><\/section>\n<\/div><\/p><\/div><\/div><!--close column table wrapper. Autoclose: 1 --><div  class='hr av-1yxrgw-36cdf619bcf3a232a845c46c097074b5 hr-default  avia-builder-el-246  el_after_av_three_fifth  avia-builder-el-last'><span class='hr-inner'><span class=\"hr-inner-style\"><\/span><\/span><\/div>\n\n<\/div><\/div><\/div><!-- close content main div --><\/div><\/div><div id='av_section_27'  class='avia-section av-ycocg-852d143c48c7a9b6c62fb190033f595a main_color avia-section-no-padding avia-no-border-styling  avia-builder-el-247  el_after_av_section  el_before_av_section  avia-bg-style-scroll container_wrap fullsize'  ><div class='container av-section-cont-open' ><div class='template-page content  av-content-full alpha units'><div class='post-entry post-entry-type-page post-entry-8368'><div class='entry-content-wrapper clearfix'>\n<div class='flex_column_table av-6y80v4-100248b52e2590eee49de65c7a663313 sc-av_one_third av-equal-height-column-flextable'><div  class='flex_column av-6y80v4-100248b52e2590eee49de65c7a663313 av_one_third  avia-builder-el-248  el_before_av_three_fifth  avia-builder-el-first  first no_margin flex_column_table_cell av-equal-height-column av-align-top'     ><section  class='av_textblock_section av-m2ubunnp-57306343297de1f20a07046c3521ff83'   itemscope=\"itemscope\" itemtype=\"https:\/\/schema.org\/CreativeWork\" ><div class='avia_textblock'  itemprop=\"text\" ><h4>Catrin Bolt<\/h4>\n<\/div><\/section><br \/>\n\n<style type=\"text\/css\" data-created_by=\"avia_inline_auto\" id=\"style-css-av-m2ubmu32-0ed5ae9e0d95e3309fff81e6b72bee04\">\n.avia-image-container.av-m2ubmu32-0ed5ae9e0d95e3309fff81e6b72bee04 img.avia_image{\nbox-shadow:none;\n}\n.avia-image-container.av-m2ubmu32-0ed5ae9e0d95e3309fff81e6b72bee04 .av-image-caption-overlay-center{\ncolor:#ffffff;\n}\n<\/style>\n<div  class='avia-image-container av-m2ubmu32-0ed5ae9e0d95e3309fff81e6b72bee04 av-styling- avia-align-center  avia-builder-el-250  el_after_av_textblock  avia-builder-el-last'   itemprop=\"image\" itemscope=\"itemscope\" itemtype=\"https:\/\/schema.org\/ImageObject\" ><div class=\"avia-image-container-inner\"><div class=\"avia-image-overlay-wrap\"><img decoding=\"async\" fetchpriority=\"high\" class='wp-image-8604 avia-img-lazy-loading-not-8604 avia_image' src=\"https:\/\/freiheitsdenkmal-leipzig.de\/wp-content\/uploads\/2024\/10\/FEL_8026_1_G.jpg\" alt='' title='FEL_8026_1_G'  height=\"400\" width=\"600\"  itemprop=\"thumbnailUrl\" srcset=\"https:\/\/freiheitsdenkmal-leipzig.de\/wp-content\/uploads\/2024\/10\/FEL_8026_1_G.jpg 600w, https:\/\/freiheitsdenkmal-leipzig.de\/wp-content\/uploads\/2024\/10\/FEL_8026_1_G-300x200.jpg 300w, https:\/\/freiheitsdenkmal-leipzig.de\/wp-content\/uploads\/2024\/10\/FEL_8026_1_G-18x12.jpg 18w\" sizes=\"(max-width: 600px) 100vw, 600px\" \/><\/div><\/div><\/div><\/p><\/div><div  class='flex_column av-5a5ln4-41e152cda0e281e8a6485c851b1d243f av_three_fifth  avia-builder-el-251  el_after_av_one_third  el_before_av_hr  no_margin flex_column_table_cell av-equal-height-column av-align-top'     ><p>\n<style type=\"text\/css\" data-created_by=\"avia_inline_auto\" id=\"style-css-av-4ugtuo-75004f56e322905536ad48beaaac1762\">\n#top .hr.hr-invisible.av-4ugtuo-75004f56e322905536ad48beaaac1762{\nheight:20px;\n}\n<\/style>\n<div  class='hr av-4ugtuo-75004f56e322905536ad48beaaac1762 hr-invisible  avia-builder-el-252  el_before_av_gallery  avia-builder-el-first'><span class='hr-inner'><span class=\"hr-inner-style\"><\/span><\/span><\/div><br \/>\n\n<style type=\"text\/css\" data-created_by=\"avia_inline_auto\" id=\"style-css-av-m2ubngnn-57ead09e02399b4de18fc48c89635581\">\n#top .avia-gallery.av-m2ubngnn-57ead09e02399b4de18fc48c89635581 .avia-gallery-thumb a{\nwidth:33.3333%;\n}\n<\/style>\n<div  class='avia-gallery av-m2ubngnn-57ead09e02399b4de18fc48c89635581 avia_animate_when_visible  avia-builder-el-253  el_after_av_hr  el_before_av_toggle_container  avia_lazyload avia-gallery-animate avia-gallery-27'  itemprop=\"image\" itemscope=\"itemscope\" itemtype=\"https:\/\/schema.org\/ImageObject\" ><meta itemprop=\"contentURL\" content=\"https:\/\/freiheitsdenkmal-leipzig.de\/en\/alle-entwuerfe\"><div class='avia-gallery-thumb'><a href=\"https:\/\/freiheitsdenkmal-leipzig.de\/wp-content\/uploads\/2024\/10\/FEL_8026_2_G.jpg\" data-srcset=\"https:\/\/freiheitsdenkmal-leipzig.de\/wp-content\/uploads\/2024\/10\/FEL_8026_2_G.jpg 600w, https:\/\/freiheitsdenkmal-leipzig.de\/wp-content\/uploads\/2024\/10\/FEL_8026_2_G-300x200.jpg 300w, https:\/\/freiheitsdenkmal-leipzig.de\/wp-content\/uploads\/2024\/10\/FEL_8026_2_G-18x12.jpg 18w\" data-sizes=\"(max-width: 600px) 100vw, 600px\" data-rel='gallery-27' data-prev-img='https:\/\/freiheitsdenkmal-leipzig.de\/wp-content\/uploads\/2024\/10\/FEL_8026_2_G-495x400.jpg' class='first_thumb lightbox' data-onclick='1' title='FEL_8026_2_G'  itemprop=\"thumbnailUrl\"  ><img decoding=\"async\" fetchpriority=\"high\" class=\"wp-image-8605 avia-img-lazy-loading-not-8605\"   src=\"https:\/\/freiheitsdenkmal-leipzig.de\/wp-content\/uploads\/2024\/10\/FEL_8026_2_G.jpg\" width=\"600\" height=\"400\"  title='FEL_8026_2_G' alt='' srcset=\"https:\/\/freiheitsdenkmal-leipzig.de\/wp-content\/uploads\/2024\/10\/FEL_8026_2_G.jpg 600w, https:\/\/freiheitsdenkmal-leipzig.de\/wp-content\/uploads\/2024\/10\/FEL_8026_2_G-300x200.jpg 300w, https:\/\/freiheitsdenkmal-leipzig.de\/wp-content\/uploads\/2024\/10\/FEL_8026_2_G-18x12.jpg 18w\" sizes=\"(max-width: 600px) 100vw, 600px\" \/><div class='big-prev-fake'><img decoding=\"async\" loading=\"lazy\" class=\"wp-image-8605 avia-img-lazy-loading-8605\"  width=\"495\" height=\"400\" src=\"https:\/\/freiheitsdenkmal-leipzig.de\/wp-content\/uploads\/2024\/10\/FEL_8026_2_G-495x400.jpg\" title='FEL_8026_2_G' alt='' \/><\/div><\/a><a href=\"https:\/\/freiheitsdenkmal-leipzig.de\/wp-content\/uploads\/2024\/10\/FEL_8026_3_G.jpg\" data-srcset=\"https:\/\/freiheitsdenkmal-leipzig.de\/wp-content\/uploads\/2024\/10\/FEL_8026_3_G.jpg 600w, https:\/\/freiheitsdenkmal-leipzig.de\/wp-content\/uploads\/2024\/10\/FEL_8026_3_G-300x200.jpg 300w, https:\/\/freiheitsdenkmal-leipzig.de\/wp-content\/uploads\/2024\/10\/FEL_8026_3_G-18x12.jpg 18w\" data-sizes=\"(max-width: 600px) 100vw, 600px\" data-rel='gallery-27' data-prev-img='https:\/\/freiheitsdenkmal-leipzig.de\/wp-content\/uploads\/2024\/10\/FEL_8026_3_G-495x400.jpg' class='lightbox' data-onclick='2' title='FEL_8026_3_G'  itemprop=\"thumbnailUrl\"  ><img decoding=\"async\" fetchpriority=\"high\" class=\"wp-image-8606 avia-img-lazy-loading-not-8606\"   src=\"https:\/\/freiheitsdenkmal-leipzig.de\/wp-content\/uploads\/2024\/10\/FEL_8026_3_G.jpg\" width=\"600\" height=\"400\"  title='FEL_8026_3_G' alt='' srcset=\"https:\/\/freiheitsdenkmal-leipzig.de\/wp-content\/uploads\/2024\/10\/FEL_8026_3_G.jpg 600w, https:\/\/freiheitsdenkmal-leipzig.de\/wp-content\/uploads\/2024\/10\/FEL_8026_3_G-300x200.jpg 300w, https:\/\/freiheitsdenkmal-leipzig.de\/wp-content\/uploads\/2024\/10\/FEL_8026_3_G-18x12.jpg 18w\" sizes=\"(max-width: 600px) 100vw, 600px\" \/><div class='big-prev-fake'><img decoding=\"async\" loading=\"lazy\" class=\"wp-image-8606 avia-img-lazy-loading-8606\"  width=\"495\" height=\"400\" src=\"https:\/\/freiheitsdenkmal-leipzig.de\/wp-content\/uploads\/2024\/10\/FEL_8026_3_G-495x400.jpg\" title='FEL_8026_3_G' alt='' \/><\/div><\/a><a href=\"https:\/\/freiheitsdenkmal-leipzig.de\/wp-content\/uploads\/2024\/10\/FEL_8026_4_G.jpg\" data-srcset=\"https:\/\/freiheitsdenkmal-leipzig.de\/wp-content\/uploads\/2024\/10\/FEL_8026_4_G.jpg 600w, https:\/\/freiheitsdenkmal-leipzig.de\/wp-content\/uploads\/2024\/10\/FEL_8026_4_G-300x200.jpg 300w, https:\/\/freiheitsdenkmal-leipzig.de\/wp-content\/uploads\/2024\/10\/FEL_8026_4_G-18x12.jpg 18w\" data-sizes=\"(max-width: 600px) 100vw, 600px\" data-rel='gallery-27' data-prev-img='https:\/\/freiheitsdenkmal-leipzig.de\/wp-content\/uploads\/2024\/10\/FEL_8026_4_G-495x400.jpg' class='lightbox' data-onclick='3' title='FEL_8026_4_G'  itemprop=\"thumbnailUrl\"  ><img decoding=\"async\" fetchpriority=\"high\" class=\"wp-image-8607 avia-img-lazy-loading-not-8607\"   src=\"https:\/\/freiheitsdenkmal-leipzig.de\/wp-content\/uploads\/2024\/10\/FEL_8026_4_G.jpg\" width=\"600\" height=\"400\"  title='FEL_8026_4_G' alt='' srcset=\"https:\/\/freiheitsdenkmal-leipzig.de\/wp-content\/uploads\/2024\/10\/FEL_8026_4_G.jpg 600w, https:\/\/freiheitsdenkmal-leipzig.de\/wp-content\/uploads\/2024\/10\/FEL_8026_4_G-300x200.jpg 300w, https:\/\/freiheitsdenkmal-leipzig.de\/wp-content\/uploads\/2024\/10\/FEL_8026_4_G-18x12.jpg 18w\" sizes=\"(max-width: 600px) 100vw, 600px\" \/><div class='big-prev-fake'><img decoding=\"async\" loading=\"lazy\" class=\"wp-image-8607 avia-img-lazy-loading-8607\"  width=\"495\" height=\"400\" src=\"https:\/\/freiheitsdenkmal-leipzig.de\/wp-content\/uploads\/2024\/10\/FEL_8026_4_G-495x400.jpg\" title='FEL_8026_4_G' alt='' \/><\/div><\/a><\/div><\/div><br \/>\n<div  class='togglecontainer av-m2ubu3w6-8fdcd7d3e67d6cd4195edc3c71c13557 av-minimal-toggle  avia-builder-el-254  el_after_av_gallery  avia-builder-el-last  toggle_close_all' >\n<section class='av_toggle_section av-m2ubu2om-c1cd3d7bc82a78c4d8d8fd835995c3a1'  itemscope=\"itemscope\" itemtype=\"https:\/\/schema.org\/CreativeWork\" ><div role=\"tablist\" class=\"single_toggle\" data-tags=\"{All} \"  ><p data-fake-id='#toggle-id-27' class='toggler'  itemprop=\"headline\"  role='tab' tabindex='0' aria-controls='toggle-id-27'>Detail-Informationen<span class=\"toggle_icon\"><span class=\"vert_icon\"><\/span><span class=\"hor_icon\"><\/span><\/span><\/p><div id='toggle-id-27' class='toggle_wrap'  ><div class='toggle_content invers-color'  itemprop=\"text\" ><p><em>Von:<\/em> Catrin Bolt, Wien\/\u00d6sterreich<\/p>\n<p><em>Fachberater:innen:<\/em> Dr. Boris Reyher, Christian Bohne, beide Berlin<\/p>\n<p><em>Erl\u00e4uterungstext:<\/em><br \/>\nMittels einer DDR-Karte, auf der die Orte verzeichnet sind, an denen im November 1989 Proteste stattgefunden haben, wird ein Demonstrations-Raster \u00fcber einen Teil des Wettbewerbsareals gelegt. An diesen Stellen werden Leuchten installiert, die verschieden viele Lampen tragen. Die Lampen stehen jeweils f\u00fcr einen der Orte und sind an den richtigen Stellen in der gedachten Landkarte platziert. Die Leuchten sind Variationen der Deckengestaltung im Foyer des Palastes der Republik. Sie bestehen aus vier senkrechten Rohren, die oben waagrecht miteinander verbunden sind. An den jeweiligen Enden ist entweder eine kugelf\u00f6rmige Lampe angebracht oder nicht. Die rechteckigen Grundrisse der einzelnen Leuchten und die Anzahl der Lampen variieren, je nachdem, wie viele Demonstrationsorte dargestellt werden sollen und wie weit sie voneinander entfernt sind. Dazwischen gibt es auch einzelne Leuchten, die nur aus einem senkrechten Rohr bestehen. Die Lichter sind prinzpiell ausgeschaltet. Die Lampen einer Leuchte werden durch Ber\u00fchren einer markierten Stelle des Rohres bet\u00e4tigt und sind dann f\u00fcr f\u00fcnf Minuten aktiv. Das gesamte Bild der Demonstrationen, oder gr\u00f6\u00dfere Teile davon, k\u00f6nnen von mehreren Personen aktiviert werden. Einmal w\u00f6chentlich, montags um 20 Uhr, werden alle Lichter f\u00fcr eine Stunde eingeschaltet. Der geplante Weg durch den Park f\u00fchrt durch die Installation. Manche Lampen ragen in den Weg hinein. An einem der Kreuzungspunkte des Weges mit der Installation wird eine Tafel angebracht, auf der ein tastbarer \u00dcbersichtsplan zu sehen ist und das Projekt erkl\u00e4rt wird. Durch ihre Positionierung und \u00fcber die Lichter ist die Installation auch von der Stra\u00dfe Wilhelm- Leuschner-Platz aus bemerkbar. Unter den Lampen, die an manchen Stellen zahlreicher und an machen weniger zahlreich sind, bildet sich ein eigener Platz. Mit der Platzierung der Leuchten verweist das Denkmal auf die zahllosen Orte, in denen Demonstrationen stattgefunden haben. Es gibt eine Vorstellung von der damaligen Menschenmenge und ein Gef\u00fchl f\u00fcr die Gemeinschaft. Auch w\u00e4hrend die Installation nicht leuchtet, schweben die Leuchtkugeln fast gespenstisch \u00fcber der Oberfl\u00e4che des Parkes. Durch die unterschiedliche Anzahl und Position der Lampen bekommt jede Leuchte eine andere Gestalt. Es entstehen Varianten der Originale, die wie Metamorphosen nebeneinander stehen. Man kann darin \u201eErichs Lampenladen\u201c und das Design aus den 70er-Jahren erkennen. Ebenso wie sich in der Erinnerung vieles ver\u00e4ndert, haben die Leuchten ebenfalls eine eigene Dynamik und sind unvollst\u00e4ndig, gr\u00f6\u00dfer und kleiner, mit vielen Lampen oder karg best\u00fcckt, sch\u00f6n proportioniert oder seltsam verzerrt. Geschichte und Erinnerung bestehen hier nicht aus einer richtigen Erz\u00e4hlung, sondern aus vielen Varianten, von der jede ein bisschen falsch ist. Der Ausruf \u201eWir sind das Volk!\u201c als Erm\u00e4chtigung und Umkehrung der Situation in der DDR, wird in der Installation bildhaft \u00fcbersetzt.<\/p>\n<p><em>Jurykommentar:<\/em><br \/>\nDer Wettbewerbsbeitrag, der unter dem Titel \u201eGemeinsamer Luster\u201c firmiert, zielt darauf ab eine in luftiger H\u00f6he verortete Karte von Orten herzustellen, an denen im November 1989 wichtige Demonstrationen stattgefunden haben. Die betreffenden Orte sollen durch Kugelleuchten repr\u00e4sentiert werden, die durch auf circa 3 Meter hohen Rohrgest\u00e4ngen auch in der Vertikalen miteinander verbunden werden sollen. Die dadurch entstehenden Lichtmatrix soll widerst\u00e4ndiges, kollektives Handeln der Vergangenheit in Form einer aus knapp 200 Lampen bestehenden \u201eLichtwolke\u201c mit einer Ausdehnung von circa 27 x 38 Metern symbolisieren. Als partizipatives Element werden die Lampen prim\u00e4r durch eine manuelle Bet\u00e4tigung einer Tastenschaltung einzeln angesteuert und somit individuell an- und ausgeschaltet. Zudem sieht das Konzept der Installation vor, dass alle Lampen montags um 20.00 Uhr f\u00fcr eine Stunde leuchten. Angemessen sind die gute Sichtbarkeit des Objekts bei gleichzeitig moderatem Eingriff in die Parklandschaft. Wenig attraktiv wurde der \u201eStangenwald\u201c befunden. Die \u00c4sthetik einer Ansammlung senkrechter Rohre, die in einem Abstand von 40 \u2013 120 cm zueinander positioniert sind, ist eingeschr\u00e4nkt, insbesondere, wenn die an den oberen Stangenk\u00f6pfen angebrachten Lampen meist ausgeschaltet sind. Die ironisch-humorvolle, augenzwinkernde Lesbarkeitsoption der Installation, die auf die Kugelleuchten im Palast der Republik verweisen, wurde im Preisgericht als humoristische Idee zur Kenntnis genommen, erscheint jedoch nicht schl\u00fcssig f\u00fcr den Gegenstand des Denkmals. Auch die gg\u00fc. dem Original auf den Kopf gedrehte Stellung der Leuchten wird als wenig \u00fcberzeugend bewertet. Die eine Lesart, der Verweis auf \u201eWendeh\u00e4lse\u201c, w\u00e4re geradezu zynisch, und w\u00fcrde nicht die komplexe Widerspr\u00fcchlichkeit des Palastes der Republik und seiner Geschichte reflektieren. Ein Akt der Selbsterm\u00e4chtigung des Volkes, wie im November 1989 durch die in der Einheit m\u00fcndenden Forderung nach Freiheit, l\u00e4sst sich in der Installation ebenfalls nicht ablesen. Somit ist der Beitrag zwar ein in sich \u00fcberzeugendes Konzept, das aber f\u00fcr die gestellte Aufgabenstellung nicht zu \u00fcberzeugen vermag.<\/p>\n<\/div><\/div><\/div><\/section>\n<\/div><\/p><\/div><\/div><!--close column table wrapper. Autoclose: 1 --><div  class='hr av-3aydeo-00f4b9628a9e492a46b9019a3fd62792 hr-default  avia-builder-el-255  el_after_av_three_fifth  avia-builder-el-last'><span class='hr-inner'><span class=\"hr-inner-style\"><\/span><\/span><\/div>\n\n<\/div><\/div><\/div><!-- close content main div --><\/div><\/div><div id='av_section_28'  class='avia-section av-xgb80-c8c7882af82a6566d31aa13aaf8e3993 main_color avia-section-no-padding avia-no-border-styling  avia-builder-el-256  el_after_av_section  el_before_av_section  avia-bg-style-scroll container_wrap fullsize'  ><div class='container av-section-cont-open' ><div class='template-page content  av-content-full alpha units'><div class='post-entry post-entry-type-page post-entry-8368'><div class='entry-content-wrapper clearfix'>\n<div class='flex_column_table av-6t5esg-ab4a40e8e934e41ba059ae90732ae742 sc-av_one_third av-equal-height-column-flextable'><div  class='flex_column av-6t5esg-ab4a40e8e934e41ba059ae90732ae742 av_one_third  avia-builder-el-257  el_before_av_three_fifth  avia-builder-el-first  first no_margin flex_column_table_cell av-equal-height-column av-align-top'     ><section  class='av_textblock_section av-m2uc7un3-471fbb6fd0b10e3461aa8dc4efe39546'   itemscope=\"itemscope\" itemtype=\"https:\/\/schema.org\/CreativeWork\" ><div class='avia_textblock'  itemprop=\"text\" ><h4>Daria Skoropad, Bogdan Tomashevsky<\/h4>\n<\/div><\/section><br \/>\n\n<style type=\"text\/css\" data-created_by=\"avia_inline_auto\" id=\"style-css-av-m2uc4c7i-5a6a5b9e9fd761ec48a62c67c799197e\">\n.avia-image-container.av-m2uc4c7i-5a6a5b9e9fd761ec48a62c67c799197e img.avia_image{\nbox-shadow:none;\n}\n.avia-image-container.av-m2uc4c7i-5a6a5b9e9fd761ec48a62c67c799197e .av-image-caption-overlay-center{\ncolor:#ffffff;\n}\n<\/style>\n<div  class='avia-image-container av-m2uc4c7i-5a6a5b9e9fd761ec48a62c67c799197e av-styling- avia-align-center  avia-builder-el-259  el_after_av_textblock  avia-builder-el-last'   itemprop=\"image\" itemscope=\"itemscope\" itemtype=\"https:\/\/schema.org\/ImageObject\" ><div class=\"avia-image-container-inner\"><div class=\"avia-image-overlay-wrap\"><img decoding=\"async\" fetchpriority=\"high\" class='wp-image-8611 avia-img-lazy-loading-not-8611 avia_image' src=\"https:\/\/freiheitsdenkmal-leipzig.de\/wp-content\/uploads\/2024\/10\/FEL_8018_1_G.jpg\" alt='' title='FEL_8018_1_G'  height=\"400\" width=\"600\"  itemprop=\"thumbnailUrl\" srcset=\"https:\/\/freiheitsdenkmal-leipzig.de\/wp-content\/uploads\/2024\/10\/FEL_8018_1_G.jpg 600w, https:\/\/freiheitsdenkmal-leipzig.de\/wp-content\/uploads\/2024\/10\/FEL_8018_1_G-300x200.jpg 300w, https:\/\/freiheitsdenkmal-leipzig.de\/wp-content\/uploads\/2024\/10\/FEL_8018_1_G-18x12.jpg 18w\" sizes=\"(max-width: 600px) 100vw, 600px\" \/><\/div><\/div><\/div><\/p><\/div><div  class='flex_column av-5morxc-22d8f02a93972632bc18cb84b899a58e av_three_fifth  avia-builder-el-260  el_after_av_one_third  el_before_av_hr  no_margin flex_column_table_cell av-equal-height-column av-align-top'     ><p>\n<style type=\"text\/css\" data-created_by=\"avia_inline_auto\" id=\"style-css-av-3yys8g-5c5dd9711f4e2dae0e807a9918178ed9\">\n#top .hr.hr-invisible.av-3yys8g-5c5dd9711f4e2dae0e807a9918178ed9{\nheight:20px;\n}\n<\/style>\n<div  class='hr av-3yys8g-5c5dd9711f4e2dae0e807a9918178ed9 hr-invisible  avia-builder-el-261  el_before_av_gallery  avia-builder-el-first'><span class='hr-inner'><span class=\"hr-inner-style\"><\/span><\/span><\/div><br \/>\n\n<style type=\"text\/css\" data-created_by=\"avia_inline_auto\" id=\"style-css-av-m2uc588q-94e3aa1bd19850470e2c850eda08339d\">\n#top .avia-gallery.av-m2uc588q-94e3aa1bd19850470e2c850eda08339d .avia-gallery-thumb a{\nwidth:33.3333%;\n}\n<\/style>\n<div  class='avia-gallery av-m2uc588q-94e3aa1bd19850470e2c850eda08339d avia_animate_when_visible  avia-builder-el-262  el_after_av_hr  el_before_av_toggle_container  avia_lazyload avia-gallery-animate avia-gallery-28'  itemprop=\"image\" itemscope=\"itemscope\" itemtype=\"https:\/\/schema.org\/ImageObject\" ><meta itemprop=\"contentURL\" content=\"https:\/\/freiheitsdenkmal-leipzig.de\/en\/alle-entwuerfe\"><div class='avia-gallery-thumb'><a href=\"https:\/\/freiheitsdenkmal-leipzig.de\/wp-content\/uploads\/2024\/10\/FEL_8018_2_G.jpg\" data-srcset=\"https:\/\/freiheitsdenkmal-leipzig.de\/wp-content\/uploads\/2024\/10\/FEL_8018_2_G.jpg 600w, https:\/\/freiheitsdenkmal-leipzig.de\/wp-content\/uploads\/2024\/10\/FEL_8018_2_G-300x200.jpg 300w, https:\/\/freiheitsdenkmal-leipzig.de\/wp-content\/uploads\/2024\/10\/FEL_8018_2_G-18x12.jpg 18w\" data-sizes=\"(max-width: 600px) 100vw, 600px\" data-rel='gallery-28' data-prev-img='https:\/\/freiheitsdenkmal-leipzig.de\/wp-content\/uploads\/2024\/10\/FEL_8018_2_G-495x400.jpg' class='first_thumb lightbox' data-onclick='1' title='FEL_8018_2_G'  itemprop=\"thumbnailUrl\"  ><img decoding=\"async\" fetchpriority=\"high\" class=\"wp-image-8612 avia-img-lazy-loading-not-8612\"   src=\"https:\/\/freiheitsdenkmal-leipzig.de\/wp-content\/uploads\/2024\/10\/FEL_8018_2_G.jpg\" width=\"600\" height=\"400\"  title='FEL_8018_2_G' alt='' srcset=\"https:\/\/freiheitsdenkmal-leipzig.de\/wp-content\/uploads\/2024\/10\/FEL_8018_2_G.jpg 600w, https:\/\/freiheitsdenkmal-leipzig.de\/wp-content\/uploads\/2024\/10\/FEL_8018_2_G-300x200.jpg 300w, https:\/\/freiheitsdenkmal-leipzig.de\/wp-content\/uploads\/2024\/10\/FEL_8018_2_G-18x12.jpg 18w\" sizes=\"(max-width: 600px) 100vw, 600px\" \/><div class='big-prev-fake'><img decoding=\"async\" loading=\"lazy\" class=\"wp-image-8612 avia-img-lazy-loading-8612\"  width=\"495\" height=\"400\" src=\"https:\/\/freiheitsdenkmal-leipzig.de\/wp-content\/uploads\/2024\/10\/FEL_8018_2_G-495x400.jpg\" title='FEL_8018_2_G' alt='' \/><\/div><\/a><a href=\"https:\/\/freiheitsdenkmal-leipzig.de\/wp-content\/uploads\/2024\/10\/FEL_8018_3_G.jpg\" data-srcset=\"https:\/\/freiheitsdenkmal-leipzig.de\/wp-content\/uploads\/2024\/10\/FEL_8018_3_G.jpg 600w, https:\/\/freiheitsdenkmal-leipzig.de\/wp-content\/uploads\/2024\/10\/FEL_8018_3_G-300x200.jpg 300w, https:\/\/freiheitsdenkmal-leipzig.de\/wp-content\/uploads\/2024\/10\/FEL_8018_3_G-18x12.jpg 18w\" data-sizes=\"(max-width: 600px) 100vw, 600px\" data-rel='gallery-28' data-prev-img='https:\/\/freiheitsdenkmal-leipzig.de\/wp-content\/uploads\/2024\/10\/FEL_8018_3_G-495x400.jpg' class='lightbox' data-onclick='2' title='FEL_8018_3_G'  itemprop=\"thumbnailUrl\"  ><img decoding=\"async\" fetchpriority=\"high\" class=\"wp-image-8613 avia-img-lazy-loading-not-8613\"   src=\"https:\/\/freiheitsdenkmal-leipzig.de\/wp-content\/uploads\/2024\/10\/FEL_8018_3_G.jpg\" width=\"600\" height=\"400\"  title='FEL_8018_3_G' alt='' srcset=\"https:\/\/freiheitsdenkmal-leipzig.de\/wp-content\/uploads\/2024\/10\/FEL_8018_3_G.jpg 600w, https:\/\/freiheitsdenkmal-leipzig.de\/wp-content\/uploads\/2024\/10\/FEL_8018_3_G-300x200.jpg 300w, https:\/\/freiheitsdenkmal-leipzig.de\/wp-content\/uploads\/2024\/10\/FEL_8018_3_G-18x12.jpg 18w\" sizes=\"(max-width: 600px) 100vw, 600px\" \/><div class='big-prev-fake'><img decoding=\"async\" loading=\"lazy\" class=\"wp-image-8613 avia-img-lazy-loading-8613\"  width=\"495\" height=\"400\" src=\"https:\/\/freiheitsdenkmal-leipzig.de\/wp-content\/uploads\/2024\/10\/FEL_8018_3_G-495x400.jpg\" title='FEL_8018_3_G' alt='' \/><\/div><\/a><a href=\"https:\/\/freiheitsdenkmal-leipzig.de\/wp-content\/uploads\/2024\/10\/FEL_8018_4_G.jpg\" data-srcset=\"https:\/\/freiheitsdenkmal-leipzig.de\/wp-content\/uploads\/2024\/10\/FEL_8018_4_G.jpg 600w, https:\/\/freiheitsdenkmal-leipzig.de\/wp-content\/uploads\/2024\/10\/FEL_8018_4_G-300x200.jpg 300w, https:\/\/freiheitsdenkmal-leipzig.de\/wp-content\/uploads\/2024\/10\/FEL_8018_4_G-18x12.jpg 18w\" data-sizes=\"(max-width: 600px) 100vw, 600px\" data-rel='gallery-28' data-prev-img='https:\/\/freiheitsdenkmal-leipzig.de\/wp-content\/uploads\/2024\/10\/FEL_8018_4_G-495x400.jpg' class='lightbox' data-onclick='3' title='FEL_8018_4_G'  itemprop=\"thumbnailUrl\"  ><img decoding=\"async\" fetchpriority=\"high\" class=\"wp-image-8614 avia-img-lazy-loading-not-8614\"   src=\"https:\/\/freiheitsdenkmal-leipzig.de\/wp-content\/uploads\/2024\/10\/FEL_8018_4_G.jpg\" width=\"600\" height=\"400\"  title='FEL_8018_4_G' alt='' srcset=\"https:\/\/freiheitsdenkmal-leipzig.de\/wp-content\/uploads\/2024\/10\/FEL_8018_4_G.jpg 600w, https:\/\/freiheitsdenkmal-leipzig.de\/wp-content\/uploads\/2024\/10\/FEL_8018_4_G-300x200.jpg 300w, https:\/\/freiheitsdenkmal-leipzig.de\/wp-content\/uploads\/2024\/10\/FEL_8018_4_G-18x12.jpg 18w\" sizes=\"(max-width: 600px) 100vw, 600px\" \/><div class='big-prev-fake'><img decoding=\"async\" loading=\"lazy\" class=\"wp-image-8614 avia-img-lazy-loading-8614\"  width=\"495\" height=\"400\" src=\"https:\/\/freiheitsdenkmal-leipzig.de\/wp-content\/uploads\/2024\/10\/FEL_8018_4_G-495x400.jpg\" title='FEL_8018_4_G' alt='' \/><\/div><\/a><\/div><\/div><br \/>\n<div  class='togglecontainer av-m2uc7mvs-729b97dfe2c60f72128e01d443f25a62 av-minimal-toggle  avia-builder-el-263  el_after_av_gallery  avia-builder-el-last  toggle_close_all' >\n<section class='av_toggle_section av-m2uc7lqm-f0f64001fe436d33f1b0c3a4f46aa1fa'  itemscope=\"itemscope\" itemtype=\"https:\/\/schema.org\/CreativeWork\" ><div role=\"tablist\" class=\"single_toggle\" data-tags=\"{All} \"  ><p data-fake-id='#toggle-id-28' class='toggler'  itemprop=\"headline\"  role='tab' tabindex='0' aria-controls='toggle-id-28'>Detail-Informationen<span class=\"toggle_icon\"><span class=\"vert_icon\"><\/span><span class=\"hor_icon\"><\/span><\/span><\/p><div id='toggle-id-28' class='toggle_wrap'  ><div class='toggle_content invers-color'  itemprop=\"text\" ><p><em>Von:<\/em> Daria Skoropad, Bad Honnef; Bogdan Tomashevsky, Stuttgart<\/p>\n<p><em>Fachberater:innen:<\/em> Dr. Boris Reyher, Christian Bohne, beide Berlin<\/p>\n<p><em>Erl\u00e4uterungstext:<\/em><br \/>\nEin integratives Denkmal in Leipzig f\u00fcr Deutschland und Europa. Das geplante Projekt vereint eine Kunstinstallation, ein Museum und eine Parkanlage in einem koh\u00e4renten Gesamtkonzept. Es verfolgt das Ziel, einen Ort zu schaffen, der die Themen Freiheit und Einheit in den Mittelpunkt r\u00fcckt und gleichzeitig als Symbol f\u00fcr Deutschland und Europa steht. Dieses Projekt schafft Raum, der die Besucher auf vielf\u00e4ltige Weise anspricht und zum Nachdenken anregt. Im Zentrum dieses Projektes steht die Kunstinstallation \u201eWir sind da\u201c an der Vorderfassade des Denkmals. Diese besteht aus Tonfiguren. Die symbolisch f\u00fcr die Einheit und Solidarit\u00e4t der Menschen stehen. In Kombination mit dem Museumbildet diese Installation das Herzst\u00fcck des Denkmals und macht die historischen Ereignisse sowie die Bedeutung von Freiheit und Einheit auf eindrucksvolle Weise erfahrbar. Die das Denkmal umgebende Parkanlage umfasst sorgf\u00e4ltig angelegte Gehwege, die der Besucher zum Denkmal leiten, sowie Sitzb\u00e4nke. Die zum Verweilen und Reflektieren einladen. Diese Elemente sind nicht nur funktional, sondern verst\u00e4rken auch die symbolische Verbindung zwischen dem Denkmal und den Menschen, die es besuchen. In diesem Sinne zielt die nachfolgende Darstellung darauf ab, die \u00fcberregionalen und universellen Aspekte dieses Denkmals zu beleuchten, die seien Bedeutung als nationales und europ\u00e4isches Symbol unterstreichen. (&#8230;) Das angedachte Projekt tragt eine tiefgehende Symbolische Bedeutung. Es erinnert die moderne Gesellschaft daran, wie bedeutend friedliches B\u00fcrgerengagement f\u00fcr gesellschaftliche Ver\u00e4nderungen sind. Die Fassadeninstallation verk\u00f6rpert die Einheit und Solidarit\u00e4t mit den Menschen, w\u00e4hrend das Museum im Inneren des Geb\u00e4udes den Besuchern erm\u00f6glicht, die Bedeutung der Ereignisse von 1989 und deren Auswirkung auf die Gesellschaft zu verstehen. Die handgefertigten Figuren betonen die Einzigartigkeit jedes Einzelnen, und die Vielfalt der Tonfarben unterstreicht diese Individualit\u00e4t. Dieses Projekt ist nicht nur eine Kunstinstallation, sondern auch ein bedeutendes Gedenkobjekt, dass das historische Erbe f\u00fcr zuk\u00fcnftige Generationen bewahrt. Es unterstreicht, dass Geschichte nicht nur von gro\u00dfen F\u00fchrungspers\u00f6nlichkeiten, sondern auch von gew\u00f6hnlichen Menschen gemacht wird, die durch ihr Kunst, durchdrungen von historischer Erinnerung, und wird zu einem bedeutenden kulturellen Wahrzeichen in Leipzig werden. Seien Dimension, seien Symbolik und seine Aktualit\u00e4t ziehen die Aufmerksamkeit der Betrachter auf sich und regen zum Nachdenken \u00fcber die Bedeutung von B\u00fcrgerverantwortung und kollektiver St\u00e4rke an.<\/p>\n<p><em>Jurykommentar:<\/em><br \/>\nDas Preisgericht w\u00fcrdigt die k\u00fcnstlerische Umsetzung der Aufgabenstellung. An einer dunklen, gro\u00dfen Wand sind in gro\u00dfer Anzahl kleine, handwerklich gefertigte Figuren zusammengef\u00fcgt, welche zusammen eine eindrucksvolle Masse bilden und verdeutlichen, wie Menschen trotz individueller Fragilit\u00e4t gemeinsam kollektive St\u00e4rke zeigen. Jenseits der Faszination f\u00fcr die Tonfiguren, erkennt das Preisgericht jedoch erhebliche Schw\u00e4chen in der weiteren Umsetzung. Die Figuren-Wand ist Teil eines Geb\u00e4udes, das zwar in seiner Dimension angemessen genug f\u00fcr den Park ist, aber weder in seiner Form, Orientierung und Funktion \u00fcberzeugt. Es sitzt geometrisch sperrig im Park und erscheint durch die Ausbildung nur einer einzigen Fassade unentworfen und zweidimensional. Auch inhaltlich erscheint es nicht erstrebenswert, einen Innenraum als offizielles Museum zu betreiben. Mit einer Fl\u00e4che von nur 50qm w\u00e4re es unm\u00f6glich, dem umfassenden Thema der Friedlichen Revolution, Freiheit und Einheit gerecht zu werden, als Ort der Stille und des individuellen Gedenken ist es nicht konzipiert und einen Bezug zur Figuren-Wand ist auch nicht zu erkennen.<\/p>\n<\/div><\/div><\/div><\/section>\n<\/div><\/p><\/div><\/div><!--close column table wrapper. Autoclose: 1 --><div  class='hr av-27kc0w-440a224f6fbf5f35fcc6b837fdbfb4fc hr-default  avia-builder-el-264  el_after_av_three_fifth  avia-builder-el-last'><span class='hr-inner'><span class=\"hr-inner-style\"><\/span><\/span><\/div>\n\n<\/div><\/div><\/div><!-- close content main div --><\/div><\/div><div id='av_section_29'  class='avia-section av-97z1xs-4ab8f8e90e58b3a3d74d4d3539e4d7da main_color avia-section-no-padding avia-no-border-styling  avia-builder-el-265  el_after_av_section  el_before_av_section  avia-bg-style-scroll container_wrap fullsize'  ><div class='container av-section-cont-open' ><div class='template-page content  av-content-full alpha units'><div class='post-entry post-entry-type-page post-entry-8368'><div class='entry-content-wrapper clearfix'>\n<div class='flex_column_table av-7d6nao-ba1f0a2821de056f1672baf7f23e8b87 sc-av_one_third av-equal-height-column-flextable'><div  class='flex_column av-7d6nao-ba1f0a2821de056f1672baf7f23e8b87 av_one_third  avia-builder-el-266  el_before_av_three_fifth  avia-builder-el-first  first no_margin flex_column_table_cell av-equal-height-column av-align-top'     ><section  class='av_textblock_section av-m2uch4qr-55dbdc4e1fb7ab81bdd8239e360187ff'   itemscope=\"itemscope\" itemtype=\"https:\/\/schema.org\/CreativeWork\" ><div class='avia_textblock'  itemprop=\"text\" ><h4>Julius von Bismarck<\/h4>\n<\/div><\/section><br \/>\n\n<style type=\"text\/css\" data-created_by=\"avia_inline_auto\" id=\"style-css-av-m2ucahxm-bb26f92c64267fc8b2cfed957c846f07\">\n.avia-image-container.av-m2ucahxm-bb26f92c64267fc8b2cfed957c846f07 img.avia_image{\nbox-shadow:none;\n}\n.avia-image-container.av-m2ucahxm-bb26f92c64267fc8b2cfed957c846f07 .av-image-caption-overlay-center{\ncolor:#ffffff;\n}\n<\/style>\n<div  class='avia-image-container av-m2ucahxm-bb26f92c64267fc8b2cfed957c846f07 av-styling- avia-align-center  avia-builder-el-268  el_after_av_textblock  avia-builder-el-last'   itemprop=\"image\" itemscope=\"itemscope\" itemtype=\"https:\/\/schema.org\/ImageObject\" ><div class=\"avia-image-container-inner\"><div class=\"avia-image-overlay-wrap\"><img decoding=\"async\" fetchpriority=\"high\" class='wp-image-8616 avia-img-lazy-loading-not-8616 avia_image' src=\"https:\/\/freiheitsdenkmal-leipzig.de\/wp-content\/uploads\/2024\/10\/FEL_8001_1_G-1.jpg\" alt='' title='FEL_8001_1_G'  height=\"400\" width=\"600\"  itemprop=\"thumbnailUrl\" srcset=\"https:\/\/freiheitsdenkmal-leipzig.de\/wp-content\/uploads\/2024\/10\/FEL_8001_1_G-1.jpg 600w, https:\/\/freiheitsdenkmal-leipzig.de\/wp-content\/uploads\/2024\/10\/FEL_8001_1_G-1-300x200.jpg 300w, https:\/\/freiheitsdenkmal-leipzig.de\/wp-content\/uploads\/2024\/10\/FEL_8001_1_G-1-18x12.jpg 18w\" sizes=\"(max-width: 600px) 100vw, 600px\" \/><\/div><\/div><\/div><\/p><\/div><div  class='flex_column av-5kpehc-27a25293a37e89aecb9d0c4c7fb7f88e av_three_fifth  avia-builder-el-269  el_after_av_one_third  el_before_av_hr  no_margin flex_column_table_cell av-equal-height-column av-align-top'     ><p>\n<style type=\"text\/css\" data-created_by=\"avia_inline_auto\" id=\"style-css-av-4wsmts-905911bffaa909d8fa75385265564eb1\">\n#top .hr.hr-invisible.av-4wsmts-905911bffaa909d8fa75385265564eb1{\nheight:20px;\n}\n<\/style>\n<div  class='hr av-4wsmts-905911bffaa909d8fa75385265564eb1 hr-invisible  avia-builder-el-270  el_before_av_gallery  avia-builder-el-first'><span class='hr-inner'><span class=\"hr-inner-style\"><\/span><\/span><\/div><br \/>\n\n<style type=\"text\/css\" data-created_by=\"avia_inline_auto\" id=\"style-css-av-m2ucbauv-c61614ef08cbf756bf5b7f0281b3cc89\">\n#top .avia-gallery.av-m2ucbauv-c61614ef08cbf756bf5b7f0281b3cc89 .avia-gallery-thumb a{\nwidth:33.3333%;\n}\n<\/style>\n<div  class='avia-gallery av-m2ucbauv-c61614ef08cbf756bf5b7f0281b3cc89 avia_animate_when_visible  avia-builder-el-271  el_after_av_hr  el_before_av_toggle_container  avia_lazyload avia-gallery-animate avia-gallery-29'  itemprop=\"image\" itemscope=\"itemscope\" itemtype=\"https:\/\/schema.org\/ImageObject\" ><meta itemprop=\"contentURL\" content=\"https:\/\/freiheitsdenkmal-leipzig.de\/en\/alle-entwuerfe\"><div class='avia-gallery-thumb'><a href=\"https:\/\/freiheitsdenkmal-leipzig.de\/wp-content\/uploads\/2024\/10\/FEL_8001_2_G.jpg\" data-srcset=\"https:\/\/freiheitsdenkmal-leipzig.de\/wp-content\/uploads\/2024\/10\/FEL_8001_2_G.jpg 600w, https:\/\/freiheitsdenkmal-leipzig.de\/wp-content\/uploads\/2024\/10\/FEL_8001_2_G-300x200.jpg 300w, https:\/\/freiheitsdenkmal-leipzig.de\/wp-content\/uploads\/2024\/10\/FEL_8001_2_G-18x12.jpg 18w\" data-sizes=\"(max-width: 600px) 100vw, 600px\" data-rel='gallery-29' data-prev-img='https:\/\/freiheitsdenkmal-leipzig.de\/wp-content\/uploads\/2024\/10\/FEL_8001_2_G-495x400.jpg' class='first_thumb lightbox' data-onclick='1' title='Screenshot'  itemprop=\"thumbnailUrl\"  ><img decoding=\"async\" fetchpriority=\"high\" class=\"wp-image-8617 avia-img-lazy-loading-not-8617\"   src=\"https:\/\/freiheitsdenkmal-leipzig.de\/wp-content\/uploads\/2024\/10\/FEL_8001_2_G.jpg\" width=\"600\" height=\"400\"  title='Screenshot' alt='' srcset=\"https:\/\/freiheitsdenkmal-leipzig.de\/wp-content\/uploads\/2024\/10\/FEL_8001_2_G.jpg 600w, https:\/\/freiheitsdenkmal-leipzig.de\/wp-content\/uploads\/2024\/10\/FEL_8001_2_G-300x200.jpg 300w, https:\/\/freiheitsdenkmal-leipzig.de\/wp-content\/uploads\/2024\/10\/FEL_8001_2_G-18x12.jpg 18w\" sizes=\"(max-width: 600px) 100vw, 600px\" \/><div class='big-prev-fake'><img decoding=\"async\" loading=\"lazy\" class=\"wp-image-8617 avia-img-lazy-loading-8617\"  width=\"495\" height=\"400\" src=\"https:\/\/freiheitsdenkmal-leipzig.de\/wp-content\/uploads\/2024\/10\/FEL_8001_2_G-495x400.jpg\" title='Screenshot' alt='' \/><\/div><\/a><a href=\"https:\/\/freiheitsdenkmal-leipzig.de\/wp-content\/uploads\/2024\/10\/FEL_8001_3_G.jpg\" data-srcset=\"https:\/\/freiheitsdenkmal-leipzig.de\/wp-content\/uploads\/2024\/10\/FEL_8001_3_G.jpg 600w, https:\/\/freiheitsdenkmal-leipzig.de\/wp-content\/uploads\/2024\/10\/FEL_8001_3_G-300x200.jpg 300w, https:\/\/freiheitsdenkmal-leipzig.de\/wp-content\/uploads\/2024\/10\/FEL_8001_3_G-18x12.jpg 18w\" data-sizes=\"(max-width: 600px) 100vw, 600px\" data-rel='gallery-29' data-prev-img='https:\/\/freiheitsdenkmal-leipzig.de\/wp-content\/uploads\/2024\/10\/FEL_8001_3_G-495x400.jpg' class='lightbox' data-onclick='2' title='FEL_8001_3_G'  itemprop=\"thumbnailUrl\"  ><img decoding=\"async\" fetchpriority=\"high\" class=\"wp-image-8618 avia-img-lazy-loading-not-8618\"   src=\"https:\/\/freiheitsdenkmal-leipzig.de\/wp-content\/uploads\/2024\/10\/FEL_8001_3_G.jpg\" width=\"600\" height=\"400\"  title='FEL_8001_3_G' alt='' srcset=\"https:\/\/freiheitsdenkmal-leipzig.de\/wp-content\/uploads\/2024\/10\/FEL_8001_3_G.jpg 600w, https:\/\/freiheitsdenkmal-leipzig.de\/wp-content\/uploads\/2024\/10\/FEL_8001_3_G-300x200.jpg 300w, https:\/\/freiheitsdenkmal-leipzig.de\/wp-content\/uploads\/2024\/10\/FEL_8001_3_G-18x12.jpg 18w\" sizes=\"(max-width: 600px) 100vw, 600px\" \/><div class='big-prev-fake'><img decoding=\"async\" loading=\"lazy\" class=\"wp-image-8618 avia-img-lazy-loading-8618\"  width=\"495\" height=\"400\" src=\"https:\/\/freiheitsdenkmal-leipzig.de\/wp-content\/uploads\/2024\/10\/FEL_8001_3_G-495x400.jpg\" title='FEL_8001_3_G' alt='' \/><\/div><\/a><\/div><\/div><br \/>\n<div  class='togglecontainer av-m2ucgv43-f02d3549dcd5aa3906d95d53f0c36174 av-minimal-toggle  avia-builder-el-272  el_after_av_gallery  avia-builder-el-last  toggle_close_all' >\n<section class='av_toggle_section av-m2ucgtk7-3e76aaa282e7de7f425c154819d93497'  itemscope=\"itemscope\" itemtype=\"https:\/\/schema.org\/CreativeWork\" ><div role=\"tablist\" class=\"single_toggle\" data-tags=\"{All} \"  ><p data-fake-id='#toggle-id-29' class='toggler'  itemprop=\"headline\"  role='tab' tabindex='0' aria-controls='toggle-id-29'>Detail-Informationen<span class=\"toggle_icon\"><span class=\"vert_icon\"><\/span><span class=\"hor_icon\"><\/span><\/span><\/p><div id='toggle-id-29' class='toggle_wrap'  ><div class='toggle_content invers-color'  itemprop=\"text\" ><p><em>Von:<\/em> Julius von Bismarck, Berlin<\/p>\n<p><em>Erl\u00e4uterungstext:<\/em><br \/>\nMacht entsteht, wenn Menschen gemeinsam handeln, und verschwindet, wenn sie auseinandergehen. \u2013 Hannah Arendt, Macht und Gewalt (1969) Hannah Arendt betont in Macht und Gewalt, dass Revolutionen jene Momente sind, in denen gemeinsames Handeln den Raum f\u00fcr neue politische Ordnungen er\u00f6ffnet. Unser Entwurf greift diese Idee des kollektiven Handelns auf und \u00fcbersetzt sie in eine lebendige, sich st\u00e4ndig ver\u00e4ndernde Gestaltung des \u00f6ffentlichen Raums. \u00c4hnlich zu Arendts Theorie sind es die verschiedenen Akteur*innen und Perspektiven, die im Zusammenspiel neue Realit\u00e4ten schaffen und so die Gesellschaft aktiv gestalten. Auf den ersten Blick erscheint der Park wie eine gew\u00f6hnliche, ruhige Gr\u00fcnfl\u00e4che mit vertrauten H\u00fcgeln und Wegen. Beim Betreten wird jedoch allm\u00e4hlich eine subtile Bewegung sichtbar, und mit fortschreitender Zeit wird klar, dass sich die Landschaft um einen herumbewegt. In der Parkmitte sind neun Drehscheiben eingelassen, die beinahe die gesamte Fl\u00e4che der Parkanlage ausf\u00fcllen. Diese variieren in ihrer Gr\u00f6\u00dfe, liegen teilweise ineinander und folgen in ihrer Beschaffenheit der Landschaftsarchitektur. Verweilt man jedoch l\u00e4nger auf einem der Drehelemente, beginnt durch die langsame Bewegung die Wahrnehmung zu verschwimmen: Drehen wir uns um uns selbst, oder bewegt sich die Welt um uns herum? Teil des k\u00fcnstlerischen Entwurfs sind au\u00dferdem ein Ensemble aus 38 St\u00fchlen und die Bepflanzung mit B\u00e4umen, die sich sowohl auf den Scheiben als auch im restlichen Park befinden und durch ihre Anordnung und Bewegung st\u00e4ndig neue Konstellationen bilden. Die Drehscheiben haben leicht verschiedene Geschwindigkeiten, und das Zusammenspiel ihrer Bewegungen scheint keinem erkennbaren Rhythmus zu folgen. Doch einmal pro Stunde ergibt sich aus der Interferenz der Drehscheiben die Harmonie eines der Elemente: Die Topographie f\u00fcgt sich zu einer koh\u00e4renten Oberfl\u00e4che zusammen, 16 der B\u00e4ume formen einen Kreis, oder die St\u00fchle bilden einen gro\u00dfen Stuhlkreis. Diese Choreographie des Parks verl\u00e4uft immer gleich, wie eine wiederkehrende Inszenierung von Chaos und Harmonie. An Montagabenden, zu der fr\u00fcheren Zeit der Montagsdemonstrationen, kommt die Installation in Form des Stuhlkreises f\u00fcr eine l\u00e4ngere Zeit zum Stillstand und bietet Raum f\u00fcr Versammlungen. Die Landschaft des Parks wird so zu einer Metapher f\u00fcr die politische Landschaft und das Zusammenspiel verschiedener Handlungstr\u00e4ger*innen. In einem stetigen Prozess der Bewegung und Ver\u00e4nderung finden unterschiedliche Akteur*innen und Perspektiven immer wieder in neuen Formationen zusammen, entfernen sich, n\u00e4hern sich erneut an oder stehen in Opposition zueinander. Der entstehende Stuhlkreis verweist direkt auf die Runden Tische als Format, die nach dem Ende der DDR als Symbol f\u00fcr den friedlichen Wandel und die Dialogbereitschaft der B\u00fcrger*innen der DDR standen und einen Prozess der Verst\u00e4ndigung erm\u00f6glichten.<\/p>\n<p><em>Jurykommentar:<\/em><br \/>\nAuf den ersten Blick erscheint der Ort wie eine ruhige Gr\u00fcnfl\u00e4che des Parks. Beim Betreten wird allm\u00e4hlich eine subtile Bewegung sichtbar, die sich dem Betrachtenden mit der Zeit immer klarer zeigt &#8211; die Landschaft bewegt sich. Der Entwurf sieht mehrere, sich sehr langsam drehbare Scheiben in unterschiedlichen Gr\u00f6\u00dfen und Richtungen vor, die im Boden verankert sind und beinahe die gesamte Fl\u00e4che des Parks ausf\u00fcllen. Die Geschwindigkeit unterscheidet sich von Scheibe zu Scheibe. Auf den Scheiben sind 38 St\u00fchle verschiedener Art, Herkunft und aus verschiedenen Zeiten, und eine Bepflanzung mit B\u00e4umen vorgesehen. Die Choreografie sieht vor, dass zu jeder Stunde sich jeweils bestimmte Situationen wiederholen: die B\u00e4ume formen einen Kreis wie die vereinzelten St\u00fchle sich zu einem \u201eStuhlkreis\u201c anordnen. An Montagabenden kommt dieser f\u00fcr einen l\u00e4ngeren Zeitraum zusammen und bieten Raum f\u00fcr Versammlungen. W\u00e4hrend der anderen Tage ergeben sich immer andere Konstellationen von B\u00e4umen, St\u00fchlen und Menschen. Das Preisgericht w\u00fcrdigt das vielschichtige Potenzial dieser k\u00fcnstlerischen Setzung. Mit der Irritation des Allt\u00e4glichen wir auf beeindruckende Art ein Wahrnehmungs- und Perspektivenwechsel provoziert und zur Auseinandersetzung und Zusammenkunft eingeladen. Konzeptionell hinterfragt das Preisgericht den Umgang mit den B\u00e4umen, die als \u201eSpielzeuge\u201c erscheinen, was auch aus \u00f6kologischen Gr\u00fcnden als bedenklich gesehen wird. Angezweifelt wird auch das Symbol der St\u00fchle, die zum Sitzen und nicht zur Bewegung einladen, was dem Motiv der friedlichen Revolution besser entsprechen w\u00fcrde. Anzahl und Elemente \u00fcberzeugen ebenfalls nicht vollends. Zudem birgt das Projekt nach Einsch\u00e4tzung des Gremiums Unsicherheiten in der Erf\u00fcllung der technischen und wirtschaftlichen Umsetzung, insbesondere was die Wartung des Kunstwerks \u00fcber einen l\u00e4ngeren Zeitraum betrifft. Auch ist der Aspekt der Inklusion (Barrierefreiheit, r\u00e4umliche Orientierung, Sicherheit) nicht gegeben.<\/p>\n<\/div><\/div><\/div><\/section>\n<\/div><\/p><\/div><\/div><!--close column table wrapper. Autoclose: 1 --><div  class='hr av-24qqm8-bf5aa3e51a0a44cc85a7d810c441216a hr-default  avia-builder-el-273  el_after_av_three_fifth  avia-builder-el-last'><span class='hr-inner'><span class=\"hr-inner-style\"><\/span><\/span><\/div>\n\n<\/div><\/div><\/div><!-- close content main div --><\/div><\/div><div id='av_section_30'  class='avia-section av-h20y28-5b8d5f6f7a7464ebf7cba355fb089202 main_color avia-section-no-padding avia-no-border-styling  avia-builder-el-274  el_after_av_section  el_before_av_one_full  avia-bg-style-scroll container_wrap fullsize'  ><div class='container av-section-cont-open' ><div class='template-page content  av-content-full alpha units'><div class='post-entry post-entry-type-page post-entry-8368'><div class='entry-content-wrapper clearfix'>\n<div class='flex_column_table av-1mrnv4-769676de1b91796902e2670e16f410f5 sc-av_one_third av-equal-height-column-flextable'><div  class='flex_column av-1mrnv4-769676de1b91796902e2670e16f410f5 av_one_third  avia-builder-el-275  el_before_av_three_fifth  avia-builder-el-first  first no_margin flex_column_table_cell av-equal-height-column av-align-top'     ><section  class='av_textblock_section av-en98cw-ff65402f49633ceb92acbd4b4d23ac57'   itemscope=\"itemscope\" itemtype=\"https:\/\/schema.org\/CreativeWork\" ><div class='avia_textblock'  itemprop=\"text\" ><h4>realities:united<\/h4>\n<\/div><\/section><br \/>\n\n<style type=\"text\/css\" data-created_by=\"avia_inline_auto\" id=\"style-css-av-cyxt28-8446cc7efd1e458a91c4019c9d75bc0a\">\n.avia-image-container.av-cyxt28-8446cc7efd1e458a91c4019c9d75bc0a img.avia_image{\nbox-shadow:none;\n}\n.avia-image-container.av-cyxt28-8446cc7efd1e458a91c4019c9d75bc0a .av-image-caption-overlay-center{\ncolor:#ffffff;\n}\n<\/style>\n<div  class='avia-image-container av-cyxt28-8446cc7efd1e458a91c4019c9d75bc0a av-styling- avia-align-center  avia-builder-el-277  el_after_av_textblock  avia-builder-el-last'   itemprop=\"image\" itemscope=\"itemscope\" itemtype=\"https:\/\/schema.org\/ImageObject\" ><div class=\"avia-image-container-inner\"><div class=\"avia-image-overlay-wrap\"><img decoding=\"async\" fetchpriority=\"high\" class='wp-image-8620 avia-img-lazy-loading-not-8620 avia_image' src=\"https:\/\/freiheitsdenkmal-leipzig.de\/wp-content\/uploads\/2024\/10\/FEL_8030_1_G-scaled.jpg\" alt='' title='FEL_8030_1_G'  height=\"1856\" width=\"2560\"  itemprop=\"thumbnailUrl\" srcset=\"https:\/\/freiheitsdenkmal-leipzig.de\/wp-content\/uploads\/2024\/10\/FEL_8030_1_G-scaled.jpg 2560w, https:\/\/freiheitsdenkmal-leipzig.de\/wp-content\/uploads\/2024\/10\/FEL_8030_1_G-300x217.jpg 300w, https:\/\/freiheitsdenkmal-leipzig.de\/wp-content\/uploads\/2024\/10\/FEL_8030_1_G-1030x747.jpg 1030w, https:\/\/freiheitsdenkmal-leipzig.de\/wp-content\/uploads\/2024\/10\/FEL_8030_1_G-768x557.jpg 768w, https:\/\/freiheitsdenkmal-leipzig.de\/wp-content\/uploads\/2024\/10\/FEL_8030_1_G-1536x1113.jpg 1536w, https:\/\/freiheitsdenkmal-leipzig.de\/wp-content\/uploads\/2024\/10\/FEL_8030_1_G-2048x1485.jpg 2048w, https:\/\/freiheitsdenkmal-leipzig.de\/wp-content\/uploads\/2024\/10\/FEL_8030_1_G-18x12.jpg 18w, https:\/\/freiheitsdenkmal-leipzig.de\/wp-content\/uploads\/2024\/10\/FEL_8030_1_G-1500x1087.jpg 1500w, https:\/\/freiheitsdenkmal-leipzig.de\/wp-content\/uploads\/2024\/10\/FEL_8030_1_G-705x511.jpg 705w\" sizes=\"(max-width: 2560px) 100vw, 2560px\" \/><\/div><\/div><\/div><\/p><\/div><div  class='flex_column av-axws00-f66e65ac8ca5e5474b7ccb8adfdeecc3 av_three_fifth  avia-builder-el-278  el_after_av_one_third  el_before_av_hr  no_margin flex_column_table_cell av-equal-height-column av-align-top'     ><p>\n<style type=\"text\/css\" data-created_by=\"avia_inline_auto\" id=\"style-css-av-9k12xs-f578d96eec0ba2d38d1c01b849b0dac3\">\n#top .hr.hr-invisible.av-9k12xs-f578d96eec0ba2d38d1c01b849b0dac3{\nheight:20px;\n}\n<\/style>\n<div  class='hr av-9k12xs-f578d96eec0ba2d38d1c01b849b0dac3 hr-invisible  avia-builder-el-279  el_before_av_gallery  avia-builder-el-first'><span class='hr-inner'><span class=\"hr-inner-style\"><\/span><\/span><\/div><br \/>\n\n<style type=\"text\/css\" data-created_by=\"avia_inline_auto\" id=\"style-css-av-q8jdc-28e2ba8b1fd976dc906518c2cf52fa31\">\n#top .avia-gallery.av-q8jdc-28e2ba8b1fd976dc906518c2cf52fa31 .avia-gallery-thumb a{\nwidth:33.3333%;\n}\n<\/style>\n<div  class='avia-gallery av-q8jdc-28e2ba8b1fd976dc906518c2cf52fa31 avia_animate_when_visible  avia-builder-el-280  el_after_av_hr  el_before_av_toggle_container  avia_lazyload avia-gallery-animate avia-gallery-30'  itemprop=\"image\" itemscope=\"itemscope\" itemtype=\"https:\/\/schema.org\/ImageObject\" ><meta itemprop=\"contentURL\" content=\"https:\/\/freiheitsdenkmal-leipzig.de\/en\/alle-entwuerfe\"><div class='avia-gallery-thumb'><a href=\"https:\/\/freiheitsdenkmal-leipzig.de\/wp-content\/uploads\/2024\/10\/FEL_8030_2_G.jpg\" data-srcset=\"https:\/\/freiheitsdenkmal-leipzig.de\/wp-content\/uploads\/2024\/10\/FEL_8030_2_G.jpg 600w, https:\/\/freiheitsdenkmal-leipzig.de\/wp-content\/uploads\/2024\/10\/FEL_8030_2_G-300x200.jpg 300w, https:\/\/freiheitsdenkmal-leipzig.de\/wp-content\/uploads\/2024\/10\/FEL_8030_2_G-18x12.jpg 18w\" data-sizes=\"(max-width: 600px) 100vw, 600px\" data-rel='gallery-30' data-prev-img='https:\/\/freiheitsdenkmal-leipzig.de\/wp-content\/uploads\/2024\/10\/FEL_8030_2_G-495x400.jpg' class='first_thumb lightbox' data-onclick='1' title='Screenshot'  itemprop=\"thumbnailUrl\"  ><img decoding=\"async\" fetchpriority=\"high\" class=\"wp-image-8621 avia-img-lazy-loading-not-8621\"   src=\"https:\/\/freiheitsdenkmal-leipzig.de\/wp-content\/uploads\/2024\/10\/FEL_8030_2_G.jpg\" width=\"600\" height=\"400\"  title='Screenshot' alt='' srcset=\"https:\/\/freiheitsdenkmal-leipzig.de\/wp-content\/uploads\/2024\/10\/FEL_8030_2_G.jpg 600w, https:\/\/freiheitsdenkmal-leipzig.de\/wp-content\/uploads\/2024\/10\/FEL_8030_2_G-300x200.jpg 300w, https:\/\/freiheitsdenkmal-leipzig.de\/wp-content\/uploads\/2024\/10\/FEL_8030_2_G-18x12.jpg 18w\" sizes=\"(max-width: 600px) 100vw, 600px\" \/><div class='big-prev-fake'><img decoding=\"async\" loading=\"lazy\" class=\"wp-image-8621 avia-img-lazy-loading-8621\"  width=\"495\" height=\"400\" src=\"https:\/\/freiheitsdenkmal-leipzig.de\/wp-content\/uploads\/2024\/10\/FEL_8030_2_G-495x400.jpg\" title='Screenshot' alt='' \/><\/div><\/a><a href=\"https:\/\/freiheitsdenkmal-leipzig.de\/wp-content\/uploads\/2024\/10\/FEL_8030_3_G.jpg\" data-srcset=\"https:\/\/freiheitsdenkmal-leipzig.de\/wp-content\/uploads\/2024\/10\/FEL_8030_3_G.jpg 600w, https:\/\/freiheitsdenkmal-leipzig.de\/wp-content\/uploads\/2024\/10\/FEL_8030_3_G-300x200.jpg 300w, https:\/\/freiheitsdenkmal-leipzig.de\/wp-content\/uploads\/2024\/10\/FEL_8030_3_G-18x12.jpg 18w\" data-sizes=\"(max-width: 600px) 100vw, 600px\" data-rel='gallery-30' data-prev-img='https:\/\/freiheitsdenkmal-leipzig.de\/wp-content\/uploads\/2024\/10\/FEL_8030_3_G-495x400.jpg' class='lightbox' data-onclick='2' title='FEL_8030_3_G'  itemprop=\"thumbnailUrl\"  ><img decoding=\"async\" fetchpriority=\"high\" class=\"wp-image-8622 avia-img-lazy-loading-not-8622\"   src=\"https:\/\/freiheitsdenkmal-leipzig.de\/wp-content\/uploads\/2024\/10\/FEL_8030_3_G.jpg\" width=\"600\" height=\"400\"  title='FEL_8030_3_G' alt='' srcset=\"https:\/\/freiheitsdenkmal-leipzig.de\/wp-content\/uploads\/2024\/10\/FEL_8030_3_G.jpg 600w, https:\/\/freiheitsdenkmal-leipzig.de\/wp-content\/uploads\/2024\/10\/FEL_8030_3_G-300x200.jpg 300w, https:\/\/freiheitsdenkmal-leipzig.de\/wp-content\/uploads\/2024\/10\/FEL_8030_3_G-18x12.jpg 18w\" sizes=\"(max-width: 600px) 100vw, 600px\" \/><div class='big-prev-fake'><img decoding=\"async\" loading=\"lazy\" class=\"wp-image-8622 avia-img-lazy-loading-8622\"  width=\"495\" height=\"400\" src=\"https:\/\/freiheitsdenkmal-leipzig.de\/wp-content\/uploads\/2024\/10\/FEL_8030_3_G-495x400.jpg\" title='FEL_8030_3_G' alt='' \/><\/div><\/a><a href=\"https:\/\/freiheitsdenkmal-leipzig.de\/wp-content\/uploads\/2024\/10\/FEL_8030_4_G.jpg\" data-srcset=\"https:\/\/freiheitsdenkmal-leipzig.de\/wp-content\/uploads\/2024\/10\/FEL_8030_4_G.jpg 600w, https:\/\/freiheitsdenkmal-leipzig.de\/wp-content\/uploads\/2024\/10\/FEL_8030_4_G-300x200.jpg 300w, https:\/\/freiheitsdenkmal-leipzig.de\/wp-content\/uploads\/2024\/10\/FEL_8030_4_G-18x12.jpg 18w\" data-sizes=\"(max-width: 600px) 100vw, 600px\" data-rel='gallery-30' data-prev-img='https:\/\/freiheitsdenkmal-leipzig.de\/wp-content\/uploads\/2024\/10\/FEL_8030_4_G-495x400.jpg' class='lightbox' data-onclick='3' title='FEL_8030_4_G'  itemprop=\"thumbnailUrl\"  ><img decoding=\"async\" fetchpriority=\"high\" class=\"wp-image-8623 avia-img-lazy-loading-not-8623\"   src=\"https:\/\/freiheitsdenkmal-leipzig.de\/wp-content\/uploads\/2024\/10\/FEL_8030_4_G.jpg\" width=\"600\" height=\"400\"  title='FEL_8030_4_G' alt='' srcset=\"https:\/\/freiheitsdenkmal-leipzig.de\/wp-content\/uploads\/2024\/10\/FEL_8030_4_G.jpg 600w, https:\/\/freiheitsdenkmal-leipzig.de\/wp-content\/uploads\/2024\/10\/FEL_8030_4_G-300x200.jpg 300w, https:\/\/freiheitsdenkmal-leipzig.de\/wp-content\/uploads\/2024\/10\/FEL_8030_4_G-18x12.jpg 18w\" sizes=\"(max-width: 600px) 100vw, 600px\" \/><div class='big-prev-fake'><img decoding=\"async\" loading=\"lazy\" class=\"wp-image-8623 avia-img-lazy-loading-8623\"  width=\"495\" height=\"400\" src=\"https:\/\/freiheitsdenkmal-leipzig.de\/wp-content\/uploads\/2024\/10\/FEL_8030_4_G-495x400.jpg\" title='FEL_8030_4_G' alt='' \/><\/div><\/a><\/div><\/div><br \/>\n<div  class='togglecontainer av-5uy234-ea678e78322bc67402eed5f8947c172a av-minimal-toggle  avia-builder-el-281  el_after_av_gallery  avia-builder-el-last  toggle_close_all' >\n<section class='av_toggle_section av-4534c0-3c5a8191d7a86f9b556891e959fd1f7c'  itemscope=\"itemscope\" itemtype=\"https:\/\/schema.org\/CreativeWork\" ><div role=\"tablist\" class=\"single_toggle\" data-tags=\"{All} \"  ><p data-fake-id='#toggle-id-30' class='toggler'  itemprop=\"headline\"  role='tab' tabindex='0' aria-controls='toggle-id-30'>Detail-Informationen<span class=\"toggle_icon\"><span class=\"vert_icon\"><\/span><span class=\"hor_icon\"><\/span><\/span><\/p><div id='toggle-id-30' class='toggle_wrap'  ><div class='toggle_content invers-color'  itemprop=\"text\" ><p><em>Von:<\/em> Tim Edler, Jan Edler; beide Berlin<\/p>\n<p><em>Mitarbeiter:in:<\/em> Christopher Gramer<\/p>\n<p><em>Fachberater:innen:<\/em> Dr. Boris Reyher, Christian Bohne, beide Berlin<\/p>\n<p><em>Erl\u00e4uterungstext:<\/em><br \/>\nWir schlagen in Hinblick auf diese \u00dcberlegungen vor, dass das Denkmal weniger dem Versuch einer abschlie\u00dfenden Einordnung der geschichtlichen Ereignisse gewidmet sein soll, sondern der Fortf\u00fchrung und Unterst\u00fctzung der gesellschaftlichen Diskussionsprozesse. Ein Denkmal eher als ein nutzbarer Denk- und Diskussionsraum, der einem aktiven gegenwartsbezogenen Prozess und der Reflektion der vergangenen Ereignisse gleicherma\u00dfen verpflichtet ist. Wir werden dabei in Kauf nehmen, dass so ein Entwurf, der zu einem starken Anteil auf die Gestaltung laufender Prozesse zielt, in vielerlei Hinsicht nicht nur flexibel und reaktionsf\u00e4hig ist, sondern auch angreifbar und empfindlich ist gegen\u00fcber Einmischungsversuchen oder dem langsamen Abebben des gesellschaftlichen Interesses. F\u00fcr das Thema, f\u00fcr Leipzig und f\u00fcr die Zukunft ab dem Jahr 2028 schlagen wir ein aus mehreren Elementen bestehendes Denkmal vor. In dem \u201eDenkmal\u201c enthalten ist zun\u00e4chst ein kleines dauerhaftes, d.h. klassisches Denkmalobjekt. Dieser Mast mit seiner knappen Mitteilung \u201e89\u201c ist zur\u00fcckhaltend gestaltet. Er ist \u2013 durchaus absichtlich \u2013 reduziert und bescheiden formuliert, denn er zeigt \u00fcber sich selbst hinaus auf etwas anderes, noch Unsichtbares. \u201eWarte nur ab!\u201c. Und tats\u00e4chlich! Einmal im Jahr, wenn sich der 9.Oktober n\u00e4hert, durchl\u00e4uft der schmale Lauch eine fulminante Metamorphose. Denn dieses Denkmal verf\u00fcgt \u00fcber ein zweites zyklisch bzw. j\u00e4hrlich \u201eagierendes\u201c Element, was den Auftritt erheblich ver\u00e4ndert. Das geschieht, indem eine \u00fcber 1.000m2 gro\u00dfe Lichtmembran um den Mast herum entfaltet wird. Und pl\u00f6tzlich hat das Denkmal nicht nur eine starke visuellen Erscheinung, sondern auch Raum und Leben. Mit dem \u201eLichtzelt\u201c entsteht eine offene ca. 850m2 gro\u00dfe Fl\u00e4che als eine Art wartender \u201eM\u00f6glichkeitsraum\u201c, der ganz konsequent auf die Gegenwart und die heutigen Akteure gerichtet ist und der eine Einladung an die Gesellschaft formuliert. Eingeladen sind zun\u00e4chst alle Menschen, hier unter dem Lichtzelt (aber hier auch weiterhin unter dem \u201e89\u201cer Denkmal) zusammenzukommen und sich auszutauschen. Ein Teil der Fl\u00e4che unter dem \u201eLichtzelt\u201c bleibt stets offen und frei zug\u00e4nglich. Die j\u00e4hrliche Bereitstellung dieser gro\u00dfen und leuchtenden Fl\u00e4che wird aber auch als ein effektives und sehr konkretes Unterst\u00fctzungsangebot formuliert. Die Einladung richtet sich n\u00e4mlich gezielt an Institutionen, Initiativen und Gruppen der Zivilgesellschaft, welche die Auseinandersetzung mit den historischen und den aktuellen Entwicklungen in der Gegenwart lebendig weiterf\u00fchren. Wenn sie m\u00f6gen, haben sie hier einen Ort, sich zu zeigen und zu agieren und sie werden konkret darin unterst\u00fctzt, an diesem Ort Veranstaltungen und Aktionen aller m\u00f6glicher Formate anl\u00e4sslich des Jahrestages durchzuf\u00fchren. Diese Veranstaltungen sind nach Stele und Zeltdach das dritte extern angekoppelte Element dieses Denkmals.<\/p>\n<p><em>Jurykommentar:<\/em><br \/>\nDer Entwurf \u201eStele und Stiftung\u201c findet beim Preisgericht besondere Anerkennung f\u00fcr den Gedanken, das Freiheits- und Einheitsdenkmal nicht nur als historische W\u00fcrdigung, sondern auch als historischen Auftrag zu verstehen. Das Schicksalsjahr \u201e89\u201c leuchtet weithin erkennbar auf einer Stele, darunter soll sich allj\u00e4hrlich im Oktober ein Lichtzelt entfalten. Der Entwurf ist damit ein bemerkenswerter und \u00fcberzeugender Beitrag, der die heutige Zivilgesellschaft direkt aktiviert und f\u00fcr die n\u00e4chsten 25 Jahre auch Mittel bereitstellt. Das Denkmal als partizipativen M\u00f6glichkeitsraum zu verstehen, wird vom Preisgericht besonders lobend hervorgehoben. Zudem \u00fcbersetzt die Helligkeit der Zahl auf dem Mast und die Leichtigkeit des zirkus\u00e4hnlichen Zelts den zentralen Aspekt der Gewaltfreiheit der revolution\u00e4ren Ereignisse. Die Stele greift nur minimal in den Landschaftspark \u201e\u00d6kotopia\u201c ein und \u00fcberzeugt durch minimalen Materialeinsatz. Kritisch sieht das Preisgericht jedoch die k\u00fcnstlerische und inhaltliche Strahlkraft des Entwurfs. Wie von den Einreichenden selbst thematisiert, erscheint der Mast an 358 Tagen im Jahr als eher unscheinbarer Mast, ein \u201eschmales Denkmal\u201c. In der Oktoberwoche des Lichtfestes nimmt das Denkmal einen eher volkst\u00fcmlichen Charakter an, dessen Events m\u00f6glicherweise populistischen Charakter annehmen k\u00f6nnen. Indem der Entwurf haupts\u00e4chlich die Leipziger Bev\u00f6lkerung adressiert und aktiviert, wird auch dem Wunsch nach einem Freiheits- und Einheitsdenkmal mit nationaler und internationaler Bedeutung nicht entsprochen. Insgesamt beurteilt das Preisgericht den Entwurf als einen offenen und zeitgem\u00e4\u00dfen Ansatz, dessen langfristige Bedeutung f\u00fcr Leipzig, Deutschland und Europa aber zu vage bleibt.<\/p>\n<\/div><\/div><\/div><\/section>\n<\/div><\/p><\/div><\/div><!--close column table wrapper. Autoclose: 1 -->\n<style type=\"text\/css\" data-created_by=\"avia_inline_auto\" id=\"style-css-av-av4j4-dbebb71047532c32c168c051fe0bae9a\">\n#top .hr.hr-invisible.av-av4j4-dbebb71047532c32c168c051fe0bae9a{\nheight:25px;\n}\n<\/style>\n<div  class='hr av-av4j4-dbebb71047532c32c168c051fe0bae9a hr-invisible  avia-builder-el-282  el_after_av_three_fifth  avia-builder-el-last'><span class='hr-inner'><span class=\"hr-inner-style\"><\/span><\/span><\/div>\n<\/div><\/div><\/div><!-- close content main div --><\/div><\/div><div id='after_section_30'  class='main_color av_default_container_wrap container_wrap fullsize'  ><div class='container av-section-cont-open' ><div class='template-page content  av-content-full alpha units'><div class='post-entry post-entry-type-page post-entry-8368'><div class='entry-content-wrapper clearfix'>\n<div  id=\"dritter-rundgang\"  class='flex_column av-m2t9caj3-d5e3e020b98da9e62b63d7485c9e2434 av_one_full  avia-builder-el-283  el_after_av_section  el_before_av_section  avia-builder-el-no-sibling  first flex_column_div'     ><section  class='av_textblock_section av-m2t9bu3r-9e1c41ea14bdf9b035f0b6fbed6c4749'   itemscope=\"itemscope\" itemtype=\"https:\/\/schema.org\/CreativeWork\" ><div class='avia_textblock'  itemprop=\"text\" ><h2>3. Rundgang<\/h2>\n<\/div><\/section><\/div>\n<\/div><\/div><\/div><!-- close content main div --><\/div><\/div><div id='av_section_31'  class='avia-section av-8hvmhs-fc8b857268741ee54ea11eae6aa455e3 main_color avia-section-no-padding avia-no-border-styling  avia-builder-el-285  el_after_av_one_full  el_before_av_section  avia-bg-style-scroll container_wrap fullsize'  ><div class='container av-section-cont-open' ><div class='template-page content  av-content-full alpha units'><div class='post-entry post-entry-type-page post-entry-8368'><div class='entry-content-wrapper clearfix'>\n<div class='flex_column_table av-6tzmr4-5c581b814d8c7856f86bc455cecdfc1f sc-av_one_third av-equal-height-column-flextable'><div  class='flex_column av-6tzmr4-5c581b814d8c7856f86bc455cecdfc1f av_one_third  avia-builder-el-286  el_before_av_three_fifth  avia-builder-el-first  first no_margin flex_column_table_cell av-equal-height-column av-align-top'     ><section  class='av_textblock_section av-m2ucpoxe-8de4bf83807e1db92623cbb0f8a46189'   itemscope=\"itemscope\" itemtype=\"https:\/\/schema.org\/CreativeWork\" ><div class='avia_textblock'  itemprop=\"text\" ><h4>Heinke Haberland mit Haberland Architekten<\/h4>\n<\/div><\/section><br \/>\n\n<style type=\"text\/css\" data-created_by=\"avia_inline_auto\" id=\"style-css-av-m2uck3pn-308d542b8249f7ef8bce83ca2bf39f51\">\n.avia-image-container.av-m2uck3pn-308d542b8249f7ef8bce83ca2bf39f51 img.avia_image{\nbox-shadow:none;\n}\n.avia-image-container.av-m2uck3pn-308d542b8249f7ef8bce83ca2bf39f51 .av-image-caption-overlay-center{\ncolor:#ffffff;\n}\n<\/style>\n<div  class='avia-image-container av-m2uck3pn-308d542b8249f7ef8bce83ca2bf39f51 av-styling- avia-align-center  avia-builder-el-288  el_after_av_textblock  avia-builder-el-last'   itemprop=\"image\" itemscope=\"itemscope\" itemtype=\"https:\/\/schema.org\/ImageObject\" ><div class=\"avia-image-container-inner\"><div class=\"avia-image-overlay-wrap\"><img decoding=\"async\" fetchpriority=\"high\" class='wp-image-8625 avia-img-lazy-loading-not-8625 avia_image' src=\"https:\/\/freiheitsdenkmal-leipzig.de\/wp-content\/uploads\/2024\/10\/FEL_8002_1_G.jpg\" alt='' title='FEL_8002_1_G'  height=\"400\" width=\"600\"  itemprop=\"thumbnailUrl\" srcset=\"https:\/\/freiheitsdenkmal-leipzig.de\/wp-content\/uploads\/2024\/10\/FEL_8002_1_G.jpg 600w, https:\/\/freiheitsdenkmal-leipzig.de\/wp-content\/uploads\/2024\/10\/FEL_8002_1_G-300x200.jpg 300w, https:\/\/freiheitsdenkmal-leipzig.de\/wp-content\/uploads\/2024\/10\/FEL_8002_1_G-18x12.jpg 18w\" sizes=\"(max-width: 600px) 100vw, 600px\" \/><\/div><\/div><\/div><\/p><\/div><div  class='flex_column av-5di9s0-45b1fb0371c05dbe47cd1528446fa499 av_three_fifth  avia-builder-el-289  el_after_av_one_third  el_before_av_hr  no_margin flex_column_table_cell av-equal-height-column av-align-top'     ><p>\n<style type=\"text\/css\" data-created_by=\"avia_inline_auto\" id=\"style-css-av-4ewk3k-5b2de074a61e0c4a79c9607c3d40ce07\">\n#top .hr.hr-invisible.av-4ewk3k-5b2de074a61e0c4a79c9607c3d40ce07{\nheight:20px;\n}\n<\/style>\n<div  class='hr av-4ewk3k-5b2de074a61e0c4a79c9607c3d40ce07 hr-invisible  avia-builder-el-290  el_before_av_gallery  avia-builder-el-first'><span class='hr-inner'><span class=\"hr-inner-style\"><\/span><\/span><\/div><br \/>\n\n<style type=\"text\/css\" data-created_by=\"avia_inline_auto\" id=\"style-css-av-m2ucmngx-4d0a820f4be4d68188501f828d0f3e74\">\n#top .avia-gallery.av-m2ucmngx-4d0a820f4be4d68188501f828d0f3e74 .avia-gallery-thumb a{\nwidth:33.3333%;\n}\n<\/style>\n<div  class='avia-gallery av-m2ucmngx-4d0a820f4be4d68188501f828d0f3e74 avia_animate_when_visible  avia-builder-el-291  el_after_av_hr  el_before_av_toggle_container  avia_lazyload avia-gallery-animate avia-gallery-31'  itemprop=\"image\" itemscope=\"itemscope\" itemtype=\"https:\/\/schema.org\/ImageObject\" ><meta itemprop=\"contentURL\" content=\"https:\/\/freiheitsdenkmal-leipzig.de\/en\/alle-entwuerfe\"><div class='avia-gallery-thumb'><a href=\"https:\/\/freiheitsdenkmal-leipzig.de\/wp-content\/uploads\/2024\/10\/FEL_8002_2_G.jpg\" data-srcset=\"https:\/\/freiheitsdenkmal-leipzig.de\/wp-content\/uploads\/2024\/10\/FEL_8002_2_G.jpg 600w, https:\/\/freiheitsdenkmal-leipzig.de\/wp-content\/uploads\/2024\/10\/FEL_8002_2_G-300x200.jpg 300w, https:\/\/freiheitsdenkmal-leipzig.de\/wp-content\/uploads\/2024\/10\/FEL_8002_2_G-18x12.jpg 18w\" data-sizes=\"(max-width: 600px) 100vw, 600px\" data-rel='gallery-31' data-prev-img='https:\/\/freiheitsdenkmal-leipzig.de\/wp-content\/uploads\/2024\/10\/FEL_8002_2_G-495x400.jpg' class='first_thumb lightbox' data-onclick='1' title='FEL_8002_2_G'  itemprop=\"thumbnailUrl\"  ><img decoding=\"async\" fetchpriority=\"high\" class=\"wp-image-8626 avia-img-lazy-loading-not-8626\"   src=\"https:\/\/freiheitsdenkmal-leipzig.de\/wp-content\/uploads\/2024\/10\/FEL_8002_2_G.jpg\" width=\"600\" height=\"400\"  title='FEL_8002_2_G' alt='' srcset=\"https:\/\/freiheitsdenkmal-leipzig.de\/wp-content\/uploads\/2024\/10\/FEL_8002_2_G.jpg 600w, https:\/\/freiheitsdenkmal-leipzig.de\/wp-content\/uploads\/2024\/10\/FEL_8002_2_G-300x200.jpg 300w, https:\/\/freiheitsdenkmal-leipzig.de\/wp-content\/uploads\/2024\/10\/FEL_8002_2_G-18x12.jpg 18w\" sizes=\"(max-width: 600px) 100vw, 600px\" \/><div class='big-prev-fake'><img decoding=\"async\" loading=\"lazy\" class=\"wp-image-8626 avia-img-lazy-loading-8626\"  width=\"495\" height=\"400\" src=\"https:\/\/freiheitsdenkmal-leipzig.de\/wp-content\/uploads\/2024\/10\/FEL_8002_2_G-495x400.jpg\" title='FEL_8002_2_G' alt='' \/><\/div><\/a><a href=\"https:\/\/freiheitsdenkmal-leipzig.de\/wp-content\/uploads\/2024\/10\/FEL_8002_3_G.jpg\" data-srcset=\"https:\/\/freiheitsdenkmal-leipzig.de\/wp-content\/uploads\/2024\/10\/FEL_8002_3_G.jpg 600w, https:\/\/freiheitsdenkmal-leipzig.de\/wp-content\/uploads\/2024\/10\/FEL_8002_3_G-300x200.jpg 300w, https:\/\/freiheitsdenkmal-leipzig.de\/wp-content\/uploads\/2024\/10\/FEL_8002_3_G-18x12.jpg 18w\" data-sizes=\"(max-width: 600px) 100vw, 600px\" data-rel='gallery-31' data-prev-img='https:\/\/freiheitsdenkmal-leipzig.de\/wp-content\/uploads\/2024\/10\/FEL_8002_3_G-495x400.jpg' class='lightbox' data-onclick='2' title='FEL_8002_3_G'  itemprop=\"thumbnailUrl\"  ><img decoding=\"async\" fetchpriority=\"high\" class=\"wp-image-8627 avia-img-lazy-loading-not-8627\"   src=\"https:\/\/freiheitsdenkmal-leipzig.de\/wp-content\/uploads\/2024\/10\/FEL_8002_3_G.jpg\" width=\"600\" height=\"400\"  title='FEL_8002_3_G' alt='' srcset=\"https:\/\/freiheitsdenkmal-leipzig.de\/wp-content\/uploads\/2024\/10\/FEL_8002_3_G.jpg 600w, https:\/\/freiheitsdenkmal-leipzig.de\/wp-content\/uploads\/2024\/10\/FEL_8002_3_G-300x200.jpg 300w, https:\/\/freiheitsdenkmal-leipzig.de\/wp-content\/uploads\/2024\/10\/FEL_8002_3_G-18x12.jpg 18w\" sizes=\"(max-width: 600px) 100vw, 600px\" \/><div class='big-prev-fake'><img decoding=\"async\" loading=\"lazy\" class=\"wp-image-8627 avia-img-lazy-loading-8627\"  width=\"495\" height=\"400\" src=\"https:\/\/freiheitsdenkmal-leipzig.de\/wp-content\/uploads\/2024\/10\/FEL_8002_3_G-495x400.jpg\" title='FEL_8002_3_G' alt='' \/><\/div><\/a><\/div><\/div><br \/>\n<div  class='togglecontainer av-m2ucpju8-5df50d8f5fc02d61999f15628b6853d2 av-minimal-toggle  avia-builder-el-292  el_after_av_gallery  avia-builder-el-last  toggle_close_all' >\n<section class='av_toggle_section av-m2ucpieo-60e64df776d5e64b6177dd76e5d21abf'  itemscope=\"itemscope\" itemtype=\"https:\/\/schema.org\/CreativeWork\" ><div role=\"tablist\" class=\"single_toggle\" data-tags=\"{All} \"  ><p data-fake-id='#toggle-id-31' class='toggler'  itemprop=\"headline\"  role='tab' tabindex='0' aria-controls='toggle-id-31'>Detail-Informationen<span class=\"toggle_icon\"><span class=\"vert_icon\"><\/span><span class=\"hor_icon\"><\/span><\/span><\/p><div id='toggle-id-31' class='toggle_wrap'  ><div class='toggle_content invers-color'  itemprop=\"text\" ><p><em>Von:<\/em> Heinke Haberland, D\u00fcsseldorf<\/p>\n<p><em>Fachberater:innen:<\/em> Nadja Haberland, Berlin; Matthias Hamann, Hamann Augmented Reality, Kiel; Martin Feld-haus, Stangl AG, Waldkraiburg<\/p>\n<p><em>Erl\u00e4uterungstext:<\/em><br \/>\nHerrenlose Sockel aus aller Herren L\u00e4nder: \u00fcbrig gebliebene Podeste unterschiedlichster Herkunft, deren Statuen abgebaut oder gest\u00fcrzt worden sind, formen das Leipziger Freiheitsdenkmal. Die Postamente werden daf\u00fcr an ihrem Herkunftsort digital vermessen, 3-D-erfasst, historisch dokumentiert und bekommen in Leipzig eine Art Avatar \u2013 einen Doppelg\u00e4nger. Aus Sichtbeton entsteht ein homogenes Ensemble, eine Sockellandschaft, die die Rasenfl\u00e4che des Parks durchzieht. Fundamentale Abwesenheit Das Denkmal im tieferen Sinne besteht jedoch aus Abwesenheit, aus den Leerstellen, die hinterlassen wurden. Im Prinzip sind die Sockel lediglich der fundamentale Hinweis darauf. Die Postamente der Ehrenm\u00e4ler, Inventar der Macht, manifestieren nun errungene Freiheit. Frei geworden von den Insignien der Herrschaft und den Obrigkeitsgestalten, die sich zu H\u00f6herem berufen f\u00fchlten und sich buchst\u00e4blich \u00fcber andere stellten. Der Part der nun fehlenden figurativen Elemente wird hier von den Besuchern selbst \u00fcbernommen: freien Menschen, die das Ensemble selbstbestimmt durchwandern und besetzen k\u00f6nnen. \u201eSolch ein Gewimmel m\u00f6cht ich sehn, auf freiem Grund mit freiem Volke stehn&#8230;\u201c J. W. v. Goethe Von jetzt an seien die Sockel dem Volk gewidmet. Dabei sollte auch nicht vergessen werden, dass diejenigen, die riefen: Wir sind das Volk alle miteinander Individuen waren, einzelne B\u00fcrger, die Mut fassten, sich selbst erm\u00e4chtigten, und schlie\u00dflich gemeinsam Position bezogen. So k\u00f6nnte der Ort zu einer Speakers Corner werden, f\u00fcr den demokratischen Souver\u00e4n und jeden, der sich frei in der \u00d6ffentlichkeit \u00e4u\u00dfern will. Aber das Areal soll auch einfach Freude machen und spielerisch oder kontemplativ erlebt werden k\u00f6nnen. Vielschichtige Vedute Das Beton-Ensemble \u2013 dessen skulpturale Pr\u00e4senz vielleicht auch an pr\u00e4historische St\u00e4tten wie Stonehenge oder das Forum Romanum erinnern mag \u2013 verbindet sich mit der virtuellen Welt einer Augmented Reality zu einem modernen und lebendigen B\u00fchnenraum. Mit ihrem Smartphone oder einem Tablet k\u00f6nnen die Besucher jede einzelne Statue im imagin\u00e4ren Raum wiederherstellen. Auf Knopfdruck wird das jeweilige Postament mit seinem ganz individuellen geschichtlichen Hintergrund zum Leben erweckt und die ehemaligen Gestalten tauchen \u2013 eingebettet in den historischen Kontext \u2013 fast geisterhaft wieder auf. Die \u201eWiederg\u00e4nger\u201c in der Augmented Reality reinstallieren die Statuen nicht, sie erwecken sie aber soweit zum Leben, dass die Erz\u00e4hlung ihrer Historie plastisch erlebbar wird und sichtbar bleibt. Die Geschichte wird nicht negiert, sondern mit Leben erf\u00fcllt und erhalten. Der interaktive Charakter der Augmented Reality macht die Besucher spielerisch zu beteiligten Akteuren der Geschichte und l\u00e4dt eine breite Vielfalt von B\u00fcrgern dazu ein, sich auf ganz unterschiedlichen Ebenen mit ihr auseinanderzusetzen.<\/p>\n<p><em>Jurykommentar:<\/em><br \/>\nDer Beitrag \u201eHerrenlose Sockel\u201c besticht durch eine eing\u00e4ngige Idee: leere Sockel internationaler und nationaler Denkm\u00e4ler zeigen Leerstellen auf und provozieren Fragen nach den dahinterliegenden Geschichten sowie der Bedeutung und Wirkweise von Monumenten all-gemein. Das Preisgericht sch\u00e4tzt, dass der Beitrag keine eindeutige Lesbarkeit erlaubt, auf mehreren Ebenen erfahren werden kann und Denkmale in ihrer grunds\u00e4tzlichen Bedeutung thematisiert. Aus der Entfernung mit Unsch\u00e4rfe betrachtet, erscheinen die Sockel als histo-rische Fragmente oder Spolien, welche das Potential haben kompositorisch mit dem Park eng verwoben zu werden. Sie k\u00f6nnen r\u00e4umliche Spannung erzeugen, Blickbeziehungen \u00fcber die Distanz aufbauen aber auch als Konzentration eine Versammlung \u00e4hnlich einer grasenden Herde darstellen. Auf allt\u00e4glicher Ebene f\u00fcr verweilende Besuchende des Parks sind die Fundamente bekletterbare Objekte oder Stufen zum Sitzen, Lesen und Warten. Man kann die Sockel auch erklimmen und sich selbst zur Heldenfigur inszenieren. Die Interpretation bleibt offen und regt zur Auseinandersetzung an und gesellschaftliche Prozesse ansto\u00dfen. Anders als bei den traditionell im Zentrum stehenden m\u00e4nnlichen Pers\u00f6nlichkeiten, k\u00f6nnen sich hier auch Frauen aufstellen und auf ihre pers\u00f6nliche Handlungsmacht verweisen. Die Vorstellung, dass sich das Augenmerk von der erhobenen Figur auf die Sockel und dort ggf. befindliche Abbildungen verschiebt, welche klassischerweise oft Menschen der B\u00fcrgerschaft, Frauen, oder assoziative Personen abbildeten, stellt eine zus\u00e4tzliche Ebene offener Fragen dar. Besonders die Auswahl der Sockel verspricht eine aktive Auseinandersetzung mit politischen Ereignissen, in welchen Menschen sowohl in der Vergangenheit aber auch ganz aktuell Freiheit und Einheit erringen. Die Betrachtenden k\u00f6nnten aktiv in die Diskussionen eingebunden werden und konkret lokale Errungenschaften mit internationalen Ereignissen in Beziehung setzen. Durch die M\u00f6glichkeit die Sockel laufend zu erg\u00e4nzen, weist der Ent-wurf auf eindr\u00fcckliche Weise einen dramatischen Aktualit\u00e4tsbezug auf. Kritisch diskutiert das Preisgericht das Projekt als zu generisch und vermisst den Bezug zur friedlichen Revolution, in der z.B. der Sturz von Denkmalen und Bildern kein tragendes Element war.<\/p>\n<\/div><\/div><\/div><\/section>\n<\/div><\/p><\/div><\/div><!--close column table wrapper. Autoclose: 1 --><div  class='hr av-38hmyo-a208cdf29c2423d537bd7745726bad33 hr-default  avia-builder-el-293  el_after_av_three_fifth  avia-builder-el-last'><span class='hr-inner'><span class=\"hr-inner-style\"><\/span><\/span><\/div>\n\n<\/div><\/div><\/div><!-- close content main div --><\/div><\/div><div id='av_section_32'  class='avia-section av-v3nds-6853839d1f976ed73af4a77751582b29 main_color avia-section-no-padding avia-no-border-styling  avia-builder-el-294  el_after_av_section  el_before_av_textblock  avia-bg-style-scroll container_wrap fullsize'  ><div class='container av-section-cont-open' ><div class='template-page content  av-content-full alpha units'><div class='post-entry post-entry-type-page post-entry-8368'><div class='entry-content-wrapper clearfix'>\n<div class='flex_column_table av-6y20tc-0a4e7fe856199bef97a56e4f51a28664 sc-av_one_third av-equal-height-column-flextable'><div  class='flex_column av-6y20tc-0a4e7fe856199bef97a56e4f51a28664 av_one_third  avia-builder-el-295  el_before_av_three_fifth  avia-builder-el-first  first no_margin flex_column_table_cell av-equal-height-column av-align-top'     ><section  class='av_textblock_section av-m2ud3cil-391c1618bda5bf625d6e5cb0c6c0eb46'   itemscope=\"itemscope\" itemtype=\"https:\/\/schema.org\/CreativeWork\" ><div class='avia_textblock'  itemprop=\"text\" ><h4>AFF Architekten GmbH<\/h4>\n<\/div><\/section><br \/>\n\n<style type=\"text\/css\" data-created_by=\"avia_inline_auto\" id=\"style-css-av-m2ud0qio-33933e1121f2ec51b8c0dde48daaef42\">\n.avia-image-container.av-m2ud0qio-33933e1121f2ec51b8c0dde48daaef42 img.avia_image{\nbox-shadow:none;\n}\n.avia-image-container.av-m2ud0qio-33933e1121f2ec51b8c0dde48daaef42 .av-image-caption-overlay-center{\ncolor:#ffffff;\n}\n<\/style>\n<div  class='avia-image-container av-m2ud0qio-33933e1121f2ec51b8c0dde48daaef42 av-styling- avia-align-center  avia-builder-el-297  el_after_av_textblock  avia-builder-el-last'   itemprop=\"image\" itemscope=\"itemscope\" itemtype=\"https:\/\/schema.org\/ImageObject\" ><div class=\"avia-image-container-inner\"><div class=\"avia-image-overlay-wrap\"><img decoding=\"async\" fetchpriority=\"high\" class='wp-image-8629 avia-img-lazy-loading-not-8629 avia_image' src=\"https:\/\/freiheitsdenkmal-leipzig.de\/wp-content\/uploads\/2024\/10\/FEL_8029_1_G.jpg\" alt='' title='FEL_8029_1_G'  height=\"400\" width=\"600\"  itemprop=\"thumbnailUrl\" srcset=\"https:\/\/freiheitsdenkmal-leipzig.de\/wp-content\/uploads\/2024\/10\/FEL_8029_1_G.jpg 600w, https:\/\/freiheitsdenkmal-leipzig.de\/wp-content\/uploads\/2024\/10\/FEL_8029_1_G-300x200.jpg 300w, https:\/\/freiheitsdenkmal-leipzig.de\/wp-content\/uploads\/2024\/10\/FEL_8029_1_G-18x12.jpg 18w\" sizes=\"(max-width: 600px) 100vw, 600px\" \/><\/div><\/div><\/div><\/p><\/div><div  class='flex_column av-5i2vpc-6dc29908630ec92a481b9f65e3e03ad4 av_three_fifth  avia-builder-el-298  el_after_av_one_third  el_before_av_hr  no_margin flex_column_table_cell av-equal-height-column av-align-top'     ><p>\n<style type=\"text\/css\" data-created_by=\"avia_inline_auto\" id=\"style-css-av-4wrcj4-35b894f4fdec26affd6765d9d3e55b64\">\n#top .hr.hr-invisible.av-4wrcj4-35b894f4fdec26affd6765d9d3e55b64{\nheight:20px;\n}\n<\/style>\n<div  class='hr av-4wrcj4-35b894f4fdec26affd6765d9d3e55b64 hr-invisible  avia-builder-el-299  el_before_av_gallery  avia-builder-el-first'><span class='hr-inner'><span class=\"hr-inner-style\"><\/span><\/span><\/div><br \/>\n\n<style type=\"text\/css\" data-created_by=\"avia_inline_auto\" id=\"style-css-av-m2ud0t6z-a0f8ac153fe1fdb74395dce203c17f82\">\n#top .avia-gallery.av-m2ud0t6z-a0f8ac153fe1fdb74395dce203c17f82 .avia-gallery-thumb a{\nwidth:33.3333%;\n}\n<\/style>\n<div  class='avia-gallery av-m2ud0t6z-a0f8ac153fe1fdb74395dce203c17f82 avia_animate_when_visible  avia-builder-el-300  el_after_av_hr  el_before_av_toggle_container  avia_lazyload avia-gallery-animate avia-gallery-32'  itemprop=\"image\" itemscope=\"itemscope\" itemtype=\"https:\/\/schema.org\/ImageObject\" ><meta itemprop=\"contentURL\" content=\"https:\/\/freiheitsdenkmal-leipzig.de\/en\/alle-entwuerfe\"><div class='avia-gallery-thumb'><a href=\"https:\/\/freiheitsdenkmal-leipzig.de\/wp-content\/uploads\/2024\/10\/FEL_8029_2_G.jpg\" data-srcset=\"https:\/\/freiheitsdenkmal-leipzig.de\/wp-content\/uploads\/2024\/10\/FEL_8029_2_G.jpg 600w, https:\/\/freiheitsdenkmal-leipzig.de\/wp-content\/uploads\/2024\/10\/FEL_8029_2_G-300x200.jpg 300w, https:\/\/freiheitsdenkmal-leipzig.de\/wp-content\/uploads\/2024\/10\/FEL_8029_2_G-18x12.jpg 18w\" data-sizes=\"(max-width: 600px) 100vw, 600px\" data-rel='gallery-32' data-prev-img='https:\/\/freiheitsdenkmal-leipzig.de\/wp-content\/uploads\/2024\/10\/FEL_8029_2_G-495x400.jpg' class='first_thumb lightbox' data-onclick='1' title='FEL_8029_2_G'  itemprop=\"thumbnailUrl\"  ><img decoding=\"async\" fetchpriority=\"high\" class=\"wp-image-8630 avia-img-lazy-loading-not-8630\"   src=\"https:\/\/freiheitsdenkmal-leipzig.de\/wp-content\/uploads\/2024\/10\/FEL_8029_2_G.jpg\" width=\"600\" height=\"400\"  title='FEL_8029_2_G' alt='' srcset=\"https:\/\/freiheitsdenkmal-leipzig.de\/wp-content\/uploads\/2024\/10\/FEL_8029_2_G.jpg 600w, https:\/\/freiheitsdenkmal-leipzig.de\/wp-content\/uploads\/2024\/10\/FEL_8029_2_G-300x200.jpg 300w, https:\/\/freiheitsdenkmal-leipzig.de\/wp-content\/uploads\/2024\/10\/FEL_8029_2_G-18x12.jpg 18w\" sizes=\"(max-width: 600px) 100vw, 600px\" \/><div class='big-prev-fake'><img decoding=\"async\" loading=\"lazy\" class=\"wp-image-8630 avia-img-lazy-loading-8630\"  width=\"495\" height=\"400\" src=\"https:\/\/freiheitsdenkmal-leipzig.de\/wp-content\/uploads\/2024\/10\/FEL_8029_2_G-495x400.jpg\" title='FEL_8029_2_G' alt='' \/><\/div><\/a><a href=\"https:\/\/freiheitsdenkmal-leipzig.de\/wp-content\/uploads\/2024\/10\/FEL_8029_3_G.jpg\" data-srcset=\"https:\/\/freiheitsdenkmal-leipzig.de\/wp-content\/uploads\/2024\/10\/FEL_8029_3_G.jpg 600w, https:\/\/freiheitsdenkmal-leipzig.de\/wp-content\/uploads\/2024\/10\/FEL_8029_3_G-300x200.jpg 300w, https:\/\/freiheitsdenkmal-leipzig.de\/wp-content\/uploads\/2024\/10\/FEL_8029_3_G-18x12.jpg 18w\" data-sizes=\"(max-width: 600px) 100vw, 600px\" data-rel='gallery-32' data-prev-img='https:\/\/freiheitsdenkmal-leipzig.de\/wp-content\/uploads\/2024\/10\/FEL_8029_3_G-495x400.jpg' class='lightbox' data-onclick='2' title='FEL_8029_3_G'  itemprop=\"thumbnailUrl\"  ><img decoding=\"async\" fetchpriority=\"high\" class=\"wp-image-8631 avia-img-lazy-loading-not-8631\"   src=\"https:\/\/freiheitsdenkmal-leipzig.de\/wp-content\/uploads\/2024\/10\/FEL_8029_3_G.jpg\" width=\"600\" height=\"400\"  title='FEL_8029_3_G' alt='' srcset=\"https:\/\/freiheitsdenkmal-leipzig.de\/wp-content\/uploads\/2024\/10\/FEL_8029_3_G.jpg 600w, https:\/\/freiheitsdenkmal-leipzig.de\/wp-content\/uploads\/2024\/10\/FEL_8029_3_G-300x200.jpg 300w, https:\/\/freiheitsdenkmal-leipzig.de\/wp-content\/uploads\/2024\/10\/FEL_8029_3_G-18x12.jpg 18w\" sizes=\"(max-width: 600px) 100vw, 600px\" \/><div class='big-prev-fake'><img decoding=\"async\" loading=\"lazy\" class=\"wp-image-8631 avia-img-lazy-loading-8631\"  width=\"495\" height=\"400\" src=\"https:\/\/freiheitsdenkmal-leipzig.de\/wp-content\/uploads\/2024\/10\/FEL_8029_3_G-495x400.jpg\" title='FEL_8029_3_G' alt='' \/><\/div><\/a><a href=\"https:\/\/freiheitsdenkmal-leipzig.de\/wp-content\/uploads\/2024\/10\/FEL_8029_4_G.jpg\" data-srcset=\"https:\/\/freiheitsdenkmal-leipzig.de\/wp-content\/uploads\/2024\/10\/FEL_8029_4_G.jpg 600w, https:\/\/freiheitsdenkmal-leipzig.de\/wp-content\/uploads\/2024\/10\/FEL_8029_4_G-300x200.jpg 300w, https:\/\/freiheitsdenkmal-leipzig.de\/wp-content\/uploads\/2024\/10\/FEL_8029_4_G-18x12.jpg 18w\" data-sizes=\"(max-width: 600px) 100vw, 600px\" data-rel='gallery-32' data-prev-img='https:\/\/freiheitsdenkmal-leipzig.de\/wp-content\/uploads\/2024\/10\/FEL_8029_4_G-495x400.jpg' class='lightbox' data-onclick='3' title='FEL_8029_4_G'  itemprop=\"thumbnailUrl\"  ><img decoding=\"async\" fetchpriority=\"high\" class=\"wp-image-8632 avia-img-lazy-loading-not-8632\"   src=\"https:\/\/freiheitsdenkmal-leipzig.de\/wp-content\/uploads\/2024\/10\/FEL_8029_4_G.jpg\" width=\"600\" height=\"400\"  title='FEL_8029_4_G' alt='' srcset=\"https:\/\/freiheitsdenkmal-leipzig.de\/wp-content\/uploads\/2024\/10\/FEL_8029_4_G.jpg 600w, https:\/\/freiheitsdenkmal-leipzig.de\/wp-content\/uploads\/2024\/10\/FEL_8029_4_G-300x200.jpg 300w, https:\/\/freiheitsdenkmal-leipzig.de\/wp-content\/uploads\/2024\/10\/FEL_8029_4_G-18x12.jpg 18w\" sizes=\"(max-width: 600px) 100vw, 600px\" \/><div class='big-prev-fake'><img decoding=\"async\" loading=\"lazy\" class=\"wp-image-8632 avia-img-lazy-loading-8632\"  width=\"495\" height=\"400\" src=\"https:\/\/freiheitsdenkmal-leipzig.de\/wp-content\/uploads\/2024\/10\/FEL_8029_4_G-495x400.jpg\" title='FEL_8029_4_G' alt='' \/><\/div><\/a><\/div><\/div><br \/>\n<div  class='togglecontainer av-m2ud37xa-d9963395c5723eeecff7c9cea6b81556 av-minimal-toggle  avia-builder-el-301  el_after_av_gallery  avia-builder-el-last  toggle_close_all' >\n<section class='av_toggle_section av-m2ud3761-74a538172cc637f48d440bc6ac514b08'  itemscope=\"itemscope\" itemtype=\"https:\/\/schema.org\/CreativeWork\" ><div role=\"tablist\" class=\"single_toggle\" data-tags=\"{All} \"  ><p data-fake-id='#toggle-id-32' class='toggler'  itemprop=\"headline\"  role='tab' tabindex='0' aria-controls='toggle-id-32'>Detail-Informationen<span class=\"toggle_icon\"><span class=\"vert_icon\"><\/span><span class=\"hor_icon\"><\/span><\/span><\/p><div id='toggle-id-32' class='toggle_wrap'  ><div class='toggle_content invers-color'  itemprop=\"text\" ><p><em>Von:<\/em> Sven Fr\u00f6hlich, Ulrike Dix, Monic Frahn, Martin Fr\u00f6hlich, Tilman Dorn, Hanno Schr\u00f6der, Sylvia Brock, alle Berlin<\/p>\n<p><em>Erl\u00e4uterungstext:<\/em><br \/>\n\u201eDer geeinte Himmel\u201c Referenz und Grundidee f\u00fcr den Entwurf ist die vom Emblem befreite DDR-Fahne. Das Volk der DDR f\u00fchrte eine friedliche Revolution mit Kerzen und entfernte das aufgezwungene sozialistisch \u201ePlemplem\u201c (Volksmund f\u00fcr DDR- Emblem) mit der Schere aus der Staatsfahne. Diese in den Wendemonaten auf Demonstrationen h\u00e4ufig gezeigte Fahne mit aus-geschnittenem DDR- Emblem steht sinnbildlich f\u00fcr die Entzauberung und Entmachtung der autorit\u00e4ren Staatsmacht einerseits und andererseits f\u00fcr die Er\u00f6ffnung einer gesamtdeutschen Perspektive. Ein starkes Symbol f\u00fcr Freiheit und Einheit gleicherma\u00dfen. Unser Entwurf symbolisiert diese Wandlung der \u201eentzauberten\u201c Staatsflagge, im Ergebnis der friedlichen Revolution. Die \u201ebefreite\u201c Fahne zeigt sich nun als schwebendes offenes \u201eHimmels- dach\u201c innerhalb der neuen Park-landschaft des Leuschner-Platzes. Als Erinnerung an die ca. 70.000 demonstrierenden Menschen auf der gro\u00dfen Montagsdemonstration vom 09. Oktober 1989 in Leipzig, erh\u00e4lt die Himmelshaut zehntausende Perforationen. Diese stehen als Metapher f\u00fcr die Kerzenlichter der Demonstranten. Damit erh\u00e4lt der \u201eHimmel\u201c eine atmosph\u00e4rische Durch-l\u00e4ssigkeit. Der geeinte und ge\u00f6ffnete Himmel, steht f\u00fcr den neuen sinnstiftenden M\u00f6glichkeitsraum nach Wende und Wiedervereinigung, f\u00fcr den Bruch des Machtsymbols durch Um-wandlung und plebiszit\u00e4re Inbesitznahme. Ein ikonisches Bild f\u00fcr Erinnerungskultur und Gemeinschaft ist beabsichtigt, zur W\u00fcrdigung von Mut und Zivilcourage der Ostdeutschen beim Einsatz f\u00fcr Freiheit und Einheit. Die markante \u00d6ffnung im Himmelsdach bildet erlebbar das Zentrum des Denkmalortes und fokussiert \u00fcber der im Landschaftsentwurf ausformulierten gro\u00dfen Wege-Gabelung. Der durch die \u00d6ffnung markierte Treffpunkt der Wege, kann einerseits als Metapher f\u00fcr das politische Zusammenfinden am \u201erunden Tisch\u201c der Wendezeit gelesen werden, zus\u00e4tzlich steht er aber auch als Sinnbild f\u00fcr den Moment der deutschen Vereinigung. Die Wegegabel verbildlicht den Zeitpunkt, an dem eine wichtige Entscheidung getroffen wurde und auch immer wieder getroffen werden kann und muss. Den Ausschnitt betonend, platziert sich an der vertikalen Schnittkante der \u00d6ffnung das bekannte Wendezitat von Volker Braun als umlaufender Schriftzug: NOCH ERLEBEN WIR DIE FREIHEIT FREI VON VERANTWORTUNG. ABER WIR WERDEN SIE TRAGEN M\u00dcSSEN. DIE FREIHEIT WIRD UNS IN DIE PFLICHT NEHMEN&#8230; VOLKER BRAUN, 1989.(&#8230;).Der Entwurf bietet einen allseitig offenen Erlebnisraum unter einem Himmel als Ort f\u00fcr die Gemeinschaft und erinnert \u201er\u00fcckblickend-aufblickend\u201c an das Wunder der friedlichen Revolution von 1989 und an das daraus erwachsene Geschenk der deutschen Einheit von 1990.<\/p>\n<p><em>Jurykommentar:<\/em><br \/>\nDas Preisgericht w\u00fcrdigt den Entwurf f\u00fcr die kraftvolle Markierung und Bespielung eines pr\u00e4gnanten Ortes unter dem schwebenden Dach. An der Weggabelung vermag es einen Ort zu markieren, der Anziehungspunkt f\u00fcr Versammlungen und Einhalt auf dem allt\u00e4glichen Weg sein k\u00f6nnte. Der Entwurf thematisiert mit dem Himmelsdach auf interessante Weise die Themen Freiheit und Einheit einerseits sehr assoziativ und besitzt andererseits als Nationalflagge mit ausgeschnittenem Staatsemblem symbolisch einen politischen Be-zug. Durch seine Porosit\u00e4t in der Fl\u00e4che und das Loch im Zentrum verliert das Dach seine klassische Schutzfunktion und stellt eher einen Pavillon dar, der den Blick nach oben richtet und zwischen Himmel und Erde vermittelt und einen Gedankenraum \u00f6ffnet. In zugleich sensibler und kr\u00e4ftiger Weise bildet das Dach einen Hintergrund, der das Zusammenwachsen mit dem Park verspricht und auf poetische Weise zusammen mit Ver\u00e4nderung durch Licht und Schatten ein Bewusstsein f\u00fcr Zeitlichkeit hervorruft. Der Schatten oder auch nat\u00fcrliche Faktoren wie Regenwasser verdeutlichen interessante Abh\u00e4ngigkeiten zwischen Dach und Park &#8211; beides bedingt sich gegenseitig und stellt ein interessantes Potential f\u00fcr die Zusammenwirkung von Kunst, Landschaft und Politik dar. Nicht ganz zu \u00fcberzeugen vermag die Materialwahl der St\u00fctzen. Insgesamt w\u00fcrdigt das Preisgericht das Konzept als eines der st\u00e4rksten im Wettbewerb, das allerdings wegen dem zu wagen Bezug zum konkreten Anlass der Aufgabenstellung nicht in die Preisgruppe aufgenommen wurde.<\/p>\n<\/div><\/div><\/div><\/section>\n<\/div><\/p><\/div><\/div><!--close column table wrapper. Autoclose: 1 --><div  class='hr av-2r1unk-e1d2ab106e8ff4d07c9d3fcebd0b494f hr-default  avia-builder-el-302  el_after_av_three_fifth  avia-builder-el-last'><span class='hr-inner'><span class=\"hr-inner-style\"><\/span><\/span><\/div>\n<\/div><\/div><\/div><!-- close content main div --><\/div><\/div><div id='after_section_32'  class='main_color av_default_container_wrap container_wrap fullsize'  ><div class='container av-section-cont-open' ><div class='template-page content  av-content-full alpha units'><div class='post-entry post-entry-type-page post-entry-8368'><div class='entry-content-wrapper clearfix'>\n<section  class='av_textblock_section av-2lzo0g-1f4221a4b93a285482d4388cb650a727'   itemscope=\"itemscope\" itemtype=\"https:\/\/schema.org\/CreativeWork\" ><div class='avia_textblock'  itemprop=\"text\" ><p>Klicke hier, um Ihren eigenen Text einzuf\u00fcgen<\/p>\n<\/div><\/section>","protected":false},"excerpt":{"rendered":"","protected":false},"author":1,"featured_media":0,"parent":0,"menu_order":0,"comment_status":"closed","ping_status":"closed","template":"","meta":{"footnotes":""},"class_list":["post-8368","page","type-page","status-publish","hentry"],"_links":{"self":[{"href":"https:\/\/freiheitsdenkmal-leipzig.de\/en\/wp-json\/wp\/v2\/pages\/8368"}],"collection":[{"href":"https:\/\/freiheitsdenkmal-leipzig.de\/en\/wp-json\/wp\/v2\/pages"}],"about":[{"href":"https:\/\/freiheitsdenkmal-leipzig.de\/en\/wp-json\/wp\/v2\/types\/page"}],"author":[{"embeddable":true,"href":"https:\/\/freiheitsdenkmal-leipzig.de\/en\/wp-json\/wp\/v2\/users\/1"}],"replies":[{"embeddable":true,"href":"https:\/\/freiheitsdenkmal-leipzig.de\/en\/wp-json\/wp\/v2\/comments?post=8368"}],"version-history":[{"count":149,"href":"https:\/\/freiheitsdenkmal-leipzig.de\/en\/wp-json\/wp\/v2\/pages\/8368\/revisions"}],"predecessor-version":[{"id":9041,"href":"https:\/\/freiheitsdenkmal-leipzig.de\/en\/wp-json\/wp\/v2\/pages\/8368\/revisions\/9041"}],"wp:attachment":[{"href":"https:\/\/freiheitsdenkmal-leipzig.de\/en\/wp-json\/wp\/v2\/media?parent=8368"}],"curies":[{"name":"wp","href":"https:\/\/api.w.org\/{rel}","templated":true}]}}