{"id":6536,"date":"2024-06-25T11:51:00","date_gmt":"2024-06-25T11:51:00","guid":{"rendered":"https:\/\/freiheitsdenkmal-leipzig.de\/?post_type=tribe_events&#038;p=6536"},"modified":"2024-06-25T12:05:15","modified_gmt":"2024-06-25T12:05:15","slug":"der-beitritt","status":"publish","type":"tribe_events","link":"https:\/\/freiheitsdenkmal-leipzig.de\/en\/event\/der-beitritt","title":{"rendered":"\u201eDer Beitritt&#8220; \u2013 Die letzte Regierung der DDR"},"content":{"rendered":"<p>Der Dokumentarfilm beschreibt die knapp 200 Tage, in denen die einzige demokratisch legitimierte Regierung der DDR unter Lothar de Maizi\u00e8re regiert hat. Es ist eine Zeit ungeheurer Dynamik, die eine Arbeit unter stetigem Zeitdruck und sich st\u00e4ndig ver\u00e4ndernden Bedingungen erfordert. In dem von Rainer Burmeister und Hans Sparschuh erstellten Dokumentarfilm wird dieser Abschnitt der j\u00fcngeren deutschen Zeitgeschichte durch die damals politisch Verantwortlichen geschildert. Erz\u00e4hlt wird aus der individuellen Sicht der Minister, der Staatssekret\u00e4re, der Oppositionsf\u00fchrer und ihrer politischen Berater und Sprecher. Im Fokus stehen die damaligen Motivationen und der private Lebensweg der Einzelnen in den Monaten des Umbruchs. Ausgangspunkt ist der 18. M\u00e4rz 1990, an dem die erste und einzige freie Wahl zur DDR-Volkskammer stattfand.<br \/>\nvon Hans Sparschuh und Rainer Burmeister, 2010, 45 Minuten<br \/>\n<em>Auff\u00fchrung in Kooperation mit der Bundesstiftung zur Aufarbeitung der SED-Diktatur<\/em><\/p>\n","protected":false},"excerpt":{"rendered":"<p>Der Dokumentarfilm beschreibt die knapp 200 Tage, in denen die einzige demokratisch legitimierte Regierung der DDR unter Lothar de Maizi\u00e8re regiert hat. Es ist eine Zeit ungeheurer Dynamik, die eine [&hellip;]<\/p>\n","protected":false},"author":1,"featured_media":0,"comment_status":"closed","ping_status":"closed","template":"","meta":{"_tribe_events_status":"","_tribe_events_status_reason":"","footnotes":""},"tags":[],"tribe_events_cat":[23],"class_list":["post-6536","tribe_events","type-tribe_events","status-publish","hentry","tribe_events_cat-nachmittagsfilm","cat_nachmittagsfilm"],"_links":{"self":[{"href":"https:\/\/freiheitsdenkmal-leipzig.de\/en\/wp-json\/wp\/v2\/tribe_events\/6536"}],"collection":[{"href":"https:\/\/freiheitsdenkmal-leipzig.de\/en\/wp-json\/wp\/v2\/tribe_events"}],"about":[{"href":"https:\/\/freiheitsdenkmal-leipzig.de\/en\/wp-json\/wp\/v2\/types\/tribe_events"}],"author":[{"embeddable":true,"href":"https:\/\/freiheitsdenkmal-leipzig.de\/en\/wp-json\/wp\/v2\/users\/1"}],"replies":[{"embeddable":true,"href":"https:\/\/freiheitsdenkmal-leipzig.de\/en\/wp-json\/wp\/v2\/comments?post=6536"}],"version-history":[{"count":3,"href":"https:\/\/freiheitsdenkmal-leipzig.de\/en\/wp-json\/wp\/v2\/tribe_events\/6536\/revisions"}],"predecessor-version":[{"id":6538,"href":"https:\/\/freiheitsdenkmal-leipzig.de\/en\/wp-json\/wp\/v2\/tribe_events\/6536\/revisions\/6538"}],"wp:attachment":[{"href":"https:\/\/freiheitsdenkmal-leipzig.de\/en\/wp-json\/wp\/v2\/media?parent=6536"}],"wp:term":[{"taxonomy":"post_tag","embeddable":true,"href":"https:\/\/freiheitsdenkmal-leipzig.de\/en\/wp-json\/wp\/v2\/tags?post=6536"},{"taxonomy":"tribe_events_cat","embeddable":true,"href":"https:\/\/freiheitsdenkmal-leipzig.de\/en\/wp-json\/wp\/v2\/tribe_events_cat?post=6536"}],"curies":[{"name":"wp","href":"https:\/\/api.w.org\/{rel}","templated":true}]}}