{"id":6582,"date":"2024-06-25T14:50:41","date_gmt":"2024-06-25T14:50:41","guid":{"rendered":"https:\/\/freiheitsdenkmal-leipzig.de\/?post_type=tribe_events&#038;p=6582"},"modified":"2024-06-25T14:50:41","modified_gmt":"2024-06-25T14:50:41","slug":"film-zukunftsperspektiven","status":"publish","type":"tribe_events","link":"https:\/\/freiheitsdenkmal-leipzig.de\/en\/event\/film-zukunftsperspektiven","title":{"rendered":"\u201eZukunftsperspektiven: Zwischen Bleiben und Gehen\u201c"},"content":{"rendered":"<section class=\"av_textblock_section av-lw64e7ih-d5e6477c729622ccf5d103a46666f649 \">\n<div class=\"avia_textblock\">\n<h4>Veranstaltung mit (K)Einheit<strong>\u00a0\u2013<\/strong>\u00a0Filmvorf\u00fchrung mit anschlie\u00dfendem Gespr\u00e4ch<\/h4>\n<p>\u201e(K)Einheit pr\u00e4sentiert eine exklusive Sneak Peak in die f\u00fcnfteilige Seriendoku \u201e(K)Einheit \u2013 Wie die Gen Z \u00fcber den Osten denkt\u201c. Die Perspektiven auf den Osten sind so vielf\u00e4ltig wie die Generation Z selbst. Was eine junge Generation in Bezug auf den Osten noch immer bewegt, bleibt im Kaleidoskop der Ambivalenz. Die Verbundenheit zur Heimat wird von real existierenden rechten Strukturen \u00fcberschattet, das demokratische Engagement dieser jungen Generation ist hoch. Genauso hoch wie der Wunsch, im Osten zu bleiben. Gleichzeitig zieht es viele junge Menschen in die alten Bundesl\u00e4nder. Sind wir also eine (K)Einheit?<\/p>\n<\/div>\n<\/section>\n","protected":false},"excerpt":{"rendered":"<p>Veranstaltung mit (K)Einheit\u00a0\u2013\u00a0Filmvorf\u00fchrung mit anschlie\u00dfendem Gespr\u00e4ch \u201e(K)Einheit pr\u00e4sentiert eine exklusive Sneak Peak in die f\u00fcnfteilige Seriendoku \u201e(K)Einheit \u2013 Wie die Gen Z \u00fcber den Osten denkt\u201c. Die Perspektiven auf den [&hellip;]<\/p>\n","protected":false},"author":1,"featured_media":0,"comment_status":"closed","ping_status":"closed","template":"","meta":{"_tribe_events_status":"","_tribe_events_status_reason":"","footnotes":""},"tags":[],"tribe_events_cat":[27],"class_list":["post-6582","tribe_events","type-tribe_events","status-publish","hentry","tribe_events_cat-film-gespraech","cat_film-gespraech"],"_links":{"self":[{"href":"https:\/\/freiheitsdenkmal-leipzig.de\/en\/wp-json\/wp\/v2\/tribe_events\/6582"}],"collection":[{"href":"https:\/\/freiheitsdenkmal-leipzig.de\/en\/wp-json\/wp\/v2\/tribe_events"}],"about":[{"href":"https:\/\/freiheitsdenkmal-leipzig.de\/en\/wp-json\/wp\/v2\/types\/tribe_events"}],"author":[{"embeddable":true,"href":"https:\/\/freiheitsdenkmal-leipzig.de\/en\/wp-json\/wp\/v2\/users\/1"}],"replies":[{"embeddable":true,"href":"https:\/\/freiheitsdenkmal-leipzig.de\/en\/wp-json\/wp\/v2\/comments?post=6582"}],"version-history":[{"count":2,"href":"https:\/\/freiheitsdenkmal-leipzig.de\/en\/wp-json\/wp\/v2\/tribe_events\/6582\/revisions"}],"predecessor-version":[{"id":6586,"href":"https:\/\/freiheitsdenkmal-leipzig.de\/en\/wp-json\/wp\/v2\/tribe_events\/6582\/revisions\/6586"}],"wp:attachment":[{"href":"https:\/\/freiheitsdenkmal-leipzig.de\/en\/wp-json\/wp\/v2\/media?parent=6582"}],"wp:term":[{"taxonomy":"post_tag","embeddable":true,"href":"https:\/\/freiheitsdenkmal-leipzig.de\/en\/wp-json\/wp\/v2\/tags?post=6582"},{"taxonomy":"tribe_events_cat","embeddable":true,"href":"https:\/\/freiheitsdenkmal-leipzig.de\/en\/wp-json\/wp\/v2\/tribe_events_cat?post=6582"}],"curies":[{"name":"wp","href":"https:\/\/api.w.org\/{rel}","templated":true}]}}